{"id":51706,"date":"2026-01-29T11:40:49","date_gmt":"2026-01-29T10:40:49","guid":{"rendered":"https:\/\/www.upo.es\/formacionpermanente\/?post_type=master-fp&#038;p=51706"},"modified":"2026-02-16T13:13:48","modified_gmt":"2026-02-16T12:13:48","slug":"modelizacion-y-simulacion-del-transporte-y-la-movilidad-mediante-el-uso-de-nuevas-tecnologias-y-herramientas-de-analisis-y-explotacion-de-datos","status":"publish","type":"master-fp","link":"https:\/\/www.upo.es\/formacionpermanente\/master-formacion-permanente\/modelizacion-y-simulacion-del-transporte-y-la-movilidad-mediante-el-uso-de-nuevas-tecnologias-y-herramientas-de-analisis-y-explotacion-de-datos\/","title":{"rendered":"Modelizaci\u00f3n y simulaci\u00f3n del transporte y la movilidad mediante el uso de nuevas tecnolog\u00edas y herramientas de an\u00e1lisis y explotaci\u00f3n de datos"},"content":{"rendered":"\t\t<div data-elementor-type=\"wp-post\" data-elementor-id=\"51706\" class=\"elementor elementor-51706\" data-elementor-post-type=\"master-fp\">\n\t\t\t\t\t\t<section data-dce-background-image-url=\"https:\/\/www.upo.es\/formacionpermanente\/wp-content\/imagenes\/uploads\/2023\/04\/Modelizacio\u0301n-y-simulacio\u0301n-del-transporte-Formacion-Permanente.jpg\" class=\"elementor-section elementor-top-section elementor-element elementor-element-34bdcc6 elementor-section-height-min-height elementor-section-boxed elementor-section-height-default elementor-section-items-middle\" data-id=\"34bdcc6\" data-element_type=\"section\" data-e-type=\"section\" data-settings=\"{&quot;background_background&quot;:&quot;classic&quot;}\">\n\t\t\t\t\t\t\t<div class=\"elementor-background-overlay\"><\/div>\n\t\t\t\t\t\t\t<div class=\"elementor-container elementor-column-gap-default\">\n\t\t\t\t\t<div class=\"elementor-column elementor-col-100 elementor-top-column elementor-element elementor-element-84793c9\" data-id=\"84793c9\" data-element_type=\"column\" data-e-type=\"column\">\n\t\t\t<div class=\"elementor-widget-wrap elementor-element-populated\">\n\t\t\t\t\t\t<section class=\"elementor-section elementor-inner-section elementor-element elementor-element-278fdd2 elementor-section-boxed elementor-section-height-default elementor-section-height-default\" data-id=\"278fdd2\" data-element_type=\"section\" data-e-type=\"section\">\n\t\t\t\t\t\t<div class=\"elementor-container elementor-column-gap-default\">\n\t\t\t\t\t<div class=\"elementor-column elementor-col-100 elementor-inner-column elementor-element elementor-element-c114ecc\" data-id=\"c114ecc\" data-element_type=\"column\" data-e-type=\"column\">\n\t\t\t<div class=\"elementor-widget-wrap elementor-element-populated\">\n\t\t\t\t\t\t<div class=\"elementor-element elementor-element-3aefd3b elementor-widget elementor-widget-elementskit-heading\" data-id=\"3aefd3b\" data-element_type=\"widget\" data-e-type=\"widget\" data-widget_type=\"elementskit-heading.default\">\n\t\t\t\t<div class=\"elementor-widget-container\">\n\t\t\t\t\t<div class=\"ekit-wid-con\" ><div class=\"ekit-heading elementskit-section-title-wraper text_left   ekit_heading_tablet-   ekit_heading_mobile-\"><h3 class=\"elementskit-section-subtitle  \">\n\t\t\t\t\t\tM\u00e1ster de Formaci\u00f3n Permanente\n\t\t\t\t\t<\/h3>\t\t\t\t<div class='ekit-heading__description'>\n\t\t\t\t\t<p>IV Ed.<\/p>\n\t\t\t\t<\/div>\n\t\t\t<\/div><\/div>\t\t\t\t<\/div>\n\t\t\t\t<\/div>\n\t\t\t\t<div data-dce-background-color=\"#FAB54C\" class=\"elementor-element elementor-element-6725861 elementor-align-left elementor-mobile-align-center elementor-hidden-mobile elementor-widget elementor-widget-button\" data-id=\"6725861\" data-element_type=\"widget\" data-e-type=\"widget\" data-widget_type=\"button.default\">\n\t\t\t\t<div class=\"elementor-widget-container\">\n\t\t\t\t\t\t\t\t\t<div class=\"elementor-button-wrapper\">\n\t\t\t\t\t<a class=\"elementor-button elementor-button-link elementor-size-lg\" href=\"https:\/\/www.upo.es\/automat-fund\/web\/index.php?r=curso%2Fview&#038;id=855\" target=\"_blank\">\n\t\t\t\t\t\t<span class=\"elementor-button-content-wrapper\">\n\t\t\t\t\t\t\t\t\t<span class=\"elementor-button-text\">Realizar reserva de plaza<\/span>\n\t\t\t\t\t<\/span>\n\t\t\t\t\t<\/a>\n\t\t\t\t<\/div>\n\t\t\t\t\t\t\t\t<\/div>\n\t\t\t\t<\/div>\n\t\t\t\t\t<\/div>\n\t\t<\/div>\n\t\t\t\t\t<\/div>\n\t\t<\/section>\n\t\t\t\t\t<\/div>\n\t\t<\/div>\n\t\t\t\t\t<\/div>\n\t\t<\/section>\n\t\t\t\t<section class=\"elementor-section elementor-top-section elementor-element elementor-element-4e33f734 elementor-section-full_width elementor-reverse-mobile elementor-reverse-tablet elementor-section-height-default elementor-section-height-default\" data-id=\"4e33f734\" data-element_type=\"section\" data-e-type=\"section\">\n\t\t\t\t\t\t<div class=\"elementor-container elementor-column-gap-no\">\n\t\t\t\t\t<div class=\"elementor-column elementor-col-50 elementor-top-column elementor-element elementor-element-4dacce31\" data-id=\"4dacce31\" data-element_type=\"column\" data-e-type=\"column\">\n\t\t\t<div class=\"elementor-widget-wrap elementor-element-populated\">\n\t\t\t\t\t\t<section class=\"elementor-section elementor-inner-section elementor-element elementor-element-62ca686c elementor-section-full_width elementor-section-height-default elementor-section-height-default\" data-id=\"62ca686c\" data-element_type=\"section\" data-e-type=\"section\">\n\t\t\t\t\t\t<div class=\"elementor-container elementor-column-gap-default\">\n\t\t\t\t\t<div class=\"elementor-column elementor-col-100 elementor-inner-column elementor-element elementor-element-68bb95b1\" data-id=\"68bb95b1\" data-element_type=\"column\" data-e-type=\"column\">\n\t\t\t<div class=\"elementor-widget-wrap elementor-element-populated\">\n\t\t\t\t\t\t<div class=\"elementor-element elementor-element-4102d1fe elementor-widget elementor-widget-heading\" data-id=\"4102d1fe\" data-element_type=\"widget\" data-e-type=\"widget\" data-widget_type=\"heading.default\">\n\t\t\t\t<div class=\"elementor-widget-container\">\n\t\t\t\t\t<h2 class=\"elementor-heading-title elementor-size-default\">\u00bfPor qu\u00e9 elegir este T\u00edtulo Propio de la Universidad Pablo de Olavide?<\/h2>\t\t\t\t<\/div>\n\t\t\t\t<\/div>\n\t\t\t\t<div class=\"elementor-element elementor-element-2bde0c09 elementor-widget elementor-widget-text-editor\" data-id=\"2bde0c09\" data-element_type=\"widget\" data-e-type=\"widget\" data-widget_type=\"text-editor.default\">\n\t\t\t\t<div class=\"elementor-widget-container\">\n\t\t\t\t\t\t\t\t\t<p>Este M\u00e1ster se crea con el objetivo de ofrecer una formaci\u00f3n especializada en nuevas fuentes de tomas de datos, herramientas tecnol\u00f3gicas y software vinculados a la ciencia detr\u00e1s del transporte, resolviendo las limitaciones que plantea la formaci\u00f3n existente. As\u00ed se ha definido un programa formativo que combina el estudio te\u00f3rico de los modelos de transporte, de conocimientos estad\u00edsticos y matem\u00e1ticos necesarios, con la aplicaci\u00f3n pr\u00e1ctica general que permita realizar estos trabajos, con independencia de la marca de software que se use.<\/p>\n\t\t\t\t\t\t\t\t<\/div>\n\t\t\t\t<\/div>\n\t\t\t\t\t<\/div>\n\t\t<\/div>\n\t\t\t\t\t<\/div>\n\t\t<\/section>\n\t\t\t\t<section class=\"elementor-section elementor-inner-section elementor-element elementor-element-3f076a05 elementor-section-full_width elementor-section-height-default elementor-section-height-default\" data-id=\"3f076a05\" data-element_type=\"section\" data-e-type=\"section\">\n\t\t\t\t\t\t<div class=\"elementor-container elementor-column-gap-default\">\n\t\t\t\t\t<div class=\"elementor-column elementor-col-100 elementor-inner-column elementor-element elementor-element-26b9f644\" data-id=\"26b9f644\" data-element_type=\"column\" data-e-type=\"column\">\n\t\t\t<div class=\"elementor-widget-wrap elementor-element-populated\">\n\t\t\t\t\t\t<div class=\"elementor-element elementor-element-7556b840 elementor-widget elementor-widget-heading\" data-id=\"7556b840\" data-element_type=\"widget\" data-e-type=\"widget\" data-widget_type=\"heading.default\">\n\t\t\t\t<div class=\"elementor-widget-container\">\n\t\t\t\t\t<h3 class=\"elementor-heading-title elementor-size-default\">Entidades colaboradoras<\/h3>\t\t\t\t<\/div>\n\t\t\t\t<\/div>\n\t\t\t\t\t<\/div>\n\t\t<\/div>\n\t\t\t\t\t<\/div>\n\t\t<\/section>\n\t\t\t\t<section class=\"elementor-section elementor-inner-section elementor-element elementor-element-3ffd6f8 elementor-section-boxed elementor-section-height-default elementor-section-height-default\" data-id=\"3ffd6f8\" data-element_type=\"section\" data-e-type=\"section\">\n\t\t\t\t\t\t<div class=\"elementor-container elementor-column-gap-default\">\n\t\t\t\t\t<div class=\"elementor-column elementor-col-50 elementor-inner-column elementor-element elementor-element-55a8fec\" data-id=\"55a8fec\" data-element_type=\"column\" data-e-type=\"column\">\n\t\t\t<div class=\"elementor-widget-wrap elementor-element-populated\">\n\t\t\t\t\t\t<div class=\"elementor-element elementor-element-3ed322a elementor-widget elementor-widget-image\" data-id=\"3ed322a\" data-element_type=\"widget\" data-e-type=\"widget\" data-widget_type=\"image.default\">\n\t\t\t\t<div class=\"elementor-widget-container\">\n\t\t\t\t\t\t\t\t\t\t\t\t\t\t\t\t<a href=\"https:\/\/consultoralomon.com\/\" target=\"_blank\">\n\t\t\t\t\t\t\t<img decoding=\"async\" width=\"250\" height=\"99\" src=\"https:\/\/www.upo.es\/formacionpermanente\/wp-content\/imagenes\/uploads\/2022\/10\/logo-alomon.png\" class=\"attachment-large size-large wp-image-12357\" alt=\"Logo ALOMON\" \/>\t\t\t\t\t\t\t\t<\/a>\n\t\t\t\t\t\t\t\t\t\t\t\t\t\t\t<\/div>\n\t\t\t\t<\/div>\n\t\t\t\t\t<\/div>\n\t\t<\/div>\n\t\t\t\t<div class=\"elementor-column elementor-col-50 elementor-inner-column elementor-element elementor-element-dd4b7b6\" data-id=\"dd4b7b6\" data-element_type=\"column\" data-e-type=\"column\">\n\t\t\t<div class=\"elementor-widget-wrap elementor-element-populated\">\n\t\t\t\t\t\t<div class=\"elementor-element elementor-element-b8219cb elementor-widget elementor-widget-image\" data-id=\"b8219cb\" data-element_type=\"widget\" data-e-type=\"widget\" data-widget_type=\"image.default\">\n\t\t\t\t<div class=\"elementor-widget-container\">\n\t\t\t\t\t\t\t\t\t\t\t\t\t\t\t\t<a href=\"https:\/\/institutodemovilidad.com\/\" target=\"_blank\">\n\t\t\t\t\t\t\t<img decoding=\"async\" width=\"300\" height=\"76\" src=\"https:\/\/www.upo.es\/formacionpermanente\/wp-content\/imagenes\/uploads\/2022\/10\/ins-movilidad-logo.png\" class=\"attachment-large size-large wp-image-12358\" alt=\"Logo Instituto de Movilidad\" \/>\t\t\t\t\t\t\t\t<\/a>\n\t\t\t\t\t\t\t\t\t\t\t\t\t\t\t<\/div>\n\t\t\t\t<\/div>\n\t\t\t\t\t<\/div>\n\t\t<\/div>\n\t\t\t\t\t<\/div>\n\t\t<\/section>\n\t\t\t\t<section class=\"elementor-section elementor-inner-section elementor-element elementor-element-3e5e9268 elementor-section-full_width elementor-hidden-desktop elementor-hidden-tablet elementor-hidden-mobile elementor-section-height-default elementor-section-height-default\" data-id=\"3e5e9268\" data-element_type=\"section\" data-e-type=\"section\">\n\t\t\t\t\t\t<div class=\"elementor-container elementor-column-gap-default\">\n\t\t\t\t\t<div class=\"elementor-column elementor-col-100 elementor-inner-column elementor-element elementor-element-328c387e\" data-id=\"328c387e\" data-element_type=\"column\" data-e-type=\"column\">\n\t\t\t<div class=\"elementor-widget-wrap elementor-element-populated\">\n\t\t\t\t\t\t<div class=\"elementor-element elementor-element-1629c5da elementor-widget elementor-widget-heading\" data-id=\"1629c5da\" data-element_type=\"widget\" data-e-type=\"widget\" data-widget_type=\"heading.default\">\n\t\t\t\t<div class=\"elementor-widget-container\">\n\t\t\t\t\t<h3 class=\"elementor-heading-title elementor-size-default\">Salidas profesionales<\/h3>\t\t\t\t<\/div>\n\t\t\t\t<\/div>\n\t\t\t\t\t<\/div>\n\t\t<\/div>\n\t\t\t\t\t<\/div>\n\t\t<\/section>\n\t\t\t\t<section class=\"elementor-section elementor-inner-section elementor-element elementor-element-24b2d15f elementor-section-full_width elementor-section-height-default elementor-section-height-default\" data-id=\"24b2d15f\" data-element_type=\"section\" data-e-type=\"section\">\n\t\t\t\t\t\t<div class=\"elementor-container elementor-column-gap-default\">\n\t\t\t\t\t<div class=\"elementor-column elementor-col-100 elementor-inner-column elementor-element elementor-element-308163b6\" data-id=\"308163b6\" data-element_type=\"column\" data-e-type=\"column\">\n\t\t\t<div class=\"elementor-widget-wrap elementor-element-populated\">\n\t\t\t\t\t\t<div class=\"elementor-element elementor-element-4ca1e55f elementor-widget elementor-widget-heading\" data-id=\"4ca1e55f\" data-element_type=\"widget\" data-e-type=\"widget\" data-widget_type=\"heading.default\">\n\t\t\t\t<div class=\"elementor-widget-container\">\n\t\t\t\t\t<h3 class=\"elementor-heading-title elementor-size-default\">\u00bfA qui\u00e9n va dirigido?<\/h3>\t\t\t\t<\/div>\n\t\t\t\t<\/div>\n\t\t\t\t<div class=\"elementor-element elementor-element-5de58339 elementor-widget elementor-widget-text-editor\" data-id=\"5de58339\" data-element_type=\"widget\" data-e-type=\"widget\" data-widget_type=\"text-editor.default\">\n\t\t\t\t<div class=\"elementor-widget-container\">\n\t\t\t\t\t\t\t\t\t<p>El t\u00edtulo va dirigido a\u00a0<strong>estudiantes interesados en obtener una formaci\u00f3n complementaria y de especializaci\u00f3n en el campo de la modelizaci\u00f3n y simulaci\u00f3n del transporte<\/strong> en todos su aspectos (an\u00e1lisis, simulaci\u00f3n, optimizaci\u00f3n, explotaci\u00f3n), fundamentalmente en los \u00e1mbitos de: <strong>ingenier\u00eda civil, industrial y matem\u00e1ticas, inform\u00e1tica, econom\u00eda, administraci\u00f3n de empresas, arquitectura o geograf\u00eda<\/strong>.<\/p>\n<p>Tambi\u00e9n va dirigido a\u00a0<strong>profesionales que en la actualidad est\u00e9n trabajando en el sector de los transportes y la movilidad<\/strong>\u00a0y que sin encontrarse en posesi\u00f3n de una titulaci\u00f3n universitaria poseen de amplia experiencia profesional que les faculte para el acceso al M\u00e1ster.<\/p>\n\t\t\t\t\t\t\t\t<\/div>\n\t\t\t\t<\/div>\n\t\t\t\t\t<\/div>\n\t\t<\/div>\n\t\t\t\t\t<\/div>\n\t\t<\/section>\n\t\t\t\t<section class=\"elementor-section elementor-inner-section elementor-element elementor-element-7e47f189 elementor-section-full_width elementor-hidden-mobile elementor-section-height-default elementor-section-height-default\" data-id=\"7e47f189\" data-element_type=\"section\" data-e-type=\"section\" data-settings=\"{&quot;background_background&quot;:&quot;classic&quot;}\">\n\t\t\t\t\t\t<div class=\"elementor-container elementor-column-gap-default\">\n\t\t\t\t\t<div class=\"elementor-column elementor-col-100 elementor-inner-column elementor-element elementor-element-35f2b705\" data-id=\"35f2b705\" data-element_type=\"column\" data-e-type=\"column\">\n\t\t\t<div class=\"elementor-widget-wrap elementor-element-populated\">\n\t\t\t\t\t\t<div class=\"elementor-element elementor-element-6e282c0 elementor-widget elementor-widget-heading\" data-id=\"6e282c0\" data-element_type=\"widget\" data-e-type=\"widget\" data-widget_type=\"heading.default\">\n\t\t\t\t<div class=\"elementor-widget-container\">\n\t\t\t\t\t<h2 class=\"elementor-heading-title elementor-size-default\">Direcci\u00f3n del t\u00edtulo<\/h2>\t\t\t\t<\/div>\n\t\t\t\t<\/div>\n\t\t\t\t<section class=\"elementor-section elementor-inner-section elementor-element elementor-element-472f470 elementor-section-content-middle elementor-section-boxed elementor-section-height-default elementor-section-height-default\" data-id=\"472f470\" data-element_type=\"section\" data-e-type=\"section\" data-settings=\"{&quot;background_background&quot;:&quot;classic&quot;}\">\n\t\t\t\t\t\t<div class=\"elementor-container elementor-column-gap-narrow\">\n\t\t\t\t\t<div class=\"elementor-column elementor-col-25 elementor-inner-column elementor-element elementor-element-ced132d\" data-id=\"ced132d\" data-element_type=\"column\" data-e-type=\"column\">\n\t\t\t<div class=\"elementor-widget-wrap elementor-element-populated\">\n\t\t\t\t\t\t<div class=\"elementor-element elementor-element-3144177 elementor-widget elementor-widget-elementskit-team\" data-id=\"3144177\" data-element_type=\"widget\" data-e-type=\"widget\" data-widget_type=\"elementskit-team.default\">\n\t\t\t\t<div class=\"elementor-widget-container\">\n\t\t\t\t\t<div class=\"ekit-wid-con\">\t\t\t\t\t\t\t\t\n\t\t<div class=\"profile-card elementor-animation- text-center ekit-team-style-default\">\n\t\t\t\n\t\t\t\t<div class=\"profile-header ekit-team-img ekit-img-overlay ekit-team-img-block\" >\n\t\t\t\t\t<img fetchpriority=\"high\" decoding=\"async\" width=\"298\" height=\"358\" src=\"https:\/\/www.upo.es\/formacionpermanente\/wp-content\/imagenes\/uploads\/2026\/01\/Alfredo-Garcia-Hernandez-Diaz.png\" class=\"attachment-medium_large size-medium_large wp-image-52376\" alt=\"\" srcset=\"https:\/\/www.upo.es\/formacionpermanente\/wp-content\/imagenes\/uploads\/2026\/01\/Alfredo-Garcia-Hernandez-Diaz.png 298w, https:\/\/www.upo.es\/formacionpermanente\/wp-content\/imagenes\/uploads\/2026\/01\/Alfredo-Garcia-Hernandez-Diaz-250x300.png 250w\" sizes=\"(max-width: 298px) 100vw, 298px\" \/>\t\t\t\t<\/div><!-- .profile-header END -->\n\t\t\t\n\n\t\t\t\t<div class=\"profile-body\">\n\t\t\t\t\t\n\t\t\t\t\t<h2 class=\"profile-title\">\n\t\t\t\t\t\t\t\t\t\t\tD. Alfredo Garc\u00eda Hern\u00e1ndez-D\u00edaz\t\t\t\t\t\t\t\t\t\t<\/h2>\n\t\t\t\t\t<p class=\"profile-designation\">Direcci\u00f3n Acad\u00e9mica<\/p>\n\t\t\t\t\t\t\t\t\t\t<p class=\"profile-content\">Catedr\u00e1tico de Universidad del Departamento de M\u00e9todos Cuantitativos para la Econom\u00eda y Empresa<\/br>\n<strong>Universidad Pablo de Olavide<\/strong><\/p>\n\t\t\t\t\t\t\t\t\t<\/div><!-- .profile-body END -->\n\n\t\t\t\t\t\t\t\t<\/div>\n\t\t\t\t\t\t\t\n\t\t\t\n\t\t\t\t<\/div>\t\t\t\t<\/div>\n\t\t\t\t<\/div>\n\t\t\t\t\t<\/div>\n\t\t<\/div>\n\t\t\t\t<div class=\"elementor-column elementor-col-25 elementor-inner-column elementor-element elementor-element-7a437f0\" data-id=\"7a437f0\" data-element_type=\"column\" data-e-type=\"column\">\n\t\t\t<div class=\"elementor-widget-wrap elementor-element-populated\">\n\t\t\t\t\t\t<div class=\"elementor-element elementor-element-311c98f elementor-widget elementor-widget-elementskit-team\" data-id=\"311c98f\" data-element_type=\"widget\" data-e-type=\"widget\" data-widget_type=\"elementskit-team.default\">\n\t\t\t\t<div class=\"elementor-widget-container\">\n\t\t\t\t\t<div class=\"ekit-wid-con\">\t\t\t\t\t\t\t\t\n\t\t<div class=\"profile-card elementor-animation- text-center ekit-team-style-default\">\n\t\t\t\n\t\t\t\t<div class=\"profile-header ekit-team-img ekit-img-overlay ekit-team-img-block\" >\n\t\t\t\t\t<img loading=\"lazy\" decoding=\"async\" width=\"768\" height=\"512\" src=\"https:\/\/www.upo.es\/formacionpermanente\/wp-content\/imagenes\/uploads\/2024\/02\/Julian-Sastre-768x512.jpeg\" class=\"attachment-medium_large size-medium_large wp-image-41136\" alt=\"\" srcset=\"https:\/\/www.upo.es\/formacionpermanente\/wp-content\/imagenes\/uploads\/2024\/02\/Julian-Sastre-768x512.jpeg 768w, https:\/\/www.upo.es\/formacionpermanente\/wp-content\/imagenes\/uploads\/2024\/02\/Julian-Sastre-300x200.jpeg 300w, https:\/\/www.upo.es\/formacionpermanente\/wp-content\/imagenes\/uploads\/2024\/02\/Julian-Sastre-1024x683.jpeg 1024w, https:\/\/www.upo.es\/formacionpermanente\/wp-content\/imagenes\/uploads\/2024\/02\/Julian-Sastre-1536x1024.jpeg 1536w, https:\/\/www.upo.es\/formacionpermanente\/wp-content\/imagenes\/uploads\/2024\/02\/Julian-Sastre-2048x1365.jpeg 2048w\" sizes=\"(max-width: 768px) 100vw, 768px\" \/>\t\t\t\t<\/div><!-- .profile-header END -->\n\t\t\t\n\n\t\t\t\t<div class=\"profile-body\">\n\t\t\t\t\t\n\t\t\t\t\t<h2 class=\"profile-title\">\n\t\t\t\t\t\t\t\t\t\t\tD. Juli\u00e1n Sastre Gonz\u00e1lez\t\t\t\t\t\t\t\t\t\t<\/h2>\n\t\t\t\t\t<p class=\"profile-designation\">Direcci\u00f3n Ejecutiva<\/p>\n\t\t\t\t\t\t\t\t\t\t<p class=\"profile-content\">Dr. Ingeniero de Caminos, Canales y Puertos. Presidente del<\/br><strong>Instituto de Movilidad<\/strong><\/p>\n\t\t\t\t\t\t\t\t\t<\/div><!-- .profile-body END -->\n\n\t\t\t\t\t\t\t\t<\/div>\n\t\t\t\t\t\t\t\n\t\t\t\n\t\t\t\t<\/div>\t\t\t\t<\/div>\n\t\t\t\t<\/div>\n\t\t\t\t\t<\/div>\n\t\t<\/div>\n\t\t\t\t<div class=\"elementor-column elementor-col-25 elementor-inner-column elementor-element elementor-element-57321c7\" data-id=\"57321c7\" data-element_type=\"column\" data-e-type=\"column\">\n\t\t\t<div class=\"elementor-widget-wrap elementor-element-populated\">\n\t\t\t\t\t\t<div class=\"elementor-element elementor-element-c8c204a elementor-widget elementor-widget-elementskit-team\" data-id=\"c8c204a\" data-element_type=\"widget\" data-e-type=\"widget\" data-widget_type=\"elementskit-team.default\">\n\t\t\t\t<div class=\"elementor-widget-container\">\n\t\t\t\t\t<div class=\"ekit-wid-con\">\t\t\t\t\t\t\t\t\n\t\t<div class=\"profile-card elementor-animation- text-center ekit-team-style-default\">\n\t\t\t\n\t\t\t\t<div class=\"profile-header ekit-team-img ekit-img-overlay ekit-team-img-block\" >\n\t\t\t\t\t<img loading=\"lazy\" decoding=\"async\" width=\"222\" height=\"299\" src=\"https:\/\/www.upo.es\/formacionpermanente\/wp-content\/imagenes\/uploads\/Captura-de-pantalla-2022-07-13-a-las-10.22.31.png\" class=\"attachment-medium_large size-medium_large wp-image-5564\" alt=\"Ana Dolores L\u00f3pez S\u00e1nchez\" \/>\t\t\t\t<\/div><!-- .profile-header END -->\n\t\t\t\n\n\t\t\t\t<div class=\"profile-body\">\n\t\t\t\t\t\n\t\t\t\t\t<h2 class=\"profile-title\">\n\t\t\t\t\t\t\t\t\t\t\tD\u00f1a. Ana Dolores L\u00f3pez S\u00e1nchez\t\t\t\t\t\t\t\t\t\t<\/h2>\n\t\t\t\t\t<p class=\"profile-designation\">Responsable de Calidad<\/p>\n\t\t\t\t\t\t\t\t\t\t<p class=\"profile-content\">Profesora Titular de Universidad del Departamento de M\u00e9todos Cuantitativos para la Econom\u00eda y Empresa<\/br><strong>Universidad Pablo de Olavide<\/strong><\/p>\n\t\t\t\t\t\t\t\t\t<\/div><!-- .profile-body END -->\n\n\t\t\t\t\t\t\t\t<\/div>\n\t\t\t\t\t\t\t\n\t\t\t\n\t\t\t\t<\/div>\t\t\t\t<\/div>\n\t\t\t\t<\/div>\n\t\t\t\t\t<\/div>\n\t\t<\/div>\n\t\t\t\t<div class=\"elementor-column elementor-col-25 elementor-inner-column elementor-element elementor-element-5120363\" data-id=\"5120363\" data-element_type=\"column\" data-e-type=\"column\">\n\t\t\t<div class=\"elementor-widget-wrap elementor-element-populated\">\n\t\t\t\t\t\t<div class=\"elementor-element elementor-element-827c4bc elementor-widget elementor-widget-elementskit-team\" data-id=\"827c4bc\" data-element_type=\"widget\" data-e-type=\"widget\" data-widget_type=\"elementskit-team.default\">\n\t\t\t\t<div class=\"elementor-widget-container\">\n\t\t\t\t\t<div class=\"ekit-wid-con\">\t\t\t\t\t\t\t\t\n\t\t<div class=\"profile-card elementor-animation- text-center ekit-team-style-default\">\n\t\t\t\n\t\t\t\t<div class=\"profile-header ekit-team-img ekit-img-overlay ekit-team-img-block\" >\n\t\t\t\t\t<img loading=\"lazy\" decoding=\"async\" width=\"768\" height=\"993\" src=\"https:\/\/www.upo.es\/formacionpermanente\/wp-content\/imagenes\/uploads\/2025\/02\/Rocio-Moreno-Riesco-768x993.jpg\" class=\"attachment-medium_large size-medium_large wp-image-43828\" alt=\"\" srcset=\"https:\/\/www.upo.es\/formacionpermanente\/wp-content\/imagenes\/uploads\/2025\/02\/Rocio-Moreno-Riesco-768x993.jpg 768w, https:\/\/www.upo.es\/formacionpermanente\/wp-content\/imagenes\/uploads\/2025\/02\/Rocio-Moreno-Riesco-232x300.jpg 232w, https:\/\/www.upo.es\/formacionpermanente\/wp-content\/imagenes\/uploads\/2025\/02\/Rocio-Moreno-Riesco-792x1024.jpg 792w, https:\/\/www.upo.es\/formacionpermanente\/wp-content\/imagenes\/uploads\/2025\/02\/Rocio-Moreno-Riesco-1188x1536.jpg 1188w, https:\/\/www.upo.es\/formacionpermanente\/wp-content\/imagenes\/uploads\/2025\/02\/Rocio-Moreno-Riesco-1584x2048.jpg 1584w, https:\/\/www.upo.es\/formacionpermanente\/wp-content\/imagenes\/uploads\/2025\/02\/Rocio-Moreno-Riesco.jpg 1678w\" sizes=\"(max-width: 768px) 100vw, 768px\" \/>\t\t\t\t<\/div><!-- .profile-header END -->\n\t\t\t\n\n\t\t\t\t<div class=\"profile-body\">\n\t\t\t\t\t\n\t\t\t\t\t<h2 class=\"profile-title\">\n\t\t\t\t\t\t\t\t\t\t\tD\u00f1a. Roc\u00edo Moreno Riesco\t\t\t\t\t\t\t\t\t\t<\/h2>\n\t\t\t\t\t<p class=\"profile-designation\">Coordinaci\u00f3n<\/p>\n\t\t\t\t\t\t\t\t\t\t<p class=\"profile-content\">Arquitecta T\u00e9cnica<\/br><strong>Instituto de Movilidad<\/strong><\/p>\n\t\t\t\t\t\t\t\t\t<\/div><!-- .profile-body END -->\n\n\t\t\t\t\t\t\t\t<\/div>\n\t\t\t\t\t\t\t\n\t\t\t\n\t\t\t\t<\/div>\t\t\t\t<\/div>\n\t\t\t\t<\/div>\n\t\t\t\t\t<\/div>\n\t\t<\/div>\n\t\t\t\t\t<\/div>\n\t\t<\/section>\n\t\t\t\t\t<\/div>\n\t\t<\/div>\n\t\t\t\t\t<\/div>\n\t\t<\/section>\n\t\t\t\t<section class=\"elementor-section elementor-inner-section elementor-element elementor-element-563b22f elementor-section-full_width elementor-section-height-default elementor-section-height-default\" data-id=\"563b22f\" data-element_type=\"section\" data-e-type=\"section\">\n\t\t\t\t\t\t<div class=\"elementor-container elementor-column-gap-default\">\n\t\t\t\t\t<div class=\"elementor-column elementor-col-100 elementor-inner-column elementor-element elementor-element-124dc0f\" data-id=\"124dc0f\" data-element_type=\"column\" data-e-type=\"column\">\n\t\t\t<div class=\"elementor-widget-wrap elementor-element-populated\">\n\t\t\t\t\t\t<div class=\"elementor-element elementor-element-264b2d4 elementor-widget elementor-widget-heading\" data-id=\"264b2d4\" data-element_type=\"widget\" data-e-type=\"widget\" data-widget_type=\"heading.default\">\n\t\t\t\t<div class=\"elementor-widget-container\">\n\t\t\t\t\t<h3 class=\"elementor-heading-title elementor-size-default\">Plan de estudios<\/h3>\t\t\t\t<\/div>\n\t\t\t\t<\/div>\n\t\t\t\t<div class=\"elementor-element elementor-element-8c6cda7 elementor-widget elementor-widget-text-editor\" data-id=\"8c6cda7\" data-element_type=\"widget\" data-e-type=\"widget\" data-widget_type=\"text-editor.default\">\n\t\t\t\t<div class=\"elementor-widget-container\">\n\t\t\t\t\t\t\t\t\t<p>El programa solo se activar\u00e1 si se alcanza el n\u00famero m\u00ednimo de matr\u00edculas establecido en cada caso.<\/p>\n<h5><strong>Relaci\u00f3n de materias<\/strong><\/h5>\n<h6>M\u00f3dulo I: Introducci\u00f3n. 11 ECTS<\/h6>\n<p><strong>Asignatura 0:<\/strong> Gu\u00eda del alumnado.<br \/>\n<strong>Asignatura 1:<\/strong> Introducci\u00f3n a la planificaci\u00f3n, econom\u00eda y operaci\u00f3n del transporte.<br \/>\n<strong>Asignatura 2:<\/strong> Conceptos b\u00e1sicos de la modelizaci\u00f3n y simulaci\u00f3n del transporte y la movilidad.<br \/>\n<strong>Asignatura 3:<\/strong> Metodolog\u00eda general para la realizaci\u00f3n de estudios de demanda y estudios de mercado.<br \/>\n<strong>Asignatura 4:<\/strong> Manejo avanzado de Excel como herramienta de explotaci\u00f3n de datos y resultados de trabajos de campo.<br \/>\n<strong>Asignatura 5:<\/strong> Estad\u00edstica: An\u00e1lisis muestral y elasticidades.<br \/>\n<strong>Asignatura 6:<\/strong> Sistemas de informaci\u00f3n geogr\u00e1fica.<\/p>\n<h6>M\u00f3dulo II: Modelizaci\u00f3n del transporte en 4 etapas. 10 ECTS<\/h6>\n<p><strong>Asignatura 7:<\/strong>\u00a0 Modelos de 4 etapas.<br \/>\n<strong>Asignatura 8:<\/strong> Uso de los datos obtenidos de la telefon\u00eda m\u00f3vil para su aplicaci\u00f3n al an\u00e1lisis de la movilidad .<br \/>\n<strong>Asignatura 9:<\/strong>\u00a0 Gesti\u00f3n de Tr\u00e1fico e ITS.<br \/>\n<strong>Asignatura 10:<\/strong> Construcci\u00f3n de matrices O\/D.<br \/>\n<strong>Asignatura 11:<\/strong> Desarrollo y calibrado de una red de transporte (privada y p\u00fablico).<\/p>\n<h6>M\u00f3dulo III: Microsimulaci\u00f3n. 4,5 ECTS<\/h6>\n<p><strong>Asignatura 12:<\/strong> Microsimulaci\u00f3n de tr\u00e1fico.<br \/>\n<strong>Asignatura 13:<\/strong>\u00a0 Evaluaci\u00f3n de niveles de servicio.<br \/>\n<strong>Asignatura 14:<\/strong> Simulaciones peatonales.<br \/>\n<strong>Asignatura 15:<\/strong> Utilizaci\u00f3n de c\u00e1maras de inteligencia artificial.<br \/>\n<strong>Asignatura 16:<\/strong> Evaluaci\u00f3n de emisiones.<\/p>\n<h6>M\u00f3dulo IV: Planes de explotaci\u00f3n. 5 ECTS<\/h6>\n<p><strong>Asignatura 17:<\/strong> Introducci\u00f3n y conceptos b\u00e1sicos.<br \/>\n<strong>Asignatura 18:<\/strong> Desarrollo de planes de explotaci\u00f3n.<br \/>\n<strong>Asignatura 19:<\/strong> Planes de explotaci\u00f3n en intercambiadores. Estimaci\u00f3n de indicadores y su control.<\/p>\n<h6>M\u00f3dulo V: Modelos econ\u00f3micos-financieros. 9 ECTS<\/h6>\n<p><strong>Asignatura 20:<\/strong> Modelos financieros.<br \/>\n<strong>Asignatura 21:<\/strong> An\u00e1lisis Coste-Beneficio (ACB).<br \/>\n<strong>Asignatura 22:<\/strong> An\u00e1lisis Multicriterio.<br \/>\n<strong>Asignatura 23:<\/strong> ACB aplicados a las ZBE y movilidad activa.<br \/>\n<strong>Asignatura 24:<\/strong> Evaluaciones ambientales en estudios de movilidad sostenible.<\/p>\n<h6>M\u00f3dulo VI: Optimizaci\u00f3n del transporte. 8,5 ECTS<\/h6>\n<p><strong>Asignatura 25:<\/strong> Conceptos b\u00e1sicos de optimizaci\u00f3n.<br \/>\n<strong>Asignatura 26:<\/strong> Optimizaci\u00f3n de rutas.<br \/>\n<strong>Asignatura 27:<\/strong> Localizaci\u00f3n de estaciones de transporte.<br \/>\n<strong>Asignatura 28:<\/strong> Aplicaciones del Big Data.<\/p>\n<h6>M\u00f3dulo VII: Trabajo Fin de M\u00e1ster. 12 ECTS<\/h6>\n\t\t\t\t\t\t\t\t<\/div>\n\t\t\t\t<\/div>\n\t\t\t\t\t<\/div>\n\t\t<\/div>\n\t\t\t\t\t<\/div>\n\t\t<\/section>\n\t\t\t\t<section class=\"elementor-section elementor-inner-section elementor-element elementor-element-dd820f9 elementor-section-full_width elementor-hidden-mobile elementor-section-height-default elementor-section-height-default\" data-id=\"dd820f9\" data-element_type=\"section\" data-e-type=\"section\">\n\t\t\t\t\t\t<div class=\"elementor-container elementor-column-gap-default\">\n\t\t\t\t\t<div class=\"elementor-column elementor-col-100 elementor-inner-column elementor-element elementor-element-a7cabd0\" data-id=\"a7cabd0\" data-element_type=\"column\" data-e-type=\"column\">\n\t\t\t<div class=\"elementor-widget-wrap elementor-element-populated\">\n\t\t\t\t\t\t<div class=\"elementor-element elementor-element-10fd50b elementor-widget elementor-widget-heading\" data-id=\"10fd50b\" data-element_type=\"widget\" data-e-type=\"widget\" data-widget_type=\"heading.default\">\n\t\t\t\t<div class=\"elementor-widget-container\">\n\t\t\t\t\t<h3 class=\"elementor-heading-title elementor-size-default\">Profesorado<\/h3>\t\t\t\t<\/div>\n\t\t\t\t<\/div>\n\t\t\t\t<div class=\"elementor-element elementor-element-e8af4ee elementor-widget elementor-widget-text-editor\" data-id=\"e8af4ee\" data-element_type=\"widget\" data-e-type=\"widget\" data-widget_type=\"text-editor.default\">\n\t\t\t\t<div class=\"elementor-widget-container\">\n\t\t\t\t\t\t\t\t\t<p><strong>D. Juli\u00e1n Sastre Gonz\u00e1lez<\/strong><br \/>\nDr. Ingeniero de Caminos, Canales y Puertos. Consultor internacional experto en planificaci\u00f3n, financiaci\u00f3n, operaci\u00f3n y gesti\u00f3n del transporte.<\/p>\n<p><strong>D. Alfredo Garc\u00eda Hern\u00e1ndez-D\u00edaz<\/strong><br \/>\nCatedr\u00e1tico de Universidad del Departamento de M\u00e9todos Cuantitativos para la Econom\u00eda y Empresa en Universidad Pablo de Olavide.<\/p>\n<div>\n<p><strong>D\u00f1a. Ana Dolores L\u00f3pez S\u00e1nchez<\/strong><br \/>\nProfesora Titular de Universidad del Departamento de M\u00e9todos Cuantitativos para la Econom\u00eda y Empresa de la Universidad Pablo de Olavide.<\/p>\n<p><strong>D. David \u00c1lvarez Castillo<\/strong><br \/>\nIngeniero de Caminos, Canales y Puertos. Vicepresidente del Instituto de Movilidad.<\/p>\n<p><strong>D\u00f1a. Isabel Amat Vall<\/strong><br \/>\nConsultor senior especializado en an\u00e1lisis financiero de infraestructuras de transporte.<\/p>\n<p><strong>D. Enrique Villalonga Bautista<\/strong><br \/>\nDirector del Departamento de Transportes y Movilidad de CPS Infraestructura, Movilidad.<\/p>\n<p><strong>D. Fady Awad N\u00fa\u00f1ez<\/strong><br \/>\nConsultor de transporte y movilidad sostenible. Experto en Modelizaci\u00f3n.<\/p>\n<p><strong>D\u00f1a. Irene Mor\u00e1n Harillo<\/strong><br \/>\nConsultora Alom\u00f3n. Especialista en GIS.<\/p>\n<p><strong>D. Samir Awad N\u00fa\u00f1ez<\/strong><br \/>\nDoctor Ingeniero de Caminos, Canales y Puertos por la Universidad Polit\u00e9cnica de Madrid y Master en Din\u00e1micas Territoriales y Desarrollo en la Universidad Complutense de Madrid.<\/p>\n<p><strong>D. Manuel Calvo Salazar<\/strong><br \/>\nSocioec\u00f3logo, y actualmente consultor en sostenibilidad en la empresa EstudioMC.<\/p>\n<p><strong>D. Javier Aldecoa Mart\u00ednez-Conde<\/strong><br \/>\nDirector del Plan de Intercambiadores de Madrid. Consorcio Regional de Transportes de Madrid (CRTM).<\/p>\n<p><strong>D. C\u00e9sar Folgueira Chavarria<\/strong><br \/>\nSubdirector de Estudios de Demanda y Planificaci\u00f3n de Inversiones. Direcci\u00f3n de Planificaci\u00f3n Funcional de ADIF Alta Velocidad.<\/p>\n<p><strong>D. Javier Gustavo Cantarella<\/strong><br \/>\nIngeniero Civil. Profesional independiente.<\/p>\n<p><strong>D. Ricardo Herranz<\/strong><br \/>\nIngeniero Industrial y de Telecomunicaciones. Socio fundador y CEO de Nommon.<\/p>\n<p><strong>D\u00f1a. Noem\u00ed \u00c1lvarez \u00c1lvarez<\/strong><br \/>\nAbogada y polit\u00f3loga. M\u00e1ster Derecho de la Ordenaci\u00f3n del Territorio y el Urbanismo. Instituto de Movilidad.<\/p>\n<p><strong>D\u00f1a. Nadia Giufrrida<\/strong><br \/>\nDoctora en Ingenier\u00eda Civil. Profesora Titular de la Universidad de Bari.<\/p>\n<p><strong>D. Juan P\u00edriz Cayado<\/strong><br \/>\nGraduado en An\u00e1lisis Econ\u00f3mico. M\u00e1ster de Consultor\u00eda Econ\u00f3mica y An\u00e1lisis Aplicado y M\u00e1ster de Modelizaci\u00f3n y Simulaci\u00f3n del Transporte y la Movilidad mediante el uso de Nuevas Tecnolog\u00edas y Herramientas de An\u00e1lisis y Explotaci\u00f3n de Datos.<\/p>\n<p><strong>D. Gonzalo Carus<\/strong><br \/>\nIngeniero Civil. Experto en Planificaci\u00f3n de la Movilidad Urbana y Transporte.<\/p>\n<p><strong>D. Mauro Mudu<\/strong><br \/>\nIngeniero Civil especializado en Transporte de la Universit\u00e1 degli Studi di Cagliari (ITA).<\/p>\n<\/div>\n\t\t\t\t\t\t\t\t<\/div>\n\t\t\t\t<\/div>\n\t\t\t\t\t<\/div>\n\t\t<\/div>\n\t\t\t\t\t<\/div>\n\t\t<\/section>\n\t\t\t\t<section class=\"elementor-section elementor-inner-section elementor-element elementor-element-c85eb8b elementor-section-full_width elementor-hidden-mobile elementor-section-height-default elementor-section-height-default\" data-id=\"c85eb8b\" data-element_type=\"section\" data-e-type=\"section\">\n\t\t\t\t\t\t<div class=\"elementor-container elementor-column-gap-default\">\n\t\t\t\t\t<div class=\"elementor-column elementor-col-100 elementor-inner-column elementor-element elementor-element-1a764d2\" data-id=\"1a764d2\" data-element_type=\"column\" data-e-type=\"column\">\n\t\t\t<div class=\"elementor-widget-wrap elementor-element-populated\">\n\t\t\t\t\t\t<div class=\"elementor-element elementor-element-ddacb41 elementor-widget elementor-widget-heading\" data-id=\"ddacb41\" data-element_type=\"widget\" data-e-type=\"widget\" data-widget_type=\"heading.default\">\n\t\t\t\t<div class=\"elementor-widget-container\">\n\t\t\t\t\t<h3 class=\"elementor-heading-title elementor-size-default\">Pr\u00e1cticas externas<\/h3>\t\t\t\t<\/div>\n\t\t\t\t<\/div>\n\t\t\t\t<div class=\"elementor-element elementor-element-7cbfe77 elementor-widget elementor-widget-text-editor\" data-id=\"7cbfe77\" data-element_type=\"widget\" data-e-type=\"widget\" data-widget_type=\"text-editor.default\">\n\t\t\t\t<div class=\"elementor-widget-container\">\n\t\t\t\t\t\t\t\t\t<p>Aunque el M\u00e1ster no incluye de manera obligatoria pr\u00e1cticas externas, podr\u00e1 acogerse a los distintos programas de pr\u00e1cticas existentes dirigidos tanto a estudiantes como titulados\/as y gestionados por la\u00a0<a href=\"https:\/\/www.upo.es\/fundacion\/practicas-en-empresas\/\" target=\"_blank\" rel=\"noopener\">Fundaci\u00f3n Universidad Pablo de Olavide<\/a>.<\/p>\n\t\t\t\t\t\t\t\t<\/div>\n\t\t\t\t<\/div>\n\t\t\t\t\t<\/div>\n\t\t<\/div>\n\t\t\t\t\t<\/div>\n\t\t<\/section>\n\t\t\t\t<section class=\"elementor-section elementor-inner-section elementor-element elementor-element-46e42b5 elementor-section-full_width elementor-hidden-mobile elementor-section-height-default elementor-section-height-default\" data-id=\"46e42b5\" data-element_type=\"section\" data-e-type=\"section\">\n\t\t\t\t\t\t<div class=\"elementor-container elementor-column-gap-default\">\n\t\t\t\t\t<div class=\"elementor-column elementor-col-100 elementor-inner-column elementor-element elementor-element-949ef62\" data-id=\"949ef62\" data-element_type=\"column\" data-e-type=\"column\">\n\t\t\t<div class=\"elementor-widget-wrap elementor-element-populated\">\n\t\t\t\t\t\t<div class=\"elementor-element elementor-element-7ec1724 elementor-widget elementor-widget-heading\" data-id=\"7ec1724\" data-element_type=\"widget\" data-e-type=\"widget\" data-widget_type=\"heading.default\">\n\t\t\t\t<div class=\"elementor-widget-container\">\n\t\t\t\t\t<h3 class=\"elementor-heading-title elementor-size-default\">Proyecto final<\/h3>\t\t\t\t<\/div>\n\t\t\t\t<\/div>\n\t\t\t\t<div class=\"elementor-element elementor-element-dbd6dc6 elementor-widget elementor-widget-text-editor\" data-id=\"dbd6dc6\" data-element_type=\"widget\" data-e-type=\"widget\" data-widget_type=\"text-editor.default\">\n\t\t\t\t<div class=\"elementor-widget-container\">\n\t\t\t\t\t\t\t\t\t<p>Se trata de un trabajo original que el alumnado debe desarrollar de manera personal e individual bajo la direcci\u00f3n de un\/a profesor\/a tutor\/a. Este\/a docente ser\u00e1 designado en cada caso por la Comisi\u00f3n Acad\u00e9mica del M\u00e1ster entre el profesorado que interviene en \u00e9l, aunque excepcionalmente puede ser designado tambi\u00e9n otro\/a profesor\/a de los departamentos involucrados en el M\u00e1ster.<\/p>\n<p>El alumnado deber\u00e1 escoger la l\u00ednea de proyecto en la cual desea realizar su TFM entre las que proponga la Comisi\u00f3n Acad\u00e9mica. Dichas l\u00edneas tem\u00e1ticas ir\u00e1n en consonancia con el resto de las materias que est\u00e9 cursando en el M\u00e1ster.<\/p>\n<p>Una vez definida la l\u00ednea de proyecto y designado el\/la tutor\/a, acordar\u00e1 con el\/la estudiante el t\u00edtulo del proyecto (tanto en espa\u00f1ol como en ingl\u00e9s), fijando su alcance y las condiciones concretas en las que debe ser desarrollado. Aunque, como se ha indicado, el trabajo debe ser desarrollado por el\/a alumno\/a de manera personal e individual, el\/la tutor\/a har\u00e1 un seguimiento continuado del progreso conseguido.<\/p>\n<p>El TFM podr\u00e1 realizarse en ingl\u00e9s o espa\u00f1ol.<\/p>\n<p><strong>Cr\u00e9ditos asignados al trabajo final: 12 ECTS<\/strong><\/p>\n\t\t\t\t\t\t\t\t<\/div>\n\t\t\t\t<\/div>\n\t\t\t\t\t<\/div>\n\t\t<\/div>\n\t\t\t\t\t<\/div>\n\t\t<\/section>\n\t\t\t\t<section class=\"elementor-section elementor-inner-section elementor-element elementor-element-08bb7d0 elementor-section-full_width elementor-hidden-mobile elementor-section-height-default elementor-section-height-default\" data-id=\"08bb7d0\" data-element_type=\"section\" data-e-type=\"section\">\n\t\t\t\t\t\t<div class=\"elementor-container elementor-column-gap-default\">\n\t\t\t\t\t<div class=\"elementor-column elementor-col-100 elementor-inner-column elementor-element elementor-element-49adb54\" data-id=\"49adb54\" data-element_type=\"column\" data-e-type=\"column\">\n\t\t\t<div class=\"elementor-widget-wrap elementor-element-populated\">\n\t\t\t\t\t\t<div class=\"elementor-element elementor-element-c04951d elementor-widget elementor-widget-heading\" data-id=\"c04951d\" data-element_type=\"widget\" data-e-type=\"widget\" data-widget_type=\"heading.default\">\n\t\t\t\t<div class=\"elementor-widget-container\">\n\t\t\t\t\t<h3 class=\"elementor-heading-title elementor-size-default\">Metodolog\u00eda y evaluaci\u00f3n<\/h3>\t\t\t\t<\/div>\n\t\t\t\t<\/div>\n\t\t\t\t<div class=\"elementor-element elementor-element-5675f78 elementor-widget elementor-widget-text-editor\" data-id=\"5675f78\" data-element_type=\"widget\" data-e-type=\"widget\" data-widget_type=\"text-editor.default\">\n\t\t\t\t<div class=\"elementor-widget-container\">\n\t\t\t\t\t\t\t\t\t<p>La evaluaci\u00f3n se calcular\u00e1 en funci\u00f3n a los siguientes porcentajes:<\/p>\n<ul>\n<li>Pruebas te\u00f3ricas: 40%<\/li>\n<li>Actividades pr\u00e1cticas: 40%<\/li>\n<li>Trabajo Final: 20%<\/li>\n<\/ul>\n<p>El M\u00e1ster se desarrollar\u00e1 \u00edntegramente a distancia, a trav\u00e9s del aula virtual proporcionada por la Universidad Pablo de Olavide. Para poder acceder a la misma, a cada alumno se le proporcionar\u00e1 un nombre de usuario y una clave de acceso. Los documentos a los que se puede acceder a trav\u00e9s del aula virtual est\u00e1n sujetos a la protecci\u00f3n de los derechos de autor, y se proh\u00edbe su difusi\u00f3n por cualquier medio, salvo en caso de que se cuente con la autorizaci\u00f3n expresa del autor\/a.<\/p>\n<p>Hay que destacar que el profesorado es, adem\u00e1s de personas con experiencia acad\u00e9mica, profesionales de m\u00e1ximo nivel que han desarrollo proyectos nacionales e internacionales y que podr\u00e1n dar una ense\u00f1anza aplicable desde el minuto uno e innovadora. Pertenecen tanto al mundo de la consultor\u00eda como de la administraci\u00f3n p\u00fablica. Se destaca tambi\u00e9n que, dado que los\/as estudiantes podr\u00e1n ser tambi\u00e9n de Am\u00e9rica Latina, hay docentes con experiencia o nacionalidad de all\u00ed para que se desarrollen casos adaptables a ambos lados del oc\u00e9ano.<\/p>\n<p>Todos los m\u00f3dulos y asignaturas estar\u00e1n tutorizados por docentes que se encargan de elaborar contenidos, casos pr\u00e1cticos y puntuar las pruebas de evaluaci\u00f3n.<\/p>\n<p>El hecho de que el M\u00e1ster se ofrezca on-line no puede ir en detrimento del nivel de exigencia, por ello se establecer\u00e1 un calendario de referencia. Se dispondr\u00e1 de, al menos, unos 20 d\u00edas por m\u00f3dulo, per\u00edodo en el que el\/la estudiante dispondr\u00e1 de tiempo para el estudio del material te\u00f3rico, la contestaci\u00f3n del cuestionario y, en su caso, la resoluci\u00f3n de los casos pr\u00e1cticos.<\/p>\n<p>Adem\u00e1s, para la obtenci\u00f3n del t\u00edtulo de M\u00e1ster ser\u00e1 necesario:<\/p>\n<ul>\n<li>Elaborar, bajo la supervisi\u00f3n de un\/a profesor\/a tutor\/a, un Trabajo Fin de M\u00e1ster, que consistir\u00e1 en un trabajo de investigaci\u00f3n relacionado con la tem\u00e1tica del curso o de aplicaci\u00f3n directa de casos de estudio.<\/li>\n<li>Realizar pr\u00e1cticas en una empresa del sector de entre las propuestas por la direcci\u00f3n o bien en una empresa propuesta por el\/la estudiante. A su vez, las pr\u00e1cticas en empresa pueden ser reemplazadas por la realizaci\u00f3n de dos asignaturas optativas eminentemente pr\u00e1cticas.<\/li>\n<\/ul>\n\t\t\t\t\t\t\t\t<\/div>\n\t\t\t\t<\/div>\n\t\t\t\t\t<\/div>\n\t\t<\/div>\n\t\t\t\t\t<\/div>\n\t\t<\/section>\n\t\t\t\t<section class=\"elementor-section elementor-inner-section elementor-element elementor-element-f0bf854 elementor-section-full_width elementor-section-height-default elementor-section-height-default\" data-id=\"f0bf854\" data-element_type=\"section\" data-e-type=\"section\">\n\t\t\t\t\t\t<div class=\"elementor-container elementor-column-gap-default\">\n\t\t\t\t\t<div class=\"elementor-column elementor-col-100 elementor-inner-column elementor-element elementor-element-cbdf028\" data-id=\"cbdf028\" data-element_type=\"column\" data-e-type=\"column\">\n\t\t\t<div class=\"elementor-widget-wrap elementor-element-populated\">\n\t\t\t\t\t\t<div class=\"elementor-element elementor-element-3fb48d4 elementor-widget elementor-widget-heading\" data-id=\"3fb48d4\" data-element_type=\"widget\" data-e-type=\"widget\" data-widget_type=\"heading.default\">\n\t\t\t\t<div class=\"elementor-widget-container\">\n\t\t\t\t\t<h3 class=\"elementor-heading-title elementor-size-default\">Requisitos y perfil de acceso<\/h3>\t\t\t\t<\/div>\n\t\t\t\t<\/div>\n\t\t\t\t<div class=\"elementor-element elementor-element-abe8c0e elementor-widget elementor-widget-text-editor\" data-id=\"abe8c0e\" data-element_type=\"widget\" data-e-type=\"widget\" data-widget_type=\"text-editor.default\">\n\t\t\t\t<div class=\"elementor-widget-container\">\n\t\t\t\t\t\t\t\t\t<p>Podr\u00e1n acceder a los estudios de M\u00e1ster de Formaci\u00f3n Permanente:<\/p>\n<ul>\n<li>Quienes est\u00e9n en posesi\u00f3n de un t\u00edtulo universitario de Grado espa\u00f1ol o equivalente.<\/li>\n<li>Quienes est\u00e9n en posesi\u00f3n de un t\u00edtulo expedido por una instituci\u00f3n de educaci\u00f3n superior del Espacio Europeo de Educaci\u00f3n Superior, que otorgue acceso a ense\u00f1anzas oficiales de Postgrado.<\/li>\n<li>Quienes est\u00e9n en posesi\u00f3n de un t\u00edtulo conforme a sistemas educativos ajenos al Espacio Europeo de Educaci\u00f3n Superior, que acredite un nivel de formaci\u00f3n equivalente a los correspondientes T\u00edtulos universitarios oficiales espa\u00f1oles de Grado, y que facultan en el pa\u00eds expedidor del t\u00edtulo para el acceso a ense\u00f1anzas de Postgrado. *<\/li>\n<li>Quienes acrediten haber superado al menos 180 cr\u00e9ditos ECTS correspondientes a ense\u00f1anzas oficiales de Grado. En este caso, para que el estudiante obtenga su t\u00edtulo, debe haber terminado sus estudios de Grado antes de la finalizaci\u00f3n del M\u00e1ster.<\/li>\n<li>Excepcionalmente, quienes acrediten experiencia profesional demostrada en un \u00e1mbito relacionado con el contenido del t\u00edtulo. Esta admisi\u00f3n estar\u00e1 condicionada a la autorizaci\u00f3n por la Comisi\u00f3n de Postgrado de la Universidad Pablo de Olavide.<\/li>\n<\/ul>\n<p><em>*No es necesario que estos t\u00edtulos se encuentren homologados en Espa\u00f1a.<\/em><\/p>\n\t\t\t\t\t\t\t\t<\/div>\n\t\t\t\t<\/div>\n\t\t\t\t\t<\/div>\n\t\t<\/div>\n\t\t\t\t\t<\/div>\n\t\t<\/section>\n\t\t\t\t<section class=\"elementor-section elementor-inner-section elementor-element elementor-element-01ca511 elementor-section-full_width elementor-section-height-default elementor-section-height-default\" data-id=\"01ca511\" data-element_type=\"section\" data-e-type=\"section\">\n\t\t\t\t\t\t<div class=\"elementor-container elementor-column-gap-default\">\n\t\t\t\t\t<div class=\"elementor-column elementor-col-100 elementor-inner-column elementor-element elementor-element-02d55c3\" data-id=\"02d55c3\" data-element_type=\"column\" data-e-type=\"column\">\n\t\t\t<div class=\"elementor-widget-wrap elementor-element-populated\">\n\t\t\t\t\t\t<div class=\"elementor-element elementor-element-6daa241 elementor-widget elementor-widget-heading\" data-id=\"6daa241\" data-element_type=\"widget\" data-e-type=\"widget\" data-widget_type=\"heading.default\">\n\t\t\t\t<div class=\"elementor-widget-container\">\n\t\t\t\t\t<h3 class=\"elementor-heading-title elementor-size-default\">Horario<\/h3>\t\t\t\t<\/div>\n\t\t\t\t<\/div>\n\t\t\t\t<div class=\"elementor-element elementor-element-932e5e6 elementor-widget elementor-widget-text-editor\" data-id=\"932e5e6\" data-element_type=\"widget\" data-e-type=\"widget\" data-widget_type=\"text-editor.default\">\n\t\t\t\t<div class=\"elementor-widget-container\">\n\t\t\t\t\t\t\t\t\t<p>Este M\u00e1ster se desarrollar\u00e1 del\u00a0<strong> 4 de noviembre de 2026 al 22 de junio de 2027<\/strong>.<\/p>\n<p>Las clases ser\u00e1n 100% online. Con car\u00e1cter voluntario se organizar\u00e1n en cada m\u00f3dulo sesiones s\u00edncronas online de 16.00 a 20.00 CET.<\/p>\n\t\t\t\t\t\t\t\t<\/div>\n\t\t\t\t<\/div>\n\t\t\t\t\t<\/div>\n\t\t<\/div>\n\t\t\t\t\t<\/div>\n\t\t<\/section>\n\t\t\t\t<section class=\"elementor-section elementor-inner-section elementor-element elementor-element-b22dffd elementor-section-full_width elementor-section-height-default elementor-section-height-default\" data-id=\"b22dffd\" data-element_type=\"section\" data-e-type=\"section\">\n\t\t\t\t\t\t<div class=\"elementor-container elementor-column-gap-default\">\n\t\t\t\t\t<div class=\"elementor-column elementor-col-100 elementor-inner-column elementor-element elementor-element-6012d34\" data-id=\"6012d34\" data-element_type=\"column\" data-e-type=\"column\">\n\t\t\t<div class=\"elementor-widget-wrap elementor-element-populated\">\n\t\t\t\t\t\t<div class=\"elementor-element elementor-element-03a11f1 elementor-widget elementor-widget-heading\" data-id=\"03a11f1\" data-element_type=\"widget\" data-e-type=\"widget\" data-widget_type=\"heading.default\">\n\t\t\t\t<div class=\"elementor-widget-container\">\n\t\t\t\t\t<h3 class=\"elementor-heading-title elementor-size-default\">Precios y ayuda<\/h3>\t\t\t\t<\/div>\n\t\t\t\t<\/div>\n\t\t\t\t<div class=\"elementor-element elementor-element-f8b4ff4 elementor-widget elementor-widget-text-editor\" data-id=\"f8b4ff4\" data-element_type=\"widget\" data-e-type=\"widget\" data-widget_type=\"text-editor.default\">\n\t\t\t\t<div class=\"elementor-widget-container\">\n\t\t\t\t\t\t\t\t\t<h5><strong>Tasas<\/strong><\/h5>\n<p>2.950,20 \u20ac<\/p>\n<ul>\n<li>Este importe no incluye las\u00a0<strong>tasas de expedici\u00f3n del t\u00edtulo<\/strong>, puede acceder a la informaci\u00f3n en el\u00a0<a href=\"https:\/\/www.upo.es\/formacionpermanente\/titulos-propios\/como-solicitar-el-titulo-o-diploma-de-un-titulo-propio\/\" target=\"_blank\" rel=\"noopener\">siguiente enlace.<\/a><\/li>\n<li>Este importe no incluye las\u00a0<strong>tasas de expedici\u00f3n del carnet de estudiante<\/strong>, puede acceder a la informaci\u00f3n desde el\u00a0<a href=\"https:\/\/www.upo.es\/formacionpermanente\/titulos-propios\/carnet-de-estudiante-para-titulos-propios\/\" target=\"_blank\" rel=\"noopener\">siguiente enlace<\/a>.<\/li>\n<\/ul>\n<h5>\u00a0Pagos<\/h5>\n<h5><\/h5>\n<ul>\n<li>Reserva de plaza:\u00a0<strong>442,53\u00a0\u20ac<\/strong><\/li>\n<li>Matr\u00edcula (una vez comunicada la admisi\u00f3n y antes del inicio del programa):\u00a0<strong>1.253,84<\/strong>\u00a0<strong>\u20ac<\/strong><\/li>\n<li>Primer plazo fraccionado (febrero de 2027): <strong>626,92<\/strong>\u00a0<strong>\u20ac<\/strong><\/li>\n<li>Segundo plazo fraccionado (abril de 2027): <strong>626,91 \u20ac<\/strong><\/li>\n<\/ul>\n<p>El pago fraccionado no exime del abono completo de las tasas una vez iniciado el programa. Para consultar los motivos de devoluci\u00f3n de la Reserva de Plaza puede hacerlo desde\u00a0<a href=\"https:\/\/www.upo.es\/formacionpermanente\/wp-content\/imagenes\/uploads\/2025\/01\/BUPO-13-2024_Instruccion-Reserva-de-Plaza.pdf\" target=\"_blank\" rel=\"noopener\">aqu\u00ed.<\/a><\/p>\n<h5><strong>Ayudas al estudio<\/strong><\/h5>\n<p>Todos los programas de T\u00edtulos Propios ofrecen la posibilidad de solicitar una ayuda al estudio. Puede consultar la informaci\u00f3n completa y la fecha de la convocatoria <a href=\"https:\/\/www.upo.es\/formacionpermanente\/titulos-propios\/ayudas-al-estudio-para-titulos-propios\/\">aqu\u00ed<\/a>.<\/p>\n\t\t\t\t\t\t\t\t<\/div>\n\t\t\t\t<\/div>\n\t\t\t\t\t<\/div>\n\t\t<\/div>\n\t\t\t\t\t<\/div>\n\t\t<\/section>\n\t\t\t\t<section class=\"elementor-section elementor-inner-section elementor-element elementor-element-3cc5a84 elementor-section-full_width elementor-section-height-default elementor-section-height-default\" data-id=\"3cc5a84\" data-element_type=\"section\" data-e-type=\"section\">\n\t\t\t\t\t\t<div class=\"elementor-container elementor-column-gap-default\">\n\t\t\t\t\t<div class=\"elementor-column elementor-col-100 elementor-inner-column elementor-element elementor-element-46f87c4\" data-id=\"46f87c4\" data-element_type=\"column\" data-e-type=\"column\">\n\t\t\t<div class=\"elementor-widget-wrap elementor-element-populated\">\n\t\t\t\t\t\t<div class=\"elementor-element elementor-element-d48e675 elementor-widget elementor-widget-heading\" data-id=\"d48e675\" data-element_type=\"widget\" data-e-type=\"widget\" data-widget_type=\"heading.default\">\n\t\t\t\t<div class=\"elementor-widget-container\">\n\t\t\t\t\t<h3 class=\"elementor-heading-title elementor-size-default\">\u00bfTienes alguna duda? Contacta con nosotros<\/h3>\t\t\t\t<\/div>\n\t\t\t\t<\/div>\n\t\t\t\t\t<\/div>\n\t\t<\/div>\n\t\t\t\t\t<\/div>\n\t\t<\/section>\n\t\t\t\t<section class=\"elementor-section elementor-inner-section elementor-element elementor-element-5784cb2 elementor-section-boxed elementor-section-height-default elementor-section-height-default\" data-id=\"5784cb2\" data-element_type=\"section\" data-e-type=\"section\">\n\t\t\t\t\t\t<div class=\"elementor-container elementor-column-gap-default\">\n\t\t\t\t\t<div class=\"elementor-column elementor-col-50 elementor-inner-column elementor-element elementor-element-ff525b3\" data-id=\"ff525b3\" data-element_type=\"column\" data-e-type=\"column\">\n\t\t\t<div class=\"elementor-widget-wrap elementor-element-populated\">\n\t\t\t\t\t\t<div class=\"elementor-element elementor-element-f97d28a elementor-widget elementor-widget-text-editor\" data-id=\"f97d28a\" data-element_type=\"widget\" data-e-type=\"widget\" data-widget_type=\"text-editor.default\">\n\t\t\t\t<div class=\"elementor-widget-container\">\n\t\t\t\t\t\t\t\t\t<h5><strong>Para informaci\u00f3n acad\u00e9mica:<\/strong><\/h5>\t\t\t\t\t\t\t\t<\/div>\n\t\t\t\t<\/div>\n\t\t\t\t<div class=\"elementor-element elementor-element-1fca1b7 elementor-widget elementor-widget-text-editor\" data-id=\"1fca1b7\" data-element_type=\"widget\" data-e-type=\"widget\" data-widget_type=\"text-editor.default\">\n\t\t\t\t<div class=\"elementor-widget-container\">\n\t\t\t\t\t\t\t\t\tAlfredo Garc\u00eda Hern\u00e1ndez-D\u00edaz\t\t\t\t\t\t\t\t<\/div>\n\t\t\t\t<\/div>\n\t\t\t\t<div class=\"elementor-element elementor-element-b7bb28a elementor-widget elementor-widget-text-editor\" data-id=\"b7bb28a\" data-element_type=\"widget\" data-e-type=\"widget\" data-widget_type=\"text-editor.default\">\n\t\t\t\t<div class=\"elementor-widget-container\">\n\t\t\t\t\t\t\t\t\tagarher@upo.es\t\t\t\t\t\t\t\t<\/div>\n\t\t\t\t<\/div>\n\t\t\t\t\t<\/div>\n\t\t<\/div>\n\t\t\t\t<div class=\"elementor-column elementor-col-50 elementor-inner-column elementor-element elementor-element-a8bcf00\" data-id=\"a8bcf00\" data-element_type=\"column\" data-e-type=\"column\">\n\t\t\t<div class=\"elementor-widget-wrap elementor-element-populated\">\n\t\t\t\t\t\t<div class=\"elementor-element elementor-element-2355747 elementor-widget elementor-widget-text-editor\" data-id=\"2355747\" data-element_type=\"widget\" data-e-type=\"widget\" data-widget_type=\"text-editor.default\">\n\t\t\t\t<div class=\"elementor-widget-container\">\n\t\t\t\t\t\t\t\t\t<h5>Para informaci\u00f3n administrativa:<\/h5><p>\u00c1rea de T\u00edtulos Propios<br \/>Tel: +34 954348963 \/ +34 954349066<br \/>titulospropios@fundacion.upo.es<\/p>\t\t\t\t\t\t\t\t<\/div>\n\t\t\t\t<\/div>\n\t\t\t\t\t<\/div>\n\t\t<\/div>\n\t\t\t\t\t<\/div>\n\t\t<\/section>\n\t\t\t\t<section class=\"elementor-section elementor-inner-section elementor-element elementor-element-5da6eb9 elementor-section-full_width elementor-section-height-default elementor-section-height-default\" data-id=\"5da6eb9\" data-element_type=\"section\" data-e-type=\"section\" data-settings=\"{&quot;background_background&quot;:&quot;classic&quot;}\">\n\t\t\t\t\t\t<div class=\"elementor-container elementor-column-gap-wider\">\n\t\t\t\t\t<div class=\"elementor-column elementor-col-50 elementor-inner-column elementor-element elementor-element-6c87872\" data-id=\"6c87872\" data-element_type=\"column\" data-e-type=\"column\">\n\t\t\t<div class=\"elementor-widget-wrap elementor-element-populated\">\n\t\t\t\t\t\t<div class=\"elementor-element elementor-element-48236f2 elementor-widget elementor-widget-image\" data-id=\"48236f2\" data-element_type=\"widget\" data-e-type=\"widget\" data-widget_type=\"image.default\">\n\t\t\t\t<div class=\"elementor-widget-container\">\n\t\t\t\t\t\t\t\t\t\t\t\t\t\t\t<img loading=\"lazy\" decoding=\"async\" width=\"768\" height=\"353\" src=\"https:\/\/www.upo.es\/formacionpermanente\/wp-content\/imagenes\/uploads\/2024\/02\/Calidad-Web-768x353.png\" class=\"attachment-medium_large size-medium_large wp-image-38133\" alt=\"\" srcset=\"https:\/\/www.upo.es\/formacionpermanente\/wp-content\/imagenes\/uploads\/2024\/02\/Calidad-Web-768x353.png 768w, https:\/\/www.upo.es\/formacionpermanente\/wp-content\/imagenes\/uploads\/2024\/02\/Calidad-Web-300x138.png 300w, https:\/\/www.upo.es\/formacionpermanente\/wp-content\/imagenes\/uploads\/2024\/02\/Calidad-Web.png 800w\" sizes=\"(max-width: 768px) 100vw, 768px\" \/>\t\t\t\t\t\t\t\t\t\t\t\t\t\t\t<\/div>\n\t\t\t\t<\/div>\n\t\t\t\t<div class=\"elementor-element elementor-element-6ebc6f7 elementor-align-center elementor-widget elementor-widget-button\" data-id=\"6ebc6f7\" data-element_type=\"widget\" data-e-type=\"widget\" data-widget_type=\"button.default\">\n\t\t\t\t<div class=\"elementor-widget-container\">\n\t\t\t\t\t\t\t\t\t<div class=\"elementor-button-wrapper\">\n\t\t\t\t\t<a class=\"elementor-button elementor-button-link elementor-size-sm\" href=\"https:\/\/www.upo.es\/formacionpermanente\/wp-content\/imagenes\/uploads\/2024\/09\/calidad-fupo-20242025.pdf\" target=\"_blank\">\n\t\t\t\t\t\t<span class=\"elementor-button-content-wrapper\">\n\t\t\t\t\t\t\t\t\t<span class=\"elementor-button-text\">Ver Certificado<\/span>\n\t\t\t\t\t<\/span>\n\t\t\t\t\t<\/a>\n\t\t\t\t<\/div>\n\t\t\t\t\t\t\t\t<\/div>\n\t\t\t\t<\/div>\n\t\t\t\t\t<\/div>\n\t\t<\/div>\n\t\t\t\t<div class=\"elementor-column elementor-col-50 elementor-inner-column elementor-element elementor-element-7baa71d\" data-id=\"7baa71d\" data-element_type=\"column\" data-e-type=\"column\">\n\t\t\t<div class=\"elementor-widget-wrap elementor-element-populated\">\n\t\t\t\t\t\t<div class=\"elementor-element elementor-element-4c7fbd5 elementor-widget elementor-widget-heading\" data-id=\"4c7fbd5\" data-element_type=\"widget\" data-e-type=\"widget\" data-widget_type=\"heading.default\">\n\t\t\t\t<div class=\"elementor-widget-container\">\n\t\t\t\t\t<h3 class=\"elementor-heading-title elementor-size-default\">Certificaci\u00f3n de Calidad - AENOR ISO 9001<\/h3>\t\t\t\t<\/div>\n\t\t\t\t<\/div>\n\t\t\t\t<div class=\"elementor-element elementor-element-c2a30b8 elementor-widget elementor-widget-text-editor\" data-id=\"c2a30b8\" data-element_type=\"widget\" data-e-type=\"widget\" data-widget_type=\"text-editor.default\">\n\t\t\t\t<div class=\"elementor-widget-container\">\n\t\t\t\t\t\t\t\t\t<div data-id=\"5b61699\" data-element_type=\"widget\" data-widget_type=\"text-editor.default\"><div><p>La <strong>Fundaci\u00f3n Universidad Pablo de Olavide<\/strong>, ha asumido su compromiso con la gesti\u00f3n de la calidad desde el a\u00f1o 2003, fecha en la que se obtuvo por primera vez la certificaci\u00f3n de su <strong>Sistema de Gesti\u00f3n de la Calidad<\/strong>. Desde ese momento, se ha apostado por un proceso de mejora continua que ha permitido la evoluci\u00f3n del sistema de gesti\u00f3n de la Fundaci\u00f3n en sus nuevos retos operativos, conforme siempre a los est\u00e1ndares de calidad de la normas ISO.<\/p><p>El alcance del Certificado de Calidad de la Fundaci\u00f3n recoge las actividades de <strong>Gesti\u00f3n de Pr\u00e1cticas Acad\u00e9micas Externas<\/strong> (Curriculares y Extracurriculares) y <strong>Gesti\u00f3n de Formaci\u00f3n Permanente<\/strong> (T\u00edtulos Propios y Microcredenciales).<\/p><\/div><\/div>\t\t\t\t\t\t\t\t<\/div>\n\t\t\t\t<\/div>\n\t\t\t\t\t<\/div>\n\t\t<\/div>\n\t\t\t\t\t<\/div>\n\t\t<\/section>\n\t\t\t\t\t<\/div>\n\t\t<\/div>\n\t\t\t\t<div class=\"elementor-column elementor-col-50 elementor-top-column elementor-element elementor-element-48fc532\" data-id=\"48fc532\" data-element_type=\"column\" data-e-type=\"column\" data-settings=\"{&quot;background_background&quot;:&quot;classic&quot;}\">\n\t\t\t<div class=\"elementor-widget-wrap elementor-element-populated\">\n\t\t\t\t\t\t<section class=\"elementor-section elementor-inner-section elementor-element elementor-element-e43a0e8 elementor-section-full_width elementor-hidden-tablet elementor-hidden-mobile elementor-section-height-default elementor-section-height-default\" data-id=\"e43a0e8\" data-element_type=\"section\" data-e-type=\"section\" data-settings=\"{&quot;sticky&quot;:&quot;top&quot;,&quot;sticky_on&quot;:[&quot;desktop&quot;],&quot;sticky_parent&quot;:&quot;yes&quot;,&quot;sticky_offset&quot;:50,&quot;sticky_effects_offset&quot;:0,&quot;sticky_anchor_link_offset&quot;:0}\">\n\t\t\t\t\t\t<div class=\"elementor-container elementor-column-gap-no\">\n\t\t\t\t\t<div class=\"elementor-column elementor-col-100 elementor-inner-column elementor-element elementor-element-92ea4e7\" data-id=\"92ea4e7\" data-element_type=\"column\" data-e-type=\"column\">\n\t\t\t<div class=\"elementor-widget-wrap elementor-element-populated\">\n\t\t\t\t\t\t<div class=\"elementor-element elementor-element-e155adb elementor-align-left elementor-tablet-align-center elementor-hidden-tablet elementor-hidden-mobile elementor-widget elementor-widget-button\" data-id=\"e155adb\" data-element_type=\"widget\" data-e-type=\"widget\" data-widget_type=\"button.default\">\n\t\t\t\t<div class=\"elementor-widget-container\">\n\t\t\t\t\t\t\t\t\t<div class=\"elementor-button-wrapper\">\n\t\t\t\t\t<a class=\"elementor-button elementor-button-link elementor-size-md\" href=\"https:\/\/www.upo.es\/automat-fund\/web\/index.php?r=curso%2Fview&#038;id=855\">\n\t\t\t\t\t\t<span class=\"elementor-button-content-wrapper\">\n\t\t\t\t\t\t\t\t\t<span class=\"elementor-button-text\">Realizar reserva de plaza<\/span>\n\t\t\t\t\t<\/span>\n\t\t\t\t\t<\/a>\n\t\t\t\t<\/div>\n\t\t\t\t\t\t\t\t<\/div>\n\t\t\t\t<\/div>\n\t\t\t\t<div class=\"elementor-element elementor-element-db36dd1 elementor-widget elementor-widget-heading\" data-id=\"db36dd1\" data-element_type=\"widget\" data-e-type=\"widget\" data-widget_type=\"heading.default\">\n\t\t\t\t<div class=\"elementor-widget-container\">\n\t\t\t\t\t<h4 class=\"elementor-heading-title elementor-size-default\">Modalidad<\/h4>\t\t\t\t<\/div>\n\t\t\t\t<\/div>\n\t\t\t\t<div class=\"elementor-element elementor-element-e6909bf elementor-widget elementor-widget-heading\" data-id=\"e6909bf\" data-element_type=\"widget\" data-e-type=\"widget\" data-widget_type=\"heading.default\">\n\t\t\t\t<div class=\"elementor-widget-container\">\n\t\t\t\t\t<h5 class=\"elementor-heading-title elementor-size-default\">Online<\/h5>\t\t\t\t<\/div>\n\t\t\t\t<\/div>\n\t\t\t\t<div class=\"elementor-element elementor-element-7c123a8 elementor-widget elementor-widget-heading\" data-id=\"7c123a8\" data-element_type=\"widget\" data-e-type=\"widget\" data-widget_type=\"heading.default\">\n\t\t\t\t<div class=\"elementor-widget-container\">\n\t\t\t\t\t<h4 class=\"elementor-heading-title elementor-size-default\">Inicio del curso<\/h4>\t\t\t\t<\/div>\n\t\t\t\t<\/div>\n\t\t\t\t<div class=\"elementor-element elementor-element-bfb4c64 elementor-widget elementor-widget-heading\" data-id=\"bfb4c64\" data-element_type=\"widget\" data-e-type=\"widget\" data-widget_type=\"heading.default\">\n\t\t\t\t<div class=\"elementor-widget-container\">\n\t\t\t\t\t<h5 class=\"elementor-heading-title elementor-size-default\">04\/11\/2026<\/h5>\t\t\t\t<\/div>\n\t\t\t\t<\/div>\n\t\t\t\t<div class=\"elementor-element elementor-element-f8e4807 elementor-widget elementor-widget-heading\" data-id=\"f8e4807\" data-element_type=\"widget\" data-e-type=\"widget\" data-widget_type=\"heading.default\">\n\t\t\t\t<div class=\"elementor-widget-container\">\n\t\t\t\t\t<h4 class=\"elementor-heading-title elementor-size-default\">Calendario acad\u00e9mico<\/h4>\t\t\t\t<\/div>\n\t\t\t\t<\/div>\n\t\t\t\t<div class=\"elementor-element elementor-element-59f1a83 elementor-align-left elementor-widget elementor-widget-button\" data-id=\"59f1a83\" data-element_type=\"widget\" data-e-type=\"widget\" data-widget_type=\"button.default\">\n\t\t\t\t<div class=\"elementor-widget-container\">\n\t\t\t\t\t\t\t\t\t<div class=\"elementor-button-wrapper\">\n\t\t\t\t\t<a class=\"elementor-button elementor-button-link elementor-size-md\" href=\"https:\/\/www.upo.es\/formacionpermanente\/wp-content\/imagenes\/uploads\/2026\/01\/M2026-06_Calendario.pdf\">\n\t\t\t\t\t\t<span class=\"elementor-button-content-wrapper\">\n\t\t\t\t\t\t\t\t\t<span class=\"elementor-button-text\">Haz clic aqu\u00ed para consultar<\/span>\n\t\t\t\t\t<\/span>\n\t\t\t\t\t<\/a>\n\t\t\t\t<\/div>\n\t\t\t\t\t\t\t\t<\/div>\n\t\t\t\t<\/div>\n\t\t\t\t<div class=\"elementor-element elementor-element-c3f728c elementor-widget elementor-widget-heading\" data-id=\"c3f728c\" data-element_type=\"widget\" data-e-type=\"widget\" data-widget_type=\"heading.default\">\n\t\t\t\t<div class=\"elementor-widget-container\">\n\t\t\t\t\t<h4 class=\"elementor-heading-title elementor-size-default\">Cr\u00e9ditos<\/h4>\t\t\t\t<\/div>\n\t\t\t\t<\/div>\n\t\t\t\t<div class=\"elementor-element elementor-element-52e7879 elementor-widget elementor-widget-heading\" data-id=\"52e7879\" data-element_type=\"widget\" data-e-type=\"widget\" data-widget_type=\"heading.default\">\n\t\t\t\t<div class=\"elementor-widget-container\">\n\t\t\t\t\t<h5 class=\"elementor-heading-title elementor-size-default\">60 ECTS<\/h5>\t\t\t\t<\/div>\n\t\t\t\t<\/div>\n\t\t\t\t<div class=\"elementor-element elementor-element-31e23f4 elementor-widget elementor-widget-heading\" data-id=\"31e23f4\" data-element_type=\"widget\" data-e-type=\"widget\" data-widget_type=\"heading.default\">\n\t\t\t\t<div class=\"elementor-widget-container\">\n\t\t\t\t\t<h4 class=\"elementor-heading-title elementor-size-default\">Precio del curso<\/h4>\t\t\t\t<\/div>\n\t\t\t\t<\/div>\n\t\t\t\t<div class=\"elementor-element elementor-element-82cd4bc elementor-widget elementor-widget-heading\" data-id=\"82cd4bc\" data-element_type=\"widget\" data-e-type=\"widget\" data-widget_type=\"heading.default\">\n\t\t\t\t<div class=\"elementor-widget-container\">\n\t\t\t\t\t<h5 class=\"elementor-heading-title elementor-size-default\">2.950,20 \u20ac<\/h5>\t\t\t\t<\/div>\n\t\t\t\t<\/div>\n\t\t\t\t<div data-dce-title-color=\"#00335B\" class=\"elementor-element elementor-element-3590d30 elementor-cta--skin-cover elementor-cta--valign-middle elementor-bg-transform elementor-bg-transform-zoom-out elementor-widget elementor-widget-call-to-action\" data-id=\"3590d30\" data-element_type=\"widget\" data-e-type=\"widget\" data-widget_type=\"call-to-action.default\">\n\t\t\t\t<div class=\"elementor-widget-container\">\n\t\t\t\t\t\t\t<a class=\"elementor-cta\" href=\"#elementor-action%3Aaction%3Dpopup%3Aopen%26settings%3DeyJpZCI6IjE5MTA1IiwidG9nZ2xlIjpmYWxzZX0%3D\">\n\t\t\t\t\t<div class=\"elementor-cta__bg-wrapper\">\n\t\t\t\t<div class=\"elementor-cta__bg elementor-bg\" style=\"background-image: url(https:\/\/www.upo.es\/formacionpermanente\/wp-content\/imagenes\/uploads\/2022\/10\/microcredenciales-1.jpg);\" role=\"img\" aria-label=\"microcredenciales-1\"><\/div>\n\t\t\t\t<div class=\"elementor-cta__bg-overlay\"><\/div>\n\t\t\t<\/div>\n\t\t\t\t\t\t\t<div class=\"elementor-cta__content\">\n\t\t\t\t\n\t\t\t\t\t\t\t\t\t<h2 class=\"elementor-cta__title elementor-cta__content-item elementor-content-item\">\n\t\t\t\t\t\t\u00bfNecesitas m\u00e1s informaci\u00f3n?\t\t\t\t\t<\/h2>\n\t\t\t\t\n\t\t\t\t\t\t\t\t\t<div class=\"elementor-cta__description elementor-cta__content-item elementor-content-item\">\n\t\t\t\t\t\t\u00bfTienes alguna duda sobre este t\u00edtulo propio? \u00bfQuieres que te avisemos de la pr\u00f3xima edici\u00f3n?\t\t\t\t\t<\/div>\n\t\t\t\t\n\t\t\t\t\t\t\t\t\t<div class=\"elementor-cta__button-wrapper elementor-cta__content-item elementor-content-item \">\n\t\t\t\t\t<span class=\"elementor-cta__button elementor-button elementor-size-md\">\n\t\t\t\t\t\tContacta con nosotros\t\t\t\t\t<\/span>\n\t\t\t\t\t<\/div>\n\t\t\t\t\t\t\t<\/div>\n\t\t\t\t\t\t<\/a>\n\t\t\t\t\t\t<\/div>\n\t\t\t\t<\/div>\n\t\t\t\t\t<\/div>\n\t\t<\/div>\n\t\t\t\t\t<\/div>\n\t\t<\/section>\n\t\t\t\t<section class=\"elementor-section elementor-inner-section elementor-element elementor-element-ced2fef elementor-section-full_width elementor-section-content-middle elementor-hidden-desktop elementor-section-height-default elementor-section-height-default\" data-id=\"ced2fef\" data-element_type=\"section\" data-e-type=\"section\" data-settings=\"{&quot;sticky&quot;:&quot;top&quot;,&quot;sticky_on&quot;:[&quot;desktop&quot;],&quot;sticky_parent&quot;:&quot;yes&quot;,&quot;sticky_offset&quot;:0,&quot;sticky_effects_offset&quot;:0,&quot;sticky_anchor_link_offset&quot;:0}\">\n\t\t\t\t\t\t<div class=\"elementor-container elementor-column-gap-extended\">\n\t\t\t\t\t<div class=\"elementor-column elementor-col-25 elementor-inner-column elementor-element elementor-element-6e81172\" data-id=\"6e81172\" data-element_type=\"column\" data-e-type=\"column\">\n\t\t\t<div class=\"elementor-widget-wrap elementor-element-populated\">\n\t\t\t\t\t\t<div class=\"elementor-element elementor-element-17965b6 elementor-widget elementor-widget-heading\" data-id=\"17965b6\" data-element_type=\"widget\" data-e-type=\"widget\" data-widget_type=\"heading.default\">\n\t\t\t\t<div class=\"elementor-widget-container\">\n\t\t\t\t\t<h4 class=\"elementor-heading-title elementor-size-default\">Modalidad<\/h4>\t\t\t\t<\/div>\n\t\t\t\t<\/div>\n\t\t\t\t<div class=\"elementor-element elementor-element-01daacf elementor-widget elementor-widget-heading\" data-id=\"01daacf\" data-element_type=\"widget\" data-e-type=\"widget\" data-widget_type=\"heading.default\">\n\t\t\t\t<div class=\"elementor-widget-container\">\n\t\t\t\t\t<h5 class=\"elementor-heading-title elementor-size-default\">Online<\/h5>\t\t\t\t<\/div>\n\t\t\t\t<\/div>\n\t\t\t\t\t<\/div>\n\t\t<\/div>\n\t\t\t\t<div class=\"elementor-column elementor-col-25 elementor-inner-column elementor-element elementor-element-d91a399\" data-id=\"d91a399\" data-element_type=\"column\" data-e-type=\"column\">\n\t\t\t<div class=\"elementor-widget-wrap elementor-element-populated\">\n\t\t\t\t\t\t<div class=\"elementor-element elementor-element-7297295 elementor-widget elementor-widget-heading\" data-id=\"7297295\" data-element_type=\"widget\" data-e-type=\"widget\" data-widget_type=\"heading.default\">\n\t\t\t\t<div class=\"elementor-widget-container\">\n\t\t\t\t\t<h4 class=\"elementor-heading-title elementor-size-default\">Inicio del curso<\/h4>\t\t\t\t<\/div>\n\t\t\t\t<\/div>\n\t\t\t\t<div class=\"elementor-element elementor-element-13e3717 elementor-widget elementor-widget-heading\" data-id=\"13e3717\" data-element_type=\"widget\" data-e-type=\"widget\" data-widget_type=\"heading.default\">\n\t\t\t\t<div class=\"elementor-widget-container\">\n\t\t\t\t\t<h5 class=\"elementor-heading-title elementor-size-default\">04\/11\/2026<\/h5>\t\t\t\t<\/div>\n\t\t\t\t<\/div>\n\t\t\t\t<div class=\"elementor-element elementor-element-6a70441 elementor-mobile-align-center elementor-widget elementor-widget-button\" data-id=\"6a70441\" data-element_type=\"widget\" data-e-type=\"widget\" data-widget_type=\"button.default\">\n\t\t\t\t<div class=\"elementor-widget-container\">\n\t\t\t\t\t\t\t\t\t<div class=\"elementor-button-wrapper\">\n\t\t\t\t\t<a class=\"elementor-button elementor-button-link elementor-size-sm\" href=\"https:\/\/www.upo.es\/formacionpermanente\/wp-content\/imagenes\/uploads\/2026\/01\/M2026-06_Calendario.pdf\">\n\t\t\t\t\t\t<span class=\"elementor-button-content-wrapper\">\n\t\t\t\t\t\t\t\t\t<span class=\"elementor-button-text\">Consultar calendario<\/span>\n\t\t\t\t\t<\/span>\n\t\t\t\t\t<\/a>\n\t\t\t\t<\/div>\n\t\t\t\t\t\t\t\t<\/div>\n\t\t\t\t<\/div>\n\t\t\t\t\t<\/div>\n\t\t<\/div>\n\t\t\t\t<div class=\"elementor-column elementor-col-25 elementor-inner-column elementor-element elementor-element-2dbdb4a\" data-id=\"2dbdb4a\" data-element_type=\"column\" data-e-type=\"column\">\n\t\t\t<div class=\"elementor-widget-wrap elementor-element-populated\">\n\t\t\t\t\t\t<div class=\"elementor-element elementor-element-164e60a elementor-widget elementor-widget-heading\" data-id=\"164e60a\" data-element_type=\"widget\" data-e-type=\"widget\" data-widget_type=\"heading.default\">\n\t\t\t\t<div class=\"elementor-widget-container\">\n\t\t\t\t\t<h4 class=\"elementor-heading-title elementor-size-default\">Cr\u00e9ditos<\/h4>\t\t\t\t<\/div>\n\t\t\t\t<\/div>\n\t\t\t\t<div class=\"elementor-element elementor-element-595876c elementor-widget elementor-widget-heading\" data-id=\"595876c\" data-element_type=\"widget\" data-e-type=\"widget\" data-widget_type=\"heading.default\">\n\t\t\t\t<div class=\"elementor-widget-container\">\n\t\t\t\t\t<h5 class=\"elementor-heading-title elementor-size-default\">60 ECTS<\/h5>\t\t\t\t<\/div>\n\t\t\t\t<\/div>\n\t\t\t\t\t<\/div>\n\t\t<\/div>\n\t\t\t\t<div class=\"elementor-column elementor-col-25 elementor-inner-column elementor-element elementor-element-dc444d2\" data-id=\"dc444d2\" data-element_type=\"column\" data-e-type=\"column\">\n\t\t\t<div class=\"elementor-widget-wrap elementor-element-populated\">\n\t\t\t\t\t\t<div class=\"elementor-element elementor-element-563e25a elementor-widget elementor-widget-heading\" data-id=\"563e25a\" data-element_type=\"widget\" data-e-type=\"widget\" data-widget_type=\"heading.default\">\n\t\t\t\t<div class=\"elementor-widget-container\">\n\t\t\t\t\t<h4 class=\"elementor-heading-title elementor-size-default\">Precio del curso<\/h4>\t\t\t\t<\/div>\n\t\t\t\t<\/div>\n\t\t\t\t<div class=\"elementor-element elementor-element-1b91232 elementor-widget elementor-widget-heading\" data-id=\"1b91232\" data-element_type=\"widget\" data-e-type=\"widget\" data-widget_type=\"heading.default\">\n\t\t\t\t<div class=\"elementor-widget-container\">\n\t\t\t\t\t<h5 class=\"elementor-heading-title elementor-size-default\">2.950,20<\/h5>\t\t\t\t<\/div>\n\t\t\t\t<\/div>\n\t\t\t\t\t<\/div>\n\t\t<\/div>\n\t\t\t\t\t<\/div>\n\t\t<\/section>\n\t\t\t\t\t<\/div>\n\t\t<\/div>\n\t\t\t\t\t<\/div>\n\t\t<\/section>\n\t\t\t\t<section class=\"elementor-section elementor-top-section elementor-element elementor-element-567d2259 elementor-section-full_width elementor-hidden-desktop elementor-section-height-default elementor-section-height-default\" data-id=\"567d2259\" data-element_type=\"section\" data-e-type=\"section\">\n\t\t\t\t\t\t<div class=\"elementor-container elementor-column-gap-default\">\n\t\t\t\t\t<div class=\"elementor-column elementor-col-100 elementor-top-column elementor-element elementor-element-69ca51b1\" data-id=\"69ca51b1\" data-element_type=\"column\" data-e-type=\"column\">\n\t\t\t<div class=\"elementor-widget-wrap elementor-element-populated\">\n\t\t\t\t\t\t<div class=\"elementor-element elementor-element-54e60b6f elementor-align-center elementor-tablet-align-center elementor-widget elementor-widget-button\" data-id=\"54e60b6f\" data-element_type=\"widget\" data-e-type=\"widget\" data-settings=\"{&quot;sticky&quot;:&quot;bottom&quot;,&quot;sticky_on&quot;:[&quot;tablet&quot;,&quot;mobile&quot;],&quot;sticky_offset_tablet&quot;:80,&quot;sticky_offset_mobile&quot;:50,&quot;sticky_offset&quot;:0,&quot;sticky_effects_offset&quot;:0,&quot;sticky_anchor_link_offset&quot;:0}\" data-widget_type=\"button.default\">\n\t\t\t\t<div class=\"elementor-widget-container\">\n\t\t\t\t\t\t\t\t\t<div class=\"elementor-button-wrapper\">\n\t\t\t\t\t<a class=\"elementor-button elementor-button-link elementor-size-lg\" href=\"https:\/\/www.upo.es\/automat-fund\/web\/index.php?r=curso%2Fview&#038;id=855\">\n\t\t\t\t\t\t<span class=\"elementor-button-content-wrapper\">\n\t\t\t\t\t\t\t\t\t<span class=\"elementor-button-text\">Realizar reserva de plaza<\/span>\n\t\t\t\t\t<\/span>\n\t\t\t\t\t<\/a>\n\t\t\t\t<\/div>\n\t\t\t\t\t\t\t\t<\/div>\n\t\t\t\t<\/div>\n\t\t\t\t\t<\/div>\n\t\t<\/div>\n\t\t\t\t\t<\/div>\n\t\t<\/section>\n\t\t\t\t<section class=\"elementor-section elementor-top-section elementor-element elementor-element-71bd819 elementor-section-full_width elementor-section-height-default elementor-section-height-default\" data-id=\"71bd819\" data-element_type=\"section\" data-e-type=\"section\">\n\t\t\t\t\t\t<div class=\"elementor-container elementor-column-gap-wide\">\n\t\t\t\t\t<div class=\"elementor-column elementor-col-100 elementor-top-column elementor-element elementor-element-754afa7\" data-id=\"754afa7\" data-element_type=\"column\" data-e-type=\"column\">\n\t\t\t<div class=\"elementor-widget-wrap elementor-element-populated\">\n\t\t\t\t\t\t<div class=\"elementor-element elementor-element-592efcb elementor-hidden-desktop elementor-widget elementor-widget-text-editor\" data-id=\"592efcb\" data-element_type=\"widget\" data-e-type=\"widget\" data-widget_type=\"text-editor.default\">\n\t\t\t\t<div class=\"elementor-widget-container\">\n\t\t\t\t\t\t\t\t\t<p><em>Para consultar la informaci\u00f3n completa de este T\u00edtulo Propio, por favor visite esta web en un ordenador de escritorio.<\/em><\/p>\t\t\t\t\t\t\t\t<\/div>\n\t\t\t\t<\/div>\n\t\t\t\t\t<\/div>\n\t\t<\/div>\n\t\t\t\t\t<\/div>\n\t\t<\/section>\n\t\t\t\t<section class=\"elementor-section elementor-top-section elementor-element elementor-element-8fbac96 elementor-section-boxed elementor-section-height-default elementor-section-height-default\" data-id=\"8fbac96\" data-element_type=\"section\" data-e-type=\"section\">\n\t\t\t\t\t\t<div class=\"elementor-container elementor-column-gap-default\">\n\t\t\t\t\t<div class=\"elementor-column elementor-col-100 elementor-top-column elementor-element elementor-element-39537da\" data-id=\"39537da\" data-element_type=\"column\" data-e-type=\"column\">\n\t\t\t<div class=\"elementor-widget-wrap\">\n\t\t\t\t\t\t\t<\/div>\n\t\t<\/div>\n\t\t\t\t\t<\/div>\n\t\t<\/section>\n\t\t\t\t<\/div>\n\t\t","protected":false},"featured_media":21895,"parent":0,"template":"","meta":{"_acf_changed":false,"site-sidebar-layout":"no-sidebar","site-content-layout":"page-builder","ast-site-content-layout":"full-width-container","site-content-style":"unboxed","site-sidebar-style":"unboxed","ast-global-header-display":"","ast-banner-title-visibility":"disabled","ast-main-header-display":"disabled","ast-hfb-above-header-display":"disabled","ast-hfb-below-header-display":"","ast-hfb-mobile-header-display":"disabled","site-post-title":"disabled","ast-breadcrumbs-content":"disabled","ast-featured-img":"disabled","footer-sml-layout":"disabled","ast-disable-related-posts":"","theme-transparent-header-meta":"default","adv-header-id-meta":"","stick-header-meta":"default","header-above-stick-meta":"","header-main-stick-meta":"","header-below-stick-meta":"","astra-migrate-meta-layouts":"set","ast-page-background-enabled":"default","ast-page-background-meta":{"desktop":{"background-color":"var(--ast-global-color-4)","background-image":"","background-repeat":"repeat","background-position":"center center","background-size":"auto","background-attachment":"scroll","background-type":"","background-media":"","overlay-type":"","overlay-color":"","overlay-opacity":"","overlay-gradient":""},"tablet":{"background-color":"","background-image":"","background-repeat":"repeat","background-position":"center center","background-size":"auto","background-attachment":"scroll","background-type":"","background-media":"","overlay-type":"","overlay-color":"","overlay-opacity":"","overlay-gradient":""},"mobile":{"background-color":"","background-image":"","background-repeat":"repeat","background-position":"center center","background-size":"auto","background-attachment":"scroll","background-type":"","background-media":"","overlay-type":"","overlay-color":"","overlay-opacity":"","overlay-gradient":""}},"ast-content-background-meta":{"desktop":{"background-color":"var(--ast-global-color-5)","background-image":"","background-repeat":"repeat","background-position":"center center","background-size":"auto","background-attachment":"scroll","background-type":"","background-media":"","overlay-type":"","overlay-color":"","overlay-opacity":"","overlay-gradient":""},"tablet":{"background-color":"var(--ast-global-color-5)","background-image":"","background-repeat":"repeat","background-position":"center center","background-size":"auto","background-attachment":"scroll","background-type":"","background-media":"","overlay-type":"","overlay-color":"","overlay-opacity":"","overlay-gradient":""},"mobile":{"background-color":"var(--ast-global-color-5)","background-image":"","background-repeat":"repeat","background-position":"center center","background-size":"auto","background-attachment":"scroll","background-type":"","background-media":"","overlay-type":"","overlay-color":"","overlay-opacity":"","overlay-gradient":""}}},"categories":[785,50],"tags":[797],"titulos_propios":[],"class_list":["post-51706","master-fp","type-master-fp","status-publish","has-post-thumbnail","hentry","category-2026-2027","category-matricula-abierta","tag-m2026-06"],"acf":[],"yoast_head":"<!-- This site is optimized with the Yoast SEO plugin v27.4 - https:\/\/yoast.com\/product\/yoast-seo-wordpress\/ -->\n<title>M\u00e1ster Modelizaci\u00f3n y simulaci\u00f3n del transporte y la movilidad...<\/title>\n<meta name=\"description\" content=\"El M\u00e1ster en Modelizaci\u00f3n y simulaci\u00f3n del transporte y la movilidad mediante el uso de nuevas tecnolog\u00edas y herramientas de an\u00e1lisis...\" \/>\n<meta name=\"robots\" content=\"index, follow, max-snippet:-1, max-image-preview:large, max-video-preview:-1\" \/>\n<link rel=\"canonical\" href=\"https:\/\/www.upo.es\/formacionpermanente\/master-formacion-permanente\/modelizacion-y-simulacion-del-transporte-y-la-movilidad-mediante-el-uso-de-nuevas-tecnologias-y-herramientas-de-analisis-y-explotacion-de-datos\/\" \/>\n<meta property=\"og:locale\" content=\"es_ES\" \/>\n<meta property=\"og:type\" content=\"article\" \/>\n<meta property=\"og:title\" content=\"M\u00e1ster Modelizaci\u00f3n y simulaci\u00f3n del transporte y la movilidad...\" \/>\n<meta property=\"og:description\" content=\"El M\u00e1ster en Modelizaci\u00f3n y simulaci\u00f3n del transporte y la movilidad mediante el uso de nuevas tecnolog\u00edas y herramientas de an\u00e1lisis...\" \/>\n<meta property=\"og:url\" content=\"https:\/\/www.upo.es\/formacionpermanente\/master-formacion-permanente\/modelizacion-y-simulacion-del-transporte-y-la-movilidad-mediante-el-uso-de-nuevas-tecnologias-y-herramientas-de-analisis-y-explotacion-de-datos\/\" \/>\n<meta property=\"og:site_name\" content=\"Formaci\u00f3n Permanente UPO\" \/>\n<meta property=\"article:modified_time\" content=\"2026-02-16T12:13:48+00:00\" \/>\n<meta property=\"og:image\" content=\"https:\/\/www.upo.es\/formacionpermanente\/wp-content\/imagenes\/uploads\/2023\/04\/Modelizacio\u0301n-y-simulacio\u0301n-del-transporte-Formacion-Permanente.jpg\" \/>\n\t<meta property=\"og:image:width\" content=\"1920\" \/>\n\t<meta property=\"og:image:height\" content=\"1145\" \/>\n\t<meta property=\"og:image:type\" content=\"image\/jpeg\" \/>\n<meta name=\"twitter:card\" content=\"summary_large_image\" \/>\n<meta name=\"twitter:label1\" content=\"Tiempo de lectura\" \/>\n\t<meta name=\"twitter:data1\" content=\"4 minutos\" \/>\n<script type=\"application\/ld+json\" class=\"yoast-schema-graph\">{\"@context\":\"https:\\\/\\\/schema.org\",\"@graph\":[{\"@type\":\"WebPage\",\"@id\":\"https:\\\/\\\/www.upo.es\\\/formacionpermanente\\\/master-formacion-permanente\\\/modelizacion-y-simulacion-del-transporte-y-la-movilidad-mediante-el-uso-de-nuevas-tecnologias-y-herramientas-de-analisis-y-explotacion-de-datos\\\/\",\"url\":\"https:\\\/\\\/www.upo.es\\\/formacionpermanente\\\/master-formacion-permanente\\\/modelizacion-y-simulacion-del-transporte-y-la-movilidad-mediante-el-uso-de-nuevas-tecnologias-y-herramientas-de-analisis-y-explotacion-de-datos\\\/\",\"name\":\"M\u00e1ster Modelizaci\u00f3n y simulaci\u00f3n del transporte y la movilidad...\",\"isPartOf\":{\"@id\":\"https:\\\/\\\/www.upo.es\\\/formacionpermanente\\\/#website\"},\"primaryImageOfPage\":{\"@id\":\"https:\\\/\\\/www.upo.es\\\/formacionpermanente\\\/master-formacion-permanente\\\/modelizacion-y-simulacion-del-transporte-y-la-movilidad-mediante-el-uso-de-nuevas-tecnologias-y-herramientas-de-analisis-y-explotacion-de-datos\\\/#primaryimage\"},\"image\":{\"@id\":\"https:\\\/\\\/www.upo.es\\\/formacionpermanente\\\/master-formacion-permanente\\\/modelizacion-y-simulacion-del-transporte-y-la-movilidad-mediante-el-uso-de-nuevas-tecnologias-y-herramientas-de-analisis-y-explotacion-de-datos\\\/#primaryimage\"},\"thumbnailUrl\":\"https:\\\/\\\/www.upo.es\\\/formacionpermanente\\\/wp-content\\\/imagenes\\\/uploads\\\/2023\\\/04\\\/Modelizacio\u0301n-y-simulacio\u0301n-del-transporte-Formacion-Permanente.jpg\",\"datePublished\":\"2026-01-29T10:40:49+00:00\",\"dateModified\":\"2026-02-16T12:13:48+00:00\",\"description\":\"El M\u00e1ster en Modelizaci\u00f3n y simulaci\u00f3n del transporte y la movilidad mediante el uso de nuevas tecnolog\u00edas y herramientas de an\u00e1lisis...\",\"breadcrumb\":{\"@id\":\"https:\\\/\\\/www.upo.es\\\/formacionpermanente\\\/master-formacion-permanente\\\/modelizacion-y-simulacion-del-transporte-y-la-movilidad-mediante-el-uso-de-nuevas-tecnologias-y-herramientas-de-analisis-y-explotacion-de-datos\\\/#breadcrumb\"},\"inLanguage\":\"es\",\"potentialAction\":[{\"@type\":\"ReadAction\",\"target\":[\"https:\\\/\\\/www.upo.es\\\/formacionpermanente\\\/master-formacion-permanente\\\/modelizacion-y-simulacion-del-transporte-y-la-movilidad-mediante-el-uso-de-nuevas-tecnologias-y-herramientas-de-analisis-y-explotacion-de-datos\\\/\"]}]},{\"@type\":\"ImageObject\",\"inLanguage\":\"es\",\"@id\":\"https:\\\/\\\/www.upo.es\\\/formacionpermanente\\\/master-formacion-permanente\\\/modelizacion-y-simulacion-del-transporte-y-la-movilidad-mediante-el-uso-de-nuevas-tecnologias-y-herramientas-de-analisis-y-explotacion-de-datos\\\/#primaryimage\",\"url\":\"https:\\\/\\\/www.upo.es\\\/formacionpermanente\\\/wp-content\\\/imagenes\\\/uploads\\\/2023\\\/04\\\/Modelizacio\u0301n-y-simulacio\u0301n-del-transporte-Formacion-Permanente.jpg\",\"contentUrl\":\"https:\\\/\\\/www.upo.es\\\/formacionpermanente\\\/wp-content\\\/imagenes\\\/uploads\\\/2023\\\/04\\\/Modelizacio\u0301n-y-simulacio\u0301n-del-transporte-Formacion-Permanente.jpg\",\"width\":1920,\"height\":1145,\"caption\":\"M\u00e1ster en Modelizaci\u00f3n y simulaci\u00f3n del transporte\"},{\"@type\":\"BreadcrumbList\",\"@id\":\"https:\\\/\\\/www.upo.es\\\/formacionpermanente\\\/master-formacion-permanente\\\/modelizacion-y-simulacion-del-transporte-y-la-movilidad-mediante-el-uso-de-nuevas-tecnologias-y-herramientas-de-analisis-y-explotacion-de-datos\\\/#breadcrumb\",\"itemListElement\":[{\"@type\":\"ListItem\",\"position\":1,\"name\":\"Portada\",\"item\":\"https:\\\/\\\/www.upo.es\\\/formacionpermanente\\\/\"},{\"@type\":\"ListItem\",\"position\":2,\"name\":\"Modelizaci\u00f3n y simulaci\u00f3n del transporte y la movilidad mediante el uso de nuevas tecnolog\u00edas y herramientas de an\u00e1lisis y explotaci\u00f3n de datos\"}]},{\"@type\":\"WebSite\",\"@id\":\"https:\\\/\\\/www.upo.es\\\/formacionpermanente\\\/#website\",\"url\":\"https:\\\/\\\/www.upo.es\\\/formacionpermanente\\\/\",\"name\":\"Formaci\u00f3n Permanente UPO\",\"description\":\"T\u00edtulos Propios, Microcredenciales, Cursos de Verano\",\"publisher\":{\"@id\":\"https:\\\/\\\/www.upo.es\\\/formacionpermanente\\\/#organization\"},\"potentialAction\":[{\"@type\":\"SearchAction\",\"target\":{\"@type\":\"EntryPoint\",\"urlTemplate\":\"https:\\\/\\\/www.upo.es\\\/formacionpermanente\\\/?s={search_term_string}\"},\"query-input\":{\"@type\":\"PropertyValueSpecification\",\"valueRequired\":true,\"valueName\":\"search_term_string\"}}],\"inLanguage\":\"es\"},{\"@type\":\"Organization\",\"@id\":\"https:\\\/\\\/www.upo.es\\\/formacionpermanente\\\/#organization\",\"name\":\"Formaci\u00f3n Permanente Universidad Pablo de Olavide\",\"alternateName\":\"Formaci\u00f3n Permanente UPO\",\"url\":\"https:\\\/\\\/www.upo.es\\\/formacionpermanente\\\/\",\"logo\":{\"@type\":\"ImageObject\",\"inLanguage\":\"es\",\"@id\":\"https:\\\/\\\/www.upo.es\\\/formacionpermanente\\\/#\\\/schema\\\/logo\\\/image\\\/\",\"url\":\"https:\\\/\\\/www.upo.es\\\/formacionpermanente\\\/wp-content\\\/imagenes\\\/uploads\\\/2023\\\/02\\\/Logo-UPO-azul-amarillo-horizontal.png\",\"contentUrl\":\"https:\\\/\\\/www.upo.es\\\/formacionpermanente\\\/wp-content\\\/imagenes\\\/uploads\\\/2023\\\/02\\\/Logo-UPO-azul-amarillo-horizontal.png\",\"width\":1000,\"height\":407,\"caption\":\"Formaci\u00f3n Permanente Universidad Pablo de Olavide\"},\"image\":{\"@id\":\"https:\\\/\\\/www.upo.es\\\/formacionpermanente\\\/#\\\/schema\\\/logo\\\/image\\\/\"}}]}<\/script>\n<!-- \/ Yoast SEO plugin. -->","yoast_head_json":{"title":"M\u00e1ster Modelizaci\u00f3n y simulaci\u00f3n del transporte y la movilidad...","description":"El M\u00e1ster en Modelizaci\u00f3n y simulaci\u00f3n del transporte y la movilidad mediante el uso de nuevas tecnolog\u00edas y herramientas de an\u00e1lisis...","robots":{"index":"index","follow":"follow","max-snippet":"max-snippet:-1","max-image-preview":"max-image-preview:large","max-video-preview":"max-video-preview:-1"},"canonical":"https:\/\/www.upo.es\/formacionpermanente\/master-formacion-permanente\/modelizacion-y-simulacion-del-transporte-y-la-movilidad-mediante-el-uso-de-nuevas-tecnologias-y-herramientas-de-analisis-y-explotacion-de-datos\/","og_locale":"es_ES","og_type":"article","og_title":"M\u00e1ster Modelizaci\u00f3n y simulaci\u00f3n del transporte y la movilidad...","og_description":"El M\u00e1ster en Modelizaci\u00f3n y simulaci\u00f3n del transporte y la movilidad mediante el uso de nuevas tecnolog\u00edas y herramientas de an\u00e1lisis...","og_url":"https:\/\/www.upo.es\/formacionpermanente\/master-formacion-permanente\/modelizacion-y-simulacion-del-transporte-y-la-movilidad-mediante-el-uso-de-nuevas-tecnologias-y-herramientas-de-analisis-y-explotacion-de-datos\/","og_site_name":"Formaci\u00f3n Permanente UPO","article_modified_time":"2026-02-16T12:13:48+00:00","og_image":[{"width":1920,"height":1145,"url":"https:\/\/www.upo.es\/formacionpermanente\/wp-content\/imagenes\/uploads\/2023\/04\/Modelizacio\u0301n-y-simulacio\u0301n-del-transporte-Formacion-Permanente.jpg","type":"image\/jpeg"}],"twitter_card":"summary_large_image","twitter_misc":{"Tiempo de lectura":"4 minutos"},"schema":{"@context":"https:\/\/schema.org","@graph":[{"@type":"WebPage","@id":"https:\/\/www.upo.es\/formacionpermanente\/master-formacion-permanente\/modelizacion-y-simulacion-del-transporte-y-la-movilidad-mediante-el-uso-de-nuevas-tecnologias-y-herramientas-de-analisis-y-explotacion-de-datos\/","url":"https:\/\/www.upo.es\/formacionpermanente\/master-formacion-permanente\/modelizacion-y-simulacion-del-transporte-y-la-movilidad-mediante-el-uso-de-nuevas-tecnologias-y-herramientas-de-analisis-y-explotacion-de-datos\/","name":"M\u00e1ster Modelizaci\u00f3n y simulaci\u00f3n del transporte y la movilidad...","isPartOf":{"@id":"https:\/\/www.upo.es\/formacionpermanente\/#website"},"primaryImageOfPage":{"@id":"https:\/\/www.upo.es\/formacionpermanente\/master-formacion-permanente\/modelizacion-y-simulacion-del-transporte-y-la-movilidad-mediante-el-uso-de-nuevas-tecnologias-y-herramientas-de-analisis-y-explotacion-de-datos\/#primaryimage"},"image":{"@id":"https:\/\/www.upo.es\/formacionpermanente\/master-formacion-permanente\/modelizacion-y-simulacion-del-transporte-y-la-movilidad-mediante-el-uso-de-nuevas-tecnologias-y-herramientas-de-analisis-y-explotacion-de-datos\/#primaryimage"},"thumbnailUrl":"https:\/\/www.upo.es\/formacionpermanente\/wp-content\/imagenes\/uploads\/2023\/04\/Modelizacio\u0301n-y-simulacio\u0301n-del-transporte-Formacion-Permanente.jpg","datePublished":"2026-01-29T10:40:49+00:00","dateModified":"2026-02-16T12:13:48+00:00","description":"El M\u00e1ster en Modelizaci\u00f3n y simulaci\u00f3n del transporte y la movilidad mediante el uso de nuevas tecnolog\u00edas y herramientas de an\u00e1lisis...","breadcrumb":{"@id":"https:\/\/www.upo.es\/formacionpermanente\/master-formacion-permanente\/modelizacion-y-simulacion-del-transporte-y-la-movilidad-mediante-el-uso-de-nuevas-tecnologias-y-herramientas-de-analisis-y-explotacion-de-datos\/#breadcrumb"},"inLanguage":"es","potentialAction":[{"@type":"ReadAction","target":["https:\/\/www.upo.es\/formacionpermanente\/master-formacion-permanente\/modelizacion-y-simulacion-del-transporte-y-la-movilidad-mediante-el-uso-de-nuevas-tecnologias-y-herramientas-de-analisis-y-explotacion-de-datos\/"]}]},{"@type":"ImageObject","inLanguage":"es","@id":"https:\/\/www.upo.es\/formacionpermanente\/master-formacion-permanente\/modelizacion-y-simulacion-del-transporte-y-la-movilidad-mediante-el-uso-de-nuevas-tecnologias-y-herramientas-de-analisis-y-explotacion-de-datos\/#primaryimage","url":"https:\/\/www.upo.es\/formacionpermanente\/wp-content\/imagenes\/uploads\/2023\/04\/Modelizacio\u0301n-y-simulacio\u0301n-del-transporte-Formacion-Permanente.jpg","contentUrl":"https:\/\/www.upo.es\/formacionpermanente\/wp-content\/imagenes\/uploads\/2023\/04\/Modelizacio\u0301n-y-simulacio\u0301n-del-transporte-Formacion-Permanente.jpg","width":1920,"height":1145,"caption":"M\u00e1ster en Modelizaci\u00f3n y simulaci\u00f3n del transporte"},{"@type":"BreadcrumbList","@id":"https:\/\/www.upo.es\/formacionpermanente\/master-formacion-permanente\/modelizacion-y-simulacion-del-transporte-y-la-movilidad-mediante-el-uso-de-nuevas-tecnologias-y-herramientas-de-analisis-y-explotacion-de-datos\/#breadcrumb","itemListElement":[{"@type":"ListItem","position":1,"name":"Portada","item":"https:\/\/www.upo.es\/formacionpermanente\/"},{"@type":"ListItem","position":2,"name":"Modelizaci\u00f3n y simulaci\u00f3n del transporte y la movilidad mediante el uso de nuevas tecnolog\u00edas y herramientas de an\u00e1lisis y explotaci\u00f3n de datos"}]},{"@type":"WebSite","@id":"https:\/\/www.upo.es\/formacionpermanente\/#website","url":"https:\/\/www.upo.es\/formacionpermanente\/","name":"Formaci\u00f3n Permanente UPO","description":"T\u00edtulos Propios, Microcredenciales, Cursos de Verano","publisher":{"@id":"https:\/\/www.upo.es\/formacionpermanente\/#organization"},"potentialAction":[{"@type":"SearchAction","target":{"@type":"EntryPoint","urlTemplate":"https:\/\/www.upo.es\/formacionpermanente\/?s={search_term_string}"},"query-input":{"@type":"PropertyValueSpecification","valueRequired":true,"valueName":"search_term_string"}}],"inLanguage":"es"},{"@type":"Organization","@id":"https:\/\/www.upo.es\/formacionpermanente\/#organization","name":"Formaci\u00f3n Permanente Universidad Pablo de Olavide","alternateName":"Formaci\u00f3n Permanente UPO","url":"https:\/\/www.upo.es\/formacionpermanente\/","logo":{"@type":"ImageObject","inLanguage":"es","@id":"https:\/\/www.upo.es\/formacionpermanente\/#\/schema\/logo\/image\/","url":"https:\/\/www.upo.es\/formacionpermanente\/wp-content\/imagenes\/uploads\/2023\/02\/Logo-UPO-azul-amarillo-horizontal.png","contentUrl":"https:\/\/www.upo.es\/formacionpermanente\/wp-content\/imagenes\/uploads\/2023\/02\/Logo-UPO-azul-amarillo-horizontal.png","width":1000,"height":407,"caption":"Formaci\u00f3n Permanente Universidad Pablo de Olavide"},"image":{"@id":"https:\/\/www.upo.es\/formacionpermanente\/#\/schema\/logo\/image\/"}}]}},"_links":{"self":[{"href":"https:\/\/www.upo.es\/formacionpermanente\/wp-json\/wp\/v2\/master-fp\/51706","targetHints":{"allow":["GET"]}}],"collection":[{"href":"https:\/\/www.upo.es\/formacionpermanente\/wp-json\/wp\/v2\/master-fp"}],"about":[{"href":"https:\/\/www.upo.es\/formacionpermanente\/wp-json\/wp\/v2\/types\/master-fp"}],"version-history":[{"count":10,"href":"https:\/\/www.upo.es\/formacionpermanente\/wp-json\/wp\/v2\/master-fp\/51706\/revisions"}],"predecessor-version":[{"id":52975,"href":"https:\/\/www.upo.es\/formacionpermanente\/wp-json\/wp\/v2\/master-fp\/51706\/revisions\/52975"}],"wp:featuredmedia":[{"embeddable":true,"href":"https:\/\/www.upo.es\/formacionpermanente\/wp-json\/wp\/v2\/media\/21895"}],"wp:attachment":[{"href":"https:\/\/www.upo.es\/formacionpermanente\/wp-json\/wp\/v2\/media?parent=51706"}],"wp:term":[{"taxonomy":"category","embeddable":true,"href":"https:\/\/www.upo.es\/formacionpermanente\/wp-json\/wp\/v2\/categories?post=51706"},{"taxonomy":"post_tag","embeddable":true,"href":"https:\/\/www.upo.es\/formacionpermanente\/wp-json\/wp\/v2\/tags?post=51706"},{"taxonomy":"titulos_propios","embeddable":true,"href":"https:\/\/www.upo.es\/formacionpermanente\/wp-json\/wp\/v2\/titulos_propios?post=51706"}],"curies":[{"name":"wp","href":"https:\/\/api.w.org\/{rel}","templated":true}]}}