{"id":51762,"date":"2026-01-29T11:57:08","date_gmt":"2026-01-29T10:57:08","guid":{"rendered":"https:\/\/www.upo.es\/formacionpermanente\/?post_type=master-fp&#038;p=51762"},"modified":"2026-02-16T13:15:58","modified_gmt":"2026-02-16T12:15:58","slug":"neurofisioterapia","status":"publish","type":"master-fp","link":"https:\/\/www.upo.es\/formacionpermanente\/master-formacion-permanente\/neurofisioterapia\/","title":{"rendered":"Neurofisioterapia"},"content":{"rendered":"\t\t<div data-elementor-type=\"wp-post\" data-elementor-id=\"51762\" class=\"elementor elementor-51762\" data-elementor-post-type=\"master-fp\">\n\t\t\t\t\t\t<section data-dce-background-image-url=\"https:\/\/www.upo.es\/formacionpermanente\/wp-content\/imagenes\/uploads\/AdobeStock_292233390-min.jpeg\" class=\"elementor-section elementor-top-section elementor-element elementor-element-bef5172 elementor-section-height-min-height elementor-section-boxed elementor-section-height-default elementor-section-items-middle\" data-id=\"bef5172\" data-element_type=\"section\" data-e-type=\"section\" data-settings=\"{&quot;background_background&quot;:&quot;classic&quot;}\">\n\t\t\t\t\t\t\t<div class=\"elementor-background-overlay\"><\/div>\n\t\t\t\t\t\t\t<div class=\"elementor-container elementor-column-gap-default\">\n\t\t\t\t\t<div class=\"elementor-column elementor-col-100 elementor-top-column elementor-element elementor-element-ffbf076\" data-id=\"ffbf076\" data-element_type=\"column\" data-e-type=\"column\">\n\t\t\t<div class=\"elementor-widget-wrap elementor-element-populated\">\n\t\t\t\t\t\t<section class=\"elementor-section elementor-inner-section elementor-element elementor-element-1c82aab elementor-section-boxed elementor-section-height-default elementor-section-height-default\" data-id=\"1c82aab\" data-element_type=\"section\" data-e-type=\"section\">\n\t\t\t\t\t\t<div class=\"elementor-container elementor-column-gap-default\">\n\t\t\t\t\t<div class=\"elementor-column elementor-col-100 elementor-inner-column elementor-element elementor-element-b2eacea\" data-id=\"b2eacea\" data-element_type=\"column\" data-e-type=\"column\">\n\t\t\t<div class=\"elementor-widget-wrap elementor-element-populated\">\n\t\t\t\t\t\t<div class=\"elementor-element elementor-element-9154e27 elementor-widget elementor-widget-elementskit-heading\" data-id=\"9154e27\" data-element_type=\"widget\" data-e-type=\"widget\" data-widget_type=\"elementskit-heading.default\">\n\t\t\t\t<div class=\"elementor-widget-container\">\n\t\t\t\t\t<div class=\"ekit-wid-con\" ><div class=\"ekit-heading elementskit-section-title-wraper text_left   ekit_heading_tablet-   ekit_heading_mobile-\"><h3 class=\"elementskit-section-subtitle  \">\n\t\t\t\t\t\tM\u00e1ster de Formaci\u00f3n Permanente\n\t\t\t\t\t<\/h3>\t\t\t\t<div class='ekit-heading__description'>\n\t\t\t\t\t<p>IX Ed.<\/p>\n\t\t\t\t<\/div>\n\t\t\t<\/div><\/div>\t\t\t\t<\/div>\n\t\t\t\t<\/div>\n\t\t\t\t<div data-dce-background-color=\"#FAB54C\" class=\"elementor-element elementor-element-8c9eeb5 elementor-align-left elementor-mobile-align-center elementor-hidden-mobile elementor-widget elementor-widget-button\" data-id=\"8c9eeb5\" data-element_type=\"widget\" data-e-type=\"widget\" data-widget_type=\"button.default\">\n\t\t\t\t<div class=\"elementor-widget-container\">\n\t\t\t\t\t\t\t\t\t<div class=\"elementor-button-wrapper\">\n\t\t\t\t\t<a class=\"elementor-button elementor-button-link elementor-size-lg\" href=\"https:\/\/www.upo.es\/automat-fund\/web\/index.php?r=curso%2Fview&#038;id=866\" target=\"_blank\">\n\t\t\t\t\t\t<span class=\"elementor-button-content-wrapper\">\n\t\t\t\t\t\t\t\t\t<span class=\"elementor-button-text\">Realizar reserva de plaza<\/span>\n\t\t\t\t\t<\/span>\n\t\t\t\t\t<\/a>\n\t\t\t\t<\/div>\n\t\t\t\t\t\t\t\t<\/div>\n\t\t\t\t<\/div>\n\t\t\t\t\t<\/div>\n\t\t<\/div>\n\t\t\t\t\t<\/div>\n\t\t<\/section>\n\t\t\t\t\t<\/div>\n\t\t<\/div>\n\t\t\t\t\t<\/div>\n\t\t<\/section>\n\t\t\t\t<section class=\"elementor-section elementor-top-section elementor-element elementor-element-4e33f734 elementor-section-full_width elementor-reverse-mobile elementor-reverse-tablet elementor-section-height-default elementor-section-height-default\" data-id=\"4e33f734\" data-element_type=\"section\" data-e-type=\"section\">\n\t\t\t\t\t\t<div class=\"elementor-container elementor-column-gap-no\">\n\t\t\t\t\t<div class=\"elementor-column elementor-col-50 elementor-top-column elementor-element elementor-element-4dacce31\" data-id=\"4dacce31\" data-element_type=\"column\" data-e-type=\"column\">\n\t\t\t<div class=\"elementor-widget-wrap elementor-element-populated\">\n\t\t\t\t\t\t<section class=\"elementor-section elementor-inner-section elementor-element elementor-element-62ca686c elementor-section-full_width elementor-section-height-default elementor-section-height-default\" data-id=\"62ca686c\" data-element_type=\"section\" data-e-type=\"section\">\n\t\t\t\t\t\t<div class=\"elementor-container elementor-column-gap-default\">\n\t\t\t\t\t<div class=\"elementor-column elementor-col-100 elementor-inner-column elementor-element elementor-element-68bb95b1\" data-id=\"68bb95b1\" data-element_type=\"column\" data-e-type=\"column\">\n\t\t\t<div class=\"elementor-widget-wrap elementor-element-populated\">\n\t\t\t\t\t\t<div class=\"elementor-element elementor-element-4102d1fe elementor-widget elementor-widget-heading\" data-id=\"4102d1fe\" data-element_type=\"widget\" data-e-type=\"widget\" data-widget_type=\"heading.default\">\n\t\t\t\t<div class=\"elementor-widget-container\">\n\t\t\t\t\t<h2 class=\"elementor-heading-title elementor-size-default\">\u00bfPor qu\u00e9 elegir este T\u00edtulo Propio de la Universidad Pablo de Olavide?<\/h2>\t\t\t\t<\/div>\n\t\t\t\t<\/div>\n\t\t\t\t<div class=\"elementor-element elementor-element-2bde0c09 elementor-widget elementor-widget-text-editor\" data-id=\"2bde0c09\" data-element_type=\"widget\" data-e-type=\"widget\" data-widget_type=\"text-editor.default\">\n\t\t\t\t<div class=\"elementor-widget-container\">\n\t\t\t\t\t\t\t\t\t<p>Con ocho ediciones previas y el inicio de su IX edici\u00f3n, este M\u00e1ster de Formaci\u00f3n Permanente en Neurofisioterapia se ha consolidado como una formaci\u00f3n avanzada orientada a la pr\u00e1ctica cl\u00ednica y a la toma de decisiones basada en evidencia.<\/p>\n<p>El programa sigue un hilo conductor claro: neurociencia cl\u00ednica del movimiento (neuroanatom\u00eda funcional, neurofisiolog\u00eda, control y aprendizaje motor y biomec\u00e1nica), integrada con valoraci\u00f3n, razonamiento cl\u00ednico y dosificaci\u00f3n terap\u00e9utica orientada a funci\u00f3n y participaci\u00f3n.<\/p>\n<p>La docencia combina contenidos online con seminarios cl\u00ednicos que pueden seguirse en directo o en diferido, y se apoya en un profesorado formado por profesionales en activo de distintos \u00e1mbitos en neurociencia cl\u00ednica, con un enfoque transdisciplinar y una orientaci\u00f3n expl\u00edcita a la transferencia al contexto asistencial.<\/p>\n\t\t\t\t\t\t\t\t<\/div>\n\t\t\t\t<\/div>\n\t\t\t\t\t<\/div>\n\t\t<\/div>\n\t\t\t\t\t<\/div>\n\t\t<\/section>\n\t\t\t\t<section class=\"elementor-section elementor-inner-section elementor-element elementor-element-3f076a05 elementor-section-full_width elementor-section-height-default elementor-section-height-default\" data-id=\"3f076a05\" data-element_type=\"section\" data-e-type=\"section\">\n\t\t\t\t\t\t<div class=\"elementor-container elementor-column-gap-default\">\n\t\t\t\t\t<div class=\"elementor-column elementor-col-100 elementor-inner-column elementor-element elementor-element-26b9f644\" data-id=\"26b9f644\" data-element_type=\"column\" data-e-type=\"column\">\n\t\t\t<div class=\"elementor-widget-wrap elementor-element-populated\">\n\t\t\t\t\t\t<div class=\"elementor-element elementor-element-7556b840 elementor-widget elementor-widget-heading\" data-id=\"7556b840\" data-element_type=\"widget\" data-e-type=\"widget\" data-widget_type=\"heading.default\">\n\t\t\t\t<div class=\"elementor-widget-container\">\n\t\t\t\t\t<h3 class=\"elementor-heading-title elementor-size-default\">Entidades colaboradoras<\/h3>\t\t\t\t<\/div>\n\t\t\t\t<\/div>\n\t\t\t\t\t<\/div>\n\t\t<\/div>\n\t\t\t\t\t<\/div>\n\t\t<\/section>\n\t\t\t\t<section class=\"elementor-section elementor-inner-section elementor-element elementor-element-475cd95 elementor-section-boxed elementor-section-height-default elementor-section-height-default\" data-id=\"475cd95\" data-element_type=\"section\" data-e-type=\"section\">\n\t\t\t\t\t\t<div class=\"elementor-container elementor-column-gap-default\">\n\t\t\t\t\t<div class=\"elementor-column elementor-col-33 elementor-inner-column elementor-element elementor-element-730d777\" data-id=\"730d777\" data-element_type=\"column\" data-e-type=\"column\">\n\t\t\t<div class=\"elementor-widget-wrap\">\n\t\t\t\t\t\t\t<\/div>\n\t\t<\/div>\n\t\t\t\t<div class=\"elementor-column elementor-col-33 elementor-inner-column elementor-element elementor-element-d68a8ac\" data-id=\"d68a8ac\" data-element_type=\"column\" data-e-type=\"column\">\n\t\t\t<div class=\"elementor-widget-wrap elementor-element-populated\">\n\t\t\t\t\t\t<div class=\"elementor-element elementor-element-6a9574c7 elementor-widget__width-initial elementor-widget elementor-widget-image\" data-id=\"6a9574c7\" data-element_type=\"widget\" data-e-type=\"widget\" data-widget_type=\"image.default\">\n\t\t\t\t<div class=\"elementor-widget-container\">\n\t\t\t\t\t\t\t\t\t\t\t\t\t\t\t\t<a href=\"https:\/\/www.aisse.es\/\" target=\"_blank\">\n\t\t\t\t\t\t\t<img fetchpriority=\"high\" decoding=\"async\" width=\"768\" height=\"633\" src=\"https:\/\/www.upo.es\/formacionpermanente\/wp-content\/imagenes\/uploads\/2024\/04\/logotipo-aisee-fundacion-768x633.png\" class=\"attachment-medium_large size-medium_large wp-image-34871\" alt=\"Logotipo Fundaci\u00f3n Aisse\" srcset=\"https:\/\/www.upo.es\/formacionpermanente\/wp-content\/imagenes\/uploads\/2024\/04\/logotipo-aisee-fundacion-768x633.png 768w, https:\/\/www.upo.es\/formacionpermanente\/wp-content\/imagenes\/uploads\/2024\/04\/logotipo-aisee-fundacion-300x247.png 300w, https:\/\/www.upo.es\/formacionpermanente\/wp-content\/imagenes\/uploads\/2024\/04\/logotipo-aisee-fundacion.png 800w\" sizes=\"(max-width: 768px) 100vw, 768px\" \/>\t\t\t\t\t\t\t\t<\/a>\n\t\t\t\t\t\t\t\t\t\t\t\t\t\t\t<\/div>\n\t\t\t\t<\/div>\n\t\t\t\t\t<\/div>\n\t\t<\/div>\n\t\t\t\t<div class=\"elementor-column elementor-col-33 elementor-inner-column elementor-element elementor-element-93fc148\" data-id=\"93fc148\" data-element_type=\"column\" data-e-type=\"column\">\n\t\t\t<div class=\"elementor-widget-wrap\">\n\t\t\t\t\t\t\t<\/div>\n\t\t<\/div>\n\t\t\t\t\t<\/div>\n\t\t<\/section>\n\t\t\t\t<section class=\"elementor-section elementor-inner-section elementor-element elementor-element-3e5e9268 elementor-section-full_width elementor-section-height-default elementor-section-height-default\" data-id=\"3e5e9268\" data-element_type=\"section\" data-e-type=\"section\">\n\t\t\t\t\t\t<div class=\"elementor-container elementor-column-gap-default\">\n\t\t\t\t\t<div class=\"elementor-column elementor-col-100 elementor-inner-column elementor-element elementor-element-328c387e\" data-id=\"328c387e\" data-element_type=\"column\" data-e-type=\"column\">\n\t\t\t<div class=\"elementor-widget-wrap elementor-element-populated\">\n\t\t\t\t\t\t<div class=\"elementor-element elementor-element-1629c5da elementor-widget elementor-widget-heading\" data-id=\"1629c5da\" data-element_type=\"widget\" data-e-type=\"widget\" data-widget_type=\"heading.default\">\n\t\t\t\t<div class=\"elementor-widget-container\">\n\t\t\t\t\t<h3 class=\"elementor-heading-title elementor-size-default\">Salidas profesionales<\/h3>\t\t\t\t<\/div>\n\t\t\t\t<\/div>\n\t\t\t\t<div class=\"elementor-element elementor-element-2d565daa elementor-widget elementor-widget-text-editor\" data-id=\"2d565daa\" data-element_type=\"widget\" data-e-type=\"widget\" data-widget_type=\"text-editor.default\">\n\t\t\t\t<div class=\"elementor-widget-container\">\n\t\t\t\t\t\t\t\t\t<p data-start=\"23\" data-end=\"622\">La elevada carga de ictus, demencias y otras condiciones neurol\u00f3gicas, junto con la expansi\u00f3n de dispositivos espec\u00edficos y la necesidad de continuidad asistencial (fase aguda, subaguda, ambulatoria y comunitaria), est\u00e1 incrementando la demanda de profesionales de fisioterapia con formaci\u00f3n avanzada en neurociencia cl\u00ednica. En ese contexto, este M\u00e1ster est\u00e1 orientado a reforzar competencias cl\u00ednicas y metodol\u00f3gicas directamente transferibles al trabajo asistencial, con un enfoque basado en evidencia, medici\u00f3n de resultados y coordinaci\u00f3n transdisciplinar.<\/p>\n<p data-start=\"624\" data-end=\"1411\"><strong>\u00c1mbitos de aplicaci\u00f3n habituales:<\/strong><\/p>\n<ul>\n<li data-start=\"624\" data-end=\"1411\">Unidades y circuitos asistenciales vinculados al ictus, en diferentes fases del proceso (hospitalario y seguimiento).<\/li>\n<li data-start=\"624\" data-end=\"1411\">Servicios de neurorrehabilitaci\u00f3n en centros sanitarios, sociosanitarios y recursos ambulatorios.<\/li>\n<li data-start=\"624\" data-end=\"1411\">Intervenci\u00f3n en contextos comunitarios y programas orientados a recuperar o mantener funci\u00f3n y participaci\u00f3n, especialmente en personas adultas con lesi\u00f3n cerebral sobrevenida y enfermedades neurol\u00f3gicas cr\u00f3nicas.<\/li>\n<li data-start=\"624\" data-end=\"1411\">Pr\u00e1ctica cl\u00ednica en entornos privados o concertados con poblaci\u00f3n neurol\u00f3gica adulta, integrando objetivos funcionales y seguimiento de resultados.<\/li>\n<\/ul>\n<p data-start=\"1413\" data-end=\"2353\"><strong>Qu\u00e9 aporta a tu perfil profesional:<\/strong><\/p>\n<ul>\n<li data-start=\"1413\" data-end=\"2353\">Mejoras en la valoraci\u00f3n y el razonamiento cl\u00ednico: entrevista, exploraci\u00f3n neurofisioter\u00e1pica, formulaci\u00f3n de hip\u00f3tesis y priorizaci\u00f3n de objetivos funcionales en el marco CIF.<\/li>\n<li data-start=\"1413\" data-end=\"2353\">Capacidad para dise\u00f1ar, dosificar y progresar programas de ejercicio terap\u00e9utico (fuerza, resistencia, control motor, destreza y marcha), ajustando carga y complejidad seg\u00fan la respuesta cl\u00ednica.<\/li>\n<li data-start=\"1413\" data-end=\"2353\">Selecci\u00f3n y aplicaci\u00f3n de escalas validadas y monitorizaci\u00f3n de resultados para fundamentar decisiones y comunicar evoluci\u00f3n con trazabilidad.<\/li>\n<li data-start=\"1413\" data-end=\"2353\">Trabajo transdisciplinar y comunicaci\u00f3n cl\u00ednica: coordinaci\u00f3n con perfiles de neurociencias cl\u00ednicas (como neuropsicolog\u00eda, neuroterapia ocupacional, neurologopedia o neurolog\u00eda) y elaboraci\u00f3n de informes cl\u00ednicos estructurados.<\/li>\n<\/ul>\n<p class=\"not-prose mt-0! mb-0! flex-auto truncate\"><strong>Nota importante:<\/strong><\/p>\n<p data-start=\"2355\" data-end=\"2686\" data-is-last-node=\"\" data-is-only-node=\"\">Este M\u00e1ster de Formaci\u00f3n Permanente no sustituye los requisitos legales de ejercicio profesional ni constituye una especialidad oficial habilitante; aporta formaci\u00f3n avanzada para mejorar la calidad, la seguridad y la toma de decisiones en fisioterapia neurol\u00f3gica en distintos entornos asistenciales.<\/p>\n\t\t\t\t\t\t\t\t<\/div>\n\t\t\t\t<\/div>\n\t\t\t\t\t<\/div>\n\t\t<\/div>\n\t\t\t\t\t<\/div>\n\t\t<\/section>\n\t\t\t\t<section class=\"elementor-section elementor-inner-section elementor-element elementor-element-24b2d15f elementor-section-full_width elementor-section-height-default elementor-section-height-default\" data-id=\"24b2d15f\" data-element_type=\"section\" data-e-type=\"section\">\n\t\t\t\t\t\t<div class=\"elementor-container elementor-column-gap-default\">\n\t\t\t\t\t<div class=\"elementor-column elementor-col-100 elementor-inner-column elementor-element elementor-element-308163b6\" data-id=\"308163b6\" data-element_type=\"column\" data-e-type=\"column\">\n\t\t\t<div class=\"elementor-widget-wrap elementor-element-populated\">\n\t\t\t\t\t\t<div data-dce-title-color=\"#00335B\" class=\"elementor-element elementor-element-4ca1e55f elementor-widget elementor-widget-heading\" data-id=\"4ca1e55f\" data-element_type=\"widget\" data-e-type=\"widget\" data-widget_type=\"heading.default\">\n\t\t\t\t<div class=\"elementor-widget-container\">\n\t\t\t\t\t<h3 class=\"elementor-heading-title elementor-size-default\">\u00bfA qui\u00e9n va dirigido?<\/h3>\t\t\t\t<\/div>\n\t\t\t\t<\/div>\n\t\t\t\t<div class=\"elementor-element elementor-element-5de58339 elementor-widget elementor-widget-text-editor\" data-id=\"5de58339\" data-element_type=\"widget\" data-e-type=\"widget\" data-widget_type=\"text-editor.default\">\n\t\t\t\t<div class=\"elementor-widget-container\">\n\t\t\t\t\t\t\t\t\t<p>Dirigido a personas en posesi\u00f3n del t\u00edtulo de Diplomatura o Grado en Fisioterapia. Para estudiantes de \u00faltimo curso o titulaciones equivalentes obtenidas fuera de Espa\u00f1a se aplicar\u00e1 la normativa espec\u00edfica de posgrado de la Universidad Pablo de Olavide. En caso de que el n\u00famero de solicitudes supere el m\u00e1ximo de plazas, se priorizar\u00e1 la experiencia laboral cl\u00ednica en fisioterapia neurol\u00f3gica.<\/p>\n\t\t\t\t\t\t\t\t<\/div>\n\t\t\t\t<\/div>\n\t\t\t\t\t<\/div>\n\t\t<\/div>\n\t\t\t\t\t<\/div>\n\t\t<\/section>\n\t\t\t\t<section class=\"elementor-section elementor-inner-section elementor-element elementor-element-facc634 elementor-section-full_width elementor-reverse-mobile elementor-hidden-mobile elementor-hidden-desktop elementor-hidden-tablet elementor-section-height-default elementor-section-height-default\" data-id=\"facc634\" data-element_type=\"section\" data-e-type=\"section\">\n\t\t\t\t\t\t<div class=\"elementor-container elementor-column-gap-default\">\n\t\t\t\t\t<div class=\"elementor-column elementor-col-100 elementor-inner-column elementor-element elementor-element-547ef85\" data-id=\"547ef85\" data-element_type=\"column\" data-e-type=\"column\">\n\t\t\t<div class=\"elementor-widget-wrap elementor-element-populated\">\n\t\t\t\t\t\t<div data-dce-title-color=\"#00335B\" class=\"elementor-element elementor-element-7a82526 elementor-cta--layout-image-left elementor-cta--skin-classic elementor-animated-content elementor-bg-transform elementor-bg-transform-zoom-in elementor-widget elementor-widget-call-to-action\" data-id=\"7a82526\" data-element_type=\"widget\" data-e-type=\"widget\" data-widget_type=\"call-to-action.default\">\n\t\t\t\t<div class=\"elementor-widget-container\">\n\t\t\t\t\t\t\t<div class=\"elementor-cta\">\n\t\t\t\t\t<div class=\"elementor-cta__bg-wrapper\">\n\t\t\t\t<div class=\"elementor-cta__bg elementor-bg\" style=\"background-image: url(https:\/\/www.upo.es\/formacionpermanente\/wp-content\/imagenes\/uploads\/2024\/04\/neurofisioterapia.png);\" role=\"img\" aria-label=\"Portada M\u00e1ster en Neurofisioterapia\"><\/div>\n\t\t\t\t<div class=\"elementor-cta__bg-overlay\"><\/div>\n\t\t\t<\/div>\n\t\t\t\t\t\t\t<div class=\"elementor-cta__content\">\n\t\t\t\t\n\t\t\t\t\t\t\t\t\t<h3 class=\"elementor-cta__title elementor-cta__content-item elementor-content-item\">\n\t\t\t\t\t\tDossier informativo\t\t\t\t\t<\/h3>\n\t\t\t\t\n\t\t\t\t\t\t\t\t\t<div class=\"elementor-cta__description elementor-cta__content-item elementor-content-item\">\n\t\t\t\t\t\tDescarga el dossier de la <b>VIII Edici\u00f3n del M\u00e1ster de Formaci\u00f3n Permanente en Neurofisioterapia<\/b> de la Universidad Pablo de Olavide\t\t\t\t\t<\/div>\n\t\t\t\t\n\t\t\t\t\t\t\t\t\t<div class=\"elementor-cta__button-wrapper elementor-cta__content-item elementor-content-item \">\n\t\t\t\t\t<a class=\"elementor-cta__button elementor-button elementor-size-\" href=\"https:\/\/www.upo.es\/formacionpermanente\/master-formacion-permanente\/m2024-23\/dossier-informativo-mst-neurofisioterapia\/\" target=\"_blank\">\n\t\t\t\t\t\tHaz clic aqu\u00ed para descargar\t\t\t\t\t<\/a>\n\t\t\t\t\t<\/div>\n\t\t\t\t\t\t\t<\/div>\n\t\t\t\t\t\t<\/div>\n\t\t\t\t\t\t<\/div>\n\t\t\t\t<\/div>\n\t\t\t\t\t<\/div>\n\t\t<\/div>\n\t\t\t\t\t<\/div>\n\t\t<\/section>\n\t\t\t\t<section class=\"elementor-section elementor-inner-section elementor-element elementor-element-535a575 elementor-section-full_width elementor-reverse-tablet elementor-hidden-desktop elementor-hidden-tablet elementor-section-height-default elementor-section-height-default\" data-id=\"535a575\" data-element_type=\"section\" data-e-type=\"section\">\n\t\t\t\t\t\t<div class=\"elementor-container elementor-column-gap-default\">\n\t\t\t\t\t<div class=\"elementor-column elementor-col-100 elementor-inner-column elementor-element elementor-element-26b7f9f\" data-id=\"26b7f9f\" data-element_type=\"column\" data-e-type=\"column\">\n\t\t\t<div class=\"elementor-widget-wrap elementor-element-populated\">\n\t\t\t\t\t\t<div data-dce-title-color=\"#00335B\" class=\"elementor-element elementor-element-c92fb97 elementor-cta--layout-image-left elementor-cta--mobile-layout-image-above elementor-cta--skin-classic elementor-animated-content elementor-bg-transform elementor-bg-transform-zoom-in elementor-widget elementor-widget-call-to-action\" data-id=\"c92fb97\" data-element_type=\"widget\" data-e-type=\"widget\" data-widget_type=\"call-to-action.default\">\n\t\t\t\t<div class=\"elementor-widget-container\">\n\t\t\t\t\t\t\t<div class=\"elementor-cta\">\n\t\t\t\t\t<div class=\"elementor-cta__bg-wrapper\">\n\t\t\t\t<div class=\"elementor-cta__bg elementor-bg\" style=\"background-image: url(https:\/\/www.upo.es\/formacionpermanente\/wp-content\/imagenes\/uploads\/2024\/04\/neurofisioterapia.png);\" role=\"img\" aria-label=\"Portada M\u00e1ster en Neurofisioterapia\"><\/div>\n\t\t\t\t<div class=\"elementor-cta__bg-overlay\"><\/div>\n\t\t\t<\/div>\n\t\t\t\t\t\t\t<div class=\"elementor-cta__content\">\n\t\t\t\t\n\t\t\t\t\t\t\t\t\t<h3 class=\"elementor-cta__title elementor-cta__content-item elementor-content-item\">\n\t\t\t\t\t\tDossier informativo\t\t\t\t\t<\/h3>\n\t\t\t\t\n\t\t\t\t\t\t\t\t\t<div class=\"elementor-cta__description elementor-cta__content-item elementor-content-item\">\n\t\t\t\t\t\tDescarga el dossier de la <b>VIII Edici\u00f3n del M\u00e1ster de Formaci\u00f3n Permanente en Neurofisioterapia<\/b> de la Universidad Pablo de Olavide\t\t\t\t\t<\/div>\n\t\t\t\t\n\t\t\t\t\t\t\t\t\t<div class=\"elementor-cta__button-wrapper elementor-cta__content-item elementor-content-item \">\n\t\t\t\t\t<a class=\"elementor-cta__button elementor-button elementor-size-\" href=\"https:\/\/www.upo.es\/formacionpermanente\/master-formacion-permanente\/m2024-23\/dossier-informativo-mst-neurofisioterapia\/\" target=\"_blank\">\n\t\t\t\t\t\tHaz clic aqu\u00ed para descargar\t\t\t\t\t<\/a>\n\t\t\t\t\t<\/div>\n\t\t\t\t\t\t\t<\/div>\n\t\t\t\t\t\t<\/div>\n\t\t\t\t\t\t<\/div>\n\t\t\t\t<\/div>\n\t\t\t\t\t<\/div>\n\t\t<\/div>\n\t\t\t\t\t<\/div>\n\t\t<\/section>\n\t\t\t\t<section class=\"elementor-section elementor-inner-section elementor-element elementor-element-7e47f189 elementor-section-full_width elementor-hidden-mobile elementor-section-height-default elementor-section-height-default\" data-id=\"7e47f189\" data-element_type=\"section\" data-e-type=\"section\" data-settings=\"{&quot;background_background&quot;:&quot;classic&quot;}\">\n\t\t\t\t\t\t<div class=\"elementor-container elementor-column-gap-default\">\n\t\t\t\t\t<div class=\"elementor-column elementor-col-100 elementor-inner-column elementor-element elementor-element-35f2b705\" data-id=\"35f2b705\" data-element_type=\"column\" data-e-type=\"column\">\n\t\t\t<div class=\"elementor-widget-wrap elementor-element-populated\">\n\t\t\t\t\t\t<div class=\"elementor-element elementor-element-6e282c0 elementor-widget elementor-widget-heading\" data-id=\"6e282c0\" data-element_type=\"widget\" data-e-type=\"widget\" data-widget_type=\"heading.default\">\n\t\t\t\t<div class=\"elementor-widget-container\">\n\t\t\t\t\t<h2 class=\"elementor-heading-title elementor-size-default\">Direcci\u00f3n del t\u00edtulo<\/h2>\t\t\t\t<\/div>\n\t\t\t\t<\/div>\n\t\t\t\t<section class=\"elementor-section elementor-inner-section elementor-element elementor-element-fd36502 elementor-section-content-middle elementor-section-boxed elementor-section-height-default elementor-section-height-default\" data-id=\"fd36502\" data-element_type=\"section\" data-e-type=\"section\" data-settings=\"{&quot;background_background&quot;:&quot;classic&quot;}\">\n\t\t\t\t\t\t<div class=\"elementor-container elementor-column-gap-narrow\">\n\t\t\t\t\t<div class=\"elementor-column elementor-col-20 elementor-inner-column elementor-element elementor-element-916f67a\" data-id=\"916f67a\" data-element_type=\"column\" data-e-type=\"column\">\n\t\t\t<div class=\"elementor-widget-wrap elementor-element-populated\">\n\t\t\t\t\t\t<div class=\"elementor-element elementor-element-ed4da70 elementor-widget elementor-widget-elementskit-team\" data-id=\"ed4da70\" data-element_type=\"widget\" data-e-type=\"widget\" data-widget_type=\"elementskit-team.default\">\n\t\t\t\t<div class=\"elementor-widget-container\">\n\t\t\t\t\t<div class=\"ekit-wid-con\">\t\t\t\t\t\t\t\t\n\t\t<div class=\"profile-card elementor-animation- text-center ekit-team-style-default\">\n\t\t\t\n\t\t\t\t<div class=\"profile-header ekit-team-img ekit-img-overlay ekit-team-img-block\" >\n\t\t\t\t\t<img decoding=\"async\" width=\"414\" height=\"396\" src=\"https:\/\/www.upo.es\/formacionpermanente\/wp-content\/imagenes\/uploads\/2023\/05\/Agnes-Gruart-i-Masso-e1738674794302.jpg\" class=\"attachment-medium_large size-medium_large wp-image-24401\" alt=\"Agn\u00e8s Gruart i Mass\u00f3\" srcset=\"https:\/\/www.upo.es\/formacionpermanente\/wp-content\/imagenes\/uploads\/2023\/05\/Agnes-Gruart-i-Masso-e1738674794302.jpg 414w, https:\/\/www.upo.es\/formacionpermanente\/wp-content\/imagenes\/uploads\/2023\/05\/Agnes-Gruart-i-Masso-e1738674794302-300x287.jpg 300w\" sizes=\"(max-width: 414px) 100vw, 414px\" \/>\t\t\t\t<\/div><!-- .profile-header END -->\n\t\t\t\n\n\t\t\t\t<div class=\"profile-body\">\n\t\t\t\t\t\n\t\t\t\t\t<h2 class=\"profile-title\">\n\t\t\t\t\t\t\t\t\t\t\tD\u00f1a. Agn\u00e8s Gruart i Mass\u00f3\t\t\t\t\t\t\t\t\t\t<\/h2>\n\t\t\t\t\t<p class=\"profile-designation\">Direcci\u00f3n Acad\u00e9mica<\/p>\n\t\t\t\t\t\t\t\t\t\t<p class=\"profile-content\">Catedr\u00e1tica de Universidad del Departamento de Fisiolog\u00eda, Anatom\u00eda y Biolog\u00eda Celular,<\/br>\n<strong>Universidad Pablo de Olavide<\/strong><\/p>\n\t\t\t\t\t\t\t\t\t<\/div><!-- .profile-body END -->\n\n\t\t\t\t\t\t\t\t<\/div>\n\t\t\t\t\t\t\t\n\t\t\t\n\t\t\t\t<\/div>\t\t\t\t<\/div>\n\t\t\t\t<\/div>\n\t\t\t\t\t<\/div>\n\t\t<\/div>\n\t\t\t\t<div class=\"elementor-column elementor-col-20 elementor-inner-column elementor-element elementor-element-1e05243\" data-id=\"1e05243\" data-element_type=\"column\" data-e-type=\"column\">\n\t\t\t<div class=\"elementor-widget-wrap elementor-element-populated\">\n\t\t\t\t\t\t<div class=\"elementor-element elementor-element-7996984 elementor-widget elementor-widget-elementskit-team\" data-id=\"7996984\" data-element_type=\"widget\" data-e-type=\"widget\" data-widget_type=\"elementskit-team.default\">\n\t\t\t\t<div class=\"elementor-widget-container\">\n\t\t\t\t\t<div class=\"ekit-wid-con\">\t\t\t\t\t\t\t\t\n\t\t<div class=\"profile-card elementor-animation- text-center ekit-team-style-default\">\n\t\t\t\n\t\t\t\t<div class=\"profile-header ekit-team-img ekit-img-overlay ekit-team-img-block\" >\n\t\t\t\t\t<img decoding=\"async\" width=\"768\" height=\"768\" src=\"https:\/\/www.upo.es\/formacionpermanente\/wp-content\/imagenes\/uploads\/Rocio-Leal-Campanario-1-768x768.jpg\" class=\"attachment-medium_large size-medium_large wp-image-5750\" alt=\"Roc\u00edo Leal Campanario\" srcset=\"https:\/\/www.upo.es\/formacionpermanente\/wp-content\/imagenes\/uploads\/Rocio-Leal-Campanario-1-768x768.jpg 768w, https:\/\/www.upo.es\/formacionpermanente\/wp-content\/imagenes\/uploads\/Rocio-Leal-Campanario-1-300x300.jpg 300w, https:\/\/www.upo.es\/formacionpermanente\/wp-content\/imagenes\/uploads\/Rocio-Leal-Campanario-1-150x150.jpg 150w, https:\/\/www.upo.es\/formacionpermanente\/wp-content\/imagenes\/uploads\/Rocio-Leal-Campanario-1.jpg 900w\" sizes=\"(max-width: 768px) 100vw, 768px\" \/>\t\t\t\t<\/div><!-- .profile-header END -->\n\t\t\t\n\n\t\t\t\t<div class=\"profile-body\">\n\t\t\t\t\t\n\t\t\t\t\t<h2 class=\"profile-title\">\n\t\t\t\t\t\t\t\t\t\t\tD\u00f1a. Roc\u00edo Leal Campanario\t\t\t\t\t\t\t\t\t\t<\/h2>\n\t\t\t\t\t<p class=\"profile-designation\">Responsable de Calidad<\/p>\n\t\t\t\t\t\t\t\t\t\t<p class=\"profile-content\">Profesora Titular del Departamento de Fisiolog\u00eda, Anatom\u00eda y Biolog\u00eda Celular,<\/br>\n<strong>Universidad Pablo de Olavide<\/strong><\/p>\n\t\t\t\t\t\t\t\t\t<\/div><!-- .profile-body END -->\n\n\t\t\t\t\t\t\t\t<\/div>\n\t\t\t\t\t\t\t\n\t\t\t\n\t\t\t\t<\/div>\t\t\t\t<\/div>\n\t\t\t\t<\/div>\n\t\t\t\t\t<\/div>\n\t\t<\/div>\n\t\t\t\t<div class=\"elementor-column elementor-col-20 elementor-inner-column elementor-element elementor-element-4301ea7\" data-id=\"4301ea7\" data-element_type=\"column\" data-e-type=\"column\">\n\t\t\t<div class=\"elementor-widget-wrap elementor-element-populated\">\n\t\t\t\t\t\t<div class=\"elementor-element elementor-element-44ea87d elementor-widget elementor-widget-elementskit-team\" data-id=\"44ea87d\" data-element_type=\"widget\" data-e-type=\"widget\" data-widget_type=\"elementskit-team.default\">\n\t\t\t\t<div class=\"elementor-widget-container\">\n\t\t\t\t\t<div class=\"ekit-wid-con\">\t\t\t\t\t\t\t\t\n\t\t<div class=\"profile-card elementor-animation- text-center ekit-team-style-default\">\n\t\t\t\n\t\t\t\t<div class=\"profile-header ekit-team-img ekit-img-overlay ekit-team-img-block\" >\n\t\t\t\t\t<img loading=\"lazy\" decoding=\"async\" width=\"200\" height=\"200\" src=\"https:\/\/www.upo.es\/formacionpermanente\/wp-content\/imagenes\/uploads\/juan-anaya-ojeda.jpg\" class=\"attachment-medium_large size-medium_large wp-image-6053\" alt=\"\" srcset=\"https:\/\/www.upo.es\/formacionpermanente\/wp-content\/imagenes\/uploads\/juan-anaya-ojeda.jpg 200w, https:\/\/www.upo.es\/formacionpermanente\/wp-content\/imagenes\/uploads\/juan-anaya-ojeda-150x150.jpg 150w\" sizes=\"(max-width: 200px) 100vw, 200px\" \/>\t\t\t\t<\/div><!-- .profile-header END -->\n\t\t\t\n\n\t\t\t\t<div class=\"profile-body\">\n\t\t\t\t\t\n\t\t\t\t\t<h2 class=\"profile-title\">\n\t\t\t\t\t\t\t\t\t\t\tD. Juan Anaya Ojeda\t\t\t\t\t\t\t\t\t\t<\/h2>\n\t\t\t\t\t<p class=\"profile-designation\">Direcci\u00f3n Ejecutiva<\/p>\n\t\t\t\t\t\t\t\t\t\t<p class=\"profile-content\">Neurofisioterapia,<\/br>\n<strong>Fundaci\u00f3n AISSE<\/strong><\/p>\n\t\t\t\t\t\t\t\t\t<\/div><!-- .profile-body END -->\n\n\t\t\t\t\t\t\t\t<\/div>\n\t\t\t\t\t\t\t\n\t\t\t\n\t\t\t\t<\/div>\t\t\t\t<\/div>\n\t\t\t\t<\/div>\n\t\t\t\t\t<\/div>\n\t\t<\/div>\n\t\t\t\t<div class=\"elementor-column elementor-col-20 elementor-inner-column elementor-element elementor-element-351ce8a\" data-id=\"351ce8a\" data-element_type=\"column\" data-e-type=\"column\">\n\t\t\t<div class=\"elementor-widget-wrap elementor-element-populated\">\n\t\t\t\t\t\t<div class=\"elementor-element elementor-element-08d1908 elementor-widget elementor-widget-elementskit-team\" data-id=\"08d1908\" data-element_type=\"widget\" data-e-type=\"widget\" data-widget_type=\"elementskit-team.default\">\n\t\t\t\t<div class=\"elementor-widget-container\">\n\t\t\t\t\t<div class=\"ekit-wid-con\">\t\t\t\t\t\t\t\t\n\t\t<div class=\"profile-card elementor-animation- text-center ekit-team-style-default\">\n\t\t\t\n\t\t\t\t<div class=\"profile-header ekit-team-img ekit-img-overlay ekit-team-img-block\" >\n\t\t\t\t\t<img loading=\"lazy\" decoding=\"async\" width=\"200\" height=\"200\" src=\"https:\/\/www.upo.es\/formacionpermanente\/wp-content\/imagenes\/uploads\/juan-carlos-lopez-ramos.jpg\" class=\"attachment-medium_large size-medium_large wp-image-6054\" alt=\"\" srcset=\"https:\/\/www.upo.es\/formacionpermanente\/wp-content\/imagenes\/uploads\/juan-carlos-lopez-ramos.jpg 200w, https:\/\/www.upo.es\/formacionpermanente\/wp-content\/imagenes\/uploads\/juan-carlos-lopez-ramos-150x150.jpg 150w\" sizes=\"(max-width: 200px) 100vw, 200px\" \/>\t\t\t\t<\/div><!-- .profile-header END -->\n\t\t\t\n\n\t\t\t\t<div class=\"profile-body\">\n\t\t\t\t\t\n\t\t\t\t\t<h2 class=\"profile-title\">\n\t\t\t\t\t\t\t\t\t\t\tD. Juan Carlos L\u00f3pez Ramos\t\t\t\t\t\t\t\t\t\t<\/h2>\n\t\t\t\t\t<p class=\"profile-designation\">Responsable de Calidad<\/p>\n\t\t\t\t\t\t\t\t\t\t<p class=\"profile-content\">Profesor Titular de Universidad del Departamento de Fisiolog\u00eda, Anatom\u00eda y Biolog\u00eda Celular,<\/br>\n<strong>Universidad Pablo de Olavide<\/strong><\/p>\n\t\t\t\t\t\t\t\t\t<\/div><!-- .profile-body END -->\n\n\t\t\t\t\t\t\t\t<\/div>\n\t\t\t\t\t\t\t\n\t\t\t\n\t\t\t\t<\/div>\t\t\t\t<\/div>\n\t\t\t\t<\/div>\n\t\t\t\t\t<\/div>\n\t\t<\/div>\n\t\t\t\t<div class=\"elementor-column elementor-col-20 elementor-inner-column elementor-element elementor-element-b671ed6\" data-id=\"b671ed6\" data-element_type=\"column\" data-e-type=\"column\">\n\t\t\t<div class=\"elementor-widget-wrap elementor-element-populated\">\n\t\t\t\t\t\t<div class=\"elementor-element elementor-element-02b6c59 elementor-widget elementor-widget-elementskit-team\" data-id=\"02b6c59\" data-element_type=\"widget\" data-e-type=\"widget\" data-widget_type=\"elementskit-team.default\">\n\t\t\t\t<div class=\"elementor-widget-container\">\n\t\t\t\t\t<div class=\"ekit-wid-con\">\t\t\t\t\t\t\t\t\n\t\t<div class=\"profile-card elementor-animation- text-center ekit-team-style-default\">\n\t\t\t\n\t\t\t\t<div class=\"profile-header ekit-team-img ekit-img-overlay ekit-team-img-block\" >\n\t\t\t\t\t<img loading=\"lazy\" decoding=\"async\" width=\"768\" height=\"1152\" src=\"https:\/\/www.upo.es\/formacionpermanente\/wp-content\/imagenes\/uploads\/2024\/04\/Yolanda-Colodro-768x1152.jpeg\" class=\"attachment-medium_large size-medium_large wp-image-34852\" alt=\"Yolanda Colodro Amores\" srcset=\"https:\/\/www.upo.es\/formacionpermanente\/wp-content\/imagenes\/uploads\/2024\/04\/Yolanda-Colodro-768x1152.jpeg 768w, https:\/\/www.upo.es\/formacionpermanente\/wp-content\/imagenes\/uploads\/2024\/04\/Yolanda-Colodro-200x300.jpeg 200w, https:\/\/www.upo.es\/formacionpermanente\/wp-content\/imagenes\/uploads\/2024\/04\/Yolanda-Colodro-682x1024.jpeg 682w, https:\/\/www.upo.es\/formacionpermanente\/wp-content\/imagenes\/uploads\/2024\/04\/Yolanda-Colodro.jpeg 853w\" sizes=\"(max-width: 768px) 100vw, 768px\" \/>\t\t\t\t<\/div><!-- .profile-header END -->\n\t\t\t\n\n\t\t\t\t<div class=\"profile-body\">\n\t\t\t\t\t\n\t\t\t\t\t<h2 class=\"profile-title\">\n\t\t\t\t\t\t\t\t\t\t\tD\u00f1a. Yolanda Colodro Amores\t\t\t\t\t\t\t\t\t\t<\/h2>\n\t\t\t\t\t<p class=\"profile-designation\">Coordinaci\u00f3n<\/p>\n\t\t\t\t\t\t\t\t\t\t<p class=\"profile-content\">Neurofisioterapia,<\/br>\n<strong>Fundaci\u00f3n AISSE<\/strong><\/p>\n\t\t\t\t\t\t\t\t\t<\/div><!-- .profile-body END -->\n\n\t\t\t\t\t\t\t\t<\/div>\n\t\t\t\t\t\t\t\n\t\t\t\n\t\t\t\t<\/div>\t\t\t\t<\/div>\n\t\t\t\t<\/div>\n\t\t\t\t\t<\/div>\n\t\t<\/div>\n\t\t\t\t\t<\/div>\n\t\t<\/section>\n\t\t\t\t\t<\/div>\n\t\t<\/div>\n\t\t\t\t\t<\/div>\n\t\t<\/section>\n\t\t\t\t<section class=\"elementor-section elementor-inner-section elementor-element elementor-element-563b22f elementor-section-full_width elementor-section-height-default elementor-section-height-default\" data-id=\"563b22f\" data-element_type=\"section\" data-e-type=\"section\">\n\t\t\t\t\t\t<div class=\"elementor-container elementor-column-gap-default\">\n\t\t\t\t\t<div class=\"elementor-column elementor-col-100 elementor-inner-column elementor-element elementor-element-124dc0f\" data-id=\"124dc0f\" data-element_type=\"column\" data-e-type=\"column\">\n\t\t\t<div class=\"elementor-widget-wrap elementor-element-populated\">\n\t\t\t\t\t\t<div class=\"elementor-element elementor-element-264b2d4 elementor-widget elementor-widget-heading\" data-id=\"264b2d4\" data-element_type=\"widget\" data-e-type=\"widget\" data-widget_type=\"heading.default\">\n\t\t\t\t<div class=\"elementor-widget-container\">\n\t\t\t\t\t<h3 class=\"elementor-heading-title elementor-size-default\">Plan de estudios<\/h3>\t\t\t\t<\/div>\n\t\t\t\t<\/div>\n\t\t\t\t<div class=\"elementor-element elementor-element-8c6cda7 elementor-widget elementor-widget-text-editor\" data-id=\"8c6cda7\" data-element_type=\"widget\" data-e-type=\"widget\" data-widget_type=\"text-editor.default\">\n\t\t\t\t<div class=\"elementor-widget-container\">\n\t\t\t\t\t\t\t\t\t<p>El programa solo se activar\u00e1 si se alcanza el n\u00famero m\u00ednimo de matr\u00edculas establecido en cada caso.<\/p>\n<h5><strong>PLAN DE ESTUDIO POR M\u00d3DULOS (120 ECTS):<\/strong><\/h5>\n<h4><\/h4>\n<p><strong>M\u00f3dulo I:<\/strong> Neurociencia B\u00e1sica: Neuroanatom\u00eda y Neurofisiolog\u00eda (16,9 ECTS).<br \/>\n<strong>M\u00f3dulo II:<\/strong> Control y aprendizaje motor (13,8 ECTS).<br \/>\n<strong>M\u00f3dulo III:<\/strong> Biomec\u00e1nica (12,2 ECTS).<br \/>\n<strong>M\u00f3dulo IV:<\/strong> Ejercicio f\u00edsico e intensidad de dosis (6,4 ECTS).<br \/>\n<strong>M\u00f3dulo V:<\/strong> Metodolog\u00eda y evaluaci\u00f3n cl\u00ednica (10,1 ECTS).<br \/>\n<strong>M\u00f3dulo VI:<\/strong> Lesiones perif\u00e9ricas y medulares. (8,8 ECTS).<br \/>\n<strong>M\u00f3dulo VII:<\/strong> Sistemas integradores y funciones b\u00e1sicas (8,4 ECTS).<br \/>\n<strong>M\u00f3dulo VIII:<\/strong> Cl\u00ednica subcortical: cerebelo y ganglios basales (8,8 ECTS).<br \/>\n<strong>M\u00f3dulo IX:<\/strong> Cl\u00ednica cortical: parietal, temporal y frontal (16,2 ECTS).<br \/>\n<strong>M\u00f3dulo X:<\/strong> Farmacolog\u00eda para fisioterapeutas y control del dolor (6,4 ECTS).<br \/>\n<strong>M\u00f3dulo XI:<\/strong> Caso cl\u00ednico integrador (6 ECTS).<br \/>\n<strong>M\u00f3dulo XII:<\/strong> Trabajo Fin de M\u00e1ster (6 ECTS).<\/p>\n\t\t\t\t\t\t\t\t<\/div>\n\t\t\t\t<\/div>\n\t\t\t\t\t<\/div>\n\t\t<\/div>\n\t\t\t\t\t<\/div>\n\t\t<\/section>\n\t\t\t\t<section class=\"elementor-section elementor-inner-section elementor-element elementor-element-dd820f9 elementor-section-full_width elementor-hidden-mobile elementor-section-height-default elementor-section-height-default\" data-id=\"dd820f9\" data-element_type=\"section\" data-e-type=\"section\">\n\t\t\t\t\t\t<div class=\"elementor-container elementor-column-gap-default\">\n\t\t\t\t\t<div class=\"elementor-column elementor-col-100 elementor-inner-column elementor-element elementor-element-a7cabd0\" data-id=\"a7cabd0\" data-element_type=\"column\" data-e-type=\"column\">\n\t\t\t<div class=\"elementor-widget-wrap elementor-element-populated\">\n\t\t\t\t\t\t<div class=\"elementor-element elementor-element-10fd50b elementor-widget elementor-widget-heading\" data-id=\"10fd50b\" data-element_type=\"widget\" data-e-type=\"widget\" data-widget_type=\"heading.default\">\n\t\t\t\t<div class=\"elementor-widget-container\">\n\t\t\t\t\t<h3 class=\"elementor-heading-title elementor-size-default\">Profesorado<\/h3>\t\t\t\t<\/div>\n\t\t\t\t<\/div>\n\t\t\t\t<div class=\"elementor-element elementor-element-e8af4ee elementor-widget elementor-widget-text-editor\" data-id=\"e8af4ee\" data-element_type=\"widget\" data-e-type=\"widget\" data-widget_type=\"text-editor.default\">\n\t\t\t\t<div class=\"elementor-widget-container\">\n\t\t\t\t\t\t\t\t\t<h5><strong>Relaci\u00f3n de docentes<\/strong><\/h5>\n<h4><\/h4>\n<p><strong>D. Juan Anaya Ojeda<\/strong><br \/>\nNeurofisioterapeuta en Fundaci\u00f3n AISSE.<\/p>\n<p><strong style=\"font-size: 1em\">D. David Ares Su\u00e1rez<br \/>\n<\/strong>Fisioterapeuta. M\u00e1ster en Neurociencias y experto en neurorrehabilitaci\u00f3n por el Institut Guttman.<\/p>\n<p><strong style=\"font-size: 1em\">D. Manuel Pacheco Molero<br \/>\n<\/strong>Fisioterapeuta en Aspace La Rioja.<\/p>\n<p><strong style=\"font-size: 1em\">D. Ignacio Lafuente J\u00e1ndula<br \/>\n<\/strong>T\u00e9cnico de radiodiagn\u00f3stico. Neurofisioterapeuta aut\u00f3nomo.<\/p>\n<p><strong style=\"font-size: 1em\">D\u00f1a. Yolanda Colodro Amores<br \/>\n<\/strong>Neurofisioterapeuta en Fundaci\u00f3n AISSE.<\/p>\n<p><strong style=\"font-size: 1em\">D\u00f1a. Silvia D\u00edez Vald\u00e9s<br \/>\n<\/strong>Neurofisioterapeuta e investigadora. Hocoma Group.<\/p>\n<p><strong style=\"font-size: 1em\">D\u00f1a. Inmaculada Vico D\u00edaz<br \/>\n<\/strong>Terapeuta ocupacional en Fundaci\u00f3n AISSE.<\/p>\n<p><strong style=\"font-size: 1em\">D\u00f1a. Paula Iglesias Rodr\u00edguez<br \/>\n<\/strong>Neuropsic\u00f3loga en Fundaci\u00f3n AISSE.<\/p>\n<p><strong style=\"font-size: 1em\">D\u00f1a. Modesta Fern\u00e1ndez Garc\u00eda<br \/>\n<\/strong>Neurofisioterapeuta en Fundaci\u00f3n AISSE.<\/p>\n<p><strong style=\"font-size: 1em\">D. Pablo Bouza Bern\u00e1rdez<br \/>\n<\/strong>Neurofisioterapeuta en CEFINE Neurolog\u00eda.<\/p>\n<p><strong style=\"font-size: 1em\">D. Adri\u00e1n Dacal Rodr\u00edguez<br \/>\n<\/strong>Neurofisioterapeuta en AX\u00d3N.<\/p>\n<p><strong style=\"font-size: 1em\">D\u00f1a. Paula Campos Fern\u00e1ndez<br \/>\n<\/strong>Neurofisioterapeuta en AX\u00d3N.<\/p>\n<p><strong style=\"font-size: 1em\">D\u00f1a. Ana Lista Paz<br \/>\n<\/strong>Profesora de Facultad de Fisioterapia de la Universidad de La Coru\u00f1a.<\/p>\n<p><strong style=\"font-size: 1em\">D. Francisco Molina Rueda<br \/>\n<\/strong>Catedr\u00e1tico de Universidad del Departamento de Fisioterapia, Terapia Ocupacional, Rehabilitaci\u00f3n y Medicina F\u00edsica de la Universidad Rey Juan Carlos.<\/p>\n<p><strong style=\"font-size: 1em\">D. Marcos Almir\u00f3n Taborga<br \/>\n<\/strong>Neurofisioterapeuta en \u00c9lize Torrelavega.<\/p>\n<p><strong style=\"font-size: 1em\">D\u00f1a. Laura de Vega Iglesias<br \/>\n<\/strong>Neurofisioterapeuta en \u00c9lize Neurorrehabilitaci\u00f3n.<\/p>\n<p><strong style=\"font-size: 1em\">D\u00f1a. Naiara M\u00aa Pareja D\u00edaz<br \/>\n<\/strong>Neurologopeda en Fundaci\u00f3n AISSE.<\/p>\n<p><strong style=\"font-size: 1em\">D. Jes\u00fas Fern\u00e1ndez Exp\u00f3sito<br \/>\n<\/strong>Neurofisioterapeuta en Fundaci\u00f3n AISSE.<\/p>\n<p><strong style=\"font-size: 1em\">D. Alejandro Utrera Escalona<br \/>\n<\/strong>Neurofisioterapeuta en AISSE \u00dabeda.<\/p>\n<p><strong style=\"font-size: 1em\">D. David Bueno Garc\u00eda<br \/>\n<\/strong>Neurofisioterapeuta en Fundaci\u00f3n AISSE.<\/p>\n\t\t\t\t\t\t\t\t<\/div>\n\t\t\t\t<\/div>\n\t\t\t\t\t<\/div>\n\t\t<\/div>\n\t\t\t\t\t<\/div>\n\t\t<\/section>\n\t\t\t\t<section class=\"elementor-section elementor-inner-section elementor-element elementor-element-25f6d60 elementor-section-full_width elementor-hidden-mobile elementor-section-height-default elementor-section-height-default\" data-id=\"25f6d60\" data-element_type=\"section\" data-e-type=\"section\">\n\t\t\t\t\t\t<div class=\"elementor-container elementor-column-gap-default\">\n\t\t\t\t\t<div class=\"elementor-column elementor-col-100 elementor-inner-column elementor-element elementor-element-1af4df3\" data-id=\"1af4df3\" data-element_type=\"column\" data-e-type=\"column\">\n\t\t\t<div class=\"elementor-widget-wrap elementor-element-populated\">\n\t\t\t\t\t\t<div class=\"elementor-element elementor-element-f373b15 elementor-widget elementor-widget-heading\" data-id=\"f373b15\" data-element_type=\"widget\" data-e-type=\"widget\" data-widget_type=\"heading.default\">\n\t\t\t\t<div class=\"elementor-widget-container\">\n\t\t\t\t\t<h3 class=\"elementor-heading-title elementor-size-default\">Pr\u00e1cticas Cl\u00ednicas<\/h3>\t\t\t\t<\/div>\n\t\t\t\t<\/div>\n\t\t\t\t<div class=\"elementor-element elementor-element-3507bf7 elementor-widget elementor-widget-text-editor\" data-id=\"3507bf7\" data-element_type=\"widget\" data-e-type=\"widget\" data-widget_type=\"text-editor.default\">\n\t\t\t\t<div class=\"elementor-widget-container\">\n\t\t\t\t\t\t\t\t\t<p>El M\u00e1ster ofrece dos itinerarios alternativos, equivalentes en carga (6 ECTS), resultados de aprendizaje y criterios de evaluaci\u00f3n (r\u00fabrica com\u00fan). La elecci\u00f3n del itinerario se realiza en los primeros meses del postgrado para facilitar la organizaci\u00f3n, se puede desarrollar el trabajo pr\u00e1ctico durante 2027, contando con seguimiento y tutor\u00edas.<\/p>\n<p><strong>Resultados de aprendizaje (comunes):<\/strong><\/p>\n<ul>\n<li>Integrar valoraci\u00f3n en neurofisioterapia, razonamiento cl\u00ednico y planificaci\u00f3n terap\u00e9utica centrada en la persona (seg\u00fan el modelo CIF).<\/li>\n<li>Aplicar intervenci\u00f3n y dosificaci\u00f3n del ejercicio terap\u00e9utico en personas diagnosticadas de patolog\u00eda neurol\u00f3gica, monitorizando y revaluando resultados.<\/li>\n<li>Comunicar de forma profesional mediante documentaci\u00f3n cl\u00ednica estructurada y exposici\u00f3n, respetando los principios de \u00e9tica y confidencialidad.<\/li>\n<\/ul>\n<h6><strong>Itinerario A. Estancia cl\u00ednica presencial (6 ECTS = 150 h).<\/strong><\/h6>\n<p>Entidad colaboradora: Fundaci\u00f3n AISSE (Granada y \u00dabeda), entidad sin fines de lucro con convenio de colaboraci\u00f3n.<\/p>\n<p><strong>Distribuci\u00f3n horaria:<\/strong><\/p>\n<ul>\n<li>120 horas presenciales en centro\u00a0 sanitario autorizado (observaci\u00f3n, co-intervenci\u00f3n, registro y seguimiento de casos).<\/li>\n<li>30 horas de actividades acad\u00e9micas (plan individual de aprendizaje, tutor\u00edas, diario reflexivo, informe final y preparaci\u00f3n de defensa).<\/li>\n<\/ul>\n<p><strong>Actividades formativas:<\/strong><\/p>\n<ul>\n<li>Participaci\u00f3n progresiva en evaluaci\u00f3n, tratamiento y educaci\u00f3n terap\u00e9utica.<\/li>\n<li>Selecci\u00f3n e interpretaci\u00f3n de escalas y trazabilidad de objetivos (marco CIF).<\/li>\n<li>Discusi\u00f3n tutorizada de casos y elaboraci\u00f3n de dossier cl\u00ednico.<\/li>\n<\/ul>\n<p><strong>Tutorizaci\u00f3n:<\/strong><\/p>\n<ul>\n<li>Tutor\u00eda externa en la entidad y seguimiento acad\u00e9mico del M\u00e1ster.<\/li>\n<li>Cumplimiento de protecci\u00f3n de datos y confidencialidad.<\/li>\n<\/ul>\n<h6>Itinerario B. Caso cl\u00ednico tutorizado en el propio entorno profesional (6 ECTS = 150 h).<\/h6>\n<p>Para quienes no puedan realizar la estancia presencial, se ofrece una actividad acad\u00e9mica equivalente: desarrollo integral de un caso cl\u00ednico propio en el entorno laboral, con seguimiento acad\u00e9mico. Para las personas que no tengan acceso a casos neurol\u00f3gicos en su entorno laboral existe la posibilidad de elaboraci\u00f3n de evaluaci\u00f3n y propuesta de intervenci\u00f3n a partir de v\u00eddeos e informes sobre casos reales facilitados por el profesorado del M\u00e1ster.<\/p>\n<p><strong>Requisitos:<\/strong><\/p>\n<ul>\n<li>Autorizaci\u00f3n y consentimiento informado cuando proceda.<\/li>\n<li>Anonimizaci\u00f3n de datos e imagen y respeto estricto a la confidencialidad.<\/li>\n<li>Entorno que permita valoraci\u00f3n, intervenci\u00f3n y seguimiento documentado.<\/li>\n<\/ul>\n<h5>Evidencias y evaluaci\u00f3n (Itinerarios A y B):<\/h5>\n<h4><\/h4>\n<ul>\n<li>Entrega obligatoria de dossier cl\u00ednico estructurado y defensa\/coloquio s\u00edncrono ante el grupo (opci\u00f3n online o presencial).<\/li>\n<li>Evaluaci\u00f3n mediante r\u00fabrica com\u00fan, garantizando equivalencia de resultados y nivel de exigencia.<\/li>\n<\/ul>\n<p><strong>Cr\u00e9ditos asignados a las pr\u00e1cticas: 6 ECTS<\/strong><\/p>\n\t\t\t\t\t\t\t\t<\/div>\n\t\t\t\t<\/div>\n\t\t\t\t\t<\/div>\n\t\t<\/div>\n\t\t\t\t\t<\/div>\n\t\t<\/section>\n\t\t\t\t<section class=\"elementor-section elementor-inner-section elementor-element elementor-element-46e42b5 elementor-section-full_width elementor-hidden-mobile elementor-section-height-default elementor-section-height-default\" data-id=\"46e42b5\" data-element_type=\"section\" data-e-type=\"section\">\n\t\t\t\t\t\t<div class=\"elementor-container elementor-column-gap-default\">\n\t\t\t\t\t<div class=\"elementor-column elementor-col-100 elementor-inner-column elementor-element elementor-element-949ef62\" data-id=\"949ef62\" data-element_type=\"column\" data-e-type=\"column\">\n\t\t\t<div class=\"elementor-widget-wrap elementor-element-populated\">\n\t\t\t\t\t\t<div class=\"elementor-element elementor-element-7ec1724 elementor-widget elementor-widget-heading\" data-id=\"7ec1724\" data-element_type=\"widget\" data-e-type=\"widget\" data-widget_type=\"heading.default\">\n\t\t\t\t<div class=\"elementor-widget-container\">\n\t\t\t\t\t<h3 class=\"elementor-heading-title elementor-size-default\">Proyecto final<\/h3>\t\t\t\t<\/div>\n\t\t\t\t<\/div>\n\t\t\t\t<div class=\"elementor-element elementor-element-dbd6dc6 elementor-widget elementor-widget-text-editor\" data-id=\"dbd6dc6\" data-element_type=\"widget\" data-e-type=\"widget\" data-widget_type=\"text-editor.default\">\n\t\t\t\t<div class=\"elementor-widget-container\">\n\t\t\t\t\t\t\t\t\t<p data-start=\"1388\" data-end=\"1711\">Todo el alumnado desarrollar\u00e1 un trabajo individual y original en el \u00e1mbito de la Fisioterapia Neurol\u00f3gica, orientado a integrar los conocimientos, habilidades y actitudes del programa y a favorecer la transferencia a la pr\u00e1ctica cl\u00ednica. Podr\u00e1 adoptar dos formatos: revisi\u00f3n conceptual o trabajo de investigaci\u00f3n aplicada.<\/p>\n<p data-start=\"1713\" data-end=\"2029\">El TFM deber\u00e1 ajustarse a los criterios de calidad, estructura, formato y \u00e9tica establecidos en el Manual del Alumnado, disponible en el Aula Virtual durante las primeras semanas del postgrado. Este manual recoge orientaciones sobre metodolog\u00eda de redacci\u00f3n, referencias, protecci\u00f3n de datos y sistema de evaluaci\u00f3n.<\/p>\n<p data-start=\"2031\" data-end=\"2133\">Cada estudiante contar\u00e1 con tutor\u00eda acad\u00e9mica y con un cronograma de seguimiento s\u00edncrono y as\u00edncrono.<\/p>\n<h5><\/h5>\n<h5>Evaluaci\u00f3n y defensa:<\/h5>\n<h4><\/h4>\n<p>La evaluaci\u00f3n se realizar\u00e1 mediante la r\u00fabrica oficial del TFM, valorando la calidad cient\u00edfica, la relevancia cl\u00ednica, el rigor metodol\u00f3gico, la presentaci\u00f3n y la originalidad. La defensa del TFM es obligatoria y podr\u00e1 realizarse en formato presencial o virtual. Para optar a la Defensa del TFM ser\u00e1 necesario haber superado la evaluaci\u00f3n de los M\u00f3dulos I al XI.<\/p>\n<p><strong>Cr\u00e9ditos asignados al trabajo final:\u00a06 ECTS<\/strong><\/p>\n\t\t\t\t\t\t\t\t<\/div>\n\t\t\t\t<\/div>\n\t\t\t\t\t<\/div>\n\t\t<\/div>\n\t\t\t\t\t<\/div>\n\t\t<\/section>\n\t\t\t\t<section class=\"elementor-section elementor-inner-section elementor-element elementor-element-08bb7d0 elementor-section-full_width elementor-hidden-mobile elementor-section-height-default elementor-section-height-default\" data-id=\"08bb7d0\" data-element_type=\"section\" data-e-type=\"section\">\n\t\t\t\t\t\t<div class=\"elementor-container elementor-column-gap-default\">\n\t\t\t\t\t<div class=\"elementor-column elementor-col-100 elementor-inner-column elementor-element elementor-element-49adb54\" data-id=\"49adb54\" data-element_type=\"column\" data-e-type=\"column\">\n\t\t\t<div class=\"elementor-widget-wrap elementor-element-populated\">\n\t\t\t\t\t\t<div class=\"elementor-element elementor-element-c04951d elementor-widget elementor-widget-heading\" data-id=\"c04951d\" data-element_type=\"widget\" data-e-type=\"widget\" data-widget_type=\"heading.default\">\n\t\t\t\t<div class=\"elementor-widget-container\">\n\t\t\t\t\t<h3 class=\"elementor-heading-title elementor-size-default\">Metodolog\u00eda y evaluaci\u00f3n<\/h3>\t\t\t\t<\/div>\n\t\t\t\t<\/div>\n\t\t\t\t<div class=\"elementor-element elementor-element-5675f78 elementor-widget elementor-widget-text-editor\" data-id=\"5675f78\" data-element_type=\"widget\" data-e-type=\"widget\" data-widget_type=\"text-editor.default\">\n\t\t\t\t<div class=\"elementor-widget-container\">\n\t\t\t\t\t\t\t\t\t<p data-start=\"1484\" data-end=\"1780\">El programa se organiza en 12 m\u00f3dulos, con materiales docentes, tutor\u00eda, seminarios en profundidad y seguimiento permanente por parte de la Direcci\u00f3n Ejecutiva y la Coordinaci\u00f3n. El n\u00famero limitado de plazas facilita grupos reducidos de tutor\u00eda y un acompa\u00f1amiento continuado.<\/p>\n<p data-start=\"1782\" data-end=\"2138\"><strong>Docencia online:<\/strong><br \/>\nLos contenidos te\u00f3ricos se imparten online, con materiales de aprendizaje textual, recursos de v\u00eddeo y audio y bibliograf\u00eda espec\u00edfica. El Aula Virtual de la UPO centraliza el acceso a todos los materiales, foros, avisos, cronograma actualizado en vivo y la comunicaci\u00f3n con el profesorado y la coordinaci\u00f3n. En cada tema se habilitan espacios de consulta y evaluaci\u00f3n con el profesorado responsable.<\/p>\n<p data-start=\"2140\" data-end=\"2547\"><strong>Seminarios cl\u00ednicos (presencialidad optativa + streaming + grabaci\u00f3n):<\/strong><br \/>\nA lo largo del programa se desarrollan seminarios cl\u00ednicos vinculados a los bloques te\u00f3ricos, con casos reales. El estudiantado puede:<\/p>\n<p style=\"padding-left: 40px\" data-start=\"2140\" data-end=\"2547\">a) seguirlos en directo online por streaming (modalidad s\u00edncrona),<br \/>\nb) visualizarlos en diferido, ya que quedan grabados (modalidad as\u00edncrona),<br \/>\ny, de forma optativa, c) asistir presencialmente a los seminarios que considere.<\/p>\n<p data-start=\"2549\" data-end=\"2740\"><strong>Sede de los seminarios (emisi\u00f3n online en directo y opci\u00f3n de asistir de forma presencial, sin limitaciones):<\/strong><br \/>\nFundaci\u00f3n AISSE, Centro Sinergia. Calle Pintor Manuel Maldonado, 14, Bajo (entrada por Placeta Gutierre de Cetina) (18007) Granada (Espa\u00f1a).<\/p>\n<p data-start=\"2742\" data-end=\"2778\"><strong>Periodo de docencia:<\/strong><br \/>\nDel 03\/10\/2026 al 23\/07\/2028.<\/p>\n<p data-start=\"2742\" data-end=\"2778\"><strong>Cierre de Actas:<\/strong><br \/>\nDiciembre de 2028.<\/p>\n<h5><\/h5>\n<h5>Evaluaci\u00f3n<\/h5>\n<h4><\/h4>\n<p>La calificaci\u00f3n final se calcular\u00e1 en funci\u00f3n a los siguientes porcentajes:<\/p>\n<ul>\n<li>Pruebas te\u00f3ricas: 60%<\/li>\n<li>Actividades Pr\u00e1cticas: 10%<\/li>\n<li>Pr\u00e1cticas Cl\u00ednicas: 10%<\/li>\n<li>Trabajo Fin de M\u00e1ster: 10%<\/li>\n<li>Tutor\u00edas: 10%<\/li>\n<\/ul>\n\t\t\t\t\t\t\t\t<\/div>\n\t\t\t\t<\/div>\n\t\t\t\t\t<\/div>\n\t\t<\/div>\n\t\t\t\t\t<\/div>\n\t\t<\/section>\n\t\t\t\t<section class=\"elementor-section elementor-inner-section elementor-element elementor-element-f0bf854 elementor-section-full_width elementor-section-height-default elementor-section-height-default\" data-id=\"f0bf854\" data-element_type=\"section\" data-e-type=\"section\">\n\t\t\t\t\t\t<div class=\"elementor-container elementor-column-gap-default\">\n\t\t\t\t\t<div class=\"elementor-column elementor-col-100 elementor-inner-column elementor-element elementor-element-cbdf028\" data-id=\"cbdf028\" data-element_type=\"column\" data-e-type=\"column\">\n\t\t\t<div class=\"elementor-widget-wrap elementor-element-populated\">\n\t\t\t\t\t\t<div class=\"elementor-element elementor-element-3fb48d4 elementor-widget elementor-widget-heading\" data-id=\"3fb48d4\" data-element_type=\"widget\" data-e-type=\"widget\" data-widget_type=\"heading.default\">\n\t\t\t\t<div class=\"elementor-widget-container\">\n\t\t\t\t\t<h3 class=\"elementor-heading-title elementor-size-default\">Requisitos y perfil de acceso<\/h3>\t\t\t\t<\/div>\n\t\t\t\t<\/div>\n\t\t\t\t<div class=\"elementor-element elementor-element-abe8c0e elementor-widget elementor-widget-text-editor\" data-id=\"abe8c0e\" data-element_type=\"widget\" data-e-type=\"widget\" data-widget_type=\"text-editor.default\">\n\t\t\t\t<div class=\"elementor-widget-container\">\n\t\t\t\t\t\t\t\t\t<p>Podr\u00e1n acceder a los estudios de M\u00e1ster de Formaci\u00f3n Permanente:<\/p>\n<ul>\n<li>Quienes est\u00e9n en posesi\u00f3n de un t\u00edtulo universitario de Grado espa\u00f1ol o equivalente.<\/li>\n<li>Quienes est\u00e9n en posesi\u00f3n de un t\u00edtulo expedido por una instituci\u00f3n de educaci\u00f3n superior del Espacio Europeo de Educaci\u00f3n Superior, que otorgue acceso a ense\u00f1anzas oficiales de Postgrado.<\/li>\n<li>Quienes est\u00e9n en posesi\u00f3n de un t\u00edtulo conforme a sistemas educativos ajenos al Espacio Europeo de Educaci\u00f3n Superior, que acredite un nivel de formaci\u00f3n equivalente a los correspondientes T\u00edtulos universitarios oficiales espa\u00f1oles de Grado, y que facultan en el pa\u00eds expedidor del t\u00edtulo para el acceso a ense\u00f1anzas de Postgrado.<\/li>\n<li>Quienes acrediten haber superado al menos 180 cr\u00e9ditos ECTS correspondientes a ense\u00f1anzas oficiales de Grado. En este caso, para que el estudiante obtenga su t\u00edtulo, debe haber terminado sus estudios de Grado antes de la finalizaci\u00f3n del M\u00e1ster.<\/li>\n<li>Excepcionalmente, quienes acrediten experiencia profesional demostrada en un \u00e1mbito relacionado con el contenido del t\u00edtulo. Esta admisi\u00f3n estar\u00e1 condicionada a la autorizaci\u00f3n por la Comisi\u00f3n de Postgrado de la Universidad Pablo de Olavide.<\/li>\n<\/ul>\n<p><em>*No es necesario que estos t\u00edtulos se encuentren homologados en Espa\u00f1a.<\/em><\/p>\n\t\t\t\t\t\t\t\t<\/div>\n\t\t\t\t<\/div>\n\t\t\t\t\t<\/div>\n\t\t<\/div>\n\t\t\t\t\t<\/div>\n\t\t<\/section>\n\t\t\t\t<section class=\"elementor-section elementor-inner-section elementor-element elementor-element-01ca511 elementor-section-full_width elementor-section-height-default elementor-section-height-default\" data-id=\"01ca511\" data-element_type=\"section\" data-e-type=\"section\">\n\t\t\t\t\t\t<div class=\"elementor-container elementor-column-gap-default\">\n\t\t\t\t\t<div class=\"elementor-column elementor-col-100 elementor-inner-column elementor-element elementor-element-02d55c3\" data-id=\"02d55c3\" data-element_type=\"column\" data-e-type=\"column\">\n\t\t\t<div class=\"elementor-widget-wrap elementor-element-populated\">\n\t\t\t\t\t\t<div class=\"elementor-element elementor-element-6daa241 elementor-widget elementor-widget-heading\" data-id=\"6daa241\" data-element_type=\"widget\" data-e-type=\"widget\" data-widget_type=\"heading.default\">\n\t\t\t\t<div class=\"elementor-widget-container\">\n\t\t\t\t\t<h3 class=\"elementor-heading-title elementor-size-default\">Horario<\/h3>\t\t\t\t<\/div>\n\t\t\t\t<\/div>\n\t\t\t\t<div class=\"elementor-element elementor-element-932e5e6 elementor-widget elementor-widget-text-editor\" data-id=\"932e5e6\" data-element_type=\"widget\" data-e-type=\"widget\" data-widget_type=\"text-editor.default\">\n\t\t\t\t<div class=\"elementor-widget-container\">\n\t\t\t\t\t\t\t\t\t<p>Este t\u00edtulo se desarrollar\u00e1 del <strong>3 de octubre de 2026 al 23 de julio de 2028.<\/strong><\/p>\n<p>El horario de seminarios (orientativo): CET [Espa\u00f1a] (UTC+1 en invierno; UTC+2 en verano): s\u00e1bados de 10:00 a 14:00 horas y de 16:00 a 20:00 horas y domingos de 09:00 a 13:00 horas, en las instalaciones de la Fundaci\u00f3n AISSE, Centro Sinergia: <span id=\"page97R_mcid680\" class=\"markedContent\"><span dir=\"ltr\" role=\"presentation\">Calle Pintor Manuel Maldonado, 14, Bajo [entrada\u00a0<\/span><span dir=\"ltr\" role=\"presentation\">por Placeta Gutierre de Cetina], 18007.<\/span><\/span> Granada. <strong>El calendario oficial del programa se actualizar\u00e1 en vivo en todo momento en el Aula Virtual.<\/strong><\/p>\n<p>Todos los seminarios quedan grabados, permitiendo asistencia s\u00edncrona (en directo) o as\u00edncrona (visualizaci\u00f3n diferida).<\/p>\n\t\t\t\t\t\t\t\t<\/div>\n\t\t\t\t<\/div>\n\t\t\t\t\t<\/div>\n\t\t<\/div>\n\t\t\t\t\t<\/div>\n\t\t<\/section>\n\t\t\t\t<section class=\"elementor-section elementor-inner-section elementor-element elementor-element-b22dffd elementor-section-full_width elementor-section-height-default elementor-section-height-default\" data-id=\"b22dffd\" data-element_type=\"section\" data-e-type=\"section\">\n\t\t\t\t\t\t<div class=\"elementor-container elementor-column-gap-default\">\n\t\t\t\t\t<div class=\"elementor-column elementor-col-100 elementor-inner-column elementor-element elementor-element-6012d34\" data-id=\"6012d34\" data-element_type=\"column\" data-e-type=\"column\">\n\t\t\t<div class=\"elementor-widget-wrap elementor-element-populated\">\n\t\t\t\t\t\t<div class=\"elementor-element elementor-element-03a11f1 elementor-widget elementor-widget-heading\" data-id=\"03a11f1\" data-element_type=\"widget\" data-e-type=\"widget\" data-widget_type=\"heading.default\">\n\t\t\t\t<div class=\"elementor-widget-container\">\n\t\t\t\t\t<h3 class=\"elementor-heading-title elementor-size-default\">Precios y ayuda<\/h3>\t\t\t\t<\/div>\n\t\t\t\t<\/div>\n\t\t\t\t<div class=\"elementor-element elementor-element-f8b4ff4 elementor-widget elementor-widget-text-editor\" data-id=\"f8b4ff4\" data-element_type=\"widget\" data-e-type=\"widget\" data-widget_type=\"text-editor.default\">\n\t\t\t\t<div class=\"elementor-widget-container\">\n\t\t\t\t\t\t\t\t\t<h5><strong>Precio del programa<\/strong><\/h5>\n<h4><\/h4>\n<p>3.960,00 \u20ac (tasas de matr\u00edcula)<\/p>\n<p>No incluido:<\/p>\n<ul>\n<li><strong>Tasas de expedici\u00f3n del t\u00edtulo<\/strong>, puede acceder a la informaci\u00f3n en el\u00a0<a href=\"https:\/\/www.upo.es\/formacionpermanente\/titulos-propios\/como-solicitar-el-titulo-o-diploma-de-un-titulo-propio\/\" target=\"_blank\" rel=\"noopener\">siguiente enlace.<\/a><\/li>\n<li><strong>Tasas de expedici\u00f3n del carnet de estudiante<\/strong>, puede acceder a la informaci\u00f3n desde el\u00a0<a href=\"https:\/\/www.upo.es\/formacionpermanente\/titulos-propios\/carnet-de-estudiante-para-titulos-propios\/\" target=\"_blank\" rel=\"noopener\">siguiente enlace<\/a>.<\/li>\n<\/ul>\n<h5>\u00a0Pagos<\/h5>\n<h4><\/h4>\n<ul>\n<li>Reserva de plaza:\u00a0<strong>500,00 \u20ac<\/strong><\/li>\n<li>Matr\u00edcula (tras la admisi\u00f3n y antes del inicio del programa):<strong> 1.730,00 \u20ac<\/strong><\/li>\n<li>Primer plazo fraccionado (enero de 2027): <strong>865,00 \u20ac<\/strong><\/li>\n<li>Segundo plazo fraccionado (marzo de 2027): <strong>865,00 \u20ac<\/strong><\/li>\n<\/ul>\n<p>El pago fraccionado no exime del abono completo de las tasas una vez iniciado el programa. Para consultar los motivos de devoluci\u00f3n de la Reserva de Plaza puede hacerlo desde <a href=\"https:\/\/www.upo.es\/formacionpermanente\/wp-content\/imagenes\/uploads\/2025\/01\/BUPO-13-2024_Instruccion-Reserva-de-Plaza.pdf\" target=\"_blank\" rel=\"noopener\">aqu\u00ed.<\/a><\/p>\n<h5><strong>Ayudas al estudio<\/strong><\/h5>\n<h4><\/h4>\n<p>Todos los programas de T\u00edtulos Propios ofrecen la posibilidad de solicitar una ayuda al estudio. Puede consultar la informaci\u00f3n completa y la fecha de la convocatoria\u00a0<a href=\"https:\/\/www.upo.es\/formacionpermanente\/titulos-propios\/ayudas-al-estudio-para-titulos-propios\/\">aqu\u00ed<\/a>.<\/p>\n\t\t\t\t\t\t\t\t<\/div>\n\t\t\t\t<\/div>\n\t\t\t\t\t<\/div>\n\t\t<\/div>\n\t\t\t\t\t<\/div>\n\t\t<\/section>\n\t\t\t\t<section class=\"elementor-section elementor-inner-section elementor-element elementor-element-d5c5cc1 elementor-section-full_width elementor-section-height-default elementor-section-height-default\" data-id=\"d5c5cc1\" data-element_type=\"section\" data-e-type=\"section\">\n\t\t\t\t\t\t<div class=\"elementor-container elementor-column-gap-default\">\n\t\t\t\t\t<div class=\"elementor-column elementor-col-100 elementor-inner-column elementor-element elementor-element-967a90e\" data-id=\"967a90e\" data-element_type=\"column\" data-e-type=\"column\">\n\t\t\t<div class=\"elementor-widget-wrap elementor-element-populated\">\n\t\t\t\t\t\t<div class=\"elementor-element elementor-element-bcf42bf elementor-widget elementor-widget-heading\" data-id=\"bcf42bf\" data-element_type=\"widget\" data-e-type=\"widget\" data-widget_type=\"heading.default\">\n\t\t\t\t<div class=\"elementor-widget-container\">\n\t\t\t\t\t<h3 class=\"elementor-heading-title elementor-size-default\">\u00bfTienes alguna duda? Contacta con nosotros<\/h3>\t\t\t\t<\/div>\n\t\t\t\t<\/div>\n\t\t\t\t\t<\/div>\n\t\t<\/div>\n\t\t\t\t\t<\/div>\n\t\t<\/section>\n\t\t\t\t<section class=\"elementor-section elementor-inner-section elementor-element elementor-element-ca8e59d elementor-section-boxed elementor-section-height-default elementor-section-height-default\" data-id=\"ca8e59d\" data-element_type=\"section\" data-e-type=\"section\">\n\t\t\t\t\t\t<div class=\"elementor-container elementor-column-gap-default\">\n\t\t\t\t\t<div class=\"elementor-column elementor-col-50 elementor-inner-column elementor-element elementor-element-c8addc1\" data-id=\"c8addc1\" data-element_type=\"column\" data-e-type=\"column\">\n\t\t\t<div class=\"elementor-widget-wrap elementor-element-populated\">\n\t\t\t\t\t\t<div class=\"elementor-element elementor-element-3c0c007 elementor-widget elementor-widget-text-editor\" data-id=\"3c0c007\" data-element_type=\"widget\" data-e-type=\"widget\" data-widget_type=\"text-editor.default\">\n\t\t\t\t<div class=\"elementor-widget-container\">\n\t\t\t\t\t\t\t\t\t<h5><strong>Para informaci\u00f3n acad\u00e9mica:<\/strong><\/h5>\t\t\t\t\t\t\t\t<\/div>\n\t\t\t\t<\/div>\n\t\t\t\t<div class=\"elementor-element elementor-element-e98acc3 elementor-widget elementor-widget-text-editor\" data-id=\"e98acc3\" data-element_type=\"widget\" data-e-type=\"widget\" data-widget_type=\"text-editor.default\">\n\t\t\t\t<div class=\"elementor-widget-container\">\n\t\t\t\t\t\t\t\t\tJuan Anaya Ojeda\t\t\t\t\t\t\t\t<\/div>\n\t\t\t\t<\/div>\n\t\t\t\t<div class=\"elementor-element elementor-element-e6fd7e6 elementor-widget elementor-widget-text-editor\" data-id=\"e6fd7e6\" data-element_type=\"widget\" data-e-type=\"widget\" data-widget_type=\"text-editor.default\">\n\t\t\t\t<div class=\"elementor-widget-container\">\n\t\t\t\t\t\t\t\t\tjanayaojeda@aisse.coop\t\t\t\t\t\t\t\t<\/div>\n\t\t\t\t<\/div>\n\t\t\t\t\t<\/div>\n\t\t<\/div>\n\t\t\t\t<div class=\"elementor-column elementor-col-50 elementor-inner-column elementor-element elementor-element-b385df7\" data-id=\"b385df7\" data-element_type=\"column\" data-e-type=\"column\">\n\t\t\t<div class=\"elementor-widget-wrap elementor-element-populated\">\n\t\t\t\t\t\t<div class=\"elementor-element elementor-element-acb061f elementor-widget elementor-widget-text-editor\" data-id=\"acb061f\" data-element_type=\"widget\" data-e-type=\"widget\" data-widget_type=\"text-editor.default\">\n\t\t\t\t<div class=\"elementor-widget-container\">\n\t\t\t\t\t\t\t\t\t<h5>Para informaci\u00f3n administrativa:<\/h5><p>\u00c1rea de T\u00edtulos Propios<br \/>Tel: +34 954348963 \/ +34 954349206<br \/>formacionpermanente@upo.es\u00a0<\/p>\t\t\t\t\t\t\t\t<\/div>\n\t\t\t\t<\/div>\n\t\t\t\t\t<\/div>\n\t\t<\/div>\n\t\t\t\t\t<\/div>\n\t\t<\/section>\n\t\t\t\t<section class=\"elementor-section elementor-inner-section elementor-element elementor-element-76700c6 elementor-section-full_width elementor-section-height-default elementor-section-height-default\" data-id=\"76700c6\" data-element_type=\"section\" data-e-type=\"section\" data-settings=\"{&quot;background_background&quot;:&quot;classic&quot;}\">\n\t\t\t\t\t\t<div class=\"elementor-container elementor-column-gap-wider\">\n\t\t\t\t\t<div class=\"elementor-column elementor-col-50 elementor-inner-column elementor-element elementor-element-1de0316\" data-id=\"1de0316\" data-element_type=\"column\" data-e-type=\"column\">\n\t\t\t<div class=\"elementor-widget-wrap elementor-element-populated\">\n\t\t\t\t\t\t<div class=\"elementor-element elementor-element-f79dd04 elementor-widget elementor-widget-image\" data-id=\"f79dd04\" data-element_type=\"widget\" data-e-type=\"widget\" data-widget_type=\"image.default\">\n\t\t\t\t<div class=\"elementor-widget-container\">\n\t\t\t\t\t\t\t\t\t\t\t\t\t\t\t<img loading=\"lazy\" decoding=\"async\" width=\"768\" height=\"353\" src=\"https:\/\/www.upo.es\/formacionpermanente\/wp-content\/imagenes\/uploads\/2024\/02\/Calidad-Web-768x353.png\" class=\"attachment-medium_large size-medium_large wp-image-38133\" alt=\"\" srcset=\"https:\/\/www.upo.es\/formacionpermanente\/wp-content\/imagenes\/uploads\/2024\/02\/Calidad-Web-768x353.png 768w, https:\/\/www.upo.es\/formacionpermanente\/wp-content\/imagenes\/uploads\/2024\/02\/Calidad-Web-300x138.png 300w, https:\/\/www.upo.es\/formacionpermanente\/wp-content\/imagenes\/uploads\/2024\/02\/Calidad-Web.png 800w\" sizes=\"(max-width: 768px) 100vw, 768px\" \/>\t\t\t\t\t\t\t\t\t\t\t\t\t\t\t<\/div>\n\t\t\t\t<\/div>\n\t\t\t\t<div class=\"elementor-element elementor-element-35ae8ce elementor-align-center elementor-widget elementor-widget-button\" data-id=\"35ae8ce\" data-element_type=\"widget\" data-e-type=\"widget\" data-widget_type=\"button.default\">\n\t\t\t\t<div class=\"elementor-widget-container\">\n\t\t\t\t\t\t\t\t\t<div class=\"elementor-button-wrapper\">\n\t\t\t\t\t<a class=\"elementor-button elementor-button-link elementor-size-sm\" href=\"https:\/\/www.upo.es\/formacionpermanente\/wp-content\/imagenes\/uploads\/2024\/09\/calidad-fupo-20242025.pdf\" target=\"_blank\">\n\t\t\t\t\t\t<span class=\"elementor-button-content-wrapper\">\n\t\t\t\t\t\t\t\t\t<span class=\"elementor-button-text\">Ver Certificado<\/span>\n\t\t\t\t\t<\/span>\n\t\t\t\t\t<\/a>\n\t\t\t\t<\/div>\n\t\t\t\t\t\t\t\t<\/div>\n\t\t\t\t<\/div>\n\t\t\t\t\t<\/div>\n\t\t<\/div>\n\t\t\t\t<div class=\"elementor-column elementor-col-50 elementor-inner-column elementor-element elementor-element-ce50d17\" data-id=\"ce50d17\" data-element_type=\"column\" data-e-type=\"column\">\n\t\t\t<div class=\"elementor-widget-wrap elementor-element-populated\">\n\t\t\t\t\t\t<div class=\"elementor-element elementor-element-405ecde elementor-widget elementor-widget-heading\" data-id=\"405ecde\" data-element_type=\"widget\" data-e-type=\"widget\" data-widget_type=\"heading.default\">\n\t\t\t\t<div class=\"elementor-widget-container\">\n\t\t\t\t\t<h3 class=\"elementor-heading-title elementor-size-default\">Certificaci\u00f3n de Calidad - AENOR ISO 9001<\/h3>\t\t\t\t<\/div>\n\t\t\t\t<\/div>\n\t\t\t\t<div class=\"elementor-element elementor-element-701c052 elementor-widget elementor-widget-text-editor\" data-id=\"701c052\" data-element_type=\"widget\" data-e-type=\"widget\" data-widget_type=\"text-editor.default\">\n\t\t\t\t<div class=\"elementor-widget-container\">\n\t\t\t\t\t\t\t\t\t<div data-id=\"5b61699\" data-element_type=\"widget\" data-widget_type=\"text-editor.default\"><div><p>La <strong>Fundaci\u00f3n Universidad Pablo de Olavide<\/strong>, ha asumido su compromiso con la gesti\u00f3n de la calidad desde el a\u00f1o 2003, fecha en la que se obtuvo por primera vez la certificaci\u00f3n de su <strong>Sistema de Gesti\u00f3n de la Calidad<\/strong>. Desde ese momento, se ha apostado por un proceso de mejora continua que ha permitido la evoluci\u00f3n del sistema de gesti\u00f3n de la Fundaci\u00f3n en sus nuevos retos operativos, conforme siempre a los est\u00e1ndares de calidad de la normas ISO.<\/p><p>El alcance del Certificado de Calidad de la Fundaci\u00f3n recoge las actividades de <strong>Gesti\u00f3n de Pr\u00e1cticas Acad\u00e9micas Externas<\/strong> (Curriculares y Extracurriculares) y <strong>Gesti\u00f3n de Formaci\u00f3n Permanente<\/strong> (T\u00edtulos Propios y Microcredenciales).<\/p><\/div><\/div>\t\t\t\t\t\t\t\t<\/div>\n\t\t\t\t<\/div>\n\t\t\t\t\t<\/div>\n\t\t<\/div>\n\t\t\t\t\t<\/div>\n\t\t<\/section>\n\t\t\t\t\t<\/div>\n\t\t<\/div>\n\t\t\t\t<div class=\"elementor-column elementor-col-50 elementor-top-column elementor-element elementor-element-5b8174f\" data-id=\"5b8174f\" data-element_type=\"column\" data-e-type=\"column\" data-settings=\"{&quot;background_background&quot;:&quot;classic&quot;}\">\n\t\t\t<div class=\"elementor-widget-wrap elementor-element-populated\">\n\t\t\t\t\t\t<section class=\"elementor-section elementor-inner-section elementor-element elementor-element-6e1a38a elementor-section-full_width elementor-hidden-tablet elementor-hidden-mobile elementor-section-height-default elementor-section-height-default\" data-id=\"6e1a38a\" data-element_type=\"section\" data-e-type=\"section\" data-settings=\"{&quot;sticky&quot;:&quot;top&quot;,&quot;sticky_on&quot;:[&quot;desktop&quot;],&quot;sticky_parent&quot;:&quot;yes&quot;,&quot;sticky_offset&quot;:50,&quot;sticky_effects_offset&quot;:0,&quot;sticky_anchor_link_offset&quot;:0}\">\n\t\t\t\t\t\t<div class=\"elementor-container elementor-column-gap-no\">\n\t\t\t\t\t<div class=\"elementor-column elementor-col-100 elementor-inner-column elementor-element elementor-element-1471024\" data-id=\"1471024\" data-element_type=\"column\" data-e-type=\"column\">\n\t\t\t<div class=\"elementor-widget-wrap elementor-element-populated\">\n\t\t\t\t\t\t<div class=\"elementor-element elementor-element-6f73706 elementor-align-left elementor-tablet-align-center elementor-hidden-tablet elementor-hidden-mobile elementor-widget elementor-widget-button\" data-id=\"6f73706\" data-element_type=\"widget\" data-e-type=\"widget\" data-widget_type=\"button.default\">\n\t\t\t\t<div class=\"elementor-widget-container\">\n\t\t\t\t\t\t\t\t\t<div class=\"elementor-button-wrapper\">\n\t\t\t\t\t<a class=\"elementor-button elementor-button-link elementor-size-md\" href=\"https:\/\/www.upo.es\/automat-fund\/web\/index.php?r=curso%2Fview&#038;id=866\">\n\t\t\t\t\t\t<span class=\"elementor-button-content-wrapper\">\n\t\t\t\t\t\t\t\t\t<span class=\"elementor-button-text\">Realizar reserva de plaza<\/span>\n\t\t\t\t\t<\/span>\n\t\t\t\t\t<\/a>\n\t\t\t\t<\/div>\n\t\t\t\t\t\t\t\t<\/div>\n\t\t\t\t<\/div>\n\t\t\t\t<div class=\"elementor-element elementor-element-2390cfb elementor-widget elementor-widget-heading\" data-id=\"2390cfb\" data-element_type=\"widget\" data-e-type=\"widget\" data-widget_type=\"heading.default\">\n\t\t\t\t<div class=\"elementor-widget-container\">\n\t\t\t\t\t<h4 class=\"elementor-heading-title elementor-size-default\">Modalidad<\/h4>\t\t\t\t<\/div>\n\t\t\t\t<\/div>\n\t\t\t\t<div class=\"elementor-element elementor-element-6f455f4 elementor-widget elementor-widget-heading\" data-id=\"6f455f4\" data-element_type=\"widget\" data-e-type=\"widget\" data-widget_type=\"heading.default\">\n\t\t\t\t<div class=\"elementor-widget-container\">\n\t\t\t\t\t<h5 class=\"elementor-heading-title elementor-size-default\">Online<\/h5>\t\t\t\t<\/div>\n\t\t\t\t<\/div>\n\t\t\t\t<div class=\"elementor-element elementor-element-734c7a7 elementor-widget elementor-widget-heading\" data-id=\"734c7a7\" data-element_type=\"widget\" data-e-type=\"widget\" data-widget_type=\"heading.default\">\n\t\t\t\t<div class=\"elementor-widget-container\">\n\t\t\t\t\t<h4 class=\"elementor-heading-title elementor-size-default\">Inicio del curso<\/h4>\t\t\t\t<\/div>\n\t\t\t\t<\/div>\n\t\t\t\t<div class=\"elementor-element elementor-element-8265433 elementor-widget elementor-widget-heading\" data-id=\"8265433\" data-element_type=\"widget\" data-e-type=\"widget\" data-widget_type=\"heading.default\">\n\t\t\t\t<div class=\"elementor-widget-container\">\n\t\t\t\t\t<h5 class=\"elementor-heading-title elementor-size-default\">03\/10\/2026<\/h5>\t\t\t\t<\/div>\n\t\t\t\t<\/div>\n\t\t\t\t<div class=\"elementor-element elementor-element-b6a3708 elementor-widget elementor-widget-heading\" data-id=\"b6a3708\" data-element_type=\"widget\" data-e-type=\"widget\" data-widget_type=\"heading.default\">\n\t\t\t\t<div class=\"elementor-widget-container\">\n\t\t\t\t\t<h4 class=\"elementor-heading-title elementor-size-default\">Calendario acad\u00e9mico<\/h4>\t\t\t\t<\/div>\n\t\t\t\t<\/div>\n\t\t\t\t<div class=\"elementor-element elementor-element-d92461d elementor-align-left elementor-widget elementor-widget-button\" data-id=\"d92461d\" data-element_type=\"widget\" data-e-type=\"widget\" data-widget_type=\"button.default\">\n\t\t\t\t<div class=\"elementor-widget-container\">\n\t\t\t\t\t\t\t\t\t<div class=\"elementor-button-wrapper\">\n\t\t\t\t\t<a class=\"elementor-button elementor-button-link elementor-size-md\" href=\"https:\/\/www.upo.es\/formacionpermanente\/wp-content\/imagenes\/uploads\/2026\/01\/M2026-15_Calendario.pdf\">\n\t\t\t\t\t\t<span class=\"elementor-button-content-wrapper\">\n\t\t\t\t\t\t\t\t\t<span class=\"elementor-button-text\">Haz clic aqu\u00ed para consultar<\/span>\n\t\t\t\t\t<\/span>\n\t\t\t\t\t<\/a>\n\t\t\t\t<\/div>\n\t\t\t\t\t\t\t\t<\/div>\n\t\t\t\t<\/div>\n\t\t\t\t<div class=\"elementor-element elementor-element-acd03b8 elementor-widget elementor-widget-heading\" data-id=\"acd03b8\" data-element_type=\"widget\" data-e-type=\"widget\" data-widget_type=\"heading.default\">\n\t\t\t\t<div class=\"elementor-widget-container\">\n\t\t\t\t\t<h4 class=\"elementor-heading-title elementor-size-default\">Cr\u00e9ditos<\/h4>\t\t\t\t<\/div>\n\t\t\t\t<\/div>\n\t\t\t\t<div class=\"elementor-element elementor-element-86fdd1e elementor-widget elementor-widget-heading\" data-id=\"86fdd1e\" data-element_type=\"widget\" data-e-type=\"widget\" data-widget_type=\"heading.default\">\n\t\t\t\t<div class=\"elementor-widget-container\">\n\t\t\t\t\t<h5 class=\"elementor-heading-title elementor-size-default\">120 ECTS<\/h5>\t\t\t\t<\/div>\n\t\t\t\t<\/div>\n\t\t\t\t<div class=\"elementor-element elementor-element-46ee7cd elementor-widget elementor-widget-heading\" data-id=\"46ee7cd\" data-element_type=\"widget\" data-e-type=\"widget\" data-widget_type=\"heading.default\">\n\t\t\t\t<div class=\"elementor-widget-container\">\n\t\t\t\t\t<h4 class=\"elementor-heading-title elementor-size-default\">Precio del curso<\/h4>\t\t\t\t<\/div>\n\t\t\t\t<\/div>\n\t\t\t\t<div class=\"elementor-element elementor-element-1541b9a elementor-widget elementor-widget-heading\" data-id=\"1541b9a\" data-element_type=\"widget\" data-e-type=\"widget\" data-widget_type=\"heading.default\">\n\t\t\t\t<div class=\"elementor-widget-container\">\n\t\t\t\t\t<h5 class=\"elementor-heading-title elementor-size-default\">3.960,00 \u20ac<\/h5>\t\t\t\t<\/div>\n\t\t\t\t<\/div>\n\t\t\t\t<div data-dce-title-color=\"#00335B\" class=\"elementor-element elementor-element-28f6c4f elementor-cta--skin-cover elementor-cta--valign-middle elementor-bg-transform elementor-bg-transform-zoom-out elementor-widget elementor-widget-call-to-action\" data-id=\"28f6c4f\" data-element_type=\"widget\" data-e-type=\"widget\" data-widget_type=\"call-to-action.default\">\n\t\t\t\t<div class=\"elementor-widget-container\">\n\t\t\t\t\t\t\t<a class=\"elementor-cta\" href=\"#elementor-action%3Aaction%3Dpopup%3Aopen%26settings%3DeyJpZCI6IjE5MTA1IiwidG9nZ2xlIjpmYWxzZX0%3D\">\n\t\t\t\t\t<div class=\"elementor-cta__bg-wrapper\">\n\t\t\t\t<div class=\"elementor-cta__bg elementor-bg\" style=\"background-image: url(https:\/\/www.upo.es\/formacionpermanente\/wp-content\/imagenes\/uploads\/2022\/10\/microcredenciales-1.jpg);\" role=\"img\" aria-label=\"microcredenciales-1\"><\/div>\n\t\t\t\t<div class=\"elementor-cta__bg-overlay\"><\/div>\n\t\t\t<\/div>\n\t\t\t\t\t\t\t<div class=\"elementor-cta__content\">\n\t\t\t\t\n\t\t\t\t\t\t\t\t\t<h2 class=\"elementor-cta__title elementor-cta__content-item elementor-content-item\">\n\t\t\t\t\t\t\u00bfNecesitas m\u00e1s informaci\u00f3n?\t\t\t\t\t<\/h2>\n\t\t\t\t\n\t\t\t\t\t\t\t\t\t<div class=\"elementor-cta__description elementor-cta__content-item elementor-content-item\">\n\t\t\t\t\t\t\u00bfTienes alguna duda sobre este t\u00edtulo propio? \u00bfQuieres que te avisemos de la pr\u00f3xima edici\u00f3n?\t\t\t\t\t<\/div>\n\t\t\t\t\n\t\t\t\t\t\t\t\t\t<div class=\"elementor-cta__button-wrapper elementor-cta__content-item elementor-content-item \">\n\t\t\t\t\t<span class=\"elementor-cta__button elementor-button elementor-size-md\">\n\t\t\t\t\t\tContacta con nosotros\t\t\t\t\t<\/span>\n\t\t\t\t\t<\/div>\n\t\t\t\t\t\t\t<\/div>\n\t\t\t\t\t\t<\/a>\n\t\t\t\t\t\t<\/div>\n\t\t\t\t<\/div>\n\t\t\t\t\t<\/div>\n\t\t<\/div>\n\t\t\t\t\t<\/div>\n\t\t<\/section>\n\t\t\t\t<section class=\"elementor-section elementor-inner-section elementor-element elementor-element-6a65c4a elementor-section-full_width elementor-section-content-middle elementor-hidden-desktop elementor-section-height-default elementor-section-height-default\" data-id=\"6a65c4a\" data-element_type=\"section\" data-e-type=\"section\" data-settings=\"{&quot;sticky&quot;:&quot;top&quot;,&quot;sticky_on&quot;:[&quot;desktop&quot;],&quot;sticky_parent&quot;:&quot;yes&quot;,&quot;sticky_offset&quot;:0,&quot;sticky_effects_offset&quot;:0,&quot;sticky_anchor_link_offset&quot;:0}\">\n\t\t\t\t\t\t<div class=\"elementor-container elementor-column-gap-extended\">\n\t\t\t\t\t<div class=\"elementor-column elementor-col-25 elementor-inner-column elementor-element elementor-element-743f546\" data-id=\"743f546\" data-element_type=\"column\" data-e-type=\"column\">\n\t\t\t<div class=\"elementor-widget-wrap elementor-element-populated\">\n\t\t\t\t\t\t<div class=\"elementor-element elementor-element-d4dc1b9 elementor-widget elementor-widget-heading\" data-id=\"d4dc1b9\" data-element_type=\"widget\" data-e-type=\"widget\" data-widget_type=\"heading.default\">\n\t\t\t\t<div class=\"elementor-widget-container\">\n\t\t\t\t\t<h4 class=\"elementor-heading-title elementor-size-default\">Modalidad<\/h4>\t\t\t\t<\/div>\n\t\t\t\t<\/div>\n\t\t\t\t<div class=\"elementor-element elementor-element-da1942f elementor-widget elementor-widget-heading\" data-id=\"da1942f\" data-element_type=\"widget\" data-e-type=\"widget\" data-widget_type=\"heading.default\">\n\t\t\t\t<div class=\"elementor-widget-container\">\n\t\t\t\t\t<h5 class=\"elementor-heading-title elementor-size-default\">Online<\/h5>\t\t\t\t<\/div>\n\t\t\t\t<\/div>\n\t\t\t\t\t<\/div>\n\t\t<\/div>\n\t\t\t\t<div class=\"elementor-column elementor-col-25 elementor-inner-column elementor-element elementor-element-36b9e27\" data-id=\"36b9e27\" data-element_type=\"column\" data-e-type=\"column\">\n\t\t\t<div class=\"elementor-widget-wrap elementor-element-populated\">\n\t\t\t\t\t\t<div class=\"elementor-element elementor-element-3849fda elementor-widget elementor-widget-heading\" data-id=\"3849fda\" data-element_type=\"widget\" data-e-type=\"widget\" data-widget_type=\"heading.default\">\n\t\t\t\t<div class=\"elementor-widget-container\">\n\t\t\t\t\t<h4 class=\"elementor-heading-title elementor-size-default\">Inicio del curso<\/h4>\t\t\t\t<\/div>\n\t\t\t\t<\/div>\n\t\t\t\t<div class=\"elementor-element elementor-element-ffcedbe elementor-widget elementor-widget-heading\" data-id=\"ffcedbe\" data-element_type=\"widget\" data-e-type=\"widget\" data-widget_type=\"heading.default\">\n\t\t\t\t<div class=\"elementor-widget-container\">\n\t\t\t\t\t<h5 class=\"elementor-heading-title elementor-size-default\">03\/10\/2026<\/h5>\t\t\t\t<\/div>\n\t\t\t\t<\/div>\n\t\t\t\t<div class=\"elementor-element elementor-element-43a15b0 elementor-mobile-align-center elementor-widget elementor-widget-button\" data-id=\"43a15b0\" data-element_type=\"widget\" data-e-type=\"widget\" data-widget_type=\"button.default\">\n\t\t\t\t<div class=\"elementor-widget-container\">\n\t\t\t\t\t\t\t\t\t<div class=\"elementor-button-wrapper\">\n\t\t\t\t\t<a class=\"elementor-button elementor-button-link elementor-size-sm\" href=\"https:\/\/www.upo.es\/formacionpermanente\/wp-content\/imagenes\/uploads\/2026\/01\/M2026-15_Calendario.pdf\">\n\t\t\t\t\t\t<span class=\"elementor-button-content-wrapper\">\n\t\t\t\t\t\t\t\t\t<span class=\"elementor-button-text\">Consultar calendario<\/span>\n\t\t\t\t\t<\/span>\n\t\t\t\t\t<\/a>\n\t\t\t\t<\/div>\n\t\t\t\t\t\t\t\t<\/div>\n\t\t\t\t<\/div>\n\t\t\t\t\t<\/div>\n\t\t<\/div>\n\t\t\t\t<div class=\"elementor-column elementor-col-25 elementor-inner-column elementor-element elementor-element-35dc1b1\" data-id=\"35dc1b1\" data-element_type=\"column\" data-e-type=\"column\">\n\t\t\t<div class=\"elementor-widget-wrap elementor-element-populated\">\n\t\t\t\t\t\t<div class=\"elementor-element elementor-element-ffeee91 elementor-widget elementor-widget-heading\" data-id=\"ffeee91\" data-element_type=\"widget\" data-e-type=\"widget\" data-widget_type=\"heading.default\">\n\t\t\t\t<div class=\"elementor-widget-container\">\n\t\t\t\t\t<h4 class=\"elementor-heading-title elementor-size-default\">Cr\u00e9ditos<\/h4>\t\t\t\t<\/div>\n\t\t\t\t<\/div>\n\t\t\t\t<div class=\"elementor-element elementor-element-e4a3d45 elementor-widget elementor-widget-heading\" data-id=\"e4a3d45\" data-element_type=\"widget\" data-e-type=\"widget\" data-widget_type=\"heading.default\">\n\t\t\t\t<div class=\"elementor-widget-container\">\n\t\t\t\t\t<h5 class=\"elementor-heading-title elementor-size-default\">120 ECTS<\/h5>\t\t\t\t<\/div>\n\t\t\t\t<\/div>\n\t\t\t\t\t<\/div>\n\t\t<\/div>\n\t\t\t\t<div class=\"elementor-column elementor-col-25 elementor-inner-column elementor-element elementor-element-a0e86f7\" data-id=\"a0e86f7\" data-element_type=\"column\" data-e-type=\"column\">\n\t\t\t<div class=\"elementor-widget-wrap elementor-element-populated\">\n\t\t\t\t\t\t<div class=\"elementor-element elementor-element-bdb081f elementor-widget elementor-widget-heading\" data-id=\"bdb081f\" data-element_type=\"widget\" data-e-type=\"widget\" data-widget_type=\"heading.default\">\n\t\t\t\t<div class=\"elementor-widget-container\">\n\t\t\t\t\t<h4 class=\"elementor-heading-title elementor-size-default\">Precio del curso<\/h4>\t\t\t\t<\/div>\n\t\t\t\t<\/div>\n\t\t\t\t<div class=\"elementor-element elementor-element-4ce9f6a elementor-widget elementor-widget-heading\" data-id=\"4ce9f6a\" data-element_type=\"widget\" data-e-type=\"widget\" data-widget_type=\"heading.default\">\n\t\t\t\t<div class=\"elementor-widget-container\">\n\t\t\t\t\t<h5 class=\"elementor-heading-title elementor-size-default\">3.960,00<\/h5>\t\t\t\t<\/div>\n\t\t\t\t<\/div>\n\t\t\t\t\t<\/div>\n\t\t<\/div>\n\t\t\t\t\t<\/div>\n\t\t<\/section>\n\t\t\t\t\t<\/div>\n\t\t<\/div>\n\t\t\t\t\t<\/div>\n\t\t<\/section>\n\t\t\t\t<section class=\"elementor-section elementor-top-section elementor-element elementor-element-567d2259 elementor-section-full_width elementor-hidden-desktop elementor-section-height-default elementor-section-height-default\" data-id=\"567d2259\" data-element_type=\"section\" data-e-type=\"section\">\n\t\t\t\t\t\t<div class=\"elementor-container elementor-column-gap-default\">\n\t\t\t\t\t<div class=\"elementor-column elementor-col-100 elementor-top-column elementor-element elementor-element-69ca51b1\" data-id=\"69ca51b1\" data-element_type=\"column\" data-e-type=\"column\">\n\t\t\t<div class=\"elementor-widget-wrap elementor-element-populated\">\n\t\t\t\t\t\t<div class=\"elementor-element elementor-element-54e60b6f elementor-align-center elementor-tablet-align-center elementor-widget elementor-widget-button\" data-id=\"54e60b6f\" data-element_type=\"widget\" data-e-type=\"widget\" data-settings=\"{&quot;sticky&quot;:&quot;bottom&quot;,&quot;sticky_on&quot;:[&quot;tablet&quot;,&quot;mobile&quot;],&quot;sticky_offset_tablet&quot;:80,&quot;sticky_offset_mobile&quot;:50,&quot;sticky_offset&quot;:0,&quot;sticky_effects_offset&quot;:0,&quot;sticky_anchor_link_offset&quot;:0}\" data-widget_type=\"button.default\">\n\t\t\t\t<div class=\"elementor-widget-container\">\n\t\t\t\t\t\t\t\t\t<div class=\"elementor-button-wrapper\">\n\t\t\t\t\t<a class=\"elementor-button elementor-button-link elementor-size-lg\" href=\"https:\/\/www.upo.es\/automat-fund\/web\/index.php?r=curso%2Fview&#038;id=866\">\n\t\t\t\t\t\t<span class=\"elementor-button-content-wrapper\">\n\t\t\t\t\t\t\t\t\t<span class=\"elementor-button-text\">Realizar reserva de plaza<\/span>\n\t\t\t\t\t<\/span>\n\t\t\t\t\t<\/a>\n\t\t\t\t<\/div>\n\t\t\t\t\t\t\t\t<\/div>\n\t\t\t\t<\/div>\n\t\t\t\t\t<\/div>\n\t\t<\/div>\n\t\t\t\t\t<\/div>\n\t\t<\/section>\n\t\t\t\t<section class=\"elementor-section elementor-top-section elementor-element elementor-element-71bd819 elementor-section-full_width elementor-section-height-default elementor-section-height-default\" data-id=\"71bd819\" data-element_type=\"section\" data-e-type=\"section\">\n\t\t\t\t\t\t<div class=\"elementor-container elementor-column-gap-wide\">\n\t\t\t\t\t<div class=\"elementor-column elementor-col-100 elementor-top-column elementor-element elementor-element-754afa7\" data-id=\"754afa7\" data-element_type=\"column\" data-e-type=\"column\">\n\t\t\t<div class=\"elementor-widget-wrap elementor-element-populated\">\n\t\t\t\t\t\t<div class=\"elementor-element elementor-element-592efcb elementor-hidden-desktop elementor-widget elementor-widget-text-editor\" data-id=\"592efcb\" data-element_type=\"widget\" data-e-type=\"widget\" data-widget_type=\"text-editor.default\">\n\t\t\t\t<div class=\"elementor-widget-container\">\n\t\t\t\t\t\t\t\t\t<p><em>Para consultar la informaci\u00f3n completa de este T\u00edtulo Propio, por favor visite esta web en un ordenador de escritorio.<\/em><\/p>\t\t\t\t\t\t\t\t<\/div>\n\t\t\t\t<\/div>\n\t\t\t\t\t<\/div>\n\t\t<\/div>\n\t\t\t\t\t<\/div>\n\t\t<\/section>\n\t\t\t\t<\/div>\n\t\t","protected":false},"featured_media":5993,"parent":0,"template":"","meta":{"_acf_changed":false,"site-sidebar-layout":"no-sidebar","site-content-layout":"page-builder","ast-site-content-layout":"full-width-container","site-content-style":"unboxed","site-sidebar-style":"unboxed","ast-global-header-display":"","ast-banner-title-visibility":"disabled","ast-main-header-display":"disabled","ast-hfb-above-header-display":"disabled","ast-hfb-below-header-display":"","ast-hfb-mobile-header-display":"disabled","site-post-title":"disabled","ast-breadcrumbs-content":"disabled","ast-featured-img":"disabled","footer-sml-layout":"disabled","ast-disable-related-posts":"","theme-transparent-header-meta":"default","adv-header-id-meta":"","stick-header-meta":"default","header-above-stick-meta":"","header-main-stick-meta":"","header-below-stick-meta":"","astra-migrate-meta-layouts":"set","ast-page-background-enabled":"default","ast-page-background-meta":{"desktop":{"background-color":"var(--ast-global-color-4)","background-image":"","background-repeat":"repeat","background-position":"center center","background-size":"auto","background-attachment":"scroll","background-type":"","background-media":"","overlay-type":"","overlay-color":"","overlay-opacity":"","overlay-gradient":""},"tablet":{"background-color":"","background-image":"","background-repeat":"repeat","background-position":"center center","background-size":"auto","background-attachment":"scroll","background-type":"","background-media":"","overlay-type":"","overlay-color":"","overlay-opacity":"","overlay-gradient":""},"mobile":{"background-color":"","background-image":"","background-repeat":"repeat","background-position":"center center","background-size":"auto","background-attachment":"scroll","background-type":"","background-media":"","overlay-type":"","overlay-color":"","overlay-opacity":"","overlay-gradient":""}},"ast-content-background-meta":{"desktop":{"background-color":"var(--ast-global-color-5)","background-image":"","background-repeat":"repeat","background-position":"center center","background-size":"auto","background-attachment":"scroll","background-type":"","background-media":"","overlay-type":"","overlay-color":"","overlay-opacity":"","overlay-gradient":""},"tablet":{"background-color":"var(--ast-global-color-5)","background-image":"","background-repeat":"repeat","background-position":"center center","background-size":"auto","background-attachment":"scroll","background-type":"","background-media":"","overlay-type":"","overlay-color":"","overlay-opacity":"","overlay-gradient":""},"mobile":{"background-color":"var(--ast-global-color-5)","background-image":"","background-repeat":"repeat","background-position":"center center","background-size":"auto","background-attachment":"scroll","background-type":"","background-media":"","overlay-type":"","overlay-color":"","overlay-opacity":"","overlay-gradient":""}}},"categories":[785,50],"tags":[809],"titulos_propios":[],"class_list":["post-51762","master-fp","type-master-fp","status-publish","has-post-thumbnail","hentry","category-2026-2027","category-matricula-abierta","tag-m2026-15"],"acf":[],"yoast_head":"<!-- This site is optimized with the Yoast SEO plugin v27.5 - https:\/\/yoast.com\/product\/yoast-seo-wordpress\/ -->\n<title>M\u00e1ster Neurofisioterapia<\/title>\n<meta name=\"description\" content=\"Este M\u00e1ster de Formaci\u00f3n Permanente en Neurofisioterapia tiene como objetivo principal que el alumnado conozca...\" \/>\n<meta name=\"robots\" content=\"index, follow, max-snippet:-1, max-image-preview:large, max-video-preview:-1\" \/>\n<link rel=\"canonical\" href=\"https:\/\/www.upo.es\/formacionpermanente\/master-formacion-permanente\/neurofisioterapia\/\" \/>\n<meta property=\"og:locale\" content=\"es_ES\" \/>\n<meta property=\"og:type\" content=\"article\" \/>\n<meta property=\"og:title\" content=\"M\u00e1ster Neurofisioterapia\" \/>\n<meta property=\"og:description\" content=\"Este M\u00e1ster de Formaci\u00f3n Permanente en Neurofisioterapia tiene como objetivo principal que el alumnado conozca...\" \/>\n<meta property=\"og:url\" content=\"https:\/\/www.upo.es\/formacionpermanente\/master-formacion-permanente\/neurofisioterapia\/\" \/>\n<meta property=\"og:site_name\" content=\"Formaci\u00f3n Permanente UPO\" \/>\n<meta property=\"article:modified_time\" content=\"2026-02-16T12:15:58+00:00\" \/>\n<meta property=\"og:image\" content=\"https:\/\/www.upo.es\/formacionpermanente\/wp-content\/imagenes\/uploads\/AdobeStock_292233390-min-1024x683.jpeg\" \/>\n\t<meta property=\"og:image:width\" content=\"1024\" \/>\n\t<meta property=\"og:image:height\" content=\"683\" \/>\n\t<meta property=\"og:image:type\" content=\"image\/jpeg\" \/>\n<meta name=\"twitter:card\" content=\"summary_large_image\" \/>\n<meta name=\"twitter:label1\" content=\"Tiempo de lectura\" \/>\n\t<meta name=\"twitter:data1\" content=\"4 minutos\" \/>\n<script type=\"application\/ld+json\" class=\"yoast-schema-graph\">{\"@context\":\"https:\\\/\\\/schema.org\",\"@graph\":[{\"@type\":\"WebPage\",\"@id\":\"https:\\\/\\\/www.upo.es\\\/formacionpermanente\\\/master-formacion-permanente\\\/neurofisioterapia\\\/\",\"url\":\"https:\\\/\\\/www.upo.es\\\/formacionpermanente\\\/master-formacion-permanente\\\/neurofisioterapia\\\/\",\"name\":\"M\u00e1ster Neurofisioterapia\",\"isPartOf\":{\"@id\":\"https:\\\/\\\/www.upo.es\\\/formacionpermanente\\\/#website\"},\"primaryImageOfPage\":{\"@id\":\"https:\\\/\\\/www.upo.es\\\/formacionpermanente\\\/master-formacion-permanente\\\/neurofisioterapia\\\/#primaryimage\"},\"image\":{\"@id\":\"https:\\\/\\\/www.upo.es\\\/formacionpermanente\\\/master-formacion-permanente\\\/neurofisioterapia\\\/#primaryimage\"},\"thumbnailUrl\":\"https:\\\/\\\/www.upo.es\\\/formacionpermanente\\\/wp-content\\\/imagenes\\\/uploads\\\/AdobeStock_292233390-min.jpeg\",\"datePublished\":\"2026-01-29T10:57:08+00:00\",\"dateModified\":\"2026-02-16T12:15:58+00:00\",\"description\":\"Este M\u00e1ster de Formaci\u00f3n Permanente en Neurofisioterapia tiene como objetivo principal que el alumnado conozca...\",\"breadcrumb\":{\"@id\":\"https:\\\/\\\/www.upo.es\\\/formacionpermanente\\\/master-formacion-permanente\\\/neurofisioterapia\\\/#breadcrumb\"},\"inLanguage\":\"es\",\"potentialAction\":[{\"@type\":\"ReadAction\",\"target\":[\"https:\\\/\\\/www.upo.es\\\/formacionpermanente\\\/master-formacion-permanente\\\/neurofisioterapia\\\/\"]}]},{\"@type\":\"ImageObject\",\"inLanguage\":\"es\",\"@id\":\"https:\\\/\\\/www.upo.es\\\/formacionpermanente\\\/master-formacion-permanente\\\/neurofisioterapia\\\/#primaryimage\",\"url\":\"https:\\\/\\\/www.upo.es\\\/formacionpermanente\\\/wp-content\\\/imagenes\\\/uploads\\\/AdobeStock_292233390-min.jpeg\",\"contentUrl\":\"https:\\\/\\\/www.upo.es\\\/formacionpermanente\\\/wp-content\\\/imagenes\\\/uploads\\\/AdobeStock_292233390-min.jpeg\",\"width\":8688,\"height\":5792,\"caption\":\"M\u00e1ster de Formaci\u00f3n Permanente en Neurofisioterapia\"},{\"@type\":\"BreadcrumbList\",\"@id\":\"https:\\\/\\\/www.upo.es\\\/formacionpermanente\\\/master-formacion-permanente\\\/neurofisioterapia\\\/#breadcrumb\",\"itemListElement\":[{\"@type\":\"ListItem\",\"position\":1,\"name\":\"Portada\",\"item\":\"https:\\\/\\\/www.upo.es\\\/formacionpermanente\\\/\"},{\"@type\":\"ListItem\",\"position\":2,\"name\":\"Neurofisioterapia\"}]},{\"@type\":\"WebSite\",\"@id\":\"https:\\\/\\\/www.upo.es\\\/formacionpermanente\\\/#website\",\"url\":\"https:\\\/\\\/www.upo.es\\\/formacionpermanente\\\/\",\"name\":\"Formaci\u00f3n Permanente UPO\",\"description\":\"T\u00edtulos Propios, Microcredenciales, Cursos de Verano\",\"publisher\":{\"@id\":\"https:\\\/\\\/www.upo.es\\\/formacionpermanente\\\/#organization\"},\"potentialAction\":[{\"@type\":\"SearchAction\",\"target\":{\"@type\":\"EntryPoint\",\"urlTemplate\":\"https:\\\/\\\/www.upo.es\\\/formacionpermanente\\\/?s={search_term_string}\"},\"query-input\":{\"@type\":\"PropertyValueSpecification\",\"valueRequired\":true,\"valueName\":\"search_term_string\"}}],\"inLanguage\":\"es\"},{\"@type\":\"Organization\",\"@id\":\"https:\\\/\\\/www.upo.es\\\/formacionpermanente\\\/#organization\",\"name\":\"Formaci\u00f3n Permanente Universidad Pablo de Olavide\",\"alternateName\":\"Formaci\u00f3n Permanente UPO\",\"url\":\"https:\\\/\\\/www.upo.es\\\/formacionpermanente\\\/\",\"logo\":{\"@type\":\"ImageObject\",\"inLanguage\":\"es\",\"@id\":\"https:\\\/\\\/www.upo.es\\\/formacionpermanente\\\/#\\\/schema\\\/logo\\\/image\\\/\",\"url\":\"https:\\\/\\\/www.upo.es\\\/formacionpermanente\\\/wp-content\\\/imagenes\\\/uploads\\\/2023\\\/02\\\/Logo-UPO-azul-amarillo-horizontal.png\",\"contentUrl\":\"https:\\\/\\\/www.upo.es\\\/formacionpermanente\\\/wp-content\\\/imagenes\\\/uploads\\\/2023\\\/02\\\/Logo-UPO-azul-amarillo-horizontal.png\",\"width\":1000,\"height\":407,\"caption\":\"Formaci\u00f3n Permanente Universidad Pablo de Olavide\"},\"image\":{\"@id\":\"https:\\\/\\\/www.upo.es\\\/formacionpermanente\\\/#\\\/schema\\\/logo\\\/image\\\/\"}}]}<\/script>\n<!-- \/ Yoast SEO plugin. -->","yoast_head_json":{"title":"M\u00e1ster Neurofisioterapia","description":"Este M\u00e1ster de Formaci\u00f3n Permanente en Neurofisioterapia tiene como objetivo principal que el alumnado conozca...","robots":{"index":"index","follow":"follow","max-snippet":"max-snippet:-1","max-image-preview":"max-image-preview:large","max-video-preview":"max-video-preview:-1"},"canonical":"https:\/\/www.upo.es\/formacionpermanente\/master-formacion-permanente\/neurofisioterapia\/","og_locale":"es_ES","og_type":"article","og_title":"M\u00e1ster Neurofisioterapia","og_description":"Este M\u00e1ster de Formaci\u00f3n Permanente en Neurofisioterapia tiene como objetivo principal que el alumnado conozca...","og_url":"https:\/\/www.upo.es\/formacionpermanente\/master-formacion-permanente\/neurofisioterapia\/","og_site_name":"Formaci\u00f3n Permanente UPO","article_modified_time":"2026-02-16T12:15:58+00:00","og_image":[{"width":1024,"height":683,"url":"https:\/\/www.upo.es\/formacionpermanente\/wp-content\/imagenes\/uploads\/AdobeStock_292233390-min-1024x683.jpeg","type":"image\/jpeg"}],"twitter_card":"summary_large_image","twitter_misc":{"Tiempo de lectura":"4 minutos"},"schema":{"@context":"https:\/\/schema.org","@graph":[{"@type":"WebPage","@id":"https:\/\/www.upo.es\/formacionpermanente\/master-formacion-permanente\/neurofisioterapia\/","url":"https:\/\/www.upo.es\/formacionpermanente\/master-formacion-permanente\/neurofisioterapia\/","name":"M\u00e1ster Neurofisioterapia","isPartOf":{"@id":"https:\/\/www.upo.es\/formacionpermanente\/#website"},"primaryImageOfPage":{"@id":"https:\/\/www.upo.es\/formacionpermanente\/master-formacion-permanente\/neurofisioterapia\/#primaryimage"},"image":{"@id":"https:\/\/www.upo.es\/formacionpermanente\/master-formacion-permanente\/neurofisioterapia\/#primaryimage"},"thumbnailUrl":"https:\/\/www.upo.es\/formacionpermanente\/wp-content\/imagenes\/uploads\/AdobeStock_292233390-min.jpeg","datePublished":"2026-01-29T10:57:08+00:00","dateModified":"2026-02-16T12:15:58+00:00","description":"Este M\u00e1ster de Formaci\u00f3n Permanente en Neurofisioterapia tiene como objetivo principal que el alumnado conozca...","breadcrumb":{"@id":"https:\/\/www.upo.es\/formacionpermanente\/master-formacion-permanente\/neurofisioterapia\/#breadcrumb"},"inLanguage":"es","potentialAction":[{"@type":"ReadAction","target":["https:\/\/www.upo.es\/formacionpermanente\/master-formacion-permanente\/neurofisioterapia\/"]}]},{"@type":"ImageObject","inLanguage":"es","@id":"https:\/\/www.upo.es\/formacionpermanente\/master-formacion-permanente\/neurofisioterapia\/#primaryimage","url":"https:\/\/www.upo.es\/formacionpermanente\/wp-content\/imagenes\/uploads\/AdobeStock_292233390-min.jpeg","contentUrl":"https:\/\/www.upo.es\/formacionpermanente\/wp-content\/imagenes\/uploads\/AdobeStock_292233390-min.jpeg","width":8688,"height":5792,"caption":"M\u00e1ster de Formaci\u00f3n Permanente en Neurofisioterapia"},{"@type":"BreadcrumbList","@id":"https:\/\/www.upo.es\/formacionpermanente\/master-formacion-permanente\/neurofisioterapia\/#breadcrumb","itemListElement":[{"@type":"ListItem","position":1,"name":"Portada","item":"https:\/\/www.upo.es\/formacionpermanente\/"},{"@type":"ListItem","position":2,"name":"Neurofisioterapia"}]},{"@type":"WebSite","@id":"https:\/\/www.upo.es\/formacionpermanente\/#website","url":"https:\/\/www.upo.es\/formacionpermanente\/","name":"Formaci\u00f3n Permanente UPO","description":"T\u00edtulos Propios, Microcredenciales, Cursos de Verano","publisher":{"@id":"https:\/\/www.upo.es\/formacionpermanente\/#organization"},"potentialAction":[{"@type":"SearchAction","target":{"@type":"EntryPoint","urlTemplate":"https:\/\/www.upo.es\/formacionpermanente\/?s={search_term_string}"},"query-input":{"@type":"PropertyValueSpecification","valueRequired":true,"valueName":"search_term_string"}}],"inLanguage":"es"},{"@type":"Organization","@id":"https:\/\/www.upo.es\/formacionpermanente\/#organization","name":"Formaci\u00f3n Permanente Universidad Pablo de Olavide","alternateName":"Formaci\u00f3n Permanente UPO","url":"https:\/\/www.upo.es\/formacionpermanente\/","logo":{"@type":"ImageObject","inLanguage":"es","@id":"https:\/\/www.upo.es\/formacionpermanente\/#\/schema\/logo\/image\/","url":"https:\/\/www.upo.es\/formacionpermanente\/wp-content\/imagenes\/uploads\/2023\/02\/Logo-UPO-azul-amarillo-horizontal.png","contentUrl":"https:\/\/www.upo.es\/formacionpermanente\/wp-content\/imagenes\/uploads\/2023\/02\/Logo-UPO-azul-amarillo-horizontal.png","width":1000,"height":407,"caption":"Formaci\u00f3n Permanente Universidad Pablo de Olavide"},"image":{"@id":"https:\/\/www.upo.es\/formacionpermanente\/#\/schema\/logo\/image\/"}}]}},"_links":{"self":[{"href":"https:\/\/www.upo.es\/formacionpermanente\/wp-json\/wp\/v2\/master-fp\/51762","targetHints":{"allow":["GET"]}}],"collection":[{"href":"https:\/\/www.upo.es\/formacionpermanente\/wp-json\/wp\/v2\/master-fp"}],"about":[{"href":"https:\/\/www.upo.es\/formacionpermanente\/wp-json\/wp\/v2\/types\/master-fp"}],"version-history":[{"count":23,"href":"https:\/\/www.upo.es\/formacionpermanente\/wp-json\/wp\/v2\/master-fp\/51762\/revisions"}],"predecessor-version":[{"id":52977,"href":"https:\/\/www.upo.es\/formacionpermanente\/wp-json\/wp\/v2\/master-fp\/51762\/revisions\/52977"}],"wp:featuredmedia":[{"embeddable":true,"href":"https:\/\/www.upo.es\/formacionpermanente\/wp-json\/wp\/v2\/media\/5993"}],"wp:attachment":[{"href":"https:\/\/www.upo.es\/formacionpermanente\/wp-json\/wp\/v2\/media?parent=51762"}],"wp:term":[{"taxonomy":"category","embeddable":true,"href":"https:\/\/www.upo.es\/formacionpermanente\/wp-json\/wp\/v2\/categories?post=51762"},{"taxonomy":"post_tag","embeddable":true,"href":"https:\/\/www.upo.es\/formacionpermanente\/wp-json\/wp\/v2\/tags?post=51762"},{"taxonomy":"titulos_propios","embeddable":true,"href":"https:\/\/www.upo.es\/formacionpermanente\/wp-json\/wp\/v2\/titulos_propios?post=51762"}],"curies":[{"name":"wp","href":"https:\/\/api.w.org\/{rel}","templated":true}]}}