{"id":47526,"date":"2025-07-07T12:30:45","date_gmt":"2025-07-07T10:30:45","guid":{"rendered":"https:\/\/www.upo.es\/formacionpermanente\/?post_type=microcredenciales&#038;p=47526"},"modified":"2025-10-14T09:45:01","modified_gmt":"2025-10-14T07:45:01","slug":"competencias-profesionales-en-cooperacion-internacional-para-el-desarrollo","status":"publish","type":"microcredenciales","link":"https:\/\/www.upo.es\/formacionpermanente\/microcredenciales\/competencias-profesionales-en-cooperacion-internacional-para-el-desarrollo\/","title":{"rendered":"Competencias Profesionales en Cooperaci\u00f3n Internacional para el Desarrollo"},"content":{"rendered":"\t\t<div data-elementor-type=\"wp-post\" data-elementor-id=\"47526\" class=\"elementor elementor-47526\" data-elementor-post-type=\"microcredenciales\">\n\t\t\t\t\t\t<section data-dce-background-image-url=\"https:\/\/www.upo.es\/formacionpermanente\/wp-content\/imagenes\/uploads\/2025\/07\/foto-fondo.jpeg\" class=\"elementor-section elementor-top-section elementor-element elementor-element-50c9a733 elementor-section-height-min-height elementor-section-boxed elementor-section-height-default elementor-section-items-middle\" data-id=\"50c9a733\" data-element_type=\"section\" data-e-type=\"section\" data-settings=\"{&quot;background_background&quot;:&quot;classic&quot;}\">\n\t\t\t\t\t\t\t<div class=\"elementor-background-overlay\"><\/div>\n\t\t\t\t\t\t\t<div class=\"elementor-container elementor-column-gap-default\">\n\t\t\t\t\t<div class=\"elementor-column elementor-col-100 elementor-top-column elementor-element elementor-element-677d2bb0\" data-id=\"677d2bb0\" data-element_type=\"column\" data-e-type=\"column\">\n\t\t\t<div class=\"elementor-widget-wrap elementor-element-populated\">\n\t\t\t\t\t\t<section class=\"elementor-section elementor-inner-section elementor-element elementor-element-3f3ea22d elementor-section-boxed elementor-section-height-default elementor-section-height-default\" data-id=\"3f3ea22d\" data-element_type=\"section\" data-e-type=\"section\">\n\t\t\t\t\t\t<div class=\"elementor-container elementor-column-gap-default\">\n\t\t\t\t\t<div class=\"elementor-column elementor-col-100 elementor-inner-column elementor-element elementor-element-7115a88\" data-id=\"7115a88\" data-element_type=\"column\" data-e-type=\"column\">\n\t\t\t<div class=\"elementor-widget-wrap elementor-element-populated\">\n\t\t\t\t\t\t<div class=\"elementor-element elementor-element-6789a89d elementor-widget elementor-widget-elementskit-heading\" data-id=\"6789a89d\" data-element_type=\"widget\" data-e-type=\"widget\" data-widget_type=\"elementskit-heading.default\">\n\t\t\t\t<div class=\"elementor-widget-container\">\n\t\t\t\t\t<div class=\"ekit-wid-con\" ><div class=\"ekit-heading elementskit-section-title-wraper text_left   ekit_heading_tablet-   ekit_heading_mobile-\"><h3 class=\"elementskit-section-subtitle  \">\n\t\t\t\t\t\tMicrocredencial\n\t\t\t\t\t<\/h3>\t\t\t\t<div class='ekit-heading__description'>\n\t\t\t\t\t<p>I Ed.<\/p>\n\t\t\t\t<\/div>\n\t\t\t<\/div><\/div>\t\t\t\t<\/div>\n\t\t\t\t<\/div>\n\t\t\t\t\t<\/div>\n\t\t<\/div>\n\t\t\t\t\t<\/div>\n\t\t<\/section>\n\t\t\t\t<div class=\"elementor-element elementor-element-f82948c elementor-align-left elementor-widget elementor-widget-global elementor-global-12362 elementor-widget-button\" data-id=\"f82948c\" data-element_type=\"widget\" data-e-type=\"widget\" data-widget_type=\"button.default\">\n\t\t\t\t<div class=\"elementor-widget-container\">\n\t\t\t\t\t\t\t\t\t<div class=\"elementor-button-wrapper\">\n\t\t\t\t\t<a class=\"elementor-button elementor-button-link elementor-size-sm\" href=\"#\">\n\t\t\t\t\t\t<span class=\"elementor-button-content-wrapper\">\n\t\t\t\t\t\t\t\t\t<span class=\"elementor-button-text\">Matr\u00edcula cerrada<\/span>\n\t\t\t\t\t<\/span>\n\t\t\t\t\t<\/a>\n\t\t\t\t<\/div>\n\t\t\t\t\t\t\t\t<\/div>\n\t\t\t\t<\/div>\n\t\t\t\t\t<\/div>\n\t\t<\/div>\n\t\t\t\t\t<\/div>\n\t\t<\/section>\n\t\t\t\t<section class=\"elementor-section elementor-top-section elementor-element elementor-element-61ae55ab elementor-section-full_width elementor-section-content-top elementor-section-height-min-height elementor-section-items-top elementor-section-height-default\" data-id=\"61ae55ab\" data-element_type=\"section\" data-e-type=\"section\" data-settings=\"{&quot;background_background&quot;:&quot;classic&quot;,&quot;sticky&quot;:&quot;top&quot;,&quot;sticky_on&quot;:[&quot;desktop&quot;,&quot;tablet&quot;],&quot;sticky_offset&quot;:0,&quot;sticky_effects_offset&quot;:0,&quot;sticky_anchor_link_offset&quot;:0}\">\n\t\t\t\t\t\t<div class=\"elementor-container elementor-column-gap-default\">\n\t\t\t\t\t<div class=\"elementor-column elementor-col-12 elementor-top-column elementor-element elementor-element-6c2acc77 elementor-hidden-mobile\" data-id=\"6c2acc77\" data-element_type=\"column\" data-e-type=\"column\">\n\t\t\t<div class=\"elementor-widget-wrap\">\n\t\t\t\t\t\t\t<\/div>\n\t\t<\/div>\n\t\t\t\t<div class=\"elementor-column elementor-col-12 elementor-top-column elementor-element elementor-element-f184948\" data-id=\"f184948\" data-element_type=\"column\" data-e-type=\"column\">\n\t\t\t<div class=\"elementor-widget-wrap elementor-element-populated\">\n\t\t\t\t\t\t<div class=\"elementor-element elementor-element-f3a42da ekit-equal-height-disable elementor-widget elementor-widget-elementskit-icon-box\" data-id=\"f3a42da\" data-element_type=\"widget\" data-e-type=\"widget\" data-widget_type=\"elementskit-icon-box.default\">\n\t\t\t\t<div class=\"elementor-widget-container\">\n\t\t\t\t\t<div class=\"ekit-wid-con\" >        <!-- link opening -->\n                <a href=\"#\" class=\"ekit_global_links\">\n                <!-- end link opening -->\n\n        <div class=\"elementskit-infobox text-center text- icon-top-align elementor-animation-   \">\n                    <div class=\"elementskit-box-header elementor-animation-\">\n                <div class=\"elementskit-info-box-icon  \">\n                    <i aria-hidden=\"true\" class=\"elementkit-infobox-icon icon icon-internet\"><\/i>\n                <\/div>\n          <\/div>\n                        <div class=\"box-body\">\n                            <h3 class=\"elementskit-info-box-title\">\n                    Modalidad                <\/h3>\n                        \t\t  \t<p>Virtual\/Online<\/p>\n                                <\/div>\n        \n        \n                <\/div>\n                <\/a>\n        <\/div>\t\t\t\t<\/div>\n\t\t\t\t<\/div>\n\t\t\t\t\t<\/div>\n\t\t<\/div>\n\t\t\t\t<div class=\"elementor-column elementor-col-12 elementor-top-column elementor-element elementor-element-3aecd83 elementor-hidden-mobile\" data-id=\"3aecd83\" data-element_type=\"column\" data-e-type=\"column\">\n\t\t\t<div class=\"elementor-widget-wrap elementor-element-populated\">\n\t\t\t\t\t\t<div class=\"elementor-element elementor-element-35e6f61 ekit-equal-height-disable elementor-widget elementor-widget-elementskit-icon-box\" data-id=\"35e6f61\" data-element_type=\"widget\" data-e-type=\"widget\" data-widget_type=\"elementskit-icon-box.default\">\n\t\t\t\t<div class=\"elementor-widget-container\">\n\t\t\t\t\t<div class=\"ekit-wid-con\" >        <!-- link opening -->\n                <a href=\"#elementor-action%3Aaction%3Dpopup%3Aopen%26settings%3DeyJpZCI6IjQwNTU0IiwidG9nZ2xlIjpmYWxzZX0%3D\" class=\"ekit_global_links\">\n                <!-- end link opening -->\n\n        <div class=\"elementskit-infobox text-center text- icon-top-align elementor-animation-   \">\n                    <div class=\"elementskit-box-header elementor-animation-\">\n                <div class=\"elementskit-info-box-icon  \">\n                    <i aria-hidden=\"true\" class=\"elementkit-infobox-icon fas fa-level-up-alt\"><\/i>\n                <\/div>\n          <\/div>\n                        <div class=\"box-body\">\n                            <h3 class=\"elementskit-info-box-title\">\n                    Nivel MECES \u24d8                <\/h3>\n                        \t\t  \t<p>Nivel MECES 1 - EQF 5<\/p>\n                                <\/div>\n        \n        \n                <\/div>\n                <\/a>\n        <\/div>\t\t\t\t<\/div>\n\t\t\t\t<\/div>\n\t\t\t\t\t<\/div>\n\t\t<\/div>\n\t\t\t\t<div class=\"elementor-column elementor-col-12 elementor-top-column elementor-element elementor-element-aa30c2d\" data-id=\"aa30c2d\" data-element_type=\"column\" data-e-type=\"column\">\n\t\t\t<div class=\"elementor-widget-wrap elementor-element-populated\">\n\t\t\t\t\t\t<div class=\"elementor-element elementor-element-1ebe398 elementor-hidden-mobile ekit-equal-height-disable elementor-widget elementor-widget-elementskit-icon-box\" data-id=\"1ebe398\" data-element_type=\"widget\" data-e-type=\"widget\" data-widget_type=\"elementskit-icon-box.default\">\n\t\t\t\t<div class=\"elementor-widget-container\">\n\t\t\t\t\t<div class=\"ekit-wid-con\" >        <!-- link opening -->\n                <a href=\"#calendario\" class=\"ekit_global_links\">\n                <!-- end link opening -->\n\n        <div class=\"elementskit-infobox text-center text- icon-top-align elementor-animation-   \">\n                    <div class=\"elementskit-box-header elementor-animation-\">\n                <div class=\"elementskit-info-box-icon  \">\n                    <i aria-hidden=\"true\" class=\"elementkit-infobox-icon far fa-calendar-check\"><\/i>\n                <\/div>\n          <\/div>\n                        <div class=\"box-body\">\n                            <h3 class=\"elementskit-info-box-title\">\n                    Fecha de inicio \u24d8                <\/h3>\n                        \t\t  \t<p>17\/10\/2025<\/p>\n                                <\/div>\n        \n        \n                <\/div>\n                <\/a>\n        <\/div>\t\t\t\t<\/div>\n\t\t\t\t<\/div>\n\t\t\t\t<div class=\"elementor-element elementor-element-a057a11 elementor-hidden-desktop elementor-hidden-tablet ekit-equal-height-disable elementor-widget elementor-widget-elementskit-icon-box\" data-id=\"a057a11\" data-element_type=\"widget\" data-e-type=\"widget\" data-widget_type=\"elementskit-icon-box.default\">\n\t\t\t\t<div class=\"elementor-widget-container\">\n\t\t\t\t\t<div class=\"ekit-wid-con\" >        <!-- link opening -->\n                <a href=\"#calendario\" class=\"ekit_global_links\">\n                <!-- end link opening -->\n\n        <div class=\"elementskit-infobox text-center text- icon-top-align elementor-animation-   \">\n                    <div class=\"elementskit-box-header elementor-animation-\">\n                <div class=\"elementskit-info-box-icon  \">\n                    <i aria-hidden=\"true\" class=\"elementkit-infobox-icon far fa-calendar-check\"><\/i>\n                <\/div>\n          <\/div>\n                        <div class=\"box-body\">\n                            <h3 class=\"elementskit-info-box-title\">\n                    Fecha de inicio                <\/h3>\n                        \t\t  \t<p>17\/10\/2025<\/p>\n                                <\/div>\n        \n        \n                <\/div>\n                <\/a>\n        <\/div>\t\t\t\t<\/div>\n\t\t\t\t<\/div>\n\t\t\t\t\t<\/div>\n\t\t<\/div>\n\t\t\t\t<div class=\"elementor-column elementor-col-12 elementor-top-column elementor-element elementor-element-d393f6c\" data-id=\"d393f6c\" data-element_type=\"column\" data-e-type=\"column\">\n\t\t\t<div class=\"elementor-widget-wrap elementor-element-populated\">\n\t\t\t\t\t\t<div class=\"elementor-element elementor-element-a2e18c1 ekit-equal-height-disable elementor-widget elementor-widget-elementskit-icon-box\" data-id=\"a2e18c1\" data-element_type=\"widget\" data-e-type=\"widget\" data-widget_type=\"elementskit-icon-box.default\">\n\t\t\t\t<div class=\"elementor-widget-container\">\n\t\t\t\t\t<div class=\"ekit-wid-con\" >        <!-- link opening -->\n                <a href=\"#\" class=\"ekit_global_links\">\n                <!-- end link opening -->\n\n        <div class=\"elementskit-infobox text-center text- icon-top-align elementor-animation-   \">\n                    <div class=\"elementskit-box-header elementor-animation-\">\n                <div class=\"elementskit-info-box-icon  \">\n                    <i aria-hidden=\"true\" class=\"elementkit-infobox-icon fas fa-university\"><\/i>\n                <\/div>\n          <\/div>\n                        <div class=\"box-body\">\n                            <h3 class=\"elementskit-info-box-title\">\n                    Horas y ECTS                <\/h3>\n                                            <\/div>\n        \n        \n                <\/div>\n                <\/a>\n        <\/div>\t\t\t\t<\/div>\n\t\t\t\t<\/div>\n\t\t\t\t<section class=\"elementor-section elementor-inner-section elementor-element elementor-element-5348695 elementor-section-content-top elementor-section-boxed elementor-section-height-default elementor-section-height-default\" data-id=\"5348695\" data-element_type=\"section\" data-e-type=\"section\">\n\t\t\t\t\t\t<div class=\"elementor-container elementor-column-gap-narrow\">\n\t\t\t\t\t<div class=\"elementor-column elementor-col-50 elementor-inner-column elementor-element elementor-element-e8755c1\" data-id=\"e8755c1\" data-element_type=\"column\" data-e-type=\"column\">\n\t\t\t<div class=\"elementor-widget-wrap elementor-element-populated\">\n\t\t\t\t\t\t<div class=\"elementor-element elementor-element-1d7c444 elementor-widget elementor-widget-text-editor\" data-id=\"1d7c444\" data-element_type=\"widget\" data-e-type=\"widget\" data-widget_type=\"text-editor.default\">\n\t\t\t\t<div class=\"elementor-widget-container\">\n\t\t\t\t\t\t\t\t\t45 horas\t\t\t\t\t\t\t\t<\/div>\n\t\t\t\t<\/div>\n\t\t\t\t\t<\/div>\n\t\t<\/div>\n\t\t\t\t<div class=\"elementor-column elementor-col-50 elementor-inner-column elementor-element elementor-element-4bb1b04\" data-id=\"4bb1b04\" data-element_type=\"column\" data-e-type=\"column\">\n\t\t\t<div class=\"elementor-widget-wrap elementor-element-populated\">\n\t\t\t\t\t\t<div class=\"elementor-element elementor-element-17276f1 elementor-widget elementor-widget-text-editor\" data-id=\"17276f1\" data-element_type=\"widget\" data-e-type=\"widget\" data-widget_type=\"text-editor.default\">\n\t\t\t\t<div class=\"elementor-widget-container\">\n\t\t\t\t\t\t\t\t\t6 ECTS\t\t\t\t\t\t\t\t<\/div>\n\t\t\t\t<\/div>\n\t\t\t\t\t<\/div>\n\t\t<\/div>\n\t\t\t\t\t<\/div>\n\t\t<\/section>\n\t\t\t\t\t<\/div>\n\t\t<\/div>\n\t\t\t\t<div class=\"elementor-column elementor-col-12 elementor-top-column elementor-element elementor-element-f4fab67\" data-id=\"f4fab67\" data-element_type=\"column\" data-e-type=\"column\">\n\t\t\t<div class=\"elementor-widget-wrap elementor-element-populated\">\n\t\t\t\t\t\t<div class=\"elementor-element elementor-element-2be6718 ekit-equal-height-disable elementor-widget elementor-widget-elementskit-icon-box\" data-id=\"2be6718\" data-element_type=\"widget\" data-e-type=\"widget\" data-widget_type=\"elementskit-icon-box.default\">\n\t\t\t\t<div class=\"elementor-widget-container\">\n\t\t\t\t\t<div class=\"ekit-wid-con\" >        <!-- link opening -->\n                <a href=\"#\" class=\"ekit_global_links\">\n                <!-- end link opening -->\n\n        <div class=\"elementskit-infobox text-center text- icon-top-align elementor-animation-   \">\n                    <div class=\"elementskit-box-header elementor-animation-\">\n                <div class=\"elementskit-info-box-icon  \">\n                    <i aria-hidden=\"true\" class=\"elementkit-infobox-icon fas fa-euro-sign\"><\/i>\n                <\/div>\n          <\/div>\n                        <div class=\"box-body\">\n                            <h3 class=\"elementskit-info-box-title\">\n                    Tasas                <\/h3>\n                        \t\t  \t<p>150 \u20ac<\/p>\n                                <\/div>\n        \n        \n                <\/div>\n                <\/a>\n        <\/div>\t\t\t\t<\/div>\n\t\t\t\t<\/div>\n\t\t\t\t\t<\/div>\n\t\t<\/div>\n\t\t\t\t<div class=\"elementor-column elementor-col-12 elementor-top-column elementor-element elementor-element-eb69de6\" data-id=\"eb69de6\" data-element_type=\"column\" data-e-type=\"column\">\n\t\t\t<div class=\"elementor-widget-wrap elementor-element-populated\">\n\t\t\t\t\t\t<div class=\"elementor-element elementor-element-4d29af4 elementor-align-left elementor-widget elementor-widget-global elementor-global-12362 elementor-widget-button\" data-id=\"4d29af4\" data-element_type=\"widget\" data-e-type=\"widget\" data-widget_type=\"button.default\">\n\t\t\t\t<div class=\"elementor-widget-container\">\n\t\t\t\t\t\t\t\t\t<div class=\"elementor-button-wrapper\">\n\t\t\t\t\t<a class=\"elementor-button elementor-button-link elementor-size-sm\" href=\"#\">\n\t\t\t\t\t\t<span class=\"elementor-button-content-wrapper\">\n\t\t\t\t\t\t\t\t\t<span class=\"elementor-button-text\">Matr\u00edcula cerrada<\/span>\n\t\t\t\t\t<\/span>\n\t\t\t\t\t<\/a>\n\t\t\t\t<\/div>\n\t\t\t\t\t\t\t\t<\/div>\n\t\t\t\t<\/div>\n\t\t\t\t<div class=\"elementor-element elementor-element-8adb16b elementor-widget elementor-widget-text-editor\" data-id=\"8adb16b\" data-element_type=\"widget\" data-e-type=\"widget\" data-widget_type=\"text-editor.default\">\n\t\t\t\t<div class=\"elementor-widget-container\">\n\t\t\t\t\t\t\t\t\t<p>El plazo de matriculaci\u00f3n finaliza cinco d\u00edas antes del inicio de la formaci\u00f3n<\/p>\t\t\t\t\t\t\t\t<\/div>\n\t\t\t\t<\/div>\n\t\t\t\t\t<\/div>\n\t\t<\/div>\n\t\t\t\t<div class=\"elementor-column elementor-col-12 elementor-top-column elementor-element elementor-element-94ee67c elementor-hidden-mobile\" data-id=\"94ee67c\" data-element_type=\"column\" data-e-type=\"column\">\n\t\t\t<div class=\"elementor-widget-wrap\">\n\t\t\t\t\t\t\t<\/div>\n\t\t<\/div>\n\t\t\t\t\t<\/div>\n\t\t<\/section>\n\t\t\t\t<section class=\"elementor-section elementor-top-section elementor-element elementor-element-37a3a957 elementor-section-boxed elementor-section-height-default elementor-section-height-default\" data-id=\"37a3a957\" data-element_type=\"section\" data-e-type=\"section\">\n\t\t\t\t\t\t<div class=\"elementor-container elementor-column-gap-default\">\n\t\t\t\t\t<div class=\"elementor-column elementor-col-100 elementor-top-column elementor-element elementor-element-55032145\" data-id=\"55032145\" data-element_type=\"column\" data-e-type=\"column\">\n\t\t\t<div class=\"elementor-widget-wrap elementor-element-populated\">\n\t\t\t\t\t\t<div class=\"elementor-element elementor-element-2ef7b120 elementor-widget elementor-widget-spacer\" data-id=\"2ef7b120\" data-element_type=\"widget\" data-e-type=\"widget\" data-widget_type=\"spacer.default\">\n\t\t\t\t<div class=\"elementor-widget-container\">\n\t\t\t\t\t\t\t<div class=\"elementor-spacer\">\n\t\t\t<div class=\"elementor-spacer-inner\"><\/div>\n\t\t<\/div>\n\t\t\t\t\t\t<\/div>\n\t\t\t\t<\/div>\n\t\t\t\t\t<\/div>\n\t\t<\/div>\n\t\t\t\t\t<\/div>\n\t\t<\/section>\n\t\t\t\t<section class=\"elementor-section elementor-top-section elementor-element elementor-element-5bf741d elementor-section-boxed elementor-section-height-default elementor-section-height-default\" data-id=\"5bf741d\" data-element_type=\"section\" data-e-type=\"section\">\n\t\t\t\t\t\t<div class=\"elementor-container elementor-column-gap-default\">\n\t\t\t\t\t<div class=\"elementor-column elementor-col-100 elementor-top-column elementor-element elementor-element-1125802\" data-id=\"1125802\" data-element_type=\"column\" data-e-type=\"column\">\n\t\t\t<div class=\"elementor-widget-wrap elementor-element-populated\">\n\t\t\t\t\t\t<div class=\"elementor-element elementor-element-3c5847d elementor-widget elementor-widget-text-editor\" data-id=\"3c5847d\" data-element_type=\"widget\" data-e-type=\"widget\" data-widget_type=\"text-editor.default\">\n\t\t\t\t<div class=\"elementor-widget-container\">\n\t\t\t\t\t\t\t\t\t<p>La cooperaci\u00f3n internacional para el desarrollo se configura como un campo de estudio y an\u00e1lisis de elevada relevancia, tanto para las relaciones internacionales como para las ciencias sociales. En un contexto caracterizado por transformaciones profundas y la emergencia de problem\u00e1ticas globales \u2014tales como el cambio clim\u00e1tico, las crecientes desigualdades y las crisis humanitarias\u2014 se torna imprescindible la formulaci\u00f3n de soluciones cooperativas que involucren a los diversos actores de la sociedad internacional.<\/p>\n<p>Desde su consolidaci\u00f3n hace m\u00e1s de setenta a\u00f1os, inicialmente enmarcada en la econom\u00eda del desarrollo y potenciada tras la Segunda Guerra Mundial en un escenario dominado por la pol\u00edtica de bloques, la cooperaci\u00f3n internacional ha experimentado una evoluci\u00f3n constante. Las transformaciones en la estructura y din\u00e1mica de la sociedad global, junto con la evoluci\u00f3n de las teor\u00edas del desarrollo y la redefinici\u00f3n de la agenda global, han exigido una adaptaci\u00f3n continua del sistema de cooperaci\u00f3n. Esta evoluci\u00f3n ha permitido que la cooperaci\u00f3n internacional se erija en un componente crucial para el manejo de los desaf\u00edos actuales y futuros en el \u00e1mbito de las relaciones internacionales.<\/p>\n<p>En este sentido, la formaci\u00f3n de profesionales competentes, dotados y dotadas de una s\u00f3lida capacidad anal\u00edtica, resulta fundamental para enfrentar estos retos globales. La integraci\u00f3n de conocimientos te\u00f3ricos y herramientas pr\u00e1cticas en el \u00e1rea de la cooperaci\u00f3n internacional es esencial para desarrollar competencias que permitan a profesionales del sector y a personas interesadas en trabajar en \u00e9l dise\u00f1ar, implementar y evaluar proyectos de desarrollo de manera cr\u00edtica y efectiva. Esta formaci\u00f3n, al ser interdisciplinaria, favorece el di\u00e1logo entre diversas \u00e1reas del saber, tales como las Ciencias Pol\u00edticas, las Ciencias Sociales, la Econom\u00eda, la Historia y la Educaci\u00f3n, contribuyendo a la generaci\u00f3n de soluciones innovadoras que respondan a la complejidad del entorno global.<\/p>\n<p>Asimismo, la alianza estrat\u00e9gica entre la universidad p\u00fablica y las Organizaciones No Gubernamentales para el Desarrollo (ONGD) constituye un pilar esencial de esta iniciativa. Dichas organizaciones implementan diariamente pr\u00e1cticas y proyectos de cooperaci\u00f3n internacional, lo cual posibilita que los contenidos abordados en la microcredencial se integren en la pr\u00e1ctica profesional. Este v\u00ednculo no solo enriquece la experiencia formativa del estudiantado, sino que tambi\u00e9n favorece la transferencia de conocimiento y la apertura de oportunidades de pr\u00e1cticas y desarrollo profesional, fortaleciendo as\u00ed la empleabilidad y un desempe\u00f1o profesional de calidad de las personas participantes.<\/p>\n\t\t\t\t\t\t\t\t<\/div>\n\t\t\t\t<\/div>\n\t\t\t\t\t<\/div>\n\t\t<\/div>\n\t\t\t\t\t<\/div>\n\t\t<\/section>\n\t\t\t\t<section class=\"elementor-section elementor-top-section elementor-element elementor-element-1ef6692 elementor-section-boxed elementor-section-height-default elementor-section-height-default\" data-id=\"1ef6692\" data-element_type=\"section\" data-e-type=\"section\">\n\t\t\t\t\t\t<div class=\"elementor-container elementor-column-gap-default\">\n\t\t\t\t\t<div class=\"elementor-column elementor-col-100 elementor-top-column elementor-element elementor-element-ff5936d\" data-id=\"ff5936d\" data-element_type=\"column\" data-e-type=\"column\">\n\t\t\t<div class=\"elementor-widget-wrap elementor-element-populated\">\n\t\t\t\t\t\t<div class=\"elementor-element elementor-element-4cdcbe0 elementor-widget elementor-widget-elementskit-heading\" data-id=\"4cdcbe0\" data-element_type=\"widget\" data-e-type=\"widget\" data-widget_type=\"elementskit-heading.default\">\n\t\t\t\t<div class=\"elementor-widget-container\">\n\t\t\t\t\t<div class=\"ekit-wid-con\" ><div class=\"ekit-heading elementskit-section-title-wraper text_center   ekit_heading_tablet-   ekit_heading_mobile-\"><h5 class=\"ekit-heading--title elementskit-section-title \">Entidades colaboradoras<\/h5><\/div><\/div>\t\t\t\t<\/div>\n\t\t\t\t<\/div>\n\t\t\t\t<section class=\"elementor-section elementor-inner-section elementor-element elementor-element-66c1052 elementor-section-content-middle elementor-section-boxed elementor-section-height-default elementor-section-height-default\" data-id=\"66c1052\" data-element_type=\"section\" data-e-type=\"section\">\n\t\t\t\t\t\t<div class=\"elementor-container elementor-column-gap-default\">\n\t\t\t\t\t<div class=\"elementor-column elementor-col-100 elementor-inner-column elementor-element elementor-element-91e4552\" data-id=\"91e4552\" data-element_type=\"column\" data-e-type=\"column\">\n\t\t\t<div class=\"elementor-widget-wrap elementor-element-populated\">\n\t\t\t\t\t\t<div class=\"elementor-element elementor-element-0f36bd4 elementor-widget__width-initial elementor-widget elementor-widget-image\" data-id=\"0f36bd4\" data-element_type=\"widget\" data-e-type=\"widget\" data-widget_type=\"image.default\">\n\t\t\t\t<div class=\"elementor-widget-container\">\n\t\t\t\t\t\t\t\t\t\t\t\t\t\t\t\t<a href=\"https:\/\/fundacionmadrazo.org\/\" target=\"_blank\">\n\t\t\t\t\t\t\t<img fetchpriority=\"high\" decoding=\"async\" width=\"696\" height=\"451\" src=\"https:\/\/www.upo.es\/formacionpermanente\/wp-content\/imagenes\/uploads\/2024\/07\/logo-fundacion-madrazo-svg.png\" class=\"attachment-large size-large wp-image-37367\" alt=\"Logo Fundaci\u00f3n Madrazo\" srcset=\"https:\/\/www.upo.es\/formacionpermanente\/wp-content\/imagenes\/uploads\/2024\/07\/logo-fundacion-madrazo-svg.png 696w, https:\/\/www.upo.es\/formacionpermanente\/wp-content\/imagenes\/uploads\/2024\/07\/logo-fundacion-madrazo-svg-300x194.png 300w\" sizes=\"(max-width: 696px) 100vw, 696px\" \/>\t\t\t\t\t\t\t\t<\/a>\n\t\t\t\t\t\t\t\t\t\t\t\t\t\t\t<\/div>\n\t\t\t\t<\/div>\n\t\t\t\t\t<\/div>\n\t\t<\/div>\n\t\t\t\t\t<\/div>\n\t\t<\/section>\n\t\t\t\t\t<\/div>\n\t\t<\/div>\n\t\t\t\t\t<\/div>\n\t\t<\/section>\n\t\t\t\t<section data-dce-background-color=\"#f2f3f6\" class=\"elementor-section elementor-top-section elementor-element elementor-element-a059dcb elementor-hidden-mobile elementor-section-boxed elementor-section-height-default elementor-section-height-default\" data-id=\"a059dcb\" data-element_type=\"section\" data-e-type=\"section\" data-settings=\"{&quot;background_background&quot;:&quot;classic&quot;}\">\n\t\t\t\t\t\t<div class=\"elementor-container elementor-column-gap-default\">\n\t\t\t\t\t<div class=\"elementor-column elementor-col-100 elementor-top-column elementor-element elementor-element-75af2ef\" data-id=\"75af2ef\" data-element_type=\"column\" data-e-type=\"column\">\n\t\t\t<div class=\"elementor-widget-wrap elementor-element-populated\">\n\t\t\t\t\t\t<section class=\"elementor-section elementor-inner-section elementor-element elementor-element-eabc8c7 elementor-section-boxed elementor-section-height-default elementor-section-height-default\" data-id=\"eabc8c7\" data-element_type=\"section\" data-e-type=\"section\">\n\t\t\t\t\t\t<div class=\"elementor-container elementor-column-gap-default\">\n\t\t\t\t\t<div class=\"elementor-column elementor-col-33 elementor-inner-column elementor-element elementor-element-411b7fb\" data-id=\"411b7fb\" data-element_type=\"column\" data-e-type=\"column\">\n\t\t\t<div class=\"elementor-widget-wrap\">\n\t\t\t\t\t\t\t<\/div>\n\t\t<\/div>\n\t\t\t\t<div class=\"elementor-column elementor-col-33 elementor-inner-column elementor-element elementor-element-5ef24fe\" data-id=\"5ef24fe\" data-element_type=\"column\" data-e-type=\"column\">\n\t\t\t<div class=\"elementor-widget-wrap elementor-element-populated\">\n\t\t\t\t\t\t<div class=\"elementor-element elementor-element-3abfa04 elementor-widget elementor-widget-elementskit-heading\" data-id=\"3abfa04\" data-element_type=\"widget\" data-e-type=\"widget\" data-widget_type=\"elementskit-heading.default\">\n\t\t\t\t<div class=\"elementor-widget-container\">\n\t\t\t\t\t<div class=\"ekit-wid-con\" ><div class=\"ekit-heading elementskit-section-title-wraper text_center   ekit_heading_tablet-   ekit_heading_mobile-\"><h2 class=\"ekit-heading--title elementskit-section-title \">M\u00e1s informaci\u00f3n<\/h2><\/div><\/div>\t\t\t\t<\/div>\n\t\t\t\t<\/div>\n\t\t\t\t\t<\/div>\n\t\t<\/div>\n\t\t\t\t<div class=\"elementor-column elementor-col-33 elementor-inner-column elementor-element elementor-element-a67b3d8\" data-id=\"a67b3d8\" data-element_type=\"column\" data-e-type=\"column\">\n\t\t\t<div class=\"elementor-widget-wrap\">\n\t\t\t\t\t\t\t<\/div>\n\t\t<\/div>\n\t\t\t\t\t<\/div>\n\t\t<\/section>\n\t\t\t\t<section class=\"elementor-section elementor-inner-section elementor-element elementor-element-d968ea8 elementor-section-boxed elementor-section-height-default elementor-section-height-default\" data-id=\"d968ea8\" data-element_type=\"section\" data-e-type=\"section\">\n\t\t\t\t\t\t<div class=\"elementor-container elementor-column-gap-default\">\n\t\t\t\t\t<div class=\"elementor-column elementor-col-33 elementor-inner-column elementor-element elementor-element-1db340c\" data-id=\"1db340c\" data-element_type=\"column\" data-e-type=\"column\">\n\t\t\t<div class=\"elementor-widget-wrap elementor-element-populated\">\n\t\t\t\t\t\t<div class=\"elementor-element elementor-element-f521b86 ekit-equal-height-disable elementor-widget elementor-widget-elementskit-image-box\" data-id=\"f521b86\" data-element_type=\"widget\" data-e-type=\"widget\" data-widget_type=\"elementskit-image-box.default\">\n\t\t\t\t<div class=\"elementor-widget-container\">\n\t\t\t\t\t<div class=\"ekit-wid-con\" >\n            <div class=\"elementskit-info-image-box ekit-image-box text-left style-sideline\" >\n\n                <a href=\"#aprender\">\n                <div class=\"elementskit-box-header image-box-img-left\">\n\n                    <img decoding=\"async\" src=\"https:\/\/www.upo.es\/formacionpermanente\/wp-content\/imagenes\/uploads\/elementor\/thumbs\/3-micro-link-r13pynue07ptafm27bhq8ef2ul4dm2ppb6div4q8qs.jpg\" title=\"3-micro-link\" alt=\"3-micro-link\" loading=\"lazy\" \/>\n                <\/div>\n                <\/a>\n                <div class=\"elementskit-box-body ekit-image-box-body\">\n                    <div class=\"elementskit-box-content ekit-image-box-body-inner\">\n                                                <h3 class=\"elementskit-info-box-title\">\n\n                        \u00bfQu\u00e9 vas a aprender en la microcredencial?\n                        \n                    <\/h3>\n                                                        <\/div>\n\n                            <\/div>\n            <\/div>\n    <\/div>\t\t\t\t<\/div>\n\t\t\t\t<\/div>\n\t\t\t\t\t<\/div>\n\t\t<\/div>\n\t\t\t\t<div class=\"elementor-column elementor-col-33 elementor-inner-column elementor-element elementor-element-49d9174\" data-id=\"49d9174\" data-element_type=\"column\" data-e-type=\"column\">\n\t\t\t<div class=\"elementor-widget-wrap elementor-element-populated\">\n\t\t\t\t\t\t<div class=\"elementor-element elementor-element-69656ba ekit-equal-height-disable elementor-widget elementor-widget-elementskit-image-box\" data-id=\"69656ba\" data-element_type=\"widget\" data-e-type=\"widget\" data-widget_type=\"elementskit-image-box.default\">\n\t\t\t\t<div class=\"elementor-widget-container\">\n\t\t\t\t\t<div class=\"ekit-wid-con\" >\n            <div class=\"elementskit-info-image-box ekit-image-box text-left style-sideline\" >\n\n                <a href=\"#perfil\">\n                <div class=\"elementskit-box-header image-box-img-left\">\n\n                    <img decoding=\"async\" src=\"https:\/\/www.upo.es\/formacionpermanente\/wp-content\/imagenes\/uploads\/elementor\/thumbs\/1-micro-link-r13prj8g6fyj8vystqkktp68oe968pezbw9yulapxg.jpg\" title=\"1-micro-link\" alt=\"1-micro-link\" loading=\"lazy\" \/>\n                <\/div>\n                <\/a>\n                <div class=\"elementskit-box-body ekit-image-box-body\">\n                    <div class=\"elementskit-box-content ekit-image-box-body-inner\">\n                                                <h3 class=\"elementskit-info-box-title\">\n\n                        \u00bfA qui\u00e9n est\u00e1 dirigida la microcredencial?\n                        \n                    <\/h3>\n                                                        <\/div>\n\n                            <\/div>\n            <\/div>\n    <\/div>\t\t\t\t<\/div>\n\t\t\t\t<\/div>\n\t\t\t\t\t<\/div>\n\t\t<\/div>\n\t\t\t\t<div class=\"elementor-column elementor-col-33 elementor-inner-column elementor-element elementor-element-ceb2ebd\" data-id=\"ceb2ebd\" data-element_type=\"column\" data-e-type=\"column\">\n\t\t\t<div class=\"elementor-widget-wrap elementor-element-populated\">\n\t\t\t\t\t\t<div class=\"elementor-element elementor-element-eb09789 ekit-equal-height-disable elementor-widget elementor-widget-elementskit-image-box\" data-id=\"eb09789\" data-element_type=\"widget\" data-e-type=\"widget\" data-widget_type=\"elementskit-image-box.default\">\n\t\t\t\t<div class=\"elementor-widget-container\">\n\t\t\t\t\t<div class=\"ekit-wid-con\" >\n            <div class=\"elementskit-info-image-box ekit-image-box text-left style-sideline\" >\n\n                <a href=\"#contenido\">\n                <div class=\"elementskit-box-header image-box-img-left\">\n\n                    <img decoding=\"async\" src=\"https:\/\/www.upo.es\/formacionpermanente\/wp-content\/imagenes\/uploads\/elementor\/thumbs\/2-micro-link-r13prhcrsrvylo1j4prbopnbhmiftb7inmyzw1di9w.jpg\" title=\"2-micro-link\" alt=\"2-micro-link\" loading=\"lazy\" \/>\n                <\/div>\n                <\/a>\n                <div class=\"elementskit-box-body ekit-image-box-body\">\n                    <div class=\"elementskit-box-content ekit-image-box-body-inner\">\n                                                <h3 class=\"elementskit-info-box-title\">\n\n                        Contenido y programa de la microcredenical\n                        \n                    <\/h3>\n                                                        <\/div>\n\n                            <\/div>\n            <\/div>\n    <\/div>\t\t\t\t<\/div>\n\t\t\t\t<\/div>\n\t\t\t\t\t<\/div>\n\t\t<\/div>\n\t\t\t\t\t<\/div>\n\t\t<\/section>\n\t\t\t\t<section class=\"elementor-section elementor-inner-section elementor-element elementor-element-0aabea5 elementor-section-boxed elementor-section-height-default elementor-section-height-default\" data-id=\"0aabea5\" data-element_type=\"section\" data-e-type=\"section\">\n\t\t\t\t\t\t<div class=\"elementor-container elementor-column-gap-default\">\n\t\t\t\t\t<div class=\"elementor-column elementor-col-33 elementor-inner-column elementor-element elementor-element-a383da8\" data-id=\"a383da8\" data-element_type=\"column\" data-e-type=\"column\">\n\t\t\t<div class=\"elementor-widget-wrap elementor-element-populated\">\n\t\t\t\t\t\t<div class=\"elementor-element elementor-element-527b15f ekit-equal-height-disable elementor-widget elementor-widget-elementskit-image-box\" data-id=\"527b15f\" data-element_type=\"widget\" data-e-type=\"widget\" data-widget_type=\"elementskit-image-box.default\">\n\t\t\t\t<div class=\"elementor-widget-container\">\n\t\t\t\t\t<div class=\"ekit-wid-con\" >\n            <div class=\"elementskit-info-image-box ekit-image-box text-left style-sideline\" >\n\n                <a href=\"#profesorado\">\n                <div class=\"elementskit-box-header image-box-img-left\">\n\n                    <img decoding=\"async\" src=\"https:\/\/www.upo.es\/formacionpermanente\/wp-content\/imagenes\/uploads\/elementor\/thumbs\/6-micro-link-r13prdlf1fqtb86zqo4teqlh430yyislb4d1yxj2ys.jpg\" title=\"6-micro-link\" alt=\"6-micro-link\" loading=\"lazy\" \/>\n                <\/div>\n                <\/a>\n                <div class=\"elementskit-box-body ekit-image-box-body\">\n                    <div class=\"elementskit-box-content ekit-image-box-body-inner\">\n                                                <h3 class=\"elementskit-info-box-title\">\n\n                        Comisi\u00f3n acad\u00e9mica y profesorado\n                        \n                    <\/h3>\n                                                        <\/div>\n\n                            <\/div>\n            <\/div>\n    <\/div>\t\t\t\t<\/div>\n\t\t\t\t<\/div>\n\t\t\t\t\t<\/div>\n\t\t<\/div>\n\t\t\t\t<div class=\"elementor-column elementor-col-33 elementor-inner-column elementor-element elementor-element-a7b83aa\" data-id=\"a7b83aa\" data-element_type=\"column\" data-e-type=\"column\">\n\t\t\t<div class=\"elementor-widget-wrap elementor-element-populated\">\n\t\t\t\t\t\t<div class=\"elementor-element elementor-element-89060af ekit-equal-height-disable elementor-widget elementor-widget-elementskit-image-box\" data-id=\"89060af\" data-element_type=\"widget\" data-e-type=\"widget\" data-widget_type=\"elementskit-image-box.default\">\n\t\t\t\t<div class=\"elementor-widget-container\">\n\t\t\t\t\t<div class=\"ekit-wid-con\" >\n            <div class=\"elementskit-info-image-box ekit-image-box text-left style-sideline\" >\n\n                <a href=\"#evaluacion\">\n                <div class=\"elementskit-box-header image-box-img-left\">\n\n                    <img decoding=\"async\" src=\"https:\/\/www.upo.es\/formacionpermanente\/wp-content\/imagenes\/uploads\/elementor\/thumbs\/4-micro-link-r13prfh3f3tdyg49foy2jq4eaurpdx01zdo0xhgamc.jpg\" title=\"4-micro-link\" alt=\"4-micro-link\" loading=\"lazy\" \/>\n                <\/div>\n                <\/a>\n                <div class=\"elementskit-box-body ekit-image-box-body\">\n                    <div class=\"elementskit-box-content ekit-image-box-body-inner\">\n                                                <h3 class=\"elementskit-info-box-title\">\n\n                        Sistema <\/br>de evaluaci\u00f3n\n                        \n                    <\/h3>\n                                                        <\/div>\n\n                            <\/div>\n            <\/div>\n    <\/div>\t\t\t\t<\/div>\n\t\t\t\t<\/div>\n\t\t\t\t\t<\/div>\n\t\t<\/div>\n\t\t\t\t<div class=\"elementor-column elementor-col-33 elementor-inner-column elementor-element elementor-element-3098be3\" data-id=\"3098be3\" data-element_type=\"column\" data-e-type=\"column\">\n\t\t\t<div class=\"elementor-widget-wrap elementor-element-populated\">\n\t\t\t\t\t\t<div class=\"elementor-element elementor-element-b45a781 ekit-equal-height-disable elementor-widget elementor-widget-elementskit-image-box\" data-id=\"b45a781\" data-element_type=\"widget\" data-e-type=\"widget\" data-widget_type=\"elementskit-image-box.default\">\n\t\t\t\t<div class=\"elementor-widget-container\">\n\t\t\t\t\t<div class=\"ekit-wid-con\" >\n            <div class=\"elementskit-info-image-box ekit-image-box text-left style-sideline\" >\n\n                <a href=\"#calendario\">\n                <div class=\"elementskit-box-header image-box-img-left\">\n\n                    <img decoding=\"async\" src=\"https:\/\/www.upo.es\/formacionpermanente\/wp-content\/imagenes\/uploads\/elementor\/thumbs\/5-micro-link-r13prej989s3mu5ml6jfz8cxpgwc67wbn90jg7hosk.jpg\" title=\"5-micro-link\" alt=\"5-micro-link\" loading=\"lazy\" \/>\n                <\/div>\n                <\/a>\n                <div class=\"elementskit-box-body ekit-image-box-body\">\n                    <div class=\"elementskit-box-content ekit-image-box-body-inner\">\n                                                <h3 class=\"elementskit-info-box-title\">\n\n                        Calendario de la microcredencial\n                        \n                    <\/h3>\n                                                        <\/div>\n\n                            <\/div>\n            <\/div>\n    <\/div>\t\t\t\t<\/div>\n\t\t\t\t<\/div>\n\t\t\t\t\t<\/div>\n\t\t<\/div>\n\t\t\t\t\t<\/div>\n\t\t<\/section>\n\t\t\t\t\t<\/div>\n\t\t<\/div>\n\t\t\t\t\t<\/div>\n\t\t<\/section>\n\t\t\t\t<section class=\"elementor-section elementor-top-section elementor-element elementor-element-35522a2 elementor-hidden-mobile elementor-section-boxed elementor-section-height-default elementor-section-height-default\" data-id=\"35522a2\" data-element_type=\"section\" data-e-type=\"section\">\n\t\t\t\t\t\t<div class=\"elementor-container elementor-column-gap-default\">\n\t\t\t\t\t<div class=\"elementor-column elementor-col-100 elementor-top-column elementor-element elementor-element-b421d81\" data-id=\"b421d81\" data-element_type=\"column\" data-e-type=\"column\">\n\t\t\t<div class=\"elementor-widget-wrap elementor-element-populated\">\n\t\t\t\t\t\t<div class=\"elementor-element elementor-element-8e41e5d elementor-widget elementor-widget-spacer\" data-id=\"8e41e5d\" data-element_type=\"widget\" data-e-type=\"widget\" data-widget_type=\"spacer.default\">\n\t\t\t\t<div class=\"elementor-widget-container\">\n\t\t\t\t\t\t\t<div class=\"elementor-spacer\">\n\t\t\t<div class=\"elementor-spacer-inner\"><\/div>\n\t\t<\/div>\n\t\t\t\t\t\t<\/div>\n\t\t\t\t<\/div>\n\t\t\t\t\t<\/div>\n\t\t<\/div>\n\t\t\t\t\t<\/div>\n\t\t<\/section>\n\t\t\t\t<section class=\"elementor-section elementor-top-section elementor-element elementor-element-3311dbd6 elementor-hidden-mobile elementor-section-boxed elementor-section-height-default elementor-section-height-default\" data-id=\"3311dbd6\" data-element_type=\"section\" data-e-type=\"section\">\n\t\t\t\t\t\t<div class=\"elementor-container elementor-column-gap-default\">\n\t\t\t\t\t<div class=\"elementor-column elementor-col-100 elementor-top-column elementor-element elementor-element-6a6ff01\" data-id=\"6a6ff01\" data-element_type=\"column\" data-e-type=\"column\">\n\t\t\t<div class=\"elementor-widget-wrap elementor-element-populated\">\n\t\t\t\t\t\t<section class=\"elementor-section elementor-inner-section elementor-element elementor-element-2c49acf1 elementor-section-boxed elementor-section-height-default elementor-section-height-default\" data-id=\"2c49acf1\" data-element_type=\"section\" data-e-type=\"section\">\n\t\t\t\t\t\t<div class=\"elementor-container elementor-column-gap-wider\">\n\t\t\t\t\t<div class=\"elementor-column elementor-col-50 elementor-inner-column elementor-element elementor-element-69f3f4c\" data-id=\"69f3f4c\" data-element_type=\"column\" data-e-type=\"column\">\n\t\t\t<div class=\"elementor-widget-wrap elementor-element-populated\">\n\t\t\t\t\t\t<div class=\"elementor-element elementor-element-5d89fe60 elementor-widget elementor-widget-elementskit-heading\" data-id=\"5d89fe60\" data-element_type=\"widget\" data-e-type=\"widget\" data-widget_type=\"elementskit-heading.default\">\n\t\t\t\t<div class=\"elementor-widget-container\">\n\t\t\t\t\t<div class=\"ekit-wid-con\" ><div class=\"ekit-heading elementskit-section-title-wraper text_left   ekit_heading_tablet-   ekit_heading_mobile-\"><h4 class=\"elementskit-section-subtitle  \">\n\t\t\t\t\t\tContacta con nosotros\n\t\t\t\t\t<\/h4><h2 class=\"ekit-heading--title elementskit-section-title \">\u00bfTienes dudas?<\/h2><\/div><\/div>\t\t\t\t<\/div>\n\t\t\t\t<\/div>\n\t\t\t\t<div class=\"elementor-element elementor-element-11aa8fc elementor-button-align-stretch elementor-widget elementor-widget-form\" data-id=\"11aa8fc\" data-element_type=\"widget\" data-e-type=\"widget\" data-settings=\"{&quot;step_next_label&quot;:&quot;Siguiente&quot;,&quot;step_previous_label&quot;:&quot;Anterior&quot;,&quot;dce_confirm_dialog_enabled&quot;:&quot;no&quot;,&quot;step_type&quot;:&quot;number_text&quot;,&quot;step_icon_shape&quot;:&quot;circle&quot;,&quot;label_icon_size&quot;:{&quot;unit&quot;:&quot;px&quot;,&quot;size&quot;:&quot;&quot;,&quot;sizes&quot;:[]},&quot;field_icon_size&quot;:{&quot;unit&quot;:&quot;px&quot;,&quot;size&quot;:&quot;&quot;,&quot;sizes&quot;:[]}}\" data-widget_type=\"form.default\">\n\t\t\t\t<div class=\"elementor-widget-container\">\n\t\t\t\t\t\t\t<form class=\"elementor-form\" method=\"post\" id=\"solicita_info_microcredenciales\" name=\"Mas info microcredenciales\" aria-label=\"Mas info microcredenciales\">\n\t\t\t<input type=\"hidden\" name=\"post_id\" value=\"47526\"\/>\n\t\t\t<input type=\"hidden\" name=\"form_id\" value=\"11aa8fc\"\/>\n\t\t\t<input type=\"hidden\" name=\"referer_title\" value=\"Formaci\u00f3n Permanente UPO\" \/>\n\n\t\t\t\n\t\t\t<div class=\"elementor-form-fields-wrapper elementor-labels-above\">\n\t\t\t\t\t\t\t\t<div class=\"elementor-field-type-text elementor-field-group elementor-column elementor-field-group-name elementor-col-100 elementor-field-required\">\n\t\t\t\t\t\t\t\t\t\t\t\t\t<input size=\"1\" type=\"text\" name=\"form_fields[name]\" id=\"form-field-name\" class=\"elementor-field elementor-size-sm  elementor-field-textual\" placeholder=\"Nombre y apellidos\" required=\"required\">\n\t\t\t\t\t\t\t\t\t\t\t<\/div>\n\t\t\t\t\t\t\t\t<div class=\"elementor-field-type-tel elementor-field-group elementor-column elementor-field-group-field_3c941b6 elementor-col-100\">\n\t\t\t\t\t\t\t<input size=\"1\" type=\"tel\" name=\"form_fields[field_3c941b6]\" id=\"form-field-field_3c941b6\" class=\"elementor-field elementor-size-sm  elementor-field-textual\" placeholder=\"Tel\u00e9fono\" pattern=\"[0-9()#&amp;+*-=.]+\" title=\"Solo se aceptan n\u00fameros y caracteres de tel\u00e9fono (#,-,*,etc).\">\n\n\t\t\t\t\t\t<\/div>\n\t\t\t\t\t\t\t\t<div class=\"elementor-field-type-email elementor-field-group elementor-column elementor-field-group-email elementor-col-100 elementor-field-required\">\n\t\t\t\t\t\t\t\t\t\t\t\t\t<input size=\"1\" type=\"email\" name=\"form_fields[email]\" id=\"form-field-email\" class=\"elementor-field elementor-size-sm  elementor-field-textual\" placeholder=\"Correo electr\u00f3nico\" required=\"required\">\n\t\t\t\t\t\t\t\t\t\t\t<\/div>\n\t\t\t\t\t\t\t\t<div class=\"elementor-field-type-textarea elementor-field-group elementor-column elementor-field-group-message elementor-col-100 elementor-field-required\">\n\t\t\t\t\t<textarea class=\"elementor-field-textual elementor-field  elementor-size-sm\" name=\"form_fields[message]\" id=\"form-field-message\" rows=\"4\" placeholder=\"\u00bfCu\u00e1l es tu consulta?\" required=\"required\"><\/textarea>\t\t\t\t<\/div>\n\t\t\t\t\t\t\t\t<div class=\"elementor-field-type-acceptance elementor-field-group elementor-column elementor-field-group-field_e8b65c3 elementor-col-100 elementor-field-required\">\n\t\t\t\t\t\t\t<div class=\"elementor-field-subgroup\">\n\t\t\t<span class=\"elementor-field-option\">\n\t\t\t\t<input type=\"checkbox\" name=\"form_fields[field_e8b65c3]\" id=\"form-field-field_e8b65c3\" class=\"elementor-field elementor-size-sm  elementor-acceptance-field\" required=\"required\">\n\t\t\t\t<label for=\"form-field-field_e8b65c3\">De acuerdo con lo establecido por la normativa vigente solicitamos su consentimiento expreso para enviarle informaci\u00f3n sobre nuestras actividades y programas que consideremos puedan ser de su inter\u00e9s, por correo electr\u00f3nico. Para m\u00e1s informaci\u00f3n consulte \n<a href=\"https:\/\/www.upo.es\/fundaciones\/politica-de-privacidad\/\">nuestra pol\u00edtica de privacidad<\/a>.<\/label>\t\t\t<\/span>\n\t\t<\/div>\n\t\t\t\t\t\t<\/div>\n\t\t\t\t\t\t\t\t<div class=\"elementor-field-type-hidden elementor-field-group elementor-column elementor-field-group-field_0752859 elementor-col-100\">\n\t\t\t\t\t\t\t\t\t\t\t\t\t<input size=\"1\" type=\"hidden\" name=\"form_fields[field_0752859]\" id=\"form-field-field_0752859\" class=\"elementor-field elementor-size-sm  elementor-field-textual\">\n\t\t\t\t\t\t\t\t\t\t\t<\/div>\n\t\t\t\t\t\t\t\t<div class=\"elementor-field-type-recaptcha_v3 elementor-field-group elementor-column elementor-field-group-field_651b643 elementor-col-100 recaptcha_v3-inline\">\n\t\t\t\t\t<div class=\"elementor-field\" id=\"form-field-field_651b643\"><div class=\"elementor-g-recaptcha\" data-sitekey=\"6LdsZzcnAAAAAEs6XcB8-fFcNVRlnbUaQF78tCSd\" data-type=\"v3\" data-action=\"Form\" data-badge=\"inline\" data-size=\"invisible\"><\/div><\/div>\t\t\t\t<\/div>\n\t\t\t\t\t\t\t\t<div class=\"elementor-field-group elementor-column elementor-field-type-submit elementor-col-100 e-form__buttons\">\n\t\t\t\t\t<button class=\"elementor-button elementor-size-sm\" type=\"submit\">\n\t\t\t\t\t\t<span class=\"elementor-button-content-wrapper\">\n\t\t\t\t\t\t\t\t\t\t\t\t\t\t\t\t\t\t\t\t\t\t<span class=\"elementor-button-text\">Enviar<\/span>\n\t\t\t\t\t\t\t\t\t\t\t\t\t<\/span>\n\t\t\t\t\t<\/button>\n\t\t\t\t<\/div>\n\t\t\t<\/div>\n\t\t<\/form>\n\t\t\t\t\t\t<\/div>\n\t\t\t\t<\/div>\n\t\t\t\t\t<\/div>\n\t\t<\/div>\n\t\t\t\t<div class=\"elementor-column elementor-col-50 elementor-inner-column elementor-element elementor-element-47835d03 elementor-hidden-mobile\" data-id=\"47835d03\" data-element_type=\"column\" data-e-type=\"column\">\n\t\t\t<div class=\"elementor-widget-wrap elementor-element-populated\">\n\t\t\t\t\t\t<div class=\"elementor-element elementor-element-5d8c55fe elementor-widget elementor-widget-image\" data-id=\"5d8c55fe\" data-element_type=\"widget\" data-e-type=\"widget\" data-widget_type=\"image.default\">\n\t\t\t\t<div class=\"elementor-widget-container\">\n\t\t\t\t\t\t\t\t\t\t\t\t\t\t\t<img decoding=\"async\" width=\"600\" height=\"546\" src=\"https:\/\/www.upo.es\/formacionpermanente\/wp-content\/imagenes\/uploads\/2025\/01\/Recurso-Micro-1.png\" class=\"attachment-large size-large wp-image-40479\" alt=\"\" srcset=\"https:\/\/www.upo.es\/formacionpermanente\/wp-content\/imagenes\/uploads\/2025\/01\/Recurso-Micro-1.png 600w, https:\/\/www.upo.es\/formacionpermanente\/wp-content\/imagenes\/uploads\/2025\/01\/Recurso-Micro-1-300x273.png 300w\" sizes=\"(max-width: 600px) 100vw, 600px\" \/>\t\t\t\t\t\t\t\t\t\t\t\t\t\t\t<\/div>\n\t\t\t\t<\/div>\n\t\t\t\t\t<\/div>\n\t\t<\/div>\n\t\t\t\t\t<\/div>\n\t\t<\/section>\n\t\t\t\t\t<\/div>\n\t\t<\/div>\n\t\t\t\t\t<\/div>\n\t\t<\/section>\n\t\t\t\t<section class=\"elementor-section elementor-top-section elementor-element elementor-element-5dbe202a elementor-hidden-mobile elementor-section-boxed elementor-section-height-default elementor-section-height-default\" data-id=\"5dbe202a\" data-element_type=\"section\" data-e-type=\"section\">\n\t\t\t\t\t\t<div class=\"elementor-container elementor-column-gap-default\">\n\t\t\t\t\t<div class=\"elementor-column elementor-col-100 elementor-top-column elementor-element elementor-element-5e03dbc2\" data-id=\"5e03dbc2\" data-element_type=\"column\" data-e-type=\"column\">\n\t\t\t<div class=\"elementor-widget-wrap elementor-element-populated\">\n\t\t\t\t\t\t<div class=\"elementor-element elementor-element-32f98a43 elementor-widget elementor-widget-spacer\" data-id=\"32f98a43\" data-element_type=\"widget\" data-e-type=\"widget\" data-widget_type=\"spacer.default\">\n\t\t\t\t<div class=\"elementor-widget-container\">\n\t\t\t\t\t\t\t<div class=\"elementor-spacer\">\n\t\t\t<div class=\"elementor-spacer-inner\"><\/div>\n\t\t<\/div>\n\t\t\t\t\t\t<\/div>\n\t\t\t\t<\/div>\n\t\t\t\t\t<\/div>\n\t\t<\/div>\n\t\t\t\t\t<\/div>\n\t\t<\/section>\n\t\t\t\t<section data-dce-background-image-url=\"https:\/\/www.upo.es\/formacionpermanente\/wp-content\/imagenes\/uploads\/2024\/03\/IMG_2402-Mejorado-NR-2048x1365.jpg\" class=\"elementor-section elementor-top-section elementor-element elementor-element-4c312cbe elementor-section-height-min-height elementor-section-content-middle elementor-hidden-mobile elementor-section-boxed elementor-section-height-default elementor-section-items-middle\" data-id=\"4c312cbe\" data-element_type=\"section\" data-e-type=\"section\" data-settings=\"{&quot;background_background&quot;:&quot;classic&quot;}\">\n\t\t\t\t\t\t\t<div class=\"elementor-background-overlay\"><\/div>\n\t\t\t\t\t\t\t<div class=\"elementor-container elementor-column-gap-no\">\n\t\t\t\t\t<div class=\"elementor-column elementor-col-100 elementor-top-column elementor-element elementor-element-72cd8442\" data-id=\"72cd8442\" data-element_type=\"column\" data-e-type=\"column\">\n\t\t\t<div class=\"elementor-widget-wrap elementor-element-populated\">\n\t\t\t\t\t\t<div class=\"elementor-element elementor-element-c4319dc elementor-widget elementor-widget-elementskit-heading\" data-id=\"c4319dc\" data-element_type=\"widget\" data-e-type=\"widget\" data-widget_type=\"elementskit-heading.default\">\n\t\t\t\t<div class=\"elementor-widget-container\">\n\t\t\t\t\t<div class=\"ekit-wid-con\" ><div class=\"ekit-heading elementskit-section-title-wraper text_center   ekit_heading_tablet-   ekit_heading_mobile-\"><h2 class=\"ekit-heading--title elementskit-section-title \">\u00bfConoces el resto de la oferta de Microcredenciales de la UPO?<\/h2><\/div><\/div>\t\t\t\t<\/div>\n\t\t\t\t<\/div>\n\t\t\t\t<div data-dce-background-color=\"#FAB54C\" class=\"elementor-element elementor-element-9fb1096 elementor-align-center elementor-widget elementor-widget-button\" data-id=\"9fb1096\" data-element_type=\"widget\" data-e-type=\"widget\" data-widget_type=\"button.default\">\n\t\t\t\t<div class=\"elementor-widget-container\">\n\t\t\t\t\t\t\t\t\t<div class=\"elementor-button-wrapper\">\n\t\t\t\t\t<a class=\"elementor-button elementor-button-link elementor-size-md\" href=\"#\" target=\"_blank\">\n\t\t\t\t\t\t<span class=\"elementor-button-content-wrapper\">\n\t\t\t\t\t\t\t\t\t<span class=\"elementor-button-text\">Acceder a la oferta de Microcredenciales<\/span>\n\t\t\t\t\t<\/span>\n\t\t\t\t\t<\/a>\n\t\t\t\t<\/div>\n\t\t\t\t\t\t\t\t<\/div>\n\t\t\t\t<\/div>\n\t\t\t\t\t<\/div>\n\t\t<\/div>\n\t\t\t\t\t<\/div>\n\t\t<\/section>\n\t\t\t\t<section class=\"elementor-section elementor-top-section elementor-element elementor-element-39758901 elementor-section-boxed elementor-section-height-default elementor-section-height-default\" data-id=\"39758901\" data-element_type=\"section\" data-e-type=\"section\">\n\t\t\t\t\t\t<div class=\"elementor-container elementor-column-gap-default\">\n\t\t\t\t\t<div class=\"elementor-column elementor-col-100 elementor-top-column elementor-element elementor-element-35230274\" data-id=\"35230274\" data-element_type=\"column\" data-e-type=\"column\">\n\t\t\t<div class=\"elementor-widget-wrap elementor-element-populated\">\n\t\t\t\t\t\t<div class=\"elementor-element elementor-element-269ee91 elementor-widget elementor-widget-menu-anchor\" data-id=\"269ee91\" data-element_type=\"widget\" data-e-type=\"widget\" data-widget_type=\"menu-anchor.default\">\n\t\t\t\t<div class=\"elementor-widget-container\">\n\t\t\t\t\t\t\t<div class=\"elementor-menu-anchor\" id=\"aprender\"><\/div>\n\t\t\t\t\t\t<\/div>\n\t\t\t\t<\/div>\n\t\t\t\t<div class=\"elementor-element elementor-element-7b8c847b elementor-widget elementor-widget-spacer\" data-id=\"7b8c847b\" data-element_type=\"widget\" data-e-type=\"widget\" data-widget_type=\"spacer.default\">\n\t\t\t\t<div class=\"elementor-widget-container\">\n\t\t\t\t\t\t\t<div class=\"elementor-spacer\">\n\t\t\t<div class=\"elementor-spacer-inner\"><\/div>\n\t\t<\/div>\n\t\t\t\t\t\t<\/div>\n\t\t\t\t<\/div>\n\t\t\t\t<div class=\"elementor-element elementor-element-5994f03 elementor-widget elementor-widget-elementskit-heading\" data-id=\"5994f03\" data-element_type=\"widget\" data-e-type=\"widget\" data-widget_type=\"elementskit-heading.default\">\n\t\t\t\t<div class=\"elementor-widget-container\">\n\t\t\t\t\t<div class=\"ekit-wid-con\" ><div class=\"ekit-heading elementskit-section-title-wraper text_center   ekit_heading_tablet-   ekit_heading_mobile-\"><h2 class=\"ekit-heading--title elementskit-section-title \">\u00bfQu\u00e9 vas a aprender en la microcredencial?<\/h2><\/div><\/div>\t\t\t\t<\/div>\n\t\t\t\t<\/div>\n\t\t\t\t<div class=\"elementor-element elementor-element-003bc59 elementor-widget elementor-widget-text-editor\" data-id=\"003bc59\" data-element_type=\"widget\" data-e-type=\"widget\" data-widget_type=\"text-editor.default\">\n\t\t\t\t<div class=\"elementor-widget-container\">\n\t\t\t\t\t\t\t\t\t<p>La presente iniciativa formativa se orienta a ampliar las oportunidades de aprendizaje y a fortalecer la capacidad de an\u00e1lisis cr\u00edtico de los participantes, dot\u00e1ndolos de competencias claves para operar en el din\u00e1mico y complejo ecosistema de la cooperaci\u00f3n internacional para el desarrollo. La integraci\u00f3n de un enfoque interdisciplinario y la colaboraci\u00f3n entre el \u00e1mbito acad\u00e9mico y las ONGD aseguran que la formaci\u00f3n se mantenga alineada con las exigencias de una sociedad en transici\u00f3n digital, social y ecol\u00f3gica, contribuyendo de manera significativa a la respuesta frente a los desaf\u00edos globales.<\/p>\n<p><strong>Objetivo General:<\/strong><\/p>\n<ul>\n<li>Adquirir las competencias profesionales necesarias para analizar, dise\u00f1ar, implementar, gestionar y evaluar proyectos de cooperaci\u00f3n al desarrollo.<\/li>\n<\/ul>\n<p><strong>Objetivos Espec\u00edficos:<\/strong><\/p>\n<ul>\n<li>Analizar los principios, conceptos, teor\u00edas y actores fundamentales de la Cooperaci\u00f3n Internacional al Desarrollo, ante los desaf\u00edos contempor\u00e1neos en un entorno global interconectado.<\/li>\n<li>Integrar enfoques transversales en la planificaci\u00f3n y ejecuci\u00f3n, incorporando perspectivas esenciales \u2014tales como los derechos humanos, la igualdad de g\u00e9nero, la sostenibilidad ambiental, la participaci\u00f3n comunitaria y la digitalizaci\u00f3n\u2014 en el dise\u00f1o y desarrollo de intervenciones cooperativas.<\/li>\n<li>Conocer las herramientas metodol\u00f3gicas para el diagn\u00f3stico, formulaci\u00f3n, gesti\u00f3n y evaluaci\u00f3n de proyectos de cooperaci\u00f3n, mediante la aplicaci\u00f3n de modelos como el Marco L\u00f3gico y la Teor\u00eda del Cambio.<\/li>\n<li>Adquirir pensamiento cr\u00edtico, capacidad de adaptaci\u00f3n y capacidad anal\u00edtica para interpretar y responder a los retos espec\u00edficos de cada contexto de intervenci\u00f3n, promoviendo una actitud reflexiva y propositiva.<\/li>\n<li>Fortalecer competencias profesionales clave para desarrollar habilidades en \u00e1reas estrat\u00e9gicas como el liderazgo, la comunicaci\u00f3n efectiva y transcultural, la gesti\u00f3n de conflictos, la seguridad en terreno, la sensibilizaci\u00f3n y la creaci\u00f3n de alianzas estrat\u00e9gicas, para responder adecuadamente a las complejidades del trabajo en cooperaci\u00f3n y a la transferencia de los resultados.<\/li>\n<\/ul>\n\t\t\t\t\t\t\t\t<\/div>\n\t\t\t\t<\/div>\n\t\t\t\t\t<\/div>\n\t\t<\/div>\n\t\t\t\t\t<\/div>\n\t\t<\/section>\n\t\t\t\t<section class=\"elementor-section elementor-top-section elementor-element elementor-element-3abbf26 elementor-section-boxed elementor-section-height-default elementor-section-height-default\" data-id=\"3abbf26\" data-element_type=\"section\" data-e-type=\"section\">\n\t\t\t\t\t\t<div class=\"elementor-container elementor-column-gap-default\">\n\t\t\t\t\t<div class=\"elementor-column elementor-col-100 elementor-top-column elementor-element elementor-element-457002f\" data-id=\"457002f\" data-element_type=\"column\" data-e-type=\"column\">\n\t\t\t<div class=\"elementor-widget-wrap elementor-element-populated\">\n\t\t\t\t\t\t<div class=\"elementor-element elementor-element-bf53f0d elementor-widget elementor-widget-menu-anchor\" data-id=\"bf53f0d\" data-element_type=\"widget\" data-e-type=\"widget\" data-widget_type=\"menu-anchor.default\">\n\t\t\t\t<div class=\"elementor-widget-container\">\n\t\t\t\t\t\t\t<div class=\"elementor-menu-anchor\" id=\"perfil\"><\/div>\n\t\t\t\t\t\t<\/div>\n\t\t\t\t<\/div>\n\t\t\t\t<div class=\"elementor-element elementor-element-422f2ff elementor-widget elementor-widget-spacer\" data-id=\"422f2ff\" data-element_type=\"widget\" data-e-type=\"widget\" data-widget_type=\"spacer.default\">\n\t\t\t\t<div class=\"elementor-widget-container\">\n\t\t\t\t\t\t\t<div class=\"elementor-spacer\">\n\t\t\t<div class=\"elementor-spacer-inner\"><\/div>\n\t\t<\/div>\n\t\t\t\t\t\t<\/div>\n\t\t\t\t<\/div>\n\t\t\t\t<div class=\"elementor-element elementor-element-fe894af elementor-widget elementor-widget-elementskit-heading\" data-id=\"fe894af\" data-element_type=\"widget\" data-e-type=\"widget\" data-widget_type=\"elementskit-heading.default\">\n\t\t\t\t<div class=\"elementor-widget-container\">\n\t\t\t\t\t<div class=\"ekit-wid-con\" ><div class=\"ekit-heading elementskit-section-title-wraper text_center   ekit_heading_tablet-   ekit_heading_mobile-\"><h2 class=\"ekit-heading--title elementskit-section-title \">\u00bfA qui\u00e9n est\u00e1 dirigida esta microcredencial?<\/h2><\/div><\/div>\t\t\t\t<\/div>\n\t\t\t\t<\/div>\n\t\t\t\t<div class=\"elementor-element elementor-element-c3293fb elementor-widget elementor-widget-text-editor\" data-id=\"c3293fb\" data-element_type=\"widget\" data-e-type=\"widget\" data-widget_type=\"text-editor.default\">\n\t\t\t\t<div class=\"elementor-widget-container\">\n\t\t\t\t\t\t\t\t\t<p>Esta acci\u00f3n formativa se dirige a:<\/p>\n<ul>\n<li>Graduados y estudiantes de carreras relacionadas con Ciencias Sociales, Derecho, Ciencias Pol\u00edticas, Relaciones Internacionales, Econom\u00eda, Desarrollo Sostenible y \u00e1reas afines.<\/li>\n<li>Profesionales que trabajan o desean trabajar en organizaciones no gubernamentales (ONG), agencias de cooperaci\u00f3n, organismos internacionales, administraciones p\u00fablicas y entidades que promueven proyectos de cooperaci\u00f3n internacional.<\/li>\n<li>Personas y profesionales con inter\u00e9s en temas globales, desarrollo sostenible, derechos humanos y pol\u00edticas de cooperaci\u00f3n.<\/li>\n<\/ul>\n\t\t\t\t\t\t\t\t<\/div>\n\t\t\t\t<\/div>\n\t\t\t\t\t<\/div>\n\t\t<\/div>\n\t\t\t\t\t<\/div>\n\t\t<\/section>\n\t\t\t\t<section class=\"elementor-section elementor-top-section elementor-element elementor-element-9d64d28 elementor-section-boxed elementor-section-height-default elementor-section-height-default\" data-id=\"9d64d28\" data-element_type=\"section\" data-e-type=\"section\">\n\t\t\t\t\t\t<div class=\"elementor-container elementor-column-gap-default\">\n\t\t\t\t\t<div class=\"elementor-column elementor-col-100 elementor-top-column elementor-element elementor-element-bdeb5b7\" data-id=\"bdeb5b7\" data-element_type=\"column\" data-e-type=\"column\">\n\t\t\t<div class=\"elementor-widget-wrap elementor-element-populated\">\n\t\t\t\t\t\t<div class=\"elementor-element elementor-element-678e8ec elementor-widget elementor-widget-menu-anchor\" data-id=\"678e8ec\" data-element_type=\"widget\" data-e-type=\"widget\" data-widget_type=\"menu-anchor.default\">\n\t\t\t\t<div class=\"elementor-widget-container\">\n\t\t\t\t\t\t\t<div class=\"elementor-menu-anchor\" id=\"contenido\"><\/div>\n\t\t\t\t\t\t<\/div>\n\t\t\t\t<\/div>\n\t\t\t\t<div class=\"elementor-element elementor-element-67d3cc3 elementor-widget elementor-widget-spacer\" data-id=\"67d3cc3\" data-element_type=\"widget\" data-e-type=\"widget\" data-widget_type=\"spacer.default\">\n\t\t\t\t<div class=\"elementor-widget-container\">\n\t\t\t\t\t\t\t<div class=\"elementor-spacer\">\n\t\t\t<div class=\"elementor-spacer-inner\"><\/div>\n\t\t<\/div>\n\t\t\t\t\t\t<\/div>\n\t\t\t\t<\/div>\n\t\t\t\t<div class=\"elementor-element elementor-element-f00b9a7 elementor-widget elementor-widget-elementskit-heading\" data-id=\"f00b9a7\" data-element_type=\"widget\" data-e-type=\"widget\" data-widget_type=\"elementskit-heading.default\">\n\t\t\t\t<div class=\"elementor-widget-container\">\n\t\t\t\t\t<div class=\"ekit-wid-con\" ><div class=\"ekit-heading elementskit-section-title-wraper text_center   ekit_heading_tablet-   ekit_heading_mobile-\"><h2 class=\"ekit-heading--title elementskit-section-title \">Contenidos y programa de la microcredencial<\/h2><\/div><\/div>\t\t\t\t<\/div>\n\t\t\t\t<\/div>\n\t\t\t\t<div class=\"elementor-element elementor-element-69e3d83 elementor-widget elementor-widget-text-editor\" data-id=\"69e3d83\" data-element_type=\"widget\" data-e-type=\"widget\" data-widget_type=\"text-editor.default\">\n\t\t\t\t<div class=\"elementor-widget-container\">\n\t\t\t\t\t\t\t\t\t<p>El curso\u00a0<strong>Competencias Profesionales en Cooperaci\u00f3n Internacional para el Desarrollo\u00a0<\/strong>se ofrecer\u00e1 bajo la modalidad de ense\u00f1anza microcredencial. Este formato permite a los estudiantes adquirir competencias y conocimientos espec\u00edficos de manera intensiva y focalizada, facilitando la integraci\u00f3n de los aprendizajes en sus trayectorias profesionales y acad\u00e9micas de forma flexible y \u00e1gil.<\/p>\n<ul>\n<li>M\u00f3dulo 1: Fundamentos de la Cooperaci\u00f3n Internacional.<\/li>\n<li>M\u00f3dulo 2: Metodolog\u00edas y herramientas en Cooperaci\u00f3n Internacional.<\/li>\n<li>M\u00f3dulo 3: Ejes transversales de la Cooperaci\u00f3n Internacional.<\/li>\n<li>M\u00f3dulo 4: Habilidades y competencias para la Cooperaci\u00f3n Internacional.<\/li>\n<\/ul>\n<p><strong>Cr\u00e9ditos y horas de formaci\u00f3n:<\/strong><\/p>\n<p><span style=\"font-weight: 400\">El curso tiene una carga total de 6 cr\u00e9ditos ECTS, los cuales corresponden a un total de <\/span><b>45 horas de formaci\u00f3n online<\/b><span style=\"font-weight: 400\">. Estos cr\u00e9ditos est\u00e1n distribuidos en <\/span><b>4 m\u00f3dulos,<\/b><span style=\"font-weight: 400\"> cada cr\u00e9dito con una duraci\u00f3n de 7.5 horas.<\/span><\/p>\n<p><strong>Distribuci\u00f3n de los cr\u00e9ditos y sesiones:<\/strong><\/p>\n<ul>\n<li>Cr\u00e9ditos totales: 6 ECTS.<\/li>\n<li>Cr\u00e9ditos por cada m\u00f3dulo: 1.5 ECTS.<\/li>\n<li>Horas totales de formaci\u00f3n: 45 horas.<\/li>\n<li>D\u00eda y horario de las clases: d<span style=\"font-weight: 400\">esde el 13 de octubre hasta el 20 de febrero. Los v\u00eddeos de las sesiones permanecer\u00e1n subidos en la plataforma correspondiente. Consultar en el calendario las semanas asignadas para las sesiones.<\/span><\/li>\n<li>N\u00famero de m\u00f3dulos: 4 m\u00f3dulos.<\/li>\n<\/ul>\n\t\t\t\t\t\t\t\t<\/div>\n\t\t\t\t<\/div>\n\t\t\t\t\t<\/div>\n\t\t<\/div>\n\t\t\t\t\t<\/div>\n\t\t<\/section>\n\t\t\t\t<section class=\"elementor-section elementor-top-section elementor-element elementor-element-243c954 elementor-section-boxed elementor-section-height-default elementor-section-height-default\" data-id=\"243c954\" data-element_type=\"section\" data-e-type=\"section\">\n\t\t\t\t\t\t<div class=\"elementor-container elementor-column-gap-default\">\n\t\t\t\t\t<div class=\"elementor-column elementor-col-100 elementor-top-column elementor-element elementor-element-ebadb62\" data-id=\"ebadb62\" data-element_type=\"column\" data-e-type=\"column\">\n\t\t\t<div class=\"elementor-widget-wrap elementor-element-populated\">\n\t\t\t\t\t\t<div class=\"elementor-element elementor-element-9d75df8 elementor-widget elementor-widget-menu-anchor\" data-id=\"9d75df8\" data-element_type=\"widget\" data-e-type=\"widget\" data-widget_type=\"menu-anchor.default\">\n\t\t\t\t<div class=\"elementor-widget-container\">\n\t\t\t\t\t\t\t<div class=\"elementor-menu-anchor\" id=\"profesorado\"><\/div>\n\t\t\t\t\t\t<\/div>\n\t\t\t\t<\/div>\n\t\t\t\t<div class=\"elementor-element elementor-element-6832083 elementor-widget elementor-widget-spacer\" data-id=\"6832083\" data-element_type=\"widget\" data-e-type=\"widget\" data-widget_type=\"spacer.default\">\n\t\t\t\t<div class=\"elementor-widget-container\">\n\t\t\t\t\t\t\t<div class=\"elementor-spacer\">\n\t\t\t<div class=\"elementor-spacer-inner\"><\/div>\n\t\t<\/div>\n\t\t\t\t\t\t<\/div>\n\t\t\t\t<\/div>\n\t\t\t\t<div class=\"elementor-element elementor-element-93a2d82 elementor-widget elementor-widget-elementskit-heading\" data-id=\"93a2d82\" data-element_type=\"widget\" data-e-type=\"widget\" data-widget_type=\"elementskit-heading.default\">\n\t\t\t\t<div class=\"elementor-widget-container\">\n\t\t\t\t\t<div class=\"ekit-wid-con\" ><div class=\"ekit-heading elementskit-section-title-wraper text_center   ekit_heading_tablet-   ekit_heading_mobile-\"><h2 class=\"ekit-heading--title elementskit-section-title \">Comisi\u00f3n acad\u00e9mica<\/h2><\/div><\/div>\t\t\t\t<\/div>\n\t\t\t\t<\/div>\n\t\t\t\t<section class=\"elementor-section elementor-inner-section elementor-element elementor-element-b43d71b elementor-section-boxed elementor-section-height-default elementor-section-height-default\" data-id=\"b43d71b\" data-element_type=\"section\" data-e-type=\"section\">\n\t\t\t\t\t\t<div class=\"elementor-container elementor-column-gap-no\">\n\t\t\t\t\t<div class=\"elementor-column elementor-col-33 elementor-inner-column elementor-element elementor-element-5ef4adc\" data-id=\"5ef4adc\" data-element_type=\"column\" data-e-type=\"column\">\n\t\t\t<div class=\"elementor-widget-wrap elementor-element-populated\">\n\t\t\t\t\t\t<div class=\"elementor-element elementor-element-600966c elementor-widget elementor-widget-elementskit-team\" data-id=\"600966c\" data-element_type=\"widget\" data-e-type=\"widget\" data-widget_type=\"elementskit-team.default\">\n\t\t\t\t<div class=\"elementor-widget-container\">\n\t\t\t\t\t<div class=\"ekit-wid-con\">\t\t\t\t\t\t\t\t\n\t\t<div class=\"profile-card elementor-animation- text-center ekit-team-style-default\">\n\t\t\t\n\t\t\t\t<div class=\"profile-header ekit-team-img ekit-img-overlay ekit-team-img-block\" >\n\t\t\t\t\t<img decoding=\"async\" width=\"1024\" height=\"1024\" src=\"https:\/\/www.upo.es\/formacionpermanente\/wp-content\/imagenes\/uploads\/2025\/07\/fotosesther-1024x1024.jpg\" class=\"attachment-large size-large wp-image-48314\" alt=\"Esther Prieto\" srcset=\"https:\/\/www.upo.es\/formacionpermanente\/wp-content\/imagenes\/uploads\/2025\/07\/fotosesther-1024x1024.jpg 1024w, https:\/\/www.upo.es\/formacionpermanente\/wp-content\/imagenes\/uploads\/2025\/07\/fotosesther-300x300.jpg 300w, https:\/\/www.upo.es\/formacionpermanente\/wp-content\/imagenes\/uploads\/2025\/07\/fotosesther-150x150.jpg 150w, https:\/\/www.upo.es\/formacionpermanente\/wp-content\/imagenes\/uploads\/2025\/07\/fotosesther-768x768.jpg 768w, https:\/\/www.upo.es\/formacionpermanente\/wp-content\/imagenes\/uploads\/2025\/07\/fotosesther.jpg 1536w\" sizes=\"(max-width: 1024px) 100vw, 1024px\" \/>\t\t\t\t<\/div><!-- .profile-header END -->\n\t\t\t\n\n\t\t\t\t<div class=\"profile-body\">\n\t\t\t\t\t\n\t\t\t\t\t<h2 class=\"profile-title\">\n\t\t\t\t\t\t\t\t\t\t\tEsther Prieto Jim\u00e9nez\t\t\t\t\t\t\t\t\t\t<\/h2>\n\t\t\t\t\t<p class=\"profile-designation\">Direcci\u00f3n Acad\u00e9mica<\/p>\n\t\t\t\t\t\t\t\t\t\t<p class=\"profile-content\">Docente UPO. Profesora titular en Educaci\u00f3n para el Desarrollo y co-directora del M\u00e1ster en Educaci\u00f3n para el Desarrollo, Sensibilizaci\u00f3n Social y Cultura de la Paz. Dirige la C\u00e1tedra Iberoamericana de Educaci\u00f3n en Derechos Humanos y dirige el proyecto de Erasmus+ EDUDER.<\/p>\n\t\t\t\t\t\t\t\t\t<\/div><!-- .profile-body END -->\n\n\t\t\t\t\t\t\t\t<\/div>\n\t\t\t\t\t\t\t\n\t\t\t\n\t\t\t\t<\/div>\t\t\t\t<\/div>\n\t\t\t\t<\/div>\n\t\t\t\t\t<\/div>\n\t\t<\/div>\n\t\t\t\t<div class=\"elementor-column elementor-col-33 elementor-inner-column elementor-element elementor-element-202c6fc\" data-id=\"202c6fc\" data-element_type=\"column\" data-e-type=\"column\">\n\t\t\t<div class=\"elementor-widget-wrap elementor-element-populated\">\n\t\t\t\t\t\t<div class=\"elementor-element elementor-element-073366f elementor-widget elementor-widget-elementskit-team\" data-id=\"073366f\" data-element_type=\"widget\" data-e-type=\"widget\" data-widget_type=\"elementskit-team.default\">\n\t\t\t\t<div class=\"elementor-widget-container\">\n\t\t\t\t\t<div class=\"ekit-wid-con\">\t\t\t\t\t\t\t\t\n\t\t<div class=\"profile-card elementor-animation- text-center ekit-team-style-default\">\n\t\t\t\n\t\t\t\t<div class=\"profile-header ekit-team-img ekit-img-overlay ekit-team-img-block\" >\n\t\t\t\t\t<img loading=\"lazy\" decoding=\"async\" width=\"600\" height=\"450\" src=\"https:\/\/www.upo.es\/formacionpermanente\/wp-content\/imagenes\/uploads\/2025\/07\/juan-antonio.jpg\" class=\"attachment-large size-large wp-image-47633\" alt=\"\" srcset=\"https:\/\/www.upo.es\/formacionpermanente\/wp-content\/imagenes\/uploads\/2025\/07\/juan-antonio.jpg 600w, https:\/\/www.upo.es\/formacionpermanente\/wp-content\/imagenes\/uploads\/2025\/07\/juan-antonio-300x225.jpg 300w\" sizes=\"(max-width: 600px) 100vw, 600px\" \/>\t\t\t\t<\/div><!-- .profile-header END -->\n\t\t\t\n\n\t\t\t\t<div class=\"profile-body\">\n\t\t\t\t\t\n\t\t\t\t\t<h2 class=\"profile-title\">\n\t\t\t\t\t\t\t\t\t\t\tJuan Antonio Barrionuevo Fern\u00e1ndez\t\t\t\t\t\t\t\t\t\t<\/h2>\n\t\t\t\t\t<p class=\"profile-designation\">Direcci\u00f3n Ejecutiva<\/p>\n\t\t\t\t\t\t\t\t\t\t<p class=\"profile-content\">Fundaci\u00f3n Madrazo. Director en Relaciones Institucionales y Comunicaci\u00f3n en la Fundaci\u00f3n Madrazo. Experiencia institucional con responsabilidades t\u00e9cnicas y pol\u00edticas a nivel auton\u00f3mico, provincial y local.<\/p>\n\t\t\t\t\t\t\t\t\t<\/div><!-- .profile-body END -->\n\n\t\t\t\t\t\t\t\t<\/div>\n\t\t\t\t\t\t\t\n\t\t\t\n\t\t\t\t<\/div>\t\t\t\t<\/div>\n\t\t\t\t<\/div>\n\t\t\t\t\t<\/div>\n\t\t<\/div>\n\t\t\t\t<div class=\"elementor-column elementor-col-33 elementor-inner-column elementor-element elementor-element-19f5a60\" data-id=\"19f5a60\" data-element_type=\"column\" data-e-type=\"column\">\n\t\t\t<div class=\"elementor-widget-wrap elementor-element-populated\">\n\t\t\t\t\t\t<div class=\"elementor-element elementor-element-34fc245 elementor-widget elementor-widget-elementskit-team\" data-id=\"34fc245\" data-element_type=\"widget\" data-e-type=\"widget\" data-widget_type=\"elementskit-team.default\">\n\t\t\t\t<div class=\"elementor-widget-container\">\n\t\t\t\t\t<div class=\"ekit-wid-con\">\t\t\t\t\t\t\t\t\n\t\t<div class=\"profile-card elementor-animation- text-center ekit-team-style-default\">\n\t\t\t\n\t\t\t\t<div class=\"profile-header ekit-team-img ekit-img-overlay ekit-team-img-block\" >\n\t\t\t\t\t<img loading=\"lazy\" decoding=\"async\" width=\"200\" height=\"200\" src=\"https:\/\/www.upo.es\/formacionpermanente\/wp-content\/imagenes\/uploads\/2025\/07\/janice-fernandez.jpg\" class=\"attachment-large size-large wp-image-47634\" alt=\"\" srcset=\"https:\/\/www.upo.es\/formacionpermanente\/wp-content\/imagenes\/uploads\/2025\/07\/janice-fernandez.jpg 200w, https:\/\/www.upo.es\/formacionpermanente\/wp-content\/imagenes\/uploads\/2025\/07\/janice-fernandez-150x150.jpg 150w\" sizes=\"(max-width: 200px) 100vw, 200px\" \/>\t\t\t\t<\/div><!-- .profile-header END -->\n\t\t\t\n\n\t\t\t\t<div class=\"profile-body\">\n\t\t\t\t\t\n\t\t\t\t\t<h2 class=\"profile-title\">\n\t\t\t\t\t\t\t\t\t\t\tJanice Fern\u00e1ndez Ellston\t\t\t\t\t\t\t\t\t\t<\/h2>\n\t\t\t\t\t<p class=\"profile-designation\">Coordinaci\u00f3n<\/p>\n\t\t\t\t\t\t\t\t\t\t<p class=\"profile-content\">Estudiante de Educaci\u00f3n Social, colaboradora en el Departamento de Educaci\u00f3n y Psicolog\u00eda Social UPO<\/p>\n\t\t\t\t\t\t\t\t\t<\/div><!-- .profile-body END -->\n\n\t\t\t\t\t\t\t\t<\/div>\n\t\t\t\t\t\t\t\n\t\t\t\n\t\t\t\t<\/div>\t\t\t\t<\/div>\n\t\t\t\t<\/div>\n\t\t\t\t\t<\/div>\n\t\t<\/div>\n\t\t\t\t\t<\/div>\n\t\t<\/section>\n\t\t\t\t<div class=\"elementor-element elementor-element-3081a5f elementor-widget elementor-widget-spacer\" data-id=\"3081a5f\" data-element_type=\"widget\" data-e-type=\"widget\" data-widget_type=\"spacer.default\">\n\t\t\t\t<div class=\"elementor-widget-container\">\n\t\t\t\t\t\t\t<div class=\"elementor-spacer\">\n\t\t\t<div class=\"elementor-spacer-inner\"><\/div>\n\t\t<\/div>\n\t\t\t\t\t\t<\/div>\n\t\t\t\t<\/div>\n\t\t\t\t<div class=\"elementor-element elementor-element-e85038f elementor-widget elementor-widget-elementskit-heading\" data-id=\"e85038f\" data-element_type=\"widget\" data-e-type=\"widget\" data-widget_type=\"elementskit-heading.default\">\n\t\t\t\t<div class=\"elementor-widget-container\">\n\t\t\t\t\t<div class=\"ekit-wid-con\" ><div class=\"ekit-heading elementskit-section-title-wraper text_center   ekit_heading_tablet-   ekit_heading_mobile-\"><h2 class=\"ekit-heading--title elementskit-section-title \">Profesorado<\/h2><\/div><\/div>\t\t\t\t<\/div>\n\t\t\t\t<\/div>\n\t\t\t\t<div class=\"elementor-element elementor-element-074d582 elementor-widget elementor-widget-text-editor\" data-id=\"074d582\" data-element_type=\"widget\" data-e-type=\"widget\" data-widget_type=\"text-editor.default\">\n\t\t\t\t<div class=\"elementor-widget-container\">\n\t\t\t\t\t\t\t\t\t<p>Relaci\u00f3n de profesorado:<\/p>\n<ul>\n<li><strong>Esther Prieto. <span style=\"font-weight: 400\">Docente UPO. Profesora titular en Educaci\u00f3n para el Desarrollo y co-directora del M\u00e1ster en Educaci\u00f3n para el Desarrollo, Sensibilizaci\u00f3n Social y Cultura de la Paz. Dirige la C\u00e1tedra Iberoamericana de Educaci\u00f3n en Derechos Humanos y dirige el proyecto de Erasmus+ EDUDER.<\/span><\/strong><\/li>\n<li><strong>Juan Antonio Barrionuevo. <span style=\"font-weight: 400\">Fundaci\u00f3n Madrazo. Director en Relaciones Institucionales y Comunicaci\u00f3n en la Fundaci\u00f3n Madrazo. Experiencia institucional con responsabilidades t\u00e9cnicas y pol\u00edticas a nivel auton\u00f3mico, provincial y local.<\/span><\/strong><\/li>\n<li><strong>Jos\u00e9 Luis Siguil. <span style=\"font-weight: 400\">CEPEDEM, Guatemala. Director de CEPEDEM, vicepresidente del movimiento regional Tzuk Kim Pop y Coordinador y Coordinador del Proyecto Kayibal. M\u00e1s de 35 a\u00f1os de experiencia en Desarrollo y Transformaci\u00f3n Social con organizaciones de la sociedad civil. <\/span><\/strong><\/li>\n<li><strong>Emilio Rabasco. <span style=\"font-weight: 400\">FAMSI. Consultor internacional en evaluaci\u00f3n de programas y pol\u00edticas p\u00fablicas de cooperaci\u00f3n internacional, incluyendo publicaciones y estudios.<\/span><\/strong><\/li>\n<li><strong>Micaela L\u00f3pez. <span style=\"font-weight: 400\">UPO. T\u00e9cnica superior de apoyo a la investigaci\u00f3n en la UPO. Soci\u00f3loga con m\u00e1s de 15 a\u00f1os de experiencia. Ha sido directora general de Igualdad y Cooperaci\u00f3n al Desarrollo del Ayuntamiento de Sevilla y t\u00e9cnica de proyectos en Fundaci\u00f3n Tri\u00e1ngulo y Dr. Manuel Madrazo. <\/span><\/strong><\/li>\n<li><strong>Mar\u00eda Luisa Iglesias. <span style=\"font-weight: 400\">FAMSI. T\u00e9cnica de programas en FAMSI. M\u00e1ster en Desarrollo Local y Cooperaci\u00f3n al Desarrollo. Trabaja desde 1996 en el dise\u00f1o y desarrollo de proyectos, especialmente en tem\u00e1ticas de igualdad y desarrollo local.<\/span><\/strong><\/li>\n<li><strong>Alejandro Duarte. <span style=\"font-weight: 400\">ASONGD. T\u00e9cnico de la Asociaci\u00f3n Sevillana de ONGD. Ha trabajado en proyectos de cooperaci\u00f3n y desarrollo implementando metodolog\u00edas rigurosas con herramientas digitales. Ha colaborado con entidades e instituciones como NUD, IICA, Junta de Andaluc\u00eda, CAONGD, ASONG y otros. <\/span><\/strong><\/li>\n<li><strong>Virginia S\u00e1nchez. <span style=\"font-weight: 400\">ASONGD. T\u00e9cnica de la Asociaci\u00f3n Sevillana de ONGD. M\u00e1ster en Cooperaci\u00f3n y Gesti\u00f3n de ONGD. Ha coordinado equipos multidisciplinares y colaborado con organizaciones como Save the Children, Intered y Farmamundi. <\/span><\/strong><\/li>\n<li><strong>Mari Carmen V\u00e9lez. <\/strong><span style=\"font-weight: 400\">AACID. Responsable de la Unidad de Planificaci\u00f3n y Evaluaci\u00f3n de la Agenda Andaluza de Cooperaci\u00f3n Internacional para el Desarrollo. Cofundadora de la Sociedad Espa\u00f1ola de Evaluaci\u00f3n. <\/span><\/li>\n<li><strong>Merardo Pozo. <\/strong><span style=\"font-weight: 400\">CEDESCO, Bolivia. Ingeniero de Desarrollo Rural y Agr\u00f3nomo. Experiencia en coordinaci\u00f3n e implementaci\u00f3n de proyectos de Desarrollo Rural y Facilidad de Relacionamiento con Organizaciones Campesinas y Gobiernos Locales.<\/span><\/li>\n<li><strong>\u00c1ngel Acisclo Hu\u00e9lamo. <span style=\"font-weight: 400\">+QFARMACIA. Director General de Farmasolidaria y CEO Fundador de APHImpacto. Especialista en Salud P\u00fablica en Cooperaci\u00f3n al Desarrollo. Premio G\u00f3mez Ullua a la excelencia en Sanidad.<\/span><\/strong><\/li>\n<li><strong>Francisco J. Molina. <span style=\"font-weight: 400\">PAZ Y BIEN. Responsable de Proyectos en Paz y Bien desde 1998. Tiene asignado el Departamento de Cooperaci\u00f3n Internacional como T\u00e9cnico de Proyectos. <\/span><\/strong><\/li>\n<li><strong>Mar\u00eda Burgos. <span style=\"font-weight: 400\">Fundaci\u00f3n INTERED. Responsable del \u00c1rea de Educaci\u00f3n en la Fundaci\u00f3n Intered en Andaluc\u00eda. Trayectoria profesional en el sector de las ONGD Andaluzas, realizando consultor\u00edas de evaluaci\u00f3n para entidades.<\/span><\/strong><\/li>\n<li><strong>Bernardo Gonz\u00e1lez. <span style=\"font-weight: 400\">Universidad de Chile. Docente e investigador del Departamento de Estudios Pedag\u00f3gicos en la Universidad de Chile, con l\u00ednea de investigaci\u00f3n en Derechos Humanos, Memoria y Ciudadan\u00eda, Educaci\u00f3n Inclusiva, Did\u00e1ctica en Historia, Geograf\u00eda y Ciencias Sociales.<\/span><\/strong><\/li>\n<li><strong>M\u00aa \u00c1ngeles Sep\u00falveda. <span style=\"font-weight: 400\">Fundaci\u00f3n Madrazo. Fundadora de la Asociaci\u00f3n de Asistencia a V\u00edctimas de Violencia. Fue directora general de violencia de g\u00e9nero y jefa de la unidad de coordinaci\u00f3n para la violencia sobre la mujer en Andaluc\u00eda.<\/span><\/strong><\/li>\n<li><strong>Ra\u00fal Puente. <span style=\"font-weight: 400\">UPO. Doctor en Geograf\u00eda. Estudios profesionales y acad\u00e9micos relacionados con la sostenibilidad en distintos pa\u00edses. Autor de libros y art\u00edculos sobre cambio clim\u00e1tico, medio ambiente local, participaci\u00f3n ciudadana y huertos urbanos. <\/span><\/strong><\/li>\n<li><strong>Marco Luis G\u00f3mez. <span style=\"font-weight: 400\">Fundaci\u00f3n Suyusama, Colombia. Trabaja en la Fundaci\u00f3n Suyusama. Acompa\u00f1a iniciativas en las regiones Nari\u00f1o, Cauca y Huila. Experiencia en procesos comunitarios tales como de transici\u00f3n agroecol\u00f3gica, econom\u00eda solidaria, gesti\u00f3n comunitaria del agua o incidencia pol\u00edtica. <\/span><\/strong><\/li>\n<li><strong>Luis L\u00f3pez. <span style=\"font-weight: 400\">UNICEF. Director de innovaci\u00f3n, integraci\u00f3n de datos y tecnolog\u00eda en UNICEF Espa\u00f1a. Lidera procesos de transformaci\u00f3n digital. Imparte docencia en la UPO en Educaci\u00f3n para el Desarrollo desde una perspectiva de Innovaci\u00f3n, Ciudadan\u00eda Cr\u00edtica y ODS. <\/span><\/strong><\/li>\n<li><strong>Manuel Jes\u00fas Perea. <span style=\"font-weight: 400\">UPO. Investigador en proyectos de cooperaci\u00f3n internacional en Nicaragua y Argentina. Experto en educaci\u00f3n inclusiva, igualdad y diversidad. Forma parte del proyecto Erasmus+ EDUDER. <\/span><\/strong><\/li>\n<li><strong>Almudena Mart\u00ednez. <span style=\"font-weight: 400\">UPO. Especialista en direcci\u00f3n y gesti\u00f3n de instituciones educativas. Coordina el m\u00f3dulo \u201cEvaluaci\u00f3n, Calidad e Innovaci\u00f3n de Instituciones de Educaci\u00f3n para el Desarrollo\u201d en el M\u00e1ster de Educaci\u00f3n para el Desarrollo, Sensibilizaci\u00f3n Social y Cultura para la Paz de la UPO. <\/span><\/strong><\/li>\n<li><strong>Mar\u00eda Carmen Mu\u00f1oz. <span style=\"font-weight: 400\">UPO. Directora de la Universidad Popular de Dos Hermanas y Coordinadora del Aula de Mayores en la UPO. Destaca su coordinaci\u00f3n en el M\u00f3dulo sobre Herramientas y Estrategias de Intervenci\u00f3n en Educaci\u00f3n para el Desarrollo. <\/span><\/strong><\/li>\n<li><strong>Mar\u00eda del Roc\u00edo Cruz. <span style=\"font-weight: 400\">UPO. Experta en Educaci\u00f3n de Personas Adultas. Ha participado en m\u00faltiples proyectos de I+D+i nacionales e internacionales. Investigadora del grupo GEDUPO con un sexenio de investigaci\u00f3n.<\/span><\/strong><\/li>\n<li><strong>Luis Torrero. <span style=\"font-weight: 400\">Fundaci\u00f3n Madrazo. Supervisi\u00f3n de proyectos en Salvador y Guatemalas. Experto en Protecci\u00f3n Civil, Log\u00edstica de Emergencias y Cooperaci\u00f3n Internacional. Vinculado a la Fundaci\u00f3n Dr. Manuel Madrazo impartiendo formaciones sobre rescate, salvamento y log\u00edstica. <\/span><\/strong><\/li>\n<li><strong>\u00c1ngel M. Dom\u00ednguez.<\/strong> <span style=\"font-weight: 400\">Diputaci\u00f3n de Sevilla. T\u00e9cnico de Administraci\u00f3n General en la Unidad de Cooperaci\u00f3n al Desarrollo. Experto en Cooperaci\u00f3n Internacional para el Desarrollo y en Cooperaci\u00f3n y Acci\u00f3n Internacional Municipal. Ha sido responsable de Administraci\u00f3n en FAMSI.<\/span><\/li>\n<\/ul>\n\t\t\t\t\t\t\t\t<\/div>\n\t\t\t\t<\/div>\n\t\t\t\t\t<\/div>\n\t\t<\/div>\n\t\t\t\t\t<\/div>\n\t\t<\/section>\n\t\t\t\t<section class=\"elementor-section elementor-top-section elementor-element elementor-element-298a9e2 elementor-section-boxed elementor-section-height-default elementor-section-height-default\" data-id=\"298a9e2\" data-element_type=\"section\" data-e-type=\"section\">\n\t\t\t\t\t\t<div class=\"elementor-container elementor-column-gap-default\">\n\t\t\t\t\t<div class=\"elementor-column elementor-col-100 elementor-top-column elementor-element elementor-element-4c440c4\" data-id=\"4c440c4\" data-element_type=\"column\" data-e-type=\"column\">\n\t\t\t<div class=\"elementor-widget-wrap elementor-element-populated\">\n\t\t\t\t\t\t<div class=\"elementor-element elementor-element-10b1af4 elementor-widget elementor-widget-menu-anchor\" data-id=\"10b1af4\" data-element_type=\"widget\" data-e-type=\"widget\" data-widget_type=\"menu-anchor.default\">\n\t\t\t\t<div class=\"elementor-widget-container\">\n\t\t\t\t\t\t\t<div class=\"elementor-menu-anchor\" id=\"evaluacion\"><\/div>\n\t\t\t\t\t\t<\/div>\n\t\t\t\t<\/div>\n\t\t\t\t<div class=\"elementor-element elementor-element-34cf3b4 elementor-widget elementor-widget-spacer\" data-id=\"34cf3b4\" data-element_type=\"widget\" data-e-type=\"widget\" data-widget_type=\"spacer.default\">\n\t\t\t\t<div class=\"elementor-widget-container\">\n\t\t\t\t\t\t\t<div class=\"elementor-spacer\">\n\t\t\t<div class=\"elementor-spacer-inner\"><\/div>\n\t\t<\/div>\n\t\t\t\t\t\t<\/div>\n\t\t\t\t<\/div>\n\t\t\t\t<div class=\"elementor-element elementor-element-512da4b elementor-widget elementor-widget-elementskit-heading\" data-id=\"512da4b\" data-element_type=\"widget\" data-e-type=\"widget\" data-widget_type=\"elementskit-heading.default\">\n\t\t\t\t<div class=\"elementor-widget-container\">\n\t\t\t\t\t<div class=\"ekit-wid-con\" ><div class=\"ekit-heading elementskit-section-title-wraper text_center   ekit_heading_tablet-   ekit_heading_mobile-\"><h2 class=\"ekit-heading--title elementskit-section-title \">Sistema de evaluaci\u00f3n<\/h2><\/div><\/div>\t\t\t\t<\/div>\n\t\t\t\t<\/div>\n\t\t\t\t<div class=\"elementor-element elementor-element-f0f0229 elementor-widget elementor-widget-text-editor\" data-id=\"f0f0229\" data-element_type=\"widget\" data-e-type=\"widget\" data-widget_type=\"text-editor.default\">\n\t\t\t\t<div class=\"elementor-widget-container\">\n\t\t\t\t\t\t\t\t\t<p><span style=\"font-weight: 400\">El alumnado ser\u00e1 evaluado mediante trabajos pr\u00e1cticos, estudios de caso y una evaluaci\u00f3n final que integrar\u00e1 los conocimientos adquiridos en los distintos m\u00f3dulos. Al completar satisfactoriamente el curso, recibir\u00e1 un certificado de haber superado la microcredencial, con un total de 6 cr\u00e9ditos ECTS obtenidos, reconocida por la Universidad de Pablo de Olavide.<\/span><\/p>\n<p>Este enfoque modular y estructurado garantiza que los participantes adquieran una comprensi\u00f3n integral y aplicada de los principios y pr\u00e1cticas de la cooperaci\u00f3n internacional, prepar\u00e1ndose para enfrentar los desaf\u00edos globales de manera efectiva\u202fy\u202fresponsable.\u200b<\/p>\n<p>El <strong>tipo de evaluaci\u00f3n<\/strong> de esta microcredencial es el siguiente:<\/p>\n<ul>\n<li>Participaci\u00f3n en clases y talleres (20%): Evaluaci\u00f3n continua de la participaci\u00f3n activa y la colaboraci\u00f3n en actividades de clase.<\/li>\n<li>Quizzes y Ejercicios (30%): Evaluaci\u00f3n a trav\u00e9s de quizzes cortos y ejercicios pr\u00e1cticos.<\/li>\n<li>Trabajo en grupo (30%): Desarrollo y presentaci\u00f3n del proyecto final.<\/li>\n<li>Reflexi\u00f3n final (20%): Informe individual de reflexi\u00f3n sobre la experiencia de aprendizaje.<\/li>\n<\/ul>\n\t\t\t\t\t\t\t\t<\/div>\n\t\t\t\t<\/div>\n\t\t\t\t\t<\/div>\n\t\t<\/div>\n\t\t\t\t\t<\/div>\n\t\t<\/section>\n\t\t\t\t<section class=\"elementor-section elementor-top-section elementor-element elementor-element-bbd1167 elementor-section-boxed elementor-section-height-default elementor-section-height-default\" data-id=\"bbd1167\" data-element_type=\"section\" data-e-type=\"section\">\n\t\t\t\t\t\t<div class=\"elementor-container elementor-column-gap-default\">\n\t\t\t\t\t<div class=\"elementor-column elementor-col-100 elementor-top-column elementor-element elementor-element-a0311a0\" data-id=\"a0311a0\" data-element_type=\"column\" data-e-type=\"column\">\n\t\t\t<div class=\"elementor-widget-wrap elementor-element-populated\">\n\t\t\t\t\t\t<div class=\"elementor-element elementor-element-343053d elementor-widget elementor-widget-menu-anchor\" data-id=\"343053d\" data-element_type=\"widget\" data-e-type=\"widget\" data-widget_type=\"menu-anchor.default\">\n\t\t\t\t<div class=\"elementor-widget-container\">\n\t\t\t\t\t\t\t<div class=\"elementor-menu-anchor\" id=\"calendario\"><\/div>\n\t\t\t\t\t\t<\/div>\n\t\t\t\t<\/div>\n\t\t\t\t<div class=\"elementor-element elementor-element-a69f12f elementor-widget elementor-widget-spacer\" data-id=\"a69f12f\" data-element_type=\"widget\" data-e-type=\"widget\" data-widget_type=\"spacer.default\">\n\t\t\t\t<div class=\"elementor-widget-container\">\n\t\t\t\t\t\t\t<div class=\"elementor-spacer\">\n\t\t\t<div class=\"elementor-spacer-inner\"><\/div>\n\t\t<\/div>\n\t\t\t\t\t\t<\/div>\n\t\t\t\t<\/div>\n\t\t\t\t<div class=\"elementor-element elementor-element-ea79332 elementor-widget elementor-widget-elementskit-heading\" data-id=\"ea79332\" data-element_type=\"widget\" data-e-type=\"widget\" data-widget_type=\"elementskit-heading.default\">\n\t\t\t\t<div class=\"elementor-widget-container\">\n\t\t\t\t\t<div class=\"ekit-wid-con\" ><div class=\"ekit-heading elementskit-section-title-wraper text_center   ekit_heading_tablet-   ekit_heading_mobile-\"><h2 class=\"ekit-heading--title elementskit-section-title \">Calendario de la microcredencial<\/h2><\/div><\/div>\t\t\t\t<\/div>\n\t\t\t\t<\/div>\n\t\t\t\t<div class=\"elementor-element elementor-element-dc1fa44 elementor-widget elementor-widget-text-editor\" data-id=\"dc1fa44\" data-element_type=\"widget\" data-e-type=\"widget\" data-widget_type=\"text-editor.default\">\n\t\t\t\t<div class=\"elementor-widget-container\">\n\t\t\t\t\t\t\t\t\t<p><span style=\"font-weight: 400\">La naturaleza de la microcredencial es online, contando con sesiones impartidas tanto de forma s\u00edncrona, como as\u00edncrona. En todo caso, las sesiones quedar\u00e1n grabadas para su posterior visualizaci\u00f3n.<\/span><\/p>\n<p><a href=\"https:\/\/www.upo.es\/formacionpermanente\/wp-content\/pdfs\/microcredenciales\/calendarios\/2025ci04-calendario.pdf\" target=\"_blank\" rel=\"noopener\"><strong>Pinche aqu\u00ed<\/strong><\/a> para descargar el calendario de esta microcredencial<\/p>\n\t\t\t\t\t\t\t\t<\/div>\n\t\t\t\t<\/div>\n\t\t\t\t\t<\/div>\n\t\t<\/div>\n\t\t\t\t\t<\/div>\n\t\t<\/section>\n\t\t\t\t<section class=\"elementor-section elementor-top-section elementor-element elementor-element-7c73308 elementor-section-boxed elementor-section-height-default elementor-section-height-default\" data-id=\"7c73308\" data-element_type=\"section\" data-e-type=\"section\">\n\t\t\t\t\t\t<div class=\"elementor-container elementor-column-gap-default\">\n\t\t\t\t\t<div class=\"elementor-column elementor-col-100 elementor-top-column elementor-element elementor-element-3e0212a\" data-id=\"3e0212a\" data-element_type=\"column\" data-e-type=\"column\">\n\t\t\t<div class=\"elementor-widget-wrap elementor-element-populated\">\n\t\t\t\t\t\t<section class=\"elementor-section elementor-inner-section elementor-element elementor-element-d86d177 elementor-section-full_width elementor-section-height-default elementor-section-height-default\" data-id=\"d86d177\" data-element_type=\"section\" data-e-type=\"section\">\n\t\t\t\t\t\t<div class=\"elementor-container elementor-column-gap-wider\">\n\t\t\t\t\t<div class=\"elementor-column elementor-col-50 elementor-inner-column elementor-element elementor-element-cd59b37\" data-id=\"cd59b37\" data-element_type=\"column\" data-e-type=\"column\">\n\t\t\t<div class=\"elementor-widget-wrap elementor-element-populated\">\n\t\t\t\t\t\t<div class=\"elementor-element elementor-element-bea90ad elementor-widget elementor-widget-image\" data-id=\"bea90ad\" data-element_type=\"widget\" data-e-type=\"widget\" data-widget_type=\"image.default\">\n\t\t\t\t<div class=\"elementor-widget-container\">\n\t\t\t\t\t\t\t\t\t\t\t\t\t\t\t<img loading=\"lazy\" decoding=\"async\" width=\"768\" height=\"353\" src=\"https:\/\/www.upo.es\/formacionpermanente\/wp-content\/imagenes\/uploads\/2024\/02\/Calidad-Web-768x353.png\" class=\"attachment-medium_large size-medium_large wp-image-38133\" alt=\"\" srcset=\"https:\/\/www.upo.es\/formacionpermanente\/wp-content\/imagenes\/uploads\/2024\/02\/Calidad-Web-768x353.png 768w, https:\/\/www.upo.es\/formacionpermanente\/wp-content\/imagenes\/uploads\/2024\/02\/Calidad-Web-300x138.png 300w, https:\/\/www.upo.es\/formacionpermanente\/wp-content\/imagenes\/uploads\/2024\/02\/Calidad-Web.png 800w\" sizes=\"(max-width: 768px) 100vw, 768px\" \/>\t\t\t\t\t\t\t\t\t\t\t\t\t\t\t<\/div>\n\t\t\t\t<\/div>\n\t\t\t\t<div class=\"elementor-element elementor-element-b2fc18b elementor-align-center elementor-widget elementor-widget-button\" data-id=\"b2fc18b\" data-element_type=\"widget\" data-e-type=\"widget\" data-widget_type=\"button.default\">\n\t\t\t\t<div class=\"elementor-widget-container\">\n\t\t\t\t\t\t\t\t\t<div class=\"elementor-button-wrapper\">\n\t\t\t\t\t<a class=\"elementor-button elementor-button-link elementor-size-sm\" href=\"https:\/\/www.upo.es\/formacionpermanente\/wp-content\/imagenes\/uploads\/2024\/09\/calidad-fupo-20242025.pdf\" target=\"_blank\">\n\t\t\t\t\t\t<span class=\"elementor-button-content-wrapper\">\n\t\t\t\t\t\t\t\t\t<span class=\"elementor-button-text\">Ver Certificado<\/span>\n\t\t\t\t\t<\/span>\n\t\t\t\t\t<\/a>\n\t\t\t\t<\/div>\n\t\t\t\t\t\t\t\t<\/div>\n\t\t\t\t<\/div>\n\t\t\t\t\t<\/div>\n\t\t<\/div>\n\t\t\t\t<div class=\"elementor-column elementor-col-50 elementor-inner-column elementor-element elementor-element-61bcbcb\" data-id=\"61bcbcb\" data-element_type=\"column\" data-e-type=\"column\">\n\t\t\t<div class=\"elementor-widget-wrap elementor-element-populated\">\n\t\t\t\t\t\t<div class=\"elementor-element elementor-element-9ee4792 elementor-widget elementor-widget-elementskit-heading\" data-id=\"9ee4792\" data-element_type=\"widget\" data-e-type=\"widget\" data-widget_type=\"elementskit-heading.default\">\n\t\t\t\t<div class=\"elementor-widget-container\">\n\t\t\t\t\t<div class=\"ekit-wid-con\" ><div class=\"ekit-heading elementskit-section-title-wraper text_left   ekit_heading_tablet-   ekit_heading_mobile-\"><h2 class=\"ekit-heading--title elementskit-section-title \">Certificaci\u00f3n de Calidad<\/h2><h4 class=\"ekit-heading--subtitle elementskit-section-subtitle  \">\n\t\t\t\t\t\tAENOR ISO 9001\n\t\t\t\t\t<\/h4><\/div><\/div>\t\t\t\t<\/div>\n\t\t\t\t<\/div>\n\t\t\t\t<div class=\"elementor-element elementor-element-110ad24 elementor-widget elementor-widget-text-editor\" data-id=\"110ad24\" data-element_type=\"widget\" data-e-type=\"widget\" data-widget_type=\"text-editor.default\">\n\t\t\t\t<div class=\"elementor-widget-container\">\n\t\t\t\t\t\t\t\t\t<div data-id=\"5b61699\" data-element_type=\"widget\" data-widget_type=\"text-editor.default\"><div><p>La <strong>Fundaci\u00f3n Universidad Pablo de Olavide<\/strong>, ha asumido su compromiso con la gesti\u00f3n de la calidad desde el a\u00f1o 2003, fecha en la que se obtuvo por primera vez la certificaci\u00f3n de su <strong>Sistema de Gesti\u00f3n de la Calidad<\/strong>. Desde ese momento, se ha apostado por un proceso de mejora continua que ha permitido la evoluci\u00f3n del sistema de gesti\u00f3n de la Fundaci\u00f3n en sus nuevos retos operativos, conforme siempre a los est\u00e1ndares de calidad de la normas ISO.<\/p><p>El alcance del Certificado de Calidad de la Fundaci\u00f3n recoge las actividades de <strong>Gesti\u00f3n de Pr\u00e1cticas Acad\u00e9micas Externas<\/strong> (Curriculares y Extracurriculares) y <strong>Gesti\u00f3n de Formaci\u00f3n Permanente<\/strong> (T\u00edtulos Propios y Microcredenciales).<\/p><\/div><\/div>\t\t\t\t\t\t\t\t<\/div>\n\t\t\t\t<\/div>\n\t\t\t\t\t<\/div>\n\t\t<\/div>\n\t\t\t\t\t<\/div>\n\t\t<\/section>\n\t\t\t\t\t<\/div>\n\t\t<\/div>\n\t\t\t\t\t<\/div>\n\t\t<\/section>\n\t\t\t\t<section class=\"elementor-section elementor-top-section elementor-element elementor-element-59fb8098 elementor-hidden-phone elementor-section-boxed elementor-section-height-default elementor-section-height-default\" data-id=\"59fb8098\" data-element_type=\"section\" data-e-type=\"section\">\n\t\t\t\t\t\t<div class=\"elementor-container elementor-column-gap-default\">\n\t\t\t\t\t<div class=\"elementor-column elementor-col-100 elementor-top-column elementor-element elementor-element-5f40fe99\" data-id=\"5f40fe99\" data-element_type=\"column\" data-e-type=\"column\">\n\t\t\t<div class=\"elementor-widget-wrap elementor-element-populated\">\n\t\t\t\t\t\t<section class=\"elementor-section elementor-inner-section elementor-element elementor-element-527948e6 elementor-section-boxed elementor-section-height-default elementor-section-height-default\" data-id=\"527948e6\" data-element_type=\"section\" data-e-type=\"section\">\n\t\t\t\t\t\t<div class=\"elementor-container elementor-column-gap-default\">\n\t\t\t\t\t<div class=\"elementor-column elementor-col-33 elementor-inner-column elementor-element elementor-element-587f5259\" data-id=\"587f5259\" data-element_type=\"column\" data-e-type=\"column\">\n\t\t\t<div class=\"elementor-widget-wrap\">\n\t\t\t\t\t\t\t<\/div>\n\t\t<\/div>\n\t\t\t\t<div class=\"elementor-column elementor-col-33 elementor-inner-column elementor-element elementor-element-391ce25a\" data-id=\"391ce25a\" data-element_type=\"column\" data-e-type=\"column\">\n\t\t\t<div class=\"elementor-widget-wrap elementor-element-populated\">\n\t\t\t\t\t\t<div class=\"elementor-element elementor-element-36db77d elementor-widget elementor-widget-spacer\" data-id=\"36db77d\" data-element_type=\"widget\" data-e-type=\"widget\" data-widget_type=\"spacer.default\">\n\t\t\t\t<div class=\"elementor-widget-container\">\n\t\t\t\t\t\t\t<div class=\"elementor-spacer\">\n\t\t\t<div class=\"elementor-spacer-inner\"><\/div>\n\t\t<\/div>\n\t\t\t\t\t\t<\/div>\n\t\t\t\t<\/div>\n\t\t\t\t<div class=\"elementor-element elementor-element-030c717 elementor-widget elementor-widget-elementskit-heading\" data-id=\"030c717\" data-element_type=\"widget\" data-e-type=\"widget\" data-widget_type=\"elementskit-heading.default\">\n\t\t\t\t<div class=\"elementor-widget-container\">\n\t\t\t\t\t<div class=\"ekit-wid-con\" ><div class=\"ekit-heading elementskit-section-title-wraper text_center   ekit_heading_tablet-   ekit_heading_mobile-\"><h4 class=\"elementskit-section-subtitle  \">\n\t\t\t\t\t\tMicrocredenciales\n\t\t\t\t\t<\/h4><h2 class=\"ekit-heading--title elementskit-section-title \">\u00daltimas noticias<\/h2><\/div><\/div>\t\t\t\t<\/div>\n\t\t\t\t<\/div>\n\t\t\t\t\t<\/div>\n\t\t<\/div>\n\t\t\t\t<div class=\"elementor-column elementor-col-33 elementor-inner-column elementor-element elementor-element-6e5059e9\" data-id=\"6e5059e9\" data-element_type=\"column\" data-e-type=\"column\">\n\t\t\t<div class=\"elementor-widget-wrap\">\n\t\t\t\t\t\t\t<\/div>\n\t\t<\/div>\n\t\t\t\t\t<\/div>\n\t\t<\/section>\n\t\t\t\t\t<\/div>\n\t\t<\/div>\n\t\t\t\t\t<\/div>\n\t\t<\/section>\n\t\t\t\t<section class=\"elementor-section elementor-inner-section elementor-element elementor-element-3aa75b7e elementor-hidden-phone elementor-section-boxed elementor-section-height-default elementor-section-height-default\" data-id=\"3aa75b7e\" data-element_type=\"section\" data-e-type=\"section\">\n\t\t\t\t\t\t<div class=\"elementor-container elementor-column-gap-default\">\n\t\t\t\t\t<div class=\"elementor-column elementor-col-100 elementor-inner-column elementor-element elementor-element-67e063a8\" data-id=\"67e063a8\" data-element_type=\"column\" data-e-type=\"column\">\n\t\t\t<div class=\"elementor-widget-wrap elementor-element-populated\">\n\t\t\t\t\t\t<div class=\"elementor-element elementor-element-358ea1fb elementor-widget elementor-widget-elementskit-blog-posts\" data-id=\"358ea1fb\" data-element_type=\"widget\" data-e-type=\"widget\" data-widget_type=\"elementskit-blog-posts.default\">\n\t\t\t\t<div class=\"elementor-widget-container\">\n\t\t\t\t\t<div class=\"ekit-wid-con\" >        <div id=\"post-items--358ea1fb\" class=\"row post-items\">\n                    <div class=\"col-lg-4 col-md-6\">\n\n                                    <div class=\"elementskit-post-image-card\">\n                        <div class=\"elementskit-entry-header\">\n                                                            <a href=\"https:\/\/www.upo.es\/formacionpermanente\/la-universidad-pablo-de-olavide-y-el-acuario-de-sevilla-inician-una-microcredencial-sobre-conservacion-de-la-biodiversidad-marina\/\" class=\"elementskit-entry-thumb\">\n                                    <img decoding=\"async\" src=\"https:\/\/www.upo.es\/formacionpermanente\/wp-content\/imagenes\/uploads\/2026\/03\/IMG_4715-1024x683.jpg\" alt=\"La Universidad Pablo de Olavide y el Acuario de Sevilla inician una microcredencial sobre conservaci\u00f3n de la biodiversidad marina\">\n                                <\/a><!-- .elementskit-entry-thumb END -->\n                                                            \n                            \n\t\t\t\t\t\t\t\t\t\t\t\t\t<\/div><!-- .elementskit-entry-header END -->\n\n\t\t\t\t\t\t<div class=\"elementskit-post-body \">\n\t\t\t\t\t\t\t\t\t\t\t\t\t\t\t\t\t\t\t\t<h2 class=\"entry-title\">\n\t\t\t\t\t<a href=\"https:\/\/www.upo.es\/formacionpermanente\/la-universidad-pablo-de-olavide-y-el-acuario-de-sevilla-inician-una-microcredencial-sobre-conservacion-de-la-biodiversidad-marina\/\">\n\t\t\t\t\t\tLa Universidad Pablo de Olavide y el Acuario de Sevilla inician una microcredencial sobre conservaci\u00f3n de la biodiversidad marina\t\t\t\t\t<\/a>\n\t\t\t\t<\/h2>\n\t\t\t\t\t\t\t\t\t\t\t\n\t\t\t\t\t\t\t\t\t\t\t\t\t\t\t\t\t\t\t\t\t\t\t\t\t\n\t\t\t\t\t\t\t\t\n\t\t\t\t\t\t\t\t\t\t\t\t\t\t\t\t\t\t\t\t\t\t\t\t\t\t\t\t\t                                                    <\/div><!-- .elementskit-post-body END -->\n                    <\/div>\n                \n            <\/div>\n                    <div class=\"col-lg-4 col-md-6\">\n\n                                    <div class=\"elementskit-post-image-card\">\n                        <div class=\"elementskit-entry-header\">\n                                                            <a href=\"https:\/\/www.upo.es\/formacionpermanente\/la-universidad-pablo-de-olavide-y-el-banco-interamericano-de-desarrollo-ponen-en-marcha-una-microcredencial-conjunta-en-cuidados-para-profesionales-del-sector-publico\/\" class=\"elementskit-entry-thumb\">\n                                    <img decoding=\"async\" src=\"https:\/\/www.upo.es\/formacionpermanente\/wp-content\/imagenes\/uploads\/2026\/03\/IMG_4329-1024x683.jpg\" alt=\"La Universidad Pablo de Olavide y el Banco Interamericano de Desarrollo ponen en marcha una microcredencial conjunta en cuidados para profesionales del sector p\u00fablico\">\n                                <\/a><!-- .elementskit-entry-thumb END -->\n                                                            \n                            \n\t\t\t\t\t\t\t\t\t\t\t\t\t<\/div><!-- .elementskit-entry-header END -->\n\n\t\t\t\t\t\t<div class=\"elementskit-post-body \">\n\t\t\t\t\t\t\t\t\t\t\t\t\t\t\t\t\t\t\t\t<h2 class=\"entry-title\">\n\t\t\t\t\t<a href=\"https:\/\/www.upo.es\/formacionpermanente\/la-universidad-pablo-de-olavide-y-el-banco-interamericano-de-desarrollo-ponen-en-marcha-una-microcredencial-conjunta-en-cuidados-para-profesionales-del-sector-publico\/\">\n\t\t\t\t\t\tLa Universidad Pablo de Olavide y el Banco Interamericano de Desarrollo ponen en marcha una microcredencial conjunta en cuidados para profesionales del sector p\u00fablico\t\t\t\t\t<\/a>\n\t\t\t\t<\/h2>\n\t\t\t\t\t\t\t\t\t\t\t\n\t\t\t\t\t\t\t\t\t\t\t\t\t\t\t\t\t\t\t\t\t\t\t\t\t\n\t\t\t\t\t\t\t\t\n\t\t\t\t\t\t\t\t\t\t\t\t\t\t\t\t\t\t\t\t\t\t\t\t\t\t\t\t\t                                                    <\/div><!-- .elementskit-post-body END -->\n                    <\/div>\n                \n            <\/div>\n                    <div class=\"col-lg-4 col-md-6\">\n\n                                    <div class=\"elementskit-post-image-card\">\n                        <div class=\"elementskit-entry-header\">\n                                                            <a href=\"https:\/\/www.upo.es\/formacionpermanente\/mas-de-50-estudiantes-de-la-universidad-pablo-de-olavide-participan-en-la-microcredencial-aplicaciones-de-ia-para-la-productividad-personal\/\" class=\"elementskit-entry-thumb\">\n                                    <img decoding=\"async\" src=\"https:\/\/www.upo.es\/formacionpermanente\/wp-content\/imagenes\/uploads\/2026\/03\/Micro-IA-1024x768.jpeg\" alt=\"M\u00e1s de 50 estudiantes de la Universidad Pablo de Olavide participan en la microcredencial \u2018Aplicaciones de IA para la productividad personal\u2019\">\n                                <\/a><!-- .elementskit-entry-thumb END -->\n                                                            \n                            \n\t\t\t\t\t\t\t\t\t\t\t\t\t<\/div><!-- .elementskit-entry-header END -->\n\n\t\t\t\t\t\t<div class=\"elementskit-post-body \">\n\t\t\t\t\t\t\t\t\t\t\t\t\t\t\t\t\t\t\t\t<h2 class=\"entry-title\">\n\t\t\t\t\t<a href=\"https:\/\/www.upo.es\/formacionpermanente\/mas-de-50-estudiantes-de-la-universidad-pablo-de-olavide-participan-en-la-microcredencial-aplicaciones-de-ia-para-la-productividad-personal\/\">\n\t\t\t\t\t\tM\u00e1s de 50 estudiantes de la Universidad Pablo de Olavide participan en la microcredencial \u2018Aplicaciones de IA para la productividad personal\u2019\t\t\t\t\t<\/a>\n\t\t\t\t<\/h2>\n\t\t\t\t\t\t\t\t\t\t\t\n\t\t\t\t\t\t\t\t\t\t\t\t\t\t\t\t\t\t\t\t\t\t\t\t\t\n\t\t\t\t\t\t\t\t\n\t\t\t\t\t\t\t\t\t\t\t\t\t\t\t\t\t\t\t\t\t\t\t\t\t\t\t\t\t                                                    <\/div><!-- .elementskit-post-body END -->\n                    <\/div>\n                \n            <\/div>\n                <\/div>\n       <\/div>\t\t\t\t<\/div>\n\t\t\t\t<\/div>\n\t\t\t\t\t<\/div>\n\t\t<\/div>\n\t\t\t\t\t<\/div>\n\t\t<\/section>\n\t\t\t\t<section class=\"elementor-section elementor-top-section elementor-element elementor-element-714cf16d elementor-hidden-desktop elementor-hidden-tablet elementor-hidden-phone elementor-section-boxed elementor-section-height-default elementor-section-height-default\" data-id=\"714cf16d\" data-element_type=\"section\" data-e-type=\"section\">\n\t\t\t\t\t\t<div class=\"elementor-container elementor-column-gap-default\">\n\t\t\t\t\t<div class=\"elementor-column elementor-col-100 elementor-top-column elementor-element elementor-element-40a36670\" data-id=\"40a36670\" data-element_type=\"column\" data-e-type=\"column\">\n\t\t\t<div class=\"elementor-widget-wrap elementor-element-populated\">\n\t\t\t\t\t\t<div class=\"elementor-element elementor-element-694e907c elementor-widget elementor-widget-spacer\" data-id=\"694e907c\" data-element_type=\"widget\" data-e-type=\"widget\" data-widget_type=\"spacer.default\">\n\t\t\t\t<div class=\"elementor-widget-container\">\n\t\t\t\t\t\t\t<div class=\"elementor-spacer\">\n\t\t\t<div class=\"elementor-spacer-inner\"><\/div>\n\t\t<\/div>\n\t\t\t\t\t\t<\/div>\n\t\t\t\t<\/div>\n\t\t\t\t\t<\/div>\n\t\t<\/div>\n\t\t\t\t\t<\/div>\n\t\t<\/section>\n\t\t\t\t<section class=\"elementor-section elementor-top-section elementor-element elementor-element-5e3b75a elementor-section-boxed elementor-section-height-default elementor-section-height-default\" data-id=\"5e3b75a\" data-element_type=\"section\" data-e-type=\"section\">\n\t\t\t\t\t\t<div class=\"elementor-container elementor-column-gap-default\">\n\t\t\t\t\t<div class=\"elementor-column elementor-col-100 elementor-top-column elementor-element elementor-element-797a622\" data-id=\"797a622\" data-element_type=\"column\" data-e-type=\"column\">\n\t\t\t<div class=\"elementor-widget-wrap elementor-element-populated\">\n\t\t\t\t\t\t<div class=\"elementor-element elementor-element-6a610e1 elementor-widget elementor-widget-spacer\" data-id=\"6a610e1\" data-element_type=\"widget\" data-e-type=\"widget\" data-widget_type=\"spacer.default\">\n\t\t\t\t<div class=\"elementor-widget-container\">\n\t\t\t\t\t\t\t<div class=\"elementor-spacer\">\n\t\t\t<div class=\"elementor-spacer-inner\"><\/div>\n\t\t<\/div>\n\t\t\t\t\t\t<\/div>\n\t\t\t\t<\/div>\n\t\t\t\t\t<\/div>\n\t\t<\/div>\n\t\t\t\t\t<\/div>\n\t\t<\/section>\n\t\t\t\t<\/div>\n\t\t","protected":false},"featured_media":48455,"template":"","meta":{"_acf_changed":false,"site-sidebar-layout":"no-sidebar","site-content-layout":"page-builder","ast-site-content-layout":"full-width-container","site-content-style":"unboxed","site-sidebar-style":"unboxed","ast-global-header-display":"","ast-banner-title-visibility":"","ast-main-header-display":"","ast-hfb-above-header-display":"","ast-hfb-below-header-display":"","ast-hfb-mobile-header-display":"","site-post-title":"disabled","ast-breadcrumbs-content":"","ast-featured-img":"disabled","footer-sml-layout":"","ast-disable-related-posts":"","theme-transparent-header-meta":"default","adv-header-id-meta":"","stick-header-meta":"default","header-above-stick-meta":"","header-main-stick-meta":"","header-below-stick-meta":"","astra-migrate-meta-layouts":"set","ast-page-background-enabled":"default","ast-page-background-meta":{"desktop":{"background-color":"var(--ast-global-color-4)","background-image":"","background-repeat":"repeat","background-position":"center center","background-size":"auto","background-attachment":"scroll","background-type":"","background-media":"","overlay-type":"","overlay-color":"","overlay-opacity":"","overlay-gradient":""},"tablet":{"background-color":"","background-image":"","background-repeat":"repeat","background-position":"center center","background-size":"auto","background-attachment":"scroll","background-type":"","background-media":"","overlay-type":"","overlay-color":"","overlay-opacity":"","overlay-gradient":""},"mobile":{"background-color":"","background-image":"","background-repeat":"repeat","background-position":"center center","background-size":"auto","background-attachment":"scroll","background-type":"","background-media":"","overlay-type":"","overlay-color":"","overlay-opacity":"","overlay-gradient":""}},"ast-content-background-meta":{"desktop":{"background-color":"var(--ast-global-color-5)","background-image":"","background-repeat":"repeat","background-position":"center center","background-size":"auto","background-attachment":"scroll","background-type":"","background-media":"","overlay-type":"","overlay-color":"","overlay-opacity":"","overlay-gradient":""},"tablet":{"background-color":"var(--ast-global-color-5)","background-image":"","background-repeat":"repeat","background-position":"center center","background-size":"auto","background-attachment":"scroll","background-type":"","background-media":"","overlay-type":"","overlay-color":"","overlay-opacity":"","overlay-gradient":""},"mobile":{"background-color":"var(--ast-global-color-5)","background-image":"","background-repeat":"repeat","background-position":"center center","background-size":"auto","background-attachment":"scroll","background-type":"","background-media":"","overlay-type":"","overlay-color":"","overlay-opacity":"","overlay-gradient":""}}},"categories":[631,743,52],"titulos_propios":[],"class_list":["post-47526","microcredenciales","type-microcredenciales","status-publish","has-post-thumbnail","hentry","category-2025-2026","category-imagen-nueva","category-matricula-cerrada"],"acf":[],"yoast_head":"<!-- This site is optimized with the Yoast SEO plugin v27.4 - https:\/\/yoast.com\/product\/yoast-seo-wordpress\/ -->\n<title>Competencias Profesionales en Cooperaci\u00f3n Internacional para el Desarrollo<\/title>\n<meta name=\"description\" content=\"La microcredencial en Competencias Profesionales en Cooperaci\u00f3n Internacional para el Desarrollo ofrece al alumnado los conocimientos...\" \/>\n<meta name=\"robots\" content=\"index, follow, max-snippet:-1, max-image-preview:large, max-video-preview:-1\" \/>\n<link rel=\"canonical\" href=\"https:\/\/www.upo.es\/formacionpermanente\/microcredenciales\/competencias-profesionales-en-cooperacion-internacional-para-el-desarrollo\/\" \/>\n<meta property=\"og:locale\" content=\"es_ES\" \/>\n<meta property=\"og:type\" content=\"article\" \/>\n<meta property=\"og:title\" content=\"Competencias Profesionales en Cooperaci\u00f3n Internacional para el Desarrollo\" \/>\n<meta property=\"og:description\" content=\"La microcredencial en Competencias Profesionales en Cooperaci\u00f3n Internacional para el Desarrollo ofrece al alumnado los conocimientos...\" \/>\n<meta property=\"og:url\" content=\"https:\/\/www.upo.es\/formacionpermanente\/microcredenciales\/competencias-profesionales-en-cooperacion-internacional-para-el-desarrollo\/\" \/>\n<meta property=\"og:site_name\" content=\"Formaci\u00f3n Permanente UPO\" \/>\n<meta property=\"article:modified_time\" content=\"2025-10-14T07:45:01+00:00\" \/>\n<meta property=\"og:image\" content=\"https:\/\/www.upo.es\/formacionpermanente\/wp-content\/imagenes\/uploads\/2025\/07\/foto-fondo.jpeg\" \/>\n\t<meta property=\"og:image:width\" content=\"1600\" \/>\n\t<meta property=\"og:image:height\" content=\"1200\" \/>\n\t<meta property=\"og:image:type\" content=\"image\/jpeg\" \/>\n<meta name=\"twitter:card\" content=\"summary_large_image\" \/>\n<meta name=\"twitter:label1\" content=\"Tiempo de lectura\" \/>\n\t<meta name=\"twitter:data1\" content=\"14 minutos\" \/>\n<script type=\"application\/ld+json\" class=\"yoast-schema-graph\">{\"@context\":\"https:\\\/\\\/schema.org\",\"@graph\":[{\"@type\":\"WebPage\",\"@id\":\"https:\\\/\\\/www.upo.es\\\/formacionpermanente\\\/microcredenciales\\\/competencias-profesionales-en-cooperacion-internacional-para-el-desarrollo\\\/\",\"url\":\"https:\\\/\\\/www.upo.es\\\/formacionpermanente\\\/microcredenciales\\\/competencias-profesionales-en-cooperacion-internacional-para-el-desarrollo\\\/\",\"name\":\"Competencias Profesionales en Cooperaci\u00f3n Internacional para el Desarrollo\",\"isPartOf\":{\"@id\":\"https:\\\/\\\/www.upo.es\\\/formacionpermanente\\\/#website\"},\"primaryImageOfPage\":{\"@id\":\"https:\\\/\\\/www.upo.es\\\/formacionpermanente\\\/microcredenciales\\\/competencias-profesionales-en-cooperacion-internacional-para-el-desarrollo\\\/#primaryimage\"},\"image\":{\"@id\":\"https:\\\/\\\/www.upo.es\\\/formacionpermanente\\\/microcredenciales\\\/competencias-profesionales-en-cooperacion-internacional-para-el-desarrollo\\\/#primaryimage\"},\"thumbnailUrl\":\"https:\\\/\\\/www.upo.es\\\/formacionpermanente\\\/wp-content\\\/imagenes\\\/uploads\\\/2025\\\/07\\\/foto-fondo.jpeg\",\"datePublished\":\"2025-07-07T10:30:45+00:00\",\"dateModified\":\"2025-10-14T07:45:01+00:00\",\"description\":\"La microcredencial en Competencias Profesionales en Cooperaci\u00f3n Internacional para el Desarrollo ofrece al alumnado los conocimientos...\",\"breadcrumb\":{\"@id\":\"https:\\\/\\\/www.upo.es\\\/formacionpermanente\\\/microcredenciales\\\/competencias-profesionales-en-cooperacion-internacional-para-el-desarrollo\\\/#breadcrumb\"},\"inLanguage\":\"es\",\"potentialAction\":[{\"@type\":\"ReadAction\",\"target\":[\"https:\\\/\\\/www.upo.es\\\/formacionpermanente\\\/microcredenciales\\\/competencias-profesionales-en-cooperacion-internacional-para-el-desarrollo\\\/\"]}]},{\"@type\":\"ImageObject\",\"inLanguage\":\"es\",\"@id\":\"https:\\\/\\\/www.upo.es\\\/formacionpermanente\\\/microcredenciales\\\/competencias-profesionales-en-cooperacion-internacional-para-el-desarrollo\\\/#primaryimage\",\"url\":\"https:\\\/\\\/www.upo.es\\\/formacionpermanente\\\/wp-content\\\/imagenes\\\/uploads\\\/2025\\\/07\\\/foto-fondo.jpeg\",\"contentUrl\":\"https:\\\/\\\/www.upo.es\\\/formacionpermanente\\\/wp-content\\\/imagenes\\\/uploads\\\/2025\\\/07\\\/foto-fondo.jpeg\",\"width\":1600,\"height\":1200,\"caption\":\"Competencias Profesionales en Cooperaci\u00f3n Internacional para el Desarrollo\"},{\"@type\":\"BreadcrumbList\",\"@id\":\"https:\\\/\\\/www.upo.es\\\/formacionpermanente\\\/microcredenciales\\\/competencias-profesionales-en-cooperacion-internacional-para-el-desarrollo\\\/#breadcrumb\",\"itemListElement\":[{\"@type\":\"ListItem\",\"position\":1,\"name\":\"Portada\",\"item\":\"https:\\\/\\\/www.upo.es\\\/formacionpermanente\\\/\"},{\"@type\":\"ListItem\",\"position\":2,\"name\":\"Competencias Profesionales en Cooperaci\u00f3n Internacional para el Desarrollo\"}]},{\"@type\":\"WebSite\",\"@id\":\"https:\\\/\\\/www.upo.es\\\/formacionpermanente\\\/#website\",\"url\":\"https:\\\/\\\/www.upo.es\\\/formacionpermanente\\\/\",\"name\":\"Formaci\u00f3n Permanente UPO\",\"description\":\"T\u00edtulos Propios, Microcredenciales, Cursos de Verano\",\"publisher\":{\"@id\":\"https:\\\/\\\/www.upo.es\\\/formacionpermanente\\\/#organization\"},\"potentialAction\":[{\"@type\":\"SearchAction\",\"target\":{\"@type\":\"EntryPoint\",\"urlTemplate\":\"https:\\\/\\\/www.upo.es\\\/formacionpermanente\\\/?s={search_term_string}\"},\"query-input\":{\"@type\":\"PropertyValueSpecification\",\"valueRequired\":true,\"valueName\":\"search_term_string\"}}],\"inLanguage\":\"es\"},{\"@type\":\"Organization\",\"@id\":\"https:\\\/\\\/www.upo.es\\\/formacionpermanente\\\/#organization\",\"name\":\"Formaci\u00f3n Permanente Universidad Pablo de Olavide\",\"alternateName\":\"Formaci\u00f3n Permanente UPO\",\"url\":\"https:\\\/\\\/www.upo.es\\\/formacionpermanente\\\/\",\"logo\":{\"@type\":\"ImageObject\",\"inLanguage\":\"es\",\"@id\":\"https:\\\/\\\/www.upo.es\\\/formacionpermanente\\\/#\\\/schema\\\/logo\\\/image\\\/\",\"url\":\"https:\\\/\\\/www.upo.es\\\/formacionpermanente\\\/wp-content\\\/imagenes\\\/uploads\\\/2023\\\/02\\\/Logo-UPO-azul-amarillo-horizontal.png\",\"contentUrl\":\"https:\\\/\\\/www.upo.es\\\/formacionpermanente\\\/wp-content\\\/imagenes\\\/uploads\\\/2023\\\/02\\\/Logo-UPO-azul-amarillo-horizontal.png\",\"width\":1000,\"height\":407,\"caption\":\"Formaci\u00f3n Permanente Universidad Pablo de Olavide\"},\"image\":{\"@id\":\"https:\\\/\\\/www.upo.es\\\/formacionpermanente\\\/#\\\/schema\\\/logo\\\/image\\\/\"}}]}<\/script>\n<!-- \/ Yoast SEO plugin. -->","yoast_head_json":{"title":"Competencias Profesionales en Cooperaci\u00f3n Internacional para el Desarrollo","description":"La microcredencial en Competencias Profesionales en Cooperaci\u00f3n Internacional para el Desarrollo ofrece al alumnado los conocimientos...","robots":{"index":"index","follow":"follow","max-snippet":"max-snippet:-1","max-image-preview":"max-image-preview:large","max-video-preview":"max-video-preview:-1"},"canonical":"https:\/\/www.upo.es\/formacionpermanente\/microcredenciales\/competencias-profesionales-en-cooperacion-internacional-para-el-desarrollo\/","og_locale":"es_ES","og_type":"article","og_title":"Competencias Profesionales en Cooperaci\u00f3n Internacional para el Desarrollo","og_description":"La microcredencial en Competencias Profesionales en Cooperaci\u00f3n Internacional para el Desarrollo ofrece al alumnado los conocimientos...","og_url":"https:\/\/www.upo.es\/formacionpermanente\/microcredenciales\/competencias-profesionales-en-cooperacion-internacional-para-el-desarrollo\/","og_site_name":"Formaci\u00f3n Permanente UPO","article_modified_time":"2025-10-14T07:45:01+00:00","og_image":[{"width":1600,"height":1200,"url":"https:\/\/www.upo.es\/formacionpermanente\/wp-content\/imagenes\/uploads\/2025\/07\/foto-fondo.jpeg","type":"image\/jpeg"}],"twitter_card":"summary_large_image","twitter_misc":{"Tiempo de lectura":"14 minutos"},"schema":{"@context":"https:\/\/schema.org","@graph":[{"@type":"WebPage","@id":"https:\/\/www.upo.es\/formacionpermanente\/microcredenciales\/competencias-profesionales-en-cooperacion-internacional-para-el-desarrollo\/","url":"https:\/\/www.upo.es\/formacionpermanente\/microcredenciales\/competencias-profesionales-en-cooperacion-internacional-para-el-desarrollo\/","name":"Competencias Profesionales en Cooperaci\u00f3n Internacional para el Desarrollo","isPartOf":{"@id":"https:\/\/www.upo.es\/formacionpermanente\/#website"},"primaryImageOfPage":{"@id":"https:\/\/www.upo.es\/formacionpermanente\/microcredenciales\/competencias-profesionales-en-cooperacion-internacional-para-el-desarrollo\/#primaryimage"},"image":{"@id":"https:\/\/www.upo.es\/formacionpermanente\/microcredenciales\/competencias-profesionales-en-cooperacion-internacional-para-el-desarrollo\/#primaryimage"},"thumbnailUrl":"https:\/\/www.upo.es\/formacionpermanente\/wp-content\/imagenes\/uploads\/2025\/07\/foto-fondo.jpeg","datePublished":"2025-07-07T10:30:45+00:00","dateModified":"2025-10-14T07:45:01+00:00","description":"La microcredencial en Competencias Profesionales en Cooperaci\u00f3n Internacional para el Desarrollo ofrece al alumnado los conocimientos...","breadcrumb":{"@id":"https:\/\/www.upo.es\/formacionpermanente\/microcredenciales\/competencias-profesionales-en-cooperacion-internacional-para-el-desarrollo\/#breadcrumb"},"inLanguage":"es","potentialAction":[{"@type":"ReadAction","target":["https:\/\/www.upo.es\/formacionpermanente\/microcredenciales\/competencias-profesionales-en-cooperacion-internacional-para-el-desarrollo\/"]}]},{"@type":"ImageObject","inLanguage":"es","@id":"https:\/\/www.upo.es\/formacionpermanente\/microcredenciales\/competencias-profesionales-en-cooperacion-internacional-para-el-desarrollo\/#primaryimage","url":"https:\/\/www.upo.es\/formacionpermanente\/wp-content\/imagenes\/uploads\/2025\/07\/foto-fondo.jpeg","contentUrl":"https:\/\/www.upo.es\/formacionpermanente\/wp-content\/imagenes\/uploads\/2025\/07\/foto-fondo.jpeg","width":1600,"height":1200,"caption":"Competencias Profesionales en Cooperaci\u00f3n Internacional para el Desarrollo"},{"@type":"BreadcrumbList","@id":"https:\/\/www.upo.es\/formacionpermanente\/microcredenciales\/competencias-profesionales-en-cooperacion-internacional-para-el-desarrollo\/#breadcrumb","itemListElement":[{"@type":"ListItem","position":1,"name":"Portada","item":"https:\/\/www.upo.es\/formacionpermanente\/"},{"@type":"ListItem","position":2,"name":"Competencias Profesionales en Cooperaci\u00f3n Internacional para el Desarrollo"}]},{"@type":"WebSite","@id":"https:\/\/www.upo.es\/formacionpermanente\/#website","url":"https:\/\/www.upo.es\/formacionpermanente\/","name":"Formaci\u00f3n Permanente UPO","description":"T\u00edtulos Propios, Microcredenciales, Cursos de Verano","publisher":{"@id":"https:\/\/www.upo.es\/formacionpermanente\/#organization"},"potentialAction":[{"@type":"SearchAction","target":{"@type":"EntryPoint","urlTemplate":"https:\/\/www.upo.es\/formacionpermanente\/?s={search_term_string}"},"query-input":{"@type":"PropertyValueSpecification","valueRequired":true,"valueName":"search_term_string"}}],"inLanguage":"es"},{"@type":"Organization","@id":"https:\/\/www.upo.es\/formacionpermanente\/#organization","name":"Formaci\u00f3n Permanente Universidad Pablo de Olavide","alternateName":"Formaci\u00f3n Permanente UPO","url":"https:\/\/www.upo.es\/formacionpermanente\/","logo":{"@type":"ImageObject","inLanguage":"es","@id":"https:\/\/www.upo.es\/formacionpermanente\/#\/schema\/logo\/image\/","url":"https:\/\/www.upo.es\/formacionpermanente\/wp-content\/imagenes\/uploads\/2023\/02\/Logo-UPO-azul-amarillo-horizontal.png","contentUrl":"https:\/\/www.upo.es\/formacionpermanente\/wp-content\/imagenes\/uploads\/2023\/02\/Logo-UPO-azul-amarillo-horizontal.png","width":1000,"height":407,"caption":"Formaci\u00f3n Permanente Universidad Pablo de Olavide"},"image":{"@id":"https:\/\/www.upo.es\/formacionpermanente\/#\/schema\/logo\/image\/"}}]}},"_links":{"self":[{"href":"https:\/\/www.upo.es\/formacionpermanente\/wp-json\/wp\/v2\/microcredenciales\/47526","targetHints":{"allow":["GET"]}}],"collection":[{"href":"https:\/\/www.upo.es\/formacionpermanente\/wp-json\/wp\/v2\/microcredenciales"}],"about":[{"href":"https:\/\/www.upo.es\/formacionpermanente\/wp-json\/wp\/v2\/types\/microcredenciales"}],"version-history":[{"count":51,"href":"https:\/\/www.upo.es\/formacionpermanente\/wp-json\/wp\/v2\/microcredenciales\/47526\/revisions"}],"predecessor-version":[{"id":49288,"href":"https:\/\/www.upo.es\/formacionpermanente\/wp-json\/wp\/v2\/microcredenciales\/47526\/revisions\/49288"}],"wp:featuredmedia":[{"embeddable":true,"href":"https:\/\/www.upo.es\/formacionpermanente\/wp-json\/wp\/v2\/media\/48455"}],"wp:attachment":[{"href":"https:\/\/www.upo.es\/formacionpermanente\/wp-json\/wp\/v2\/media?parent=47526"}],"wp:term":[{"taxonomy":"category","embeddable":true,"href":"https:\/\/www.upo.es\/formacionpermanente\/wp-json\/wp\/v2\/categories?post=47526"},{"taxonomy":"titulos_propios","embeddable":true,"href":"https:\/\/www.upo.es\/formacionpermanente\/wp-json\/wp\/v2\/titulos_propios?post=47526"}],"curies":[{"name":"wp","href":"https:\/\/api.w.org\/{rel}","templated":true}]}}