{"id":52929,"date":"2026-02-17T08:52:05","date_gmt":"2026-02-17T07:52:05","guid":{"rendered":"https:\/\/www.upo.es\/formacionpermanente\/?post_type=microcredenciales&#038;p=52929"},"modified":"2026-04-01T12:34:13","modified_gmt":"2026-04-01T10:34:13","slug":"la-adolescencia-desde-las-pedagogias-alternativas-neuroeducacion-lenguaje-cooperacion-y-creatividad-social","status":"publish","type":"microcredenciales","link":"https:\/\/www.upo.es\/formacionpermanente\/microcredenciales\/la-adolescencia-desde-las-pedagogias-alternativas-neuroeducacion-lenguaje-cooperacion-y-creatividad-social\/","title":{"rendered":"La adolescencia desde las pedagog\u00edas alternativas: neuroeducaci\u00f3n, lenguaje, cooperaci\u00f3n y creatividad social"},"content":{"rendered":"\t\t<div data-elementor-type=\"wp-post\" data-elementor-id=\"52929\" class=\"elementor elementor-52929\" data-elementor-post-type=\"microcredenciales\">\n\t\t\t\t\t\t<section data-dce-background-image-url=\"https:\/\/www.upo.es\/formacionpermanente\/wp-content\/imagenes\/uploads\/2026\/02\/AdobeStock_1547797276-scaled.jpeg\" class=\"elementor-section elementor-top-section elementor-element elementor-element-21d57fbd elementor-section-height-min-height elementor-section-boxed elementor-section-height-default elementor-section-items-middle\" data-id=\"21d57fbd\" data-element_type=\"section\" data-e-type=\"section\" data-settings=\"{&quot;background_background&quot;:&quot;classic&quot;}\">\n\t\t\t\t\t\t\t<div class=\"elementor-background-overlay\"><\/div>\n\t\t\t\t\t\t\t<div class=\"elementor-container elementor-column-gap-default\">\n\t\t\t\t\t<div class=\"elementor-column elementor-col-50 elementor-top-column elementor-element elementor-element-319ccb71\" data-id=\"319ccb71\" data-element_type=\"column\" data-e-type=\"column\">\n\t\t\t<div class=\"elementor-widget-wrap elementor-element-populated\">\n\t\t\t\t\t\t<div class=\"elementor-element elementor-element-21f25897 elementor-widget__width-initial elementor-widget elementor-widget-image\" data-id=\"21f25897\" data-element_type=\"widget\" data-e-type=\"widget\" data-widget_type=\"image.default\">\n\t\t\t\t<div class=\"elementor-widget-container\">\n\t\t\t\t\t\t\t\t\t\t\t\t\t\t\t<img fetchpriority=\"high\" decoding=\"async\" width=\"653\" height=\"392\" src=\"https:\/\/www.upo.es\/formacionpermanente\/wp-content\/imagenes\/uploads\/2025\/11\/pequenos-pasos-2.png\" class=\"attachment-large size-large wp-image-50384\" alt=\"\" srcset=\"https:\/\/www.upo.es\/formacionpermanente\/wp-content\/imagenes\/uploads\/2025\/11\/pequenos-pasos-2.png 653w, https:\/\/www.upo.es\/formacionpermanente\/wp-content\/imagenes\/uploads\/2025\/11\/pequenos-pasos-2-300x180.png 300w\" sizes=\"(max-width: 653px) 100vw, 653px\" \/>\t\t\t\t\t\t\t\t\t\t\t\t\t\t\t<\/div>\n\t\t\t\t<\/div>\n\t\t\t\t\t<\/div>\n\t\t<\/div>\n\t\t\t\t<div class=\"elementor-column elementor-col-50 elementor-top-column elementor-element elementor-element-1a6debc9\" data-id=\"1a6debc9\" data-element_type=\"column\" data-e-type=\"column\">\n\t\t\t<div class=\"elementor-widget-wrap elementor-element-populated\">\n\t\t\t\t\t\t<div class=\"elementor-element elementor-element-2971e2ca elementor-widget elementor-widget-elementskit-heading\" data-id=\"2971e2ca\" data-element_type=\"widget\" data-e-type=\"widget\" data-widget_type=\"elementskit-heading.default\">\n\t\t\t\t<div class=\"elementor-widget-container\">\n\t\t\t\t\t<div class=\"ekit-wid-con\" ><div class=\"ekit-heading elementskit-section-title-wraper text_left   ekit_heading_tablet-   ekit_heading_mobile-\"><h3 class=\"elementskit-section-subtitle  \">\n\t\t\t\t\t\tEDUCACI\u00d3N\n\t\t\t\t\t<\/h3>\t\t\t\t<div class='ekit-heading__description'>\n\t\t\t\t\t<p>I Ed.<\/p>\n\t\t\t\t<\/div>\n\t\t\t<\/div><\/div>\t\t\t\t<\/div>\n\t\t\t\t<\/div>\n\t\t\t\t\t<\/div>\n\t\t<\/div>\n\t\t\t\t\t<\/div>\n\t\t<\/section>\n\t\t\t\t<section class=\"elementor-section elementor-top-section elementor-element elementor-element-510b1ce5 elementor-section-content-middle elementor-section-height-min-height elementor-section-items-top elementor-section-stretched elementor-section-boxed elementor-section-height-default\" data-id=\"510b1ce5\" data-element_type=\"section\" data-e-type=\"section\" data-settings=\"{&quot;background_background&quot;:&quot;classic&quot;,&quot;sticky&quot;:&quot;top&quot;,&quot;sticky_on&quot;:[&quot;desktop&quot;,&quot;tablet&quot;],&quot;stretch_section&quot;:&quot;section-stretched&quot;,&quot;sticky_offset&quot;:0,&quot;sticky_effects_offset&quot;:0,&quot;sticky_anchor_link_offset&quot;:0}\">\n\t\t\t\t\t\t<div class=\"elementor-container elementor-column-gap-default\">\n\t\t\t\t\t<div class=\"elementor-column elementor-col-16 elementor-top-column elementor-element elementor-element-4adf5595\" data-id=\"4adf5595\" data-element_type=\"column\" data-e-type=\"column\">\n\t\t\t<div class=\"elementor-widget-wrap elementor-element-populated\">\n\t\t\t\t\t\t<div class=\"elementor-element elementor-element-18540d9e ekit-equal-height-disable elementor-widget elementor-widget-elementskit-icon-box\" data-id=\"18540d9e\" data-element_type=\"widget\" data-e-type=\"widget\" data-widget_type=\"elementskit-icon-box.default\">\n\t\t\t\t<div class=\"elementor-widget-container\">\n\t\t\t\t\t<div class=\"ekit-wid-con\" >        <!-- link opening -->\n                <a href=\"#\" class=\"ekit_global_links\">\n                <!-- end link opening -->\n\n        <div class=\"elementskit-infobox text-center text- icon-top-align elementor-animation-   \">\n                    <div class=\"elementskit-box-header elementor-animation-\">\n                <div class=\"elementskit-info-box-icon  \">\n                    <i aria-hidden=\"true\" class=\"elementkit-infobox-icon icon icon-refresh\"><\/i>\n                <\/div>\n          <\/div>\n                        <div class=\"box-body\">\n                            <h3 class=\"elementskit-info-box-title\">\n                    Modalidad                <\/h3>\n                        \t\t  \t<p>Presencial<\/p>\n                                <\/div>\n        \n        \n                <\/div>\n                <\/a>\n        <\/div>\t\t\t\t<\/div>\n\t\t\t\t<\/div>\n\t\t\t\t\t<\/div>\n\t\t<\/div>\n\t\t\t\t<div class=\"elementor-column elementor-col-16 elementor-top-column elementor-element elementor-element-4cbc8b42\" data-id=\"4cbc8b42\" data-element_type=\"column\" data-e-type=\"column\">\n\t\t\t<div class=\"elementor-widget-wrap elementor-element-populated\">\n\t\t\t\t\t\t<div class=\"elementor-element elementor-element-567ab007 elementor-hidden-mobile ekit-equal-height-disable elementor-widget elementor-widget-elementskit-icon-box\" data-id=\"567ab007\" data-element_type=\"widget\" data-e-type=\"widget\" data-widget_type=\"elementskit-icon-box.default\">\n\t\t\t\t<div class=\"elementor-widget-container\">\n\t\t\t\t\t<div class=\"ekit-wid-con\" >        <!-- link opening -->\n                <a href=\"#calendario\" class=\"ekit_global_links\">\n                <!-- end link opening -->\n\n        <div class=\"elementskit-infobox text-center text- icon-top-align elementor-animation-   \">\n                    <div class=\"elementskit-box-header elementor-animation-\">\n                <div class=\"elementskit-info-box-icon  \">\n                    <i aria-hidden=\"true\" class=\"elementkit-infobox-icon icon icon-calendar-full\"><\/i>\n                <\/div>\n          <\/div>\n                        <div class=\"box-body\">\n                            <h3 class=\"elementskit-info-box-title\">\n                    Fecha de inicio \u24d8                <\/h3>\n                        \t\t  \t<p>04\/05\/2026<\/p>\n                                <\/div>\n        \n        \n                <\/div>\n                <\/a>\n        <\/div>\t\t\t\t<\/div>\n\t\t\t\t<\/div>\n\t\t\t\t<div class=\"elementor-element elementor-element-1498a43d elementor-hidden-desktop elementor-hidden-tablet ekit-equal-height-disable elementor-widget elementor-widget-elementskit-icon-box\" data-id=\"1498a43d\" data-element_type=\"widget\" data-e-type=\"widget\" data-widget_type=\"elementskit-icon-box.default\">\n\t\t\t\t<div class=\"elementor-widget-container\">\n\t\t\t\t\t<div class=\"ekit-wid-con\" >        <!-- link opening -->\n                <a href=\"#calendario\" class=\"ekit_global_links\">\n                <!-- end link opening -->\n\n        <div class=\"elementskit-infobox text-center text- icon-top-align elementor-animation-   \">\n                    <div class=\"elementskit-box-header elementor-animation-\">\n                <div class=\"elementskit-info-box-icon  \">\n                    <i aria-hidden=\"true\" class=\"elementkit-infobox-icon icon icon-calendar-full\"><\/i>\n                <\/div>\n          <\/div>\n                        <div class=\"box-body\">\n                            <h3 class=\"elementskit-info-box-title\">\n                    Fecha de inicio                <\/h3>\n                        \t\t  \t<p>04\/05\/2026<\/p>\n                                <\/div>\n        \n        \n                <\/div>\n                <\/a>\n        <\/div>\t\t\t\t<\/div>\n\t\t\t\t<\/div>\n\t\t\t\t\t<\/div>\n\t\t<\/div>\n\t\t\t\t<div class=\"elementor-column elementor-col-16 elementor-top-column elementor-element elementor-element-5011b903\" data-id=\"5011b903\" data-element_type=\"column\" data-e-type=\"column\">\n\t\t\t<div class=\"elementor-widget-wrap elementor-element-populated\">\n\t\t\t\t\t\t<div class=\"elementor-element elementor-element-37b3e1b6 ekit-equal-height-disable elementor-widget elementor-widget-elementskit-icon-box\" data-id=\"37b3e1b6\" data-element_type=\"widget\" data-e-type=\"widget\" data-widget_type=\"elementskit-icon-box.default\">\n\t\t\t\t<div class=\"elementor-widget-container\">\n\t\t\t\t\t<div class=\"ekit-wid-con\" >        <!-- link opening -->\n                <a href=\"#\" class=\"ekit_global_links\">\n                <!-- end link opening -->\n\n        <div class=\"elementskit-infobox text-center text- icon-top-align elementor-animation-   \">\n                    <div class=\"elementskit-box-header elementor-animation-\">\n                <div class=\"elementskit-info-box-icon  \">\n                    <i aria-hidden=\"true\" class=\"elementkit-infobox-icon icon icon-graph-2\"><\/i>\n                <\/div>\n          <\/div>\n                        <div class=\"box-body\">\n                            <h3 class=\"elementskit-info-box-title\">\n                    Horas                <\/h3>\n                        \t\t  \t<p>37,5 horas<\/p>\n                                <\/div>\n        \n        \n                <\/div>\n                <\/a>\n        <\/div>\t\t\t\t<\/div>\n\t\t\t\t<\/div>\n\t\t\t\t\t<\/div>\n\t\t<\/div>\n\t\t\t\t<div class=\"elementor-column elementor-col-16 elementor-top-column elementor-element elementor-element-669dfd9d\" data-id=\"669dfd9d\" data-element_type=\"column\" data-e-type=\"column\">\n\t\t\t<div class=\"elementor-widget-wrap elementor-element-populated\">\n\t\t\t\t\t\t<div class=\"elementor-element elementor-element-ec4fdda ekit-equal-height-disable elementor-widget elementor-widget-elementskit-icon-box\" data-id=\"ec4fdda\" data-element_type=\"widget\" data-e-type=\"widget\" data-widget_type=\"elementskit-icon-box.default\">\n\t\t\t\t<div class=\"elementor-widget-container\">\n\t\t\t\t\t<div class=\"ekit-wid-con\" >        <!-- link opening -->\n                <a href=\"#\" class=\"ekit_global_links\">\n                <!-- end link opening -->\n\n        <div class=\"elementskit-infobox text-center text- icon-top-align elementor-animation-   \">\n                    <div class=\"elementskit-box-header elementor-animation-\">\n                <div class=\"elementskit-info-box-icon  \">\n                    <i aria-hidden=\"true\" class=\"elementkit-infobox-icon icon icon-checked\"><\/i>\n                <\/div>\n          <\/div>\n                        <div class=\"box-body\">\n                            <h3 class=\"elementskit-info-box-title\">\n                    Reconocimiento 3 ECTS                <\/h3>\n                        \t\t  \t<p>para estudiantes UPO<\/p>\n                                <\/div>\n        \n        \n                <\/div>\n                <\/a>\n        <\/div>\t\t\t\t<\/div>\n\t\t\t\t<\/div>\n\t\t\t\t\t<\/div>\n\t\t<\/div>\n\t\t\t\t<div class=\"elementor-column elementor-col-16 elementor-top-column elementor-element elementor-element-3af50a2\" data-id=\"3af50a2\" data-element_type=\"column\" data-e-type=\"column\">\n\t\t\t<div class=\"elementor-widget-wrap elementor-element-populated\">\n\t\t\t\t\t\t<div class=\"elementor-element elementor-element-3172c0bc ekit-equal-height-disable elementor-widget elementor-widget-elementskit-icon-box\" data-id=\"3172c0bc\" data-element_type=\"widget\" data-e-type=\"widget\" data-widget_type=\"elementskit-icon-box.default\">\n\t\t\t\t<div class=\"elementor-widget-container\">\n\t\t\t\t\t<div class=\"ekit-wid-con\" >        <!-- link opening -->\n                <a href=\"#\" class=\"ekit_global_links\">\n                <!-- end link opening -->\n\n        <div class=\"elementskit-infobox text-center text- icon-top-align elementor-animation-   \">\n                    <div class=\"elementskit-box-header elementor-animation-\">\n                <div class=\"elementskit-info-box-icon  \">\n                    <i aria-hidden=\"true\" class=\"elementkit-infobox-icon fas fa-euro-sign\"><\/i>\n                <\/div>\n          <\/div>\n                        <div class=\"box-body\">\n                            <h3 class=\"elementskit-info-box-title\">\n                    Tasas                <\/h3>\n                        \t\t  \t<p>350 \u20ac<\/p>\n                                <\/div>\n        \n        \n                <\/div>\n                <\/a>\n        <\/div>\t\t\t\t<\/div>\n\t\t\t\t<\/div>\n\t\t\t\t\t<\/div>\n\t\t<\/div>\n\t\t\t\t<div class=\"elementor-column elementor-col-16 elementor-top-column elementor-element elementor-element-3b8d17c4\" data-id=\"3b8d17c4\" data-element_type=\"column\" data-e-type=\"column\">\n\t\t\t<div class=\"elementor-widget-wrap elementor-element-populated\">\n\t\t\t\t\t\t<div class=\"elementor-element elementor-element-2df53c8b elementor-align-center elementor-mobile-align-center elementor-widget elementor-widget-button\" data-id=\"2df53c8b\" data-element_type=\"widget\" data-e-type=\"widget\" data-widget_type=\"button.default\">\n\t\t\t\t<div class=\"elementor-widget-container\">\n\t\t\t\t\t\t\t\t\t<div class=\"elementor-button-wrapper\">\n\t\t\t\t\t<a class=\"elementor-button elementor-button-link elementor-size-lg\" href=\"https:\/\/www.upo.es\/automat-fund\/web\/index.php?r=curso%2Fview&#038;id=846\" target=\"_blank\">\n\t\t\t\t\t\t<span class=\"elementor-button-content-wrapper\">\n\t\t\t\t\t\t\t\t\t<span class=\"elementor-button-text\">Acceso a la matriculaci\u00f3n<\/span>\n\t\t\t\t\t<\/span>\n\t\t\t\t\t<\/a>\n\t\t\t\t<\/div>\n\t\t\t\t\t\t\t\t<\/div>\n\t\t\t\t<\/div>\n\t\t\t\t<div class=\"elementor-element elementor-element-20619584 elementor-widget elementor-widget-text-editor\" data-id=\"20619584\" data-element_type=\"widget\" data-e-type=\"widget\" data-widget_type=\"text-editor.default\">\n\t\t\t\t<div class=\"elementor-widget-container\">\n\t\t\t\t\t\t\t\t\t<p>El plazo de matriculaci\u00f3n finaliza cinco d\u00edas antes del inicio de la formaci\u00f3n o en el momento de alcanzar el n\u00famero m\u00e1ximo de plazas ofertadas<\/p>\t\t\t\t\t\t\t\t<\/div>\n\t\t\t\t<\/div>\n\t\t\t\t\t<\/div>\n\t\t<\/div>\n\t\t\t\t\t<\/div>\n\t\t<\/section>\n\t\t\t\t<section class=\"elementor-section elementor-top-section elementor-element elementor-element-6321f9c elementor-section-content-middle elementor-section-boxed elementor-section-height-default elementor-section-height-default\" data-id=\"6321f9c\" data-element_type=\"section\" data-e-type=\"section\">\n\t\t\t\t\t\t<div class=\"elementor-container elementor-column-gap-wider\">\n\t\t\t\t\t<div class=\"elementor-column elementor-col-50 elementor-top-column elementor-element elementor-element-5d6506e1\" data-id=\"5d6506e1\" data-element_type=\"column\" data-e-type=\"column\">\n\t\t\t<div class=\"elementor-widget-wrap elementor-element-populated\">\n\t\t\t\t\t\t<div class=\"elementor-element elementor-element-3cbed878 elementor-widget elementor-widget-elementskit-heading\" data-id=\"3cbed878\" data-element_type=\"widget\" data-e-type=\"widget\" data-widget_type=\"elementskit-heading.default\">\n\t\t\t\t<div class=\"elementor-widget-container\">\n\t\t\t\t\t<div class=\"ekit-wid-con\" ><div class=\"ekit-heading elementskit-section-title-wraper text_right   ekit_heading_tablet-   ekit_heading_mobile-\"><h5 class=\"ekit-heading--title elementskit-section-title \">Entidad colaboradora:<\/h5><\/div><\/div>\t\t\t\t<\/div>\n\t\t\t\t<\/div>\n\t\t\t\t\t<\/div>\n\t\t<\/div>\n\t\t\t\t<div class=\"elementor-column elementor-col-50 elementor-top-column elementor-element elementor-element-118c2106\" data-id=\"118c2106\" data-element_type=\"column\" data-e-type=\"column\">\n\t\t\t<div class=\"elementor-widget-wrap elementor-element-populated\">\n\t\t\t\t\t\t<div class=\"elementor-element elementor-element-6d06fa6e elementor-widget elementor-widget-image\" data-id=\"6d06fa6e\" data-element_type=\"widget\" data-e-type=\"widget\" data-widget_type=\"image.default\">\n\t\t\t\t<div class=\"elementor-widget-container\">\n\t\t\t\t\t\t\t\t\t\t\t\t\t\t\t<img decoding=\"async\" width=\"768\" height=\"332\" src=\"https:\/\/www.upo.es\/formacionpermanente\/wp-content\/imagenes\/uploads\/2026\/02\/logo-crianca-jpg-768x332.jpeg\" class=\"attachment-medium_large size-medium_large wp-image-52813\" alt=\"Crian\u00e7a Montessori School\" srcset=\"https:\/\/www.upo.es\/formacionpermanente\/wp-content\/imagenes\/uploads\/2026\/02\/logo-crianca-jpg-768x332.jpeg 768w, https:\/\/www.upo.es\/formacionpermanente\/wp-content\/imagenes\/uploads\/2026\/02\/logo-crianca-jpg-300x130.jpeg 300w, https:\/\/www.upo.es\/formacionpermanente\/wp-content\/imagenes\/uploads\/2026\/02\/logo-crianca-jpg-1024x443.jpeg 1024w, https:\/\/www.upo.es\/formacionpermanente\/wp-content\/imagenes\/uploads\/2026\/02\/logo-crianca-jpg.jpeg 1536w\" sizes=\"(max-width: 768px) 100vw, 768px\" \/>\t\t\t\t\t\t\t\t\t\t\t\t\t\t\t<\/div>\n\t\t\t\t<\/div>\n\t\t\t\t\t<\/div>\n\t\t<\/div>\n\t\t\t\t\t<\/div>\n\t\t<\/section>\n\t\t\t\t<section class=\"elementor-section elementor-top-section elementor-element elementor-element-33ced982 elementor-section-boxed elementor-section-height-default elementor-section-height-default\" data-id=\"33ced982\" data-element_type=\"section\" data-e-type=\"section\">\n\t\t\t\t\t\t<div class=\"elementor-container elementor-column-gap-wider\">\n\t\t\t\t\t<div class=\"elementor-column elementor-col-100 elementor-top-column elementor-element elementor-element-74d02fde\" data-id=\"74d02fde\" data-element_type=\"column\" data-e-type=\"column\">\n\t\t\t<div class=\"elementor-widget-wrap elementor-element-populated\">\n\t\t\t\t\t\t<div class=\"elementor-element elementor-element-73a6889c elementor-widget elementor-widget-text-editor\" data-id=\"73a6889c\" data-element_type=\"widget\" data-e-type=\"widget\" data-widget_type=\"text-editor.default\">\n\t\t\t\t<div class=\"elementor-widget-container\">\n\t\t\t\t\t\t\t\t\t<p>La adolescencia es una etapa del ser humano muy corta con respecto a los dem\u00e1s per\u00edodos de la vida. El cerebro y las necesidades de las personas adolescentes son muy diferentes al de las personas adultas y en la infancia. Hay que conocer esta etapa para poder acompa\u00f1ar a este grupo de edad, que ser\u00e1n las personas que guiar\u00e1n nuestro mundo en un futuro. Creemos que es necesario fomentar el esp\u00edritu cr\u00edtico as\u00ed como el emprendimiento y la creaci\u00f3n de proyectos sostenibles\u00a0 por parte de este colectivo que es la adolescencia.<\/p>\n<p>Es una etapa vital de profundas transformaciones biol\u00f3gicas, cognitivas, emocionales y sociales. <strong>Comprenderla requiere una mirada integradora que vaya m\u00e1s all\u00e1 de los modelos tradicionales de ense\u00f1anza y acompa\u00f1amiento.<\/strong> <strong>Este curso propone abordar la adolescencia desde las pedagog\u00edas alternativas, especialmente inspiradas en la filosof\u00eda Montessori, que conciben al ser humano como un sujeto activo, libre, responsable y en constante construcci\u00f3n.<\/strong><\/p>\n<p>El objetivo de esta microcredencial es brindar una <strong>comprensi\u00f3n integral de la adolescencia<\/strong> desde las pedagog\u00edas alternativas, integrando los aportes de la neuroeducaci\u00f3n, el desarrollo del lenguaje, la econom\u00eda cooperativa y las artes expresivas como ejes para la formaci\u00f3n de individuos libres y conscientes.<\/p>\n<p><em>*La impartici\u00f3n de esta microcredencial estar\u00e1 sujeta a la matriculaci\u00f3n del n\u00famero m\u00ednimo de plazas ofertadas.\u00a0<\/em><\/p>\n\t\t\t\t\t\t\t\t<\/div>\n\t\t\t\t<\/div>\n\t\t\t\t\t<\/div>\n\t\t<\/div>\n\t\t\t\t\t<\/div>\n\t\t<\/section>\n\t\t\t\t<section class=\"elementor-section elementor-top-section elementor-element elementor-element-39e17f17 elementor-section-content-middle elementor-section-boxed elementor-section-height-default elementor-section-height-default\" data-id=\"39e17f17\" data-element_type=\"section\" data-e-type=\"section\">\n\t\t\t\t\t\t<div class=\"elementor-container elementor-column-gap-wider\">\n\t\t\t\t\t<div data-dce-background-color=\"#E62645\" data-dce-background-hover-color=\"#0170B9\" class=\"elementor-column elementor-col-20 elementor-top-column elementor-element elementor-element-649aebbe\" data-id=\"649aebbe\" data-element_type=\"column\" data-e-type=\"column\" data-settings=\"{&quot;background_background&quot;:&quot;gradient&quot;}\">\n\t\t\t<div class=\"elementor-widget-wrap elementor-element-populated\">\n\t\t\t\t\t\t<div data-dce-title-color=\"#FFFFFF\" class=\"elementor-element elementor-element-6fa334fb elementor-widget elementor-widget-heading\" data-id=\"6fa334fb\" data-element_type=\"widget\" data-e-type=\"widget\" data-widget_type=\"heading.default\">\n\t\t\t\t<div class=\"elementor-widget-container\">\n\t\t\t\t\t<h2 class=\"elementor-heading-title elementor-size-default\"><a href=\"#perfil\">\u00bfA qui\u00e9n se dirige?<\/a><\/h2>\t\t\t\t<\/div>\n\t\t\t\t<\/div>\n\t\t\t\t\t<\/div>\n\t\t<\/div>\n\t\t\t\t<div data-dce-background-hover-color=\"#64D197\" class=\"elementor-column elementor-col-20 elementor-top-column elementor-element elementor-element-559f7425\" data-id=\"559f7425\" data-element_type=\"column\" data-e-type=\"column\" data-settings=\"{&quot;background_background&quot;:&quot;gradient&quot;}\">\n\t\t\t<div class=\"elementor-widget-wrap elementor-element-populated\">\n\t\t\t\t\t\t<div data-dce-title-color=\"#FFFFFF\" class=\"elementor-element elementor-element-59c5f3d elementor-widget elementor-widget-heading\" data-id=\"59c5f3d\" data-element_type=\"widget\" data-e-type=\"widget\" data-widget_type=\"heading.default\">\n\t\t\t\t<div class=\"elementor-widget-container\">\n\t\t\t\t\t<h2 class=\"elementor-heading-title elementor-size-default\"><a href=\"#aprender\">Objetivos de aprendizaje<\/a><\/h2>\t\t\t\t<\/div>\n\t\t\t\t<\/div>\n\t\t\t\t\t<\/div>\n\t\t<\/div>\n\t\t\t\t<div class=\"elementor-column elementor-col-20 elementor-top-column elementor-element elementor-element-3ffd8a1a\" data-id=\"3ffd8a1a\" data-element_type=\"column\" data-e-type=\"column\" data-settings=\"{&quot;background_background&quot;:&quot;gradient&quot;}\">\n\t\t\t<div class=\"elementor-widget-wrap elementor-element-populated\">\n\t\t\t\t\t\t<div data-dce-title-color=\"#FFFFFF\" class=\"elementor-element elementor-element-6763eb6e elementor-widget elementor-widget-heading\" data-id=\"6763eb6e\" data-element_type=\"widget\" data-e-type=\"widget\" data-widget_type=\"heading.default\">\n\t\t\t\t<div class=\"elementor-widget-container\">\n\t\t\t\t\t<h2 class=\"elementor-heading-title elementor-size-default\"><a href=\"#contenido\">Contenido<\/a><\/h2>\t\t\t\t<\/div>\n\t\t\t\t<\/div>\n\t\t\t\t\t<\/div>\n\t\t<\/div>\n\t\t\t\t<div class=\"elementor-column elementor-col-20 elementor-top-column elementor-element elementor-element-146d7661\" data-id=\"146d7661\" data-element_type=\"column\" data-e-type=\"column\" data-settings=\"{&quot;background_background&quot;:&quot;gradient&quot;}\">\n\t\t\t<div class=\"elementor-widget-wrap elementor-element-populated\">\n\t\t\t\t\t\t<div data-dce-title-color=\"#FFFFFF\" class=\"elementor-element elementor-element-48451840 elementor-widget elementor-widget-heading\" data-id=\"48451840\" data-element_type=\"widget\" data-e-type=\"widget\" data-widget_type=\"heading.default\">\n\t\t\t\t<div class=\"elementor-widget-container\">\n\t\t\t\t\t<h2 class=\"elementor-heading-title elementor-size-default\"><a href=\"#profesorado\">Profesorado<\/a><\/h2>\t\t\t\t<\/div>\n\t\t\t\t<\/div>\n\t\t\t\t\t<\/div>\n\t\t<\/div>\n\t\t\t\t<div data-dce-background-hover-color=\"#0170B9\" class=\"elementor-column elementor-col-20 elementor-top-column elementor-element elementor-element-3079f917\" data-id=\"3079f917\" data-element_type=\"column\" data-e-type=\"column\" data-settings=\"{&quot;background_background&quot;:&quot;gradient&quot;}\">\n\t\t\t<div class=\"elementor-widget-wrap elementor-element-populated\">\n\t\t\t\t\t\t<div data-dce-title-color=\"#FFFFFF\" class=\"elementor-element elementor-element-6f621b54 elementor-widget elementor-widget-heading\" data-id=\"6f621b54\" data-element_type=\"widget\" data-e-type=\"widget\" data-widget_type=\"heading.default\">\n\t\t\t\t<div class=\"elementor-widget-container\">\n\t\t\t\t\t<h2 class=\"elementor-heading-title elementor-size-default\"><a href=\"#calendario\">Calendario<\/a><\/h2>\t\t\t\t<\/div>\n\t\t\t\t<\/div>\n\t\t\t\t\t<\/div>\n\t\t<\/div>\n\t\t\t\t\t<\/div>\n\t\t<\/section>\n\t\t\t\t<section class=\"elementor-section elementor-top-section elementor-element elementor-element-75cb7a78 elementor-section-boxed elementor-section-height-default elementor-section-height-default\" data-id=\"75cb7a78\" data-element_type=\"section\" data-e-type=\"section\">\n\t\t\t\t\t\t<div class=\"elementor-container elementor-column-gap-default\">\n\t\t\t\t\t<div class=\"elementor-column elementor-col-100 elementor-top-column elementor-element elementor-element-5368def4\" data-id=\"5368def4\" data-element_type=\"column\" data-e-type=\"column\">\n\t\t\t<div class=\"elementor-widget-wrap elementor-element-populated\">\n\t\t\t\t\t\t<div class=\"elementor-element elementor-element-5eeae74a elementor-widget elementor-widget-elementskit-heading\" data-id=\"5eeae74a\" data-element_type=\"widget\" data-e-type=\"widget\" data-widget_type=\"elementskit-heading.default\">\n\t\t\t\t<div class=\"elementor-widget-container\">\n\t\t\t\t\t<div class=\"ekit-wid-con\" ><div class=\"ekit-heading elementskit-section-title-wraper text_center   ekit_heading_tablet-   ekit_heading_mobile-\"><h2 class=\"ekit-heading--title elementskit-section-title \">Algunos datos m\u00e1s<\/h2><\/div><\/div>\t\t\t\t<\/div>\n\t\t\t\t<\/div>\n\t\t\t\t<section class=\"elementor-section elementor-inner-section elementor-element elementor-element-29c105b1 elementor-section-full_width elementor-section-height-default elementor-section-height-default\" data-id=\"29c105b1\" data-element_type=\"section\" data-e-type=\"section\">\n\t\t\t\t\t\t<div class=\"elementor-container elementor-column-gap-default\">\n\t\t\t\t\t<div class=\"elementor-column elementor-col-25 elementor-inner-column elementor-element elementor-element-581a2a04\" data-id=\"581a2a04\" data-element_type=\"column\" data-e-type=\"column\">\n\t\t\t<div class=\"elementor-widget-wrap elementor-element-populated\">\n\t\t\t\t\t\t<div class=\"elementor-element elementor-element-66da271d ekit-equal-height-disable elementor-widget elementor-widget-elementskit-icon-box\" data-id=\"66da271d\" data-element_type=\"widget\" data-e-type=\"widget\" data-widget_type=\"elementskit-icon-box.default\">\n\t\t\t\t<div class=\"elementor-widget-container\">\n\t\t\t\t\t<div class=\"ekit-wid-con\" >        <!-- link opening -->\n                <a href=\"#elementor-action%3Aaction%3Dpopup%3Aopen%26settings%3DeyJpZCI6IjQwNTU0IiwidG9nZ2xlIjpmYWxzZX0%3D\" class=\"ekit_global_links\">\n                <!-- end link opening -->\n\n        <div class=\"elementskit-infobox text-center text- icon-top-align elementor-animation-   \">\n                    <div class=\"elementskit-box-header elementor-animation-\">\n                <div class=\"elementskit-info-box-icon  \">\n                    <i aria-hidden=\"true\" class=\"elementkit-infobox-icon fas fa-level-up-alt\"><\/i>\n                <\/div>\n          <\/div>\n                        <div class=\"box-body\">\n                            <h3 class=\"elementskit-info-box-title\">\n                    Nivel MECES \u24d8                <\/h3>\n                        \t\t  \t<p>Nivel MECES 2 - EQF 6<\/p>\n                                <\/div>\n        \n        \n                <\/div>\n                <\/a>\n        <\/div>\t\t\t\t<\/div>\n\t\t\t\t<\/div>\n\t\t\t\t\t<\/div>\n\t\t<\/div>\n\t\t\t\t<div class=\"elementor-column elementor-col-25 elementor-inner-column elementor-element elementor-element-3cc67178\" data-id=\"3cc67178\" data-element_type=\"column\" data-e-type=\"column\">\n\t\t\t<div class=\"elementor-widget-wrap elementor-element-populated\">\n\t\t\t\t\t\t<div class=\"elementor-element elementor-element-5c1d57ce ekit-equal-height-disable elementor-widget elementor-widget-elementskit-icon-box\" data-id=\"5c1d57ce\" data-element_type=\"widget\" data-e-type=\"widget\" data-widget_type=\"elementskit-icon-box.default\">\n\t\t\t\t<div class=\"elementor-widget-container\">\n\t\t\t\t\t<div class=\"ekit-wid-con\" >        <!-- link opening -->\n                <a href=\"#elementor-action%3Aaction%3Dpopup%3Aopen%26settings%3DeyJpZCI6IjQwNTU0IiwidG9nZ2xlIjpmYWxzZX0%3D\" class=\"ekit_global_links\">\n                <!-- end link opening -->\n\n        <div class=\"elementskit-infobox text-center text- icon-top-align elementor-animation-   \">\n                    <div class=\"elementskit-box-header elementor-animation-\">\n                <div class=\"elementskit-info-box-icon  \">\n                    <i aria-hidden=\"true\" class=\"elementkit-infobox-icon icon icon-cog\"><\/i>\n                <\/div>\n          <\/div>\n                        <div class=\"box-body\">\n                            <h3 class=\"elementskit-info-box-title\">\n                    Cr\u00e9ditos                <\/h3>\n                        \t\t  \t<p>5 ECTS<\/p>\n                                <\/div>\n        \n        \n                <\/div>\n                <\/a>\n        <\/div>\t\t\t\t<\/div>\n\t\t\t\t<\/div>\n\t\t\t\t\t<\/div>\n\t\t<\/div>\n\t\t\t\t<div class=\"elementor-column elementor-col-25 elementor-inner-column elementor-element elementor-element-76947895\" data-id=\"76947895\" data-element_type=\"column\" data-e-type=\"column\">\n\t\t\t<div class=\"elementor-widget-wrap elementor-element-populated\">\n\t\t\t\t\t\t<div class=\"elementor-element elementor-element-321cf324 ekit-equal-height-disable elementor-widget elementor-widget-elementskit-icon-box\" data-id=\"321cf324\" data-element_type=\"widget\" data-e-type=\"widget\" data-widget_type=\"elementskit-icon-box.default\">\n\t\t\t\t<div class=\"elementor-widget-container\">\n\t\t\t\t\t<div class=\"ekit-wid-con\" >        <!-- link opening -->\n                <a href=\"#\" class=\"ekit_global_links\">\n                <!-- end link opening -->\n\n        <div class=\"elementskit-infobox text-center text- icon-top-align elementor-animation-   \">\n                    <div class=\"elementskit-box-header elementor-animation-\">\n                <div class=\"elementskit-info-box-icon  \">\n                    <i aria-hidden=\"true\" class=\"elementkit-infobox-icon icon icon-down-arrow1\"><\/i>\n                <\/div>\n          <\/div>\n                        <div class=\"box-body\">\n                            <h3 class=\"elementskit-info-box-title\">\n                    N\u00famero m\u00ednimo                <\/h3>\n                        \t\t  \t<p>10  plazas<\/p>\n                                <\/div>\n        \n        \n                <\/div>\n                <\/a>\n        <\/div>\t\t\t\t<\/div>\n\t\t\t\t<\/div>\n\t\t\t\t\t<\/div>\n\t\t<\/div>\n\t\t\t\t<div class=\"elementor-column elementor-col-25 elementor-inner-column elementor-element elementor-element-45759720\" data-id=\"45759720\" data-element_type=\"column\" data-e-type=\"column\">\n\t\t\t<div class=\"elementor-widget-wrap elementor-element-populated\">\n\t\t\t\t\t\t<div class=\"elementor-element elementor-element-2ba8ab54 ekit-equal-height-disable elementor-widget elementor-widget-elementskit-icon-box\" data-id=\"2ba8ab54\" data-element_type=\"widget\" data-e-type=\"widget\" data-widget_type=\"elementskit-icon-box.default\">\n\t\t\t\t<div class=\"elementor-widget-container\">\n\t\t\t\t\t<div class=\"ekit-wid-con\" >        <!-- link opening -->\n                <a href=\"#\" class=\"ekit_global_links\">\n                <!-- end link opening -->\n\n        <div class=\"elementskit-infobox text-center text- icon-top-align elementor-animation-   \">\n                    <div class=\"elementskit-box-header elementor-animation-\">\n                <div class=\"elementskit-info-box-icon  \">\n                    <i aria-hidden=\"true\" class=\"elementkit-infobox-icon icon icon-up-arrow1\"><\/i>\n                <\/div>\n          <\/div>\n                        <div class=\"box-body\">\n                            <h3 class=\"elementskit-info-box-title\">\n                    N\u00famero m\u00e1ximo                <\/h3>\n                        \t\t  \t<p>40  plazas<\/p>\n                                <\/div>\n        \n        \n                <\/div>\n                <\/a>\n        <\/div>\t\t\t\t<\/div>\n\t\t\t\t<\/div>\n\t\t\t\t\t<\/div>\n\t\t<\/div>\n\t\t\t\t\t<\/div>\n\t\t<\/section>\n\t\t\t\t\t<\/div>\n\t\t<\/div>\n\t\t\t\t\t<\/div>\n\t\t<\/section>\n\t\t\t\t<section class=\"elementor-section elementor-top-section elementor-element elementor-element-6b41fb83 elementor-section-boxed elementor-section-height-default elementor-section-height-default\" data-id=\"6b41fb83\" data-element_type=\"section\" data-e-type=\"section\">\n\t\t\t\t\t\t<div class=\"elementor-container elementor-column-gap-default\">\n\t\t\t\t\t<div class=\"elementor-column elementor-col-50 elementor-top-column elementor-element elementor-element-54150ac6\" data-id=\"54150ac6\" data-element_type=\"column\" data-e-type=\"column\">\n\t\t\t<div class=\"elementor-widget-wrap elementor-element-populated\">\n\t\t\t\t\t\t<div class=\"elementor-element elementor-element-2ce8385b elementor-widget elementor-widget-image\" data-id=\"2ce8385b\" data-element_type=\"widget\" data-e-type=\"widget\" data-widget_type=\"image.default\">\n\t\t\t\t<div class=\"elementor-widget-container\">\n\t\t\t\t\t\t\t\t\t\t\t\t\t\t\t<img decoding=\"async\" width=\"1000\" height=\"1000\" src=\"https:\/\/www.upo.es\/formacionpermanente\/wp-content\/imagenes\/uploads\/2025\/11\/avion-personas.png\" class=\"attachment-large size-large wp-image-50388\" alt=\"\" srcset=\"https:\/\/www.upo.es\/formacionpermanente\/wp-content\/imagenes\/uploads\/2025\/11\/avion-personas.png 1000w, https:\/\/www.upo.es\/formacionpermanente\/wp-content\/imagenes\/uploads\/2025\/11\/avion-personas-300x300.png 300w, https:\/\/www.upo.es\/formacionpermanente\/wp-content\/imagenes\/uploads\/2025\/11\/avion-personas-150x150.png 150w, https:\/\/www.upo.es\/formacionpermanente\/wp-content\/imagenes\/uploads\/2025\/11\/avion-personas-768x768.png 768w\" sizes=\"(max-width: 1000px) 100vw, 1000px\" \/>\t\t\t\t\t\t\t\t\t\t\t\t\t\t\t<\/div>\n\t\t\t\t<\/div>\n\t\t\t\t\t<\/div>\n\t\t<\/div>\n\t\t\t\t<div class=\"elementor-column elementor-col-50 elementor-top-column elementor-element elementor-element-3aefed35\" data-id=\"3aefed35\" data-element_type=\"column\" data-e-type=\"column\">\n\t\t\t<div class=\"elementor-widget-wrap elementor-element-populated\">\n\t\t\t\t\t\t<div class=\"elementor-element elementor-element-220a68d8 elementor-widget elementor-widget-menu-anchor\" data-id=\"220a68d8\" data-element_type=\"widget\" data-e-type=\"widget\" data-widget_type=\"menu-anchor.default\">\n\t\t\t\t<div class=\"elementor-widget-container\">\n\t\t\t\t\t\t\t<div class=\"elementor-menu-anchor\" id=\"aprender\"><\/div>\n\t\t\t\t\t\t<\/div>\n\t\t\t\t<\/div>\n\t\t\t\t<div class=\"elementor-element elementor-element-1e8f80ef elementor-widget elementor-widget-elementskit-heading\" data-id=\"1e8f80ef\" data-element_type=\"widget\" data-e-type=\"widget\" data-widget_type=\"elementskit-heading.default\">\n\t\t\t\t<div class=\"elementor-widget-container\">\n\t\t\t\t\t<div class=\"ekit-wid-con\" ><div class=\"ekit-heading elementskit-section-title-wraper text_center   ekit_heading_tablet-   ekit_heading_mobile-\"><h2 class=\"ekit-heading--title elementskit-section-title \">\u00bfQu\u00e9 vas a aprender en la microcredencial?<\/h2><\/div><\/div>\t\t\t\t<\/div>\n\t\t\t\t<\/div>\n\t\t\t\t<div class=\"elementor-element elementor-element-3848fa15 elementor-widget elementor-widget-text-editor\" data-id=\"3848fa15\" data-element_type=\"widget\" data-e-type=\"widget\" data-widget_type=\"text-editor.default\">\n\t\t\t\t<div class=\"elementor-widget-container\">\n\t\t\t\t\t\t\t\t\t<p>Al finalizar esta microcredencial su alumnado ser\u00e1 capaz de:<\/p>\n<ul>\n<li>Analizar los principales fundamentos de las pedagog\u00edas alternativas aplicados a la adolescencia.<\/li>\n<li>Comprender los cambios neurobiol\u00f3gicos y emocionales propios de esta etapa y su impacto en el aprendizaje.<\/li>\n<li>Comprender de manera profunda el desarrollo cerebral y emocional del adolescente.<\/li>\n<li>Integrar pr\u00e1cticas asamblearias y participativas en el acompa\u00f1amiento educativo.<\/li>\n<li>Fomentar el pensamiento cr\u00edtico y del sentido de pertenencia comunitaria.<\/li>\n<li>Reflexionar sobre el papel de las redes sociales en la construcci\u00f3n de la identidad.<\/li>\n<li>Crear entornos educativos m\u00e1s libres, respetuosos y coherentes con las necesidades reales de los adolescentes.<\/li>\n<li>Fomentar la lectoescritura como herramienta de pensamiento, identidad y comunicaci\u00f3n cr\u00edtica.<\/li>\n<li>Promover pr\u00e1cticas asamblearias y proyectos cooperativos como espacios de aprendizaje democr\u00e1tico.<\/li>\n<li>Reflexionar sobre el papel de las redes sociales y la cultura digital en la construcci\u00f3n de la identidad.<\/li>\n<li>Incorporar metodolog\u00edas vivenciales como el proyecto econ\u00f3mico y el teatro foro para fortalecer la autonom\u00eda, la empat\u00eda y el pensamiento cr\u00edtica.<\/li>\n<li>Crear un puente entre la cultura escrita tradicional y los nuevos lenguajes digitales.<\/li>\n<li>Fortalecer competencias comunicativas con adolescente desde una dimensi\u00f3n pr\u00e1ctica<\/li>\n<\/ul>\n\t\t\t\t\t\t\t\t<\/div>\n\t\t\t\t<\/div>\n\t\t\t\t\t<\/div>\n\t\t<\/div>\n\t\t\t\t\t<\/div>\n\t\t<\/section>\n\t\t\t\t<section class=\"elementor-section elementor-top-section elementor-element elementor-element-5b997066 elementor-section-boxed elementor-section-height-default elementor-section-height-default\" data-id=\"5b997066\" data-element_type=\"section\" data-e-type=\"section\">\n\t\t\t\t\t\t<div class=\"elementor-container elementor-column-gap-default\">\n\t\t\t\t\t<div class=\"elementor-column elementor-col-100 elementor-top-column elementor-element elementor-element-370ded04\" data-id=\"370ded04\" data-element_type=\"column\" data-e-type=\"column\">\n\t\t\t<div class=\"elementor-widget-wrap elementor-element-populated\">\n\t\t\t\t\t\t<div class=\"elementor-element elementor-element-3c4e2e53 elementor-widget elementor-widget-menu-anchor\" data-id=\"3c4e2e53\" data-element_type=\"widget\" data-e-type=\"widget\" data-widget_type=\"menu-anchor.default\">\n\t\t\t\t<div class=\"elementor-widget-container\">\n\t\t\t\t\t\t\t<div class=\"elementor-menu-anchor\" id=\"perfil\"><\/div>\n\t\t\t\t\t\t<\/div>\n\t\t\t\t<\/div>\n\t\t\t\t<div class=\"elementor-element elementor-element-62830a2d elementor-widget elementor-widget-spacer\" data-id=\"62830a2d\" data-element_type=\"widget\" data-e-type=\"widget\" data-widget_type=\"spacer.default\">\n\t\t\t\t<div class=\"elementor-widget-container\">\n\t\t\t\t\t\t\t<div class=\"elementor-spacer\">\n\t\t\t<div class=\"elementor-spacer-inner\"><\/div>\n\t\t<\/div>\n\t\t\t\t\t\t<\/div>\n\t\t\t\t<\/div>\n\t\t\t\t<div class=\"elementor-element elementor-element-6c0a3470 elementor-widget elementor-widget-elementskit-heading\" data-id=\"6c0a3470\" data-element_type=\"widget\" data-e-type=\"widget\" data-widget_type=\"elementskit-heading.default\">\n\t\t\t\t<div class=\"elementor-widget-container\">\n\t\t\t\t\t<div class=\"ekit-wid-con\" ><div class=\"ekit-heading elementskit-section-title-wraper text_center   ekit_heading_tablet-   ekit_heading_mobile-\"><h2 class=\"ekit-heading--title elementskit-section-title \">\u00bfA qui\u00e9n est\u00e1 dirigida esta microcredencial?<\/h2><\/div><\/div>\t\t\t\t<\/div>\n\t\t\t\t<\/div>\n\t\t\t\t<div class=\"elementor-element elementor-element-78e1cd08 elementor-widget elementor-widget-text-editor\" data-id=\"78e1cd08\" data-element_type=\"widget\" data-e-type=\"widget\" data-widget_type=\"text-editor.default\">\n\t\t\t\t<div class=\"elementor-widget-container\">\n\t\t\t\t\t\t\t\t\t<p>Esta microcredencial est\u00e1 especialmente dise\u00f1ada para<strong> docentes, estudiantes de formaci\u00f3n docente, psicopedagogos, orientadores, educadores sociales y cualquier profesional interesado en comprender y acompa\u00f1ar la adolescencia<\/strong> desde un enfoque humanista y alternativo.<\/p>\n\t\t\t\t\t\t\t\t<\/div>\n\t\t\t\t<\/div>\n\t\t\t\t\t<\/div>\n\t\t<\/div>\n\t\t\t\t\t<\/div>\n\t\t<\/section>\n\t\t\t\t<section class=\"elementor-section elementor-top-section elementor-element elementor-element-701feed0 elementor-section-boxed elementor-section-height-default elementor-section-height-default\" data-id=\"701feed0\" data-element_type=\"section\" data-e-type=\"section\">\n\t\t\t\t\t\t<div class=\"elementor-container elementor-column-gap-default\">\n\t\t\t\t\t<div class=\"elementor-column elementor-col-50 elementor-top-column elementor-element elementor-element-5ae1ec33\" data-id=\"5ae1ec33\" data-element_type=\"column\" data-e-type=\"column\">\n\t\t\t<div class=\"elementor-widget-wrap elementor-element-populated\">\n\t\t\t\t\t\t<div class=\"elementor-element elementor-element-273c4d4e elementor-widget elementor-widget-image\" data-id=\"273c4d4e\" data-element_type=\"widget\" data-e-type=\"widget\" data-widget_type=\"image.default\">\n\t\t\t\t<div class=\"elementor-widget-container\">\n\t\t\t\t\t\t\t\t\t\t\t\t\t\t\t<img loading=\"lazy\" decoding=\"async\" width=\"800\" height=\"800\" src=\"https:\/\/www.upo.es\/formacionpermanente\/wp-content\/imagenes\/uploads\/2025\/11\/bombilla-micro.png\" class=\"attachment-large size-large wp-image-50389\" alt=\"\" srcset=\"https:\/\/www.upo.es\/formacionpermanente\/wp-content\/imagenes\/uploads\/2025\/11\/bombilla-micro.png 800w, https:\/\/www.upo.es\/formacionpermanente\/wp-content\/imagenes\/uploads\/2025\/11\/bombilla-micro-300x300.png 300w, https:\/\/www.upo.es\/formacionpermanente\/wp-content\/imagenes\/uploads\/2025\/11\/bombilla-micro-150x150.png 150w, https:\/\/www.upo.es\/formacionpermanente\/wp-content\/imagenes\/uploads\/2025\/11\/bombilla-micro-768x768.png 768w\" sizes=\"(max-width: 800px) 100vw, 800px\" \/>\t\t\t\t\t\t\t\t\t\t\t\t\t\t\t<\/div>\n\t\t\t\t<\/div>\n\t\t\t\t\t<\/div>\n\t\t<\/div>\n\t\t\t\t<div class=\"elementor-column elementor-col-50 elementor-top-column elementor-element elementor-element-6d405310\" data-id=\"6d405310\" data-element_type=\"column\" data-e-type=\"column\">\n\t\t\t<div class=\"elementor-widget-wrap elementor-element-populated\">\n\t\t\t\t\t\t<div class=\"elementor-element elementor-element-40a4d4c elementor-widget elementor-widget-menu-anchor\" data-id=\"40a4d4c\" data-element_type=\"widget\" data-e-type=\"widget\" data-widget_type=\"menu-anchor.default\">\n\t\t\t\t<div class=\"elementor-widget-container\">\n\t\t\t\t\t\t\t<div class=\"elementor-menu-anchor\" id=\"contenido\"><\/div>\n\t\t\t\t\t\t<\/div>\n\t\t\t\t<\/div>\n\t\t\t\t<div class=\"elementor-element elementor-element-7586a2ec elementor-widget elementor-widget-elementskit-heading\" data-id=\"7586a2ec\" data-element_type=\"widget\" data-e-type=\"widget\" data-widget_type=\"elementskit-heading.default\">\n\t\t\t\t<div class=\"elementor-widget-container\">\n\t\t\t\t\t<div class=\"ekit-wid-con\" ><div class=\"ekit-heading elementskit-section-title-wraper text_center   ekit_heading_tablet-   ekit_heading_mobile-\"><h2 class=\"ekit-heading--title elementskit-section-title \">Contenidos y programa de la microcredencial<\/h2><\/div><\/div>\t\t\t\t<\/div>\n\t\t\t\t<\/div>\n\t\t\t\t<div class=\"elementor-element elementor-element-435331c0 elementor-widget elementor-widget-text-editor\" data-id=\"435331c0\" data-element_type=\"widget\" data-e-type=\"widget\" data-widget_type=\"text-editor.default\">\n\t\t\t\t<div class=\"elementor-widget-container\">\n\t\t\t\t\t\t\t\t\t<p><strong>El curso combinar\u00e1 la exposici\u00f3n te\u00f3rica con el aprendizaje vivencial, la reflexi\u00f3n colectiva y el dise\u00f1o de experiencias educativas.\u00a0<\/strong>Para ello, se utilizar\u00e1n din\u00e1micas participativas, an\u00e1lisis de casos, debates y recursos audiovisuales, promoviendo una experiencia coherente con los principios de las pedagog\u00edas activas: respeto, participaci\u00f3n, sentido y comunidad.<\/p>\n<p>Esta microcredencial se divide en dos m\u00f3dulos, uno te\u00f3rico y uno pr\u00e1ctico, divido a su vez en los siguientes temas:<\/p>\n<p><strong>M\u00f3dulo 1: M\u00f3dulo te\u00f3rico (2 ECTS)<\/strong><\/p>\n<ol>\n<li>La mirada alternativa sobre la adolescencia: autonom\u00eda, acompa\u00f1amiento y autoeducaci\u00f3n.<\/li>\n<li>El cerebro adolescente: aportes de la neuroeducaci\u00f3n y su implicancia en la pr\u00e1ctica docente. Necesidades aut\u00e9nticas en la adolescencia.<\/li>\n<li>La construcci\u00f3n del pensamiento cr\u00edtico y coherente: el desarrollo de la lectoescritura: expresi\u00f3n, pensamiento y autonom\u00eda.<\/li>\n<li>Adolescentes y redes sociales: identidad digital, influencia, vulnerabilidad y oportunidades educativas.<\/li>\n<\/ol>\n<p><strong>M\u00f3dulo 2: M\u00f3dulo pr\u00e1ctico (3 ECTS)<\/strong><\/p>\n<ol>\n<li>El teatro foro como herramienta de reflexi\u00f3n, expresi\u00f3n y transformaci\u00f3n social.<\/li>\n<li>\u00a0Proyecto econ\u00f3mico cooperativo: aprendizaje vivencial de la autonom\u00eda y la responsabilidad.<\/li>\n<li>El trabajo asambleario y la participaci\u00f3n democr\u00e1tica: estrategias de co-gesti\u00f3n en el aula.<\/li>\n<li>Proyecto econ\u00f3mico cooperativo: aprendizaje vivencial de la autonom\u00eda y la responsabilidad.<\/li>\n<li>El trabajo asambleario y la participaci\u00f3n democr\u00e1tica: estrategias de co-gesti\u00f3n en el aula.<\/li>\n<\/ol>\n<p>&nbsp;<\/p>\n<p>&nbsp;<\/p>\n\t\t\t\t\t\t\t\t<\/div>\n\t\t\t\t<\/div>\n\t\t\t\t\t<\/div>\n\t\t<\/div>\n\t\t\t\t\t<\/div>\n\t\t<\/section>\n\t\t\t\t<section class=\"elementor-section elementor-top-section elementor-element elementor-element-6631cbaa elementor-section-boxed elementor-section-height-default elementor-section-height-default\" data-id=\"6631cbaa\" data-element_type=\"section\" data-e-type=\"section\">\n\t\t\t\t\t\t<div class=\"elementor-container elementor-column-gap-default\">\n\t\t\t\t\t<div class=\"elementor-column elementor-col-100 elementor-top-column elementor-element elementor-element-2e7792d7\" data-id=\"2e7792d7\" data-element_type=\"column\" data-e-type=\"column\">\n\t\t\t<div class=\"elementor-widget-wrap elementor-element-populated\">\n\t\t\t\t\t\t<div class=\"elementor-element elementor-element-296ff16e elementor-widget elementor-widget-menu-anchor\" data-id=\"296ff16e\" data-element_type=\"widget\" data-e-type=\"widget\" data-widget_type=\"menu-anchor.default\">\n\t\t\t\t<div class=\"elementor-widget-container\">\n\t\t\t\t\t\t\t<div class=\"elementor-menu-anchor\" id=\"profesorado\"><\/div>\n\t\t\t\t\t\t<\/div>\n\t\t\t\t<\/div>\n\t\t\t\t<div class=\"elementor-element elementor-element-19c6a1e4 elementor-widget elementor-widget-elementskit-heading\" data-id=\"19c6a1e4\" data-element_type=\"widget\" data-e-type=\"widget\" data-widget_type=\"elementskit-heading.default\">\n\t\t\t\t<div class=\"elementor-widget-container\">\n\t\t\t\t\t<div class=\"ekit-wid-con\" ><div class=\"ekit-heading elementskit-section-title-wraper text_center   ekit_heading_tablet-   ekit_heading_mobile-\"><h2 class=\"ekit-heading--title elementskit-section-title \">Comisi\u00f3n acad\u00e9mica<\/h2><\/div><\/div>\t\t\t\t<\/div>\n\t\t\t\t<\/div>\n\t\t\t\t<section class=\"elementor-section elementor-inner-section elementor-element elementor-element-77f1938 elementor-section-boxed elementor-section-height-default elementor-section-height-default\" data-id=\"77f1938\" data-element_type=\"section\" data-e-type=\"section\">\n\t\t\t\t\t\t<div class=\"elementor-container elementor-column-gap-no\">\n\t\t\t\t\t<div class=\"elementor-column elementor-col-50 elementor-inner-column elementor-element elementor-element-cc253e2\" data-id=\"cc253e2\" data-element_type=\"column\" data-e-type=\"column\">\n\t\t\t<div class=\"elementor-widget-wrap elementor-element-populated\">\n\t\t\t\t\t\t<div class=\"elementor-element elementor-element-df8fece elementor-widget elementor-widget-elementskit-team\" data-id=\"df8fece\" data-element_type=\"widget\" data-e-type=\"widget\" data-widget_type=\"elementskit-team.default\">\n\t\t\t\t<div class=\"elementor-widget-container\">\n\t\t\t\t\t<div class=\"ekit-wid-con\">\t\t\t\t\t\t\t\t\n\t\t<div class=\"profile-card elementor-animation- text-center ekit-team-style-default\">\n\t\t\t\n\t\t\t\t<div class=\"profile-header ekit-team-img ekit-img-overlay ekit-team-img-block\" >\n\t\t\t\t\t<img loading=\"lazy\" decoding=\"async\" width=\"800\" height=\"800\" src=\"https:\/\/www.upo.es\/formacionpermanente\/wp-content\/imagenes\/uploads\/2026\/02\/maria-llana-ruiz.jpg\" class=\"attachment-large size-large wp-image-52901\" alt=\"maria llana ruiz\" srcset=\"https:\/\/www.upo.es\/formacionpermanente\/wp-content\/imagenes\/uploads\/2026\/02\/maria-llana-ruiz.jpg 800w, https:\/\/www.upo.es\/formacionpermanente\/wp-content\/imagenes\/uploads\/2026\/02\/maria-llana-ruiz-300x300.jpg 300w, https:\/\/www.upo.es\/formacionpermanente\/wp-content\/imagenes\/uploads\/2026\/02\/maria-llana-ruiz-150x150.jpg 150w, https:\/\/www.upo.es\/formacionpermanente\/wp-content\/imagenes\/uploads\/2026\/02\/maria-llana-ruiz-768x768.jpg 768w\" sizes=\"(max-width: 800px) 100vw, 800px\" \/>\t\t\t\t<\/div><!-- .profile-header END -->\n\t\t\t\n\n\t\t\t\t<div class=\"profile-body\">\n\t\t\t\t\t\n\t\t\t\t\t<h2 class=\"profile-title\">\n\t\t\t\t\t\t\t\t\t\t\tMar\u00eda Llana Ruiz-Cabello\t\t\t\t\t\t\t\t\t\t<\/h2>\n\t\t\t\t\t<p class=\"profile-designation\">Direcci\u00f3n Acad\u00e9mica<\/p>\n\t\t\t\t\t\t\t\t\t\t<p class=\"profile-content\">Profesora titular del Departamento de Biolog\u00eda Molecular e Ingenier\u00eda Bioqu\u00edmica de la Universidad Pablo de Olavide. <\/p>\n\t\t\t\t\t\t\t\t\t<\/div><!-- .profile-body END -->\n\n\t\t\t\t\t\t\t\t<\/div>\n\t\t\t\t\t\t\t\n\t\t\t\n\t\t\t\t<\/div>\t\t\t\t<\/div>\n\t\t\t\t<\/div>\n\t\t\t\t\t<\/div>\n\t\t<\/div>\n\t\t\t\t<div class=\"elementor-column elementor-col-50 elementor-inner-column elementor-element elementor-element-d60a3f6\" data-id=\"d60a3f6\" data-element_type=\"column\" data-e-type=\"column\">\n\t\t\t<div class=\"elementor-widget-wrap elementor-element-populated\">\n\t\t\t\t\t\t<div class=\"elementor-element elementor-element-d2d129b elementor-widget elementor-widget-elementskit-team\" data-id=\"d2d129b\" data-element_type=\"widget\" data-e-type=\"widget\" data-widget_type=\"elementskit-team.default\">\n\t\t\t\t<div class=\"elementor-widget-container\">\n\t\t\t\t\t<div class=\"ekit-wid-con\">\t\t\t\t\t\t\t\t\n\t\t<div class=\"profile-card elementor-animation- text-center ekit-team-style-default\">\n\t\t\t\n\t\t\t\t<div class=\"profile-header ekit-team-img ekit-img-overlay ekit-team-img-block\" >\n\t\t\t\t\t<img loading=\"lazy\" decoding=\"async\" width=\"300\" height=\"300\" src=\"https:\/\/www.upo.es\/formacionpermanente\/wp-content\/imagenes\/uploads\/2026\/02\/Mayca-Cardenas.jpg\" class=\"attachment-large size-large wp-image-52902\" alt=\"Mayca-Cardenas\" srcset=\"https:\/\/www.upo.es\/formacionpermanente\/wp-content\/imagenes\/uploads\/2026\/02\/Mayca-Cardenas.jpg 300w, https:\/\/www.upo.es\/formacionpermanente\/wp-content\/imagenes\/uploads\/2026\/02\/Mayca-Cardenas-150x150.jpg 150w\" sizes=\"(max-width: 300px) 100vw, 300px\" \/>\t\t\t\t<\/div><!-- .profile-header END -->\n\t\t\t\n\n\t\t\t\t<div class=\"profile-body\">\n\t\t\t\t\t\n\t\t\t\t\t<h2 class=\"profile-title\">\n\t\t\t\t\t\t\t\t\t\t\tMar\u00eda del Carmen C\u00e1rdenas Gonz\u00e1lez\t\t\t\t\t\t\t\t\t\t<\/h2>\n\t\t\t\t\t<p class=\"profile-designation\">Direcci\u00f3n Ejecutiva<\/p>\n\t\t\t\t\t\t\t\t\t\t<p class=\"profile-content\">Profesora y directora de Crian\u00e7ca Montessori School. <\/p>\n\t\t\t\t\t\t\t\t\t<\/div><!-- .profile-body END -->\n\n\t\t\t\t\t\t\t\t<\/div>\n\t\t\t\t\t\t\t\n\t\t\t\n\t\t\t\t<\/div>\t\t\t\t<\/div>\n\t\t\t\t<\/div>\n\t\t\t\t\t<\/div>\n\t\t<\/div>\n\t\t\t\t\t<\/div>\n\t\t<\/section>\n\t\t\t\t<div class=\"elementor-element elementor-element-5fbe1c66 elementor-widget elementor-widget-spacer\" data-id=\"5fbe1c66\" data-element_type=\"widget\" data-e-type=\"widget\" data-widget_type=\"spacer.default\">\n\t\t\t\t<div class=\"elementor-widget-container\">\n\t\t\t\t\t\t\t<div class=\"elementor-spacer\">\n\t\t\t<div class=\"elementor-spacer-inner\"><\/div>\n\t\t<\/div>\n\t\t\t\t\t\t<\/div>\n\t\t\t\t<\/div>\n\t\t\t\t<div class=\"elementor-element elementor-element-57e2ba68 elementor-widget elementor-widget-elementskit-heading\" data-id=\"57e2ba68\" data-element_type=\"widget\" data-e-type=\"widget\" data-widget_type=\"elementskit-heading.default\">\n\t\t\t\t<div class=\"elementor-widget-container\">\n\t\t\t\t\t<div class=\"ekit-wid-con\" ><div class=\"ekit-heading elementskit-section-title-wraper text_center   ekit_heading_tablet-   ekit_heading_mobile-\"><h2 class=\"ekit-heading--title elementskit-section-title \">Profesorado<\/h2><\/div><\/div>\t\t\t\t<\/div>\n\t\t\t\t<\/div>\n\t\t\t\t<div class=\"elementor-element elementor-element-7a502842 elementor-widget elementor-widget-text-editor\" data-id=\"7a502842\" data-element_type=\"widget\" data-e-type=\"widget\" data-widget_type=\"text-editor.default\">\n\t\t\t\t<div class=\"elementor-widget-container\">\n\t\t\t\t\t\t\t\t\t<ul>\n<li><strong>Mar\u00eda del Carmen C\u00e1rdenas Gonz\u00e1lez, <\/strong>directora de la Escuela Internacional Crian\u00e7a Montessori School. Profesora de ciencias de secundar\u00eda Montessori. <a href=\"https:\/\/www.linkedin.com\/in\/mar%C3%ADa-del-carmen-c%C3%A1rdenas-gonz%C3%A1lez-8238131ba\/\">Linkedin<\/a><\/li>\n<li><strong>Mar\u00eda Zapata Vico, <\/strong>coordinadora Biling\u00fce. Experta en adquisici\u00f3n de L2. Profesora de Lengua y Literatura.<a href=\"https:\/\/www.linkedin.com\/in\/mar%C3%ADa-zapata-vico-668b091b6\/details\/education\/\"> Linkedin<\/a><\/li>\n<li><strong>John Alberto Ardila Viviescas, <\/strong>narrador oral de cuentos-cuentacuentos con formaci\u00f3n en la UNAB y CORFESCU (Colombia). Es Doctor en Derechos Humanos y Desarrollo.<\/li>\n<li><strong>Cristina Gamero Cayetano, <\/strong>maestra de Educaci\u00f3n Primaria, especializada en Pedagog\u00eda Terape\u00fatica. <a href=\"https:\/\/www.linkedin.com\/in\/cristina-gamero-cayetano-abb598137\/\">Linkedin<\/a><\/li>\n<li><strong>Marta Garc\u00eda Hern\u00e1ndez, <\/strong>antrop\u00f3loga social. <a href=\"http:\/\/www.linkedin.com\/in\/marta-garc\u00eda-hern\u00e1ndez-b19675397\">Linkedin<\/a><\/li>\n<\/ul>\n\t\t\t\t\t\t\t\t<\/div>\n\t\t\t\t<\/div>\n\t\t\t\t\t<\/div>\n\t\t<\/div>\n\t\t\t\t\t<\/div>\n\t\t<\/section>\n\t\t\t\t<section class=\"elementor-section elementor-top-section elementor-element elementor-element-15e8dffa elementor-section-boxed elementor-section-height-default elementor-section-height-default\" data-id=\"15e8dffa\" data-element_type=\"section\" data-e-type=\"section\">\n\t\t\t\t\t\t<div class=\"elementor-container elementor-column-gap-default\">\n\t\t\t\t\t<div class=\"elementor-column elementor-col-100 elementor-top-column elementor-element elementor-element-260036fa\" data-id=\"260036fa\" data-element_type=\"column\" data-e-type=\"column\">\n\t\t\t<div class=\"elementor-widget-wrap elementor-element-populated\">\n\t\t\t\t\t\t<div class=\"elementor-element elementor-element-1689d362 elementor-widget elementor-widget-elementskit-heading\" data-id=\"1689d362\" data-element_type=\"widget\" data-e-type=\"widget\" data-widget_type=\"elementskit-heading.default\">\n\t\t\t\t<div class=\"elementor-widget-container\">\n\t\t\t\t\t<div class=\"ekit-wid-con\" ><div class=\"ekit-heading elementskit-section-title-wraper text_center   ekit_heading_tablet-   ekit_heading_mobile-\"><h2 class=\"ekit-heading--title elementskit-section-title \">Sistema de evaluaci\u00f3n<\/h2><\/div><\/div>\t\t\t\t<\/div>\n\t\t\t\t<\/div>\n\t\t\t\t<div class=\"elementor-element elementor-element-4c70f201 elementor-widget elementor-widget-text-editor\" data-id=\"4c70f201\" data-element_type=\"widget\" data-e-type=\"widget\" data-widget_type=\"text-editor.default\">\n\t\t\t\t<div class=\"elementor-widget-container\">\n\t\t\t\t\t\t\t\t\t<p>Criterios de calificaci\u00f3n y superaci\u00f3n de esta microcredencial:<\/p>\n<ul>\n<li>La evaluaci\u00f3n ser\u00e1 continua y cualitativa, con retroalimentaci\u00f3n formativa.<\/li>\n<li>Para la obtenci\u00f3n de la microcredencial, el\/la participante deber\u00e1 <strong>superar al menos el 80 % de las actividades evaluables<\/strong> y <strong>entregar el portafolio final completo y valorado positivamente.<\/strong><\/li>\n<li>La calificaci\u00f3n final se expresar\u00e1 en t\u00e9rminos de \u201c<strong>Apto\/No Apto<\/strong>\u201d, conforme a la normativa de microcredenciales de la UPO.<\/li>\n<\/ul>\n\t\t\t\t\t\t\t\t<\/div>\n\t\t\t\t<\/div>\n\t\t\t\t\t<\/div>\n\t\t<\/div>\n\t\t\t\t\t<\/div>\n\t\t<\/section>\n\t\t\t\t<section class=\"elementor-section elementor-top-section elementor-element elementor-element-1e040557 elementor-section-boxed elementor-section-height-default elementor-section-height-default\" data-id=\"1e040557\" data-element_type=\"section\" data-e-type=\"section\">\n\t\t\t\t\t\t<div class=\"elementor-container elementor-column-gap-default\">\n\t\t\t\t\t<div class=\"elementor-column elementor-col-50 elementor-top-column elementor-element elementor-element-5edabb8\" data-id=\"5edabb8\" data-element_type=\"column\" data-e-type=\"column\">\n\t\t\t<div class=\"elementor-widget-wrap elementor-element-populated\">\n\t\t\t\t\t\t<div class=\"elementor-element elementor-element-42a53536 elementor-widget elementor-widget-image\" data-id=\"42a53536\" data-element_type=\"widget\" data-e-type=\"widget\" data-widget_type=\"image.default\">\n\t\t\t\t<div class=\"elementor-widget-container\">\n\t\t\t\t\t\t\t\t\t\t\t\t\t\t\t<img loading=\"lazy\" decoding=\"async\" width=\"800\" height=\"612\" src=\"https:\/\/www.upo.es\/formacionpermanente\/wp-content\/imagenes\/uploads\/2025\/11\/problem-solving-micro.png\" class=\"attachment-large size-large wp-image-50390\" alt=\"\" srcset=\"https:\/\/www.upo.es\/formacionpermanente\/wp-content\/imagenes\/uploads\/2025\/11\/problem-solving-micro.png 800w, https:\/\/www.upo.es\/formacionpermanente\/wp-content\/imagenes\/uploads\/2025\/11\/problem-solving-micro-300x230.png 300w, https:\/\/www.upo.es\/formacionpermanente\/wp-content\/imagenes\/uploads\/2025\/11\/problem-solving-micro-768x588.png 768w\" sizes=\"(max-width: 800px) 100vw, 800px\" \/>\t\t\t\t\t\t\t\t\t\t\t\t\t\t\t<\/div>\n\t\t\t\t<\/div>\n\t\t\t\t\t<\/div>\n\t\t<\/div>\n\t\t\t\t<div class=\"elementor-column elementor-col-50 elementor-top-column elementor-element elementor-element-7d5a416a\" data-id=\"7d5a416a\" data-element_type=\"column\" data-e-type=\"column\">\n\t\t\t<div class=\"elementor-widget-wrap elementor-element-populated\">\n\t\t\t\t\t\t<div class=\"elementor-element elementor-element-543b3ea0 elementor-widget elementor-widget-menu-anchor\" data-id=\"543b3ea0\" data-element_type=\"widget\" data-e-type=\"widget\" data-widget_type=\"menu-anchor.default\">\n\t\t\t\t<div class=\"elementor-widget-container\">\n\t\t\t\t\t\t\t<div class=\"elementor-menu-anchor\" id=\"calendario\"><\/div>\n\t\t\t\t\t\t<\/div>\n\t\t\t\t<\/div>\n\t\t\t\t<div class=\"elementor-element elementor-element-4d895c0a elementor-widget elementor-widget-elementskit-heading\" data-id=\"4d895c0a\" data-element_type=\"widget\" data-e-type=\"widget\" data-widget_type=\"elementskit-heading.default\">\n\t\t\t\t<div class=\"elementor-widget-container\">\n\t\t\t\t\t<div class=\"ekit-wid-con\" ><div class=\"ekit-heading elementskit-section-title-wraper text_center   ekit_heading_tablet-   ekit_heading_mobile-\"><h2 class=\"ekit-heading--title elementskit-section-title \">Calendario de la microcredencial<\/h2><\/div><\/div>\t\t\t\t<\/div>\n\t\t\t\t<\/div>\n\t\t\t\t<div class=\"elementor-element elementor-element-6b15b853 elementor-widget elementor-widget-text-editor\" data-id=\"6b15b853\" data-element_type=\"widget\" data-e-type=\"widget\" data-widget_type=\"text-editor.default\">\n\t\t\t\t<div class=\"elementor-widget-container\">\n\t\t\t\t\t\t\t\t\t<p>Esta microcredencial se imparte en <strong>modalidad presencial<\/strong> en la Universidad Pablo de Olavide y el calendario de clases es el siguiente:<\/p>\n<p><strong>04\/05\/2026<\/strong>: La mirada alternativa sobre la adolescencia: autonom\u00eda, acompa\u00f1amiento y autoeducaci\u00f3n. (16,00 a 20,00 h.)<\/p>\n<p><strong>08\/05\/2026:<\/strong> El cerebro adolescente: aportes a la neuroeducaci\u00f3n y su implicancia en la pr\u00e1ctica docente. Necesidades aut\u00e9nticas en la adolescencia. (16,00 a 20,00 h.)<\/p>\n<p><strong>11\/05\/2026:<\/strong> La construcci\u00f3n del pensamiento cr\u00edtico y coherente: el desarrollo de la lectoescritura: expresi\u00f3n, pensamiento y autonom\u00eda. (16,00 a 20,00 h.)<\/p>\n<p><strong>15\/05\/2026:<\/strong> Adolescentes y redes sociales: identidad digital, influencia, vulnerabilidad y oportunidades educativas. (16,00 a 19,00 h.)<\/p>\n<p><strong>18\/05\/2026:<\/strong> El teatro foro como herramienta de reflexi\u00f3n, expresi\u00f3n y transformaci\u00f3n social: (9,00 a 14,00 h.)<\/p>\n<p><strong>22\/05\/2026:<\/strong> El trabajo asambleario y la participaci\u00f3n democr\u00e1tica: estrategias de co-gesti\u00f3n en el aula I. (16,00 a 20,00 h.)<\/p>\n<p><strong>25\/05\/2026:<\/strong> El trabajo asambleario y la participaci\u00f3n democr\u00e1tica: estrategias de co-gesti\u00f3n en el aula II. (16,00 a 20,00h.)<\/p>\n<p><strong>29\/05\/2026:<\/strong> Proyecto econ\u00f3mico cooperativo: aprendizaje vivencia de la autonom\u00eda y la responsabilidad. (16,00 a 20,00 h.)<\/p>\n<p><strong>01\/06\/2026:<\/strong> Proyecto econ\u00f3mico cooperativo: aprendizaje vivencia de la autonom\u00eda y la responsabilidad. (16,00 a 20,00 h.)<\/p>\n<p><strong>05\/06\/2026:<\/strong> Evaluaci\u00f3n y cierre grupal. (16,00 a 20,00 h.)<\/p>\n<p>&nbsp;<\/p>\n\t\t\t\t\t\t\t\t<\/div>\n\t\t\t\t<\/div>\n\t\t\t\t\t<\/div>\n\t\t<\/div>\n\t\t\t\t\t<\/div>\n\t\t<\/section>\n\t\t\t\t<section class=\"elementor-section elementor-top-section elementor-element elementor-element-68b9b6c7 elementor-section-boxed elementor-section-height-default elementor-section-height-default\" data-id=\"68b9b6c7\" data-element_type=\"section\" data-e-type=\"section\">\n\t\t\t\t\t\t<div class=\"elementor-container elementor-column-gap-wider\">\n\t\t\t\t\t<div class=\"elementor-column elementor-col-100 elementor-top-column elementor-element elementor-element-750489\" data-id=\"750489\" data-element_type=\"column\" data-e-type=\"column\">\n\t\t\t<div class=\"elementor-widget-wrap elementor-element-populated\">\n\t\t\t\t\t\t<div class=\"elementor-element elementor-element-7b27962b elementor-hidden-mobile elementor-widget elementor-widget-elementskit-heading\" data-id=\"7b27962b\" data-element_type=\"widget\" data-e-type=\"widget\" data-widget_type=\"elementskit-heading.default\">\n\t\t\t\t<div class=\"elementor-widget-container\">\n\t\t\t\t\t<div class=\"ekit-wid-con\" ><div class=\"ekit-heading elementskit-section-title-wraper text_left   ekit_heading_tablet-   ekit_heading_mobile-\"><h4 class=\"elementskit-section-subtitle  \">\n\t\t\t\t\t\tContacta con nosotros\n\t\t\t\t\t<\/h4><h2 class=\"ekit-heading--title elementskit-section-title \">\u00bfTienes dudas?<\/h2><\/div><\/div>\t\t\t\t<\/div>\n\t\t\t\t<\/div>\n\t\t\t\t<div class=\"elementor-element elementor-element-32c2d11a elementor-hidden-mobile elementor-button-align-center elementor-widget elementor-widget-form\" data-id=\"32c2d11a\" data-element_type=\"widget\" data-e-type=\"widget\" data-settings=\"{&quot;step_next_label&quot;:&quot;Siguiente&quot;,&quot;step_previous_label&quot;:&quot;Anterior&quot;,&quot;dce_confirm_dialog_enabled&quot;:&quot;no&quot;,&quot;step_type&quot;:&quot;number_text&quot;,&quot;step_icon_shape&quot;:&quot;circle&quot;,&quot;label_icon_size&quot;:{&quot;unit&quot;:&quot;px&quot;,&quot;size&quot;:&quot;&quot;,&quot;sizes&quot;:[]},&quot;field_icon_size&quot;:{&quot;unit&quot;:&quot;px&quot;,&quot;size&quot;:&quot;&quot;,&quot;sizes&quot;:[]}}\" data-widget_type=\"form.default\">\n\t\t\t\t<div class=\"elementor-widget-container\">\n\t\t\t\t\t\t\t<form class=\"elementor-form\" method=\"post\" id=\"solicita_info_microcredenciales\" name=\"Mas info microcredenciales\" aria-label=\"Mas info microcredenciales\">\n\t\t\t<input type=\"hidden\" name=\"post_id\" value=\"52929\"\/>\n\t\t\t<input type=\"hidden\" name=\"form_id\" value=\"32c2d11a\"\/>\n\t\t\t<input type=\"hidden\" name=\"referer_title\" value=\"Formaci\u00f3n Permanente UPO\" \/>\n\n\t\t\t\n\t\t\t<div class=\"elementor-form-fields-wrapper elementor-labels-above\">\n\t\t\t\t\t\t\t\t<div class=\"elementor-field-type-text elementor-field-group elementor-column elementor-field-group-name elementor-col-60 elementor-field-required\">\n\t\t\t\t\t\t\t\t\t\t\t\t\t<input size=\"1\" type=\"text\" name=\"form_fields[name]\" id=\"form-field-name\" class=\"elementor-field elementor-size-sm  elementor-field-textual\" placeholder=\"Nombre y apellidos\" required=\"required\">\n\t\t\t\t\t\t\t\t\t\t\t<\/div>\n\t\t\t\t\t\t\t\t<div class=\"elementor-field-type-tel elementor-field-group elementor-column elementor-field-group-field_3c941b6 elementor-col-40\">\n\t\t\t\t\t\t\t<input size=\"1\" type=\"tel\" name=\"form_fields[field_3c941b6]\" id=\"form-field-field_3c941b6\" class=\"elementor-field elementor-size-sm  elementor-field-textual\" placeholder=\"Tel\u00e9fono\" pattern=\"[0-9()#&amp;+*-=.]+\" title=\"Solo se aceptan n\u00fameros y caracteres de tel\u00e9fono (#,-,*,etc).\">\n\n\t\t\t\t\t\t<\/div>\n\t\t\t\t\t\t\t\t<div class=\"elementor-field-type-email elementor-field-group elementor-column elementor-field-group-email elementor-col-100 elementor-field-required\">\n\t\t\t\t\t\t\t\t\t\t\t\t\t<input size=\"1\" type=\"email\" name=\"form_fields[email]\" id=\"form-field-email\" class=\"elementor-field elementor-size-sm  elementor-field-textual\" placeholder=\"Correo electr\u00f3nico\" required=\"required\">\n\t\t\t\t\t\t\t\t\t\t\t<\/div>\n\t\t\t\t\t\t\t\t<div class=\"elementor-field-type-textarea elementor-field-group elementor-column elementor-field-group-message elementor-col-100 elementor-field-required\">\n\t\t\t\t\t<textarea class=\"elementor-field-textual elementor-field  elementor-size-sm\" name=\"form_fields[message]\" id=\"form-field-message\" rows=\"4\" placeholder=\"\u00bfCu\u00e1l es tu consulta?\" required=\"required\"><\/textarea>\t\t\t\t<\/div>\n\t\t\t\t\t\t\t\t<div class=\"elementor-field-type-acceptance elementor-field-group elementor-column elementor-field-group-field_e8b65c3 elementor-col-100 elementor-field-required\">\n\t\t\t\t\t\t\t<div class=\"elementor-field-subgroup\">\n\t\t\t<span class=\"elementor-field-option\">\n\t\t\t\t<input type=\"checkbox\" name=\"form_fields[field_e8b65c3]\" id=\"form-field-field_e8b65c3\" class=\"elementor-field elementor-size-sm  elementor-acceptance-field\" required=\"required\">\n\t\t\t\t<label for=\"form-field-field_e8b65c3\">De acuerdo con lo establecido por la normativa vigente solicitamos su consentimiento expreso para enviarle informaci\u00f3n sobre nuestras actividades y programas que consideremos puedan ser de su inter\u00e9s, por correo electr\u00f3nico. Para m\u00e1s informaci\u00f3n consulte \n<a href=\"https:\/\/www.upo.es\/fundaciones\/politica-de-privacidad\/\">nuestra pol\u00edtica de privacidad<\/a>.<\/label>\t\t\t<\/span>\n\t\t<\/div>\n\t\t\t\t\t\t<\/div>\n\t\t\t\t\t\t\t\t<div class=\"elementor-field-type-hidden elementor-field-group elementor-column elementor-field-group-field_0752859 elementor-col-100\">\n\t\t\t\t\t\t\t\t\t\t\t\t\t<input size=\"1\" type=\"hidden\" name=\"form_fields[field_0752859]\" id=\"form-field-field_0752859\" class=\"elementor-field elementor-size-sm  elementor-field-textual\">\n\t\t\t\t\t\t\t\t\t\t\t<\/div>\n\t\t\t\t\t\t\t\t<div class=\"elementor-field-type-recaptcha_v3 elementor-field-group elementor-column elementor-field-group-field_651b643 elementor-col-100 recaptcha_v3-inline\">\n\t\t\t\t\t<div class=\"elementor-field\" id=\"form-field-field_651b643\"><div class=\"elementor-g-recaptcha\" data-sitekey=\"6LdsZzcnAAAAAEs6XcB8-fFcNVRlnbUaQF78tCSd\" data-type=\"v3\" data-action=\"Form\" data-badge=\"inline\" data-size=\"invisible\"><\/div><\/div>\t\t\t\t<\/div>\n\t\t\t\t\t\t\t\t<div class=\"elementor-field-group elementor-column elementor-field-type-submit elementor-col-100 e-form__buttons\">\n\t\t\t\t\t<button class=\"elementor-button elementor-size-sm\" type=\"submit\">\n\t\t\t\t\t\t<span class=\"elementor-button-content-wrapper\">\n\t\t\t\t\t\t\t\t\t\t\t\t\t\t\t\t\t\t\t\t\t\t<span class=\"elementor-button-text\">Enviar<\/span>\n\t\t\t\t\t\t\t\t\t\t\t\t\t<\/span>\n\t\t\t\t\t<\/button>\n\t\t\t\t<\/div>\n\t\t\t<\/div>\n\t\t<\/form>\n\t\t\t\t\t\t<\/div>\n\t\t\t\t<\/div>\n\t\t\t\t\t<\/div>\n\t\t<\/div>\n\t\t\t\t\t<\/div>\n\t\t<\/section>\n\t\t\t\t<section class=\"elementor-section elementor-top-section elementor-element elementor-element-61e01238 elementor-section-boxed elementor-section-height-default elementor-section-height-default\" data-id=\"61e01238\" data-element_type=\"section\" data-e-type=\"section\">\n\t\t\t\t\t\t<div class=\"elementor-container elementor-column-gap-default\">\n\t\t\t\t\t<div class=\"elementor-column elementor-col-50 elementor-top-column elementor-element elementor-element-624ad69d\" data-id=\"624ad69d\" data-element_type=\"column\" data-e-type=\"column\">\n\t\t\t<div class=\"elementor-widget-wrap elementor-element-populated\">\n\t\t\t\t\t\t<section class=\"elementor-section elementor-inner-section elementor-element elementor-element-71c422a9 elementor-section-full_width elementor-section-height-default elementor-section-height-default\" data-id=\"71c422a9\" data-element_type=\"section\" data-e-type=\"section\">\n\t\t\t\t\t\t<div class=\"elementor-container elementor-column-gap-wider\">\n\t\t\t\t\t<div class=\"elementor-column elementor-col-100 elementor-inner-column elementor-element elementor-element-2177f71f\" data-id=\"2177f71f\" data-element_type=\"column\" data-e-type=\"column\">\n\t\t\t<div class=\"elementor-widget-wrap elementor-element-populated\">\n\t\t\t\t\t\t<div class=\"elementor-element elementor-element-454f9296 elementor-widget elementor-widget-image\" data-id=\"454f9296\" data-element_type=\"widget\" data-e-type=\"widget\" data-widget_type=\"image.default\">\n\t\t\t\t<div class=\"elementor-widget-container\">\n\t\t\t\t\t\t\t\t\t\t\t\t\t\t\t<img loading=\"lazy\" decoding=\"async\" width=\"768\" height=\"353\" src=\"https:\/\/www.upo.es\/formacionpermanente\/wp-content\/imagenes\/uploads\/2024\/02\/Calidad-Web-768x353.png\" class=\"attachment-medium_large size-medium_large wp-image-38133\" alt=\"\" srcset=\"https:\/\/www.upo.es\/formacionpermanente\/wp-content\/imagenes\/uploads\/2024\/02\/Calidad-Web-768x353.png 768w, https:\/\/www.upo.es\/formacionpermanente\/wp-content\/imagenes\/uploads\/2024\/02\/Calidad-Web-300x138.png 300w, https:\/\/www.upo.es\/formacionpermanente\/wp-content\/imagenes\/uploads\/2024\/02\/Calidad-Web.png 800w\" sizes=\"(max-width: 768px) 100vw, 768px\" \/>\t\t\t\t\t\t\t\t\t\t\t\t\t\t\t<\/div>\n\t\t\t\t<\/div>\n\t\t\t\t<div class=\"elementor-element elementor-element-46d51e2f elementor-align-center elementor-widget elementor-widget-button\" data-id=\"46d51e2f\" data-element_type=\"widget\" data-e-type=\"widget\" data-widget_type=\"button.default\">\n\t\t\t\t<div class=\"elementor-widget-container\">\n\t\t\t\t\t\t\t\t\t<div class=\"elementor-button-wrapper\">\n\t\t\t\t\t<a class=\"elementor-button elementor-button-link elementor-size-sm\" href=\"https:\/\/www.upo.es\/formacionpermanente\/wp-content\/imagenes\/uploads\/2024\/09\/calidad-fupo-20242025.pdf\" target=\"_blank\">\n\t\t\t\t\t\t<span class=\"elementor-button-content-wrapper\">\n\t\t\t\t\t\t\t\t\t<span class=\"elementor-button-text\">Ver Certificado<\/span>\n\t\t\t\t\t<\/span>\n\t\t\t\t\t<\/a>\n\t\t\t\t<\/div>\n\t\t\t\t\t\t\t\t<\/div>\n\t\t\t\t<\/div>\n\t\t\t\t\t<\/div>\n\t\t<\/div>\n\t\t\t\t\t<\/div>\n\t\t<\/section>\n\t\t\t\t\t<\/div>\n\t\t<\/div>\n\t\t\t\t<div class=\"elementor-column elementor-col-50 elementor-top-column elementor-element elementor-element-be27b9d\" data-id=\"be27b9d\" data-element_type=\"column\" data-e-type=\"column\">\n\t\t\t<div class=\"elementor-widget-wrap elementor-element-populated\">\n\t\t\t\t\t\t<div class=\"elementor-element elementor-element-1a4c6857 elementor-widget elementor-widget-elementskit-heading\" data-id=\"1a4c6857\" data-element_type=\"widget\" data-e-type=\"widget\" data-widget_type=\"elementskit-heading.default\">\n\t\t\t\t<div class=\"elementor-widget-container\">\n\t\t\t\t\t<div class=\"ekit-wid-con\" ><div class=\"ekit-heading elementskit-section-title-wraper text_left   ekit_heading_tablet-   ekit_heading_mobile-\"><h2 class=\"ekit-heading--title elementskit-section-title \">Certificaci\u00f3n de Calidad<\/h2><h4 class=\"ekit-heading--subtitle elementskit-section-subtitle  \">\n\t\t\t\t\t\tAENOR ISO 9001\n\t\t\t\t\t<\/h4><\/div><\/div>\t\t\t\t<\/div>\n\t\t\t\t<\/div>\n\t\t\t\t<div class=\"elementor-element elementor-element-4ffd1058 elementor-widget elementor-widget-text-editor\" data-id=\"4ffd1058\" data-element_type=\"widget\" data-e-type=\"widget\" data-widget_type=\"text-editor.default\">\n\t\t\t\t<div class=\"elementor-widget-container\">\n\t\t\t\t\t\t\t\t\t<div data-id=\"5b61699\" data-element_type=\"widget\" data-widget_type=\"text-editor.default\"><div><p>La <strong>Fundaci\u00f3n Universidad Pablo de Olavide<\/strong>, ha asumido su compromiso con la gesti\u00f3n de la calidad desde el a\u00f1o 2003, fecha en la que se obtuvo por primera vez la certificaci\u00f3n de su <strong>Sistema de Gesti\u00f3n de la Calidad<\/strong>. Desde ese momento, se ha apostado por un proceso de mejora continua que ha permitido la evoluci\u00f3n del sistema de gesti\u00f3n de la Fundaci\u00f3n en sus nuevos retos operativos, conforme siempre a los est\u00e1ndares de calidad de la normas ISO.<\/p><p>El alcance del Certificado de Calidad de la Fundaci\u00f3n recoge las actividades de <strong>Gesti\u00f3n de Pr\u00e1cticas Acad\u00e9micas Externas<\/strong> (Curriculares y Extracurriculares) y <strong>Gesti\u00f3n de Formaci\u00f3n Permanente<\/strong> (T\u00edtulos Propios y Microcredenciales).<\/p><\/div><\/div>\t\t\t\t\t\t\t\t<\/div>\n\t\t\t\t<\/div>\n\t\t\t\t\t<\/div>\n\t\t<\/div>\n\t\t\t\t\t<\/div>\n\t\t<\/section>\n\t\t\t\t<section data-dce-background-color=\"#00335B\" data-dce-background-image-url=\"https:\/\/www.upo.es\/formacionpermanente\/wp-content\/imagenes\/uploads\/2025\/11\/Fondo-micro.jpg\" class=\"elementor-section elementor-top-section elementor-element elementor-element-69b8ae7c elementor-section-height-min-height elementor-section-content-middle elementor-hidden-mobile elementor-reverse-tablet elementor-section-boxed elementor-section-height-default elementor-section-items-middle\" data-id=\"69b8ae7c\" data-element_type=\"section\" data-e-type=\"section\" data-settings=\"{&quot;background_background&quot;:&quot;classic&quot;}\">\n\t\t\t\t\t\t\t<div class=\"elementor-background-overlay\"><\/div>\n\t\t\t\t\t\t\t<div class=\"elementor-container elementor-column-gap-no\">\n\t\t\t\t\t<div class=\"elementor-column elementor-col-50 elementor-top-column elementor-element elementor-element-6a15adbd\" data-id=\"6a15adbd\" data-element_type=\"column\" data-e-type=\"column\">\n\t\t\t<div class=\"elementor-widget-wrap elementor-element-populated\">\n\t\t\t\t\t\t<div class=\"elementor-element elementor-element-2a2a4a87 elementor-widget elementor-widget-elementskit-heading\" data-id=\"2a2a4a87\" data-element_type=\"widget\" data-e-type=\"widget\" data-widget_type=\"elementskit-heading.default\">\n\t\t\t\t<div class=\"elementor-widget-container\">\n\t\t\t\t\t<div class=\"ekit-wid-con\" ><div class=\"ekit-heading elementskit-section-title-wraper text_center   ekit_heading_tablet-text_center   ekit_heading_mobile-\"><h2 class=\"ekit-heading--title elementskit-section-title \">\u00bfConoces el resto de la oferta de Microcredenciales de la UPO?<\/h2><\/div><\/div>\t\t\t\t<\/div>\n\t\t\t\t<\/div>\n\t\t\t\t<div class=\"elementor-element elementor-element-5b7da21d elementor-align-center elementor-widget elementor-widget-button\" data-id=\"5b7da21d\" data-element_type=\"widget\" data-e-type=\"widget\" data-widget_type=\"button.default\">\n\t\t\t\t<div class=\"elementor-widget-container\">\n\t\t\t\t\t\t\t\t\t<div class=\"elementor-button-wrapper\">\n\t\t\t\t\t<a class=\"elementor-button elementor-button-link elementor-size-md\" href=\"#\" target=\"_blank\">\n\t\t\t\t\t\t<span class=\"elementor-button-content-wrapper\">\n\t\t\t\t\t\t\t\t\t<span class=\"elementor-button-text\">Acceder a la oferta de Microcredenciales<\/span>\n\t\t\t\t\t<\/span>\n\t\t\t\t\t<\/a>\n\t\t\t\t<\/div>\n\t\t\t\t\t\t\t\t<\/div>\n\t\t\t\t<\/div>\n\t\t\t\t\t<\/div>\n\t\t<\/div>\n\t\t\t\t<div class=\"elementor-column elementor-col-50 elementor-top-column elementor-element elementor-element-290bc8e6\" data-id=\"290bc8e6\" data-element_type=\"column\" data-e-type=\"column\">\n\t\t\t<div class=\"elementor-widget-wrap elementor-element-populated\">\n\t\t\t\t\t\t<div class=\"elementor-element elementor-element-639dab8d elementor-widget elementor-widget-image\" data-id=\"639dab8d\" data-element_type=\"widget\" data-e-type=\"widget\" data-widget_type=\"image.default\">\n\t\t\t\t<div class=\"elementor-widget-container\">\n\t\t\t\t\t\t\t\t\t\t\t\t\t\t\t<img loading=\"lazy\" decoding=\"async\" width=\"768\" height=\"768\" src=\"https:\/\/www.upo.es\/formacionpermanente\/wp-content\/imagenes\/uploads\/2025\/11\/nube-reloj-libro-768x768.png\" class=\"attachment-medium_large size-medium_large wp-image-50382\" alt=\"\" srcset=\"https:\/\/www.upo.es\/formacionpermanente\/wp-content\/imagenes\/uploads\/2025\/11\/nube-reloj-libro-768x768.png 768w, https:\/\/www.upo.es\/formacionpermanente\/wp-content\/imagenes\/uploads\/2025\/11\/nube-reloj-libro-300x300.png 300w, https:\/\/www.upo.es\/formacionpermanente\/wp-content\/imagenes\/uploads\/2025\/11\/nube-reloj-libro-150x150.png 150w, https:\/\/www.upo.es\/formacionpermanente\/wp-content\/imagenes\/uploads\/2025\/11\/nube-reloj-libro.png 1000w\" sizes=\"(max-width: 768px) 100vw, 768px\" \/>\t\t\t\t\t\t\t\t\t\t\t\t\t\t\t<\/div>\n\t\t\t\t<\/div>\n\t\t\t\t\t<\/div>\n\t\t<\/div>\n\t\t\t\t\t<\/div>\n\t\t<\/section>\n\t\t\t\t<section class=\"elementor-section elementor-top-section elementor-element elementor-element-31357d6e elementor-hidden-desktop elementor-hidden-tablet elementor-hidden-phone elementor-section-boxed elementor-section-height-default elementor-section-height-default\" data-id=\"31357d6e\" data-element_type=\"section\" data-e-type=\"section\">\n\t\t\t\t\t\t<div class=\"elementor-container elementor-column-gap-default\">\n\t\t\t\t\t<div class=\"elementor-column elementor-col-100 elementor-top-column elementor-element elementor-element-7acba94a\" data-id=\"7acba94a\" data-element_type=\"column\" data-e-type=\"column\">\n\t\t\t<div class=\"elementor-widget-wrap elementor-element-populated\">\n\t\t\t\t\t\t<div class=\"elementor-element elementor-element-663f7556 elementor-widget elementor-widget-spacer\" data-id=\"663f7556\" data-element_type=\"widget\" data-e-type=\"widget\" data-widget_type=\"spacer.default\">\n\t\t\t\t<div class=\"elementor-widget-container\">\n\t\t\t\t\t\t\t<div class=\"elementor-spacer\">\n\t\t\t<div class=\"elementor-spacer-inner\"><\/div>\n\t\t<\/div>\n\t\t\t\t\t\t<\/div>\n\t\t\t\t<\/div>\n\t\t\t\t\t<\/div>\n\t\t<\/div>\n\t\t\t\t\t<\/div>\n\t\t<\/section>\n\t\t\t\t<section class=\"elementor-section elementor-top-section elementor-element elementor-element-15718479 elementor-hidden-mobile elementor-hidden-tablet elementor-section-boxed elementor-section-height-default elementor-section-height-default\" data-id=\"15718479\" data-element_type=\"section\" data-e-type=\"section\">\n\t\t\t\t\t\t<div class=\"elementor-container elementor-column-gap-default\">\n\t\t\t\t\t<div class=\"elementor-column elementor-col-100 elementor-top-column elementor-element elementor-element-4f30a219\" data-id=\"4f30a219\" data-element_type=\"column\" data-e-type=\"column\">\n\t\t\t<div class=\"elementor-widget-wrap elementor-element-populated\">\n\t\t\t\t\t\t<section class=\"elementor-section elementor-inner-section elementor-element elementor-element-37c32cde elementor-section-boxed elementor-section-height-default elementor-section-height-default\" data-id=\"37c32cde\" data-element_type=\"section\" data-e-type=\"section\">\n\t\t\t\t\t\t<div class=\"elementor-container elementor-column-gap-default\">\n\t\t\t\t\t<div class=\"elementor-column elementor-col-33 elementor-inner-column elementor-element elementor-element-17c388fb\" data-id=\"17c388fb\" data-element_type=\"column\" data-e-type=\"column\">\n\t\t\t<div class=\"elementor-widget-wrap\">\n\t\t\t\t\t\t\t<\/div>\n\t\t<\/div>\n\t\t\t\t<div class=\"elementor-column elementor-col-33 elementor-inner-column elementor-element elementor-element-48786817\" data-id=\"48786817\" data-element_type=\"column\" data-e-type=\"column\">\n\t\t\t<div class=\"elementor-widget-wrap elementor-element-populated\">\n\t\t\t\t\t\t<div class=\"elementor-element elementor-element-6030bc26 elementor-widget elementor-widget-spacer\" data-id=\"6030bc26\" data-element_type=\"widget\" data-e-type=\"widget\" data-widget_type=\"spacer.default\">\n\t\t\t\t<div class=\"elementor-widget-container\">\n\t\t\t\t\t\t\t<div class=\"elementor-spacer\">\n\t\t\t<div class=\"elementor-spacer-inner\"><\/div>\n\t\t<\/div>\n\t\t\t\t\t\t<\/div>\n\t\t\t\t<\/div>\n\t\t\t\t<div class=\"elementor-element elementor-element-5ad8ac85 elementor-widget elementor-widget-elementskit-heading\" data-id=\"5ad8ac85\" data-element_type=\"widget\" data-e-type=\"widget\" data-widget_type=\"elementskit-heading.default\">\n\t\t\t\t<div class=\"elementor-widget-container\">\n\t\t\t\t\t<div class=\"ekit-wid-con\" ><div class=\"ekit-heading elementskit-section-title-wraper text_center   ekit_heading_tablet-   ekit_heading_mobile-\"><h4 class=\"elementskit-section-subtitle  \">\n\t\t\t\t\t\tMicrocredenciales\n\t\t\t\t\t<\/h4><h2 class=\"ekit-heading--title elementskit-section-title \">\u00daltimas noticias<\/h2><\/div><\/div>\t\t\t\t<\/div>\n\t\t\t\t<\/div>\n\t\t\t\t\t<\/div>\n\t\t<\/div>\n\t\t\t\t<div class=\"elementor-column elementor-col-33 elementor-inner-column elementor-element elementor-element-f1c880b\" data-id=\"f1c880b\" data-element_type=\"column\" data-e-type=\"column\">\n\t\t\t<div class=\"elementor-widget-wrap\">\n\t\t\t\t\t\t\t<\/div>\n\t\t<\/div>\n\t\t\t\t\t<\/div>\n\t\t<\/section>\n\t\t\t\t\t<\/div>\n\t\t<\/div>\n\t\t\t\t\t<\/div>\n\t\t<\/section>\n\t\t\t\t<section class=\"elementor-section elementor-inner-section elementor-element elementor-element-5078107c elementor-hidden-phone elementor-section-boxed elementor-section-height-default elementor-section-height-default\" data-id=\"5078107c\" data-element_type=\"section\" data-e-type=\"section\">\n\t\t\t\t\t\t<div class=\"elementor-container elementor-column-gap-default\">\n\t\t\t\t\t<div class=\"elementor-column elementor-col-100 elementor-inner-column elementor-element elementor-element-3b7036ca\" data-id=\"3b7036ca\" data-element_type=\"column\" data-e-type=\"column\">\n\t\t\t<div class=\"elementor-widget-wrap elementor-element-populated\">\n\t\t\t\t\t\t<div class=\"elementor-element elementor-element-e798bbc elementor-widget elementor-widget-elementskit-blog-posts\" data-id=\"e798bbc\" data-element_type=\"widget\" data-e-type=\"widget\" data-widget_type=\"elementskit-blog-posts.default\">\n\t\t\t\t<div class=\"elementor-widget-container\">\n\t\t\t\t\t<div class=\"ekit-wid-con\" >        <div id=\"post-items--e798bbc\" class=\"row post-items\">\n                    <div class=\"col-lg-4 col-md-6\">\n\n                                    <div class=\"elementskit-post-image-card\">\n                        <div class=\"elementskit-entry-header\">\n                                                            <a href=\"https:\/\/www.upo.es\/formacionpermanente\/la-universidad-pablo-de-olavide-y-el-acuario-de-sevilla-inician-una-microcredencial-sobre-conservacion-de-la-biodiversidad-marina\/\" class=\"elementskit-entry-thumb\">\n                                    <img decoding=\"async\" src=\"https:\/\/www.upo.es\/formacionpermanente\/wp-content\/imagenes\/uploads\/2026\/03\/IMG_4715-1024x683.jpg\" alt=\"La Universidad Pablo de Olavide y el Acuario de Sevilla inician una microcredencial sobre conservaci\u00f3n de la biodiversidad marina\">\n                                <\/a><!-- .elementskit-entry-thumb END -->\n                                                            \n                            \n\t\t\t\t\t\t\t\t\t\t\t\t\t<\/div><!-- .elementskit-entry-header END -->\n\n\t\t\t\t\t\t<div class=\"elementskit-post-body \">\n\t\t\t\t\t\t\t\t\t\t\t\t\t\t\t\t\t\t\t\t<h2 class=\"entry-title\">\n\t\t\t\t\t<a href=\"https:\/\/www.upo.es\/formacionpermanente\/la-universidad-pablo-de-olavide-y-el-acuario-de-sevilla-inician-una-microcredencial-sobre-conservacion-de-la-biodiversidad-marina\/\">\n\t\t\t\t\t\tLa Universidad Pablo de Olavide y el Acuario de Sevilla inician una microcredencial sobre conservaci\u00f3n de la biodiversidad marina\t\t\t\t\t<\/a>\n\t\t\t\t<\/h2>\n\t\t\t\t\t\t\t\t\t\t\t\n\t\t\t\t\t\t\t\t\t\t\t\t\t\t\t\t\t\t\t\t\t\t\t\t\t\n\t\t\t\t\t\t\t\t\n\t\t\t\t\t\t\t\t\t\t\t\t\t\t\t\t\t\t\t\t\t\t\t\t\t\t\t\t\t                                                    <\/div><!-- .elementskit-post-body END -->\n                    <\/div>\n                \n            <\/div>\n                    <div class=\"col-lg-4 col-md-6\">\n\n                                    <div class=\"elementskit-post-image-card\">\n                        <div class=\"elementskit-entry-header\">\n                                                            <a href=\"https:\/\/www.upo.es\/formacionpermanente\/la-universidad-pablo-de-olavide-y-el-banco-interamericano-de-desarrollo-ponen-en-marcha-una-microcredencial-conjunta-en-cuidados-para-profesionales-del-sector-publico\/\" class=\"elementskit-entry-thumb\">\n                                    <img decoding=\"async\" src=\"https:\/\/www.upo.es\/formacionpermanente\/wp-content\/imagenes\/uploads\/2026\/03\/IMG_4329-1024x683.jpg\" alt=\"La Universidad Pablo de Olavide y el Banco Interamericano de Desarrollo ponen en marcha una microcredencial conjunta en cuidados para profesionales del sector p\u00fablico\">\n                                <\/a><!-- .elementskit-entry-thumb END -->\n                                                            \n                            \n\t\t\t\t\t\t\t\t\t\t\t\t\t<\/div><!-- .elementskit-entry-header END -->\n\n\t\t\t\t\t\t<div class=\"elementskit-post-body \">\n\t\t\t\t\t\t\t\t\t\t\t\t\t\t\t\t\t\t\t\t<h2 class=\"entry-title\">\n\t\t\t\t\t<a href=\"https:\/\/www.upo.es\/formacionpermanente\/la-universidad-pablo-de-olavide-y-el-banco-interamericano-de-desarrollo-ponen-en-marcha-una-microcredencial-conjunta-en-cuidados-para-profesionales-del-sector-publico\/\">\n\t\t\t\t\t\tLa Universidad Pablo de Olavide y el Banco Interamericano de Desarrollo ponen en marcha una microcredencial conjunta en cuidados para profesionales del sector p\u00fablico\t\t\t\t\t<\/a>\n\t\t\t\t<\/h2>\n\t\t\t\t\t\t\t\t\t\t\t\n\t\t\t\t\t\t\t\t\t\t\t\t\t\t\t\t\t\t\t\t\t\t\t\t\t\n\t\t\t\t\t\t\t\t\n\t\t\t\t\t\t\t\t\t\t\t\t\t\t\t\t\t\t\t\t\t\t\t\t\t\t\t\t\t                                                    <\/div><!-- .elementskit-post-body END -->\n                    <\/div>\n                \n            <\/div>\n                    <div class=\"col-lg-4 col-md-6\">\n\n                                    <div class=\"elementskit-post-image-card\">\n                        <div class=\"elementskit-entry-header\">\n                                                            <a href=\"https:\/\/www.upo.es\/formacionpermanente\/mas-de-50-estudiantes-de-la-universidad-pablo-de-olavide-participan-en-la-microcredencial-aplicaciones-de-ia-para-la-productividad-personal\/\" class=\"elementskit-entry-thumb\">\n                                    <img decoding=\"async\" src=\"https:\/\/www.upo.es\/formacionpermanente\/wp-content\/imagenes\/uploads\/2026\/03\/Micro-IA-1024x768.jpeg\" alt=\"M\u00e1s de 50 estudiantes de la Universidad Pablo de Olavide participan en la microcredencial \u2018Aplicaciones de IA para la productividad personal\u2019\">\n                                <\/a><!-- .elementskit-entry-thumb END -->\n                                                            \n                            \n\t\t\t\t\t\t\t\t\t\t\t\t\t<\/div><!-- .elementskit-entry-header END -->\n\n\t\t\t\t\t\t<div class=\"elementskit-post-body \">\n\t\t\t\t\t\t\t\t\t\t\t\t\t\t\t\t\t\t\t\t<h2 class=\"entry-title\">\n\t\t\t\t\t<a href=\"https:\/\/www.upo.es\/formacionpermanente\/mas-de-50-estudiantes-de-la-universidad-pablo-de-olavide-participan-en-la-microcredencial-aplicaciones-de-ia-para-la-productividad-personal\/\">\n\t\t\t\t\t\tM\u00e1s de 50 estudiantes de la Universidad Pablo de Olavide participan en la microcredencial \u2018Aplicaciones de IA para la productividad personal\u2019\t\t\t\t\t<\/a>\n\t\t\t\t<\/h2>\n\t\t\t\t\t\t\t\t\t\t\t\n\t\t\t\t\t\t\t\t\t\t\t\t\t\t\t\t\t\t\t\t\t\t\t\t\t\n\t\t\t\t\t\t\t\t\n\t\t\t\t\t\t\t\t\t\t\t\t\t\t\t\t\t\t\t\t\t\t\t\t\t\t\t\t\t                                                    <\/div><!-- .elementskit-post-body END -->\n                    <\/div>\n                \n            <\/div>\n                <\/div>\n       <\/div>\t\t\t\t<\/div>\n\t\t\t\t<\/div>\n\t\t\t\t\t<\/div>\n\t\t<\/div>\n\t\t\t\t\t<\/div>\n\t\t<\/section>\n\t\t\t\t<section class=\"elementor-section elementor-top-section elementor-element elementor-element-2227144d elementor-section-boxed elementor-section-height-default elementor-section-height-default\" data-id=\"2227144d\" data-element_type=\"section\" data-e-type=\"section\">\n\t\t\t\t\t\t<div class=\"elementor-container elementor-column-gap-default\">\n\t\t\t\t\t<div class=\"elementor-column elementor-col-100 elementor-top-column elementor-element elementor-element-76136333\" data-id=\"76136333\" data-element_type=\"column\" data-e-type=\"column\">\n\t\t\t<div class=\"elementor-widget-wrap elementor-element-populated\">\n\t\t\t\t\t\t<div class=\"elementor-element elementor-element-6061f309 elementor-widget elementor-widget-spacer\" data-id=\"6061f309\" data-element_type=\"widget\" data-e-type=\"widget\" data-widget_type=\"spacer.default\">\n\t\t\t\t<div class=\"elementor-widget-container\">\n\t\t\t\t\t\t\t<div class=\"elementor-spacer\">\n\t\t\t<div class=\"elementor-spacer-inner\"><\/div>\n\t\t<\/div>\n\t\t\t\t\t\t<\/div>\n\t\t\t\t<\/div>\n\t\t\t\t\t<\/div>\n\t\t<\/div>\n\t\t\t\t\t<\/div>\n\t\t<\/section>\n\t\t\t\t<\/div>\n\t\t","protected":false},"featured_media":52932,"template":"","meta":{"_acf_changed":false,"site-sidebar-layout":"no-sidebar","site-content-layout":"page-builder","ast-site-content-layout":"full-width-container","site-content-style":"unboxed","site-sidebar-style":"unboxed","ast-global-header-display":"","ast-banner-title-visibility":"","ast-main-header-display":"","ast-hfb-above-header-display":"","ast-hfb-below-header-display":"","ast-hfb-mobile-header-display":"","site-post-title":"disabled","ast-breadcrumbs-content":"","ast-featured-img":"disabled","footer-sml-layout":"","ast-disable-related-posts":"","theme-transparent-header-meta":"default","adv-header-id-meta":"","stick-header-meta":"default","header-above-stick-meta":"","header-main-stick-meta":"","header-below-stick-meta":"","astra-migrate-meta-layouts":"set","ast-page-background-enabled":"default","ast-page-background-meta":{"desktop":{"background-color":"var(--ast-global-color-4)","background-image":"","background-repeat":"repeat","background-position":"center center","background-size":"auto","background-attachment":"scroll","background-type":"","background-media":"","overlay-type":"","overlay-color":"","overlay-opacity":"","overlay-gradient":""},"tablet":{"background-color":"","background-image":"","background-repeat":"repeat","background-position":"center center","background-size":"auto","background-attachment":"scroll","background-type":"","background-media":"","overlay-type":"","overlay-color":"","overlay-opacity":"","overlay-gradient":""},"mobile":{"background-color":"","background-image":"","background-repeat":"repeat","background-position":"center center","background-size":"auto","background-attachment":"scroll","background-type":"","background-media":"","overlay-type":"","overlay-color":"","overlay-opacity":"","overlay-gradient":""}},"ast-content-background-meta":{"desktop":{"background-color":"var(--ast-global-color-5)","background-image":"","background-repeat":"repeat","background-position":"center center","background-size":"auto","background-attachment":"scroll","background-type":"","background-media":"","overlay-type":"","overlay-color":"","overlay-opacity":"","overlay-gradient":""},"tablet":{"background-color":"var(--ast-global-color-5)","background-image":"","background-repeat":"repeat","background-position":"center center","background-size":"auto","background-attachment":"scroll","background-type":"","background-media":"","overlay-type":"","overlay-color":"","overlay-opacity":"","overlay-gradient":""},"mobile":{"background-color":"var(--ast-global-color-5)","background-image":"","background-repeat":"repeat","background-position":"center center","background-size":"auto","background-attachment":"scroll","background-type":"","background-media":"","overlay-type":"","overlay-color":"","overlay-opacity":"","overlay-gradient":""}}},"categories":[631,781,50],"titulos_propios":[],"class_list":["post-52929","microcredenciales","type-microcredenciales","status-publish","has-post-thumbnail","hentry","category-2025-2026","category-8-educacion","category-matricula-abierta"],"acf":[],"yoast_head":"<!-- This site is optimized with the Yoast SEO plugin v27.3 - https:\/\/yoast.com\/product\/yoast-seo-wordpress\/ -->\n<title>El \u00e9xito en el aprendizaje escolar desde el movimiento, visi\u00f3n...<\/title>\n<meta name=\"description\" content=\"La microcredencial en La adolescencia desde las pedagog\u00edas alternativas: neuroeducaci\u00f3n, lenguaje, cooperaci\u00f3n y creatividad social proporciona un conocimiento real, pr\u00e1ctico...\" \/>\n<meta name=\"robots\" content=\"index, follow, max-snippet:-1, max-image-preview:large, max-video-preview:-1\" \/>\n<link rel=\"canonical\" href=\"https:\/\/www.upo.es\/formacionpermanente\/microcredenciales\/la-adolescencia-desde-las-pedagogias-alternativas-neuroeducacion-lenguaje-cooperacion-y-creatividad-social\/\" \/>\n<meta property=\"og:locale\" content=\"es_ES\" \/>\n<meta property=\"og:type\" content=\"article\" \/>\n<meta property=\"og:title\" content=\"El \u00e9xito en el aprendizaje escolar desde el movimiento, visi\u00f3n...\" \/>\n<meta property=\"og:description\" content=\"La microcredencial en La adolescencia desde las pedagog\u00edas alternativas: neuroeducaci\u00f3n, lenguaje, cooperaci\u00f3n y creatividad social proporciona un conocimiento real, pr\u00e1ctico...\" \/>\n<meta property=\"og:url\" content=\"https:\/\/www.upo.es\/formacionpermanente\/microcredenciales\/la-adolescencia-desde-las-pedagogias-alternativas-neuroeducacion-lenguaje-cooperacion-y-creatividad-social\/\" \/>\n<meta property=\"og:site_name\" content=\"Formaci\u00f3n Permanente UPO\" \/>\n<meta property=\"article:modified_time\" content=\"2026-04-01T10:34:13+00:00\" \/>\n<meta property=\"og:image\" content=\"https:\/\/www.upo.es\/formacionpermanente\/wp-content\/imagenes\/uploads\/2026\/02\/AdobeStock_1547797276-scaled.jpeg\" \/>\n\t<meta property=\"og:image:width\" content=\"2560\" \/>\n\t<meta property=\"og:image:height\" content=\"1435\" \/>\n\t<meta property=\"og:image:type\" content=\"image\/jpeg\" \/>\n<meta name=\"twitter:card\" content=\"summary_large_image\" \/>\n<meta name=\"twitter:label1\" content=\"Tiempo de lectura\" \/>\n\t<meta name=\"twitter:data1\" content=\"9 minutos\" \/>\n<script type=\"application\/ld+json\" class=\"yoast-schema-graph\">{\"@context\":\"https:\\\/\\\/schema.org\",\"@graph\":[{\"@type\":\"WebPage\",\"@id\":\"https:\\\/\\\/www.upo.es\\\/formacionpermanente\\\/microcredenciales\\\/la-adolescencia-desde-las-pedagogias-alternativas-neuroeducacion-lenguaje-cooperacion-y-creatividad-social\\\/\",\"url\":\"https:\\\/\\\/www.upo.es\\\/formacionpermanente\\\/microcredenciales\\\/la-adolescencia-desde-las-pedagogias-alternativas-neuroeducacion-lenguaje-cooperacion-y-creatividad-social\\\/\",\"name\":\"El \u00e9xito en el aprendizaje escolar desde el movimiento, visi\u00f3n...\",\"isPartOf\":{\"@id\":\"https:\\\/\\\/www.upo.es\\\/formacionpermanente\\\/#website\"},\"primaryImageOfPage\":{\"@id\":\"https:\\\/\\\/www.upo.es\\\/formacionpermanente\\\/microcredenciales\\\/la-adolescencia-desde-las-pedagogias-alternativas-neuroeducacion-lenguaje-cooperacion-y-creatividad-social\\\/#primaryimage\"},\"image\":{\"@id\":\"https:\\\/\\\/www.upo.es\\\/formacionpermanente\\\/microcredenciales\\\/la-adolescencia-desde-las-pedagogias-alternativas-neuroeducacion-lenguaje-cooperacion-y-creatividad-social\\\/#primaryimage\"},\"thumbnailUrl\":\"https:\\\/\\\/www.upo.es\\\/formacionpermanente\\\/wp-content\\\/imagenes\\\/uploads\\\/2026\\\/02\\\/AdobeStock_1547797276-scaled.jpeg\",\"datePublished\":\"2026-02-17T07:52:05+00:00\",\"dateModified\":\"2026-04-01T10:34:13+00:00\",\"description\":\"La microcredencial en La adolescencia desde las pedagog\u00edas alternativas: neuroeducaci\u00f3n, lenguaje, cooperaci\u00f3n y creatividad social proporciona un conocimiento real, pr\u00e1ctico...\",\"breadcrumb\":{\"@id\":\"https:\\\/\\\/www.upo.es\\\/formacionpermanente\\\/microcredenciales\\\/la-adolescencia-desde-las-pedagogias-alternativas-neuroeducacion-lenguaje-cooperacion-y-creatividad-social\\\/#breadcrumb\"},\"inLanguage\":\"es\",\"potentialAction\":[{\"@type\":\"ReadAction\",\"target\":[\"https:\\\/\\\/www.upo.es\\\/formacionpermanente\\\/microcredenciales\\\/la-adolescencia-desde-las-pedagogias-alternativas-neuroeducacion-lenguaje-cooperacion-y-creatividad-social\\\/\"]}]},{\"@type\":\"ImageObject\",\"inLanguage\":\"es\",\"@id\":\"https:\\\/\\\/www.upo.es\\\/formacionpermanente\\\/microcredenciales\\\/la-adolescencia-desde-las-pedagogias-alternativas-neuroeducacion-lenguaje-cooperacion-y-creatividad-social\\\/#primaryimage\",\"url\":\"https:\\\/\\\/www.upo.es\\\/formacionpermanente\\\/wp-content\\\/imagenes\\\/uploads\\\/2026\\\/02\\\/AdobeStock_1547797276-scaled.jpeg\",\"contentUrl\":\"https:\\\/\\\/www.upo.es\\\/formacionpermanente\\\/wp-content\\\/imagenes\\\/uploads\\\/2026\\\/02\\\/AdobeStock_1547797276-scaled.jpeg\",\"width\":2560,\"height\":1435,\"caption\":\"Youth empowerment eco-workshop, teenagers experimenting with sustainable design projects, vibrant classroom environment, enthusiastic collaboration and creativity, warm sunlight streaming through windows, inspiring future leaders\"},{\"@type\":\"BreadcrumbList\",\"@id\":\"https:\\\/\\\/www.upo.es\\\/formacionpermanente\\\/microcredenciales\\\/la-adolescencia-desde-las-pedagogias-alternativas-neuroeducacion-lenguaje-cooperacion-y-creatividad-social\\\/#breadcrumb\",\"itemListElement\":[{\"@type\":\"ListItem\",\"position\":1,\"name\":\"Portada\",\"item\":\"https:\\\/\\\/www.upo.es\\\/formacionpermanente\\\/\"},{\"@type\":\"ListItem\",\"position\":2,\"name\":\"La adolescencia desde las pedagog\u00edas alternativas: neuroeducaci\u00f3n, lenguaje, cooperaci\u00f3n y creatividad social\"}]},{\"@type\":\"WebSite\",\"@id\":\"https:\\\/\\\/www.upo.es\\\/formacionpermanente\\\/#website\",\"url\":\"https:\\\/\\\/www.upo.es\\\/formacionpermanente\\\/\",\"name\":\"Formaci\u00f3n Permanente UPO\",\"description\":\"T\u00edtulos Propios, Microcredenciales, Cursos de Verano\",\"publisher\":{\"@id\":\"https:\\\/\\\/www.upo.es\\\/formacionpermanente\\\/#organization\"},\"potentialAction\":[{\"@type\":\"SearchAction\",\"target\":{\"@type\":\"EntryPoint\",\"urlTemplate\":\"https:\\\/\\\/www.upo.es\\\/formacionpermanente\\\/?s={search_term_string}\"},\"query-input\":{\"@type\":\"PropertyValueSpecification\",\"valueRequired\":true,\"valueName\":\"search_term_string\"}}],\"inLanguage\":\"es\"},{\"@type\":\"Organization\",\"@id\":\"https:\\\/\\\/www.upo.es\\\/formacionpermanente\\\/#organization\",\"name\":\"Formaci\u00f3n Permanente Universidad Pablo de Olavide\",\"alternateName\":\"Formaci\u00f3n Permanente UPO\",\"url\":\"https:\\\/\\\/www.upo.es\\\/formacionpermanente\\\/\",\"logo\":{\"@type\":\"ImageObject\",\"inLanguage\":\"es\",\"@id\":\"https:\\\/\\\/www.upo.es\\\/formacionpermanente\\\/#\\\/schema\\\/logo\\\/image\\\/\",\"url\":\"https:\\\/\\\/www.upo.es\\\/formacionpermanente\\\/wp-content\\\/imagenes\\\/uploads\\\/2023\\\/02\\\/Logo-UPO-azul-amarillo-horizontal.png\",\"contentUrl\":\"https:\\\/\\\/www.upo.es\\\/formacionpermanente\\\/wp-content\\\/imagenes\\\/uploads\\\/2023\\\/02\\\/Logo-UPO-azul-amarillo-horizontal.png\",\"width\":1000,\"height\":407,\"caption\":\"Formaci\u00f3n Permanente Universidad Pablo de Olavide\"},\"image\":{\"@id\":\"https:\\\/\\\/www.upo.es\\\/formacionpermanente\\\/#\\\/schema\\\/logo\\\/image\\\/\"}}]}<\/script>\n<!-- \/ Yoast SEO plugin. -->","yoast_head_json":{"title":"El \u00e9xito en el aprendizaje escolar desde el movimiento, visi\u00f3n...","description":"La microcredencial en La adolescencia desde las pedagog\u00edas alternativas: neuroeducaci\u00f3n, lenguaje, cooperaci\u00f3n y creatividad social proporciona un conocimiento real, pr\u00e1ctico...","robots":{"index":"index","follow":"follow","max-snippet":"max-snippet:-1","max-image-preview":"max-image-preview:large","max-video-preview":"max-video-preview:-1"},"canonical":"https:\/\/www.upo.es\/formacionpermanente\/microcredenciales\/la-adolescencia-desde-las-pedagogias-alternativas-neuroeducacion-lenguaje-cooperacion-y-creatividad-social\/","og_locale":"es_ES","og_type":"article","og_title":"El \u00e9xito en el aprendizaje escolar desde el movimiento, visi\u00f3n...","og_description":"La microcredencial en La adolescencia desde las pedagog\u00edas alternativas: neuroeducaci\u00f3n, lenguaje, cooperaci\u00f3n y creatividad social proporciona un conocimiento real, pr\u00e1ctico...","og_url":"https:\/\/www.upo.es\/formacionpermanente\/microcredenciales\/la-adolescencia-desde-las-pedagogias-alternativas-neuroeducacion-lenguaje-cooperacion-y-creatividad-social\/","og_site_name":"Formaci\u00f3n Permanente UPO","article_modified_time":"2026-04-01T10:34:13+00:00","og_image":[{"width":2560,"height":1435,"url":"https:\/\/www.upo.es\/formacionpermanente\/wp-content\/imagenes\/uploads\/2026\/02\/AdobeStock_1547797276-scaled.jpeg","type":"image\/jpeg"}],"twitter_card":"summary_large_image","twitter_misc":{"Tiempo de lectura":"9 minutos"},"schema":{"@context":"https:\/\/schema.org","@graph":[{"@type":"WebPage","@id":"https:\/\/www.upo.es\/formacionpermanente\/microcredenciales\/la-adolescencia-desde-las-pedagogias-alternativas-neuroeducacion-lenguaje-cooperacion-y-creatividad-social\/","url":"https:\/\/www.upo.es\/formacionpermanente\/microcredenciales\/la-adolescencia-desde-las-pedagogias-alternativas-neuroeducacion-lenguaje-cooperacion-y-creatividad-social\/","name":"El \u00e9xito en el aprendizaje escolar desde el movimiento, visi\u00f3n...","isPartOf":{"@id":"https:\/\/www.upo.es\/formacionpermanente\/#website"},"primaryImageOfPage":{"@id":"https:\/\/www.upo.es\/formacionpermanente\/microcredenciales\/la-adolescencia-desde-las-pedagogias-alternativas-neuroeducacion-lenguaje-cooperacion-y-creatividad-social\/#primaryimage"},"image":{"@id":"https:\/\/www.upo.es\/formacionpermanente\/microcredenciales\/la-adolescencia-desde-las-pedagogias-alternativas-neuroeducacion-lenguaje-cooperacion-y-creatividad-social\/#primaryimage"},"thumbnailUrl":"https:\/\/www.upo.es\/formacionpermanente\/wp-content\/imagenes\/uploads\/2026\/02\/AdobeStock_1547797276-scaled.jpeg","datePublished":"2026-02-17T07:52:05+00:00","dateModified":"2026-04-01T10:34:13+00:00","description":"La microcredencial en La adolescencia desde las pedagog\u00edas alternativas: neuroeducaci\u00f3n, lenguaje, cooperaci\u00f3n y creatividad social proporciona un conocimiento real, pr\u00e1ctico...","breadcrumb":{"@id":"https:\/\/www.upo.es\/formacionpermanente\/microcredenciales\/la-adolescencia-desde-las-pedagogias-alternativas-neuroeducacion-lenguaje-cooperacion-y-creatividad-social\/#breadcrumb"},"inLanguage":"es","potentialAction":[{"@type":"ReadAction","target":["https:\/\/www.upo.es\/formacionpermanente\/microcredenciales\/la-adolescencia-desde-las-pedagogias-alternativas-neuroeducacion-lenguaje-cooperacion-y-creatividad-social\/"]}]},{"@type":"ImageObject","inLanguage":"es","@id":"https:\/\/www.upo.es\/formacionpermanente\/microcredenciales\/la-adolescencia-desde-las-pedagogias-alternativas-neuroeducacion-lenguaje-cooperacion-y-creatividad-social\/#primaryimage","url":"https:\/\/www.upo.es\/formacionpermanente\/wp-content\/imagenes\/uploads\/2026\/02\/AdobeStock_1547797276-scaled.jpeg","contentUrl":"https:\/\/www.upo.es\/formacionpermanente\/wp-content\/imagenes\/uploads\/2026\/02\/AdobeStock_1547797276-scaled.jpeg","width":2560,"height":1435,"caption":"Youth empowerment eco-workshop, teenagers experimenting with sustainable design projects, vibrant classroom environment, enthusiastic collaboration and creativity, warm sunlight streaming through windows, inspiring future leaders"},{"@type":"BreadcrumbList","@id":"https:\/\/www.upo.es\/formacionpermanente\/microcredenciales\/la-adolescencia-desde-las-pedagogias-alternativas-neuroeducacion-lenguaje-cooperacion-y-creatividad-social\/#breadcrumb","itemListElement":[{"@type":"ListItem","position":1,"name":"Portada","item":"https:\/\/www.upo.es\/formacionpermanente\/"},{"@type":"ListItem","position":2,"name":"La adolescencia desde las pedagog\u00edas alternativas: neuroeducaci\u00f3n, lenguaje, cooperaci\u00f3n y creatividad social"}]},{"@type":"WebSite","@id":"https:\/\/www.upo.es\/formacionpermanente\/#website","url":"https:\/\/www.upo.es\/formacionpermanente\/","name":"Formaci\u00f3n Permanente UPO","description":"T\u00edtulos Propios, Microcredenciales, Cursos de Verano","publisher":{"@id":"https:\/\/www.upo.es\/formacionpermanente\/#organization"},"potentialAction":[{"@type":"SearchAction","target":{"@type":"EntryPoint","urlTemplate":"https:\/\/www.upo.es\/formacionpermanente\/?s={search_term_string}"},"query-input":{"@type":"PropertyValueSpecification","valueRequired":true,"valueName":"search_term_string"}}],"inLanguage":"es"},{"@type":"Organization","@id":"https:\/\/www.upo.es\/formacionpermanente\/#organization","name":"Formaci\u00f3n Permanente Universidad Pablo de Olavide","alternateName":"Formaci\u00f3n Permanente UPO","url":"https:\/\/www.upo.es\/formacionpermanente\/","logo":{"@type":"ImageObject","inLanguage":"es","@id":"https:\/\/www.upo.es\/formacionpermanente\/#\/schema\/logo\/image\/","url":"https:\/\/www.upo.es\/formacionpermanente\/wp-content\/imagenes\/uploads\/2023\/02\/Logo-UPO-azul-amarillo-horizontal.png","contentUrl":"https:\/\/www.upo.es\/formacionpermanente\/wp-content\/imagenes\/uploads\/2023\/02\/Logo-UPO-azul-amarillo-horizontal.png","width":1000,"height":407,"caption":"Formaci\u00f3n Permanente Universidad Pablo de Olavide"},"image":{"@id":"https:\/\/www.upo.es\/formacionpermanente\/#\/schema\/logo\/image\/"}}]}},"_links":{"self":[{"href":"https:\/\/www.upo.es\/formacionpermanente\/wp-json\/wp\/v2\/microcredenciales\/52929","targetHints":{"allow":["GET"]}}],"collection":[{"href":"https:\/\/www.upo.es\/formacionpermanente\/wp-json\/wp\/v2\/microcredenciales"}],"about":[{"href":"https:\/\/www.upo.es\/formacionpermanente\/wp-json\/wp\/v2\/types\/microcredenciales"}],"version-history":[{"count":18,"href":"https:\/\/www.upo.es\/formacionpermanente\/wp-json\/wp\/v2\/microcredenciales\/52929\/revisions"}],"predecessor-version":[{"id":54003,"href":"https:\/\/www.upo.es\/formacionpermanente\/wp-json\/wp\/v2\/microcredenciales\/52929\/revisions\/54003"}],"wp:featuredmedia":[{"embeddable":true,"href":"https:\/\/www.upo.es\/formacionpermanente\/wp-json\/wp\/v2\/media\/52932"}],"wp:attachment":[{"href":"https:\/\/www.upo.es\/formacionpermanente\/wp-json\/wp\/v2\/media?parent=52929"}],"wp:term":[{"taxonomy":"category","embeddable":true,"href":"https:\/\/www.upo.es\/formacionpermanente\/wp-json\/wp\/v2\/categories?post=52929"},{"taxonomy":"titulos_propios","embeddable":true,"href":"https:\/\/www.upo.es\/formacionpermanente\/wp-json\/wp\/v2\/titulos_propios?post=52929"}],"curies":[{"name":"wp","href":"https:\/\/api.w.org\/{rel}","templated":true}]}}