{"id":1706,"date":"2016-02-24T05:23:09","date_gmt":"2016-02-24T05:23:09","guid":{"rendered":"https:\/\/www.upo.es\/fundacionmunicipios\/?page_id=1706"},"modified":"2022-02-10T15:29:53","modified_gmt":"2022-02-10T14:29:53","slug":"que-es-la-fundacion-de-municipios","status":"publish","type":"page","link":"https:\/\/www.upo.es\/fundacionmunicipios\/que-es-la-fundacion-de-municipios\/","title":{"rendered":"\u00bfQu\u00e9 es la Fundaci\u00f3n de Municipios?"},"content":{"rendered":"<p><div class=\"fusion-fullwidth fullwidth-box fusion-builder-row-1 fusion-flex-container hundred-percent-fullwidth non-hundred-percent-height-scrolling\" style=\"--awb-border-radius-top-left:0px;--awb-border-radius-top-right:0px;--awb-border-radius-bottom-right:0px;--awb-border-radius-bottom-left:0px;--awb-padding-top:0px;--awb-padding-right:0px;--awb-padding-bottom:0px;--awb-padding-left:0px;--awb-margin-top:0px;--awb-margin-bottom:0px;--awb-margin-top-small:-50px;--awb-flex-wrap:wrap;\" ><div class=\"fusion-builder-row fusion-row fusion-flex-align-items-flex-start fusion-flex-content-wrap\" style=\"width:104% !important;max-width:104% !important;margin-left: calc(-4% \/ 2 );margin-right: calc(-4% \/ 2 );\"><div class=\"fusion-layout-column fusion_builder_column fusion-builder-column-0 fusion_builder_column_1_1 1_1 fusion-flex-column fusion-flex-align-self-flex-start\" style=\"--awb-bg-size:cover;--awb-width-large:100%;--awb-margin-top-large:-50px;--awb-spacing-right-large:1.92%;--awb-margin-bottom-large:0px;--awb-spacing-left-large:1.92%;--awb-width-medium:100%;--awb-order-medium:0;--awb-spacing-right-medium:1.92%;--awb-spacing-left-medium:1.92%;--awb-width-small:100%;--awb-order-small:0;--awb-spacing-right-small:1.92%;--awb-spacing-left-small:1.92%;\"><div class=\"fusion-column-wrapper fusion-column-has-shadow fusion-flex-justify-content-flex-start fusion-content-layout-column\"><div class=\"leaflet-map WPLeafletMap\" style=\"height:500px; width:100%;\"><\/div><script>\nwindow.WPLeafletMapPlugin = window.WPLeafletMapPlugin || [];\nwindow.WPLeafletMapPlugin.push(function WPLeafletMapShortcode() {\/*<script>*\/\nvar baseUrl = atob('aHR0cHM6Ly97c30udGlsZS5vcGVuc3RyZWV0bWFwLm9yZy97en0ve3h9L3t5fS5wbmc=');\nvar base = (!baseUrl && window.MQ) ?\n    window.MQ.mapLayer() : L.tileLayer(baseUrl,\n        L.Util.extend({}, {\n            detectRetina: 0,\n        },\n        {\"subdomains\":\"abc\",\"noWrap\":false,\"maxZoom\":20}        )\n    );\n    var options = L.Util.extend({}, {\n        layers: [base],\n        attributionControl: false\n    },\n    {\"zoomControl\":true,\"scrollWheelZoom\":false,\"doubleClickZoom\":false,\"fitBounds\":false,\"minZoom\":0,\"maxZoom\":20,\"maxBounds\":null,\"attribution\":\"<a href=\\\"http:\\\/\\\/leafletjs.com\\\" title=\\\"Una biblioteca JS para mapas interactivos\\\">Leaflet<\\\/a>; \\u00a9 <a href=\\\"http:\\\/\\\/www.openstreetmap.org\\\/copyright\\\">OpenStreetMap<\\\/a> colaboradores\"},\n    {});\nwindow.WPLeafletMapPlugin.createMap(options).setView([37.7419,-4.6428],8);});<\/script>\n\n<script>\nwindow.WPLeafletMapPlugin = window.WPLeafletMapPlugin || [];\nwindow.WPLeafletMapPlugin.push(function WPLeafletMarkerShortcode() {\/*<script>*\/\nvar map = window.WPLeafletMapPlugin.getCurrentMap();\nvar group = window.WPLeafletMapPlugin.getCurrentGroup();\nvar marker_options = window.WPLeafletMapPlugin.getIconOptions({});\nvar marker = L.marker(\n    [38.4123,-3.3889],\n    marker_options\n);\nvar is_image = map.is_image_map;\nif (marker_options.draggable) {\n    marker.on('dragend', function () {\n        var latlng = this.getLatLng();\n        var lat = latlng.lat;\n        var lng = latlng.lng;\n        if (is_image) {\n            console.log('leaflet-marker y=' + lat + ' x=' + lng);\n        } else {\n            console.log('leaflet-marker lat=' + lat + ' lng=' + lng);\n        }\n    });\n}\nmarker.addTo( group );\nmarker.bindPopup(window.WPLeafletMapPlugin.unescape('&lt;a href=\\&quot;#\\&quot;&gt;Aldeaquemada&lt;\/a&gt;'));window.WPLeafletMapPlugin.markers.push( marker );\n        });<\/script>\n\n<script>\nwindow.WPLeafletMapPlugin = window.WPLeafletMapPlugin || [];\nwindow.WPLeafletMapPlugin.push(function WPLeafletMarkerShortcode() {\/*<script>*\/\nvar map = window.WPLeafletMapPlugin.getCurrentMap();\nvar group = window.WPLeafletMapPlugin.getCurrentGroup();\nvar marker_options = window.WPLeafletMapPlugin.getIconOptions({});\nvar marker = L.marker(\n    [38.2144,-3.4152],\n    marker_options\n);\nvar is_image = map.is_image_map;\nif (marker_options.draggable) {\n    marker.on('dragend', function () {\n        var latlng = this.getLatLng();\n        var lat = latlng.lat;\n        var lng = latlng.lng;\n        if (is_image) {\n            console.log('leaflet-marker y=' + lat + ' x=' + lng);\n        } else {\n            console.log('leaflet-marker lat=' + lat + ' lng=' + lng);\n        }\n    });\n}\nmarker.addTo( group );\nmarker.bindPopup(window.WPLeafletMapPlugin.unescape('&lt;a href=\\&quot;#\\&quot;&gt;Arquillos&lt;\/a&gt;'));window.WPLeafletMapPlugin.markers.push( marker );\n        });<\/script>\n\n<script>\nwindow.WPLeafletMapPlugin = window.WPLeafletMapPlugin || [];\nwindow.WPLeafletMapPlugin.push(function WPLeafletMarkerShortcode() {\/*<script>*\/\nvar map = window.WPLeafletMapPlugin.getCurrentMap();\nvar group = window.WPLeafletMapPlugin.getCurrentGroup();\nvar marker_options = window.WPLeafletMapPlugin.getIconOptions({});\nvar marker = L.marker(\n    [37.993411,-3.4719197],\n    marker_options\n);\nvar is_image = map.is_image_map;\nif (marker_options.draggable) {\n    marker.on('dragend', function () {\n        var latlng = this.getLatLng();\n        var lat = latlng.lat;\n        var lng = latlng.lng;\n        if (is_image) {\n            console.log('leaflet-marker y=' + lat + ' x=' + lng);\n        } else {\n            console.log('leaflet-marker lat=' + lat + ' lng=' + lng);\n        }\n    });\n}\nmarker.addTo( group );\nmarker.bindPopup(window.WPLeafletMapPlugin.unescape('&lt;a href=\\&quot;#\\&quot;&gt;Baeza&lt;\/a&gt;'));window.WPLeafletMapPlugin.markers.push( marker );\n        });<\/script>\n\n<script>\nwindow.WPLeafletMapPlugin = window.WPLeafletMapPlugin || [];\nwindow.WPLeafletMapPlugin.push(function WPLeafletMarkerShortcode() {\/*<script>*\/\nvar map = window.WPLeafletMapPlugin.getCurrentMap();\nvar group = window.WPLeafletMapPlugin.getCurrentGroup();\nvar marker_options = window.WPLeafletMapPlugin.getIconOptions({});\nvar marker = L.marker(\n    [37.6066,-5.2239],\n    marker_options\n);\nvar is_image = map.is_image_map;\nif (marker_options.draggable) {\n    marker.on('dragend', function () {\n        var latlng = this.getLatLng();\n        var lat = latlng.lat;\n        var lng = latlng.lng;\n        if (is_image) {\n            console.log('leaflet-marker y=' + lat + ' x=' + lng);\n        } else {\n            console.log('leaflet-marker lat=' + lat + ' lng=' + lng);\n        }\n    });\n}\nmarker.addTo( group );\nmarker.bindPopup(window.WPLeafletMapPlugin.unescape('&lt;a href=\\&quot;#\\&quot;&gt;Ca\u00f1ada Rosal&lt;\/a&gt;'));window.WPLeafletMapPlugin.markers.push( marker );\n        });<\/script>\n\n<script>\nwindow.WPLeafletMapPlugin = window.WPLeafletMapPlugin || [];\nwindow.WPLeafletMapPlugin.push(function WPLeafletMarkerShortcode() {\/*<script>*\/\nvar map = window.WPLeafletMapPlugin.getCurrentMap();\nvar group = window.WPLeafletMapPlugin.getCurrentGroup();\nvar marker_options = window.WPLeafletMapPlugin.getIconOptions({});\nvar marker = L.marker(\n    [38.2147,-3.6297],\n    marker_options\n);\nvar is_image = map.is_image_map;\nif (marker_options.draggable) {\n    marker.on('dragend', function () {\n        var latlng = this.getLatLng();\n        var lat = latlng.lat;\n        var lng = latlng.lng;\n        if (is_image) {\n            console.log('leaflet-marker y=' + lat + ' x=' + lng);\n        } else {\n            console.log('leaflet-marker lat=' + lat + ' lng=' + lng);\n        }\n    });\n}\nmarker.addTo( group );\nmarker.bindPopup(window.WPLeafletMapPlugin.unescape('&lt;a href=\\&quot;#\\&quot;&gt;Carboneros&lt;\/a&gt;'));window.WPLeafletMapPlugin.markers.push( marker );\n        });<\/script>\n\n<script>\nwindow.WPLeafletMapPlugin = window.WPLeafletMapPlugin || [];\nwindow.WPLeafletMapPlugin.push(function WPLeafletMarkerShortcode() {\/*<script>*\/\nvar map = window.WPLeafletMapPlugin.getCurrentMap();\nvar group = window.WPLeafletMapPlugin.getCurrentGroup();\nvar marker_options = window.WPLeafletMapPlugin.getIconOptions({});\nvar marker = L.marker(\n    [37.2562,-5.9726],\n    marker_options\n);\nvar is_image = map.is_image_map;\nif (marker_options.draggable) {\n    marker.on('dragend', function () {\n        var latlng = this.getLatLng();\n        var lat = latlng.lat;\n        var lng = latlng.lng;\n        if (is_image) {\n            console.log('leaflet-marker y=' + lat + ' x=' + lng);\n        } else {\n            console.log('leaflet-marker lat=' + lat + ' lng=' + lng);\n        }\n    });\n}\nmarker.addTo( group );\nmarker.bindPopup(window.WPLeafletMapPlugin.unescape('&lt;a href=\\&quot;#\\&quot;&gt;Dos Hermanas&lt;\/a&gt;'));window.WPLeafletMapPlugin.markers.push( marker );\n        });<\/script>\n\n<script>\nwindow.WPLeafletMapPlugin = window.WPLeafletMapPlugin || [];\nwindow.WPLeafletMapPlugin.push(function WPLeafletMarkerShortcode() {\/*<script>*\/\nvar map = window.WPLeafletMapPlugin.getCurrentMap();\nvar group = window.WPLeafletMapPlugin.getCurrentGroup();\nvar marker_options = window.WPLeafletMapPlugin.getIconOptions({});\nvar marker = L.marker(\n    [37.6761,-5.1495],\n    marker_options\n);\nvar is_image = map.is_image_map;\nif (marker_options.draggable) {\n    marker.on('dragend', function () {\n        var latlng = this.getLatLng();\n        var lat = latlng.lat;\n        var lng = latlng.lng;\n        if (is_image) {\n            console.log('leaflet-marker y=' + lat + ' x=' + lng);\n        } else {\n            console.log('leaflet-marker lat=' + lat + ' lng=' + lng);\n        }\n    });\n}\nmarker.addTo( group );\nmarker.bindPopup(window.WPLeafletMapPlugin.unescape('&lt;a href=\\&quot;#\\&quot;&gt;Fuente Carreteros&lt;\/a&gt;'));window.WPLeafletMapPlugin.markers.push( marker );\n        });<\/script>\n\n<script>\nwindow.WPLeafletMapPlugin = window.WPLeafletMapPlugin || [];\nwindow.WPLeafletMapPlugin.push(function WPLeafletMarkerShortcode() {\/*<script>*\/\nvar map = window.WPLeafletMapPlugin.getCurrentMap();\nvar group = window.WPLeafletMapPlugin.getCurrentGroup();\nvar marker_options = window.WPLeafletMapPlugin.getIconOptions({});\nvar marker = L.marker(\n    [37.6912,-5.0863],\n    marker_options\n);\nvar is_image = map.is_image_map;\nif (marker_options.draggable) {\n    marker.on('dragend', function () {\n        var latlng = this.getLatLng();\n        var lat = latlng.lat;\n        var lng = latlng.lng;\n        if (is_image) {\n            console.log('leaflet-marker y=' + lat + ' x=' + lng);\n        } else {\n            console.log('leaflet-marker lat=' + lat + ' lng=' + lng);\n        }\n    });\n}\nmarker.addTo( group );\nmarker.bindPopup(window.WPLeafletMapPlugin.unescape('&lt;a href=\\&quot;#\\&quot;&gt;Fuente Palmera&lt;\/a&gt;'));window.WPLeafletMapPlugin.markers.push( marker );\n        });<\/script>\n\n<script>\nwindow.WPLeafletMapPlugin = window.WPLeafletMapPlugin || [];\nwindow.WPLeafletMapPlugin.push(function WPLeafletMarkerShortcode() {\/*<script>*\/\nvar map = window.WPLeafletMapPlugin.getCurrentMap();\nvar group = window.WPLeafletMapPlugin.getCurrentGroup();\nvar marker_options = window.WPLeafletMapPlugin.getIconOptions({});\nvar marker = L.marker(\n    [38.1507,-3.7514],\n    marker_options\n);\nvar is_image = map.is_image_map;\nif (marker_options.draggable) {\n    marker.on('dragend', function () {\n        var latlng = this.getLatLng();\n        var lat = latlng.lat;\n        var lng = latlng.lng;\n        if (is_image) {\n            console.log('leaflet-marker y=' + lat + ' x=' + lng);\n        } else {\n            console.log('leaflet-marker lat=' + lat + ' lng=' + lng);\n        }\n    });\n}\nmarker.addTo( group );\nmarker.bindPopup(window.WPLeafletMapPlugin.unescape('&lt;a href=\\&quot;#\\&quot;&gt;Guarrom\u00e1n&lt;\/a&gt;'));window.WPLeafletMapPlugin.markers.push( marker );\n        });<\/script>\n\n<script>\nwindow.WPLeafletMapPlugin = window.WPLeafletMapPlugin || [];\nwindow.WPLeafletMapPlugin.push(function WPLeafletMarkerShortcode() {\/*<script>*\/\nvar map = window.WPLeafletMapPlugin.getCurrentMap();\nvar group = window.WPLeafletMapPlugin.getCurrentGroup();\nvar marker_options = window.WPLeafletMapPlugin.getIconOptions({});\nvar marker = L.marker(\n    [37.6648,-4.9397],\n    marker_options\n);\nvar is_image = map.is_image_map;\nif (marker_options.draggable) {\n    marker.on('dragend', function () {\n        var latlng = this.getLatLng();\n        var lat = latlng.lat;\n        var lng = latlng.lng;\n        if (is_image) {\n            console.log('leaflet-marker y=' + lat + ' x=' + lng);\n        } else {\n            console.log('leaflet-marker lat=' + lat + ' lng=' + lng);\n        }\n    });\n}\nmarker.addTo( group );\nmarker.bindPopup(window.WPLeafletMapPlugin.unescape('&lt;a href=\\&quot;#\\&quot;&gt;La Carlota&lt;\/a&gt;'));window.WPLeafletMapPlugin.markers.push( marker );\n        });<\/script>\n\n<script>\nwindow.WPLeafletMapPlugin = window.WPLeafletMapPlugin || [];\nwindow.WPLeafletMapPlugin.push(function WPLeafletMarkerShortcode() {\/*<script>*\/\nvar map = window.WPLeafletMapPlugin.getCurrentMap();\nvar group = window.WPLeafletMapPlugin.getCurrentGroup();\nvar marker_options = window.WPLeafletMapPlugin.getIconOptions({});\nvar marker = L.marker(\n    [38.3017,-3.6054],\n    marker_options\n);\nvar is_image = map.is_image_map;\nif (marker_options.draggable) {\n    marker.on('dragend', function () {\n        var latlng = this.getLatLng();\n        var lat = latlng.lat;\n        var lng = latlng.lng;\n        if (is_image) {\n            console.log('leaflet-marker y=' + lat + ' x=' + lng);\n        } else {\n            console.log('leaflet-marker lat=' + lat + ' lng=' + lng);\n        }\n    });\n}\nmarker.addTo( group );\nmarker.bindPopup(window.WPLeafletMapPlugin.unescape('&lt;a href=\\&quot;#\\&quot;&gt;La Carolina&lt;\/a&gt;'));window.WPLeafletMapPlugin.markers.push( marker );\n        });<\/script>\n\n<script>\nwindow.WPLeafletMapPlugin = window.WPLeafletMapPlugin || [];\nwindow.WPLeafletMapPlugin.push(function WPLeafletMarkerShortcode() {\/*<script>*\/\nvar map = window.WPLeafletMapPlugin.getCurrentMap();\nvar group = window.WPLeafletMapPlugin.getCurrentGroup();\nvar marker_options = window.WPLeafletMapPlugin.getIconOptions({});\nvar marker = L.marker(\n    [37.5528,-5.2311],\n    marker_options\n);\nvar is_image = map.is_image_map;\nif (marker_options.draggable) {\n    marker.on('dragend', function () {\n        var latlng = this.getLatLng();\n        var lat = latlng.lat;\n        var lng = latlng.lng;\n        if (is_image) {\n            console.log('leaflet-marker y=' + lat + ' x=' + lng);\n        } else {\n            console.log('leaflet-marker lat=' + lat + ' lng=' + lng);\n        }\n    });\n}\nmarker.addTo( group );\nmarker.bindPopup(window.WPLeafletMapPlugin.unescape('&lt;a href=\\&quot;#\\&quot;&gt;La Luisiana&lt;\/a&gt;'));window.WPLeafletMapPlugin.markers.push( marker );\n        });<\/script>\n\n<script>\nwindow.WPLeafletMapPlugin = window.WPLeafletMapPlugin || [];\nwindow.WPLeafletMapPlugin.push(function WPLeafletMarkerShortcode() {\/*<script>*\/\nvar map = window.WPLeafletMapPlugin.getCurrentMap();\nvar group = window.WPLeafletMapPlugin.getCurrentGroup();\nvar marker_options = window.WPLeafletMapPlugin.getIconOptions({});\nvar marker = L.marker(\n    [38.3912,-3.1057],\n    marker_options\n);\nvar is_image = map.is_image_map;\nif (marker_options.draggable) {\n    marker.on('dragend', function () {\n        var latlng = this.getLatLng();\n        var lat = latlng.lat;\n        var lng = latlng.lng;\n        if (is_image) {\n            console.log('leaflet-marker y=' + lat + ' x=' + lng);\n        } else {\n            console.log('leaflet-marker lat=' + lat + ' lng=' + lng);\n        }\n    });\n}\nmarker.addTo( group );\nmarker.bindPopup(window.WPLeafletMapPlugin.unescape('&lt;a href=\\&quot;#\\&quot;&gt;Montiz\u00f3n&lt;\/a&gt;'));window.WPLeafletMapPlugin.markers.push( marker );\n        });<\/script>\n\n<script>\nwindow.WPLeafletMapPlugin = window.WPLeafletMapPlugin || [];\nwindow.WPLeafletMapPlugin.push(function WPLeafletMarkerShortcode() {\/*<script>*\/\nvar map = window.WPLeafletMapPlugin.getCurrentMap();\nvar group = window.WPLeafletMapPlugin.getCurrentGroup();\nvar marker_options = window.WPLeafletMapPlugin.getIconOptions({});\nvar marker = L.marker(\n    [36.7845,-5.5501],\n    marker_options\n);\nvar is_image = map.is_image_map;\nif (marker_options.draggable) {\n    marker.on('dragend', function () {\n        var latlng = this.getLatLng();\n        var lat = latlng.lat;\n        var lng = latlng.lng;\n        if (is_image) {\n            console.log('leaflet-marker y=' + lat + ' x=' + lng);\n        } else {\n            console.log('leaflet-marker lat=' + lat + ' lng=' + lng);\n        }\n    });\n}\nmarker.addTo( group );\nmarker.bindPopup(window.WPLeafletMapPlugin.unescape('&lt;a href=\\&quot;#\\&quot;&gt;Prado del Rey&lt;\/a&gt;'));window.WPLeafletMapPlugin.markers.push( marker );\n        });<\/script>\n\n<script>\nwindow.WPLeafletMapPlugin = window.WPLeafletMapPlugin || [];\nwindow.WPLeafletMapPlugin.push(function WPLeafletMarkerShortcode() {\/*<script>*\/\nvar map = window.WPLeafletMapPlugin.getCurrentMap();\nvar group = window.WPLeafletMapPlugin.getCurrentGroup();\nvar marker_options = window.WPLeafletMapPlugin.getIconOptions({});\nvar marker = L.marker(\n    [37.6699,-4.8404],\n    marker_options\n);\nvar is_image = map.is_image_map;\nif (marker_options.draggable) {\n    marker.on('dragend', function () {\n        var latlng = this.getLatLng();\n        var lat = latlng.lat;\n        var lng = latlng.lng;\n        if (is_image) {\n            console.log('leaflet-marker y=' + lat + ' x=' + lng);\n        } else {\n            console.log('leaflet-marker lat=' + lat + ' lng=' + lng);\n        }\n    });\n}\nmarker.addTo( group );\nmarker.bindPopup(window.WPLeafletMapPlugin.unescape('&lt;a href=\\&quot;#\\&quot;&gt;San Sebasti\u00e1n de los Ballesteros&lt;\/a&gt;'));window.WPLeafletMapPlugin.markers.push( marker );\n        });<\/script>\n\n<script>\nwindow.WPLeafletMapPlugin = window.WPLeafletMapPlugin || [];\nwindow.WPLeafletMapPlugin.push(function WPLeafletMarkerShortcode() {\/*<script>*\/\nvar map = window.WPLeafletMapPlugin.getCurrentMap();\nvar group = window.WPLeafletMapPlugin.getCurrentGroup();\nvar marker_options = window.WPLeafletMapPlugin.getIconOptions({});\nvar marker = L.marker(\n    [38.3716,-3.5327],\n    marker_options\n);\nvar is_image = map.is_image_map;\nif (marker_options.draggable) {\n    marker.on('dragend', function () {\n        var latlng = this.getLatLng();\n        var lat = latlng.lat;\n        var lng = latlng.lng;\n        if (is_image) {\n            console.log('leaflet-marker y=' + lat + ' x=' + lng);\n        } else {\n            console.log('leaflet-marker lat=' + lat + ' lng=' + lng);\n        }\n    });\n}\nmarker.addTo( group );\nmarker.bindPopup(window.WPLeafletMapPlugin.unescape('&lt;a href=\\&quot;#\\&quot;&gt;Santa Elena&lt;\/a&gt;'));window.WPLeafletMapPlugin.markers.push( marker );\n        });<\/script>\n\n<script>\nwindow.WPLeafletMapPlugin = window.WPLeafletMapPlugin || [];\nwindow.WPLeafletMapPlugin.push(function WPLeafletMarkerShortcode() {\/*<script>*\/\nvar map = window.WPLeafletMapPlugin.getCurrentMap();\nvar group = window.WPLeafletMapPlugin.getCurrentGroup();\nvar marker_options = window.WPLeafletMapPlugin.getIconOptions({});\nvar marker = L.marker(\n    [37.3766,-5.926],\n    marker_options\n);\nvar is_image = map.is_image_map;\nif (marker_options.draggable) {\n    marker.on('dragend', function () {\n        var latlng = this.getLatLng();\n        var lat = latlng.lat;\n        var lng = latlng.lng;\n        if (is_image) {\n            console.log('leaflet-marker y=' + lat + ' x=' + lng);\n        } else {\n            console.log('leaflet-marker lat=' + lat + ' lng=' + lng);\n        }\n    });\n}\nmarker.addTo( group );\nmarker.bindPopup(window.WPLeafletMapPlugin.unescape('&lt;a href=\\&quot;#\\&quot;&gt;Sevilla&lt;\/a&gt;'));window.WPLeafletMapPlugin.markers.push( marker );\n        });<\/script><\/div><\/div><\/div><\/div><div class=\"fusion-fullwidth fullwidth-box fusion-builder-row-2 fusion-flex-container nonhundred-percent-fullwidth non-hundred-percent-height-scrolling\" style=\"--awb-border-sizes-top:0px;--awb-border-sizes-bottom:0px;--awb-border-sizes-left:0px;--awb-border-sizes-right:0px;--awb-border-radius-top-left:0px;--awb-border-radius-top-right:0px;--awb-border-radius-bottom-right:0px;--awb-border-radius-bottom-left:0px;--awb-padding-top:52px;--awb-padding-bottom:0px;--awb-margin-top:0px;--awb-margin-bottom:0px;--awb-flex-wrap:wrap;\" ><div class=\"fusion-builder-row fusion-row fusion-flex-align-items-flex-start fusion-flex-content-wrap\" style=\"max-width:1248px;margin-left: calc(-4% \/ 2 );margin-right: calc(-4% \/ 2 );\"><div class=\"fusion-layout-column fusion_builder_column fusion-builder-column-1 fusion_builder_column_1_1 1_1 fusion-flex-column\" style=\"--awb-bg-blend:overlay;--awb-bg-size:cover;--awb-width-large:100%;--awb-margin-top-large:0px;--awb-spacing-right-large:1.92%;--awb-margin-bottom-large:20px;--awb-spacing-left-large:1.92%;--awb-width-medium:100%;--awb-spacing-right-medium:1.92%;--awb-spacing-left-medium:1.92%;--awb-width-small:100%;--awb-spacing-right-small:1.92%;--awb-spacing-left-small:1.92%;\"><div class=\"fusion-column-wrapper fusion-flex-justify-content-flex-start fusion-content-layout-column\"><div class=\"fusion-title title fusion-title-1 fusion-title-center fusion-title-text fusion-title-size-three\"><div class=\"title-sep-container title-sep-container-left\"><div class=\"title-sep sep- sep-solid\" style=\"border-color:#e0dede;\"><\/div><\/div><span class=\"awb-title-spacer\"><\/span><h3 class=\"fusion-title-heading title-heading-center fusion-responsive-typography-calculated\" style=\"margin:0;--fontSize:28;line-height:1.6;\">\u00bfQu\u00e9 es la Fundaci\u00f3n de Municipios Pablo de Olavide?<\/h3><span class=\"awb-title-spacer\"><\/span><div class=\"title-sep-container title-sep-container-right\"><div class=\"title-sep sep- sep-solid\" style=\"border-color:#e0dede;\"><\/div><\/div><\/div><\/div><\/div><\/div><\/div><div class=\"fusion-fullwidth fullwidth-box fusion-builder-row-3 fusion-flex-container nonhundred-percent-fullwidth non-hundred-percent-height-scrolling\" style=\"--awb-border-sizes-top:0px;--awb-border-sizes-bottom:0px;--awb-border-sizes-left:0px;--awb-border-sizes-right:0px;--awb-border-radius-top-left:0px;--awb-border-radius-top-right:0px;--awb-border-radius-bottom-right:0px;--awb-border-radius-bottom-left:0px;--awb-padding-top:40px;--awb-padding-bottom:60px;--awb-padding-top-small:0px;--awb-padding-bottom-small:0px;--awb-margin-bottom-small:0px;--awb-flex-wrap:wrap;\" ><div class=\"fusion-builder-row fusion-row fusion-flex-align-items-flex-start fusion-flex-content-wrap\" style=\"max-width:1248px;margin-left: calc(-4% \/ 2 );margin-right: calc(-4% \/ 2 );\"><div class=\"fusion-layout-column fusion_builder_column fusion-builder-column-2 fusion_builder_column_1_2 1_2 fusion-flex-column\" style=\"--awb-bg-blend:overlay;--awb-bg-size:cover;--awb-width-large:50%;--awb-margin-top-large:0px;--awb-spacing-right-large:3.84%;--awb-margin-bottom-large:20px;--awb-spacing-left-large:3.84%;--awb-width-medium:100%;--awb-spacing-right-medium:1.92%;--awb-spacing-left-medium:1.92%;--awb-width-small:100%;--awb-spacing-right-small:1.92%;--awb-spacing-left-small:1.92%;\"><div class=\"fusion-column-wrapper fusion-flex-justify-content-flex-start fusion-content-layout-column\"><div class=\"fusion-image-element \" style=\"--awb-caption-title-font-family:var(--h2_typography-font-family);--awb-caption-title-font-weight:var(--h2_typography-font-weight);--awb-caption-title-font-style:var(--h2_typography-font-style);--awb-caption-title-size:var(--h2_typography-font-size);--awb-caption-title-transform:var(--h2_typography-text-transform);--awb-caption-title-line-height:var(--h2_typography-line-height);--awb-caption-title-letter-spacing:var(--h2_typography-letter-spacing);\"><span class=\" fusion-imageframe imageframe-none imageframe-1 hover-type-none fusion-animated\" style=\"border:50px solid #ffffff;\" data-animationType=\"fadeIn\" data-animationDuration=\"1.0\" data-animationOffset=\"top-into-view\"><img decoding=\"async\" width=\"800\" height=\"400\" title=\"Firma-Pablo-de-Olavide\" src=\"https:\/\/www.upo.es\/fundacionmunicipios\/wp-content\/uploads\/2021\/11\/Firma-Pablo-de-Olavide.png\" data-orig-src=\"https:\/\/www.upo.es\/fundacionmunicipios\/wp-content\/uploads\/2021\/11\/Firma-Pablo-de-Olavide.png\" alt class=\"lazyload img-responsive wp-image-3833\" srcset=\"data:image\/svg+xml,%3Csvg%20xmlns%3D%27http%3A%2F%2Fwww.w3.org%2F2000%2Fsvg%27%20width%3D%27800%27%20height%3D%27400%27%20viewBox%3D%270%200%20800%20400%27%3E%3Crect%20width%3D%27800%27%20height%3D%27400%27%20fill-opacity%3D%220%22%2F%3E%3C%2Fsvg%3E\" data-srcset=\"https:\/\/www.upo.es\/fundacionmunicipios\/wp-content\/uploads\/2021\/11\/Firma-Pablo-de-Olavide-200x100.png 200w, https:\/\/www.upo.es\/fundacionmunicipios\/wp-content\/uploads\/2021\/11\/Firma-Pablo-de-Olavide-400x200.png 400w, https:\/\/www.upo.es\/fundacionmunicipios\/wp-content\/uploads\/2021\/11\/Firma-Pablo-de-Olavide-600x300.png 600w, https:\/\/www.upo.es\/fundacionmunicipios\/wp-content\/uploads\/2021\/11\/Firma-Pablo-de-Olavide.png 800w\" data-sizes=\"auto\" data-orig-sizes=\"(max-width: 1024px) 100vw, (max-width: 640px) 100vw, 600px\" \/><\/span><\/div><\/div><\/div><div class=\"fusion-layout-column fusion_builder_column fusion-builder-column-3 fusion_builder_column_1_2 1_2 fusion-flex-column\" style=\"--awb-bg-blend:overlay;--awb-bg-size:cover;--awb-width-large:50%;--awb-margin-top-large:0px;--awb-spacing-right-large:3.84%;--awb-margin-bottom-large:20px;--awb-spacing-left-large:3.84%;--awb-width-medium:100%;--awb-spacing-right-medium:1.92%;--awb-spacing-left-medium:1.92%;--awb-width-small:100%;--awb-spacing-right-small:1.92%;--awb-spacing-left-small:1.92%;\"><div class=\"fusion-column-wrapper fusion-flex-justify-content-flex-start fusion-content-layout-column\"><div class=\"fusion-text fusion-text-1\"><p>La Fundaci\u00f3n de Municipios Pablo de Olavide es una <strong>instituci\u00f3n universitaria de \u00edndole cultural y social<\/strong> que est\u00e1 compuesta por los pueblos que fueron fundados por el ilustrado peruano don Pablo de Olavide y J\u00e1uregui.<\/p>\n<\/div><div class=\"fusion-text fusion-text-2\" style=\"--awb-text-transform:none;\"><blockquote>\n<p><em>Desde su constituci\u00f3n en el a\u00f1o 2001, esta fundaci\u00f3n tiene como principal finalidad la promoci\u00f3n y desarrollo de la relaci\u00f3n entre la vida universitaria y la local. Para ello, impulsa y fomenta actividades en apoyo del desarrollo educativo e investigador, siempre de forma complementaria al desarrollo cultural, social, t\u00e9cnico y educativo.<\/em><\/p>\n<\/blockquote>\n<\/div><\/div><\/div><div class=\"fusion-layout-column fusion_builder_column fusion-builder-column-4 fusion_builder_column_1_1 1_1 fusion-flex-column\" style=\"--awb-bg-size:cover;--awb-width-large:100%;--awb-margin-top-large:0px;--awb-spacing-right-large:1.92%;--awb-margin-bottom-large:20px;--awb-spacing-left-large:1.92%;--awb-width-medium:100%;--awb-order-medium:0;--awb-spacing-right-medium:1.92%;--awb-spacing-left-medium:1.92%;--awb-width-small:100%;--awb-order-small:0;--awb-spacing-right-small:1.92%;--awb-spacing-left-small:1.92%;\"><div class=\"fusion-column-wrapper fusion-column-has-shadow fusion-flex-justify-content-flex-start fusion-content-layout-column\"><div class=\"fusion-text fusion-text-3\" style=\"--awb-text-transform:none;\"><p>Para ello, la Fundaci\u00f3n de Municipios desarrolla, entre otras, las siguientes actividades:<\/p>\n<ul>\n<li>La <b>promoci\u00f3n y organizaci\u00f3n de actividades culturales, cient\u00edficas y de dotaci\u00f3n de infraestructuras<\/b>, referidas a la figura de Pablo de Olavide. Entre otras actividades posibles, promover\u00e1 con premios y publicaciones, la realizaci\u00f3n de ensayos sobre su figura y su pensamiento, as\u00ed como la organizaci\u00f3n de congresos y seminarios que contribuyan a conocer y realzar el alcance de su persona y su obra.<\/li>\n<li><b>Promoci\u00f3n de estudios y actividades<\/b> sobre el \u00e1mbito municipal de inter\u00e9s para los patronos de la Fundaci\u00f3n.<\/li>\n<li><b>Convocatoria de premios y ayudas<\/b> a los habitantes de los municipios patronos de la Fundaci\u00f3n.<\/li>\n<li><b>Desarrollo de proyectos de infraestructuras<\/b>, dotaci\u00f3n de recursos econ\u00f3micos y tur\u00edsticos y variables de inter\u00e9s para los patronos de la Fundaci\u00f3n.<\/li>\n<li>La <b>cooperaci\u00f3n con entidades locales latinoamericanas<\/b>.<\/li>\n<li>Todas aquellas actuaciones que redunden en <b>estrechar lazos entre la Universidad Pablo de Olavide y los municipios patronos de la Fundaci\u00f3n<\/b>.<\/li>\n<\/ul>\n<\/div><\/div><\/div><\/div><\/div><div class=\"fusion-fullwidth fullwidth-box fusion-builder-row-4 fusion-flex-container nonhundred-percent-fullwidth non-hundred-percent-height-scrolling\" style=\"--awb-border-radius-top-left:0px;--awb-border-radius-top-right:0px;--awb-border-radius-bottom-right:0px;--awb-border-radius-bottom-left:0px;--awb-padding-top:37px;--awb-padding-bottom:0px;--awb-padding-top-small:40px;--awb-padding-bottom-small:0px;--awb-margin-top:0px;--awb-margin-bottom:0px;--awb-margin-bottom-small:0px;--awb-background-color:#00335b;--awb-flex-wrap:wrap;\" ><div class=\"fusion-builder-row fusion-row fusion-flex-align-items-flex-start fusion-flex-content-wrap\" style=\"max-width:1248px;margin-left: calc(-4% \/ 2 );margin-right: calc(-4% \/ 2 );\"><div class=\"fusion-layout-column fusion_builder_column fusion-builder-column-5 fusion_builder_column_2_5 2_5 fusion-flex-column\" style=\"--awb-padding-bottom-small:0px;--awb-bg-size:cover;--awb-width-large:40%;--awb-margin-top-large:0px;--awb-spacing-right-large:4.8%;--awb-margin-bottom-large:0px;--awb-spacing-left-large:4.8%;--awb-width-medium:100%;--awb-order-medium:0;--awb-spacing-right-medium:1.92%;--awb-spacing-left-medium:1.92%;--awb-width-small:100%;--awb-order-small:0;--awb-spacing-right-small:1.92%;--awb-margin-bottom-small:0px;--awb-spacing-left-small:1.92%;\"><div class=\"fusion-column-wrapper fusion-column-has-shadow fusion-flex-justify-content-flex-start fusion-content-layout-column\"><div class=\"fusion-content-boxes content-boxes columns row fusion-columns-1 fusion-columns-total-1 fusion-content-boxes-1 content-boxes-icon-boxed content-left\" style=\"--awb-hover-accent-color:#00335b;--awb-circle-hover-accent-color:#00335b;--awb-item-margin-bottom:40px;\" data-animationOffset=\"top-into-view\"><div style=\"--awb-backgroundcolor:#ffffff;\" class=\"fusion-column content-box-column content-box-column content-box-column-1 col-lg-12 col-md-12 col-sm-12 fusion-content-box-hover content-box-column-last content-box-column-last-in-row\"><div class=\"col content-box-wrapper content-wrapper-background content-wrapper-boxed link-area-link-icon link-type-text icon-hover-animation-fade\" data-animationOffset=\"top-into-view\"><div class=\"heading heading-with-icon icon-left\"><a class=\"heading-link\" href=\"https:\/\/www.upo.es\/fundacionmunicipios\/wp-content\/uploads\/2022\/01\/Estatuto-Fundacion-Municipios-.pdf\" target=\"_blank\" rel=\"noopener noreferrer\"><div class=\"icon\"><i style=\"border-color:rgba(255,255,255,0);border-width:0px;background-color:#00335b;box-sizing:content-box;height:50px;width:50px;line-height:50px;top:-75px;margin-left:-25px;border-radius:50%;font-size:25px;\" aria-hidden=\"true\" class=\"fontawesome-icon fa-file-pdf fas circle-yes\"><\/i><\/div><h2 class=\"content-box-heading fusion-responsive-typography-calculated\" style=\"--h2_typography-font-size:18px;--fontSize:18;line-height:1.12;\">Estatutos<\/h2><\/a><\/div><div class=\"fusion-clearfix\"><\/div><div class=\"content-container\">\n<p>Accede al contenido \u00edntegro de los estatutos de la Fundaci\u00f3n de Municicpios Pablo de Olavide<\/p>\n<\/div><div class=\"fusion-clearfix\"><\/div><a class=\" fusion-read-more\" href=\"https:\/\/www.upo.es\/fundacionmunicipios\/wp-content\/uploads\/2022\/01\/Estatuto-Fundacion-Municipios-.pdf\" target=\"_blank\" rel=\"noopener noreferrer\">+ INFO<\/a><div class=\"fusion-clearfix\"><\/div><\/div><\/div><div class=\"fusion-clearfix\"><\/div><\/div><\/div><\/div><div class=\"fusion-layout-column fusion_builder_column fusion-builder-column-6 fusion_builder_column_1_6 1_6 fusion-flex-column fusion-no-small-visibility\" style=\"--awb-padding-bottom-small:0px;--awb-bg-size:cover;--awb-width-large:16.666666666667%;--awb-margin-top-large:0px;--awb-spacing-right-large:11.52%;--awb-margin-bottom-large:20px;--awb-spacing-left-large:11.52%;--awb-width-medium:100%;--awb-order-medium:0;--awb-spacing-right-medium:1.92%;--awb-spacing-left-medium:1.92%;--awb-width-small:100%;--awb-order-small:0;--awb-margin-top-small:0px;--awb-spacing-right-small:1.92%;--awb-margin-bottom-small:0px;--awb-spacing-left-small:1.92%;\"><div class=\"fusion-column-wrapper fusion-column-has-shadow fusion-flex-justify-content-flex-start fusion-content-layout-column\"><\/div><\/div><div class=\"fusion-layout-column fusion_builder_column fusion-builder-column-7 fusion_builder_column_2_5 2_5 fusion-flex-column\" style=\"--awb-padding-top-small:0px;--awb-bg-size:cover;--awb-width-large:40%;--awb-margin-top-large:0px;--awb-spacing-right-large:4.8%;--awb-margin-bottom-large:0px;--awb-spacing-left-large:4.8%;--awb-width-medium:100%;--awb-order-medium:0;--awb-spacing-right-medium:1.92%;--awb-spacing-left-medium:1.92%;--awb-width-small:100%;--awb-order-small:0;--awb-margin-top-small:0px;--awb-spacing-right-small:1.92%;--awb-margin-bottom-small:0px;--awb-spacing-left-small:1.92%;\"><div class=\"fusion-column-wrapper fusion-column-has-shadow fusion-flex-justify-content-flex-start fusion-content-layout-column\"><div class=\"fusion-content-boxes content-boxes columns row fusion-columns-1 fusion-columns-total-1 fusion-content-boxes-2 content-boxes-icon-boxed content-left\" style=\"--awb-hover-accent-color:#00335b;--awb-circle-hover-accent-color:#00335b;--awb-item-margin-bottom:40px;\" data-animationOffset=\"top-into-view\"><div style=\"--awb-backgroundcolor:#ffffff;\" class=\"fusion-column content-box-column content-box-column content-box-column-1 col-lg-12 col-md-12 col-sm-12 fusion-content-box-hover content-box-column-last content-box-column-last-in-row\"><div class=\"col content-box-wrapper content-wrapper-background content-wrapper-boxed link-area-link-icon link-type-text icon-hover-animation-fade\" data-animationOffset=\"top-into-view\"><div class=\"heading heading-with-icon icon-left\"><a class=\"heading-link\" href=\"https:\/\/www.upo.es\/fundacionmunicipios\/transparencia\/#gobierno\" target=\"_blank\" rel=\"noopener noreferrer\"><div class=\"icon\"><i style=\"border-color:rgba(255,255,255,0);border-width:0px;background-color:#00335b;box-sizing:content-box;height:50px;width:50px;line-height:50px;top:-75px;margin-left:-25px;border-radius:50%;font-size:25px;\" aria-hidden=\"true\" class=\"fontawesome-icon fa-users fas circle-yes\"><\/i><\/div><h2 class=\"content-box-heading fusion-responsive-typography-calculated\" style=\"--h2_typography-font-size:18px;--fontSize:18;line-height:1.12;\">Patronato<\/h2><\/a><\/div><div class=\"fusion-clearfix\"><\/div><div class=\"content-container\">Conozca a todos los miembros del Patronato de la Fundaci\u00f3n de Municipios Pablo de Olavide<\/div><div class=\"fusion-clearfix\"><\/div><a class=\" fusion-read-more\" href=\"https:\/\/www.upo.es\/fundacionmunicipios\/transparencia\/#gobierno\" target=\"_blank\" rel=\"noopener noreferrer\">+ INFO<\/a><div class=\"fusion-clearfix\"><\/div><\/div><\/div><div class=\"fusion-clearfix\"><\/div><\/div><\/div><\/div><\/div><\/div><div class=\"fusion-fullwidth fullwidth-box fusion-builder-row-5 fusion-flex-container nonhundred-percent-fullwidth non-hundred-percent-height-scrolling\" style=\"--awb-border-sizes-top:0px;--awb-border-sizes-bottom:0px;--awb-border-sizes-left:0px;--awb-border-sizes-right:0px;--awb-border-radius-top-left:0px;--awb-border-radius-top-right:0px;--awb-border-radius-bottom-right:0px;--awb-border-radius-bottom-left:0px;--awb-padding-top:52px;--awb-padding-bottom:0px;--awb-margin-top:0px;--awb-margin-bottom:0px;--awb-flex-wrap:wrap;\" ><div class=\"fusion-builder-row fusion-row fusion-flex-align-items-flex-start fusion-flex-content-wrap\" style=\"max-width:1248px;margin-left: calc(-4% \/ 2 );margin-right: calc(-4% \/ 2 );\"><div class=\"fusion-layout-column fusion_builder_column fusion-builder-column-8 fusion_builder_column_1_1 1_1 fusion-flex-column\" style=\"--awb-bg-blend:overlay;--awb-bg-size:cover;--awb-width-large:100%;--awb-margin-top-large:0px;--awb-spacing-right-large:1.92%;--awb-margin-bottom-large:20px;--awb-spacing-left-large:1.92%;--awb-width-medium:100%;--awb-spacing-right-medium:1.92%;--awb-spacing-left-medium:1.92%;--awb-width-small:100%;--awb-spacing-right-small:1.92%;--awb-spacing-left-small:1.92%;\"><div class=\"fusion-column-wrapper fusion-flex-justify-content-flex-start fusion-content-layout-column\"><div class=\"fusion-title title fusion-title-2 fusion-title-center fusion-title-text fusion-title-size-three\"><div class=\"title-sep-container title-sep-container-left\"><div class=\"title-sep sep- sep-solid\" style=\"border-color:#e0dede;\"><\/div><\/div><span class=\"awb-title-spacer\"><\/span><h3 class=\"fusion-title-heading title-heading-center fusion-responsive-typography-calculated\" style=\"margin:0;--fontSize:28;line-height:1.6;\">Municipios que conforman la Fundaci\u00f3n<\/h3><span class=\"awb-title-spacer\"><\/span><div class=\"title-sep-container title-sep-container-right\"><div class=\"title-sep sep- sep-solid\" style=\"border-color:#e0dede;\"><\/div><\/div><\/div><\/div><\/div><\/div><\/div><div class=\"fusion-fullwidth fullwidth-box fusion-builder-row-6 fusion-flex-container nonhundred-percent-fullwidth non-hundred-percent-height-scrolling\" style=\"--awb-border-sizes-top:0px;--awb-border-sizes-bottom:0px;--awb-border-sizes-left:0px;--awb-border-sizes-right:0px;--awb-border-radius-top-left:0px;--awb-border-radius-top-right:0px;--awb-border-radius-bottom-right:0px;--awb-border-radius-bottom-left:0px;--awb-padding-top:52px;--awb-padding-bottom:0px;--awb-padding-top-small:0px;--awb-margin-top:0px;--awb-margin-bottom:0px;--awb-flex-wrap:wrap;\" ><div class=\"fusion-builder-row fusion-row fusion-flex-align-items-flex-start fusion-flex-content-wrap\" style=\"max-width:1248px;margin-left: calc(-4% \/ 2 );margin-right: calc(-4% \/ 2 );\"><div class=\"fusion-layout-column fusion_builder_column fusion-builder-column-9 fusion_builder_column_1_4 1_4 fusion-flex-column\" style=\"--awb-bg-blend:overlay;--awb-bg-size:cover;--awb-width-large:25%;--awb-margin-top-large:0px;--awb-spacing-right-large:7.68%;--awb-margin-bottom-large:20px;--awb-spacing-left-large:7.68%;--awb-width-medium:100%;--awb-spacing-right-medium:1.92%;--awb-spacing-left-medium:1.92%;--awb-width-small:100%;--awb-spacing-right-small:1.92%;--awb-spacing-left-small:1.92%;\"><div class=\"fusion-column-wrapper fusion-flex-justify-content-flex-start fusion-content-layout-column\"><div class=\"fusion-person person fusion-person-center fusion-person-1 fusion-person-icon-top\" style=\"--awb-pic-style-color:#000000;--awb-pic-borderradius:0px;--awb-margin-top:0px;--awb-margin-right:0px;--awb-margin-bottom:0px;--awb-margin-left:0px;\"><div class=\"person-shortcode-image-wrapper\"><div class=\"person-image-container hover-type-zoomin dropshadow\" style=\"border:0px solid #f6f6f6;-webkit-box-shadow: 3px 3px 7px rgba(0,0,0,0.3);box-shadow: 3px 3px 7px rgba(0,0,0,0.3);-webkit-border-radius:0px;-moz-border-radius:0px;border-radius:0px;\"><a href=\"https:\/\/www.upo.es\/fundacionmunicipios\/aldeaquemada\/\" target=\"_self\"><img decoding=\"async\" class=\"lazyload person-img img-responsive wp-image-3636\" width=\"1800\" height=\"1200\" src=\"https:\/\/www.upo.es\/fundacionmunicipios\/wp-content\/uploads\/2021\/10\/Aldeaquemada-1-Fundacio\u0301n-de-Municpios-Pablo-de-Olavide-Francisco-Jose\u0301-Pe\u0301rez-Schimid.jpg\" data-orig-src=\"https:\/\/www.upo.es\/fundacionmunicipios\/wp-content\/uploads\/2021\/10\/Aldeaquemada-1-Fundacio\u0301n-de-Municpios-Pablo-de-Olavide-Francisco-Jose\u0301-Pe\u0301rez-Schimid.jpg\" alt=\"Aldeaquemada\" srcset=\"data:image\/svg+xml,%3Csvg%20xmlns%3D%27http%3A%2F%2Fwww.w3.org%2F2000%2Fsvg%27%20width%3D%271800%27%20height%3D%271200%27%20viewBox%3D%270%200%201800%201200%27%3E%3Crect%20width%3D%271800%27%20height%3D%271200%27%20fill-opacity%3D%220%22%2F%3E%3C%2Fsvg%3E\" data-srcset=\"https:\/\/www.upo.es\/fundacionmunicipios\/wp-content\/uploads\/2021\/10\/Aldeaquemada-1-Fundacio\u0301n-de-Municpios-Pablo-de-Olavide-Francisco-Jose\u0301-Pe\u0301rez-Schimid-200x133.jpg 200w, https:\/\/www.upo.es\/fundacionmunicipios\/wp-content\/uploads\/2021\/10\/Aldeaquemada-1-Fundacio\u0301n-de-Municpios-Pablo-de-Olavide-Francisco-Jose\u0301-Pe\u0301rez-Schimid-400x267.jpg 400w, https:\/\/www.upo.es\/fundacionmunicipios\/wp-content\/uploads\/2021\/10\/Aldeaquemada-1-Fundacio\u0301n-de-Municpios-Pablo-de-Olavide-Francisco-Jose\u0301-Pe\u0301rez-Schimid-600x400.jpg 600w, https:\/\/www.upo.es\/fundacionmunicipios\/wp-content\/uploads\/2021\/10\/Aldeaquemada-1-Fundacio\u0301n-de-Municpios-Pablo-de-Olavide-Francisco-Jose\u0301-Pe\u0301rez-Schimid-800x533.jpg 800w, https:\/\/www.upo.es\/fundacionmunicipios\/wp-content\/uploads\/2021\/10\/Aldeaquemada-1-Fundacio\u0301n-de-Municpios-Pablo-de-Olavide-Francisco-Jose\u0301-Pe\u0301rez-Schimid-1200x800.jpg 1200w, https:\/\/www.upo.es\/fundacionmunicipios\/wp-content\/uploads\/2021\/10\/Aldeaquemada-1-Fundacio\u0301n-de-Municpios-Pablo-de-Olavide-Francisco-Jose\u0301-Pe\u0301rez-Schimid.jpg 1800w\" data-sizes=\"auto\" data-orig-sizes=\"(max-width: 1024px) 100vw, (max-width: 640px) 100vw, 400px\" \/><\/a><\/div><\/div><div class=\"person-desc\"><div class=\"person-author\"><div class=\"person-author-wrapper\"><span class=\"person-name\">Aldeaquemada<\/span><span class=\"person-title\"><\/span><\/div><div class=\"fusion-social-networks\"><div class=\"fusion-social-networks-wrapper\"><a class=\"fusion-social-network-icon fusion-tooltip fusion-facebook awb-icon-facebook\" aria-label=\"fusion-facebook\" href=\"https:\/\/www.facebook.com\/turismo.aldeaquemada\" target=\"_blank\" rel=\"noopener noreferrer\" style=\"color:#3b5998;font-size:16px;\" data-placement=\"top\" data-title=\"Facebook\" title=\"Facebook\" data-toggle=\"tooltip\"><\/a><a class=\"fusion-social-network-icon fusion-tooltip fusion-instagram awb-icon-instagram\" aria-label=\"fusion-instagram\" href=\"https:\/\/www.instagram.com\/turismo.aldeaquemada\/\" target=\"_blank\" rel=\"noopener noreferrer\" style=\"color:#c13584;font-size:16px;\" data-placement=\"top\" data-title=\"Instagram\" title=\"Instagram\" data-toggle=\"tooltip\"><\/a><\/div><\/div><\/div><div class=\"person-content fusion-clearfix\"><\/div><\/div><\/div><\/div><\/div><div class=\"fusion-layout-column fusion_builder_column fusion-builder-column-10 fusion_builder_column_1_4 1_4 fusion-flex-column\" style=\"--awb-bg-size:cover;--awb-width-large:25%;--awb-margin-top-large:0px;--awb-spacing-right-large:7.68%;--awb-margin-bottom-large:20px;--awb-spacing-left-large:7.68%;--awb-width-medium:100%;--awb-order-medium:0;--awb-spacing-right-medium:1.92%;--awb-spacing-left-medium:1.92%;--awb-order-small:0;--awb-spacing-right-small:2%;--awb-spacing-left-small:2%;\"><div class=\"fusion-column-wrapper fusion-column-has-shadow fusion-flex-justify-content-flex-start fusion-content-layout-column\"><div class=\"fusion-person person fusion-person-center fusion-person-2 fusion-person-icon-top\" style=\"--awb-pic-style-color:#000000;--awb-pic-borderradius:0px;--awb-margin-top:0px;--awb-margin-right:0px;--awb-margin-bottom:0px;--awb-margin-left:0px;\"><div class=\"person-shortcode-image-wrapper\"><div class=\"person-image-container hover-type-zoomin dropshadow\" style=\"border:0px solid #f6f6f6;-webkit-box-shadow: 3px 3px 7px rgba(0,0,0,0.3);box-shadow: 3px 3px 7px rgba(0,0,0,0.3);-webkit-border-radius:0px;-moz-border-radius:0px;border-radius:0px;\"><a href=\"https:\/\/www.upo.es\/fundacionmunicipios\/arquillos\/\" target=\"_self\"><img decoding=\"async\" class=\"lazyload person-img img-responsive wp-image-3823\" width=\"1100\" height=\"733\" src=\"https:\/\/www.upo.es\/fundacionmunicipios\/wp-content\/uploads\/2021\/10\/texto-arquillos-fundacion-municipios-01.jpg\" data-orig-src=\"https:\/\/www.upo.es\/fundacionmunicipios\/wp-content\/uploads\/2021\/10\/texto-arquillos-fundacion-municipios-01.jpg\" alt=\"Arquillos\" srcset=\"data:image\/svg+xml,%3Csvg%20xmlns%3D%27http%3A%2F%2Fwww.w3.org%2F2000%2Fsvg%27%20width%3D%271100%27%20height%3D%27733%27%20viewBox%3D%270%200%201100%20733%27%3E%3Crect%20width%3D%271100%27%20height%3D%27733%27%20fill-opacity%3D%220%22%2F%3E%3C%2Fsvg%3E\" data-srcset=\"https:\/\/www.upo.es\/fundacionmunicipios\/wp-content\/uploads\/2021\/10\/texto-arquillos-fundacion-municipios-01-200x133.jpg 200w, https:\/\/www.upo.es\/fundacionmunicipios\/wp-content\/uploads\/2021\/10\/texto-arquillos-fundacion-municipios-01-400x267.jpg 400w, https:\/\/www.upo.es\/fundacionmunicipios\/wp-content\/uploads\/2021\/10\/texto-arquillos-fundacion-municipios-01-600x400.jpg 600w, https:\/\/www.upo.es\/fundacionmunicipios\/wp-content\/uploads\/2021\/10\/texto-arquillos-fundacion-municipios-01-800x533.jpg 800w, https:\/\/www.upo.es\/fundacionmunicipios\/wp-content\/uploads\/2021\/10\/texto-arquillos-fundacion-municipios-01.jpg 1100w\" data-sizes=\"auto\" data-orig-sizes=\"(max-width: 1024px) 100vw, (max-width: 640px) 100vw, 400px\" \/><\/a><\/div><\/div><div class=\"person-desc\"><div class=\"person-author\"><div class=\"person-author-wrapper\"><span class=\"person-name\">Arquillos<\/span><span class=\"person-title\"><\/span><\/div><div class=\"fusion-social-networks\"><div class=\"fusion-social-networks-wrapper\"><a class=\"fusion-social-network-icon fusion-tooltip fusion-facebook awb-icon-facebook\" aria-label=\"fusion-facebook\" href=\"https:\/\/es-es.facebook.com\/AytodeArquillos\/\" target=\"_blank\" rel=\"noopener noreferrer\" style=\"color:#3b5998;font-size:16px;\" data-placement=\"top\" data-title=\"Facebook\" title=\"Facebook\" data-toggle=\"tooltip\"><\/a><a class=\"fusion-social-network-icon fusion-tooltip fusion-twitter awb-icon-twitter\" aria-label=\"fusion-twitter\" href=\"https:\/\/twitter.com\/conocearquillos\" target=\"_blank\" rel=\"noopener noreferrer\" style=\"color:#000000;font-size:16px;\" data-placement=\"top\" data-title=\"Twitter\" title=\"Twitter\" data-toggle=\"tooltip\"><\/a><a class=\"fusion-social-network-icon fusion-tooltip fusion-instagram awb-icon-instagram\" aria-label=\"fusion-instagram\" href=\"https:\/\/www.instagram.com\/aytoarquillos\/\" target=\"_blank\" rel=\"noopener noreferrer\" style=\"color:#c13584;font-size:16px;\" data-placement=\"top\" data-title=\"Instagram\" title=\"Instagram\" data-toggle=\"tooltip\"><\/a><\/div><\/div><\/div><div class=\"person-content fusion-clearfix\"><\/div><\/div><\/div><\/div><\/div><div class=\"fusion-layout-column fusion_builder_column fusion-builder-column-11 fusion_builder_column_1_4 1_4 fusion-flex-column\" style=\"--awb-bg-size:cover;--awb-width-large:25%;--awb-margin-top-large:0px;--awb-spacing-right-large:7.68%;--awb-margin-bottom-large:20px;--awb-spacing-left-large:7.68%;--awb-width-medium:100%;--awb-order-medium:0;--awb-spacing-right-medium:1.92%;--awb-spacing-left-medium:1.92%;--awb-width-small:100%;--awb-order-small:0;--awb-spacing-right-small:1.92%;--awb-spacing-left-small:1.632%;\"><div class=\"fusion-column-wrapper fusion-column-has-shadow fusion-flex-justify-content-flex-start fusion-content-layout-column\"><div class=\"fusion-person person fusion-person-center fusion-person-3 fusion-person-icon-top\" style=\"--awb-pic-style-color:#000000;--awb-pic-borderradius:0px;--awb-margin-top:0px;--awb-margin-right:0px;--awb-margin-bottom:0px;--awb-margin-left:0px;\"><div class=\"person-shortcode-image-wrapper\"><div class=\"person-image-container hover-type-zoomin dropshadow\" style=\"border:0px solid #f6f6f6;-webkit-box-shadow: 3px 3px 7px rgba(0,0,0,0.3);box-shadow: 3px 3px 7px rgba(0,0,0,0.3);-webkit-border-radius:0px;-moz-border-radius:0px;border-radius:0px;\"><a href=\"https:\/\/www.upo.es\/fundacionmunicipios\/baeza\/\" target=\"_self\"><img decoding=\"async\" class=\"lazyload person-img img-responsive wp-image-30889\" width=\"1800\" height=\"1200\" src=\"https:\/\/www.upo.es\/fundacionmunicipios\/wp-content\/uploads\/2022\/02\/cabecera-fundacion-municipios-baeza-1800x1200-2.jpg\" data-orig-src=\"https:\/\/www.upo.es\/fundacionmunicipios\/wp-content\/uploads\/2022\/02\/cabecera-fundacion-municipios-baeza-1800x1200-2.jpg\" alt=\"Baeza\" srcset=\"data:image\/svg+xml,%3Csvg%20xmlns%3D%27http%3A%2F%2Fwww.w3.org%2F2000%2Fsvg%27%20width%3D%271800%27%20height%3D%271200%27%20viewBox%3D%270%200%201800%201200%27%3E%3Crect%20width%3D%271800%27%20height%3D%271200%27%20fill-opacity%3D%220%22%2F%3E%3C%2Fsvg%3E\" data-srcset=\"https:\/\/www.upo.es\/fundacionmunicipios\/wp-content\/uploads\/2022\/02\/cabecera-fundacion-municipios-baeza-1800x1200-2-200x133.jpg 200w, https:\/\/www.upo.es\/fundacionmunicipios\/wp-content\/uploads\/2022\/02\/cabecera-fundacion-municipios-baeza-1800x1200-2-400x267.jpg 400w, https:\/\/www.upo.es\/fundacionmunicipios\/wp-content\/uploads\/2022\/02\/cabecera-fundacion-municipios-baeza-1800x1200-2-600x400.jpg 600w, https:\/\/www.upo.es\/fundacionmunicipios\/wp-content\/uploads\/2022\/02\/cabecera-fundacion-municipios-baeza-1800x1200-2-800x533.jpg 800w, https:\/\/www.upo.es\/fundacionmunicipios\/wp-content\/uploads\/2022\/02\/cabecera-fundacion-municipios-baeza-1800x1200-2-1200x800.jpg 1200w, https:\/\/www.upo.es\/fundacionmunicipios\/wp-content\/uploads\/2022\/02\/cabecera-fundacion-municipios-baeza-1800x1200-2.jpg 1800w\" data-sizes=\"auto\" data-orig-sizes=\"(max-width: 1024px) 100vw, (max-width: 640px) 100vw, 400px\" \/><\/a><\/div><\/div><div class=\"person-desc\"><div class=\"person-author\"><div class=\"person-author-wrapper\"><span class=\"person-name\">Baeza<\/span><span class=\"person-title\"><\/span><\/div><div class=\"fusion-social-networks\"><div class=\"fusion-social-networks-wrapper\"><a class=\"fusion-social-network-icon fusion-tooltip fusion-facebook awb-icon-facebook\" aria-label=\"fusion-facebook\" href=\"https:\/\/es-es.facebook.com\/aytobaeza\/\" target=\"_blank\" rel=\"noopener noreferrer\" style=\"color:#3b5998;font-size:16px;\" data-placement=\"top\" data-title=\"Facebook\" title=\"Facebook\" data-toggle=\"tooltip\"><\/a><a class=\"fusion-social-network-icon fusion-tooltip fusion-twitter awb-icon-twitter\" aria-label=\"fusion-twitter\" href=\"https:\/\/twitter.com\/aytobaeza\" target=\"_blank\" rel=\"noopener noreferrer\" style=\"color:#000000;font-size:16px;\" data-placement=\"top\" data-title=\"Twitter\" title=\"Twitter\" data-toggle=\"tooltip\"><\/a><a class=\"fusion-social-network-icon fusion-tooltip fusion-instagram awb-icon-instagram\" aria-label=\"fusion-instagram\" href=\"https:\/\/www.instagram.com\/aytobaeza\/\" target=\"_blank\" rel=\"noopener noreferrer\" style=\"color:#c13584;font-size:16px;\" data-placement=\"top\" data-title=\"Instagram\" title=\"Instagram\" data-toggle=\"tooltip\"><\/a><\/div><\/div><\/div><div class=\"person-content fusion-clearfix\"><\/div><\/div><\/div><\/div><\/div><div class=\"fusion-layout-column fusion_builder_column fusion-builder-column-12 fusion_builder_column_1_4 1_4 fusion-flex-column\" style=\"--awb-bg-size:cover;--awb-width-large:25%;--awb-margin-top-large:0px;--awb-spacing-right-large:7.68%;--awb-margin-bottom-large:20px;--awb-spacing-left-large:7.68%;--awb-width-medium:100%;--awb-order-medium:0;--awb-spacing-right-medium:1.92%;--awb-spacing-left-medium:1.92%;--awb-width-small:100%;--awb-order-small:0;--awb-spacing-right-small:1.92%;--awb-spacing-left-small:1.92%;\"><div class=\"fusion-column-wrapper fusion-column-has-shadow fusion-flex-justify-content-flex-start fusion-content-layout-column\"><div class=\"fusion-person person fusion-person-center fusion-person-4 fusion-person-icon-top\" style=\"--awb-pic-style-color:#000000;--awb-pic-borderradius:0px;--awb-margin-top:0px;--awb-margin-right:0px;--awb-margin-bottom:0px;--awb-margin-left:0px;\"><div class=\"person-shortcode-image-wrapper\"><div class=\"person-image-container hover-type-zoomin dropshadow\" style=\"border:0px solid #f6f6f6;-webkit-box-shadow: 3px 3px 7px rgba(0,0,0,0.3);box-shadow: 3px 3px 7px rgba(0,0,0,0.3);-webkit-border-radius:0px;-moz-border-radius:0px;border-radius:0px;\"><a href=\"https:\/\/www.upo.es\/fundacionmunicipios\/canada-rosal\/\" target=\"_self\"><img decoding=\"async\" class=\"lazyload person-img img-responsive wp-image-4098\" width=\"1800\" height=\"1200\" src=\"https:\/\/www.upo.es\/fundacionmunicipios\/wp-content\/uploads\/2021\/11\/Canada-Rosal-fundacion-municipios-pablo-de-olavide-9.jpg\" data-orig-src=\"https:\/\/www.upo.es\/fundacionmunicipios\/wp-content\/uploads\/2021\/11\/Canada-Rosal-fundacion-municipios-pablo-de-olavide-9.jpg\" alt=\"Ca\u00f1ada Rosal\" srcset=\"data:image\/svg+xml,%3Csvg%20xmlns%3D%27http%3A%2F%2Fwww.w3.org%2F2000%2Fsvg%27%20width%3D%271800%27%20height%3D%271200%27%20viewBox%3D%270%200%201800%201200%27%3E%3Crect%20width%3D%271800%27%20height%3D%271200%27%20fill-opacity%3D%220%22%2F%3E%3C%2Fsvg%3E\" data-srcset=\"https:\/\/www.upo.es\/fundacionmunicipios\/wp-content\/uploads\/2021\/11\/Canada-Rosal-fundacion-municipios-pablo-de-olavide-9-200x133.jpg 200w, https:\/\/www.upo.es\/fundacionmunicipios\/wp-content\/uploads\/2021\/11\/Canada-Rosal-fundacion-municipios-pablo-de-olavide-9-400x267.jpg 400w, https:\/\/www.upo.es\/fundacionmunicipios\/wp-content\/uploads\/2021\/11\/Canada-Rosal-fundacion-municipios-pablo-de-olavide-9-600x400.jpg 600w, https:\/\/www.upo.es\/fundacionmunicipios\/wp-content\/uploads\/2021\/11\/Canada-Rosal-fundacion-municipios-pablo-de-olavide-9-800x533.jpg 800w, https:\/\/www.upo.es\/fundacionmunicipios\/wp-content\/uploads\/2021\/11\/Canada-Rosal-fundacion-municipios-pablo-de-olavide-9-1200x800.jpg 1200w, https:\/\/www.upo.es\/fundacionmunicipios\/wp-content\/uploads\/2021\/11\/Canada-Rosal-fundacion-municipios-pablo-de-olavide-9.jpg 1800w\" data-sizes=\"auto\" data-orig-sizes=\"(max-width: 1024px) 100vw, (max-width: 640px) 100vw, 400px\" \/><\/a><\/div><\/div><div class=\"person-desc\"><div class=\"person-author\"><div class=\"person-author-wrapper\"><span class=\"person-name\">Ca\u00f1ada Rosal<\/span><span class=\"person-title\"><\/span><\/div><div class=\"fusion-social-networks\"><div class=\"fusion-social-networks-wrapper\"><a class=\"fusion-social-network-icon fusion-tooltip fusion-facebook awb-icon-facebook\" aria-label=\"fusion-facebook\" href=\"https:\/\/es-es.facebook.com\/ayuntamiento.rosal\/\" target=\"_blank\" rel=\"noopener noreferrer\" style=\"color:#3b5998;font-size:16px;\" data-placement=\"top\" data-title=\"Facebook\" title=\"Facebook\" data-toggle=\"tooltip\"><\/a><\/div><\/div><\/div><div class=\"person-content fusion-clearfix\"><\/div><\/div><\/div><\/div><\/div><div class=\"fusion-layout-column fusion_builder_column fusion-builder-column-13 fusion_builder_column_1_4 1_4 fusion-flex-column\" style=\"--awb-bg-size:cover;--awb-width-large:25%;--awb-margin-top-large:0px;--awb-spacing-right-large:7.68%;--awb-margin-bottom-large:20px;--awb-spacing-left-large:7.68%;--awb-width-medium:100%;--awb-order-medium:0;--awb-spacing-right-medium:1.92%;--awb-spacing-left-medium:1.92%;--awb-width-small:100%;--awb-order-small:0;--awb-spacing-right-small:1.92%;--awb-spacing-left-small:1.92%;\"><div class=\"fusion-column-wrapper fusion-column-has-shadow fusion-flex-justify-content-flex-start fusion-content-layout-column\"><div class=\"fusion-person person fusion-person-center fusion-person-5 fusion-person-icon-top\" style=\"--awb-pic-style-color:#000000;--awb-pic-borderradius:0px;--awb-margin-top:0px;--awb-margin-right:0px;--awb-margin-bottom:0px;--awb-margin-left:0px;\"><div class=\"person-shortcode-image-wrapper\"><div class=\"person-image-container hover-type-zoomin dropshadow\" style=\"border:0px solid #f6f6f6;-webkit-box-shadow: 3px 3px 7px rgba(0,0,0,0.3);box-shadow: 3px 3px 7px rgba(0,0,0,0.3);-webkit-border-radius:0px;-moz-border-radius:0px;border-radius:0px;\"><a href=\"https:\/\/www.upo.es\/fundacionmunicipios\/carboneros\/\" target=\"_self\"><img decoding=\"async\" class=\"lazyload person-img img-responsive wp-image-4099\" width=\"1800\" height=\"1200\" src=\"https:\/\/www.upo.es\/fundacionmunicipios\/wp-content\/uploads\/2021\/11\/Carboneros-fundacion-municipios-pablo-de-olavide-6.jpg\" data-orig-src=\"https:\/\/www.upo.es\/fundacionmunicipios\/wp-content\/uploads\/2021\/11\/Carboneros-fundacion-municipios-pablo-de-olavide-6.jpg\" alt=\"Carboneros\" srcset=\"data:image\/svg+xml,%3Csvg%20xmlns%3D%27http%3A%2F%2Fwww.w3.org%2F2000%2Fsvg%27%20width%3D%271800%27%20height%3D%271200%27%20viewBox%3D%270%200%201800%201200%27%3E%3Crect%20width%3D%271800%27%20height%3D%271200%27%20fill-opacity%3D%220%22%2F%3E%3C%2Fsvg%3E\" data-srcset=\"https:\/\/www.upo.es\/fundacionmunicipios\/wp-content\/uploads\/2021\/11\/Carboneros-fundacion-municipios-pablo-de-olavide-6-200x133.jpg 200w, https:\/\/www.upo.es\/fundacionmunicipios\/wp-content\/uploads\/2021\/11\/Carboneros-fundacion-municipios-pablo-de-olavide-6-400x267.jpg 400w, https:\/\/www.upo.es\/fundacionmunicipios\/wp-content\/uploads\/2021\/11\/Carboneros-fundacion-municipios-pablo-de-olavide-6-600x400.jpg 600w, https:\/\/www.upo.es\/fundacionmunicipios\/wp-content\/uploads\/2021\/11\/Carboneros-fundacion-municipios-pablo-de-olavide-6-800x533.jpg 800w, https:\/\/www.upo.es\/fundacionmunicipios\/wp-content\/uploads\/2021\/11\/Carboneros-fundacion-municipios-pablo-de-olavide-6-1200x800.jpg 1200w, https:\/\/www.upo.es\/fundacionmunicipios\/wp-content\/uploads\/2021\/11\/Carboneros-fundacion-municipios-pablo-de-olavide-6.jpg 1800w\" data-sizes=\"auto\" data-orig-sizes=\"(max-width: 1024px) 100vw, (max-width: 640px) 100vw, 400px\" \/><\/a><\/div><\/div><div class=\"person-desc\"><div class=\"person-author\"><div class=\"person-author-wrapper\"><span class=\"person-name\">Carboneros<\/span><span class=\"person-title\"><\/span><\/div><div class=\"fusion-social-networks\"><div class=\"fusion-social-networks-wrapper\"><a class=\"fusion-social-network-icon fusion-tooltip fusion-facebook awb-icon-facebook\" aria-label=\"fusion-facebook\" href=\"https:\/\/es-es.facebook.com\/ExcmoAyuntamientodeCarboneros\/\" target=\"_blank\" rel=\"noopener noreferrer\" style=\"color:#3b5998;font-size:16px;\" data-placement=\"top\" data-title=\"Facebook\" title=\"Facebook\" data-toggle=\"tooltip\"><\/a><a class=\"fusion-social-network-icon fusion-tooltip fusion-twitter awb-icon-twitter\" aria-label=\"fusion-twitter\" href=\"https:\/\/twitter.com\/aytocarboneros\" target=\"_blank\" rel=\"noopener noreferrer\" style=\"color:#000000;font-size:16px;\" data-placement=\"top\" data-title=\"Twitter\" title=\"Twitter\" data-toggle=\"tooltip\"><\/a><\/div><\/div><\/div><div class=\"person-content fusion-clearfix\"><\/div><\/div><\/div><\/div><\/div><div class=\"fusion-layout-column fusion_builder_column fusion-builder-column-14 fusion_builder_column_1_4 1_4 fusion-flex-column\" style=\"--awb-bg-size:cover;--awb-width-large:25%;--awb-margin-top-large:0px;--awb-spacing-right-large:7.68%;--awb-margin-bottom-large:20px;--awb-spacing-left-large:7.68%;--awb-width-medium:100%;--awb-order-medium:0;--awb-spacing-right-medium:1.92%;--awb-spacing-left-medium:1.92%;--awb-width-small:100%;--awb-order-small:0;--awb-spacing-right-small:1.92%;--awb-spacing-left-small:1.92%;\"><div class=\"fusion-column-wrapper fusion-column-has-shadow fusion-flex-justify-content-flex-start fusion-content-layout-column\"><div class=\"fusion-person person fusion-person-center fusion-person-6 fusion-person-icon-top\" style=\"--awb-pic-style-color:#000000;--awb-pic-borderradius:0px;--awb-margin-top:0px;--awb-margin-right:0px;--awb-margin-bottom:0px;--awb-margin-left:0px;\"><div class=\"person-shortcode-image-wrapper\"><div class=\"person-image-container hover-type-zoomin dropshadow\" style=\"border:0px solid #f6f6f6;-webkit-box-shadow: 3px 3px 7px rgba(0,0,0,0.3);box-shadow: 3px 3px 7px rgba(0,0,0,0.3);-webkit-border-radius:0px;-moz-border-radius:0px;border-radius:0px;\"><a href=\"https:\/\/www.upo.es\/fundacionmunicipios\/dos-hermanas\/\" target=\"_self\"><img decoding=\"async\" class=\"lazyload person-img img-responsive wp-image-30716\" width=\"1800\" height=\"1200\" src=\"https:\/\/www.upo.es\/fundacionmunicipios\/wp-content\/uploads\/2022\/01\/cabecera-dos-hermanas-v2.jpg\" data-orig-src=\"https:\/\/www.upo.es\/fundacionmunicipios\/wp-content\/uploads\/2022\/01\/cabecera-dos-hermanas-v2.jpg\" alt=\"Dos Hermanas\" srcset=\"data:image\/svg+xml,%3Csvg%20xmlns%3D%27http%3A%2F%2Fwww.w3.org%2F2000%2Fsvg%27%20width%3D%271800%27%20height%3D%271200%27%20viewBox%3D%270%200%201800%201200%27%3E%3Crect%20width%3D%271800%27%20height%3D%271200%27%20fill-opacity%3D%220%22%2F%3E%3C%2Fsvg%3E\" data-srcset=\"https:\/\/www.upo.es\/fundacionmunicipios\/wp-content\/uploads\/2022\/01\/cabecera-dos-hermanas-v2-200x133.jpg 200w, https:\/\/www.upo.es\/fundacionmunicipios\/wp-content\/uploads\/2022\/01\/cabecera-dos-hermanas-v2-400x267.jpg 400w, https:\/\/www.upo.es\/fundacionmunicipios\/wp-content\/uploads\/2022\/01\/cabecera-dos-hermanas-v2-600x400.jpg 600w, https:\/\/www.upo.es\/fundacionmunicipios\/wp-content\/uploads\/2022\/01\/cabecera-dos-hermanas-v2-800x533.jpg 800w, https:\/\/www.upo.es\/fundacionmunicipios\/wp-content\/uploads\/2022\/01\/cabecera-dos-hermanas-v2-1200x800.jpg 1200w, https:\/\/www.upo.es\/fundacionmunicipios\/wp-content\/uploads\/2022\/01\/cabecera-dos-hermanas-v2.jpg 1800w\" data-sizes=\"auto\" data-orig-sizes=\"(max-width: 1024px) 100vw, (max-width: 640px) 100vw, 400px\" \/><\/a><\/div><\/div><div class=\"person-desc\"><div class=\"person-author\"><div class=\"person-author-wrapper\"><span class=\"person-name\">Dos Hermanas<\/span><span class=\"person-title\"><\/span><\/div><div class=\"fusion-social-networks\"><div class=\"fusion-social-networks-wrapper\"><a class=\"fusion-social-network-icon fusion-tooltip fusion-facebook awb-icon-facebook\" aria-label=\"fusion-facebook\" href=\"https:\/\/es-es.facebook.com\/DosHermanasAyto\/\" target=\"_blank\" rel=\"noopener noreferrer\" style=\"color:#3b5998;font-size:16px;\" data-placement=\"top\" data-title=\"Facebook\" title=\"Facebook\" data-toggle=\"tooltip\"><\/a><a class=\"fusion-social-network-icon fusion-tooltip fusion-twitter awb-icon-twitter\" aria-label=\"fusion-twitter\" href=\"https:\/\/twitter.com\/ayto2hermanas\" target=\"_blank\" rel=\"noopener noreferrer\" style=\"color:#000000;font-size:16px;\" data-placement=\"top\" data-title=\"Twitter\" title=\"Twitter\" data-toggle=\"tooltip\"><\/a><a class=\"fusion-social-network-icon fusion-tooltip fusion-instagram awb-icon-instagram\" aria-label=\"fusion-instagram\" href=\"https:\/\/www.instagram.com\/aytodoshermanas\" target=\"_blank\" rel=\"noopener noreferrer\" style=\"color:#c13584;font-size:16px;\" data-placement=\"top\" data-title=\"Instagram\" title=\"Instagram\" data-toggle=\"tooltip\"><\/a><\/div><\/div><\/div><div class=\"person-content fusion-clearfix\"><\/div><\/div><\/div><\/div><\/div><div class=\"fusion-layout-column fusion_builder_column fusion-builder-column-15 fusion_builder_column_1_4 1_4 fusion-flex-column\" style=\"--awb-bg-size:cover;--awb-width-large:25%;--awb-margin-top-large:0px;--awb-spacing-right-large:7.68%;--awb-margin-bottom-large:20px;--awb-spacing-left-large:7.68%;--awb-width-medium:100%;--awb-order-medium:0;--awb-spacing-right-medium:1.92%;--awb-spacing-left-medium:1.92%;--awb-width-small:100%;--awb-order-small:0;--awb-spacing-right-small:1.92%;--awb-spacing-left-small:1.92%;\"><div class=\"fusion-column-wrapper fusion-column-has-shadow fusion-flex-justify-content-flex-start fusion-content-layout-column\"><div class=\"fusion-person person fusion-person-center fusion-person-7 fusion-person-icon-top\" style=\"--awb-pic-style-color:#000000;--awb-pic-borderradius:0px;--awb-margin-top:0px;--awb-margin-right:0px;--awb-margin-bottom:0px;--awb-margin-left:0px;\"><div class=\"person-shortcode-image-wrapper\"><div class=\"person-image-container hover-type-zoomin dropshadow\" style=\"border:0px solid #f6f6f6;-webkit-box-shadow: 3px 3px 7px rgba(0,0,0,0.3);box-shadow: 3px 3px 7px rgba(0,0,0,0.3);-webkit-border-radius:0px;-moz-border-radius:0px;border-radius:0px;\"><a href=\"https:\/\/www.upo.es\/fundacionmunicipios\/fuente-carreteros\/\" target=\"_self\"><img decoding=\"async\" class=\"lazyload person-img img-responsive wp-image-4100\" width=\"1800\" height=\"1200\" src=\"https:\/\/www.upo.es\/fundacionmunicipios\/wp-content\/uploads\/2021\/11\/Fuente-Carreteros-fundacion-municipios-pablo-de-olavide-1-1.jpg\" data-orig-src=\"https:\/\/www.upo.es\/fundacionmunicipios\/wp-content\/uploads\/2021\/11\/Fuente-Carreteros-fundacion-municipios-pablo-de-olavide-1-1.jpg\" alt=\"Fuente Carreteros\" srcset=\"data:image\/svg+xml,%3Csvg%20xmlns%3D%27http%3A%2F%2Fwww.w3.org%2F2000%2Fsvg%27%20width%3D%271800%27%20height%3D%271200%27%20viewBox%3D%270%200%201800%201200%27%3E%3Crect%20width%3D%271800%27%20height%3D%271200%27%20fill-opacity%3D%220%22%2F%3E%3C%2Fsvg%3E\" data-srcset=\"https:\/\/www.upo.es\/fundacionmunicipios\/wp-content\/uploads\/2021\/11\/Fuente-Carreteros-fundacion-municipios-pablo-de-olavide-1-1-200x133.jpg 200w, https:\/\/www.upo.es\/fundacionmunicipios\/wp-content\/uploads\/2021\/11\/Fuente-Carreteros-fundacion-municipios-pablo-de-olavide-1-1-400x267.jpg 400w, https:\/\/www.upo.es\/fundacionmunicipios\/wp-content\/uploads\/2021\/11\/Fuente-Carreteros-fundacion-municipios-pablo-de-olavide-1-1-600x400.jpg 600w, https:\/\/www.upo.es\/fundacionmunicipios\/wp-content\/uploads\/2021\/11\/Fuente-Carreteros-fundacion-municipios-pablo-de-olavide-1-1-800x533.jpg 800w, https:\/\/www.upo.es\/fundacionmunicipios\/wp-content\/uploads\/2021\/11\/Fuente-Carreteros-fundacion-municipios-pablo-de-olavide-1-1-1200x800.jpg 1200w, https:\/\/www.upo.es\/fundacionmunicipios\/wp-content\/uploads\/2021\/11\/Fuente-Carreteros-fundacion-municipios-pablo-de-olavide-1-1.jpg 1800w\" data-sizes=\"auto\" data-orig-sizes=\"(max-width: 1024px) 100vw, (max-width: 640px) 100vw, 400px\" \/><\/a><\/div><\/div><div class=\"person-desc\"><div class=\"person-author\"><div class=\"person-author-wrapper\"><span class=\"person-name\">Fuente Carreteros<\/span><span class=\"person-title\"><\/span><\/div><div class=\"fusion-social-networks\"><div class=\"fusion-social-networks-wrapper\"><a class=\"fusion-social-network-icon fusion-tooltip fusion-facebook awb-icon-facebook\" aria-label=\"fusion-facebook\" href=\"https:\/\/es-es.facebook.com\/aytofuentecarreteros\/\" target=\"_blank\" rel=\"noopener noreferrer\" style=\"color:#3b5998;font-size:16px;\" data-placement=\"top\" data-title=\"Facebook\" title=\"Facebook\" data-toggle=\"tooltip\"><\/a><a class=\"fusion-social-network-icon fusion-tooltip fusion-twitter awb-icon-twitter\" aria-label=\"fusion-twitter\" href=\"https:\/\/twitter.com\/aytocarreteros\" target=\"_blank\" rel=\"noopener noreferrer\" style=\"color:#000000;font-size:16px;\" data-placement=\"top\" data-title=\"Twitter\" title=\"Twitter\" data-toggle=\"tooltip\"><\/a><a class=\"fusion-social-network-icon fusion-tooltip fusion-instagram awb-icon-instagram\" aria-label=\"fusion-instagram\" href=\"https:\/\/www.instagram.com\/ayuntamientofuentecarreteros\/\" target=\"_blank\" rel=\"noopener noreferrer\" style=\"color:#c13584;font-size:16px;\" data-placement=\"top\" data-title=\"Instagram\" title=\"Instagram\" data-toggle=\"tooltip\"><\/a><\/div><\/div><\/div><div class=\"person-content fusion-clearfix\"><\/div><\/div><\/div><\/div><\/div><div class=\"fusion-layout-column fusion_builder_column fusion-builder-column-16 fusion_builder_column_1_4 1_4 fusion-flex-column\" style=\"--awb-bg-size:cover;--awb-width-large:25%;--awb-margin-top-large:0px;--awb-spacing-right-large:7.68%;--awb-margin-bottom-large:20px;--awb-spacing-left-large:7.68%;--awb-width-medium:100%;--awb-order-medium:0;--awb-spacing-right-medium:1.92%;--awb-spacing-left-medium:1.92%;--awb-width-small:100%;--awb-order-small:0;--awb-spacing-right-small:1.92%;--awb-spacing-left-small:1.92%;\"><div class=\"fusion-column-wrapper fusion-column-has-shadow fusion-flex-justify-content-flex-start fusion-content-layout-column\"><div class=\"fusion-person person fusion-person-center fusion-person-8 fusion-person-icon-top\" style=\"--awb-pic-style-color:#000000;--awb-pic-borderradius:0px;--awb-margin-top:0px;--awb-margin-right:0px;--awb-margin-bottom:0px;--awb-margin-left:0px;\"><div class=\"person-shortcode-image-wrapper\"><div class=\"person-image-container hover-type-zoomin dropshadow\" style=\"border:0px solid #f6f6f6;-webkit-box-shadow: 3px 3px 7px rgba(0,0,0,0.3);box-shadow: 3px 3px 7px rgba(0,0,0,0.3);-webkit-border-radius:0px;-moz-border-radius:0px;border-radius:0px;\"><a href=\"https:\/\/www.upo.es\/fundacionmunicipios\/fuente-palmera\/\" target=\"_self\"><img decoding=\"async\" class=\"lazyload person-img img-responsive wp-image-4101\" width=\"1800\" height=\"1200\" src=\"https:\/\/www.upo.es\/fundacionmunicipios\/wp-content\/uploads\/2021\/11\/Fuente-Palmera-fundacion-municipios-pablo-de-olavide-2-1.jpg\" data-orig-src=\"https:\/\/www.upo.es\/fundacionmunicipios\/wp-content\/uploads\/2021\/11\/Fuente-Palmera-fundacion-municipios-pablo-de-olavide-2-1.jpg\" alt=\"Fuente Palmera\" srcset=\"data:image\/svg+xml,%3Csvg%20xmlns%3D%27http%3A%2F%2Fwww.w3.org%2F2000%2Fsvg%27%20width%3D%271800%27%20height%3D%271200%27%20viewBox%3D%270%200%201800%201200%27%3E%3Crect%20width%3D%271800%27%20height%3D%271200%27%20fill-opacity%3D%220%22%2F%3E%3C%2Fsvg%3E\" data-srcset=\"https:\/\/www.upo.es\/fundacionmunicipios\/wp-content\/uploads\/2021\/11\/Fuente-Palmera-fundacion-municipios-pablo-de-olavide-2-1-200x133.jpg 200w, https:\/\/www.upo.es\/fundacionmunicipios\/wp-content\/uploads\/2021\/11\/Fuente-Palmera-fundacion-municipios-pablo-de-olavide-2-1-400x267.jpg 400w, https:\/\/www.upo.es\/fundacionmunicipios\/wp-content\/uploads\/2021\/11\/Fuente-Palmera-fundacion-municipios-pablo-de-olavide-2-1-600x400.jpg 600w, https:\/\/www.upo.es\/fundacionmunicipios\/wp-content\/uploads\/2021\/11\/Fuente-Palmera-fundacion-municipios-pablo-de-olavide-2-1-800x533.jpg 800w, https:\/\/www.upo.es\/fundacionmunicipios\/wp-content\/uploads\/2021\/11\/Fuente-Palmera-fundacion-municipios-pablo-de-olavide-2-1-1200x800.jpg 1200w, https:\/\/www.upo.es\/fundacionmunicipios\/wp-content\/uploads\/2021\/11\/Fuente-Palmera-fundacion-municipios-pablo-de-olavide-2-1.jpg 1800w\" data-sizes=\"auto\" data-orig-sizes=\"(max-width: 1024px) 100vw, (max-width: 640px) 100vw, 400px\" \/><\/a><\/div><\/div><div class=\"person-desc\"><div class=\"person-author\"><div class=\"person-author-wrapper\"><span class=\"person-name\">Fuente Palmera<\/span><span class=\"person-title\"><\/span><\/div><div class=\"fusion-social-networks\"><div class=\"fusion-social-networks-wrapper\"><a class=\"fusion-social-network-icon fusion-tooltip fusion-facebook awb-icon-facebook\" aria-label=\"fusion-facebook\" href=\"https:\/\/es-es.facebook.com\/Ayuntamiento-Fuente-Palmera-1569230560007278\/\" target=\"_blank\" rel=\"noopener noreferrer\" style=\"color:#3b5998;font-size:16px;\" data-placement=\"top\" data-title=\"Facebook\" title=\"Facebook\" data-toggle=\"tooltip\"><\/a><a class=\"fusion-social-network-icon fusion-tooltip fusion-twitter awb-icon-twitter\" aria-label=\"fusion-twitter\" href=\"https:\/\/twitter.com\/ayuntamientofu1\" target=\"_blank\" rel=\"noopener noreferrer\" style=\"color:#000000;font-size:16px;\" data-placement=\"top\" data-title=\"Twitter\" title=\"Twitter\" data-toggle=\"tooltip\"><\/a><a class=\"fusion-social-network-icon fusion-tooltip fusion-instagram awb-icon-instagram\" aria-label=\"fusion-instagram\" href=\"https:\/\/www.instagram.com\/ayuntamientofuentepalmera\/\" target=\"_blank\" rel=\"noopener noreferrer\" style=\"color:#c13584;font-size:16px;\" data-placement=\"top\" data-title=\"Instagram\" title=\"Instagram\" data-toggle=\"tooltip\"><\/a><\/div><\/div><\/div><div class=\"person-content fusion-clearfix\"><\/div><\/div><\/div><\/div><\/div><div class=\"fusion-layout-column fusion_builder_column fusion-builder-column-17 fusion_builder_column_1_4 1_4 fusion-flex-column\" style=\"--awb-bg-size:cover;--awb-width-large:25%;--awb-margin-top-large:0px;--awb-spacing-right-large:7.68%;--awb-margin-bottom-large:20px;--awb-spacing-left-large:7.68%;--awb-width-medium:100%;--awb-order-medium:0;--awb-spacing-right-medium:1.92%;--awb-spacing-left-medium:1.92%;--awb-width-small:100%;--awb-order-small:0;--awb-spacing-right-small:1.92%;--awb-spacing-left-small:1.92%;\"><div class=\"fusion-column-wrapper fusion-column-has-shadow fusion-flex-justify-content-flex-start fusion-content-layout-column\"><div class=\"fusion-person person fusion-person-center fusion-person-9 fusion-person-icon-top\" style=\"--awb-pic-style-color:#000000;--awb-pic-borderradius:0px;--awb-margin-top:0px;--awb-margin-right:0px;--awb-margin-bottom:0px;--awb-margin-left:0px;\"><div class=\"person-shortcode-image-wrapper\"><div class=\"person-image-container hover-type-zoomin dropshadow\" style=\"border:0px solid #f6f6f6;-webkit-box-shadow: 3px 3px 7px rgba(0,0,0,0.3);box-shadow: 3px 3px 7px rgba(0,0,0,0.3);-webkit-border-radius:0px;-moz-border-radius:0px;border-radius:0px;\"><a href=\"https:\/\/www.upo.es\/fundacionmunicipios\/guarroman\/\" target=\"_self\"><img decoding=\"async\" class=\"lazyload person-img img-responsive wp-image-4102\" width=\"1800\" height=\"1200\" src=\"https:\/\/www.upo.es\/fundacionmunicipios\/wp-content\/uploads\/2021\/11\/Guarroman-fundacion-municipios-pablo-de-olavide-2-1.jpg\" data-orig-src=\"https:\/\/www.upo.es\/fundacionmunicipios\/wp-content\/uploads\/2021\/11\/Guarroman-fundacion-municipios-pablo-de-olavide-2-1.jpg\" alt=\"Guarrom\u00e1n\" srcset=\"data:image\/svg+xml,%3Csvg%20xmlns%3D%27http%3A%2F%2Fwww.w3.org%2F2000%2Fsvg%27%20width%3D%271800%27%20height%3D%271200%27%20viewBox%3D%270%200%201800%201200%27%3E%3Crect%20width%3D%271800%27%20height%3D%271200%27%20fill-opacity%3D%220%22%2F%3E%3C%2Fsvg%3E\" data-srcset=\"https:\/\/www.upo.es\/fundacionmunicipios\/wp-content\/uploads\/2021\/11\/Guarroman-fundacion-municipios-pablo-de-olavide-2-1-200x133.jpg 200w, https:\/\/www.upo.es\/fundacionmunicipios\/wp-content\/uploads\/2021\/11\/Guarroman-fundacion-municipios-pablo-de-olavide-2-1-400x267.jpg 400w, https:\/\/www.upo.es\/fundacionmunicipios\/wp-content\/uploads\/2021\/11\/Guarroman-fundacion-municipios-pablo-de-olavide-2-1-600x400.jpg 600w, https:\/\/www.upo.es\/fundacionmunicipios\/wp-content\/uploads\/2021\/11\/Guarroman-fundacion-municipios-pablo-de-olavide-2-1-800x533.jpg 800w, https:\/\/www.upo.es\/fundacionmunicipios\/wp-content\/uploads\/2021\/11\/Guarroman-fundacion-municipios-pablo-de-olavide-2-1-1200x800.jpg 1200w, https:\/\/www.upo.es\/fundacionmunicipios\/wp-content\/uploads\/2021\/11\/Guarroman-fundacion-municipios-pablo-de-olavide-2-1.jpg 1800w\" data-sizes=\"auto\" data-orig-sizes=\"(max-width: 1024px) 100vw, (max-width: 640px) 100vw, 400px\" \/><\/a><\/div><\/div><div class=\"person-desc\"><div class=\"person-author\"><div class=\"person-author-wrapper\"><span class=\"person-name\">Guarrom\u00e1n<\/span><span class=\"person-title\"><\/span><\/div><div class=\"fusion-social-networks\"><div class=\"fusion-social-networks-wrapper\"><a class=\"fusion-social-network-icon fusion-tooltip fusion-facebook awb-icon-facebook\" aria-label=\"fusion-facebook\" href=\"https:\/\/es-es.facebook.com\/pages\/category\/Government-Organization\/Ayuntamiento-de-Guarrom%C3%A1n-831865326909031\/\" target=\"_blank\" rel=\"noopener noreferrer\" style=\"color:#3b5998;font-size:16px;\" data-placement=\"top\" data-title=\"Facebook\" title=\"Facebook\" data-toggle=\"tooltip\"><\/a><a class=\"fusion-social-network-icon fusion-tooltip fusion-twitter awb-icon-twitter\" aria-label=\"fusion-twitter\" href=\"https:\/\/twitter.com\/guarroman_jaen?lang=es\" target=\"_blank\" rel=\"noopener noreferrer\" style=\"color:#000000;font-size:16px;\" data-placement=\"top\" data-title=\"Twitter\" title=\"Twitter\" data-toggle=\"tooltip\"><\/a><\/div><\/div><\/div><div class=\"person-content fusion-clearfix\"><\/div><\/div><\/div><\/div><\/div><div class=\"fusion-layout-column fusion_builder_column fusion-builder-column-18 fusion_builder_column_1_4 1_4 fusion-flex-column\" style=\"--awb-bg-size:cover;--awb-width-large:25%;--awb-margin-top-large:0px;--awb-spacing-right-large:7.68%;--awb-margin-bottom-large:20px;--awb-spacing-left-large:7.68%;--awb-width-medium:100%;--awb-order-medium:0;--awb-spacing-right-medium:1.92%;--awb-spacing-left-medium:1.92%;--awb-width-small:100%;--awb-order-small:0;--awb-spacing-right-small:1.92%;--awb-spacing-left-small:1.92%;\"><div class=\"fusion-column-wrapper fusion-column-has-shadow fusion-flex-justify-content-flex-start fusion-content-layout-column\"><div class=\"fusion-person person fusion-person-center fusion-person-10 fusion-person-icon-top\" style=\"--awb-pic-style-color:#000000;--awb-pic-borderradius:0px;--awb-margin-top:0px;--awb-margin-right:0px;--awb-margin-bottom:0px;--awb-margin-left:0px;\"><div class=\"person-shortcode-image-wrapper\"><div class=\"person-image-container hover-type-zoomin dropshadow\" style=\"border:0px solid #f6f6f6;-webkit-box-shadow: 3px 3px 7px rgba(0,0,0,0.3);box-shadow: 3px 3px 7px rgba(0,0,0,0.3);-webkit-border-radius:0px;-moz-border-radius:0px;border-radius:0px;\"><a href=\"https:\/\/www.upo.es\/fundacionmunicipios\/la-carlota\/\" target=\"_self\"><img decoding=\"async\" class=\"lazyload person-img img-responsive wp-image-4103\" width=\"1800\" height=\"1200\" src=\"https:\/\/www.upo.es\/fundacionmunicipios\/wp-content\/uploads\/2021\/11\/La-Carlota-fundacion-municipios-pablo-de-olavide-5.jpg\" data-orig-src=\"https:\/\/www.upo.es\/fundacionmunicipios\/wp-content\/uploads\/2021\/11\/La-Carlota-fundacion-municipios-pablo-de-olavide-5.jpg\" alt=\"La Carlota\" srcset=\"data:image\/svg+xml,%3Csvg%20xmlns%3D%27http%3A%2F%2Fwww.w3.org%2F2000%2Fsvg%27%20width%3D%271800%27%20height%3D%271200%27%20viewBox%3D%270%200%201800%201200%27%3E%3Crect%20width%3D%271800%27%20height%3D%271200%27%20fill-opacity%3D%220%22%2F%3E%3C%2Fsvg%3E\" data-srcset=\"https:\/\/www.upo.es\/fundacionmunicipios\/wp-content\/uploads\/2021\/11\/La-Carlota-fundacion-municipios-pablo-de-olavide-5-200x133.jpg 200w, https:\/\/www.upo.es\/fundacionmunicipios\/wp-content\/uploads\/2021\/11\/La-Carlota-fundacion-municipios-pablo-de-olavide-5-400x267.jpg 400w, https:\/\/www.upo.es\/fundacionmunicipios\/wp-content\/uploads\/2021\/11\/La-Carlota-fundacion-municipios-pablo-de-olavide-5-600x400.jpg 600w, https:\/\/www.upo.es\/fundacionmunicipios\/wp-content\/uploads\/2021\/11\/La-Carlota-fundacion-municipios-pablo-de-olavide-5-800x533.jpg 800w, https:\/\/www.upo.es\/fundacionmunicipios\/wp-content\/uploads\/2021\/11\/La-Carlota-fundacion-municipios-pablo-de-olavide-5-1200x800.jpg 1200w, https:\/\/www.upo.es\/fundacionmunicipios\/wp-content\/uploads\/2021\/11\/La-Carlota-fundacion-municipios-pablo-de-olavide-5.jpg 1800w\" data-sizes=\"auto\" data-orig-sizes=\"(max-width: 1024px) 100vw, (max-width: 640px) 100vw, 400px\" \/><\/a><\/div><\/div><div class=\"person-desc\"><div class=\"person-author\"><div class=\"person-author-wrapper\"><span class=\"person-name\">La Carlota<\/span><span class=\"person-title\"><\/span><\/div><div class=\"fusion-social-networks\"><div class=\"fusion-social-networks-wrapper\"><a class=\"fusion-social-network-icon fusion-tooltip fusion-facebook awb-icon-facebook\" aria-label=\"fusion-facebook\" href=\"https:\/\/es-la.facebook.com\/ayuntamientolacarlota\/\" target=\"_blank\" rel=\"noopener noreferrer\" style=\"color:#3b5998;font-size:16px;\" data-placement=\"top\" data-title=\"Facebook\" title=\"Facebook\" data-toggle=\"tooltip\"><\/a><a class=\"fusion-social-network-icon fusion-tooltip fusion-twitter awb-icon-twitter\" aria-label=\"fusion-twitter\" href=\"https:\/\/twitter.com\/lacarlota1767\" target=\"_blank\" rel=\"noopener noreferrer\" style=\"color:#000000;font-size:16px;\" data-placement=\"top\" data-title=\"Twitter\" title=\"Twitter\" data-toggle=\"tooltip\"><\/a><a class=\"fusion-social-network-icon fusion-tooltip fusion-instagram awb-icon-instagram\" aria-label=\"fusion-instagram\" href=\"https:\/\/www.instagram.com\/lacarlota1767\/?hl=es\" target=\"_blank\" rel=\"noopener noreferrer\" style=\"color:#c13584;font-size:16px;\" data-placement=\"top\" data-title=\"Instagram\" title=\"Instagram\" data-toggle=\"tooltip\"><\/a><\/div><\/div><\/div><div class=\"person-content fusion-clearfix\"><\/div><\/div><\/div><\/div><\/div><div class=\"fusion-layout-column fusion_builder_column fusion-builder-column-19 fusion_builder_column_1_4 1_4 fusion-flex-column\" style=\"--awb-bg-size:cover;--awb-width-large:25%;--awb-margin-top-large:0px;--awb-spacing-right-large:7.68%;--awb-margin-bottom-large:20px;--awb-spacing-left-large:7.68%;--awb-width-medium:100%;--awb-order-medium:0;--awb-spacing-right-medium:1.92%;--awb-spacing-left-medium:1.92%;--awb-width-small:100%;--awb-order-small:0;--awb-spacing-right-small:1.92%;--awb-spacing-left-small:1.92%;\"><div class=\"fusion-column-wrapper fusion-column-has-shadow fusion-flex-justify-content-flex-start fusion-content-layout-column\"><div class=\"fusion-person person fusion-person-center fusion-person-11 fusion-person-icon-top\" style=\"--awb-pic-style-color:#000000;--awb-pic-borderradius:0px;--awb-margin-top:0px;--awb-margin-right:0px;--awb-margin-bottom:0px;--awb-margin-left:0px;\"><div class=\"person-shortcode-image-wrapper\"><div class=\"person-image-container hover-type-zoomin dropshadow\" style=\"border:0px solid #f6f6f6;-webkit-box-shadow: 3px 3px 7px rgba(0,0,0,0.3);box-shadow: 3px 3px 7px rgba(0,0,0,0.3);-webkit-border-radius:0px;-moz-border-radius:0px;border-radius:0px;\"><a href=\"https:\/\/www.upo.es\/fundacionmunicipios\/la-carolina\/\" target=\"_self\"><img decoding=\"async\" class=\"lazyload person-img img-responsive wp-image-4104\" width=\"1800\" height=\"1200\" src=\"https:\/\/www.upo.es\/fundacionmunicipios\/wp-content\/uploads\/2021\/11\/La-Carolina-fundacion-municipios-pablo-de-olavide-4-1.jpg\" data-orig-src=\"https:\/\/www.upo.es\/fundacionmunicipios\/wp-content\/uploads\/2021\/11\/La-Carolina-fundacion-municipios-pablo-de-olavide-4-1.jpg\" alt=\"La Carolina\" srcset=\"data:image\/svg+xml,%3Csvg%20xmlns%3D%27http%3A%2F%2Fwww.w3.org%2F2000%2Fsvg%27%20width%3D%271800%27%20height%3D%271200%27%20viewBox%3D%270%200%201800%201200%27%3E%3Crect%20width%3D%271800%27%20height%3D%271200%27%20fill-opacity%3D%220%22%2F%3E%3C%2Fsvg%3E\" data-srcset=\"https:\/\/www.upo.es\/fundacionmunicipios\/wp-content\/uploads\/2021\/11\/La-Carolina-fundacion-municipios-pablo-de-olavide-4-1-200x133.jpg 200w, https:\/\/www.upo.es\/fundacionmunicipios\/wp-content\/uploads\/2021\/11\/La-Carolina-fundacion-municipios-pablo-de-olavide-4-1-400x267.jpg 400w, https:\/\/www.upo.es\/fundacionmunicipios\/wp-content\/uploads\/2021\/11\/La-Carolina-fundacion-municipios-pablo-de-olavide-4-1-600x400.jpg 600w, https:\/\/www.upo.es\/fundacionmunicipios\/wp-content\/uploads\/2021\/11\/La-Carolina-fundacion-municipios-pablo-de-olavide-4-1-800x533.jpg 800w, https:\/\/www.upo.es\/fundacionmunicipios\/wp-content\/uploads\/2021\/11\/La-Carolina-fundacion-municipios-pablo-de-olavide-4-1-1200x800.jpg 1200w, https:\/\/www.upo.es\/fundacionmunicipios\/wp-content\/uploads\/2021\/11\/La-Carolina-fundacion-municipios-pablo-de-olavide-4-1.jpg 1800w\" data-sizes=\"auto\" data-orig-sizes=\"(max-width: 1024px) 100vw, (max-width: 640px) 100vw, 400px\" \/><\/a><\/div><\/div><div class=\"person-desc\"><div class=\"person-author\"><div class=\"person-author-wrapper\"><span class=\"person-name\">La Carolina<\/span><span class=\"person-title\"><\/span><\/div><div class=\"fusion-social-networks\"><div class=\"fusion-social-networks-wrapper\"><a class=\"fusion-social-network-icon fusion-tooltip fusion-facebook awb-icon-facebook\" aria-label=\"fusion-facebook\" href=\"https:\/\/es-es.facebook.com\/AyuntamientoLaCarolina\/\" target=\"_blank\" rel=\"noopener noreferrer\" style=\"color:#3b5998;font-size:16px;\" data-placement=\"top\" data-title=\"Facebook\" title=\"Facebook\" data-toggle=\"tooltip\"><\/a><a class=\"fusion-social-network-icon fusion-tooltip fusion-twitter awb-icon-twitter\" aria-label=\"fusion-twitter\" href=\"https:\/\/twitter.com\/aytolacarolina\" target=\"_blank\" rel=\"noopener noreferrer\" style=\"color:#000000;font-size:16px;\" data-placement=\"top\" data-title=\"Twitter\" title=\"Twitter\" data-toggle=\"tooltip\"><\/a><a class=\"fusion-social-network-icon fusion-tooltip fusion-instagram awb-icon-instagram\" aria-label=\"fusion-instagram\" href=\"https:\/\/www.instagram.com\/ayto_la_carolina\/?hl=es\" target=\"_blank\" rel=\"noopener noreferrer\" style=\"color:#c13584;font-size:16px;\" data-placement=\"top\" data-title=\"Instagram\" title=\"Instagram\" data-toggle=\"tooltip\"><\/a><\/div><\/div><\/div><div class=\"person-content fusion-clearfix\"><\/div><\/div><\/div><\/div><\/div><div class=\"fusion-layout-column fusion_builder_column fusion-builder-column-20 fusion_builder_column_1_4 1_4 fusion-flex-column\" style=\"--awb-bg-size:cover;--awb-width-large:25%;--awb-margin-top-large:0px;--awb-spacing-right-large:7.68%;--awb-margin-bottom-large:20px;--awb-spacing-left-large:7.68%;--awb-width-medium:100%;--awb-order-medium:0;--awb-spacing-right-medium:1.92%;--awb-spacing-left-medium:1.92%;--awb-width-small:100%;--awb-order-small:0;--awb-spacing-right-small:1.92%;--awb-spacing-left-small:1.92%;\"><div class=\"fusion-column-wrapper fusion-column-has-shadow fusion-flex-justify-content-flex-start fusion-content-layout-column\"><div class=\"fusion-person person fusion-person-center fusion-person-12 fusion-person-icon-top\" style=\"--awb-pic-style-color:#000000;--awb-pic-borderradius:0px;--awb-margin-top:0px;--awb-margin-right:0px;--awb-margin-bottom:0px;--awb-margin-left:0px;\"><div class=\"person-shortcode-image-wrapper\"><div class=\"person-image-container hover-type-zoomin dropshadow\" style=\"border:0px solid #f6f6f6;-webkit-box-shadow: 3px 3px 7px rgba(0,0,0,0.3);box-shadow: 3px 3px 7px rgba(0,0,0,0.3);-webkit-border-radius:0px;-moz-border-radius:0px;border-radius:0px;\"><a href=\"https:\/\/www.upo.es\/fundacionmunicipios\/la-luisiana-el-campillo\/\" target=\"_self\"><img decoding=\"async\" class=\"lazyload person-img img-responsive wp-image-4105\" width=\"1800\" height=\"1200\" src=\"https:\/\/www.upo.es\/fundacionmunicipios\/wp-content\/uploads\/2021\/11\/La-Luisiana-fundacion-municipios-pablo-de-olavide-2.jpg\" data-orig-src=\"https:\/\/www.upo.es\/fundacionmunicipios\/wp-content\/uploads\/2021\/11\/La-Luisiana-fundacion-municipios-pablo-de-olavide-2.jpg\" alt=\"La Luisiana\" srcset=\"data:image\/svg+xml,%3Csvg%20xmlns%3D%27http%3A%2F%2Fwww.w3.org%2F2000%2Fsvg%27%20width%3D%271800%27%20height%3D%271200%27%20viewBox%3D%270%200%201800%201200%27%3E%3Crect%20width%3D%271800%27%20height%3D%271200%27%20fill-opacity%3D%220%22%2F%3E%3C%2Fsvg%3E\" data-srcset=\"https:\/\/www.upo.es\/fundacionmunicipios\/wp-content\/uploads\/2021\/11\/La-Luisiana-fundacion-municipios-pablo-de-olavide-2-200x133.jpg 200w, https:\/\/www.upo.es\/fundacionmunicipios\/wp-content\/uploads\/2021\/11\/La-Luisiana-fundacion-municipios-pablo-de-olavide-2-400x267.jpg 400w, https:\/\/www.upo.es\/fundacionmunicipios\/wp-content\/uploads\/2021\/11\/La-Luisiana-fundacion-municipios-pablo-de-olavide-2-600x400.jpg 600w, https:\/\/www.upo.es\/fundacionmunicipios\/wp-content\/uploads\/2021\/11\/La-Luisiana-fundacion-municipios-pablo-de-olavide-2-800x533.jpg 800w, https:\/\/www.upo.es\/fundacionmunicipios\/wp-content\/uploads\/2021\/11\/La-Luisiana-fundacion-municipios-pablo-de-olavide-2-1200x800.jpg 1200w, https:\/\/www.upo.es\/fundacionmunicipios\/wp-content\/uploads\/2021\/11\/La-Luisiana-fundacion-municipios-pablo-de-olavide-2.jpg 1800w\" data-sizes=\"auto\" data-orig-sizes=\"(max-width: 1024px) 100vw, (max-width: 640px) 100vw, 400px\" \/><\/a><\/div><\/div><div class=\"person-desc\"><div class=\"person-author\"><div class=\"person-author-wrapper\"><span class=\"person-name\">La Luisiana<\/span><span class=\"person-title\"><\/span><\/div><div class=\"fusion-social-networks\"><div class=\"fusion-social-networks-wrapper\"><a class=\"fusion-social-network-icon fusion-tooltip fusion-facebook awb-icon-facebook\" aria-label=\"fusion-facebook\" href=\"https:\/\/www.facebook.com\/LaLuisianaElCampillo\/\" target=\"_blank\" rel=\"noopener noreferrer\" style=\"color:#3b5998;font-size:16px;\" data-placement=\"top\" data-title=\"Facebook\" title=\"Facebook\" data-toggle=\"tooltip\"><\/a><a class=\"fusion-social-network-icon fusion-tooltip fusion-twitter awb-icon-twitter\" aria-label=\"fusion-twitter\" href=\"https:\/\/twitter.com\/aytolaluisiana\" target=\"_blank\" rel=\"noopener noreferrer\" style=\"color:#000000;font-size:16px;\" data-placement=\"top\" data-title=\"Twitter\" title=\"Twitter\" data-toggle=\"tooltip\"><\/a><a class=\"fusion-social-network-icon fusion-tooltip fusion-instagram awb-icon-instagram\" aria-label=\"fusion-instagram\" href=\"https:\/\/www.instagram.com\/laluisianaelcampillo\/?hl=es\" target=\"_blank\" rel=\"noopener noreferrer\" style=\"color:#c13584;font-size:16px;\" data-placement=\"top\" data-title=\"Instagram\" title=\"Instagram\" data-toggle=\"tooltip\"><\/a><\/div><\/div><\/div><div class=\"person-content fusion-clearfix\"><\/div><\/div><\/div><\/div><\/div><div class=\"fusion-layout-column fusion_builder_column fusion-builder-column-21 fusion_builder_column_1_4 1_4 fusion-flex-column\" style=\"--awb-bg-size:cover;--awb-width-large:25%;--awb-margin-top-large:0px;--awb-spacing-right-large:7.68%;--awb-margin-bottom-large:20px;--awb-spacing-left-large:7.68%;--awb-width-medium:100%;--awb-order-medium:0;--awb-spacing-right-medium:1.92%;--awb-spacing-left-medium:1.92%;--awb-width-small:100%;--awb-order-small:0;--awb-spacing-right-small:1.92%;--awb-spacing-left-small:1.92%;\"><div class=\"fusion-column-wrapper fusion-column-has-shadow fusion-flex-justify-content-flex-start fusion-content-layout-column\"><div class=\"fusion-person person fusion-person-center fusion-person-13 fusion-person-icon-top\" style=\"--awb-pic-style-color:#000000;--awb-pic-borderradius:0px;--awb-margin-top:0px;--awb-margin-right:0px;--awb-margin-bottom:0px;--awb-margin-left:0px;\"><div class=\"person-shortcode-image-wrapper\"><div class=\"person-image-container hover-type-zoomin dropshadow\" style=\"border:0px solid #f6f6f6;-webkit-box-shadow: 3px 3px 7px rgba(0,0,0,0.3);box-shadow: 3px 3px 7px rgba(0,0,0,0.3);-webkit-border-radius:0px;-moz-border-radius:0px;border-radius:0px;\"><a href=\"https:\/\/www.upo.es\/fundacionmunicipios\/montizon\/\" target=\"_self\"><img decoding=\"async\" class=\"lazyload person-img img-responsive wp-image-4106\" width=\"1800\" height=\"1200\" src=\"https:\/\/www.upo.es\/fundacionmunicipios\/wp-content\/uploads\/2021\/11\/Montizon-fundacion-municipios-pablo-de-olavide-1.jpg\" data-orig-src=\"https:\/\/www.upo.es\/fundacionmunicipios\/wp-content\/uploads\/2021\/11\/Montizon-fundacion-municipios-pablo-de-olavide-1.jpg\" alt=\"Montiz\u00f3n\" srcset=\"data:image\/svg+xml,%3Csvg%20xmlns%3D%27http%3A%2F%2Fwww.w3.org%2F2000%2Fsvg%27%20width%3D%271800%27%20height%3D%271200%27%20viewBox%3D%270%200%201800%201200%27%3E%3Crect%20width%3D%271800%27%20height%3D%271200%27%20fill-opacity%3D%220%22%2F%3E%3C%2Fsvg%3E\" data-srcset=\"https:\/\/www.upo.es\/fundacionmunicipios\/wp-content\/uploads\/2021\/11\/Montizon-fundacion-municipios-pablo-de-olavide-1-200x133.jpg 200w, https:\/\/www.upo.es\/fundacionmunicipios\/wp-content\/uploads\/2021\/11\/Montizon-fundacion-municipios-pablo-de-olavide-1-400x267.jpg 400w, https:\/\/www.upo.es\/fundacionmunicipios\/wp-content\/uploads\/2021\/11\/Montizon-fundacion-municipios-pablo-de-olavide-1-600x400.jpg 600w, https:\/\/www.upo.es\/fundacionmunicipios\/wp-content\/uploads\/2021\/11\/Montizon-fundacion-municipios-pablo-de-olavide-1-800x533.jpg 800w, https:\/\/www.upo.es\/fundacionmunicipios\/wp-content\/uploads\/2021\/11\/Montizon-fundacion-municipios-pablo-de-olavide-1-1200x800.jpg 1200w, https:\/\/www.upo.es\/fundacionmunicipios\/wp-content\/uploads\/2021\/11\/Montizon-fundacion-municipios-pablo-de-olavide-1.jpg 1800w\" data-sizes=\"auto\" data-orig-sizes=\"(max-width: 1024px) 100vw, (max-width: 640px) 100vw, 400px\" \/><\/a><\/div><\/div><div class=\"person-desc\"><div class=\"person-author\"><div class=\"person-author-wrapper\"><span class=\"person-name\">Montiz\u00f3n<\/span><span class=\"person-title\"><\/span><\/div><div class=\"fusion-social-networks\"><div class=\"fusion-social-networks-wrapper\"><a class=\"fusion-social-network-icon fusion-tooltip fusion-facebook awb-icon-facebook\" aria-label=\"fusion-facebook\" href=\"https:\/\/www.facebook.com\/pages\/category\/City-Hall\/Excmo-Ayuntamiento-de-Montiz%C3%B3n-134300986955139\/\" target=\"_blank\" rel=\"noopener noreferrer\" style=\"color:#3b5998;font-size:16px;\" data-placement=\"top\" data-title=\"Facebook\" title=\"Facebook\" data-toggle=\"tooltip\"><\/a><\/div><\/div><\/div><div class=\"person-content fusion-clearfix\"><\/div><\/div><\/div><\/div><\/div><div class=\"fusion-layout-column fusion_builder_column fusion-builder-column-22 fusion_builder_column_1_4 1_4 fusion-flex-column\" style=\"--awb-bg-size:cover;--awb-width-large:25%;--awb-margin-top-large:0px;--awb-spacing-right-large:7.68%;--awb-margin-bottom-large:20px;--awb-spacing-left-large:7.68%;--awb-width-medium:100%;--awb-order-medium:0;--awb-spacing-right-medium:1.92%;--awb-spacing-left-medium:1.92%;--awb-width-small:100%;--awb-order-small:0;--awb-spacing-right-small:1.92%;--awb-spacing-left-small:1.92%;\"><div class=\"fusion-column-wrapper fusion-column-has-shadow fusion-flex-justify-content-flex-start fusion-content-layout-column\"><div class=\"fusion-person person fusion-person-center fusion-person-14 fusion-person-icon-top\" style=\"--awb-pic-style-color:#000000;--awb-pic-borderradius:0px;--awb-margin-top:0px;--awb-margin-right:0px;--awb-margin-bottom:0px;--awb-margin-left:0px;\"><div class=\"person-shortcode-image-wrapper\"><div class=\"person-image-container hover-type-zoomin dropshadow\" style=\"border:0px solid #f6f6f6;-webkit-box-shadow: 3px 3px 7px rgba(0,0,0,0.3);box-shadow: 3px 3px 7px rgba(0,0,0,0.3);-webkit-border-radius:0px;-moz-border-radius:0px;border-radius:0px;\"><a href=\"https:\/\/www.upo.es\/fundacionmunicipios\/prado-del-rey\/\" target=\"_self\"><img decoding=\"async\" class=\"lazyload person-img img-responsive wp-image-4107\" width=\"1800\" height=\"1200\" src=\"https:\/\/www.upo.es\/fundacionmunicipios\/wp-content\/uploads\/2021\/11\/Prado-del-Rey-fundacion-municipios-pablo-de-olavide-2-1.jpg\" data-orig-src=\"https:\/\/www.upo.es\/fundacionmunicipios\/wp-content\/uploads\/2021\/11\/Prado-del-Rey-fundacion-municipios-pablo-de-olavide-2-1.jpg\" alt=\"Prado del Rey\" srcset=\"data:image\/svg+xml,%3Csvg%20xmlns%3D%27http%3A%2F%2Fwww.w3.org%2F2000%2Fsvg%27%20width%3D%271800%27%20height%3D%271200%27%20viewBox%3D%270%200%201800%201200%27%3E%3Crect%20width%3D%271800%27%20height%3D%271200%27%20fill-opacity%3D%220%22%2F%3E%3C%2Fsvg%3E\" data-srcset=\"https:\/\/www.upo.es\/fundacionmunicipios\/wp-content\/uploads\/2021\/11\/Prado-del-Rey-fundacion-municipios-pablo-de-olavide-2-1-200x133.jpg 200w, https:\/\/www.upo.es\/fundacionmunicipios\/wp-content\/uploads\/2021\/11\/Prado-del-Rey-fundacion-municipios-pablo-de-olavide-2-1-400x267.jpg 400w, https:\/\/www.upo.es\/fundacionmunicipios\/wp-content\/uploads\/2021\/11\/Prado-del-Rey-fundacion-municipios-pablo-de-olavide-2-1-600x400.jpg 600w, https:\/\/www.upo.es\/fundacionmunicipios\/wp-content\/uploads\/2021\/11\/Prado-del-Rey-fundacion-municipios-pablo-de-olavide-2-1-800x533.jpg 800w, https:\/\/www.upo.es\/fundacionmunicipios\/wp-content\/uploads\/2021\/11\/Prado-del-Rey-fundacion-municipios-pablo-de-olavide-2-1-1200x800.jpg 1200w, https:\/\/www.upo.es\/fundacionmunicipios\/wp-content\/uploads\/2021\/11\/Prado-del-Rey-fundacion-municipios-pablo-de-olavide-2-1.jpg 1800w\" data-sizes=\"auto\" data-orig-sizes=\"(max-width: 1024px) 100vw, (max-width: 640px) 100vw, 400px\" \/><\/a><\/div><\/div><div class=\"person-desc\"><div class=\"person-author\"><div class=\"person-author-wrapper\"><span class=\"person-name\">Prado del Rey<\/span><span class=\"person-title\"><\/span><\/div><div class=\"fusion-social-networks\"><div class=\"fusion-social-networks-wrapper\"><a class=\"fusion-social-network-icon fusion-tooltip fusion-facebook awb-icon-facebook\" aria-label=\"fusion-facebook\" href=\"https:\/\/www.facebook.com\/Ayto.Prado.del.Rey\/\" target=\"_blank\" rel=\"noopener noreferrer\" style=\"color:#3b5998;font-size:16px;\" data-placement=\"top\" data-title=\"Facebook\" title=\"Facebook\" data-toggle=\"tooltip\"><\/a><a class=\"fusion-social-network-icon fusion-tooltip fusion-instagram awb-icon-instagram\" aria-label=\"fusion-instagram\" href=\"https:\/\/www.instagram.com\/pradodelrey\/tagged\/?hl=es\" target=\"_blank\" rel=\"noopener noreferrer\" style=\"color:#c13584;font-size:16px;\" data-placement=\"top\" data-title=\"Instagram\" title=\"Instagram\" data-toggle=\"tooltip\"><\/a><\/div><\/div><\/div><div class=\"person-content fusion-clearfix\"><\/div><\/div><\/div><\/div><\/div><div class=\"fusion-layout-column fusion_builder_column fusion-builder-column-23 fusion_builder_column_1_4 1_4 fusion-flex-column\" style=\"--awb-bg-size:cover;--awb-width-large:25%;--awb-margin-top-large:0px;--awb-spacing-right-large:7.68%;--awb-margin-bottom-large:20px;--awb-spacing-left-large:7.68%;--awb-width-medium:100%;--awb-order-medium:0;--awb-spacing-right-medium:1.92%;--awb-spacing-left-medium:1.92%;--awb-width-small:100%;--awb-order-small:0;--awb-spacing-right-small:1.92%;--awb-spacing-left-small:1.92%;\"><div class=\"fusion-column-wrapper fusion-column-has-shadow fusion-flex-justify-content-flex-start fusion-content-layout-column\"><div class=\"fusion-person person fusion-person-center fusion-person-15 fusion-person-icon-top\" style=\"--awb-pic-style-color:#000000;--awb-pic-borderradius:0px;--awb-margin-top:0px;--awb-margin-right:0px;--awb-margin-bottom:0px;--awb-margin-left:0px;\"><div class=\"person-shortcode-image-wrapper\"><div class=\"person-image-container hover-type-zoomin dropshadow\" style=\"border:0px solid #f6f6f6;-webkit-box-shadow: 3px 3px 7px rgba(0,0,0,0.3);box-shadow: 3px 3px 7px rgba(0,0,0,0.3);-webkit-border-radius:0px;-moz-border-radius:0px;border-radius:0px;\"><a href=\"https:\/\/www.upo.es\/fundacionmunicipios\/san-sebastian-de-los-ballesteros\/\" target=\"_self\"><img decoding=\"async\" class=\"lazyload person-img img-responsive wp-image-4108\" width=\"1800\" height=\"1200\" src=\"https:\/\/www.upo.es\/fundacionmunicipios\/wp-content\/uploads\/2021\/11\/San-Sebastian-de-los-Ballesteros-fundacion-municipios-pablo-de-olavide-3.jpg\" data-orig-src=\"https:\/\/www.upo.es\/fundacionmunicipios\/wp-content\/uploads\/2021\/11\/San-Sebastian-de-los-Ballesteros-fundacion-municipios-pablo-de-olavide-3.jpg\" alt=\"San Sebasti\u00e1n de los Balleteros\" srcset=\"data:image\/svg+xml,%3Csvg%20xmlns%3D%27http%3A%2F%2Fwww.w3.org%2F2000%2Fsvg%27%20width%3D%271800%27%20height%3D%271200%27%20viewBox%3D%270%200%201800%201200%27%3E%3Crect%20width%3D%271800%27%20height%3D%271200%27%20fill-opacity%3D%220%22%2F%3E%3C%2Fsvg%3E\" data-srcset=\"https:\/\/www.upo.es\/fundacionmunicipios\/wp-content\/uploads\/2021\/11\/San-Sebastian-de-los-Ballesteros-fundacion-municipios-pablo-de-olavide-3-200x133.jpg 200w, https:\/\/www.upo.es\/fundacionmunicipios\/wp-content\/uploads\/2021\/11\/San-Sebastian-de-los-Ballesteros-fundacion-municipios-pablo-de-olavide-3-400x267.jpg 400w, https:\/\/www.upo.es\/fundacionmunicipios\/wp-content\/uploads\/2021\/11\/San-Sebastian-de-los-Ballesteros-fundacion-municipios-pablo-de-olavide-3-600x400.jpg 600w, https:\/\/www.upo.es\/fundacionmunicipios\/wp-content\/uploads\/2021\/11\/San-Sebastian-de-los-Ballesteros-fundacion-municipios-pablo-de-olavide-3-800x533.jpg 800w, https:\/\/www.upo.es\/fundacionmunicipios\/wp-content\/uploads\/2021\/11\/San-Sebastian-de-los-Ballesteros-fundacion-municipios-pablo-de-olavide-3-1200x800.jpg 1200w, https:\/\/www.upo.es\/fundacionmunicipios\/wp-content\/uploads\/2021\/11\/San-Sebastian-de-los-Ballesteros-fundacion-municipios-pablo-de-olavide-3.jpg 1800w\" data-sizes=\"auto\" data-orig-sizes=\"(max-width: 1024px) 100vw, (max-width: 640px) 100vw, 400px\" \/><\/a><\/div><\/div><div class=\"person-desc\"><div class=\"person-author\"><div class=\"person-author-wrapper\"><span class=\"person-name\">San Sebasti\u00e1n de los Balleteros<\/span><span class=\"person-title\"><\/span><\/div><div class=\"fusion-social-networks\"><div class=\"fusion-social-networks-wrapper\"><a class=\"fusion-social-network-icon fusion-tooltip fusion-facebook awb-icon-facebook\" aria-label=\"fusion-facebook\" href=\"https:\/\/es-es.facebook.com\/AyuntamientoSSB\/\" target=\"_blank\" rel=\"noopener noreferrer\" style=\"color:#3b5998;font-size:16px;\" data-placement=\"top\" data-title=\"Facebook\" title=\"Facebook\" data-toggle=\"tooltip\"><\/a><\/div><\/div><\/div><div class=\"person-content fusion-clearfix\"><\/div><\/div><\/div><\/div><\/div><div class=\"fusion-layout-column fusion_builder_column fusion-builder-column-24 fusion_builder_column_1_4 1_4 fusion-flex-column\" style=\"--awb-bg-size:cover;--awb-width-large:25%;--awb-margin-top-large:0px;--awb-spacing-right-large:7.68%;--awb-margin-bottom-large:20px;--awb-spacing-left-large:7.68%;--awb-width-medium:100%;--awb-order-medium:0;--awb-spacing-right-medium:1.92%;--awb-spacing-left-medium:1.92%;--awb-width-small:100%;--awb-order-small:0;--awb-spacing-right-small:1.92%;--awb-spacing-left-small:1.92%;\"><div class=\"fusion-column-wrapper fusion-column-has-shadow fusion-flex-justify-content-flex-start fusion-content-layout-column\"><div class=\"fusion-person person fusion-person-center fusion-person-16 fusion-person-icon-top\" style=\"--awb-pic-style-color:#000000;--awb-pic-borderradius:0px;--awb-margin-top:0px;--awb-margin-right:0px;--awb-margin-bottom:0px;--awb-margin-left:0px;\"><div class=\"person-shortcode-image-wrapper\"><div class=\"person-image-container hover-type-zoomin dropshadow\" style=\"border:0px solid #f6f6f6;-webkit-box-shadow: 3px 3px 7px rgba(0,0,0,0.3);box-shadow: 3px 3px 7px rgba(0,0,0,0.3);-webkit-border-radius:0px;-moz-border-radius:0px;border-radius:0px;\"><a href=\"https:\/\/www.upo.es\/fundacionmunicipios\/santa-elena\/\" target=\"_self\"><img decoding=\"async\" class=\"lazyload person-img img-responsive wp-image-4109\" width=\"1800\" height=\"1200\" src=\"https:\/\/www.upo.es\/fundacionmunicipios\/wp-content\/uploads\/2021\/11\/Santa-Elena-de-los-Ballesteros-fundacion-municipios-pablo-de-olavide-3.jpg\" data-orig-src=\"https:\/\/www.upo.es\/fundacionmunicipios\/wp-content\/uploads\/2021\/11\/Santa-Elena-de-los-Ballesteros-fundacion-municipios-pablo-de-olavide-3.jpg\" alt=\"Santa Elena\" srcset=\"data:image\/svg+xml,%3Csvg%20xmlns%3D%27http%3A%2F%2Fwww.w3.org%2F2000%2Fsvg%27%20width%3D%271800%27%20height%3D%271200%27%20viewBox%3D%270%200%201800%201200%27%3E%3Crect%20width%3D%271800%27%20height%3D%271200%27%20fill-opacity%3D%220%22%2F%3E%3C%2Fsvg%3E\" data-srcset=\"https:\/\/www.upo.es\/fundacionmunicipios\/wp-content\/uploads\/2021\/11\/Santa-Elena-de-los-Ballesteros-fundacion-municipios-pablo-de-olavide-3-200x133.jpg 200w, https:\/\/www.upo.es\/fundacionmunicipios\/wp-content\/uploads\/2021\/11\/Santa-Elena-de-los-Ballesteros-fundacion-municipios-pablo-de-olavide-3-400x267.jpg 400w, https:\/\/www.upo.es\/fundacionmunicipios\/wp-content\/uploads\/2021\/11\/Santa-Elena-de-los-Ballesteros-fundacion-municipios-pablo-de-olavide-3-600x400.jpg 600w, https:\/\/www.upo.es\/fundacionmunicipios\/wp-content\/uploads\/2021\/11\/Santa-Elena-de-los-Ballesteros-fundacion-municipios-pablo-de-olavide-3-800x533.jpg 800w, https:\/\/www.upo.es\/fundacionmunicipios\/wp-content\/uploads\/2021\/11\/Santa-Elena-de-los-Ballesteros-fundacion-municipios-pablo-de-olavide-3-1200x800.jpg 1200w, https:\/\/www.upo.es\/fundacionmunicipios\/wp-content\/uploads\/2021\/11\/Santa-Elena-de-los-Ballesteros-fundacion-municipios-pablo-de-olavide-3.jpg 1800w\" data-sizes=\"auto\" data-orig-sizes=\"(max-width: 1024px) 100vw, (max-width: 640px) 100vw, 400px\" \/><\/a><\/div><\/div><div class=\"person-desc\"><div class=\"person-author\"><div class=\"person-author-wrapper\"><span class=\"person-name\">Santa Elena<\/span><span class=\"person-title\"><\/span><\/div><div class=\"fusion-social-networks\"><div class=\"fusion-social-networks-wrapper\"><a class=\"fusion-social-network-icon fusion-tooltip fusion-facebook awb-icon-facebook\" aria-label=\"fusion-facebook\" href=\"https:\/\/www.facebook.com\/AyuntSantaElena\/\" target=\"_blank\" rel=\"noopener noreferrer\" style=\"color:#3b5998;font-size:16px;\" data-placement=\"top\" data-title=\"Facebook\" title=\"Facebook\" data-toggle=\"tooltip\"><\/a><a class=\"fusion-social-network-icon fusion-tooltip fusion-twitter awb-icon-twitter\" aria-label=\"fusion-twitter\" href=\"https:\/\/twitter.com\/santaelenajaen\" target=\"_blank\" rel=\"noopener noreferrer\" style=\"color:#000000;font-size:16px;\" data-placement=\"top\" data-title=\"Twitter\" title=\"Twitter\" data-toggle=\"tooltip\"><\/a><\/div><\/div><\/div><div class=\"person-content fusion-clearfix\"><\/div><\/div><\/div><\/div><\/div><div class=\"fusion-layout-column fusion_builder_column fusion-builder-column-25 fusion_builder_column_1_4 1_4 fusion-flex-column\" style=\"--awb-bg-size:cover;--awb-width-large:25%;--awb-margin-top-large:0px;--awb-spacing-right-large:7.68%;--awb-margin-bottom-large:20px;--awb-spacing-left-large:7.68%;--awb-width-medium:100%;--awb-order-medium:0;--awb-spacing-right-medium:1.92%;--awb-spacing-left-medium:1.92%;--awb-width-small:100%;--awb-order-small:0;--awb-spacing-right-small:1.92%;--awb-spacing-left-small:1.92%;\"><div class=\"fusion-column-wrapper fusion-column-has-shadow fusion-flex-justify-content-flex-start fusion-content-layout-column\"><div class=\"fusion-person person fusion-person-center fusion-person-17 fusion-person-icon-top\" style=\"--awb-pic-style-color:#000000;--awb-pic-borderradius:0px;--awb-margin-top:0px;--awb-margin-right:0px;--awb-margin-bottom:0px;--awb-margin-left:0px;\"><div class=\"person-shortcode-image-wrapper\"><div class=\"person-image-container hover-type-zoomin dropshadow\" style=\"border:0px solid #f6f6f6;-webkit-box-shadow: 3px 3px 7px rgba(0,0,0,0.3);box-shadow: 3px 3px 7px rgba(0,0,0,0.3);-webkit-border-radius:0px;-moz-border-radius:0px;border-radius:0px;\"><a href=\"https:\/\/www.upo.es\/fundacionmunicipios\/sevilla\/\" target=\"_self\"><img decoding=\"async\" class=\"lazyload person-img img-responsive wp-image-30719\" width=\"1800\" height=\"1200\" src=\"https:\/\/www.upo.es\/fundacionmunicipios\/wp-content\/uploads\/2022\/01\/sevilla-fundacion-municipios.jpg\" data-orig-src=\"https:\/\/www.upo.es\/fundacionmunicipios\/wp-content\/uploads\/2022\/01\/sevilla-fundacion-municipios.jpg\" alt=\"Sevilla\" srcset=\"data:image\/svg+xml,%3Csvg%20xmlns%3D%27http%3A%2F%2Fwww.w3.org%2F2000%2Fsvg%27%20width%3D%271800%27%20height%3D%271200%27%20viewBox%3D%270%200%201800%201200%27%3E%3Crect%20width%3D%271800%27%20height%3D%271200%27%20fill-opacity%3D%220%22%2F%3E%3C%2Fsvg%3E\" data-srcset=\"https:\/\/www.upo.es\/fundacionmunicipios\/wp-content\/uploads\/2022\/01\/sevilla-fundacion-municipios-200x133.jpg 200w, https:\/\/www.upo.es\/fundacionmunicipios\/wp-content\/uploads\/2022\/01\/sevilla-fundacion-municipios-400x267.jpg 400w, https:\/\/www.upo.es\/fundacionmunicipios\/wp-content\/uploads\/2022\/01\/sevilla-fundacion-municipios-600x400.jpg 600w, https:\/\/www.upo.es\/fundacionmunicipios\/wp-content\/uploads\/2022\/01\/sevilla-fundacion-municipios-800x533.jpg 800w, https:\/\/www.upo.es\/fundacionmunicipios\/wp-content\/uploads\/2022\/01\/sevilla-fundacion-municipios-1200x800.jpg 1200w, https:\/\/www.upo.es\/fundacionmunicipios\/wp-content\/uploads\/2022\/01\/sevilla-fundacion-municipios.jpg 1800w\" data-sizes=\"auto\" data-orig-sizes=\"(max-width: 1024px) 100vw, (max-width: 640px) 100vw, 400px\" \/><\/a><\/div><\/div><div class=\"person-desc\"><div class=\"person-author\"><div class=\"person-author-wrapper\"><span class=\"person-name\">Sevilla<\/span><span class=\"person-title\"><\/span><\/div><div class=\"fusion-social-networks\"><div class=\"fusion-social-networks-wrapper\"><a class=\"fusion-social-network-icon fusion-tooltip fusion-facebook awb-icon-facebook\" aria-label=\"fusion-facebook\" href=\"https:\/\/es-es.facebook.com\/AyuntamientodeSevilla\/\" target=\"_blank\" rel=\"noopener noreferrer\" style=\"color:#3b5998;font-size:16px;\" data-placement=\"top\" data-title=\"Facebook\" title=\"Facebook\" data-toggle=\"tooltip\"><\/a><a class=\"fusion-social-network-icon fusion-tooltip fusion-twitter awb-icon-twitter\" aria-label=\"fusion-twitter\" href=\"https:\/\/twitter.com\/ayto_sevilla\" target=\"_blank\" rel=\"noopener noreferrer\" style=\"color:#000000;font-size:16px;\" data-placement=\"top\" data-title=\"Twitter\" title=\"Twitter\" data-toggle=\"tooltip\"><\/a><a class=\"fusion-social-network-icon fusion-tooltip fusion-instagram awb-icon-instagram\" aria-label=\"fusion-instagram\" href=\"https:\/\/www.instagram.com\/ayto_sevilla\/\" target=\"_blank\" rel=\"noopener noreferrer\" style=\"color:#c13584;font-size:16px;\" data-placement=\"top\" data-title=\"Instagram\" title=\"Instagram\" data-toggle=\"tooltip\"><\/a><\/div><\/div><\/div><div class=\"person-content fusion-clearfix\"><\/div><\/div><\/div><\/div><\/div><div class=\"fusion-layout-column fusion_builder_column fusion-builder-column-26 fusion_builder_column_1_4 1_4 fusion-flex-column\" style=\"--awb-bg-size:cover;--awb-width-large:25%;--awb-margin-top-large:0px;--awb-spacing-right-large:7.68%;--awb-margin-bottom-large:20px;--awb-spacing-left-large:7.68%;--awb-width-medium:100%;--awb-order-medium:0;--awb-spacing-right-medium:1.92%;--awb-spacing-left-medium:1.92%;--awb-width-small:100%;--awb-order-small:0;--awb-spacing-right-small:1.92%;--awb-spacing-left-small:1.92%;\"><div class=\"fusion-column-wrapper fusion-column-has-shadow fusion-flex-justify-content-flex-start fusion-content-layout-column\"><\/div><\/div><\/div><\/div><\/p>\n","protected":false},"excerpt":{"rendered":"","protected":false},"author":1,"featured_media":0,"parent":0,"menu_order":2,"comment_status":"closed","ping_status":"closed","template":"100-width.php","meta":{"_acf_changed":false,"footnotes":""},"class_list":["post-1706","page","type-page","status-publish","hentry"],"acf":[],"_links":{"self":[{"href":"https:\/\/www.upo.es\/fundacionmunicipios\/wp-json\/wp\/v2\/pages\/1706","targetHints":{"allow":["GET"]}}],"collection":[{"href":"https:\/\/www.upo.es\/fundacionmunicipios\/wp-json\/wp\/v2\/pages"}],"about":[{"href":"https:\/\/www.upo.es\/fundacionmunicipios\/wp-json\/wp\/v2\/types\/page"}],"author":[{"embeddable":true,"href":"https:\/\/www.upo.es\/fundacionmunicipios\/wp-json\/wp\/v2\/users\/1"}],"replies":[{"embeddable":true,"href":"https:\/\/www.upo.es\/fundacionmunicipios\/wp-json\/wp\/v2\/comments?post=1706"}],"version-history":[{"count":0,"href":"https:\/\/www.upo.es\/fundacionmunicipios\/wp-json\/wp\/v2\/pages\/1706\/revisions"}],"wp:attachment":[{"href":"https:\/\/www.upo.es\/fundacionmunicipios\/wp-json\/wp\/v2\/media?parent=1706"}],"curies":[{"name":"wp","href":"https:\/\/api.w.org\/{rel}","templated":true}]}}