{"id":3679,"date":"2021-10-22T10:08:22","date_gmt":"2021-10-22T10:08:22","guid":{"rendered":"https:\/\/www.upo.es\/fundacionmunicipios\/?page_id=3679"},"modified":"2022-03-03T14:55:03","modified_gmt":"2022-03-03T13:55:03","slug":"arquillos","status":"publish","type":"page","link":"https:\/\/www.upo.es\/fundacionmunicipios\/arquillos\/","title":{"rendered":"Arquillos"},"content":{"rendered":"<p><div class=\"fusion-fullwidth fullwidth-box fusion-builder-row-1 fusion-flex-container nonhundred-percent-fullwidth non-hundred-percent-height-scrolling\" style=\"--awb-border-radius-top-left:0px;--awb-border-radius-top-right:0px;--awb-border-radius-bottom-right:0px;--awb-border-radius-bottom-left:0px;--awb-padding-top:80px;--awb-padding-bottom:50px;--awb-padding-top-small:40px;--awb-margin-top:-60px;--awb-background-color:#00335b;--awb-flex-wrap:wrap;\" ><div class=\"fusion-builder-row fusion-row fusion-flex-align-items-flex-start fusion-flex-content-wrap\" style=\"max-width:1248px;margin-left: calc(-4% \/ 2 );margin-right: calc(-4% \/ 2 );\"><div class=\"fusion-layout-column fusion_builder_column fusion-builder-column-0 fusion_builder_column_1_1 1_1 fusion-flex-column\" style=\"--awb-padding-top-small:0px;--awb-bg-blend:overlay;--awb-bg-size:cover;--awb-width-large:100%;--awb-margin-top-large:0px;--awb-spacing-right-large:1.92%;--awb-margin-bottom-large:20px;--awb-spacing-left-large:1.92%;--awb-width-medium:100%;--awb-spacing-right-medium:1.92%;--awb-spacing-left-medium:1.92%;--awb-width-small:100%;--awb-margin-top-small:0px;--awb-spacing-right-small:1.92%;--awb-spacing-left-small:1.92%;\"><div class=\"fusion-column-wrapper fusion-column-has-shadow fusion-flex-justify-content-flex-start fusion-content-layout-column\"><div class=\"fusion-title title fusion-title-1 fusion-title-center fusion-title-text fusion-title-size-two\" style=\"--awb-text-color:#ffffff;\"><div class=\"title-sep-container title-sep-container-left\"><div class=\"title-sep sep- sep-solid\" style=\"border-color:#e0dede;\"><\/div><\/div><span class=\"awb-title-spacer\"><\/span><h2 class=\"fusion-title-heading title-heading-center fusion-responsive-typography-calculated\" style=\"margin:0;--fontSize:38;line-height:1.12;\"><p>Datos de inter\u00e9s<u><br \/>\n<\/u><\/p><\/h2><span class=\"awb-title-spacer\"><\/span><div class=\"title-sep-container title-sep-container-right\"><div class=\"title-sep sep- sep-solid\" style=\"border-color:#e0dede;\"><\/div><\/div><\/div><\/div><\/div><div class=\"fusion-layout-column fusion_builder_column fusion-builder-column-1 fusion_builder_column_1_4 1_4 fusion-flex-column\" style=\"--awb-padding-top:18px;--awb-padding-bottom:18px;--awb-overflow:hidden;--awb-bg-color:rgba(0,0,0,0.1);--awb-bg-color-hover:rgba(0,0,0,0.1);--awb-bg-blend:overlay;--awb-bg-size:cover;--awb-border-radius:10px 10px 10px 10px;--awb-width-large:25%;--awb-margin-top-large:0px;--awb-spacing-right-large:7.68%;--awb-margin-bottom-large:20px;--awb-spacing-left-large:7.68%;--awb-width-medium:100%;--awb-spacing-right-medium:1.92%;--awb-spacing-left-medium:1.92%;--awb-width-small:100%;--awb-spacing-right-small:1.92%;--awb-spacing-left-small:1.92%;\"><div class=\"fusion-column-wrapper fusion-column-has-shadow fusion-flex-justify-content-flex-start fusion-content-layout-column\"><div class=\"fusion-counters-box counters-box row fusion-clearfix fusion-columns-1\" style=\"--awb-border-color:rgba(224,222,222,0);--awb-color:#ffffff;--awb-title-size:42;--awb-icon-size:32;--awb-border-color:rgba(224,222,222,0);\"><div class=\"fusion-counter-box fusion-column col-counter-box counter-box-wrapper col-lg-12 col-md-12 col-sm-12\" data-animationOffset=\"top-into-view\"><div class=\"counter-box-container\"><div class=\"content-box-percentage content-box-counter\"><span class=\"display-counter\" data-value=\"1797\" data-direction=\"up\" data-decimals=\"0\">0<\/span><\/div><div class=\"counter-box-content\"><\/div><\/div><\/div><\/div><div class=\"fusion-text fusion-text-1\"><p style=\"text-align: center; margin-bottom: 0; margin-top: -30px; line-height: 1.5;\"><span style=\"color: #ffffff;\">Habitantes<\/span><\/p>\n<\/div><\/div><\/div><div class=\"fusion-layout-column fusion_builder_column fusion-builder-column-2 fusion_builder_column_1_4 1_4 fusion-flex-column\" style=\"--awb-padding-top:18px;--awb-padding-bottom:18px;--awb-overflow:hidden;--awb-bg-color:rgba(0,0,0,0.1);--awb-bg-color-hover:rgba(0,0,0,0.1);--awb-bg-blend:overlay;--awb-bg-size:cover;--awb-border-radius:10px 10px 10px 10px;--awb-width-large:25%;--awb-margin-top-large:0px;--awb-spacing-right-large:7.68%;--awb-margin-bottom-large:20px;--awb-spacing-left-large:7.68%;--awb-width-medium:100%;--awb-spacing-right-medium:1.92%;--awb-spacing-left-medium:1.92%;--awb-width-small:100%;--awb-spacing-right-small:1.92%;--awb-spacing-left-small:1.92%;\"><div class=\"fusion-column-wrapper fusion-column-has-shadow fusion-flex-justify-content-flex-start fusion-content-layout-column\"><div class=\"fusion-counters-box counters-box row fusion-clearfix fusion-columns-1\" style=\"--awb-border-color:rgba(224,222,222,0);--awb-color:#ffffff;--awb-title-size:42;--awb-icon-size:32;--awb-border-color:rgba(224,222,222,0);\"><div class=\"fusion-counter-box fusion-column col-counter-box counter-box-wrapper col-lg-12 col-md-12 col-sm-12\" data-animationOffset=\"top-into-view\"><div class=\"counter-box-container\"><div class=\"content-box-percentage content-box-counter\"><span class=\"display-counter\" data-value=\"378\" data-direction=\"up\" data-decimals=\"0\">0<\/span><span class=\"unit\"> m<\/span><\/div><div class=\"counter-box-content\"><\/div><\/div><\/div><\/div><div class=\"fusion-text fusion-text-2\"><p style=\"text-align: center; margin-bottom: 0; margin-top: -30px; line-height: 1.5;\"><span style=\"color: #ffffff;\">sobre el nivel del mar<\/span><\/p>\n<\/div><\/div><\/div><div class=\"fusion-layout-column fusion_builder_column fusion-builder-column-3 fusion_builder_column_1_4 1_4 fusion-flex-column\" style=\"--awb-padding-top:18px;--awb-padding-bottom:18px;--awb-overflow:hidden;--awb-bg-color:rgba(0,0,0,0.1);--awb-bg-color-hover:rgba(0,0,0,0.1);--awb-bg-blend:overlay;--awb-bg-size:cover;--awb-border-radius:10px 10px 10px 10px;--awb-width-large:25%;--awb-margin-top-large:0px;--awb-spacing-right-large:7.68%;--awb-margin-bottom-large:20px;--awb-spacing-left-large:7.68%;--awb-width-medium:100%;--awb-spacing-right-medium:1.92%;--awb-spacing-left-medium:1.92%;--awb-width-small:100%;--awb-spacing-right-small:1.92%;--awb-spacing-left-small:1.92%;\"><div class=\"fusion-column-wrapper fusion-column-has-shadow fusion-flex-justify-content-flex-start fusion-content-layout-column\"><div class=\"fusion-counters-box counters-box row fusion-clearfix fusion-columns-1\" style=\"--awb-border-color:rgba(224,222,222,0);--awb-color:#ffffff;--awb-title-size:42;--awb-icon-size:32;--awb-border-color:rgba(224,222,222,0);\"><div class=\"fusion-counter-box fusion-column col-counter-box counter-box-wrapper col-lg-12 col-md-12 col-sm-12\" data-animationOffset=\"top-into-view\"><div class=\"counter-box-container\"><div class=\"content-box-percentage content-box-counter\"><span class=\"display-counter\" data-value=\"65\" data-direction=\"up\" data-decimals=\"0\">0<\/span><span class=\"unit\"> km\u00b2<\/span><\/div><div class=\"counter-box-content\"><\/div><\/div><\/div><\/div><div class=\"fusion-text fusion-text-3\" style=\"--awb-text-transform:none;\"><p style=\"text-align: center; margin-bottom: 0; margin-top: -30px; line-height: 1.5;\"><span style=\"color: #ffffff;\">superficie del t\u00e9rmino<\/span><\/p>\n<\/div><\/div><\/div><div class=\"fusion-layout-column fusion_builder_column fusion-builder-column-4 fusion_builder_column_1_4 1_4 fusion-flex-column\" style=\"--awb-padding-top:18px;--awb-padding-bottom:18px;--awb-overflow:hidden;--awb-bg-color:rgba(0,0,0,0.1);--awb-bg-color-hover:rgba(0,0,0,0.1);--awb-bg-blend:overlay;--awb-bg-size:cover;--awb-border-radius:10px 10px 10px 10px;--awb-width-large:25%;--awb-margin-top-large:0px;--awb-spacing-right-large:7.68%;--awb-margin-bottom-large:20px;--awb-spacing-left-large:7.68%;--awb-width-medium:100%;--awb-spacing-right-medium:1.92%;--awb-spacing-left-medium:1.92%;--awb-width-small:100%;--awb-spacing-right-small:1.92%;--awb-spacing-left-small:1.92%;\"><div class=\"fusion-column-wrapper fusion-column-has-shadow fusion-flex-justify-content-flex-start fusion-content-layout-column\"><div class=\"fusion-counters-box counters-box row fusion-clearfix fusion-columns-1\" style=\"--awb-border-color:rgba(224,222,222,0);--awb-color:#ffffff;--awb-title-size:42;--awb-icon-size:32;--awb-border-color:rgba(224,222,222,0);\"><div class=\"fusion-counter-box fusion-column col-counter-box counter-box-wrapper col-lg-12 col-md-12 col-sm-12\" data-animationOffset=\"top-into-view\"><div class=\"counter-box-container\"><div class=\"content-box-percentage content-box-counter\"><span class=\"display-counter\" data-value=\"75\" data-direction=\"up\" data-decimals=\"0\">0<\/span><span class=\"unit\"> km<\/span><\/div><div class=\"counter-box-content\"><\/div><\/div><\/div><\/div><div class=\"fusion-text fusion-text-4\"><p style=\"text-align: center; margin-bottom: 0; margin-top: -30px; line-height: 1.5;\"><span style=\"color: #ffffff;\">distancia a Ja\u00e9n Capital<\/span><\/p>\n<\/div><\/div><\/div><\/div><\/div><div class=\"fusion-fullwidth fullwidth-box fusion-builder-row-2 fusion-flex-container nonhundred-percent-fullwidth non-hundred-percent-height-scrolling\" style=\"--awb-border-radius-top-left:0px;--awb-border-radius-top-right:0px;--awb-border-radius-bottom-right:0px;--awb-border-radius-bottom-left:0px;--awb-flex-wrap:wrap;\" ><div class=\"fusion-builder-row fusion-row fusion-flex-align-items-flex-start fusion-flex-content-wrap\" style=\"max-width:1248px;margin-left: calc(-4% \/ 2 );margin-right: calc(-4% \/ 2 );\"><div class=\"fusion-layout-column fusion_builder_column fusion-builder-column-5 fusion_builder_column_1_1 1_1 fusion-flex-column\" style=\"--awb-bg-blend:overlay;--awb-bg-size:cover;--awb-width-large:100%;--awb-margin-top-large:0px;--awb-spacing-right-large:1.92%;--awb-margin-bottom-large:20px;--awb-spacing-left-large:1.92%;--awb-width-medium:100%;--awb-spacing-right-medium:1.92%;--awb-spacing-left-medium:1.92%;--awb-width-small:100%;--awb-spacing-right-small:1.92%;--awb-spacing-left-small:1.92%;\"><div class=\"fusion-column-wrapper fusion-column-has-shadow fusion-flex-justify-content-flex-start fusion-content-layout-column\"><div class=\"fusion-section-separator section-separator horizon fusion-section-separator-1\" style=\"--awb-spacer-padding-top:17.3828125%;--awb-svg-margin-left:1.92%;--awb-svg-margin-right:1.92%;--awb-svg-margin-left-medium:1.92%;--awb-svg-margin-right-medium:1.92%;--awb-svg-margin-left-small:1.92%;--awb-svg-margin-right-small:1.92%;--awb-sep-font-size:0;--awb-sep-line-height:0;\"><div class=\"fusion-section-separator-svg\"><svg class=\"fusion-horizon-candy\" xmlns=\"http:\/\/www.w3.org\/2000\/svg\" version=\"1.1\" width=\"100%\" viewBox=\"0 0 1024 178\" preserveAspectRatio=\"none\" fill=\"rgba(0,51,91,1)\"><path class=\"st0\" d=\"M1024 177.193L507.699 43.254 0 177.193V.041h1024v177.152z\"\/>\n\t\t\t\t\t\t\t\t\t<path class=\"st1\" d=\"M1024 138.076L507.699 43.152 0 138.076V-.266h1024v138.342z\"\/>\n\t\t\t\t\t\t\t\t\t<path class=\"st2\" d=\"M1024 67.728L507.699 43.152 0 67.728V-.266h1024v67.994z\"\/>\n\t\t\t\t\t\t\t\t\t<path class=\"st3\" d=\"M1024 3.625L507.699 43.152 0 3.625V-.266h1024v3.891z\"\/>\n\t\t\t\t\t\t\t\t<\/svg><\/div><div class=\"fusion-section-separator-spacer\"><div class=\"fusion-section-separator-spacer-height\"><\/div><\/div><\/div><\/div><\/div><\/div><\/div><div class=\"fusion-fullwidth fullwidth-box fusion-builder-row-3 fusion-flex-container nonhundred-percent-fullwidth non-hundred-percent-height-scrolling\" style=\"--awb-border-sizes-top:0px;--awb-border-sizes-bottom:0px;--awb-border-sizes-left:0px;--awb-border-sizes-right:0px;--awb-border-radius-top-left:0px;--awb-border-radius-top-right:0px;--awb-border-radius-bottom-right:0px;--awb-border-radius-bottom-left:0px;--awb-padding-top:0px;--awb-padding-right:0px;--awb-padding-bottom:0px;--awb-padding-left:0px;--awb-padding-top-small:60px;--awb-padding-right-small:32px;--awb-padding-bottom-small:0px;--awb-padding-left-small:32px;--awb-margin-top:0%;--awb-margin-bottom:0px;--awb-flex-wrap:wrap;\" ><div class=\"fusion-builder-row fusion-row fusion-flex-align-items-flex-start fusion-flex-content-wrap\" style=\"max-width:1248px;margin-left: calc(-4% \/ 2 );margin-right: calc(-4% \/ 2 );\"><div class=\"fusion-layout-column fusion_builder_column fusion-builder-column-6 fusion_builder_column_1_1 1_1 fusion-flex-column\" style=\"--awb-bg-blend:overlay;--awb-bg-size:cover;--awb-width-large:100%;--awb-margin-top-large:0px;--awb-spacing-right-large:5.76%;--awb-margin-bottom-large:0px;--awb-spacing-left-large:5.76%;--awb-width-medium:100%;--awb-spacing-right-medium:1.92%;--awb-spacing-left-medium:1.92%;--awb-width-small:100%;--awb-spacing-right-small:1.92%;--awb-margin-bottom-small:4%;--awb-spacing-left-small:1.92%;\"><div class=\"fusion-column-wrapper fusion-flex-justify-content-flex-start fusion-content-layout-column\"><div class=\"fusion-text fusion-text-5\"><p style=\"text-align: justify;\"><span style=\"color: #000000;\"><i>\u201cEntre perfumes y flores, a Arquillos Dios hizo un d\u00eda. En \u00e9l naci\u00f3 la alegr\u00eda, la riqueza y los amores. Lo cruza la carretera como una cinta de plata y en su cielo se retrata la paz que en el pueblo impera (&#8230;)\u00bb<\/i><\/span><\/p>\n<p style=\"text-align: right;\"><em>Pasodoble de Arquillos (fragmento)<\/em><\/p>\n<\/div><\/div><\/div><\/div><\/div><div class=\"fusion-fullwidth fullwidth-box fusion-builder-row-4 fusion-flex-container nonhundred-percent-fullwidth non-hundred-percent-height-scrolling\" style=\"--awb-border-radius-top-left:0px;--awb-border-radius-top-right:0px;--awb-border-radius-bottom-right:0px;--awb-border-radius-bottom-left:0px;--awb-padding-top:40px;--awb-padding-bottom:40px;--awb-padding-top-small:0px;--awb-padding-right-small:30px;--awb-padding-bottom-small:0px;--awb-padding-left-small:30px;--awb-margin-bottom:0px;--awb-flex-wrap:wrap;\" ><div class=\"fusion-builder-row fusion-row fusion-flex-align-items-flex-start fusion-flex-content-wrap\" style=\"max-width:1248px;margin-left: calc(-4% \/ 2 );margin-right: calc(-4% \/ 2 );\"><div class=\"fusion-layout-column fusion_builder_column fusion-builder-column-7 fusion_builder_column_1_1 1_1 fusion-flex-column\" style=\"--awb-padding-right:100px;--awb-padding-left:100px;--awb-padding-right-small:0px;--awb-padding-left-small:0px;--awb-bg-blend:overlay;--awb-bg-size:cover;--awb-width-large:100%;--awb-margin-top-large:0px;--awb-spacing-right-large:1.92%;--awb-margin-bottom-large:20px;--awb-spacing-left-large:1.92%;--awb-width-medium:100%;--awb-spacing-right-medium:1.92%;--awb-spacing-left-medium:1.92%;--awb-width-small:100%;--awb-margin-top-small:10%;--awb-spacing-right-small:0.096%;--awb-margin-bottom-small:10%;--awb-spacing-left-small:0%;\"><div class=\"fusion-column-wrapper fusion-column-has-shadow fusion-flex-justify-content-flex-start fusion-content-layout-column\"><div class=\"accordian fusion-accordian\" style=\"--awb-border-size:8px;--awb-icon-size:18px;--awb-content-font-size:16px;--awb-icon-alignment:left;--awb-hover-color:#f9f9fb;--awb-border-color:#e2e2e2;--awb-background-color:#ffffff;--awb-divider-color:#e0dede;--awb-divider-hover-color:#e0dede;--awb-icon-color:#ffffff;--awb-title-color:#00335b;--awb-content-color:#4a4e57;--awb-icon-box-color:#00335b;--awb-toggle-hover-accent-color:rgba(0,0,0,0.53);--awb-title-font-family:&quot;Roboto&quot;;--awb-title-font-weight:300;--awb-title-font-style:normal;--awb-title-font-size:30px;--awb-content-font-family:&quot;Roboto&quot;;--awb-content-font-style:normal;--awb-content-font-weight:300;\"><div class=\"panel-group fusion-toggle-icon-boxed\" id=\"accordion-3679-1\"><div class=\"fusion-panel panel-default panel-d2b50c09a840c4bdb fusion-toggle-has-divider\"><div class=\"panel-heading\"><h4 class=\"panel-title toggle\" id=\"toggle_d2b50c09a840c4bdb\"><a aria-expanded=\"false\" aria-controls=\"d2b50c09a840c4bdb\" role=\"button\" data-toggle=\"collapse\" data-target=\"#d2b50c09a840c4bdb\" href=\"#d2b50c09a840c4bdb\"><span class=\"fusion-toggle-icon-wrapper\" aria-hidden=\"true\"><i class=\"fa-fusion-box active-icon awb-icon-minus\" aria-hidden=\"true\"><\/i><i class=\"fa-fusion-box inactive-icon awb-icon-plus\" aria-hidden=\"true\"><\/i><\/span><span class=\"fusion-toggle-heading\">Historia<\/span><\/a><\/h4><\/div><div id=\"d2b50c09a840c4bdb\" class=\"panel-collapse collapse \" aria-labelledby=\"toggle_d2b50c09a840c4bdb\"><div class=\"panel-body toggle-content fusion-clearfix\">\n<p style=\"text-align: justify;\"><span style=\"color: #000000;\">Su privilegiada situaci\u00f3n entre dos v\u00edas naturales en las estribaciones del paso entre La Mancha y Andaluc\u00eda, ha dado lugar a una larga presencia humana en la zona. Fue una de estas rutas naturales la que potenciaron los romanos, la V\u00eda Augusta, especialmente en los alrededores del cortijo conocido como Arquillos el Viejo. Fue en el siglo XIII, concretamente en 1254, cuando apareci\u00f3 mencionado Arquillos por primera y fidedigna vez, en un documento en el que Alfonso X el Sabio informa de la entrega de la aldea a Baeza para su defensa, lo que demostrar\u00eda la presencia andalus\u00ed en la zona. Recientemente se ha descubierto en el subsuelo de la poblaci\u00f3n, lo que por todos los indicios parece ser un qanat, construcci\u00f3n isl\u00e1mica para la captaci\u00f3n de aguas subterr\u00e1neas, que desemboca en zona baja del pueblo como un venero conocido como Fuente Buena.<\/span><\/p>\n<p><img decoding=\"async\" class=\"lazyload alignleft wp-image-3823\" src=\"https:\/\/www.upo.es\/fundacionmunicipios\/wp-content\/uploads\/2021\/10\/texto-arquillos-fundacion-municipios-01.jpg\" data-orig-src=\"https:\/\/www.upo.es\/fundacionmunicipios\/wp-content\/uploads\/2021\/10\/texto-arquillos-fundacion-municipios-01.jpg\" alt=\"\" width=\"442\" height=\"294\" srcset=\"data:image\/svg+xml,%3Csvg%20xmlns%3D%27http%3A%2F%2Fwww.w3.org%2F2000%2Fsvg%27%20width%3D%27442%27%20height%3D%27294%27%20viewBox%3D%270%200%20442%20294%27%3E%3Crect%20width%3D%27442%27%20height%3D%27294%27%20fill-opacity%3D%220%22%2F%3E%3C%2Fsvg%3E\" data-srcset=\"https:\/\/www.upo.es\/fundacionmunicipios\/wp-content\/uploads\/2021\/10\/texto-arquillos-fundacion-municipios-01-200x133.jpg 200w, https:\/\/www.upo.es\/fundacionmunicipios\/wp-content\/uploads\/2021\/10\/texto-arquillos-fundacion-municipios-01-300x200.jpg 300w, https:\/\/www.upo.es\/fundacionmunicipios\/wp-content\/uploads\/2021\/10\/texto-arquillos-fundacion-municipios-01-400x267.jpg 400w, https:\/\/www.upo.es\/fundacionmunicipios\/wp-content\/uploads\/2021\/10\/texto-arquillos-fundacion-municipios-01-500x333.jpg 500w, https:\/\/www.upo.es\/fundacionmunicipios\/wp-content\/uploads\/2021\/10\/texto-arquillos-fundacion-municipios-01-600x400.jpg 600w, https:\/\/www.upo.es\/fundacionmunicipios\/wp-content\/uploads\/2021\/10\/texto-arquillos-fundacion-municipios-01-700x466.jpg 700w, https:\/\/www.upo.es\/fundacionmunicipios\/wp-content\/uploads\/2021\/10\/texto-arquillos-fundacion-municipios-01-768x512.jpg 768w, https:\/\/www.upo.es\/fundacionmunicipios\/wp-content\/uploads\/2021\/10\/texto-arquillos-fundacion-municipios-01-800x533.jpg 800w, https:\/\/www.upo.es\/fundacionmunicipios\/wp-content\/uploads\/2021\/10\/texto-arquillos-fundacion-municipios-01-1024x682.jpg 1024w, https:\/\/www.upo.es\/fundacionmunicipios\/wp-content\/uploads\/2021\/10\/texto-arquillos-fundacion-municipios-01.jpg 1100w\" data-sizes=\"auto\" data-orig-sizes=\"(max-width: 442px) 100vw, 442px\" \/><\/p>\n<p style=\"text-align: justify;\"><span style=\"color: #000000;\">Los siglos posteriores se caracterizaron por un gran tr\u00e1nsito de personajes ilustres que hac\u00edan camino y, en ocasiones, parada y fonda en las inmediaciones de Arquillos el Viejo, en concreto en la conocida como Venta de los Arquillos. Se tiene constancia documental del paso por este lugar de Crist\u00f3bal Col\u00f3n el d\u00eda 11 de junio de 1493 en su camino desde Barcelona a Sevilla y a C\u00e1diz, desde la que emprender\u00eda su segundo viaje a Am\u00e9rica. Pernoct\u00f3 el almirante gratuitamente, seg\u00fan privilegio recogido en la Real Cedula a los concejos, justicias, regidores, etc. de los reinos y se\u00f1or\u00edos de Castilla, de 26 de mayo de 1493.<\/span><\/p>\n<p style=\"text-align: justify;\"><span style=\"color: #000000;\">Santa Teresa de Jes\u00fas visit\u00f3 esta venta en mayo de 1575 en su camino desde la primera fundaci\u00f3n carmelita andaluza en Beas de Segura, hacia la que ser\u00eda la segunda, en Sevilla. En su obra Libro de las Fundaciones, describe estas tierras giennenses \u201c\u2026de cerros e montes bajos e altos e tierras de pan llevar, por el camino de la v\u00eda romana dejando a su izquierda como a cuatro tiros de ballesta, las Navas de S. Juan\u201d.<\/span><\/p>\n<p style=\"text-align: justify;\"><span style=\"color: #000000;\">El Gran Duque de Toscana, Cosme III de Medici, durante su viaje por Espa\u00f1a y Portugal entre 1668 y 1669, tambi\u00e9n recal\u00f3 por este ya vemos que muy transitado lugar de hospedaje, acompa\u00f1ado del ilustrador Pier Maria Baldi (gracias al cual se dispone de la \u00fanica imagen de la venta de la que tenemos constancia) el 5 de diciembre y despu\u00e9s de \u201c\u2026o\u00edr misa en la capilla de El Teatino\u2026\u201d se refresc\u00f3 en la conocida venta. El t\u00edtulo de la ilustraci\u00f3n realizada por Baldi (depositada en la Biblioteca Laurenciana de Florencia) no deja dudas de la impresi\u00f3n que caus\u00f3 a los viajeros: \u201cLa Venta de los Arquillos, m\u00edsero tugurio a cuatro leguas de Santisteban del Puerto\u201d\u2026<\/span><\/p>\n<p style=\"text-align: justify;\"><span style=\"color: #000000;\">Fue Arquillos uno de los lugares seleccionados para ubicar a los colonos principalmente europeos (pero tambi\u00e9n con el tiempo espa\u00f1oles) que habr\u00edan de dar desarrollo y fomentar la explotaci\u00f3n de estas tierras, no tan feraces como en la propaganda oficial se hac\u00eda menci\u00f3n. En junio de 1768 dan comienzo las obras de construcci\u00f3n de la nueva colonia. La idea inicial era la de bautizar el lugar conocido ya como Arquillos el Nuevo (identificado tradicionalmente como El Teatino, en contraposici\u00f3n con el ya mencionado Arquillos el Viejo) como Campoman\u00eda, en alusi\u00f3n directa a Pedro Rodr\u00edguez de Campomanes, a la saz\u00f3n, Ministro de Hacienda de Carlos III, pero el peso del nombre hist\u00f3rico de Arquillos fue mayor que el del pol\u00edtico asturiano, y con Arquillos se qued\u00f3.<\/span><\/p>\n<p style=\"text-align: justify;\"><span style=\"color: #000000;\">En plena Guerra de Independencia, fueron los alrededores de Arquillos lugar de desarrollo de La Acci\u00f3n de Arquillos, que trajo consigo grandes p\u00e9rdidas en las filas espa\u00f1olas en el frente defensivo de Sierra Morena, luego de la tremenda derrota de los ej\u00e9rcitos nacionales en la batalla de Oca\u00f1a, all\u00e1 por 1810. El ej\u00e9rcito de los generales Areizaga y Castej\u00f3n (que comandaban los restos del Regimiento de Voluntarios de M\u00e1laga a las \u00f3rdenes del capit\u00e1n Vicente Moreno Baptista) sufri\u00f3 las acometidas imperiales de las huestes del general Sebastiani, especialmente por parte de la caballer\u00eda gala, desde las estribaciones de Despe\u00f1aperros coincidiendo ambos contingentes en las inmediaciones de Arquillos. Unos a\u00f1os despu\u00e9s tuvo lugar tambi\u00e9n cerca de la localidad, el apresamiento del general liberal Rafael del Riego durante el reinado de Fernando VII, mientras se produc\u00eda la huida del militar y unos pocos compa\u00f1eros despu\u00e9s de la fracasada batalla de J\u00f3dar (dentro de la guerra que enfrent\u00f3 a liberales contra absolutistas con el singular protagonismo de los Cien Mil Hijos de San Luis), siendo dado por preso en un cortijo cercano a Arquillos por varios vecinos, con su alcalde al frente, despu\u00e9s de ser enga\u00f1ados por sus supuestos gu\u00edas hacia la libertad de los pasos de Sierra Morena. Este hecho ser\u00eda motivo para que Isabel II concediera la independencia del pueblo en 1833, como premio por su apoyo a la causa fernandina.<\/span><\/p>\n<p style=\"text-align: justify;\"><span style=\"color: #000000;\">Los siguientes a\u00f1os han sido testigos de la evoluci\u00f3n del municipio, dentro de una econom\u00eda fundamentada en el olivar como principal recurso y sustento. La Guerra Civil Espa\u00f1ola no trajo consigo, afortunadamente, grandes se\u00f1ales de abusos y opresi\u00f3n por ninguno de los dos bandos, ni durante ni despu\u00e9s de la guerra, m\u00e1s all\u00e1 de las tensiones propias de los conflictos fratricidas. Este hecho ha significado que no existen ni revanchismos ni odios larvados en las familias arquilleras, algo de lo que se enorgullecen los descendientes de aquellos que sobrellevaron como pudieron esos crueles acontecimientos. El gran cantaor flamenco Pepe Marchena pas\u00f3 los a\u00f1os de guerra viviendo en una modesta casa del pueblo, haci\u00e9ndole caso (seg\u00fan comentario del artista en diversas ocasiones en a\u00f1os posteriores) al ofrecimiento de un amigo que le recomend\u00f3 ubicarse en Arquillos en esos aciagos a\u00f1os. La emigraci\u00f3n de mediados del siglo XX fue dura en Arquillos, perdiendo la mitad de su poblaci\u00f3n, principalmente hacia a la provincia de Barcelona, cre\u00e1ndose en algunas de sus poblaciones aut\u00e9nticos barrios arquilleros que todav\u00eda hoy muestran el amor por sus or\u00edgenes en las siguientes generaciones ya nacidas fuera de esta tierra condatense. Con la llegada de la democracia, la situaci\u00f3n econ\u00f3mica ha ido mejorando poco a poco, pero se sigue dependiendo demasiado del olivar. Se han perdido oportunidades, se han malogrado otras, pero el esp\u00edritu alegre y vital de sus habitantes, heredero de la energ\u00eda y del optimismo de los fundadores, ha dado lugar a un buen n\u00famero de iniciativas culturales y sociales que est\u00e1n dinamizando la localidad en este segundo milenio y que sin duda m\u00e1s pronto que tarde dar\u00e1n sus frutos, si no lo est\u00e1n dando ya.<\/span><\/p>\n<\/div><\/div><\/div><div class=\"fusion-panel panel-default panel-a62d78667cf16b302 fusion-toggle-has-divider\"><div class=\"panel-heading\"><h4 class=\"panel-title toggle\" id=\"toggle_a62d78667cf16b302\"><a aria-expanded=\"false\" aria-controls=\"a62d78667cf16b302\" role=\"button\" data-toggle=\"collapse\" data-target=\"#a62d78667cf16b302\" href=\"#a62d78667cf16b302\"><span class=\"fusion-toggle-icon-wrapper\" aria-hidden=\"true\"><i class=\"fa-fusion-box active-icon awb-icon-minus\" aria-hidden=\"true\"><\/i><i class=\"fa-fusion-box inactive-icon awb-icon-plus\" aria-hidden=\"true\"><\/i><\/span><span class=\"fusion-toggle-heading\">Qu\u00e9 ver en Arquillos<\/span><\/a><\/h4><\/div><div id=\"a62d78667cf16b302\" class=\"panel-collapse collapse \" aria-labelledby=\"toggle_a62d78667cf16b302\"><div class=\"panel-body toggle-content fusion-clearfix\">\n<p style=\"text-align: justify;\"><span style=\"color: #000000;\">El urbanismo de Arquillos viene determinado por su estructura m\u00e1s o menos en damero, con un n\u00facleo administrativo y religioso situado en un extremo, junto a las v\u00edas de comunicaci\u00f3n. A\u00fan se prodigan en el pueblo las casas de planta baja, con puerta en el centro, sendas ventanas flanque\u00e1ndola y patio trasero amplio, aunque con la mejora econ\u00f3mica de los vecinos, muchos optan por ampliar esta tipolog\u00eda tradicional a\u00f1adiendo plantas superiores o cambiando m\u00e1s radicalmente su fisonom\u00eda, con propuestas m\u00e1s propias de otras latitudes, que rompen la uniformidad pr\u00edstina de la localidad. Las calles se disponen formando avenidas que se dejan caer desde la ladera de la Sierra del Acero. Llama la atenci\u00f3n la cercan\u00eda existente entre las tres plazas principales, unidas m\u00e1s que separadas por unas decenas de metros, que albergan los edificios m\u00e1s singulares.<\/span><\/p>\n<p style=\"text-align: justify;\"><span style=\"color: #000000;\">Por su parte, la pedan\u00eda de El Porrosillo repite esta fisonom\u00eda urbana, aunque m\u00e1s someramente, con una amplia calle principal desde la que se ramifican otras m\u00e1s peque\u00f1as, rematada la v\u00eda con la fachada de la iglesia. Es Arquillos un pueblo acogedor desde su origen. Prueba de ello es la obtenci\u00f3n del Premio Ja\u00e9n \u00danica como reconocimiento a la buena acogida al forastero. Un paseo por sus calles y el contacto con el paisanaje, recorrer las dehesas cerca de El Porrosillo en primavera y tal vez contemplar a la cig\u00fce\u00f1a negra, acercarse al Embalse del Guadal\u00e9n y tener un d\u00eda de pesca en sus orillas o contemplar la puesta del sol desde la cumbre de Los Donceles son unas gratas experiencias para admirar nuestro patrimonio hist\u00f3rico y natural, digno de ser conocido y disfrutado.<\/span><\/p>\n<p style=\"text-align: justify;\"><span style=\"color: #000000;\"><strong>Iglesia Parroquial de la Inmaculada Concepci\u00f3n<\/strong><\/span><\/p>\n<p style=\"text-align: justify;\"><span style=\"color: #000000;\"><img decoding=\"async\" class=\"lazyload wp-image-3822 alignleft\" style=\"color: #333333;\" src=\"https:\/\/www.upo.es\/fundacionmunicipios\/wp-content\/uploads\/2021\/10\/texto-arquillos-fundacion-municipios-02.jpg\" data-orig-src=\"https:\/\/www.upo.es\/fundacionmunicipios\/wp-content\/uploads\/2021\/10\/texto-arquillos-fundacion-municipios-02.jpg\" alt=\"\" width=\"510\" height=\"765\" srcset=\"data:image\/svg+xml,%3Csvg%20xmlns%3D%27http%3A%2F%2Fwww.w3.org%2F2000%2Fsvg%27%20width%3D%27510%27%20height%3D%27765%27%20viewBox%3D%270%200%20510%20765%27%3E%3Crect%20width%3D%27510%27%20height%3D%27765%27%20fill-opacity%3D%220%22%2F%3E%3C%2Fsvg%3E\" data-srcset=\"https:\/\/www.upo.es\/fundacionmunicipios\/wp-content\/uploads\/2021\/10\/texto-arquillos-fundacion-municipios-02-200x300.jpg 200w, https:\/\/www.upo.es\/fundacionmunicipios\/wp-content\/uploads\/2021\/10\/texto-arquillos-fundacion-municipios-02-400x600.jpg 400w, https:\/\/www.upo.es\/fundacionmunicipios\/wp-content\/uploads\/2021\/10\/texto-arquillos-fundacion-municipios-02-500x750.jpg 500w, https:\/\/www.upo.es\/fundacionmunicipios\/wp-content\/uploads\/2021\/10\/texto-arquillos-fundacion-municipios-02-600x900.jpg 600w, https:\/\/www.upo.es\/fundacionmunicipios\/wp-content\/uploads\/2021\/10\/texto-arquillos-fundacion-municipios-02-683x1024.jpg 683w, https:\/\/www.upo.es\/fundacionmunicipios\/wp-content\/uploads\/2021\/10\/texto-arquillos-fundacion-municipios-02-700x1050.jpg 700w, https:\/\/www.upo.es\/fundacionmunicipios\/wp-content\/uploads\/2021\/10\/texto-arquillos-fundacion-municipios-02-768x1152.jpg 768w, https:\/\/www.upo.es\/fundacionmunicipios\/wp-content\/uploads\/2021\/10\/texto-arquillos-fundacion-municipios-02-800x1200.jpg 800w, https:\/\/www.upo.es\/fundacionmunicipios\/wp-content\/uploads\/2021\/10\/texto-arquillos-fundacion-municipios-02-1024x1536.jpg 1024w, https:\/\/www.upo.es\/fundacionmunicipios\/wp-content\/uploads\/2021\/10\/texto-arquillos-fundacion-municipios-02.jpg 1100w\" data-sizes=\"auto\" data-orig-sizes=\"(max-width: 510px) 100vw, 510px\" \/>Presenta este templo las caracter\u00edsticas propias de la austeridad neocl\u00e1sica dentro de un contexto rural, que le dan elegancia y sencillez a sus formas. Inicialmente exist\u00eda en el solar del actual templo un oratorio perteneciente a los Jesuitas de Baeza, de reducidas dimensiones, con planta centralizada y cubierta de media naranja sobre pechinas. El interior se ilumina con sendos lunetos que flanquean el presbiterio. A esta construcci\u00f3n le fue a\u00f1adida en la fundaci\u00f3n una nave rectangular cubierta inicialmente con b\u00f3veda de ca\u00f1\u00f3n, que fue lamentablemente cambiada por otra rebajada de escayola en una reforma en 1992.<\/span><\/p>\n<p style=\"text-align: justify;\"><span style=\"color: #000000;\">La fachada, de siller\u00eda regular de arenisca, es de marcada horizontalidad; la portada principal se ubica en el eje central y est\u00e1 conformada por un arco de acceso de medio punto moldurado y con pilastras. Enmarc\u00e1ndolo se desarrolla una estructura de dos parejas de pilastras toscanas sobre las que descansa un entablamento con triglifos y metopas, rematado por una cornisa con front\u00f3n triangular que culmina con una imagen de la titular a\u00f1adida en fechas recientes. Sobre la portada, destaca una gran espada\u00f1a de dos pisos, el primero de dos vanos semicirculares y el segundo de uno, entre pilastras sencillas, coronado por un front\u00f3n tambi\u00e9n con vano y campana. Remata la estructura una cruz latina de hierro. Dos pin\u00e1culos de bolas sobre antepecho de obra flanquean el arranque de la espada\u00f1a. Se concluye la fachada con dos ojos de buey moldurados circulares a cada lado de la portada, que fueron agrandados, adquiriendo una singular forma de arco de herradura. Su interior es sencillo, de blancas paredes, con retablo dorado de tres vanos separados por esbeltas semicolumnas acanaladas corintias que sostiene un friso de guirnaldas, culminado todo por un front\u00f3n quebrado con sendas volutas. Alberga diversas im\u00e1genes tanto de la titular del edificio como de otros santos, destacando la presencia de la correspondiente al patr\u00f3n de la localidad, San Antonio Abad (San Ant\u00f3n), por la gran devoci\u00f3n que se le muestra.<\/span><\/p>\n<p style=\"text-align: justify;\"><span style=\"color: #000000;\"><strong>Torre del Reloj<\/strong><\/span><\/p>\n<p style=\"text-align: justify;\"><span style=\"color: #000000;\">Situada en casi en el centro de la plaza a la que da nombre, nos encontramos con el edificio m\u00e1s singular de Arquillos, una construcci\u00f3n realizada en la t\u00edpica siller\u00eda de arenisca de la zona, de planta cuadrada, de dos cuerpos sobre amplio z\u00f3calo, siendo el primero muy sencillo y de doble altura, con una aspillera central en cada lado, sobre el que se eleva un segundo, separado del primero por una moldura, con pilastras toscanas esquineras. En el centro del lado principal, nos encontramos con \u00f3culo moldurado en el que se encastra la esfera del reloj. Remata el edificio una gran cornisa con tejadillo a cuatro aguas y un bello campanario de hierro, con campana y veleta. Se accede por un arco de medio punto con dovelas almohadilladas; sobre \u00e9l, un ventanuco cuadrado ilumina la zona del mecanismo del reloj. Recientemente, se ha a\u00f1adido en el lado del reloj, un pilar de piedra que pretende recordar a uno desaparecido unido a la torre, pero de menores dimensiones y distinta forma, y que aparece mencionado en uno de los cap\u00edtulos de la biograf\u00eda de P\u00edo Baroja \u201cDesde la \u00faltima vuelta del camino\u201d.<\/span><\/p>\n<p style=\"text-align: justify;\"><span style=\"color: #000000;\"><strong>Iglesia de la Pur\u00edsima Concepci\u00f3n de El Porrosillo<\/strong><\/span><\/p>\n<p style=\"text-align: justify;\"><span style=\"color: #000000;\">Iglesia muy sencilla, de una sola nave, con una modesta y estrecha fachada a los pies del templo, con arco de medio punto con leves molduras. Sobre \u00e9l, una esfera con un reloj. Remata el conjunto una peque\u00f1a espada\u00f1a con un vano y front\u00f3n triangular.<\/span><\/p>\n<p style=\"text-align: justify;\"><span style=\"color: #000000;\"><strong>Centro de Interpretaci\u00f3n Pablo de Olavide y Las Nuevas Poblaciones<\/strong><\/span><\/p>\n<p style=\"text-align: justify;\"><span style=\"color: #000000;\">Nos encontramos ante un edificio de vanguardista arquitectura, primer premio del Concurso Ideas, del arquitecto Gonzalo Arias Recalde, donde se muestra mediante la utilizaci\u00f3n de nuevas tecnolog\u00edas y paneles informativos interactivos el desarrollo de la empresa colonizadora, en especial en la figura de Pablo de Olavide y la Ilustraci\u00f3n, am\u00e9n de realizar un recorrido por el devenir hist\u00f3rico de los or\u00edgenes del pueblo.<\/span><\/p>\n<p style=\"text-align: justify;\"><span style=\"color: #000000;\"><strong>Casa del Cura y Casa del Comandante<\/strong><\/span><\/p>\n<p style=\"text-align: justify;\"><span style=\"color: #000000;\">Ambas edificaciones del siglo XVIII, de sobria factura, flanquean el templo parroquial con una disposici\u00f3n de fondo de saco muy particular. Las fachadas constan de puerta principal sobre la que se dispone un vano con balc\u00f3n y antepecho de hierro forjado, as\u00ed como otras cuatro ventanas enrejadas. A la Casa del Comandante fue conducido como prisionero el general liberal D. Rafael del Riego a finales de verano de 1823, siendo conducido a este edificio que formaba un conjunto con la antigua c\u00e1rcel y escuelas (actual ayuntamiento), ya desaparecidos.<\/span><\/p>\n<p style=\"text-align: justify;\"><span style=\"color: #000000;\"><strong><img decoding=\"async\" class=\"lazyload wp-image-3974 alignright\" src=\"https:\/\/www.upo.es\/fundacionmunicipios\/wp-content\/uploads\/2021\/11\/Arquillos-fundacion-municipios-pablo-de-olavide-4.jpg\" data-orig-src=\"https:\/\/www.upo.es\/fundacionmunicipios\/wp-content\/uploads\/2021\/11\/Arquillos-fundacion-municipios-pablo-de-olavide-4.jpg\" alt=\"\" width=\"346\" height=\"519\" srcset=\"data:image\/svg+xml,%3Csvg%20xmlns%3D%27http%3A%2F%2Fwww.w3.org%2F2000%2Fsvg%27%20width%3D%27346%27%20height%3D%27519%27%20viewBox%3D%270%200%20346%20519%27%3E%3Crect%20width%3D%27346%27%20height%3D%27519%27%20fill-opacity%3D%220%22%2F%3E%3C%2Fsvg%3E\" data-srcset=\"https:\/\/www.upo.es\/fundacionmunicipios\/wp-content\/uploads\/2021\/11\/Arquillos-fundacion-municipios-pablo-de-olavide-4-200x300.jpg 200w, https:\/\/www.upo.es\/fundacionmunicipios\/wp-content\/uploads\/2021\/11\/Arquillos-fundacion-municipios-pablo-de-olavide-4-400x600.jpg 400w, https:\/\/www.upo.es\/fundacionmunicipios\/wp-content\/uploads\/2021\/11\/Arquillos-fundacion-municipios-pablo-de-olavide-4-500x750.jpg 500w, https:\/\/www.upo.es\/fundacionmunicipios\/wp-content\/uploads\/2021\/11\/Arquillos-fundacion-municipios-pablo-de-olavide-4-600x900.jpg 600w, https:\/\/www.upo.es\/fundacionmunicipios\/wp-content\/uploads\/2021\/11\/Arquillos-fundacion-municipios-pablo-de-olavide-4-683x1024.jpg 683w, https:\/\/www.upo.es\/fundacionmunicipios\/wp-content\/uploads\/2021\/11\/Arquillos-fundacion-municipios-pablo-de-olavide-4-700x1050.jpg 700w, https:\/\/www.upo.es\/fundacionmunicipios\/wp-content\/uploads\/2021\/11\/Arquillos-fundacion-municipios-pablo-de-olavide-4-768x1152.jpg 768w, https:\/\/www.upo.es\/fundacionmunicipios\/wp-content\/uploads\/2021\/11\/Arquillos-fundacion-municipios-pablo-de-olavide-4-800x1200.jpg 800w, https:\/\/www.upo.es\/fundacionmunicipios\/wp-content\/uploads\/2021\/11\/Arquillos-fundacion-municipios-pablo-de-olavide-4-1024x1536.jpg 1024w, https:\/\/www.upo.es\/fundacionmunicipios\/wp-content\/uploads\/2021\/11\/Arquillos-fundacion-municipios-pablo-de-olavide-4.jpg 1200w\" data-sizes=\"auto\" data-orig-sizes=\"(max-width: 346px) 100vw, 346px\" \/>Posada, P\u00f3sito y Molino del Rey<\/strong><\/span><\/p>\n<p style=\"text-align: justify;\"><span style=\"color: #000000;\">Este conjunto del siglo XVIII se ubica a espaldas de la Casa del Comandante, anexo a la iglesia, formando un profundo callej\u00f3n. La Posada es un edificio con gran fachada algo modificada, con numerosos vanos correspondientes a las habitaciones de los hu\u00e9spedes. Lo que m\u00e1s llama la atenci\u00f3n es su recia estructura con grandes contrafuertes en la parte posterior, que delimita las cuadras para las monturas, soportada su cubierta por grandes arcos, que a\u00fan cuenta con m\u00e1s de dos centenares de pesebres (cuenta la tradici\u00f3n que lleg\u00f3 a tener 365)<\/span><\/p>\n<p style=\"text-align: justify;\"><span style=\"color: #000000;\">Por desgracia, una reciente demolici\u00f3n ha dejado como resultado apenas unos restos de cubiertas y arquer\u00edas del gran conjunto edilicio compuesto por el P\u00f3sito y del Molino del Rey, que nos permiten apenas atisbar el af\u00e1n por dotar a las nuevas colonias de edificios industriales de categor\u00eda.<\/span><\/p>\n<p style=\"text-align: justify;\"><span style=\"color: #000000;\"><strong>Edificio del Ayuntamiento<\/strong><\/span><\/p>\n<p style=\"text-align: justify;\"><span style=\"color: #000000;\">Este edificio se levant\u00f3 en la segunda mitad del siglo XX sobre el solar que ocupaba la antigua c\u00e1rcel y la escuela local, ocupando la esquina que se formaba entre la Plaza de la Iglesia y la traves\u00eda principal que discurre por la localidad. De fachadas blancas con amplias ventanas y sobre un z\u00f3calo de sillares de piedra, se ingresa por un chafl\u00e1n entre dos saledizos a modo de contrafuertes, con puerta de acceso sobre la que se proyecta un amplio balc\u00f3n, una gran cornisa que recorre el conjunto del edificio y un \u00e1tico con un relieve del antiguo escudo municipal entre dos remates clasicistas de bolas.<\/span><\/p>\n<p style=\"text-align: justify;\"><span style=\"color: #000000;\"><strong>Otras edificaciones y lugares de inter\u00e9s<\/strong><\/span><\/p>\n<p style=\"text-align: justify;\"><span style=\"color: #000000;\">Todav\u00eda se pueden contemplar un pu\u00f1ado de grandes casonas de la burgues\u00eda local de principios del siglo XX, como son la Casa Neog\u00f3tica, de sencilla fachada mud\u00e9jar con vanos apuntados y destacad\u00edsima rejer\u00eda de hierro forjado, y la Casa Colonial (err\u00f3neamente ubicada en el periodo fundacional del municipio, pues se trata de un t\u00edpico ejemplo de vivienda burguesa), de dos alturas, con un par de bellos balcones con elegantes cierres de hierro fundido.<\/span><\/p>\n<p style=\"text-align: justify;\"><span style=\"color: #000000;\">En fechas recientes, se han dado a conocer un par de lugares con gran potencial tur\u00edstico, como son unas galer\u00edas subterr\u00e1neas en el solar de un posible antiguo convento de los jesuitas de Baeza que pueden corresponder a grandes zonas de almacenaje y despensas. Tambi\u00e9n otras galer\u00edas que podr\u00edan corresponder con un qanat (como ya se ha hecho referencia en el apartado de Historia), que abre un mundo de posibilidades de estudio del Medievo en la localidad.<\/span><\/p>\n<\/div><\/div><\/div><div class=\"fusion-panel panel-default panel-caa17216349d8be93 fusion-toggle-has-divider\"><div class=\"panel-heading\"><h4 class=\"panel-title toggle\" id=\"toggle_caa17216349d8be93\"><a aria-expanded=\"false\" aria-controls=\"caa17216349d8be93\" role=\"button\" data-toggle=\"collapse\" data-target=\"#caa17216349d8be93\" href=\"#caa17216349d8be93\"><span class=\"fusion-toggle-icon-wrapper\" aria-hidden=\"true\"><i class=\"fa-fusion-box active-icon awb-icon-minus\" aria-hidden=\"true\"><\/i><i class=\"fa-fusion-box inactive-icon awb-icon-plus\" aria-hidden=\"true\"><\/i><\/span><span class=\"fusion-toggle-heading\">Fiestas y acontecimientos<\/span><\/a><\/h4><\/div><div id=\"caa17216349d8be93\" class=\"panel-collapse collapse \" aria-labelledby=\"toggle_caa17216349d8be93\"><div class=\"panel-body toggle-content fusion-clearfix\">\n<div id=\"attachment_3977\" style=\"width: 376px\" class=\"wp-caption alignleft\"><img decoding=\"async\" aria-describedby=\"caption-attachment-3977\" class=\"lazyload wp-image-3977\" src=\"https:\/\/www.upo.es\/fundacionmunicipios\/wp-content\/uploads\/2021\/11\/Arquillos-fundacion-municipios-pablo-de-olavide-7.jpg\" data-orig-src=\"https:\/\/www.upo.es\/fundacionmunicipios\/wp-content\/uploads\/2021\/11\/Arquillos-fundacion-municipios-pablo-de-olavide-7.jpg\" alt=\"\" width=\"366\" height=\"550\" srcset=\"data:image\/svg+xml,%3Csvg%20xmlns%3D%27http%3A%2F%2Fwww.w3.org%2F2000%2Fsvg%27%20width%3D%27366%27%20height%3D%27550%27%20viewBox%3D%270%200%20366%20550%27%3E%3Crect%20width%3D%27366%27%20height%3D%27550%27%20fill-opacity%3D%220%22%2F%3E%3C%2Fsvg%3E\" data-srcset=\"https:\/\/www.upo.es\/fundacionmunicipios\/wp-content\/uploads\/2021\/11\/Arquillos-fundacion-municipios-pablo-de-olavide-7-200x300.jpg 200w, https:\/\/www.upo.es\/fundacionmunicipios\/wp-content\/uploads\/2021\/11\/Arquillos-fundacion-municipios-pablo-de-olavide-7-400x600.jpg 400w, https:\/\/www.upo.es\/fundacionmunicipios\/wp-content\/uploads\/2021\/11\/Arquillos-fundacion-municipios-pablo-de-olavide-7-500x750.jpg 500w, https:\/\/www.upo.es\/fundacionmunicipios\/wp-content\/uploads\/2021\/11\/Arquillos-fundacion-municipios-pablo-de-olavide-7-600x900.jpg 600w, https:\/\/www.upo.es\/fundacionmunicipios\/wp-content\/uploads\/2021\/11\/Arquillos-fundacion-municipios-pablo-de-olavide-7-683x1024.jpg 683w, https:\/\/www.upo.es\/fundacionmunicipios\/wp-content\/uploads\/2021\/11\/Arquillos-fundacion-municipios-pablo-de-olavide-7-700x1050.jpg 700w, https:\/\/www.upo.es\/fundacionmunicipios\/wp-content\/uploads\/2021\/11\/Arquillos-fundacion-municipios-pablo-de-olavide-7-768x1152.jpg 768w, https:\/\/www.upo.es\/fundacionmunicipios\/wp-content\/uploads\/2021\/11\/Arquillos-fundacion-municipios-pablo-de-olavide-7-800x1200.jpg 800w, https:\/\/www.upo.es\/fundacionmunicipios\/wp-content\/uploads\/2021\/11\/Arquillos-fundacion-municipios-pablo-de-olavide-7-1024x1536.jpg 1024w, https:\/\/www.upo.es\/fundacionmunicipios\/wp-content\/uploads\/2021\/11\/Arquillos-fundacion-municipios-pablo-de-olavide-7.jpg 1200w\" data-sizes=\"auto\" data-orig-sizes=\"(max-width: 366px) 100vw, 366px\" \/><p id=\"caption-attachment-3977\" class=\"wp-caption-text\">@ Francisco Jos\u00e9 P\u00e9rez-Schmid<\/p><\/div>\n<p style=\"text-align: justify;\"><span style=\"color: #000000;\"><strong>Feria y Fiestas de San Ant\u00f3n<\/strong><\/span><\/p>\n<p style=\"text-align: justify;\"><span style=\"color: #000000;\">Se desarrollan los d\u00edas 16, 17 y 18 de enero. Es muy grande la devoci\u00f3n que en Arquillos hay por San Antonio Abad (conocido familiarmente por los lugare\u00f1os como <em>El Abuelete<\/em>). El d\u00eda de la v\u00edspera, despu\u00e9s del tradicional preg\u00f3n, se produce la conocida como <em>Renovaci\u00f3n del Voto<\/em>, que consiste en que, por boca del alcalde postrado ante la imagen del santo, se procede a renovar la promesa de que la localidad har\u00e1 ayuno y abstinencia como acci\u00f3n de gracias por la salvaci\u00f3n de la epidemia de c\u00f3lera de 1885.<\/span><\/p>\n<p style=\"text-align: justify;\"><span style=\"color: #000000;\">De ello queda exonerado <em>El Pelotero<\/em>, personaje que es el m\u00e1s singular elemento de estas fiestas y del folclore arquillero. Su misi\u00f3n es tentar a la gente con la que se encuentra (sobre todo a la chiquiller\u00eda) con chucher\u00edas y regalitos, recibiendo muchos un alpargatazo de una suela de esparto unida a una cuerda y una larga vara, que usa como \u201carma\u201d. Ataviado con un traje blanco con borlas rojas y capucha, es la representaci\u00f3n del diablo que tent\u00f3 a San Ant\u00f3n en su retiro en el desierto.<\/span><\/p>\n<p style=\"text-align: justify;\"><span style=\"color: #000000;\">Culminan las celebraciones con la gran procesi\u00f3n del d\u00eda 17, con la quema un sinf\u00edn de cohetes y petardos, donde la imagen procesional \u201cvisita\u201d a los enfermos y ancianos con problemas de movilidad, y una segunda, m\u00e1s corta, el 18, culmin\u00e1ndose cada noche con un castillo de fuegos artificiales. Desde hace algunos a\u00f1os, se viene celebrando un \u201cSan Ant\u00f3n de verano\u201d, el 18 de agosto, como reencuentro del patr\u00f3n con los emigrantes.<\/span><\/p>\n<p style=\"text-align: justify;\"><span style=\"color: #000000;\"><strong>Fiesta de los Huevos Pintaos<\/strong><\/span><\/p>\n<p style=\"text-align: justify;\"><span style=\"color: #000000;\">De tradici\u00f3n centroeuropea. Se realiza en <em>Domingo de Resurrecci\u00f3n<\/em>, pero tambi\u00e9n es costumbre por San Marcos. Las familias se van al campo a comerlos con la ceremonia de <em>cascar<\/em> unos contra otros, ganando el que no se rompa en el choque. En las casas se cuecen los huevos en una infusi\u00f3n con anilina de colores o, m\u00e1s tradicionalmente, con c\u00e1scara de cebolla para darle un tono pardo.<\/span><\/p>\n<p style=\"text-align: justify;\"><span style=\"color: #000000;\"><strong>Feria de Santiago Ap\u00f3stol<\/strong><\/span><\/p>\n<p style=\"text-align: justify;\"><span style=\"color: #000000;\">Se celebra en torno al d\u00eda 25 de julio, en la que se corren por las calles los tradicionales encierros de vaquillas y novillos por la ma\u00f1ana por la Calle Ja\u00e9n y Plaza de El Condado, y una capea vespertina, con pasacalles y algarab\u00eda general, as\u00ed como interminables noches de verbena y casetas en el recinto ferial. Culminan las celebraciones con la gratuita degustaci\u00f3n popular de grandes cantidades de cochifrito para todos los lugare\u00f1os y visitantes.<\/span><\/p>\n<p style=\"text-align: justify;\"><span style=\"color: #000000;\"><strong>Fiestas de la Inmaculada Concepci\u00f3n de El Porrosillo<\/strong><\/span><\/p>\n<p style=\"text-align: justify;\"><span style=\"color: #000000;\">Celebradas el d\u00eda 8 de septiembre, con la tradicional procesi\u00f3n de la patrona, suelta de vaquillas y gran verbena.<\/span><\/p>\n<\/div><\/div><\/div><div class=\"fusion-panel panel-default panel-8371765f6a96d3529 fusion-toggle-has-divider\"><div class=\"panel-heading\"><h4 class=\"panel-title toggle\" id=\"toggle_8371765f6a96d3529\"><a aria-expanded=\"false\" aria-controls=\"8371765f6a96d3529\" role=\"button\" data-toggle=\"collapse\" data-target=\"#8371765f6a96d3529\" href=\"#8371765f6a96d3529\"><span class=\"fusion-toggle-icon-wrapper\" aria-hidden=\"true\"><i class=\"fa-fusion-box active-icon awb-icon-minus\" aria-hidden=\"true\"><\/i><i class=\"fa-fusion-box inactive-icon awb-icon-plus\" aria-hidden=\"true\"><\/i><\/span><span class=\"fusion-toggle-heading\">Gastronom\u00eda<\/span><\/a><\/h4><\/div><div id=\"8371765f6a96d3529\" class=\"panel-collapse collapse \" aria-labelledby=\"toggle_8371765f6a96d3529\"><div class=\"panel-body toggle-content fusion-clearfix\">\n<p style=\"text-align: justify;\"><span style=\"color: #000000;\">Es la de Arquillos una tierra marcada por su situaci\u00f3n geogr\u00e1fica, a caballo entre Andaluc\u00eda y La Mancha, y es de \u00e9sta \u00faltima de la que llegan m\u00e1s influencias gastron\u00f3micas. Son platos contundentes, de cuando el hambre agudizaba el ingenio y se hac\u00edan aut\u00e9nticas maravillas con los pocos recursos de los que se dispon\u00eda. Destacan en invierno el <em>potaje de San Ant\u00f3n<\/em> y el <em>bacalao con tomate<\/em>, las <em>gachas-tortas con liebre<\/em>, el <em>atascaburros<\/em> o la <em>lechep\u00e1jaro<\/em> (cuyo curioso nombre no esconde sino unas gachas saladas con piment\u00f3n, enriquecidas con chorizo, panceta y picatostes). En verano, el <em>gazpacho arriero<\/em>, donde los ingredientes se pican, no machacan, en tres golpes de aceite, vinagre y agua. Como postres, los <em>huevos moles<\/em> y el plato m\u00e1s conocido de Arquillos, los <em>pericones<\/em>, sencillos pasteles de harina, huevos y aceite, cubiertos de un dulce glaseado blanco, que han dado y siguen dando fama a la localidad, todo esto sin olvidar los buenos embutidos caseros, fruto de la numerosas granjas porcinas del municipio, y la calidad de nuestro aceite de oliva virgen extra, cada vez m\u00e1s reconocido y apreciado en ferias y degustaciones a nivel nacional.<\/span><\/p>\n<\/div><\/div><\/div><\/div><\/div><div class=\"fusion-text fusion-text-6\" style=\"--awb-margin-top:50px;\"><p style=\"text-align: right;\">Texto: Jos\u00e9 Joaqu\u00edn Mart\u00ednez Jim\u00e9nez<br \/>Fotograf\u00edas: Francisco Jos\u00e9 P\u00e9rez-Schmid Fern\u00e1ndez y \u00c1rea de Comunicaci\u00f3n y Estrategia Fundaciones UPO<\/p>\n<\/div><\/div><\/div><\/div><\/div><div class=\"fusion-fullwidth fullwidth-box fusion-builder-row-5 fusion-flex-container hundred-percent-fullwidth non-hundred-percent-height-scrolling\" style=\"--awb-background-position:center top;--awb-border-sizes-top:0px;--awb-border-sizes-bottom:0px;--awb-border-sizes-left:0px;--awb-border-sizes-right:0px;--awb-border-radius-top-left:0px;--awb-border-radius-top-right:0px;--awb-border-radius-bottom-right:0px;--awb-border-radius-bottom-left:0px;--awb-padding-top:0px;--awb-padding-right:0px;--awb-padding-bottom:0px;--awb-padding-left:0px;--awb-margin-bottom:0px;--awb-flex-wrap:wrap;\" ><div class=\"fusion-builder-row fusion-row fusion-flex-align-items-flex-start fusion-flex-content-wrap\" style=\"width:calc( 100% + 0px ) !important;max-width:calc( 100% + 0px ) !important;margin-left: calc(-0px \/ 2 );margin-right: calc(-0px \/ 2 );\"><div class=\"fusion-layout-column fusion_builder_column fusion-builder-column-8 fusion_builder_column_1_1 1_1 fusion-flex-column\" style=\"--awb-bg-size:cover;--awb-width-large:100%;--awb-margin-top-large:0px;--awb-spacing-right-large:0px;--awb-margin-bottom-large:0px;--awb-spacing-left-large:0px;--awb-width-medium:100%;--awb-order-medium:0;--awb-spacing-right-medium:0px;--awb-spacing-left-medium:0px;--awb-width-small:100%;--awb-order-small:0;--awb-spacing-right-small:0px;--awb-spacing-left-small:0px;\"><div class=\"fusion-column-wrapper fusion-column-has-shadow fusion-flex-justify-content-flex-start fusion-content-layout-column\"><div class=\"leaflet-map WPLeafletMap\" style=\"height:500px; width:100%;\"><\/div><script>\nwindow.WPLeafletMapPlugin = window.WPLeafletMapPlugin || [];\nwindow.WPLeafletMapPlugin.push(function WPLeafletMapShortcode() {\/*<script>*\/\nvar baseUrl = atob('aHR0cHM6Ly97c30udGlsZS5vcGVuc3RyZWV0bWFwLm9yZy97en0ve3h9L3t5fS5wbmc=');\nvar base = (!baseUrl && window.MQ) ?\n    window.MQ.mapLayer() : L.tileLayer(baseUrl,\n        L.Util.extend({}, {\n            detectRetina: 0,\n        },\n        {\"subdomains\":\"abc\",\"noWrap\":false,\"maxZoom\":20}        )\n    );\n    var options = L.Util.extend({}, {\n        layers: [base],\n        attributionControl: false\n    },\n    {\"zoomControl\":true,\"scrollWheelZoom\":false,\"doubleClickZoom\":false,\"fitBounds\":false,\"minZoom\":0,\"maxZoom\":20,\"maxBounds\":null,\"attribution\":\"<a href=\\\"http:\\\/\\\/leafletjs.com\\\" title=\\\"Una biblioteca JS para mapas interactivos\\\">Leaflet<\\\/a>; \\u00a9 <a href=\\\"http:\\\/\\\/www.openstreetmap.org\\\/copyright\\\">OpenStreetMap<\\\/a> colaboradores\"},\n    {});\nwindow.WPLeafletMapPlugin.createMap(options).setView([38.2144,-3.4152],11);});<\/script>\n\n<script>\nwindow.WPLeafletMapPlugin = window.WPLeafletMapPlugin || [];\nwindow.WPLeafletMapPlugin.push(function WPLeafletMarkerShortcode() {\/*<script>*\/\nvar map = window.WPLeafletMapPlugin.getCurrentMap();\nvar group = window.WPLeafletMapPlugin.getCurrentGroup();\nvar marker_options = window.WPLeafletMapPlugin.getIconOptions({});\nvar marker = L.marker(\n    [38.2144,-3.4152],\n    marker_options\n);\nvar is_image = map.is_image_map;\nif (marker_options.draggable) {\n    marker.on('dragend', function () {\n        var latlng = this.getLatLng();\n        var lat = latlng.lat;\n        var lng = latlng.lng;\n        if (is_image) {\n            console.log('leaflet-marker y=' + lat + ' x=' + lng);\n        } else {\n            console.log('leaflet-marker lat=' + lat + ' lng=' + lng);\n        }\n    });\n}\nmarker.addTo( group );\nmarker.bindPopup(window.WPLeafletMapPlugin.unescape('&lt;a href=\\&quot;https:\/\/www.google.com\/maps\/place\/23230+Arquillos,+Ja%C3%A9n\/data=!4m2!3m1!1s0xd6e93578972688f:0xe601a48a088e8cdd?sa=X&amp;ved=2ahUKEwivpZfzyNvzAhW56uAKHZiKB4IQ8gF6BAhAEAE\\&quot;&gt;Arquillos&lt;\/a&gt;')).openPopup();window.WPLeafletMapPlugin.markers.push( marker );\n        });<\/script>\n<\/div><\/div><\/div><\/div><\/p>\n","protected":false},"excerpt":{"rendered":"","protected":false},"author":1,"featured_media":0,"parent":0,"menu_order":1,"comment_status":"closed","ping_status":"closed","template":"100-width.php","meta":{"_acf_changed":false,"footnotes":""},"class_list":["post-3679","page","type-page","status-publish","hentry"],"acf":[],"_links":{"self":[{"href":"https:\/\/www.upo.es\/fundacionmunicipios\/wp-json\/wp\/v2\/pages\/3679","targetHints":{"allow":["GET"]}}],"collection":[{"href":"https:\/\/www.upo.es\/fundacionmunicipios\/wp-json\/wp\/v2\/pages"}],"about":[{"href":"https:\/\/www.upo.es\/fundacionmunicipios\/wp-json\/wp\/v2\/types\/page"}],"author":[{"embeddable":true,"href":"https:\/\/www.upo.es\/fundacionmunicipios\/wp-json\/wp\/v2\/users\/1"}],"replies":[{"embeddable":true,"href":"https:\/\/www.upo.es\/fundacionmunicipios\/wp-json\/wp\/v2\/comments?post=3679"}],"version-history":[{"count":0,"href":"https:\/\/www.upo.es\/fundacionmunicipios\/wp-json\/wp\/v2\/pages\/3679\/revisions"}],"wp:attachment":[{"href":"https:\/\/www.upo.es\/fundacionmunicipios\/wp-json\/wp\/v2\/media?parent=3679"}],"curies":[{"name":"wp","href":"https:\/\/api.w.org\/{rel}","templated":true}]}}