{"id":3733,"date":"2021-10-25T08:58:51","date_gmt":"2021-10-25T06:58:51","guid":{"rendered":"https:\/\/www.upo.es\/fundacionmunicipios\/?page_id=3733"},"modified":"2022-03-03T14:52:03","modified_gmt":"2022-03-03T13:52:03","slug":"san-sebastian-de-los-ballesteros","status":"publish","type":"page","link":"https:\/\/www.upo.es\/fundacionmunicipios\/san-sebastian-de-los-ballesteros\/","title":{"rendered":"San Sebasti\u00e1n de los Ballesteros"},"content":{"rendered":"<p><div class=\"fusion-fullwidth fullwidth-box fusion-builder-row-1 fusion-flex-container nonhundred-percent-fullwidth non-hundred-percent-height-scrolling\" style=\"--awb-border-radius-top-left:0px;--awb-border-radius-top-right:0px;--awb-border-radius-bottom-right:0px;--awb-border-radius-bottom-left:0px;--awb-padding-top:80px;--awb-padding-bottom:50px;--awb-padding-top-small:40px;--awb-margin-top:-60px;--awb-background-color:#00335b;--awb-flex-wrap:wrap;\" ><div class=\"fusion-builder-row fusion-row fusion-flex-align-items-flex-start fusion-flex-content-wrap\" style=\"max-width:1248px;margin-left: calc(-4% \/ 2 );margin-right: calc(-4% \/ 2 );\"><div class=\"fusion-layout-column fusion_builder_column fusion-builder-column-0 fusion_builder_column_1_1 1_1 fusion-flex-column\" style=\"--awb-bg-blend:overlay;--awb-bg-size:cover;--awb-width-large:100%;--awb-margin-top-large:0px;--awb-spacing-right-large:1.92%;--awb-margin-bottom-large:20px;--awb-spacing-left-large:1.92%;--awb-width-medium:100%;--awb-spacing-right-medium:1.92%;--awb-spacing-left-medium:1.92%;--awb-width-small:100%;--awb-spacing-right-small:1.92%;--awb-spacing-left-small:1.92%;\"><div class=\"fusion-column-wrapper fusion-column-has-shadow fusion-flex-justify-content-flex-start fusion-content-layout-column\"><div class=\"fusion-title title fusion-title-1 fusion-title-center fusion-title-text fusion-title-size-two\" style=\"--awb-text-color:#ffffff;\"><div class=\"title-sep-container title-sep-container-left\"><div class=\"title-sep sep- sep-solid\" style=\"border-color:#e0dede;\"><\/div><\/div><span class=\"awb-title-spacer\"><\/span><h2 class=\"fusion-title-heading title-heading-center fusion-responsive-typography-calculated\" style=\"margin:0;--fontSize:38;line-height:1.12;\"><p>Datos de inter\u00e9s<u><br \/>\n<\/u><\/p><\/h2><span class=\"awb-title-spacer\"><\/span><div class=\"title-sep-container title-sep-container-right\"><div class=\"title-sep sep- sep-solid\" style=\"border-color:#e0dede;\"><\/div><\/div><\/div><\/div><\/div><div class=\"fusion-layout-column fusion_builder_column fusion-builder-column-1 fusion_builder_column_1_4 1_4 fusion-flex-column\" style=\"--awb-padding-top:18px;--awb-padding-bottom:18px;--awb-overflow:hidden;--awb-bg-color:rgba(0,0,0,0.1);--awb-bg-color-hover:rgba(0,0,0,0.1);--awb-bg-blend:overlay;--awb-bg-size:cover;--awb-border-radius:10px 10px 10px 10px;--awb-width-large:25%;--awb-margin-top-large:0px;--awb-spacing-right-large:7.68%;--awb-margin-bottom-large:20px;--awb-spacing-left-large:7.68%;--awb-width-medium:100%;--awb-spacing-right-medium:1.92%;--awb-spacing-left-medium:1.92%;--awb-width-small:100%;--awb-spacing-right-small:1.92%;--awb-spacing-left-small:1.92%;\"><div class=\"fusion-column-wrapper fusion-column-has-shadow fusion-flex-justify-content-flex-start fusion-content-layout-column\"><div class=\"fusion-counters-box counters-box row fusion-clearfix fusion-columns-1\" style=\"--awb-border-color:rgba(224,222,222,0);--awb-color:#ffffff;--awb-title-size:42;--awb-icon-size:32;--awb-border-color:rgba(224,222,222,0);\"><div class=\"fusion-counter-box fusion-column col-counter-box counter-box-wrapper col-lg-12 col-md-12 col-sm-12\" data-animationOffset=\"top-into-view\"><div class=\"counter-box-container\"><div class=\"content-box-percentage content-box-counter\"><span class=\"display-counter\" data-value=\"837\" data-direction=\"up\" data-decimals=\"0\">0<\/span><\/div><div class=\"counter-box-content\"><\/div><\/div><\/div><\/div><div class=\"fusion-text fusion-text-1\"><p style=\"text-align: center; margin-bottom: 0; margin-top: -30px; line-height: 1.5;\"><span style=\"color: #ffffff;\">Habitantes<\/span><\/p>\n<\/div><\/div><\/div><div class=\"fusion-layout-column fusion_builder_column fusion-builder-column-2 fusion_builder_column_1_4 1_4 fusion-flex-column\" style=\"--awb-padding-top:18px;--awb-padding-bottom:18px;--awb-overflow:hidden;--awb-bg-color:rgba(0,0,0,0.1);--awb-bg-color-hover:rgba(0,0,0,0.1);--awb-bg-blend:overlay;--awb-bg-size:cover;--awb-border-radius:10px 10px 10px 10px;--awb-width-large:25%;--awb-margin-top-large:0px;--awb-spacing-right-large:7.68%;--awb-margin-bottom-large:20px;--awb-spacing-left-large:7.68%;--awb-width-medium:100%;--awb-spacing-right-medium:1.92%;--awb-spacing-left-medium:1.92%;--awb-width-small:100%;--awb-spacing-right-small:1.92%;--awb-spacing-left-small:1.92%;\"><div class=\"fusion-column-wrapper fusion-column-has-shadow fusion-flex-justify-content-flex-start fusion-content-layout-column\"><div class=\"fusion-counters-box counters-box row fusion-clearfix fusion-columns-1\" style=\"--awb-border-color:rgba(224,222,222,0);--awb-color:#ffffff;--awb-title-size:42;--awb-icon-size:32;--awb-border-color:rgba(224,222,222,0);\"><div class=\"fusion-counter-box fusion-column col-counter-box counter-box-wrapper col-lg-12 col-md-12 col-sm-12\" data-animationOffset=\"top-into-view\"><div class=\"counter-box-container\"><div class=\"content-box-percentage content-box-counter\"><span class=\"display-counter\" data-value=\"312\" data-direction=\"up\" data-decimals=\"0\">0<\/span><span class=\"unit\"> m<\/span><\/div><div class=\"counter-box-content\"><\/div><\/div><\/div><\/div><div class=\"fusion-text fusion-text-2\"><p style=\"text-align: center; margin-bottom: 0; margin-top: -30px; line-height: 1.5;\"><span style=\"color: #ffffff;\">sobre el nivel del mar<\/span><\/p>\n<\/div><\/div><\/div><div class=\"fusion-layout-column fusion_builder_column fusion-builder-column-3 fusion_builder_column_1_4 1_4 fusion-flex-column\" style=\"--awb-padding-top:18px;--awb-padding-bottom:18px;--awb-overflow:hidden;--awb-bg-color:rgba(0,0,0,0.1);--awb-bg-color-hover:rgba(0,0,0,0.1);--awb-bg-blend:overlay;--awb-bg-size:cover;--awb-border-radius:10px 10px 10px 10px;--awb-width-large:25%;--awb-margin-top-large:0px;--awb-spacing-right-large:7.68%;--awb-margin-bottom-large:20px;--awb-spacing-left-large:7.68%;--awb-width-medium:100%;--awb-spacing-right-medium:1.92%;--awb-spacing-left-medium:1.92%;--awb-width-small:100%;--awb-spacing-right-small:1.92%;--awb-spacing-left-small:1.92%;\"><div class=\"fusion-column-wrapper fusion-column-has-shadow fusion-flex-justify-content-flex-start fusion-content-layout-column\"><div class=\"fusion-counters-box counters-box row fusion-clearfix fusion-columns-1\" style=\"--awb-border-color:rgba(224,222,222,0);--awb-color:#ffffff;--awb-title-size:42;--awb-icon-size:32;--awb-border-color:rgba(224,222,222,0);\"><div class=\"fusion-counter-box fusion-column col-counter-box counter-box-wrapper col-lg-12 col-md-12 col-sm-12\" data-animationOffset=\"top-into-view\"><div class=\"counter-box-container\"><div class=\"content-box-percentage content-box-counter\"><span class=\"display-counter\" data-value=\"11.84\" data-direction=\"up\" data-decimals=\"2\">0<\/span><span class=\"unit\"> km\u00b2<\/span><\/div><div class=\"counter-box-content\"><\/div><\/div><\/div><\/div><div class=\"fusion-text fusion-text-3\" style=\"--awb-text-transform:none;\"><p style=\"text-align: center; margin-bottom: 0; margin-top: -30px; line-height: 1.5;\"><span style=\"color: #ffffff;\">superficie del t\u00e9rmino<\/span><\/p>\n<\/div><\/div><\/div><div class=\"fusion-layout-column fusion_builder_column fusion-builder-column-4 fusion_builder_column_1_4 1_4 fusion-flex-column\" style=\"--awb-padding-top:18px;--awb-padding-bottom:18px;--awb-overflow:hidden;--awb-bg-color:rgba(0,0,0,0.1);--awb-bg-color-hover:rgba(0,0,0,0.1);--awb-bg-blend:overlay;--awb-bg-size:cover;--awb-border-radius:10px 10px 10px 10px;--awb-width-large:25%;--awb-margin-top-large:0px;--awb-spacing-right-large:7.68%;--awb-margin-bottom-large:20px;--awb-spacing-left-large:7.68%;--awb-width-medium:100%;--awb-spacing-right-medium:1.92%;--awb-spacing-left-medium:1.92%;--awb-width-small:100%;--awb-spacing-right-small:1.92%;--awb-spacing-left-small:1.92%;\"><div class=\"fusion-column-wrapper fusion-column-has-shadow fusion-flex-justify-content-flex-start fusion-content-layout-column\"><div class=\"fusion-counters-box counters-box row fusion-clearfix fusion-columns-1\" style=\"--awb-border-color:rgba(224,222,222,0);--awb-color:#ffffff;--awb-title-size:42;--awb-icon-size:32;--awb-border-color:rgba(224,222,222,0);\"><div class=\"fusion-counter-box fusion-column col-counter-box counter-box-wrapper col-lg-12 col-md-12 col-sm-12\" data-animationOffset=\"top-into-view\"><div class=\"counter-box-container\"><div class=\"content-box-percentage content-box-counter\"><span class=\"display-counter\" data-value=\"32\" data-direction=\"up\" data-decimals=\"0\">0<\/span><span class=\"unit\"> km<\/span><\/div><div class=\"counter-box-content\"><\/div><\/div><\/div><\/div><div class=\"fusion-text fusion-text-4\"><p style=\"text-align: center; margin-bottom: 0; margin-top: -30px; line-height: 1.5;\"><span style=\"color: #ffffff;\">distancia a C\u00f3rdoba Capital<\/span><\/p>\n<\/div><\/div><\/div><\/div><\/div><div class=\"fusion-fullwidth fullwidth-box fusion-builder-row-2 fusion-flex-container nonhundred-percent-fullwidth non-hundred-percent-height-scrolling\" style=\"--awb-border-radius-top-left:0px;--awb-border-radius-top-right:0px;--awb-border-radius-bottom-right:0px;--awb-border-radius-bottom-left:0px;--awb-padding-bottom:0px;--awb-margin-bottom:0px;--awb-flex-wrap:wrap;\" ><div class=\"fusion-builder-row fusion-row fusion-flex-align-items-flex-start fusion-flex-content-wrap\" style=\"max-width:1248px;margin-left: calc(-4% \/ 2 );margin-right: calc(-4% \/ 2 );\"><div class=\"fusion-layout-column fusion_builder_column fusion-builder-column-5 fusion_builder_column_1_1 1_1 fusion-flex-column\" style=\"--awb-bg-blend:overlay;--awb-bg-size:cover;--awb-width-large:100%;--awb-margin-top-large:0px;--awb-spacing-right-large:1.92%;--awb-margin-bottom-large:20px;--awb-spacing-left-large:1.92%;--awb-width-medium:100%;--awb-spacing-right-medium:1.92%;--awb-spacing-left-medium:1.92%;--awb-width-small:100%;--awb-spacing-right-small:1.92%;--awb-spacing-left-small:1.92%;\"><div class=\"fusion-column-wrapper fusion-column-has-shadow fusion-flex-justify-content-flex-start fusion-content-layout-column\"><div class=\"fusion-section-separator section-separator horizon fusion-section-separator-1\" style=\"--awb-spacer-padding-top:17.3828125%;--awb-svg-margin-left:1.92%;--awb-svg-margin-right:1.92%;--awb-svg-margin-left-medium:1.92%;--awb-svg-margin-right-medium:1.92%;--awb-svg-margin-left-small:1.92%;--awb-svg-margin-right-small:1.92%;--awb-sep-font-size:0;--awb-sep-line-height:0;\"><div class=\"fusion-section-separator-svg\"><svg class=\"fusion-horizon-candy\" xmlns=\"http:\/\/www.w3.org\/2000\/svg\" version=\"1.1\" width=\"100%\" viewBox=\"0 0 1024 178\" preserveAspectRatio=\"none\" fill=\"rgba(0,51,91,1)\"><path class=\"st0\" d=\"M1024 177.193L507.699 43.254 0 177.193V.041h1024v177.152z\"\/>\n\t\t\t\t\t\t\t\t\t<path class=\"st1\" d=\"M1024 138.076L507.699 43.152 0 138.076V-.266h1024v138.342z\"\/>\n\t\t\t\t\t\t\t\t\t<path class=\"st2\" d=\"M1024 67.728L507.699 43.152 0 67.728V-.266h1024v67.994z\"\/>\n\t\t\t\t\t\t\t\t\t<path class=\"st3\" d=\"M1024 3.625L507.699 43.152 0 3.625V-.266h1024v3.891z\"\/>\n\t\t\t\t\t\t\t\t<\/svg><\/div><div class=\"fusion-section-separator-spacer\"><div class=\"fusion-section-separator-spacer-height\"><\/div><\/div><\/div><\/div><\/div><\/div><\/div><div class=\"fusion-fullwidth fullwidth-box fusion-builder-row-3 fusion-flex-container nonhundred-percent-fullwidth non-hundred-percent-height-scrolling\" style=\"--awb-border-sizes-top:0px;--awb-border-sizes-bottom:0px;--awb-border-sizes-left:0px;--awb-border-sizes-right:0px;--awb-border-radius-top-left:0px;--awb-border-radius-top-right:0px;--awb-border-radius-bottom-right:0px;--awb-border-radius-bottom-left:0px;--awb-padding-top:0px;--awb-padding-bottom:0px;--awb-padding-top-small:60px;--awb-padding-right-small:32px;--awb-padding-bottom-small:0px;--awb-padding-left-small:32px;--awb-margin-bottom:0px;--awb-flex-wrap:wrap;\" ><div class=\"fusion-builder-row fusion-row fusion-flex-align-items-flex-start fusion-flex-content-wrap\" style=\"max-width:1248px;margin-left: calc(-4% \/ 2 );margin-right: calc(-4% \/ 2 );\"><div class=\"fusion-layout-column fusion_builder_column fusion-builder-column-6 fusion_builder_column_1_1 1_1 fusion-flex-column\" style=\"--awb-bg-blend:overlay;--awb-bg-size:cover;--awb-width-large:100%;--awb-margin-top-large:0px;--awb-spacing-right-large:1.92%;--awb-margin-bottom-large:20px;--awb-spacing-left-large:2.88%;--awb-width-medium:100%;--awb-spacing-right-medium:1.92%;--awb-spacing-left-medium:1.92%;--awb-width-small:100%;--awb-spacing-right-small:1.92%;--awb-margin-bottom-small:4%;--awb-spacing-left-small:1.92%;\"><div class=\"fusion-column-wrapper fusion-flex-justify-content-flex-start fusion-content-layout-column\"><div class=\"fusion-text fusion-text-5\" style=\"--awb-text-transform:none;\"><p style=\"text-align: center;\"><span style=\"color: #000000;\"><i>\u00abLas mejores tierras de cereal\u00bb<\/i><\/span><\/p>\n<p style=\"text-align: right;\"><em>Constancio Bernaldo Quir\u00f3s<\/em><\/p>\n<\/div><\/div><\/div><\/div><\/div><div class=\"fusion-fullwidth fullwidth-box fusion-builder-row-4 fusion-flex-container nonhundred-percent-fullwidth non-hundred-percent-height-scrolling\" style=\"--awb-border-radius-top-left:0px;--awb-border-radius-top-right:0px;--awb-border-radius-bottom-right:0px;--awb-border-radius-bottom-left:0px;--awb-padding-top:20px;--awb-padding-bottom:20px;--awb-padding-top-small:0px;--awb-padding-bottom-small:0px;--awb-margin-bottom:0px;--awb-flex-wrap:wrap;\" ><div class=\"fusion-builder-row fusion-row fusion-flex-align-items-flex-start fusion-flex-content-wrap\" style=\"max-width:1248px;margin-left: calc(-4% \/ 2 );margin-right: calc(-4% \/ 2 );\"><div class=\"fusion-layout-column fusion_builder_column fusion-builder-column-7 fusion_builder_column_1_1 1_1 fusion-flex-column\" style=\"--awb-padding-right:100px;--awb-padding-left:100px;--awb-padding-right-small:0px;--awb-padding-left-small:0px;--awb-bg-blend:overlay;--awb-bg-size:cover;--awb-width-large:100%;--awb-margin-top-large:0px;--awb-spacing-right-large:1.92%;--awb-margin-bottom-large:20px;--awb-spacing-left-large:1.92%;--awb-width-medium:100%;--awb-spacing-right-medium:1.92%;--awb-spacing-left-medium:1.92%;--awb-width-small:100%;--awb-margin-top-small:10%;--awb-spacing-right-small:0%;--awb-margin-bottom-small:10%;--awb-spacing-left-small:0%;\"><div class=\"fusion-column-wrapper fusion-column-has-shadow fusion-flex-justify-content-flex-start fusion-content-layout-column\"><div class=\"accordian fusion-accordian\" style=\"--awb-border-size:8px;--awb-icon-size:18px;--awb-content-font-size:16px;--awb-icon-alignment:left;--awb-hover-color:#f9f9fb;--awb-border-color:#e2e2e2;--awb-background-color:#ffffff;--awb-divider-color:#e0dede;--awb-divider-hover-color:#e0dede;--awb-icon-color:#ffffff;--awb-title-color:#00335b;--awb-content-color:#4a4e57;--awb-icon-box-color:#00335b;--awb-toggle-hover-accent-color:rgba(0,0,0,0.53);--awb-title-font-family:&quot;Roboto&quot;;--awb-title-font-weight:300;--awb-title-font-style:normal;--awb-title-font-size:30px;--awb-content-font-family:&quot;Roboto&quot;;--awb-content-font-style:normal;--awb-content-font-weight:300;\"><div class=\"panel-group fusion-toggle-icon-boxed\" id=\"accordion-3733-1\"><div class=\"fusion-panel panel-default panel-e829e9284da01ad75 fusion-toggle-has-divider\"><div class=\"panel-heading\"><h4 class=\"panel-title toggle\" id=\"toggle_e829e9284da01ad75\"><a aria-expanded=\"false\" aria-controls=\"e829e9284da01ad75\" role=\"button\" data-toggle=\"collapse\" data-target=\"#e829e9284da01ad75\" href=\"#e829e9284da01ad75\"><span class=\"fusion-toggle-icon-wrapper\" aria-hidden=\"true\"><i class=\"fa-fusion-box active-icon awb-icon-minus\" aria-hidden=\"true\"><\/i><i class=\"fa-fusion-box inactive-icon awb-icon-plus\" aria-hidden=\"true\"><\/i><\/span><span class=\"fusion-toggle-heading\">Historia<\/span><\/a><\/h4><\/div><div id=\"e829e9284da01ad75\" class=\"panel-collapse collapse \" aria-labelledby=\"toggle_e829e9284da01ad75\"><div class=\"panel-body toggle-content fusion-clearfix\">\n<p style=\"text-align: justify;\"><span lang=\"ES-TRAD\">Pueblo con el nombre m\u00e1s extenso de todos los fundados por Carlos III bajo la denominaci\u00f3n de Nuevas Poblaciones. Villa con resonancias de santoral y de arroyuelo cauce, sin connotaci\u00f3n alguna con el del resto de las colonias alusivas a su monarca fundador.<\/span><\/p>\n<p style=\"text-align: justify;\"><span lang=\"ES-TRAD\">\u00bfInsin\u00faa la afirmaci\u00f3n cierto desafecto a los or\u00edgenes de las otras? Ni mucho menos. Sigamos adelante y nos demostrar\u00e1 lo contrario. <\/span><\/p>\n<p style=\"text-align: justify;\"><span lang=\"ES-TRAD\"><img decoding=\"async\" class=\"lazyload  wp-image-4072 alignleft\" src=\"https:\/\/www.upo.es\/fundacionmunicipios\/wp-content\/uploads\/2021\/11\/San-Sebastian-de-los-Ballesteros-fundacion-municipios-pablo-de-olavide-1.jpg\" data-orig-src=\"https:\/\/www.upo.es\/fundacionmunicipios\/wp-content\/uploads\/2021\/11\/San-Sebastian-de-los-Ballesteros-fundacion-municipios-pablo-de-olavide-1.jpg\" alt=\"\" width=\"356\" height=\"534\" srcset=\"data:image\/svg+xml,%3Csvg%20xmlns%3D%27http%3A%2F%2Fwww.w3.org%2F2000%2Fsvg%27%20width%3D%27356%27%20height%3D%27534%27%20viewBox%3D%270%200%20356%20534%27%3E%3Crect%20width%3D%27356%27%20height%3D%27534%27%20fill-opacity%3D%220%22%2F%3E%3C%2Fsvg%3E\" data-srcset=\"https:\/\/www.upo.es\/fundacionmunicipios\/wp-content\/uploads\/2021\/11\/San-Sebastian-de-los-Ballesteros-fundacion-municipios-pablo-de-olavide-1-200x300.jpg 200w, https:\/\/www.upo.es\/fundacionmunicipios\/wp-content\/uploads\/2021\/11\/San-Sebastian-de-los-Ballesteros-fundacion-municipios-pablo-de-olavide-1-400x600.jpg 400w, https:\/\/www.upo.es\/fundacionmunicipios\/wp-content\/uploads\/2021\/11\/San-Sebastian-de-los-Ballesteros-fundacion-municipios-pablo-de-olavide-1-500x750.jpg 500w, https:\/\/www.upo.es\/fundacionmunicipios\/wp-content\/uploads\/2021\/11\/San-Sebastian-de-los-Ballesteros-fundacion-municipios-pablo-de-olavide-1-600x900.jpg 600w, https:\/\/www.upo.es\/fundacionmunicipios\/wp-content\/uploads\/2021\/11\/San-Sebastian-de-los-Ballesteros-fundacion-municipios-pablo-de-olavide-1-683x1024.jpg 683w, https:\/\/www.upo.es\/fundacionmunicipios\/wp-content\/uploads\/2021\/11\/San-Sebastian-de-los-Ballesteros-fundacion-municipios-pablo-de-olavide-1-700x1050.jpg 700w, https:\/\/www.upo.es\/fundacionmunicipios\/wp-content\/uploads\/2021\/11\/San-Sebastian-de-los-Ballesteros-fundacion-municipios-pablo-de-olavide-1-768x1152.jpg 768w, https:\/\/www.upo.es\/fundacionmunicipios\/wp-content\/uploads\/2021\/11\/San-Sebastian-de-los-Ballesteros-fundacion-municipios-pablo-de-olavide-1-800x1200.jpg 800w, https:\/\/www.upo.es\/fundacionmunicipios\/wp-content\/uploads\/2021\/11\/San-Sebastian-de-los-Ballesteros-fundacion-municipios-pablo-de-olavide-1-1024x1536.jpg 1024w, https:\/\/www.upo.es\/fundacionmunicipios\/wp-content\/uploads\/2021\/11\/San-Sebastian-de-los-Ballesteros-fundacion-municipios-pablo-de-olavide-1.jpg 1200w\" data-sizes=\"auto\" data-orig-sizes=\"(max-width: 356px) 100vw, 356px\" \/>Dejando un tanto lo que podr\u00edamos denominar como la protohistoria de los suelos que ocuparon los nuevos colonos con vestigios romanos de cierta entidad, esos terrenos aparecen ya historiados en la centuria del XVI bajo el nombre de Ballesteros y Gregorio como tierras realengas y de aprovechamiento comunal en el t\u00e9rmino de La Rambla. Debido a la pol\u00edtica llevada a cabo por Felipe II con el fin de aportar fondos a su maltrecha hacienda, mediante la venta de tierras propiedad de la Corona, las susodichas m\u00e1s arriba fueron sacadas a subasta y p\u00fablica almoneda en la plaza de La Rambla en 1585, siendo adjudicadas a la orden jesu\u00edtica como mejor postor en la cantidad de 3.200 ducados.<\/span><\/p>\n<p style=\"text-align: justify;\"><span lang=\"ES-TRAD\">Los nuevos propietarios de estos terrenos, cubiertos de monte bajo y espeso, iniciaron la tarea de su desmonte, limpieza de maleza y guijarrales con grandes dificultades, hasta el punto de poner en cultivo casi en su totalidad las aproximadamente 1.638 fanegas conformadoras de toda su superficie, seg\u00fan consta en el Catastro de Ensenada.<\/span><\/p>\n<p style=\"text-align: justify;\"><span lang=\"ES-TRAD\">Ello dio lugar a la conformaci\u00f3n de una hacienda o cortijo, bautiz\u00e1ndola con el nombre de San Sebasti\u00e1n. Posteriormente se le adjetiv\u00f3 con el a\u00f1adido de Ballesteros, apelativo de los terrenos adquiridos a los que daban nombre el arroyo que las cruzaba. Desde 1752, fecha de la ejecuci\u00f3n del citado Catastro, no ha sido localizada hasta ahora la documentaci\u00f3n de tal finca, siendo necesario acudir para conocer su desarrollo respecto a los datos aparecidos en el citado Catastro.<\/span><\/p>\n<p style=\"text-align: justify;\"><span lang=\"ES-TRAD\">Inicialmente no figur\u00f3 su nombre en las relaciones de los terrenos a ocupar por los nuevos colonos tra\u00eddos para la fundaci\u00f3n de las Nuevas Poblaciones de Andaluc\u00eda auspiciadas por los ministros de Carlos III. Una vez incautado el cortijo y todas sus tierras tras la expulsi\u00f3n de los jesuitas, en una carta dirigida a Pablo de Olavide por el corregidor de C\u00f3rdoba Miguel Arredondo, le sugiri\u00f3 ser un buen lugar para su ocupaci\u00f3n por los nuevos emigrantes. <\/span><\/p>\n<p style=\"text-align: justify;\"><span lang=\"ES-TRAD\">Aceptada por el Superintendente, dio orden para su divisi\u00f3n en suertes, encargando dicho trabajo al ingeniero Sim\u00f3n Desnaux. Sin embargo, las suertes repartidas no siguieron las pautas de lo ocurrido en los otros lugares. Su extensi\u00f3n se limit\u00f3 s\u00f3lo a 28 fanegas y no a las 50 se\u00f1aladas para aquellas, debido l\u00f3gicamente a encontrarse cultivadas y en pleno rendimiento. <\/span><\/p>\n<p style=\"text-align: justify;\"><span lang=\"ES-TRAD\">En estas circunstancias tan favorables, se aposentaron un grupo de familias de procedencia principalmente alemanas, ocupando el lugar que ya desde tiempo era conocido bajo la denominaci\u00f3n de San Sebasti\u00e1n de los Ballesteros. Se refuerza esta afirmaci\u00f3n mediante la consulta de la primitiva relaci\u00f3n de entrega de las suertes, al aparecer en ella apellidos como Bigl, Ruperet, Zimmerman, Kam, Per\u00e9n, Kutrof, Rot, Sag, Kamer, Mayer, Stroble, Falder, Petidier, Ancio, Rieder, Herm\u00e1n, etc. Algunos de ellos a\u00fan perduran.<\/span><\/p>\n<p style=\"text-align: justify;\"><span lang=\"ES-TRAD\">Otro matiz diferenciador del resto de los poblados lo encontramos en las siguientes razones. En primer lugar se asentaron all\u00ed encontr\u00e1ndose unos edificios en donde guarecerse como vivienda colectiva y no en chozas levantadas por ellos mismos. Una nueva disparidad la hallamos en encontrar un terreno de excelente calidad y preparado para su cultivo, sin la dura necesidad de tener que realizar su desmonte. Por \u00faltimo, al coincidir su arribada con el inicio del oto\u00f1o, encontraron, tambi\u00e9n, sus tierras preparadas para sementera con la inmediatez de la recolecci\u00f3n de sus olivares y el molino imprescindible para la molturaci\u00f3n. En esa coyuntura, iniciaron y continuaron nuestros antecesores sus vidas regidas bajo las leyes contenidas en el Fuero, viviendo y sufriendo los vaivenes pol\u00edticos propios del momento hasta su supresi\u00f3n mediante la promulgaci\u00f3n de un decreto dictado por la Reina-regente Mar\u00eda Cristina, en 1835.<\/span><\/p>\n<p style=\"text-align: justify;\"><span lang=\"ES-TRAD\">Su contenido encerr\u00f3 en s\u00ed una serie de disposiciones para todos estos pueblos englob\u00e1ndolos en el com\u00fan caminar al resto de los espa\u00f1oles. San Sebasti\u00e1n fue agregado a la provincia de C\u00f3rdoba, habiendo dependido con anterioridad administrativamente de La Carlota, al igual que Fuente Palmera, pero con la originalidad de haber tenido alcaldes ped\u00e1neos. A partir de ese momento el pueblo se constituy\u00f3 como ayuntamiento, desarroll\u00e1ndose su poblaci\u00f3n, urbanismo y aspectos sociales, condicionados siempre a la limitaci\u00f3n de su t\u00e9rmino y finanzas.<\/span><\/p>\n<p style=\"text-align: justify;\"><span lang=\"ES-TRAD\">Tierras calmas cereal\u00edsticas, aumentadas por la adquisici\u00f3n de otras pertenecientes a las demarcaciones de pueblos colindantes, junto con su riqueza olivarera constituyen y conforman el \u201cmodus vivendi\u201d de sus habitantes en la actualidad. Pero con una cualidad caracter\u00edstica muy destacable. De aquellas suertes heredadas de sus antepasados ha permanecido la impronta de un labrant\u00edo sobresaliente y la calidad de todos sus productos. Ejemplo de ello lo encontramos en el predominio y buen hacer con el cereal. En 1876, una petici\u00f3n de la autoridad gubernativa provincial competente pide al ayuntamiento le env\u00ede unas muestras de la variedad de trigo \u201cnegro y ca\u00f1ivano\u201d, con el objeto de su env\u00edo a la exposici\u00f3n a celebrar aquel a\u00f1o en Par\u00eds. Al d\u00eda de hoy, tambi\u00e9n, el buen cuidado de sus campos de olivar da lugar a un aceite de primera calidad.<\/span><\/p>\n<p style=\"text-align: justify;\"><span lang=\"ES-TRAD\">Estas son unas breves y sintetizadas pinceladas del acontecer hist\u00f3rico de San Sebasti\u00e1n de los Ballesteros. De sus hombres\/mujeres y sus tierras; mejor, de sus tierras y gentes. Tierras ub\u00e9rrimas ofreciendo sus frutos a aquellos que llegaron de allende fronteras, estableci\u00e9ndose de inmediato una identificaci\u00f3n entre ambos de afanes comunes: coadyuvar en el \u00e9xito de la tarea inicial emprendida. De esa identidad de objetivos surgi\u00f3 una comuni\u00f3n tierra-hombre, fortalecida hasta nuestros d\u00edas gracias a la entrega total de sus gentes orgullosas de su pasado. Laboriosas, por el cari\u00f1o profesado a sus tierras; sencillas, pero no d\u00f3ciles; acogedoras y abiertas; amables y hospitalarias, con todos los que nos visitan; ufanos, cuando los for\u00e1neos nos denominan con el gentilicio de \u201calemanes\u201d y solidarios vinculados en el recuerdo del solar patrio, cuando por circunstancias adversas hubieron de emigrar hacia otros lugares creando una Agrupaci\u00f3n denominada de San Sebasti\u00e1n en Catalu\u00f1a, defensora de sus or\u00edgenes, costumbres y valores. Hoy reconocida, respetada y admirada all\u00ed donde se afincaron. As\u00ed es este pueblo y as\u00ed son sus gentes.<\/span><\/p>\n<\/div><\/div><\/div><div class=\"fusion-panel panel-default panel-bede3571ec25e2d05 fusion-toggle-has-divider\"><div class=\"panel-heading\"><h4 class=\"panel-title toggle\" id=\"toggle_bede3571ec25e2d05\"><a aria-expanded=\"false\" aria-controls=\"bede3571ec25e2d05\" role=\"button\" data-toggle=\"collapse\" data-target=\"#bede3571ec25e2d05\" href=\"#bede3571ec25e2d05\"><span class=\"fusion-toggle-icon-wrapper\" aria-hidden=\"true\"><i class=\"fa-fusion-box active-icon awb-icon-minus\" aria-hidden=\"true\"><\/i><i class=\"fa-fusion-box inactive-icon awb-icon-plus\" aria-hidden=\"true\"><\/i><\/span><span class=\"fusion-toggle-heading\">Qu\u00e9 ver en San Sebasti\u00e1n de los Ballesteros<\/span><\/a><\/h4><\/div><div id=\"bede3571ec25e2d05\" class=\"panel-collapse collapse \" aria-labelledby=\"toggle_bede3571ec25e2d05\"><div class=\"panel-body toggle-content fusion-clearfix\">\n<p style=\"text-align: justify;\"><img decoding=\"async\" class=\"lazyload  wp-image-4076 alignleft\" src=\"https:\/\/www.upo.es\/fundacionmunicipios\/wp-content\/uploads\/2021\/11\/San-Sebastian-de-los-Ballesteros-fundacion-municipios-pablo-de-olavide-4.jpg\" data-orig-src=\"https:\/\/www.upo.es\/fundacionmunicipios\/wp-content\/uploads\/2021\/11\/San-Sebastian-de-los-Ballesteros-fundacion-municipios-pablo-de-olavide-4.jpg\" alt=\"\" width=\"415\" height=\"623\" srcset=\"data:image\/svg+xml,%3Csvg%20xmlns%3D%27http%3A%2F%2Fwww.w3.org%2F2000%2Fsvg%27%20width%3D%27415%27%20height%3D%27623%27%20viewBox%3D%270%200%20415%20623%27%3E%3Crect%20width%3D%27415%27%20height%3D%27623%27%20fill-opacity%3D%220%22%2F%3E%3C%2Fsvg%3E\" data-srcset=\"https:\/\/www.upo.es\/fundacionmunicipios\/wp-content\/uploads\/2021\/11\/San-Sebastian-de-los-Ballesteros-fundacion-municipios-pablo-de-olavide-4-200x300.jpg 200w, https:\/\/www.upo.es\/fundacionmunicipios\/wp-content\/uploads\/2021\/11\/San-Sebastian-de-los-Ballesteros-fundacion-municipios-pablo-de-olavide-4-400x600.jpg 400w, https:\/\/www.upo.es\/fundacionmunicipios\/wp-content\/uploads\/2021\/11\/San-Sebastian-de-los-Ballesteros-fundacion-municipios-pablo-de-olavide-4-500x750.jpg 500w, https:\/\/www.upo.es\/fundacionmunicipios\/wp-content\/uploads\/2021\/11\/San-Sebastian-de-los-Ballesteros-fundacion-municipios-pablo-de-olavide-4-600x900.jpg 600w, https:\/\/www.upo.es\/fundacionmunicipios\/wp-content\/uploads\/2021\/11\/San-Sebastian-de-los-Ballesteros-fundacion-municipios-pablo-de-olavide-4-683x1024.jpg 683w, https:\/\/www.upo.es\/fundacionmunicipios\/wp-content\/uploads\/2021\/11\/San-Sebastian-de-los-Ballesteros-fundacion-municipios-pablo-de-olavide-4-700x1050.jpg 700w, https:\/\/www.upo.es\/fundacionmunicipios\/wp-content\/uploads\/2021\/11\/San-Sebastian-de-los-Ballesteros-fundacion-municipios-pablo-de-olavide-4-768x1152.jpg 768w, https:\/\/www.upo.es\/fundacionmunicipios\/wp-content\/uploads\/2021\/11\/San-Sebastian-de-los-Ballesteros-fundacion-municipios-pablo-de-olavide-4-800x1200.jpg 800w, https:\/\/www.upo.es\/fundacionmunicipios\/wp-content\/uploads\/2021\/11\/San-Sebastian-de-los-Ballesteros-fundacion-municipios-pablo-de-olavide-4-1024x1536.jpg 1024w, https:\/\/www.upo.es\/fundacionmunicipios\/wp-content\/uploads\/2021\/11\/San-Sebastian-de-los-Ballesteros-fundacion-municipios-pablo-de-olavide-4.jpg 1200w\" data-sizes=\"auto\" data-orig-sizes=\"(max-width: 415px) 100vw, 415px\" \/>Una observaci\u00f3n destacada debe tener en cuenta el presumible visitante que arribe a esta poblaci\u00f3n, contando con haber estado en otras localidades pertenecientes a las Nuevas Poblaciones. Se encontrar\u00e1 con la sorpresa de su planificaci\u00f3n urban\u00edstica totalmente diferente a las de sus hermanas. Nada de trazado ortogonal en forma de ret\u00edcula; nada de horizontalidad, verticalidad, ni paralelismo en la conformaci\u00f3n de sus calles.<\/p>\n<p style=\"text-align: justify;\">Se debe a la preexistencia de un n\u00facleo urban\u00edstico de f\u00e1brica levantado por los jesuitas a fines del siglo XVI, cuando se hicieron cargo de sus tierras. Se trata de la planta del asiento de un cortijo imprescindible para albergar todos los habit\u00e1culos necesarios para la labranza y desarrollo de la finca. Un edificio que contaba ya con vivienda para un miembro de la Compa\u00f1\u00eda y de obreros temporales, establos para los animales de labor, una capilla y un molino aceitero, lagareta&#8230; En conjunto, un edificio de considerables dimensiones en torno al cual se va conformando el callejero desde la plasmaci\u00f3n de una plaza como centro donde van a irradiar las principales v\u00edas componentes de su entramado urbano.<\/p>\n<p style=\"text-align: justify;\"><strong>Ayuntamiento<\/strong><\/p>\n<p style=\"text-align: justify;\">Ocupa el lugar principal de la antigua edificaci\u00f3n, presidiendo la plaza denominada del Fuero en la actualidad. Se conserv\u00f3 en su originalidad hasta mediado el anterior siglo cuando se derrib\u00f3 para construir otra de nueva planta, pero conservando los rasgos de la primitiva con sus contrafuertes adosados ya desaparecidos y el poyo corrido en el arranque de sus muros. La puerta de entrada adintelada y rematada con el escudo de la Casa de Austria, error cometido por el arquitecto reformador, al no haber colocado el correspondiente a los Borbones. \u00daltimamente, se le ha a\u00f1adido en su acceso una especie de p\u00e9rgola a\u00e9rea de muy mal gusto, con el gran inconveniente de no poder visionar su trazado primitivo. A un lado y otro de la puerta dos monolitos cer\u00e1micos nos cuentan la fundaci\u00f3n del pueblo y los apellidos que a\u00fan persisten de los primitivos colonos.<\/p>\n<p style=\"text-align: justify;\"><strong>P\u00f3sito<\/strong><\/p>\n<p style=\"text-align: justify;\">Se situaba a la izquierda del actual ayuntamiento. Formando parte de la antigua f\u00e1brica, un gran sal\u00f3n usado por los jesu\u00edtas como granero pas\u00f3 a los colonos para su mismo uso, depositando en \u00e9l la parte de diezmo correspondiente a la Corona. Enladrillado en su entrada hasta los a\u00f1os cincuenta del siglo pasado, era conocido popularmente como el \u201cjechaero\u201d, al ser obligatorio ahechar el grano antes de su dep\u00f3sito.<\/p>\n<p style=\"text-align: justify;\"><strong>Iglesia<\/strong><\/p>\n<p style=\"text-align: justify;\">Form\u00f3 parte del edificio nuclear en un extremo del mismo. En \u00e9l se ubic\u00f3 el pajar de los jesuitas hasta su desamortizaci\u00f3n. Desde entonces se dedic\u00f3 al culto bajo la advocaci\u00f3n de la Inmaculada Concepci\u00f3n. Bien avanzado el anterior siglo, fue derribado para levantar un nuevo templo ampliado en sus dimensiones, rompiendo la rectangularidad de la plaza.<\/p>\n<p style=\"text-align: justify;\">Conformada por tres naves sin inter\u00e9s arquitect\u00f3nico alguno, en su interior podemos contemplar dos reliquias de su pasado hist\u00f3rico. Una pintura de grandes dimensiones representando el martirio del patr\u00f3n del pueblo y de escasa calidad, pero con un buen marco compuesto de rocallas y una gran venera con la simbolog\u00eda jesu\u00edtica, denotativa de su pasado. Una pila bautismal, datada en 1780, en donde recibieron las aguas santas los primeros hijos de los colonos all\u00ed afincados. La imagen de la Inmaculada, repintada y sin tener certeza de ser la original donada por el rey. Otra imagen del patr\u00f3n, no la aut\u00e9ntica, que se encuentra en una casa particular. Por \u00faltimo, se puede contemplar una talla del Nazareno de cierto inter\u00e9s, posiblemente de finales del XVIII.<\/p>\n<p style=\"text-align: justify;\"><strong><img decoding=\"async\" class=\"lazyload  wp-image-4075 alignright\" src=\"https:\/\/www.upo.es\/fundacionmunicipios\/wp-content\/uploads\/2021\/11\/San-Sebastian-de-los-Ballesteros-fundacion-municipios-pablo-de-olavide-2.jpg\" data-orig-src=\"https:\/\/www.upo.es\/fundacionmunicipios\/wp-content\/uploads\/2021\/11\/San-Sebastian-de-los-Ballesteros-fundacion-municipios-pablo-de-olavide-2.jpg\" alt=\"\" width=\"365\" height=\"548\" srcset=\"data:image\/svg+xml,%3Csvg%20xmlns%3D%27http%3A%2F%2Fwww.w3.org%2F2000%2Fsvg%27%20width%3D%27365%27%20height%3D%27548%27%20viewBox%3D%270%200%20365%20548%27%3E%3Crect%20width%3D%27365%27%20height%3D%27548%27%20fill-opacity%3D%220%22%2F%3E%3C%2Fsvg%3E\" data-srcset=\"https:\/\/www.upo.es\/fundacionmunicipios\/wp-content\/uploads\/2021\/11\/San-Sebastian-de-los-Ballesteros-fundacion-municipios-pablo-de-olavide-2-200x300.jpg 200w, https:\/\/www.upo.es\/fundacionmunicipios\/wp-content\/uploads\/2021\/11\/San-Sebastian-de-los-Ballesteros-fundacion-municipios-pablo-de-olavide-2-400x600.jpg 400w, https:\/\/www.upo.es\/fundacionmunicipios\/wp-content\/uploads\/2021\/11\/San-Sebastian-de-los-Ballesteros-fundacion-municipios-pablo-de-olavide-2-500x750.jpg 500w, https:\/\/www.upo.es\/fundacionmunicipios\/wp-content\/uploads\/2021\/11\/San-Sebastian-de-los-Ballesteros-fundacion-municipios-pablo-de-olavide-2-600x900.jpg 600w, https:\/\/www.upo.es\/fundacionmunicipios\/wp-content\/uploads\/2021\/11\/San-Sebastian-de-los-Ballesteros-fundacion-municipios-pablo-de-olavide-2-683x1024.jpg 683w, https:\/\/www.upo.es\/fundacionmunicipios\/wp-content\/uploads\/2021\/11\/San-Sebastian-de-los-Ballesteros-fundacion-municipios-pablo-de-olavide-2-700x1050.jpg 700w, https:\/\/www.upo.es\/fundacionmunicipios\/wp-content\/uploads\/2021\/11\/San-Sebastian-de-los-Ballesteros-fundacion-municipios-pablo-de-olavide-2-768x1152.jpg 768w, https:\/\/www.upo.es\/fundacionmunicipios\/wp-content\/uploads\/2021\/11\/San-Sebastian-de-los-Ballesteros-fundacion-municipios-pablo-de-olavide-2-800x1200.jpg 800w, https:\/\/www.upo.es\/fundacionmunicipios\/wp-content\/uploads\/2021\/11\/San-Sebastian-de-los-Ballesteros-fundacion-municipios-pablo-de-olavide-2-1024x1536.jpg 1024w, https:\/\/www.upo.es\/fundacionmunicipios\/wp-content\/uploads\/2021\/11\/San-Sebastian-de-los-Ballesteros-fundacion-municipios-pablo-de-olavide-2.jpg 1200w\" data-sizes=\"auto\" data-orig-sizes=\"(max-width: 365px) 100vw, 365px\" \/>Calle de la Colonia<\/strong><\/p>\n<p style=\"text-align: justify;\">Conocida en la actualidad como calle de La Colonia, como una prolongaci\u00f3n de la parte principal del edificio original, ha sido tambi\u00e9n denominada a trav\u00e9s del tiempo con la denominaci\u00f3n de C\u00e1rcel, Taberna, Carnicer\u00eda y Horno de la Currela, reflejando en su significado la diversidad de negocios instalados \u201cin situ\u201d.<\/p>\n<p style=\"text-align: justify;\">Su singularidad consiste en haberse conservado todos los muros de uno de sus laterales con su ladrillo visto original, aunque buena parte enlucida y enjalbegada, pero conservando los contrafuertes distintivos de la edificaci\u00f3n primitiva. Iniciando su fachada lateral nos encontramos con un habit\u00e1culo denominado C\u00e1rcel. Es obvio que en tiempos de los jesuitas no tuvo la funci\u00f3n que encierra su significado, pero s\u00ed desde el afincamiento de los colonos, conserv\u00e1ndolo hasta la segunda mitad de la anterior centuria. Le distingue la existencia de una reja carcelaria con techo abovedado, con aristas prolongadas a todo lo largo de la construcci\u00f3n y parcialmente desaparecido. En este recinto se ubicaron la carnicer\u00eda y la taberna.<\/p>\n<p style=\"text-align: justify;\">Cerrando el callej\u00f3n nos encontramos con la portada a la estancia denominada La Tahona, modificada no hace muchos a\u00f1os. Pasando a su interior contemplamos una gran nave abovedada de medio ca\u00f1\u00f3n conformada por hileras de ladrillo visto arrancando de su base, conservada y rehabilitada en su originalidad hace una veintena de a\u00f1os. Por sus grandes dimensiones y su espectacularidad es el orgullo de sus vecinos habida cuenta de su escaso patrimonio arquitect\u00f3nico.<\/p>\n<\/div><\/div><\/div><div class=\"fusion-panel panel-default panel-2a9989a98a8bd4fc9 fusion-toggle-has-divider\"><div class=\"panel-heading\"><h4 class=\"panel-title toggle\" id=\"toggle_2a9989a98a8bd4fc9\"><a aria-expanded=\"false\" aria-controls=\"2a9989a98a8bd4fc9\" role=\"button\" data-toggle=\"collapse\" data-target=\"#2a9989a98a8bd4fc9\" href=\"#2a9989a98a8bd4fc9\"><span class=\"fusion-toggle-icon-wrapper\" aria-hidden=\"true\"><i class=\"fa-fusion-box active-icon awb-icon-minus\" aria-hidden=\"true\"><\/i><i class=\"fa-fusion-box inactive-icon awb-icon-plus\" aria-hidden=\"true\"><\/i><\/span><span class=\"fusion-toggle-heading\">Fiestas y acontecimientos<\/span><\/a><\/h4><\/div><div id=\"2a9989a98a8bd4fc9\" class=\"panel-collapse collapse \" aria-labelledby=\"toggle_2a9989a98a8bd4fc9\"><div class=\"panel-body toggle-content fusion-clearfix\">\n<p style=\"text-align: justify;\"><strong>Feria del patr\u00f3n San Sebasti\u00e1n<\/strong><\/p>\n<p style=\"text-align: justify;\">20 de enero. Procesi\u00f3n del Santo y comida del \u201cpavo con fideos\u201d. Diversos actos l\u00fadicos y deportivos.<\/p>\n<p style=\"text-align: justify;\"><strong>Fiestas de Santiago<\/strong><\/p>\n<p style=\"text-align: justify;\">25 de julio. Carrera de galgos y de cintas con caballos y bicicletas. \u00daltimamente con la \u201csuelta de vaquillas\u201d.<\/p>\n<p style=\"text-align: justify;\"><strong>Mercado gastrocolono \u201cMolino del Rey\u201d<\/strong><\/p>\n<p style=\"text-align: justify;\"><strong>Carnaval<\/strong><\/p>\n<p style=\"text-align: justify;\">Tradicional baile de Pi\u00f1ata y concurso de disfraces.<\/p>\n<p style=\"text-align: justify;\"><strong>Semana Santa<\/strong><\/p>\n<p style=\"text-align: justify;\">Se celebran Jueves y Viernes Santo con procesiones de N\u00ba. Sr. del Huerto, Nazareno, los Dolores y Crucificado. La del Nazareno se denomin\u00f3 en cierta \u00e9poca de \u201clos Catalanes\u201d, motivada por el traslado de los emigrados en Catalu\u00f1a para su asistencia. En tiempos anteriores se representaba el ahorcamiento de Judas y el Encuentro de la Dolorosa con su Hijo. Se intenta rememorar la \u201cPelea de Huevos\u201d costumbre tra\u00edda por los primeros colonos de su tierra de origen, existiendo constancia actualmente de su permanencia en Baviera.<\/p>\n<p style=\"text-align: justify;\"><strong>Las Candelas<\/strong><\/p>\n<p style=\"text-align: justify;\">Gran hoguera en el centro de la plaza.<\/p>\n<p style=\"text-align: justify;\"><strong>Romer\u00eda de San Isidro Labrador<\/strong><\/p>\n<p style=\"text-align: justify;\">En la alameda del \u201cPozo de los puercos\u201d.<\/p>\n<p style=\"text-align: justify;\"><strong>Verbena de \u201cLos Catalanes\u201d<\/strong><\/p>\n<p style=\"text-align: justify;\">En la calle dedicada al pueblo de Sabadell, por residir all\u00ed la gran mayor\u00eda de los vecinos emigrantes y tener su sede la Agrupaci\u00f3n fundada por ellos como homenaje a dicha ciudad (mes de agosto).<\/p>\n<p style=\"text-align: justify;\"><strong>Velada de la \u201cFuente de San Rafael\u201d<\/strong><\/p>\n<p style=\"text-align: justify;\"><strong>Navidad<\/strong><\/p>\n<p style=\"text-align: justify;\">Hasta mediado el anterior siglo, se representaba en el altar mayor de la parroquia \u201cla Pastor\u00e1\u201d, precediendo a la Misa del Gallo. Se trata de una composici\u00f3n literaria, a veces versificada &#8211; como lo es el caso que comentamos- de car\u00e1cter religioso, tan en boga en el siglo XIX y con argumentaci\u00f3n navide\u00f1a. Interpretada en los templos, \u201cLa Pastor\u00e1\u201d como su nombre indica se refiere a la Anunciaci\u00f3n de la Virgen Mar\u00eda. Una vez finalizada la misa y escenificaci\u00f3n, grupos de j\u00f3venes recorr\u00edan las calles del pueblo tocando los instrumentos propios de la festividad, solicitando el aguinaldo. Es muy concurrida y celebrada, la cabalgata de los Reyes Magos.<\/p>\n<\/div><\/div><\/div><div class=\"fusion-panel panel-default panel-c0e9deb8fe587d7c3 fusion-toggle-has-divider\"><div class=\"panel-heading\"><h4 class=\"panel-title toggle\" id=\"toggle_c0e9deb8fe587d7c3\"><a aria-expanded=\"false\" aria-controls=\"c0e9deb8fe587d7c3\" role=\"button\" data-toggle=\"collapse\" data-target=\"#c0e9deb8fe587d7c3\" href=\"#c0e9deb8fe587d7c3\"><span class=\"fusion-toggle-icon-wrapper\" aria-hidden=\"true\"><i class=\"fa-fusion-box active-icon awb-icon-minus\" aria-hidden=\"true\"><\/i><i class=\"fa-fusion-box inactive-icon awb-icon-plus\" aria-hidden=\"true\"><\/i><\/span><span class=\"fusion-toggle-heading\">Gastronom\u00eda<\/span><\/a><\/h4><\/div><div id=\"c0e9deb8fe587d7c3\" class=\"panel-collapse collapse \" aria-labelledby=\"toggle_c0e9deb8fe587d7c3\"><div class=\"panel-body toggle-content fusion-clearfix\">\n<p style=\"text-align: justify;\"><span lang=\"ES-TRAD\">Es obvio, que, en un pueblo eminentemente agr\u00edcola, los productos derivados de ella sea la materia prima utilizada en las comidas y dem\u00e1s componentes de su dieta.<\/span><\/p>\n<p style=\"text-align: justify;\"><span lang=\"ES-TRAD\">En desayuno destacamos las tostadas con pan y aceite, las rebanadas fritas y en aguasal; tostadas con manteca de lomo, chorizo, pan tostado y una especie de pat\u00e9 de asadura. En tiempos de recolecci\u00f3n el pan con tocino y aceitunas ali\u00f1adas, era la dieta normal.<\/span><\/p>\n<p style=\"text-align: justify;\"><span lang=\"ES-TRAD\">Para el almuerzo o comida principal destaca prioritariamente la olla o cocido andaluz, las sopas de ajo, fideos, maimones, con cuscurros y el sopicaldo; migas acompa\u00f1adas con r\u00e1banos o granada, pavo en pepitoria los d\u00edas extra, arroz con liebre, perdiz encebollada, zorzales en manteca. De entre todas ellas sobresale el renombrado \u201cpavo con fideos\u201d, tradici\u00f3n conservada desde los inicios del aposentamiento de los primeros colonos. Aunque se consum\u00eda en cualquier fecha, se ha vinculado al d\u00eda de la fiesta patronal, ofrecida por las autoridades locales al pueblo pasando a convertirse en una tradici\u00f3n. <\/span><\/p>\n<p style=\"text-align: justify;\"><span lang=\"ES-TRAD\">La elaboraci\u00f3n de la dulcer\u00eda se ci\u00f1e a un proceso artesanal y dom\u00e9stico, prepar\u00e1ndose en cada uno de los hogares con la materia prima de la tierra y horneados en la tahona comunitaria, reducida a fechas y celebraciones concretas.<\/span><\/p>\n<p style=\"text-align: justify;\"><span lang=\"ES-TRAD\">Para Navidad suelen confeccionarse bollos de manteca, tortillas y magdalenas, prolong\u00e1ndose su hechura hasta la fiesta patronal. En Cuaresma y Semana Santa predominan los pesti\u00f1os, s\u00f3planos, roscos, de an\u00eds y fritos, flores y magdalenas. En Todos los Santos sobresalen las \u201cdobla\u00edtas\u201d, las gachas y las consabidas magdalenas. Actualmente se elaboran a todo lo largo del a\u00f1o en la panader\u00eda local, siendo muy apreciados por los visitantes.<\/span><\/p>\n<\/div><\/div><\/div><\/div><\/div><div class=\"fusion-text fusion-text-6\" style=\"--awb-margin-top:50px;\"><p style=\"text-align: right;\">Texto: Rafael V\u00e1zquez Lesmes<br \/>Fotograf\u00edas: Ayuntamiento de San Sebasti\u00e1n de los Ballesteros y \u00c1rea de Comunicaci\u00f3n y Estrategia Fundaciones UPO<\/p>\n<\/div><\/div><\/div><\/div><\/div><div class=\"fusion-fullwidth fullwidth-box fusion-builder-row-5 fusion-flex-container hundred-percent-fullwidth non-hundred-percent-height-scrolling\" style=\"--awb-background-position:center top;--awb-border-sizes-top:0px;--awb-border-sizes-bottom:0px;--awb-border-sizes-left:0px;--awb-border-sizes-right:0px;--awb-border-radius-top-left:0px;--awb-border-radius-top-right:0px;--awb-border-radius-bottom-right:0px;--awb-border-radius-bottom-left:0px;--awb-padding-top:0px;--awb-padding-right:0px;--awb-padding-bottom:0px;--awb-padding-left:0px;--awb-margin-bottom:0px;--awb-flex-wrap:wrap;\" ><div class=\"fusion-builder-row fusion-row fusion-flex-align-items-flex-start fusion-flex-content-wrap\" style=\"width:calc( 100% + 0px ) !important;max-width:calc( 100% + 0px ) !important;margin-left: calc(-0px \/ 2 );margin-right: calc(-0px \/ 2 );\"><div class=\"fusion-layout-column fusion_builder_column fusion-builder-column-8 fusion_builder_column_1_1 1_1 fusion-flex-column\" style=\"--awb-bg-size:cover;--awb-width-large:100%;--awb-margin-top-large:0px;--awb-spacing-right-large:0px;--awb-margin-bottom-large:0px;--awb-spacing-left-large:0px;--awb-width-medium:100%;--awb-order-medium:0;--awb-spacing-right-medium:0px;--awb-spacing-left-medium:0px;--awb-width-small:100%;--awb-order-small:0;--awb-spacing-right-small:0px;--awb-spacing-left-small:0px;\"><div class=\"fusion-column-wrapper fusion-column-has-shadow fusion-flex-justify-content-flex-start fusion-content-layout-column\"><div class=\"leaflet-map WPLeafletMap\" style=\"height:500px; width:100%;\"><\/div><script>\nwindow.WPLeafletMapPlugin = window.WPLeafletMapPlugin || [];\nwindow.WPLeafletMapPlugin.push(function WPLeafletMapShortcode() {\/*<script>*\/\nvar baseUrl = atob('aHR0cHM6Ly97c30udGlsZS5vcGVuc3RyZWV0bWFwLm9yZy97en0ve3h9L3t5fS5wbmc=');\nvar base = (!baseUrl && window.MQ) ?\n    window.MQ.mapLayer() : L.tileLayer(baseUrl,\n        L.Util.extend({}, {\n            detectRetina: 0,\n        },\n        {\"subdomains\":\"abc\",\"noWrap\":false,\"maxZoom\":20}        )\n    );\n    var options = L.Util.extend({}, {\n        layers: [base],\n        attributionControl: false\n    },\n    {\"zoomControl\":true,\"scrollWheelZoom\":false,\"doubleClickZoom\":false,\"fitBounds\":false,\"minZoom\":0,\"maxZoom\":20,\"maxBounds\":null,\"attribution\":\"<a href=\\\"http:\\\/\\\/leafletjs.com\\\" title=\\\"Una biblioteca JS para mapas interactivos\\\">Leaflet<\\\/a>; \\u00a9 <a href=\\\"http:\\\/\\\/www.openstreetmap.org\\\/copyright\\\">OpenStreetMap<\\\/a> colaboradores\"},\n    {});\nwindow.WPLeafletMapPlugin.createMap(options).setView([37.6699,-4.8404],11);});<\/script>\n\n<script>\nwindow.WPLeafletMapPlugin = window.WPLeafletMapPlugin || [];\nwindow.WPLeafletMapPlugin.push(function WPLeafletMarkerShortcode() {\/*<script>*\/\nvar map = window.WPLeafletMapPlugin.getCurrentMap();\nvar group = window.WPLeafletMapPlugin.getCurrentGroup();\nvar marker_options = window.WPLeafletMapPlugin.getIconOptions({});\nvar marker = L.marker(\n    [37.6699,-4.8404],\n    marker_options\n);\nvar is_image = map.is_image_map;\nif (marker_options.draggable) {\n    marker.on('dragend', function () {\n        var latlng = this.getLatLng();\n        var lat = latlng.lat;\n        var lng = latlng.lng;\n        if (is_image) {\n            console.log('leaflet-marker y=' + lat + ' x=' + lng);\n        } else {\n            console.log('leaflet-marker lat=' + lat + ' lng=' + lng);\n        }\n    });\n}\nmarker.addTo( group );\nmarker.bindPopup(window.WPLeafletMapPlugin.unescape('&lt;a href=\\&quot;https:\/\/www.google.com\/maps?q=San+sebastian+de+los+ballesteros&amp;um=1&amp;ie=UTF-8&amp;sa=X&amp;ved=2ahUKEwi82Kr3mOXzAhX0A2MBHQJWCA0Q_AUoAXoECAEQAw\\&quot;&gt;San Sebasti\u00e1n de los Ballesteros&lt;\/a&gt;')).openPopup();window.WPLeafletMapPlugin.markers.push( marker );\n        });<\/script>\n<\/div><\/div><\/div><\/div><\/p>\n","protected":false},"excerpt":{"rendered":"","protected":false},"author":1,"featured_media":0,"parent":0,"menu_order":14,"comment_status":"closed","ping_status":"closed","template":"100-width.php","meta":{"_acf_changed":false,"footnotes":""},"class_list":["post-3733","page","type-page","status-publish","hentry"],"acf":[],"_links":{"self":[{"href":"https:\/\/www.upo.es\/fundacionmunicipios\/wp-json\/wp\/v2\/pages\/3733","targetHints":{"allow":["GET"]}}],"collection":[{"href":"https:\/\/www.upo.es\/fundacionmunicipios\/wp-json\/wp\/v2\/pages"}],"about":[{"href":"https:\/\/www.upo.es\/fundacionmunicipios\/wp-json\/wp\/v2\/types\/page"}],"author":[{"embeddable":true,"href":"https:\/\/www.upo.es\/fundacionmunicipios\/wp-json\/wp\/v2\/users\/1"}],"replies":[{"embeddable":true,"href":"https:\/\/www.upo.es\/fundacionmunicipios\/wp-json\/wp\/v2\/comments?post=3733"}],"version-history":[{"count":0,"href":"https:\/\/www.upo.es\/fundacionmunicipios\/wp-json\/wp\/v2\/pages\/3733\/revisions"}],"wp:attachment":[{"href":"https:\/\/www.upo.es\/fundacionmunicipios\/wp-json\/wp\/v2\/media?parent=3733"}],"curies":[{"name":"wp","href":"https:\/\/api.w.org\/{rel}","templated":true}]}}