{"id":2882,"date":"2019-03-12T11:05:20","date_gmt":"2019-03-12T11:05:20","guid":{"rendered":"https:\/\/www.upo.es\/fundacionmunicipios\/?post_type=product&#038;p=2882"},"modified":"2025-12-03T10:02:17","modified_gmt":"2025-12-03T09:02:17","slug":"el-paisaje-cultural-de-la-ilustracion-en-andalucia","status":"publish","type":"product","link":"https:\/\/www.upo.es\/fundacionmunicipios\/tienda\/el-paisaje-cultural-de-la-ilustracion-en-andalucia\/","title":{"rendered":"El paisaje cultural de la Ilustraci\u00f3n en Andaluc\u00eda. Ciudad, territorio y patrimonio cultural en las Nuevas Poblaciones"},"content":{"rendered":"<p><strong>T\u00edtulo: <\/strong>El paisaje cultural de la Ilustraci\u00f3n en Andaluc\u00eda. Ciudad, territorio y patrimonio cultural en las Nuevas Poblaciones<br \/>\n<strong>Autores:<\/strong> Jos\u00e9 Antonio F\u00edlter Rodr\u00edguez (coord.), Fernando Quiles Garc\u00eda (coord.)<br \/>\n<strong>Editorial:<\/strong> Fundaci\u00f3n de Municipios Pablo de Olavide<br \/>\n<strong>A\u00f1o de publicaci\u00f3n:<\/strong> 2020<br \/>\n<strong>P\u00e1ginas:\u00a0<\/strong>384<br \/>\n<strong>Pa\u00eds: <\/strong>Espa\u00f1a<br \/>\n<strong>Idioma:<\/strong> espa\u00f1ol<br \/>\n<strong>ISBN:<\/strong> 978-84-120123-1-6<\/p>\n","protected":false},"excerpt":{"rendered":"<p style=\"text-align: justify;\">Cre\u00edamos necesario empezar por el principio y qu\u00e9 mejor arranque que poniendo la mirada sobre uno de los paisajes humanizados m\u00e1s importantes no de Andaluc\u00eda, sino peninsulares. Un territorio que se transform\u00f3 con un reguero de asentamientos humanos y con la introducci\u00f3n del cultivo agr\u00edcola. Y ese cambio, que fue transcendental a nivel andaluz, tuvo su motor en una idea renovadora, que por una vez y al cierre del Antiguo R\u00e9gimen puso el inter\u00e9s en el bien com\u00fan, m\u00e1s all\u00e1 de los principios clasistas que hab\u00edan condicionado el desarrollo de la vida y la obra de este tiempo que conclu\u00eda. Un argumento m\u00e1s que, como todos sus matices, nos animan a marcar un comienzo a nuestro ilusionante itinerario cultural que se va a jalonar, a partir de ahora, con libros. Libros que han de recoger cuantas historias y hechos han estado en la base de la culminaci\u00f3n de iniciativas ilustradas.<\/p>\n<p style=\"text-align: justify;\">La Ilustraci\u00f3n como movimiento cultural, la Ilustraci\u00f3n como valor cultural. Y, como nos repetimos una y otra vez, quienes hemos impulsado esta nueva biblioteca, cu\u00e1nto bueno vino de la mano de la Ilustraci\u00f3n \u2013como formaci\u00f3n- y de la ilusi\u00f3n por cambiar el mundo. Tanto que, aun habiendo sido aireado una y otra vez por innumerables publicaciones, no se agota. Y no se agota porque quedan los detalles, que siempre se pueden interceptar a criterio de quienes los analicen; pero sobre todo, porque ha de ser valorado como un homenaje permanente al progreso humano.<\/p>\n<p style=\"text-align: justify;\">La Ilustraci\u00f3n cambi\u00f3 nuestro peque\u00f1o mundo. Otras revoluciones se dieron antes de ahora e incluso se han considerado las ra\u00edces profundas del cambio, pero fue al final en esta segunda mitad del siglo dieciocho cuando se materializ\u00f3 la reforma. Es habitual la relaci\u00f3n Ilustraci\u00f3n con luz, y en alg\u00fan lugar Ilustraci\u00f3n con ilusi\u00f3n. Sea la una como la otra, en ambos casos, el mensaje es claro: la Ilustraci\u00f3n empuj\u00f3 la senda de la mejora de la sociedad.<\/p>\n<p><strong>Sobre la colecci\u00f3n<\/strong><\/p>\n<p style=\"text-align: justify;\">En esta colecci\u00f3n de libros se intenta recomponer los hechos y las ideas que hicieron de la Ilustraci\u00f3n, tanto en Espa\u00f1a como en Am\u00e9rica, un tiempo de progreso. En los sucesivos t\u00edtulos se aludir\u00e1 a la Ilustraci\u00f3n, en su trascendencia social y cultural, a su tiempo y a su circunstancia. Se reconocer\u00e1 a los ilustrados e ilustradas, poniendo en claro sus hechos\u00a0 y movi\u00e9ndose por sus espacios, tanto en la Pen\u00ednsula como en Am\u00e9rica. Y en sentido amplio, esta colecci\u00f3n se interesar\u00e1 por el correlato formativo y cultural, en su trascendencia a los tiempos actuales.<\/p>\n<p><!--[\/fusion_checklist]--><\/p>\n","protected":false},"featured_media":30275,"template":"","meta":{"_acf_changed":false},"product_brand":[],"product_cat":[305,298],"product_tag":[300,302,299,301],"class_list":{"0":"post-2882","1":"product","2":"type-product","3":"status-publish","4":"has-post-thumbnail","6":"product_cat-coleccion-olavide-ilustracion","7":"product_cat-libros","8":"product_tag-andalucia","9":"product_tag-fundacion-de-municipios","10":"product_tag-olavide-ilustracion","11":"product_tag-universidad-pablo-de-olavide","13":"first","14":"instock","15":"taxable","16":"shipping-taxable","17":"purchasable","18":"product-type-simple"},"acf":[],"_links":{"self":[{"href":"https:\/\/www.upo.es\/fundacionmunicipios\/wp-json\/wp\/v2\/product\/2882","targetHints":{"allow":["GET"]}}],"collection":[{"href":"https:\/\/www.upo.es\/fundacionmunicipios\/wp-json\/wp\/v2\/product"}],"about":[{"href":"https:\/\/www.upo.es\/fundacionmunicipios\/wp-json\/wp\/v2\/types\/product"}],"wp:featuredmedia":[{"embeddable":true,"href":"https:\/\/www.upo.es\/fundacionmunicipios\/wp-json\/wp\/v2\/media\/30275"}],"wp:attachment":[{"href":"https:\/\/www.upo.es\/fundacionmunicipios\/wp-json\/wp\/v2\/media?parent=2882"}],"wp:term":[{"taxonomy":"product_brand","embeddable":true,"href":"https:\/\/www.upo.es\/fundacionmunicipios\/wp-json\/wp\/v2\/product_brand?post=2882"},{"taxonomy":"product_cat","embeddable":true,"href":"https:\/\/www.upo.es\/fundacionmunicipios\/wp-json\/wp\/v2\/product_cat?post=2882"},{"taxonomy":"product_tag","embeddable":true,"href":"https:\/\/www.upo.es\/fundacionmunicipios\/wp-json\/wp\/v2\/product_tag?post=2882"}],"curies":[{"name":"wp","href":"https:\/\/api.w.org\/{rel}","templated":true}]}}