{"id":30446,"date":"2022-01-17T11:42:23","date_gmt":"2022-01-17T11:42:23","guid":{"rendered":"https:\/\/www.upo.es\/fundacionmunicipios\/?post_type=product&#038;p=30446"},"modified":"2025-12-03T09:59:42","modified_gmt":"2025-12-03T08:59:42","slug":"aproximacion-al-urbanismo-ideal-en-el-siglo-xviii-carlos-quevedo","status":"publish","type":"product","link":"https:\/\/www.upo.es\/fundacionmunicipios\/tienda\/aproximacion-al-urbanismo-ideal-en-el-siglo-xviii-carlos-quevedo\/","title":{"rendered":"Aproximaci\u00f3n al urbanismo ideal en el siglo XVIII. Las nuevas poblaciones de colonizaci\u00f3n en Andaluc\u00eda"},"content":{"rendered":"<p><strong>T\u00edtulo: <\/strong>Aproximaci\u00f3n al urbanismo ideal en el siglo XVIII. Las nuevas poblaciones de colonizaci\u00f3n en Andaluc\u00eda<br \/>\n<strong>Autor:<\/strong> Carlos Quevedo Rojas<br \/>\n<strong>Editorial:<\/strong> C\u00edrculo Rojo y Fundaci\u00f3n de Municipios Pablo de Olavide<br \/>\n<strong>A\u00f1o de publicaci\u00f3n:<\/strong> 2018<br \/>\n<strong>P\u00e1ginas:\u00a0<\/strong>426<br \/>\n<strong>Pa\u00eds: <\/strong>Espa\u00f1a<br \/>\n<strong>Idioma:<\/strong> espa\u00f1ol<br \/>\n<strong>ISBN:<\/strong> 978-84-1304-719-5<\/p>\n","protected":false},"excerpt":{"rendered":"<p>El pensamiento ilustrado, como movimiento intelectual que se desarrolla en Europa en el Siglo de las Luces, fue la base del pensamiento cr\u00edtico moderno en una visi\u00f3n global que asocia cultura, econom\u00eda, pol\u00edtica y sociedad. Vincular este pensamiento con el concepto de \u00abciudad lineal\u00bb en el S. XVIII, analizar los casos de aplicaci\u00f3n de las poblaciones de colonizaci\u00f3n en Andaluc\u00eda, analizar sus v\u00ednculos directos con Europa y Am\u00e9rica, reconocer los elementos formales existentes propios de la etapa colonizadora y fundacional desde el \u00e1mbito territorial, urbano y arquitect\u00f3nico, as\u00ed como hacer una valoraci\u00f3n y an\u00e1lisis cr\u00edtico sobre la configuraci\u00f3n urbano-territorial actual, son los principales objetivos marcados por esta obra.<\/p>\n<p>Esta investigaci\u00f3n aborda la integraci\u00f3n como principio fundamental del pensamiento arquitect\u00f3nico, la interdisciplinaridad como articulaci\u00f3n de los diversos campos y las distintas escalas de trabajo, as\u00ed como la importancia de la relaci\u00f3n del urbanismo con el medio natural y social como agente de transformaci\u00f3n bajo unos principios generales.<\/p>\n","protected":false},"featured_media":30447,"template":"","meta":{"_acf_changed":false},"product_brand":[],"product_cat":[298,308],"product_tag":[300,302,301],"class_list":{"0":"post-30446","1":"product","2":"type-product","3":"status-publish","4":"has-post-thumbnail","6":"product_cat-libros","7":"product_cat-premios-ensayo","8":"product_tag-andalucia","9":"product_tag-fundacion-de-municipios","10":"product_tag-universidad-pablo-de-olavide","12":"first","13":"instock","14":"taxable","15":"shipping-taxable","16":"purchasable","17":"product-type-simple"},"acf":[],"_links":{"self":[{"href":"https:\/\/www.upo.es\/fundacionmunicipios\/wp-json\/wp\/v2\/product\/30446","targetHints":{"allow":["GET"]}}],"collection":[{"href":"https:\/\/www.upo.es\/fundacionmunicipios\/wp-json\/wp\/v2\/product"}],"about":[{"href":"https:\/\/www.upo.es\/fundacionmunicipios\/wp-json\/wp\/v2\/types\/product"}],"wp:featuredmedia":[{"embeddable":true,"href":"https:\/\/www.upo.es\/fundacionmunicipios\/wp-json\/wp\/v2\/media\/30447"}],"wp:attachment":[{"href":"https:\/\/www.upo.es\/fundacionmunicipios\/wp-json\/wp\/v2\/media?parent=30446"}],"wp:term":[{"taxonomy":"product_brand","embeddable":true,"href":"https:\/\/www.upo.es\/fundacionmunicipios\/wp-json\/wp\/v2\/product_brand?post=30446"},{"taxonomy":"product_cat","embeddable":true,"href":"https:\/\/www.upo.es\/fundacionmunicipios\/wp-json\/wp\/v2\/product_cat?post=30446"},{"taxonomy":"product_tag","embeddable":true,"href":"https:\/\/www.upo.es\/fundacionmunicipios\/wp-json\/wp\/v2\/product_tag?post=30446"}],"curies":[{"name":"wp","href":"https:\/\/api.w.org\/{rel}","templated":true}]}}