{"id":31396,"date":"2024-06-13T18:49:48","date_gmt":"2024-06-13T16:49:48","guid":{"rendered":"https:\/\/www.upo.es\/fundacionmunicipios\/?post_type=product&#038;p=31396"},"modified":"2025-12-03T11:00:26","modified_gmt":"2025-12-03T10:00:26","slug":"don-pablo-de-olavide-apuntes-sobre-su-vida-y-sus-obras","status":"publish","type":"product","link":"https:\/\/www.upo.es\/fundacionmunicipios\/tienda\/don-pablo-de-olavide-apuntes-sobre-su-vida-y-sus-obras\/","title":{"rendered":"Don Pablo de Olavide. Apuntes sobre su vida y sus obras"},"content":{"rendered":"<p><strong>T\u00edtulo: <\/strong>Don Pablo de Olavide. Apuntes sobre su vida y sus obras<br \/>\n<strong>Autor:<\/strong> Jos\u00e9 Antonio de Lavalle<br \/>\n<strong>Edici\u00f3n y estudio preliminar:<\/strong> Adolfo Hamer<br \/>\n<strong>Editorial:<\/strong> Fundaci\u00f3n de Municipios Pablo de Olavide<br \/>\n<strong>A\u00f1o de publicaci\u00f3n:<\/strong> 2024<br \/>\n<strong>P\u00e1ginas: <\/strong>160<br \/>\n<strong>Pa\u00eds: <\/strong>Espa\u00f1a<br \/>\n<strong>Idioma:<\/strong> espa\u00f1ol<br \/>\n<strong>ISBN:<\/strong> 978-84-120123-7-8<\/p>\n","protected":false},"excerpt":{"rendered":"<div class=\"page\" title=\"Page 1\">\n<div class=\"section\">\n<div class=\"layoutArea\">\n<div class=\"column\">\n<p>El ilustrado Pablo de Olavide y J\u00e1uregui (Lima, 1725 \u2013 Baeza, 1803) es una figura fundamental para comprender la Espa\u00f1a del siglo XVIII. Su s\u00f3lida formaci\u00f3n, su personalidad carism\u00e1tica y su incansable labor por el desarrollo del pa\u00eds nunca pasaron inadvertidos, granje\u00e1ndole importantes partidarios pero, tambi\u00e9n, destacados enemigos. Aunque los relevantes empleos y encargos que se le encomendaron a partir de 1766 lo hicieron ampliamente conocido, su fama est\u00e1 indisolublemente ligada a su proceso inquisitorial. La sentencia condenatoria de 1778 lo convirti\u00f3 en un s\u00edmbolo de la lucha por la libertad de pensamiento y la tolerancia, sobre todo fuera de nuestras fronteras. Parad\u00f3jicamente, esa fama internacional solo se materializ\u00f3 durante d\u00e9cadas en breves rese\u00f1as biogr\u00e1ficas que apenas ofrec\u00edan informaciones muy b\u00e1sicas, y en las que predominaban las menciones a su labor al frente de las Nuevas Poblaciones de Sierra Morena y Andaluc\u00eda y al propio proceso inquisitorial.<\/p>\n<p>La primera investigaci\u00f3n extensa orientada a reconstruir la trayectoria biogr\u00e1fica de Olavide no fue una realidad hasta mediados del siglo XIX. Esta iniciativa parti\u00f3 de uno de sus compatriotas, al que su perfil hab\u00eda seducido desde la ni\u00f1ez, el pol\u00edtico y diplom\u00e1tico Jos\u00e9 Antonio de Lavalle (1833-1893). En 1859, este dio a la imprenta en la ciudad de Lima su Don Pablo de Olavide. Apuntes sobre su vida y sus obras, del que realiz\u00f3 una segunda edici\u00f3n corregida y muy ampliada que se public\u00f3 en 1885. El valor de esta obra pionera, cuya difusi\u00f3n en la Europa de su \u00e9poca fue muy limitada, est\u00e1 fuera de toda duda tanto por ser la precursora de otras investigaciones posteriores como por la relevante informaci\u00f3n que ofrece a partir de documentaci\u00f3n original hoy desaparecida. Todo ello justifica sobradamente el que ahora, cuando se aproxima el tercer centenario del nacimiento de Pablo de Olavide, presentemos una reedici\u00f3n de esta biograf\u00eda tomando como base el texto de la mencionada segunda edici\u00f3n.<\/p>\n<\/div>\n<\/div>\n<\/div>\n<\/div>\n<p style=\"text-align: left;\"><strong>Sobre la colecci\u00f3n<\/strong><\/p>\n<p>En esta colecci\u00f3n de libros se trata de recomponer los hechos y las ideas que hicieron de la Ilustraci\u00f3n, tanto en Espa\u00f1a como en Am\u00e9rica, un tiempo de progreso. En los sucesivos t\u00edtulos se aludir\u00e1 a la Ilustraci\u00f3n, en su trascendencia social y cultural, a su tiempo y a su circunstancia. Se reconocer\u00e1 a los ilustrados e ilustradas, poniendo en claro sus hechos\u00a0 y movi\u00e9ndose por sus espacios, tanto en la Pen\u00ednsula como en Am\u00e9rica. Y en sentido amplio, esta colecci\u00f3n se interesar\u00e1 por el correlato formativo y cultural, en su trascendencia a los tiempos actuales.<\/p>\n","protected":false},"featured_media":31397,"template":"","meta":{"_acf_changed":false},"product_brand":[],"product_cat":[305,298],"product_tag":[300,302,301],"class_list":{"0":"post-31396","1":"product","2":"type-product","3":"status-publish","4":"has-post-thumbnail","6":"product_cat-coleccion-olavide-ilustracion","7":"product_cat-libros","8":"product_tag-andalucia","9":"product_tag-fundacion-de-municipios","10":"product_tag-universidad-pablo-de-olavide","12":"first","13":"instock","14":"taxable","15":"shipping-taxable","16":"purchasable","17":"product-type-simple"},"acf":[],"_links":{"self":[{"href":"https:\/\/www.upo.es\/fundacionmunicipios\/wp-json\/wp\/v2\/product\/31396","targetHints":{"allow":["GET"]}}],"collection":[{"href":"https:\/\/www.upo.es\/fundacionmunicipios\/wp-json\/wp\/v2\/product"}],"about":[{"href":"https:\/\/www.upo.es\/fundacionmunicipios\/wp-json\/wp\/v2\/types\/product"}],"wp:featuredmedia":[{"embeddable":true,"href":"https:\/\/www.upo.es\/fundacionmunicipios\/wp-json\/wp\/v2\/media\/31397"}],"wp:attachment":[{"href":"https:\/\/www.upo.es\/fundacionmunicipios\/wp-json\/wp\/v2\/media?parent=31396"}],"wp:term":[{"taxonomy":"product_brand","embeddable":true,"href":"https:\/\/www.upo.es\/fundacionmunicipios\/wp-json\/wp\/v2\/product_brand?post=31396"},{"taxonomy":"product_cat","embeddable":true,"href":"https:\/\/www.upo.es\/fundacionmunicipios\/wp-json\/wp\/v2\/product_cat?post=31396"},{"taxonomy":"product_tag","embeddable":true,"href":"https:\/\/www.upo.es\/fundacionmunicipios\/wp-json\/wp\/v2\/product_tag?post=31396"}],"curies":[{"name":"wp","href":"https:\/\/api.w.org\/{rel}","templated":true}]}}