{"id":17745,"date":"2022-10-10T08:06:34","date_gmt":"2022-10-10T08:06:34","guid":{"rendered":"https:\/\/www.upo.es\/intl\/?page_id=17745"},"modified":"2023-10-02T07:53:35","modified_gmt":"2023-10-02T07:53:35","slug":"curso-especial-de-noviembre","status":"publish","type":"page","link":"https:\/\/www.upo.es\/intl\/curso-especial-de-noviembre\/","title":{"rendered":"Curso Especial de Noviembre"},"content":{"rendered":"<div class=\"wpb-content-wrapper\"><p>[vc_row u_row_style=&#8221;0&#8243; u_row_paralax=&#8221;0&#8243; u_row_scheme=&#8221;0&#8243; css=&#8221;.vc_custom_1665390484170{background-color: #023672 !important;}&#8221;][vc_column width=&#8221;1\/2&#8243;][vc_empty_space height=&#8221;20&#8243;][vc_column_text]<\/p>\r\n<h2 style=\"text-align: center;\"><span style=\"color: #ffffff;\"><strong>Curso de Redacci\u00f3n en Espa\u00f1ol <\/strong><\/span><\/h2>\r\n<h2 style=\"text-align: center;\"><span style=\"color: #ffffff;\"><strong>y Exposici\u00f3n P\u00fablica<\/strong><\/span><\/h2>\r\n<!-- \/wp:paragraph -->\r\n<p><!-- wp:paragraph -->[\/vc_column_text][\/vc_column][vc_column width=&#8221;1\/2&#8243; css=&#8221;.vc_custom_1665395053012{background-image: url(https:\/\/www.upo.es\/intl\/wp-content\/uploads\/2022\/10\/233.jpg?id=17757) !important;background-position: 0 0 !important;background-repeat: no-repeat !important;}&#8221;][vc_column_text][\/vc_column_text][vc_empty_space height=&#8221;170&#8243;][\/vc_column][\/vc_row][vc_row][vc_column][vc_empty_space height=&#8221;20&#8243;][vc_column_text]<\/p>\r\n<p>&nbsp;<\/p>\r\n<h3><strong>Descripci\u00f3n del curso:<\/strong><\/h3>\r\n<p>[\/vc_column_text][vc_column_text]<\/p>\r\n<h4><!-- wp:paragraph -->Este curso desarrolla habilidades de lectura y escritura a trav\u00e9s de redacciones, ensayos y exposiciones sobre art\u00edculos y otras lecturas.<\/h4>\r\n<p>[\/vc_column_text][\/vc_column][\/vc_row][vc_row][vc_column width=&#8221;1\/2&#8243;]<div class=\"smile_icon_list_wrap ult-adjust-bottom-margin  \"><ul class=\"smile_icon_list left square with_bg\"><li class=\"icon_list_item\" style=\" font-size:72px;\"><div class=\"icon_list_icon\" data-animation=\"swing\" data-animation-delay=\"03\" style=\"font-size:24px;border-width:1px;border-style:none;background:#ffffff;color:#333333;border-color:#333333;\"><img class=\"list-img-icon\" alt=\"null\" src=\"https:\/\/www.upo.es\/intl\/wp-content\/uploads\/2016\/06\/Calendar-1.png\"\/><\/div><div class=\"icon_description\" id=\"Info-list-wrap-8169\"><h3 class=\"ult-responsive\"  data-ultimate-target='#Info-list-wrap-8169 h3'  data-responsive-json-new='{\"font-size\":\"desktop:20px;\",\"line-height\":\"desktop:40px;\"}'  style=\"\">FECHAS y HORARIO<\/h3><div class=\"icon_description_text ult-responsive\"  data-ultimate-target='#Info-list-wrap-8169 .icon_description_text'  data-responsive-json-new='{\"font-size\":\"desktop:13px;\",\"line-height\":\"desktop:30px;\"}'  style=\"\"><h5><strong>Fechas:<\/strong> 7 de noviembre &#8211; 14 de diciembre de 2023<br \/>(5 semanas\/15 horas)<\/h5>\n<h5><strong>Fecha l\u00edmite de matriculaci\u00f3n: <\/strong>27 de octubre<\/h5>\n<h5><strong>Horario:<\/strong> Martes y jueves 13:00-14:30 (3 horas\/semana)<\/h5>\n<\/div><\/div><div class=\"icon_list_connector\"  style=\"border-color:#333333;\"><\/div><\/li><\/ul><\/div>[\/vc_column][vc_column width=&#8221;1\/2&#8243;]<div class=\"smile_icon_list_wrap ult-adjust-bottom-margin  \"><ul class=\"smile_icon_list left square with_bg\"><li class=\"icon_list_item\" style=\" font-size:72px;\"><div class=\"icon_list_icon\" data-animation=\"swing\" data-animation-delay=\"03\" style=\"font-size:24px;border-width:1px;border-style:none;background:#ffffff;color:#333333;border-color:#333333;\"><img class=\"list-img-icon\" alt=\"null\" src=\"https:\/\/www.upo.es\/intl\/wp-content\/uploads\/2016\/06\/euro.png\"\/><\/div><div class=\"icon_description\" id=\"Info-list-wrap-3702\"><h3 class=\"ult-responsive\"  data-ultimate-target='#Info-list-wrap-3702 h3'  data-responsive-json-new='{\"font-size\":\"desktop:20px;\",\"line-height\":\"desktop:40px;\"}'  style=\"\">PRECIO<\/h3><div class=\"icon_description_text ult-responsive\"  data-ultimate-target='#Info-list-wrap-3702 .icon_description_text'  data-responsive-json-new='{\"font-size\":\"desktop:13px;\",\"line-height\":\"desktop:30px;\"}'  style=\"\"><h5><b>Precio:<\/b> 208 euros *<\/h5>\n<h5>* 180 euros precio especial para los estudiantes de postgrado y estudiantes Erasmus<\/h5>\n<\/div><\/div><div class=\"icon_list_connector\"  style=\"border-color:#333333;\"><\/div><\/li><\/ul><\/div>[\/vc_column][\/vc_row][vc_row][vc_column]<div id=\"ultib3-96595787169f17f40057fe\" class=\" ultb3-box ult-adjust-bottom-margin  \" style=\"background-color: #b0effc;\"><div id=\"Info-banner-wrap3305\" class=\"ultb3-info ib3-info-center\" data-animation=\"\" data-animation-delay=\"03\"><div class=\"ultb3-title ult-responsive\"  data-ultimate-target='#Info-banner-wrap3305 .ultb3-title'  data-responsive-json-new='{\"font-size\":\"desktop:20px;tablet:20px;tablet_portrait:20px;mobile_landscape:18px;mobile:15px;\",\"line-height\":\"\"}'  style=\"font-weight:normal;\">Los estudiantes interesados deber\u00edan ponerse en contacto con Mentxu: intl@upo.es para hacer una prueba de nivel online.<\/div><a href=\"mailto:intl@upo.es\"   class=\"ultb3-btn ult-responsive\"  data-ultimate-target='#Info-banner-wrap3305 .ultb3-btn'  data-responsive-json-new='{\"font-size\":\"\",\"line-height\":\"\"}'  style=\"font-weight:normal;\">enviar email<i class=\"Defaults-angle-right\"><\/i><\/a><\/div><\/div><style>\n\t\t\t\t\t#ultib3-96595787169f17f40057fe {\n\t\t\t\t\t\tmin-height:50px;\n\t\t\t\t\t}\n\t\t\t\t\t#ultib3-96595787169f17f40057fe img.ultb3-img {\n\t\t\t\t\t\theight: px;\n\t\t\t\t\t}\n\t\t\t\t\t#ultib3-96595787169f17f40057fe .ultb3-btn {\n\t\t\t\t\t\tborder:2px solid #1e73be;border-radius:10px;color:#898989;\n\t\t\t\t\t}\n\t\t\t\t\t#ultib3-96595787169f17f40057fe .ultb3-btn:hover {\n\t\t\t\t\t\tbackground:#1e73be;color:#ffffff;\n\t\t\t\t\t}\n\t\t\t\t<\/style>[\/vc_column][\/vc_row]<\/p><\/div>","protected":false},"excerpt":{"rendered":"<p>[vc_row u_row_style=&#8221;0&#8243; u_row_paralax=&#8221;0&#8243; u_row_scheme=&#8221;0&#8243; css=&#8221;.vc_custom_1665390484170{background-color: #023672 !important;}&#8221;][vc_column width=&#8221;1\/2&#8243;][vc_empty_space height=&#8221;20&#8243;][vc_column_text] Curso de Redacci\u00f3n en Espa\u00f1ol y Exposici\u00f3n P\u00fablica [\/vc_column_text][\/vc_column][vc_column width=&#8221;1\/2&#8243; css=&#8221;.vc_custom_1665395053012{background-image: url(https:\/\/www.upo.es\/intl\/wp-content\/uploads\/2022\/10\/233.jpg?id=17757) !important;background-position: 0 0 !important;background-repeat: no-repeat !important;}&#8221;][vc_column_text][\/vc_column_text][vc_empty_space height=&#8221;170&#8243;][\/vc_column][\/vc_row][vc_row][vc_column][vc_empty_space height=&#8221;20&#8243;][vc_column_text] &nbsp; Descripci\u00f3n del curso: [\/vc_column_text][vc_column_text] Este curso desarrolla habilidades de lectura y escritura a trav\u00e9s de redacciones, ensayos y exposiciones sobre art\u00edculos y otras lecturas. [\/vc_column_text][\/vc_column][\/vc_row][vc_row][vc_column [&hellip;]<\/p>\n","protected":false},"author":1,"featured_media":0,"parent":0,"menu_order":0,"comment_status":"closed","ping_status":"closed","template":"","meta":[],"yoast_head":"<!-- This site is optimized with the Yoast SEO plugin v18.3 - https:\/\/yoast.com\/wordpress\/plugins\/seo\/ -->\n<title>Curso Especial de Noviembre<\/title>\n<meta name=\"robots\" content=\"index, follow, max-snippet:-1, max-image-preview:large, max-video-preview:-1\" \/>\n<link rel=\"canonical\" href=\"https:\/\/www.upo.es\/intl\/curso-especial-de-noviembre\/\" \/>\n<meta property=\"og:locale\" content=\"es_ES\" \/>\n<meta property=\"og:type\" content=\"article\" \/>\n<meta property=\"og:title\" content=\"Curso Especial de Noviembre\" \/>\n<meta property=\"og:description\" content=\"[vc_row u_row_style=&#8221;0&#8243; u_row_paralax=&#8221;0&#8243; u_row_scheme=&#8221;0&#8243; css=&#8221;.vc_custom_1665390484170{background-color: #023672 !important;}&#8221;][vc_column width=&#8221;1\/2&#8243;][vc_empty_space height=&#8221;20&#8243;][vc_column_text] Curso de Redacci\u00f3n en Espa\u00f1ol y Exposici\u00f3n P\u00fablica [\/vc_column_text][\/vc_column][vc_column width=&#8221;1\/2&#8243; css=&#8221;.vc_custom_1665395053012{background-image: url(https:\/\/www.upo.es\/intl\/wp-content\/uploads\/2022\/10\/233.jpg?id=17757) !important;background-position: 0 0 !important;background-repeat: no-repeat !important;}&#8221;][vc_column_text][\/vc_column_text][vc_empty_space height=&#8221;170&#8243;][\/vc_column][\/vc_row][vc_row][vc_column][vc_empty_space height=&#8221;20&#8243;][vc_column_text] &nbsp; Descripci\u00f3n del curso: [\/vc_column_text][vc_column_text] Este curso desarrolla habilidades de lectura y escritura a trav\u00e9s de redacciones, ensayos y exposiciones sobre art\u00edculos y otras lecturas. [\/vc_column_text][\/vc_column][\/vc_row][vc_row][vc_column [&hellip;]\" \/>\n<meta property=\"og:url\" content=\"https:\/\/www.upo.es\/intl\/curso-especial-de-noviembre\/\" \/>\n<meta property=\"og:site_name\" content=\"Centro Universitario Internacional UPO\" \/>\n<meta property=\"article:publisher\" content=\"https:\/\/www.facebook.com\/centrointernacionalUPO\/?ref=ts\" \/>\n<meta property=\"article:modified_time\" content=\"2023-10-02T07:53:35+00:00\" \/>\n<meta name=\"twitter:card\" content=\"summary_large_image\" \/>\n<meta name=\"twitter:site\" content=\"@CuiUpo\" \/>\n<meta name=\"twitter:label1\" content=\"Tiempo de lectura\" \/>\n\t<meta name=\"twitter:data1\" content=\"1 minuto\" \/>\n<script type=\"application\/ld+json\" class=\"yoast-schema-graph\">{\"@context\":\"https:\/\/schema.org\",\"@graph\":[{\"@type\":\"Organization\",\"@id\":\"https:\/\/www.upo.es\/intl\/#organization\",\"name\":\"Centro Universitario Internacional Universidad Pablo de Olavide\",\"url\":\"https:\/\/www.upo.es\/intl\/\",\"sameAs\":[\"https:\/\/www.facebook.com\/centrointernacionalUPO\/?ref=ts\",\"https:\/\/www.instagram.com\/cui_upo\/\",\"https:\/\/www.youtube.com\/channel\/UCXvTsTmrSF31BCW1Ukowlvg\",\"https:\/\/twitter.com\/CuiUpo\"],\"logo\":{\"@type\":\"ImageObject\",\"@id\":\"https:\/\/www.upo.es\/intl\/#logo\",\"inLanguage\":\"es\",\"url\":\"https:\/\/www.upo.es\/intl\/wp-content\/uploads\/2016\/07\/logo_fondo_UPO.png\",\"contentUrl\":\"https:\/\/www.upo.es\/intl\/wp-content\/uploads\/2016\/07\/logo_fondo_UPO.png\",\"width\":318,\"height\":120,\"caption\":\"Centro Universitario Internacional Universidad Pablo de Olavide\"},\"image\":{\"@id\":\"https:\/\/www.upo.es\/intl\/#logo\"}},{\"@type\":\"WebSite\",\"@id\":\"https:\/\/www.upo.es\/intl\/#website\",\"url\":\"https:\/\/www.upo.es\/intl\/\",\"name\":\"Centro Universitario Internacional UPO\",\"description\":\"Programas de corta y larga duraci\u00f3n de lengua y cultura espa\u00f1ola. Se imparten clases en espa\u00f1ol e ingl\u00e9s de diferentes materias\",\"publisher\":{\"@id\":\"https:\/\/www.upo.es\/intl\/#organization\"},\"potentialAction\":[{\"@type\":\"SearchAction\",\"target\":{\"@type\":\"EntryPoint\",\"urlTemplate\":\"https:\/\/www.upo.es\/intl\/?s={search_term_string}\"},\"query-input\":\"required name=search_term_string\"}],\"inLanguage\":\"es\"},{\"@type\":\"WebPage\",\"@id\":\"https:\/\/www.upo.es\/intl\/curso-especial-de-noviembre\/#webpage\",\"url\":\"https:\/\/www.upo.es\/intl\/curso-especial-de-noviembre\/\",\"name\":\"Curso Especial de Noviembre\",\"isPartOf\":{\"@id\":\"https:\/\/www.upo.es\/intl\/#website\"},\"datePublished\":\"2022-10-10T08:06:34+00:00\",\"dateModified\":\"2023-10-02T07:53:35+00:00\",\"breadcrumb\":{\"@id\":\"https:\/\/www.upo.es\/intl\/curso-especial-de-noviembre\/#breadcrumb\"},\"inLanguage\":\"es\",\"potentialAction\":[{\"@type\":\"ReadAction\",\"target\":[\"https:\/\/www.upo.es\/intl\/curso-especial-de-noviembre\/\"]}]},{\"@type\":\"BreadcrumbList\",\"@id\":\"https:\/\/www.upo.es\/intl\/curso-especial-de-noviembre\/#breadcrumb\",\"itemListElement\":[{\"@type\":\"ListItem\",\"position\":1,\"name\":\"Portada\",\"item\":\"https:\/\/www.upo.es\/intl\/\"},{\"@type\":\"ListItem\",\"position\":2,\"name\":\"Curso Especial de Noviembre\"}]}]}<\/script>\n<!-- \/ Yoast SEO plugin. -->","yoast_head_json":{"title":"Curso Especial de Noviembre","robots":{"index":"index","follow":"follow","max-snippet":"max-snippet:-1","max-image-preview":"max-image-preview:large","max-video-preview":"max-video-preview:-1"},"canonical":"https:\/\/www.upo.es\/intl\/curso-especial-de-noviembre\/","og_locale":"es_ES","og_type":"article","og_title":"Curso Especial de Noviembre","og_description":"[vc_row u_row_style=&#8221;0&#8243; u_row_paralax=&#8221;0&#8243; u_row_scheme=&#8221;0&#8243; css=&#8221;.vc_custom_1665390484170{background-color: #023672 !important;}&#8221;][vc_column width=&#8221;1\/2&#8243;][vc_empty_space height=&#8221;20&#8243;][vc_column_text] Curso de Redacci\u00f3n en Espa\u00f1ol y Exposici\u00f3n P\u00fablica [\/vc_column_text][\/vc_column][vc_column width=&#8221;1\/2&#8243; css=&#8221;.vc_custom_1665395053012{background-image: url(https:\/\/www.upo.es\/intl\/wp-content\/uploads\/2022\/10\/233.jpg?id=17757) !important;background-position: 0 0 !important;background-repeat: no-repeat !important;}&#8221;][vc_column_text][\/vc_column_text][vc_empty_space height=&#8221;170&#8243;][\/vc_column][\/vc_row][vc_row][vc_column][vc_empty_space height=&#8221;20&#8243;][vc_column_text] &nbsp; Descripci\u00f3n del curso: [\/vc_column_text][vc_column_text] Este curso desarrolla habilidades de lectura y escritura a trav\u00e9s de redacciones, ensayos y exposiciones sobre art\u00edculos y otras lecturas. [\/vc_column_text][\/vc_column][\/vc_row][vc_row][vc_column [&hellip;]","og_url":"https:\/\/www.upo.es\/intl\/curso-especial-de-noviembre\/","og_site_name":"Centro Universitario Internacional UPO","article_publisher":"https:\/\/www.facebook.com\/centrointernacionalUPO\/?ref=ts","article_modified_time":"2023-10-02T07:53:35+00:00","twitter_card":"summary_large_image","twitter_site":"@CuiUpo","twitter_misc":{"Tiempo de lectura":"1 minuto"},"schema":{"@context":"https:\/\/schema.org","@graph":[{"@type":"Organization","@id":"https:\/\/www.upo.es\/intl\/#organization","name":"Centro Universitario Internacional Universidad Pablo de Olavide","url":"https:\/\/www.upo.es\/intl\/","sameAs":["https:\/\/www.facebook.com\/centrointernacionalUPO\/?ref=ts","https:\/\/www.instagram.com\/cui_upo\/","https:\/\/www.youtube.com\/channel\/UCXvTsTmrSF31BCW1Ukowlvg","https:\/\/twitter.com\/CuiUpo"],"logo":{"@type":"ImageObject","@id":"https:\/\/www.upo.es\/intl\/#logo","inLanguage":"es","url":"https:\/\/www.upo.es\/intl\/wp-content\/uploads\/2016\/07\/logo_fondo_UPO.png","contentUrl":"https:\/\/www.upo.es\/intl\/wp-content\/uploads\/2016\/07\/logo_fondo_UPO.png","width":318,"height":120,"caption":"Centro Universitario Internacional Universidad Pablo de Olavide"},"image":{"@id":"https:\/\/www.upo.es\/intl\/#logo"}},{"@type":"WebSite","@id":"https:\/\/www.upo.es\/intl\/#website","url":"https:\/\/www.upo.es\/intl\/","name":"Centro Universitario Internacional UPO","description":"Programas de corta y larga duraci\u00f3n de lengua y cultura espa\u00f1ola. Se imparten clases en espa\u00f1ol e ingl\u00e9s de diferentes materias","publisher":{"@id":"https:\/\/www.upo.es\/intl\/#organization"},"potentialAction":[{"@type":"SearchAction","target":{"@type":"EntryPoint","urlTemplate":"https:\/\/www.upo.es\/intl\/?s={search_term_string}"},"query-input":"required name=search_term_string"}],"inLanguage":"es"},{"@type":"WebPage","@id":"https:\/\/www.upo.es\/intl\/curso-especial-de-noviembre\/#webpage","url":"https:\/\/www.upo.es\/intl\/curso-especial-de-noviembre\/","name":"Curso Especial de Noviembre","isPartOf":{"@id":"https:\/\/www.upo.es\/intl\/#website"},"datePublished":"2022-10-10T08:06:34+00:00","dateModified":"2023-10-02T07:53:35+00:00","breadcrumb":{"@id":"https:\/\/www.upo.es\/intl\/curso-especial-de-noviembre\/#breadcrumb"},"inLanguage":"es","potentialAction":[{"@type":"ReadAction","target":["https:\/\/www.upo.es\/intl\/curso-especial-de-noviembre\/"]}]},{"@type":"BreadcrumbList","@id":"https:\/\/www.upo.es\/intl\/curso-especial-de-noviembre\/#breadcrumb","itemListElement":[{"@type":"ListItem","position":1,"name":"Portada","item":"https:\/\/www.upo.es\/intl\/"},{"@type":"ListItem","position":2,"name":"Curso Especial de Noviembre"}]}]}},"_links":{"self":[{"href":"https:\/\/www.upo.es\/intl\/wp-json\/wp\/v2\/pages\/17745"}],"collection":[{"href":"https:\/\/www.upo.es\/intl\/wp-json\/wp\/v2\/pages"}],"about":[{"href":"https:\/\/www.upo.es\/intl\/wp-json\/wp\/v2\/types\/page"}],"author":[{"embeddable":true,"href":"https:\/\/www.upo.es\/intl\/wp-json\/wp\/v2\/users\/1"}],"replies":[{"embeddable":true,"href":"https:\/\/www.upo.es\/intl\/wp-json\/wp\/v2\/comments?post=17745"}],"version-history":[{"count":9,"href":"https:\/\/www.upo.es\/intl\/wp-json\/wp\/v2\/pages\/17745\/revisions"}],"predecessor-version":[{"id":19521,"href":"https:\/\/www.upo.es\/intl\/wp-json\/wp\/v2\/pages\/17745\/revisions\/19521"}],"wp:attachment":[{"href":"https:\/\/www.upo.es\/intl\/wp-json\/wp\/v2\/media?parent=17745"}],"curies":[{"name":"wp","href":"https:\/\/api.w.org\/{rel}","templated":true}]}}