{"id":3965,"date":"2016-09-29T12:36:40","date_gmt":"2016-09-29T12:36:40","guid":{"rendered":"https:\/\/www.upo.es\/intl\/?page_id=3965"},"modified":"2026-02-24T09:25:35","modified_gmt":"2026-02-24T09:25:35","slug":"curso-intensivo-de-enero","status":"publish","type":"page","link":"https:\/\/www.upo.es\/intl\/curso-intensivo-de-enero\/","title":{"rendered":"Curso Intensivo de Enero"},"content":{"rendered":"<div class=\"wpb-content-wrapper\"><p>[vc_row][vc_column][vc_single_image image=&#8221;3970&#8243; img_size=&#8221;full&#8221;][\/vc_column][\/vc_row][vc_row][vc_column width=&#8221;1\/2&#8243;]<div class=\"smile_icon_list_wrap ult-adjust-bottom-margin  \"><ul class=\"smile_icon_list left square with_bg\"><li class=\"icon_list_item\" style=\" font-size:72px;\"><div class=\"icon_list_icon\" data-animation=\"swing\" data-animation-delay=\"03\" style=\"font-size:24px;border-width:1px;border-style:none;background:#ffffff;color:#333333;border-color:#333333;\"><img class=\"list-img-icon\" alt=\"null\" src=\"https:\/\/www.upo.es\/intl\/wp-content\/uploads\/2016\/06\/Calendar-1.png\"\/><\/div><div class=\"icon_description\" id=\"Info-list-wrap-1552\"><h3 class=\"ult-responsive\"  data-ultimate-target='#Info-list-wrap-1552 h3'  data-responsive-json-new='{\"font-size\":\"desktop:20px;\",\"line-height\":\"desktop:40px;\"}'  style=\"\">FECHAS<\/h3><div class=\"icon_description_text ult-responsive\"  data-ultimate-target='#Info-list-wrap-1552 .icon_description_text'  data-responsive-json-new='{\"font-size\":\"desktop:13px;\",\"line-height\":\"desktop:30px;\"}'  style=\"\"><p><b>Fechas:<\/b> 11 de enero \u2013 22 de enero de 2026 (todos los niveles)<br \/>\n<b>Fecha l\u00edmite de inscripci\u00f3n:<\/b> 1 de diciembre de 2026<\/p>\n<\/div><\/div><div class=\"icon_list_connector\"  style=\"border-color:#333333;\"><\/div><\/li><\/ul><\/div>[\/vc_column][vc_column width=&#8221;1\/2&#8243;]<div class=\"smile_icon_list_wrap ult-adjust-bottom-margin  \"><ul class=\"smile_icon_list left square with_bg\"><li class=\"icon_list_item\" style=\" font-size:72px;\"><div class=\"icon_list_icon\" data-animation=\"swing\" data-animation-delay=\"03\" style=\"font-size:24px;border-width:1px;border-style:none;background:#ffffff;color:#333333;border-color:#333333;\"><img class=\"list-img-icon\" alt=\"null\" src=\"https:\/\/www.upo.es\/intl\/wp-content\/uploads\/2016\/06\/euro.png\"\/><\/div><div class=\"icon_description\" id=\"Info-list-wrap-3247\"><h3 class=\"ult-responsive\"  data-ultimate-target='#Info-list-wrap-3247 h3'  data-responsive-json-new='{\"font-size\":\"desktop:20px;\",\"line-height\":\"desktop:40px;\"}'  style=\"\">PRECIOS<\/h3><div class=\"icon_description_text ult-responsive\"  data-ultimate-target='#Info-list-wrap-3247 .icon_description_text'  data-responsive-json-new='{\"font-size\":\"desktop:13px;\",\"line-height\":\"desktop:30px;\"}'  style=\"\"><p><b>Precio:<\/b> 429 euros *<br \/>\n* 370 euros para estudiantes Erasmus y de Postgrado de la UPO<\/p>\n<ul>\n<li>30 horas<\/li>\n<li>4 Cr\u00e9ditos ECTS (2 cr\u00e9ditos US)<\/li>\n<\/ul>\n<\/div><\/div><div class=\"icon_list_connector\"  style=\"border-color:#333333;\"><\/div><\/li><\/ul><\/div>[\/vc_column][\/vc_row][vc_row][vc_column][vc_column_text]<b>El precio de la matr\u00edcula incluye:<\/b><\/p>\n<ul>\n<li>Certificado de asistencia y\/o aprovechamiento de la Universidad Pablo de Olavide.<\/li>\n<li>Derecho a la utilizaci\u00f3n de los servicios universitarios de la Universidad.<\/li>\n<li>Actividades socio-culturales<\/li>\n<\/ul>\n<p>[\/vc_column_text][\/vc_column][\/vc_row][vc_row][vc_column][vc_column_text]<\/p>\n<h2><strong>HORARIO<\/strong><\/h2>\n<p>[\/vc_column_text]<div class=\"smile_icon_list_wrap ult-adjust-bottom-margin  \"><ul class=\"smile_icon_list left square with_bg\"><li class=\"icon_list_item\" style=\" font-size:72px;\"><div class=\"icon_list_icon\" data-animation=\"swing\" data-animation-delay=\"03\" style=\"font-size:24px;border-width:1px;border-style:none;background:#ffffff;color:#333333;border-color:#333333;\"><img class=\"list-img-icon\" alt=\"null\" src=\"https:\/\/www.upo.es\/intl\/wp-content\/uploads\/2017\/06\/7383-200.png\"\/><\/div><div class=\"icon_description\" id=\"Info-list-wrap-4107\"><h3 class=\"ult-responsive\"  data-ultimate-target='#Info-list-wrap-4107 h3'  data-responsive-json-new='{\"font-size\":\"desktop:20px;\",\"line-height\":\"desktop:40px;\"}'  style=\"\">9:30-12:30<\/h3><div class=\"icon_description_text ult-responsive\"  data-ultimate-target='#Info-list-wrap-4107 .icon_description_text'  data-responsive-json-new='{\"font-size\":\"desktop:13px;\",\"line-height\":\"desktop:30px;\"}'  style=\"\"><p><b>De lunes a viernes<\/b><\/p>\n<\/div><\/div><div class=\"icon_list_connector\"  style=\"border-color:#333333;\"><\/div><\/li><\/ul><\/div>[\/vc_column][\/vc_row][vc_row][vc_column][vc_column_text]<\/p>\n<h3 style=\"text-align: left;\"><span style=\"color: #000000;\"><strong>LISTADO DE CURSOS<\/strong><\/span><\/h3>\n<p>[\/vc_column_text][vc_tta_accordion style=&#8221;flat&#8221; shape=&#8221;square&#8221; color=&#8221;orange&#8221; spacing=&#8221;2&#8243; gap=&#8221;2&#8243; c_position=&#8221;right&#8221; active_section=&#8221;&#8221; no_fill=&#8221;true&#8221; collapsible_all=&#8221;true&#8221;][vc_tta_section title=&#8221;ESP 102-30 Espa\u00f1ol Pre-elemental&#8221; tab_id=&#8221;1464770610530-f910e5ee-9b14&#8243;][vc_column_text]<\/p>\n<h4>Idioma de impartici\u00f3n:\u00a0ESPA\u00d1OL<\/h4>\n<p>[\/vc_column_text][vc_column_text]Este curso est\u00e1 dise\u00f1ado para estudiantes con conocimientos b\u00e1sicos de espa\u00f1ol. Se enfatiza el desarrollo de las habilidades orales y escritas, y la adquisici\u00f3n de conocimiento sobre el mundo hispanohablante. En espa\u00f1ol.[\/vc_column_text][vc_btn title=&#8221;Programa&#8221; i_align=&#8221;right&#8221; i_icon_fontawesome=&#8221;&#8221; add_icon=&#8221;true&#8221; link=&#8221;url:https%3A%2F%2Fwww.upo.es%2Fintl%2Fwp-content%2Fuploads%2F2024%2F02%2Fprincipiante_enero_2024_fecha.pdf|target:_blank&#8221;][\/vc_tta_section][vc_tta_section title=&#8221;ESP 201-30 Espa\u00f1ol Pre-intermedio I&#8221; tab_id=&#8221;1464772516542-e96a8fbe-edba&#8221;][vc_column_text]<\/p>\n<h4>Idioma de impartici\u00f3n:\u00a0espa\u00f1ol<\/h4>\n<p>[\/vc_column_text][vc_column_text]Este curso est\u00e1 dise\u00f1ado para estudiantes que han cursado al menos dos semestres de espa\u00f1ol en la universidad. Se enfatiza la ampliaci\u00f3n de vocabulario y el desarrollo de habilidades orales y escritas para una comunicaci\u00f3n efectiva en espa\u00f1ol. Asimismo, se pontenciar\u00e1 el conocimiento del mundo hispanohablante. En espa\u00f1ol.[\/vc_column_text][vc_btn title=&#8221;Programa&#8221; i_align=&#8221;right&#8221; i_icon_fontawesome=&#8221;&#8221; add_icon=&#8221;true&#8221; link=&#8221;url:https%3A%2F%2Fwww.upo.es%2Fintl%2Fwp-content%2Fuploads%2F2024%2F02%2FEnero_Preinternedio_I.pdf|target:_blank&#8221;][\/vc_tta_section][vc_tta_section title=&#8221;ESP 241-30 Espa\u00f1ol Pre-intermedio II&#8221; tab_id=&#8221;1475070556950-8ec83ca7-6386&#8243;][vc_column_text]<\/p>\n<h4>Idioma de impartici\u00f3n:\u00a0espa\u00f1ol<\/h4>\n<p>[\/vc_column_text][vc_column_text]Este curso est\u00e1 dise\u00f1ado para estudiantes que han cursado al menos tres semestres de espa\u00f1ol en la universidad. Se enfatiza la ampliaci\u00f3n de vocabulario y el desarrollo de habilidades orales y escritas para una comunicaci\u00f3n efectiva en espa\u00f1ol. Asimismo, se pontenciar\u00e1 el conocimiento del mundo hispanohablante.[\/vc_column_text][vc_btn title=&#8221;Programa&#8221; i_align=&#8221;right&#8221; i_icon_fontawesome=&#8221;&#8221; add_icon=&#8221;true&#8221; link=&#8221;url:https%3A%2F%2Fwww.upo.es%2Fintl%2Fwp-content%2Fuploads%2F2024%2F02%2FPre-Intermedio_enero_2024_fecha.pdf|target:_blank&#8221;][\/vc_tta_section][vc_tta_section title=&#8221;ESP 311-30 Espa\u00f1ol Pre-avanzado I&#8221; tab_id=&#8221;1475070555949-5056cdb3-b888&#8243;][vc_column_text]<\/p>\n<h4>Idioma de impartici\u00f3n:\u00a0espa\u00f1ol<\/h4>\n<p>[\/vc_column_text][vc_column_text]Este curso est\u00e1 dise\u00f1ado para estudiantes que han cursado al menos cuatro semestres de espa\u00f1ol en la universidad. El objetivo principal del curso es usar las destrezas adquiridas en el nivel inicial e intermedio para incrementar las habilidades orales y escritas del estudiante. Para conseguir estos objetivos, se usar\u00e1 un m\u00e9todo comunicativo y de enfoque por tareas en el que se repase la gram\u00e1tica. Tambi\u00e9n habr\u00e1 lecturas culturales sobre Espa\u00f1a y debates que requieran el uso de un vocabulario pr\u00e1ctico y comunicativo.[\/vc_column_text][vc_btn title=&#8221;Programa&#8221; i_align=&#8221;right&#8221; i_icon_fontawesome=&#8221;&#8221; add_icon=&#8221;true&#8221; link=&#8221;url:https%3A%2F%2Fwww.upo.es%2Fintl%2Fwp-content%2Fuploads%2F2024%2F02%2FEnero_Preavanzado_I.pdf|target:_blank&#8221;][\/vc_tta_section][\/vc_tta_accordion][\/vc_column][\/vc_row][vc_row][vc_column][vc_column_text]<\/p>\n<h3 style=\"text-align: left;\"><\/h3>\n<h3 style=\"text-align: left;\"><span style=\"color: #000000;\"><strong>DOCUMENTOS DE MATRICULACI\u00d3N<\/strong><\/span><\/h3>\n<p>[\/vc_column_text][\/vc_column][\/vc_row][vc_row][vc_column width=&#8221;1\/3&#8243;][vc_btn title=&#8221;Solicitud de admisi\u00f3n&#8221; shape=&#8221;square&#8221; color=&#8221;warning&#8221; size=&#8221;lg&#8221; i_align=&#8221;right&#8221; i_icon_fontawesome=&#8221;fa fa-file-pdf-o&#8221; add_icon=&#8221;true&#8221; link=&#8221;url:https%3A%2F%2Fwww.upo.es%2Fintl%2Fwp-content%2Fuploads%2F2016%2F07%2Fhoja_solicitud_final_esp.pdf||target:%20_blank|&#8221;][\/vc_column][vc_column width=&#8221;1\/3&#8243;][vc_btn title=&#8221;Solicitud admisi\u00f3n online&#8221; shape=&#8221;square&#8221; color=&#8221;success&#8221; size=&#8221;lg&#8221; i_align=&#8221;right&#8221; i_icon_fontawesome=&#8221;fa fa-file-pdf-o&#8221; add_icon=&#8221;true&#8221; link=&#8221;url:https%3A%2F%2Fwww.upo.es%2Fintl%2Fmatricula%2F|||&#8221;][\/vc_column][vc_column width=&#8221;1\/3&#8243;][vc_btn title=&#8221;Formulario de pago&#8221; shape=&#8221;square&#8221; color=&#8221;primary&#8221; size=&#8221;lg&#8221; i_align=&#8221;right&#8221; i_icon_fontawesome=&#8221;&#8221; add_icon=&#8221;true&#8221; link=&#8221;url:https%3A%2F%2Fwww.upo.es%2Fintl%2Fwp-content%2Fuploads%2F2023%2F09%2Fpayment_form.pdf|target:_blank&#8221;][\/vc_column][\/vc_row]<\/p>\n<\/div>","protected":false},"excerpt":{"rendered":"<p>[vc_row][vc_column][vc_single_image image=&#8221;3970&#8243; img_size=&#8221;full&#8221;][\/vc_column][\/vc_row][vc_row][vc_column width=&#8221;1\/2&#8243;][\/vc_column][vc_column width=&#8221;1\/2&#8243;][\/vc_column][\/vc_row][vc_row][vc_column][vc_column_text]El precio de la matr\u00edcula incluye: Certificado de asistencia y\/o aprovechamiento de la Universidad Pablo de Olavide. Derecho a la utilizaci\u00f3n de los servicios universitarios de la Universidad. Actividades socio-culturales [\/vc_column_text][\/vc_column][\/vc_row][vc_row][vc_column][vc_column_text] HORARIO [\/vc_column_text][\/vc_column][\/vc_row][vc_row][vc_column][vc_column_text] LISTADO DE CURSOS [\/vc_column_text][vc_tta_accordion style=&#8221;flat&#8221; shape=&#8221;square&#8221; color=&#8221;orange&#8221; spacing=&#8221;2&#8243; gap=&#8221;2&#8243; c_position=&#8221;right&#8221; active_section=&#8221;&#8221; no_fill=&#8221;true&#8221; collapsible_all=&#8221;true&#8221;][vc_tta_section title=&#8221;ESP 102-30 Espa\u00f1ol Pre-elemental&#8221; tab_id=&#8221;1464770610530-f910e5ee-9b14&#8243;][vc_column_text] [&hellip;]<\/p>\n","protected":false},"author":1,"featured_media":0,"parent":0,"menu_order":0,"comment_status":"closed","ping_status":"closed","template":"","meta":[],"yoast_head":"<!-- This site is optimized with the Yoast SEO plugin v18.3 - https:\/\/yoast.com\/wordpress\/plugins\/seo\/ -->\n<title>Curso Intensivo de Enero<\/title>\n<meta name=\"robots\" content=\"index, follow, max-snippet:-1, max-image-preview:large, max-video-preview:-1\" \/>\n<link rel=\"canonical\" href=\"https:\/\/www.upo.es\/intl\/curso-intensivo-de-enero\/\" \/>\n<meta property=\"og:locale\" content=\"es_ES\" \/>\n<meta property=\"og:type\" content=\"article\" \/>\n<meta property=\"og:title\" content=\"Curso Intensivo de Enero\" \/>\n<meta property=\"og:description\" content=\"[vc_row][vc_column][vc_single_image image=&#8221;3970&#8243; img_size=&#8221;full&#8221;][\/vc_column][\/vc_row][vc_row][vc_column width=&#8221;1\/2&#8243;][\/vc_column][vc_column width=&#8221;1\/2&#8243;][\/vc_column][\/vc_row][vc_row][vc_column][vc_column_text]El precio de la matr\u00edcula incluye: Certificado de asistencia y\/o aprovechamiento de la Universidad Pablo de Olavide. Derecho a la utilizaci\u00f3n de los servicios universitarios de la Universidad. Actividades socio-culturales [\/vc_column_text][\/vc_column][\/vc_row][vc_row][vc_column][vc_column_text] HORARIO [\/vc_column_text][\/vc_column][\/vc_row][vc_row][vc_column][vc_column_text] LISTADO DE CURSOS [\/vc_column_text][vc_tta_accordion style=&#8221;flat&#8221; shape=&#8221;square&#8221; color=&#8221;orange&#8221; spacing=&#8221;2&#8243; gap=&#8221;2&#8243; c_position=&#8221;right&#8221; active_section=&#8221;&#8221; no_fill=&#8221;true&#8221; collapsible_all=&#8221;true&#8221;][vc_tta_section title=&#8221;ESP 102-30 Espa\u00f1ol Pre-elemental&#8221; tab_id=&#8221;1464770610530-f910e5ee-9b14&#8243;][vc_column_text] [&hellip;]\" \/>\n<meta property=\"og:url\" content=\"https:\/\/www.upo.es\/intl\/curso-intensivo-de-enero\/\" \/>\n<meta property=\"og:site_name\" content=\"Centro Universitario Internacional UPO\" \/>\n<meta property=\"article:publisher\" content=\"https:\/\/www.facebook.com\/centrointernacionalUPO\/?ref=ts\" \/>\n<meta property=\"article:modified_time\" content=\"2026-02-24T09:25:35+00:00\" \/>\n<meta name=\"twitter:card\" content=\"summary_large_image\" \/>\n<meta name=\"twitter:site\" content=\"@CuiUpo\" \/>\n<meta name=\"twitter:label1\" content=\"Tiempo de lectura\" \/>\n\t<meta name=\"twitter:data1\" content=\"2 minutos\" \/>\n<script type=\"application\/ld+json\" class=\"yoast-schema-graph\">{\"@context\":\"https:\/\/schema.org\",\"@graph\":[{\"@type\":\"Organization\",\"@id\":\"https:\/\/www.upo.es\/intl\/#organization\",\"name\":\"Centro Universitario Internacional Universidad Pablo de Olavide\",\"url\":\"https:\/\/www.upo.es\/intl\/\",\"sameAs\":[\"https:\/\/www.facebook.com\/centrointernacionalUPO\/?ref=ts\",\"https:\/\/www.instagram.com\/cui_upo\/\",\"https:\/\/www.youtube.com\/channel\/UCXvTsTmrSF31BCW1Ukowlvg\",\"https:\/\/twitter.com\/CuiUpo\"],\"logo\":{\"@type\":\"ImageObject\",\"@id\":\"https:\/\/www.upo.es\/intl\/#logo\",\"inLanguage\":\"es\",\"url\":\"https:\/\/www.upo.es\/intl\/wp-content\/uploads\/2016\/07\/logo_fondo_UPO.png\",\"contentUrl\":\"https:\/\/www.upo.es\/intl\/wp-content\/uploads\/2016\/07\/logo_fondo_UPO.png\",\"width\":318,\"height\":120,\"caption\":\"Centro Universitario Internacional Universidad Pablo de Olavide\"},\"image\":{\"@id\":\"https:\/\/www.upo.es\/intl\/#logo\"}},{\"@type\":\"WebSite\",\"@id\":\"https:\/\/www.upo.es\/intl\/#website\",\"url\":\"https:\/\/www.upo.es\/intl\/\",\"name\":\"Centro Universitario Internacional UPO\",\"description\":\"Programas de corta y larga duraci\u00f3n de lengua y cultura espa\u00f1ola. Se imparten clases en espa\u00f1ol e ingl\u00e9s de diferentes materias\",\"publisher\":{\"@id\":\"https:\/\/www.upo.es\/intl\/#organization\"},\"potentialAction\":[{\"@type\":\"SearchAction\",\"target\":{\"@type\":\"EntryPoint\",\"urlTemplate\":\"https:\/\/www.upo.es\/intl\/?s={search_term_string}\"},\"query-input\":\"required name=search_term_string\"}],\"inLanguage\":\"es\"},{\"@type\":\"WebPage\",\"@id\":\"https:\/\/www.upo.es\/intl\/curso-intensivo-de-enero\/#webpage\",\"url\":\"https:\/\/www.upo.es\/intl\/curso-intensivo-de-enero\/\",\"name\":\"Curso Intensivo de Enero\",\"isPartOf\":{\"@id\":\"https:\/\/www.upo.es\/intl\/#website\"},\"datePublished\":\"2016-09-29T12:36:40+00:00\",\"dateModified\":\"2026-02-24T09:25:35+00:00\",\"breadcrumb\":{\"@id\":\"https:\/\/www.upo.es\/intl\/curso-intensivo-de-enero\/#breadcrumb\"},\"inLanguage\":\"es\",\"potentialAction\":[{\"@type\":\"ReadAction\",\"target\":[\"https:\/\/www.upo.es\/intl\/curso-intensivo-de-enero\/\"]}]},{\"@type\":\"BreadcrumbList\",\"@id\":\"https:\/\/www.upo.es\/intl\/curso-intensivo-de-enero\/#breadcrumb\",\"itemListElement\":[{\"@type\":\"ListItem\",\"position\":1,\"name\":\"Portada\",\"item\":\"https:\/\/www.upo.es\/intl\/\"},{\"@type\":\"ListItem\",\"position\":2,\"name\":\"Curso Intensivo de Enero\"}]}]}<\/script>\n<!-- \/ Yoast SEO plugin. -->","yoast_head_json":{"title":"Curso Intensivo de Enero","robots":{"index":"index","follow":"follow","max-snippet":"max-snippet:-1","max-image-preview":"max-image-preview:large","max-video-preview":"max-video-preview:-1"},"canonical":"https:\/\/www.upo.es\/intl\/curso-intensivo-de-enero\/","og_locale":"es_ES","og_type":"article","og_title":"Curso Intensivo de Enero","og_description":"[vc_row][vc_column][vc_single_image image=&#8221;3970&#8243; img_size=&#8221;full&#8221;][\/vc_column][\/vc_row][vc_row][vc_column width=&#8221;1\/2&#8243;][\/vc_column][vc_column width=&#8221;1\/2&#8243;][\/vc_column][\/vc_row][vc_row][vc_column][vc_column_text]El precio de la matr\u00edcula incluye: Certificado de asistencia y\/o aprovechamiento de la Universidad Pablo de Olavide. Derecho a la utilizaci\u00f3n de los servicios universitarios de la Universidad. Actividades socio-culturales [\/vc_column_text][\/vc_column][\/vc_row][vc_row][vc_column][vc_column_text] HORARIO [\/vc_column_text][\/vc_column][\/vc_row][vc_row][vc_column][vc_column_text] LISTADO DE CURSOS [\/vc_column_text][vc_tta_accordion style=&#8221;flat&#8221; shape=&#8221;square&#8221; color=&#8221;orange&#8221; spacing=&#8221;2&#8243; gap=&#8221;2&#8243; c_position=&#8221;right&#8221; active_section=&#8221;&#8221; no_fill=&#8221;true&#8221; collapsible_all=&#8221;true&#8221;][vc_tta_section title=&#8221;ESP 102-30 Espa\u00f1ol Pre-elemental&#8221; tab_id=&#8221;1464770610530-f910e5ee-9b14&#8243;][vc_column_text] [&hellip;]","og_url":"https:\/\/www.upo.es\/intl\/curso-intensivo-de-enero\/","og_site_name":"Centro Universitario Internacional UPO","article_publisher":"https:\/\/www.facebook.com\/centrointernacionalUPO\/?ref=ts","article_modified_time":"2026-02-24T09:25:35+00:00","twitter_card":"summary_large_image","twitter_site":"@CuiUpo","twitter_misc":{"Tiempo de lectura":"2 minutos"},"schema":{"@context":"https:\/\/schema.org","@graph":[{"@type":"Organization","@id":"https:\/\/www.upo.es\/intl\/#organization","name":"Centro Universitario Internacional Universidad Pablo de Olavide","url":"https:\/\/www.upo.es\/intl\/","sameAs":["https:\/\/www.facebook.com\/centrointernacionalUPO\/?ref=ts","https:\/\/www.instagram.com\/cui_upo\/","https:\/\/www.youtube.com\/channel\/UCXvTsTmrSF31BCW1Ukowlvg","https:\/\/twitter.com\/CuiUpo"],"logo":{"@type":"ImageObject","@id":"https:\/\/www.upo.es\/intl\/#logo","inLanguage":"es","url":"https:\/\/www.upo.es\/intl\/wp-content\/uploads\/2016\/07\/logo_fondo_UPO.png","contentUrl":"https:\/\/www.upo.es\/intl\/wp-content\/uploads\/2016\/07\/logo_fondo_UPO.png","width":318,"height":120,"caption":"Centro Universitario Internacional Universidad Pablo de Olavide"},"image":{"@id":"https:\/\/www.upo.es\/intl\/#logo"}},{"@type":"WebSite","@id":"https:\/\/www.upo.es\/intl\/#website","url":"https:\/\/www.upo.es\/intl\/","name":"Centro Universitario Internacional UPO","description":"Programas de corta y larga duraci\u00f3n de lengua y cultura espa\u00f1ola. Se imparten clases en espa\u00f1ol e ingl\u00e9s de diferentes materias","publisher":{"@id":"https:\/\/www.upo.es\/intl\/#organization"},"potentialAction":[{"@type":"SearchAction","target":{"@type":"EntryPoint","urlTemplate":"https:\/\/www.upo.es\/intl\/?s={search_term_string}"},"query-input":"required name=search_term_string"}],"inLanguage":"es"},{"@type":"WebPage","@id":"https:\/\/www.upo.es\/intl\/curso-intensivo-de-enero\/#webpage","url":"https:\/\/www.upo.es\/intl\/curso-intensivo-de-enero\/","name":"Curso Intensivo de Enero","isPartOf":{"@id":"https:\/\/www.upo.es\/intl\/#website"},"datePublished":"2016-09-29T12:36:40+00:00","dateModified":"2026-02-24T09:25:35+00:00","breadcrumb":{"@id":"https:\/\/www.upo.es\/intl\/curso-intensivo-de-enero\/#breadcrumb"},"inLanguage":"es","potentialAction":[{"@type":"ReadAction","target":["https:\/\/www.upo.es\/intl\/curso-intensivo-de-enero\/"]}]},{"@type":"BreadcrumbList","@id":"https:\/\/www.upo.es\/intl\/curso-intensivo-de-enero\/#breadcrumb","itemListElement":[{"@type":"ListItem","position":1,"name":"Portada","item":"https:\/\/www.upo.es\/intl\/"},{"@type":"ListItem","position":2,"name":"Curso Intensivo de Enero"}]}]}},"_links":{"self":[{"href":"https:\/\/www.upo.es\/intl\/wp-json\/wp\/v2\/pages\/3965"}],"collection":[{"href":"https:\/\/www.upo.es\/intl\/wp-json\/wp\/v2\/pages"}],"about":[{"href":"https:\/\/www.upo.es\/intl\/wp-json\/wp\/v2\/types\/page"}],"author":[{"embeddable":true,"href":"https:\/\/www.upo.es\/intl\/wp-json\/wp\/v2\/users\/1"}],"replies":[{"embeddable":true,"href":"https:\/\/www.upo.es\/intl\/wp-json\/wp\/v2\/comments?post=3965"}],"version-history":[{"count":32,"href":"https:\/\/www.upo.es\/intl\/wp-json\/wp\/v2\/pages\/3965\/revisions"}],"predecessor-version":[{"id":20710,"href":"https:\/\/www.upo.es\/intl\/wp-json\/wp\/v2\/pages\/3965\/revisions\/20710"}],"wp:attachment":[{"href":"https:\/\/www.upo.es\/intl\/wp-json\/wp\/v2\/media?parent=3965"}],"curies":[{"name":"wp","href":"https:\/\/api.w.org\/{rel}","templated":true}]}}