{"id":4005,"date":"2016-10-06T10:54:15","date_gmt":"2016-10-06T10:54:15","guid":{"rendered":"https:\/\/www.upo.es\/intl\/?page_id=4005"},"modified":"2026-02-24T10:29:05","modified_gmt":"2026-02-24T10:29:05","slug":"curso-intensivo-de-septiembre","status":"publish","type":"page","link":"https:\/\/www.upo.es\/intl\/curso-intensivo-de-septiembre\/","title":{"rendered":"Curso Intensivo de Septiembre"},"content":{"rendered":"<div class=\"wpb-content-wrapper\"><p>[vc_row][vc_column][vc_single_image image=&#8221;4010&#8243; img_size=&#8221;full&#8221;][\/vc_column][\/vc_row][vc_row][vc_column][vc_column_text css=&#8221;&#8221;]<\/p>\n<h2><strong>CURSO\u00a0 SEPTIEMBRE DE 2026<\/strong><\/h2>\n<p>[\/vc_column_text][\/vc_column][\/vc_row][vc_row][vc_column width=&#8221;1\/2&#8243;]<div class=\"smile_icon_list_wrap ult-adjust-bottom-margin  \"><ul class=\"smile_icon_list left square with_bg\"><li class=\"icon_list_item\" style=\" font-size:72px;\"><div class=\"icon_list_icon\" data-animation=\"swing\" data-animation-delay=\"03\" style=\"font-size:24px;border-width:1px;border-style:none;background:#ffffff;color:#333333;border-color:#333333;\"><img class=\"list-img-icon\" alt=\"null\" src=\"https:\/\/www.upo.es\/intl\/wp-content\/uploads\/2016\/06\/Calendar-1.png\"\/><\/div><div class=\"icon_description\" id=\"Info-list-wrap-1978\"><h3 class=\"ult-responsive\"  data-ultimate-target='#Info-list-wrap-1978 h3'  data-responsive-json-new='{\"font-size\":\"desktop:20px;\",\"line-height\":\"desktop:40px;\"}'  style=\"\">FECHAS<\/h3><div class=\"icon_description_text ult-responsive\"  data-ultimate-target='#Info-list-wrap-1978 .icon_description_text'  data-responsive-json-new='{\"font-size\":\"desktop:13px;\",\"line-height\":\"desktop:30px;\"}'  style=\"\"><p>Del 31 de agosto al 4 de septiembre de 2026<strong><br \/>\nFecha l\u00edmite de inscripci\u00f3n:<\/strong> 3 de julio de 2026<\/p>\n<\/div><\/div><div class=\"icon_list_connector\"  style=\"border-color:#333333;\"><\/div><\/li><\/ul><\/div>[\/vc_column][vc_column width=&#8221;1\/2&#8243;]<div class=\"smile_icon_list_wrap ult-adjust-bottom-margin  \"><ul class=\"smile_icon_list left square with_bg\"><li class=\"icon_list_item\" style=\" font-size:72px;\"><div class=\"icon_list_icon\" data-animation=\"swing\" data-animation-delay=\"03\" style=\"font-size:24px;border-width:1px;border-style:none;background:#ffffff;color:#333333;border-color:#333333;\"><img class=\"list-img-icon\" alt=\"null\" src=\"https:\/\/www.upo.es\/intl\/wp-content\/uploads\/2016\/06\/euro.png\"\/><\/div><div class=\"icon_description\" id=\"Info-list-wrap-4208\"><h3 class=\"ult-responsive\"  data-ultimate-target='#Info-list-wrap-4208 h3'  data-responsive-json-new='{\"font-size\":\"desktop:20px;\",\"line-height\":\"desktop:40px;\"}'  style=\"\">PRECIOS<\/h3><div class=\"icon_description_text ult-responsive\"  data-ultimate-target='#Info-list-wrap-4208 .icon_description_text'  data-responsive-json-new='{\"font-size\":\"desktop:13px;\",\"line-height\":\"desktop:30px;\"}'  style=\"\"><p><strong> 230\u20ac<\/strong> (198\u20ac\u00a0 para estudiantes Erasmus y estudiantes de universidades con convenio)<br \/>\n15 horas, 2 cr\u00e9ditos ECTS\u00a0 (1 cr\u00e9dito U.S.)<\/p>\n<\/div><\/div><div class=\"icon_list_connector\"  style=\"border-color:#333333;\"><\/div><\/li><\/ul><\/div>[\/vc_column][\/vc_row][vc_row][vc_column][vc_column_text]<\/p>\n<h2><strong>HORARIO<\/strong><\/h2>\n<p>[\/vc_column_text]<div class=\"smile_icon_list_wrap ult-adjust-bottom-margin  \"><ul class=\"smile_icon_list left square with_bg\"><li class=\"icon_list_item\" style=\" font-size:72px;\"><div class=\"icon_list_icon\" data-animation=\"swing\" data-animation-delay=\"03\" style=\"font-size:24px;border-width:1px;border-style:none;background:#ffffff;color:#333333;border-color:#333333;\"><img class=\"list-img-icon\" alt=\"null\" src=\"https:\/\/www.upo.es\/intl\/wp-content\/uploads\/2017\/06\/7383-200.png\"\/><\/div><div class=\"icon_description\" id=\"Info-list-wrap-3283\"><h3 class=\"ult-responsive\"  data-ultimate-target='#Info-list-wrap-3283 h3'  data-responsive-json-new='{\"font-size\":\"desktop:20px;\",\"line-height\":\"desktop:40px;\"}'  style=\"\">9:30-12:30<\/h3><div class=\"icon_description_text ult-responsive\"  data-ultimate-target='#Info-list-wrap-3283 .icon_description_text'  data-responsive-json-new='{\"font-size\":\"desktop:13px;\",\"line-height\":\"desktop:30px;\"}'  style=\"\"><p><b>De lunes a viernes<\/b><\/p>\n<\/div><\/div><div class=\"icon_list_connector\"  style=\"border-color:#333333;\"><\/div><\/li><\/ul><\/div>[\/vc_column][\/vc_row][vc_row][vc_column][vc_column_text]<\/p>\n<h3><strong>LISTADO DE CURSOS<\/strong><\/h3>\n<p>[\/vc_column_text][vc_tta_accordion style=&#8221;flat&#8221; shape=&#8221;square&#8221; color=&#8221;orange&#8221; spacing=&#8221;2&#8243; gap=&#8221;2&#8243; c_position=&#8221;right&#8221; active_section=&#8221;&#8221; no_fill=&#8221;true&#8221; collapsible_all=&#8221;true&#8221;][vc_tta_section title=&#8221;ESP 102-15 Espa\u00f1ol Pre-elemental&#8221; tab_id=&#8221;1464770610530-f910e5ee-9b14&#8243;][vc_column_text]Idioma de impartici\u00f3n:\u00a0<strong>ESPA\u00d1OL<\/strong>[\/vc_column_text][vc_column_text]Este curso est\u00e1 dise\u00f1ado para estudiantes con conocimientos b\u00e1sicos de espa\u00f1ol. Se enfatiza el desarrollo de las habilidades orales y escritas, y la adquisici\u00f3n de conocimiento sobre el mundo hispanohablante. En espa\u00f1ol.[\/vc_column_text][vc_btn title=&#8221;Programa&#8221; i_align=&#8221;right&#8221; i_icon_fontawesome=&#8221;&#8221; add_icon=&#8221;true&#8221; link=&#8221;url:https%3A%2F%2Fwww.upo.es%2Fintl%2Fwp-content%2Fuploads%2F2024%2F02%2FPre-Elemental_sept.pdf|target:_blank&#8221;][\/vc_tta_section][vc_tta_section title=&#8221;ESP 201-15 Espa\u00f1ol Pre-intermedio I&#8221; tab_id=&#8221;1464772516542-e96a8fbe-edba&#8221;][vc_column_text]Idioma de impartici\u00f3n:\u00a0<strong>ESPA\u00d1OL<\/strong>[\/vc_column_text][vc_column_text]Este curso est\u00e1 dise\u00f1ado para estudiantes que han cursado al menos dos semestres de espa\u00f1ol en la universidad. Se enfatiza la ampliaci\u00f3n de vocabulario y el desarrollo de habilidades orales y escritas para una comunicaci\u00f3n efectiva en espa\u00f1ol. Asimismo, se pontenciar\u00e1 el conocimiento del mundo hispanohablante. En espa\u00f1ol.[\/vc_column_text][vc_btn title=&#8221;Programa&#8221; i_align=&#8221;right&#8221; i_icon_fontawesome=&#8221;&#8221; add_icon=&#8221;true&#8221; link=&#8221;url:https%3A%2F%2Fwww.upo.es%2Fintl%2Fwp-content%2Fuploads%2F2024%2F02%2FPre-Intermedio_I_sept.pdf|target:_blank&#8221;][\/vc_tta_section][vc_tta_section title=&#8221;ESP 241-15 Espa\u00f1ol Pre-intermedio II&#8221; tab_id=&#8221;1637048857020-01988231-0918&#8243;][vc_column_text]Idioma de impartici\u00f3n:\u00a0<strong>ESPA\u00d1OL<\/strong>[\/vc_column_text][vc_column_text]Este curso est\u00e1 dise\u00f1ado para estudiantes que han cursado al menos tres semestres de espa\u00f1ol en la universidad. Se enfatiza la ampliaci\u00f3n de vocabulario y el desarrollo de habilidades orales y escritas para una comunicaci\u00f3n efectiva en espa\u00f1ol. Asimismo, se pontenciar\u00e1 el conocimiento del mundo hispanohablante.[\/vc_column_text][vc_btn title=&#8221;Programa&#8221; i_align=&#8221;right&#8221; i_icon_fontawesome=&#8221;&#8221; add_icon=&#8221;true&#8221; link=&#8221;url:https%3A%2F%2Fwww.upo.es%2Fintl%2Fwp-content%2Fuploads%2F2024%2F02%2FPre-Intermedio_II_sept.pdf|target:_blank&#8221;][\/vc_tta_section][\/vc_tta_accordion][\/vc_column][\/vc_row][vc_row][vc_column offset=&#8221;vc_hidden-lg vc_hidden-md vc_hidden-sm vc_hidden-xs&#8221;][vc_column_text]<\/p>\n<h3><strong>LISTADO DE CURSOS<\/strong><\/h3>\n<p>[\/vc_column_text][vc_tta_accordion style=&#8221;flat&#8221; shape=&#8221;square&#8221; color=&#8221;orange&#8221; spacing=&#8221;2&#8243; gap=&#8221;2&#8243; c_position=&#8221;right&#8221; active_section=&#8221;&#8221; no_fill=&#8221;true&#8221; collapsible_all=&#8221;true&#8221;][vc_tta_section title=&#8221;Espa\u00f1ol Pre-elemental&#8221; tab_id=&#8221;1625561517964-3135bfd4-1b95&#8243;][vc_column_text]Idioma de impartici\u00f3n:\u00a0<strong>ESPA\u00d1OL<\/strong>[\/vc_column_text][vc_column_text]Este curso est\u00e1 dise\u00f1ado para estudiantes con conocimientos b\u00e1sicos de espa\u00f1ol. Se enfatiza el desarrollo de las habilidades orales y escritas, y la adquisici\u00f3n de conocimiento sobre el mundo hispanohablante. En espa\u00f1ol.[\/vc_column_text][vc_btn title=&#8221;Programa&#8221; i_align=&#8221;right&#8221; i_icon_fontawesome=&#8221;fa fa-download&#8221; add_icon=&#8221;true&#8221; link=&#8221;||target:%20_blank|&#8221;][\/vc_tta_section][vc_tta_section title=&#8221;Espa\u00f1ol Pre-intermedio I&#8221; tab_id=&#8221;1625561518041-00159ba0-f08d&#8221;][vc_column_text]Idioma de impartici\u00f3n:\u00a0<strong>ESPA\u00d1OL<\/strong>[\/vc_column_text][vc_column_text]Este curso est\u00e1 dise\u00f1ado para estudiantes que han cursado al menos dos semestres de espa\u00f1ol en la universidad. Se enfatiza la ampliaci\u00f3n de vocabulario y el desarrollo de habilidades orales y escritas para una comunicaci\u00f3n efectiva en espa\u00f1ol. Asimismo, se pontenciar\u00e1 el conocimiento del mundo hispanohablante. En espa\u00f1ol.[\/vc_column_text][vc_btn title=&#8221;Programa&#8221; i_align=&#8221;right&#8221; i_icon_fontawesome=&#8221;fa fa-download&#8221; add_icon=&#8221;true&#8221; link=&#8221;||target:%20_blank|&#8221;][\/vc_tta_section][vc_tta_section title=&#8221;Espa\u00f1ol Pre-intermedio II&#8221; tab_id=&#8221;1625561518118-e63ee1e8-54fa&#8221;][vc_column_text]Idioma de impartici\u00f3n:\u00a0<strong>ESPA\u00d1OL<\/strong>[\/vc_column_text][vc_column_text]Este curso est\u00e1 dise\u00f1ado para estudiantes que han cursado al menos tres semestres de espa\u00f1ol en la universidad. Se enfatiza la ampliaci\u00f3n de vocabulario y el desarrollo de habilidades orales y escritas para una comunicaci\u00f3n efectiva en espa\u00f1ol. Asimismo, se pontenciar\u00e1 el conocimiento del mundo hispanohablante.[\/vc_column_text][vc_btn title=&#8221;Programa&#8221; i_align=&#8221;right&#8221; i_icon_fontawesome=&#8221;fa fa-download&#8221; add_icon=&#8221;true&#8221; link=&#8221;||target:%20_blank|&#8221;][\/vc_tta_section][vc_tta_section title=&#8221;Espa\u00f1ol Pre-avanzado I&#8221; tab_id=&#8221;1625561518194-86dce095-60fa&#8221;][vc_column_text]Idioma de impartici\u00f3n: <strong>ESPA\u00d1OL<\/strong>[\/vc_column_text][vc_column_text]Este curso est\u00e1 dise\u00f1ado para estudiantes que han cursado al menos cuatro semestres de espa\u00f1ol en la universidad. El objetivo principal del curso es usar las destrezas adquiridas en el nivel inicial e intermedio para incrementar las habilidades orales y escritas del estudiante. Para conseguir estos objetivos, se usar\u00e1 un m\u00e9todo comunicativo y de enfoque por tareas en el que se repase la gram\u00e1tica. Tambi\u00e9n habr\u00e1 lecturas culturales sobre Espa\u00f1a y debates que requieran el uso de un vocabulario pr\u00e1ctico y comunicativo.[\/vc_column_text][vc_btn title=&#8221;Programa&#8221; i_align=&#8221;right&#8221; i_icon_fontawesome=&#8221;fa fa-download&#8221; add_icon=&#8221;true&#8221; link=&#8221;||target:%20_blank|&#8221;][\/vc_tta_section][\/vc_tta_accordion][\/vc_column][\/vc_row][vc_row][vc_column][vc_column_text]<\/p>\n<p>[\/vc_column_text][\/vc_column][\/vc_row][vc_row][vc_column][vc_column_text]<\/p>\n<h3 style=\"text-align: left;\"><\/h3>\n<h3 style=\"text-align: left;\"><span style=\"color: #000000;\"><strong>DOCUMENTOS DE MATRICULACI\u00d3N<\/strong><\/span><\/h3>\n<p>[\/vc_column_text][\/vc_column][\/vc_row][vc_row][vc_column width=&#8221;1\/3&#8243;][vc_btn title=&#8221;Solicitud de admisi\u00f3n&#8221; shape=&#8221;square&#8221; color=&#8221;warning&#8221; size=&#8221;lg&#8221; i_align=&#8221;right&#8221; i_icon_fontawesome=&#8221;fa fa-file-pdf-o&#8221; add_icon=&#8221;true&#8221; link=&#8221;url:https%3A%2F%2Fwww.upo.es%2Fintl%2Fwp-content%2Fuploads%2F2016%2F07%2Fhoja_solicitud_final_esp.pdf||target:%20_blank|&#8221;][\/vc_column][vc_column width=&#8221;1\/3&#8243;][vc_btn title=&#8221;Solicitud admisi\u00f3n online&#8221; shape=&#8221;square&#8221; color=&#8221;success&#8221; size=&#8221;lg&#8221; i_align=&#8221;right&#8221; i_icon_fontawesome=&#8221;fa fa-file-pdf-o&#8221; add_icon=&#8221;true&#8221; link=&#8221;url:https%3A%2F%2Fwww.upo.es%2Fintl%2Fmatricula%2F|||&#8221;][\/vc_column][vc_column width=&#8221;1\/3&#8243;][vc_btn title=&#8221;Formulario de pago&#8221; shape=&#8221;square&#8221; color=&#8221;primary&#8221; size=&#8221;lg&#8221; i_align=&#8221;right&#8221; i_icon_fontawesome=&#8221;&#8221; add_icon=&#8221;true&#8221; link=&#8221;url:https%3A%2F%2Fwww.upo.es%2Fintl%2Fwp-content%2Fuploads%2F2023%2F09%2Fpayment_form.pdf|target:_blank&#8221;][\/vc_column][\/vc_row]<\/p>\n<\/div>","protected":false},"excerpt":{"rendered":"<p>[vc_row][vc_column][vc_single_image image=&#8221;4010&#8243; img_size=&#8221;full&#8221;][\/vc_column][\/vc_row][vc_row][vc_column][vc_column_text css=&#8221;&#8221;] CURSO\u00a0 SEPTIEMBRE DE 2026 [\/vc_column_text][\/vc_column][\/vc_row][vc_row][vc_column width=&#8221;1\/2&#8243;][\/vc_column][vc_column width=&#8221;1\/2&#8243;][\/vc_column][\/vc_row][vc_row][vc_column][vc_column_text] HORARIO [\/vc_column_text][\/vc_column][\/vc_row][vc_row][vc_column][vc_column_text] LISTADO DE CURSOS [\/vc_column_text][vc_tta_accordion style=&#8221;flat&#8221; shape=&#8221;square&#8221; color=&#8221;orange&#8221; spacing=&#8221;2&#8243; gap=&#8221;2&#8243; c_position=&#8221;right&#8221; active_section=&#8221;&#8221; no_fill=&#8221;true&#8221; collapsible_all=&#8221;true&#8221;][vc_tta_section title=&#8221;ESP 102-15 Espa\u00f1ol Pre-elemental&#8221; tab_id=&#8221;1464770610530-f910e5ee-9b14&#8243;][vc_column_text]Idioma de impartici\u00f3n:\u00a0ESPA\u00d1OL[\/vc_column_text][vc_column_text]Este curso est\u00e1 dise\u00f1ado para estudiantes con conocimientos b\u00e1sicos de espa\u00f1ol. Se enfatiza el desarrollo de las habilidades orales y escritas, y la [&hellip;]<\/p>\n","protected":false},"author":1,"featured_media":0,"parent":0,"menu_order":0,"comment_status":"closed","ping_status":"closed","template":"","meta":[],"yoast_head":"<!-- This site is optimized with the Yoast SEO plugin v18.3 - https:\/\/yoast.com\/wordpress\/plugins\/seo\/ -->\n<title>Curso Intensivo de Septiembre<\/title>\n<meta name=\"robots\" content=\"index, follow, max-snippet:-1, max-image-preview:large, max-video-preview:-1\" \/>\n<link rel=\"canonical\" href=\"https:\/\/www.upo.es\/intl\/curso-intensivo-de-septiembre\/\" \/>\n<meta property=\"og:locale\" content=\"es_ES\" \/>\n<meta property=\"og:type\" content=\"article\" \/>\n<meta property=\"og:title\" content=\"Curso Intensivo de Septiembre\" \/>\n<meta property=\"og:description\" content=\"[vc_row][vc_column][vc_single_image image=&#8221;4010&#8243; img_size=&#8221;full&#8221;][\/vc_column][\/vc_row][vc_row][vc_column][vc_column_text css=&#8221;&#8221;] CURSO\u00a0 SEPTIEMBRE DE 2026 [\/vc_column_text][\/vc_column][\/vc_row][vc_row][vc_column width=&#8221;1\/2&#8243;][\/vc_column][vc_column width=&#8221;1\/2&#8243;][\/vc_column][\/vc_row][vc_row][vc_column][vc_column_text] HORARIO [\/vc_column_text][\/vc_column][\/vc_row][vc_row][vc_column][vc_column_text] LISTADO DE CURSOS [\/vc_column_text][vc_tta_accordion style=&#8221;flat&#8221; shape=&#8221;square&#8221; color=&#8221;orange&#8221; spacing=&#8221;2&#8243; gap=&#8221;2&#8243; c_position=&#8221;right&#8221; active_section=&#8221;&#8221; no_fill=&#8221;true&#8221; collapsible_all=&#8221;true&#8221;][vc_tta_section title=&#8221;ESP 102-15 Espa\u00f1ol Pre-elemental&#8221; tab_id=&#8221;1464770610530-f910e5ee-9b14&#8243;][vc_column_text]Idioma de impartici\u00f3n:\u00a0ESPA\u00d1OL[\/vc_column_text][vc_column_text]Este curso est\u00e1 dise\u00f1ado para estudiantes con conocimientos b\u00e1sicos de espa\u00f1ol. Se enfatiza el desarrollo de las habilidades orales y escritas, y la [&hellip;]\" \/>\n<meta property=\"og:url\" content=\"https:\/\/www.upo.es\/intl\/curso-intensivo-de-septiembre\/\" \/>\n<meta property=\"og:site_name\" content=\"Centro Universitario Internacional UPO\" \/>\n<meta property=\"article:publisher\" content=\"https:\/\/www.facebook.com\/centrointernacionalUPO\/?ref=ts\" \/>\n<meta property=\"article:modified_time\" content=\"2026-02-24T10:29:05+00:00\" \/>\n<meta name=\"twitter:card\" content=\"summary_large_image\" \/>\n<meta name=\"twitter:site\" content=\"@CuiUpo\" \/>\n<meta name=\"twitter:label1\" content=\"Tiempo de lectura\" \/>\n\t<meta name=\"twitter:data1\" content=\"3 minutos\" \/>\n<script type=\"application\/ld+json\" class=\"yoast-schema-graph\">{\"@context\":\"https:\/\/schema.org\",\"@graph\":[{\"@type\":\"Organization\",\"@id\":\"https:\/\/www.upo.es\/intl\/#organization\",\"name\":\"Centro Universitario Internacional Universidad Pablo de Olavide\",\"url\":\"https:\/\/www.upo.es\/intl\/\",\"sameAs\":[\"https:\/\/www.facebook.com\/centrointernacionalUPO\/?ref=ts\",\"https:\/\/www.instagram.com\/cui_upo\/\",\"https:\/\/www.youtube.com\/channel\/UCXvTsTmrSF31BCW1Ukowlvg\",\"https:\/\/twitter.com\/CuiUpo\"],\"logo\":{\"@type\":\"ImageObject\",\"@id\":\"https:\/\/www.upo.es\/intl\/#logo\",\"inLanguage\":\"es\",\"url\":\"https:\/\/www.upo.es\/intl\/wp-content\/uploads\/2016\/07\/logo_fondo_UPO.png\",\"contentUrl\":\"https:\/\/www.upo.es\/intl\/wp-content\/uploads\/2016\/07\/logo_fondo_UPO.png\",\"width\":318,\"height\":120,\"caption\":\"Centro Universitario Internacional Universidad Pablo de Olavide\"},\"image\":{\"@id\":\"https:\/\/www.upo.es\/intl\/#logo\"}},{\"@type\":\"WebSite\",\"@id\":\"https:\/\/www.upo.es\/intl\/#website\",\"url\":\"https:\/\/www.upo.es\/intl\/\",\"name\":\"Centro Universitario Internacional UPO\",\"description\":\"Programas de corta y larga duraci\u00f3n de lengua y cultura espa\u00f1ola. Se imparten clases en espa\u00f1ol e ingl\u00e9s de diferentes materias\",\"publisher\":{\"@id\":\"https:\/\/www.upo.es\/intl\/#organization\"},\"potentialAction\":[{\"@type\":\"SearchAction\",\"target\":{\"@type\":\"EntryPoint\",\"urlTemplate\":\"https:\/\/www.upo.es\/intl\/?s={search_term_string}\"},\"query-input\":\"required name=search_term_string\"}],\"inLanguage\":\"es\"},{\"@type\":\"WebPage\",\"@id\":\"https:\/\/www.upo.es\/intl\/curso-intensivo-de-septiembre\/#webpage\",\"url\":\"https:\/\/www.upo.es\/intl\/curso-intensivo-de-septiembre\/\",\"name\":\"Curso Intensivo de Septiembre\",\"isPartOf\":{\"@id\":\"https:\/\/www.upo.es\/intl\/#website\"},\"datePublished\":\"2016-10-06T10:54:15+00:00\",\"dateModified\":\"2026-02-24T10:29:05+00:00\",\"breadcrumb\":{\"@id\":\"https:\/\/www.upo.es\/intl\/curso-intensivo-de-septiembre\/#breadcrumb\"},\"inLanguage\":\"es\",\"potentialAction\":[{\"@type\":\"ReadAction\",\"target\":[\"https:\/\/www.upo.es\/intl\/curso-intensivo-de-septiembre\/\"]}]},{\"@type\":\"BreadcrumbList\",\"@id\":\"https:\/\/www.upo.es\/intl\/curso-intensivo-de-septiembre\/#breadcrumb\",\"itemListElement\":[{\"@type\":\"ListItem\",\"position\":1,\"name\":\"Portada\",\"item\":\"https:\/\/www.upo.es\/intl\/\"},{\"@type\":\"ListItem\",\"position\":2,\"name\":\"Curso Intensivo de Septiembre\"}]}]}<\/script>\n<!-- \/ Yoast SEO plugin. -->","yoast_head_json":{"title":"Curso Intensivo de Septiembre","robots":{"index":"index","follow":"follow","max-snippet":"max-snippet:-1","max-image-preview":"max-image-preview:large","max-video-preview":"max-video-preview:-1"},"canonical":"https:\/\/www.upo.es\/intl\/curso-intensivo-de-septiembre\/","og_locale":"es_ES","og_type":"article","og_title":"Curso Intensivo de Septiembre","og_description":"[vc_row][vc_column][vc_single_image image=&#8221;4010&#8243; img_size=&#8221;full&#8221;][\/vc_column][\/vc_row][vc_row][vc_column][vc_column_text css=&#8221;&#8221;] CURSO\u00a0 SEPTIEMBRE DE 2026 [\/vc_column_text][\/vc_column][\/vc_row][vc_row][vc_column width=&#8221;1\/2&#8243;][\/vc_column][vc_column width=&#8221;1\/2&#8243;][\/vc_column][\/vc_row][vc_row][vc_column][vc_column_text] HORARIO [\/vc_column_text][\/vc_column][\/vc_row][vc_row][vc_column][vc_column_text] LISTADO DE CURSOS [\/vc_column_text][vc_tta_accordion style=&#8221;flat&#8221; shape=&#8221;square&#8221; color=&#8221;orange&#8221; spacing=&#8221;2&#8243; gap=&#8221;2&#8243; c_position=&#8221;right&#8221; active_section=&#8221;&#8221; no_fill=&#8221;true&#8221; collapsible_all=&#8221;true&#8221;][vc_tta_section title=&#8221;ESP 102-15 Espa\u00f1ol Pre-elemental&#8221; tab_id=&#8221;1464770610530-f910e5ee-9b14&#8243;][vc_column_text]Idioma de impartici\u00f3n:\u00a0ESPA\u00d1OL[\/vc_column_text][vc_column_text]Este curso est\u00e1 dise\u00f1ado para estudiantes con conocimientos b\u00e1sicos de espa\u00f1ol. Se enfatiza el desarrollo de las habilidades orales y escritas, y la [&hellip;]","og_url":"https:\/\/www.upo.es\/intl\/curso-intensivo-de-septiembre\/","og_site_name":"Centro Universitario Internacional UPO","article_publisher":"https:\/\/www.facebook.com\/centrointernacionalUPO\/?ref=ts","article_modified_time":"2026-02-24T10:29:05+00:00","twitter_card":"summary_large_image","twitter_site":"@CuiUpo","twitter_misc":{"Tiempo de lectura":"3 minutos"},"schema":{"@context":"https:\/\/schema.org","@graph":[{"@type":"Organization","@id":"https:\/\/www.upo.es\/intl\/#organization","name":"Centro Universitario Internacional Universidad Pablo de Olavide","url":"https:\/\/www.upo.es\/intl\/","sameAs":["https:\/\/www.facebook.com\/centrointernacionalUPO\/?ref=ts","https:\/\/www.instagram.com\/cui_upo\/","https:\/\/www.youtube.com\/channel\/UCXvTsTmrSF31BCW1Ukowlvg","https:\/\/twitter.com\/CuiUpo"],"logo":{"@type":"ImageObject","@id":"https:\/\/www.upo.es\/intl\/#logo","inLanguage":"es","url":"https:\/\/www.upo.es\/intl\/wp-content\/uploads\/2016\/07\/logo_fondo_UPO.png","contentUrl":"https:\/\/www.upo.es\/intl\/wp-content\/uploads\/2016\/07\/logo_fondo_UPO.png","width":318,"height":120,"caption":"Centro Universitario Internacional Universidad Pablo de Olavide"},"image":{"@id":"https:\/\/www.upo.es\/intl\/#logo"}},{"@type":"WebSite","@id":"https:\/\/www.upo.es\/intl\/#website","url":"https:\/\/www.upo.es\/intl\/","name":"Centro Universitario Internacional UPO","description":"Programas de corta y larga duraci\u00f3n de lengua y cultura espa\u00f1ola. Se imparten clases en espa\u00f1ol e ingl\u00e9s de diferentes materias","publisher":{"@id":"https:\/\/www.upo.es\/intl\/#organization"},"potentialAction":[{"@type":"SearchAction","target":{"@type":"EntryPoint","urlTemplate":"https:\/\/www.upo.es\/intl\/?s={search_term_string}"},"query-input":"required name=search_term_string"}],"inLanguage":"es"},{"@type":"WebPage","@id":"https:\/\/www.upo.es\/intl\/curso-intensivo-de-septiembre\/#webpage","url":"https:\/\/www.upo.es\/intl\/curso-intensivo-de-septiembre\/","name":"Curso Intensivo de Septiembre","isPartOf":{"@id":"https:\/\/www.upo.es\/intl\/#website"},"datePublished":"2016-10-06T10:54:15+00:00","dateModified":"2026-02-24T10:29:05+00:00","breadcrumb":{"@id":"https:\/\/www.upo.es\/intl\/curso-intensivo-de-septiembre\/#breadcrumb"},"inLanguage":"es","potentialAction":[{"@type":"ReadAction","target":["https:\/\/www.upo.es\/intl\/curso-intensivo-de-septiembre\/"]}]},{"@type":"BreadcrumbList","@id":"https:\/\/www.upo.es\/intl\/curso-intensivo-de-septiembre\/#breadcrumb","itemListElement":[{"@type":"ListItem","position":1,"name":"Portada","item":"https:\/\/www.upo.es\/intl\/"},{"@type":"ListItem","position":2,"name":"Curso Intensivo de Septiembre"}]}]}},"_links":{"self":[{"href":"https:\/\/www.upo.es\/intl\/wp-json\/wp\/v2\/pages\/4005"}],"collection":[{"href":"https:\/\/www.upo.es\/intl\/wp-json\/wp\/v2\/pages"}],"about":[{"href":"https:\/\/www.upo.es\/intl\/wp-json\/wp\/v2\/types\/page"}],"author":[{"embeddable":true,"href":"https:\/\/www.upo.es\/intl\/wp-json\/wp\/v2\/users\/1"}],"replies":[{"embeddable":true,"href":"https:\/\/www.upo.es\/intl\/wp-json\/wp\/v2\/comments?post=4005"}],"version-history":[{"count":43,"href":"https:\/\/www.upo.es\/intl\/wp-json\/wp\/v2\/pages\/4005\/revisions"}],"predecessor-version":[{"id":21065,"href":"https:\/\/www.upo.es\/intl\/wp-json\/wp\/v2\/pages\/4005\/revisions\/21065"}],"wp:attachment":[{"href":"https:\/\/www.upo.es\/intl\/wp-json\/wp\/v2\/media?parent=4005"}],"curies":[{"name":"wp","href":"https:\/\/api.w.org\/{rel}","templated":true}]}}