{"id":4142,"date":"2016-11-07T11:46:11","date_gmt":"2016-11-07T11:46:11","guid":{"rendered":"https:\/\/www.upo.es\/intl\/?page_id=4142"},"modified":"2026-01-30T09:26:04","modified_gmt":"2026-01-30T09:26:04","slug":"alojamiento","status":"publish","type":"page","link":"https:\/\/www.upo.es\/intl\/alojamiento\/","title":{"rendered":"Alojamiento"},"content":{"rendered":"<div class=\"wpb-content-wrapper\"><p>[vc_row][vc_column][vc_single_image image=&#8221;20155&#8243; img_size=&#8221;full&#8221;][\/vc_column][\/vc_row][vc_row][vc_column]<section class=\"elegant-tabs-container\">\n\t\t\t<div class=\"et-tabs et-horizontal justified-tabs et-inherit-desktop et-tabs-style-iconbox tab-class-689610130 et-align-center\"\n\t\t\tdata-tab_style=\"iconbox\"\n\t\t\tdata-active-bg=\"#003671\"\n\t\t\tdata-active-text=\"\"\n\t\t\tdata-hover-bg=\"\"\n\t\t\tdata-hover-text=\"\"\n\t\t\tdata-active-tab=\"0\"\n\t\t\tdata-auto-switch-tab=\"no\"\n\t\t\tdata-switch-interval=\"5\"  data-show-hide=\"true\" >\n\t\t\t<nav class=\"elegant-tabs-nav\" style=\"\">\n\t\t\t<ul class=\"elegant-tabs-list-container\" style=\"color:#003671;\">\n\t\t\t<li style=\"background:#c2e4fc;\" ><a class=\"et-anchor-tag\" style=\"--border-color:#c2e4fc;\" href=\"#\" target=\"\" data-href=\"#section-1712308110935-4-7\"><img alt=\"\" class=\"elegant-tabs-image-icon\" data-hover-src=\"https:\/\/www.upo.es\/intl\/wp-content\/uploads\/2024\/04\/icono_Familia.png\" data-original-src=\"https:\/\/www.upo.es\/intl\/wp-content\/uploads\/2024\/04\/icono_Familia.png\" src=\"https:\/\/www.upo.es\/intl\/wp-content\/uploads\/2024\/04\/icono_Familia.png\" style=\"width: 32px;height: 32px\" \/><span style=\"\" class=\"et-tab-title has-icon\">FAMILIAS ANFITRIONAS<\/span><\/a><\/li><li style=\"background:#c2e4fc;\" ><a class=\"et-anchor-tag\" style=\"--border-color:#c2e4fc;\" href=\"#\" target=\"\" data-href=\"#section-1712308257430-5-8\"><img alt=\"\" class=\"elegant-tabs-image-icon\" data-hover-src=\"https:\/\/www.upo.es\/intl\/wp-content\/uploads\/2024\/04\/icono_resi.png\" data-original-src=\"https:\/\/www.upo.es\/intl\/wp-content\/uploads\/2024\/04\/icono_resi.png\" src=\"https:\/\/www.upo.es\/intl\/wp-content\/uploads\/2024\/04\/icono_resi.png\" style=\"width: 32px;height: 32px\" \/><span style=\"\" class=\"et-tab-title has-icon\">RESIDENCIAS UNIVERSITARIAS<\/span><\/a><\/li><li style=\"background:#c2e4fc;\" ><a class=\"et-anchor-tag\" style=\"--border-color:#c2e4fc;\" href=\"#\" target=\"\" data-href=\"#section-1712309043919-3-2\"><img alt=\"\" class=\"elegant-tabs-image-icon\" data-hover-src=\"https:\/\/www.upo.es\/intl\/wp-content\/uploads\/2024\/04\/icono_shared_flat.png\" data-original-src=\"https:\/\/www.upo.es\/intl\/wp-content\/uploads\/2024\/04\/icono_shared_flat.png\" src=\"https:\/\/www.upo.es\/intl\/wp-content\/uploads\/2024\/04\/icono_shared_flat.png\" style=\"width: 32px;height: 32px\" \/><span style=\"\" class=\"et-tab-title has-icon\">PISO COMPARTIDO<\/span><\/a><\/li>\n\t\t\t<\/ul>\n\t\t\t<\/nav>\n\t\t\t<div class=\"et-content-wrap\">\n\t\t\t<section id=\"section-1712308110935-4-7\" class=\"tab\" data-animation=\"\" style=\"background:; color:;\"><div class=\"infi-content-wrapper\">[vc_row_inner][vc_column_inner][vc_empty_space][vc_column_text]<\/p>\n<h3 id=\"familia\" style=\"text-align: center;\"><strong>FAMILIAS ANFITRIONAS<\/strong><\/h3>\n<p>[\/vc_column_text][vc_column_text css=&#8221;&#8221;]<\/p>\n<h3><b>\u00bfC\u00f3mo es la familia?<\/b><\/h3>\n<p>La familia puede ser un matrimonio con o sin hijos, o una se\u00f1ora con o sin hijos. Lo m\u00e1s importante es que haya un ambiente familiar, y que as\u00ed puedas experimentar c\u00f3mo es la vida diaria de nuestro pa\u00eds. Algunas familias tienen otros estudiantes, nativos o extranjeros, pero s\u00f3lo se habla espa\u00f1ol en la casa. De este modo puede hacerse amigo f\u00e1cilmente de los dem\u00e1s estudiantes.<\/p>\n<h3><b>Habitaci\u00f3n<br \/>\n<\/b><\/h3>\n<p>El estudiante puede elegir\u00a0 entre una habitaci\u00f3n individual o una doble para compartir con otro estudiante. Nosotros siempre intentamos respetar las elecciones pero todo depender\u00e1 de la disponibilidad.<\/p>\n<h3><b>S\u00e1banas y lavado de ropa<\/b><\/h3>\n<p>La familia anfitriona te proporcionar\u00e1 s\u00e1banas y toallas, as\u00ed que s\u00f3lo debes traerte los objetos de uso personal. En el precio del alojamiento est\u00e1 incluido el lavado de ropa de cantidades normales. La familia lava la ropa, como m\u00ednimo, una vez por semana. Debes preguntar el primer d\u00eda d\u00f3nde puedes dejar la ropa sucia, normalmente en una bolsa o una cesta que hay en la habitaci\u00f3n del estudiante.[\/vc_column_text][vc_column_text css=&#8221;&#8221;]<\/p>\n<div class=\"flex max-w-full flex-col flex-grow\">\n<div class=\"min-h-8 text-message flex w-full flex-col items-end gap-2 whitespace-normal break-words text-start &#091;.text-message+&amp;&#093;:mt-5\" dir=\"auto\" data-message-author-role=\"assistant\" data-message-id=\"440c9934-9816-4870-b305-b14e43d52f08\" data-message-model-slug=\"gpt-4o\">\n<div class=\"flex w-full flex-col gap-1 empty:hidden first:pt-&#091;3px&#093;\">\n<div class=\"markdown prose w-full break-words dark:prose-invert light\">\n<h5>A partir de 2025, el alojamiento con familias anfitrionas ser\u00e1 gestionado por nuestra instituci\u00f3n asociada, SIGE. Si est\u00e1s interesado en esta opci\u00f3n, por favor contacta a:<\/h5>\n<h5><strong>Gloria Manchado<\/strong>: <span style=\"color: #3366ff;\"><strong><a style=\"color: #3366ff;\" href=\"mailto:coordinacion@spanishinstitute.net\" rel=\"noopener\">coordinacion@spanishinstitute.net<\/a><\/strong><\/span><\/h5>\n<h5>Aseg\u00farate de mencionar que ser\u00e1s un estudiante de intercambio en la UPO.<\/h5>\n<\/div>\n<\/div>\n<\/div>\n<\/div>\n<h5><\/h5>\n<p>[\/vc_column_text][\/vc_column_inner][\/vc_row_inner]<\/div><\/section><section id=\"section-1712308257430-5-8\" class=\"tab\" data-animation=\"\" style=\"background:; color:;\"><div class=\"infi-content-wrapper\">[vc_empty_space][vc_column_text]<\/p>\n<h3 id=\"residencia\" style=\"text-align: center;\"><strong>RESIDENCIAS<\/strong><\/h3>\n<p>[\/vc_column_text][vc_row_inner][vc_column_inner width=&#8221;1\/2&#8243;]<div class=\"ult-content-box-container \" >\t\t<div class=\"ult-content-box\" style=\"background-color:#dd9933;box-shadow: px px px px none;padding-top:10px;padding-right:0px;padding-bottom:5px;padding-left:0px;margin-top:0px;margin-right:50px;margin-bottom:0px;margin-left:50px;-webkit-transition: all 700ms ease;-moz-transition: all 700ms ease;-ms-transition: all 700ms ease;-o-transition: all 700ms ease;transition: all 700ms ease;\"  data-hover_box_shadow=\"none\"    data-normal_margins=\"margin-top:0px;margin-right:50px;margin-bottom:0px;margin-left:50px;\"   data-bg=\"#dd9933\" >[vc_custom_heading text=&#8221;Residencia NIDO&#8221; font_container=&#8221;tag:h4|text_align:center|color:%23ffffff&#8221; use_theme_fonts=&#8221;yes&#8221;]\t\t<\/div><\/div>[vc_empty_space height=&#8221;20px&#8221;]<div class=\"smile_icon_list_wrap ult-adjust-bottom-margin  \"><ul class=\"smile_icon_list left square with_bg\"><li class=\"icon_list_item\" style=\" font-size:72px;\"><div class=\"icon_list_icon\" data-animation=\"\" data-animation-delay=\"03\" style=\"font-size:24px;border-width:1px;border-style:none;background:#ffffff;color:#333333;border-color:#333333;\"><i class=\"Defaults-location-arrow\" ><\/i><\/div><div class=\"icon_description\" id=\"Info-list-wrap-1956\"><h3 class=\"ult-responsive\"  data-ultimate-target='#Info-list-wrap-1956 h3'  data-responsive-json-new='{\"font-size\":\"desktop:16px;\",\"line-height\":\"desktop:24px;\"}'  style=\"\">Location:<\/h3><div class=\"icon_description_text ult-responsive\"  data-ultimate-target='#Info-list-wrap-1956 .icon_description_text'  data-responsive-json-new='{\"font-size\":\"desktop:13px;\",\"line-height\":\"desktop:18px;\"}'  style=\"\"><p>Calle Pl\u00e1cido Fern\u00e1ndez Viagas, 6<\/p>\n<\/div><\/div><div class=\"icon_list_connector\"  style=\"border-color:#333333;\"><\/div><\/li><\/ul><\/div><div class=\"smile_icon_list_wrap ult-adjust-bottom-margin  \"><ul class=\"smile_icon_list left square with_bg\"><li class=\"icon_list_item\" style=\" font-size:72px;\"><div class=\"icon_list_icon\" data-animation=\"\" data-animation-delay=\"03\" style=\"font-size:24px;border-width:1px;border-style:none;background:#ffffff;color:#333333;border-color:#333333;\"><i class=\"Defaults-phone\" ><\/i><\/div><div class=\"icon_description\" id=\"Info-list-wrap-8864\"><h3 class=\"ult-responsive\"  data-ultimate-target='#Info-list-wrap-8864 h3'  data-responsive-json-new='{\"font-size\":\"desktop:16px;\",\"line-height\":\"desktop:24px;\"}'  style=\"\">Contact information:<\/h3><div class=\"icon_description_text ult-responsive\"  data-ultimate-target='#Info-list-wrap-8864 .icon_description_text'  data-responsive-json-new='{\"font-size\":\"desktop:13px;\",\"line-height\":\"desktop:18px;\"}'  style=\"\"><p>telephone: (+34) 854 718 955<br \/>\nemail: <a href=\"mailto:nidoelporvenir@nidoliving.com\" target=\"_blank\" rel=\"noopener\">nidoelporvenir@nidoliving.com<\/a><\/p>\n<\/div><\/div><div class=\"icon_list_connector\"  style=\"border-color:#333333;\"><\/div><\/li><\/ul><\/div><div class=\"smile_icon_list_wrap ult-adjust-bottom-margin  \"><ul class=\"smile_icon_list left square with_bg\"><li class=\"icon_list_item\" style=\" font-size:72px;\"><div class=\"icon_list_icon\" data-animation=\"\" data-animation-delay=\"03\" style=\"font-size:24px;border-width:1px;border-style:none;background:#ffffff;color:#333333;border-color:#333333;\"><i class=\"Defaults-info-circle\" ><\/i><\/div><div class=\"icon_description\" id=\"Info-list-wrap-5234\"><h3 class=\"ult-responsive\"  data-ultimate-target='#Info-list-wrap-5234 h3'  data-responsive-json-new='{\"font-size\":\"desktop:16px;\",\"line-height\":\"desktop:24px;\"}'  style=\"\">Web:<\/h3><div class=\"icon_description_text ult-responsive\"  data-ultimate-target='#Info-list-wrap-5234 .icon_description_text'  data-responsive-json-new='{\"font-size\":\"desktop:13px;\",\"line-height\":\"desktop:18px;\"}'  style=\"\"><p><span style=\"color: #3366ff;\"><a style=\"color: #3366ff;\" href=\"https:\/\/www.nidoliving.com\/en\/spain\/seville\/nido-el-porvenir\/\" target=\"_blank\" rel=\"noopener\">https:\/\/www.nidoliving.com\/en\/spain\/seville\/nido-el-porvenir\/<\/a><\/span><\/p>\n<\/div><\/div><div class=\"icon_list_connector\"  style=\"border-color:#333333;\"><\/div><\/li><\/ul><\/div><div class=\"smile_icon_list_wrap ult-adjust-bottom-margin  \"><ul class=\"smile_icon_list left square with_bg\"><li class=\"icon_list_item\" style=\" font-size:72px;\"><div class=\"icon_list_icon\" data-animation=\"\" data-animation-delay=\"03\" style=\"font-size:24px;border-width:1px;border-style:none;background:#ffffff;color:#333333;border-color:#333333;\"><i class=\"Defaults-train\" ><\/i><\/div><div class=\"icon_description\" id=\"Info-list-wrap-1875\"><h3 class=\"ult-responsive\"  data-ultimate-target='#Info-list-wrap-1875 h3'  data-responsive-json-new='{\"font-size\":\"desktop:16px;\",\"line-height\":\"desktop:24px;\"}'  style=\"\">Transportation:<\/h3><div class=\"icon_description_text ult-responsive\"  data-ultimate-target='#Info-list-wrap-1875 .icon_description_text'  data-responsive-json-new='{\"font-size\":\"desktop:13px;\",\"line-height\":\"desktop:18px;\"}'  style=\"\"><p><span style=\"color: #3366ff;\"><a style=\"color: #3366ff;\" href=\"https:\/\/www.juntadeandalucia.es\/html\/especiales\/especialmetro-sevilla\/sanbernardo.html\" target=\"_blank\" rel=\"noopener\">Metro San Bernardo<\/a><\/span><\/p>\n<\/div><\/div><div class=\"icon_list_connector\"  style=\"border-color:#333333;\"><\/div><\/li><\/ul><\/div>[vc_images_carousel images=&#8221;20057,20059,20061,20065,20055,20063&#8243; img_size=&#8221;medium&#8221; el_class=&#8221;carrusel&#8221;][\/vc_column_inner][vc_column_inner width=&#8221;1\/2&#8243;]<div class=\"ult-content-box-container \" >\t\t<div class=\"ult-content-box\" style=\"background-color:#dd9933;box-shadow: px px px px none;padding-top:10px;padding-bottom:5px;margin-right:50px;margin-left:50px;-webkit-transition: all 700ms ease;-moz-transition: all 700ms ease;-ms-transition: all 700ms ease;-o-transition: all 700ms ease;transition: all 700ms ease;\"  data-hover_box_shadow=\"none\"    data-normal_margins=\"margin-right:50px;margin-left:50px;\"   data-bg=\"#dd9933\" >[vc_custom_heading text=&#8221;Residencia StepHouse Sevilla&#8221; font_container=&#8221;tag:h4|text_align:center|color:%23ffffff&#8221; use_theme_fonts=&#8221;yes&#8221; css=&#8221;&#8221; link=&#8221;url:https%3A%2F%2Fstephouse.es%2Fen%2Fsevilla%2F&#8221;]\t\t<\/div><\/div>[vc_empty_space height=&#8221;20px&#8221;]<div class=\"smile_icon_list_wrap ult-adjust-bottom-margin  \"><ul class=\"smile_icon_list left square with_bg\"><li class=\"icon_list_item\" style=\" font-size:72px;\"><div class=\"icon_list_icon\" data-animation=\"\" data-animation-delay=\"03\" style=\"font-size:24px;border-width:1px;border-style:none;background:#ffffff;color:#333333;border-color:#333333;\"><i class=\"Defaults-location-arrow\" ><\/i><\/div><div class=\"icon_description\" id=\"Info-list-wrap-7420\"><h3 class=\"ult-responsive\"  data-ultimate-target='#Info-list-wrap-7420 h3'  data-responsive-json-new='{\"font-size\":\"desktop:16px;\",\"line-height\":\"desktop:24px;\"}'  style=\"\">Location:<\/h3><div class=\"icon_description_text ult-responsive\"  data-ultimate-target='#Info-list-wrap-7420 .icon_description_text'  data-responsive-json-new='{\"font-size\":\"desktop:13px;\",\"line-height\":\"desktop:18px;\"}'  style=\"\"><p>Avenida de Ram\u00f3n Carande, 6<\/p>\n<\/div><\/div><div class=\"icon_list_connector\"  style=\"border-color:#333333;\"><\/div><\/li><\/ul><\/div><div class=\"smile_icon_list_wrap ult-adjust-bottom-margin  \"><ul class=\"smile_icon_list left square with_bg\"><li class=\"icon_list_item\" style=\" font-size:72px;\"><div class=\"icon_list_icon\" data-animation=\"\" data-animation-delay=\"03\" style=\"font-size:24px;border-width:1px;border-style:none;background:#ffffff;color:#333333;border-color:#333333;\"><i class=\"Defaults-phone\" ><\/i><\/div><div class=\"icon_description\" id=\"Info-list-wrap-6394\"><h3 class=\"ult-responsive\"  data-ultimate-target='#Info-list-wrap-6394 h3'  data-responsive-json-new='{\"font-size\":\"desktop:16px;\",\"line-height\":\"desktop:24px;\"}'  style=\"\">Contact information:<\/h3><div class=\"icon_description_text ult-responsive\"  data-ultimate-target='#Info-list-wrap-6394 .icon_description_text'  data-responsive-json-new='{\"font-size\":\"desktop:13px;\",\"line-height\":\"desktop:18px;\"}'  style=\"\"><p>Telephone: (34) 919 49 91 68<br \/>\nEmail: <a href=\"mailto:hello@stephouse.es\">hello@stephouse.es<\/a><\/p>\n<\/div><\/div><div class=\"icon_list_connector\"  style=\"border-color:#333333;\"><\/div><\/li><\/ul><\/div><div class=\"smile_icon_list_wrap ult-adjust-bottom-margin  \"><ul class=\"smile_icon_list left square with_bg\"><li class=\"icon_list_item\" style=\" font-size:72px;\"><div class=\"icon_list_icon\" data-animation=\"\" data-animation-delay=\"03\" style=\"font-size:24px;border-width:1px;border-style:none;background:#ffffff;color:#333333;border-color:#333333;\"><i class=\"Defaults-info-circle\" ><\/i><\/div><div class=\"icon_description\" id=\"Info-list-wrap-1267\"><h3 class=\"ult-responsive\"  data-ultimate-target='#Info-list-wrap-1267 h3'  data-responsive-json-new='{\"font-size\":\"desktop:16px;\",\"line-height\":\"desktop:24px;\"}'  style=\"\">Web:<\/h3><div class=\"icon_description_text ult-responsive\"  data-ultimate-target='#Info-list-wrap-1267 .icon_description_text'  data-responsive-json-new='{\"font-size\":\"desktop:13px;\",\"line-height\":\"desktop:18px;\"}'  style=\"\"><p><a href=\"https:\/\/stephouse.es\/en\/residencias\/sevilla\/\" target=\"_blank\" rel=\"noopener\"><span style=\"color: #3366ff;\">Residencia StepHouse Sevilla<\/span><\/a><\/p>\n<\/div><\/div><div class=\"icon_list_connector\"  style=\"border-color:#333333;\"><\/div><\/li><\/ul><\/div><div class=\"smile_icon_list_wrap ult-adjust-bottom-margin  \"><ul class=\"smile_icon_list left square with_bg\"><li class=\"icon_list_item\" style=\" font-size:72px;\"><div class=\"icon_list_icon\" data-animation=\"\" data-animation-delay=\"03\" style=\"font-size:24px;border-width:1px;border-style:none;background:#ffffff;color:#333333;border-color:#333333;\"><i class=\"Defaults-train\" ><\/i><\/div><div class=\"icon_description\" id=\"Info-list-wrap-2607\"><h3 class=\"ult-responsive\"  data-ultimate-target='#Info-list-wrap-2607 h3'  data-responsive-json-new='{\"font-size\":\"desktop:16px;\",\"line-height\":\"desktop:24px;\"}'  style=\"\">Transportation:<\/h3><div class=\"icon_description_text ult-responsive\"  data-ultimate-target='#Info-list-wrap-2607 .icon_description_text'  data-responsive-json-new='{\"font-size\":\"desktop:13px;\",\"line-height\":\"desktop:18px;\"}'  style=\"\"><p><span style=\"color: #3366ff;\"><a style=\"color: #3366ff;\" href=\"https:\/\/www.juntadeandalucia.es\/html\/especiales\/especialmetro-sevilla\/sanbernardo.html\" target=\"_blank\" rel=\"noopener\">Metro San Bernardo<\/a><\/span><\/p>\n<\/div><\/div><div class=\"icon_list_connector\"  style=\"border-color:#333333;\"><\/div><\/li><\/ul><\/div>[vc_images_carousel images=&#8221;20075,20073,20071,20069&#8243; img_size=&#8221;medium&#8221; el_class=&#8221;carrusel&#8221;][\/vc_column_inner][\/vc_row_inner][vc_row_inner][vc_column_inner width=&#8221;1\/2&#8243;]<div class=\"ult-content-box-container \" >\t\t<div class=\"ult-content-box\" style=\"background-color:#dd9933;box-shadow: px px px px none;padding-top:10px;padding-bottom:5px;margin-right:50px;margin-left:50px;-webkit-transition: all 700ms ease;-moz-transition: all 700ms ease;-ms-transition: all 700ms ease;-o-transition: all 700ms ease;transition: all 700ms ease;\"  data-hover_box_shadow=\"none\"    data-normal_margins=\"margin-right:50px;margin-left:50px;\"   data-bg=\"#dd9933\" >[vc_custom_heading text=&#8221;Residencia LIVENSA LIVING&#8221; font_container=&#8221;tag:h4|text_align:center|color:%23ffffff&#8221; use_theme_fonts=&#8221;yes&#8221;]\t\t<\/div><\/div>[vc_empty_space height=&#8221;20px&#8221;]<div class=\"smile_icon_list_wrap ult-adjust-bottom-margin  \"><ul class=\"smile_icon_list left square with_bg\"><li class=\"icon_list_item\" style=\" font-size:72px;\"><div class=\"icon_list_icon\" data-animation=\"\" data-animation-delay=\"03\" style=\"font-size:24px;border-width:1px;border-style:none;background:#ffffff;color:#333333;border-color:#333333;\"><i class=\"Defaults-phone\" ><\/i><\/div><div class=\"icon_description\" id=\"Info-list-wrap-9708\"><h3 class=\"ult-responsive\"  data-ultimate-target='#Info-list-wrap-9708 h3'  data-responsive-json-new='{\"font-size\":\"desktop:16px;\",\"line-height\":\"desktop:24px;\"}'  style=\"\">Location:<\/h3><div class=\"icon_description_text ult-responsive\"  data-ultimate-target='#Info-list-wrap-9708 .icon_description_text'  data-responsive-json-new='{\"font-size\":\"desktop:13px;\",\"line-height\":\"desktop:18px;\"}'  style=\"\"><p>Calle Antonio Maura Montaner, 6. 41013. Sevilla<\/p>\n<\/div><\/div><div class=\"icon_list_connector\"  style=\"border-color:#333333;\"><\/div><\/li><\/ul><\/div><div class=\"smile_icon_list_wrap ult-adjust-bottom-margin  \"><ul class=\"smile_icon_list left square with_bg\"><li class=\"icon_list_item\" style=\" font-size:72px;\"><div class=\"icon_list_icon\" data-animation=\"\" data-animation-delay=\"03\" style=\"font-size:24px;border-width:1px;border-style:none;background:#ffffff;color:#333333;border-color:#333333;\"><i class=\"Defaults-phone\" ><\/i><\/div><div class=\"icon_description\" id=\"Info-list-wrap-7176\"><h3 class=\"ult-responsive\"  data-ultimate-target='#Info-list-wrap-7176 h3'  data-responsive-json-new='{\"font-size\":\"desktop:16px;\",\"line-height\":\"desktop:24px;\"}'  style=\"\">Contact information:<\/h3><div class=\"icon_description_text ult-responsive\"  data-ultimate-target='#Info-list-wrap-7176 .icon_description_text'  data-responsive-json-new='{\"font-size\":\"desktop:13px;\",\"line-height\":\"desktop:18px;\"}'  style=\"\"><p>Telephone: (+34) 913 103 032<br \/>\nEmail: <a href=\"mailto:living@livensaliving.com\" target=\"_blank\" rel=\"noopener\">living@livensaliving.com<\/a><\/p>\n<\/div><\/div><div class=\"icon_list_connector\"  style=\"border-color:#333333;\"><\/div><\/li><\/ul><\/div><div class=\"smile_icon_list_wrap ult-adjust-bottom-margin  \"><ul class=\"smile_icon_list left square with_bg\"><li class=\"icon_list_item\" style=\" font-size:72px;\"><div class=\"icon_list_icon\" data-animation=\"\" data-animation-delay=\"03\" style=\"font-size:24px;border-width:1px;border-style:none;background:#ffffff;color:#333333;border-color:#333333;\"><i class=\"Defaults-info-circle\" ><\/i><\/div><div class=\"icon_description\" id=\"Info-list-wrap-2039\"><h3 class=\"ult-responsive\"  data-ultimate-target='#Info-list-wrap-2039 h3'  data-responsive-json-new='{\"font-size\":\"desktop:16px;\",\"line-height\":\"desktop:24px;\"}'  style=\"\">Web:<\/h3><div class=\"icon_description_text ult-responsive\"  data-ultimate-target='#Info-list-wrap-2039 .icon_description_text'  data-responsive-json-new='{\"font-size\":\"desktop:13px;\",\"line-height\":\"desktop:18px;\"}'  style=\"\"><p><a href=\"https:\/\/www.livensaliving.com\/residencias-estudiantes-sevilla\/residencia-universitaria-livensa-sevilla\/\" target=\"_blank\" rel=\"noopener\"><span style=\"color: #3366ff;\">Residencia LIVENSA LIVING<\/span><\/a><\/p>\n<\/div><\/div><div class=\"icon_list_connector\"  style=\"border-color:#333333;\"><\/div><\/li><\/ul><\/div><div class=\"smile_icon_list_wrap ult-adjust-bottom-margin  \"><ul class=\"smile_icon_list left square with_bg\"><li class=\"icon_list_item\" style=\" font-size:72px;\"><div class=\"icon_list_icon\" data-animation=\"\" data-animation-delay=\"03\" style=\"font-size:24px;border-width:1px;border-style:none;background:#ffffff;color:#333333;border-color:#333333;\"><i class=\"Defaults-train\" ><\/i><\/div><div class=\"icon_description\" id=\"Info-list-wrap-3233\"><h3 class=\"ult-responsive\"  data-ultimate-target='#Info-list-wrap-3233 h3'  data-responsive-json-new='{\"font-size\":\"desktop:16px;\",\"line-height\":\"desktop:24px;\"}'  style=\"\">Transportation:<\/h3><div class=\"icon_description_text ult-responsive\"  data-ultimate-target='#Info-list-wrap-3233 .icon_description_text'  data-responsive-json-new='{\"font-size\":\"desktop:13px;\",\"line-height\":\"desktop:18px;\"}'  style=\"\"><p><span style=\"color: #3366ff;\"><a style=\"color: #3366ff;\" href=\"https:\/\/www.juntadeandalucia.es\/html\/especiales\/especialmetro-sevilla\/sanbernardo.html\" target=\"_blank\" rel=\"noopener\">Metro San Bernardo<\/a><\/span><\/p>\n<\/div><\/div><div class=\"icon_list_connector\"  style=\"border-color:#333333;\"><\/div><\/li><\/ul><\/div>[vc_images_carousel images=&#8221;20095,20089,20091,20093,20097,20099&#8243; img_size=&#8221;medium&#8221; el_class=&#8221;carrusel&#8221;][\/vc_column_inner][vc_column_inner width=&#8221;1\/2&#8243;]<div class=\"ult-content-box-container \" >\t\t<div class=\"ult-content-box\" style=\"background-color:#dd9933;box-shadow: px px px px none;padding-top:10px;padding-bottom:2px;margin-right:50px;margin-left:50px;-webkit-transition: all 700ms ease;-moz-transition: all 700ms ease;-ms-transition: all 700ms ease;-o-transition: all 700ms ease;transition: all 700ms ease;\"  data-hover_box_shadow=\"none\"    data-normal_margins=\"margin-right:50px;margin-left:50px;\"   data-bg=\"#dd9933\" >[vc_custom_heading text=&#8221;Residencia XIOR&#8221; font_container=&#8221;tag:h4|text_align:center|color:%23ffffff&#8221; use_theme_fonts=&#8221;yes&#8221;]\t\t<\/div><\/div>[vc_empty_space height=&#8221;20px&#8221;]<div class=\"smile_icon_list_wrap ult-adjust-bottom-margin  \"><ul class=\"smile_icon_list left square with_bg\"><li class=\"icon_list_item\" style=\" font-size:72px;\"><div class=\"icon_list_icon\" data-animation=\"\" data-animation-delay=\"03\" style=\"font-size:24px;border-width:1px;border-style:none;background:#ffffff;color:#333333;border-color:#333333;\"><i class=\"Defaults-location-arrow\" ><\/i><\/div><div class=\"icon_description\" id=\"Info-list-wrap-5458\"><h3 class=\"ult-responsive\"  data-ultimate-target='#Info-list-wrap-5458 h3'  data-responsive-json-new='{\"font-size\":\"desktop:16px;\",\"line-height\":\"desktop:24px;\"}'  style=\"\">Location:<\/h3><div class=\"icon_description_text ult-responsive\"  data-ultimate-target='#Info-list-wrap-5458 .icon_description_text'  data-responsive-json-new='{\"font-size\":\"desktop:13px;\",\"line-height\":\"desktop:18px;\"}'  style=\"\"><p>Avenida de Ram\u00f3n Carande, 6<\/p>\n<\/div><\/div><div class=\"icon_list_connector\"  style=\"border-color:#333333;\"><\/div><\/li><\/ul><\/div><div class=\"smile_icon_list_wrap ult-adjust-bottom-margin  \"><ul class=\"smile_icon_list left square with_bg\"><li class=\"icon_list_item\" style=\" font-size:72px;\"><div class=\"icon_list_icon\" data-animation=\"\" data-animation-delay=\"03\" style=\"font-size:24px;border-width:1px;border-style:none;background:#ffffff;color:#333333;border-color:#333333;\"><i class=\"Defaults-phone\" ><\/i><\/div><div class=\"icon_description\" id=\"Info-list-wrap-4417\"><h3 class=\"ult-responsive\"  data-ultimate-target='#Info-list-wrap-4417 h3'  data-responsive-json-new='{\"font-size\":\"desktop:16px;\",\"line-height\":\"desktop:24px;\"}'  style=\"\">Contact information:<\/h3><div class=\"icon_description_text ult-responsive\"  data-ultimate-target='#Info-list-wrap-4417 .icon_description_text'  data-responsive-json-new='{\"font-size\":\"desktop:13px;\",\"line-height\":\"desktop:18px;\"}'  style=\"\"><p>Telephone: (34) 680 594 811<br \/>\nEmail: <a href=\"mailto:comercial@nodis.es\" target=\"_blank\" rel=\"noopener\">comercial@nodis.es<\/a><\/p>\n<\/div><\/div><div class=\"icon_list_connector\"  style=\"border-color:#333333;\"><\/div><\/li><\/ul><\/div><div class=\"smile_icon_list_wrap ult-adjust-bottom-margin  \"><ul class=\"smile_icon_list left square with_bg\"><li class=\"icon_list_item\" style=\" font-size:72px;\"><div class=\"icon_list_icon\" data-animation=\"\" data-animation-delay=\"03\" style=\"font-size:24px;border-width:1px;border-style:none;background:#ffffff;color:#333333;border-color:#333333;\"><i class=\"Defaults-info-circle\" ><\/i><\/div><div class=\"icon_description\" id=\"Info-list-wrap-3691\"><h3 class=\"ult-responsive\"  data-ultimate-target='#Info-list-wrap-3691 h3'  data-responsive-json-new='{\"font-size\":\"desktop:16px;\",\"line-height\":\"desktop:24px;\"}'  style=\"\">Web:<\/h3><div class=\"icon_description_text ult-responsive\"  data-ultimate-target='#Info-list-wrap-3691 .icon_description_text'  data-responsive-json-new='{\"font-size\":\"desktop:13px;\",\"line-height\":\"desktop:18px;\"}'  style=\"\"><p><span style=\"color: #3366ff;\"><a style=\"color: #3366ff;\" href=\"https:\/\/xior.es\/residencia-estudiantes-sevilla\/\" target=\"_blank\" rel=\"noopener\">Residencia XIOR<\/a><\/span><\/p>\n<\/div><\/div><div class=\"icon_list_connector\"  style=\"border-color:#333333;\"><\/div><\/li><\/ul><\/div><div class=\"smile_icon_list_wrap ult-adjust-bottom-margin  \"><ul class=\"smile_icon_list left square with_bg\"><li class=\"icon_list_item\" style=\" font-size:72px;\"><div class=\"icon_list_icon\" data-animation=\"\" data-animation-delay=\"03\" style=\"font-size:24px;border-width:1px;border-style:none;background:#ffffff;color:#333333;border-color:#333333;\"><i class=\"Defaults-train\" ><\/i><\/div><div class=\"icon_description\" id=\"Info-list-wrap-7698\"><h3 class=\"ult-responsive\"  data-ultimate-target='#Info-list-wrap-7698 h3'  data-responsive-json-new='{\"font-size\":\"desktop:16px;\",\"line-height\":\"desktop:24px;\"}'  style=\"\">Transportation:<\/h3><div class=\"icon_description_text ult-responsive\"  data-ultimate-target='#Info-list-wrap-7698 .icon_description_text'  data-responsive-json-new='{\"font-size\":\"desktop:13px;\",\"line-height\":\"desktop:18px;\"}'  style=\"\"><p><span style=\"color: #3366ff;\"><a style=\"color: #3366ff;\" href=\"https:\/\/www.juntadeandalucia.es\/html\/especiales\/especialmetro-sevilla\/pradosansebastian.html\" target=\"_blank\" rel=\"noopener\">Metro Prado de San Sebasti\u00e1n<\/a><\/span><\/p>\n<\/div><\/div><div class=\"icon_list_connector\"  style=\"border-color:#333333;\"><\/div><\/li><\/ul><\/div>[vc_images_carousel images=&#8221;20077,20079,20087,20083,20085,20081&#8243; img_size=&#8221;medium&#8221; el_class=&#8221;carrusel&#8221;][\/vc_column_inner][\/vc_row_inner][vc_row_inner][vc_column_inner width=&#8221;1\/2&#8243;]<div class=\"ult-content-box-container \" >\t\t<div class=\"ult-content-box\" style=\"background-color:#dd9933;box-shadow: px px px px none;padding-top:10px;padding-bottom:5px;margin-right:50px;margin-left:50px;-webkit-transition: all 700ms ease;-moz-transition: all 700ms ease;-ms-transition: all 700ms ease;-o-transition: all 700ms ease;transition: all 700ms ease;\"  data-hover_box_shadow=\"none\"    data-normal_margins=\"margin-right:50px;margin-left:50px;\"   data-bg=\"#dd9933\" >[vc_custom_heading text=&#8221;Residencia PALM STUDIOS&#8221; font_container=&#8221;tag:h4|text_align:center|color:%23ffffff&#8221; use_theme_fonts=&#8221;yes&#8221;]\t\t<\/div><\/div>[vc_empty_space height=&#8221;20px&#8221;]<div class=\"smile_icon_list_wrap ult-adjust-bottom-margin  \"><ul class=\"smile_icon_list left square with_bg\"><li class=\"icon_list_item\" style=\" font-size:72px;\"><div class=\"icon_list_icon\" data-animation=\"\" data-animation-delay=\"03\" style=\"font-size:24px;border-width:1px;border-style:none;background:#ffffff;color:#333333;border-color:#333333;\"><i class=\"Defaults-location-arrow\" ><\/i><\/div><div class=\"icon_description\" id=\"Info-list-wrap-2595\"><h3 class=\"ult-responsive\"  data-ultimate-target='#Info-list-wrap-2595 h3'  data-responsive-json-new='{\"font-size\":\"desktop:16px;\",\"line-height\":\"desktop:24px;\"}'  style=\"\">Location:<\/h3><div class=\"icon_description_text ult-responsive\"  data-ultimate-target='#Info-list-wrap-2595 .icon_description_text'  data-responsive-json-new='{\"font-size\":\"desktop:13px;\",\"line-height\":\"desktop:18px;\"}'  style=\"\"><p>Av. De la Palmera 38<\/p>\n<\/div><\/div><div class=\"icon_list_connector\"  style=\"border-color:#333333;\"><\/div><\/li><\/ul><\/div><div class=\"smile_icon_list_wrap ult-adjust-bottom-margin  \"><ul class=\"smile_icon_list left square with_bg\"><li class=\"icon_list_item\" style=\" font-size:72px;\"><div class=\"icon_list_icon\" data-animation=\"\" data-animation-delay=\"03\" style=\"font-size:24px;border-width:1px;border-style:none;background:#ffffff;color:#333333;border-color:#333333;\"><i class=\"Defaults-phone\" ><\/i><\/div><div class=\"icon_description\" id=\"Info-list-wrap-3407\"><h3 class=\"ult-responsive\"  data-ultimate-target='#Info-list-wrap-3407 h3'  data-responsive-json-new='{\"font-size\":\"desktop:16px;\",\"line-height\":\"desktop:24px;\"}'  style=\"\">Contact information:<\/h3><div class=\"icon_description_text ult-responsive\"  data-ultimate-target='#Info-list-wrap-3407 .icon_description_text'  data-responsive-json-new='{\"font-size\":\"desktop:13px;\",\"line-height\":\"desktop:18px;\"}'  style=\"\"><p>Telephone: (+34) 954 054 003<br \/>\nEmail: <a href=\"mailto:palmstudios@novelstudent.com\" target=\"_blank\" rel=\"noopener\">palmstudios@novelstudent.com<\/a><\/p>\n<\/div><\/div><div class=\"icon_list_connector\"  style=\"border-color:#333333;\"><\/div><\/li><\/ul><\/div><div class=\"smile_icon_list_wrap ult-adjust-bottom-margin  \"><ul class=\"smile_icon_list left square with_bg\"><li class=\"icon_list_item\" style=\" font-size:72px;\"><div class=\"icon_list_icon\" data-animation=\"\" data-animation-delay=\"03\" style=\"font-size:24px;border-width:1px;border-style:none;background:#ffffff;color:#333333;border-color:#333333;\"><i class=\"Defaults-info-circle\" ><\/i><\/div><div class=\"icon_description\" id=\"Info-list-wrap-5159\"><h3 class=\"ult-responsive\"  data-ultimate-target='#Info-list-wrap-5159 h3'  data-responsive-json-new='{\"font-size\":\"desktop:16px;\",\"line-height\":\"desktop:24px;\"}'  style=\"\">Web:<\/h3><div class=\"icon_description_text ult-responsive\"  data-ultimate-target='#Info-list-wrap-5159 .icon_description_text'  data-responsive-json-new='{\"font-size\":\"desktop:13px;\",\"line-height\":\"desktop:18px;\"}'  style=\"\"><p><a href=\"https:\/\/yugo.com\/es-es\/global\/spain\/sevilla\/palm-studios-\" target=\"_blank\" rel=\"noopener\"><span style=\"color: #3366ff;\">Residencia PALM STUDIOS<\/span><\/a><\/p>\n<\/div><\/div><div class=\"icon_list_connector\"  style=\"border-color:#333333;\"><\/div><\/li><\/ul><\/div><div class=\"smile_icon_list_wrap ult-adjust-bottom-margin  \"><ul class=\"smile_icon_list left square with_bg\"><li class=\"icon_list_item\" style=\" font-size:72px;\"><div class=\"icon_list_icon\" data-animation=\"\" data-animation-delay=\"03\" style=\"font-size:24px;border-width:1px;border-style:none;background:#ffffff;color:#333333;border-color:#333333;\"><i class=\"Defaults-train\" ><\/i><\/div><div class=\"icon_description\" id=\"Info-list-wrap-3943\"><h3 class=\"ult-responsive\"  data-ultimate-target='#Info-list-wrap-3943 h3'  data-responsive-json-new='{\"font-size\":\"desktop:16px;\",\"line-height\":\"desktop:24px;\"}'  style=\"\">Transportation:<\/h3><div class=\"icon_description_text ult-responsive\"  data-ultimate-target='#Info-list-wrap-3943 .icon_description_text'  data-responsive-json-new='{\"font-size\":\"desktop:13px;\",\"line-height\":\"desktop:18px;\"}'  style=\"\"><p><span style=\"color: #3366ff;\"><a style=\"color: #3366ff;\" href=\"https:\/\/www.juntadeandalucia.es\/html\/especiales\/especialmetro-sevilla\/pradosansebastian.html\" target=\"_blank\" rel=\"noopener\">Metro Prado de San Sebasti\u00e1n<\/a><\/span><\/p>\n<\/div><\/div><div class=\"icon_list_connector\"  style=\"border-color:#333333;\"><\/div><\/li><\/ul><\/div>[vc_images_carousel images=&#8221;20104,20106,20108,20110,20112,20114&#8243; img_size=&#8221;medium&#8221; el_class=&#8221;carrusel&#8221;][\/vc_column_inner][vc_column_inner width=&#8221;1\/2&#8243;]<div class=\"ult-content-box-container \" >\t\t<div class=\"ult-content-box\" style=\"background-color:#dd9933;box-shadow: px px px px none;padding-top:10px;padding-bottom:5px;margin-right:50px;margin-left:50px;-webkit-transition: all 700ms ease;-moz-transition: all 700ms ease;-ms-transition: all 700ms ease;-o-transition: all 700ms ease;transition: all 700ms ease;\"  data-hover_box_shadow=\"none\"    data-normal_margins=\"margin-right:50px;margin-left:50px;\"   data-bg=\"#dd9933\" >[vc_custom_heading text=&#8221;Residencia Celestino Mutis (En el Campus)&#8221; font_container=&#8221;tag:h4|text_align:center|color:%23ffffff&#8221; use_theme_fonts=&#8221;yes&#8221;]\t\t<\/div><\/div>[vc_empty_space height=&#8221;20px&#8221;]<div class=\"smile_icon_list_wrap ult-adjust-bottom-margin  \"><ul class=\"smile_icon_list left square with_bg\"><li class=\"icon_list_item\" style=\" font-size:72px;\"><div class=\"icon_list_icon\" data-animation=\"\" data-animation-delay=\"03\" style=\"font-size:24px;border-width:1px;border-style:none;background:#ffffff;color:#333333;border-color:#333333;\"><i class=\"Defaults-location-arrow\" ><\/i><\/div><div class=\"icon_description\" id=\"Info-list-wrap-6350\"><h3 class=\"ult-responsive\"  data-ultimate-target='#Info-list-wrap-6350 h3'  data-responsive-json-new='{\"font-size\":\"desktop:16px;\",\"line-height\":\"desktop:24px;\"}'  style=\"\">Location:<\/h3><div class=\"icon_description_text ult-responsive\"  data-ultimate-target='#Info-list-wrap-6350 .icon_description_text'  data-responsive-json-new='{\"font-size\":\"desktop:13px;\",\"line-height\":\"desktop:18px;\"}'  style=\"\"><p>Edificio Jose\u0301 Celestino Mutis, 15 (Universidad Pablo de Olavide)<br \/>\n41013 Sevilla<\/p>\n<\/div><\/div><div class=\"icon_list_connector\"  style=\"border-color:#333333;\"><\/div><\/li><\/ul><\/div><div class=\"smile_icon_list_wrap ult-adjust-bottom-margin  \"><ul class=\"smile_icon_list left square with_bg\"><li class=\"icon_list_item\" style=\" font-size:72px;\"><div class=\"icon_list_icon\" data-animation=\"\" data-animation-delay=\"03\" style=\"font-size:24px;border-width:1px;border-style:none;background:#ffffff;color:#333333;border-color:#333333;\"><i class=\"Defaults-phone\" ><\/i><\/div><div class=\"icon_description\" id=\"Info-list-wrap-8075\"><h3 class=\"ult-responsive\"  data-ultimate-target='#Info-list-wrap-8075 h3'  data-responsive-json-new='{\"font-size\":\"desktop:16px;\",\"line-height\":\"desktop:24px;\"}'  style=\"\">Contact information:<\/h3><div class=\"icon_description_text ult-responsive\"  data-ultimate-target='#Info-list-wrap-8075 .icon_description_text'  data-responsive-json-new='{\"font-size\":\"desktop:13px;\",\"line-height\":\"desktop:18px;\"}'  style=\"\"><p>Telephone: (+34) 954 29 84 90<\/p>\n<\/div><\/div><div class=\"icon_list_connector\"  style=\"border-color:#333333;\"><\/div><\/li><\/ul><\/div><div class=\"smile_icon_list_wrap ult-adjust-bottom-margin  \"><ul class=\"smile_icon_list left square with_bg\"><li class=\"icon_list_item\" style=\" font-size:72px;\"><div class=\"icon_list_icon\" data-animation=\"\" data-animation-delay=\"03\" style=\"font-size:24px;border-width:1px;border-style:none;background:#ffffff;color:#333333;border-color:#333333;\"><i class=\"Defaults-info-circle\" ><\/i><\/div><div class=\"icon_description\" id=\"Info-list-wrap-6640\"><h3 class=\"ult-responsive\"  data-ultimate-target='#Info-list-wrap-6640 h3'  data-responsive-json-new='{\"font-size\":\"desktop:16px;\",\"line-height\":\"desktop:24px;\"}'  style=\"\">Web:<\/h3><div class=\"icon_description_text ult-responsive\"  data-ultimate-target='#Info-list-wrap-6640 .icon_description_text'  data-responsive-json-new='{\"font-size\":\"desktop:13px;\",\"line-height\":\"desktop:18px;\"}'  style=\"\"><p><span style=\"color: #3366ff;\"><a style=\"color: #3366ff;\" href=\"https:\/\/micampusresidencias.com\/residencias-universitarias-sevilla\/micampus-sevilla-upo\/\" target=\"_blank\" rel=\"noopener\">Residencia Celestino Mutis<\/a><\/span><\/p>\n<\/div><\/div><div class=\"icon_list_connector\"  style=\"border-color:#333333;\"><\/div><\/li><\/ul><\/div><div class=\"smile_icon_list_wrap ult-adjust-bottom-margin  \"><ul class=\"smile_icon_list left square with_bg\"><li class=\"icon_list_item\" style=\" font-size:72px;\"><div class=\"icon_list_icon\" data-animation=\"\" data-animation-delay=\"03\" style=\"font-size:24px;border-width:1px;border-style:none;background:#ffffff;color:#333333;border-color:#333333;\"><i class=\"Defaults-train\" ><\/i><\/div><div class=\"icon_description\" id=\"Info-list-wrap-6078\"><h3 class=\"ult-responsive\"  data-ultimate-target='#Info-list-wrap-6078 h3'  data-responsive-json-new='{\"font-size\":\"desktop:16px;\",\"line-height\":\"desktop:24px;\"}'  style=\"\">Transportation:<\/h3><div class=\"icon_description_text ult-responsive\"  data-ultimate-target='#Info-list-wrap-6078 .icon_description_text'  data-responsive-json-new='{\"font-size\":\"desktop:13px;\",\"line-height\":\"desktop:18px;\"}'  style=\"\"><p><span style=\"color: #3366ff;\"><a style=\"color: #3366ff;\" href=\"https:\/\/www.juntadeandalucia.es\/html\/especiales\/especialmetro-sevilla\/pabloolavide.html\" target=\"_blank\" rel=\"noopener\">Metro Pablo de Olavide<\/a><\/span><\/p>\n<\/div><\/div><div class=\"icon_list_connector\"  style=\"border-color:#333333;\"><\/div><\/li><\/ul><\/div>[vc_images_carousel images=&#8221;20128,20118,20120,20122,20124,20126,20130&#8243; img_size=&#8221;medium&#8221; el_class=&#8221;carrusel&#8221;][\/vc_column_inner][\/vc_row_inner]<\/div><\/section><section id=\"section-1712309043919-3-2\" class=\"tab\" data-animation=\"\" style=\"background:; color:;\"><div class=\"infi-content-wrapper\">[vc_row_inner][vc_column_inner][vc_empty_space][vc_column_text]El Centro Universitario Internacional no organiza ning\u00fan alojamiento en apartamentos compartidos. El precio general de una habitaci\u00f3n en un apartamento compartido en una buena zona rondar\u00e1 los 300-400 euros (por mes). Te aconsejamos vivir cerca de una estaci\u00f3n de metro ya que la UPO y la ciudad est\u00e1n conectadas mediante una l\u00ednea de metro. Las mejores zonas son:<\/p>\n<ul>\n<li>Triana \/ Los Remedios<\/li>\n<li>Nervi\u00f3n<\/li>\n<li>Centro de la ciudad<\/li>\n<\/ul>\n<p>[\/vc_column_text][vc_single_image image=&#8221;4149&#8243; img_size=&#8221;large&#8221; add_caption=&#8221;yes&#8221; alignment=&#8221;center&#8221; onclick=&#8221;img_link_large&#8221; title=&#8221;Descargar mapa de zonas&#8221;][\/vc_column_inner][\/vc_row_inner]<\/div><\/section>\n\t\t\t<\/div> <!-- \/et-content-wrap -->\n\t\t\t<\/div> <!-- \/et-tabs -->\n\t\t\t<\/section>[\/vc_column][\/vc_row][vc_row][vc_column offset=&#8221;vc_hidden-lg vc_hidden-md vc_hidden-sm vc_hidden-xs&#8221;]<section class=\"elegant-tabs-container\">\n\t\t\t<div class=\"et-tabs et-horizontal justified-tabs et-inherit-desktop et-tabs-style-iconbox tab-class-3934990158 et-align-center\"\n\t\t\tdata-tab_style=\"iconbox\"\n\t\t\tdata-active-bg=\"#003671\"\n\t\t\tdata-active-text=\"\"\n\t\t\tdata-hover-bg=\"\"\n\t\t\tdata-hover-text=\"\"\n\t\t\tdata-active-tab=\"0\"\n\t\t\tdata-auto-switch-tab=\"no\"\n\t\t\tdata-switch-interval=\"5\"  data-show-hide=\"true\" >\n\t\t\t<nav class=\"elegant-tabs-nav\" style=\"\">\n\t\t\t<ul class=\"elegant-tabs-list-container\" style=\"color:#003671;\">\n\t\t\t<li style=\"background:#c2e4fc;\" ><a class=\"et-anchor-tag\" style=\"--border-color:#c2e4fc;\" href=\"#\" target=\"\" data-href=\"#section-1712308110935-4-7\"><img alt=\"\" class=\"elegant-tabs-image-icon\" data-hover-src=\"https:\/\/www.upo.es\/intl\/wp-content\/uploads\/2024\/04\/icono_Familia.png\" data-original-src=\"https:\/\/www.upo.es\/intl\/wp-content\/uploads\/2024\/04\/icono_Familia.png\" src=\"https:\/\/www.upo.es\/intl\/wp-content\/uploads\/2024\/04\/icono_Familia.png\" style=\"width: 32px;height: 32px\" \/><span style=\"\" class=\"et-tab-title has-icon\">FAMILIAS ANFITRIONAS<\/span><\/a><\/li><li style=\"background:#c2e4fc;\" ><a class=\"et-anchor-tag\" style=\"--border-color:#c2e4fc;\" href=\"#\" target=\"\" data-href=\"#section-1712308257430-5-8\"><img alt=\"\" class=\"elegant-tabs-image-icon\" data-hover-src=\"https:\/\/www.upo.es\/intl\/wp-content\/uploads\/2024\/04\/icono_resi.png\" data-original-src=\"https:\/\/www.upo.es\/intl\/wp-content\/uploads\/2024\/04\/icono_resi.png\" src=\"https:\/\/www.upo.es\/intl\/wp-content\/uploads\/2024\/04\/icono_resi.png\" style=\"width: 32px;height: 32px\" \/><span style=\"\" class=\"et-tab-title has-icon\">RESIDENCIAS UNIVERSITARIAS<\/span><\/a><\/li><li style=\"background:#c2e4fc;\" ><a class=\"et-anchor-tag\" style=\"--border-color:#c2e4fc;\" href=\"#\" target=\"\" data-href=\"#section-1712309043919-3-2\"><img alt=\"\" class=\"elegant-tabs-image-icon\" data-hover-src=\"https:\/\/www.upo.es\/intl\/wp-content\/uploads\/2024\/04\/icono_shared_flat.png\" data-original-src=\"https:\/\/www.upo.es\/intl\/wp-content\/uploads\/2024\/04\/icono_shared_flat.png\" src=\"https:\/\/www.upo.es\/intl\/wp-content\/uploads\/2024\/04\/icono_shared_flat.png\" style=\"width: 32px;height: 32px\" \/><span style=\"\" class=\"et-tab-title has-icon\">PISO COMPARTIDO<\/span><\/a><\/li>\n\t\t\t<\/ul>\n\t\t\t<\/nav>\n\t\t\t<div class=\"et-content-wrap\">\n\t\t\t<section id=\"section-1712308110935-4-7\" class=\"tab\" data-animation=\"\" style=\"background:; color:;\"><div class=\"infi-content-wrapper\">[vc_row_inner][vc_column_inner][vc_empty_space][vc_column_text]<\/p>\n<h3 id=\"familia\" style=\"text-align: center;\"><strong>FAMILIAS ANFITRIONAS<\/strong><\/h3>\n<p>[\/vc_column_text][vc_column_text]El Centro Universitario Internacional ofrece alojamiento en una familia espa\u00f1ola en r\u00e9gimen de pensi\u00f3n completa ya que la vida con una familia espa\u00f1ola es la mejor forma de conocer y aprender la cultura y las tradiciones de un pa\u00eds, as\u00ed como mejorar y practicar la lengua.<br \/>\nTodas nuestras familias han sido cuidadosamente seleccionadas y har\u00e1n lo posible por hacerte sentir como en casa e intentar que disfrut\u00e9is de vuestra estancia.<br \/>\nEn caso que seas vegetariano, al\u00e9rgico a las mascotas o tengas alg\u00fan tipo de requerimiento especial, es importante que nos lo digas de antemano y haremos todo lo posible por satisfacer tus necesidades.<\/p>\n<h3><b>\u00bfC\u00f3mo es la familia?<\/b><\/h3>\n<p>La familia puede ser un matrimonio con o sin hijos, o una se\u00f1ora con o sin hijos. Lo m\u00e1s importante es que haya un ambiente familiar, y que as\u00ed puedas experimentar c\u00f3mo es la vida diaria de nuestro pa\u00eds. Algunas familias tienen otros estudiantes, nativos o extranjeros, pero s\u00f3lo se habla espa\u00f1ol en la casa. De este modo puede hacerse amigo f\u00e1cilmente de los dem\u00e1s estudiantes.<\/p>\n<h3><b>Habitaci\u00f3n<br \/>\n<\/b><\/h3>\n<p>El estudiante puede elegir\u00a0 entre una habitaci\u00f3n individual o una doble para compartir con otro estudiante. Nosotros siempre intentamos respetar las elecciones pero todo depender\u00e1 de la disponibilidad.*<\/p>\n<p>Debido a la pandemia, todos los estudiantes ser\u00e1n alojados en habitaciones individuales con ba\u00f1os privados durante el semestre de oto\u00f1o de 2020.<\/p>\n<h3><b>S\u00e1banas y lavado de ropa<\/b><\/h3>\n<p>La familia anfitriona te proporcionar\u00e1 s\u00e1banas y toallas, as\u00ed que s\u00f3lo debes traerte los objetos de uso personal. En el precio del alojamiento est\u00e1 incluido el lavado de ropa de cantidades normales. La familia lava la ropa, como m\u00ednimo, una vez por semana. Debes preguntar el primer d\u00eda d\u00f3nde puedes dejar la ropa sucia, normalmente en una bolsa o una cesta que hay en la habitaci\u00f3n del estudiante.[\/vc_column_text]<div class=\"smile_icon_list_wrap ult-adjust-bottom-margin  \"><ul class=\"smile_icon_list left square with_bg\"><\/ul><\/div>[\/vc_column_inner][\/vc_row_inner][vc_row_inner][vc_column_inner width=&#8221;1\/2&#8243;]<div class=\"smile_icon_list_wrap ult-adjust-bottom-margin  \"><ul class=\"smile_icon_list left square with_bg\"><li class=\"icon_list_item\" style=\" font-size:72px;\"><div class=\"icon_list_icon\" data-animation=\"swing\" data-animation-delay=\"03\" style=\"font-size:24px;border-width:1px;border-style:none;background:#ffffff;color:#333333;border-color:#333333;\"><img class=\"list-img-icon\" alt=\"null\" src=\"https:\/\/www.upo.es\/intl\/wp-content\/uploads\/2016\/06\/Calendar-1.png\"\/><\/div><div class=\"icon_description\" id=\"Info-list-wrap-6564\"><h3 class=\"ult-responsive\"  data-ultimate-target='#Info-list-wrap-6564 h3'  data-responsive-json-new='{\"font-size\":\"desktop:20px;\",\"line-height\":\"desktop:40px;\"}'  style=\"\">FECHAS Y PRECIOS<\/h3><div class=\"icon_description_text ult-responsive\"  data-ultimate-target='#Info-list-wrap-6564 .icon_description_text'  data-responsive-json-new='{\"font-size\":\"desktop:13px;\",\"line-height\":\"desktop:30px;\"}'  style=\"\"><p><u>Programa de Estudios Multidisciplinares:<\/u><\/p>\n<ul>\n<li><strong>Oto\u00f1o de 2024: <\/strong>3.145 euros.<br \/>\nD\u00eda Extra: 36,40\u20ac<br \/>\n7 de septiembre &#8211; 19 de diciembre, 2024.<br \/>\nFecha l\u00edmite de pago dep\u00f3sito: 10 de junio<br \/>\nFecha l\u00edmite de pago completo: 22 de julio<\/li>\n<li><strong>Primavera de 2025: <\/strong>3.540 euros.<br \/>\nD\u00eda Extra: 37,00\u20ac<br \/>\n25 de enero &#8211; 22 de mayo, 2025.<br \/>\nFecha l\u00edmite de pago dep\u00f3sito: 7 de noviembre, 2024<br \/>\nFecha l\u00edmite de pago completo: 9 de enero, 2025<\/li>\n<li><strong>Otros precios alojamiento 2024:<\/strong><br \/>\nD\u00eda: 36,40\u20ac<br \/>\nSemana: 243\u20ac<br \/>\n2 semanas: 470\u20ac<br \/>\nMes: 880\u20ac<\/li>\n<\/ul>\n<ul>\n<li style=\"list-style-type: none;\"><\/li>\n<\/ul>\n<\/div><\/div><div class=\"icon_list_connector\"  style=\"border-color:#333333;\"><\/div><\/li><\/ul><\/div>[\/vc_column_inner][vc_column_inner width=&#8221;1\/2&#8243;]<div class=\"smile_icon_list_wrap ult-adjust-bottom-margin  \"><ul class=\"smile_icon_list left square with_bg\"><li class=\"icon_list_item\" style=\" font-size:72px;\"><div class=\"icon_list_icon\" data-animation=\"swing\" data-animation-delay=\"03\" style=\"font-size:24px;border-width:1px;border-style:none;background:#ffffff;color:#333333;border-color:#333333;\"><img class=\"list-img-icon\" alt=\"null\" src=\"https:\/\/www.upo.es\/intl\/wp-content\/uploads\/2016\/06\/Calendar-1.png\"\/><\/div><div class=\"icon_description\" id=\"Info-list-wrap-2160\"><h3 class=\"ult-responsive\"  data-ultimate-target='#Info-list-wrap-2160 h3'  data-responsive-json-new='{\"font-size\":\"desktop:20px;\",\"line-height\":\"desktop:40px;\"}'  style=\"\">FECHAS Y PRECIOS<\/h3><div class=\"icon_description_text ult-responsive\"  data-ultimate-target='#Info-list-wrap-2160 .icon_description_text'  data-responsive-json-new='{\"font-size\":\"desktop:13px;\",\"line-height\":\"desktop:30px;\"}'  style=\"\"><p><u>Programa de Integraci\u00f3n Universitaria (PIU):<\/u><\/p>\n<ul>\n<li><strong>Oto\u00f1o de 2024<\/strong>: 880\u20ac (al mes)<\/li>\n<li><strong>Primavera de 2025<\/strong>: 894\u20ac (al mes)<\/li>\n<\/ul>\n<p><u>Programa intensivo septiembre de 2024:<\/u><\/p>\n<ul>\n<li>243\u20ac (1 semana)<\/li>\n<\/ul>\n<p><u>Programa intensivo enero de 2025:<\/u><\/p>\n<ul>\n<li>478\u20ac (2 semanas)<\/li>\n<\/ul>\n<ul>\n<li style=\"list-style-type: none;\"><\/li>\n<\/ul>\n<\/div><\/div><div class=\"icon_list_connector\"  style=\"border-color:#333333;\"><\/div><\/li><\/ul><\/div>[\/vc_column_inner][\/vc_row_inner][vc_row_inner][vc_column_inner][vc_empty_space][vc_btn title=&#8221;Cuestionario Alojamiento en Familia&#8221; color=&#8221;primary&#8221; align=&#8221;center&#8221; i_icon_fontawesome=&#8221;fas fa-home&#8221; add_icon=&#8221;true&#8221; link=&#8221;url:https%3A%2F%2Fwww.upo.es%2Fintl%2Fwp-content%2Fuploads%2F2017%2F03%2Fformulario_alojamiento_familia.pdf||target:%20_blank|&#8221;][vc_column_text]<\/p>\n<h4><strong>Opiniones de antiguos estudiantes:<\/strong><\/h4>\n<p>[\/vc_column_text][\/vc_column_inner][\/vc_row_inner][vc_row_inner][vc_column_inner el_class=&#8221;carrusel2&#8243;]<div id=\"ult-carousel-16213359769f5a281820c6\" class=\"ult-carousel-wrapper   ult_horizontal\" data-gutter=\"15\" data-rtl=\"false\" ><div class=\"ult-carousel-28044970469f5a28181ffa \" >[vc_column_text]<em>\u00a1Mar\u00eda Jos\u00e9 fue una madre anfitriona incre\u00edble! Su hijo es un chef fenomenal que me abri\u00f3 los ojos a la cocina tradicional espa\u00f1ola, y todos los d\u00edas, durante dos comidas, nos sent\u00e1bamos a tener un almuerzo y una cena como es debido. Estas comidas fueron lo mejor para mejorar mi espa\u00f1ol durante mi semestre en el extranjero.<\/em>[\/vc_column_text][vc_column_text]<em>Son la mejor familia anfitriona que existe, me hacen sentir como parte de la familia.<\/em>[\/vc_column_text][vc_column_text]<em>Me encanta, es la mejor persona para acoger a alguien. Te har\u00e1 sentir en casa y te querr\u00e1 como a su propia familia.<\/em>[\/vc_column_text][vc_column_text]<em>Mi familia anfitriona fue m\u00e1s que generosa conmigo durante toda mi experiencia. Realmente intentaron hacer mi estancia en Espa\u00f1a agradable y por eso estoy muy agradecida<\/em>[\/vc_column_text][vc_column_text]<em>\u00a1Me encant\u00f3 mi familia anfitriona! Desde el primer d\u00eda, siempre han sido s\u00faper amables y complacientes conmigo. Los ni\u00f1os son realmente amables, los padres son muy comprensivos, realmente tuve suerte con una familia fant\u00e1stica.<\/em>[\/vc_column_text][vc_column_text]<em>\u00a1Tuve un gran semestre en la casa de Mar\u00eda! Me inscrib\u00ed diciendo que estar\u00eda bien con cualquier cosa y llegu\u00e9 sin expectativas. Al final, tuve la mejor estancia en casa de familia de todas las personas con las que habl\u00e9. Mar\u00eda y su familia son muy pacientes y tienen un gran sentido del humor. Las comidas siempre fueron interesantes y llenas de risas.<\/em>[\/vc_column_text][vc_column_text]<em>La ubicaci\u00f3n es un lugar privilegiado en Sevilla y est\u00e1bamos a poca distancia de la Feria y la Semana Santa. Realmente siento que cre\u00e9 un v\u00ednculo con mi familia anfitriona\/compa\u00f1eros de habitaci\u00f3n a lo largo del semestre.<\/em>[\/vc_column_text][vc_column_text]<em> S\u00e9 que si alguna vez vuelvo a viajar por Espa\u00f1a en el futuro, \u00a1tendr\u00e9 un lugar donde quedarme! Echar\u00e9 mucho de menos a los amigos que hice y a las personas que conoc\u00ed a trav\u00e9s de mi estancia en esta familia y espero que nos mantengamos en contacto. Esto no podr\u00eda haber sido una mejor experiencia para m\u00ed.<\/em>[\/vc_column_text][vc_column_text]<em>Una familia Incre\u00edble, encantadora y dulce. Me siento muy afortunado de haber podido vivir con esta familia; fueron extremadamente acogedores, hospitalarios, amables y me proporcionaron todo lo que necesitaba y m\u00e1s.<\/em>[\/vc_column_text]<\/div><\/div>            <script type=\"text\/javascript\">\n\t\t\t\tjQuery(document).ready(function($){\n               \t\t$('.ult-carousel-28044970469f5a28181ffa').slick({dots: true,autoplay: true,autoplaySpeed: 8000,speed: 500,infinite: true,arrows: false,slidesToScroll:4,slidesToShow:4,swipe: true,draggable: true,touchMove: true,responsive: [\n\t\t\t\t\t\t\t{\n\t\t\t\t\t\t\t  breakpoint: 1025,\n\t\t\t\t\t\t\t  settings: {\n\t\t\t\t\t\t\t\tslidesToShow: 4,\n\t\t\t\t\t\t\t\tslidesToScroll: 4,  \n\t\t\t\t\t\t\t  }\n\t\t\t\t\t\t\t},\n\t\t\t\t\t\t\t{\n\t\t\t\t\t\t\t  breakpoint: 769,\n\t\t\t\t\t\t\t  settings: {\n\t\t\t\t\t\t\t\tslidesToShow: 3,\n\t\t\t\t\t\t\t\tslidesToScroll: 3\n\t\t\t\t\t\t\t  }\n\t\t\t\t\t\t\t},\n\t\t\t\t\t\t\t{\n\t\t\t\t\t\t\t  breakpoint: 481,\n\t\t\t\t\t\t\t  settings: {\n\t\t\t\t\t\t\t\tslidesToShow: 2,\n\t\t\t\t\t\t\t\tslidesToScroll: 2\n\t\t\t\t\t\t\t  }\n\t\t\t\t\t\t\t}\n\t\t\t\t\t\t],pauseOnHover: true,\n\t\t\t\t\t\tpauseOnDotsHover: true,customPaging: function(slider, i) {\n                   return '<i type=\"button\" style=\"color:#333333;\" class=\"ultsl-record\" data-role=\"none\"><\/i>';\n                },});\n\t\t\t\t});\n\t\t\t<\/script>\n            [\/vc_column_inner][\/vc_row_inner]<\/div><\/section><section id=\"section-1712308257430-5-8\" class=\"tab\" data-animation=\"\" style=\"background:; color:;\"><div class=\"infi-content-wrapper\">[vc_empty_space][vc_column_text]<\/p>\n<h3 id=\"residencia\" style=\"text-align: center;\"><strong>RESIDENCIAS<\/strong><\/h3>\n<p>[\/vc_column_text][vc_row_inner][vc_column_inner width=&#8221;1\/2&#8243;]<div class=\"ult-content-box-container \" >\t\t<div class=\"ult-content-box\" style=\"background-color:#dd9933;box-shadow: px px px px none;padding-top:10px;padding-right:0px;padding-bottom:5px;padding-left:0px;margin-top:0px;margin-right:50px;margin-bottom:0px;margin-left:50px;-webkit-transition: all 700ms ease;-moz-transition: all 700ms ease;-ms-transition: all 700ms ease;-o-transition: all 700ms ease;transition: all 700ms ease;\"  data-hover_box_shadow=\"none\"    data-normal_margins=\"margin-top:0px;margin-right:50px;margin-bottom:0px;margin-left:50px;\"   data-bg=\"#dd9933\" >[vc_custom_heading text=&#8221;Residencia NIDO&#8221; font_container=&#8221;tag:h4|text_align:center|color:%23ffffff&#8221; use_theme_fonts=&#8221;yes&#8221;]\t\t<\/div><\/div>[vc_empty_space height=&#8221;20px&#8221;]<div class=\"smile_icon_list_wrap ult-adjust-bottom-margin  \"><ul class=\"smile_icon_list left square with_bg\"><li class=\"icon_list_item\" style=\" font-size:72px;\"><div class=\"icon_list_icon\" data-animation=\"\" data-animation-delay=\"03\" style=\"font-size:24px;border-width:1px;border-style:none;background:#ffffff;color:#333333;border-color:#333333;\"><i class=\"Defaults-location-arrow\" ><\/i><\/div><div class=\"icon_description\" id=\"Info-list-wrap-8925\"><h3 class=\"ult-responsive\"  data-ultimate-target='#Info-list-wrap-8925 h3'  data-responsive-json-new='{\"font-size\":\"desktop:16px;\",\"line-height\":\"desktop:24px;\"}'  style=\"\">Location:<\/h3><div class=\"icon_description_text ult-responsive\"  data-ultimate-target='#Info-list-wrap-8925 .icon_description_text'  data-responsive-json-new='{\"font-size\":\"desktop:13px;\",\"line-height\":\"desktop:18px;\"}'  style=\"\"><p>Calle Pl\u00e1cido Fern\u00e1ndez Viagas, 6<\/p>\n<\/div><\/div><div class=\"icon_list_connector\"  style=\"border-color:#333333;\"><\/div><\/li><\/ul><\/div><div class=\"smile_icon_list_wrap ult-adjust-bottom-margin  \"><ul class=\"smile_icon_list left square with_bg\"><li class=\"icon_list_item\" style=\" font-size:72px;\"><div class=\"icon_list_icon\" data-animation=\"\" data-animation-delay=\"03\" style=\"font-size:24px;border-width:1px;border-style:none;background:#ffffff;color:#333333;border-color:#333333;\"><i class=\"Defaults-phone\" ><\/i><\/div><div class=\"icon_description\" id=\"Info-list-wrap-7606\"><h3 class=\"ult-responsive\"  data-ultimate-target='#Info-list-wrap-7606 h3'  data-responsive-json-new='{\"font-size\":\"desktop:16px;\",\"line-height\":\"desktop:24px;\"}'  style=\"\">Contact information:<\/h3><div class=\"icon_description_text ult-responsive\"  data-ultimate-target='#Info-list-wrap-7606 .icon_description_text'  data-responsive-json-new='{\"font-size\":\"desktop:13px;\",\"line-height\":\"desktop:18px;\"}'  style=\"\"><p>telephone: (+34) 854 718 955<br \/>\nemail: <a href=\"mailto:nidoelporvenir@nidoliving.com\" target=\"_blank\" rel=\"noopener\">nidoelporvenir@nidoliving.com<\/a><\/p>\n<\/div><\/div><div class=\"icon_list_connector\"  style=\"border-color:#333333;\"><\/div><\/li><\/ul><\/div><div class=\"smile_icon_list_wrap ult-adjust-bottom-margin  \"><ul class=\"smile_icon_list left square with_bg\"><li class=\"icon_list_item\" style=\" font-size:72px;\"><div class=\"icon_list_icon\" data-animation=\"\" data-animation-delay=\"03\" style=\"font-size:24px;border-width:1px;border-style:none;background:#ffffff;color:#333333;border-color:#333333;\"><i class=\"Defaults-info-circle\" ><\/i><\/div><div class=\"icon_description\" id=\"Info-list-wrap-1402\"><h3 class=\"ult-responsive\"  data-ultimate-target='#Info-list-wrap-1402 h3'  data-responsive-json-new='{\"font-size\":\"desktop:16px;\",\"line-height\":\"desktop:24px;\"}'  style=\"\">Web:<\/h3><div class=\"icon_description_text ult-responsive\"  data-ultimate-target='#Info-list-wrap-1402 .icon_description_text'  data-responsive-json-new='{\"font-size\":\"desktop:13px;\",\"line-height\":\"desktop:18px;\"}'  style=\"\"><p><span style=\"color: #3366ff;\"><a style=\"color: #3366ff;\" href=\"https:\/\/www.nidoliving.com\/en\/spain\/seville\/nido-el-porvenir\/\" target=\"_blank\" rel=\"noopener\">https:\/\/www.nidoliving.com\/en\/spain\/seville\/nido-el-porvenir\/<\/a><\/span><\/p>\n<\/div><\/div><div class=\"icon_list_connector\"  style=\"border-color:#333333;\"><\/div><\/li><\/ul><\/div><div class=\"smile_icon_list_wrap ult-adjust-bottom-margin  \"><ul class=\"smile_icon_list left square with_bg\"><li class=\"icon_list_item\" style=\" font-size:72px;\"><div class=\"icon_list_icon\" data-animation=\"\" data-animation-delay=\"03\" style=\"font-size:24px;border-width:1px;border-style:none;background:#ffffff;color:#333333;border-color:#333333;\"><i class=\"Defaults-train\" ><\/i><\/div><div class=\"icon_description\" id=\"Info-list-wrap-7437\"><h3 class=\"ult-responsive\"  data-ultimate-target='#Info-list-wrap-7437 h3'  data-responsive-json-new='{\"font-size\":\"desktop:16px;\",\"line-height\":\"desktop:24px;\"}'  style=\"\">Transportation:<\/h3><div class=\"icon_description_text ult-responsive\"  data-ultimate-target='#Info-list-wrap-7437 .icon_description_text'  data-responsive-json-new='{\"font-size\":\"desktop:13px;\",\"line-height\":\"desktop:18px;\"}'  style=\"\"><p><span style=\"color: #3366ff;\"><a style=\"color: #3366ff;\" href=\"https:\/\/www.juntadeandalucia.es\/html\/especiales\/especialmetro-sevilla\/sanbernardo.html\" target=\"_blank\" rel=\"noopener\">Metro San Bernardo<\/a><\/span><\/p>\n<\/div><\/div><div class=\"icon_list_connector\"  style=\"border-color:#333333;\"><\/div><\/li><\/ul><\/div>[vc_images_carousel images=&#8221;20057,20059,20061,20065,20055,20063&#8243; img_size=&#8221;medium&#8221; el_class=&#8221;carrusel&#8221;][\/vc_column_inner][vc_column_inner width=&#8221;1\/2&#8243;]<div class=\"ult-content-box-container \" >\t\t<div class=\"ult-content-box\" style=\"background-color:#dd9933;box-shadow: px px px px none;padding-top:10px;padding-bottom:5px;margin-right:50px;margin-left:50px;-webkit-transition: all 700ms ease;-moz-transition: all 700ms ease;-ms-transition: all 700ms ease;-o-transition: all 700ms ease;transition: all 700ms ease;\"  data-hover_box_shadow=\"none\"    data-normal_margins=\"margin-right:50px;margin-left:50px;\"   data-bg=\"#dd9933\" >[vc_custom_heading text=&#8221;Residencia NODIS&#8221; font_container=&#8221;tag:h4|text_align:center|color:%23ffffff&#8221; use_theme_fonts=&#8221;yes&#8221;]\t\t<\/div><\/div>[vc_empty_space height=&#8221;20px&#8221;]<div class=\"smile_icon_list_wrap ult-adjust-bottom-margin  \"><ul class=\"smile_icon_list left square with_bg\"><li class=\"icon_list_item\" style=\" font-size:72px;\"><div class=\"icon_list_icon\" data-animation=\"\" data-animation-delay=\"03\" style=\"font-size:24px;border-width:1px;border-style:none;background:#ffffff;color:#333333;border-color:#333333;\"><i class=\"Defaults-location-arrow\" ><\/i><\/div><div class=\"icon_description\" id=\"Info-list-wrap-4736\"><h3 class=\"ult-responsive\"  data-ultimate-target='#Info-list-wrap-4736 h3'  data-responsive-json-new='{\"font-size\":\"desktop:16px;\",\"line-height\":\"desktop:24px;\"}'  style=\"\">Location:<\/h3><div class=\"icon_description_text ult-responsive\"  data-ultimate-target='#Info-list-wrap-4736 .icon_description_text'  data-responsive-json-new='{\"font-size\":\"desktop:13px;\",\"line-height\":\"desktop:18px;\"}'  style=\"\"><p>Avenida de Ram\u00f3n Carande, 6<\/p>\n<\/div><\/div><div class=\"icon_list_connector\"  style=\"border-color:#333333;\"><\/div><\/li><\/ul><\/div><div class=\"smile_icon_list_wrap ult-adjust-bottom-margin  \"><ul class=\"smile_icon_list left square with_bg\"><li class=\"icon_list_item\" style=\" font-size:72px;\"><div class=\"icon_list_icon\" data-animation=\"\" data-animation-delay=\"03\" style=\"font-size:24px;border-width:1px;border-style:none;background:#ffffff;color:#333333;border-color:#333333;\"><i class=\"Defaults-phone\" ><\/i><\/div><div class=\"icon_description\" id=\"Info-list-wrap-3861\"><h3 class=\"ult-responsive\"  data-ultimate-target='#Info-list-wrap-3861 h3'  data-responsive-json-new='{\"font-size\":\"desktop:16px;\",\"line-height\":\"desktop:24px;\"}'  style=\"\">Contact information:<\/h3><div class=\"icon_description_text ult-responsive\"  data-ultimate-target='#Info-list-wrap-3861 .icon_description_text'  data-responsive-json-new='{\"font-size\":\"desktop:13px;\",\"line-height\":\"desktop:18px;\"}'  style=\"\"><p>Telephone: (34) 680 594 811<br \/>\nEmail: <a href=\"mailto:comercial@nodis.es\" target=\"_blank\" rel=\"noopener\">comercial@nodis.es<\/a><\/p>\n<\/div><\/div><div class=\"icon_list_connector\"  style=\"border-color:#333333;\"><\/div><\/li><\/ul><\/div><div class=\"smile_icon_list_wrap ult-adjust-bottom-margin  \"><ul class=\"smile_icon_list left square with_bg\"><li class=\"icon_list_item\" style=\" font-size:72px;\"><div class=\"icon_list_icon\" data-animation=\"\" data-animation-delay=\"03\" style=\"font-size:24px;border-width:1px;border-style:none;background:#ffffff;color:#333333;border-color:#333333;\"><i class=\"Defaults-info-circle\" ><\/i><\/div><div class=\"icon_description\" id=\"Info-list-wrap-9630\"><h3 class=\"ult-responsive\"  data-ultimate-target='#Info-list-wrap-9630 h3'  data-responsive-json-new='{\"font-size\":\"desktop:16px;\",\"line-height\":\"desktop:24px;\"}'  style=\"\">Web:<\/h3><div class=\"icon_description_text ult-responsive\"  data-ultimate-target='#Info-list-wrap-9630 .icon_description_text'  data-responsive-json-new='{\"font-size\":\"desktop:13px;\",\"line-height\":\"desktop:18px;\"}'  style=\"\"><p><span style=\"color: #3366ff;\"><a style=\"color: #3366ff;\" href=\"https:\/\/nodis.es\/residencia\/nodis-sevilla-residencia-de-estudiantes-alojamiento-universitario\/\" target=\"_blank\" rel=\"noopener\">Residencia NODIS<\/a><\/span><\/p>\n<\/div><\/div><div class=\"icon_list_connector\"  style=\"border-color:#333333;\"><\/div><\/li><\/ul><\/div><div class=\"smile_icon_list_wrap ult-adjust-bottom-margin  \"><ul class=\"smile_icon_list left square with_bg\"><li class=\"icon_list_item\" style=\" font-size:72px;\"><div class=\"icon_list_icon\" data-animation=\"\" data-animation-delay=\"03\" style=\"font-size:24px;border-width:1px;border-style:none;background:#ffffff;color:#333333;border-color:#333333;\"><i class=\"Defaults-train\" ><\/i><\/div><div class=\"icon_description\" id=\"Info-list-wrap-3368\"><h3 class=\"ult-responsive\"  data-ultimate-target='#Info-list-wrap-3368 h3'  data-responsive-json-new='{\"font-size\":\"desktop:16px;\",\"line-height\":\"desktop:24px;\"}'  style=\"\">Transportation:<\/h3><div class=\"icon_description_text ult-responsive\"  data-ultimate-target='#Info-list-wrap-3368 .icon_description_text'  data-responsive-json-new='{\"font-size\":\"desktop:13px;\",\"line-height\":\"desktop:18px;\"}'  style=\"\"><p><span style=\"color: #3366ff;\"><a style=\"color: #3366ff;\" href=\"https:\/\/www.juntadeandalucia.es\/html\/especiales\/especialmetro-sevilla\/sanbernardo.html\" target=\"_blank\" rel=\"noopener\">Metro San Bernardo<\/a><\/span><\/p>\n<\/div><\/div><div class=\"icon_list_connector\"  style=\"border-color:#333333;\"><\/div><\/li><\/ul><\/div>[vc_images_carousel images=&#8221;20075,20073,20071,20069&#8243; img_size=&#8221;medium&#8221; el_class=&#8221;carrusel&#8221;][\/vc_column_inner][\/vc_row_inner][vc_row_inner][vc_column_inner width=&#8221;1\/2&#8243;]<div class=\"ult-content-box-container \" >\t\t<div class=\"ult-content-box\" style=\"background-color:#dd9933;box-shadow: px px px px none;padding-top:10px;padding-bottom:5px;margin-right:50px;margin-left:50px;-webkit-transition: all 700ms ease;-moz-transition: all 700ms ease;-ms-transition: all 700ms ease;-o-transition: all 700ms ease;transition: all 700ms ease;\"  data-hover_box_shadow=\"none\"    data-normal_margins=\"margin-right:50px;margin-left:50px;\"   data-bg=\"#dd9933\" >[vc_custom_heading text=&#8221;Residencia LIVENSA LIVING&#8221; font_container=&#8221;tag:h4|text_align:center|color:%23ffffff&#8221; use_theme_fonts=&#8221;yes&#8221;]\t\t<\/div><\/div>[vc_empty_space height=&#8221;20px&#8221;]<div class=\"smile_icon_list_wrap ult-adjust-bottom-margin  \"><ul class=\"smile_icon_list left square with_bg\"><li class=\"icon_list_item\" style=\" font-size:72px;\"><div class=\"icon_list_icon\" data-animation=\"\" data-animation-delay=\"03\" style=\"font-size:24px;border-width:1px;border-style:none;background:#ffffff;color:#333333;border-color:#333333;\"><i class=\"Defaults-phone\" ><\/i><\/div><div class=\"icon_description\" id=\"Info-list-wrap-7627\"><h3 class=\"ult-responsive\"  data-ultimate-target='#Info-list-wrap-7627 h3'  data-responsive-json-new='{\"font-size\":\"desktop:16px;\",\"line-height\":\"desktop:24px;\"}'  style=\"\">Location:<\/h3><div class=\"icon_description_text ult-responsive\"  data-ultimate-target='#Info-list-wrap-7627 .icon_description_text'  data-responsive-json-new='{\"font-size\":\"desktop:13px;\",\"line-height\":\"desktop:18px;\"}'  style=\"\"><p>Calle Antonio Maura Montaner, 6. 41013. Sevilla<\/p>\n<\/div><\/div><div class=\"icon_list_connector\"  style=\"border-color:#333333;\"><\/div><\/li><\/ul><\/div><div class=\"smile_icon_list_wrap ult-adjust-bottom-margin  \"><ul class=\"smile_icon_list left square with_bg\"><li class=\"icon_list_item\" style=\" font-size:72px;\"><div class=\"icon_list_icon\" data-animation=\"\" data-animation-delay=\"03\" style=\"font-size:24px;border-width:1px;border-style:none;background:#ffffff;color:#333333;border-color:#333333;\"><i class=\"Defaults-phone\" ><\/i><\/div><div class=\"icon_description\" id=\"Info-list-wrap-9717\"><h3 class=\"ult-responsive\"  data-ultimate-target='#Info-list-wrap-9717 h3'  data-responsive-json-new='{\"font-size\":\"desktop:16px;\",\"line-height\":\"desktop:24px;\"}'  style=\"\">Contact information:<\/h3><div class=\"icon_description_text ult-responsive\"  data-ultimate-target='#Info-list-wrap-9717 .icon_description_text'  data-responsive-json-new='{\"font-size\":\"desktop:13px;\",\"line-height\":\"desktop:18px;\"}'  style=\"\"><p>Telephone: (+34) 913 103 032<br \/>\nEmail: <a href=\"mailto:living@livensaliving.com\" target=\"_blank\" rel=\"noopener\">living@livensaliving.com<\/a><\/p>\n<\/div><\/div><div class=\"icon_list_connector\"  style=\"border-color:#333333;\"><\/div><\/li><\/ul><\/div><div class=\"smile_icon_list_wrap ult-adjust-bottom-margin  \"><ul class=\"smile_icon_list left square with_bg\"><li class=\"icon_list_item\" style=\" font-size:72px;\"><div class=\"icon_list_icon\" data-animation=\"\" data-animation-delay=\"03\" style=\"font-size:24px;border-width:1px;border-style:none;background:#ffffff;color:#333333;border-color:#333333;\"><i class=\"Defaults-info-circle\" ><\/i><\/div><div class=\"icon_description\" id=\"Info-list-wrap-7854\"><h3 class=\"ult-responsive\"  data-ultimate-target='#Info-list-wrap-7854 h3'  data-responsive-json-new='{\"font-size\":\"desktop:16px;\",\"line-height\":\"desktop:24px;\"}'  style=\"\">Web:<\/h3><div class=\"icon_description_text ult-responsive\"  data-ultimate-target='#Info-list-wrap-7854 .icon_description_text'  data-responsive-json-new='{\"font-size\":\"desktop:13px;\",\"line-height\":\"desktop:18px;\"}'  style=\"\"><p><a href=\"https:\/\/www.livensaliving.com\/residencias-estudiantes-sevilla\/residencia-universitaria-livensa-sevilla\/\" target=\"_blank\" rel=\"noopener\"><span style=\"color: #3366ff;\">Residencia LIVENSA LIVING<\/span><\/a><\/p>\n<\/div><\/div><div class=\"icon_list_connector\"  style=\"border-color:#333333;\"><\/div><\/li><\/ul><\/div><div class=\"smile_icon_list_wrap ult-adjust-bottom-margin  \"><ul class=\"smile_icon_list left square with_bg\"><li class=\"icon_list_item\" style=\" font-size:72px;\"><div class=\"icon_list_icon\" data-animation=\"\" data-animation-delay=\"03\" style=\"font-size:24px;border-width:1px;border-style:none;background:#ffffff;color:#333333;border-color:#333333;\"><i class=\"Defaults-train\" ><\/i><\/div><div class=\"icon_description\" id=\"Info-list-wrap-5240\"><h3 class=\"ult-responsive\"  data-ultimate-target='#Info-list-wrap-5240 h3'  data-responsive-json-new='{\"font-size\":\"desktop:16px;\",\"line-height\":\"desktop:24px;\"}'  style=\"\">Transportation:<\/h3><div class=\"icon_description_text ult-responsive\"  data-ultimate-target='#Info-list-wrap-5240 .icon_description_text'  data-responsive-json-new='{\"font-size\":\"desktop:13px;\",\"line-height\":\"desktop:18px;\"}'  style=\"\"><p><span style=\"color: #3366ff;\"><a style=\"color: #3366ff;\" href=\"https:\/\/www.juntadeandalucia.es\/html\/especiales\/especialmetro-sevilla\/sanbernardo.html\" target=\"_blank\" rel=\"noopener\">Metro San Bernardo<\/a><\/span><\/p>\n<\/div><\/div><div class=\"icon_list_connector\"  style=\"border-color:#333333;\"><\/div><\/li><\/ul><\/div>[vc_images_carousel images=&#8221;20095,20089,20091,20093,20097,20099&#8243; img_size=&#8221;medium&#8221; el_class=&#8221;carrusel&#8221;][\/vc_column_inner][vc_column_inner width=&#8221;1\/2&#8243;]<div class=\"ult-content-box-container \" >\t\t<div class=\"ult-content-box\" style=\"background-color:#dd9933;box-shadow: px px px px none;padding-top:10px;padding-bottom:2px;margin-right:50px;margin-left:50px;-webkit-transition: all 700ms ease;-moz-transition: all 700ms ease;-ms-transition: all 700ms ease;-o-transition: all 700ms ease;transition: all 700ms ease;\"  data-hover_box_shadow=\"none\"    data-normal_margins=\"margin-right:50px;margin-left:50px;\"   data-bg=\"#dd9933\" >[vc_custom_heading text=&#8221;Residencia XIOR&#8221; font_container=&#8221;tag:h4|text_align:center|color:%23ffffff&#8221; use_theme_fonts=&#8221;yes&#8221;]\t\t<\/div><\/div>[vc_empty_space height=&#8221;20px&#8221;]<div class=\"smile_icon_list_wrap ult-adjust-bottom-margin  \"><ul class=\"smile_icon_list left square with_bg\"><li class=\"icon_list_item\" style=\" font-size:72px;\"><div class=\"icon_list_icon\" data-animation=\"\" data-animation-delay=\"03\" style=\"font-size:24px;border-width:1px;border-style:none;background:#ffffff;color:#333333;border-color:#333333;\"><i class=\"Defaults-location-arrow\" ><\/i><\/div><div class=\"icon_description\" id=\"Info-list-wrap-7096\"><h3 class=\"ult-responsive\"  data-ultimate-target='#Info-list-wrap-7096 h3'  data-responsive-json-new='{\"font-size\":\"desktop:16px;\",\"line-height\":\"desktop:24px;\"}'  style=\"\">Location:<\/h3><div class=\"icon_description_text ult-responsive\"  data-ultimate-target='#Info-list-wrap-7096 .icon_description_text'  data-responsive-json-new='{\"font-size\":\"desktop:13px;\",\"line-height\":\"desktop:18px;\"}'  style=\"\"><p>Avenida de Ram\u00f3n Carande, 6<\/p>\n<\/div><\/div><div class=\"icon_list_connector\"  style=\"border-color:#333333;\"><\/div><\/li><\/ul><\/div><div class=\"smile_icon_list_wrap ult-adjust-bottom-margin  \"><ul class=\"smile_icon_list left square with_bg\"><li class=\"icon_list_item\" style=\" font-size:72px;\"><div class=\"icon_list_icon\" data-animation=\"\" data-animation-delay=\"03\" style=\"font-size:24px;border-width:1px;border-style:none;background:#ffffff;color:#333333;border-color:#333333;\"><i class=\"Defaults-phone\" ><\/i><\/div><div class=\"icon_description\" id=\"Info-list-wrap-8156\"><h3 class=\"ult-responsive\"  data-ultimate-target='#Info-list-wrap-8156 h3'  data-responsive-json-new='{\"font-size\":\"desktop:16px;\",\"line-height\":\"desktop:24px;\"}'  style=\"\">Contact information:<\/h3><div class=\"icon_description_text ult-responsive\"  data-ultimate-target='#Info-list-wrap-8156 .icon_description_text'  data-responsive-json-new='{\"font-size\":\"desktop:13px;\",\"line-height\":\"desktop:18px;\"}'  style=\"\"><p>Telephone: (34) 680 594 811<br \/>\nEmail: <a href=\"mailto:comercial@nodis.es\" target=\"_blank\" rel=\"noopener\">comercial@nodis.es<\/a><\/p>\n<\/div><\/div><div class=\"icon_list_connector\"  style=\"border-color:#333333;\"><\/div><\/li><\/ul><\/div><div class=\"smile_icon_list_wrap ult-adjust-bottom-margin  \"><ul class=\"smile_icon_list left square with_bg\"><li class=\"icon_list_item\" style=\" font-size:72px;\"><div class=\"icon_list_icon\" data-animation=\"\" data-animation-delay=\"03\" style=\"font-size:24px;border-width:1px;border-style:none;background:#ffffff;color:#333333;border-color:#333333;\"><i class=\"Defaults-info-circle\" ><\/i><\/div><div class=\"icon_description\" id=\"Info-list-wrap-1521\"><h3 class=\"ult-responsive\"  data-ultimate-target='#Info-list-wrap-1521 h3'  data-responsive-json-new='{\"font-size\":\"desktop:16px;\",\"line-height\":\"desktop:24px;\"}'  style=\"\">Web:<\/h3><div class=\"icon_description_text ult-responsive\"  data-ultimate-target='#Info-list-wrap-1521 .icon_description_text'  data-responsive-json-new='{\"font-size\":\"desktop:13px;\",\"line-height\":\"desktop:18px;\"}'  style=\"\"><p><span style=\"color: #3366ff;\"><a style=\"color: #3366ff;\" href=\"https:\/\/xior.es\/residencia-estudiantes-sevilla\/\" target=\"_blank\" rel=\"noopener\">Residencia XIOR<\/a><\/span><\/p>\n<\/div><\/div><div class=\"icon_list_connector\"  style=\"border-color:#333333;\"><\/div><\/li><\/ul><\/div><div class=\"smile_icon_list_wrap ult-adjust-bottom-margin  \"><ul class=\"smile_icon_list left square with_bg\"><li class=\"icon_list_item\" style=\" font-size:72px;\"><div class=\"icon_list_icon\" data-animation=\"\" data-animation-delay=\"03\" style=\"font-size:24px;border-width:1px;border-style:none;background:#ffffff;color:#333333;border-color:#333333;\"><i class=\"Defaults-train\" ><\/i><\/div><div class=\"icon_description\" id=\"Info-list-wrap-3864\"><h3 class=\"ult-responsive\"  data-ultimate-target='#Info-list-wrap-3864 h3'  data-responsive-json-new='{\"font-size\":\"desktop:16px;\",\"line-height\":\"desktop:24px;\"}'  style=\"\">Transportation:<\/h3><div class=\"icon_description_text ult-responsive\"  data-ultimate-target='#Info-list-wrap-3864 .icon_description_text'  data-responsive-json-new='{\"font-size\":\"desktop:13px;\",\"line-height\":\"desktop:18px;\"}'  style=\"\"><p><span style=\"color: #3366ff;\"><a style=\"color: #3366ff;\" href=\"https:\/\/www.juntadeandalucia.es\/html\/especiales\/especialmetro-sevilla\/pradosansebastian.html\" target=\"_blank\" rel=\"noopener\">Metro Prado de San Sebasti\u00e1n<\/a><\/span><\/p>\n<\/div><\/div><div class=\"icon_list_connector\"  style=\"border-color:#333333;\"><\/div><\/li><\/ul><\/div>[vc_images_carousel images=&#8221;20077,20079,20087,20083,20085,20081&#8243; img_size=&#8221;medium&#8221; el_class=&#8221;carrusel&#8221;][\/vc_column_inner][\/vc_row_inner][vc_row_inner][vc_column_inner width=&#8221;1\/2&#8243;]<div class=\"ult-content-box-container \" >\t\t<div class=\"ult-content-box\" style=\"background-color:#dd9933;box-shadow: px px px px none;padding-top:10px;padding-bottom:5px;margin-right:50px;margin-left:50px;-webkit-transition: all 700ms ease;-moz-transition: all 700ms ease;-ms-transition: all 700ms ease;-o-transition: all 700ms ease;transition: all 700ms ease;\"  data-hover_box_shadow=\"none\"    data-normal_margins=\"margin-right:50px;margin-left:50px;\"   data-bg=\"#dd9933\" >[vc_custom_heading text=&#8221;Residencia PALM STUDIOS&#8221; font_container=&#8221;tag:h4|text_align:center|color:%23ffffff&#8221; use_theme_fonts=&#8221;yes&#8221;]\t\t<\/div><\/div>[vc_empty_space height=&#8221;20px&#8221;]<div class=\"smile_icon_list_wrap ult-adjust-bottom-margin  \"><ul class=\"smile_icon_list left square with_bg\"><li class=\"icon_list_item\" style=\" font-size:72px;\"><div class=\"icon_list_icon\" data-animation=\"\" data-animation-delay=\"03\" style=\"font-size:24px;border-width:1px;border-style:none;background:#ffffff;color:#333333;border-color:#333333;\"><i class=\"Defaults-location-arrow\" ><\/i><\/div><div class=\"icon_description\" id=\"Info-list-wrap-1214\"><h3 class=\"ult-responsive\"  data-ultimate-target='#Info-list-wrap-1214 h3'  data-responsive-json-new='{\"font-size\":\"desktop:16px;\",\"line-height\":\"desktop:24px;\"}'  style=\"\">Location:<\/h3><div class=\"icon_description_text ult-responsive\"  data-ultimate-target='#Info-list-wrap-1214 .icon_description_text'  data-responsive-json-new='{\"font-size\":\"desktop:13px;\",\"line-height\":\"desktop:18px;\"}'  style=\"\"><p>Av. De la Palmera 38<\/p>\n<\/div><\/div><div class=\"icon_list_connector\"  style=\"border-color:#333333;\"><\/div><\/li><\/ul><\/div><div class=\"smile_icon_list_wrap ult-adjust-bottom-margin  \"><ul class=\"smile_icon_list left square with_bg\"><li class=\"icon_list_item\" style=\" font-size:72px;\"><div class=\"icon_list_icon\" data-animation=\"\" data-animation-delay=\"03\" style=\"font-size:24px;border-width:1px;border-style:none;background:#ffffff;color:#333333;border-color:#333333;\"><i class=\"Defaults-phone\" ><\/i><\/div><div class=\"icon_description\" id=\"Info-list-wrap-3448\"><h3 class=\"ult-responsive\"  data-ultimate-target='#Info-list-wrap-3448 h3'  data-responsive-json-new='{\"font-size\":\"desktop:16px;\",\"line-height\":\"desktop:24px;\"}'  style=\"\">Contact information:<\/h3><div class=\"icon_description_text ult-responsive\"  data-ultimate-target='#Info-list-wrap-3448 .icon_description_text'  data-responsive-json-new='{\"font-size\":\"desktop:13px;\",\"line-height\":\"desktop:18px;\"}'  style=\"\"><p>Telephone: (+34) 954 054 003<br \/>\nEmail: <a href=\"mailto:palmstudios@novelstudent.com\" target=\"_blank\" rel=\"noopener\">palmstudios@novelstudent.com<\/a><\/p>\n<\/div><\/div><div class=\"icon_list_connector\"  style=\"border-color:#333333;\"><\/div><\/li><\/ul><\/div><div class=\"smile_icon_list_wrap ult-adjust-bottom-margin  \"><ul class=\"smile_icon_list left square with_bg\"><li class=\"icon_list_item\" style=\" font-size:72px;\"><div class=\"icon_list_icon\" data-animation=\"\" data-animation-delay=\"03\" style=\"font-size:24px;border-width:1px;border-style:none;background:#ffffff;color:#333333;border-color:#333333;\"><i class=\"Defaults-info-circle\" ><\/i><\/div><div class=\"icon_description\" id=\"Info-list-wrap-8357\"><h3 class=\"ult-responsive\"  data-ultimate-target='#Info-list-wrap-8357 h3'  data-responsive-json-new='{\"font-size\":\"desktop:16px;\",\"line-height\":\"desktop:24px;\"}'  style=\"\">Web:<\/h3><div class=\"icon_description_text ult-responsive\"  data-ultimate-target='#Info-list-wrap-8357 .icon_description_text'  data-responsive-json-new='{\"font-size\":\"desktop:13px;\",\"line-height\":\"desktop:18px;\"}'  style=\"\"><p><a href=\"https:\/\/novelstudent.com\/sevilla\/student-accommodation\" target=\"_blank\" rel=\"noopener\"><span style=\"color: #3366ff;\">Residencia PALM STUDIOS<\/span><\/a><\/p>\n<\/div><\/div><div class=\"icon_list_connector\"  style=\"border-color:#333333;\"><\/div><\/li><\/ul><\/div><div class=\"smile_icon_list_wrap ult-adjust-bottom-margin  \"><ul class=\"smile_icon_list left square with_bg\"><li class=\"icon_list_item\" style=\" font-size:72px;\"><div class=\"icon_list_icon\" data-animation=\"\" data-animation-delay=\"03\" style=\"font-size:24px;border-width:1px;border-style:none;background:#ffffff;color:#333333;border-color:#333333;\"><i class=\"Defaults-train\" ><\/i><\/div><div class=\"icon_description\" id=\"Info-list-wrap-2864\"><h3 class=\"ult-responsive\"  data-ultimate-target='#Info-list-wrap-2864 h3'  data-responsive-json-new='{\"font-size\":\"desktop:16px;\",\"line-height\":\"desktop:24px;\"}'  style=\"\">Transportation:<\/h3><div class=\"icon_description_text ult-responsive\"  data-ultimate-target='#Info-list-wrap-2864 .icon_description_text'  data-responsive-json-new='{\"font-size\":\"desktop:13px;\",\"line-height\":\"desktop:18px;\"}'  style=\"\"><p><span style=\"color: #3366ff;\"><a style=\"color: #3366ff;\" href=\"https:\/\/www.juntadeandalucia.es\/html\/especiales\/especialmetro-sevilla\/pradosansebastian.html\" target=\"_blank\" rel=\"noopener\">Metro Prado de San Sebasti\u00e1n<\/a><\/span><\/p>\n<\/div><\/div><div class=\"icon_list_connector\"  style=\"border-color:#333333;\"><\/div><\/li><\/ul><\/div>[vc_images_carousel images=&#8221;20104,20106,20108,20110,20112,20114&#8243; img_size=&#8221;medium&#8221; el_class=&#8221;carrusel&#8221;][\/vc_column_inner][vc_column_inner width=&#8221;1\/2&#8243;]<div class=\"ult-content-box-container \" >\t\t<div class=\"ult-content-box\" style=\"background-color:#dd9933;box-shadow: px px px px none;padding-top:10px;padding-bottom:5px;margin-right:50px;margin-left:50px;-webkit-transition: all 700ms ease;-moz-transition: all 700ms ease;-ms-transition: all 700ms ease;-o-transition: all 700ms ease;transition: all 700ms ease;\"  data-hover_box_shadow=\"none\"    data-normal_margins=\"margin-right:50px;margin-left:50px;\"   data-bg=\"#dd9933\" >[vc_custom_heading text=&#8221;Residencia Celestino Mutis (En el Campus)&#8221; font_container=&#8221;tag:h4|text_align:center|color:%23ffffff&#8221; use_theme_fonts=&#8221;yes&#8221;]\t\t<\/div><\/div>[vc_empty_space height=&#8221;20px&#8221;]<div class=\"smile_icon_list_wrap ult-adjust-bottom-margin  \"><ul class=\"smile_icon_list left square with_bg\"><li class=\"icon_list_item\" style=\" font-size:72px;\"><div class=\"icon_list_icon\" data-animation=\"\" data-animation-delay=\"03\" style=\"font-size:24px;border-width:1px;border-style:none;background:#ffffff;color:#333333;border-color:#333333;\"><i class=\"Defaults-location-arrow\" ><\/i><\/div><div class=\"icon_description\" id=\"Info-list-wrap-8282\"><h3 class=\"ult-responsive\"  data-ultimate-target='#Info-list-wrap-8282 h3'  data-responsive-json-new='{\"font-size\":\"desktop:16px;\",\"line-height\":\"desktop:24px;\"}'  style=\"\">Location:<\/h3><div class=\"icon_description_text ult-responsive\"  data-ultimate-target='#Info-list-wrap-8282 .icon_description_text'  data-responsive-json-new='{\"font-size\":\"desktop:13px;\",\"line-height\":\"desktop:18px;\"}'  style=\"\"><p>Edificio Jose\u0301 Celestino Mutis, 15 (Universidad Pablo de Olavide)<br \/>\n41013 Sevilla<\/p>\n<\/div><\/div><div class=\"icon_list_connector\"  style=\"border-color:#333333;\"><\/div><\/li><\/ul><\/div><div class=\"smile_icon_list_wrap ult-adjust-bottom-margin  \"><ul class=\"smile_icon_list left square with_bg\"><li class=\"icon_list_item\" style=\" font-size:72px;\"><div class=\"icon_list_icon\" data-animation=\"\" data-animation-delay=\"03\" style=\"font-size:24px;border-width:1px;border-style:none;background:#ffffff;color:#333333;border-color:#333333;\"><i class=\"Defaults-phone\" ><\/i><\/div><div class=\"icon_description\" id=\"Info-list-wrap-5849\"><h3 class=\"ult-responsive\"  data-ultimate-target='#Info-list-wrap-5849 h3'  data-responsive-json-new='{\"font-size\":\"desktop:16px;\",\"line-height\":\"desktop:24px;\"}'  style=\"\">Contact information:<\/h3><div class=\"icon_description_text ult-responsive\"  data-ultimate-target='#Info-list-wrap-5849 .icon_description_text'  data-responsive-json-new='{\"font-size\":\"desktop:13px;\",\"line-height\":\"desktop:18px;\"}'  style=\"\"><p>Telephone: (+34) 954 29 84 90<\/p>\n<\/div><\/div><div class=\"icon_list_connector\"  style=\"border-color:#333333;\"><\/div><\/li><\/ul><\/div><div class=\"smile_icon_list_wrap ult-adjust-bottom-margin  \"><ul class=\"smile_icon_list left square with_bg\"><li class=\"icon_list_item\" style=\" font-size:72px;\"><div class=\"icon_list_icon\" data-animation=\"\" data-animation-delay=\"03\" style=\"font-size:24px;border-width:1px;border-style:none;background:#ffffff;color:#333333;border-color:#333333;\"><i class=\"Defaults-info-circle\" ><\/i><\/div><div class=\"icon_description\" id=\"Info-list-wrap-5018\"><h3 class=\"ult-responsive\"  data-ultimate-target='#Info-list-wrap-5018 h3'  data-responsive-json-new='{\"font-size\":\"desktop:16px;\",\"line-height\":\"desktop:24px;\"}'  style=\"\">Web:<\/h3><div class=\"icon_description_text ult-responsive\"  data-ultimate-target='#Info-list-wrap-5018 .icon_description_text'  data-responsive-json-new='{\"font-size\":\"desktop:13px;\",\"line-height\":\"desktop:18px;\"}'  style=\"\"><p><span style=\"color: #3366ff;\"><a style=\"color: #3366ff;\" href=\"https:\/\/micampusresidencias.com\/residencias-universitarias-sevilla\/micampus-sevilla-upo\/\" target=\"_blank\" rel=\"noopener\">Residencia Celestino Mutis<\/a><\/span><\/p>\n<\/div><\/div><div class=\"icon_list_connector\"  style=\"border-color:#333333;\"><\/div><\/li><\/ul><\/div><div class=\"smile_icon_list_wrap ult-adjust-bottom-margin  \"><ul class=\"smile_icon_list left square with_bg\"><li class=\"icon_list_item\" style=\" font-size:72px;\"><div class=\"icon_list_icon\" data-animation=\"\" data-animation-delay=\"03\" style=\"font-size:24px;border-width:1px;border-style:none;background:#ffffff;color:#333333;border-color:#333333;\"><i class=\"Defaults-train\" ><\/i><\/div><div class=\"icon_description\" id=\"Info-list-wrap-6559\"><h3 class=\"ult-responsive\"  data-ultimate-target='#Info-list-wrap-6559 h3'  data-responsive-json-new='{\"font-size\":\"desktop:16px;\",\"line-height\":\"desktop:24px;\"}'  style=\"\">Transportation:<\/h3><div class=\"icon_description_text ult-responsive\"  data-ultimate-target='#Info-list-wrap-6559 .icon_description_text'  data-responsive-json-new='{\"font-size\":\"desktop:13px;\",\"line-height\":\"desktop:18px;\"}'  style=\"\"><p><span style=\"color: #3366ff;\"><a style=\"color: #3366ff;\" href=\"https:\/\/www.juntadeandalucia.es\/html\/especiales\/especialmetro-sevilla\/pabloolavide.html\" target=\"_blank\" rel=\"noopener\">Metro Pablo de Olavide<\/a><\/span><\/p>\n<\/div><\/div><div class=\"icon_list_connector\"  style=\"border-color:#333333;\"><\/div><\/li><\/ul><\/div>[vc_images_carousel images=&#8221;20128,20118,20120,20122,20124,20126,20130&#8243; img_size=&#8221;medium&#8221; el_class=&#8221;carrusel&#8221;][\/vc_column_inner][\/vc_row_inner]<\/div><\/section><section id=\"section-1712309043919-3-2\" class=\"tab\" data-animation=\"\" style=\"background:; color:;\"><div class=\"infi-content-wrapper\">[vc_row_inner][vc_column_inner][vc_empty_space][vc_column_text]El Centro Universitario Internacional no organiza ning\u00fan alojamiento en apartamentos compartidos. El precio general de una habitaci\u00f3n en un apartamento compartido en una buena zona rondar\u00e1 los 300-400 euros (por mes). Te aconsejamos vivir cerca de una estaci\u00f3n de metro ya que la UPO y la ciudad est\u00e1n conectadas mediante una l\u00ednea de metro. Las mejores zonas son:<\/p>\n<ul>\n<li>Triana \/ Los Remedios<\/li>\n<li>Nervi\u00f3n<\/li>\n<li>Centro de la ciudad<\/li>\n<\/ul>\n<p>[\/vc_column_text][vc_single_image image=&#8221;4149&#8243; img_size=&#8221;large&#8221; add_caption=&#8221;yes&#8221; alignment=&#8221;center&#8221; onclick=&#8221;img_link_large&#8221; title=&#8221;Descargar mapa de zonas&#8221;][\/vc_column_inner][\/vc_row_inner]<\/div><\/section>\n\t\t\t<\/div> <!-- \/et-content-wrap -->\n\t\t\t<\/div> <!-- \/et-tabs -->\n\t\t\t<\/section>[\/vc_column][\/vc_row]<\/p>\n<\/div>","protected":false},"excerpt":{"rendered":"<p>[vc_row][vc_column][vc_single_image image=&#8221;20155&#8243; img_size=&#8221;full&#8221;][\/vc_column][\/vc_row][vc_row][vc_column][\/vc_column][\/vc_row][vc_row][vc_column offset=&#8221;vc_hidden-lg vc_hidden-md vc_hidden-sm vc_hidden-xs&#8221;][\/vc_column][\/vc_row]<\/p>\n","protected":false},"author":1,"featured_media":0,"parent":0,"menu_order":0,"comment_status":"closed","ping_status":"closed","template":"","meta":[],"yoast_head":"<!-- This site is optimized with the Yoast SEO plugin v18.3 - https:\/\/yoast.com\/wordpress\/plugins\/seo\/ -->\n<title>Alojamiento<\/title>\n<meta name=\"robots\" content=\"index, follow, max-snippet:-1, max-image-preview:large, max-video-preview:-1\" \/>\n<link rel=\"canonical\" href=\"https:\/\/www.upo.es\/intl\/alojamiento\/\" \/>\n<meta property=\"og:locale\" content=\"es_ES\" \/>\n<meta property=\"og:type\" content=\"article\" \/>\n<meta property=\"og:title\" content=\"Alojamiento\" \/>\n<meta property=\"og:description\" content=\"[vc_row][vc_column][vc_single_image image=&#8221;20155&#8243; img_size=&#8221;full&#8221;][\/vc_column][\/vc_row][vc_row][vc_column][\/vc_column][\/vc_row][vc_row][vc_column offset=&#8221;vc_hidden-lg vc_hidden-md vc_hidden-sm vc_hidden-xs&#8221;][\/vc_column][\/vc_row]\" \/>\n<meta property=\"og:url\" content=\"https:\/\/www.upo.es\/intl\/alojamiento\/\" \/>\n<meta property=\"og:site_name\" content=\"Centro Universitario Internacional UPO\" \/>\n<meta property=\"article:publisher\" content=\"https:\/\/www.facebook.com\/centrointernacionalUPO\/?ref=ts\" \/>\n<meta property=\"article:modified_time\" content=\"2026-01-30T09:26:04+00:00\" \/>\n<meta name=\"twitter:card\" content=\"summary_large_image\" \/>\n<meta name=\"twitter:site\" content=\"@CuiUpo\" \/>\n<meta name=\"twitter:label1\" content=\"Tiempo de lectura\" \/>\n\t<meta name=\"twitter:data1\" content=\"9 minutos\" \/>\n<script type=\"application\/ld+json\" class=\"yoast-schema-graph\">{\"@context\":\"https:\/\/schema.org\",\"@graph\":[{\"@type\":\"Organization\",\"@id\":\"https:\/\/www.upo.es\/intl\/#organization\",\"name\":\"Centro Universitario Internacional Universidad Pablo de Olavide\",\"url\":\"https:\/\/www.upo.es\/intl\/\",\"sameAs\":[\"https:\/\/www.facebook.com\/centrointernacionalUPO\/?ref=ts\",\"https:\/\/www.instagram.com\/cui_upo\/\",\"https:\/\/www.youtube.com\/channel\/UCXvTsTmrSF31BCW1Ukowlvg\",\"https:\/\/twitter.com\/CuiUpo\"],\"logo\":{\"@type\":\"ImageObject\",\"@id\":\"https:\/\/www.upo.es\/intl\/#logo\",\"inLanguage\":\"es\",\"url\":\"https:\/\/www.upo.es\/intl\/wp-content\/uploads\/2016\/07\/logo_fondo_UPO.png\",\"contentUrl\":\"https:\/\/www.upo.es\/intl\/wp-content\/uploads\/2016\/07\/logo_fondo_UPO.png\",\"width\":318,\"height\":120,\"caption\":\"Centro Universitario Internacional Universidad Pablo de Olavide\"},\"image\":{\"@id\":\"https:\/\/www.upo.es\/intl\/#logo\"}},{\"@type\":\"WebSite\",\"@id\":\"https:\/\/www.upo.es\/intl\/#website\",\"url\":\"https:\/\/www.upo.es\/intl\/\",\"name\":\"Centro Universitario Internacional UPO\",\"description\":\"Programas de corta y larga duraci\u00f3n de lengua y cultura espa\u00f1ola. Se imparten clases en espa\u00f1ol e ingl\u00e9s de diferentes materias\",\"publisher\":{\"@id\":\"https:\/\/www.upo.es\/intl\/#organization\"},\"potentialAction\":[{\"@type\":\"SearchAction\",\"target\":{\"@type\":\"EntryPoint\",\"urlTemplate\":\"https:\/\/www.upo.es\/intl\/?s={search_term_string}\"},\"query-input\":\"required name=search_term_string\"}],\"inLanguage\":\"es\"},{\"@type\":\"WebPage\",\"@id\":\"https:\/\/www.upo.es\/intl\/alojamiento\/#webpage\",\"url\":\"https:\/\/www.upo.es\/intl\/alojamiento\/\",\"name\":\"Alojamiento\",\"isPartOf\":{\"@id\":\"https:\/\/www.upo.es\/intl\/#website\"},\"datePublished\":\"2016-11-07T11:46:11+00:00\",\"dateModified\":\"2026-01-30T09:26:04+00:00\",\"breadcrumb\":{\"@id\":\"https:\/\/www.upo.es\/intl\/alojamiento\/#breadcrumb\"},\"inLanguage\":\"es\",\"potentialAction\":[{\"@type\":\"ReadAction\",\"target\":[\"https:\/\/www.upo.es\/intl\/alojamiento\/\"]}]},{\"@type\":\"BreadcrumbList\",\"@id\":\"https:\/\/www.upo.es\/intl\/alojamiento\/#breadcrumb\",\"itemListElement\":[{\"@type\":\"ListItem\",\"position\":1,\"name\":\"Portada\",\"item\":\"https:\/\/www.upo.es\/intl\/\"},{\"@type\":\"ListItem\",\"position\":2,\"name\":\"Alojamiento\"}]}]}<\/script>\n<!-- \/ Yoast SEO plugin. -->","yoast_head_json":{"title":"Alojamiento","robots":{"index":"index","follow":"follow","max-snippet":"max-snippet:-1","max-image-preview":"max-image-preview:large","max-video-preview":"max-video-preview:-1"},"canonical":"https:\/\/www.upo.es\/intl\/alojamiento\/","og_locale":"es_ES","og_type":"article","og_title":"Alojamiento","og_description":"[vc_row][vc_column][vc_single_image image=&#8221;20155&#8243; img_size=&#8221;full&#8221;][\/vc_column][\/vc_row][vc_row][vc_column][\/vc_column][\/vc_row][vc_row][vc_column offset=&#8221;vc_hidden-lg vc_hidden-md vc_hidden-sm vc_hidden-xs&#8221;][\/vc_column][\/vc_row]","og_url":"https:\/\/www.upo.es\/intl\/alojamiento\/","og_site_name":"Centro Universitario Internacional UPO","article_publisher":"https:\/\/www.facebook.com\/centrointernacionalUPO\/?ref=ts","article_modified_time":"2026-01-30T09:26:04+00:00","twitter_card":"summary_large_image","twitter_site":"@CuiUpo","twitter_misc":{"Tiempo de lectura":"9 minutos"},"schema":{"@context":"https:\/\/schema.org","@graph":[{"@type":"Organization","@id":"https:\/\/www.upo.es\/intl\/#organization","name":"Centro Universitario Internacional Universidad Pablo de Olavide","url":"https:\/\/www.upo.es\/intl\/","sameAs":["https:\/\/www.facebook.com\/centrointernacionalUPO\/?ref=ts","https:\/\/www.instagram.com\/cui_upo\/","https:\/\/www.youtube.com\/channel\/UCXvTsTmrSF31BCW1Ukowlvg","https:\/\/twitter.com\/CuiUpo"],"logo":{"@type":"ImageObject","@id":"https:\/\/www.upo.es\/intl\/#logo","inLanguage":"es","url":"https:\/\/www.upo.es\/intl\/wp-content\/uploads\/2016\/07\/logo_fondo_UPO.png","contentUrl":"https:\/\/www.upo.es\/intl\/wp-content\/uploads\/2016\/07\/logo_fondo_UPO.png","width":318,"height":120,"caption":"Centro Universitario Internacional Universidad Pablo de Olavide"},"image":{"@id":"https:\/\/www.upo.es\/intl\/#logo"}},{"@type":"WebSite","@id":"https:\/\/www.upo.es\/intl\/#website","url":"https:\/\/www.upo.es\/intl\/","name":"Centro Universitario Internacional UPO","description":"Programas de corta y larga duraci\u00f3n de lengua y cultura espa\u00f1ola. Se imparten clases en espa\u00f1ol e ingl\u00e9s de diferentes materias","publisher":{"@id":"https:\/\/www.upo.es\/intl\/#organization"},"potentialAction":[{"@type":"SearchAction","target":{"@type":"EntryPoint","urlTemplate":"https:\/\/www.upo.es\/intl\/?s={search_term_string}"},"query-input":"required name=search_term_string"}],"inLanguage":"es"},{"@type":"WebPage","@id":"https:\/\/www.upo.es\/intl\/alojamiento\/#webpage","url":"https:\/\/www.upo.es\/intl\/alojamiento\/","name":"Alojamiento","isPartOf":{"@id":"https:\/\/www.upo.es\/intl\/#website"},"datePublished":"2016-11-07T11:46:11+00:00","dateModified":"2026-01-30T09:26:04+00:00","breadcrumb":{"@id":"https:\/\/www.upo.es\/intl\/alojamiento\/#breadcrumb"},"inLanguage":"es","potentialAction":[{"@type":"ReadAction","target":["https:\/\/www.upo.es\/intl\/alojamiento\/"]}]},{"@type":"BreadcrumbList","@id":"https:\/\/www.upo.es\/intl\/alojamiento\/#breadcrumb","itemListElement":[{"@type":"ListItem","position":1,"name":"Portada","item":"https:\/\/www.upo.es\/intl\/"},{"@type":"ListItem","position":2,"name":"Alojamiento"}]}]}},"_links":{"self":[{"href":"https:\/\/www.upo.es\/intl\/wp-json\/wp\/v2\/pages\/4142"}],"collection":[{"href":"https:\/\/www.upo.es\/intl\/wp-json\/wp\/v2\/pages"}],"about":[{"href":"https:\/\/www.upo.es\/intl\/wp-json\/wp\/v2\/types\/page"}],"author":[{"embeddable":true,"href":"https:\/\/www.upo.es\/intl\/wp-json\/wp\/v2\/users\/1"}],"replies":[{"embeddable":true,"href":"https:\/\/www.upo.es\/intl\/wp-json\/wp\/v2\/comments?post=4142"}],"version-history":[{"count":80,"href":"https:\/\/www.upo.es\/intl\/wp-json\/wp\/v2\/pages\/4142\/revisions"}],"predecessor-version":[{"id":21028,"href":"https:\/\/www.upo.es\/intl\/wp-json\/wp\/v2\/pages\/4142\/revisions\/21028"}],"wp:attachment":[{"href":"https:\/\/www.upo.es\/intl\/wp-json\/wp\/v2\/media?parent=4142"}],"curies":[{"name":"wp","href":"https:\/\/api.w.org\/{rel}","templated":true}]}}