{"id":3855,"date":"2024-12-21T16:55:36","date_gmt":"2024-12-21T16:55:36","guid":{"rendered":"https:\/\/www.upo.es\/investiga\/HUM-680\/?page_id=3855"},"modified":"2025-12-26T16:41:38","modified_gmt":"2025-12-26T16:41:38","slug":"mariana-ladron-de-guevara-zuzunaga-publicaciones","status":"publish","type":"page","link":"https:\/\/www.upo.es\/investiga\/HUM-680\/mariana-ladron-de-guevara-zuzunaga-publicaciones\/","title":{"rendered":"Mariana Ladr\u00f3n de Guevara Zuzunaga &#8211; Publicaciones"},"content":{"rendered":"\t\t<div data-elementor-type=\"wp-page\" data-elementor-id=\"3855\" class=\"elementor elementor-3855\">\n\t\t\t\t\t\t<section class=\"elementor-section elementor-top-section elementor-element elementor-element-de5667a elementor-section-full_width elementor-section-stretched elementor-section-height-default elementor-section-height-default\" data-id=\"de5667a\" data-element_type=\"section\" data-settings=\"{&quot;stretch_section&quot;:&quot;section-stretched&quot;,&quot;background_background&quot;:&quot;classic&quot;}\">\n\t\t\t\t\t\t<div class=\"elementor-container elementor-column-gap-default\">\n\t\t\t\t\t<div class=\"elementor-column elementor-col-100 elementor-top-column elementor-element elementor-element-3ad48ae\" data-id=\"3ad48ae\" data-element_type=\"column\">\n\t\t\t<div class=\"elementor-widget-wrap elementor-element-populated\">\n\t\t\t\t\t\t<div class=\"elementor-element elementor-element-e759400 elementor-widget elementor-widget-text-editor\" data-id=\"e759400\" data-element_type=\"widget\" data-widget_type=\"text-editor.default\">\n\t\t\t\t<div class=\"elementor-widget-container\">\n\t\t\t\t\t\t\t\t\t<p style=\"text-align: right;\"><em>Geometry<\/em>, Frans Floris (1557)<\/p>\t\t\t\t\t\t\t\t<\/div>\n\t\t\t\t<\/div>\n\t\t\t\t<div class=\"elementor-element elementor-element-ea25646 elementor-widget__width-initial elementor-widget elementor-widget-heading\" data-id=\"ea25646\" data-element_type=\"widget\" data-widget_type=\"heading.default\">\n\t\t\t\t<div class=\"elementor-widget-container\">\n\t\t\t\t\t<h2 class=\"elementor-heading-title elementor-size-default\">Estudios sobre Europa, <br>el mundo mediterr\u00e1neo<br>y su difusi\u00f3n atl\u00e1ntica<br>(HUM 680)<\/h2>\t\t\t\t<\/div>\n\t\t\t\t<\/div>\n\t\t\t\t\t<\/div>\n\t\t<\/div>\n\t\t\t\t\t<\/div>\n\t\t<\/section>\n\t\t\t\t<section class=\"elementor-section elementor-top-section elementor-element elementor-element-8736475 elementor-section-boxed elementor-section-height-default elementor-section-height-default\" data-id=\"8736475\" data-element_type=\"section\">\n\t\t\t\t\t\t<div class=\"elementor-container elementor-column-gap-default\">\n\t\t\t\t\t<div class=\"elementor-column elementor-col-100 elementor-top-column elementor-element elementor-element-1112eb6\" data-id=\"1112eb6\" data-element_type=\"column\">\n\t\t\t<div class=\"elementor-widget-wrap elementor-element-populated\">\n\t\t\t\t\t\t<div class=\"elementor-element elementor-element-5d7d47a elementor-widget elementor-widget-spacer\" data-id=\"5d7d47a\" data-element_type=\"widget\" data-widget_type=\"spacer.default\">\n\t\t\t\t<div class=\"elementor-widget-container\">\n\t\t\t\t\t\t\t<div class=\"elementor-spacer\">\n\t\t\t<div class=\"elementor-spacer-inner\"><\/div>\n\t\t<\/div>\n\t\t\t\t\t\t<\/div>\n\t\t\t\t<\/div>\n\t\t\t\t\t<\/div>\n\t\t<\/div>\n\t\t\t\t\t<\/div>\n\t\t<\/section>\n\t\t\t\t<section class=\"elementor-section elementor-top-section elementor-element elementor-element-a808fb7 elementor-section-boxed elementor-section-height-default elementor-section-height-default\" data-id=\"a808fb7\" data-element_type=\"section\">\n\t\t\t\t\t\t<div class=\"elementor-container elementor-column-gap-default\">\n\t\t\t\t\t<div class=\"elementor-column elementor-col-33 elementor-top-column elementor-element elementor-element-b32a997\" data-id=\"b32a997\" data-element_type=\"column\">\n\t\t\t<div class=\"elementor-widget-wrap elementor-element-populated\">\n\t\t\t\t\t\t<div class=\"elementor-element elementor-element-b09b6a6 elementor-widget elementor-widget-qi_addons_for_elementor_banner\" data-id=\"b09b6a6\" data-element_type=\"widget\" data-widget_type=\"qi_addons_for_elementor_banner.default\">\n\t\t\t\t<div class=\"elementor-widget-container\">\n\t\t\t\t\t<div class=\"qodef-shortcode qodef-m qodef-qi-banner qodef-layout--standard qodef-vertical--bottom qodef-horizontal--left qodef-image--hover-zoom\">\n\t<div class=\"qodef-m-image\">\n\t<img fetchpriority=\"high\" decoding=\"async\" width=\"572\" height=\"814\" src=\"https:\/\/www.upo.es\/investiga\/HUM-680\/wp-content\/uploads\/2025\/12\/Captura-de-pantalla-2025-12-26-172953.png\" class=\"attachment-large size-large\" alt=\"\" srcset=\"https:\/\/www.upo.es\/investiga\/HUM-680\/wp-content\/uploads\/2025\/12\/Captura-de-pantalla-2025-12-26-172953.png 572w, https:\/\/www.upo.es\/investiga\/HUM-680\/wp-content\/uploads\/2025\/12\/Captura-de-pantalla-2025-12-26-172953-211x300.png 211w\" sizes=\"(max-width: 572px) 100vw, 572px\" \/><\/div>\n\t<div class=\"qodef-m-content\">\n\t\t<div class=\"qodef-m-content-inner\">\n\t\t\t\t\t\t\t\t\t\t\t\t\t\t<\/div>\n\t<\/div>\n\t\t<a itemprop=\"url\" href=\"http:\/\/www.tiemposmodernos.org\/tm3\/index.php\/tm\/article\/view\/5855\" class=\"qodef-m-banner-link\" target=\"_self\"><\/a>\n<\/div>\n\t\t\t\t<\/div>\n\t\t\t\t<\/div>\n\t\t\t\t<div class=\"elementor-element elementor-element-b79a5e4 elementor-widget elementor-widget-text-editor\" data-id=\"b79a5e4\" data-element_type=\"widget\" data-widget_type=\"text-editor.default\">\n\t\t\t\t<div class=\"elementor-widget-container\">\n\t\t\t\t\t\t\t\t\t<p style=\"text-align: justify;\"><b><u>Art\u00edculo<\/u>: \u00abReconstruyendo la trayectoria de un cl\u00e9rigo ilustrado en los Andes: Juan Domingo de Zam\u00e1cola y J\u00e1uregui (1746-1823), un \u00abarequipe\u00f1o universal\u00bb\u00bb, en <em>Investigaciones Hist\u00f3ricas, \u00e9poca moderna y contempor\u00e1nea<\/em>.<\/b><\/p>\n<p style=\"text-align: justify;\">LADR\u00d3N DE GUEVARA ZUZUNAGA, Mariana, \u201cReconstruyendo la trayectoria de un cl\u00e9rigo ilustrado en los Andes: Juan Domingo de Zam\u00e1cola y J\u00e1uregui (1746-1823), un \u00abarequipe\u00f1o universal\u00bb\u201d, en Investigaciones Hist\u00f3ricas, \u00e9poca moderna y contempor\u00e1nea, 45 (2025), pp. 383-411. DOI: https:\/\/doi.org\/10.24197\/m6sdr542<\/p>\t\t\t\t\t\t\t\t<\/div>\n\t\t\t\t<\/div>\n\t\t\t\t<div class=\"elementor-element elementor-element-1a105e6 elementor-widget elementor-widget-qi_addons_for_elementor_banner\" data-id=\"1a105e6\" data-element_type=\"widget\" data-widget_type=\"qi_addons_for_elementor_banner.default\">\n\t\t\t\t<div class=\"elementor-widget-container\">\n\t\t\t\t\t<div class=\"qodef-shortcode qodef-m qodef-qi-banner qodef-layout--standard qodef-vertical--bottom qodef-horizontal--left qodef-image--hover-zoom\">\n\t<div class=\"qodef-m-image\">\n\t<img decoding=\"async\" width=\"520\" height=\"767\" src=\"https:\/\/www.upo.es\/investiga\/HUM-680\/wp-content\/uploads\/2025\/09\/reconstruyendo-identidades.png\" class=\"attachment-large size-large\" alt=\"\" srcset=\"https:\/\/www.upo.es\/investiga\/HUM-680\/wp-content\/uploads\/2025\/09\/reconstruyendo-identidades.png 520w, https:\/\/www.upo.es\/investiga\/HUM-680\/wp-content\/uploads\/2025\/09\/reconstruyendo-identidades-203x300.png 203w\" sizes=\"(max-width: 520px) 100vw, 520px\" \/><\/div>\n\t<div class=\"qodef-m-content\">\n\t\t<div class=\"qodef-m-content-inner\">\n\t\t\t\t\t\t\t\t\t\t\t\t\t\t<\/div>\n\t<\/div>\n\t\t<a itemprop=\"url\" href=\"http:\/\/www.tiemposmodernos.org\/tm3\/index.php\/tm\/article\/view\/5855\" class=\"qodef-m-banner-link\" target=\"_self\"><\/a>\n<\/div>\n\t\t\t\t<\/div>\n\t\t\t\t<\/div>\n\t\t\t\t<div class=\"elementor-element elementor-element-befae35 elementor-widget elementor-widget-text-editor\" data-id=\"befae35\" data-element_type=\"widget\" data-widget_type=\"text-editor.default\">\n\t\t\t\t<div class=\"elementor-widget-container\">\n\t\t\t\t\t\t\t\t\t<p style=\"text-align: justify;\"><b><u>Cap\u00edtulo de libro:<\/u><span>\u00a0<\/span>\u00abEstrategias de resistencia ind\u00edgena del pueblo de Aullagas, una encomienda temprana del Virreinato del Per\u00fa (1548-1551)\u00bb, en [Re]-construyendo identidades Din\u00e1micas ind\u00edgenas en los Andes coloniales.<\/b><\/p>\n<p style=\"text-align: justify;\">\u00abEstrategias de resistencia ind\u00edgena del pueblo de Aullagas, una encomienda temprana del Virreinato del Per\u00fa (1548-1551)\u00bb, <em>[Re]-construyendo identidades Din\u00e1micas ind\u00edgenas en los Andes coloniales, <\/em>2025, (pp. 53-88).<\/p>\t\t\t\t\t\t\t\t<\/div>\n\t\t\t\t<\/div>\n\t\t\t\t<div class=\"elementor-element elementor-element-9b99a78 elementor-widget elementor-widget-qi_addons_for_elementor_banner\" data-id=\"9b99a78\" data-element_type=\"widget\" data-widget_type=\"qi_addons_for_elementor_banner.default\">\n\t\t\t\t<div class=\"elementor-widget-container\">\n\t\t\t\t\t<div class=\"qodef-shortcode qodef-m qodef-qi-banner qodef-layout--standard qodef-vertical--bottom qodef-horizontal--left qodef-image--hover-zoom\">\n\t<div class=\"qodef-m-image\">\n\t<img decoding=\"async\" width=\"637\" height=\"1024\" src=\"https:\/\/www.upo.es\/investiga\/HUM-680\/wp-content\/uploads\/2024\/12\/59-30-PB-1_page-0001.jpg-637x1024.png\" class=\"attachment-large size-large\" alt=\"\" srcset=\"https:\/\/www.upo.es\/investiga\/HUM-680\/wp-content\/uploads\/2024\/12\/59-30-PB-1_page-0001.jpg-637x1024.png 637w, https:\/\/www.upo.es\/investiga\/HUM-680\/wp-content\/uploads\/2024\/12\/59-30-PB-1_page-0001.jpg-187x300.png 187w, https:\/\/www.upo.es\/investiga\/HUM-680\/wp-content\/uploads\/2024\/12\/59-30-PB-1_page-0001.jpg.png 672w\" sizes=\"(max-width: 637px) 100vw, 637px\" \/><\/div>\n\t<div class=\"qodef-m-content\">\n\t\t<div class=\"qodef-m-content-inner\">\n\t\t\t\t\t\t\t\t\t\t\t\t\t\t<\/div>\n\t<\/div>\n\t\t<a itemprop=\"url\" href=\"http:\/\/www.tiemposmodernos.org\/tm3\/index.php\/tm\/article\/view\/5855\" class=\"qodef-m-banner-link\" target=\"_self\"><\/a>\n<\/div>\n\t\t\t\t<\/div>\n\t\t\t\t<\/div>\n\t\t\t\t<div class=\"elementor-element elementor-element-2e19854 elementor-widget elementor-widget-text-editor\" data-id=\"2e19854\" data-element_type=\"widget\" data-widget_type=\"text-editor.default\">\n\t\t\t\t<div class=\"elementor-widget-container\">\n\t\t\t\t\t\t\t\t\t<p style=\"text-align: justify;\"><b><u>Art\u00edculo:<\/u><span>\u00a0<\/span>\u00abMat\u00edas de Porres: nuevos apuntes sobre la vida y obra de un m\u00e9dico del Siglo de Oro\u00bb, en Tiempos Modernos, Revista Electr\u00f3nica de Historia Moderna.<\/b><\/p><p style=\"text-align: justify;\"><a href=\"http:\/\/www.tiemposmodernos.org\/tm3\/index.php\/tm\/article\/view\/5855\">\u00abMat\u00edas de Porres: nuevos apuntes sobre la vida y obra de un m\u00e9dico del Siglo de Oro\u00bb<\/a><span>,\u00a0<\/span><em>Tiempos Modernos, Revista Electr\u00f3nica de Historia Moderna<\/em><span>, vol. 13, n.\u00ba 47, 2023, 59-80.<\/span><\/p>\t\t\t\t\t\t\t\t<\/div>\n\t\t\t\t<\/div>\n\t\t\t\t<div class=\"elementor-element elementor-element-27d8ac6 elementor-widget elementor-widget-qi_addons_for_elementor_banner\" data-id=\"27d8ac6\" data-element_type=\"widget\" data-widget_type=\"qi_addons_for_elementor_banner.default\">\n\t\t\t\t<div class=\"elementor-widget-container\">\n\t\t\t\t\t<div class=\"qodef-shortcode qodef-m qodef-qi-banner qodef-layout--standard qodef-vertical--bottom qodef-horizontal--left qodef-image--hover-zoom\">\n\t<div class=\"qodef-m-image\">\n\t<img loading=\"lazy\" decoding=\"async\" width=\"672\" height=\"1080\" src=\"https:\/\/www.upo.es\/investiga\/HUM-680\/wp-content\/uploads\/2024\/12\/Identidad-y-salud-672x1080-1.jpg\" class=\"attachment-full size-full\" alt=\"\" srcset=\"https:\/\/www.upo.es\/investiga\/HUM-680\/wp-content\/uploads\/2024\/12\/Identidad-y-salud-672x1080-1.jpg 672w, https:\/\/www.upo.es\/investiga\/HUM-680\/wp-content\/uploads\/2024\/12\/Identidad-y-salud-672x1080-1-187x300.jpg 187w, https:\/\/www.upo.es\/investiga\/HUM-680\/wp-content\/uploads\/2024\/12\/Identidad-y-salud-672x1080-1-637x1024.jpg 637w\" sizes=\"(max-width: 672px) 100vw, 672px\" \/><\/div>\n\t<div class=\"qodef-m-content\">\n\t\t<div class=\"qodef-m-content-inner\">\n\t\t\t\t\t\t\t\t\t\t\t\t\t\t<\/div>\n\t<\/div>\n\t\t<a itemprop=\"url\" href=\"https:\/\/www.institutodelasidentidades.es\/identidad-y-conflicto-en-castilla-y-leon-publicacion\/https:\/\/editorial.tirant.com\/mex\/libro\/los-mundos-ibericos-como-horizonte-metodologico-homenaje-a-isabel-aguirre-landa-juan-francisco-pardo-molero-9788418656361\u00a0\" class=\"qodef-m-banner-link\" target=\"_self\"><\/a>\n<\/div>\n\t\t\t\t<\/div>\n\t\t\t\t<\/div>\n\t\t\t\t<div class=\"elementor-element elementor-element-33d398f elementor-widget elementor-widget-text-editor\" data-id=\"33d398f\" data-element_type=\"widget\" data-widget_type=\"text-editor.default\">\n\t\t\t\t<div class=\"elementor-widget-container\">\n\t\t\t\t\t\t\t\t\t<p style=\"text-align: justify;\"><strong><u>Cap\u00edtulo de libro<\/u>: \u00abHistoria, mujer y mito en La Raya. El caso Luna Terrero\u00bb en<span>\u00a0<\/span><em>A ambos lados de La Raya: estudios interdisciplinares sobre la frontera hispanoportuguesa.<\/em><\/strong><\/p>\n<p style=\"text-align: left;\">M\u00e1s informaci\u00f3n en:<span>\u00a0<\/span><a href=\"https:\/\/www.institutodelasidentidades.es\/no-54-identidad-y-salud-en-castilla-y-leon\/\">https:\/\/www.institutodelasidentidades.es\/identidad-y-conflicto-en-castilla-y-leon-publicacion\/https:\/\/editorial.tirant.com\/mex\/libro\/los-mundos-ibericos-como-horizonte-metodologico-homenaje-a-isabel-aguirre-landa-juan-francisco-pardo-molero-9788418656361\u00a0<\/a><\/p>\n<p style=\"text-align: justify;\">Ladr\u00f3n de Guevara Zuzunaga, Mariana.<span>\u00a0<\/span><span>\u00ab<\/span>Clientelismo en la Universidad de Salamanca a mediados del siglo XVII: una aproximaci\u00f3n al conflicto y las redes de apoyo<span>\u00bb<\/span>, en<span>\u00a0<\/span><em>Identidad y conflicto en Castilla y Le\u00f3n<\/em>, Diputaci\u00f3n de Salamanca, Salamanca, 2022, 81-98.<\/p>\t\t\t\t\t\t\t\t<\/div>\n\t\t\t\t<\/div>\n\t\t\t\t\t<\/div>\n\t\t<\/div>\n\t\t\t\t<div class=\"elementor-column elementor-col-33 elementor-top-column elementor-element elementor-element-e02a36d\" data-id=\"e02a36d\" data-element_type=\"column\">\n\t\t\t<div class=\"elementor-widget-wrap elementor-element-populated\">\n\t\t\t\t\t\t<div class=\"elementor-element elementor-element-9dc5521 elementor-widget elementor-widget-qi_addons_for_elementor_banner\" data-id=\"9dc5521\" data-element_type=\"widget\" data-widget_type=\"qi_addons_for_elementor_banner.default\">\n\t\t\t\t<div class=\"elementor-widget-container\">\n\t\t\t\t\t<div class=\"qodef-shortcode qodef-m qodef-qi-banner qodef-layout--standard qodef-vertical--bottom qodef-horizontal--left qodef-image--hover-zoom\">\n\t<div class=\"qodef-m-image\">\n\t<img loading=\"lazy\" decoding=\"async\" width=\"430\" height=\"600\" src=\"https:\/\/www.upo.es\/investiga\/HUM-680\/wp-content\/uploads\/2025\/04\/978-84-10263-73-4_Cubierta_Cruzando-horizontes.jpg\" class=\"attachment-full size-full\" alt=\"\" srcset=\"https:\/\/www.upo.es\/investiga\/HUM-680\/wp-content\/uploads\/2025\/04\/978-84-10263-73-4_Cubierta_Cruzando-horizontes.jpg 430w, https:\/\/www.upo.es\/investiga\/HUM-680\/wp-content\/uploads\/2025\/04\/978-84-10263-73-4_Cubierta_Cruzando-horizontes-215x300.jpg 215w\" sizes=\"(max-width: 430px) 100vw, 430px\" \/><\/div>\n\t<div class=\"qodef-m-content\">\n\t\t<div class=\"qodef-m-content-inner\">\n\t\t\t\t\t\t\t\t\t\t\t\t\t\t<\/div>\n\t<\/div>\n\t\t<a itemprop=\"url\" href=\"https:\/\/www.institutodelasidentidades.es\/identidad-y-conflicto-en-castilla-y-leon-publicacion\/https:\/\/editorial.tirant.com\/mex\/libro\/los-mundos-ibericos-como-horizonte-metodologico-homenaje-a-isabel-aguirre-landa-juan-francisco-pardo-molero-9788418656361\u00a0\" class=\"qodef-m-banner-link\" target=\"_self\"><\/a>\n<\/div>\n\t\t\t\t<\/div>\n\t\t\t\t<\/div>\n\t\t\t\t<div class=\"elementor-element elementor-element-bc8e6cf elementor-widget elementor-widget-text-editor\" data-id=\"bc8e6cf\" data-element_type=\"widget\" data-widget_type=\"text-editor.default\">\n\t\t\t\t<div class=\"elementor-widget-container\">\n\t\t\t\t\t\t\t\t\t<p style=\"text-align: justify;\"><strong><u>Cap\u00edtulo de libro<\/u>: \u00abUn enjambre de abejas: prensa liberal ib\u00e9rica y conexiones transatl\u00e1nticas en el siglo XIX\u00bb en <em>Cruzando horizontes: frontera y estudios comparados entre Espa\u00f1a y Portugal<\/em>.<\/strong><\/p><p style=\"text-align: left;\">ResearchGate: <a href=\"https:\/\/www.researchgate.net\/publication\/388749751_Un_enjambre_de_abejas_prensa_liberal_iberica_y_conexiones_transatlanticas_en_el_siglo_XIX\">https:\/\/www.researchgate.net\/publication\/388749751_Un_enjambre_de_abejas_prensa_liberal_iberica_y_conexiones_transatlanticas_en_el_siglo_XIX<\/a><\/p><p>Libro completo: <a href=\"https:\/\/trea.es\/producto\/cruzando-horizontes-frontera-y-estudios-comparados-entre-espana-y-portugal\/\">https:\/\/trea.es\/producto\/cruzando-horizontes-frontera-y-estudios-comparados-entre-espana-y-portugal\/<\/a><\/p><p style=\"text-align: justify;\">Ladr\u00f3n de Guevara Zuzunaga, Mariana. (2025). \u00abUn enjambre de abejas: prensa liberal ib\u00e9rica y conexiones transatl\u00e1nticas en el siglo XIX\u00bb. En Teresa Calder\u00f3n, Nuria Corral S\u00e1nchez y David Carballares (coords.), <i>Cruzando horizontes: frontera y estudios comparados entre Espa\u00f1a y Portugal <\/i>(pp.83-98)<\/p>\t\t\t\t\t\t\t\t<\/div>\n\t\t\t\t<\/div>\n\t\t\t\t<div class=\"elementor-element elementor-element-124e1b3 elementor-widget elementor-widget-qi_addons_for_elementor_banner\" data-id=\"124e1b3\" data-element_type=\"widget\" data-widget_type=\"qi_addons_for_elementor_banner.default\">\n\t\t\t\t<div class=\"elementor-widget-container\">\n\t\t\t\t\t<div class=\"qodef-shortcode qodef-m qodef-qi-banner qodef-layout--standard qodef-vertical--bottom qodef-horizontal--left qodef-image--hover-zoom\">\n\t<div class=\"qodef-m-image\">\n\t<img loading=\"lazy\" decoding=\"async\" width=\"672\" height=\"1080\" src=\"https:\/\/www.upo.es\/investiga\/HUM-680\/wp-content\/uploads\/2024\/12\/Identidad-y-salud-672x1080-1.png\" class=\"attachment-full size-full\" alt=\"\" srcset=\"https:\/\/www.upo.es\/investiga\/HUM-680\/wp-content\/uploads\/2024\/12\/Identidad-y-salud-672x1080-1.png 672w, https:\/\/www.upo.es\/investiga\/HUM-680\/wp-content\/uploads\/2024\/12\/Identidad-y-salud-672x1080-1-187x300.png 187w, https:\/\/www.upo.es\/investiga\/HUM-680\/wp-content\/uploads\/2024\/12\/Identidad-y-salud-672x1080-1-637x1024.png 637w\" sizes=\"(max-width: 672px) 100vw, 672px\" \/><\/div>\n\t<div class=\"qodef-m-content\">\n\t\t<div class=\"qodef-m-content-inner\">\n\t\t\t\t\t\t\t\t\t\t\t\t\t\t<\/div>\n\t<\/div>\n\t\t<a itemprop=\"url\" href=\"https:\/\/www.researchgate.net\/publication\/386872913_La_destruccion_de_mallquis_hijos_de_huacas_dificultades_del_proceso_de_extirpacion_de_idolatrias_andinas_en_la_obra_de_Pablo_Jose_de_Arriaga_1621\" class=\"qodef-m-banner-link\" target=\"_self\"><\/a>\n<\/div>\n\t\t\t\t<\/div>\n\t\t\t\t<\/div>\n\t\t\t\t<div class=\"elementor-element elementor-element-13fd295 elementor-widget elementor-widget-text-editor\" data-id=\"13fd295\" data-element_type=\"widget\" data-widget_type=\"text-editor.default\">\n\t\t\t\t<div class=\"elementor-widget-container\">\n\t\t\t\t\t\t\t\t\t<p style=\"text-align: justify;\"><strong><span style=\"text-decoration: underline;\">Cap\u00edtulo de libro:<\/span> \u00abLa destrucci\u00f3n de mallquis, hijos de huacas: dificultades del proceso de extirpaci\u00f3n de idolatr\u00edas andinas en la obra de Pablo Jos\u00e9 de Arriaga (1621)<span style=\"font-size: inherit;\">\u00bb<\/span><\/strong><\/p><p style=\"text-align: justify;\"><a href=\"https:\/\/www.researchgate.net\/publication\/386872913_La_destruccion_de_mallquis_hijos_de_huacas_dificultades_del_proceso_de_extirpacion_de_idolatrias_andinas_en_la_obra_de_Pablo_Jose_de_Arriaga_1621\"><span>\u00ab<\/span><\/a><span style=\"font-size: inherit;\"><a href=\"_wp_link_placeholder\">La destrucci\u00f3n de mallquis, hijos de huacas: dificultades del proceso de extirpaci\u00f3n de idolatr\u00edas andinas en la obra de Pablo Jos\u00e9 de Arriaga (1621)\u201d.<\/a> En Carlos Mata Indur\u00e1in y Ariel N\u00fa\u00f1ez Sep\u00falveda (eds.), \u00ab<\/span><i style=\"font-size: inherit;\">Nulla dies<\/i><span style=\"font-size: inherit;\">\u00bb.<\/span><span style=\"font-size: inherit;\">\u00a0<\/span><i style=\"font-size: inherit;\">Actas del XII Congreso Internacional J\u00f3venes Investigadores del Siglo de Oro (JISO 2023)<\/i><span style=\"font-size: inherit;\">, Pamplona: Servicio de Publicaciones de la Universidad de Navarra, Colecci\u00f3n BIADIG, 73, 2024, pp. 369-382.<\/span><span style=\"font-size: inherit;\">\u00a0<\/span><\/p>\t\t\t\t\t\t\t\t<\/div>\n\t\t\t\t<\/div>\n\t\t\t\t<div class=\"elementor-element elementor-element-57bc72a elementor-widget elementor-widget-qi_addons_for_elementor_banner\" data-id=\"57bc72a\" data-element_type=\"widget\" data-widget_type=\"qi_addons_for_elementor_banner.default\">\n\t\t\t\t<div class=\"elementor-widget-container\">\n\t\t\t\t\t<div class=\"qodef-shortcode qodef-m qodef-qi-banner qodef-layout--standard qodef-vertical--bottom qodef-horizontal--left qodef-image--hover-zoom\">\n\t<div class=\"qodef-m-image\">\n\t<img loading=\"lazy\" decoding=\"async\" width=\"672\" height=\"1080\" src=\"https:\/\/www.upo.es\/investiga\/HUM-680\/wp-content\/uploads\/2024\/12\/Identidad-y-salud-672x1080-1.jpg\" class=\"attachment-full size-full\" alt=\"\" srcset=\"https:\/\/www.upo.es\/investiga\/HUM-680\/wp-content\/uploads\/2024\/12\/Identidad-y-salud-672x1080-1.jpg 672w, https:\/\/www.upo.es\/investiga\/HUM-680\/wp-content\/uploads\/2024\/12\/Identidad-y-salud-672x1080-1-187x300.jpg 187w, https:\/\/www.upo.es\/investiga\/HUM-680\/wp-content\/uploads\/2024\/12\/Identidad-y-salud-672x1080-1-637x1024.jpg 637w\" sizes=\"(max-width: 672px) 100vw, 672px\" \/><\/div>\n\t<div class=\"qodef-m-content\">\n\t\t<div class=\"qodef-m-content-inner\">\n\t\t\t\t\t\t\t\t\t\t\t\t\t\t<\/div>\n\t<\/div>\n\t\t<a itemprop=\"url\" href=\"https:\/\/editorial.tirant.com\/mex\/libro\/los-mundos-ibericos-como-horizonte-metodologico-homenaje-a-isabel-aguirre-landa-juan-francisco-pardo-molero-9788418656361\u00a0\" class=\"qodef-m-banner-link\" target=\"_self\"><\/a>\n<\/div>\n\t\t\t\t<\/div>\n\t\t\t\t<\/div>\n\t\t\t\t<div class=\"elementor-element elementor-element-1e58000 elementor-widget elementor-widget-text-editor\" data-id=\"1e58000\" data-element_type=\"widget\" data-widget_type=\"text-editor.default\">\n\t\t\t\t<div class=\"elementor-widget-container\">\n\t\t\t\t\t\t\t\t\t<p style=\"text-align: justify;\"><strong><u>Cap\u00edtulo de libro<\/u>: \u00abEl m\u00e9dico Mat\u00edas de Porres: de Salamanca al Virreinato del Per\u00fa\u00bb en<span>\u00a0<\/span><em>Identidad y salud en Castilla y Le\u00f3n<\/em>.\u00a0<\/strong><\/p>\n<p style=\"text-align: left;\">Disponible en:<span>\u00a0<\/span><a href=\"https:\/\/www.institutodelasidentidades.es\/no-54-identidad-y-salud-en-castilla-y-leon\/\">https:\/\/editorial.tirant.com\/mex\/libro\/los-mundos-ibericos-como-horizonte-metodologico-homenaje-a-isabel-aguirre-landa-juan-francisco-pardo-molero-9788418656361\u00a0<\/a><\/p>\n<p style=\"text-align: justify;\">Ladr\u00f3n de Guevara Zuzunaga, Mariana.<span>\u00a0<\/span><span>\u00ab<\/span>El m\u00e9dico Mat\u00edas de Porres: de Salamanca al Virreinato del Per\u00fa<span>\u00bb<\/span>, en<span>\u00a0<\/span><em>Identidad y salud en Castilla y Le\u00f3n,<\/em><span>\u00a0<\/span>Diputaci\u00f3n de Salamanca, Salamanca, 2021, 30-37.<\/p>\t\t\t\t\t\t\t\t<\/div>\n\t\t\t\t<\/div>\n\t\t\t\t\t<\/div>\n\t\t<\/div>\n\t\t\t\t<div class=\"elementor-column elementor-col-33 elementor-top-column elementor-element elementor-element-b7e0cff\" data-id=\"b7e0cff\" data-element_type=\"column\">\n\t\t\t<div class=\"elementor-widget-wrap elementor-element-populated\">\n\t\t\t\t\t\t<div class=\"elementor-element elementor-element-e0dae85 elementor-widget elementor-widget-qi_addons_for_elementor_banner\" data-id=\"e0dae85\" data-element_type=\"widget\" data-widget_type=\"qi_addons_for_elementor_banner.default\">\n\t\t\t\t<div class=\"elementor-widget-container\">\n\t\t\t\t\t<div class=\"qodef-shortcode qodef-m qodef-qi-banner qodef-layout--standard qodef-vertical--bottom qodef-horizontal--left qodef-image--hover-zoom\">\n\t<div class=\"qodef-m-image\">\n\t<img loading=\"lazy\" decoding=\"async\" width=\"672\" height=\"1080\" src=\"https:\/\/www.upo.es\/investiga\/HUM-680\/wp-content\/uploads\/2024\/12\/Identidad-y-salud-672x1080-2.jpg\" class=\"attachment-full size-full\" alt=\"\" srcset=\"https:\/\/www.upo.es\/investiga\/HUM-680\/wp-content\/uploads\/2024\/12\/Identidad-y-salud-672x1080-2.jpg 672w, https:\/\/www.upo.es\/investiga\/HUM-680\/wp-content\/uploads\/2024\/12\/Identidad-y-salud-672x1080-2-187x300.jpg 187w, https:\/\/www.upo.es\/investiga\/HUM-680\/wp-content\/uploads\/2024\/12\/Identidad-y-salud-672x1080-2-637x1024.jpg 637w\" sizes=\"(max-width: 672px) 100vw, 672px\" \/><\/div>\n\t<div class=\"qodef-m-content\">\n\t\t<div class=\"qodef-m-content-inner\">\n\t\t\t\t\t\t\t\t\t\t\t\t\t\t<\/div>\n\t<\/div>\n\t\t<a itemprop=\"url\" href=\"\" class=\"qodef-m-banner-link\" target=\"_self\"><\/a>\n<\/div>\n\t\t\t\t<\/div>\n\t\t\t\t<\/div>\n\t\t\t\t<div class=\"elementor-element elementor-element-d381f54 elementor-widget elementor-widget-text-editor\" data-id=\"d381f54\" data-element_type=\"widget\" data-widget_type=\"text-editor.default\">\n\t\t\t\t<div class=\"elementor-widget-container\">\n\t\t\t\t\t\t\t\t\t<p style=\"text-align: justify;\"><b><u>Cap\u00edtulo de libro:<\/u><span>\u00a0<\/span>\u00abClientelismo en la Universidad de Salamanca a mediados del siglo XVII: una aproximaci\u00f3n al conflicto y las redes de apoyo\u00bb en Identidad y conflicto en Castilla y Le\u00f3n.<\/b><\/p>\n<p style=\"text-align: left;\">M\u00e1s informaci\u00f3n en:\u00a0<a href=\"https:\/\/www.institutodelasidentidades.es\/no-54-identidad-y-salud-en-castilla-y-leon\/\">https:\/\/www.institutodelasidentidades.es\/identidad-y-conflicto-en-castilla-y-leon-publicacion\/https:\/\/editorial.tirant.com\/mex\/libro\/los-mundos-ibericos-como-horizonte-metodologico-homenaje-a-isabel-aguirre-landa-juan-francisco-pardo-molero-9788418656361\u00a0<\/a><\/p>\n<p style=\"text-align: justify;\">Ladr\u00f3n de Guevara Zuzunaga, Mariana.\u00a0\u00abClientelismo en la Universidad de Salamanca a mediados del siglo XVII: una aproximaci\u00f3n al conflicto y las redes de apoyo\u00bb, en\u00a0<em>Identidad y conflicto en Castilla y Le\u00f3n<\/em>, Diputaci\u00f3n de Salamanca, Salamanca, 2022, 81-98.<\/p>\t\t\t\t\t\t\t\t<\/div>\n\t\t\t\t<\/div>\n\t\t\t\t<div class=\"elementor-element elementor-element-f2ad00e elementor-widget elementor-widget-qi_addons_for_elementor_banner\" data-id=\"f2ad00e\" data-element_type=\"widget\" data-widget_type=\"qi_addons_for_elementor_banner.default\">\n\t\t\t\t<div class=\"elementor-widget-container\">\n\t\t\t\t\t<div class=\"qodef-shortcode qodef-m qodef-qi-banner qodef-layout--standard qodef-vertical--bottom qodef-horizontal--left qodef-image--hover-zoom\">\n\t<div class=\"qodef-m-image\">\n\t<img loading=\"lazy\" decoding=\"async\" width=\"672\" height=\"1080\" src=\"https:\/\/www.upo.es\/investiga\/HUM-680\/wp-content\/uploads\/2024\/12\/La_labor_penitencial_respecto_a_las_prac-1_page-0001.jpg.png\" class=\"attachment-full size-full\" alt=\"\" srcset=\"https:\/\/www.upo.es\/investiga\/HUM-680\/wp-content\/uploads\/2024\/12\/La_labor_penitencial_respecto_a_las_prac-1_page-0001.jpg.png 672w, https:\/\/www.upo.es\/investiga\/HUM-680\/wp-content\/uploads\/2024\/12\/La_labor_penitencial_respecto_a_las_prac-1_page-0001.jpg-187x300.png 187w, https:\/\/www.upo.es\/investiga\/HUM-680\/wp-content\/uploads\/2024\/12\/La_labor_penitencial_respecto_a_las_prac-1_page-0001.jpg-637x1024.png 637w\" sizes=\"(max-width: 672px) 100vw, 672px\" \/><\/div>\n\t<div class=\"qodef-m-content\">\n\t\t<div class=\"qodef-m-content-inner\">\n\t\t\t\t\t\t\t\t\t\t\t\t\t\t<\/div>\n\t<\/div>\n\t\t<a itemprop=\"url\" href=\"https:\/\/www.academia.edu\/45034662\/La_labor_penitencial_respecto_a_las_pr%C3%A1cticas_paganas_y_her%C3%A9ticas_en_la_alta_edad_media_del_siglo_VIII_hasta_Burcardo_de_Worms\" class=\"qodef-m-banner-link\" target=\"_self\"><\/a>\n<\/div>\n\t\t\t\t<\/div>\n\t\t\t\t<\/div>\n\t\t\t\t<div class=\"elementor-element elementor-element-a1474e8 elementor-widget elementor-widget-text-editor\" data-id=\"a1474e8\" data-element_type=\"widget\" data-widget_type=\"text-editor.default\">\n\t\t\t\t<div class=\"elementor-widget-container\">\n\t\t\t\t\t\t\t\t\t<p style=\"text-align: justify;\"><strong><u>Art\u00edculo<\/u>: \u00abLa labor penitencial respecto a las pr\u00e1cticas paganas y her\u00e9ticas en la Alta Edad Media: del siglo VIII hasta Burcardo de Worms\u00bb en<span>\u00a0<\/span><em>Mundo Hist\u00f3rico, Revista de Investigaci\u00f3n.<\/em><\/strong><\/p>\n<p style=\"text-align: justify;\"><a href=\"https:\/\/www.academia.edu\/45034662\/La_labor_penitencial_respecto_a_las_pr%C3%A1cticas_paganas_y_her%C3%A9ticas_en_la_alta_edad_media_del_siglo_VIII_hasta_Burcardo_de_Worms\">\u00abLa labor penitencial respecto a las pr\u00e1cticas paganas y her\u00e9ticas en la Alta Edad Media: del siglo VIII hasta Burcardo de Worms\u00bb<\/a>,<em><span>\u00a0<\/span>Mundo Hist\u00f3rico, Revista de Investigaci\u00f3n,<span>\u00a0<\/span><\/em>n\u00ba 4, 2020, 24-45.<\/p>\t\t\t\t\t\t\t\t<\/div>\n\t\t\t\t<\/div>\n\t\t\t\t<div class=\"elementor-element elementor-element-3248d09 elementor-widget elementor-widget-qi_addons_for_elementor_banner\" data-id=\"3248d09\" data-element_type=\"widget\" data-widget_type=\"qi_addons_for_elementor_banner.default\">\n\t\t\t\t<div class=\"elementor-widget-container\">\n\t\t\t\t\t<div class=\"qodef-shortcode qodef-m qodef-qi-banner qodef-layout--standard qodef-vertical--bottom qodef-horizontal--left qodef-image--hover-zoom\">\n\t<div class=\"qodef-m-image\">\n\t<img loading=\"lazy\" decoding=\"async\" width=\"672\" height=\"1080\" src=\"https:\/\/www.upo.es\/investiga\/HUM-680\/wp-content\/uploads\/2024\/12\/Identidad-y-salud-672x1080-1.jpg\" class=\"attachment-full size-full\" alt=\"\" srcset=\"https:\/\/www.upo.es\/investiga\/HUM-680\/wp-content\/uploads\/2024\/12\/Identidad-y-salud-672x1080-1.jpg 672w, https:\/\/www.upo.es\/investiga\/HUM-680\/wp-content\/uploads\/2024\/12\/Identidad-y-salud-672x1080-1-187x300.jpg 187w, https:\/\/www.upo.es\/investiga\/HUM-680\/wp-content\/uploads\/2024\/12\/Identidad-y-salud-672x1080-1-637x1024.jpg 637w\" sizes=\"(max-width: 672px) 100vw, 672px\" \/><\/div>\n\t<div class=\"qodef-m-content\">\n\t\t<div class=\"qodef-m-content-inner\">\n\t\t\t\t\t\t\t\t\t\t\t\t\t\t<\/div>\n\t<\/div>\n\t\t<a itemprop=\"url\" href=\"https:\/\/www.institutodelasidentidades.es\/identidad-y-conflicto-en-castilla-y-leon-publicacion\/https:\/\/editorial.tirant.com\/mex\/libro\/los-mundos-ibericos-como-horizonte-metodologico-homenaje-a-isabel-aguirre-landa-juan-francisco-pardo-molero-9788418656361\u00a0\" class=\"qodef-m-banner-link\" target=\"_self\"><\/a>\n<\/div>\n\t\t\t\t<\/div>\n\t\t\t\t<\/div>\n\t\t\t\t<div class=\"elementor-element elementor-element-e609089 elementor-widget elementor-widget-text-editor\" data-id=\"e609089\" data-element_type=\"widget\" data-widget_type=\"text-editor.default\">\n\t\t\t\t<div class=\"elementor-widget-container\">\n\t\t\t\t\t\t\t\t\t<p style=\"text-align: justify;\"><strong><u>Cap\u00edtulo de libro<\/u>: \u00abLa mesa de la abolici\u00f3n de la Constituci\u00f3n de C\u00e1diz, patrimonio de la Universidad de Salamanca: un estudio desde la perspectiva de la justicia social\u00bb\u00a0en\u00a0<em>Identidad y conflicto en Castilla y Le\u00f3n<\/em>.<\/strong><\/p>\n<p style=\"text-align: left;\">M\u00e1s informaci\u00f3n en:<span>\u00a0<\/span><a href=\"https:\/\/www.institutodelasidentidades.es\/no-54-identidad-y-salud-en-castilla-y-leon\/\">https:\/\/www.institutodelasidentidades.es\/identidad-y-conflicto-en-castilla-y-leon-publicacion\/https:\/\/editorial.tirant.com\/mex\/libro\/los-mundos-ibericos-como-horizonte-metodologico-homenaje-a-isabel-aguirre-landa-juan-francisco-pardo-molero-9788418656361\u00a0<\/a><\/p>\n<p style=\"text-align: justify;\">Ladr\u00f3n de Guevara Zuzunaga, Mariana y Ajenjo L\u00f3pez, Pablo.<span>\u00a0<\/span><span>\u00ab<\/span>La mesa de la abolici\u00f3n de la Constituci\u00f3n de C\u00e1diz, patrimonio de la Universidad de Salamanca: un estudio desde la perspectiva de la justicia social<span>\u00bb<\/span>, en<span>\u00a0<\/span><em>Identidad y conflicto en Castilla y Le\u00f3n<\/em>, Diputaci\u00f3n de Salamanca, Salamanca, 2022, 61-80.<\/p>\t\t\t\t\t\t\t\t<\/div>\n\t\t\t\t<\/div>\n\t\t\t\t\t<\/div>\n\t\t<\/div>\n\t\t\t\t\t<\/div>\n\t\t<\/section>\n\t\t\t\t<\/div>\n\t\t","protected":false},"excerpt":{"rendered":"<p>Geometry, Frans Floris (1557) Estudios sobre Europa, el mundo mediterr\u00e1neoy su difusi\u00f3n atl\u00e1ntica(HUM 680) Art\u00edculo: \u00abReconstruyendo la trayectoria de un cl\u00e9rigo ilustrado en los Andes: Juan Domingo de Zam\u00e1cola y J\u00e1uregui (1746-1823), un \u00abarequipe\u00f1o universal\u00bb\u00bb, en Investigaciones Hist\u00f3ricas, \u00e9poca moderna y contempor\u00e1nea. LADR\u00d3N DE GUEVARA ZUZUNAGA, Mariana, \u201cReconstruyendo la trayectoria [&hellip;]<\/p>\n","protected":false},"author":1,"featured_media":0,"parent":0,"menu_order":0,"comment_status":"closed","ping_status":"closed","template":"page-templates\/template-pagebuilder-full-width.php","meta":{"footnotes":""},"_links":{"self":[{"href":"https:\/\/www.upo.es\/investiga\/HUM-680\/wp-json\/wp\/v2\/pages\/3855"}],"collection":[{"href":"https:\/\/www.upo.es\/investiga\/HUM-680\/wp-json\/wp\/v2\/pages"}],"about":[{"href":"https:\/\/www.upo.es\/investiga\/HUM-680\/wp-json\/wp\/v2\/types\/page"}],"author":[{"embeddable":true,"href":"https:\/\/www.upo.es\/investiga\/HUM-680\/wp-json\/wp\/v2\/users\/1"}],"replies":[{"embeddable":true,"href":"https:\/\/www.upo.es\/investiga\/HUM-680\/wp-json\/wp\/v2\/comments?post=3855"}],"version-history":[{"count":16,"href":"https:\/\/www.upo.es\/investiga\/HUM-680\/wp-json\/wp\/v2\/pages\/3855\/revisions"}],"predecessor-version":[{"id":5163,"href":"https:\/\/www.upo.es\/investiga\/HUM-680\/wp-json\/wp\/v2\/pages\/3855\/revisions\/5163"}],"wp:attachment":[{"href":"https:\/\/www.upo.es\/investiga\/HUM-680\/wp-json\/wp\/v2\/media?parent=3855"}],"curies":[{"name":"wp","href":"https:\/\/api.w.org\/{rel}","templated":true}]}}