{"id":3947,"date":"2024-12-21T18:31:07","date_gmt":"2024-12-21T18:31:07","guid":{"rendered":"https:\/\/www.upo.es\/investiga\/HUM-680\/?page_id=3947"},"modified":"2026-02-23T17:22:17","modified_gmt":"2026-02-23T17:22:17","slug":"manuel-herrero-sanchez-publications","status":"publish","type":"page","link":"https:\/\/www.upo.es\/investiga\/HUM-680\/en\/manuel-herrero-sanchez-publications\/","title":{"rendered":"Manuel Herrero S\u00e1nchez \u2013 Publications"},"content":{"rendered":"\t\t<div data-elementor-type=\"wp-page\" data-elementor-id=\"3947\" class=\"elementor elementor-3947\">\n\t\t\t\t\t\t<section class=\"elementor-section elementor-top-section elementor-element elementor-element-2ca96df elementor-section-full_width elementor-section-stretched elementor-section-height-default elementor-section-height-default\" data-id=\"2ca96df\" data-element_type=\"section\" data-settings=\"{&quot;stretch_section&quot;:&quot;section-stretched&quot;,&quot;background_background&quot;:&quot;classic&quot;}\">\n\t\t\t\t\t\t<div class=\"elementor-container elementor-column-gap-default\">\n\t\t\t\t\t<div class=\"elementor-column elementor-col-100 elementor-top-column elementor-element elementor-element-862e2b6\" data-id=\"862e2b6\" data-element_type=\"column\">\n\t\t\t<div class=\"elementor-widget-wrap elementor-element-populated\">\n\t\t\t\t\t\t<div class=\"elementor-element elementor-element-6bd2b78 elementor-widget elementor-widget-text-editor\" data-id=\"6bd2b78\" data-element_type=\"widget\" data-widget_type=\"text-editor.default\">\n\t\t\t\t<div class=\"elementor-widget-container\">\n\t\t\t\t\t\t\t\t\t<p style=\"text-align: right;\"><em>Geometry<\/em>, Frans Floris (1557)<\/p>\t\t\t\t\t\t\t\t<\/div>\n\t\t\t\t<\/div>\n\t\t\t\t<div class=\"elementor-element elementor-element-14b3cbf elementor-widget__width-initial elementor-widget elementor-widget-heading\" data-id=\"14b3cbf\" data-element_type=\"widget\" data-widget_type=\"heading.default\">\n\t\t\t\t<div class=\"elementor-widget-container\">\n\t\t\t\t\t<h2 class=\"elementor-heading-title elementor-size-default\">Estudios sobre Europa, <br>el mundo mediterr\u00e1neo<br>y su difusi\u00f3n atl\u00e1ntica<br>(HUM 680)<\/h2>\t\t\t\t<\/div>\n\t\t\t\t<\/div>\n\t\t\t\t\t<\/div>\n\t\t<\/div>\n\t\t\t\t\t<\/div>\n\t\t<\/section>\n\t\t\t\t<section class=\"elementor-section elementor-top-section elementor-element elementor-element-55ea8e5 elementor-section-boxed elementor-section-height-default elementor-section-height-default\" data-id=\"55ea8e5\" data-element_type=\"section\">\n\t\t\t\t\t\t<div class=\"elementor-container elementor-column-gap-default\">\n\t\t\t\t\t<div class=\"elementor-column elementor-col-100 elementor-top-column elementor-element elementor-element-d6da1f2\" data-id=\"d6da1f2\" data-element_type=\"column\">\n\t\t\t<div class=\"elementor-widget-wrap elementor-element-populated\">\n\t\t\t\t\t\t<div class=\"elementor-element elementor-element-82f6f33 elementor-widget elementor-widget-spacer\" data-id=\"82f6f33\" data-element_type=\"widget\" data-widget_type=\"spacer.default\">\n\t\t\t\t<div class=\"elementor-widget-container\">\n\t\t\t\t\t\t\t<div class=\"elementor-spacer\">\n\t\t\t<div class=\"elementor-spacer-inner\"><\/div>\n\t\t<\/div>\n\t\t\t\t\t\t<\/div>\n\t\t\t\t<\/div>\n\t\t\t\t\t<\/div>\n\t\t<\/div>\n\t\t\t\t\t<\/div>\n\t\t<\/section>\n\t\t\t\t<section class=\"elementor-section elementor-top-section elementor-element elementor-element-5c628cb elementor-section-boxed elementor-section-height-default elementor-section-height-default\" data-id=\"5c628cb\" data-element_type=\"section\">\n\t\t\t\t\t\t<div class=\"elementor-container elementor-column-gap-default\">\n\t\t\t\t\t<div class=\"elementor-column elementor-col-33 elementor-top-column elementor-element elementor-element-5052fbf\" data-id=\"5052fbf\" data-element_type=\"column\">\n\t\t\t<div class=\"elementor-widget-wrap elementor-element-populated\">\n\t\t\t\t\t\t<div class=\"elementor-element elementor-element-d212e14 elementor-widget elementor-widget-qi_addons_for_elementor_banner\" data-id=\"d212e14\" data-element_type=\"widget\" data-widget_type=\"qi_addons_for_elementor_banner.default\">\n\t\t\t\t<div class=\"elementor-widget-container\">\n\t\t\t\t\t<div class=\"qodef-shortcode qodef-m qodef-qi-banner qodef-layout--standard qodef-vertical--bottom qodef-horizontal--left qodef-image--hover-zoom\">\n\t<div class=\"qodef-m-image\">\n\t<img fetchpriority=\"high\" decoding=\"async\" width=\"1725\" height=\"2560\" src=\"https:\/\/www.upo.es\/investiga\/HUM-680\/wp-content\/uploads\/2026\/02\/9788419892607-scaled.jpg\" class=\"attachment-full size-full\" alt=\"\" srcset=\"https:\/\/www.upo.es\/investiga\/HUM-680\/wp-content\/uploads\/2026\/02\/9788419892607-scaled.jpg 1725w, https:\/\/www.upo.es\/investiga\/HUM-680\/wp-content\/uploads\/2026\/02\/9788419892607-202x300.jpg 202w, https:\/\/www.upo.es\/investiga\/HUM-680\/wp-content\/uploads\/2026\/02\/9788419892607-690x1024.jpg 690w, https:\/\/www.upo.es\/investiga\/HUM-680\/wp-content\/uploads\/2026\/02\/9788419892607-768x1140.jpg 768w, https:\/\/www.upo.es\/investiga\/HUM-680\/wp-content\/uploads\/2026\/02\/9788419892607-1035x1536.jpg 1035w, https:\/\/www.upo.es\/investiga\/HUM-680\/wp-content\/uploads\/2026\/02\/9788419892607-1380x2048.jpg 1380w\" sizes=\"(max-width: 1725px) 100vw, 1725px\" \/><\/div>\n\t<div class=\"qodef-m-content\">\n\t\t<div class=\"qodef-m-content-inner\">\n\t\t\t\t\t\t\t\t\t\t\t\t\t\t<\/div>\n\t<\/div>\n\t\t<a itemprop=\"url\" href=\"https:\/\/editorial.tirant.com\/mex\/libro\/los-mundos-ibericos-como-horizonte-metodologico-homenaje-a-isabel-aguirre-landa-juan-francisco-pardo-molero-9788418656361\" class=\"qodef-m-banner-link\" target=\"_self\"><\/a>\n<\/div>\n\t\t\t\t<\/div>\n\t\t\t\t<\/div>\n\t\t\t\t<div class=\"elementor-element elementor-element-5a5758f elementor-widget elementor-widget-text-editor\" data-id=\"5a5758f\" data-element_type=\"widget\" data-widget_type=\"text-editor.default\">\n\t\t\t\t<div class=\"elementor-widget-container\">\n\t\t\t\t\t\t\t\t\t<p style=\"text-align: justify;\"><span style=\"font-size: 14px; font-weight: bold; text-decoration-line: underline;\">Book chapter<\/span><b style=\"font-size: 14px;\">: \u00ab<\/b><b>La monarqu\u00eda hisp\u00e1nica, un agregado imperial polic\u00e9ntrico de rep\u00fablicas urbanas<\/b><b style=\"font-size: 14px;\">\u00bb in <em>La vertebraci\u00f3n de Espa\u00f1a. Culturas pol\u00edticas, organizaci\u00f3n institucional y entramados sociales en la primera modernidad espa\u00f1ola (siglos XVI-XIX)<\/em><\/b><em style=\"font-size: 14px; font-weight: bold;\">.<\/em><\/p><p style=\"font-size: 14px; text-align: left;\">Available in: <a href=\"https:\/\/www.marcialpons.es\/libros\/la-vertebracion-de-espana\/9788419892607\/\">https:\/\/www.marcialpons.es\/libros\/la-vertebracion-de-espana\/9788419892607\/<\/a><\/p><p style=\"font-size: 14px; text-align: justify;\">Herrero S\u00e1nchez, M., \u00abLa monarqu\u00eda hisp\u00e1nica, un agregado imperial polic\u00e9ntrico de rep\u00fablicas urbanas\u00bb en Jos\u00e9 Mar\u00eda Im\u00edzcoz, Andoni Artola Renedo, Javier Esteban Ochoa de Eribe (eds.), <em>La vertebraci\u00f3n de Espa\u00f1a. Culturas pol\u00edticas, organizaci\u00f3n institucional y entramados sociales en la primera modernidad espa\u00f1ola (siglos XVI-XIX)<\/em>, Marcial Pons, Ediciones de Historia, 2026, <span>pp. 137-160.<\/span><\/p>\t\t\t\t\t\t\t\t<\/div>\n\t\t\t\t<\/div>\n\t\t\t\t<div class=\"elementor-element elementor-element-5114e47 elementor-widget elementor-widget-qi_addons_for_elementor_banner\" data-id=\"5114e47\" data-element_type=\"widget\" data-widget_type=\"qi_addons_for_elementor_banner.default\">\n\t\t\t\t<div class=\"elementor-widget-container\">\n\t\t\t\t\t<div class=\"qodef-shortcode qodef-m qodef-qi-banner qodef-layout--standard qodef-vertical--bottom qodef-horizontal--left qodef-image--hover-zoom\">\n\t<div class=\"qodef-m-image\">\n\t<img decoding=\"async\" width=\"600\" height=\"884\" src=\"https:\/\/www.upo.es\/investiga\/HUM-680\/wp-content\/uploads\/2025\/02\/bifonte.png\" class=\"attachment-qi_addons_for_elementor_image_size_portrait size-qi_addons_for_elementor_image_size_portrait\" alt=\"\" srcset=\"https:\/\/www.upo.es\/investiga\/HUM-680\/wp-content\/uploads\/2025\/02\/bifonte.png 600w, https:\/\/www.upo.es\/investiga\/HUM-680\/wp-content\/uploads\/2025\/02\/bifonte-204x300.png 204w\" sizes=\"(max-width: 600px) 100vw, 600px\" \/><\/div>\n\t<div class=\"qodef-m-content\">\n\t\t<div class=\"qodef-m-content-inner\">\n\t\t\t\t\t\t\t\t\t\t\t\t\t\t<\/div>\n\t<\/div>\n\t\t<a itemprop=\"url\" href=\"https:\/\/www.iberoamericana-vervuert.es\/indices\/indice_R234369.pdf\" class=\"qodef-m-banner-link\" target=\"_self\"><\/a>\n<\/div>\n\t\t\t\t<\/div>\n\t\t\t\t<\/div>\n\t\t\t\t<div class=\"elementor-element elementor-element-b31dc2e elementor-widget elementor-widget-text-editor\" data-id=\"b31dc2e\" data-element_type=\"widget\" data-widget_type=\"text-editor.default\">\n\t\t\t\t<div class=\"elementor-widget-container\">\n\t\t\t\t\t\t\t\t\t<p style=\"text-align: justify;\"><strong><span style=\"text-decoration: underline;\">Book chapter<\/span>: \u00ab<\/strong><b>Carlos II y los Pa\u00edses Bajos espa\u00f1oles: defensa territorial, gobierno\u00a0<\/b><b style=\"font-size: inherit;\">pol\u00edtico e intereses mercantilistas<\/b><strong style=\"font-size: inherit;\">\u00bb en\u00a0<\/strong><b><i>Bifronte imperio de dos mundos:\u00a0<\/i><\/b><b style=\"font-size: inherit;\"><i>la monarqu\u00eda de Carlos II en Europa y Am\u00e9rica<\/i><\/b><strong style=\"font-size: inherit;\"><em>.<\/em><\/strong><\/p><p style=\"text-align: left;\">Available in: <a href=\"https:\/\/libros.colmex.mx\/tienda\/el-espejo-de-las-indias-occidentales-un-mundo-de-mundos-interaccion-y-reciprocidades\/\" target=\"_blank\" rel=\"noopener noreferrer\">https:\/\/www.iberoamericana-vervuert.es\/FichaLibro.aspx?P1=234369https:\/\/libros.colmex.mx\/tienda\/el-espejo-de-las-indias-occidentales-un-mundo-de-mundos-interaccion-y-reciprocidades\/<\/a><\/p><p style=\"text-align: justify;\"><span style=\"font-size: inherit;\">Bravo Lozano, C. y Herrero S\u00e1nchez, M, <span>\u00abCarlos II y los Pa\u00edses Bajos espa\u00f1oles: defensa territorial, gobierno\u00a0pol\u00edtico e intereses mercantilistas<\/span><span>\u00bb<\/span> in <\/span>Antonio \u00c1lvarez-Ossorio Alvari\u00f1o, Cristina Bravo Lozano, Roberto Quir\u00f3s Rosado (eds.)<em style=\"font-size: inherit;\">, <\/em><em><span id=\"MainContent_titulo\">Bifronte imperio de dos mundos <\/span><span id=\"MainContent_subtitulo\">la monarqu\u00eda de Carlos II en Europa y Am\u00e9rica<\/span><\/em><em style=\"font-size: inherit;\"><\/em><span style=\"font-size: inherit;\">, Madrid, Iberoamericana Vervuert, 2025, pp. 437-483.<\/span><span style=\"font-size: inherit;\">\u00a0<\/span><\/p>\t\t\t\t\t\t\t\t<\/div>\n\t\t\t\t<\/div>\n\t\t\t\t<div class=\"elementor-element elementor-element-2d1ef01 elementor-widget elementor-widget-qi_addons_for_elementor_banner\" data-id=\"2d1ef01\" data-element_type=\"widget\" data-widget_type=\"qi_addons_for_elementor_banner.default\">\n\t\t\t\t<div class=\"elementor-widget-container\">\n\t\t\t\t\t<div class=\"qodef-shortcode qodef-m qodef-qi-banner qodef-layout--standard qodef-vertical--bottom qodef-horizontal--left qodef-image--hover-zoom\">\n\t<div class=\"qodef-m-image\">\n\t<img decoding=\"async\" width=\"600\" height=\"884\" src=\"https:\/\/www.upo.es\/investiga\/HUM-680\/wp-content\/uploads\/2024\/12\/Captura-de-pantalla-2024-12-21-121029-1.png\" class=\"attachment-qi_addons_for_elementor_image_size_portrait size-qi_addons_for_elementor_image_size_portrait\" alt=\"\" srcset=\"https:\/\/www.upo.es\/investiga\/HUM-680\/wp-content\/uploads\/2024\/12\/Captura-de-pantalla-2024-12-21-121029-1.png 600w, https:\/\/www.upo.es\/investiga\/HUM-680\/wp-content\/uploads\/2024\/12\/Captura-de-pantalla-2024-12-21-121029-1-204x300.png 204w\" sizes=\"(max-width: 600px) 100vw, 600px\" \/><\/div>\n\t<div class=\"qodef-m-content\">\n\t\t<div class=\"qodef-m-content-inner\">\n\t\t\t\t\t\t\t\t\t\t\t\t\t\t<\/div>\n\t<\/div>\n\t\t<a itemprop=\"url\" href=\"https:\/\/editorial.tirant.com\/mex\/libro\/los-mundos-ibericos-como-horizonte-metodologico-homenaje-a-isabel-aguirre-landa-juan-francisco-pardo-molero-9788418656361\" class=\"qodef-m-banner-link\" target=\"_self\"><\/a>\n<\/div>\n\t\t\t\t<\/div>\n\t\t\t\t<\/div>\n\t\t\t\t<div class=\"elementor-element elementor-element-7a72e04 elementor-widget elementor-widget-text-editor\" data-id=\"7a72e04\" data-element_type=\"widget\" data-widget_type=\"text-editor.default\">\n\t\t\t\t<div class=\"elementor-widget-container\">\n\t\t\t\t\t\t\t\t\t<p style=\"text-align: justify;\"><strong><span><span style=\"text-decoration: underline;\">Book chapter<\/span>: \u00ab<\/span><span>Agentes, redes y conectores en espacios pol\u00edticos con soberan\u00edas fragmentadas. El entramado diplom\u00e1tico de Francisco Manuel de Lira desde la embajada de Espa\u00f1a en La Haya durante la guerra de Holanda\u00bb<\/span> in<span>\u00a0<\/span><em>Los mundos ib\u00e9ricos como horizonte metodol\u00f3gico.<\/em><\/strong><\/p><p style=\"text-align: left;\">Available in:<span>\u00a0<\/span><a href=\"https:\/\/editorial.tirant.com\/mex\/libro\/los-mundos-ibericos-como-horizonte-metodologico-homenaje-a-isabel-aguirre-landa-juan-francisco-pardo-molero-9788418656361\">https:\/\/editorial.tirant.com\/mex\/libro\/los-mundos-ibericos-como-horizonte-metodologico-homenaje-a-isabel-aguirre-landa-juan-francisco-pardo-molero-9788418656361<\/a><\/p><p style=\"text-align: justify;\"><span>Herrero S\u00e1nchez, M., \u00abAgentes, redes y conectores en espacios pol\u00edticos con soberan\u00edas fragmentadas. El entramado diplom\u00e1tico de Francisco Manuel de Lira desde la embajada de Espa\u00f1a en La Haya durante la guerra de Holanda\u00bb in Juan Francisco Pardo Molero y Jos\u00e9 Javier Ruiz Ib\u00e1\u00f1ez (dirs.), <\/span><em>Los mundos ib\u00e9ricos como horizonte metodol\u00f3gico<\/em><span>, Tirant Lo Blanch, Valencia, 2022, pp. 563-606. ISBN 978-84-18-65-6361.<\/span><\/p>\t\t\t\t\t\t\t\t<\/div>\n\t\t\t\t<\/div>\n\t\t\t\t\t<\/div>\n\t\t<\/div>\n\t\t\t\t<div class=\"elementor-column elementor-col-33 elementor-top-column elementor-element elementor-element-10b4270\" data-id=\"10b4270\" data-element_type=\"column\">\n\t\t\t<div class=\"elementor-widget-wrap elementor-element-populated\">\n\t\t\t\t\t\t<div class=\"elementor-element elementor-element-799041c elementor-widget elementor-widget-qi_addons_for_elementor_banner\" data-id=\"799041c\" data-element_type=\"widget\" data-widget_type=\"qi_addons_for_elementor_banner.default\">\n\t\t\t\t<div class=\"elementor-widget-container\">\n\t\t\t\t\t<div class=\"qodef-shortcode qodef-m qodef-qi-banner qodef-layout--standard qodef-vertical--bottom qodef-horizontal--left qodef-image--hover-zoom\">\n\t<div class=\"qodef-m-image\">\n\t<img loading=\"lazy\" decoding=\"async\" width=\"1683\" height=\"2560\" src=\"https:\/\/www.upo.es\/investiga\/HUM-680\/wp-content\/uploads\/2025\/12\/Portada-libro-Asiento-1-scaled.jpg\" class=\"attachment-full size-full\" alt=\"\" srcset=\"https:\/\/www.upo.es\/investiga\/HUM-680\/wp-content\/uploads\/2025\/12\/Portada-libro-Asiento-1-scaled.jpg 1683w, https:\/\/www.upo.es\/investiga\/HUM-680\/wp-content\/uploads\/2025\/12\/Portada-libro-Asiento-1-197x300.jpg 197w, https:\/\/www.upo.es\/investiga\/HUM-680\/wp-content\/uploads\/2025\/12\/Portada-libro-Asiento-1-673x1024.jpg 673w, https:\/\/www.upo.es\/investiga\/HUM-680\/wp-content\/uploads\/2025\/12\/Portada-libro-Asiento-1-768x1168.jpg 768w, https:\/\/www.upo.es\/investiga\/HUM-680\/wp-content\/uploads\/2025\/12\/Portada-libro-Asiento-1-1010x1536.jpg 1010w, https:\/\/www.upo.es\/investiga\/HUM-680\/wp-content\/uploads\/2025\/12\/Portada-libro-Asiento-1-1346x2048.jpg 1346w\" sizes=\"(max-width: 1683px) 100vw, 1683px\" \/><\/div>\n\t<div class=\"qodef-m-content\">\n\t\t<div class=\"qodef-m-content-inner\">\n\t\t\t\t\t\t\t\t\t\t\t\t\t\t<\/div>\n\t<\/div>\n\t\t<a itemprop=\"url\" href=\"https:\/\/brill.com\/display\/title\/65111?srsltid=AfmBOoqPksenBJoeijVlGWN1ezrAv4qp8ChsvlN2xmR0CL3HO36B4c32\" class=\"qodef-m-banner-link\" target=\"_self\"><\/a>\n<\/div>\n\t\t\t\t<\/div>\n\t\t\t\t<\/div>\n\t\t\t\t<div class=\"elementor-element elementor-element-53ecc79 elementor-widget elementor-widget-text-editor\" data-id=\"53ecc79\" data-element_type=\"widget\" data-widget_type=\"text-editor.default\">\n\t\t\t\t<div class=\"elementor-widget-container\">\n\t\t\t\t\t\t\t\t\t<p style=\"font-size: 14px; text-align: justify;\"><strong><span style=\"text-decoration-line: underline;\">Book<\/span>: <em>The Asiento System and the Transatlantic Trade in Enslaved Africans (circa 1580\u20131750)<\/em><\/strong><\/p><p style=\"font-size: 14px; text-align: left;\">Available in: <a href=\"https:\/\/brill.com\/display\/title\/65111?srsltid=AfmBOoqPksenBJoeijVlGWN1ezrAv4qp8ChsvlN2xmR0CL3HO36B4c32\">https:\/\/brill.com\/display\/title\/65111?srsltid=AfmBOoqPksenBJoeijVlGWN1ezrAv4qp8ChsvlN2xmR0CL3HO36B4c32<\/a> (from the 18th of December)<\/p><p>Introduction (Open Access) in Google Books: <a href=\"https:\/\/books.google.es\/books?hl=es&amp;lr=&amp;id=ixSfEQAAQBAJ&amp;oi=fnd&amp;pg=PA193&amp;ots=Fb4lnFp40n&amp;sig=WpCFJoxAcPFJSMtun_0ZUWuFY-4#v=onepage&amp;q&amp;f=false\">https:\/\/books.google.es\/books?hl=es&amp;lr=&amp;id=ixSfEQAAQBAJ&amp;oi=fnd&amp;pg=PA193&amp;ots=Fb4lnFp40n&amp;sig=WpCFJoxAcPFJSMtun_0ZUWuFY-4#v=onepage&amp;q&amp;f=false<\/a>\u00a0<\/p>\t\t\t\t\t\t\t\t<\/div>\n\t\t\t\t<\/div>\n\t\t\t\t<div class=\"elementor-element elementor-element-0f0e77c elementor-widget elementor-widget-qi_addons_for_elementor_banner\" data-id=\"0f0e77c\" data-element_type=\"widget\" data-widget_type=\"qi_addons_for_elementor_banner.default\">\n\t\t\t\t<div class=\"elementor-widget-container\">\n\t\t\t\t\t<div class=\"qodef-shortcode qodef-m qodef-qi-banner qodef-layout--standard qodef-vertical--bottom qodef-horizontal--left qodef-image--hover-zoom\">\n\t<div class=\"qodef-m-image\">\n\t<img loading=\"lazy\" decoding=\"async\" width=\"600\" height=\"884\" src=\"https:\/\/www.upo.es\/investiga\/HUM-680\/wp-content\/uploads\/2024\/12\/H490.jpg\" class=\"attachment-qi_addons_for_elementor_image_size_portrait size-qi_addons_for_elementor_image_size_portrait\" alt=\"\" srcset=\"https:\/\/www.upo.es\/investiga\/HUM-680\/wp-content\/uploads\/2024\/12\/H490.jpg 600w, https:\/\/www.upo.es\/investiga\/HUM-680\/wp-content\/uploads\/2024\/12\/H490-204x300.jpg 204w\" sizes=\"(max-width: 600px) 100vw, 600px\" \/><\/div>\n\t<div class=\"qodef-m-content\">\n\t\t<div class=\"qodef-m-content-inner\">\n\t\t\t\t\t\t\t\t\t\t\t\t\t\t<\/div>\n\t<\/div>\n\t\t<a itemprop=\"url\" href=\"https:\/\/libros.colmex.mx\/tienda\/el-espejo-de-las-indias-occidentales-un-mundo-de-mundos-interaccion-y-reciprocidades\/\" class=\"qodef-m-banner-link\" target=\"_self\"><\/a>\n<\/div>\n\t\t\t\t<\/div>\n\t\t\t\t<\/div>\n\t\t\t\t<div class=\"elementor-element elementor-element-ff9312d elementor-widget elementor-widget-text-editor\" data-id=\"ff9312d\" data-element_type=\"widget\" data-widget_type=\"text-editor.default\">\n\t\t\t\t<div class=\"elementor-widget-container\">\n\t\t\t\t\t\t\t\t\t<div class=\"elementor-element elementor-element-3959695 elementor-widget elementor-widget-text-editor\" data-id=\"3959695\" data-element_type=\"widget\" data-widget_type=\"text-editor.default\"><div class=\"elementor-widget-container\"><p style=\"text-align: justify;\"><strong><span style=\"text-decoration: underline;\">Book chapter<\/span>: \u201cCiudades e Imperio. La dimensi\u00f3n ultramarina de una monarqu\u00eda de rep\u00fablicas urbanas\u201d in<span>\u00a0<\/span><em>El espejo de las Indias Occidentales. Un mundo de mundos: interacci\u00f3n y reciprocidades.<\/em><\/strong><\/p><\/div><\/div><div class=\"elementor-element elementor-element-16e419d elementor-widget elementor-widget-text-editor\" data-id=\"16e419d\" data-element_type=\"widget\" data-widget_type=\"text-editor.default\"><div class=\"elementor-widget-container\"><p style=\"text-align: left;\">Available in:<span>\u00a0<\/span><a href=\"https:\/\/libros.colmex.mx\/tienda\/el-espejo-de-las-indias-occidentales-un-mundo-de-mundos-interaccion-y-reciprocidades\/\" target=\"_blank\" rel=\"noopener noreferrer\">https:\/\/libros.colmex.mx\/tienda\/el-espejo-de-las-indias-occidentales-un-mundo-de-mundos-interaccion-y-reciprocidades\/<\/a><\/p><p style=\"text-align: justify;\"><span>Herrero S\u00e1nchez, M, \u00abCiudades e Imperio. La dimensi\u00f3n ultramarina de una monarqu\u00eda de rep\u00fablicas urbanas\u00bb in \u00d3scar Maz\u00edn y Gibr\u00e1n Bautista y Lugo (eds<\/span><em>.), El espejo de las Indias Occidentales. Un mundo de mundos: interacci\u00f3n y reciprocidades<\/em><span>, M\u00e9xico, UNAM\/Colegio de M\u00e9xico, 2023, pp. 499-526.<\/span><span>\u00a0<\/span><\/p><\/div><\/div>\t\t\t\t\t\t\t\t<\/div>\n\t\t\t\t<\/div>\n\t\t\t\t\t<\/div>\n\t\t<\/div>\n\t\t\t\t<div class=\"elementor-column elementor-col-33 elementor-top-column elementor-element elementor-element-9676494\" data-id=\"9676494\" data-element_type=\"column\">\n\t\t\t<div class=\"elementor-widget-wrap elementor-element-populated\">\n\t\t\t\t\t\t<div class=\"elementor-element elementor-element-a5b3711 elementor-widget elementor-widget-qi_addons_for_elementor_banner\" data-id=\"a5b3711\" data-element_type=\"widget\" data-widget_type=\"qi_addons_for_elementor_banner.default\">\n\t\t\t\t<div class=\"elementor-widget-container\">\n\t\t\t\t\t<div class=\"qodef-shortcode qodef-m qodef-qi-banner qodef-layout--standard qodef-vertical--bottom qodef-horizontal--left qodef-image--hover-zoom\">\n\t<div class=\"qodef-m-image\">\n\t<img loading=\"lazy\" decoding=\"async\" width=\"427\" height=\"648\" src=\"https:\/\/www.upo.es\/investiga\/HUM-680\/wp-content\/uploads\/2025\/12\/9781316518410i-1.jpg\" class=\"attachment-qi_addons_for_elementor_image_size_portrait size-qi_addons_for_elementor_image_size_portrait\" alt=\"\" srcset=\"https:\/\/www.upo.es\/investiga\/HUM-680\/wp-content\/uploads\/2025\/12\/9781316518410i-1.jpg 427w, https:\/\/www.upo.es\/investiga\/HUM-680\/wp-content\/uploads\/2025\/12\/9781316518410i-1-198x300.jpg 198w\" sizes=\"(max-width: 427px) 100vw, 427px\" \/><\/div>\n\t<div class=\"qodef-m-content\">\n\t\t<div class=\"qodef-m-content-inner\">\n\t\t\t\t\t\t\t\t\t\t\t\t\t\t<\/div>\n\t<\/div>\n\t\t<a itemprop=\"url\" href=\"https:\/\/libros.colmex.mx\/tienda\/el-espejo-de-las-indias-occidentales-un-mundo-de-mundos-interaccion-y-reciprocidades\/\" class=\"qodef-m-banner-link\" target=\"_self\"><\/a>\n<\/div>\n\t\t\t\t<\/div>\n\t\t\t\t<\/div>\n\t\t\t\t<div class=\"elementor-element elementor-element-0e0bc24 elementor-widget elementor-widget-text-editor\" data-id=\"0e0bc24\" data-element_type=\"widget\" data-widget_type=\"text-editor.default\">\n\t\t\t\t<div class=\"elementor-widget-container\">\n\t\t\t\t\t\t\t\t\t<div class=\"elementor-element elementor-element-3959695 elementor-widget elementor-widget-text-editor\" data-id=\"3959695\" data-element_type=\"widget\" data-widget_type=\"text-editor.default\"><div class=\"elementor-widget-container\"><p style=\"text-align: justify;\"><strong><span style=\"text-decoration: underline;\">Book chapter<\/span>: \u00abCities in European political thought and practice\u00bb in <em>The Cambridge Urban History of Europe. Volume 2: Medieval and Early Modern Europe.<\/em><\/strong><\/p><\/div><\/div><div class=\"elementor-element elementor-element-16e419d elementor-widget elementor-widget-text-editor\" data-id=\"16e419d\" data-element_type=\"widget\" data-widget_type=\"text-editor.default\"><div class=\"elementor-widget-container\"><p style=\"text-align: left;\">Available in: <a href=\"https:\/\/www.cambridge.org\/es\/universitypress\/subjects\/history\/european-history-general-interest\/cambridge-urban-history-europe-volume-2?format=HB&amp;isbn=9781316518410\"><span>https:\/\/www.cambridge.org\/es\/universitypress\/subjects\/history\/european-history-general-interest\/cambridge-urban-history-europe-volume-2?format=HB&amp;isbn=9781316518410<\/span><\/a><\/p><p style=\"text-align: justify;\">Herrero S\u00e1nchez, M., \u00ab<span>Cities in European political thought and practice<\/span>\u00bb in Patrick Lantschner, Maarten Prak (eds.), <em>The Cambridge Urban History of Europe. Volume 2: Medieval and Early Modern Europe<\/em>, Cambridge University Press, 2025.\u00a0<\/p><\/div><\/div>\t\t\t\t\t\t\t\t<\/div>\n\t\t\t\t<\/div>\n\t\t\t\t<div class=\"elementor-element elementor-element-99c49a4 elementor-widget elementor-widget-qi_addons_for_elementor_banner\" data-id=\"99c49a4\" data-element_type=\"widget\" data-widget_type=\"qi_addons_for_elementor_banner.default\">\n\t\t\t\t<div class=\"elementor-widget-container\">\n\t\t\t\t\t<div class=\"qodef-shortcode qodef-m qodef-qi-banner qodef-layout--standard qodef-vertical--bottom qodef-horizontal--left qodef-image--hover-zoom\">\n\t<div class=\"qodef-m-image\">\n\t<img loading=\"lazy\" decoding=\"async\" width=\"734\" height=\"1024\" src=\"https:\/\/www.upo.es\/investiga\/HUM-680\/wp-content\/uploads\/2025\/04\/cover_issue_669_en_US-734x1024.jpg\" class=\"attachment-large size-large\" alt=\"\" srcset=\"https:\/\/www.upo.es\/investiga\/HUM-680\/wp-content\/uploads\/2025\/04\/cover_issue_669_en_US-734x1024.jpg 734w, https:\/\/www.upo.es\/investiga\/HUM-680\/wp-content\/uploads\/2025\/04\/cover_issue_669_en_US-215x300.jpg 215w, https:\/\/www.upo.es\/investiga\/HUM-680\/wp-content\/uploads\/2025\/04\/cover_issue_669_en_US-768x1071.jpg 768w, https:\/\/www.upo.es\/investiga\/HUM-680\/wp-content\/uploads\/2025\/04\/cover_issue_669_en_US-1101x1536.jpg 1101w, https:\/\/www.upo.es\/investiga\/HUM-680\/wp-content\/uploads\/2025\/04\/cover_issue_669_en_US-1468x2048.jpg 1468w, https:\/\/www.upo.es\/investiga\/HUM-680\/wp-content\/uploads\/2025\/04\/cover_issue_669_en_US-scaled.jpg 1835w\" sizes=\"(max-width: 734px) 100vw, 734px\" \/><\/div>\n\t<div class=\"qodef-m-content\">\n\t\t<div class=\"qodef-m-content-inner\">\n\t\t\t\t\t\t\t\t\t\t\t\t\t\t<\/div>\n\t<\/div>\n\t\t<a itemprop=\"url\" href=\"https:\/\/uottawa.scholarsportal.info\/ottawa\/index.php\/rceh\/issue\/view\/669\u00a0\" class=\"qodef-m-banner-link\" target=\"_self\"><\/a>\n<\/div>\n\t\t\t\t<\/div>\n\t\t\t\t<\/div>\n\t\t\t\t<div class=\"elementor-element elementor-element-cd457d9 elementor-widget elementor-widget-text-editor\" data-id=\"cd457d9\" data-element_type=\"widget\" data-widget_type=\"text-editor.default\">\n\t\t\t\t<div class=\"elementor-widget-container\">\n\t\t\t\t\t\t\t\t\t<p style=\"text-align: justify;\"><strong><span><span style=\"text-decoration: underline;\">Article<\/span>: \u00abLa historia como disciplina p\u00fablica en tiempo de memoria. Imperios, conexiones y resistencias<\/span><span>\u00bb<\/span> in<em> Revista Canadiense de Estudios Hisp\u00e1nicos.<\/em><\/strong><\/p><p style=\"text-align: left;\">Available in:<span><a href=\"https:\/\/uottawa.scholarsportal.info\/ottawa\/index.php\/rceh\/issue\/view\/669\"> https:\/\/uottawa.scholarsportal.info\/ottawa\/index.php\/rceh\/issue\/view\/669<\/a>\u00a0<\/span><\/p><p style=\"text-align: justify;\">Herrero S\u00e1nchez, M. \u00abLa historia como disciplina p\u00fablica en tiempo de memoria. Imperios, conexiones y resistencias\u00bb, <em>Revista Canadiense de Estudios Hisp\u00e1nicos<\/em>, Vol. 46 No. 3 (2022), pp. 593-613 (2025-04-01), DOI: 10.18192\/rceh.v46i3.7077<\/p>\t\t\t\t\t\t\t\t<\/div>\n\t\t\t\t<\/div>\n\t\t\t\t\t<\/div>\n\t\t<\/div>\n\t\t\t\t\t<\/div>\n\t\t<\/section>\n\t\t\t\t<\/div>\n\t\t","protected":false},"excerpt":{"rendered":"<p>Geometry, Frans Floris (1557) Estudios sobre Europa, el mundo mediterr\u00e1neoy su difusi\u00f3n atl\u00e1ntica(HUM 680) Book chapter: \u00abLa monarqu\u00eda hisp\u00e1nica, un agregado imperial polic\u00e9ntrico de rep\u00fablicas urbanas\u00bb in La vertebraci\u00f3n de Espa\u00f1a. Culturas pol\u00edticas, organizaci\u00f3n institucional y entramados sociales en la primera modernidad espa\u00f1ola (siglos XVI-XIX). Available in: https:\/\/www.marcialpons.es\/libros\/la-vertebracion-de-espana\/9788419892607\/ Herrero S\u00e1nchez, [&hellip;]<\/p>\n","protected":false},"author":1,"featured_media":0,"parent":0,"menu_order":0,"comment_status":"closed","ping_status":"closed","template":"page-templates\/template-pagebuilder-full-width.php","meta":{"footnotes":""},"_links":{"self":[{"href":"https:\/\/www.upo.es\/investiga\/HUM-680\/wp-json\/wp\/v2\/pages\/3947"}],"collection":[{"href":"https:\/\/www.upo.es\/investiga\/HUM-680\/wp-json\/wp\/v2\/pages"}],"about":[{"href":"https:\/\/www.upo.es\/investiga\/HUM-680\/wp-json\/wp\/v2\/types\/page"}],"author":[{"embeddable":true,"href":"https:\/\/www.upo.es\/investiga\/HUM-680\/wp-json\/wp\/v2\/users\/1"}],"replies":[{"embeddable":true,"href":"https:\/\/www.upo.es\/investiga\/HUM-680\/wp-json\/wp\/v2\/comments?post=3947"}],"version-history":[{"count":28,"href":"https:\/\/www.upo.es\/investiga\/HUM-680\/wp-json\/wp\/v2\/pages\/3947\/revisions"}],"predecessor-version":[{"id":5447,"href":"https:\/\/www.upo.es\/investiga\/HUM-680\/wp-json\/wp\/v2\/pages\/3947\/revisions\/5447"}],"wp:attachment":[{"href":"https:\/\/www.upo.es\/investiga\/HUM-680\/wp-json\/wp\/v2\/media?parent=3947"}],"curies":[{"name":"wp","href":"https:\/\/api.w.org\/{rel}","templated":true}]}}