{"id":4738,"date":"2025-10-05T19:50:43","date_gmt":"2025-10-05T19:50:43","guid":{"rendered":"https:\/\/www.upo.es\/investiga\/HUM-680\/?page_id=4738"},"modified":"2025-10-05T20:08:29","modified_gmt":"2025-10-05T20:08:29","slug":"pablo-hernandez-sau-publications","status":"publish","type":"page","link":"https:\/\/www.upo.es\/investiga\/HUM-680\/en\/pablo-hernandez-sau-publications\/","title":{"rendered":"Pablo Hern\u00e1ndez Sau \u2013 Publications"},"content":{"rendered":"\t\t<div data-elementor-type=\"wp-page\" data-elementor-id=\"4738\" class=\"elementor elementor-4738\">\n\t\t\t\t\t\t<section class=\"elementor-section elementor-top-section elementor-element elementor-element-2882bf0 elementor-section-full_width elementor-section-stretched elementor-section-height-default elementor-section-height-default\" data-id=\"2882bf0\" data-element_type=\"section\" data-settings=\"{&quot;stretch_section&quot;:&quot;section-stretched&quot;,&quot;background_background&quot;:&quot;classic&quot;}\">\n\t\t\t\t\t\t<div class=\"elementor-container elementor-column-gap-default\">\n\t\t\t\t\t<div class=\"elementor-column elementor-col-100 elementor-top-column elementor-element elementor-element-197e877\" data-id=\"197e877\" data-element_type=\"column\">\n\t\t\t<div class=\"elementor-widget-wrap elementor-element-populated\">\n\t\t\t\t\t\t<div class=\"elementor-element elementor-element-a3582b2 elementor-widget elementor-widget-text-editor\" data-id=\"a3582b2\" data-element_type=\"widget\" data-widget_type=\"text-editor.default\">\n\t\t\t\t<div class=\"elementor-widget-container\">\n\t\t\t\t\t\t\t\t\t<p style=\"text-align: right;\"><em>Geometry<\/em>, Frans Floris (1557)<\/p>\t\t\t\t\t\t\t\t<\/div>\n\t\t\t\t<\/div>\n\t\t\t\t<div class=\"elementor-element elementor-element-b37b861 elementor-widget__width-initial elementor-widget elementor-widget-heading\" data-id=\"b37b861\" data-element_type=\"widget\" data-widget_type=\"heading.default\">\n\t\t\t\t<div class=\"elementor-widget-container\">\n\t\t\t\t\t<h2 class=\"elementor-heading-title elementor-size-default\">Estudios sobre Europa, <br>el mundo mediterr\u00e1neo<br>y su difusi\u00f3n atl\u00e1ntica<br>(HUM 680)<\/h2>\t\t\t\t<\/div>\n\t\t\t\t<\/div>\n\t\t\t\t\t<\/div>\n\t\t<\/div>\n\t\t\t\t\t<\/div>\n\t\t<\/section>\n\t\t\t\t<section class=\"elementor-section elementor-top-section elementor-element elementor-element-135ce2c elementor-section-boxed elementor-section-height-default elementor-section-height-default\" data-id=\"135ce2c\" data-element_type=\"section\">\n\t\t\t\t\t\t<div class=\"elementor-container elementor-column-gap-default\">\n\t\t\t\t\t<div class=\"elementor-column elementor-col-100 elementor-top-column elementor-element elementor-element-292fa3f\" data-id=\"292fa3f\" data-element_type=\"column\">\n\t\t\t<div class=\"elementor-widget-wrap elementor-element-populated\">\n\t\t\t\t\t\t<div class=\"elementor-element elementor-element-0f1fdc6 elementor-widget elementor-widget-spacer\" data-id=\"0f1fdc6\" data-element_type=\"widget\" data-widget_type=\"spacer.default\">\n\t\t\t\t<div class=\"elementor-widget-container\">\n\t\t\t\t\t\t\t<div class=\"elementor-spacer\">\n\t\t\t<div class=\"elementor-spacer-inner\"><\/div>\n\t\t<\/div>\n\t\t\t\t\t\t<\/div>\n\t\t\t\t<\/div>\n\t\t\t\t\t<\/div>\n\t\t<\/div>\n\t\t\t\t\t<\/div>\n\t\t<\/section>\n\t\t\t\t<section class=\"elementor-section elementor-top-section elementor-element elementor-element-e954caa elementor-section-boxed elementor-section-height-default elementor-section-height-default\" data-id=\"e954caa\" data-element_type=\"section\">\n\t\t\t\t\t\t<div class=\"elementor-container elementor-column-gap-default\">\n\t\t\t\t\t<div class=\"elementor-column elementor-col-33 elementor-top-column elementor-element elementor-element-ba35a1c\" data-id=\"ba35a1c\" data-element_type=\"column\">\n\t\t\t<div class=\"elementor-widget-wrap elementor-element-populated\">\n\t\t\t\t\t\t<div class=\"elementor-element elementor-element-f79c054 elementor-widget elementor-widget-qi_addons_for_elementor_banner\" data-id=\"f79c054\" data-element_type=\"widget\" data-widget_type=\"qi_addons_for_elementor_banner.default\">\n\t\t\t\t<div class=\"elementor-widget-container\">\n\t\t\t\t\t<div class=\"qodef-shortcode qodef-m qodef-qi-banner qodef-layout--standard qodef-vertical--bottom qodef-horizontal--left qodef-image--hover-zoom\">\n\t<div class=\"qodef-m-image\">\n\t<img fetchpriority=\"high\" decoding=\"async\" width=\"364\" height=\"480\" src=\"https:\/\/www.upo.es\/investiga\/HUM-680\/wp-content\/uploads\/2025\/10\/mcv_54_1_couv_exeok_1-small480.jpg\" class=\"attachment-large size-large\" alt=\"\" srcset=\"https:\/\/www.upo.es\/investiga\/HUM-680\/wp-content\/uploads\/2025\/10\/mcv_54_1_couv_exeok_1-small480.jpg 364w, https:\/\/www.upo.es\/investiga\/HUM-680\/wp-content\/uploads\/2025\/10\/mcv_54_1_couv_exeok_1-small480-228x300.jpg 228w\" sizes=\"(max-width: 364px) 100vw, 364px\" \/><\/div>\n\t<div class=\"qodef-m-content\">\n\t\t<div class=\"qodef-m-content-inner\">\n\t\t\t\t\t\t\t\t\t\t\t\t\t\t<\/div>\n\t<\/div>\n\t\t<a itemprop=\"url\" href=\"https:\/\/journals.openedition.org\/mcv\/21715\" class=\"qodef-m-banner-link\" target=\"_self\"><\/a>\n<\/div>\n\t\t\t\t<\/div>\n\t\t\t\t<\/div>\n\t\t\t\t<div class=\"elementor-element elementor-element-5c372e2 elementor-widget elementor-widget-text-editor\" data-id=\"5c372e2\" data-element_type=\"widget\" data-widget_type=\"text-editor.default\">\n\t\t\t\t<div class=\"elementor-widget-container\">\n\t\t\t\t\t\t\t\t\t<p style=\"text-align: justify;\"><span style=\"font-weight: bold;\"><span style=\"text-decoration: underline;\">Article<\/span>: \u00ab<\/span><b>Turcos, moros e indios b\u00e1rbaros: Globalizaci\u00f3n y diplomacia transcultural en el imperio espa\u00f1ol de Carlos III\u00bb in<\/b><em style=\"font-weight: bold;\">\u00a0<\/em><b><i>M\u00e9langes de la Casa de Vel\u00e1zquez.\u00a0<\/i><\/b><\/p><p style=\"text-align: left;\">Available in: <a href=\"https:\/\/journals.openedition.org\/mcv\/21715\">https:\/\/journals.openedition.org\/mcv\/21715<\/a><\/p><p style=\"text-align: justify;\">&#8216;Turcos, moros e indios b\u00e1rbaros: Globalizaci\u00f3n y diplomacia transcultural en el imperio espa\u00f1ol de Carlos III&#8217; <em>M\u00e9langes de la Casa de Vel\u00e1zquez<\/em>. 54-1 (2024) En ligne (Open Access)<\/p>\t\t\t\t\t\t\t\t<\/div>\n\t\t\t\t<\/div>\n\t\t\t\t\t<\/div>\n\t\t<\/div>\n\t\t\t\t<div class=\"elementor-column elementor-col-33 elementor-top-column elementor-element elementor-element-ed095a8\" data-id=\"ed095a8\" data-element_type=\"column\">\n\t\t\t<div class=\"elementor-widget-wrap elementor-element-populated\">\n\t\t\t\t\t\t<div class=\"elementor-element elementor-element-6b0f0db elementor-widget elementor-widget-qi_addons_for_elementor_banner\" data-id=\"6b0f0db\" data-element_type=\"widget\" data-widget_type=\"qi_addons_for_elementor_banner.default\">\n\t\t\t\t<div class=\"elementor-widget-container\">\n\t\t\t\t\t<div class=\"qodef-shortcode qodef-m qodef-qi-banner qodef-layout--standard qodef-vertical--bottom qodef-horizontal--left qodef-image--hover-zoom\">\n\t<div class=\"qodef-m-image\">\n\t<img decoding=\"async\" width=\"650\" height=\"1237\" src=\"https:\/\/www.upo.es\/investiga\/HUM-680\/wp-content\/uploads\/2025\/10\/cover_issue_361_es_ES-650x1237.jpg\" class=\"attachment-qi_addons_for_elementor_image_size_portrait size-qi_addons_for_elementor_image_size_portrait\" alt=\"\" \/><\/div>\n\t<div class=\"qodef-m-content\">\n\t\t<div class=\"qodef-m-content-inner\">\n\t\t\t\t\t\t\t\t\t\t\t\t\t\t<\/div>\n\t<\/div>\n\t\t<a itemprop=\"url\" href=\"https:\/\/fh.mdp.edu.ar\/revistas\/index.php\/magallanica\/article\/view\/7787\" class=\"qodef-m-banner-link\" target=\"_self\"><\/a>\n<\/div>\n\t\t\t\t<\/div>\n\t\t\t\t<\/div>\n\t\t\t\t<div class=\"elementor-element elementor-element-9d73f83 elementor-widget elementor-widget-text-editor\" data-id=\"9d73f83\" data-element_type=\"widget\" data-widget_type=\"text-editor.default\">\n\t\t\t\t<div class=\"elementor-widget-container\">\n\t\t\t\t\t\t\t\t\t<p style=\"text-align: justify;\"><strong><span style=\"text-decoration: underline;\">Article<\/span>: <span style=\"font-weight: bold;\">\u00ab<\/span>Las trayectorias de los Bouligny. Familias imperiales y movilidad escalonada al servicio del reformismo borb\u00f3nico<b>\u00bb<\/b><\/strong><strong style=\"font-size: inherit;\"> in <em>Magall\u00e1nica<\/em><\/strong><strong style=\"font-size: inherit;\"><em>.<\/em><\/strong><\/p><p style=\"text-align: left;\">Available in: <a href=\"https:\/\/fh.mdp.edu.ar\/revistas\/index.php\/magallanica\/article\/view\/7787\">https:\/\/fh.mdp.edu.ar\/revistas\/index.php\/magallanica\/article\/view\/7787<\/a><\/p><p style=\"text-align: justify;\">&#8216;Las trayectorias de los Bouligny. Familias imperiales y movilidad escalonada al servicio del reformismo borb\u00f3nico&#8217; <em>Magall\u00e1nica<\/em>. Vol.10 N\u00ba19(2023), pp.107-134. (Open Acces)<\/p>\t\t\t\t\t\t\t\t<\/div>\n\t\t\t\t<\/div>\n\t\t\t\t\t<\/div>\n\t\t<\/div>\n\t\t\t\t<div class=\"elementor-column elementor-col-33 elementor-top-column elementor-element elementor-element-9ebb9ad\" data-id=\"9ebb9ad\" data-element_type=\"column\">\n\t\t\t<div class=\"elementor-widget-wrap elementor-element-populated\">\n\t\t\t\t\t\t<div class=\"elementor-element elementor-element-8df1611 elementor-widget elementor-widget-qi_addons_for_elementor_banner\" data-id=\"8df1611\" data-element_type=\"widget\" data-widget_type=\"qi_addons_for_elementor_banner.default\">\n\t\t\t\t<div class=\"elementor-widget-container\">\n\t\t\t\t\t<div class=\"qodef-shortcode qodef-m qodef-qi-banner qodef-layout--standard qodef-vertical--bottom qodef-horizontal--left qodef-image--hover-zoom\">\n\t<div class=\"qodef-m-image\">\n\t<img decoding=\"async\" width=\"555\" height=\"791\" src=\"https:\/\/www.upo.es\/investiga\/HUM-680\/wp-content\/uploads\/2025\/10\/cjil20.v028.i03.largecover.jpg\" class=\"attachment-qi_addons_for_elementor_image_size_portrait size-qi_addons_for_elementor_image_size_portrait\" alt=\"\" srcset=\"https:\/\/www.upo.es\/investiga\/HUM-680\/wp-content\/uploads\/2025\/10\/cjil20.v028.i03.largecover.jpg 555w, https:\/\/www.upo.es\/investiga\/HUM-680\/wp-content\/uploads\/2025\/10\/cjil20.v028.i03.largecover-210x300.jpg 210w\" sizes=\"(max-width: 555px) 100vw, 555px\" \/><\/div>\n\t<div class=\"qodef-m-content\">\n\t\t<div class=\"qodef-m-content-inner\">\n\t\t\t\t\t\t\t\t\t\t\t\t\t\t<\/div>\n\t<\/div>\n\t\t<a itemprop=\"url\" href=\"https:\/\/www.tandfonline.com\/doi\/full\/10.1080\/14701847.2022.2140949#abstract\" class=\"qodef-m-banner-link\" target=\"_self\"><\/a>\n<\/div>\n\t\t\t\t<\/div>\n\t\t\t\t<\/div>\n\t\t\t\t<div class=\"elementor-element elementor-element-61111ae elementor-widget elementor-widget-text-editor\" data-id=\"61111ae\" data-element_type=\"widget\" data-widget_type=\"text-editor.default\">\n\t\t\t\t<div class=\"elementor-widget-container\">\n\t\t\t\t\t\t\t\t\t<p style=\"font-size: 14px; text-align: justify;\"><strong><span style=\"text-decoration-line: underline;\">Article<\/span>: \u00abIntroduction: \u2018Ongoing\u201d mobilities in the Early-Modern Spanish world\u00bb in <em>Journal of Iberian &amp; Latin American Studies<\/em><em>.<\/em><\/strong><\/p><p style=\"font-size: 14px; text-align: left;\">Available in:<a href=\"https:\/\/www.tandfonline.com\/doi\/full\/10.1080\/14701847.2022.2140949\"> https:\/\/www.tandfonline.com\/doi\/full\/10.1080\/14701847.2022.2140949<\/a><\/p><p style=\"font-size: 14px; text-align: left;\">\u2018Introduction: \u2018Ongoing\u201d mobilities in the Early-Modern Spanish world\u2019. <em>Journal of Iberian &amp; Latin American Studies<\/em>. Vol.28. Issue 3 (2022). Pp 328- 342. (Open Access)<\/p>\t\t\t\t\t\t\t\t<\/div>\n\t\t\t\t<\/div>\n\t\t\t\t\t<\/div>\n\t\t<\/div>\n\t\t\t\t\t<\/div>\n\t\t<\/section>\n\t\t\t\t<\/div>\n\t\t","protected":false},"excerpt":{"rendered":"<p>Geometry, Frans Floris (1557) Estudios sobre Europa, el mundo mediterr\u00e1neoy su difusi\u00f3n atl\u00e1ntica(HUM 680) Article: \u00abTurcos, moros e indios b\u00e1rbaros: Globalizaci\u00f3n y diplomacia transcultural en el imperio espa\u00f1ol de Carlos III\u00bb in\u00a0M\u00e9langes de la Casa de Vel\u00e1zquez.\u00a0 Available in: https:\/\/journals.openedition.org\/mcv\/21715 &#8216;Turcos, moros e indios b\u00e1rbaros: Globalizaci\u00f3n y diplomacia transcultural en [&hellip;]<\/p>\n","protected":false},"author":1,"featured_media":0,"parent":0,"menu_order":0,"comment_status":"closed","ping_status":"closed","template":"page-templates\/template-pagebuilder-full-width.php","meta":{"footnotes":""},"_links":{"self":[{"href":"https:\/\/www.upo.es\/investiga\/HUM-680\/wp-json\/wp\/v2\/pages\/4738"}],"collection":[{"href":"https:\/\/www.upo.es\/investiga\/HUM-680\/wp-json\/wp\/v2\/pages"}],"about":[{"href":"https:\/\/www.upo.es\/investiga\/HUM-680\/wp-json\/wp\/v2\/types\/page"}],"author":[{"embeddable":true,"href":"https:\/\/www.upo.es\/investiga\/HUM-680\/wp-json\/wp\/v2\/users\/1"}],"replies":[{"embeddable":true,"href":"https:\/\/www.upo.es\/investiga\/HUM-680\/wp-json\/wp\/v2\/comments?post=4738"}],"version-history":[{"count":4,"href":"https:\/\/www.upo.es\/investiga\/HUM-680\/wp-json\/wp\/v2\/pages\/4738\/revisions"}],"predecessor-version":[{"id":4761,"href":"https:\/\/www.upo.es\/investiga\/HUM-680\/wp-json\/wp\/v2\/pages\/4738\/revisions\/4761"}],"wp:attachment":[{"href":"https:\/\/www.upo.es\/investiga\/HUM-680\/wp-json\/wp\/v2\/media?parent=4738"}],"curies":[{"name":"wp","href":"https:\/\/api.w.org\/{rel}","templated":true}]}}