{"id":970,"date":"2023-08-10T09:22:19","date_gmt":"2023-08-10T09:22:19","guid":{"rendered":"https:\/\/www.upo.es\/investiga\/HUM-680\/?page_id=970"},"modified":"2025-12-22T21:14:36","modified_gmt":"2025-12-22T21:14:36","slug":"calendario","status":"publish","type":"page","link":"https:\/\/www.upo.es\/investiga\/HUM-680\/calendario\/","title":{"rendered":"Calendario"},"content":{"rendered":"\t\t<div data-elementor-type=\"wp-page\" data-elementor-id=\"970\" class=\"elementor elementor-970\">\n\t\t\t\t\t\t<section class=\"elementor-section elementor-top-section elementor-element elementor-element-c2a522a elementor-section-full_width elementor-section-stretched elementor-section-height-default elementor-section-height-default\" data-id=\"c2a522a\" data-element_type=\"section\" data-settings=\"{&quot;stretch_section&quot;:&quot;section-stretched&quot;,&quot;background_background&quot;:&quot;classic&quot;}\">\n\t\t\t\t\t\t<div class=\"elementor-container elementor-column-gap-default\">\n\t\t\t\t\t<div class=\"elementor-column elementor-col-100 elementor-top-column elementor-element elementor-element-4b105e6\" data-id=\"4b105e6\" data-element_type=\"column\">\n\t\t\t<div class=\"elementor-widget-wrap elementor-element-populated\">\n\t\t\t\t\t\t<div class=\"elementor-element elementor-element-937bd83 elementor-widget elementor-widget-text-editor\" data-id=\"937bd83\" data-element_type=\"widget\" data-widget_type=\"text-editor.default\">\n\t\t\t\t<div class=\"elementor-widget-container\">\n\t\t\t\t\t\t\t\t\t<p style=\"text-align: right;\"><em>Geometry<\/em>, Frans Floris (1557)<\/p>\t\t\t\t\t\t\t\t<\/div>\n\t\t\t\t<\/div>\n\t\t\t\t<div class=\"elementor-element elementor-element-e74d3c7 elementor-widget__width-initial elementor-widget elementor-widget-heading\" data-id=\"e74d3c7\" data-element_type=\"widget\" data-widget_type=\"heading.default\">\n\t\t\t\t<div class=\"elementor-widget-container\">\n\t\t\t\t\t<h2 class=\"elementor-heading-title elementor-size-default\">Estudios sobre Europa, <br>el mundo mediterr\u00e1neo<br>y su difusi\u00f3n atl\u00e1ntica<br>(HUM 680)<\/h2>\t\t\t\t<\/div>\n\t\t\t\t<\/div>\n\t\t\t\t\t<\/div>\n\t\t<\/div>\n\t\t\t\t\t<\/div>\n\t\t<\/section>\n\t\t\t\t<section class=\"elementor-section elementor-top-section elementor-element elementor-element-d480195 elementor-section-full_width elementor-section-stretched elementor-section-height-default elementor-section-height-default\" data-id=\"d480195\" data-element_type=\"section\" data-settings=\"{&quot;stretch_section&quot;:&quot;section-stretched&quot;}\">\n\t\t\t\t\t\t<div class=\"elementor-container elementor-column-gap-default\">\n\t\t\t\t\t<div class=\"elementor-column elementor-col-100 elementor-top-column elementor-element elementor-element-4faeb33\" data-id=\"4faeb33\" data-element_type=\"column\">\n\t\t\t<div class=\"elementor-widget-wrap elementor-element-populated\">\n\t\t\t\t\t\t<div class=\"elementor-element elementor-element-b5bec1e elementor-widget elementor-widget-spacer\" data-id=\"b5bec1e\" data-element_type=\"widget\" data-widget_type=\"spacer.default\">\n\t\t\t\t<div class=\"elementor-widget-container\">\n\t\t\t\t\t\t\t<div class=\"elementor-spacer\">\n\t\t\t<div class=\"elementor-spacer-inner\"><\/div>\n\t\t<\/div>\n\t\t\t\t\t\t<\/div>\n\t\t\t\t<\/div>\n\t\t\t\t\t<\/div>\n\t\t<\/div>\n\t\t\t\t\t<\/div>\n\t\t<\/section>\n\t\t\t\t<section class=\"elementor-section elementor-top-section elementor-element elementor-element-2c83817 elementor-section-full_width elementor-section-stretched elementor-section-height-default elementor-section-height-default\" data-id=\"2c83817\" data-element_type=\"section\" data-settings=\"{&quot;stretch_section&quot;:&quot;section-stretched&quot;}\">\n\t\t\t\t\t\t<div class=\"elementor-container elementor-column-gap-default\">\n\t\t\t\t\t<div class=\"elementor-column elementor-col-100 elementor-top-column elementor-element elementor-element-6e5ca83\" data-id=\"6e5ca83\" data-element_type=\"column\">\n\t\t\t<div class=\"elementor-widget-wrap elementor-element-populated\">\n\t\t\t\t\t\t<div class=\"elementor-element elementor-element-16198ca elementor-widget elementor-widget-heading\" data-id=\"16198ca\" data-element_type=\"widget\" data-widget_type=\"heading.default\">\n\t\t\t\t<div class=\"elementor-widget-container\">\n\t\t\t\t\t<h2 class=\"elementor-heading-title elementor-size-default\">Calendario de eventos <\/h2>\t\t\t\t<\/div>\n\t\t\t\t<\/div>\n\t\t\t\t<div class=\"elementor-element elementor-element-792b131 elementor-widget elementor-widget-the-events-calendar-addon\" data-id=\"792b131\" data-element_type=\"widget\" data-widget_type=\"the-events-calendar-addon.default\">\n\t\t\t\t<div class=\"elementor-widget-container\">\n\t\t\t\t\t<div class=\"ectbe-calendar-wrapper\"><div class=\"ectbe_calendar_events_spinner\"><img decoding=\"async\" src=\"https:\/\/www.upo.es\/investiga\/HUM-680\/wp-content\/plugins\/events-widgets-for-elementor-and-the-events-calendar\/assets\/images\/ectbe-preloader.gif\"><\/div><div id=\"ectbe-event-calendar-792b131\" class=\"ectbe-event-calendar-cls\" data-cal_id=\"792b131\" data-locale=\"es\" data-defaultview=\"dayGridMonth\" data-first_day=\"1\" data-daterange=\"\" data-rangestart=\"\" data-rangeend=\"\" data-max_events=\"\" data-ev_category=\"[&quot;all&quot;]\" data-textcolor=\"#FFFFFF\" data-color=\"#9A0000\"><\/div><div id=\"ectbe-popup-wraper\" class=\"ectbe-modal ectbe-zoom-in\">\n            <div class=\"ectbe-ec-modal-bg\"><\/div>\n            <div class=\"ectbe-modal-content\">\n                <div class=\"ectbe-featured-img\"><\/div>\n                <div class=\"ectbe-modal-header\">                    \n                    <div class=\"ectbe-modal-close\"><span>X<\/span><\/div>\n                    <h2 class=\"ectbe-ec-modal-title\"><\/h2>\n                    <span class=\"ectbe-event-date-start ectbe-event-popup-date\"><\/span>\n                    <span class=\"ectbe-event-date-end ectbe-event-popup-date\"><\/span>\n                <\/div>\n                <div class=\"ectbe-modal-body\">\n                    <span class=\"ectbe-cost\"><\/span>\n                    <p><\/p>\n                <\/div><\/div>\n        <\/div><\/div>\t\t\t\t<\/div>\n\t\t\t\t<\/div>\n\t\t\t\t<div class=\"elementor-element elementor-element-2f4e80a elementor-widget elementor-widget-the-events-calendar-addon\" data-id=\"2f4e80a\" data-element_type=\"widget\" data-widget_type=\"the-events-calendar-addon.default\">\n\t\t\t\t<div class=\"elementor-widget-container\">\n\t\t\t\t\t<!=========Events list Template 1.7.3=========><script type=\"application\/ld+json\">\r\n[{\"@context\":\"http:\/\/schema.org\",\"@type\":\"Event\",\"name\":\"Mesa redonda: Voces negras. Conspiraci\\u00f3n, cooperaci\\u00f3n y resistencias en la Luisiana revolucionaria, 13 de marzo de 2026\",\"description\":\"&lt;p&gt;El grupo PAIDI HUM 680 les invita a la mesa redonda\\u00a0Voces negras. Conspiraci\\u00f3n, cooperaci\\u00f3n y resistencias en la Luisiana revolucionaria\\u00a0que se celebrar\\u00e1 el pr\\u00f3ximo 13 de marzo de 2026 sobre la obra de Cosme J. G\\u00f3mez Carrasco y nuestro miembro Pablo Hern\\u00e1ndez Sau. M\\u00e1s informaci\\u00f3n\\u00a0aqu\\u00ed.&lt;\/p&gt;\\\\n\",\"image\":\"https:\/\/www.upo.es\/investiga\/HUM-680\/wp-content\/uploads\/2026\/04\/Table_ronde-Pablo-Cosme-Paris-2026_page-0001-scaled.jpg\",\"url\":\"https:\/\/www.upo.es\/investiga\/HUM-680\/event\/mesa-redonda-voces-negras-conspiracion-cooperacion-y-resistencias-en-la-luisiana-revolucionaria-13-de-marzo-de-2026\/\",\"eventAttendanceMode\":\"https:\/\/schema.org\/OfflineEventAttendanceMode\",\"eventStatus\":\"https:\/\/schema.org\/EventScheduled\",\"startDate\":\"2026-05-13T14:30:00+00:00\",\"endDate\":\"2026-05-13T18:00:00+00:00\",\"performer\":\"Organization\"},{\"@context\":\"http:\/\/schema.org\",\"@type\":\"Event\",\"name\":\"Workshop: The Culture of Suspicion: Suspects in the Age of Revolutions II, 26 de mayo de 2026\",\"description\":\"&lt;p&gt;EL grupo PAIDI HUM 680 les invita a la Workshop\\u00a0The Culture of Suspicion: Suspects in the Age of Revolutions II, que tendr\\u00e1 lugar el pr\\u00f3ximo 26 de mayo. En ella, participar\\u00e1 nuestro miembro Pablo Hern\\u00e1ndez Sau con su intervenci\\u00f3n titulada \\u00abMovimientos sospechosos. Reglamentos policiales y mecanismos judiciales en la persecuci\\u00f3n [&hellip;]&lt;\/p&gt;\\\\n\",\"image\":\"https:\/\/www.upo.es\/investiga\/HUM-680\/wp-content\/uploads\/2026\/04\/Program_page-0001-scaled.jpg\",\"url\":\"https:\/\/www.upo.es\/investiga\/HUM-680\/event\/workshop-the-culture-of-suspicion-suspects-in-the-age-of-revolutions-ii-26-de-mayo-de-2026\/\",\"eventAttendanceMode\":\"https:\/\/schema.org\/OfflineEventAttendanceMode\",\"eventStatus\":\"https:\/\/schema.org\/EventScheduled\",\"startDate\":\"2026-05-26T00:00:00+00:00\",\"endDate\":\"2026-05-26T23:59:59+00:00\",\"performer\":\"Organization\"},{\"@context\":\"http:\/\/schema.org\",\"@type\":\"Event\",\"name\":\"Seminario Interinstitucional sobre las Am\\u00e9ricas y Asia coloniales\",\"description\":\"&lt;p&gt;El grupo PAIDI HUM 680 les invita a las sesiones del Seminario Interstitucional sobre las Am\\u00e9ricas y Asia coloniales, concretamente a la sesi\\u00f3n del 29 de mayo de 2026 donde participar\\u00e1 nuestra miembro Mariana Ladr\\u00f3n de Guevara Zuzunaga.&lt;\/p&gt;\\\\n\",\"image\":\"https:\/\/www.upo.es\/investiga\/HUM-680\/wp-content\/uploads\/2026\/01\/Affiche-se\\u0301minaire-RISAAC-2026_page-0001-scaled.jpg\",\"url\":\"https:\/\/www.upo.es\/investiga\/HUM-680\/event\/seminario-interinstitucional-sobre-las-americas-y-asia-coloniales\/\",\"eventAttendanceMode\":\"https:\/\/schema.org\/OfflineEventAttendanceMode\",\"eventStatus\":\"https:\/\/schema.org\/EventScheduled\",\"startDate\":\"2026-05-29T00:00:00+00:00\",\"endDate\":\"2026-05-29T23:59:59+00:00\",\"performer\":\"Organization\"},{\"@context\":\"http:\/\/schema.org\",\"@type\":\"Event\",\"name\":\"Ciclo de conferencias: Laboratorio de Mundos Coloniales y Modernos (2026)\",\"description\":\"&lt;p&gt;El grupo PAIDI HUM 680 les hace part\\u00edcipes del ciclo de conferencias Laboratorio de Mundos Coloniales y Modernos de este a\\u00f1o 2026 de la Universidad Cat\\u00f3lica de Chile. En \\u00e9l, participar\\u00e1 nuestra miembro Mariana Ladr\\u00f3n de Guevara Zuzunaga el d\\u00eda 2 de noviembre con su intervenci\\u00f3n\\u00a0Medrar al amparo del virrey: [&hellip;]&lt;\/p&gt;\\\\n\",\"image\":\"https:\/\/www.upo.es\/investiga\/HUM-680\/wp-content\/uploads\/2026\/03\/Programa-LMCYM-2026-1-pdf-1.jpg\",\"url\":\"https:\/\/www.upo.es\/investiga\/HUM-680\/event\/ciclo-de-conferencias-laboratorio-de-mundos-coloniales-y-modernos-2026\/\",\"eventAttendanceMode\":\"https:\/\/schema.org\/OfflineEventAttendanceMode\",\"eventStatus\":\"https:\/\/schema.org\/EventScheduled\",\"startDate\":\"2026-11-02T00:00:00+00:00\",\"endDate\":\"2026-11-02T23:59:59+00:00\",\"performer\":\"Organization\"}]\r\n<\/script><div id=\"ectbe-wrapper-2f4e80a\" class=\"ectbe-wrapper ectbe-list-wrapper style-2\"><div class=\"ectbe-month-header ectbe-simple-event\">noviembre 2026<\/div><div id=\"event-5529\" class=\"ectbe-inner-wrapper ectbe-simple-event\"><div id=\"ectbe-date\" class=\"ectbe-date-area\">\n\t\t\t\t\t\t<span class=\"ectbe-ev-mo\">Nov<\/span>\n\t\t\t\t\t\t<span class=\"ectbe-ev-day\">02<\/span>\n\t\t\t\t\t<\/div><div class=\"ectbe-content-box\"><div class=\"ectbe-date-area\">\n\t\t<span class=\"ectbe-ev-day\">02<\/span>\n\t\t<span class=\"ectbe-ev-mo\">noviembre<\/span>\n\t\t<span class=\"ectbe-ev-yr\">2026<\/span><\/div><div class=\"ectbe-evt-title\"><a class=\"ectbe-evt-url\" href=\"https:\/\/www.upo.es\/investiga\/HUM-680\/event\/ciclo-de-conferencias-laboratorio-de-mundos-coloniales-y-modernos-2026\/\">Ciclo de conferencias: Laboratorio de Mundos Coloniales y Modernos (2026)<\/a><\/div><div class=\"ectbe-evt-description\"><p>El grupo PAIDI HUM 680 les hace part\u00edcipes del ciclo de conferencias Laboratorio de Mundos Coloniales y Modernos de este a\u00f1o 2026 de la Universidad Cat\u00f3lica de Chile. En \u00e9l, participar\u00e1 nuestra miembro Mariana Ladr\u00f3n de Guevara Zuzunaga el d\u00eda 2 de noviembre con su intervenci\u00f3n\u00a0Medrar al amparo del virrey: [&hellip;]<\/p>\n<\/div><div class=\"ectbe-evt-more-box\"><a class=\"ectbe-evt-read-more\" href=\"https:\/\/www.upo.es\/investiga\/HUM-680\/event\/ciclo-de-conferencias-laboratorio-de-mundos-coloniales-y-modernos-2026\/\">Find out more<\/a><\/div><\/div><div class=\"ectbe-evt-img\"><img decoding=\"async\" src=\"https:\/\/www.upo.es\/investiga\/HUM-680\/wp-content\/uploads\/2026\/03\/Programa-LMCYM-2026-1-pdf-1-724x1024.jpg\" alt=\"\" \/><\/div><\/div><div class=\"ectbe-month-header ectbe-simple-event\">mayo 2026<\/div><div id=\"event-5258\" class=\"ectbe-inner-wrapper ectbe-simple-event\"><div id=\"ectbe-date\" class=\"ectbe-date-area\">\n\t\t\t\t\t\t<span class=\"ectbe-ev-mo\">May<\/span>\n\t\t\t\t\t\t<span class=\"ectbe-ev-day\">29<\/span>\n\t\t\t\t\t<\/div><div class=\"ectbe-content-box\"><div class=\"ectbe-date-area\">\n\t\t<span class=\"ectbe-ev-day\">29<\/span>\n\t\t<span class=\"ectbe-ev-mo\">mayo<\/span>\n\t\t<span class=\"ectbe-ev-yr\">2026<\/span><\/div><div class=\"ectbe-evt-title\"><a class=\"ectbe-evt-url\" href=\"https:\/\/www.upo.es\/investiga\/HUM-680\/event\/seminario-interinstitucional-sobre-las-americas-y-asia-coloniales\/\">Seminario Interinstitucional sobre las Am\u00e9ricas y Asia coloniales<\/a><\/div><div class=\"ectbe-evt-description\"><p>El grupo PAIDI HUM 680 les invita a las sesiones del Seminario Interstitucional sobre las Am\u00e9ricas y Asia coloniales, concretamente a la sesi\u00f3n del 29 de mayo de 2026 donde participar\u00e1 nuestra miembro Mariana Ladr\u00f3n de Guevara Zuzunaga.<\/p>\n<\/div><div class=\"ectbe-evt-more-box\"><a class=\"ectbe-evt-read-more\" href=\"https:\/\/www.upo.es\/investiga\/HUM-680\/event\/seminario-interinstitucional-sobre-las-americas-y-asia-coloniales\/\">Find out more<\/a><\/div><\/div><div class=\"ectbe-evt-img\"><img decoding=\"async\" src=\"https:\/\/www.upo.es\/investiga\/HUM-680\/wp-content\/uploads\/2026\/01\/Affiche-se\u0301minaire-RISAAC-2026_page-0001-724x1024.jpg\" alt=\"\" \/><\/div><\/div><div id=\"event-5624\" class=\"ectbe-inner-wrapper ectbe-simple-event\"><div id=\"ectbe-date\" class=\"ectbe-date-area\">\n\t\t\t\t\t\t<span class=\"ectbe-ev-mo\">May<\/span>\n\t\t\t\t\t\t<span class=\"ectbe-ev-day\">26<\/span>\n\t\t\t\t\t<\/div><div class=\"ectbe-content-box\"><div class=\"ectbe-date-area\">\n\t\t<span class=\"ectbe-ev-day\">26<\/span>\n\t\t<span class=\"ectbe-ev-mo\">mayo<\/span>\n\t\t<span class=\"ectbe-ev-yr\">2026<\/span><\/div><div class=\"ectbe-evt-title\"><a class=\"ectbe-evt-url\" href=\"https:\/\/www.upo.es\/investiga\/HUM-680\/event\/workshop-the-culture-of-suspicion-suspects-in-the-age-of-revolutions-ii-26-de-mayo-de-2026\/\">Workshop: The Culture of Suspicion: Suspects in the Age of Revolutions II, 26 de mayo de 2026<\/a><\/div><div class=\"ectbe-evt-description\"><p>EL grupo PAIDI HUM 680 les invita a la Workshop\u00a0The Culture of Suspicion: Suspects in the Age of Revolutions II, que tendr\u00e1 lugar el pr\u00f3ximo 26 de mayo. En ella, participar\u00e1 nuestro miembro Pablo Hern\u00e1ndez Sau con su intervenci\u00f3n titulada \u00abMovimientos sospechosos. Reglamentos policiales y mecanismos judiciales en la persecuci\u00f3n [&hellip;]<\/p>\n<\/div><div class=\"ectbe-evt-more-box\"><a class=\"ectbe-evt-read-more\" href=\"https:\/\/www.upo.es\/investiga\/HUM-680\/event\/workshop-the-culture-of-suspicion-suspects-in-the-age-of-revolutions-ii-26-de-mayo-de-2026\/\">Find out more<\/a><\/div><\/div><div class=\"ectbe-evt-img\"><img decoding=\"async\" src=\"https:\/\/www.upo.es\/investiga\/HUM-680\/wp-content\/uploads\/2026\/04\/Program_page-0001-1024x724.jpg\" alt=\"\" \/><\/div><\/div><div id=\"event-5620\" class=\"ectbe-inner-wrapper ectbe-simple-event\"><div id=\"ectbe-date\" class=\"ectbe-date-area\">\n\t\t\t\t\t\t<span class=\"ectbe-ev-mo\">May<\/span>\n\t\t\t\t\t\t<span class=\"ectbe-ev-day\">13<\/span>\n\t\t\t\t\t<\/div><div class=\"ectbe-content-box\"><div class=\"ectbe-date-area\">\n\t\t<span class=\"ectbe-ev-day\">13<\/span>\n\t\t<span class=\"ectbe-ev-mo\">mayo<\/span>\n\t\t<span class=\"ectbe-ev-yr\">2026<\/span><\/div><div class=\"ectbe-evt-title\"><a class=\"ectbe-evt-url\" href=\"https:\/\/www.upo.es\/investiga\/HUM-680\/event\/mesa-redonda-voces-negras-conspiracion-cooperacion-y-resistencias-en-la-luisiana-revolucionaria-13-de-marzo-de-2026\/\">Mesa redonda: Voces negras. Conspiraci\u00f3n, cooperaci\u00f3n y resistencias en la Luisiana revolucionaria, 13 de marzo de 2026<\/a><\/div><div class=\"ectbe-evt-description\"><p>El grupo PAIDI HUM 680 les invita a la mesa redonda\u00a0Voces negras. Conspiraci\u00f3n, cooperaci\u00f3n y resistencias en la Luisiana revolucionaria\u00a0que se celebrar\u00e1 el pr\u00f3ximo 13 de marzo de 2026 sobre la obra de Cosme J. G\u00f3mez Carrasco y nuestro miembro Pablo Hern\u00e1ndez Sau. M\u00e1s informaci\u00f3n\u00a0aqu\u00ed.<\/p>\n<\/div><div class=\"ectbe-evt-more-box\"><a class=\"ectbe-evt-read-more\" href=\"https:\/\/www.upo.es\/investiga\/HUM-680\/event\/mesa-redonda-voces-negras-conspiracion-cooperacion-y-resistencias-en-la-luisiana-revolucionaria-13-de-marzo-de-2026\/\">Find out more<\/a><\/div><\/div><div class=\"ectbe-evt-img\"><img decoding=\"async\" src=\"https:\/\/www.upo.es\/investiga\/HUM-680\/wp-content\/uploads\/2026\/04\/Table_ronde-Pablo-Cosme-Paris-2026_page-0001-724x1024.jpg\" alt=\"\" \/><\/div><\/div><div class=\"ectbe-month-header ectbe-simple-event\">abril 2026<\/div><div id=\"event-5565\" class=\"ectbe-inner-wrapper ectbe-simple-event\"><div id=\"ectbe-date\" class=\"ectbe-date-area\">\n\t\t\t\t\t\t<span class=\"ectbe-ev-mo\">Abr<\/span>\n\t\t\t\t\t\t<span class=\"ectbe-ev-day\">17<\/span>\n\t\t\t\t\t<\/div><div class=\"ectbe-content-box\"><div class=\"ectbe-date-area\">\n\t\t<span class=\"ectbe-ev-day\">17<\/span>\n\t\t<span class=\"ectbe-ev-mo\">abril<\/span>\n\t\t<span class=\"ectbe-ev-yr\">2026<\/span><\/div><div class=\"ectbe-ev-cate\"><ul class=\"ectbe-evt-category\"><li class=\"ectbe-each-cate\"><a href=\"https:\/\/www.upo.es\/investiga\/HUM-680\/events\/categoria\/ciclo-de-conferencias\/\" rel=\"tag\">Ciclo de conferencias<\/a><\/li><\/ul><\/div><div class=\"ectbe-evt-title\"><a class=\"ectbe-evt-url\" href=\"https:\/\/www.upo.es\/investiga\/HUM-680\/event\/cuarta-sesion-del-ciclo-de-conferencias-europa-el-mundo-mediterraneo-y-su-difusion-atlantica-2026\/\">Cuarta sesi\u00f3n del ciclo de conferencias Europa, el mundo mediterr\u00e1neo y su difusi\u00f3n atl\u00e1ntica (2026)<\/a><\/div><div class=\"ectbe-evt-description\"><p>El grupo PAIDI HUM 680 les invita a la tercera sesi\u00f3n del ciclo de conferencias Europa, el mundo mediterr\u00e1neo y su difusi\u00f3n atl\u00e1ntica (2026) que tendr\u00e1 lugar el viernes 17 de abril a las 16:00h en la sala Enriqueta Vila Vilar de la EEHA (Calle Alfonso XII, 16, Sevilla). Contar\u00e1 [&hellip;]<\/p>\n<\/div><div class=\"ectbe-evt-more-box\"><a class=\"ectbe-evt-read-more\" href=\"https:\/\/www.upo.es\/investiga\/HUM-680\/event\/cuarta-sesion-del-ciclo-de-conferencias-europa-el-mundo-mediterraneo-y-su-difusion-atlantica-2026\/\">Find out more<\/a><\/div><\/div><div class=\"ectbe-evt-img\"><img decoding=\"async\" src=\"https:\/\/www.upo.es\/investiga\/HUM-680\/wp-content\/uploads\/2026\/04\/Cartel_Ciclo2026_01_sesiones_abril_02_page-0001-724x1024.jpg\" alt=\"\" \/><\/div><\/div><div id=\"event-5622\" class=\"ectbe-inner-wrapper ectbe-simple-event\"><div id=\"ectbe-date\" class=\"ectbe-date-area\">\n\t\t\t\t\t\t<span class=\"ectbe-ev-mo\">Abr<\/span>\n\t\t\t\t\t\t<span class=\"ectbe-ev-day\">15<\/span>\n\t\t\t\t\t<\/div><div class=\"ectbe-content-box\"><div class=\"ectbe-date-area\">\n\t\t<span class=\"ectbe-ev-day\">15<\/span>\n\t\t<span class=\"ectbe-ev-mo\">abril<\/span>\n\t\t<span class=\"ectbe-ev-yr\">2026<\/span><span class=\"ectbe-ev-hyphon\"> - <\/span>\n\t\t\t<span class=\"ectbe-ev-day\">17<\/span>\n\t\t\t<span class=\"ectbe-ev-mo\">abril<\/span>\n\t\t\t<span class=\"ectbe-ev-yr\">2026<\/span><\/div><div class=\"ectbe-evt-title\"><a class=\"ectbe-evt-url\" href=\"https:\/\/www.upo.es\/investiga\/HUM-680\/event\/conferencia-internacional-diasporas-mobilities-and-transcultural-practices-in-a-changing-world-15-17-de-abril-de-2026\/\">Conferencia internacional: Diasporas, Mobilities and Transcultural Practices in a Changing World, 15-17 de abril de 2026<\/a><\/div><div class=\"ectbe-evt-description\"><p>El grupo PAIDI HUM 680 les hace part\u00edcipes de la VII CHAM Conference:\u00a0Diasporas, Mobilities and Transcultural Practices in a Changing World\u00a0que tuvo lugar el 15 y 17 de abril. En \u00e9l, participaron Margarita Eva Rodr\u00edguez Garc\u00eda, miembro del grupo Atlanrex, y nuestro miembro Pablo Hern\u00e1ndez, que organiz\u00f3 junto con Mariana [&hellip;]<\/p>\n<\/div><div class=\"ectbe-evt-more-box\"><a class=\"ectbe-evt-read-more\" href=\"https:\/\/www.upo.es\/investiga\/HUM-680\/event\/conferencia-internacional-diasporas-mobilities-and-transcultural-practices-in-a-changing-world-15-17-de-abril-de-2026\/\">Find out more<\/a><\/div><\/div><div class=\"ectbe-evt-img\"><img decoding=\"async\" src=\"https:\/\/www.upo.es\/investiga\/HUM-680\/wp-content\/uploads\/2026\/04\/vii-cham-conference-abstract-book_page-0001-722x1024.jpg\" alt=\"\" \/><\/div><\/div><\/div>\t\t\t\t<\/div>\n\t\t\t\t<\/div>\n\t\t\t\t\t<\/div>\n\t\t<\/div>\n\t\t\t\t\t<\/div>\n\t\t<\/section>\n\t\t\t\t<section class=\"elementor-section elementor-top-section elementor-element elementor-element-167e100 elementor-section-boxed elementor-section-height-default elementor-section-height-default\" data-id=\"167e100\" data-element_type=\"section\">\n\t\t\t\t\t\t<div class=\"elementor-container elementor-column-gap-default\">\n\t\t\t\t\t<div class=\"elementor-column elementor-col-100 elementor-top-column elementor-element elementor-element-4eb3d45\" data-id=\"4eb3d45\" data-element_type=\"column\">\n\t\t\t<div class=\"elementor-widget-wrap elementor-element-populated\">\n\t\t\t\t\t\t<div class=\"elementor-element elementor-element-2989b3a elementor-widget elementor-widget-spacer\" data-id=\"2989b3a\" data-element_type=\"widget\" data-widget_type=\"spacer.default\">\n\t\t\t\t<div class=\"elementor-widget-container\">\n\t\t\t\t\t\t\t<div class=\"elementor-spacer\">\n\t\t\t<div class=\"elementor-spacer-inner\"><\/div>\n\t\t<\/div>\n\t\t\t\t\t\t<\/div>\n\t\t\t\t<\/div>\n\t\t\t\t\t<\/div>\n\t\t<\/div>\n\t\t\t\t\t<\/div>\n\t\t<\/section>\n\t\t\t\t<\/div>\n\t\t","protected":false},"excerpt":{"rendered":"<p>Geometry, Frans Floris (1557) Estudios sobre Europa, el mundo mediterr\u00e1neoy su difusi\u00f3n atl\u00e1ntica(HUM 680) Calendario de eventos X diciembre 2025 Dic 18 18 diciembre 2025Publicaci\u00f3n: The Asiento System and the Transatlantic Trade in Enslaved Africans (circa 1580\u20131750), 18 de diciembre de 2025 El grupo PAIDI HUM 680 les hace conocedores [&hellip;]<\/p>\n","protected":false},"author":1,"featured_media":0,"parent":0,"menu_order":0,"comment_status":"closed","ping_status":"closed","template":"page-templates\/template-pagebuilder-full-width.php","meta":{"footnotes":""},"_links":{"self":[{"href":"https:\/\/www.upo.es\/investiga\/HUM-680\/wp-json\/wp\/v2\/pages\/970"}],"collection":[{"href":"https:\/\/www.upo.es\/investiga\/HUM-680\/wp-json\/wp\/v2\/pages"}],"about":[{"href":"https:\/\/www.upo.es\/investiga\/HUM-680\/wp-json\/wp\/v2\/types\/page"}],"author":[{"embeddable":true,"href":"https:\/\/www.upo.es\/investiga\/HUM-680\/wp-json\/wp\/v2\/users\/1"}],"replies":[{"embeddable":true,"href":"https:\/\/www.upo.es\/investiga\/HUM-680\/wp-json\/wp\/v2\/comments?post=970"}],"version-history":[{"count":125,"href":"https:\/\/www.upo.es\/investiga\/HUM-680\/wp-json\/wp\/v2\/pages\/970\/revisions"}],"predecessor-version":[{"id":5145,"href":"https:\/\/www.upo.es\/investiga\/HUM-680\/wp-json\/wp\/v2\/pages\/970\/revisions\/5145"}],"wp:attachment":[{"href":"https:\/\/www.upo.es\/investiga\/HUM-680\/wp-json\/wp\/v2\/media?parent=970"}],"curies":[{"name":"wp","href":"https:\/\/api.w.org\/{rel}","templated":true}]}}