{"id":10,"date":"2023-04-17T12:57:24","date_gmt":"2023-04-17T10:57:24","guid":{"rendered":"https:\/\/www.upo.es\/investiga\/UNTWIST\/?page_id=10"},"modified":"2025-12-02T16:31:03","modified_gmt":"2025-12-02T15:31:03","slug":"who-we-are","status":"publish","type":"page","link":"https:\/\/www.upo.es\/investiga\/UNTWIST\/who-we-are\/","title":{"rendered":"Who we are"},"content":{"rendered":"\n<div class=\"wp-block-group is-layout-constrained wp-block-group-is-layout-constrained\">\n<div class=\"wp-block-group block-accent-clr block-accent-clr-blue bg-icon bg-icon-consort has-background-background-color has-background is-layout-constrained wp-container-core-group-is-layout-9cb71de7 wp-block-group-is-layout-constrained\" style=\"padding-top:50px;padding-right:75px;padding-bottom:50px;padding-left:75px\">\n<div class=\"wp-block-group is-content-justification-space-between is-nowrap is-layout-flex wp-container-core-group-is-layout-cb46ffcb wp-block-group-is-layout-flex\">\n<div class=\"wp-block-group is-nowrap is-layout-flex wp-container-core-group-is-layout-6c531013 wp-block-group-is-layout-flex\">\n<figure class=\"wp-block-image size-large\"><img loading=\"lazy\" decoding=\"async\" width=\"43\" height=\"43\" src=\"https:\/\/www.upo.es\/investiga\/UNTWIST\/wp-content\/uploads\/2023\/05\/consort-icon.svg\" alt=\"\" class=\"wp-image-1037\"\/><\/figure>\n\n\n\n<h3 class=\"wp-block-heading has-title-color has-text-color\">CONSORTIUM<\/h3>\n<\/div>\n<\/div>\n\n\n\n<p>UNTWIST project is composed of a consortium of 9 partners (seven universities, one research institute, one association and one foundation). The consortium has been set up to ensure the well-balanced participation of academic partners from different geographical areas, and guarantee the representation of the heterogenous political, social, economic, and demographic contexts that might be relevant for our findings and that need to be considered in our policy recommendations. The project will be carried out in a set of countries that include representatives of different regional areas, with different socio-demographic characteristics and political configurations. UNTWIST focuses on six European countries that we take as \u201crepresentative\u201d of those regions: Spain (South), UK (Western), Germany and Switzerland (Central), Hungary (East), and Denmark (North), all of them with relevant right-wing populist actors. The consortium integrates political science, sociology, and gender studies specialists in a complementary manner, with significant expertise in gender from different perspectives. Among the consortium partners, expertise on gender analysis, mixed methods, as well as quantitative and qualitative methods, guarantee that we have the relevant knowledge for the different work packages.<\/p>\n<\/div>\n<\/div>\n\n\n\n<div class=\"wp-block-group grid-expand grid-space-btw is-content-justification-center is-layout-constrained wp-block-group-is-layout-constrained\">\n<div class=\"wp-block-group grid-item-main has-background-background-color has-background is-layout-constrained wp-container-core-group-is-layout-9301cb23 wp-block-group-is-layout-constrained\" style=\"padding-top:2rem;padding-right:2rem;padding-bottom:2rem;padding-left:2rem\">\n<div class=\"wp-block-group card-title is-content-justification-space-between is-nowrap is-layout-flex wp-container-core-group-is-layout-4e2e7437 wp-block-group-is-layout-flex\">\n<figure class=\"wp-block-image size-full\"><a href=\"https:\/\/www.upo.es\/portal\/impe\/web\/portada\/index.html\" target=\"_blank\" rel=\"noreferrer noopener\"><img loading=\"lazy\" decoding=\"async\" width=\"660\" height=\"249\" src=\"https:\/\/www.upo.es\/investiga\/UNTWIST\/wp-content\/uploads\/2023\/09\/upo-horizontal.png\" alt=\"\" class=\"wp-image-1373\" srcset=\"https:\/\/www.upo.es\/investiga\/UNTWIST\/wp-content\/uploads\/2023\/09\/upo-horizontal.png 660w, https:\/\/www.upo.es\/investiga\/UNTWIST\/wp-content\/uploads\/2023\/09\/upo-horizontal-300x113.png 300w\" sizes=\"auto, (max-width: 660px) 100vw, 660px\" \/><\/a><\/figure>\n\n\n\n<div class=\"wp-block-buttons open-grid-item is-layout-flex wp-block-buttons-is-layout-flex\">\n<div class=\"wp-block-button\"><a class=\"wp-block-button__link has-primary-background-color has-background has-medium-font-size has-custom-font-size wp-element-button\" style=\"padding-top:0px;padding-right:13px;padding-bottom:0px;padding-left:13px\">+<\/a><\/div>\n<\/div>\n<\/div>\n\n\n\n<div class=\"wp-block-group alignfull is-layout-constrained wp-block-group-is-layout-constrained\">\n<h4 class=\"wp-block-heading has-text-align-left has-title-color has-text-color\">UPO <\/h4>\n\n\n\n<p class=\"has-title-color has-text-color has-normal-font-size\">Universidad Pablo de Olavide<\/p>\n<\/div>\n<\/div>\n\n\n\n<div id=\"grid-item-hidden-01\" class=\"wp-block-group grid-item-hidden is-hidden has-background-background-color has-background is-layout-constrained wp-container-core-group-is-layout-9301cb23 wp-block-group-is-layout-constrained\" style=\"padding-top:2rem;padding-right:2rem;padding-bottom:2rem;padding-left:2rem\">\n<div class=\"wp-block-group card-title is-content-justification-left is-nowrap is-layout-flex wp-container-core-group-is-layout-a1ed96d5 wp-block-group-is-layout-flex\">\n<div class=\"wp-block-buttons is-layout-flex wp-block-buttons-is-layout-flex\">\n<div class=\"wp-block-button is-style-fill\"><a class=\"wp-block-button__link has-primary-background-color has-background wp-element-button\" href=\"https:\/\/www.upo.es\/investiga\/UNTWIST\/who-we-are\/universidad-pablo-de-olavide\/\">RESEARCHERS<\/a><\/div>\n<\/div>\n\n\n\n<div class=\"wp-block-buttons close-grid-item is-layout-flex wp-block-buttons-is-layout-flex\">\n<div class=\"wp-block-button\"><a class=\"wp-block-button__link has-primary-background-color has-background has-medium-font-size has-custom-font-size wp-element-button\" style=\"padding-top:0;padding-right:13px;padding-bottom:0;padding-left:13px\">&#8211;<\/a><\/div>\n<\/div>\n<\/div>\n\n\n\n<div class=\"wp-block-group is-layout-constrained wp-block-group-is-layout-constrained\">\n<p>The Universidad Pablo de Olavide (UPO) is a modern and young university less than 50 years old, which is nonetheless located among the 250 best young universities by <em>Times Higher Education<\/em> (Young Universities Ranking 2021). Besides that, UPO is ranked between 601-700 according the Academic Ranking of World Universities 2023.&nbsp; Founded in 1997, it is located within a single campus in Seville, Spain, covering a total of 136 hectares and dominated by a tower and a set of buildings recognized as assets of Cultural Interest.<\/p>\n\n\n\n<p>The UPO is a public institution that leads a selective field of Higher Education and is oriented towards the generation, dissemination and transfer of knowledge, with an international vocation, ensuring equality, plurality and sustainable development.<\/p>\n\n\n\n<p>As one of the youngest universities in Spain, the UPO has a relatively small community with 10.325 undergraduate students, 5.262 postgraduate students, 1.353 researchers and 356 administration staff (academic year 2021-2022). The university counts with valuable infrastructures for education, research and innovation (as of 2022): 52 official degree studies, 50 master &amp; doctoral programmes, 62 own degrees, 15 departments, 11 research centres, 119 research groups, 59 patent families. Seven schools or faculties are in charge of different undergraduate, postgraduate and doctoral programmes: Faculty of Experimental Sciences, Faculty of Social Sciences, Faculty of Sport, Faculty of Law, Faculty of Humanities, Polytechnic School and San Isidoro University Centre, associated with UPO.<\/p>\n<\/div>\n<\/div>\n\n\n\n<div class=\"wp-block-group grid-item-main has-background-background-color has-background is-layout-constrained wp-container-core-group-is-layout-9301cb23 wp-block-group-is-layout-constrained\" style=\"padding-top:2rem;padding-right:2rem;padding-bottom:2rem;padding-left:2rem\">\n<div class=\"wp-block-group card-title is-content-justification-space-between is-nowrap is-layout-flex wp-container-core-group-is-layout-4e2e7437 wp-block-group-is-layout-flex\">\n<figure class=\"wp-block-image size-full\"><a href=\"https:\/\/www.deusto.es\/es\/inicio\" target=\"_blank\" rel=\"noreferrer noopener\"><img loading=\"lazy\" decoding=\"async\" width=\"419\" height=\"197\" src=\"https:\/\/www.upo.es\/investiga\/UNTWIST\/wp-content\/uploads\/2023\/04\/universidad-de-deusto.jpg\" alt=\"\" class=\"wp-image-134\" srcset=\"https:\/\/www.upo.es\/investiga\/UNTWIST\/wp-content\/uploads\/2023\/04\/universidad-de-deusto.jpg 419w, https:\/\/www.upo.es\/investiga\/UNTWIST\/wp-content\/uploads\/2023\/04\/universidad-de-deusto-300x141.jpg 300w\" sizes=\"auto, (max-width: 419px) 100vw, 419px\" \/><\/a><\/figure>\n\n\n\n<div class=\"wp-block-buttons open-grid-item is-layout-flex wp-block-buttons-is-layout-flex\">\n<div class=\"wp-block-button\"><a class=\"wp-block-button__link has-primary-background-color has-background has-medium-font-size has-custom-font-size wp-element-button\" style=\"padding-top:0;padding-right:13px;padding-bottom:0;padding-left:13px\">+<\/a><\/div>\n<\/div>\n<\/div>\n\n\n\n<div class=\"wp-block-group alignfull is-layout-constrained wp-block-group-is-layout-constrained\">\n<h4 class=\"wp-block-heading has-text-align-left has-title-color has-text-color\">UDEUSTO <\/h4>\n\n\n\n<p class=\"has-title-color has-text-color has-normal-font-size\">University of Deusto<\/p>\n<\/div>\n<\/div>\n\n\n\n<div id=\"grid-item-hidden-02\" class=\"wp-block-group grid-item-hidden is-hidden has-background-background-color has-background is-layout-constrained wp-container-core-group-is-layout-9301cb23 wp-block-group-is-layout-constrained\" style=\"padding-top:2rem;padding-right:2rem;padding-bottom:2rem;padding-left:2rem\">\n<div class=\"wp-block-group card-title is-content-justification-left is-nowrap is-layout-flex wp-container-core-group-is-layout-a1ed96d5 wp-block-group-is-layout-flex\">\n<div class=\"wp-block-buttons is-layout-flex wp-block-buttons-is-layout-flex\">\n<div class=\"wp-block-button\"><a class=\"wp-block-button__link has-primary-background-color has-background wp-element-button\" href=\"https:\/\/www.upo.es\/investiga\/UNTWIST\/who-we-are\/university-of-deusto\/\">RESEARCHERS<\/a><\/div>\n<\/div>\n\n\n\n<div class=\"wp-block-buttons close-grid-item is-layout-flex wp-block-buttons-is-layout-flex\">\n<div class=\"wp-block-button\"><a class=\"wp-block-button__link has-primary-background-color has-background has-medium-font-size has-custom-font-size wp-element-button\" style=\"padding-top:0;padding-right:13px;padding-bottom:0;padding-left:13px\">&#8211;<\/a><\/div>\n<\/div>\n<\/div>\n\n\n\n<div class=\"wp-block-group is-layout-constrained wp-block-group-is-layout-constrained\">\n<p>The University of Deusto (DEUSTO) is a private institution of higher education with more than 125 years of history born with the mission of service and social commitment, consolidating itself as one of the Spanish universities in the U-Multirank ranking. Currently, DEUSTO offers 39 degrees in the field of engineering, business administration, social sciences, law, arts and health, 50 masters and 22 executive programs. Since 1987, the University has undertaken a strong internationalisation process that has multiplied its opportunities for international collaboration. Today the University of Deusto participates in many research collaborative projects funded by the European Commission, is part of a wide number of international networks and has signed multiple cooperation agreements with universities and research centres all over the world.<\/p>\n<\/div>\n<\/div>\n\n\n\n<div class=\"wp-block-group grid-item-main has-background-background-color has-background is-layout-constrained wp-container-core-group-is-layout-9301cb23 wp-block-group-is-layout-constrained\" style=\"padding-top:2rem;padding-right:2rem;padding-bottom:2rem;padding-left:2rem\">\n<div class=\"wp-block-group card-title is-content-justification-space-between is-nowrap is-layout-flex wp-container-core-group-is-layout-4e2e7437 wp-block-group-is-layout-flex\">\n<figure class=\"wp-block-image size-full\"><a href=\"https:\/\/www.uni-saarland.de\/start.html\" target=\"_blank\" rel=\"noreferrer noopener\"><img loading=\"lazy\" decoding=\"async\" width=\"900\" height=\"136\" src=\"https:\/\/www.upo.es\/investiga\/UNTWIST\/wp-content\/uploads\/2023\/04\/universitat-des-saarlandes.png\" alt=\"\" class=\"wp-image-151\" srcset=\"https:\/\/www.upo.es\/investiga\/UNTWIST\/wp-content\/uploads\/2023\/04\/universitat-des-saarlandes.png 900w, https:\/\/www.upo.es\/investiga\/UNTWIST\/wp-content\/uploads\/2023\/04\/universitat-des-saarlandes-300x45.png 300w, https:\/\/www.upo.es\/investiga\/UNTWIST\/wp-content\/uploads\/2023\/04\/universitat-des-saarlandes-768x116.png 768w\" sizes=\"auto, (max-width: 900px) 100vw, 900px\" \/><\/a><\/figure>\n\n\n\n<div class=\"wp-block-buttons open-grid-item is-layout-flex wp-block-buttons-is-layout-flex\">\n<div class=\"wp-block-button\"><a class=\"wp-block-button__link has-primary-background-color has-background has-medium-font-size has-custom-font-size wp-element-button\" style=\"padding-top:0;padding-right:13px;padding-bottom:0;padding-left:13px\">+<\/a><\/div>\n<\/div>\n<\/div>\n\n\n\n<div class=\"wp-block-group alignfull is-layout-constrained wp-block-group-is-layout-constrained\">\n<h4 class=\"wp-block-heading has-text-align-left has-title-color has-text-color\">USAAR<\/h4>\n\n\n\n<p class=\"has-title-color has-text-color has-normal-font-size\">Universit\u00e4t des Saarlandes<\/p>\n<\/div>\n<\/div>\n\n\n\n<div id=\"grid-item-hidden-03\" class=\"wp-block-group grid-item-hidden is-hidden has-background-background-color has-background is-layout-constrained wp-container-core-group-is-layout-9301cb23 wp-block-group-is-layout-constrained\" style=\"padding-top:2rem;padding-right:2rem;padding-bottom:2rem;padding-left:2rem\">\n<div class=\"wp-block-group card-title is-content-justification-left is-nowrap is-layout-flex wp-container-core-group-is-layout-a1ed96d5 wp-block-group-is-layout-flex\">\n<div class=\"wp-block-buttons is-layout-flex wp-block-buttons-is-layout-flex\">\n<div class=\"wp-block-button\"><a class=\"wp-block-button__link has-primary-background-color has-background wp-element-button\" href=\"https:\/\/www.upo.es\/investiga\/UNTWIST\/who-we-are\/usarr-universitat-des-saarlandes\/\">RESEARCHERS<\/a><\/div>\n<\/div>\n\n\n\n<div class=\"wp-block-buttons close-grid-item is-layout-flex wp-block-buttons-is-layout-flex\">\n<div class=\"wp-block-button\"><a class=\"wp-block-button__link has-primary-background-color has-background has-medium-font-size has-custom-font-size wp-element-button\" style=\"padding-top:0;padding-right:13px;padding-bottom:0;padding-left:13px\">&#8211;<\/a><\/div>\n<\/div>\n<\/div>\n\n\n\n<div class=\"wp-block-group is-layout-constrained wp-block-group-is-layout-constrained\">\n<p>USAAR &#8211; Department of European Social Research, Chair of Political Science<\/p>\n\n\n\n<p>Saarland University (USAAR) is the largest university in Saarland with around 17,000 students and around 4,600 employees, distributed across six faculties. Located in Saarbr\u00fccken and Homburg, USAAR promotes cutting-edge research in Computer Science, Nano and Life Sciences, and Europe. As of February 2023, the university includes several research centres, which are involved in approximately 30 EU-funded Horizon 2020 projects, 150 projects funded by the German Research Foundation (DFG), and 180 projects funded by the German federal government. The Department of European Social Research consists in an interdisciplinary department which promotes research and teaching in cultural and physical geography, political science, and sociology. As part of the department, the Chair of Political Science (European Integration and International Relations) focuses on the multilevel political system of the European Union and European politics, with an empirical-analytical approach and quantitative methods. Link: <a href=\"https:\/\/www.uni-saarland.de\/en\/department\/european-studies\/departmental-professors\/political-science-with-special-focus-on-european-integration-and-international-relations.html\">https:\/\/www.uni-saarland.de\/en\/department\/european-studies\/departmental-professors\/political-science-with-special-focus-on-european-integration-and-international-relations.html<\/a><\/p>\n<\/div>\n<\/div>\n\n\n\n<div class=\"wp-block-group grid-item-main has-background-background-color has-background is-layout-constrained wp-container-core-group-is-layout-9301cb23 wp-block-group-is-layout-constrained\" style=\"padding-top:2rem;padding-right:2rem;padding-bottom:2rem;padding-left:2rem\">\n<div class=\"wp-block-group card-title is-content-justification-space-between is-nowrap is-layout-flex wp-container-core-group-is-layout-4e2e7437 wp-block-group-is-layout-flex\">\n<figure class=\"wp-block-image size-full\"><a href=\"https:\/\/www.manchester.ac.uk\/\" target=\"_blank\" rel=\"noreferrer noopener\"><img loading=\"lazy\" decoding=\"async\" width=\"543\" height=\"230\" src=\"https:\/\/www.upo.es\/investiga\/UNTWIST\/wp-content\/uploads\/2023\/04\/universtity-of-manchester.jpg\" alt=\"\" class=\"wp-image-149\" srcset=\"https:\/\/www.upo.es\/investiga\/UNTWIST\/wp-content\/uploads\/2023\/04\/universtity-of-manchester.jpg 543w, https:\/\/www.upo.es\/investiga\/UNTWIST\/wp-content\/uploads\/2023\/04\/universtity-of-manchester-300x127.jpg 300w\" sizes=\"auto, (max-width: 543px) 100vw, 543px\" \/><\/a><\/figure>\n\n\n\n<div class=\"wp-block-buttons open-grid-item is-layout-flex wp-block-buttons-is-layout-flex\">\n<div class=\"wp-block-button\"><a class=\"wp-block-button__link has-primary-background-color has-background has-medium-font-size has-custom-font-size wp-element-button\" style=\"padding-top:0;padding-right:13px;padding-bottom:0;padding-left:13px\">+<\/a><\/div>\n<\/div>\n<\/div>\n\n\n\n<div class=\"wp-block-group alignfull is-layout-constrained wp-block-group-is-layout-constrained\">\n<h4 class=\"wp-block-heading has-text-align-left has-title-color has-text-color\">UNIMAN <\/h4>\n\n\n\n<p class=\"has-title-color has-text-color has-normal-font-size\">University of Manchester<\/p>\n<\/div>\n<\/div>\n\n\n\n<div id=\"grid-item-hidden-04\" class=\"wp-block-group grid-item-hidden is-hidden has-background-background-color has-background is-layout-constrained wp-container-core-group-is-layout-9301cb23 wp-block-group-is-layout-constrained\" style=\"padding-top:2rem;padding-right:2rem;padding-bottom:2rem;padding-left:2rem\">\n<div class=\"wp-block-group card-title is-content-justification-left is-nowrap is-layout-flex wp-container-core-group-is-layout-a1ed96d5 wp-block-group-is-layout-flex\">\n<div class=\"wp-block-buttons is-layout-flex wp-block-buttons-is-layout-flex\">\n<div class=\"wp-block-button\"><a class=\"wp-block-button__link has-primary-background-color has-background wp-element-button\" href=\"https:\/\/www.upo.es\/investiga\/UNTWIST\/who-we-are\/uniman-university-of-manchester\/\">RESEARCHERS<\/a><\/div>\n<\/div>\n\n\n\n<div class=\"wp-block-buttons close-grid-item is-layout-flex wp-block-buttons-is-layout-flex\">\n<div class=\"wp-block-button is-style-fill\"><a class=\"wp-block-button__link has-primary-background-color has-background has-medium-font-size has-custom-font-size wp-element-button\" style=\"padding-top:0;padding-right:13px;padding-bottom:0;padding-left:13px\">&#8211;<\/a><\/div>\n<\/div>\n<\/div>\n\n\n\n<div class=\"wp-block-group is-layout-constrained wp-block-group-is-layout-constrained\">\n<p>The University of Manchester is one of the largest Universities in the United Kingdom, with around 7,000 academic and research staff and 40,000 undergraduate and postgraduate students. The University ranks 28<sup>th<\/sup> in the 2023 QS World University Rankings and 9<sup>th<\/sup> in the Times Higher Education University Impact Rankings, measured against the UN\u2019s Sustainable Development Goals. In the 2021 Research Excellent Framework (REF), 93% of the University\u2019s research activity was rated \u2018world leading\u2019 or \u2018internationally excellent.\u2019 Politics at Manchester is one of the largest politics units in Europe, with approximately 70 members of academic staff, 250 MA students, and over 60 PhD students. The department develops and supports research of high quality across a substantive and methodological range, organised around five research clusters: Global Political Economy, Comparative Politics, Democracy and Elections, Analytical Political Theory, and Critical Global Politics. The department also has concentrations of research excellence in European Politics, Chinese Politics, Political History, the Politics of Gender, and the Politics of War and Terrorism. Politics ranks 8<sup>th<\/sup> in the country in the 2021 Research Excellence Framework, with 95% of the department\u2019s research activity rated \u2018world leading\u2019 or \u2018internationally excellent.\u2019<\/p>\n<\/div>\n<\/div>\n\n\n\n<div class=\"wp-block-group grid-item-main has-background-background-color has-background is-layout-constrained wp-container-core-group-is-layout-9301cb23 wp-block-group-is-layout-constrained\" style=\"padding-top:2rem;padding-right:2rem;padding-bottom:2rem;padding-left:2rem\">\n<div class=\"wp-block-group card-title is-content-justification-space-between is-nowrap is-layout-flex wp-container-core-group-is-layout-4e2e7437 wp-block-group-is-layout-flex\">\n<figure class=\"wp-block-image size-full\"><a href=\"https:\/\/www.unibe.ch\/\" target=\"_blank\" rel=\"noreferrer noopener\"><img loading=\"lazy\" decoding=\"async\" width=\"393\" height=\"127\" src=\"https:\/\/www.upo.es\/investiga\/UNTWIST\/wp-content\/uploads\/2023\/04\/universitat-bern.png\" alt=\"\" class=\"wp-image-136\" srcset=\"https:\/\/www.upo.es\/investiga\/UNTWIST\/wp-content\/uploads\/2023\/04\/universitat-bern.png 393w, https:\/\/www.upo.es\/investiga\/UNTWIST\/wp-content\/uploads\/2023\/04\/universitat-bern-300x97.png 300w\" sizes=\"auto, (max-width: 393px) 100vw, 393px\" \/><\/a><\/figure>\n\n\n\n<div class=\"wp-block-buttons open-grid-item is-layout-flex wp-block-buttons-is-layout-flex\">\n<div class=\"wp-block-button\"><a class=\"wp-block-button__link has-primary-background-color has-background has-medium-font-size has-custom-font-size wp-element-button\" style=\"padding-top:0;padding-right:13px;padding-bottom:0;padding-left:13px\">+<\/a><\/div>\n<\/div>\n<\/div>\n\n\n\n<div class=\"wp-block-group alignfull is-layout-constrained wp-block-group-is-layout-constrained\">\n<h4 class=\"wp-block-heading has-text-align-left has-title-color has-text-color\">UBERN <\/h4>\n\n\n\n<p class=\"has-title-color has-text-color has-normal-font-size\">Universit\u00e4t Bern<\/p>\n<\/div>\n<\/div>\n\n\n\n<div id=\"grid-item-hidden-05\" class=\"wp-block-group grid-item-hidden is-hidden has-background-background-color has-background is-layout-constrained wp-container-core-group-is-layout-9301cb23 wp-block-group-is-layout-constrained\" style=\"padding-top:2rem;padding-right:2rem;padding-bottom:2rem;padding-left:2rem\">\n<div class=\"wp-block-group card-title is-content-justification-left is-nowrap is-layout-flex wp-container-core-group-is-layout-a1ed96d5 wp-block-group-is-layout-flex\">\n<div class=\"wp-block-buttons is-layout-flex wp-block-buttons-is-layout-flex\">\n<div class=\"wp-block-button\"><a class=\"wp-block-button__link has-primary-background-color has-background wp-element-button\" href=\"https:\/\/www.upo.es\/investiga\/UNTWIST\/who-we-are\/ubern-universitat-bern\/\">RESEARCHERS<\/a><\/div>\n<\/div>\n\n\n\n<div class=\"wp-block-buttons close-grid-item is-layout-flex wp-block-buttons-is-layout-flex\">\n<div class=\"wp-block-button\"><a class=\"wp-block-button__link has-primary-background-color has-background has-medium-font-size has-custom-font-size wp-element-button\" style=\"padding-top:0;padding-right:13px;padding-bottom:0;padding-left:13px\">&#8211;<\/a><\/div>\n<\/div>\n<\/div>\n\n\n\n<div class=\"wp-block-group is-layout-constrained wp-block-group-is-layout-constrained\">\n<p>The University of Bern is among the top public universities in Switzerland, enjoying some of the highest staff satisfaction and since 2023 making the list of the 100 best universities worldwide. Two research entities of the university are involved in UNTWIST: The Institute of Political Science and the Interdisciplinary Centre for Gender Studies.<\/p>\n\n\n\n<p>The Institute of Political Science is ranked among the Excellence Group of European political science. The Institute is particularly strong in combining research is practice-oriented applications. This manifests for instance in catering services to the public, such as the Ann\u00e9e Politique Suisse and the Comparative Political Data Set. The Interdisciplinary Centre for Gender Studies is the University\u2019s competence centre for inter- and transdisciplinary gender research, rallying over 30 people from different disciplines together. It couples excellence in the fields of Human Rights &amp; Discrimination, Gender Equality Policy, and Feminist Theory with practice-relevant recommendations. The Centre regularly conducts research mandates and scientific consultations for administration, politics and civil society, a prestigious mandate being the &#8220;Women&#8217;s Human Rights App&#8221;.<\/p>\n<\/div>\n<\/div>\n\n\n\n<div class=\"wp-block-group grid-item-main has-background-background-color has-background is-layout-constrained wp-container-core-group-is-layout-9301cb23 wp-block-group-is-layout-constrained\" style=\"padding-top:2rem;padding-right:2rem;padding-bottom:2rem;padding-left:2rem\">\n<div class=\"wp-block-group card-title is-content-justification-space-between is-nowrap is-layout-flex wp-container-core-group-is-layout-4e2e7437 wp-block-group-is-layout-flex\">\n<figure class=\"wp-block-image size-full\"><img loading=\"lazy\" decoding=\"async\" width=\"1600\" height=\"457\" src=\"https:\/\/www.upo.es\/investiga\/UNTWIST\/wp-content\/uploads\/2025\/04\/tklogok_hunren_tk_en_new.png\" alt=\"\" class=\"wp-image-2079\" srcset=\"https:\/\/www.upo.es\/investiga\/UNTWIST\/wp-content\/uploads\/2025\/04\/tklogok_hunren_tk_en_new.png 1600w, https:\/\/www.upo.es\/investiga\/UNTWIST\/wp-content\/uploads\/2025\/04\/tklogok_hunren_tk_en_new-300x86.png 300w, https:\/\/www.upo.es\/investiga\/UNTWIST\/wp-content\/uploads\/2025\/04\/tklogok_hunren_tk_en_new-1024x292.png 1024w, https:\/\/www.upo.es\/investiga\/UNTWIST\/wp-content\/uploads\/2025\/04\/tklogok_hunren_tk_en_new-768x219.png 768w, https:\/\/www.upo.es\/investiga\/UNTWIST\/wp-content\/uploads\/2025\/04\/tklogok_hunren_tk_en_new-1536x439.png 1536w\" sizes=\"auto, (max-width: 1600px) 100vw, 1600px\" \/><\/figure>\n\n\n\n<div class=\"wp-block-buttons open-grid-item is-layout-flex wp-block-buttons-is-layout-flex\">\n<div class=\"wp-block-button\"><a class=\"wp-block-button__link has-primary-background-color has-background has-medium-font-size has-custom-font-size wp-element-button\" style=\"padding-top:0;padding-right:13px;padding-bottom:0;padding-left:13px\">+<\/a><\/div>\n<\/div>\n<\/div>\n\n\n\n<div class=\"wp-block-group alignfull is-layout-constrained wp-block-group-is-layout-constrained\">\n<h4 class=\"wp-block-heading has-text-align-left has-title-color has-text-color\">CSS<\/h4>\n\n\n\n<p class=\"has-title-color has-text-color has-normal-font-size\">Centre for Social Sciences<\/p>\n<\/div>\n<\/div>\n\n\n\n<div id=\"grid-item-hidden-06\" class=\"wp-block-group grid-item-hidden is-hidden has-background-background-color has-background is-layout-constrained wp-container-core-group-is-layout-9301cb23 wp-block-group-is-layout-constrained\" style=\"padding-top:2rem;padding-right:2rem;padding-bottom:2rem;padding-left:2rem\">\n<div class=\"wp-block-group card-title is-content-justification-left is-nowrap is-layout-flex wp-container-core-group-is-layout-a1ed96d5 wp-block-group-is-layout-flex\">\n<div class=\"wp-block-group is-layout-constrained wp-block-group-is-layout-constrained\">\n<p>The Centre for Social Sciences (CSS) Budapest is the flagship research institute for social sciences in Hungary, founded by the Hungarian Academy of Sciences with its founding charter guaranteeing that its research is carried out without political influence.<\/p>\n\n\n\n<p>The Centre comprises four institutes: Institute for Political Science, Institute for Minority Studies, Institute for Legal Studies, Institute for Sociology, and other research units, with scientific staff of about 200 researchers.<\/p>\n\n\n\n<p>It conducts disciplinary and interdisciplinary research in the areas of sociology, political science, computational social science, network science, minority studies and legal studies using the latest scientific methods and high-quality research data. Besides fostering explorative and innovative international research, CSS Budapest addresses vital questions that pertain to Hungarian society. The Centre\u2019s aims include playing a prominent role in regional social science research and being a point of reference in Hungary.<\/p>\n\n\n\n<p>Two of the six journals published by the Centre are ranked by SCOPUS, and has an expanding international publication portfolio in highly ranked international journals and publishing companies, thanks to the rigorous research performance evaluating system introduced in 2013 with a focus on international publications. CSS operates an open access repository for research. CSS is dedicated to building collaborative, trans-disciplinary research networks.<\/p>\n\n\n\n<p>Our mission is to foster excellence and innovation in the social sciences and provide impactful research to solve contemporary social challenges.<\/p>\n\n\n\n<p>Webpage: <a href=\"https:\/\/tk.hu\/\" data-type=\"URL\" data-id=\"https:\/\/tk.hu\/\" target=\"_blank\" rel=\"noreferrer noopener\">tk.hu<\/a><br>LinkedIn: @centre-for-social-sciences-budapest<br>Twitter: <a rel=\"noreferrer noopener\" href=\"https:\/\/twitter.com\/css_budapest\" target=\"_blank\">@css_budapest<\/a> <br>Facebook: <a rel=\"noreferrer noopener\" href=\"https:\/\/www.facebook.com\/mta.tarsadalomtudomany\" target=\"_blank\">@mta.tarsadalomtudomany<\/a> <br>Flickr: <a href=\"https:\/\/www.flickr.com\/photos\/162467876@N03\/albums\" target=\"_blank\" rel=\"noreferrer noopener\">https:\/\/www.flickr.com\/photos\/162467876@N03\/albums<\/a><\/p>\n<\/div>\n\n\n\n<div class=\"wp-block-buttons close-grid-item is-layout-flex wp-block-buttons-is-layout-flex\">\n<div class=\"wp-block-button\"><a class=\"wp-block-button__link has-primary-background-color has-background has-medium-font-size has-custom-font-size wp-element-button\" style=\"padding-top:0;padding-right:13px;padding-bottom:0;padding-left:13px\">&#8211;<\/a><\/div>\n<\/div>\n<\/div>\n<\/div>\n\n\n\n<div class=\"wp-block-group grid-item-main has-background-background-color has-background is-layout-constrained wp-container-core-group-is-layout-9301cb23 wp-block-group-is-layout-constrained\" style=\"padding-top:2rem;padding-right:2rem;padding-bottom:2rem;padding-left:2rem\">\n<div class=\"wp-block-group card-title is-content-justification-space-between is-nowrap is-layout-flex wp-container-core-group-is-layout-4e2e7437 wp-block-group-is-layout-flex\">\n<figure class=\"wp-block-image size-full\"><a href=\"https:\/\/ruc.dk\/en\" target=\"_blank\" rel=\"noreferrer noopener\"><img loading=\"lazy\" decoding=\"async\" width=\"600\" height=\"75\" src=\"https:\/\/www.upo.es\/investiga\/UNTWIST\/wp-content\/uploads\/2023\/04\/roskilde-university.png\" alt=\"\" class=\"wp-image-137\" srcset=\"https:\/\/www.upo.es\/investiga\/UNTWIST\/wp-content\/uploads\/2023\/04\/roskilde-university.png 600w, https:\/\/www.upo.es\/investiga\/UNTWIST\/wp-content\/uploads\/2023\/04\/roskilde-university-300x38.png 300w\" sizes=\"auto, (max-width: 600px) 100vw, 600px\" \/><\/a><\/figure>\n\n\n\n<div class=\"wp-block-buttons open-grid-item is-layout-flex wp-block-buttons-is-layout-flex\">\n<div class=\"wp-block-button\"><a class=\"wp-block-button__link has-primary-background-color has-background has-medium-font-size has-custom-font-size wp-element-button\" style=\"padding-top:0;padding-right:13px;padding-bottom:0;padding-left:13px\">+<\/a><\/div>\n<\/div>\n<\/div>\n\n\n\n<div class=\"wp-block-group alignfull is-layout-constrained wp-block-group-is-layout-constrained\">\n<h4 class=\"wp-block-heading has-text-align-left has-title-color has-text-color\">RUC<\/h4>\n\n\n\n<p class=\"has-title-color has-text-color has-normal-font-size\">Roskilde University<\/p>\n<\/div>\n<\/div>\n\n\n\n<div id=\"grid-item-hidden-06\" class=\"wp-block-group grid-item-hidden is-hidden has-background-background-color has-background is-layout-constrained wp-container-core-group-is-layout-9301cb23 wp-block-group-is-layout-constrained\" style=\"padding-top:2rem;padding-right:2rem;padding-bottom:2rem;padding-left:2rem\">\n<div class=\"wp-block-group card-title is-content-justification-left is-nowrap is-layout-flex wp-container-core-group-is-layout-a1ed96d5 wp-block-group-is-layout-flex\">\n<div class=\"wp-block-buttons is-layout-flex wp-block-buttons-is-layout-flex\">\n<div class=\"wp-block-button\"><a class=\"wp-block-button__link has-primary-background-color has-background wp-element-button\" href=\"https:\/\/www.upo.es\/investiga\/UNTWIST\/who-we-are\/roskilde-university-ruc\/\">RESEARCHERS<\/a><\/div>\n<\/div>\n\n\n\n<div class=\"wp-block-buttons close-grid-item is-layout-flex wp-block-buttons-is-layout-flex\">\n<div class=\"wp-block-button\"><a class=\"wp-block-button__link has-primary-background-color has-background has-medium-font-size has-custom-font-size wp-element-button\" style=\"padding-top:0;padding-right:13px;padding-bottom:0;padding-left:13px\">&#8211;<\/a><\/div>\n<\/div>\n<\/div>\n\n\n\n<div class=\"wp-block-group is-layout-constrained wp-block-group-is-layout-constrained\">\n<p>Roskilde University is a Danish research-driven, public university. Founded in 1972 Roskilde University was originally established in order to challenge academic traditions and to experiment with new ways to create and acquire knowledge.&nbsp;The university builds on innovative and student-centred forms of learning and strong interdisciplinary research environments.&nbsp;Currently around 7500 students attend undergraduate, graduate and post-graduate study programmes at Roskilde University. The university employs 500 researchers and 450 academic staffs.&nbsp;Educational principles at Roskilde University include interdisciplinarity, problem-oriented project work, participant direction and joint responsibility. From enrolment to graduation, students learn to identify and define problems scientifically, assess and select the relevant theories and methods, and conduct independent scientific analyses.&nbsp;Across all institutes at Roskilde University interdisciplinary research centres focus on the great social, cultural, economic and environmental challenges in the world around us, including Centre for Gender, Power and Diversity.<\/p>\n<\/div>\n<\/div>\n\n\n\n<div class=\"wp-block-group grid-item-main has-background-background-color has-background is-layout-constrained wp-container-core-group-is-layout-9301cb23 wp-block-group-is-layout-constrained\" style=\"padding-top:2rem;padding-right:2rem;padding-bottom:2rem;padding-left:2rem\">\n<div class=\"wp-block-group card-title is-content-justification-space-between is-nowrap is-layout-flex wp-container-core-group-is-layout-4e2e7437 wp-block-group-is-layout-flex\">\n<figure class=\"wp-block-image size-full\"><a href=\"https:\/\/www.fundaciovit.org\/\" target=\"_blank\" rel=\"noreferrer noopener\"><img loading=\"lazy\" decoding=\"async\" width=\"260\" height=\"70\" src=\"https:\/\/www.upo.es\/investiga\/UNTWIST\/wp-content\/uploads\/2023\/04\/vit-visualization-for-transparency-foundation.png\" alt=\"\" class=\"wp-image-135\"\/><\/a><\/figure>\n\n\n\n<div class=\"wp-block-buttons open-grid-item is-layout-flex wp-block-buttons-is-layout-flex\">\n<div class=\"wp-block-button\"><a class=\"wp-block-button__link has-primary-background-color has-background has-medium-font-size has-custom-font-size wp-element-button\" style=\"padding-top:0;padding-right:13px;padding-bottom:0;padding-left:13px\">+<\/a><\/div>\n<\/div>\n<\/div>\n\n\n\n<div class=\"wp-block-group alignfull is-layout-constrained wp-block-group-is-layout-constrained\">\n<h4 class=\"wp-block-heading has-text-align-left has-title-color has-text-color\">ViT<\/h4>\n\n\n\n<p class=\"has-title-color has-text-color has-normal-font-size\">Visualization for Transparency Foundation<\/p>\n<\/div>\n<\/div>\n\n\n\n<div id=\"grid-item-hidden-06\" class=\"wp-block-group grid-item-hidden is-hidden has-background-background-color has-background is-layout-constrained wp-container-core-group-is-layout-9301cb23 wp-block-group-is-layout-constrained\" style=\"padding-top:2rem;padding-right:2rem;padding-bottom:2rem;padding-left:2rem\">\n<div class=\"wp-block-group card-title is-content-justification-left is-nowrap is-layout-flex wp-container-core-group-is-layout-a1ed96d5 wp-block-group-is-layout-flex\">\n<div class=\"wp-block-buttons is-layout-flex wp-block-buttons-is-layout-flex\">\n<div class=\"wp-block-button\"><a class=\"wp-block-button__link has-primary-background-color has-background wp-element-button\" href=\"https:\/\/www.upo.es\/investiga\/UNTWIST\/who-we-are\/vit-visualization-for-transparency-foundation\/\">RESEARCHERS<\/a><\/div>\n<\/div>\n\n\n\n<div class=\"wp-block-buttons close-grid-item is-layout-flex wp-block-buttons-is-layout-flex\">\n<div class=\"wp-block-button is-style-fill\"><a class=\"wp-block-button__link has-primary-background-color has-background has-medium-font-size has-custom-font-size wp-element-button\" style=\"padding-top:0;padding-right:13px;padding-bottom:0;padding-left:13px\">&#8211;<\/a><\/div>\n<\/div>\n<\/div>\n\n\n\n<div class=\"wp-block-group is-layout-constrained wp-block-group-is-layout-constrained\">\n<p>The Visualization for Transparency Foundation ViT (Fundaci\u00f3 ViT, Visualitzaci\u00f3 per a la Transpar\u00e8ncia in Catalan) is a not-for-profit organization focused on making complex information&nbsp;clear and accessible through data visualization.&nbsp;We strive to increase&nbsp;transparency&nbsp;and help communities make better, informed decisions by offering guidance on visualization methods and promoting data-driven visual communication.<\/p>\n\n\n\n<p>Our work revolves around promoting literacy in data visualization and collaborating with public institutions to transform the reach of their open data using friendlier data interfaces, storytelling techniques, and visual tools.<\/p>\n\n\n\n<p>We organize educational activities in visualization and data science, like our&nbsp;<a rel=\"noreferrer noopener\" href=\"https:\/\/urldefense.com\/v3\/__http:\/www.mastervisualtoolsudg.com\/__;!!D9dNQwwGXtA!VI3zks_7O93WkypkAzxXSApykAobJKwVP4KiZonscKA4ynSOiAMUbKTWs2iVAoCbiWzjVGI3XUxOQ8uGEw$\" target=\"_blank\">Master&#8217;s degree in Visual Tools<\/a>&nbsp;\u2014in collaboration with the&nbsp;Fundaci\u00f3 UdG: Innovaci\u00f3 i Formaci\u00f3, hackathons, and conferences like the&nbsp;<a rel=\"noreferrer noopener\" href=\"https:\/\/urldefense.com\/v3\/__https:\/www.youtube.com\/watch?v=ZEj5QBDiSzk__;!!D9dNQwwGXtA!VI3zks_7O93WkypkAzxXSApykAobJKwVP4KiZonscKA4ynSOiAMUbKTWs2iVAoCbiWzjVGI3XUwQGrlaEQ$\" target=\"_blank\">Dataviz for Society conference<\/a>&nbsp;\u2014co-organized with the&nbsp;Digital Future Society.<\/p>\n\n\n\n<p>Our multidisciplinary team of designers, engineers, and data activists design and develop open data visualization projects that reimagine public data experiences. Among other projects, we have collaborated with the&nbsp;United Nations Environment Programme&nbsp;to produce their&nbsp;<a rel=\"noreferrer noopener\" href=\"https:\/\/urldefense.com\/v3\/__https:\/www.unep.org\/interactive\/air-pollution-note\/__;!!D9dNQwwGXtA!VI3zks_7O93WkypkAzxXSApykAobJKwVP4KiZonscKA4ynSOiAMUbKTWs2iVAoCbiWzjVGI3XUz6DYwN7Q$\" target=\"_blank\">pollution<\/a>&nbsp;and&nbsp;<a rel=\"noreferrer noopener\" href=\"https:\/\/urldefense.com\/v3\/__https:\/www.unep.org\/explore-topics\/climate-action\/what-we-do\/climate-action-note\/state-of-climate.html__;!!D9dNQwwGXtA!VI3zks_7O93WkypkAzxXSApykAobJKwVP4KiZonscKA4ynSOiAMUbKTWs2iVAoCbiWzjVGI3XUwVoy0AIQ$\" target=\"_blank\">climate action<\/a>&nbsp;notes, a collection of data visualizations that explore and explain the climate emergency. We have also worked with&nbsp;National Geographic Society, Utrecht University and Esri&nbsp;on the&nbsp;<a rel=\"noreferrer noopener\" href=\"https:\/\/urldefense.com\/v3\/__https:\/worldwatermap.nationalgeographic.org\/__;!!D9dNQwwGXtA!VI3zks_7O93WkypkAzxXSApykAobJKwVP4KiZonscKA4ynSOiAMUbKTWs2iVAoCbiWzjVGI3XUxgSKQgRA$\" target=\"_blank\">World Water Map,<\/a>&nbsp;a tool to understand how people use water around the globe. To learn more about who we are and what we do, visit&nbsp;<a rel=\"noreferrer noopener\" href=\"https:\/\/urldefense.com\/v3\/__https:\/www.fundaciovit.org\/__;!!D9dNQwwGXtA!VI3zks_7O93WkypkAzxXSApykAobJKwVP4KiZonscKA4ynSOiAMUbKTWs2iVAoCbiWzjVGI3XUxe99_BCQ$\" target=\"_blank\">https:\/\/www.fundaciovit.org\/<\/a><\/p>\n<\/div>\n<\/div>\n\n\n\n<div class=\"wp-block-group grid-item-main has-background-background-color has-background is-layout-constrained wp-container-core-group-is-layout-9301cb23 wp-block-group-is-layout-constrained\" style=\"padding-top:2rem;padding-right:2rem;padding-bottom:2rem;padding-left:2rem\">\n<div class=\"wp-block-group card-title is-content-justification-space-between is-nowrap is-layout-flex wp-container-core-group-is-layout-4e2e7437 wp-block-group-is-layout-flex\">\n<figure class=\"wp-block-image size-full\"><img loading=\"lazy\" decoding=\"async\" width=\"523\" height=\"144\" src=\"https:\/\/www.upo.es\/investiga\/UNTWIST\/wp-content\/uploads\/2023\/04\/ecsa-european-citizen-science-association.png\" alt=\"\" class=\"wp-image-150\" srcset=\"https:\/\/www.upo.es\/investiga\/UNTWIST\/wp-content\/uploads\/2023\/04\/ecsa-european-citizen-science-association.png 523w, https:\/\/www.upo.es\/investiga\/UNTWIST\/wp-content\/uploads\/2023\/04\/ecsa-european-citizen-science-association-300x83.png 300w\" sizes=\"auto, (max-width: 523px) 100vw, 523px\" \/><\/figure>\n\n\n\n<div class=\"wp-block-buttons open-grid-item is-layout-flex wp-block-buttons-is-layout-flex\">\n<div class=\"wp-block-button\"><a class=\"wp-block-button__link has-primary-background-color has-background has-medium-font-size has-custom-font-size wp-element-button\" style=\"padding-top:0;padding-right:13px;padding-bottom:0;padding-left:13px\">+<\/a><\/div>\n<\/div>\n<\/div>\n\n\n\n<div class=\"wp-block-group alignfull is-layout-constrained wp-block-group-is-layout-constrained\">\n<h4 class=\"wp-block-heading has-text-align-left has-title-color has-text-color\">ECSA <\/h4>\n\n\n\n<p class=\"has-title-color has-text-color has-normal-font-size\">European Citizen Science Association<\/p>\n<\/div>\n<\/div>\n\n\n\n<div id=\"grid-item-hidden-05\" class=\"wp-block-group grid-item-hidden is-hidden has-background-background-color has-background is-layout-constrained wp-container-core-group-is-layout-9301cb23 wp-block-group-is-layout-constrained\" style=\"padding-top:2rem;padding-right:2rem;padding-bottom:2rem;padding-left:2rem\">\n<div class=\"wp-block-group card-title is-content-justification-right is-nowrap is-layout-flex wp-container-core-group-is-layout-51daf623 wp-block-group-is-layout-flex\">\n<div class=\"wp-block-group is-layout-constrained wp-block-group-is-layout-constrained\">\n<p>The European Citizen Science Association (ECSA) is a membership association that brings together many stakeholders&nbsp; to increase the democratization of knowledge production. ECSA was set up to encourage the growth of citizen science in Europe, and to support the participation of the general public in research processes \u2013 across science, social science, humanities and the arts.<\/p>\n\n\n\n<p>ECSA&#8217;s vision: &nbsp;<\/p>\n\n\n\n<p>A world where people are empowered to make a positive change through science.<\/p>\n\n\n\n<p>ECSA&#8217;s mission:&nbsp;<\/p>\n\n\n\n<p>We make science and research open, accessible and valuable for everyone.<\/p>\n\n\n\n<p>ECSA supports its members by coordinating citizen science projects, performing research on citizen science, and exchanging experiences and capacity-building. Most of the activities are led by members, and often organized through our thematic working groups. These working groups rely on experts and interested people, who commit their time and expertise to our activities. Additionally, ECSA engages in research and coordination projects, and acts as a communications hub for citizen science in Europe.&nbsp;<\/p>\n\n\n\n<p>Within the UNTWIST project, ECSA organises workshops with the civil society and stakeholders to co-develop policy recommendations to actively engage citizens in the process.<\/p>\n<\/div>\n\n\n\n<div class=\"wp-block-buttons close-grid-item is-content-justification-right is-layout-flex wp-container-core-buttons-is-layout-d445cf74 wp-block-buttons-is-layout-flex\">\n<div class=\"wp-block-button\"><a class=\"wp-block-button__link has-primary-background-color has-background has-medium-font-size has-custom-font-size wp-element-button\" style=\"padding-top:0;padding-right:13px;padding-bottom:0;padding-left:13px\">&#8211;<\/a><\/div>\n<\/div>\n<\/div>\n<\/div>\n<\/div>\n\n\n\n<div id=\"external-expert-advisory-board\" class=\"wp-block-group is-layout-constrained wp-block-group-is-layout-constrained\">\n<div class=\"wp-block-group block-accent-clr block-accent-clr-pink bg-icon bg-icon-adboard has-background-background-color has-background is-layout-constrained wp-container-core-group-is-layout-9cb71de7 wp-block-group-is-layout-constrained\" style=\"padding-top:50px;padding-right:75px;padding-bottom:50px;padding-left:75px\">\n<div class=\"wp-block-group is-content-justification-space-between is-nowrap is-layout-flex wp-container-core-group-is-layout-cb46ffcb wp-block-group-is-layout-flex\">\n<div class=\"wp-block-group is-nowrap is-layout-flex wp-container-core-group-is-layout-6c531013 wp-block-group-is-layout-flex\">\n<figure class=\"wp-block-image size-large\"><img loading=\"lazy\" decoding=\"async\" width=\"43\" height=\"43\" src=\"https:\/\/www.upo.es\/investiga\/UNTWIST\/wp-content\/uploads\/2023\/07\/adboard-icon.svg\" alt=\"\" class=\"wp-image-1235\"\/><\/figure>\n\n\n\n<h3 class=\"wp-block-heading has-title-color has-text-color\">External Expert Advisory Board<\/h3>\n<\/div>\n<\/div>\n\n\n\n<p>UNTWIST External Expert Advisory Board (EEAB) is formed by representatives of political parties, policymakers, institutions, NGOs, and some scholars. The UNTWIST EEAB has been appointed to assist and facilitate the decisions made by the UNTWIST General Assembly. However, EEAB members shall also help the UNTWIST consortium present empirical findings and policy proposals to stakeholders in the most valuable and usable ways and in communicating and disseminating results. All EEAB members gracefully donate their time to this task, and the UNTWIST consortium highly appreciates their collaboration.<\/p>\n<\/div>\n<\/div>\n\n\n\n<div class=\"wp-block-group grid-expand grid-space-btw is-content-justification-center is-layout-constrained wp-block-group-is-layout-constrained\" style=\"margin-bottom:var(--wp--preset--spacing--80)\">\n<div class=\"wp-block-group grid-item-main has-background-background-color has-background is-layout-constrained wp-container-core-group-is-layout-9301cb23 wp-block-group-is-layout-constrained\" style=\"padding-top:2rem;padding-right:2rem;padding-bottom:2rem;padding-left:2rem\">\n<div class=\"wp-block-group card-title is-content-justification-space-between is-nowrap is-layout-flex wp-container-core-group-is-layout-4e2e7437 wp-block-group-is-layout-flex\">\n<figure class=\"wp-block-image size-full\"><img loading=\"lazy\" decoding=\"async\" width=\"480\" height=\"239\" src=\"https:\/\/www.upo.es\/investiga\/UNTWIST\/wp-content\/uploads\/2023\/07\/logo_CEU.jpg\" alt=\"\" class=\"wp-image-1237\" srcset=\"https:\/\/www.upo.es\/investiga\/UNTWIST\/wp-content\/uploads\/2023\/07\/logo_CEU.jpg 480w, https:\/\/www.upo.es\/investiga\/UNTWIST\/wp-content\/uploads\/2023\/07\/logo_CEU-300x149.jpg 300w\" sizes=\"auto, (max-width: 480px) 100vw, 480px\" \/><\/figure>\n\n\n\n<div class=\"wp-block-buttons open-grid-item is-layout-flex wp-block-buttons-is-layout-flex\">\n<div class=\"wp-block-button\"><a class=\"wp-block-button__link has-primary-background-color has-background has-medium-font-size has-custom-font-size wp-element-button\" style=\"padding-top:0px;padding-right:13px;padding-bottom:0px;padding-left:13px\">+<\/a><\/div>\n<\/div>\n<\/div>\n\n\n\n<div class=\"wp-block-group alignfull is-layout-constrained wp-block-group-is-layout-constrained\">\n<h4 class=\"wp-block-heading has-text-align-left has-title-color has-text-color\">CEU <\/h4>\n\n\n\n<p class=\"has-title-color has-text-color has-normal-font-size\">Central European University<\/p>\n<\/div>\n<\/div>\n\n\n\n<div id=\"grid-item-hidden-01\" class=\"wp-block-group grid-item-hidden is-hidden has-background-background-color has-background is-layout-constrained wp-container-core-group-is-layout-9301cb23 wp-block-group-is-layout-constrained\" style=\"padding-top:2rem;padding-right:2rem;padding-bottom:2rem;padding-left:2rem\">\n<div class=\"wp-block-group card-title is-content-justification-left is-nowrap is-layout-flex wp-container-core-group-is-layout-a1ed96d5 wp-block-group-is-layout-flex\">\n<div class=\"wp-block-buttons is-layout-flex wp-block-buttons-is-layout-flex\">\n<div class=\"wp-block-button\"><a class=\"wp-block-button__link has-primary-background-color has-background wp-element-button\" href=\"https:\/\/www.upo.es\/investiga\/UNTWIST\/who-we-are\/central-european-university\/\">Representatives<\/a><\/div>\n<\/div>\n\n\n\n<div class=\"wp-block-buttons close-grid-item is-layout-flex wp-block-buttons-is-layout-flex\">\n<div class=\"wp-block-button\"><a class=\"wp-block-button__link has-primary-background-color has-background has-medium-font-size has-custom-font-size wp-element-button\" style=\"padding-top:0;padding-right:13px;padding-bottom:0;padding-left:13px\">&#8211;<\/a><\/div>\n<\/div>\n<\/div>\n\n\n\n<div class=\"wp-block-group is-layout-constrained wp-block-group-is-layout-constrained\">\n<p>Central European University is an undergraduate- and graduate-level \u201ccrossroads\u201d university where faculty and students from more than 100 countries come to engage in interdisciplinary education, pursue advanced scholarship, and address some of society\u2019s most vexing problems.<\/p>\n\n\n\n<p>CEU is accredited in the United States and Austria, and offers English-language bachelor&#8217;s, master&#8217;s and doctoral programs in the social sciences, the humanities, law, management and public policy. Located in Vienna, the heart of Europe, CEU has a distinct academic and intellectual focus, combining the comparative study of the region&#8217;s historical, cultural, and social diversity with a global perspective on good governance, sustainable development and social transformation.<\/p>\n\n\n\n<p>Founded in 1991 at a time when revolutionary changes were throwing off the rigid orthodoxies imposed on Central and Eastern Europe, CEU is based on the premise that human fallibility can be counterbalanced by the critical discussion of ideas and that this critical spirit can be sustained best in societies where citizens have the freedom to scrutinize competing theories and openly evaluate and change government policies.<\/p>\n\n\n\n<p>CEU is one of the most densely international universities in the world. Its rare mix of nationalities, ethnicities, and cultures creates an ideal environment for examining such \u201copen society\u201d subjects as emerging democracies, transitional economies, media freedom, nationalism, human rights, and the rule of law. It also brings multifaceted perspectives to all aspects of community life.<\/p>\n\n\n\n<p>CEU is known for excellence in teaching and research\u2014with purpose. At the core of its mission lies a set of principles: the pursuit of truth wherever it leads, respect for the diversity of cultures and peoples, and commitment to resolve differences through debate not denial.<\/p>\n<\/div>\n<\/div>\n\n\n\n<div class=\"wp-block-group grid-item-main has-background-background-color has-background is-layout-constrained wp-container-core-group-is-layout-9301cb23 wp-block-group-is-layout-constrained\" style=\"padding-top:2rem;padding-right:2rem;padding-bottom:2rem;padding-left:2rem\">\n<div class=\"wp-block-group card-title is-content-justification-space-between is-nowrap is-layout-flex wp-container-core-group-is-layout-4e2e7437 wp-block-group-is-layout-flex\">\n<figure class=\"wp-block-image size-full\"><img loading=\"lazy\" decoding=\"async\" width=\"768\" height=\"312\" src=\"https:\/\/www.upo.es\/investiga\/UNTWIST\/wp-content\/uploads\/2023\/07\/logo_Universitat_Salzburg.png\" alt=\"\" class=\"wp-image-1239\" srcset=\"https:\/\/www.upo.es\/investiga\/UNTWIST\/wp-content\/uploads\/2023\/07\/logo_Universitat_Salzburg.png 768w, https:\/\/www.upo.es\/investiga\/UNTWIST\/wp-content\/uploads\/2023\/07\/logo_Universitat_Salzburg-300x122.png 300w\" sizes=\"auto, (max-width: 768px) 100vw, 768px\" \/><\/figure>\n\n\n\n<div class=\"wp-block-buttons open-grid-item is-layout-flex wp-block-buttons-is-layout-flex\">\n<div class=\"wp-block-button\"><a class=\"wp-block-button__link has-primary-background-color has-background has-medium-font-size has-custom-font-size wp-element-button\" style=\"padding-top:0;padding-right:13px;padding-bottom:0;padding-left:13px\">+<\/a><\/div>\n<\/div>\n<\/div>\n\n\n\n<div class=\"wp-block-group alignfull is-layout-constrained wp-block-group-is-layout-constrained\">\n<h4 class=\"wp-block-heading has-text-align-left has-title-color has-text-color\">PLUS<\/h4>\n\n\n\n<p class=\"has-title-color has-text-color has-normal-font-size\">Paris Lodron University Salzburg<\/p>\n<\/div>\n<\/div>\n\n\n\n<div id=\"grid-item-hidden-02\" class=\"wp-block-group grid-item-hidden is-hidden has-background-background-color has-background is-layout-constrained wp-container-core-group-is-layout-9301cb23 wp-block-group-is-layout-constrained\" style=\"padding-top:2rem;padding-right:2rem;padding-bottom:2rem;padding-left:2rem\">\n<div class=\"wp-block-group card-title is-content-justification-left is-nowrap is-layout-flex wp-container-core-group-is-layout-a1ed96d5 wp-block-group-is-layout-flex\">\n<div class=\"wp-block-group is-layout-constrained wp-block-group-is-layout-constrained\">\n<p>Paris Lodron University Salzburg PLUS is the largest educational institution in Salzburg with almost 18,000 students and around 3,000 employees in research, teaching and administration. The University is an integral part of both cultural and economic life, and is a meeting point for teachers and students, academia and the local community. The name of our university reflects its founding by Prince Archbishop Paris Lodron in 1622. Since its re-establishment in 1962, the University of Salzburg has become a modern and vibrant university.<\/p>\n\n\n\n<p>Many of the University\u2019s facilities are housed in some architecturally breath-taking buildings in Salzburg\u2019s city centre. The Faculties in Freisaal and UNIPARK in Nonntal make up the modern university campus. Further locations include those in Itzling and Rif, as well as further afield in Linz, Krems and Vienna.<\/p>\n\n\n\n<p>The University of Salzburg offers a wide spectrum of educational opportunities. The PLUS boasts 89 degree programmes. They are divided into Bachelor\u2019s, Master\u2019s, PhD and diploma programmes. Students are free to choose their own focus areas and can add supplementary courses in various disciplines. In addition, the University of Salzburg offers numerous part-time University Programmes for Further Education, some of which are run together with other educational institutions.<\/p>\n<\/div>\n\n\n\n<div class=\"wp-block-buttons close-grid-item is-layout-flex wp-block-buttons-is-layout-flex\">\n<div class=\"wp-block-button\"><a class=\"wp-block-button__link has-primary-background-color has-background has-medium-font-size has-custom-font-size wp-element-button\" style=\"padding-top:0;padding-right:13px;padding-bottom:0;padding-left:13px\">&#8211;<\/a><\/div>\n<\/div>\n<\/div>\n<\/div>\n\n\n\n<div class=\"wp-block-group grid-item-main has-background-background-color has-background is-layout-constrained wp-container-core-group-is-layout-9301cb23 wp-block-group-is-layout-constrained\" style=\"padding-top:2rem;padding-right:2rem;padding-bottom:2rem;padding-left:2rem\">\n<div class=\"wp-block-group card-title is-content-justification-space-between is-nowrap is-layout-flex wp-container-core-group-is-layout-4e2e7437 wp-block-group-is-layout-flex\">\n<figure class=\"wp-block-image size-full\"><img loading=\"lazy\" decoding=\"async\" width=\"637\" height=\"262\" src=\"https:\/\/www.upo.es\/investiga\/UNTWIST\/wp-content\/uploads\/2023\/07\/menengage-europe.png\" alt=\"\" class=\"wp-image-1240\" srcset=\"https:\/\/www.upo.es\/investiga\/UNTWIST\/wp-content\/uploads\/2023\/07\/menengage-europe.png 637w, https:\/\/www.upo.es\/investiga\/UNTWIST\/wp-content\/uploads\/2023\/07\/menengage-europe-300x123.png 300w\" sizes=\"auto, (max-width: 637px) 100vw, 637px\" \/><\/figure>\n\n\n\n<div class=\"wp-block-buttons open-grid-item is-layout-flex wp-block-buttons-is-layout-flex\">\n<div class=\"wp-block-button\"><a class=\"wp-block-button__link has-primary-background-color has-background has-medium-font-size has-custom-font-size wp-element-button\" style=\"padding-top:0;padding-right:13px;padding-bottom:0;padding-left:13px\">+<\/a><\/div>\n<\/div>\n<\/div>\n\n\n\n<div class=\"wp-block-group alignfull is-layout-constrained wp-block-group-is-layout-constrained\">\n<h4 class=\"wp-block-heading has-text-align-left has-title-color has-text-color\">MENENGAGE <\/h4>\n\n\n\n<p class=\"has-title-color has-text-color has-normal-font-size\">Menengage Europe<\/p>\n<\/div>\n<\/div>\n\n\n\n<div id=\"grid-item-hidden-03\" class=\"wp-block-group grid-item-hidden is-hidden has-background-background-color has-background is-layout-constrained wp-container-core-group-is-layout-9301cb23 wp-block-group-is-layout-constrained\" style=\"padding-top:2rem;padding-right:2rem;padding-bottom:2rem;padding-left:2rem\">\n<div class=\"wp-block-group card-title is-content-justification-left is-nowrap is-layout-flex wp-container-core-group-is-layout-a1ed96d5 wp-block-group-is-layout-flex\">\n<div class=\"wp-block-group is-layout-constrained wp-block-group-is-layout-constrained\">\n<p>MenEngage Alliance is a space for members to come together in solidarity with those most targeted by gender injustices and patriarchal systems to collectively dismantle structural barriers to women\u2019s rights and gender equality. As a global network, we bring together people and organizations with a shared vision of a world in which gender justice and human rights are recognized, promoted and protected, where all people are equal and free from discrimination and oppression.<\/p>\n\n\n\n<p>Our work with men and boys stems from the pioneering work and ongoing leadership of women\u2019s rights and LGBTQI movements. This means we root our understanding of the world in feminist theory and an understanding that patriarchy is a system at the center of women\u2019s and LGBTQI person\u2019s human rights violations and gender inequalities.<\/p>\n<\/div>\n\n\n\n<div class=\"wp-block-buttons close-grid-item is-layout-flex wp-block-buttons-is-layout-flex\">\n<div class=\"wp-block-button\"><a class=\"wp-block-button__link has-primary-background-color has-background has-medium-font-size has-custom-font-size wp-element-button\" style=\"padding-top:0;padding-right:13px;padding-bottom:0;padding-left:13px\">&#8211;<\/a><\/div>\n<\/div>\n<\/div>\n<\/div>\n\n\n\n<div class=\"wp-block-group grid-item-main has-background-background-color has-background is-layout-constrained wp-container-core-group-is-layout-9301cb23 wp-block-group-is-layout-constrained\" style=\"padding-top:2rem;padding-right:2rem;padding-bottom:2rem;padding-left:2rem\">\n<div class=\"wp-block-group card-title is-content-justification-space-between is-nowrap is-layout-flex wp-container-core-group-is-layout-4e2e7437 wp-block-group-is-layout-flex\">\n<figure class=\"wp-block-image size-full\"><img loading=\"lazy\" decoding=\"async\" width=\"618\" height=\"300\" src=\"https:\/\/www.upo.es\/investiga\/UNTWIST\/wp-content\/uploads\/2023\/09\/epf-logo.png\" alt=\"\" class=\"wp-image-1383\" srcset=\"https:\/\/www.upo.es\/investiga\/UNTWIST\/wp-content\/uploads\/2023\/09\/epf-logo.png 618w, https:\/\/www.upo.es\/investiga\/UNTWIST\/wp-content\/uploads\/2023\/09\/epf-logo-300x146.png 300w\" sizes=\"auto, (max-width: 618px) 100vw, 618px\" \/><\/figure>\n\n\n\n<div class=\"wp-block-buttons open-grid-item is-layout-flex wp-block-buttons-is-layout-flex\">\n<div class=\"wp-block-button\"><a class=\"wp-block-button__link has-primary-background-color has-background has-medium-font-size has-custom-font-size wp-element-button\" style=\"padding-top:0;padding-right:13px;padding-bottom:0;padding-left:13px\">+<\/a><\/div>\n<\/div>\n<\/div>\n\n\n\n<div class=\"wp-block-group alignfull is-layout-constrained wp-block-group-is-layout-constrained\">\n<h4 class=\"wp-block-heading has-text-align-left has-title-color has-text-color\">EPF <\/h4>\n\n\n\n<p class=\"has-title-color has-text-color has-normal-font-size\">European Parliamentary Forum for Sexual and Reproductive Rights<\/p>\n<\/div>\n<\/div>\n\n\n\n<div id=\"grid-item-hidden-04\" class=\"wp-block-group grid-item-hidden is-hidden has-background-background-color has-background is-layout-constrained wp-container-core-group-is-layout-9301cb23 wp-block-group-is-layout-constrained\" style=\"padding-top:2rem;padding-right:2rem;padding-bottom:2rem;padding-left:2rem\">\n<div class=\"wp-block-group card-title is-content-justification-left is-nowrap is-layout-flex wp-container-core-group-is-layout-a1ed96d5 wp-block-group-is-layout-flex\">\n<div class=\"wp-block-group is-layout-constrained wp-block-group-is-layout-constrained\">\n<p>The European Parliamentary Forum for Sexual and Reproductive Rights is a network of Members of Parliament throughout Europe who are committed to protecting the sexual and reproductive rights (SRHR) of all people, both at home and overseas. The Secretariat is based in Brussels.<\/p>\n\n\n\n<p>In advocating for these human rights, EPF parliamentarians work on the following topics, amongst others.<\/p>\n<\/div>\n\n\n\n<div class=\"wp-block-buttons close-grid-item is-layout-flex wp-block-buttons-is-layout-flex\">\n<div class=\"wp-block-button\"><a class=\"wp-block-button__link has-primary-background-color has-background has-medium-font-size has-custom-font-size wp-element-button\" style=\"padding-top:0;padding-right:13px;padding-bottom:0;padding-left:13px\">&#8211;<\/a><\/div>\n<\/div>\n<\/div>\n<\/div>\n\n\n\n<div class=\"wp-block-group grid-item-main has-background-background-color has-background is-layout-constrained wp-container-core-group-is-layout-9301cb23 wp-block-group-is-layout-constrained\" style=\"padding-top:2rem;padding-right:2rem;padding-bottom:2rem;padding-left:2rem\">\n<div class=\"wp-block-group card-title is-content-justification-space-between is-nowrap is-layout-flex wp-container-core-group-is-layout-4e2e7437 wp-block-group-is-layout-flex\">\n<figure class=\"wp-block-image size-full\"><img loading=\"lazy\" decoding=\"async\" width=\"350\" height=\"140\" src=\"https:\/\/www.upo.es\/investiga\/UNTWIST\/wp-content\/uploads\/2023\/07\/EWL_logo1.png\" alt=\"\" class=\"wp-image-1243\" srcset=\"https:\/\/www.upo.es\/investiga\/UNTWIST\/wp-content\/uploads\/2023\/07\/EWL_logo1.png 350w, https:\/\/www.upo.es\/investiga\/UNTWIST\/wp-content\/uploads\/2023\/07\/EWL_logo1-300x120.png 300w\" sizes=\"auto, (max-width: 350px) 100vw, 350px\" \/><\/figure>\n\n\n\n<div class=\"wp-block-buttons open-grid-item is-layout-flex wp-block-buttons-is-layout-flex\">\n<div class=\"wp-block-button\"><a class=\"wp-block-button__link has-primary-background-color has-background has-medium-font-size has-custom-font-size wp-element-button\" style=\"padding-top:0;padding-right:13px;padding-bottom:0;padding-left:13px\">+<\/a><\/div>\n<\/div>\n<\/div>\n\n\n\n<div class=\"wp-block-group alignfull is-layout-constrained wp-block-group-is-layout-constrained\">\n<h4 class=\"wp-block-heading has-text-align-left has-title-color has-text-color\">EWL<\/h4>\n\n\n\n<p class=\"has-title-color has-text-color has-normal-font-size\">European Women\u2019s Lobby<\/p>\n<\/div>\n<\/div>\n\n\n\n<div id=\"grid-item-hidden-05\" class=\"wp-block-group grid-item-hidden is-hidden has-background-background-color has-background is-layout-constrained wp-container-core-group-is-layout-9301cb23 wp-block-group-is-layout-constrained\" style=\"padding-top:2rem;padding-right:2rem;padding-bottom:2rem;padding-left:2rem\">\n<div class=\"wp-block-group card-title is-content-justification-left is-nowrap is-layout-flex wp-container-core-group-is-layout-a1ed96d5 wp-block-group-is-layout-flex\">\n<div class=\"wp-block-group is-layout-constrained wp-block-group-is-layout-constrained\">\n<p>The European Women\u2019s Lobby (EWL) brings together the women\u2019s movement in Europe to influence the general public and European Institutions in support of women\u2019s human rights and equality between women and men.<\/p>\n\n\n\n<p>We are the largest European umbrella network of women\u2019s associations representing a total of more than 2000 organisations in 26 EU Member States, four Candidate Countries, one former EU Member State and one European Free Trade Association country, as well as 17 European-wide organisations representing the diversity of women and girls in Europe. EWL envisions a society in which women\u2019s contribution to all aspects of life is recognised, rewarded and celebrated &#8211; in leadership, in care and in production; all women have self-confidence, freedom of choice, and freedom from violence and exploitation; and no woman or girl is left behind.<\/p>\n<\/div>\n\n\n\n<div class=\"wp-block-buttons close-grid-item is-layout-flex wp-block-buttons-is-layout-flex\">\n<div class=\"wp-block-button\"><a class=\"wp-block-button__link has-primary-background-color has-background has-medium-font-size has-custom-font-size wp-element-button\" style=\"padding-top:0;padding-right:13px;padding-bottom:0;padding-left:13px\">&#8211;<\/a><\/div>\n<\/div>\n<\/div>\n<\/div>\n\n\n\n<div class=\"wp-block-group grid-item-main has-background-background-color has-background is-layout-constrained wp-container-core-group-is-layout-9301cb23 wp-block-group-is-layout-constrained\" style=\"padding-top:2rem;padding-right:2rem;padding-bottom:2rem;padding-left:2rem\">\n<div class=\"wp-block-group card-title is-content-justification-space-between is-nowrap is-layout-flex wp-container-core-group-is-layout-4e2e7437 wp-block-group-is-layout-flex\">\n<figure class=\"wp-block-image size-full\"><img loading=\"lazy\" decoding=\"async\" width=\"500\" height=\"211\" src=\"https:\/\/www.upo.es\/investiga\/UNTWIST\/wp-content\/uploads\/2023\/07\/pes-logo.png\" alt=\"\" class=\"wp-image-1244\" srcset=\"https:\/\/www.upo.es\/investiga\/UNTWIST\/wp-content\/uploads\/2023\/07\/pes-logo.png 500w, https:\/\/www.upo.es\/investiga\/UNTWIST\/wp-content\/uploads\/2023\/07\/pes-logo-300x127.png 300w\" sizes=\"auto, (max-width: 500px) 100vw, 500px\" \/><\/figure>\n\n\n\n<div class=\"wp-block-buttons open-grid-item is-layout-flex wp-block-buttons-is-layout-flex\">\n<div class=\"wp-block-button\"><a class=\"wp-block-button__link has-primary-background-color has-background has-medium-font-size has-custom-font-size wp-element-button\" style=\"padding-top:0;padding-right:13px;padding-bottom:0;padding-left:13px\">+<\/a><\/div>\n<\/div>\n<\/div>\n\n\n\n<div class=\"wp-block-group alignfull is-layout-constrained wp-block-group-is-layout-constrained\">\n<h4 class=\"wp-block-heading has-text-align-left has-title-color has-text-color\">PES<\/h4>\n\n\n\n<p class=\"has-title-color has-text-color has-normal-font-size\">Party of European Socialists<\/p>\n<\/div>\n<\/div>\n\n\n\n<div id=\"grid-item-hidden-06\" class=\"wp-block-group grid-item-hidden is-hidden has-background-background-color has-background is-layout-constrained wp-container-core-group-is-layout-9301cb23 wp-block-group-is-layout-constrained\" style=\"padding-top:2rem;padding-right:2rem;padding-bottom:2rem;padding-left:2rem\">\n<div class=\"wp-block-group card-title is-content-justification-left is-nowrap is-layout-flex wp-container-core-group-is-layout-a1ed96d5 wp-block-group-is-layout-flex\">\n<div class=\"wp-block-group is-layout-constrained wp-block-group-is-layout-constrained\">\n<p>The Party of European Socialists (PES) brings together the Socialist, Social Democratic and Labour Parties of the EU. The PES is our common platform, where our members come together: activists, party executives, Secretary Generals, Leaders, youth organisations, MPs, MEPs, European Commissioners, Ministers and Prime-Ministers of socialist, social-democratic, labour and democratic parties and organisations within Europe. We also exchange best practices and engage in political campaigning. Our main aim is to support our member parties and organisations.<\/p>\n<\/div>\n\n\n\n<div class=\"wp-block-buttons close-grid-item is-layout-flex wp-block-buttons-is-layout-flex\">\n<div class=\"wp-block-button\"><a class=\"wp-block-button__link has-primary-background-color has-background has-medium-font-size has-custom-font-size wp-element-button\" style=\"padding-top:0;padding-right:13px;padding-bottom:0;padding-left:13px\">&#8211;<\/a><\/div>\n<\/div>\n<\/div>\n<\/div>\n\n\n\n<div class=\"wp-block-group grid-item-main has-background-background-color has-background is-layout-constrained wp-container-core-group-is-layout-9301cb23 wp-block-group-is-layout-constrained\" style=\"padding-top:2rem;padding-right:2rem;padding-bottom:2rem;padding-left:2rem\">\n<div class=\"wp-block-group card-title is-content-justification-space-between is-nowrap is-layout-flex wp-container-core-group-is-layout-4e2e7437 wp-block-group-is-layout-flex\">\n<figure class=\"wp-block-image size-full\"><img loading=\"lazy\" decoding=\"async\" width=\"500\" height=\"248\" src=\"https:\/\/www.upo.es\/investiga\/UNTWIST\/wp-content\/uploads\/2023\/07\/epp-logo.png\" alt=\"\" class=\"wp-image-1245\" srcset=\"https:\/\/www.upo.es\/investiga\/UNTWIST\/wp-content\/uploads\/2023\/07\/epp-logo.png 500w, https:\/\/www.upo.es\/investiga\/UNTWIST\/wp-content\/uploads\/2023\/07\/epp-logo-300x149.png 300w\" sizes=\"auto, (max-width: 500px) 100vw, 500px\" \/><\/figure>\n\n\n\n<div class=\"wp-block-buttons open-grid-item is-layout-flex wp-block-buttons-is-layout-flex\">\n<div class=\"wp-block-button\"><a class=\"wp-block-button__link has-primary-background-color has-background has-medium-font-size has-custom-font-size wp-element-button\" style=\"padding-top:0;padding-right:13px;padding-bottom:0;padding-left:13px\">+<\/a><\/div>\n<\/div>\n<\/div>\n\n\n\n<div class=\"wp-block-group alignfull is-layout-constrained wp-block-group-is-layout-constrained\">\n<h4 class=\"wp-block-heading has-text-align-left has-title-color has-text-color\">EPP<\/h4>\n\n\n\n<p class=\"has-title-color has-text-color has-normal-font-size\">European People\u2019s Party<\/p>\n<\/div>\n<\/div>\n\n\n\n<div id=\"grid-item-hidden-06\" class=\"wp-block-group grid-item-hidden is-hidden has-background-background-color has-background is-layout-constrained wp-container-core-group-is-layout-9301cb23 wp-block-group-is-layout-constrained\" style=\"padding-top:2rem;padding-right:2rem;padding-bottom:2rem;padding-left:2rem\">\n<div class=\"wp-block-group card-title is-content-justification-left is-nowrap is-layout-flex wp-container-core-group-is-layout-a1ed96d5 wp-block-group-is-layout-flex\">\n<div class=\"wp-block-group is-layout-constrained wp-block-group-is-layout-constrained\">\n<p>The European People\u2019s Party (EPP) strives for a democratic, transparent and efficient Europe that is close to its citizens. The EPP wants a prosperous Europe through the promotion of a free market economy with a social consciousness. The EPP is the EU\u2019s centre-right party and its largest and most influential political family. The EPP currently includes 82 parties and partners from 43 countries, the President of the European Commission, President of the European Parliament, 9 members of the European Commission and the largest Groups in the European Parliament.<\/p>\n<\/div>\n\n\n\n<div class=\"wp-block-buttons close-grid-item is-layout-flex wp-block-buttons-is-layout-flex\">\n<div class=\"wp-block-button\"><a class=\"wp-block-button__link has-primary-background-color has-background has-medium-font-size has-custom-font-size wp-element-button\" style=\"padding-top:0;padding-right:13px;padding-bottom:0;padding-left:13px\">&#8211;<\/a><\/div>\n<\/div>\n<\/div>\n<\/div>\n<\/div>\n","protected":false},"excerpt":{"rendered":"<p>CONSORTIUM UNTWIST project is composed of a consortium of 9 partners (seven universities, one research institute, one association and one foundation). The consortium has been set up to ensure the well-balanced participation of academic partners from different geographical areas, and guarantee the representation of the heterogenous political, social, economic, and demographic contexts that might be [&hellip;]<\/p>\n","protected":false},"author":2,"featured_media":0,"parent":0,"menu_order":0,"comment_status":"closed","ping_status":"closed","template":"page-template-notitle","meta":{"inline_featured_image":false,"footnotes":""},"class_list":["post-10","page","type-page","status-publish","hentry"],"nelio_popups_active_popup":"","yoast_head":"<!-- This site is optimized with the Yoast SEO plugin v26.3 - https:\/\/yoast.com\/wordpress\/plugins\/seo\/ -->\n<title>Who we are - UNTWIST<\/title>\n<meta name=\"robots\" content=\"index, follow, max-snippet:-1, max-image-preview:large, max-video-preview:-1\" \/>\n<link rel=\"canonical\" href=\"https:\/\/www.upo.es\/investiga\/UNTWIST\/who-we-are\/\" \/>\n<meta property=\"og:locale\" content=\"en_US\" \/>\n<meta property=\"og:type\" content=\"article\" \/>\n<meta property=\"og:title\" content=\"Who we are - UNTWIST\" \/>\n<meta property=\"og:description\" content=\"CONSORTIUM UNTWIST project is composed of a consortium of 9 partners (seven universities, one research institute, one association and one foundation). The consortium has been set up to ensure the well-balanced participation of academic partners from different geographical areas, and guarantee the representation of the heterogenous political, social, economic, and demographic contexts that might be [&hellip;]\" \/>\n<meta property=\"og:url\" content=\"https:\/\/www.upo.es\/investiga\/UNTWIST\/who-we-are\/\" \/>\n<meta property=\"og:site_name\" content=\"UNTWIST\" \/>\n<meta property=\"article:modified_time\" content=\"2025-12-02T15:31:03+00:00\" \/>\n<meta property=\"og:image\" content=\"https:\/\/www.upo.es\/investiga\/UNTWIST\/wp-content\/uploads\/2023\/12\/Untwist-logo.jpg\" \/>\n\t<meta property=\"og:image:width\" content=\"2480\" \/>\n\t<meta property=\"og:image:height\" content=\"1808\" \/>\n\t<meta property=\"og:image:type\" content=\"image\/jpeg\" \/>\n<meta name=\"twitter:card\" content=\"summary\" \/>\n<meta name=\"twitter:image\" content=\"https:\/\/www.upo.es\/investiga\/UNTWIST\/wp-content\/uploads\/2023\/12\/Untwist-logo.jpg\" \/>\n<meta name=\"twitter:site\" content=\"@UNTWISTproject\" \/>\n<meta name=\"twitter:label1\" content=\"Est. reading time\" \/>\n\t<meta name=\"twitter:data1\" content=\"17 minutes\" \/>\n<script type=\"application\/ld+json\" class=\"yoast-schema-graph\">{\"@context\":\"https:\/\/schema.org\",\"@graph\":[{\"@type\":\"WebPage\",\"@id\":\"https:\/\/www.upo.es\/investiga\/UNTWIST\/who-we-are\/\",\"url\":\"https:\/\/www.upo.es\/investiga\/UNTWIST\/who-we-are\/\",\"name\":\"Who we are - UNTWIST\",\"isPartOf\":{\"@id\":\"https:\/\/www.upo.es\/investiga\/UNTWIST\/#website\"},\"primaryImageOfPage\":{\"@id\":\"https:\/\/www.upo.es\/investiga\/UNTWIST\/who-we-are\/#primaryimage\"},\"image\":{\"@id\":\"https:\/\/www.upo.es\/investiga\/UNTWIST\/who-we-are\/#primaryimage\"},\"thumbnailUrl\":\"https:\/\/www.upo.es\/investiga\/UNTWIST\/wp-content\/uploads\/2023\/05\/consort-icon.svg\",\"datePublished\":\"2023-04-17T10:57:24+00:00\",\"dateModified\":\"2025-12-02T15:31:03+00:00\",\"breadcrumb\":{\"@id\":\"https:\/\/www.upo.es\/investiga\/UNTWIST\/who-we-are\/#breadcrumb\"},\"inLanguage\":\"en-US\",\"potentialAction\":[{\"@type\":\"ReadAction\",\"target\":[\"https:\/\/www.upo.es\/investiga\/UNTWIST\/who-we-are\/\"]}]},{\"@type\":\"ImageObject\",\"inLanguage\":\"en-US\",\"@id\":\"https:\/\/www.upo.es\/investiga\/UNTWIST\/who-we-are\/#primaryimage\",\"url\":\"https:\/\/www.upo.es\/investiga\/UNTWIST\/wp-content\/uploads\/2023\/05\/consort-icon.svg\",\"contentUrl\":\"https:\/\/www.upo.es\/investiga\/UNTWIST\/wp-content\/uploads\/2023\/05\/consort-icon.svg\",\"width\":43,\"height\":43},{\"@type\":\"BreadcrumbList\",\"@id\":\"https:\/\/www.upo.es\/investiga\/UNTWIST\/who-we-are\/#breadcrumb\",\"itemListElement\":[{\"@type\":\"ListItem\",\"position\":1,\"name\":\"Portada\",\"item\":\"https:\/\/www.upo.es\/investiga\/UNTWIST\/\"},{\"@type\":\"ListItem\",\"position\":2,\"name\":\"Who we are\"}]},{\"@type\":\"WebSite\",\"@id\":\"https:\/\/www.upo.es\/investiga\/UNTWIST\/#website\",\"url\":\"https:\/\/www.upo.es\/investiga\/UNTWIST\/\",\"name\":\"UNTWIST\",\"description\":\"\",\"publisher\":{\"@id\":\"https:\/\/www.upo.es\/investiga\/UNTWIST\/#organization\"},\"potentialAction\":[{\"@type\":\"SearchAction\",\"target\":{\"@type\":\"EntryPoint\",\"urlTemplate\":\"https:\/\/www.upo.es\/investiga\/UNTWIST\/?s={search_term_string}\"},\"query-input\":{\"@type\":\"PropertyValueSpecification\",\"valueRequired\":true,\"valueName\":\"search_term_string\"}}],\"inLanguage\":\"en-US\"},{\"@type\":\"Organization\",\"@id\":\"https:\/\/www.upo.es\/investiga\/UNTWIST\/#organization\",\"name\":\"UNTWIST\",\"alternateName\":\"UNTWIST\",\"url\":\"https:\/\/www.upo.es\/investiga\/UNTWIST\/\",\"logo\":{\"@type\":\"ImageObject\",\"inLanguage\":\"en-US\",\"@id\":\"https:\/\/www.upo.es\/investiga\/UNTWIST\/#\/schema\/logo\/image\/\",\"url\":\"https:\/\/www.upo.es\/investiga\/UNTWIST\/wp-content\/uploads\/2023\/04\/untwitst-logo-large.png\",\"contentUrl\":\"https:\/\/www.upo.es\/investiga\/UNTWIST\/wp-content\/uploads\/2023\/04\/untwitst-logo-large.png\",\"width\":1000,\"height\":986,\"caption\":\"UNTWIST\"},\"image\":{\"@id\":\"https:\/\/www.upo.es\/investiga\/UNTWIST\/#\/schema\/logo\/image\/\"},\"sameAs\":[\"https:\/\/x.com\/UNTWISTproject\",\"https:\/\/www.youtube.com\/@UNTWIST_Project\"]}]}<\/script>\n<!-- \/ Yoast SEO plugin. -->","yoast_head_json":{"title":"Who we are - UNTWIST","robots":{"index":"index","follow":"follow","max-snippet":"max-snippet:-1","max-image-preview":"max-image-preview:large","max-video-preview":"max-video-preview:-1"},"canonical":"https:\/\/www.upo.es\/investiga\/UNTWIST\/who-we-are\/","og_locale":"en_US","og_type":"article","og_title":"Who we are - UNTWIST","og_description":"CONSORTIUM UNTWIST project is composed of a consortium of 9 partners (seven universities, one research institute, one association and one foundation). The consortium has been set up to ensure the well-balanced participation of academic partners from different geographical areas, and guarantee the representation of the heterogenous political, social, economic, and demographic contexts that might be [&hellip;]","og_url":"https:\/\/www.upo.es\/investiga\/UNTWIST\/who-we-are\/","og_site_name":"UNTWIST","article_modified_time":"2025-12-02T15:31:03+00:00","og_image":[{"width":2480,"height":1808,"url":"https:\/\/www.upo.es\/investiga\/UNTWIST\/wp-content\/uploads\/2023\/12\/Untwist-logo.jpg","type":"image\/jpeg"}],"twitter_card":"summary","twitter_image":"https:\/\/www.upo.es\/investiga\/UNTWIST\/wp-content\/uploads\/2023\/12\/Untwist-logo.jpg","twitter_site":"@UNTWISTproject","twitter_misc":{"Est. reading time":"17 minutes"},"schema":{"@context":"https:\/\/schema.org","@graph":[{"@type":"WebPage","@id":"https:\/\/www.upo.es\/investiga\/UNTWIST\/who-we-are\/","url":"https:\/\/www.upo.es\/investiga\/UNTWIST\/who-we-are\/","name":"Who we are - UNTWIST","isPartOf":{"@id":"https:\/\/www.upo.es\/investiga\/UNTWIST\/#website"},"primaryImageOfPage":{"@id":"https:\/\/www.upo.es\/investiga\/UNTWIST\/who-we-are\/#primaryimage"},"image":{"@id":"https:\/\/www.upo.es\/investiga\/UNTWIST\/who-we-are\/#primaryimage"},"thumbnailUrl":"https:\/\/www.upo.es\/investiga\/UNTWIST\/wp-content\/uploads\/2023\/05\/consort-icon.svg","datePublished":"2023-04-17T10:57:24+00:00","dateModified":"2025-12-02T15:31:03+00:00","breadcrumb":{"@id":"https:\/\/www.upo.es\/investiga\/UNTWIST\/who-we-are\/#breadcrumb"},"inLanguage":"en-US","potentialAction":[{"@type":"ReadAction","target":["https:\/\/www.upo.es\/investiga\/UNTWIST\/who-we-are\/"]}]},{"@type":"ImageObject","inLanguage":"en-US","@id":"https:\/\/www.upo.es\/investiga\/UNTWIST\/who-we-are\/#primaryimage","url":"https:\/\/www.upo.es\/investiga\/UNTWIST\/wp-content\/uploads\/2023\/05\/consort-icon.svg","contentUrl":"https:\/\/www.upo.es\/investiga\/UNTWIST\/wp-content\/uploads\/2023\/05\/consort-icon.svg","width":43,"height":43},{"@type":"BreadcrumbList","@id":"https:\/\/www.upo.es\/investiga\/UNTWIST\/who-we-are\/#breadcrumb","itemListElement":[{"@type":"ListItem","position":1,"name":"Portada","item":"https:\/\/www.upo.es\/investiga\/UNTWIST\/"},{"@type":"ListItem","position":2,"name":"Who we are"}]},{"@type":"WebSite","@id":"https:\/\/www.upo.es\/investiga\/UNTWIST\/#website","url":"https:\/\/www.upo.es\/investiga\/UNTWIST\/","name":"UNTWIST","description":"","publisher":{"@id":"https:\/\/www.upo.es\/investiga\/UNTWIST\/#organization"},"potentialAction":[{"@type":"SearchAction","target":{"@type":"EntryPoint","urlTemplate":"https:\/\/www.upo.es\/investiga\/UNTWIST\/?s={search_term_string}"},"query-input":{"@type":"PropertyValueSpecification","valueRequired":true,"valueName":"search_term_string"}}],"inLanguage":"en-US"},{"@type":"Organization","@id":"https:\/\/www.upo.es\/investiga\/UNTWIST\/#organization","name":"UNTWIST","alternateName":"UNTWIST","url":"https:\/\/www.upo.es\/investiga\/UNTWIST\/","logo":{"@type":"ImageObject","inLanguage":"en-US","@id":"https:\/\/www.upo.es\/investiga\/UNTWIST\/#\/schema\/logo\/image\/","url":"https:\/\/www.upo.es\/investiga\/UNTWIST\/wp-content\/uploads\/2023\/04\/untwitst-logo-large.png","contentUrl":"https:\/\/www.upo.es\/investiga\/UNTWIST\/wp-content\/uploads\/2023\/04\/untwitst-logo-large.png","width":1000,"height":986,"caption":"UNTWIST"},"image":{"@id":"https:\/\/www.upo.es\/investiga\/UNTWIST\/#\/schema\/logo\/image\/"},"sameAs":["https:\/\/x.com\/UNTWISTproject","https:\/\/www.youtube.com\/@UNTWIST_Project"]}]}},"_links":{"self":[{"href":"https:\/\/www.upo.es\/investiga\/UNTWIST\/wp-json\/wp\/v2\/pages\/10","targetHints":{"allow":["GET"]}}],"collection":[{"href":"https:\/\/www.upo.es\/investiga\/UNTWIST\/wp-json\/wp\/v2\/pages"}],"about":[{"href":"https:\/\/www.upo.es\/investiga\/UNTWIST\/wp-json\/wp\/v2\/types\/page"}],"author":[{"embeddable":true,"href":"https:\/\/www.upo.es\/investiga\/UNTWIST\/wp-json\/wp\/v2\/users\/2"}],"replies":[{"embeddable":true,"href":"https:\/\/www.upo.es\/investiga\/UNTWIST\/wp-json\/wp\/v2\/comments?post=10"}],"version-history":[{"count":115,"href":"https:\/\/www.upo.es\/investiga\/UNTWIST\/wp-json\/wp\/v2\/pages\/10\/revisions"}],"predecessor-version":[{"id":2376,"href":"https:\/\/www.upo.es\/investiga\/UNTWIST\/wp-json\/wp\/v2\/pages\/10\/revisions\/2376"}],"wp:attachment":[{"href":"https:\/\/www.upo.es\/investiga\/UNTWIST\/wp-json\/wp\/v2\/media?parent=10"}],"curies":[{"name":"wp","href":"https:\/\/api.w.org\/{rel}","templated":true}]}}