{"id":4595,"date":"2019-12-04T14:06:31","date_gmt":"2019-12-04T13:06:31","guid":{"rendered":"https:\/\/www.upo.es\/investiga\/atlanrex\/?page_id=4595"},"modified":"2021-02-23T19:37:18","modified_gmt":"2021-02-23T18:37:18","slug":"presentacion-del-proyecto","status":"publish","type":"page","link":"https:\/\/www.upo.es\/investiga\/atlanrex\/presentacion-del-proyecto\/","title":{"rendered":"Presentaci\u00f3n del proyecto"},"content":{"rendered":"\t\t<div data-elementor-type=\"wp-page\" data-elementor-id=\"4595\" class=\"elementor elementor-4595\">\n\t\t\t\t\t\t<section class=\"elementor-section elementor-top-section elementor-element elementor-element-7a70d41 elementor-section-content-middle elementor-section-boxed elementor-section-height-default elementor-section-height-default\" data-id=\"7a70d41\" data-element_type=\"section\" data-e-type=\"section\" data-settings=\"{&quot;background_background&quot;:&quot;classic&quot;}\">\n\t\t\t\t\t\t<div class=\"elementor-container elementor-column-gap-no\">\n\t\t\t\t\t<div class=\"elementor-column elementor-col-100 elementor-top-column elementor-element elementor-element-64ad472\" data-id=\"64ad472\" data-element_type=\"column\" data-e-type=\"column\">\n\t\t\t<div class=\"elementor-widget-wrap elementor-element-populated\">\n\t\t\t\t\t\t<div class=\"elementor-element elementor-element-8ed5115 elementor-widget elementor-widget-heading\" data-id=\"8ed5115\" data-element_type=\"widget\" data-e-type=\"widget\" data-widget_type=\"heading.default\">\n\t\t\t\t<div class=\"elementor-widget-container\">\n\t\t\t\t\t<h4 class=\"elementor-heading-title elementor-size-default\">REXPUBLICA<\/h4>\t\t\t\t<\/div>\n\t\t\t\t<\/div>\n\t\t\t\t<div class=\"elementor-element elementor-element-da68f79 elementor-widget elementor-widget-text-editor\" data-id=\"da68f79\" data-element_type=\"widget\" data-e-type=\"widget\" data-widget_type=\"text-editor.default\">\n\t\t\t\t<div class=\"elementor-widget-container\">\n\t\t\t\t\t\t\t\t\t<p>\u00a0Presentaci\u00f3n y objetivos del proyecto<\/p>\t\t\t\t\t\t\t\t<\/div>\n\t\t\t\t<\/div>\n\t\t\t\t\t<\/div>\n\t\t<\/div>\n\t\t\t\t\t<\/div>\n\t\t<\/section>\n\t\t\t\t<section class=\"elementor-section elementor-top-section elementor-element elementor-element-824c6f6 elementor-section-boxed elementor-section-height-default elementor-section-height-default\" data-id=\"824c6f6\" data-element_type=\"section\" data-e-type=\"section\">\n\t\t\t\t\t\t<div class=\"elementor-container elementor-column-gap-default\">\n\t\t\t\t\t<div class=\"elementor-column elementor-col-50 elementor-top-column elementor-element elementor-element-4297fed\" data-id=\"4297fed\" data-element_type=\"column\" data-e-type=\"column\">\n\t\t\t<div class=\"elementor-widget-wrap elementor-element-populated\">\n\t\t\t\t\t\t<div class=\"elementor-element elementor-element-dfe2363 elementor-widget elementor-widget-text-editor\" data-id=\"dfe2363\" data-element_type=\"widget\" data-e-type=\"widget\" data-widget_type=\"text-editor.default\">\n\t\t\t\t<div class=\"elementor-widget-container\">\n\t\t\t\t\t\t\t\t\t<p>Presentaci\u00f3n<\/p>\t\t\t\t\t\t\t\t<\/div>\n\t\t\t\t<\/div>\n\t\t\t\t\t<\/div>\n\t\t<\/div>\n\t\t\t\t<div class=\"elementor-column elementor-col-50 elementor-top-column elementor-element elementor-element-e8b3ece\" data-id=\"e8b3ece\" data-element_type=\"column\" data-e-type=\"column\" data-settings=\"{&quot;background_background&quot;:&quot;classic&quot;}\">\n\t\t\t<div class=\"elementor-widget-wrap elementor-element-populated\">\n\t\t\t\t\t\t\t<\/div>\n\t\t<\/div>\n\t\t\t\t\t<\/div>\n\t\t<\/section>\n\t\t\t\t<section class=\"elementor-section elementor-top-section elementor-element elementor-element-82abed7 elementor-section-boxed elementor-section-height-default elementor-section-height-default\" data-id=\"82abed7\" data-element_type=\"section\" data-e-type=\"section\" data-settings=\"{&quot;background_background&quot;:&quot;classic&quot;}\">\n\t\t\t\t\t\t<div class=\"elementor-container elementor-column-gap-default\">\n\t\t\t\t\t<div class=\"elementor-column elementor-col-50 elementor-top-column elementor-element elementor-element-842cf37\" data-id=\"842cf37\" data-element_type=\"column\" data-e-type=\"column\" data-settings=\"{&quot;background_background&quot;:&quot;classic&quot;,&quot;animation&quot;:&quot;none&quot;}\">\n\t\t\t<div class=\"elementor-widget-wrap elementor-element-populated\">\n\t\t\t\t\t\t<div class=\"elementor-element elementor-element-3a0fdf6 elementor-widget__width-inherit elementor-widget elementor-widget-text-editor\" data-id=\"3a0fdf6\" data-element_type=\"widget\" data-e-type=\"widget\" data-settings=\"{&quot;_animation&quot;:&quot;none&quot;}\" data-widget_type=\"text-editor.default\">\n\t\t\t\t<div class=\"elementor-widget-container\">\n\t\t\t\t\t\t\t\t\t<p>El proyecto <em>Res P\u00fablica Mon\u00e1rquica. La Monarqu\u00eda Hisp\u00e1nica, una estructura imperial polic\u00e9ntrica de rep\u00fablicas urbanas<\/em> <span>(PGC 2018-095224-B-100),<\/span> se enmarca en el impulso experimentado por el an\u00e1lisis de los sistemas imperiales como uno de los \u00e1mbitos m\u00e1s adecuados para examinar las interacciones entre lo global y lo local. Consideramos necesario ofrecer una visi\u00f3n de conjunto de los diversos dominios bajo la jurisdicci\u00f3n del monarca cat\u00f3lico cuya comprensi\u00f3n tan s\u00f3lo puede abordarse a partir del estudio de los agentes y conectores que permit\u00edan integrar espacios tan distantes y heterog\u00e9neos. Partimos de un enfoque desde abajo que aspira a cuestionar los trabajos que priman el an\u00e1lisis de las relaciones entre el centro y la periferia mediante el estudio de las meras decisiones bilaterales entre el monarca y su entramado polisinodial que, desde la corte, negociaban con las elites locales gracias al papel mediador de los alter ego del rey. Aunque el soberano aparec\u00eda como la cabeza del cuerpo pol\u00edtico y era el responsable de mantener y restablecer la armon\u00eda entre los distintos miembros a trav\u00e9s del ejercicio de la gracia y en su papel de \u00faltima instancia jurisdiccional, su poder efectivo reposaba en el complejo tejido de instancias locales (reinos, ciudades, corporaciones y se\u00f1or\u00edos), con las que deb\u00eda negociar tanto de manera informal como a trav\u00e9s de una variada gama de instituciones representativas para recabar impuestos, hacer frente al creciente coste de un estado de guerra casi permanente o asegurar el mantenimiento del orden social.<\/p>\t\t\t\t\t\t\t\t<\/div>\n\t\t\t\t<\/div>\n\t\t\t\t\t<\/div>\n\t\t<\/div>\n\t\t\t\t<div class=\"elementor-column elementor-col-50 elementor-top-column elementor-element elementor-element-31107d3\" data-id=\"31107d3\" data-element_type=\"column\" data-e-type=\"column\" data-settings=\"{&quot;background_background&quot;:&quot;classic&quot;}\">\n\t\t\t<div class=\"elementor-widget-wrap elementor-element-populated\">\n\t\t\t\t\t\t<div class=\"elementor-element elementor-element-2e22d28 elementor-widget elementor-widget-image\" data-id=\"2e22d28\" data-element_type=\"widget\" data-e-type=\"widget\" data-widget_type=\"image.default\">\n\t\t\t\t<div class=\"elementor-widget-container\">\n\t\t\t\t\t\t\t\t\t\t\t\t\t\t\t<img fetchpriority=\"high\" decoding=\"async\" width=\"691\" height=\"926\" src=\"https:\/\/www.upo.es\/investiga\/atlanrex\/wp-content\/uploads\/2019\/12\/Captura-de-pantalla-2019-02-16-a-las-1.02.54.png\" class=\"attachment-1536x1536 size-1536x1536 wp-image-4726\" alt=\"\" srcset=\"https:\/\/www.upo.es\/investiga\/atlanrex\/wp-content\/uploads\/2019\/12\/Captura-de-pantalla-2019-02-16-a-las-1.02.54.png 691w, https:\/\/www.upo.es\/investiga\/atlanrex\/wp-content\/uploads\/2019\/12\/Captura-de-pantalla-2019-02-16-a-las-1.02.54-224x300.png 224w, https:\/\/www.upo.es\/investiga\/atlanrex\/wp-content\/uploads\/2019\/12\/Captura-de-pantalla-2019-02-16-a-las-1.02.54-600x804.png 600w\" sizes=\"(max-width: 691px) 100vw, 691px\" \/>\t\t\t\t\t\t\t\t\t\t\t\t\t\t\t<\/div>\n\t\t\t\t<\/div>\n\t\t\t\t\t<\/div>\n\t\t<\/div>\n\t\t\t\t\t<\/div>\n\t\t<\/section>\n\t\t\t\t<section class=\"elementor-section elementor-top-section elementor-element elementor-element-04cb60f elementor-section-boxed elementor-section-height-default elementor-section-height-default\" data-id=\"04cb60f\" data-element_type=\"section\" data-e-type=\"section\" data-settings=\"{&quot;background_background&quot;:&quot;classic&quot;}\">\n\t\t\t\t\t\t<div class=\"elementor-container elementor-column-gap-default\">\n\t\t\t\t\t<div class=\"elementor-column elementor-col-50 elementor-top-column elementor-element elementor-element-74d63aa\" data-id=\"74d63aa\" data-element_type=\"column\" data-e-type=\"column\" data-settings=\"{&quot;background_background&quot;:&quot;classic&quot;}\">\n\t\t\t<div class=\"elementor-widget-wrap elementor-element-populated\">\n\t\t\t\t\t\t<div class=\"elementor-element elementor-element-4ff8242 elementor-widget elementor-widget-image\" data-id=\"4ff8242\" data-element_type=\"widget\" data-e-type=\"widget\" data-widget_type=\"image.default\">\n\t\t\t\t<div class=\"elementor-widget-container\">\n\t\t\t\t\t\t\t\t\t\t\t\t\t\t\t<img decoding=\"async\" width=\"704\" height=\"1024\" src=\"https:\/\/www.upo.es\/investiga\/atlanrex\/wp-content\/uploads\/2019\/12\/Bartholomeus_van_der_Helst_Banquet_of_the_Amsterdam_Civic_Guard_in_Celebration_of_the_Peace_of_M\u00fcnster-704x1024.jpg\" class=\"attachment-large size-large wp-image-4641\" alt=\"\" srcset=\"https:\/\/www.upo.es\/investiga\/atlanrex\/wp-content\/uploads\/2019\/12\/Bartholomeus_van_der_Helst_Banquet_of_the_Amsterdam_Civic_Guard_in_Celebration_of_the_Peace_of_M\u00fcnster-704x1024.jpg 704w, https:\/\/www.upo.es\/investiga\/atlanrex\/wp-content\/uploads\/2019\/12\/Bartholomeus_van_der_Helst_Banquet_of_the_Amsterdam_Civic_Guard_in_Celebration_of_the_Peace_of_M\u00fcnster-206x300.jpg 206w, https:\/\/www.upo.es\/investiga\/atlanrex\/wp-content\/uploads\/2019\/12\/Bartholomeus_van_der_Helst_Banquet_of_the_Amsterdam_Civic_Guard_in_Celebration_of_the_Peace_of_M\u00fcnster-768x1117.jpg 768w, https:\/\/www.upo.es\/investiga\/atlanrex\/wp-content\/uploads\/2019\/12\/Bartholomeus_van_der_Helst_Banquet_of_the_Amsterdam_Civic_Guard_in_Celebration_of_the_Peace_of_M\u00fcnster-1056x1536.jpg 1056w, https:\/\/www.upo.es\/investiga\/atlanrex\/wp-content\/uploads\/2019\/12\/Bartholomeus_van_der_Helst_Banquet_of_the_Amsterdam_Civic_Guard_in_Celebration_of_the_Peace_of_M\u00fcnster-600x873.jpg 600w, https:\/\/www.upo.es\/investiga\/atlanrex\/wp-content\/uploads\/2019\/12\/Bartholomeus_van_der_Helst_Banquet_of_the_Amsterdam_Civic_Guard_in_Celebration_of_the_Peace_of_M\u00fcnster.jpg 1172w\" sizes=\"(max-width: 704px) 100vw, 704px\" \/>\t\t\t\t\t\t\t\t\t\t\t\t\t\t\t<\/div>\n\t\t\t\t<\/div>\n\t\t\t\t\t<\/div>\n\t\t<\/div>\n\t\t\t\t<div class=\"elementor-column elementor-col-50 elementor-top-column elementor-element elementor-element-6298ca4\" data-id=\"6298ca4\" data-element_type=\"column\" data-e-type=\"column\">\n\t\t\t<div class=\"elementor-widget-wrap elementor-element-populated\">\n\t\t\t\t\t\t<div class=\"elementor-element elementor-element-7876f1a elementor-widget__width-inherit elementor-widget elementor-widget-text-editor\" data-id=\"7876f1a\" data-element_type=\"widget\" data-e-type=\"widget\" data-settings=\"{&quot;_animation&quot;:&quot;none&quot;}\" data-widget_type=\"text-editor.default\">\n\t\t\t\t<div class=\"elementor-widget-container\">\n\t\t\t\t\t\t\t\t\t<p>Entraban en acci\u00f3n una amplia variedad de agentes que evidenciaban el activo papel pol\u00edtico del \u00e1mbito local y la fuerte autonom\u00eda, competencia y colaboraci\u00f3n entre las distintas corporaciones, ciudades y entidades agregadas en el seno de la misma estructura pol\u00edtica que, a su vez, experimentaron notables transformaciones asociadas a su pertenencia a un sistema imperial que operaba a escala global. Nos proponemos asimismo cuestionar todo tipo de perspectivas excepcionalistas estrechamente vinculadas a la construcci\u00f3n de las respectivas historias nacionales desde las que se han abordado, hasta el momento, el estudio de los distintos territorios agregados bajo la soberan\u00eda del monarca Cat\u00f3lico. Un cuadro interpretativo seg\u00fan el cual el reino de Castilla, lugar de residencia del rey y principal proveedor de recursos fiscales, ejerc\u00eda una funci\u00f3n de tutela sobre el resto de los territorios que aparec\u00edan como meras colonias o como dominios subyugados. Apostamos, por el contrario, por ofrecer una visi\u00f3n de conjunto de una estructura pol\u00edtica caracter\u00edstica del Antiguo R\u00e9gimen en la que la desigualdad jur\u00eddica y la existencia de todo tipo de privilegios e inmunidades, tanto de las personas como de los territorios, constitu\u00edan la norma.<\/p>\t\t\t\t\t\t\t\t<\/div>\n\t\t\t\t<\/div>\n\t\t\t\t\t<\/div>\n\t\t<\/div>\n\t\t\t\t\t<\/div>\n\t\t<\/section>\n\t\t\t\t<section class=\"elementor-section elementor-top-section elementor-element elementor-element-d919f5f elementor-section-boxed elementor-section-height-default elementor-section-height-default\" data-id=\"d919f5f\" data-element_type=\"section\" data-e-type=\"section\" data-settings=\"{&quot;background_background&quot;:&quot;classic&quot;}\">\n\t\t\t\t\t\t<div class=\"elementor-container elementor-column-gap-default\">\n\t\t\t\t\t<div class=\"elementor-column elementor-col-50 elementor-top-column elementor-element elementor-element-7ea7cb0\" data-id=\"7ea7cb0\" data-element_type=\"column\" data-e-type=\"column\" data-settings=\"{&quot;background_background&quot;:&quot;classic&quot;}\">\n\t\t\t<div class=\"elementor-widget-wrap elementor-element-populated\">\n\t\t\t\t\t\t<div class=\"elementor-element elementor-element-5be0600 elementor-widget__width-inherit elementor-widget elementor-widget-text-editor\" data-id=\"5be0600\" data-element_type=\"widget\" data-e-type=\"widget\" data-settings=\"{&quot;_animation&quot;:&quot;none&quot;}\" data-widget_type=\"text-editor.default\">\n\t\t\t\t<div class=\"elementor-widget-container\">\n\t\t\t\t\t\t\t\t\t<p>Un sistema imperial caracterizado, qu\u00e9 duda cabe, por una serie de especificidades diferenciales con relaci\u00f3n a otros modelos pol\u00edticos contempor\u00e1neos con los que resulta necesario elaborar un an\u00e1lisis cruzado. Ahora bien, no pretendemos, en ning\u00fan caso, sumarnos a aquellos historiadores que se ven en la obligaci\u00f3n de denunciar las distorsiones de la Leyenda Negra ni consideramos oportunos los esfuerzos de los que recientemente se afanan por buscar de forma sistem\u00e1tica los elementos de \u201cmodernidad\u201d y las aportaciones de las estructuras imperiales ib\u00e9ricas a la configuraci\u00f3n de un mundo globalizado. Nuestro objetivo consiste m\u00e1s bien en rebatir la perpetuaci\u00f3n de una amplia gama de esquemas binarios simplificadores poco atentos a detenerse en las numerosas analog\u00edas y en las concomitancias existentes entre modelos aparentemente antag\u00f3nicos. Un tipo de enfoque que, como con acierto ha subrayado Xavier Gil Pujol, responde a la persistencia de una visi\u00f3n <em>whig<\/em> de la historia caracterizada por el an\u00e1lisis del pasado en permanente referencia con el presente y por una visi\u00f3n teleol\u00f3gica de marcada raigambre protestante para la que la Monarqu\u00eda Hisp\u00e1nica se presentaba como el contrapunto de la modernidad y aparec\u00eda sistem\u00e1ticamente asociada a la cl\u00e1sica narrativa del declive.<\/p>\t\t\t\t\t\t\t\t<\/div>\n\t\t\t\t<\/div>\n\t\t\t\t\t<\/div>\n\t\t<\/div>\n\t\t\t\t<div class=\"elementor-column elementor-col-50 elementor-top-column elementor-element elementor-element-31406d2\" data-id=\"31406d2\" data-element_type=\"column\" data-e-type=\"column\" data-settings=\"{&quot;background_background&quot;:&quot;classic&quot;}\">\n\t\t\t<div class=\"elementor-widget-wrap elementor-element-populated\">\n\t\t\t\t\t\t<div class=\"elementor-element elementor-element-c19ee14 elementor-widget elementor-widget-image\" data-id=\"c19ee14\" data-element_type=\"widget\" data-e-type=\"widget\" data-widget_type=\"image.default\">\n\t\t\t\t<div class=\"elementor-widget-container\">\n\t\t\t\t\t\t\t\t\t\t\t\t\t\t\t<img decoding=\"async\" width=\"353\" height=\"536\" src=\"https:\/\/www.upo.es\/investiga\/atlanrex\/wp-content\/uploads\/2019\/12\/d209d1916e3a910d00633ef52ed6110f.jpg\" class=\"attachment-1536x1536 size-1536x1536 wp-image-4645\" alt=\"\" srcset=\"https:\/\/www.upo.es\/investiga\/atlanrex\/wp-content\/uploads\/2019\/12\/d209d1916e3a910d00633ef52ed6110f.jpg 353w, https:\/\/www.upo.es\/investiga\/atlanrex\/wp-content\/uploads\/2019\/12\/d209d1916e3a910d00633ef52ed6110f-198x300.jpg 198w, https:\/\/www.upo.es\/investiga\/atlanrex\/wp-content\/uploads\/2019\/12\/d209d1916e3a910d00633ef52ed6110f-230x350.jpg 230w\" sizes=\"(max-width: 353px) 100vw, 353px\" \/>\t\t\t\t\t\t\t\t\t\t\t\t\t\t\t<\/div>\n\t\t\t\t<\/div>\n\t\t\t\t\t<\/div>\n\t\t<\/div>\n\t\t\t\t\t<\/div>\n\t\t<\/section>\n\t\t\t\t<section class=\"elementor-section elementor-top-section elementor-element elementor-element-6226358 elementor-section-boxed elementor-section-height-default elementor-section-height-default\" data-id=\"6226358\" data-element_type=\"section\" data-e-type=\"section\">\n\t\t\t\t\t\t<div class=\"elementor-container elementor-column-gap-default\">\n\t\t\t\t\t<div class=\"elementor-column elementor-col-50 elementor-top-column elementor-element elementor-element-16656a2\" data-id=\"16656a2\" data-element_type=\"column\" data-e-type=\"column\">\n\t\t\t<div class=\"elementor-widget-wrap elementor-element-populated\">\n\t\t\t\t\t\t<div class=\"elementor-element elementor-element-1d4e40d elementor-widget elementor-widget-text-editor\" data-id=\"1d4e40d\" data-element_type=\"widget\" data-e-type=\"widget\" data-widget_type=\"text-editor.default\">\n\t\t\t\t<div class=\"elementor-widget-container\">\n\t\t\t\t\t\t\t\t\t<p>Objetivos<\/p>\t\t\t\t\t\t\t\t<\/div>\n\t\t\t\t<\/div>\n\t\t\t\t\t<\/div>\n\t\t<\/div>\n\t\t\t\t<div class=\"elementor-column elementor-col-50 elementor-top-column elementor-element elementor-element-b0fd019\" data-id=\"b0fd019\" data-element_type=\"column\" data-e-type=\"column\" data-settings=\"{&quot;background_background&quot;:&quot;classic&quot;}\">\n\t\t\t<div class=\"elementor-widget-wrap elementor-element-populated\">\n\t\t\t\t\t\t\t<\/div>\n\t\t<\/div>\n\t\t\t\t\t<\/div>\n\t\t<\/section>\n\t\t\t\t<section class=\"elementor-section elementor-top-section elementor-element elementor-element-2e427240 elementor-section-content-middle elementor-section-boxed elementor-section-height-default elementor-section-height-default\" data-id=\"2e427240\" data-element_type=\"section\" data-e-type=\"section\" data-settings=\"{&quot;background_background&quot;:&quot;classic&quot;}\">\n\t\t\t\t\t\t<div class=\"elementor-container elementor-column-gap-no\">\n\t\t\t\t\t<div class=\"elementor-column elementor-col-100 elementor-top-column elementor-element elementor-element-e6e508a\" data-id=\"e6e508a\" data-element_type=\"column\" data-e-type=\"column\">\n\t\t\t<div class=\"elementor-widget-wrap elementor-element-populated\">\n\t\t\t\t\t\t<div class=\"elementor-element elementor-element-6c815e7b elementor-widget elementor-widget-toggle\" data-id=\"6c815e7b\" data-element_type=\"widget\" data-e-type=\"widget\" data-widget_type=\"toggle.default\">\n\t\t\t\t<div class=\"elementor-widget-container\">\n\t\t\t\t\t\t\t<div class=\"elementor-toggle\">\n\t\t\t\t\t\t\t<div class=\"elementor-toggle-item\">\n\t\t\t\t\t<div id=\"elementor-tab-title-1821\" class=\"elementor-tab-title\" data-tab=\"1\" role=\"button\" aria-controls=\"elementor-tab-content-1821\" aria-expanded=\"false\">\n\t\t\t\t\t\t\t\t\t\t\t\t<span class=\"elementor-toggle-icon elementor-toggle-icon-right\" aria-hidden=\"true\">\n\t\t\t\t\t\t\t\t\t\t\t\t\t\t\t<span class=\"elementor-toggle-icon-closed\"><i class=\"fas fa-caret-right\"><\/i><\/span>\n\t\t\t\t\t\t\t\t<span class=\"elementor-toggle-icon-opened\"><i class=\"elementor-toggle-icon-opened fas fa-caret-up\"><\/i><\/span>\n\t\t\t\t\t\t\t\t\t\t\t\t\t<\/span>\n\t\t\t\t\t\t\t\t\t\t\t\t<a class=\"elementor-toggle-title\" tabindex=\"0\">Objetivo 1: Los fundamentos te\u00f3ricos y legales de un imperio polic\u00e9ntrico y multijurisdiccional<\/a>\n\t\t\t\t\t<\/div>\n\n\t\t\t\t\t<div id=\"elementor-tab-content-1821\" class=\"elementor-tab-content elementor-clearfix\" data-tab=\"1\" role=\"region\" aria-labelledby=\"elementor-tab-title-1821\"><ul><li><strong>1.1. Los imperios en la Edad Moderna. La Monarqu\u00eda Hisp\u00e1nica, un agregado imperial polic\u00e9ntrico.<br \/><\/strong><span style=\"color: #808080;\">Vinculado a las aportaciones de los miembros: Pedro Cardim, Antonio Feros, Manuel Herrero, Giovanni Levi y Manuel Lucena.<\/span><\/li><li><p><strong>1.2. Entre la teor\u00eda y la pr\u00e1ctica pol\u00edtica: la dial\u00e9ctica entre el discurso soberanista y la preeminencia del rey frente a la pervivencia del republicanismo urbano.<br \/><\/strong><span style=\"color: #808080;\">Vinculado a las aportaciones de los miembros: Gibr\u00e1n Bautista y Lugo, Pedro Cardim, Antonio Feros, Manuel Herrero, Francisco Orrego.<\/span><\/p><\/li><li><p><strong>1.3. Un imperio construido sobre el derecho. Pluralismo legal y multijurisdiccionalidad.<br \/><\/strong><span style=\"color: #808080;\">Vinculado a las aportaciones de los miembros: Pedro Cardim y Tamar Herzog.<\/span><\/p><\/li><\/ul><\/div>\n\t\t\t\t<\/div>\n\t\t\t\t\t\t\t\t<\/div>\n\t\t\t\t\t\t<\/div>\n\t\t\t\t<\/div>\n\t\t\t\t<div class=\"elementor-element elementor-element-15bf3e85 elementor-widget elementor-widget-toggle\" data-id=\"15bf3e85\" data-element_type=\"widget\" data-e-type=\"widget\" data-widget_type=\"toggle.default\">\n\t\t\t\t<div class=\"elementor-widget-container\">\n\t\t\t\t\t\t\t<div class=\"elementor-toggle\">\n\t\t\t\t\t\t\t<div class=\"elementor-toggle-item\">\n\t\t\t\t\t<div id=\"elementor-tab-title-3641\" class=\"elementor-tab-title\" data-tab=\"1\" role=\"button\" aria-controls=\"elementor-tab-content-3641\" aria-expanded=\"false\">\n\t\t\t\t\t\t\t\t\t\t\t\t<span class=\"elementor-toggle-icon elementor-toggle-icon-right\" aria-hidden=\"true\">\n\t\t\t\t\t\t\t\t\t\t\t\t\t\t\t<span class=\"elementor-toggle-icon-closed\"><i class=\"fas fa-caret-right\"><\/i><\/span>\n\t\t\t\t\t\t\t\t<span class=\"elementor-toggle-icon-opened\"><i class=\"elementor-toggle-icon-opened fas fa-caret-up\"><\/i><\/span>\n\t\t\t\t\t\t\t\t\t\t\t\t\t<\/span>\n\t\t\t\t\t\t\t\t\t\t\t\t<a class=\"elementor-toggle-title\" tabindex=\"0\">Objetivo 2: El protagonismo de los entramados urbanos polinucleares en la vertebraci\u00f3n de una res publica mon\u00e1rquica<\/a>\n\t\t\t\t\t<\/div>\n\n\t\t\t\t\t<div id=\"elementor-tab-content-3641\" class=\"elementor-tab-content elementor-clearfix\" data-tab=\"1\" role=\"region\" aria-labelledby=\"elementor-tab-title-3641\"><ul><li><strong>2.1: An\u00e1lisis comparado entre los diversos entramados urbanos de la monarqu\u00eda.<br \/><\/strong><span style=\"color: #808080;\">Vinculado a las aportaciones de los miembros: Gibr\u00e1n Bautista y Lugo, Yasmina Ben Yessef, Salvador Bernab\u00e9u, Pedro Cardim, Juan Manuel Castillo, Domenico Cecere, Manuel Herrero, Klemens Kaps, Manuel Lucena, Roc\u00edo Moreno, Francisco Orrego, Alberto Rodr\u00edguez y Mafalda Soares.<\/span><\/li><li><strong>2.2. Formas de pertenencia e integraci\u00f3n en la comunidad: avecindamiento y naturaleza.<br \/><\/strong><span style=\"color: #808080;\">Vinculado a las aportaciones de los miembros: Gibr\u00e1n Bautista y Lugo, Yasmina Ben Yessef, Salvador Bernab\u00e9u, Pedro Cardim, Juan Manuel Castillo, Domenico Cecere, Antonio Feros, Manuel Herrero, Klemens Kaps, Manuel Lucena, Aliocha Maldavski, Roc\u00edo Moreno, Francisco Orrego, Alberto Rodr\u00edguez y Mafalda Soares.<\/span><strong><br \/><\/strong><\/li><li><strong>2.3. La ciudad como \u00e1mbito de representaci\u00f3n pol\u00edtica e identidad corporativa.<br \/><\/strong><span style=\"color: #808080;\">Vinculado a las aportaciones de los miembros: Gibr\u00e1n Bautista y Lugo, Yasmina Ben Yessef, Salvador Bernab\u00e9u, Pedro Cardim, Juan Manuel Castillo, Domenico Cecere, Manuel Herrero, Klemens Kaps, Manuel Lucena, Aliocha Maldavski, Roc\u00edo Moreno, Francisco Orrego, Alberto Rodr\u00edguez y Mafalda Soares.<\/span><strong><br \/><\/strong><\/li><li><strong>2.4. La ciudad como escenario: estrategias de apropiaci\u00f3n del espacio urbano.<br \/><\/strong><span style=\"color: #808080;\">Vinculado a las aportaciones de los miembros: Gibr\u00e1n Bautista y Lugo, Yasmina Ben Yessef, Salvador Bernab\u00e9u, Pedro Cardim, Juan Manuel Castillo, Domenico Cecere, Manuel Herrero, Klemens Kaps, Manuel Lucena, Aliocha Maldavski, Roc\u00edo Moreno, Francisco Orrego, Alberto Rodr\u00edguez y Mafalda Soares.<\/span><\/li><\/ul><\/div>\n\t\t\t\t<\/div>\n\t\t\t\t\t\t\t\t<\/div>\n\t\t\t\t\t\t<\/div>\n\t\t\t\t<\/div>\n\t\t\t\t<div class=\"elementor-element elementor-element-30ad1260 elementor-widget elementor-widget-toggle\" data-id=\"30ad1260\" data-element_type=\"widget\" data-e-type=\"widget\" data-widget_type=\"toggle.default\">\n\t\t\t\t<div class=\"elementor-widget-container\">\n\t\t\t\t\t\t\t<div class=\"elementor-toggle\">\n\t\t\t\t\t\t\t<div class=\"elementor-toggle-item\">\n\t\t\t\t\t<div id=\"elementor-tab-title-8161\" class=\"elementor-tab-title\" data-tab=\"1\" role=\"button\" aria-controls=\"elementor-tab-content-8161\" aria-expanded=\"false\">\n\t\t\t\t\t\t\t\t\t\t\t\t<span class=\"elementor-toggle-icon elementor-toggle-icon-right\" aria-hidden=\"true\">\n\t\t\t\t\t\t\t\t\t\t\t\t\t\t\t<span class=\"elementor-toggle-icon-closed\"><i class=\"fas fa-caret-right\"><\/i><\/span>\n\t\t\t\t\t\t\t\t<span class=\"elementor-toggle-icon-opened\"><i class=\"elementor-toggle-icon-opened fas fa-caret-up\"><\/i><\/span>\n\t\t\t\t\t\t\t\t\t\t\t\t\t<\/span>\n\t\t\t\t\t\t\t\t\t\t\t\t<a class=\"elementor-toggle-title\" tabindex=\"0\">OBJETIVO 3: La ciudad como \u00e1mbito privilegiado de negociaci\u00f3n en la resoluci\u00f3n de conflictos, reactualizaci\u00f3n de consensos y gesti\u00f3n de las cat\u00e1strofes naturales y las obras p\u00fablicas<\/a>\n\t\t\t\t\t<\/div>\n\n\t\t\t\t\t<div id=\"elementor-tab-content-8161\" class=\"elementor-tab-content elementor-clearfix\" data-tab=\"1\" role=\"region\" aria-labelledby=\"elementor-tab-title-8161\"><ul><li><strong>3.1. Ciudades rebeldes, ciudades reprimidas. Formas de resistencia urbana, mecanismos de represi\u00f3n y reactualizaci\u00f3n de los consensos.<br \/><\/strong><span style=\"color: #808080;\">Vinculado a las aportaciones de los miembros: Gibr\u00e1n Bautista y Lugo, Manuel Herrero, Igor Knecevic y Mafalda Soares<\/span><\/li><li><strong>3.2. Estrategias y pr\u00e1cticas de gesti\u00f3n de las emergencias y en los procesos de reconstrucci\u00f3n urbana.<br \/><\/strong><span style=\"color: #808080;\">Vinculado a las aportaciones de los miembros: Salvador Bernab\u00e9u, Domenico Cecere y M\u00aa Eugenia Petit Breuilh.<\/span><\/li><li><strong>3.3. La gesti\u00f3n de las obras p\u00fablicas y de los proyectos de ingenier\u00eda civil y militar.<br \/><\/strong>Vinculado a las aportaciones de los miembros: Salvador Bernab\u00e9u y Manuel Lucena.<\/li><\/ul><\/div>\n\t\t\t\t<\/div>\n\t\t\t\t\t\t\t\t<\/div>\n\t\t\t\t\t\t<\/div>\n\t\t\t\t<\/div>\n\t\t\t\t<div class=\"elementor-element elementor-element-3dd6c03d elementor-widget elementor-widget-toggle\" data-id=\"3dd6c03d\" data-element_type=\"widget\" data-e-type=\"widget\" data-widget_type=\"toggle.default\">\n\t\t\t\t<div class=\"elementor-widget-container\">\n\t\t\t\t\t\t\t<div class=\"elementor-toggle\">\n\t\t\t\t\t\t\t<div class=\"elementor-toggle-item\">\n\t\t\t\t\t<div id=\"elementor-tab-title-1031\" class=\"elementor-tab-title\" data-tab=\"1\" role=\"button\" aria-controls=\"elementor-tab-content-1031\" aria-expanded=\"false\">\n\t\t\t\t\t\t\t\t\t\t\t\t<span class=\"elementor-toggle-icon elementor-toggle-icon-right\" aria-hidden=\"true\">\n\t\t\t\t\t\t\t\t\t\t\t\t\t\t\t<span class=\"elementor-toggle-icon-closed\"><i class=\"fas fa-caret-right\"><\/i><\/span>\n\t\t\t\t\t\t\t\t<span class=\"elementor-toggle-icon-opened\"><i class=\"elementor-toggle-icon-opened fas fa-caret-up\"><\/i><\/span>\n\t\t\t\t\t\t\t\t\t\t\t\t\t<\/span>\n\t\t\t\t\t\t\t\t\t\t\t\t<a class=\"elementor-toggle-title\" tabindex=\"0\">OBJETIVO 4: La construcci\u00f3n local de las relaciones de la monarqu\u00eda hisp\u00e1nica con las potencias vecinas y su impacto en la configuraci\u00f3n de sus fronteras<\/a>\n\t\t\t\t\t<\/div>\n\n\t\t\t\t\t<div id=\"elementor-tab-content-1031\" class=\"elementor-tab-content elementor-clearfix\" data-tab=\"1\" role=\"region\" aria-labelledby=\"elementor-tab-title-1031\"><ul><li><strong>4.1. La interacci\u00f3n de la Monarqu\u00eda Hisp\u00e1nica con las potencias vecinas: canales locales de negociaci\u00f3n y modelos de soberan\u00eda en litigio.<br \/><\/strong><span style=\"color: #808080;\">Vinculado a las aportaciones de los miembros: Manuel Herrero, Pablo Hern\u00e1ndez, Roc\u00edo Moreno, Alberto Rodr\u00edguez y Thomas Weller.<\/span><\/li><li><strong>4.2. El peso del \u00e1mbito local en la conformaci\u00f3n de las fronteras de la Monarqu\u00eda Hisp\u00e1nica y la cuesti\u00f3n de la legitimaci\u00f3n de la ocupaci\u00f3n territorial.<br \/><\/strong><span style=\"color: #808080;\">Vinculado a las aportaciones de los miembros: Salvador Bernab\u00e9u, Tamar Herzog, Manuel Herrero, David Mart\u00edn, Pablo Hern\u00e1ndez, Alberto Rodr\u00edguez.<\/span><\/li><li><strong>4.3. La configuraci\u00f3n de un sistema naval polinuclear en manos de particulares.<br \/><\/strong><span style=\"color: #808080;\">Vinculado a las aportaciones de: Beno\u00eet Mar\u00e9chaux<\/span><\/li><\/ul><\/div>\n\t\t\t\t<\/div>\n\t\t\t\t\t\t\t\t<\/div>\n\t\t\t\t\t\t<\/div>\n\t\t\t\t<\/div>\n\t\t\t\t<div class=\"elementor-element elementor-element-b3154a4 elementor-widget elementor-widget-toggle\" data-id=\"b3154a4\" data-element_type=\"widget\" data-e-type=\"widget\" data-widget_type=\"toggle.default\">\n\t\t\t\t<div class=\"elementor-widget-container\">\n\t\t\t\t\t\t\t<div class=\"elementor-toggle\">\n\t\t\t\t\t\t\t<div class=\"elementor-toggle-item\">\n\t\t\t\t\t<div id=\"elementor-tab-title-1871\" class=\"elementor-tab-title\" data-tab=\"1\" role=\"button\" aria-controls=\"elementor-tab-content-1871\" aria-expanded=\"false\">\n\t\t\t\t\t\t\t\t\t\t\t\t<span class=\"elementor-toggle-icon elementor-toggle-icon-right\" aria-hidden=\"true\">\n\t\t\t\t\t\t\t\t\t\t\t\t\t\t\t<span class=\"elementor-toggle-icon-closed\"><i class=\"fas fa-caret-right\"><\/i><\/span>\n\t\t\t\t\t\t\t\t<span class=\"elementor-toggle-icon-opened\"><i class=\"elementor-toggle-icon-opened fas fa-caret-up\"><\/i><\/span>\n\t\t\t\t\t\t\t\t\t\t\t\t\t<\/span>\n\t\t\t\t\t\t\t\t\t\t\t\t<a class=\"elementor-toggle-title\" tabindex=\"0\">OBJETIVO 5: Nodos urbanos en la vertebraci\u00f3n de los entramados y conectores imperiales<\/a>\n\t\t\t\t\t<\/div>\n\n\t\t\t\t\t<div id=\"elementor-tab-content-1871\" class=\"elementor-tab-content elementor-clearfix\" data-tab=\"1\" role=\"region\" aria-labelledby=\"elementor-tab-title-1871\"><ul><li><strong>5.1. Entramados mercantiles y financieros.<\/strong><br \/><span style=\"color: #808080;\">Vinculado a las aportaciones de los miembros: Gibr\u00e1n Bautista y Lugo, Yasmina Ben Yessef, Manuel Herrero, Beno\u00eet Mar\u00e9chaux, Jonat\u00e1n Orozco y Thomas Weller.<\/span><\/li><li><strong>5.2. Los l\u00edmites a la aplicaci\u00f3n de medidas mercantilistas: los mecanismos de circulaci\u00f3n de la plata en el interior de la estructura imperial hisp\u00e1nica y los cambios en la gesti\u00f3n del monopolio con Am\u00e9rica.<br \/><\/strong><span style=\"color: #808080;\">Vinculado a las aportaciones de los miembros: Klemens Kaps y Beno\u00eet Mar\u00e9chaux.<\/span><\/li><li><strong>5.3. El papel de las redes eclesi\u00e1sticas y religiosas: entre la movilidad y el arraigo (Bernab\u00e9u, Garc\u00eda Redondo, Maldavsky, Orrego).<br \/><\/strong><span style=\"color: #808080;\">Vinculado a las aportaciones de los miembros: Salvador Bernab\u00e9u, Jos\u00e9 Mar\u00eda Garc\u00eda, Aliocha Maldavsky y Francisco Orrego.<\/span><\/li><li><strong>5.4. Artesanos, ingenieros, mineros y cosm\u00f3grafos. Un acercamiento a otro tipo de entramados transnacionales en la articulaci\u00f3n de la Monarqu\u00eda Hisp\u00e1nica.<br \/><\/strong><span style=\"color: #808080;\">Vinculado a las aportaciones de los miembros: Jos\u00e9 Mar\u00eda Garc\u00eda, Pablo Hern\u00e1ndez, Iris Kantor, Igor Knecevic, Manuel Lucena, Roc\u00edo Moreno y Renate Pieper.<\/span><\/li><\/ul><\/div>\n\t\t\t\t<\/div>\n\t\t\t\t\t\t\t\t<\/div>\n\t\t\t\t\t\t<\/div>\n\t\t\t\t<\/div>\n\t\t\t\t<div class=\"elementor-element elementor-element-b4ac6c6 elementor-widget elementor-widget-toggle\" data-id=\"b4ac6c6\" data-element_type=\"widget\" data-e-type=\"widget\" data-widget_type=\"toggle.default\">\n\t\t\t\t<div class=\"elementor-widget-container\">\n\t\t\t\t\t\t\t<div class=\"elementor-toggle\">\n\t\t\t\t\t\t\t<div class=\"elementor-toggle-item\">\n\t\t\t\t\t<div id=\"elementor-tab-title-1891\" class=\"elementor-tab-title\" data-tab=\"1\" role=\"button\" aria-controls=\"elementor-tab-content-1891\" aria-expanded=\"false\">\n\t\t\t\t\t\t\t\t\t\t\t\t<span class=\"elementor-toggle-icon elementor-toggle-icon-right\" aria-hidden=\"true\">\n\t\t\t\t\t\t\t\t\t\t\t\t\t\t\t<span class=\"elementor-toggle-icon-closed\"><i class=\"fas fa-caret-right\"><\/i><\/span>\n\t\t\t\t\t\t\t\t<span class=\"elementor-toggle-icon-opened\"><i class=\"elementor-toggle-icon-opened fas fa-caret-up\"><\/i><\/span>\n\t\t\t\t\t\t\t\t\t\t\t\t\t<\/span>\n\t\t\t\t\t\t\t\t\t\t\t\t<a class=\"elementor-toggle-title\" tabindex=\"0\">OBJETIVO 6: la proyecci\u00f3n del poder en el espacio urbano: formas de representaci\u00f3n cartogr\u00e1fica, circulaci\u00f3n de saberes e informaci\u00f3n<\/a>\n\t\t\t\t\t<\/div>\n\n\t\t\t\t\t<div id=\"elementor-tab-content-1891\" class=\"elementor-tab-content elementor-clearfix\" data-tab=\"1\" role=\"region\" aria-labelledby=\"elementor-tab-title-1891\"><ul><li><strong>6.1. Circulaci\u00f3n y construcci\u00f3n de saberes geogr\u00e1ficos en las monarqu\u00edas polic\u00e9ntricas.<br \/><\/strong><span style=\"color: #808080;\">Vinculado a las aportaciones de los miembros: Salvador Bernab\u00e9u, Arndt Brendecke y Jos\u00e9 Mar\u00eda Garc\u00eda.<\/span><\/li><li><strong>6.2. Mecanismos de producci\u00f3n y flujos de informaci\u00f3n en el seno de la Monarqu\u00eda con especial referencia a los fen\u00f3menos naturales extremos.<br \/><\/strong><span style=\"color: #808080;\">Vinculado a las aportaciones de los miembros: Domenico Cecere, Roc\u00edo Moreno y M\u00aa Eugenia Petit-Breuilh.<\/span><\/li><li><strong>6.3. Cartografiar las ciudades.<br \/><\/strong><span style=\"color: #808080;\">Vinculado a las aportaciones de los miembros: Juan Manuel Castillo e Iris Kantor.<\/span><\/li><\/ul><\/div>\n\t\t\t\t<\/div>\n\t\t\t\t\t\t\t\t<\/div>\n\t\t\t\t\t\t<\/div>\n\t\t\t\t<\/div>\n\t\t\t\t\t<\/div>\n\t\t<\/div>\n\t\t\t\t\t<\/div>\n\t\t<\/section>\n\t\t\t\t<section class=\"elementor-section elementor-top-section elementor-element elementor-element-2d44a09f elementor-section-content-middle elementor-section-boxed elementor-section-height-default elementor-section-height-default\" data-id=\"2d44a09f\" data-element_type=\"section\" data-e-type=\"section\" data-settings=\"{&quot;background_background&quot;:&quot;classic&quot;}\">\n\t\t\t\t\t\t<div class=\"elementor-container elementor-column-gap-no\">\n\t\t\t\t\t<div class=\"elementor-column elementor-col-100 elementor-top-column elementor-element elementor-element-66cb9551\" data-id=\"66cb9551\" data-element_type=\"column\" data-e-type=\"column\">\n\t\t\t<div class=\"elementor-widget-wrap elementor-element-populated\">\n\t\t\t\t\t\t<div class=\"elementor-element elementor-element-5f324c70 elementor-widget elementor-widget-heading\" data-id=\"5f324c70\" data-element_type=\"widget\" data-e-type=\"widget\" data-widget_type=\"heading.default\">\n\t\t\t\t<div class=\"elementor-widget-container\">\n\t\t\t\t\t<h5 class=\"elementor-heading-title elementor-size-default\">Informaci\u00f3n de Contacto<\/h5>\t\t\t\t<\/div>\n\t\t\t\t<\/div>\n\t\t\t\t<div class=\"elementor-element elementor-element-77ef931 elementor-widget elementor-widget-text-editor\" data-id=\"77ef931\" data-element_type=\"widget\" data-e-type=\"widget\" data-widget_type=\"text-editor.default\">\n\t\t\t\t<div class=\"elementor-widget-container\">\n\t\t\t\t\t\t\t\t\t<p>Manuel Herrero S\u00e1nchez <br \/>(IP del proyecto)<\/p>\t\t\t\t\t\t\t\t<\/div>\n\t\t\t\t<\/div>\n\t\t\t\t<div class=\"elementor-element elementor-element-2e37be4 elementor-widget elementor-widget-heading\" data-id=\"2e37be4\" data-element_type=\"widget\" data-e-type=\"widget\" data-widget_type=\"heading.default\">\n\t\t\t\t<div class=\"elementor-widget-container\">\n\t\t\t\t\t<h4 class=\"elementor-heading-title elementor-size-default\">\n\nmahersan@upo.es<\/h4>\t\t\t\t<\/div>\n\t\t\t\t<\/div>\n\t\t\t\t<div class=\"elementor-element elementor-element-887e72f elementor-widget elementor-widget-text-editor\" data-id=\"887e72f\" data-element_type=\"widget\" data-e-type=\"widget\" data-widget_type=\"text-editor.default\">\n\t\t\t\t<div class=\"elementor-widget-container\">\n\t\t\t\t\t\t\t\t\t<p><span>Universidad Pablo de Olavide de Sevilla<\/span><br \/><span>Departamento de Geograf\u00eda, Historia y Filosof\u00eda<\/span><br \/><span>Facultad de Humanidades<\/span><br \/><span>\u00c1rea de Historia Moderna<\/span><br \/><span>Carretera de Utrera Km. 1<\/span><br \/><span>41013 Sevilla<\/span><\/p>\t\t\t\t\t\t\t\t<\/div>\n\t\t\t\t<\/div>\n\t\t\t\t\t<\/div>\n\t\t<\/div>\n\t\t\t\t\t<\/div>\n\t\t<\/section>\n\t\t\t\t<\/div>\n\t\t","protected":false},"excerpt":{"rendered":"<p>REXPUBLICA \u00a0Presentaci\u00f3n y objetivos del proyecto Presentaci\u00f3n El proyecto Res P\u00fablica Mon\u00e1rquica. La Monarqu\u00eda Hisp\u00e1nica, una estructura imperial polic\u00e9ntrica de rep\u00fablicas urbanas (PGC 2018-095224-B-100), se enmarca en el impulso experimentado por el an\u00e1lisis de los sistemas imperiales como uno de los \u00e1mbitos m\u00e1s adecuados para examinar las interacciones entre lo [&hellip;]<\/p>\n","protected":false},"author":1,"featured_media":0,"parent":0,"menu_order":0,"comment_status":"closed","ping_status":"closed","template":"page-templates\/template-pagebuilder-full-width.php","meta":{"_themeisle_gutenberg_block_has_review":false,"footnotes":""},"class_list":["post-4595","page","type-page","status-publish","hentry"],"_links":{"self":[{"href":"https:\/\/www.upo.es\/investiga\/atlanrex\/wp-json\/wp\/v2\/pages\/4595","targetHints":{"allow":["GET"]}}],"collection":[{"href":"https:\/\/www.upo.es\/investiga\/atlanrex\/wp-json\/wp\/v2\/pages"}],"about":[{"href":"https:\/\/www.upo.es\/investiga\/atlanrex\/wp-json\/wp\/v2\/types\/page"}],"author":[{"embeddable":true,"href":"https:\/\/www.upo.es\/investiga\/atlanrex\/wp-json\/wp\/v2\/users\/1"}],"replies":[{"embeddable":true,"href":"https:\/\/www.upo.es\/investiga\/atlanrex\/wp-json\/wp\/v2\/comments?post=4595"}],"version-history":[{"count":74,"href":"https:\/\/www.upo.es\/investiga\/atlanrex\/wp-json\/wp\/v2\/pages\/4595\/revisions"}],"predecessor-version":[{"id":6706,"href":"https:\/\/www.upo.es\/investiga\/atlanrex\/wp-json\/wp\/v2\/pages\/4595\/revisions\/6706"}],"wp:attachment":[{"href":"https:\/\/www.upo.es\/investiga\/atlanrex\/wp-json\/wp\/v2\/media?parent=4595"}],"curies":[{"name":"wp","href":"https:\/\/api.w.org\/{rel}","templated":true}]}}