{"id":4699,"date":"2019-12-04T21:51:46","date_gmt":"2019-12-04T20:51:46","guid":{"rendered":"https:\/\/www.upo.es\/investiga\/atlanrex\/?page_id=4699"},"modified":"2025-01-22T19:45:32","modified_gmt":"2025-01-22T18:45:32","slug":"home","status":"publish","type":"page","link":"https:\/\/www.upo.es\/investiga\/atlanrex\/","title":{"rendered":"Home"},"content":{"rendered":"\t\t<div data-elementor-type=\"wp-page\" data-elementor-id=\"4699\" class=\"elementor elementor-4699\">\n\t\t\t\t\t\t<section class=\"elementor-section elementor-top-section elementor-element elementor-element-3561ddd elementor-section-content-middle elementor-section-boxed elementor-section-height-default elementor-section-height-default\" data-id=\"3561ddd\" data-element_type=\"section\" data-e-type=\"section\" data-settings=\"{&quot;background_background&quot;:&quot;slideshow&quot;,&quot;background_slideshow_gallery&quot;:[{&quot;id&quot;:6653,&quot;url&quot;:&quot;https:\\\/\\\/www.upo.es\\\/investiga\\\/atlanrex\\\/wp-content\\\/uploads\\\/2024\\\/06\\\/allegorical-portrait-of-the-king-charles-ii-as-a-roman-general-1704-standing-with-drawn-sword-accompanied-by-minerva-and-eendracht-2KA0DY8-1-2-scaled.jpg&quot;},{&quot;id&quot;:6657,&quot;url&quot;:&quot;https:\\\/\\\/www.upo.es\\\/investiga\\\/atlanrex\\\/wp-content\\\/uploads\\\/2024\\\/06\\\/Entrada_Virrey_Arzobispo_Morcillo.jpg&quot;},{&quot;id&quot;:6658,&quot;url&quot;:&quot;https:\\\/\\\/www.upo.es\\\/investiga\\\/atlanrex\\\/wp-content\\\/uploads\\\/2024\\\/06\\\/Don-Francisco-de-Arobe-y-sus-hijos-caciques-de-Esmeraldas.jpg&quot;}],&quot;background_slideshow_loop&quot;:&quot;yes&quot;,&quot;background_slideshow_slide_duration&quot;:5000,&quot;background_slideshow_slide_transition&quot;:&quot;fade&quot;,&quot;background_slideshow_transition_duration&quot;:500}\">\n\t\t\t\t\t\t<div class=\"elementor-container elementor-column-gap-no\">\n\t\t\t\t\t<div class=\"elementor-column elementor-col-100 elementor-top-column elementor-element elementor-element-b30dcf9\" data-id=\"b30dcf9\" data-element_type=\"column\" data-e-type=\"column\">\n\t\t\t<div class=\"elementor-widget-wrap elementor-element-populated\">\n\t\t\t\t\t\t<div class=\"elementor-element elementor-element-35d53d6 elementor-widget elementor-widget-heading\" data-id=\"35d53d6\" data-element_type=\"widget\" data-e-type=\"widget\" data-widget_type=\"heading.default\">\n\t\t\t\t<div class=\"elementor-widget-container\">\n\t\t\t\t\t<h3 class=\"elementor-heading-title elementor-size-default\">ATLANREX<\/h3>\t\t\t\t<\/div>\n\t\t\t\t<\/div>\n\t\t\t\t<div class=\"elementor-element elementor-element-2425174 elementor-widget elementor-widget-text-editor\" data-id=\"2425174\" data-element_type=\"widget\" data-e-type=\"widget\" data-widget_type=\"text-editor.default\">\n\t\t\t\t<div class=\"elementor-widget-container\">\n\t\t\t\t\t\t\t\t\t<p>Una monarqu\u00eda polic\u00e9ntrica de rep\u00fablicas urbanas<\/p><p>ante la rivalidad europea en el Atl\u00e1ntico ib\u00e9rico (1640-1713)<\/p><p>(PID2022-14501NB-I00)<\/p>\t\t\t\t\t\t\t\t<\/div>\n\t\t\t\t<\/div>\n\t\t\t\t\t<\/div>\n\t\t<\/div>\n\t\t\t\t\t<\/div>\n\t\t<\/section>\n\t\t\t\t<section class=\"elementor-section elementor-top-section elementor-element elementor-element-21e19eb elementor-section-boxed elementor-section-height-default elementor-section-height-default\" data-id=\"21e19eb\" data-element_type=\"section\" data-e-type=\"section\">\n\t\t\t\t\t\t<div class=\"elementor-container elementor-column-gap-default\">\n\t\t\t\t\t<div class=\"elementor-column elementor-col-100 elementor-top-column elementor-element elementor-element-87f5570\" data-id=\"87f5570\" data-element_type=\"column\" data-e-type=\"column\">\n\t\t\t<div class=\"elementor-widget-wrap elementor-element-populated\">\n\t\t\t\t\t\t<div class=\"elementor-element elementor-element-5eb007f elementor-widget elementor-widget-text-editor\" data-id=\"5eb007f\" data-element_type=\"widget\" data-e-type=\"widget\" data-widget_type=\"text-editor.default\">\n\t\t\t\t<div class=\"elementor-widget-container\">\n\t\t\t\t\t\t\t\t\t<p>Publicaciones recientes y pr\u00f3ximas actividades<\/p>\t\t\t\t\t\t\t\t<\/div>\n\t\t\t\t<\/div>\n\t\t\t\t\t<\/div>\n\t\t<\/div>\n\t\t\t\t\t<\/div>\n\t\t<\/section>\n\t\t\t\t<section class=\"elementor-section elementor-top-section elementor-element elementor-element-64f6eee8 elementor-section-content-middle elementor-section-stretched elementor-section-height-min-height elementor-section-items-stretch elementor-section-boxed elementor-section-height-default\" data-id=\"64f6eee8\" data-element_type=\"section\" data-e-type=\"section\" data-settings=\"{&quot;background_background&quot;:&quot;classic&quot;,&quot;stretch_section&quot;:&quot;section-stretched&quot;}\">\n\t\t\t\t\t\t\t<div class=\"elementor-background-overlay\"><\/div>\n\t\t\t\t\t\t\t<div class=\"elementor-container elementor-column-gap-default\">\n\t\t\t\t\t<div class=\"elementor-column elementor-col-100 elementor-top-column elementor-element elementor-element-1aaf33db\" data-id=\"1aaf33db\" data-element_type=\"column\" data-e-type=\"column\" data-settings=\"{&quot;background_background&quot;:&quot;classic&quot;}\">\n\t\t\t<div class=\"elementor-widget-wrap elementor-element-populated\">\n\t\t\t\t\t<div class=\"elementor-background-overlay\"><\/div>\n\t\t\t\t\t\t<div class=\"elementor-element elementor-element-4cecd76 elementor-widget elementor-widget-obfx-posts-grid\" data-id=\"4cecd76\" data-element_type=\"widget\" data-e-type=\"widget\" data-widget_type=\"obfx-posts-grid.default\">\n\t\t\t\t<div class=\"elementor-widget-container\">\n\t\t\t\t\t<div class=\"obfx-grid\"><div class=\"obfx-grid-container obfx-grid-desktop-3\"><div class=\"obfx-grid-wrapper\"><article class=\"obfx-grid-col\"><div class=\"obfx-grid-col-image\" style=\"\"><a href=\"https:\/\/www.upo.es\/investiga\/atlanrex\/2026\/04\/29\/v-seminario-internacional-sociedad-politica-red-sucesion-la-guerra-de-sucesion-espanola-en-italia-espacios-de-mediacion-y-disputas-dinasticas-1700-1725\/\" title=\"V Seminario Internacional Sociedad Pol\u00edtica-Red Sucesi\u00f3n. La guerra de Sucesi\u00f3n espa\u00f1ola en Italia: espacios de mediaci\u00f3n y disputas din\u00e1sticas (1700-1725)\"><img fetchpriority=\"high\" decoding=\"async\" width=\"2560\" height=\"1809\" src=\"https:\/\/www.upo.es\/investiga\/atlanrex\/wp-content\/uploads\/2026\/04\/Programa-Seminario-Guerra-de-Sucesion_page-0001-scaled.jpg\" class=\"img-responsive wp-post-image\" alt=\"Programa Seminario Guerra de Sucesi\u00f3n_page-0001\" srcset=\"https:\/\/www.upo.es\/investiga\/atlanrex\/wp-content\/uploads\/2026\/04\/Programa-Seminario-Guerra-de-Sucesion_page-0001-scaled.jpg 2560w, https:\/\/www.upo.es\/investiga\/atlanrex\/wp-content\/uploads\/2026\/04\/Programa-Seminario-Guerra-de-Sucesion_page-0001-300x212.jpg 300w, https:\/\/www.upo.es\/investiga\/atlanrex\/wp-content\/uploads\/2026\/04\/Programa-Seminario-Guerra-de-Sucesion_page-0001-1024x724.jpg 1024w, https:\/\/www.upo.es\/investiga\/atlanrex\/wp-content\/uploads\/2026\/04\/Programa-Seminario-Guerra-de-Sucesion_page-0001-768x543.jpg 768w, https:\/\/www.upo.es\/investiga\/atlanrex\/wp-content\/uploads\/2026\/04\/Programa-Seminario-Guerra-de-Sucesion_page-0001-600x424.jpg 600w, https:\/\/www.upo.es\/investiga\/atlanrex\/wp-content\/uploads\/2026\/04\/Programa-Seminario-Guerra-de-Sucesion_page-0001-1536x1086.jpg 1536w, https:\/\/www.upo.es\/investiga\/atlanrex\/wp-content\/uploads\/2026\/04\/Programa-Seminario-Guerra-de-Sucesion_page-0001-2048x1447.jpg 2048w, https:\/\/www.upo.es\/investiga\/atlanrex\/wp-content\/uploads\/2026\/04\/Programa-Seminario-Guerra-de-Sucesion_page-0001-1320x933.jpg 1320w\" sizes=\"(max-width: 2560px) 100vw, 2560px\" \/><\/a><\/div><div class=\"obfx-grid-col-content\">\t\t\t<h2 class=\"entry-title obfx-grid-title\">\n\t\t\t\t\t\t\t<a href=\"https:\/\/www.upo.es\/investiga\/atlanrex\/2026\/04\/29\/v-seminario-internacional-sociedad-politica-red-sucesion-la-guerra-de-sucesion-espanola-en-italia-espacios-de-mediacion-y-disputas-dinasticas-1700-1725\/\" title=\"V Seminario Internacional Sociedad Pol\u00edtica-Red Sucesi\u00f3n. La guerra de Sucesi\u00f3n espa\u00f1ola en Italia: espacios de mediaci\u00f3n y disputas din\u00e1sticas (1700-1725)\">\n\t\t\t\t\tV Seminario Internacional Sociedad Pol\u00edtica-Red Sucesi\u00f3n. La guerra de Sucesi\u00f3n espa\u00f1ola en Italia: espacios de mediaci\u00f3n y disputas din\u00e1sticas (1700-1725)\t\t\t\t<\/a>\n\t\t\t\t\t\t\t<\/h2>\n\t\t\t\t\t\t\t<div class=\"entry-meta obfx-grid-meta\">\n\n\t\t\t\t\t\t\t\t\t\t\t\t\t<span class=\"obfx-grid-author\">\n\t\t\t\t\t\t\t\t\t<i class=\"fas fa-user\"><\/i>rexpublica\t\t\t\t\t\t\t\t<\/span>\n\t\t\t\t\t\t\t\t\t\t\t\t\t\t\t\t<span class=\"obfx-grid-date\">\n\t\t\t\t\t\t\t\t\t<i class=\"fas fa-calendar\"><\/i>29 abril, 2026\t\t\t\t\t\t\t\t<\/span>\n\t\t\t\t\t\t\t\t\n\t\t\t\t<\/div>\n\t\t\t\t\t\t\t<div class=\"entry-content obfx-grid-content\">\n\t\t\t\tNos complace anunciar la celebraci\u00f3n del V Seminario Internacional Sociedad Pol\u00edtica-Red Sucesi\u00f3n \u00abLa guerra de Sucesi\u00f3n espa\u00f1ola en Italia: espacios de mediaci\u00f3n y disputas din\u00e1sticas (1700-1725)\u00bb que est\u00e1 organizada por&hellip;\t\t\t<\/div>\n\t\t\t<\/div><\/article><\/div><div class=\"obfx-grid-wrapper\"><article class=\"obfx-grid-col\"><div class=\"obfx-grid-col-image\" style=\"\"><a href=\"https:\/\/www.upo.es\/investiga\/atlanrex\/2026\/04\/29\/conversatorio-mercado-y-moneda-en-hispanoamerica-s-xvi-xix-homenaje-a-heraclio-bonilla\/\" title=\"CONVERSATORIO Mercado y moneda en Hispanoam\u00e9rica, s. XVI-XIX Homenaje a Heraclio Bonilla\"><img decoding=\"async\" width=\"1024\" height=\"1583\" src=\"https:\/\/www.upo.es\/investiga\/atlanrex\/wp-content\/uploads\/2026\/04\/26-14_conversatorio-mercado-hispanoamerica-homenaje-Bonilla_cartel.jpg\" class=\"img-responsive wp-post-image\" alt=\"26-14_conversatorio-mercado-hispanoamerica-homenaje-Bonilla_cartel\" srcset=\"https:\/\/www.upo.es\/investiga\/atlanrex\/wp-content\/uploads\/2026\/04\/26-14_conversatorio-mercado-hispanoamerica-homenaje-Bonilla_cartel.jpg 1024w, https:\/\/www.upo.es\/investiga\/atlanrex\/wp-content\/uploads\/2026\/04\/26-14_conversatorio-mercado-hispanoamerica-homenaje-Bonilla_cartel-194x300.jpg 194w, https:\/\/www.upo.es\/investiga\/atlanrex\/wp-content\/uploads\/2026\/04\/26-14_conversatorio-mercado-hispanoamerica-homenaje-Bonilla_cartel-662x1024.jpg 662w, https:\/\/www.upo.es\/investiga\/atlanrex\/wp-content\/uploads\/2026\/04\/26-14_conversatorio-mercado-hispanoamerica-homenaje-Bonilla_cartel-768x1187.jpg 768w, https:\/\/www.upo.es\/investiga\/atlanrex\/wp-content\/uploads\/2026\/04\/26-14_conversatorio-mercado-hispanoamerica-homenaje-Bonilla_cartel-600x928.jpg 600w, https:\/\/www.upo.es\/investiga\/atlanrex\/wp-content\/uploads\/2026\/04\/26-14_conversatorio-mercado-hispanoamerica-homenaje-Bonilla_cartel-994x1536.jpg 994w\" sizes=\"(max-width: 1024px) 100vw, 1024px\" \/><\/a><\/div><div class=\"obfx-grid-col-content\">\t\t\t<h2 class=\"entry-title obfx-grid-title\">\n\t\t\t\t\t\t\t<a href=\"https:\/\/www.upo.es\/investiga\/atlanrex\/2026\/04\/29\/conversatorio-mercado-y-moneda-en-hispanoamerica-s-xvi-xix-homenaje-a-heraclio-bonilla\/\" title=\"CONVERSATORIO Mercado y moneda en Hispanoam\u00e9rica, s. XVI-XIX Homenaje a Heraclio Bonilla\">\n\t\t\t\t\tCONVERSATORIO Mercado y moneda en Hispanoam\u00e9rica, s. XVI-XIX Homenaje a Heraclio Bonilla\t\t\t\t<\/a>\n\t\t\t\t\t\t\t<\/h2>\n\t\t\t\t\t\t\t<div class=\"entry-meta obfx-grid-meta\">\n\n\t\t\t\t\t\t\t\t\t\t\t\t\t<span class=\"obfx-grid-author\">\n\t\t\t\t\t\t\t\t\t<i class=\"fas fa-user\"><\/i>rexpublica\t\t\t\t\t\t\t\t<\/span>\n\t\t\t\t\t\t\t\t\t\t\t\t\t\t\t\t<span class=\"obfx-grid-date\">\n\t\t\t\t\t\t\t\t\t<i class=\"fas fa-calendar\"><\/i>29 abril, 2026\t\t\t\t\t\t\t\t<\/span>\n\t\t\t\t\t\t\t\t\n\t\t\t\t<\/div>\n\t\t\t\t\t\t\t<div class=\"entry-content obfx-grid-content\">\n\t\t\t\tNos complace anunciar la participaci\u00f3n de Alberto Hern\u00e1ndez P\u00e9rez en el Conversatorio \u00abMercado y moneda en Hispanoam\u00e9rica, s. XVI-XIX. Homenaje a Heraclio Bonilla\u00bb organizado\u00a0 por Antonio Ibarra y Ana Rojas&hellip;\t\t\t<\/div>\n\t\t\t<\/div><\/article><\/div><div class=\"obfx-grid-wrapper\"><article class=\"obfx-grid-col\"><div class=\"obfx-grid-col-image\" style=\"\"><a href=\"https:\/\/www.upo.es\/investiga\/atlanrex\/2026\/04\/22\/workshop-the-culture-of-suspicion-suspects-in-the-age-of-revolutions-ii\/\" title=\"WORKSHOP The Culture of Suspicion: Suspects in the Age of Revolutions II\"><img decoding=\"async\" width=\"2560\" height=\"1810\" src=\"https:\/\/www.upo.es\/investiga\/atlanrex\/wp-content\/uploads\/2026\/04\/Program_page-0001-scaled.jpg\" class=\"img-responsive wp-post-image\" alt=\"Program_page-0001\" srcset=\"https:\/\/www.upo.es\/investiga\/atlanrex\/wp-content\/uploads\/2026\/04\/Program_page-0001-scaled.jpg 2560w, https:\/\/www.upo.es\/investiga\/atlanrex\/wp-content\/uploads\/2026\/04\/Program_page-0001-300x212.jpg 300w, https:\/\/www.upo.es\/investiga\/atlanrex\/wp-content\/uploads\/2026\/04\/Program_page-0001-1024x724.jpg 1024w, https:\/\/www.upo.es\/investiga\/atlanrex\/wp-content\/uploads\/2026\/04\/Program_page-0001-768x543.jpg 768w, https:\/\/www.upo.es\/investiga\/atlanrex\/wp-content\/uploads\/2026\/04\/Program_page-0001-600x424.jpg 600w, https:\/\/www.upo.es\/investiga\/atlanrex\/wp-content\/uploads\/2026\/04\/Program_page-0001-1536x1086.jpg 1536w, https:\/\/www.upo.es\/investiga\/atlanrex\/wp-content\/uploads\/2026\/04\/Program_page-0001-2048x1448.jpg 2048w, https:\/\/www.upo.es\/investiga\/atlanrex\/wp-content\/uploads\/2026\/04\/Program_page-0001-1320x933.jpg 1320w\" sizes=\"(max-width: 2560px) 100vw, 2560px\" \/><\/a><\/div><div class=\"obfx-grid-col-content\">\t\t\t<h2 class=\"entry-title obfx-grid-title\">\n\t\t\t\t\t\t\t<a href=\"https:\/\/www.upo.es\/investiga\/atlanrex\/2026\/04\/22\/workshop-the-culture-of-suspicion-suspects-in-the-age-of-revolutions-ii\/\" title=\"WORKSHOP The Culture of Suspicion: Suspects in the Age of Revolutions II\">\n\t\t\t\t\tWORKSHOP The Culture of Suspicion: Suspects in the Age of Revolutions II\t\t\t\t<\/a>\n\t\t\t\t\t\t\t<\/h2>\n\t\t\t\t\t\t\t<div class=\"entry-meta obfx-grid-meta\">\n\n\t\t\t\t\t\t\t\t\t\t\t\t\t<span class=\"obfx-grid-author\">\n\t\t\t\t\t\t\t\t\t<i class=\"fas fa-user\"><\/i>rexpublica\t\t\t\t\t\t\t\t<\/span>\n\t\t\t\t\t\t\t\t\t\t\t\t\t\t\t\t<span class=\"obfx-grid-date\">\n\t\t\t\t\t\t\t\t\t<i class=\"fas fa-calendar\"><\/i>22 abril, 2026\t\t\t\t\t\t\t\t<\/span>\n\t\t\t\t\t\t\t\t\n\t\t\t\t<\/div>\n\t\t\t\t\t\t\t<div class=\"entry-content obfx-grid-content\">\n\t\t\t\tNos complace anunciar la celebraci\u00f3n del Workshop\u00a0The Culture of Suspicion: Suspects in the Age of Revolutions II\u00a0coordinado por Martin Biersack y Vicente Pajuelo Moreno (Universidad de Granada). El miembro del&hellip;\t\t\t<\/div>\n\t\t\t<\/div><\/article><\/div><div class=\"obfx-grid-wrapper\"><article class=\"obfx-grid-col\"><div class=\"obfx-grid-col-image\" style=\"\"><a href=\"https:\/\/www.upo.es\/investiga\/atlanrex\/2026\/04\/22\/vii-cham-internacional-conference\/\" title=\"VII CHAM INTERNATIONAL CONFERENCE\"><img loading=\"lazy\" decoding=\"async\" width=\"1749\" height=\"2481\" src=\"https:\/\/www.upo.es\/investiga\/atlanrex\/wp-content\/uploads\/2026\/04\/vii-cham-conference-abstract-book-1_page-0001.jpg\" class=\"img-responsive wp-post-image\" alt=\"vii-cham-conference-abstract-book (1)_page-0001\" srcset=\"https:\/\/www.upo.es\/investiga\/atlanrex\/wp-content\/uploads\/2026\/04\/vii-cham-conference-abstract-book-1_page-0001.jpg 1749w, https:\/\/www.upo.es\/investiga\/atlanrex\/wp-content\/uploads\/2026\/04\/vii-cham-conference-abstract-book-1_page-0001-211x300.jpg 211w, https:\/\/www.upo.es\/investiga\/atlanrex\/wp-content\/uploads\/2026\/04\/vii-cham-conference-abstract-book-1_page-0001-722x1024.jpg 722w, https:\/\/www.upo.es\/investiga\/atlanrex\/wp-content\/uploads\/2026\/04\/vii-cham-conference-abstract-book-1_page-0001-768x1089.jpg 768w, https:\/\/www.upo.es\/investiga\/atlanrex\/wp-content\/uploads\/2026\/04\/vii-cham-conference-abstract-book-1_page-0001-600x851.jpg 600w, https:\/\/www.upo.es\/investiga\/atlanrex\/wp-content\/uploads\/2026\/04\/vii-cham-conference-abstract-book-1_page-0001-1083x1536.jpg 1083w, https:\/\/www.upo.es\/investiga\/atlanrex\/wp-content\/uploads\/2026\/04\/vii-cham-conference-abstract-book-1_page-0001-1444x2048.jpg 1444w, https:\/\/www.upo.es\/investiga\/atlanrex\/wp-content\/uploads\/2026\/04\/vii-cham-conference-abstract-book-1_page-0001-1320x1872.jpg 1320w\" sizes=\"(max-width: 1749px) 100vw, 1749px\" \/><\/a><\/div><div class=\"obfx-grid-col-content\">\t\t\t<h2 class=\"entry-title obfx-grid-title\">\n\t\t\t\t\t\t\t<a href=\"https:\/\/www.upo.es\/investiga\/atlanrex\/2026\/04\/22\/vii-cham-internacional-conference\/\" title=\"VII CHAM INTERNATIONAL CONFERENCE\">\n\t\t\t\t\tVII CHAM INTERNATIONAL CONFERENCE\t\t\t\t<\/a>\n\t\t\t\t\t\t\t<\/h2>\n\t\t\t\t\t\t\t<div class=\"entry-meta obfx-grid-meta\">\n\n\t\t\t\t\t\t\t\t\t\t\t\t\t<span class=\"obfx-grid-author\">\n\t\t\t\t\t\t\t\t\t<i class=\"fas fa-user\"><\/i>rexpublica\t\t\t\t\t\t\t\t<\/span>\n\t\t\t\t\t\t\t\t\t\t\t\t\t\t\t\t<span class=\"obfx-grid-date\">\n\t\t\t\t\t\t\t\t\t<i class=\"fas fa-calendar\"><\/i>22 abril, 2026\t\t\t\t\t\t\t\t<\/span>\n\t\t\t\t\t\t\t\t\n\t\t\t\t<\/div>\n\t\t\t\t\t\t\t<div class=\"entry-content obfx-grid-content\">\n\t\t\t\tEl pasado 15 y 17 de abril tuvo lugar en la Nova FCSH de Lisboa la VII CHAM International Conference \u00abOn the move. Diasporas, mobilities and Transcultural Practices in a&hellip;\t\t\t<\/div>\n\t\t\t<\/div><\/article><\/div><div class=\"obfx-grid-wrapper\"><article class=\"obfx-grid-col\"><div class=\"obfx-grid-col-image\" style=\"\"><a href=\"https:\/\/www.upo.es\/investiga\/atlanrex\/2026\/04\/22\/table-ronde-voces-negras-conspiracion-cooperacion-y-resistencias-en-la-luisiana-revolucionaria\/\" title=\"TABLE RONDE Voces negras. Conspiraci\u00f3n, cooperaci\u00f3n y resistencias en la Luisiana revolucionaria\"><img loading=\"lazy\" decoding=\"async\" width=\"1810\" height=\"2560\" src=\"https:\/\/www.upo.es\/investiga\/atlanrex\/wp-content\/uploads\/2026\/04\/Table_ronde-Pablo-Cosme-Paris-2026_page-0001-scaled.jpg\" class=\"img-responsive wp-post-image\" alt=\"Table_ronde Pablo Cosme Paris 2026_page-0001\" srcset=\"https:\/\/www.upo.es\/investiga\/atlanrex\/wp-content\/uploads\/2026\/04\/Table_ronde-Pablo-Cosme-Paris-2026_page-0001-scaled.jpg 1810w, https:\/\/www.upo.es\/investiga\/atlanrex\/wp-content\/uploads\/2026\/04\/Table_ronde-Pablo-Cosme-Paris-2026_page-0001-212x300.jpg 212w, https:\/\/www.upo.es\/investiga\/atlanrex\/wp-content\/uploads\/2026\/04\/Table_ronde-Pablo-Cosme-Paris-2026_page-0001-724x1024.jpg 724w, https:\/\/www.upo.es\/investiga\/atlanrex\/wp-content\/uploads\/2026\/04\/Table_ronde-Pablo-Cosme-Paris-2026_page-0001-768x1086.jpg 768w, https:\/\/www.upo.es\/investiga\/atlanrex\/wp-content\/uploads\/2026\/04\/Table_ronde-Pablo-Cosme-Paris-2026_page-0001-600x849.jpg 600w, https:\/\/www.upo.es\/investiga\/atlanrex\/wp-content\/uploads\/2026\/04\/Table_ronde-Pablo-Cosme-Paris-2026_page-0001-1086x1536.jpg 1086w, https:\/\/www.upo.es\/investiga\/atlanrex\/wp-content\/uploads\/2026\/04\/Table_ronde-Pablo-Cosme-Paris-2026_page-0001-1448x2048.jpg 1448w, https:\/\/www.upo.es\/investiga\/atlanrex\/wp-content\/uploads\/2026\/04\/Table_ronde-Pablo-Cosme-Paris-2026_page-0001-1320x1867.jpg 1320w\" sizes=\"(max-width: 1810px) 100vw, 1810px\" \/><\/a><\/div><div class=\"obfx-grid-col-content\">\t\t\t<h2 class=\"entry-title obfx-grid-title\">\n\t\t\t\t\t\t\t<a href=\"https:\/\/www.upo.es\/investiga\/atlanrex\/2026\/04\/22\/table-ronde-voces-negras-conspiracion-cooperacion-y-resistencias-en-la-luisiana-revolucionaria\/\" title=\"TABLE RONDE Voces negras. Conspiraci\u00f3n, cooperaci\u00f3n y resistencias en la Luisiana revolucionaria\">\n\t\t\t\t\tTABLE RONDE Voces negras. Conspiraci\u00f3n, cooperaci\u00f3n y resistencias en la Luisiana revolucionaria\t\t\t\t<\/a>\n\t\t\t\t\t\t\t<\/h2>\n\t\t\t\t\t\t\t<div class=\"entry-meta obfx-grid-meta\">\n\n\t\t\t\t\t\t\t\t\t\t\t\t\t<span class=\"obfx-grid-author\">\n\t\t\t\t\t\t\t\t\t<i class=\"fas fa-user\"><\/i>rexpublica\t\t\t\t\t\t\t\t<\/span>\n\t\t\t\t\t\t\t\t\t\t\t\t\t\t\t\t<span class=\"obfx-grid-date\">\n\t\t\t\t\t\t\t\t\t<i class=\"fas fa-calendar\"><\/i>22 abril, 2026\t\t\t\t\t\t\t\t<\/span>\n\t\t\t\t\t\t\t\t\n\t\t\t\t<\/div>\n\t\t\t\t\t\t\t<div class=\"entry-content obfx-grid-content\">\n\t\t\t\tNos complace anunciar la celebraci\u00f3n de la&nbsp;Table Ronde autour de l&#8217;ouvrage de Cosme J. G\u00f3mez Carrasco et Pablo Hern\u00e1ndez Sau&nbsp;organizado por Cosme J. G\u00f3mez Carrasco (Universidad de Murcia) y Fran\u00e7ois\u2010Joseph&hellip;\t\t\t<\/div>\n\t\t\t<\/div><\/article><\/div><div class=\"obfx-grid-wrapper\"><article class=\"obfx-grid-col\"><div class=\"obfx-grid-col-image\" style=\"\"><a href=\"https:\/\/www.upo.es\/investiga\/atlanrex\/2026\/04\/19\/ii-congreso-investigadores-noveles-america-en-madrid-patrimonios-compartidos\/\" title=\"II CONGRESO Investigadores Noveles Am\u00e9rica en Madrid: patrimonios compartidos\"><img loading=\"lazy\" decoding=\"async\" width=\"1810\" height=\"2560\" src=\"https:\/\/www.upo.es\/investiga\/atlanrex\/wp-content\/uploads\/2026\/04\/Programa-AMERMAD_page-0001-scaled.jpg\" class=\"img-responsive wp-post-image\" alt=\"Programa AMERMAD_page-0001\" srcset=\"https:\/\/www.upo.es\/investiga\/atlanrex\/wp-content\/uploads\/2026\/04\/Programa-AMERMAD_page-0001-scaled.jpg 1810w, https:\/\/www.upo.es\/investiga\/atlanrex\/wp-content\/uploads\/2026\/04\/Programa-AMERMAD_page-0001-212x300.jpg 212w, https:\/\/www.upo.es\/investiga\/atlanrex\/wp-content\/uploads\/2026\/04\/Programa-AMERMAD_page-0001-724x1024.jpg 724w, https:\/\/www.upo.es\/investiga\/atlanrex\/wp-content\/uploads\/2026\/04\/Programa-AMERMAD_page-0001-768x1086.jpg 768w, https:\/\/www.upo.es\/investiga\/atlanrex\/wp-content\/uploads\/2026\/04\/Programa-AMERMAD_page-0001-600x849.jpg 600w, https:\/\/www.upo.es\/investiga\/atlanrex\/wp-content\/uploads\/2026\/04\/Programa-AMERMAD_page-0001-1086x1536.jpg 1086w, https:\/\/www.upo.es\/investiga\/atlanrex\/wp-content\/uploads\/2026\/04\/Programa-AMERMAD_page-0001-1448x2048.jpg 1448w, https:\/\/www.upo.es\/investiga\/atlanrex\/wp-content\/uploads\/2026\/04\/Programa-AMERMAD_page-0001-1320x1867.jpg 1320w\" sizes=\"(max-width: 1810px) 100vw, 1810px\" \/><\/a><\/div><div class=\"obfx-grid-col-content\">\t\t\t<h2 class=\"entry-title obfx-grid-title\">\n\t\t\t\t\t\t\t<a href=\"https:\/\/www.upo.es\/investiga\/atlanrex\/2026\/04\/19\/ii-congreso-investigadores-noveles-america-en-madrid-patrimonios-compartidos\/\" title=\"II CONGRESO Investigadores Noveles Am\u00e9rica en Madrid: patrimonios compartidos\">\n\t\t\t\t\tII CONGRESO Investigadores Noveles Am\u00e9rica en Madrid: patrimonios compartidos\t\t\t\t<\/a>\n\t\t\t\t\t\t\t<\/h2>\n\t\t\t\t\t\t\t<div class=\"entry-meta obfx-grid-meta\">\n\n\t\t\t\t\t\t\t\t\t\t\t\t\t<span class=\"obfx-grid-author\">\n\t\t\t\t\t\t\t\t\t<i class=\"fas fa-user\"><\/i>rexpublica\t\t\t\t\t\t\t\t<\/span>\n\t\t\t\t\t\t\t\t\t\t\t\t\t\t\t\t<span class=\"obfx-grid-date\">\n\t\t\t\t\t\t\t\t\t<i class=\"fas fa-calendar\"><\/i>19 abril, 2026\t\t\t\t\t\t\t\t<\/span>\n\t\t\t\t\t\t\t\t\n\t\t\t\t<\/div>\n\t\t\t\t\t\t\t<div class=\"entry-content obfx-grid-content\">\n\t\t\t\tNos complace anunciar la celebraci\u00f3n del II Congreso de Investigadores Noveles \u00abAm\u00e9rica en Madrid: patrimonios compartidos\u00bb coordinado por Antonio Jos\u00e9 Rodr\u00edguez Hern\u00e1ndez, Marta Garc\u00eda Garral\u00f3n, Ainoa Chinchilla Galarzo y Aitor&hellip;\t\t\t<\/div>\n\t\t\t<\/div><\/article><\/div><div class=\"obfx-grid-wrapper\"><article class=\"obfx-grid-col\"><div class=\"obfx-grid-col-image\" style=\"\"><a href=\"https:\/\/www.upo.es\/investiga\/atlanrex\/2026\/04\/15\/4a-sesion-ciclo-de-conferencias-2026-europa-el-mundo-mediterraneo-y-su-difusion-atlantica\/\" title=\"4\u00aa SESI\u00d3N CICLO DE CONFERENCIAS 2026 \u00abEuropa, el mundo mediterr\u00e1neo y su difusi\u00f3n atl\u00e1ntica\u00bb\"><img loading=\"lazy\" decoding=\"async\" width=\"1810\" height=\"2560\" src=\"https:\/\/www.upo.es\/investiga\/atlanrex\/wp-content\/uploads\/2026\/04\/Cartel_Ciclo2026_01_sesiones_abril_02-1_page-0001-scaled.jpg\" class=\"img-responsive wp-post-image\" alt=\"Cartel_Ciclo2026_01_sesiones_abril_02 (1)_page-0001\" srcset=\"https:\/\/www.upo.es\/investiga\/atlanrex\/wp-content\/uploads\/2026\/04\/Cartel_Ciclo2026_01_sesiones_abril_02-1_page-0001-scaled.jpg 1810w, https:\/\/www.upo.es\/investiga\/atlanrex\/wp-content\/uploads\/2026\/04\/Cartel_Ciclo2026_01_sesiones_abril_02-1_page-0001-212x300.jpg 212w, https:\/\/www.upo.es\/investiga\/atlanrex\/wp-content\/uploads\/2026\/04\/Cartel_Ciclo2026_01_sesiones_abril_02-1_page-0001-724x1024.jpg 724w, https:\/\/www.upo.es\/investiga\/atlanrex\/wp-content\/uploads\/2026\/04\/Cartel_Ciclo2026_01_sesiones_abril_02-1_page-0001-768x1086.jpg 768w, https:\/\/www.upo.es\/investiga\/atlanrex\/wp-content\/uploads\/2026\/04\/Cartel_Ciclo2026_01_sesiones_abril_02-1_page-0001-600x849.jpg 600w, https:\/\/www.upo.es\/investiga\/atlanrex\/wp-content\/uploads\/2026\/04\/Cartel_Ciclo2026_01_sesiones_abril_02-1_page-0001-1086x1536.jpg 1086w, https:\/\/www.upo.es\/investiga\/atlanrex\/wp-content\/uploads\/2026\/04\/Cartel_Ciclo2026_01_sesiones_abril_02-1_page-0001-1448x2048.jpg 1448w, https:\/\/www.upo.es\/investiga\/atlanrex\/wp-content\/uploads\/2026\/04\/Cartel_Ciclo2026_01_sesiones_abril_02-1_page-0001-1320x1867.jpg 1320w\" sizes=\"(max-width: 1810px) 100vw, 1810px\" \/><\/a><\/div><div class=\"obfx-grid-col-content\">\t\t\t<h2 class=\"entry-title obfx-grid-title\">\n\t\t\t\t\t\t\t<a href=\"https:\/\/www.upo.es\/investiga\/atlanrex\/2026\/04\/15\/4a-sesion-ciclo-de-conferencias-2026-europa-el-mundo-mediterraneo-y-su-difusion-atlantica\/\" title=\"4\u00aa SESI\u00d3N CICLO DE CONFERENCIAS 2026 \u00abEuropa, el mundo mediterr\u00e1neo y su difusi\u00f3n atl\u00e1ntica\u00bb\">\n\t\t\t\t\t4\u00aa SESI\u00d3N CICLO DE CONFERENCIAS 2026 \u00abEuropa, el mundo mediterr\u00e1neo y su difusi\u00f3n atl\u00e1ntica\u00bb\t\t\t\t<\/a>\n\t\t\t\t\t\t\t<\/h2>\n\t\t\t\t\t\t\t<div class=\"entry-meta obfx-grid-meta\">\n\n\t\t\t\t\t\t\t\t\t\t\t\t\t<span class=\"obfx-grid-author\">\n\t\t\t\t\t\t\t\t\t<i class=\"fas fa-user\"><\/i>rexpublica\t\t\t\t\t\t\t\t<\/span>\n\t\t\t\t\t\t\t\t\t\t\t\t\t\t\t\t<span class=\"obfx-grid-date\">\n\t\t\t\t\t\t\t\t\t<i class=\"fas fa-calendar\"><\/i>15 abril, 2026\t\t\t\t\t\t\t\t<\/span>\n\t\t\t\t\t\t\t\t\n\t\t\t\t<\/div>\n\t\t\t\t\t\t\t<div class=\"entry-content obfx-grid-content\">\n\t\t\t\tNos complace anunciar la celebraci\u00f3n de la 4\u00aa sesi\u00f3n del Ciclo de Conferencias 2026 \u00abEuropa, el mundo mediterr\u00e1neo y su difusi\u00f3n atl\u00e1ntica\u00bb. Esta contar\u00e1 con la participaci\u00f3n de: Anne Dubet&hellip;\t\t\t<\/div>\n\t\t\t<\/div><\/article><\/div><div class=\"obfx-grid-wrapper\"><article class=\"obfx-grid-col\"><div class=\"obfx-grid-col-image\" style=\"\"><a href=\"https:\/\/www.upo.es\/investiga\/atlanrex\/2026\/04\/14\/17a-sesion-ii-edicion-ciclo-de-charlas-historia-dialogada-clio-ante-el-espejo\/\" title=\"17\u00aa SESI\u00d3N II EDICI\u00d3N CICLO DE CHARLAS \u00abHistoria Dialogada: Cl\u00edo ante el espejo\u00bb\"><img loading=\"lazy\" decoding=\"async\" width=\"1440\" height=\"2560\" src=\"https:\/\/www.upo.es\/investiga\/atlanrex\/wp-content\/uploads\/2026\/04\/Historia-dialogada-Antonio-Calvo-Maturana_page-0001-scaled.jpg\" class=\"img-responsive wp-post-image\" alt=\"Historia dialogada &#8211; Antonio Calvo Maturana_page-0001\" srcset=\"https:\/\/www.upo.es\/investiga\/atlanrex\/wp-content\/uploads\/2026\/04\/Historia-dialogada-Antonio-Calvo-Maturana_page-0001-scaled.jpg 1440w, https:\/\/www.upo.es\/investiga\/atlanrex\/wp-content\/uploads\/2026\/04\/Historia-dialogada-Antonio-Calvo-Maturana_page-0001-169x300.jpg 169w, https:\/\/www.upo.es\/investiga\/atlanrex\/wp-content\/uploads\/2026\/04\/Historia-dialogada-Antonio-Calvo-Maturana_page-0001-576x1024.jpg 576w, https:\/\/www.upo.es\/investiga\/atlanrex\/wp-content\/uploads\/2026\/04\/Historia-dialogada-Antonio-Calvo-Maturana_page-0001-768x1365.jpg 768w, https:\/\/www.upo.es\/investiga\/atlanrex\/wp-content\/uploads\/2026\/04\/Historia-dialogada-Antonio-Calvo-Maturana_page-0001-600x1067.jpg 600w, https:\/\/www.upo.es\/investiga\/atlanrex\/wp-content\/uploads\/2026\/04\/Historia-dialogada-Antonio-Calvo-Maturana_page-0001-864x1536.jpg 864w, https:\/\/www.upo.es\/investiga\/atlanrex\/wp-content\/uploads\/2026\/04\/Historia-dialogada-Antonio-Calvo-Maturana_page-0001-1152x2048.jpg 1152w, https:\/\/www.upo.es\/investiga\/atlanrex\/wp-content\/uploads\/2026\/04\/Historia-dialogada-Antonio-Calvo-Maturana_page-0001-1320x2347.jpg 1320w\" sizes=\"(max-width: 1440px) 100vw, 1440px\" \/><\/a><\/div><div class=\"obfx-grid-col-content\">\t\t\t<h2 class=\"entry-title obfx-grid-title\">\n\t\t\t\t\t\t\t<a href=\"https:\/\/www.upo.es\/investiga\/atlanrex\/2026\/04\/14\/17a-sesion-ii-edicion-ciclo-de-charlas-historia-dialogada-clio-ante-el-espejo\/\" title=\"17\u00aa SESI\u00d3N II EDICI\u00d3N CICLO DE CHARLAS \u00abHistoria Dialogada: Cl\u00edo ante el espejo\u00bb\">\n\t\t\t\t\t17\u00aa SESI\u00d3N II EDICI\u00d3N CICLO DE CHARLAS \u00abHistoria Dialogada: Cl\u00edo ante el espejo\u00bb\t\t\t\t<\/a>\n\t\t\t\t\t\t\t<\/h2>\n\t\t\t\t\t\t\t<div class=\"entry-meta obfx-grid-meta\">\n\n\t\t\t\t\t\t\t\t\t\t\t\t\t<span class=\"obfx-grid-author\">\n\t\t\t\t\t\t\t\t\t<i class=\"fas fa-user\"><\/i>rexpublica\t\t\t\t\t\t\t\t<\/span>\n\t\t\t\t\t\t\t\t\t\t\t\t\t\t\t\t<span class=\"obfx-grid-date\">\n\t\t\t\t\t\t\t\t\t<i class=\"fas fa-calendar\"><\/i>14 abril, 2026\t\t\t\t\t\t\t\t<\/span>\n\t\t\t\t\t\t\t\t\n\t\t\t\t<\/div>\n\t\t\t\t\t\t\t<div class=\"entry-content obfx-grid-content\">\n\t\t\t\tNos complace anunciar la celebraci\u00f3n de la 17\u00aa sesi\u00f3n de la II Edici\u00f3n del Ciclo de Charlas \u00abHistoria Dialogada: Cl\u00edo ante el espejo\u00bb que contar\u00e1 con la participaci\u00f3n de Antonio&hellip;\t\t\t<\/div>\n\t\t\t<\/div><\/article><\/div><div class=\"obfx-grid-wrapper\"><article class=\"obfx-grid-col\"><div class=\"obfx-grid-col-image\" style=\"\"><a href=\"https:\/\/www.upo.es\/investiga\/atlanrex\/2026\/04\/14\/curso-america-latina-en-la-temprana-globalizacion\/\" title=\"CURSO Am\u00e9rica Latina en la temprana globalizaci\u00f3n\"><img loading=\"lazy\" decoding=\"async\" width=\"500\" height=\"151\" src=\"https:\/\/www.upo.es\/investiga\/atlanrex\/wp-content\/uploads\/2026\/04\/imagenservlet54c18f1654c6c_500w.jpg\" class=\"img-responsive wp-post-image\" alt=\"imagenservlet54c18f1654c6c_500w\" srcset=\"https:\/\/www.upo.es\/investiga\/atlanrex\/wp-content\/uploads\/2026\/04\/imagenservlet54c18f1654c6c_500w.jpg 500w, https:\/\/www.upo.es\/investiga\/atlanrex\/wp-content\/uploads\/2026\/04\/imagenservlet54c18f1654c6c_500w-300x91.jpg 300w\" sizes=\"(max-width: 500px) 100vw, 500px\" \/><\/a><\/div><div class=\"obfx-grid-col-content\">\t\t\t<h2 class=\"entry-title obfx-grid-title\">\n\t\t\t\t\t\t\t<a href=\"https:\/\/www.upo.es\/investiga\/atlanrex\/2026\/04\/14\/curso-america-latina-en-la-temprana-globalizacion\/\" title=\"CURSO Am\u00e9rica Latina en la temprana globalizaci\u00f3n\">\n\t\t\t\t\tCURSO Am\u00e9rica Latina en la temprana globalizaci\u00f3n\t\t\t\t<\/a>\n\t\t\t\t\t\t\t<\/h2>\n\t\t\t\t\t\t\t<div class=\"entry-meta obfx-grid-meta\">\n\n\t\t\t\t\t\t\t\t\t\t\t\t\t<span class=\"obfx-grid-author\">\n\t\t\t\t\t\t\t\t\t<i class=\"fas fa-user\"><\/i>rexpublica\t\t\t\t\t\t\t\t<\/span>\n\t\t\t\t\t\t\t\t\t\t\t\t\t\t\t\t<span class=\"obfx-grid-date\">\n\t\t\t\t\t\t\t\t\t<i class=\"fas fa-calendar\"><\/i>14 abril, 2026\t\t\t\t\t\t\t\t<\/span>\n\t\t\t\t\t\t\t\t\n\t\t\t\t<\/div>\n\t\t\t\t\t\t\t<div class=\"entry-content obfx-grid-content\">\n\t\t\t\tComo parte del curso de Doctorado \u00abAm\u00e9rica Latina en la temprana globalizaci\u00f3n\u00bb impartido por el Dr. Bernd Hausberger en el Centro de Estudios Hist\u00f3ricos de El Colegio de M\u00e9xico, Alberto&hellip;\t\t\t<\/div>\n\t\t\t<\/div><\/article><\/div><\/div><!-- .obfx-grid-container --><\/div><!-- .obfx-grid -->\t\t\t\t<\/div>\n\t\t\t\t<\/div>\n\t\t\t\t<div class=\"elementor-element elementor-element-c976b29 elementor-widget elementor-widget-heading\" data-id=\"c976b29\" data-element_type=\"widget\" data-e-type=\"widget\" data-widget_type=\"heading.default\">\n\t\t\t\t<div class=\"elementor-widget-container\">\n\t\t\t\t\t<h2 class=\"elementor-heading-title elementor-size-default\">ATLANREX<\/h2>\t\t\t\t<\/div>\n\t\t\t\t<\/div>\n\t\t\t\t<div class=\"elementor-element elementor-element-88d5783 elementor-widget elementor-widget-heading\" data-id=\"88d5783\" data-element_type=\"widget\" data-e-type=\"widget\" data-widget_type=\"heading.default\">\n\t\t\t\t<div class=\"elementor-widget-container\">\n\t\t\t\t\t<h2 class=\"elementor-heading-title elementor-size-default\">Bolet\u00edn de noticias y actividades<\/h2>\t\t\t\t<\/div>\n\t\t\t\t<\/div>\n\t\t\t\t<div class=\"elementor-element elementor-element-54f91948 elementor-widget-divider--view-line elementor-widget elementor-widget-divider\" data-id=\"54f91948\" data-element_type=\"widget\" data-e-type=\"widget\" data-widget_type=\"divider.default\">\n\t\t\t\t<div class=\"elementor-widget-container\">\n\t\t\t\t\t\t\t<div class=\"elementor-divider\">\n\t\t\t<span class=\"elementor-divider-separator\">\n\t\t\t\t\t\t<\/span>\n\t\t<\/div>\n\t\t\t\t\t\t<\/div>\n\t\t\t\t<\/div>\n\t\t\t\t<div class=\"elementor-element elementor-element-2b1dca45 elementor-tablet-align-center elementor-align-center elementor-button-warning elementor-widget elementor-widget-button\" data-id=\"2b1dca45\" data-element_type=\"widget\" data-e-type=\"widget\" data-widget_type=\"button.default\">\n\t\t\t\t<div class=\"elementor-widget-container\">\n\t\t\t\t\t\t\t\t\t<div class=\"elementor-button-wrapper\">\n\t\t\t\t\t<a class=\"elementor-button elementor-button-link elementor-size-lg\" href=\"https:\/\/www.upo.es\/investiga\/atlanrex\/formulario-de-suscripcion-boletin\/\">\n\t\t\t\t\t\t<span class=\"elementor-button-content-wrapper\">\n\t\t\t\t\t\t<span class=\"elementor-button-icon\">\n\t\t\t\t<i aria-hidden=\"true\" class=\"far fa-hand-point-down\"><\/i>\t\t\t<\/span>\n\t\t\t\t\t\t\t\t\t<span class=\"elementor-button-text\">\u00a1Suscr\u00edbete!<\/span>\n\t\t\t\t\t<\/span>\n\t\t\t\t\t<\/a>\n\t\t\t\t<\/div>\n\t\t\t\t\t\t\t\t<\/div>\n\t\t\t\t<\/div>\n\t\t\t\t\t<\/div>\n\t\t<\/div>\n\t\t\t\t\t<\/div>\n\t\t<\/section>\n\t\t\t\t<\/div>\n\t\t","protected":false},"excerpt":{"rendered":"<p>ATLANREX Una monarqu\u00eda polic\u00e9ntrica de rep\u00fablicas urbanas ante la rivalidad europea en el Atl\u00e1ntico ib\u00e9rico (1640-1713) (PID2022-14501NB-I00) Publicaciones recientes y pr\u00f3ximas actividades CICLO DE CONFERENCIAS \u00abEuropa, el mundo mediterr\u00e1neo y su difusi\u00f3n atl\u00e1ntica\u00bb rexpublica 22 enero, 2025 Nos complace anunciar el comienzo de la nueva edici\u00f3n de 2025 del Ciclo [&hellip;]<\/p>\n","protected":false},"author":1,"featured_media":6515,"parent":0,"menu_order":0,"comment_status":"closed","ping_status":"closed","template":"page-templates\/template-pagebuilder-full-width.php","meta":{"_themeisle_gutenberg_block_has_review":false,"footnotes":""},"class_list":["post-4699","page","type-page","status-publish","has-post-thumbnail","hentry"],"_links":{"self":[{"href":"https:\/\/www.upo.es\/investiga\/atlanrex\/wp-json\/wp\/v2\/pages\/4699","targetHints":{"allow":["GET"]}}],"collection":[{"href":"https:\/\/www.upo.es\/investiga\/atlanrex\/wp-json\/wp\/v2\/pages"}],"about":[{"href":"https:\/\/www.upo.es\/investiga\/atlanrex\/wp-json\/wp\/v2\/types\/page"}],"author":[{"embeddable":true,"href":"https:\/\/www.upo.es\/investiga\/atlanrex\/wp-json\/wp\/v2\/users\/1"}],"replies":[{"embeddable":true,"href":"https:\/\/www.upo.es\/investiga\/atlanrex\/wp-json\/wp\/v2\/comments?post=4699"}],"version-history":[{"count":79,"href":"https:\/\/www.upo.es\/investiga\/atlanrex\/wp-json\/wp\/v2\/pages\/4699\/revisions"}],"predecessor-version":[{"id":7543,"href":"https:\/\/www.upo.es\/investiga\/atlanrex\/wp-json\/wp\/v2\/pages\/4699\/revisions\/7543"}],"wp:featuredmedia":[{"embeddable":true,"href":"https:\/\/www.upo.es\/investiga\/atlanrex\/wp-json\/wp\/v2\/media\/6515"}],"wp:attachment":[{"href":"https:\/\/www.upo.es\/investiga\/atlanrex\/wp-json\/wp\/v2\/media?parent=4699"}],"curies":[{"name":"wp","href":"https:\/\/api.w.org\/{rel}","templated":true}]}}