{"id":5049,"date":"2020-02-25T13:10:09","date_gmt":"2020-02-25T12:10:09","guid":{"rendered":"https:\/\/www.upo.es\/investiga\/atlanrex\/?page_id=5049"},"modified":"2023-04-28T09:41:27","modified_gmt":"2023-04-28T07:41:27","slug":"multimedia","status":"publish","type":"page","link":"https:\/\/www.upo.es\/investiga\/atlanrex\/multimedia\/","title":{"rendered":"Multimedia"},"content":{"rendered":"\t\t<div data-elementor-type=\"wp-page\" data-elementor-id=\"5049\" class=\"elementor elementor-5049\">\n\t\t\t\t\t\t<section class=\"elementor-section elementor-top-section elementor-element elementor-element-ad262c5 elementor-section-content-middle elementor-section-boxed elementor-section-height-default elementor-section-height-default\" data-id=\"ad262c5\" data-element_type=\"section\" data-e-type=\"section\" data-settings=\"{&quot;background_background&quot;:&quot;classic&quot;}\">\n\t\t\t\t\t\t<div class=\"elementor-container elementor-column-gap-no\">\n\t\t\t\t\t<div class=\"elementor-column elementor-col-100 elementor-top-column elementor-element elementor-element-6c75e16\" data-id=\"6c75e16\" data-element_type=\"column\" data-e-type=\"column\">\n\t\t\t<div class=\"elementor-widget-wrap elementor-element-populated\">\n\t\t\t\t\t\t<div class=\"elementor-element elementor-element-fd9c147 elementor-widget elementor-widget-heading\" data-id=\"fd9c147\" data-element_type=\"widget\" data-e-type=\"widget\" data-widget_type=\"heading.default\">\n\t\t\t\t<div class=\"elementor-widget-container\">\n\t\t\t\t\t<h3 class=\"elementor-heading-title elementor-size-default\">REXPUBLICA<\/h3>\t\t\t\t<\/div>\n\t\t\t\t<\/div>\n\t\t\t\t<div class=\"elementor-element elementor-element-04bd892 elementor-widget elementor-widget-text-editor\" data-id=\"04bd892\" data-element_type=\"widget\" data-e-type=\"widget\" data-widget_type=\"text-editor.default\">\n\t\t\t\t<div class=\"elementor-widget-container\">\n\t\t\t\t\t\t\t\t\t<p>Transferencia<\/p>\t\t\t\t\t\t\t\t<\/div>\n\t\t\t\t<\/div>\n\t\t\t\t\t<\/div>\n\t\t<\/div>\n\t\t\t\t\t<\/div>\n\t\t<\/section>\n\t\t\t\t<section class=\"elementor-section elementor-top-section elementor-element elementor-element-309e37f elementor-section-boxed elementor-section-height-default elementor-section-height-default\" data-id=\"309e37f\" data-element_type=\"section\" data-e-type=\"section\">\n\t\t\t\t\t\t<div class=\"elementor-container elementor-column-gap-default\">\n\t\t\t\t\t<div class=\"elementor-column elementor-col-50 elementor-top-column elementor-element elementor-element-792bacf\" data-id=\"792bacf\" data-element_type=\"column\" data-e-type=\"column\">\n\t\t\t<div class=\"elementor-widget-wrap elementor-element-populated\">\n\t\t\t\t\t\t<div class=\"elementor-element elementor-element-2d6f00c elementor-widget elementor-widget-text-editor\" data-id=\"2d6f00c\" data-element_type=\"widget\" data-e-type=\"widget\" data-widget_type=\"text-editor.default\">\n\t\t\t\t<div class=\"elementor-widget-container\">\n\t\t\t\t\t\t\t\t\t<p>Multimedia<\/p>\t\t\t\t\t\t\t\t<\/div>\n\t\t\t\t<\/div>\n\t\t\t\t\t<\/div>\n\t\t<\/div>\n\t\t\t\t<div class=\"elementor-column elementor-col-50 elementor-top-column elementor-element elementor-element-96a37b8\" data-id=\"96a37b8\" data-element_type=\"column\" data-e-type=\"column\" data-settings=\"{&quot;background_background&quot;:&quot;classic&quot;}\">\n\t\t\t<div class=\"elementor-widget-wrap elementor-element-populated\">\n\t\t\t\t\t\t\t<\/div>\n\t\t<\/div>\n\t\t\t\t\t<\/div>\n\t\t<\/section>\n\t\t\t\t<section class=\"elementor-section elementor-top-section elementor-element elementor-element-21283ef elementor-section-boxed elementor-section-height-default elementor-section-height-default\" data-id=\"21283ef\" data-element_type=\"section\" data-e-type=\"section\" data-settings=\"{&quot;background_background&quot;:&quot;classic&quot;}\">\n\t\t\t\t\t\t<div class=\"elementor-container elementor-column-gap-default\">\n\t\t\t\t\t<div class=\"elementor-column elementor-col-100 elementor-top-column elementor-element elementor-element-3454090\" data-id=\"3454090\" data-element_type=\"column\" data-e-type=\"column\">\n\t\t\t<div class=\"elementor-widget-wrap elementor-element-populated\">\n\t\t\t\t\t\t<div class=\"elementor-element elementor-element-1aa9fa3 elementor-widget-divider--view-line elementor-widget elementor-widget-divider\" data-id=\"1aa9fa3\" data-element_type=\"widget\" data-e-type=\"widget\" data-widget_type=\"divider.default\">\n\t\t\t\t<div class=\"elementor-widget-container\">\n\t\t\t\t\t\t\t<div class=\"elementor-divider\">\n\t\t\t<span class=\"elementor-divider-separator\">\n\t\t\t\t\t\t<\/span>\n\t\t<\/div>\n\t\t\t\t\t\t<\/div>\n\t\t\t\t<\/div>\n\t\t\t\t<div class=\"elementor-element elementor-element-6804928 elementor-widget elementor-widget-text-editor\" data-id=\"6804928\" data-element_type=\"widget\" data-e-type=\"widget\" data-widget_type=\"text-editor.default\">\n\t\t\t\t<div class=\"elementor-widget-container\">\n\t\t\t\t\t\t\t\t\t<p style=\"text-align: left;\">V\u00eddeos\u00a0<\/p>\t\t\t\t\t\t\t\t<\/div>\n\t\t\t\t<\/div>\n\t\t\t\t<div class=\"elementor-element elementor-element-c3c6f3e elementor-widget-divider--view-line elementor-widget elementor-widget-divider\" data-id=\"c3c6f3e\" data-element_type=\"widget\" data-e-type=\"widget\" data-widget_type=\"divider.default\">\n\t\t\t\t<div class=\"elementor-widget-container\">\n\t\t\t\t\t\t\t<div class=\"elementor-divider\">\n\t\t\t<span class=\"elementor-divider-separator\">\n\t\t\t\t\t\t<\/span>\n\t\t<\/div>\n\t\t\t\t\t\t<\/div>\n\t\t\t\t<\/div>\n\t\t\t\t\t<\/div>\n\t\t<\/div>\n\t\t\t\t\t<\/div>\n\t\t<\/section>\n\t\t\t\t<section class=\"elementor-section elementor-top-section elementor-element elementor-element-290ce1e elementor-section-boxed elementor-section-height-default elementor-section-height-default\" data-id=\"290ce1e\" data-element_type=\"section\" data-e-type=\"section\" data-settings=\"{&quot;background_background&quot;:&quot;classic&quot;}\">\n\t\t\t\t\t\t<div class=\"elementor-container elementor-column-gap-default\">\n\t\t\t\t\t<div class=\"elementor-column elementor-col-50 elementor-top-column elementor-element elementor-element-b7c1087\" data-id=\"b7c1087\" data-element_type=\"column\" data-e-type=\"column\">\n\t\t\t<div class=\"elementor-widget-wrap elementor-element-populated\">\n\t\t\t\t\t\t<div class=\"elementor-element elementor-element-5b79a30 elementor-widget elementor-widget-video\" data-id=\"5b79a30\" data-element_type=\"widget\" data-e-type=\"widget\" data-settings=\"{&quot;youtube_url&quot;:&quot;https:\\\/\\\/www.youtube.com\\\/watch?v=SH9tXLRzavE&quot;,&quot;video_type&quot;:&quot;youtube&quot;,&quot;controls&quot;:&quot;yes&quot;}\" data-widget_type=\"video.default\">\n\t\t\t\t<div class=\"elementor-widget-container\">\n\t\t\t\t\t\t\t<div class=\"elementor-wrapper elementor-open-inline\">\n\t\t\t<div class=\"elementor-video\"><\/div>\t\t<\/div>\n\t\t\t\t\t\t<\/div>\n\t\t\t\t<\/div>\n\t\t\t\t<div class=\"elementor-element elementor-element-2473ae0 elementor-widget elementor-widget-text-editor\" data-id=\"2473ae0\" data-element_type=\"widget\" data-e-type=\"widget\" data-widget_type=\"text-editor.default\">\n\t\t\t\t<div class=\"elementor-widget-container\">\n\t\t\t\t\t\t\t\t\t<h1><yt-formatted-string force-default-style=\"\">Monarqu\u00eda espa\u00f1ola y Provincias Unidas \u00bfALIADOS? Conferencia de&nbsp;<\/yt-formatted-string>Manuel Herrero para hablar sobre las relaciones hispano-neerlandesas tras la paz de Munster. Dos potencias enfrentadas durante 80 a\u00f1os \u00bfpueden convertirse en aliados?<\/h1>\t\t\t\t\t\t\t\t<\/div>\n\t\t\t\t<\/div>\n\t\t\t\t\t<\/div>\n\t\t<\/div>\n\t\t\t\t<div class=\"elementor-column elementor-col-50 elementor-top-column elementor-element elementor-element-3b76ac5\" data-id=\"3b76ac5\" data-element_type=\"column\" data-e-type=\"column\">\n\t\t\t<div class=\"elementor-widget-wrap elementor-element-populated\">\n\t\t\t\t\t\t<div class=\"elementor-element elementor-element-847ba13 elementor-widget elementor-widget-video\" data-id=\"847ba13\" data-element_type=\"widget\" data-e-type=\"widget\" data-settings=\"{&quot;youtube_url&quot;:&quot;https:\\\/\\\/www.youtube.com\\\/watch?v=HLke-McM1f4&quot;,&quot;video_type&quot;:&quot;youtube&quot;,&quot;controls&quot;:&quot;yes&quot;}\" data-widget_type=\"video.default\">\n\t\t\t\t<div class=\"elementor-widget-container\">\n\t\t\t\t\t\t\t<div class=\"elementor-wrapper elementor-open-inline\">\n\t\t\t<div class=\"elementor-video\"><\/div>\t\t<\/div>\n\t\t\t\t\t\t<\/div>\n\t\t\t\t<\/div>\n\t\t\t\t<div class=\"elementor-element elementor-element-2e93232 elementor-widget elementor-widget-text-editor\" data-id=\"2e93232\" data-element_type=\"widget\" data-e-type=\"widget\" data-widget_type=\"text-editor.default\">\n\t\t\t\t<div class=\"elementor-widget-container\">\n\t\t\t\t\t\t\t\t\t<div id=\"info-container\" class=\"style-scope ytd-watch-metadata\"><yt-formatted-string id=\"info\" class=\"style-scope ytd-watch-metadata\"><a class=\"yt-simple-endpoint style-scope yt-formatted-string bold\" spellcheck=\"false\" href=\"https:\/\/www.youtube.com\/playlist?list=PLYYhQnk5bSn9Okj9Qm6adJEe6huWSv2P5\" dir=\"auto\" style-target=\"bold\">Seminario de Historia Moderna \u00abReinventando un reinado. Nuevas propuestas y discursos historiogr\u00e1ficos sobre Carlos II y su \u00e9poca\u00bb<\/a><\/yt-formatted-string><\/div><p><tp-yt-paper-tooltip for=\"info\" class=\"style-scope ytd-watch-metadata\" role=\"tooltip\" tabindex=\"-1\"><\/tp-yt-paper-tooltip><ytd-text-inline-expander id=\"description-inline-expander\" always-show-expand-button=\"\" max-lines=\"3\" class=\"style-scope ytd-watch-metadata\" is-expanded=\"\"><yt-attributed-string class=\"style-scope ytd-text-inline-expander\"><span class=\"yt-core-attributed-string yt-core-attributed-string--white-space-pre-wrap\" role=\"text\">T\u00edtulo completo: \u00abEntre la resiliencia y la disgregaci\u00f3n: la estructura imperial hisp\u00e1nica en el escenario internacional durante el reinado de Carlos II\u00bb Ponencia plenaria impartida por Manuel Herrero S\u00e1nchez (Universidad Pablo de Olavide) en el Seminario de Historia Moderna \u00abReinventando un reinado. Nuevas propuestas y discursos historiogr\u00e1ficos sobre Carlos II y su \u00e9poca\u00bb. Organizado por el IEHM y celebrado en la Universitat de les Illes Balears los d\u00edas 23 &#8211; 24 de febrero de 2023. Esta actividad forma parte del Proyecto I+D+i \u00abNovatores en el p\u00falpito. La oratoria sagrada castellana ante la crisis din\u00e1stica y el cambio de paradigma cultural (1665-1733)\u00bb (PID2020-117974GB-I00) financiado por el Ministerio de Ciencia e Innovaci\u00f3n<\/span><\/yt-attributed-string><\/ytd-text-inline-expander><\/p>\t\t\t\t\t\t\t\t<\/div>\n\t\t\t\t<\/div>\n\t\t\t\t\t<\/div>\n\t\t<\/div>\n\t\t\t\t\t<\/div>\n\t\t<\/section>\n\t\t\t\t<section class=\"elementor-section elementor-top-section elementor-element elementor-element-b07e7fc elementor-section-boxed elementor-section-height-default elementor-section-height-default\" data-id=\"b07e7fc\" data-element_type=\"section\" data-e-type=\"section\">\n\t\t\t\t\t\t<div class=\"elementor-container elementor-column-gap-default\">\n\t\t\t\t\t<div class=\"elementor-column elementor-col-50 elementor-top-column elementor-element elementor-element-c99217c\" data-id=\"c99217c\" data-element_type=\"column\" data-e-type=\"column\">\n\t\t\t<div class=\"elementor-widget-wrap elementor-element-populated\">\n\t\t\t\t\t\t<div class=\"elementor-element elementor-element-970c218 elementor-widget elementor-widget-video\" data-id=\"970c218\" data-element_type=\"widget\" data-e-type=\"widget\" data-settings=\"{&quot;youtube_url&quot;:&quot;https:\\\/\\\/www.youtube.com\\\/watch?v=ZyAUUn1CwYI&quot;,&quot;video_type&quot;:&quot;youtube&quot;,&quot;controls&quot;:&quot;yes&quot;}\" data-widget_type=\"video.default\">\n\t\t\t\t<div class=\"elementor-widget-container\">\n\t\t\t\t\t\t\t<div class=\"elementor-wrapper elementor-open-inline\">\n\t\t\t<div class=\"elementor-video\"><\/div>\t\t<\/div>\n\t\t\t\t\t\t<\/div>\n\t\t\t\t<\/div>\n\t\t\t\t<div class=\"elementor-element elementor-element-035336b elementor-widget elementor-widget-text-editor\" data-id=\"035336b\" data-element_type=\"widget\" data-e-type=\"widget\" data-widget_type=\"text-editor.default\">\n\t\t\t\t<div class=\"elementor-widget-container\">\n\t\t\t\t\t\t\t\t\t<h1 class=\"style-scope ytd-watch-metadata\"><yt-formatted-string force-default-style=\"\" class=\"style-scope ytd-watch-metadata\">Macrohistoria invita: Manuel Herrero y Jonatan Orozco | La monarqu\u00eda imperial polic\u00e9ntrica de rep\u00fablicas urbanas<\/yt-formatted-string><\/h1>\t\t\t\t\t\t\t\t<\/div>\n\t\t\t\t<\/div>\n\t\t\t\t\t<\/div>\n\t\t<\/div>\n\t\t\t\t<div class=\"elementor-column elementor-col-50 elementor-top-column elementor-element elementor-element-d57e2df\" data-id=\"d57e2df\" data-element_type=\"column\" data-e-type=\"column\">\n\t\t\t<div class=\"elementor-widget-wrap elementor-element-populated\">\n\t\t\t\t\t\t<div class=\"elementor-element elementor-element-998efec elementor-widget elementor-widget-video\" data-id=\"998efec\" data-element_type=\"widget\" data-e-type=\"widget\" data-settings=\"{&quot;youtube_url&quot;:&quot;https:\\\/\\\/www.youtube.com\\\/watch?v=H1NosXj_RU0&amp;t=364s&quot;,&quot;video_type&quot;:&quot;youtube&quot;,&quot;controls&quot;:&quot;yes&quot;}\" data-widget_type=\"video.default\">\n\t\t\t\t<div class=\"elementor-widget-container\">\n\t\t\t\t\t\t\t<div class=\"elementor-wrapper elementor-open-inline\">\n\t\t\t<div class=\"elementor-video\"><\/div>\t\t<\/div>\n\t\t\t\t\t\t<\/div>\n\t\t\t\t<\/div>\n\t\t\t\t<div class=\"elementor-element elementor-element-cc21130 elementor-widget elementor-widget-text-editor\" data-id=\"cc21130\" data-element_type=\"widget\" data-e-type=\"widget\" data-widget_type=\"text-editor.default\">\n\t\t\t\t<div class=\"elementor-widget-container\">\n\t\t\t\t\t\t\t\t\t<p>Conferencia de Alberto Jos\u00e9 Campillo Pardo &lt;&lt;El Archivo Hist\u00f3rico de la Universidad del Rosario: una fuente desconocida para la historia colonial neogranadina&gt;&gt;, en el marco del 9o Ciclo de Conferencias sobre Manuscritos e Impresos antiguos, organizado por el Instituto de Investigaciones Bibliotecol\u00f3gicas (IIBI), de la Universidad Aut\u00f3noma de M\u00e9xico.<\/p>\t\t\t\t\t\t\t\t<\/div>\n\t\t\t\t<\/div>\n\t\t\t\t\t<\/div>\n\t\t<\/div>\n\t\t\t\t\t<\/div>\n\t\t<\/section>\n\t\t\t\t<section class=\"elementor-section elementor-top-section elementor-element elementor-element-4beefb3 elementor-section-boxed elementor-section-height-default elementor-section-height-default\" data-id=\"4beefb3\" data-element_type=\"section\" data-e-type=\"section\" data-settings=\"{&quot;background_background&quot;:&quot;classic&quot;}\">\n\t\t\t\t\t\t<div class=\"elementor-container elementor-column-gap-default\">\n\t\t\t\t\t<div class=\"elementor-column elementor-col-50 elementor-top-column elementor-element elementor-element-d52eee7\" data-id=\"d52eee7\" data-element_type=\"column\" data-e-type=\"column\">\n\t\t\t<div class=\"elementor-widget-wrap elementor-element-populated\">\n\t\t\t\t\t\t<div class=\"elementor-element elementor-element-8da3852 elementor-widget elementor-widget-html\" data-id=\"8da3852\" data-element_type=\"widget\" data-e-type=\"widget\" data-widget_type=\"html.default\">\n\t\t\t\t<div class=\"elementor-widget-container\">\n\t\t\t\t\t<iframe src='https:\/\/upotv.upo.es\/iframe\/magic\/sjy2ikj0nxcg8kg8c4gko4kook8cgwg' id='pumukitiframe' frameborder='0' border='0' width='560' height='315' allowfullscreen><\/iframe>\r\n\t\t\t\t<\/div>\n\t\t\t\t<\/div>\n\t\t\t\t<div class=\"elementor-element elementor-element-93f0c79 elementor-widget elementor-widget-text-editor\" data-id=\"93f0c79\" data-element_type=\"widget\" data-e-type=\"widget\" data-widget_type=\"text-editor.default\">\n\t\t\t\t<div class=\"elementor-widget-container\">\n\t\t\t\t\t\t\t\t\t<div class=\"mmobj-title\" style=\"color: #333333;\" helvetica=\"\" neue=\"\" arial=\"\" sans-serif=\"\" font-size:=\"\" 14px=\"\" font-weight:=\"\" 400=\"\" background-color:=\"\" rgb=\"\" 255=\"\"><h1 style=\"font-family: inherit; font-weight: bold; line-height: 1.1; font-size: 1.2em;\">Parte I<\/h1><\/div><p class=\"description\" style=\"color: #333333;\" helvetica=\"\" neue=\"\" arial=\"\" sans-serif=\"\" font-size:=\"\" 14px=\"\" font-weight:=\"\" 400=\"\" background-color:=\"\" rgb=\"\" 255=\"\">Congreso Desastres en la Am\u00e9rica colonial Hisp\u00e1nica. Redes, circulaci\u00f3n de la informaci\u00f3n y memoria (siglos XVI-XVIII), realizado el 13 de septiembre de 2021, en la Universidad Pablo de Olavide. El congreso fue organizado por los doctores Manuel Herrero S\u00e1nchez y Domini Cecere, P.I.s de los proyectos Rexpublica y DisComPoSE.<\/p>\t\t\t\t\t\t\t\t<\/div>\n\t\t\t\t<\/div>\n\t\t\t\t\t<\/div>\n\t\t<\/div>\n\t\t\t\t<div class=\"elementor-column elementor-col-50 elementor-top-column elementor-element elementor-element-571bf41\" data-id=\"571bf41\" data-element_type=\"column\" data-e-type=\"column\">\n\t\t\t<div class=\"elementor-widget-wrap elementor-element-populated\">\n\t\t\t\t\t\t<div class=\"elementor-element elementor-element-cfa2945 elementor-widget elementor-widget-html\" data-id=\"cfa2945\" data-element_type=\"widget\" data-e-type=\"widget\" data-widget_type=\"html.default\">\n\t\t\t\t<div class=\"elementor-widget-container\">\n\t\t\t\t\t<iframe src='https:\/\/upotv.upo.es\/iframe\/magic\/9etx58fuqkw8wc0wc4sk8k8kk4kkk0w' id='pumukitiframe' frameborder='0' border='0' width='560' height='315' allowfullscreen><\/iframe>\r\n\t\t\t\t<\/div>\n\t\t\t\t<\/div>\n\t\t\t\t<div class=\"elementor-element elementor-element-ddfda08 elementor-widget elementor-widget-text-editor\" data-id=\"ddfda08\" data-element_type=\"widget\" data-e-type=\"widget\" data-widget_type=\"text-editor.default\">\n\t\t\t\t<div class=\"elementor-widget-container\">\n\t\t\t\t\t\t\t\t\t<div class=\"mmobj-title\" style=\"color: #333333;\" helvetica=\"\" neue=\"\" arial=\"\" sans-serif=\"\" font-size:=\"\" 14px=\"\" font-weight:=\"\" 400=\"\" background-color:=\"\" rgb=\"\" 255=\"\"><h1 style=\"font-family: inherit; font-weight: bold; line-height: 1.1; font-size: 1.2em;\">Parte II<\/h1><\/div><p class=\"description\" style=\"color: #333333;\" helvetica=\"\" neue=\"\" arial=\"\" sans-serif=\"\" font-size:=\"\" 14px=\"\" font-weight:=\"\" 400=\"\" background-color:=\"\" rgb=\"\" 255=\"\">Congreso Desastres en la Am\u00e9rica colonial Hisp\u00e1nica. Redes, circulaci\u00f3n de la informaci\u00f3n y memoria (siglos XVI-XVIII), realizado el 13 de septiembre de 2021, en la Universidad Pablo de Olavide. El congreso fue organizado por los doctores Manuel Herrero S\u00e1nchez y Domini Cecere, P.I.s de los proyectos Rexpublica y DisComPoSE.<\/p>\t\t\t\t\t\t\t\t<\/div>\n\t\t\t\t<\/div>\n\t\t\t\t\t<\/div>\n\t\t<\/div>\n\t\t\t\t\t<\/div>\n\t\t<\/section>\n\t\t\t\t<section class=\"elementor-section elementor-top-section elementor-element elementor-element-09b4634 elementor-section-boxed elementor-section-height-default elementor-section-height-default\" data-id=\"09b4634\" data-element_type=\"section\" data-e-type=\"section\" data-settings=\"{&quot;background_background&quot;:&quot;classic&quot;}\">\n\t\t\t\t\t\t<div class=\"elementor-container elementor-column-gap-default\">\n\t\t\t\t\t<div class=\"elementor-column elementor-col-50 elementor-top-column elementor-element elementor-element-067a0e7\" data-id=\"067a0e7\" data-element_type=\"column\" data-e-type=\"column\">\n\t\t\t<div class=\"elementor-widget-wrap elementor-element-populated\">\n\t\t\t\t\t\t<div class=\"elementor-element elementor-element-c0716d8 elementor-widget elementor-widget-video\" data-id=\"c0716d8\" data-element_type=\"widget\" data-e-type=\"widget\" data-settings=\"{&quot;youtube_url&quot;:&quot;https:\\\/\\\/www.youtube.com\\\/watch?v=-LOwn50ASRY&amp;ab_channel=C%C3%A1tedraJaimeCortes%C3%A3o&quot;,&quot;video_type&quot;:&quot;youtube&quot;,&quot;controls&quot;:&quot;yes&quot;}\" data-widget_type=\"video.default\">\n\t\t\t\t<div class=\"elementor-widget-container\">\n\t\t\t\t\t\t\t<div class=\"elementor-wrapper elementor-open-inline\">\n\t\t\t<div class=\"elementor-video\"><\/div>\t\t<\/div>\n\t\t\t\t\t\t<\/div>\n\t\t\t\t<\/div>\n\t\t\t\t<div class=\"elementor-element elementor-element-12b05ba elementor-widget elementor-widget-text-editor\" data-id=\"12b05ba\" data-element_type=\"widget\" data-e-type=\"widget\" data-widget_type=\"text-editor.default\">\n\t\t\t\t<div class=\"elementor-widget-container\">\n\t\t\t\t\t\t\t\t\t<p>Conferencia [13\/04\/2021] de Pedro Cardim \u00ab<span>De conquistas a prov\u00edncias, de col\u00f3nias a reinos. A condi\u00e7\u00e3o pol\u00edtica dos territ\u00f3rios extra-europeus das duas monarquias ib\u00e9ricas, e o problema da sua representa\u00e7\u00e3o nas Cortes (s\u00e9cs. XVI-XIX)\u00bb en el marco del <em>1er Col\u00f3quio Internacional Cultura Pol\u00edtica e Artes de Governar. S\u00e9culos XVI-XVIII.<\/em><\/span><\/p>\t\t\t\t\t\t\t\t<\/div>\n\t\t\t\t<\/div>\n\t\t\t\t\t<\/div>\n\t\t<\/div>\n\t\t\t\t<div class=\"elementor-column elementor-col-50 elementor-top-column elementor-element elementor-element-6fdc5cb\" data-id=\"6fdc5cb\" data-element_type=\"column\" data-e-type=\"column\">\n\t\t\t<div class=\"elementor-widget-wrap elementor-element-populated\">\n\t\t\t\t\t\t<div class=\"elementor-element elementor-element-a313397 elementor-widget elementor-widget-video\" data-id=\"a313397\" data-element_type=\"widget\" data-e-type=\"widget\" data-settings=\"{&quot;youtube_url&quot;:&quot;https:\\\/\\\/www.youtube.com\\\/watch?v=d8cd08GN6Hk&quot;,&quot;video_type&quot;:&quot;youtube&quot;,&quot;controls&quot;:&quot;yes&quot;}\" data-widget_type=\"video.default\">\n\t\t\t\t<div class=\"elementor-widget-container\">\n\t\t\t\t\t\t\t<div class=\"elementor-wrapper elementor-open-inline\">\n\t\t\t<div class=\"elementor-video\"><\/div>\t\t<\/div>\n\t\t\t\t\t\t<\/div>\n\t\t\t\t<\/div>\n\t\t\t\t<div class=\"elementor-element elementor-element-563b533 elementor-widget elementor-widget-text-editor\" data-id=\"563b533\" data-element_type=\"widget\" data-e-type=\"widget\" data-widget_type=\"text-editor.default\">\n\t\t\t\t<div class=\"elementor-widget-container\">\n\t\t\t\t\t\t\t\t\t<p><span>Entrevista [30\/10\/2020] a Gibr\u00e1n Bautista y Lugo sobre \u201cLa Monarqu\u00eda Hisp\u00e1nica en la Puebla de los \u00c1ngeles: pensar el patrimonio hist\u00f3rico desde lo local y lo global\u201d en el programa Historias, paisajes e imaginarios. Di\u00e1logos y reflexiones sobre el patrimonio cultural de la ciudad de Puebla, conducido por Jonatan Moncayo Ram\u00edrez. Gerencia del Centro Hist\u00f3rico de Puebla de los \u00c1ngeles.<\/span><\/p>\t\t\t\t\t\t\t\t<\/div>\n\t\t\t\t<\/div>\n\t\t\t\t\t<\/div>\n\t\t<\/div>\n\t\t\t\t\t<\/div>\n\t\t<\/section>\n\t\t\t\t<section class=\"elementor-section elementor-top-section elementor-element elementor-element-7b90da6 elementor-section-boxed elementor-section-height-default elementor-section-height-default\" data-id=\"7b90da6\" data-element_type=\"section\" data-e-type=\"section\" data-settings=\"{&quot;background_background&quot;:&quot;classic&quot;}\">\n\t\t\t\t\t\t<div class=\"elementor-container elementor-column-gap-default\">\n\t\t\t\t\t<div class=\"elementor-column elementor-col-50 elementor-top-column elementor-element elementor-element-60aba40\" data-id=\"60aba40\" data-element_type=\"column\" data-e-type=\"column\">\n\t\t\t<div class=\"elementor-widget-wrap elementor-element-populated\">\n\t\t\t\t\t\t<div class=\"elementor-element elementor-element-17c4519 elementor-widget elementor-widget-video\" data-id=\"17c4519\" data-element_type=\"widget\" data-e-type=\"widget\" data-settings=\"{&quot;youtube_url&quot;:&quot;https:\\\/\\\/www.youtube.com\\\/watch?v=el-q9bgc_5s&amp;t=4645s&amp;ab_channel=Sigillum.Estudossobrediplomacia&quot;,&quot;video_type&quot;:&quot;youtube&quot;,&quot;controls&quot;:&quot;yes&quot;}\" data-widget_type=\"video.default\">\n\t\t\t\t<div class=\"elementor-widget-container\">\n\t\t\t\t\t\t\t<div class=\"elementor-wrapper elementor-open-inline\">\n\t\t\t<div class=\"elementor-video\"><\/div>\t\t<\/div>\n\t\t\t\t\t\t<\/div>\n\t\t\t\t<\/div>\n\t\t\t\t<div class=\"elementor-element elementor-element-74b7b1f elementor-widget elementor-widget-text-editor\" data-id=\"74b7b1f\" data-element_type=\"widget\" data-e-type=\"widget\" data-widget_type=\"text-editor.default\">\n\t\t\t\t<div class=\"elementor-widget-container\">\n\t\t\t\t\t\t\t\t\t<p style=\"text-align: left;\">Conferencia de Manuel Herrero S\u00e1nchez <span>\u00a0\u00abAgentes, Redes y Conectores en espacios pol\u00edticos polic\u00e9ntricos con soberan\u00edas fragmentadas. El entramado diplom\u00e1tico de Francisco Manuel de Lira desde la embajada de Espa\u00f1a en la Haya durante la guerra de Holanda\u00bb.<\/span> en el marco del<em> I Col\u00f3quio Internacional de Hist\u00f3ria e Diplomacia (ss. XVI-XVIII)<\/em>.<\/p>\t\t\t\t\t\t\t\t<\/div>\n\t\t\t\t<\/div>\n\t\t\t\t\t<\/div>\n\t\t<\/div>\n\t\t\t\t<div class=\"elementor-column elementor-col-50 elementor-top-column elementor-element elementor-element-9d5847c\" data-id=\"9d5847c\" data-element_type=\"column\" data-e-type=\"column\">\n\t\t\t<div class=\"elementor-widget-wrap elementor-element-populated\">\n\t\t\t\t\t\t<div class=\"elementor-element elementor-element-270cc0f elementor-widget elementor-widget-video\" data-id=\"270cc0f\" data-element_type=\"widget\" data-e-type=\"widget\" data-settings=\"{&quot;youtube_url&quot;:&quot;https:\\\/\\\/youtu.be\\\/tuCUsnd_kqg&quot;,&quot;video_type&quot;:&quot;youtube&quot;,&quot;controls&quot;:&quot;yes&quot;}\" data-widget_type=\"video.default\">\n\t\t\t\t<div class=\"elementor-widget-container\">\n\t\t\t\t\t\t\t<div class=\"elementor-wrapper elementor-open-inline\">\n\t\t\t<div class=\"elementor-video\"><\/div>\t\t<\/div>\n\t\t\t\t\t\t<\/div>\n\t\t\t\t<\/div>\n\t\t\t\t<div class=\"elementor-element elementor-element-7e2979f elementor-widget elementor-widget-text-editor\" data-id=\"7e2979f\" data-element_type=\"widget\" data-e-type=\"widget\" data-widget_type=\"text-editor.default\">\n\t\t\t\t<div class=\"elementor-widget-container\">\n\t\t\t\t\t\t\t\t\t<p style=\"text-align: left;\">Conferencia de Manuel Herrero S\u00e1nchez <span>\u00a0\u00abThe Representation of Genoa in a Monarchy of Urban Republics (1576-1684). From the Interdependence between Genoese Particulars and the Catholic Monarch to the Limits of the Model of Full Sovereignty\u00bb.<\/span> en el marco del<em> Congreso <span>Questioning Republicanism in Early Modern Genoa (1576-1684)<\/span><\/em><\/p>\t\t\t\t\t\t\t\t<\/div>\n\t\t\t\t<\/div>\n\t\t\t\t\t<\/div>\n\t\t<\/div>\n\t\t\t\t\t<\/div>\n\t\t<\/section>\n\t\t\t\t<section class=\"elementor-section elementor-top-section elementor-element elementor-element-5a7bed9 elementor-section-boxed elementor-section-height-default elementor-section-height-default\" data-id=\"5a7bed9\" data-element_type=\"section\" data-e-type=\"section\" data-settings=\"{&quot;background_background&quot;:&quot;classic&quot;}\">\n\t\t\t\t\t\t<div class=\"elementor-container elementor-column-gap-default\">\n\t\t\t\t\t<div class=\"elementor-column elementor-col-50 elementor-top-column elementor-element elementor-element-a513d51\" data-id=\"a513d51\" data-element_type=\"column\" data-e-type=\"column\">\n\t\t\t<div class=\"elementor-widget-wrap elementor-element-populated\">\n\t\t\t\t\t\t<div class=\"elementor-element elementor-element-54e00b1 elementor-widget elementor-widget-video\" data-id=\"54e00b1\" data-element_type=\"widget\" data-e-type=\"widget\" data-settings=\"{&quot;youtube_url&quot;:&quot;https:\\\/\\\/www.youtube.com\\\/watch?v=j2NyTZVsH4Q&amp;t=3814s&quot;,&quot;video_type&quot;:&quot;youtube&quot;,&quot;controls&quot;:&quot;yes&quot;}\" data-widget_type=\"video.default\">\n\t\t\t\t<div class=\"elementor-widget-container\">\n\t\t\t\t\t\t\t<div class=\"elementor-wrapper elementor-open-inline\">\n\t\t\t<div class=\"elementor-video\"><\/div>\t\t<\/div>\n\t\t\t\t\t\t<\/div>\n\t\t\t\t<\/div>\n\t\t\t\t<div class=\"elementor-element elementor-element-28e538d elementor-widget elementor-widget-text-editor\" data-id=\"28e538d\" data-element_type=\"widget\" data-e-type=\"widget\" data-widget_type=\"text-editor.default\">\n\t\t\t\t<div class=\"elementor-widget-container\">\n\t\t\t\t\t\t\t\t\t<p style=\"text-align: left;\">Conferencia de Beno\u00eet Mar\u00e9chaux <span>\u00a0\u00abContending Republicanism: Pamphlets, Liberty and Political Uses of the Past between Genoa and Venice at the Time of the Interdict (1606-1607)\u00bb.<\/span> en el marco del<em> Congreso <span>Questioning Republicanism in Early Modern Genoa (1576-1684)<\/span><\/em><\/p>\t\t\t\t\t\t\t\t<\/div>\n\t\t\t\t<\/div>\n\t\t\t\t\t<\/div>\n\t\t<\/div>\n\t\t\t\t<div class=\"elementor-column elementor-col-50 elementor-top-column elementor-element elementor-element-928e158\" data-id=\"928e158\" data-element_type=\"column\" data-e-type=\"column\">\n\t\t\t<div class=\"elementor-widget-wrap elementor-element-populated\">\n\t\t\t\t\t\t<div class=\"elementor-element elementor-element-8b32073 elementor-widget elementor-widget-video\" data-id=\"8b32073\" data-element_type=\"widget\" data-e-type=\"widget\" data-settings=\"{&quot;youtube_url&quot;:&quot;https:\\\/\\\/www.youtube.com\\\/watch?v=TNVvme9i84A&amp;ab_channel=ArchivodeLaPaz&quot;,&quot;video_type&quot;:&quot;youtube&quot;,&quot;controls&quot;:&quot;yes&quot;}\" data-widget_type=\"video.default\">\n\t\t\t\t<div class=\"elementor-widget-container\">\n\t\t\t\t\t\t\t<div class=\"elementor-wrapper elementor-open-inline\">\n\t\t\t<div class=\"elementor-video\"><\/div>\t\t<\/div>\n\t\t\t\t\t\t<\/div>\n\t\t\t\t<\/div>\n\t\t\t\t<div class=\"elementor-element elementor-element-82434ed elementor-widget elementor-widget-text-editor\" data-id=\"82434ed\" data-element_type=\"widget\" data-e-type=\"widget\" data-widget_type=\"text-editor.default\">\n\t\t\t\t<div class=\"elementor-widget-container\">\n\t\t\t\t\t\t\t\t\t<p>Conferencia Online [13\/11\/2020] de Giovanni Levi titulada \u00abMicrohistoria e Historia Global.<\/p>\t\t\t\t\t\t\t\t<\/div>\n\t\t\t\t<\/div>\n\t\t\t\t\t<\/div>\n\t\t<\/div>\n\t\t\t\t\t<\/div>\n\t\t<\/section>\n\t\t\t\t<section class=\"elementor-section elementor-top-section elementor-element elementor-element-e60ce1f elementor-section-boxed elementor-section-height-default elementor-section-height-default\" data-id=\"e60ce1f\" data-element_type=\"section\" data-e-type=\"section\" data-settings=\"{&quot;background_background&quot;:&quot;classic&quot;}\">\n\t\t\t\t\t\t<div class=\"elementor-container elementor-column-gap-default\">\n\t\t\t\t\t<div class=\"elementor-column elementor-col-50 elementor-top-column elementor-element elementor-element-5bae5fa\" data-id=\"5bae5fa\" data-element_type=\"column\" data-e-type=\"column\">\n\t\t\t<div class=\"elementor-widget-wrap elementor-element-populated\">\n\t\t\t\t\t\t<div class=\"elementor-element elementor-element-01000dd elementor-widget elementor-widget-video\" data-id=\"01000dd\" data-element_type=\"widget\" data-e-type=\"widget\" data-settings=\"{&quot;youtube_url&quot;:&quot;https:\\\/\\\/www.youtube.com\\\/watch?list=SRFiguras_de_la_mitolog%C3%ADa_griega&amp;v=bV8g3Q8CQes&amp;ab_channel=UNABTV&quot;,&quot;video_type&quot;:&quot;youtube&quot;,&quot;controls&quot;:&quot;yes&quot;}\" data-widget_type=\"video.default\">\n\t\t\t\t<div class=\"elementor-widget-container\">\n\t\t\t\t\t\t\t<div class=\"elementor-wrapper elementor-open-inline\">\n\t\t\t<div class=\"elementor-video\"><\/div>\t\t<\/div>\n\t\t\t\t\t\t<\/div>\n\t\t\t\t<\/div>\n\t\t\t\t<div class=\"elementor-element elementor-element-1c47688 elementor-widget elementor-widget-text-editor\" data-id=\"1c47688\" data-element_type=\"widget\" data-e-type=\"widget\" data-widget_type=\"text-editor.default\">\n\t\t\t\t<div class=\"elementor-widget-container\">\n\t\t\t\t\t\t\t\t\t<p>Seminario <em>Historia Pol\u00edtica y Cultural de la Globalizaci\u00f3n. Miradas y An\u00e1lisis desde el pasado.<\/em><\/p>\t\t\t\t\t\t\t\t<\/div>\n\t\t\t\t<\/div>\n\t\t\t\t\t<\/div>\n\t\t<\/div>\n\t\t\t\t<div class=\"elementor-column elementor-col-50 elementor-top-column elementor-element elementor-element-16e3ef0\" data-id=\"16e3ef0\" data-element_type=\"column\" data-e-type=\"column\">\n\t\t\t<div class=\"elementor-widget-wrap elementor-element-populated\">\n\t\t\t\t\t\t<div class=\"elementor-element elementor-element-3cd75d0 elementor-widget elementor-widget-video\" data-id=\"3cd75d0\" data-element_type=\"widget\" data-e-type=\"widget\" data-settings=\"{&quot;youtube_url&quot;:&quot;https:\\\/\\\/www.youtube.com\\\/watch?v=aopI3NOJRNg&amp;ab_channel=ProjectoRESISTANCE&quot;,&quot;video_type&quot;:&quot;youtube&quot;,&quot;controls&quot;:&quot;yes&quot;}\" data-widget_type=\"video.default\">\n\t\t\t\t<div class=\"elementor-widget-container\">\n\t\t\t\t\t\t\t<div class=\"elementor-wrapper elementor-open-inline\">\n\t\t\t<div class=\"elementor-video\"><\/div>\t\t<\/div>\n\t\t\t\t\t\t<\/div>\n\t\t\t\t<\/div>\n\t\t\t\t<div class=\"elementor-element elementor-element-0cf54e4 elementor-widget elementor-widget-text-editor\" data-id=\"0cf54e4\" data-element_type=\"widget\" data-e-type=\"widget\" data-widget_type=\"text-editor.default\">\n\t\t\t\t<div class=\"elementor-widget-container\">\n\t\t\t\t\t\t\t\t\t<p style=\"text-align: left;\">Entrevista a Tamar Herzog sobre Normatividades e Resist\u00eancia nos Imp\u00e9rios Ib\u00e9ricos<span>. Realizada en el marco de colaboraci\u00f3n con el proyecto <a href=\"http:\/\/www.resistance.uevora.pt\/\">RESISTANCE.<\/a><\/span><\/p>\t\t\t\t\t\t\t\t<\/div>\n\t\t\t\t<\/div>\n\t\t\t\t\t<\/div>\n\t\t<\/div>\n\t\t\t\t\t<\/div>\n\t\t<\/section>\n\t\t\t\t<section class=\"elementor-section elementor-top-section elementor-element elementor-element-d5a3b08 elementor-section-boxed elementor-section-height-default elementor-section-height-default\" data-id=\"d5a3b08\" data-element_type=\"section\" data-e-type=\"section\" data-settings=\"{&quot;background_background&quot;:&quot;classic&quot;}\">\n\t\t\t\t\t\t<div class=\"elementor-container elementor-column-gap-default\">\n\t\t\t\t\t<div class=\"elementor-column elementor-col-50 elementor-top-column elementor-element elementor-element-504df21\" data-id=\"504df21\" data-element_type=\"column\" data-e-type=\"column\">\n\t\t\t<div class=\"elementor-widget-wrap elementor-element-populated\">\n\t\t\t\t\t\t<div class=\"elementor-element elementor-element-c9ae2ae elementor-widget elementor-widget-video\" data-id=\"c9ae2ae\" data-element_type=\"widget\" data-e-type=\"widget\" data-settings=\"{&quot;youtube_url&quot;:&quot;https:\\\/\\\/www.youtube.com\\\/watch?v=m_oGJIMnq8Y&amp;ab_channel=LAHTEV-UFU&quot;,&quot;video_type&quot;:&quot;youtube&quot;,&quot;controls&quot;:&quot;yes&quot;}\" data-widget_type=\"video.default\">\n\t\t\t\t<div class=\"elementor-widget-container\">\n\t\t\t\t\t\t\t<div class=\"elementor-wrapper elementor-open-inline\">\n\t\t\t<div class=\"elementor-video\"><\/div>\t\t<\/div>\n\t\t\t\t\t\t<\/div>\n\t\t\t\t<\/div>\n\t\t\t\t<div class=\"elementor-element elementor-element-41dc34e elementor-widget elementor-widget-text-editor\" data-id=\"41dc34e\" data-element_type=\"widget\" data-e-type=\"widget\" data-widget_type=\"text-editor.default\">\n\t\t\t\t<div class=\"elementor-widget-container\">\n\t\t\t\t\t\t\t\t\t<p>Entrevista a Giovanni Levi en el\u00a0<span> I Ciclo de debates do LAHTEV-UFU (Laborat\u00f3rio de Hist\u00f3ria do Trabalho, da Educa\u00e7\u00e3o e da Viol\u00eancia).<\/span><\/p>\t\t\t\t\t\t\t\t<\/div>\n\t\t\t\t<\/div>\n\t\t\t\t\t<\/div>\n\t\t<\/div>\n\t\t\t\t<div class=\"elementor-column elementor-col-50 elementor-top-column elementor-element elementor-element-9c53f57\" data-id=\"9c53f57\" data-element_type=\"column\" data-e-type=\"column\">\n\t\t\t<div class=\"elementor-widget-wrap elementor-element-populated\">\n\t\t\t\t\t\t<div class=\"elementor-element elementor-element-ff51404 elementor-widget elementor-widget-video\" data-id=\"ff51404\" data-element_type=\"widget\" data-e-type=\"widget\" data-settings=\"{&quot;youtube_url&quot;:&quot;https:\\\/\\\/www.youtube.com\\\/watch?v=nPwCpfUiXrk&amp;ab_channel=UAStv&quot;,&quot;video_type&quot;:&quot;youtube&quot;,&quot;controls&quot;:&quot;yes&quot;}\" data-widget_type=\"video.default\">\n\t\t\t\t<div class=\"elementor-widget-container\">\n\t\t\t\t\t\t\t<div class=\"elementor-wrapper elementor-open-inline\">\n\t\t\t<div class=\"elementor-video\"><\/div>\t\t<\/div>\n\t\t\t\t\t\t<\/div>\n\t\t\t\t<\/div>\n\t\t\t\t<div class=\"elementor-element elementor-element-6675a60 elementor-widget elementor-widget-text-editor\" data-id=\"6675a60\" data-element_type=\"widget\" data-e-type=\"widget\" data-widget_type=\"text-editor.default\">\n\t\t\t\t<div class=\"elementor-widget-container\">\n\t\t\t\t\t\t\t\t\t<p>Conferencia de Giovanni Levi titulada \u00abSer historiador hoy\u00bb en el marco del <span><em>XXXV Congreso Internacional de Historia: Revuelta, Comunidad e Identidades en la Historia<\/em>.<\/span><\/p>\t\t\t\t\t\t\t\t<\/div>\n\t\t\t\t<\/div>\n\t\t\t\t\t<\/div>\n\t\t<\/div>\n\t\t\t\t\t<\/div>\n\t\t<\/section>\n\t\t\t\t<section class=\"elementor-section elementor-top-section elementor-element elementor-element-29bdae2 elementor-section-boxed elementor-section-height-default elementor-section-height-default\" data-id=\"29bdae2\" data-element_type=\"section\" data-e-type=\"section\" data-settings=\"{&quot;background_background&quot;:&quot;classic&quot;}\">\n\t\t\t\t\t\t<div class=\"elementor-container elementor-column-gap-default\">\n\t\t\t\t\t<div class=\"elementor-column elementor-col-50 elementor-top-column elementor-element elementor-element-6551eac\" data-id=\"6551eac\" data-element_type=\"column\" data-e-type=\"column\">\n\t\t\t<div class=\"elementor-widget-wrap elementor-element-populated\">\n\t\t\t\t\t\t<div class=\"elementor-element elementor-element-f6224e8 elementor-widget elementor-widget-video\" data-id=\"f6224e8\" data-element_type=\"widget\" data-e-type=\"widget\" data-settings=\"{&quot;youtube_url&quot;:&quot;https:\\\/\\\/www.youtube.com\\\/watch?v=t3PuBib8gqA&quot;,&quot;video_type&quot;:&quot;youtube&quot;,&quot;controls&quot;:&quot;yes&quot;}\" data-widget_type=\"video.default\">\n\t\t\t\t<div class=\"elementor-widget-container\">\n\t\t\t\t\t\t\t<div class=\"elementor-wrapper elementor-open-inline\">\n\t\t\t<div class=\"elementor-video\"><\/div>\t\t<\/div>\n\t\t\t\t\t\t<\/div>\n\t\t\t\t<\/div>\n\t\t\t\t<div class=\"elementor-element elementor-element-0ecadf3 elementor-widget elementor-widget-text-editor\" data-id=\"0ecadf3\" data-element_type=\"widget\" data-e-type=\"widget\" data-widget_type=\"text-editor.default\">\n\t\t\t\t<div class=\"elementor-widget-container\">\n\t\t\t\t\t\t\t\t\t<p style=\"text-align: left;\">Entrevista a Manuel Herrero S\u00e1nchez y Gregorio Salinero sobre l<span>as rebeliones y justicias en los mundos hisp\u00e1nicos modernos. Realizada en el marco de colaboraci\u00f3n con el proyecto <a href=\"http:\/\/www.resistance.uevora.pt\/\">RESISTANCE.<\/a><\/span><\/p>\t\t\t\t\t\t\t\t<\/div>\n\t\t\t\t<\/div>\n\t\t\t\t\t<\/div>\n\t\t<\/div>\n\t\t\t\t<div class=\"elementor-column elementor-col-50 elementor-top-column elementor-element elementor-element-0085abd\" data-id=\"0085abd\" data-element_type=\"column\" data-e-type=\"column\">\n\t\t\t<div class=\"elementor-widget-wrap elementor-element-populated\">\n\t\t\t\t\t\t<div class=\"elementor-element elementor-element-ae61e05 elementor-widget elementor-widget-html\" data-id=\"ae61e05\" data-element_type=\"widget\" data-e-type=\"widget\" data-widget_type=\"html.default\">\n\t\t\t\t<div class=\"elementor-widget-container\">\n\t\t\t\t\t<iframe src=\"https:\/\/player.vimeo.com\/video\/328609505\" width=\"640\" height=\"360\" frameborder=\"0\" allow=\"autoplay; fullscreen; picture-in-picture\" allowfullscreen><\/iframe>\r\n<p><a href=\"https:\/\/vimeo.com\/328609505\">\t\t\t\t<\/div>\n\t\t\t\t<\/div>\n\t\t\t\t<div class=\"elementor-element elementor-element-4d8c7c8 elementor-widget elementor-widget-text-editor\" data-id=\"4d8c7c8\" data-element_type=\"widget\" data-e-type=\"widget\" data-widget_type=\"text-editor.default\">\n\t\t\t\t<div class=\"elementor-widget-container\">\n\t\t\t\t\t\t\t\t\t<p>Conferencia de Giovanni Levi titulada \u00abEl pasado y el futuro de la Microhistoria\u00bb en el marco del <em>Taller Microhistoria e Historia Social: nuevos enfoques metodol\u00f3gicos<\/em>.<\/p>\t\t\t\t\t\t\t\t<\/div>\n\t\t\t\t<\/div>\n\t\t\t\t\t<\/div>\n\t\t<\/div>\n\t\t\t\t\t<\/div>\n\t\t<\/section>\n\t\t\t\t<section class=\"elementor-section elementor-top-section elementor-element elementor-element-e706172 elementor-section-boxed elementor-section-height-default elementor-section-height-default\" data-id=\"e706172\" data-element_type=\"section\" data-e-type=\"section\" data-settings=\"{&quot;background_background&quot;:&quot;classic&quot;}\">\n\t\t\t\t\t\t<div class=\"elementor-container elementor-column-gap-default\">\n\t\t\t\t\t<div class=\"elementor-column elementor-col-50 elementor-top-column elementor-element elementor-element-0e666c0\" data-id=\"0e666c0\" data-element_type=\"column\" data-e-type=\"column\">\n\t\t\t<div class=\"elementor-widget-wrap elementor-element-populated\">\n\t\t\t\t\t\t<div class=\"elementor-element elementor-element-61bc4ff elementor-widget elementor-widget-heading\" data-id=\"61bc4ff\" data-element_type=\"widget\" data-e-type=\"widget\" data-widget_type=\"heading.default\">\n\t\t\t\t<div class=\"elementor-widget-container\">\n\t\t\t\t\t<h2 class=\"elementor-heading-title elementor-size-default\"><span style=\"font-family: Roboto, sans-serif;font-size: 21px;font-weight: 600;white-space: pre-wrap;display: inline !important;float: none\">Ciclo de Conferencias 2021. Europa, el mundo mediterr\u00e1neo y su difusi\u00f3n atl\u00e1ntica<\/span><\/h2>\t\t\t\t<\/div>\n\t\t\t\t<\/div>\n\t\t\t\t<div class=\"elementor-element elementor-element-b057760 elementor-widget elementor-widget-video\" data-id=\"b057760\" data-element_type=\"widget\" data-e-type=\"widget\" data-settings=\"{&quot;youtube_url&quot;:&quot;https:\\\/\\\/youtu.be\\\/N509pf0CYJc&quot;,&quot;video_type&quot;:&quot;youtube&quot;,&quot;controls&quot;:&quot;yes&quot;}\" data-widget_type=\"video.default\">\n\t\t\t\t<div class=\"elementor-widget-container\">\n\t\t\t\t\t\t\t<div class=\"elementor-wrapper elementor-open-inline\">\n\t\t\t<div class=\"elementor-video\"><\/div>\t\t<\/div>\n\t\t\t\t\t\t<\/div>\n\t\t\t\t<\/div>\n\t\t\t\t<div class=\"elementor-element elementor-element-d9b76ec elementor-widget elementor-widget-text-editor\" data-id=\"d9b76ec\" data-element_type=\"widget\" data-e-type=\"widget\" data-widget_type=\"text-editor.default\">\n\t\t\t\t<div class=\"elementor-widget-container\">\n\t\t\t\t\t\t\t\t\t<p>9\u00aa sesi\u00f3n [03\/12\/2021] <span style=\"color: #800080;\">Alessandro Metlica<\/span>, <span>\u00abRepublics before Republicanism. Debating Liberty and the Roman Tradition in the 17th-century (The Republic of Venice)\u00bb<\/span><span>\u00a0y<\/span> <span style=\"color: #800080;\">Enrico Zucchi<\/span>, <span>\u00abRepublics before Republicanism. Debating Liberty and the Roman Tradition in the 17th-century (The Republic of Genoa)\u00bb<\/span><\/p>\t\t\t\t\t\t\t\t<\/div>\n\t\t\t\t<\/div>\n\t\t\t\t\t<\/div>\n\t\t<\/div>\n\t\t\t\t<div class=\"elementor-column elementor-col-50 elementor-top-column elementor-element elementor-element-490ce1d\" data-id=\"490ce1d\" data-element_type=\"column\" data-e-type=\"column\">\n\t\t\t<div class=\"elementor-widget-wrap elementor-element-populated\">\n\t\t\t\t\t\t<div class=\"elementor-element elementor-element-d1f3c6e elementor-widget elementor-widget-video\" data-id=\"d1f3c6e\" data-element_type=\"widget\" data-e-type=\"widget\" data-settings=\"{&quot;youtube_url&quot;:&quot;https:\\\/\\\/youtu.be\\\/0yal8FizNtg&quot;,&quot;video_type&quot;:&quot;youtube&quot;,&quot;controls&quot;:&quot;yes&quot;}\" data-widget_type=\"video.default\">\n\t\t\t\t<div class=\"elementor-widget-container\">\n\t\t\t\t\t\t\t<div class=\"elementor-wrapper elementor-open-inline\">\n\t\t\t<div class=\"elementor-video\"><\/div>\t\t<\/div>\n\t\t\t\t\t\t<\/div>\n\t\t\t\t<\/div>\n\t\t\t\t<div class=\"elementor-element elementor-element-077d83d elementor-widget elementor-widget-text-editor\" data-id=\"077d83d\" data-element_type=\"widget\" data-e-type=\"widget\" data-widget_type=\"text-editor.default\">\n\t\t\t\t<div class=\"elementor-widget-container\">\n\t\t\t\t\t\t\t\t\t<p>7\u00aa sesi\u00f3n [05\/11\/2021] <span style=\"color: #800080;\">Christopher Storrs<\/span>, <span>\u00abRethinking Political Culture in the Spanish Monarchy in the Reign of Carlos II\u00bb<\/span><span>\u00a0y<\/span> <span style=\"color: #800080;\">Juan S\u00e1nchez Garc\u00eda de la Cruz<\/span>, <span>\u00abEl octavo duque de Medinaceli: esbozo de las redes de un primer ministro (1680-1685)\u00bb<\/span><\/p>\t\t\t\t\t\t\t\t<\/div>\n\t\t\t\t<\/div>\n\t\t\t\t\t<\/div>\n\t\t<\/div>\n\t\t\t\t\t<\/div>\n\t\t<\/section>\n\t\t\t\t<section class=\"elementor-section elementor-top-section elementor-element elementor-element-d7dd810 elementor-section-boxed elementor-section-height-default elementor-section-height-default\" data-id=\"d7dd810\" data-element_type=\"section\" data-e-type=\"section\" data-settings=\"{&quot;background_background&quot;:&quot;classic&quot;}\">\n\t\t\t\t\t\t<div class=\"elementor-container elementor-column-gap-default\">\n\t\t\t\t\t<div class=\"elementor-column elementor-col-50 elementor-top-column elementor-element elementor-element-348f7fa\" data-id=\"348f7fa\" data-element_type=\"column\" data-e-type=\"column\">\n\t\t\t<div class=\"elementor-widget-wrap elementor-element-populated\">\n\t\t\t\t\t\t<div class=\"elementor-element elementor-element-552cd54 elementor-widget elementor-widget-video\" data-id=\"552cd54\" data-element_type=\"widget\" data-e-type=\"widget\" data-settings=\"{&quot;youtube_url&quot;:&quot;https:\\\/\\\/youtu.be\\\/ILwzOEaFPCo&quot;,&quot;video_type&quot;:&quot;youtube&quot;,&quot;controls&quot;:&quot;yes&quot;}\" data-widget_type=\"video.default\">\n\t\t\t\t<div class=\"elementor-widget-container\">\n\t\t\t\t\t\t\t<div class=\"elementor-wrapper elementor-open-inline\">\n\t\t\t<div class=\"elementor-video\"><\/div>\t\t<\/div>\n\t\t\t\t\t\t<\/div>\n\t\t\t\t<\/div>\n\t\t\t\t<div class=\"elementor-element elementor-element-eaa527e elementor-widget elementor-widget-text-editor\" data-id=\"eaa527e\" data-element_type=\"widget\" data-e-type=\"widget\" data-widget_type=\"text-editor.default\">\n\t\t\t\t<div class=\"elementor-widget-container\">\n\t\t\t\t\t\t\t\t\t<p>6\u00aa Sesi\u00f3n [24\/09\/2021] <span style=\"color: #800080;\">Liliana P\u00e9rez de Miguel<\/span>, <span>\u00abMujeres ricas y libres. Encomenderas en el Per\u00fa, 1532-1600\u00bb y<\/span> <span style=\"color: #800080;\">Amelia Almorza Hidalgo<\/span>, <span>\u00ab<\/span>Divorcio y encomienda en el virreinato del Per\u00fa. El caso de Leonor de Valenzuela<span>\u00bb<\/span><\/p>\t\t\t\t\t\t\t\t<\/div>\n\t\t\t\t<\/div>\n\t\t\t\t\t<\/div>\n\t\t<\/div>\n\t\t\t\t<div class=\"elementor-column elementor-col-50 elementor-top-column elementor-element elementor-element-4d77ab0\" data-id=\"4d77ab0\" data-element_type=\"column\" data-e-type=\"column\">\n\t\t\t<div class=\"elementor-widget-wrap elementor-element-populated\">\n\t\t\t\t\t\t<div class=\"elementor-element elementor-element-1662b5e elementor-widget elementor-widget-video\" data-id=\"1662b5e\" data-element_type=\"widget\" data-e-type=\"widget\" data-settings=\"{&quot;youtube_url&quot;:&quot;https:\\\/\\\/www.youtube.com\\\/watch?v=YPqsMfbrK30&quot;,&quot;video_type&quot;:&quot;youtube&quot;,&quot;controls&quot;:&quot;yes&quot;}\" data-widget_type=\"video.default\">\n\t\t\t\t<div class=\"elementor-widget-container\">\n\t\t\t\t\t\t\t<div class=\"elementor-wrapper elementor-open-inline\">\n\t\t\t<div class=\"elementor-video\"><\/div>\t\t<\/div>\n\t\t\t\t\t\t<\/div>\n\t\t\t\t<\/div>\n\t\t\t\t<div class=\"elementor-element elementor-element-dd9163f elementor-widget elementor-widget-text-editor\" data-id=\"dd9163f\" data-element_type=\"widget\" data-e-type=\"widget\" data-widget_type=\"text-editor.default\">\n\t\t\t\t<div class=\"elementor-widget-container\">\n\t\t\t\t\t\t\t\t\t<p>5\u00aa Sesi\u00f3n [06\/06\/2021] <span style=\"color: #800080;\">Sylvain Andr\u00e9<\/span>, <span>\u00abBorrar fronteras o protegerlas. El pleito del concejo de Zahara de la Sierra contra el duque de Arcos (1619)\u00bb<\/span><span>\u00a0y<\/span> <span style=\"color: #800080;\">Beatrice P\u00e9rez<\/span>, <span>\u00abFormas cotidianas de cohesi\u00f3n. Circuitos econ\u00f3micos genoveses del Mediterr\u00e1neo al Atl\u00e1ntico a principios de la \u00e9poca moderna\u00bb<\/span><\/p>\t\t\t\t\t\t\t\t<\/div>\n\t\t\t\t<\/div>\n\t\t\t\t\t<\/div>\n\t\t<\/div>\n\t\t\t\t\t<\/div>\n\t\t<\/section>\n\t\t\t\t<section class=\"elementor-section elementor-top-section elementor-element elementor-element-b9a10dd elementor-section-boxed elementor-section-height-default elementor-section-height-default\" data-id=\"b9a10dd\" data-element_type=\"section\" data-e-type=\"section\" data-settings=\"{&quot;background_background&quot;:&quot;classic&quot;}\">\n\t\t\t\t\t\t<div class=\"elementor-container elementor-column-gap-default\">\n\t\t\t\t\t<div class=\"elementor-column elementor-col-50 elementor-top-column elementor-element elementor-element-56c1c24\" data-id=\"56c1c24\" data-element_type=\"column\" data-e-type=\"column\">\n\t\t\t<div class=\"elementor-widget-wrap elementor-element-populated\">\n\t\t\t\t\t\t<div class=\"elementor-element elementor-element-1aaf311 elementor-widget elementor-widget-video\" data-id=\"1aaf311\" data-element_type=\"widget\" data-e-type=\"widget\" data-settings=\"{&quot;youtube_url&quot;:&quot;https:\\\/\\\/youtu.be\\\/-ukI6k1Hd4o&quot;,&quot;video_type&quot;:&quot;youtube&quot;,&quot;controls&quot;:&quot;yes&quot;}\" data-widget_type=\"video.default\">\n\t\t\t\t<div class=\"elementor-widget-container\">\n\t\t\t\t\t\t\t<div class=\"elementor-wrapper elementor-open-inline\">\n\t\t\t<div class=\"elementor-video\"><\/div>\t\t<\/div>\n\t\t\t\t\t\t<\/div>\n\t\t\t\t<\/div>\n\t\t\t\t<div class=\"elementor-element elementor-element-7a00c25 elementor-widget elementor-widget-text-editor\" data-id=\"7a00c25\" data-element_type=\"widget\" data-e-type=\"widget\" data-widget_type=\"text-editor.default\">\n\t\t\t\t<div class=\"elementor-widget-container\">\n\t\t\t\t\t\t\t\t\t<p>4\u00aa Sesi\u00f3n [28\/05\/2021] <span style=\"color: #800080;\">Andrea Caracausi<\/span>, <span>\u00abRibbons of the \u201cempire\u201d: fashion, capitalism and labour commodication between Europe and the Americas: (s. XVII-XVIII)\u00bb y<\/span> <span style=\"color: #800080;\">Francisco Cebreiro Ares<\/span>, <span>\u00abEl Indulto de Plata: grupos mercantiles, compa\u00f1\u00edas privilegiadas y (re)exportaci\u00f3n de plata<br \/>bajo el marqu\u00e9s de la Ensenada\u00bb<\/span><\/p>\t\t\t\t\t\t\t\t<\/div>\n\t\t\t\t<\/div>\n\t\t\t\t\t<\/div>\n\t\t<\/div>\n\t\t\t\t<div class=\"elementor-column elementor-col-50 elementor-top-column elementor-element elementor-element-ab09a78\" data-id=\"ab09a78\" data-element_type=\"column\" data-e-type=\"column\">\n\t\t\t<div class=\"elementor-widget-wrap elementor-element-populated\">\n\t\t\t\t\t\t<div class=\"elementor-element elementor-element-15e0f1a elementor-widget elementor-widget-video\" data-id=\"15e0f1a\" data-element_type=\"widget\" data-e-type=\"widget\" data-settings=\"{&quot;youtube_url&quot;:&quot;https:\\\/\\\/www.youtube.com\\\/watch?v=CSRfj-wUyXg&amp;ab_channel=StreamingDelegaci%C3%B3nCSICAndaluc%C3%ADaExtremadura&quot;,&quot;video_type&quot;:&quot;youtube&quot;,&quot;controls&quot;:&quot;yes&quot;}\" data-widget_type=\"video.default\">\n\t\t\t\t<div class=\"elementor-widget-container\">\n\t\t\t\t\t\t\t<div class=\"elementor-wrapper elementor-open-inline\">\n\t\t\t<div class=\"elementor-video\"><\/div>\t\t<\/div>\n\t\t\t\t\t\t<\/div>\n\t\t\t\t<\/div>\n\t\t\t\t<div class=\"elementor-element elementor-element-f173316 elementor-widget elementor-widget-text-editor\" data-id=\"f173316\" data-element_type=\"widget\" data-e-type=\"widget\" data-widget_type=\"text-editor.default\">\n\t\t\t\t<div class=\"elementor-widget-container\">\n\t\t\t\t\t\t\t\t\t<p>3\u00aa Sesi\u00f3n [21\/05\/2021] <span style=\"color: #800080;\">Federico Palomo del Barrio<\/span>, <span>\u00abConectar los tr\u00f3picos: clero, erudici\u00f3n y circulaci\u00f3n cultural en el Imperio portugu\u00e9s de la Edad Moderna\u00bb y<\/span> <span style=\"color: #800080;\">Jos\u00e9 Araneda Riquelme<\/span>, <span>\u00abLas cartas ante el rugido del gobernador. Interceptaci\u00f3n de correspondencia transatl\u00e1ntica en el Chile Colonial (1655-1670)\u00bb<\/span><\/p>\t\t\t\t\t\t\t\t<\/div>\n\t\t\t\t<\/div>\n\t\t\t\t\t<\/div>\n\t\t<\/div>\n\t\t\t\t\t<\/div>\n\t\t<\/section>\n\t\t\t\t<section class=\"elementor-section elementor-top-section elementor-element elementor-element-630d2d0 elementor-section-boxed elementor-section-height-default elementor-section-height-default\" data-id=\"630d2d0\" data-element_type=\"section\" data-e-type=\"section\" data-settings=\"{&quot;background_background&quot;:&quot;classic&quot;}\">\n\t\t\t\t\t\t<div class=\"elementor-container elementor-column-gap-default\">\n\t\t\t\t\t<div class=\"elementor-column elementor-col-50 elementor-top-column elementor-element elementor-element-e6eb546\" data-id=\"e6eb546\" data-element_type=\"column\" data-e-type=\"column\">\n\t\t\t<div class=\"elementor-widget-wrap elementor-element-populated\">\n\t\t\t\t\t\t<div class=\"elementor-element elementor-element-c1ecab6 elementor-widget elementor-widget-html\" data-id=\"c1ecab6\" data-element_type=\"widget\" data-e-type=\"widget\" data-widget_type=\"html.default\">\n\t\t\t\t<div class=\"elementor-widget-container\">\n\t\t\t\t\t<iframe src='https:\/\/upotv.upo.es\/iframe\/magic\/8g3zcqug1x4ww8wwkcwg4c0c48csosg' id='pumukitiframe' frameborder='0' border='0' width='560' height='315' allowfullscreen><\/iframe>\t\t\t\t<\/div>\n\t\t\t\t<\/div>\n\t\t\t\t<div class=\"elementor-element elementor-element-536ed47 elementor-widget elementor-widget-text-editor\" data-id=\"536ed47\" data-element_type=\"widget\" data-e-type=\"widget\" data-widget_type=\"text-editor.default\">\n\t\t\t\t<div class=\"elementor-widget-container\">\n\t\t\t\t\t\t\t\t\t<p>2\u00aa Sesi\u00f3n [30\/04\/2021] <span style=\"color: #800080;\">Jos\u00e9 Mar\u00eda Garc\u00eda Redondo<\/span>, <span>\u00abDe Espa\u00f1a a Filipinas por la ruta de los portugueses. Ciencia n\u00e1utica y redes cosmogr\u00e1ficas a inicios del siglo XVII\u00bb<\/span><\/p>\t\t\t\t\t\t\t\t<\/div>\n\t\t\t\t<\/div>\n\t\t\t\t\t<\/div>\n\t\t<\/div>\n\t\t\t\t<div class=\"elementor-column elementor-col-50 elementor-top-column elementor-element elementor-element-11586be\" data-id=\"11586be\" data-element_type=\"column\" data-e-type=\"column\">\n\t\t\t<div class=\"elementor-widget-wrap elementor-element-populated\">\n\t\t\t\t\t\t<div class=\"elementor-element elementor-element-13c2452 elementor-widget elementor-widget-html\" data-id=\"13c2452\" data-element_type=\"widget\" data-e-type=\"widget\" data-widget_type=\"html.default\">\n\t\t\t\t<div class=\"elementor-widget-container\">\n\t\t\t\t\t<iframe src='https:\/\/upotv.upo.es\/iframe\/magic\/5gg8lxfkzp8go0w8o444kk8gg8kgowo' id='pumukitiframe' frameborder='0' border='0' width='560' height='315' allowfullscreen><\/iframe>\t\t\t\t<\/div>\n\t\t\t\t<\/div>\n\t\t\t\t<div class=\"elementor-element elementor-element-f2b7120 elementor-widget elementor-widget-text-editor\" data-id=\"f2b7120\" data-element_type=\"widget\" data-e-type=\"widget\" data-widget_type=\"text-editor.default\">\n\t\t\t\t<div class=\"elementor-widget-container\">\n\t\t\t\t\t\t\t\t\t<p>2\u00aa Sesi\u00f3n [30\/04\/2021] <span style=\"color: #800080;\">Erica Feild<\/span>, <span>\u00ab\u00bbPara governar otros tantos reynos\u00bb: Ignacio de las Casas y el \u00e1rabe como idioma de imperio\u00bb<\/span><\/p>\t\t\t\t\t\t\t\t<\/div>\n\t\t\t\t<\/div>\n\t\t\t\t\t<\/div>\n\t\t<\/div>\n\t\t\t\t\t<\/div>\n\t\t<\/section>\n\t\t\t\t<section class=\"elementor-section elementor-top-section elementor-element elementor-element-83434fc elementor-section-boxed elementor-section-height-default elementor-section-height-default\" data-id=\"83434fc\" data-element_type=\"section\" data-e-type=\"section\" data-settings=\"{&quot;background_background&quot;:&quot;classic&quot;}\">\n\t\t\t\t\t\t<div class=\"elementor-container elementor-column-gap-default\">\n\t\t\t\t\t<div class=\"elementor-column elementor-col-50 elementor-top-column elementor-element elementor-element-aa0a546\" data-id=\"aa0a546\" data-element_type=\"column\" data-e-type=\"column\">\n\t\t\t<div class=\"elementor-widget-wrap elementor-element-populated\">\n\t\t\t\t\t\t<div class=\"elementor-element elementor-element-b07a9b7 elementor-widget elementor-widget-video\" data-id=\"b07a9b7\" data-element_type=\"widget\" data-e-type=\"widget\" data-settings=\"{&quot;youtube_url&quot;:&quot;https:\\\/\\\/www.youtube.com\\\/watch?v=od0OYr74VsI&amp;ab_channel=CSICAndalucia&quot;,&quot;video_type&quot;:&quot;youtube&quot;,&quot;controls&quot;:&quot;yes&quot;}\" data-widget_type=\"video.default\">\n\t\t\t\t<div class=\"elementor-widget-container\">\n\t\t\t\t\t\t\t<div class=\"elementor-wrapper elementor-open-inline\">\n\t\t\t<div class=\"elementor-video\"><\/div>\t\t<\/div>\n\t\t\t\t\t\t<\/div>\n\t\t\t\t<\/div>\n\t\t\t\t<div class=\"elementor-element elementor-element-30e3b5f elementor-widget elementor-widget-text-editor\" data-id=\"30e3b5f\" data-element_type=\"widget\" data-e-type=\"widget\" data-widget_type=\"text-editor.default\">\n\t\t\t\t<div class=\"elementor-widget-container\">\n\t\t\t\t\t\t\t\t\t<p>1\u00aa Sesi\u00f3n [26\/03\/2021] <span style=\"color: #800080;\">Pablo Ca\u00f1\u00f3n<\/span>, <span>\u00abRedes y circulaci\u00f3n de agentes en los mercados atl\u00e1nticos durante la Uni\u00f3n de Coronas (1580-1640)\u00bb y<\/span>\u00a0<span style=\"color: #800080;\">Alfonso Jes\u00fas Heredia<\/span>, <span>\u00abControlar la corrupci\u00f3n en las armadas de la Carrera de Indias. Una visita a la aver\u00eda en 1642\u00bb<\/span><\/p>\t\t\t\t\t\t\t\t<\/div>\n\t\t\t\t<\/div>\n\t\t\t\t\t<\/div>\n\t\t<\/div>\n\t\t\t\t<div class=\"elementor-column elementor-col-50 elementor-top-column elementor-element elementor-element-75e9984\" data-id=\"75e9984\" data-element_type=\"column\" data-e-type=\"column\">\n\t\t\t<div class=\"elementor-widget-wrap\">\n\t\t\t\t\t\t\t<\/div>\n\t\t<\/div>\n\t\t\t\t\t<\/div>\n\t\t<\/section>\n\t\t\t\t<section class=\"elementor-section elementor-top-section elementor-element elementor-element-e8b9eb2 elementor-section-boxed elementor-section-height-default elementor-section-height-default\" data-id=\"e8b9eb2\" data-element_type=\"section\" data-e-type=\"section\" data-settings=\"{&quot;background_background&quot;:&quot;classic&quot;}\">\n\t\t\t\t\t\t<div class=\"elementor-container elementor-column-gap-default\">\n\t\t\t\t\t<div class=\"elementor-column elementor-col-100 elementor-top-column elementor-element elementor-element-a686ca8\" data-id=\"a686ca8\" data-element_type=\"column\" data-e-type=\"column\">\n\t\t\t<div class=\"elementor-widget-wrap elementor-element-populated\">\n\t\t\t\t\t\t<div class=\"elementor-element elementor-element-a4c4b3d elementor-widget elementor-widget-heading\" data-id=\"a4c4b3d\" data-element_type=\"widget\" data-e-type=\"widget\" data-widget_type=\"heading.default\">\n\t\t\t\t<div class=\"elementor-widget-container\">\n\t\t\t\t\t<h2 class=\"elementor-heading-title elementor-size-default\">Congreso Internacional El Asiento y la trata transatl\u00e1ntica de africanos esclavizados (circa 1580-1750). Redes mercantiles y conectores transnacionales \/ The Asiento and the Transatlantic Trade of Enslaved Africans (circa 1580-1750). Trade Networks and Transnational Connectors<\/h2>\t\t\t\t<\/div>\n\t\t\t\t<\/div>\n\t\t\t\t\t<\/div>\n\t\t<\/div>\n\t\t\t\t\t<\/div>\n\t\t<\/section>\n\t\t\t\t<section class=\"elementor-section elementor-top-section elementor-element elementor-element-73fdbfc elementor-section-boxed elementor-section-height-default elementor-section-height-default\" data-id=\"73fdbfc\" data-element_type=\"section\" data-e-type=\"section\" data-settings=\"{&quot;background_background&quot;:&quot;classic&quot;}\">\n\t\t\t\t\t\t<div class=\"elementor-container elementor-column-gap-default\">\n\t\t\t\t\t<div class=\"elementor-column elementor-col-50 elementor-top-column elementor-element elementor-element-09625ac\" data-id=\"09625ac\" data-element_type=\"column\" data-e-type=\"column\">\n\t\t\t<div class=\"elementor-widget-wrap elementor-element-populated\">\n\t\t\t\t\t\t<div class=\"elementor-element elementor-element-0498fef elementor-widget elementor-widget-html\" data-id=\"0498fef\" data-element_type=\"widget\" data-e-type=\"widget\" data-widget_type=\"html.default\">\n\t\t\t\t<div class=\"elementor-widget-container\">\n\t\t\t\t\t<iframe src='https:\/\/upotv.upo.es\/iframe\/magic\/hawbtye6x8g0g0kw804ws4sokw8sco4' id='pumukitiframe' frameborder='0' border='0' width='560' height='315' allowfullscreen><\/iframe>\t\t\t\t<\/div>\n\t\t\t\t<\/div>\n\t\t\t\t<div class=\"elementor-element elementor-element-3686787 elementor-widget elementor-widget-text-editor\" data-id=\"3686787\" data-element_type=\"widget\" data-e-type=\"widget\" data-widget_type=\"text-editor.default\">\n\t\t\t\t<div class=\"elementor-widget-container\">\n\t\t\t\t\t\t\t\t\t<p><strong>Inauguraci\u00f3n y 1\u00aa sesi\u00f3n:<\/strong> <em>Los primeros asientos. Fundamentos, configuraci\u00f3n y consolidaci\u00f3n de un sistema. <br \/>The First Asientos. Foundations, Configuration, and Consolidation of a System.<\/em><\/p><p>Intervienen: <span style=\"color: #800080;\">Enriqueta Vila Vilar<\/span>, <span style=\"color: #800080;\">Manuel Herrero S\u00e1nchez<\/span> (relator), <span style=\"color: #800080;\">Miguel Geraldes Rodrigues<\/span>, <span style=\"color: #800080;\">David Wheat<\/span> y <span style=\"color: #800080;\">Antonio Almeida<\/span>.<\/p>\t\t\t\t\t\t\t\t<\/div>\n\t\t\t\t<\/div>\n\t\t\t\t\t<\/div>\n\t\t<\/div>\n\t\t\t\t<div class=\"elementor-column elementor-col-50 elementor-top-column elementor-element elementor-element-70c54e8\" data-id=\"70c54e8\" data-element_type=\"column\" data-e-type=\"column\">\n\t\t\t<div class=\"elementor-widget-wrap elementor-element-populated\">\n\t\t\t\t\t\t<div class=\"elementor-element elementor-element-49ffc41 elementor-widget elementor-widget-html\" data-id=\"49ffc41\" data-element_type=\"widget\" data-e-type=\"widget\" data-widget_type=\"html.default\">\n\t\t\t\t<div class=\"elementor-widget-container\">\n\t\t\t\t\t<iframe src='https:\/\/upotv.upo.es\/iframe\/magic\/28qd6xfgrlesgo4ccg84gwc0448wgwg' id='pumukitiframe' frameborder='0' border='0' width='560' height='315' allowfullscreen><\/iframe>\t\t\t\t<\/div>\n\t\t\t\t<\/div>\n\t\t\t\t<div class=\"elementor-element elementor-element-a37e2b3 elementor-widget elementor-widget-text-editor\" data-id=\"a37e2b3\" data-element_type=\"widget\" data-e-type=\"widget\" data-widget_type=\"text-editor.default\">\n\t\t\t\t<div class=\"elementor-widget-container\">\n\t\t\t\t\t\t\t\t\t<p><strong>2\u00aa sesi\u00f3n<\/strong>: <em>Diplomacia y rivalidades internacionales por el control del tr\u00e1fico de esclavos.<\/em><br \/><em>Diplomacy and International Rivalry over Control of the Transatlantic Trade of Enslaved Africans.<\/em><\/p><p>Intervienen: <span style=\"color: #800080;\">Pedro Cardim<\/span> (relator), <span style=\"color: #800080;\">Manuel Herrero S\u00e1nchez<\/span>, <span style=\"color: #800080;\">Wim Klooster<\/span> y <span style=\"color: #800080;\">Philippe Hrodej<\/span><\/p>\t\t\t\t\t\t\t\t<\/div>\n\t\t\t\t<\/div>\n\t\t\t\t\t<\/div>\n\t\t<\/div>\n\t\t\t\t\t<\/div>\n\t\t<\/section>\n\t\t\t\t<section class=\"elementor-section elementor-top-section elementor-element elementor-element-c33d0c8 elementor-section-boxed elementor-section-height-default elementor-section-height-default\" data-id=\"c33d0c8\" data-element_type=\"section\" data-e-type=\"section\" data-settings=\"{&quot;background_background&quot;:&quot;classic&quot;}\">\n\t\t\t\t\t\t<div class=\"elementor-container elementor-column-gap-default\">\n\t\t\t\t\t<div class=\"elementor-column elementor-col-50 elementor-top-column elementor-element elementor-element-0a6c276\" data-id=\"0a6c276\" data-element_type=\"column\" data-e-type=\"column\">\n\t\t\t<div class=\"elementor-widget-wrap elementor-element-populated\">\n\t\t\t\t\t\t<div class=\"elementor-element elementor-element-04b44b9 elementor-widget elementor-widget-html\" data-id=\"04b44b9\" data-element_type=\"widget\" data-e-type=\"widget\" data-widget_type=\"html.default\">\n\t\t\t\t<div class=\"elementor-widget-container\">\n\t\t\t\t\t<iframe src='https:\/\/upotv.upo.es\/iframe\/magic\/oqo3x4r4334g4kwsw4co0s8g40w0o8s' id='pumukitiframe' frameborder='0' border='0' width='560' height='315' allowfullscreen><\/iframe>\t\t\t\t<\/div>\n\t\t\t\t<\/div>\n\t\t\t\t<div class=\"elementor-element elementor-element-e09039d elementor-widget elementor-widget-text-editor\" data-id=\"e09039d\" data-element_type=\"widget\" data-e-type=\"widget\" data-widget_type=\"text-editor.default\">\n\t\t\t\t<div class=\"elementor-widget-container\">\n\t\t\t\t\t\t\t\t\t<p><strong>3\u00aa sesi\u00f3n:<\/strong> <em>.Espacios conectados, rutas y cadenas de distribuci\u00f3n y trabajo. <\/em><\/p><p><em>Connected Spaces, Trade Routes and Networks of Distribution and Labour.<\/em><\/p><p>Intervienen: <span style=\"color: #800080;\">Jorge Pedreira <span style=\"color: #808080;\">(relator)<\/span><\/span>, <span style=\"color: #800080;\">Chloe Ireton<\/span>, <span style=\"color: #800080;\">Alex Borucki<\/span>, <span style=\"color: #800080;\">Thiago Krause, Christopher Ebert<\/span>, <span style=\"color: #800080;\">Margarita Su\u00e1rez Espinosa<\/span> e <span style=\"color: #800080;\">Iris Kantor<\/span>.<\/p>\t\t\t\t\t\t\t\t<\/div>\n\t\t\t\t<\/div>\n\t\t\t\t\t<\/div>\n\t\t<\/div>\n\t\t\t\t<div class=\"elementor-column elementor-col-50 elementor-top-column elementor-element elementor-element-ad87ca9\" data-id=\"ad87ca9\" data-element_type=\"column\" data-e-type=\"column\">\n\t\t\t<div class=\"elementor-widget-wrap elementor-element-populated\">\n\t\t\t\t\t\t<div class=\"elementor-element elementor-element-a3178fd elementor-widget elementor-widget-html\" data-id=\"a3178fd\" data-element_type=\"widget\" data-e-type=\"widget\" data-widget_type=\"html.default\">\n\t\t\t\t<div class=\"elementor-widget-container\">\n\t\t\t\t\t<iframe src='https:\/\/upotv.upo.es\/iframe\/magic\/qf4z4q2i70g0ggsgw8wkgws84gwk0wc' id='pumukitiframe' frameborder='0' border='0' width='560' height='315' allowfullscreen><\/iframe>\t\t\t\t<\/div>\n\t\t\t\t<\/div>\n\t\t\t\t<div class=\"elementor-element elementor-element-7649e8f elementor-widget elementor-widget-text-editor\" data-id=\"7649e8f\" data-element_type=\"widget\" data-e-type=\"widget\" data-widget_type=\"text-editor.default\">\n\t\t\t\t<div class=\"elementor-widget-container\">\n\t\t\t\t\t\t\t\t\t<p><strong>4\u00aa sesi\u00f3n<\/strong>: Modelos de negocio, ganancias y costes del asiento.<\/p><p>The Asiento: Organisation, Profits and Costs.<\/p><p>Intervienen: <span style=\"color: #800080;\">Beno\u00eet Mar\u00e9chaux<\/span> (relator), <span style=\"color: #800080;\">Manuel Fern\u00e1ndez Chaves<\/span>, <span style=\"color: #800080;\">Filipa Ribeiro da Silva<\/span>,<span style=\"color: #800080;\"> Paola Vargas Arana<\/span> y <span style=\"color: #800080;\">William Pettigrew.<\/span><\/p>\t\t\t\t\t\t\t\t<\/div>\n\t\t\t\t<\/div>\n\t\t\t\t\t<\/div>\n\t\t<\/div>\n\t\t\t\t\t<\/div>\n\t\t<\/section>\n\t\t\t\t<section class=\"elementor-section elementor-top-section elementor-element elementor-element-0ea8d26 elementor-section-boxed elementor-section-height-default elementor-section-height-default\" data-id=\"0ea8d26\" data-element_type=\"section\" data-e-type=\"section\" data-settings=\"{&quot;background_background&quot;:&quot;classic&quot;}\">\n\t\t\t\t\t\t<div class=\"elementor-container elementor-column-gap-default\">\n\t\t\t\t\t<div class=\"elementor-column elementor-col-50 elementor-top-column elementor-element elementor-element-f7b58a6\" data-id=\"f7b58a6\" data-element_type=\"column\" data-e-type=\"column\">\n\t\t\t<div class=\"elementor-widget-wrap elementor-element-populated\">\n\t\t\t\t\t\t<div class=\"elementor-element elementor-element-e98c5c2 elementor-widget elementor-widget-html\" data-id=\"e98c5c2\" data-element_type=\"widget\" data-e-type=\"widget\" data-widget_type=\"html.default\">\n\t\t\t\t<div class=\"elementor-widget-container\">\n\t\t\t\t\t<iframe src='https:\/\/upotv.upo.es\/iframe\/magic\/a7n8cy7fgco4gos0swsgc4o0s4cwcc4' id='pumukitiframe' frameborder='0' border='0' width='560' height='315' allowfullscreen><\/iframe>\t\t\t\t<\/div>\n\t\t\t\t<\/div>\n\t\t\t\t<div class=\"elementor-element elementor-element-58ad428 elementor-widget elementor-widget-text-editor\" data-id=\"58ad428\" data-element_type=\"widget\" data-e-type=\"widget\" data-widget_type=\"text-editor.default\">\n\t\t\t\t<div class=\"elementor-widget-container\">\n\t\t\t\t\t\t\t\t\t<p><strong>5\u00aa sesi\u00f3n: <\/strong><em>Entramados mercantiles <\/em><em>vinculados al asiento. <\/em><\/p><p><em>Commercial Networks of the <\/em><em>Asiento.<\/em><\/p><p>Intervienen: <span style=\"color: #800080;\">Ana Crespo Solana <span style=\"color: #808080;\">(relator)<\/span><\/span>, <span style=\"color: #800080;\">Linda Newson<\/span>, <span style=\"color: #800080;\">Jonat\u00e1n Orozco Cruz,<\/span>\u00a0<span style=\"color: #800080;\">Ramona Negr\u00f3n<\/span>, y<span style=\"color: #800080;\"> Rodrigo Gonz\u00e1lez Toledo<\/span>.<\/p>\t\t\t\t\t\t\t\t<\/div>\n\t\t\t\t<\/div>\n\t\t\t\t\t<\/div>\n\t\t<\/div>\n\t\t\t\t<div class=\"elementor-column elementor-col-50 elementor-top-column elementor-element elementor-element-634c07a\" data-id=\"634c07a\" data-element_type=\"column\" data-e-type=\"column\">\n\t\t\t<div class=\"elementor-widget-wrap elementor-element-populated\">\n\t\t\t\t\t\t<div class=\"elementor-element elementor-element-2267323 elementor-widget elementor-widget-html\" data-id=\"2267323\" data-element_type=\"widget\" data-e-type=\"widget\" data-widget_type=\"html.default\">\n\t\t\t\t<div class=\"elementor-widget-container\">\n\t\t\t\t\t<iframe src='https:\/\/upotv.upo.es\/iframe\/magic\/pbatc19vvs0g408c04sckw0w488cswg' id='pumukitiframe' frameborder='0' border='0' width='560' height='315' allowfullscreen><\/iframe>\t\t\t\t<\/div>\n\t\t\t\t<\/div>\n\t\t\t\t<div class=\"elementor-element elementor-element-01b61a8 elementor-widget elementor-widget-text-editor\" data-id=\"01b61a8\" data-element_type=\"widget\" data-e-type=\"widget\" data-widget_type=\"text-editor.default\">\n\t\t\t\t<div class=\"elementor-widget-container\">\n\t\t\t\t\t\t\t\t\t<p><strong>6\u00aa sesi\u00f3n<\/strong>: Los asientos. Marco institucional y propuestas de reforma y regulaci\u00f3n del comercio de africanos.<\/p><p>The Asientos. Institutional Framework, Proposals for Reform, and Regulation of the Transatlantica Trade of Enslaved Africans.<\/p><p>Intervienen: <span style=\"color: #800080;\">Beno\u00eet Mar\u00e9chaux<\/span> (relator), <span style=\"color: #800080;\">Manuel Fern\u00e1ndez Chaves<\/span>, <span style=\"color: #800080;\">Filipa Ribeiro da Silva<\/span>,<span style=\"color: #800080;\"> Paola Vargas Arana<\/span> y <span style=\"color: #800080;\">William Pettigrew.<\/span><\/p>\t\t\t\t\t\t\t\t<\/div>\n\t\t\t\t<\/div>\n\t\t\t\t\t<\/div>\n\t\t<\/div>\n\t\t\t\t\t<\/div>\n\t\t<\/section>\n\t\t\t\t<section class=\"elementor-section elementor-top-section elementor-element elementor-element-a7a0c25 elementor-section-boxed elementor-section-height-default elementor-section-height-default\" data-id=\"a7a0c25\" data-element_type=\"section\" data-e-type=\"section\" data-settings=\"{&quot;background_background&quot;:&quot;classic&quot;}\">\n\t\t\t\t\t\t<div class=\"elementor-container elementor-column-gap-default\">\n\t\t\t\t\t<div class=\"elementor-column elementor-col-100 elementor-top-column elementor-element elementor-element-e5b9123\" data-id=\"e5b9123\" data-element_type=\"column\" data-e-type=\"column\">\n\t\t\t<div class=\"elementor-widget-wrap elementor-element-populated\">\n\t\t\t\t\t\t<div class=\"elementor-element elementor-element-ea04795 elementor-widget-divider--view-line elementor-widget elementor-widget-divider\" data-id=\"ea04795\" data-element_type=\"widget\" data-e-type=\"widget\" data-widget_type=\"divider.default\">\n\t\t\t\t<div class=\"elementor-widget-container\">\n\t\t\t\t\t\t\t<div class=\"elementor-divider\">\n\t\t\t<span class=\"elementor-divider-separator\">\n\t\t\t\t\t\t<\/span>\n\t\t<\/div>\n\t\t\t\t\t\t<\/div>\n\t\t\t\t<\/div>\n\t\t\t\t<div class=\"elementor-element elementor-element-f5d31df elementor-widget elementor-widget-text-editor\" data-id=\"f5d31df\" data-element_type=\"widget\" data-e-type=\"widget\" data-widget_type=\"text-editor.default\">\n\t\t\t\t<div class=\"elementor-widget-container\">\n\t\t\t\t\t\t\t\t\t<p style=\"text-align: left;\">Grabaciones de audio<\/p>\t\t\t\t\t\t\t\t<\/div>\n\t\t\t\t<\/div>\n\t\t\t\t<div class=\"elementor-element elementor-element-815fad3 elementor-widget-divider--view-line elementor-widget elementor-widget-divider\" data-id=\"815fad3\" data-element_type=\"widget\" data-e-type=\"widget\" data-widget_type=\"divider.default\">\n\t\t\t\t<div class=\"elementor-widget-container\">\n\t\t\t\t\t\t\t<div class=\"elementor-divider\">\n\t\t\t<span class=\"elementor-divider-separator\">\n\t\t\t\t\t\t<\/span>\n\t\t<\/div>\n\t\t\t\t\t\t<\/div>\n\t\t\t\t<\/div>\n\t\t\t\t\t<\/div>\n\t\t<\/div>\n\t\t\t\t\t<\/div>\n\t\t<\/section>\n\t\t\t\t<section class=\"elementor-section elementor-top-section elementor-element elementor-element-f1e1823 elementor-section-boxed elementor-section-height-default elementor-section-height-default\" data-id=\"f1e1823\" data-element_type=\"section\" data-e-type=\"section\" data-settings=\"{&quot;background_background&quot;:&quot;classic&quot;}\">\n\t\t\t\t\t\t<div class=\"elementor-container elementor-column-gap-default\">\n\t\t\t\t\t<div class=\"elementor-column elementor-col-100 elementor-top-column elementor-element elementor-element-f8ab135\" data-id=\"f8ab135\" data-element_type=\"column\" data-e-type=\"column\">\n\t\t\t<div class=\"elementor-widget-wrap elementor-element-populated\">\n\t\t\t\t\t\t<div class=\"elementor-element elementor-element-bdb4476 elementor-widget elementor-widget-heading\" data-id=\"bdb4476\" data-element_type=\"widget\" data-e-type=\"widget\" data-widget_type=\"heading.default\">\n\t\t\t\t<div class=\"elementor-widget-container\">\n\t\t\t\t\t<h2 class=\"elementor-heading-title elementor-size-default\">Ciclo de Conferencias 2019-2020. Europa, el mundo mediterr\u00e1neo y su difusi\u00f3n atl\u00e1ntica<\/h2>\t\t\t\t<\/div>\n\t\t\t\t<\/div>\n\t\t\t\t\t<\/div>\n\t\t<\/div>\n\t\t\t\t\t<\/div>\n\t\t<\/section>\n\t\t\t\t<section class=\"elementor-section elementor-top-section elementor-element elementor-element-05d9229 elementor-section-boxed elementor-section-height-default elementor-section-height-default\" data-id=\"05d9229\" data-element_type=\"section\" data-e-type=\"section\" data-settings=\"{&quot;background_background&quot;:&quot;classic&quot;}\">\n\t\t\t\t\t\t<div class=\"elementor-container elementor-column-gap-default\">\n\t\t\t\t\t<div class=\"elementor-column elementor-col-50 elementor-top-column elementor-element elementor-element-f2fe573\" data-id=\"f2fe573\" data-element_type=\"column\" data-e-type=\"column\">\n\t\t\t<div class=\"elementor-widget-wrap elementor-element-populated\">\n\t\t\t\t\t\t<div class=\"elementor-element elementor-element-81653f9 elementor-widget elementor-widget-html\" data-id=\"81653f9\" data-element_type=\"widget\" data-e-type=\"widget\" data-widget_type=\"html.default\">\n\t\t\t\t<div class=\"elementor-widget-container\">\n\t\t\t\t\t<iframe src='https:\/\/upotv.upo.es\/iframe\/magic\/lxr2jd8be7kogggo4c84ws0o4kk8w8c' id='pumukitiframe' frameborder='0' border='0' width='560' height='315' allowfullscreen><\/iframe>\t\t\t\t<\/div>\n\t\t\t\t<\/div>\n\t\t\t\t<div class=\"elementor-element elementor-element-aadd2d4 elementor-widget elementor-widget-text-editor\" data-id=\"aadd2d4\" data-element_type=\"widget\" data-e-type=\"widget\" data-widget_type=\"text-editor.default\">\n\t\t\t\t<div class=\"elementor-widget-container\">\n\t\t\t\t\t\t\t\t\t<p style=\"text-align: left;\"><span style=\"color: #800080;\">Irene G\u00f3mez Fern\u00e1ndez<\/span>, \u00abEl oficio de m\u00fasico en Oaxaca en la segunda mitad del siglo XVI: estrategias de dominio y conquista espiritual a trav\u00e9s de la m\u00fasica\u00bb<\/p><h4><\/h4>\t\t\t\t\t\t\t\t<\/div>\n\t\t\t\t<\/div>\n\t\t\t\t\t<\/div>\n\t\t<\/div>\n\t\t\t\t<div class=\"elementor-column elementor-col-50 elementor-top-column elementor-element elementor-element-334ff29\" data-id=\"334ff29\" data-element_type=\"column\" data-e-type=\"column\">\n\t\t\t<div class=\"elementor-widget-wrap elementor-element-populated\">\n\t\t\t\t\t\t<div class=\"elementor-element elementor-element-6aadd76 elementor-widget elementor-widget-html\" data-id=\"6aadd76\" data-element_type=\"widget\" data-e-type=\"widget\" data-widget_type=\"html.default\">\n\t\t\t\t<div class=\"elementor-widget-container\">\n\t\t\t\t\t<iframe src='https:\/\/upotv.upo.es\/iframe\/magic\/lxr2jd8be7kogggo4c84ws0o4kk8w8c' id='pumukitiframe' frameborder='0' border='0' width='560' height='315' allowfullscreen><\/iframe>\t\t\t\t<\/div>\n\t\t\t\t<\/div>\n\t\t\t\t<div class=\"elementor-element elementor-element-2d4ce0e elementor-widget elementor-widget-text-editor\" data-id=\"2d4ce0e\" data-element_type=\"widget\" data-e-type=\"widget\" data-widget_type=\"text-editor.default\">\n\t\t\t\t<div class=\"elementor-widget-container\">\n\t\t\t\t\t\t\t\t\t<p style=\"text-align: left;\"><span style=\"color: #800080;\">Carlos Ciriza<\/span>, \u00abLa Historia Social, los v\u00ednculos y las din\u00e1micas en un estudio de caso: ind\u00edgenas de la ciudad de Quito en el siglo XVII\u00bb<\/p><h4><\/h4>\t\t\t\t\t\t\t\t<\/div>\n\t\t\t\t<\/div>\n\t\t\t\t\t<\/div>\n\t\t<\/div>\n\t\t\t\t\t<\/div>\n\t\t<\/section>\n\t\t\t\t<section class=\"elementor-section elementor-top-section elementor-element elementor-element-e8c3539 elementor-section-boxed elementor-section-height-default elementor-section-height-default\" data-id=\"e8c3539\" data-element_type=\"section\" data-e-type=\"section\" data-settings=\"{&quot;background_background&quot;:&quot;classic&quot;}\">\n\t\t\t\t\t\t<div class=\"elementor-container elementor-column-gap-default\">\n\t\t\t\t\t<div class=\"elementor-column elementor-col-50 elementor-top-column elementor-element elementor-element-4149e60\" data-id=\"4149e60\" data-element_type=\"column\" data-e-type=\"column\">\n\t\t\t<div class=\"elementor-widget-wrap elementor-element-populated\">\n\t\t\t\t\t\t<div class=\"elementor-element elementor-element-6dc3aa0 elementor-widget elementor-widget-html\" data-id=\"6dc3aa0\" data-element_type=\"widget\" data-e-type=\"widget\" data-widget_type=\"html.default\">\n\t\t\t\t<div class=\"elementor-widget-container\">\n\t\t\t\t\t<iframe src='https:\/\/upotv.upo.es\/iframe\/magic\/68i902fz08owgwcw48080cogkw8wkoc' id='pumukitiframe' frameborder='0' border='0' width='560' height='315' allowfullscreen><\/iframe>\t\t\t\t<\/div>\n\t\t\t\t<\/div>\n\t\t\t\t<div class=\"elementor-element elementor-element-f0be53b elementor-widget elementor-widget-text-editor\" data-id=\"f0be53b\" data-element_type=\"widget\" data-e-type=\"widget\" data-widget_type=\"text-editor.default\">\n\t\t\t\t<div class=\"elementor-widget-container\">\n\t\t\t\t\t\t\t\t\t<p style=\"text-align: left;\"><span style=\"color: #800080;\">Pilar Ponce Leiva<\/span>, \u00abLa Historia Social a partir de los v\u00ednculos interpersonales: una metodolog\u00eda de trabajo\u00bb<\/p><h4><\/h4>\t\t\t\t\t\t\t\t<\/div>\n\t\t\t\t<\/div>\n\t\t\t\t\t<\/div>\n\t\t<\/div>\n\t\t\t\t<div class=\"elementor-column elementor-col-50 elementor-top-column elementor-element elementor-element-b44a869\" data-id=\"b44a869\" data-element_type=\"column\" data-e-type=\"column\">\n\t\t\t<div class=\"elementor-widget-wrap elementor-element-populated\">\n\t\t\t\t\t\t<div class=\"elementor-element elementor-element-2b56d6f elementor-widget elementor-widget-html\" data-id=\"2b56d6f\" data-element_type=\"widget\" data-e-type=\"widget\" data-widget_type=\"html.default\">\n\t\t\t\t<div class=\"elementor-widget-container\">\n\t\t\t\t\t<iframe src='https:\/\/upotv.upo.es\/iframe\/magic\/8n6l3hdokz8c8s4w888k4g84wcc8k84' id='pumukitiframe' frameborder='0' border='0' width='560' height='315' allowfullscreen><\/iframe>\t\t\t\t<\/div>\n\t\t\t\t<\/div>\n\t\t\t\t<div class=\"elementor-element elementor-element-691c87e elementor-widget elementor-widget-text-editor\" data-id=\"691c87e\" data-element_type=\"widget\" data-e-type=\"widget\" data-widget_type=\"text-editor.default\">\n\t\t\t\t<div class=\"elementor-widget-container\">\n\t\t\t\t\t\t\t\t\t<p style=\"text-align: left;\"><span style=\"color: #800080;\">Jonat\u00e1n Orozco Cruz<\/span>, \u00abLos asientos de negros a finales del siglo XVII (1675-1692): problem\u00e1tica, metodolog\u00eda y fuentes\u00bb<\/p><h4><\/h4>\t\t\t\t\t\t\t\t<\/div>\n\t\t\t\t<\/div>\n\t\t\t\t\t<\/div>\n\t\t<\/div>\n\t\t\t\t\t<\/div>\n\t\t<\/section>\n\t\t\t\t<section class=\"elementor-section elementor-top-section elementor-element elementor-element-e33e090 elementor-section-boxed elementor-section-height-default elementor-section-height-default\" data-id=\"e33e090\" data-element_type=\"section\" data-e-type=\"section\" data-settings=\"{&quot;background_background&quot;:&quot;classic&quot;}\">\n\t\t\t\t\t\t<div class=\"elementor-container elementor-column-gap-default\">\n\t\t\t\t\t<div class=\"elementor-column elementor-col-50 elementor-top-column elementor-element elementor-element-33e640e\" data-id=\"33e640e\" data-element_type=\"column\" data-e-type=\"column\">\n\t\t\t<div class=\"elementor-widget-wrap elementor-element-populated\">\n\t\t\t\t\t\t<div class=\"elementor-element elementor-element-d7f6d51 elementor-widget elementor-widget-html\" data-id=\"d7f6d51\" data-element_type=\"widget\" data-e-type=\"widget\" data-widget_type=\"html.default\">\n\t\t\t\t<div class=\"elementor-widget-container\">\n\t\t\t\t\t<iframe src='https:\/\/upotv.upo.es\/iframe\/magic\/pgeh8ad2fn4ogkcgkswco00gggw84gw' id='pumukitiframe' frameborder='0' border='0' width='560' height='315' allowfullscreen><\/iframe>\t\t\t\t<\/div>\n\t\t\t\t<\/div>\n\t\t\t\t<div class=\"elementor-element elementor-element-1848c3f elementor-widget elementor-widget-text-editor\" data-id=\"1848c3f\" data-element_type=\"widget\" data-e-type=\"widget\" data-widget_type=\"text-editor.default\">\n\t\t\t\t<div class=\"elementor-widget-container\">\n\t\t\t\t\t\t\t\t\t<p style=\"text-align: left;\"><span style=\"color: #800080;\">Catia Antunes<\/span>, \u00abEmpires: Public-Private Partnerships Beyond the Contractor State\u2013The Case of the &#8216;Coijmans&#8217; Asiento\u00bb<\/p><h4><\/h4>\t\t\t\t\t\t\t\t<\/div>\n\t\t\t\t<\/div>\n\t\t\t\t\t<\/div>\n\t\t<\/div>\n\t\t\t\t<div class=\"elementor-column elementor-col-50 elementor-top-column elementor-element elementor-element-2c73d6a\" data-id=\"2c73d6a\" data-element_type=\"column\" data-e-type=\"column\">\n\t\t\t<div class=\"elementor-widget-wrap elementor-element-populated\">\n\t\t\t\t\t\t<div class=\"elementor-element elementor-element-2697e83 elementor-widget elementor-widget-html\" data-id=\"2697e83\" data-element_type=\"widget\" data-e-type=\"widget\" data-widget_type=\"html.default\">\n\t\t\t\t<div class=\"elementor-widget-container\">\n\t\t\t\t\t<iframe src='https:\/\/upotv.upo.es\/iframe\/magic\/i3t7jpeh3vkks4so4kgg4sskk8ogkk0' id='pumukitiframe' frameborder='0' border='0' width='560' height='315' allowfullscreen><\/iframe>\t\t\t\t<\/div>\n\t\t\t\t<\/div>\n\t\t\t\t<div class=\"elementor-element elementor-element-7cb86ae elementor-widget elementor-widget-text-editor\" data-id=\"7cb86ae\" data-element_type=\"widget\" data-e-type=\"widget\" data-widget_type=\"text-editor.default\">\n\t\t\t\t<div class=\"elementor-widget-container\">\n\t\t\t\t\t\t\t\t\t<p style=\"text-align: left;\"><span style=\"color: #800080;\">Cristina Hern\u00e1ndez Casado<\/span>, \u00abModelo de asentistas. Jorge de Paz Silveira: hombres y mujeres de negocios durante el reinado de Felipe IV\u00bb<\/p><h4><\/h4>\t\t\t\t\t\t\t\t<\/div>\n\t\t\t\t<\/div>\n\t\t\t\t\t<\/div>\n\t\t<\/div>\n\t\t\t\t\t<\/div>\n\t\t<\/section>\n\t\t\t\t<section class=\"elementor-section elementor-top-section elementor-element elementor-element-224f44e elementor-section-boxed elementor-section-height-default elementor-section-height-default\" data-id=\"224f44e\" data-element_type=\"section\" data-e-type=\"section\" data-settings=\"{&quot;background_background&quot;:&quot;classic&quot;}\">\n\t\t\t\t\t\t<div class=\"elementor-container elementor-column-gap-default\">\n\t\t\t\t\t<div class=\"elementor-column elementor-col-50 elementor-top-column elementor-element elementor-element-99fd902\" data-id=\"99fd902\" data-element_type=\"column\" data-e-type=\"column\">\n\t\t\t<div class=\"elementor-widget-wrap elementor-element-populated\">\n\t\t\t\t\t\t<div class=\"elementor-element elementor-element-6be55fa elementor-widget elementor-widget-html\" data-id=\"6be55fa\" data-element_type=\"widget\" data-e-type=\"widget\" data-widget_type=\"html.default\">\n\t\t\t\t<div class=\"elementor-widget-container\">\n\t\t\t\t\t<iframe src='https:\/\/upotv.upo.es\/iframe\/magic\/622t9wbdtq0wwcc400wsk8co4o84sg0' id='pumukitiframe' frameborder='0' border='0' width='560' height='315' allowfullscreen><\/iframe>\t\t\t\t<\/div>\n\t\t\t\t<\/div>\n\t\t\t\t<div class=\"elementor-element elementor-element-169d1dc elementor-widget elementor-widget-text-editor\" data-id=\"169d1dc\" data-element_type=\"widget\" data-e-type=\"widget\" data-widget_type=\"text-editor.default\">\n\t\t\t\t<div class=\"elementor-widget-container\">\n\t\t\t\t\t\t\t\t\t<p style=\"text-align: left;\"><span style=\"color: #800080;\">Jes\u00fas P\u00e9rez Magall\u00f3n<\/span>, \u00abNacionalismos perif\u00e9ricos, Cervantes, 1905\u00bb<\/p><h4><\/h4>\t\t\t\t\t\t\t\t<\/div>\n\t\t\t\t<\/div>\n\t\t\t\t\t<\/div>\n\t\t<\/div>\n\t\t\t\t<div class=\"elementor-column elementor-col-50 elementor-top-column elementor-element elementor-element-612b852\" data-id=\"612b852\" data-element_type=\"column\" data-e-type=\"column\">\n\t\t\t<div class=\"elementor-widget-wrap\">\n\t\t\t\t\t\t\t<\/div>\n\t\t<\/div>\n\t\t\t\t\t<\/div>\n\t\t<\/section>\n\t\t\t\t<\/div>\n\t\t","protected":false},"excerpt":{"rendered":"<p>REXPUBLICA Transferencia Multimedia V\u00eddeos\u00a0 https:\/\/www.youtube.com\/watch?v=SH9tXLRzavE Monarqu\u00eda espa\u00f1ola y Provincias Unidas \u00bfALIADOS? Conferencia de&nbsp;Manuel Herrero para hablar sobre las relaciones hispano-neerlandesas tras la paz de Munster. Dos potencias enfrentadas durante 80 a\u00f1os \u00bfpueden convertirse en aliados? https:\/\/www.youtube.com\/watch?v=HLke-McM1f4Seminario de Historia Moderna \u00abReinventando un reinado. Nuevas propuestas y discursos historiogr\u00e1ficos sobre Carlos II [&hellip;]<\/p>\n","protected":false},"author":1,"featured_media":0,"parent":0,"menu_order":0,"comment_status":"closed","ping_status":"closed","template":"page-templates\/template-pagebuilder-full-width.php","meta":{"_themeisle_gutenberg_block_has_review":false,"footnotes":""},"class_list":["post-5049","page","type-page","status-publish","hentry"],"_links":{"self":[{"href":"https:\/\/www.upo.es\/investiga\/atlanrex\/wp-json\/wp\/v2\/pages\/5049","targetHints":{"allow":["GET"]}}],"collection":[{"href":"https:\/\/www.upo.es\/investiga\/atlanrex\/wp-json\/wp\/v2\/pages"}],"about":[{"href":"https:\/\/www.upo.es\/investiga\/atlanrex\/wp-json\/wp\/v2\/types\/page"}],"author":[{"embeddable":true,"href":"https:\/\/www.upo.es\/investiga\/atlanrex\/wp-json\/wp\/v2\/users\/1"}],"replies":[{"embeddable":true,"href":"https:\/\/www.upo.es\/investiga\/atlanrex\/wp-json\/wp\/v2\/comments?post=5049"}],"version-history":[{"count":113,"href":"https:\/\/www.upo.es\/investiga\/atlanrex\/wp-json\/wp\/v2\/pages\/5049\/revisions"}],"predecessor-version":[{"id":7216,"href":"https:\/\/www.upo.es\/investiga\/atlanrex\/wp-json\/wp\/v2\/pages\/5049\/revisions\/7216"}],"wp:attachment":[{"href":"https:\/\/www.upo.es\/investiga\/atlanrex\/wp-json\/wp\/v2\/media?parent=5049"}],"curies":[{"name":"wp","href":"https:\/\/api.w.org\/{rel}","templated":true}]}}