{"id":18,"date":"2021-03-30T13:34:47","date_gmt":"2021-03-30T13:34:47","guid":{"rendered":"https:\/\/www.upo.es\/investiga\/capacesdecomunicar\/?page_id=18"},"modified":"2021-06-07T16:37:38","modified_gmt":"2021-06-07T16:37:38","slug":"aviso-legal","status":"publish","type":"page","link":"https:\/\/www.upo.es\/investiga\/capacesdecomunicar\/aviso-legal\/","title":{"rendered":"Aviso Legal"},"content":{"rendered":"\n<p class=\"eplus-Mkexgi\">Este aviso (\u00abaviso\u00bb, \u00abacuerdo\u00bb) es un acuerdo entre el operador de esta web (\u00abOperador de la web\u00bb, \u00abnosotros\u00bb, \u00abnuestro\u00bb) y t\u00fa (\u00abusuario\u00bb, \u00abtu\u00bb). Este aviso establece las gu\u00edas generales, y t\u00e9rminos y condiciones de uso de la web <a href=\"http:\/\/comintrad.es\">capacesdecomunicar.es<\/a>, sus productos y servicios (colectivamente referidos aqu\u00ed como \u00abWeb\u00bb o \u00abServicios\u00bb).<\/p>\n\n\n\n<h2 class=\"eplus-M6OGkn wp-block-heading\">Representaci\u00f3n<\/h2>\n\n\n\n<p class=\"eplus-r3Bwtd\">Las opiniones expresadas en esta web son personales y pertenecen exclusivamente al operador de esta web y no representan a las personas, instituciones u organizaciones con las que el operador pueda estar asociado, a menos que se especifique de forma expresa. Las opiniones aqu\u00ed expresadas no pretender difamar a ninguna religi\u00f3n, grupo \u00e9tnico, organizaci\u00f3n, empresa o individuo.&nbsp;<\/p>\n\n\n\n<h2 class=\"eplus-8vs2f7 wp-block-heading\">Contenido y publicaciones<\/h2>\n\n\n\n<p class=\"eplus-zYcFtE\">Est\u00e1 permitido imprimir una copia de parte de esta web para tu uso personal pero no para uso comercial. No debes copiarla para ning\u00fan otro fin ni alterar su contenido. La inclusi\u00f3n de esta web en otro trabajo, ya sea electr\u00f3nico o en papel, est\u00e1 terminantemente prohibida sin el permiso expreso del operador de esta web.&nbsp;<\/p>\n\n\n\n<p class=\"eplus-FPhbq5\">Puedes enviar comentarios. Al subir o enviar informaci\u00f3n al operador de la web, est\u00e1s concediendo al mismo el derecho perpetuo a distribuir, mostrar, publicar, reproducir, reusar y copiar la informaci\u00f3n contenida en el mismo. No debes suplantar a ninguna otra persona a trav\u00e9s de esta web. No debes publicar contenido difamatorio, fraudulento, obsceno, amenazante, o invasivo con los derechos de privacidad de otra persona o que sea ilegal.&nbsp;<\/p>\n\n\n\n<p class=\"eplus-iq7otx\">No debes publicar contenido que infrinja los derechos de propiedad intelectual de ninguna otra persona o entidad. No debes publicar contenido que incluya ning\u00fan virus o c\u00f3digo dise\u00f1ado para da\u00f1ar o limitar el funcionamiento de ning\u00fan software o hardware.<\/p>\n\n\n\n<p class=\"eplus-MGYX4z\">Al enviar o publicar contenido en esta web, est\u00e1s otorgando al operador de la web el derecho a editar y, de ser necesario, a eliminar contenido en cualquier momento y por cualquier raz\u00f3n.&nbsp;<\/p>\n\n\n\n<h2 class=\"eplus-rDLayw wp-block-heading\">Testimonios<\/h2>\n\n\n\n<p class=\"eplus-4hpznz\">Los testimonios se reciben de distintas formas y con distintos m\u00e9todos. Los testimonios no son necesariamente representativos para todos aquellos que usen nuestros productos o servicios. El operador de la web no es responsable de las opiniones y comentarios de esta web, y no necesariamente los comparte. Las opiniones aqu\u00ed expresadas son estrictamente las de aquellos que escriben una rese\u00f1a o un post.&nbsp;<\/p>\n\n\n\n<p class=\"eplus-qCSblg\">Los testimonios que aparecen son palabras textuales con excepci\u00f3n de errores gramaticales o correciones a errores tipogr\u00e1ficos.&nbsp; Algunos testimonios pueden haber sido editados o resumidos en aquellos casos en los que el original incluyese informaci\u00f3n irrelevante para el p\u00fablico en general. Los testimonios pueden ser revisados para comprobar su autencidad antes de ser publicados para el p\u00fablico en general.&nbsp;<\/p>\n\n\n\n<h2 class=\"eplus-B1oaZf wp-block-heading\">Indemnizaci\u00f3n y garant\u00edas<\/h2>\n\n\n\n<p class=\"eplus-ZTuJqz\">El operador de la web garantiza la precisi\u00f3n, fiabilidad y exhaustividad de la informaci\u00f3n y del contenido que se distribuye o vincula, que se descarga o accede a trav\u00e9s de esta web. La informaci\u00f3n de la web es para informaci\u00f3n general y no pretende proporcional ning\u00fan tipo de asesoramiento. Adem\u00e1s, la informaci\u00f3n que aparece en esta web o que se vincula desde o con est\u00e1 sujeta a cambiar en cualquier momento y sin previo aviso.&nbsp;<\/p>\n\n\n\n<p class=\"eplus-rznGLe\">Nos reservamos el derecho a modificar este aviso relativo a la web, sus productos o servicios en cualquier momento, desde el instante en que se suba una versi\u00f3n actualizada de este aviso en la web. Cuando lo hagamos pondremos una notificaci\u00f3n en la p\u00e1gina principal de nuestra web. Si decides continuar accediendo a la misma estar\u00e1s dando tu consentimiento a dichos cambios.&nbsp;<\/p>\n\n\n\n<h2 class=\"eplus-uGndPm wp-block-heading\">Aceptaci\u00f3n de este aviso&nbsp;<\/h2>\n\n\n\n<p class=\"eplus-fP0UlS\">Reconoces haber le\u00eddo este aviso y estar de acuerdo con todos sus t\u00e9rminos y condiciones. Al acceder a esta web est\u00e1s obligado a ce\u00f1irte a este aviso. Si no lo haces, entonces no est\u00e1s autorizado a utilizar o a acceder esta web.<\/p>\n\n\n\n<h2 class=\"eplus-dVFDVR wp-block-heading\">Contacta con nosotros<\/h2>\n\n\n\n<p class=\"eplus-zxjwS8\">Si quieres contactar con nosotros para saber m\u00e1s sobre este aviso o deseas contactarnos para expresar tu preocupaci\u00f3n con respecto a alg\u00fan aspecto de esta web, puedes hacerlo mandando un email a <strong><a href=\"mailto:hola@comintrad.com\">comintrad@upo.es<\/a><\/strong><\/p>\n\n\n\n<p class=\"eplus-kmhlS8\">Este documento fue actualizado por \u00faltima vez el 1 de junio de 2021.<\/p>\n\n\n\n<p class=\"eplus-NFx5bv\">Esta Pol\u00edtica ha sido creada con <a rel=\"noreferrer noopener\" href=\"https:\/\/www.websitepolicies.com\/blog\/sample-disclaimer-template\" target=\"_blank\">WebsitePolicies<\/a> y traducida al espa\u00f1ol por <a href=\"http:\/\/www.comintrad.es\" target=\"_blank\" rel=\"noreferrer noopener\">www.comintrad.es<\/a>.<\/p>\n","protected":false},"excerpt":{"rendered":"<p>Este aviso (\u00abaviso\u00bb, \u00abacuerdo\u00bb) es un acuerdo entre el operador de esta web (\u00abOperador de la web\u00bb, \u00abnosotros\u00bb, \u00abnuestro\u00bb) y t\u00fa (\u00abusuario\u00bb, \u00abtu\u00bb). Este aviso establece las gu\u00edas&hellip;<\/p>\n","protected":false},"author":1,"featured_media":0,"parent":0,"menu_order":0,"comment_status":"closed","ping_status":"closed","template":"","meta":{"_coblocks_attr":"","_coblocks_dimensions":"","_coblocks_responsive_height":"","_coblocks_accordion_ie_support":"","_uag_custom_page_level_css":"","footnotes":""},"class_list":["post-18","page","type-page","status-publish","has-post-thumbnail","hentry"],"uagb_featured_image_src":{"full":false,"thumbnail":false,"medium":false,"medium_large":false,"large":false,"1536x1536":false,"2048x2048":false,"post-thumbnail":false,"chaplin_preview_image_low_resolution":false,"chaplin_preview_image_high_resolution":false,"chaplin_fullscreen":false},"uagb_author_info":{"display_name":"capcom","author_link":"https:\/\/www.upo.es\/investiga\/capacesdecomunicar\/author\/capcom\/"},"uagb_comment_info":0,"uagb_excerpt":"Este aviso (\u00abaviso\u00bb, \u00abacuerdo\u00bb) es un acuerdo entre el operador de esta web (\u00abOperador de la web\u00bb, \u00abnosotros\u00bb, \u00abnuestro\u00bb) y t\u00fa (\u00abusuario\u00bb, \u00abtu\u00bb). Este aviso establece las gu\u00edas&hellip;","_links":{"self":[{"href":"https:\/\/www.upo.es\/investiga\/capacesdecomunicar\/wp-json\/wp\/v2\/pages\/18","targetHints":{"allow":["GET"]}}],"collection":[{"href":"https:\/\/www.upo.es\/investiga\/capacesdecomunicar\/wp-json\/wp\/v2\/pages"}],"about":[{"href":"https:\/\/www.upo.es\/investiga\/capacesdecomunicar\/wp-json\/wp\/v2\/types\/page"}],"author":[{"embeddable":true,"href":"https:\/\/www.upo.es\/investiga\/capacesdecomunicar\/wp-json\/wp\/v2\/users\/1"}],"replies":[{"embeddable":true,"href":"https:\/\/www.upo.es\/investiga\/capacesdecomunicar\/wp-json\/wp\/v2\/comments?post=18"}],"version-history":[{"count":2,"href":"https:\/\/www.upo.es\/investiga\/capacesdecomunicar\/wp-json\/wp\/v2\/pages\/18\/revisions"}],"predecessor-version":[{"id":1762,"href":"https:\/\/www.upo.es\/investiga\/capacesdecomunicar\/wp-json\/wp\/v2\/pages\/18\/revisions\/1762"}],"wp:attachment":[{"href":"https:\/\/www.upo.es\/investiga\/capacesdecomunicar\/wp-json\/wp\/v2\/media?parent=18"}],"curies":[{"name":"wp","href":"https:\/\/api.w.org\/{rel}","templated":true}]}}