{"id":2136,"date":"2020-11-20T22:22:58","date_gmt":"2020-11-20T21:22:58","guid":{"rendered":"https:\/\/www.upo.es\/investiga\/comintrad\/actividades-copy\/"},"modified":"2023-05-14T17:21:48","modified_gmt":"2023-05-14T15:21:48","slug":"jornadas","status":"publish","type":"page","link":"https:\/\/www.upo.es\/investiga\/comintrad\/jornadas\/","title":{"rendered":"Jornadas"},"content":{"rendered":"\n<div class=\"wp-block-query is-layout-flow wp-block-query-is-layout-flow\"><ul class=\"is-flex-container columns-4 wp-block-post-template is-layout-flow wp-block-post-template-is-layout-flow\"><li class=\"wp-block-post post-6601 post type-post status-publish format-standard has-post-thumbnail hentry category-eventos category-jornadas tag-455 tag-comercio-exterior tag-comercio-internacional tag-comvence tag-congreso tag-jornadas tag-localizacion-web tag-proyecto-comvence\">\n\n<div class=\"wp-block-group has-light-background-background-color has-background\"><div class=\"wp-block-group__inner-container is-layout-constrained wp-block-group-is-layout-constrained\"><figure class=\"wp-block-post-featured-image\"><a href=\"https:\/\/www.upo.es\/investiga\/comintrad\/conreso-proyecto-comvence-intracommerce\/\" target=\"_self\"  ><img loading=\"lazy\" decoding=\"async\" width=\"1116\" height=\"1583\" src=\"https:\/\/www.upo.es\/investiga\/comintrad\/wp-content\/uploads\/2024\/10\/Cartel-Congreso-UPO.jpg\" class=\"attachment-post-thumbnail size-post-thumbnail wp-post-image\" alt=\"Congreso INTRACOMMERCE\" style=\"object-fit:cover;\" srcset=\"https:\/\/www.upo.es\/investiga\/comintrad\/wp-content\/uploads\/2024\/10\/Cartel-Congreso-UPO.jpg 1116w, https:\/\/www.upo.es\/investiga\/comintrad\/wp-content\/uploads\/2024\/10\/Cartel-Congreso-UPO-211x300.jpg 211w, https:\/\/www.upo.es\/investiga\/comintrad\/wp-content\/uploads\/2024\/10\/Cartel-Congreso-UPO-722x1024.jpg 722w, https:\/\/www.upo.es\/investiga\/comintrad\/wp-content\/uploads\/2024\/10\/Cartel-Congreso-UPO-768x1089.jpg 768w, https:\/\/www.upo.es\/investiga\/comintrad\/wp-content\/uploads\/2024\/10\/Cartel-Congreso-UPO-1083x1536.jpg 1083w, https:\/\/www.upo.es\/investiga\/comintrad\/wp-content\/uploads\/2024\/10\/Cartel-Congreso-UPO-540x766.jpg 540w, https:\/\/www.upo.es\/investiga\/comintrad\/wp-content\/uploads\/2024\/10\/Cartel-Congreso-UPO-1080x1532.jpg 1080w\" sizes=\"(max-width: 1116px) 100vw, 1116px\" \/><\/a><\/figure>\n\n<div class=\"wp-block-post-date\"><time datetime=\"2023-06-19T18:21:00+02:00\">19\/06\/2023<\/time><\/div>\n\n<h2 class=\"wp-block-post-title has-large-font-size\">Congreso INTRACOMMERCE<\/h2><\/div><\/div>\n\n<\/li><li class=\"wp-block-post post-4563 post type-post status-publish format-standard has-post-thumbnail hentry category-actividades category-eventos category-jornadas category-noticias tag-353 tag-alfasaac tag-aspace-sevilla tag-cermi-andalucia tag-comunicacion-aumentativa-y-alternativa tag-discapacidad tag-divulgacion tag-fecyt tag-fundacion-romper-barrera tag-inclusion tag-inteligencia-artificial\">\n\n<div class=\"wp-block-group has-light-background-background-color has-background\"><div class=\"wp-block-group__inner-container is-layout-constrained wp-block-group-is-layout-constrained\"><figure class=\"wp-block-post-featured-image\"><a href=\"https:\/\/www.upo.es\/investiga\/comintrad\/comintrad-clausura-capaces-de-comunicar-con-el-webinario-de-cierre-caa-y-tecnologia-de-apoyo-para-la-comunicacion-retos-de-futuro\/\" target=\"_self\"  ><img loading=\"lazy\" decoding=\"async\" width=\"1080\" height=\"729\" src=\"https:\/\/www.upo.es\/investiga\/comintrad\/wp-content\/uploads\/2021\/11\/Plantilla-Foto_Webinario.jpg\" class=\"attachment-post-thumbnail size-post-thumbnail wp-post-image\" alt=\"COMINTRAD clausura Capaces de Comunicar con el webinario de cierre \u00abCAA y Tecnolog\u00eda de apoyo para la comunicaci\u00f3n: Retos de futuro\u201d\" style=\"object-fit:cover;\" srcset=\"https:\/\/www.upo.es\/investiga\/comintrad\/wp-content\/uploads\/2021\/11\/Plantilla-Foto_Webinario.jpg 1080w, https:\/\/www.upo.es\/investiga\/comintrad\/wp-content\/uploads\/2021\/11\/Plantilla-Foto_Webinario-300x203.jpg 300w, https:\/\/www.upo.es\/investiga\/comintrad\/wp-content\/uploads\/2021\/11\/Plantilla-Foto_Webinario-1024x691.jpg 1024w, https:\/\/www.upo.es\/investiga\/comintrad\/wp-content\/uploads\/2021\/11\/Plantilla-Foto_Webinario-768x518.jpg 768w, https:\/\/www.upo.es\/investiga\/comintrad\/wp-content\/uploads\/2021\/11\/Plantilla-Foto_Webinario-540x365.jpg 540w\" sizes=\"(max-width: 1080px) 100vw, 1080px\" \/><\/a><\/figure>\n\n<div class=\"wp-block-post-date\"><time datetime=\"2021-09-09T01:45:00+02:00\">09\/09\/2021<\/time><\/div>\n\n<h2 class=\"wp-block-post-title has-large-font-size\">COMINTRAD clausura Capaces de Comunicar con el webinario de cierre \u00abCAA y Tecnolog\u00eda de apoyo para la comunicaci\u00f3n: Retos de futuro\u201d<\/h2><\/div><\/div>\n\n<\/li><li class=\"wp-block-post post-4613 post type-post status-publish format-standard has-post-thumbnail hentry category-actividades category-eventos category-jornadas category-noticias tag-353 tag-capacesdecomunicar\">\n\n<div class=\"wp-block-group has-light-background-background-color has-background\"><div class=\"wp-block-group__inner-container is-layout-constrained wp-block-group-is-layout-constrained\"><figure class=\"wp-block-post-featured-image\"><a href=\"https:\/\/www.upo.es\/investiga\/comintrad\/comintrad-inaugura-capaces-de-comunicar\/\" target=\"_self\"  ><img loading=\"lazy\" decoding=\"async\" width=\"1080\" height=\"729\" src=\"https:\/\/www.upo.es\/investiga\/comintrad\/wp-content\/uploads\/2021\/11\/Inauguracion-CDC.jpg\" class=\"attachment-post-thumbnail size-post-thumbnail wp-post-image\" alt=\"COMINTRAD inaugura Capaces de Comunicar, un proyecto de divulgaci\u00f3n cient\u00edfica sobre los \u00faltimos avances de la inteligencia artificial en el \u00e1mbito de la CAA asistida por tecnolog\u00eda financiado por la FECYT\" style=\"object-fit:cover;\" srcset=\"https:\/\/www.upo.es\/investiga\/comintrad\/wp-content\/uploads\/2021\/11\/Inauguracion-CDC.jpg 1080w, https:\/\/www.upo.es\/investiga\/comintrad\/wp-content\/uploads\/2021\/11\/Inauguracion-CDC-300x203.jpg 300w, https:\/\/www.upo.es\/investiga\/comintrad\/wp-content\/uploads\/2021\/11\/Inauguracion-CDC-1024x691.jpg 1024w, https:\/\/www.upo.es\/investiga\/comintrad\/wp-content\/uploads\/2021\/11\/Inauguracion-CDC-768x518.jpg 768w, https:\/\/www.upo.es\/investiga\/comintrad\/wp-content\/uploads\/2021\/11\/Inauguracion-CDC-540x365.jpg 540w\" sizes=\"(max-width: 1080px) 100vw, 1080px\" \/><\/a><\/figure>\n\n<div class=\"wp-block-post-date\"><time datetime=\"2021-06-22T22:34:00+02:00\">22\/06\/2021<\/time><\/div>\n\n<h2 class=\"wp-block-post-title has-large-font-size\">COMINTRAD inaugura Capaces de Comunicar, un proyecto de divulgaci\u00f3n cient\u00edfica sobre los \u00faltimos avances de la inteligencia artificial en el \u00e1mbito de la CAA asistida por tecnolog\u00eda financiado por la FECYT<\/h2><\/div><\/div>\n\n<\/li><li class=\"wp-block-post post-3879 post type-post status-publish format-standard has-post-thumbnail hentry category-jornadas tag-jornadas tag-lectura-facil tag-video\">\n\n<div class=\"wp-block-group has-light-background-background-color has-background\"><div class=\"wp-block-group__inner-container is-layout-constrained wp-block-group-is-layout-constrained\"><figure class=\"wp-block-post-featured-image\"><a href=\"https:\/\/www.upo.es\/investiga\/comintrad\/jornadas-lectura-facil\/\" target=\"_self\"  ><img loading=\"lazy\" decoding=\"async\" width=\"1024\" height=\"691\" src=\"https:\/\/www.upo.es\/investiga\/comintrad\/wp-content\/uploads\/2021\/01\/Bright-Pink-Accelerated-Reader-Poster-1024x691-1.jpg\" class=\"attachment-post-thumbnail size-post-thumbnail wp-post-image\" alt=\"Jornadas de Lectura F\u00e1cil\" style=\"object-fit:cover;\" srcset=\"https:\/\/www.upo.es\/investiga\/comintrad\/wp-content\/uploads\/2021\/01\/Bright-Pink-Accelerated-Reader-Poster-1024x691-1.jpg 1024w, https:\/\/www.upo.es\/investiga\/comintrad\/wp-content\/uploads\/2021\/01\/Bright-Pink-Accelerated-Reader-Poster-1024x691-1-300x202.jpg 300w, https:\/\/www.upo.es\/investiga\/comintrad\/wp-content\/uploads\/2021\/01\/Bright-Pink-Accelerated-Reader-Poster-1024x691-1-768x518.jpg 768w, https:\/\/www.upo.es\/investiga\/comintrad\/wp-content\/uploads\/2021\/01\/Bright-Pink-Accelerated-Reader-Poster-1024x691-1-540x364.jpg 540w\" sizes=\"(max-width: 1024px) 100vw, 1024px\" \/><\/a><\/figure>\n\n<div class=\"wp-block-post-date\"><time datetime=\"2021-01-15T10:51:00+01:00\">15\/01\/2021<\/time><\/div>\n\n<h2 class=\"wp-block-post-title has-large-font-size\">Jornadas de Lectura F\u00e1cil<\/h2><\/div><\/div>\n\n<\/li><li class=\"wp-block-post post-701 post type-post status-publish format-standard has-post-thumbnail hentry category-eventos category-jornadas tag-accesibilidad tag-inclutrad tag-traduccion-accesible\">\n\n<div class=\"wp-block-group has-light-background-background-color has-background\"><div class=\"wp-block-group__inner-container is-layout-constrained wp-block-group-is-layout-constrained\"><figure class=\"wp-block-post-featured-image\"><a href=\"https:\/\/www.upo.es\/investiga\/comintrad\/inclutrad-3\/\" target=\"_self\"  ><img loading=\"lazy\" decoding=\"async\" width=\"1080\" height=\"729\" src=\"https:\/\/www.upo.es\/investiga\/comintrad\/wp-content\/uploads\/2020\/09\/Inclutrad-2019.jpg\" class=\"attachment-post-thumbnail size-post-thumbnail wp-post-image\" alt=\"III Jornadas INCLUTRAD: Accesibilidad, Discapacidad y Traducci\u00f3n\" style=\"object-fit:cover;\" srcset=\"https:\/\/www.upo.es\/investiga\/comintrad\/wp-content\/uploads\/2020\/09\/Inclutrad-2019.jpg 1080w, https:\/\/www.upo.es\/investiga\/comintrad\/wp-content\/uploads\/2020\/09\/Inclutrad-2019-300x203.jpg 300w, https:\/\/www.upo.es\/investiga\/comintrad\/wp-content\/uploads\/2020\/09\/Inclutrad-2019-1024x691.jpg 1024w, https:\/\/www.upo.es\/investiga\/comintrad\/wp-content\/uploads\/2020\/09\/Inclutrad-2019-768x518.jpg 768w, https:\/\/www.upo.es\/investiga\/comintrad\/wp-content\/uploads\/2020\/09\/Inclutrad-2019-540x365.jpg 540w\" sizes=\"(max-width: 1080px) 100vw, 1080px\" \/><\/a><\/figure>\n\n<div class=\"wp-block-post-date\"><time datetime=\"2019-06-13T22:14:00+02:00\">13\/06\/2019<\/time><\/div>\n\n<h2 class=\"wp-block-post-title has-large-font-size\">III Jornadas INCLUTRAD: Accesibilidad, Discapacidad y Traducci\u00f3n<\/h2><\/div><\/div>\n\n<\/li><li class=\"wp-block-post post-1748 post type-post status-publish format-standard has-post-thumbnail hentry category-eventos category-jornadas category-noticias tag-232 tag-clementina-persaud-es tag-cristina-ramirez tag-liderazgo\">\n\n<div class=\"wp-block-group has-light-background-background-color has-background\"><div class=\"wp-block-group__inner-container is-layout-constrained wp-block-group-is-layout-constrained\"><figure class=\"wp-block-post-featured-image\"><a href=\"https:\/\/www.upo.es\/investiga\/comintrad\/clementina-persaud-y-cristina-ramirez-organizan-la-i-jornada-de-liderazgo-en-traduccion-e-interpretacion-de-la-upo\/\" target=\"_self\"  ><img loading=\"lazy\" decoding=\"async\" width=\"1080\" height=\"729\" src=\"https:\/\/www.upo.es\/investiga\/comintrad\/wp-content\/uploads\/2019\/04\/Jornadas-Traduccio\u0301n-y-Liderazgo-II.jpg\" class=\"attachment-post-thumbnail size-post-thumbnail wp-post-image\" alt=\"Clementina Persaud y Cristina Ram\u00edrez organizan la I Jornada de Liderazgo en Traducci\u00f3n e Interpretaci\u00f3n de la UPO\" style=\"object-fit:cover;\" srcset=\"https:\/\/www.upo.es\/investiga\/comintrad\/wp-content\/uploads\/2019\/04\/Jornadas-Traduccio\u0301n-y-Liderazgo-II.jpg 1080w, https:\/\/www.upo.es\/investiga\/comintrad\/wp-content\/uploads\/2019\/04\/Jornadas-Traduccio\u0301n-y-Liderazgo-II-300x203.jpg 300w, https:\/\/www.upo.es\/investiga\/comintrad\/wp-content\/uploads\/2019\/04\/Jornadas-Traduccio\u0301n-y-Liderazgo-II-1024x691.jpg 1024w, https:\/\/www.upo.es\/investiga\/comintrad\/wp-content\/uploads\/2019\/04\/Jornadas-Traduccio\u0301n-y-Liderazgo-II-768x518.jpg 768w, https:\/\/www.upo.es\/investiga\/comintrad\/wp-content\/uploads\/2019\/04\/Jornadas-Traduccio\u0301n-y-Liderazgo-II-540x365.jpg 540w\" sizes=\"(max-width: 1080px) 100vw, 1080px\" \/><\/a><\/figure>\n\n<div class=\"wp-block-post-date\"><time datetime=\"2019-04-09T19:55:00+02:00\">09\/04\/2019<\/time><\/div>\n\n<h2 class=\"wp-block-post-title has-large-font-size\">Clementina Persaud y Cristina Ram\u00edrez organizan la I Jornada de Liderazgo en Traducci\u00f3n e Interpretaci\u00f3n de la UPO<\/h2><\/div><\/div>\n\n<\/li><li class=\"wp-block-post post-1706 post type-post status-publish format-standard has-post-thumbnail hentry category-eventos category-jornadas category-noticias tag-232 tag-accesibilidad tag-ana-medina-es tag-comunicacion-aumentativa tag-traduccion-accesible\">\n\n<div class=\"wp-block-group has-light-background-background-color has-background\"><div class=\"wp-block-group__inner-container is-layout-constrained wp-block-group-is-layout-constrained\"><figure class=\"wp-block-post-featured-image\"><a href=\"https:\/\/www.upo.es\/investiga\/comintrad\/ana-medina-reguera-participa-en-las-jornadas-sobre-integracion-y-accesibilidad-de-la-universidad-de-sevilla\/\" target=\"_self\"  ><img loading=\"lazy\" decoding=\"async\" width=\"1080\" height=\"729\" src=\"https:\/\/www.upo.es\/investiga\/comintrad\/wp-content\/uploads\/2019\/02\/Cartel-integracion-y-accesibilidad.jpg\" class=\"attachment-post-thumbnail size-post-thumbnail wp-post-image\" alt=\"Ana Medina Reguera participa en las Jornadas sobre integraci\u00f3n y accesibilidad de la Universidad de Sevilla\" style=\"object-fit:cover;\" srcset=\"https:\/\/www.upo.es\/investiga\/comintrad\/wp-content\/uploads\/2019\/02\/Cartel-integracion-y-accesibilidad.jpg 1080w, https:\/\/www.upo.es\/investiga\/comintrad\/wp-content\/uploads\/2019\/02\/Cartel-integracion-y-accesibilidad-300x203.jpg 300w, https:\/\/www.upo.es\/investiga\/comintrad\/wp-content\/uploads\/2019\/02\/Cartel-integracion-y-accesibilidad-1024x691.jpg 1024w, https:\/\/www.upo.es\/investiga\/comintrad\/wp-content\/uploads\/2019\/02\/Cartel-integracion-y-accesibilidad-768x518.jpg 768w, https:\/\/www.upo.es\/investiga\/comintrad\/wp-content\/uploads\/2019\/02\/Cartel-integracion-y-accesibilidad-540x365.jpg 540w\" sizes=\"(max-width: 1080px) 100vw, 1080px\" \/><\/a><\/figure>\n\n<div class=\"wp-block-post-date\"><time datetime=\"2019-02-22T19:28:11+01:00\">22\/02\/2019<\/time><\/div>\n\n<h2 class=\"wp-block-post-title has-large-font-size\">Ana Medina Reguera participa en las Jornadas sobre integraci\u00f3n y accesibilidad de la Universidad de Sevilla<\/h2><\/div><\/div>\n\n<\/li><li class=\"wp-block-post post-1753 post type-post status-publish format-standard has-post-thumbnail hentry category-actividades category-eventos category-jornadas category-noticias tag-232 tag-clementina-persaud-es tag-hanan-saleh-hussain tag-interculturalidad tag-mediacion tag-mediacion-linguistica\">\n\n<div class=\"wp-block-group has-light-background-background-color has-background\"><div class=\"wp-block-group__inner-container is-layout-constrained wp-block-group-is-layout-constrained\"><figure class=\"wp-block-post-featured-image\"><a href=\"https:\/\/www.upo.es\/investiga\/comintrad\/clementina-persaud-y-hanan-saleh-hussain-organizan-la-i-jornada-de-mediacion-intercultural-e-interlinguistica\/\" target=\"_self\"  ><img loading=\"lazy\" decoding=\"async\" width=\"1080\" height=\"729\" src=\"https:\/\/www.upo.es\/investiga\/comintrad\/wp-content\/uploads\/2019\/02\/Jornadas-de-Mediacio\u0301n-Intercultural-e-Interlingu\u0308i\u0301stica.jpg\" class=\"attachment-post-thumbnail size-post-thumbnail wp-post-image\" alt=\"Clementina Persaud y Hanan Saleh Hussain organizan las I Jornadas de Mediaci\u00f3n Intercultural e Interling\u00fc\u00edstica\" style=\"object-fit:cover;\" srcset=\"https:\/\/www.upo.es\/investiga\/comintrad\/wp-content\/uploads\/2019\/02\/Jornadas-de-Mediacio\u0301n-Intercultural-e-Interlingu\u0308i\u0301stica.jpg 1080w, https:\/\/www.upo.es\/investiga\/comintrad\/wp-content\/uploads\/2019\/02\/Jornadas-de-Mediacio\u0301n-Intercultural-e-Interlingu\u0308i\u0301stica-300x203.jpg 300w, https:\/\/www.upo.es\/investiga\/comintrad\/wp-content\/uploads\/2019\/02\/Jornadas-de-Mediacio\u0301n-Intercultural-e-Interlingu\u0308i\u0301stica-1024x691.jpg 1024w, https:\/\/www.upo.es\/investiga\/comintrad\/wp-content\/uploads\/2019\/02\/Jornadas-de-Mediacio\u0301n-Intercultural-e-Interlingu\u0308i\u0301stica-768x518.jpg 768w, https:\/\/www.upo.es\/investiga\/comintrad\/wp-content\/uploads\/2019\/02\/Jornadas-de-Mediacio\u0301n-Intercultural-e-Interlingu\u0308i\u0301stica-540x365.jpg 540w\" sizes=\"(max-width: 1080px) 100vw, 1080px\" \/><\/a><\/figure>\n\n<div class=\"wp-block-post-date\"><time datetime=\"2019-02-12T20:17:00+01:00\">12\/02\/2019<\/time><\/div>\n\n<h2 class=\"wp-block-post-title has-large-font-size\">Clementina Persaud y Hanan Saleh Hussain organizan las I Jornadas de Mediaci\u00f3n Intercultural e Interling\u00fc\u00edstica<\/h2><\/div><\/div>\n\n<\/li><li class=\"wp-block-post post-830 post type-post status-publish format-standard has-post-thumbnail hentry category-eventos category-jornadas category-noticias tag-234 tag-ana-medina-es tag-comercio-electronico tag-comercio-exterior tag-localizacion-web tag-proyecto-comintrad\">\n\n<div class=\"wp-block-group has-light-background-background-color has-background\"><div class=\"wp-block-group__inner-container is-layout-constrained wp-block-group-is-layout-constrained\"><figure class=\"wp-block-post-featured-image\"><a href=\"https:\/\/www.upo.es\/investiga\/comintrad\/ana-medina-reguera-presenta-el-proyecto-comintrad-en-las-jornadas-como-aumentar-las-ventas-en-el-exterior-gestion-multilingue-e-intercultural\/\" target=\"_self\"  ><img loading=\"lazy\" decoding=\"async\" width=\"1080\" height=\"729\" src=\"https:\/\/www.upo.es\/investiga\/comintrad\/wp-content\/uploads\/2014\/11\/Logo-Comintrad-Prueba-Rosa-3.jpg\" class=\"attachment-post-thumbnail size-post-thumbnail wp-post-image\" alt=\"Ana Medina Reguera presenta el proyecto COMINTRAD en las Jornadas C\u00f3mo aumentar las ventas en el exterior\" style=\"object-fit:cover;\" srcset=\"https:\/\/www.upo.es\/investiga\/comintrad\/wp-content\/uploads\/2014\/11\/Logo-Comintrad-Prueba-Rosa-3.jpg 1080w, https:\/\/www.upo.es\/investiga\/comintrad\/wp-content\/uploads\/2014\/11\/Logo-Comintrad-Prueba-Rosa-3-300x203.jpg 300w, https:\/\/www.upo.es\/investiga\/comintrad\/wp-content\/uploads\/2014\/11\/Logo-Comintrad-Prueba-Rosa-3-1024x691.jpg 1024w, https:\/\/www.upo.es\/investiga\/comintrad\/wp-content\/uploads\/2014\/11\/Logo-Comintrad-Prueba-Rosa-3-768x518.jpg 768w, https:\/\/www.upo.es\/investiga\/comintrad\/wp-content\/uploads\/2014\/11\/Logo-Comintrad-Prueba-Rosa-3-540x365.jpg 540w\" sizes=\"(max-width: 1080px) 100vw, 1080px\" \/><\/a><\/figure>\n\n<div class=\"wp-block-post-date\"><time datetime=\"2018-04-09T19:45:00+02:00\">09\/04\/2018<\/time><\/div>\n\n<h2 class=\"wp-block-post-title has-large-font-size\">Ana Medina Reguera presenta el proyecto COMINTRAD en las Jornadas C\u00f3mo aumentar las ventas en el exterior<\/h2><\/div><\/div>\n\n<\/li><li class=\"wp-block-post post-1695 post type-post status-publish format-standard has-post-thumbnail hentry category-eventos category-jornadas category-noticias tag-234 tag-ana-medina-es tag-ele\">\n\n<div class=\"wp-block-group has-light-background-background-color has-background\"><div class=\"wp-block-group__inner-container is-layout-constrained wp-block-group-is-layout-constrained\"><figure class=\"wp-block-post-featured-image\"><a href=\"https:\/\/www.upo.es\/investiga\/comintrad\/ana-medina-reguera-participa-en-la-xiv-jornada-de-formacion-para-profesores-de-espanol\/\" target=\"_self\"  ><img loading=\"lazy\" decoding=\"async\" width=\"1080\" height=\"729\" src=\"https:\/\/www.upo.es\/investiga\/comintrad\/wp-content\/uploads\/2020\/02\/Ana-Medina-Edinumen.jpg\" class=\"attachment-post-thumbnail size-post-thumbnail wp-post-image\" alt=\"Ana Medina Reguera participa en la XIV Jornada de Formaci\u00f3n para Profesores de Espa\u00f1ol de Edinumen\" style=\"object-fit:cover;\" srcset=\"https:\/\/www.upo.es\/investiga\/comintrad\/wp-content\/uploads\/2020\/02\/Ana-Medina-Edinumen.jpg 1080w, https:\/\/www.upo.es\/investiga\/comintrad\/wp-content\/uploads\/2020\/02\/Ana-Medina-Edinumen-300x203.jpg 300w, https:\/\/www.upo.es\/investiga\/comintrad\/wp-content\/uploads\/2020\/02\/Ana-Medina-Edinumen-1024x691.jpg 1024w, https:\/\/www.upo.es\/investiga\/comintrad\/wp-content\/uploads\/2020\/02\/Ana-Medina-Edinumen-768x518.jpg 768w, https:\/\/www.upo.es\/investiga\/comintrad\/wp-content\/uploads\/2020\/02\/Ana-Medina-Edinumen-540x365.jpg 540w\" sizes=\"(max-width: 1080px) 100vw, 1080px\" \/><\/a><\/figure>\n\n<div class=\"wp-block-post-date\"><time datetime=\"2018-02-24T19:16:00+01:00\">24\/02\/2018<\/time><\/div>\n\n<h2 class=\"wp-block-post-title has-large-font-size\">Ana Medina Reguera participa en la XIV Jornada de Formaci\u00f3n para Profesores de Espa\u00f1ol de Edinumen<\/h2><\/div><\/div>\n\n<\/li><li class=\"wp-block-post post-699 post type-post status-publish format-standard has-post-thumbnail hentry category-eventos category-jornadas tag-alice-stender tag-ana-medina-es tag-christiane-limbach tag-discapacidad tag-inclusion tag-inclutrad tag-jornadas tag-traduccion-accesible\">\n\n<div class=\"wp-block-group has-light-background-background-color has-background\"><div class=\"wp-block-group__inner-container is-layout-constrained wp-block-group-is-layout-constrained\"><figure class=\"wp-block-post-featured-image\"><a href=\"https:\/\/www.upo.es\/investiga\/comintrad\/inclutrad-2\/\" target=\"_self\"  ><img loading=\"lazy\" decoding=\"async\" width=\"1080\" height=\"729\" src=\"https:\/\/www.upo.es\/investiga\/comintrad\/wp-content\/uploads\/2020\/09\/Inclutrad-2.jpg\" class=\"attachment-post-thumbnail size-post-thumbnail wp-post-image\" alt=\"II Jornadas INCLUTRAD: traducci\u00f3n, inclusi\u00f3n y discapacidad\" style=\"object-fit:cover;\" srcset=\"https:\/\/www.upo.es\/investiga\/comintrad\/wp-content\/uploads\/2020\/09\/Inclutrad-2.jpg 1080w, https:\/\/www.upo.es\/investiga\/comintrad\/wp-content\/uploads\/2020\/09\/Inclutrad-2-300x203.jpg 300w, https:\/\/www.upo.es\/investiga\/comintrad\/wp-content\/uploads\/2020\/09\/Inclutrad-2-1024x691.jpg 1024w, https:\/\/www.upo.es\/investiga\/comintrad\/wp-content\/uploads\/2020\/09\/Inclutrad-2-768x518.jpg 768w, https:\/\/www.upo.es\/investiga\/comintrad\/wp-content\/uploads\/2020\/09\/Inclutrad-2-540x365.jpg 540w\" sizes=\"(max-width: 1080px) 100vw, 1080px\" \/><\/a><\/figure>\n\n<div class=\"wp-block-post-date\"><time datetime=\"2017-12-01T22:14:20+01:00\">01\/12\/2017<\/time><\/div>\n\n<h2 class=\"wp-block-post-title has-large-font-size\">II Jornadas INCLUTRAD: traducci\u00f3n, inclusi\u00f3n y discapacidad<\/h2><\/div><\/div>\n\n<\/li><li class=\"wp-block-post post-312 post type-post status-publish format-standard has-post-thumbnail hentry category-eventos category-jornadas tag-ana-medina-es tag-discapacidad tag-inclusion tag-inclutrad tag-traduccion-accesible\">\n\n<div class=\"wp-block-group has-light-background-background-color has-background\"><div class=\"wp-block-group__inner-container is-layout-constrained wp-block-group-is-layout-constrained\"><figure class=\"wp-block-post-featured-image\"><a href=\"https:\/\/www.upo.es\/investiga\/comintrad\/inclutrad-1\/\" target=\"_self\"  ><img loading=\"lazy\" decoding=\"async\" width=\"1080\" height=\"729\" src=\"https:\/\/www.upo.es\/investiga\/comintrad\/wp-content\/uploads\/2020\/09\/Inclutrad1.jpg\" class=\"attachment-post-thumbnail size-post-thumbnail wp-post-image\" alt=\"I Jornadas INCLUTRAD: traducci\u00f3n, inclusi\u00f3n y discapacidad\" style=\"object-fit:cover;\" srcset=\"https:\/\/www.upo.es\/investiga\/comintrad\/wp-content\/uploads\/2020\/09\/Inclutrad1.jpg 1080w, https:\/\/www.upo.es\/investiga\/comintrad\/wp-content\/uploads\/2020\/09\/Inclutrad1-300x203.jpg 300w, https:\/\/www.upo.es\/investiga\/comintrad\/wp-content\/uploads\/2020\/09\/Inclutrad1-1024x691.jpg 1024w, https:\/\/www.upo.es\/investiga\/comintrad\/wp-content\/uploads\/2020\/09\/Inclutrad1-768x518.jpg 768w, https:\/\/www.upo.es\/investiga\/comintrad\/wp-content\/uploads\/2020\/09\/Inclutrad1-540x365.jpg 540w\" sizes=\"(max-width: 1080px) 100vw, 1080px\" \/><\/a><\/figure>\n\n<div class=\"wp-block-post-date\"><time datetime=\"2016-06-24T22:14:43+02:00\">24\/06\/2016<\/time><\/div>\n\n<h2 class=\"wp-block-post-title has-large-font-size\">I Jornadas INCLUTRAD: traducci\u00f3n, inclusi\u00f3n y discapacidad<\/h2><\/div><\/div>\n\n<\/li><\/ul>\n\n\n\n<\/div>\n","protected":false},"excerpt":{"rendered":"","protected":false},"author":1,"featured_media":0,"parent":0,"menu_order":0,"comment_status":"closed","ping_status":"closed","template":"template-full-width.php","meta":{"footnotes":""},"class_list":["post-2136","page","type-page","status-publish","has-post-thumbnail","hentry"],"_links":{"self":[{"href":"https:\/\/www.upo.es\/investiga\/comintrad\/wp-json\/wp\/v2\/pages\/2136"}],"collection":[{"href":"https:\/\/www.upo.es\/investiga\/comintrad\/wp-json\/wp\/v2\/pages"}],"about":[{"href":"https:\/\/www.upo.es\/investiga\/comintrad\/wp-json\/wp\/v2\/types\/page"}],"author":[{"embeddable":true,"href":"https:\/\/www.upo.es\/investiga\/comintrad\/wp-json\/wp\/v2\/users\/1"}],"replies":[{"embeddable":true,"href":"https:\/\/www.upo.es\/investiga\/comintrad\/wp-json\/wp\/v2\/comments?post=2136"}],"version-history":[{"count":11,"href":"https:\/\/www.upo.es\/investiga\/comintrad\/wp-json\/wp\/v2\/pages\/2136\/revisions"}],"predecessor-version":[{"id":5764,"href":"https:\/\/www.upo.es\/investiga\/comintrad\/wp-json\/wp\/v2\/pages\/2136\/revisions\/5764"}],"wp:attachment":[{"href":"https:\/\/www.upo.es\/investiga\/comintrad\/wp-json\/wp\/v2\/media?parent=2136"}],"curies":[{"name":"wp","href":"https:\/\/api.w.org\/{rel}","templated":true}]}}