{"id":291,"date":"2020-08-26T19:13:36","date_gmt":"2020-08-26T17:13:36","guid":{"rendered":"https:\/\/www.upo.es\/investiga\/comintrad\/?page_id=291"},"modified":"2023-05-17T18:22:18","modified_gmt":"2023-05-17T16:22:18","slug":"noticias","status":"publish","type":"page","link":"https:\/\/www.upo.es\/investiga\/comintrad\/noticias\/","title":{"rendered":"Noticias del grupo COMINTRAD"},"content":{"rendered":"\n<div class=\"wp-block-query alignwide is-layout-flow wp-block-query-is-layout-flow\"><ul class=\"is-flex-container columns-4 wp-block-post-template is-layout-flow wp-block-post-template-is-layout-flow\"><li class=\"wp-block-post post-6969 post type-post status-publish format-standard has-post-thumbnail hentry category-noticias tag-512 tag-accesibilidad tag-accesibilidad-cognitiva tag-casariche tag-comunicacion-clara tag-lectura-facil tag-lenguaje-claro tag-museos tag-patrimonio-cultural tag-transferencia\">\n\n<div class=\"wp-block-group\"><div class=\"wp-block-group__inner-container is-layout-constrained wp-block-group-is-layout-constrained\">\n<div class=\"wp-block-group has-light-background-background-color has-background\"><div class=\"wp-block-group__inner-container is-layout-constrained wp-block-group-is-layout-constrained\"><figure class=\"wp-block-post-featured-image\"><a href=\"https:\/\/www.upo.es\/investiga\/comintrad\/comintrad-jornada-de-patrimonio-local-2026-casariche\/\" target=\"_self\"  ><img loading=\"lazy\" decoding=\"async\" width=\"1080\" height=\"729\" src=\"https:\/\/www.upo.es\/investiga\/comintrad\/wp-content\/uploads\/2026\/04\/CARTEL-JORNADAS_2026_resize.jpg\" class=\"attachment-post-thumbnail size-post-thumbnail wp-post-image\" alt=\"Comintrad participa en las jornadas \u00abEl museo como agente de transformaci\u00f3n social, inclusivo, accesible y sostenible\u00bb\" style=\"object-fit:cover;\" srcset=\"https:\/\/www.upo.es\/investiga\/comintrad\/wp-content\/uploads\/2026\/04\/CARTEL-JORNADAS_2026_resize.jpg 1080w, https:\/\/www.upo.es\/investiga\/comintrad\/wp-content\/uploads\/2026\/04\/CARTEL-JORNADAS_2026_resize-300x203.jpg 300w, https:\/\/www.upo.es\/investiga\/comintrad\/wp-content\/uploads\/2026\/04\/CARTEL-JORNADAS_2026_resize-1024x691.jpg 1024w, https:\/\/www.upo.es\/investiga\/comintrad\/wp-content\/uploads\/2026\/04\/CARTEL-JORNADAS_2026_resize-768x518.jpg 768w, https:\/\/www.upo.es\/investiga\/comintrad\/wp-content\/uploads\/2026\/04\/CARTEL-JORNADAS_2026_resize-540x365.jpg 540w\" sizes=\"(max-width: 1080px) 100vw, 1080px\" \/><\/a><\/figure>\n\n\n<div class=\"wp-block-group\"><div class=\"wp-block-group__inner-container is-layout-constrained wp-block-group-is-layout-constrained\"><div class=\"wp-block-post-date\"><time datetime=\"2026-04-14T12:37:27+02:00\">14\/04\/2026<\/time><\/div>\n\n<h2 class=\"wp-block-post-title has-large-font-size\">Comintrad participa en las jornadas \u00abEl museo como agente de transformaci\u00f3n social, inclusivo, accesible y sostenible\u00bb<\/h2><\/div><\/div>\n<\/div><\/div>\n<\/div><\/div>\n\n<\/li><li class=\"wp-block-post post-6958 post type-post status-publish format-standard has-post-thumbnail hentry category-noticias tag-512 tag-alfasaac tag-ana-medina-es tag-saac tag-sistemas-aumentativos\">\n\n<div class=\"wp-block-group\"><div class=\"wp-block-group__inner-container is-layout-constrained wp-block-group-is-layout-constrained\">\n<div class=\"wp-block-group has-light-background-background-color has-background\"><div class=\"wp-block-group__inner-container is-layout-constrained wp-block-group-is-layout-constrained\"><figure class=\"wp-block-post-featured-image\"><a href=\"https:\/\/www.upo.es\/investiga\/comintrad\/el-profesorado-de-la-provincia-se-forma-en-sistemas-alternativos-de-comunicacion-en-el-curso-del-cep-osuna-ecija\/\" target=\"_self\"  ><img loading=\"lazy\" decoding=\"async\" width=\"1080\" height=\"729\" src=\"https:\/\/www.upo.es\/investiga\/comintrad\/wp-content\/uploads\/2026\/03\/Sin-titulo-1080-\u00d7-729-px-27.jpg\" class=\"attachment-post-thumbnail size-post-thumbnail wp-post-image\" alt=\"El profesorado de la provincia se forma en sistemas alternativos de comunicaci\u00f3n en el curso del CEP Osuna-\u00c9cija\" style=\"object-fit:cover;\" srcset=\"https:\/\/www.upo.es\/investiga\/comintrad\/wp-content\/uploads\/2026\/03\/Sin-titulo-1080-\u00d7-729-px-27.jpg 1080w, https:\/\/www.upo.es\/investiga\/comintrad\/wp-content\/uploads\/2026\/03\/Sin-titulo-1080-\u00d7-729-px-27-300x203.jpg 300w, https:\/\/www.upo.es\/investiga\/comintrad\/wp-content\/uploads\/2026\/03\/Sin-titulo-1080-\u00d7-729-px-27-1024x691.jpg 1024w, https:\/\/www.upo.es\/investiga\/comintrad\/wp-content\/uploads\/2026\/03\/Sin-titulo-1080-\u00d7-729-px-27-768x518.jpg 768w, https:\/\/www.upo.es\/investiga\/comintrad\/wp-content\/uploads\/2026\/03\/Sin-titulo-1080-\u00d7-729-px-27-540x365.jpg 540w\" sizes=\"(max-width: 1080px) 100vw, 1080px\" \/><\/a><\/figure>\n\n\n<div class=\"wp-block-group\"><div class=\"wp-block-group__inner-container is-layout-constrained wp-block-group-is-layout-constrained\"><div class=\"wp-block-post-date\"><time datetime=\"2026-02-27T17:51:20+01:00\">27\/02\/2026<\/time><\/div>\n\n<h2 class=\"wp-block-post-title has-large-font-size\">El profesorado de la provincia se forma en sistemas alternativos de comunicaci\u00f3n en el curso del CEP Osuna-\u00c9cija<\/h2><\/div><\/div>\n<\/div><\/div>\n<\/div><\/div>\n\n<\/li><li class=\"wp-block-post post-6953 post type-post status-publish format-standard has-post-thumbnail hentry category-noticias tag-512 tag-accesibilidad tag-ana-medina-es tag-traduccion-accesible\">\n\n<div class=\"wp-block-group\"><div class=\"wp-block-group__inner-container is-layout-constrained wp-block-group-is-layout-constrained\">\n<div class=\"wp-block-group has-light-background-background-color has-background\"><div class=\"wp-block-group__inner-container is-layout-constrained wp-block-group-is-layout-constrained\"><figure class=\"wp-block-post-featured-image\"><a href=\"https:\/\/www.upo.es\/investiga\/comintrad\/ana-medina-participa-en-la-mesa-redonda-la-inclusion-en-la-upo-medidas-e-iniciativas-para-mejorar-su-inclusion-como-un-deber-de-justicia-del-dia-upo-justicia-e-inclusion-social\/\" target=\"_self\"  ><img loading=\"lazy\" decoding=\"async\" width=\"1600\" height=\"1200\" src=\"https:\/\/www.upo.es\/investiga\/comintrad\/wp-content\/uploads\/2026\/02\/Imagen-mesa-redonda-Ana.jpeg\" class=\"attachment-post-thumbnail size-post-thumbnail wp-post-image\" alt=\"Ana Medina participa en la mesa redonda \u00abLa inclusi\u00f3n en la UPO, medidas e iniciativas para mejorar su inclusi\u00f3n, como un deber de justicia\u00bb del D\u00eda UPO: Justicia e inclusi\u00f3n social\" style=\"object-fit:cover;\" srcset=\"https:\/\/www.upo.es\/investiga\/comintrad\/wp-content\/uploads\/2026\/02\/Imagen-mesa-redonda-Ana.jpeg 1600w, https:\/\/www.upo.es\/investiga\/comintrad\/wp-content\/uploads\/2026\/02\/Imagen-mesa-redonda-Ana-300x225.jpeg 300w, https:\/\/www.upo.es\/investiga\/comintrad\/wp-content\/uploads\/2026\/02\/Imagen-mesa-redonda-Ana-1024x768.jpeg 1024w, https:\/\/www.upo.es\/investiga\/comintrad\/wp-content\/uploads\/2026\/02\/Imagen-mesa-redonda-Ana-768x576.jpeg 768w, https:\/\/www.upo.es\/investiga\/comintrad\/wp-content\/uploads\/2026\/02\/Imagen-mesa-redonda-Ana-1536x1152.jpeg 1536w, https:\/\/www.upo.es\/investiga\/comintrad\/wp-content\/uploads\/2026\/02\/Imagen-mesa-redonda-Ana-540x405.jpeg 540w, https:\/\/www.upo.es\/investiga\/comintrad\/wp-content\/uploads\/2026\/02\/Imagen-mesa-redonda-Ana-1080x810.jpeg 1080w\" sizes=\"(max-width: 1600px) 100vw, 1600px\" \/><\/a><\/figure>\n\n\n<div class=\"wp-block-group\"><div class=\"wp-block-group__inner-container is-layout-constrained wp-block-group-is-layout-constrained\"><div class=\"wp-block-post-date\"><time datetime=\"2026-02-19T14:00:00+01:00\">19\/02\/2026<\/time><\/div>\n\n<h2 class=\"wp-block-post-title has-large-font-size\">Ana Medina participa en la mesa redonda \u00abLa inclusi\u00f3n en la UPO, medidas e iniciativas para mejorar su inclusi\u00f3n, como un deber de justicia\u00bb del D\u00eda UPO: Justicia e inclusi\u00f3n social<\/h2><\/div><\/div>\n<\/div><\/div>\n<\/div><\/div>\n\n<\/li><li class=\"wp-block-post post-6898 post type-post status-publish format-standard has-post-thumbnail hentry category-noticias tag-512 tag-accesibilidad tag-accesibilidad-cognitiva tag-alice-stender tag-ana-medina-es tag-carmen-alvarez tag-carmen-moreno tag-desiree-aviles tag-lectura-facil tag-patricia-balaguer tag-sergio-espana tag-traduccion-accesible tag-transferencia\">\n\n<div class=\"wp-block-group\"><div class=\"wp-block-group__inner-container is-layout-constrained wp-block-group-is-layout-constrained\">\n<div class=\"wp-block-group has-light-background-background-color has-background\"><div class=\"wp-block-group__inner-container is-layout-constrained wp-block-group-is-layout-constrained\"><figure class=\"wp-block-post-featured-image\"><a href=\"https:\/\/www.upo.es\/investiga\/comintrad\/comintrad-organiza-el-escape-room-de-lectura-facil-para-el-dia-upo-justicia-e-inclusion-social\/\" target=\"_self\"  ><img loading=\"lazy\" decoding=\"async\" width=\"1600\" height=\"1245\" src=\"https:\/\/www.upo.es\/investiga\/comintrad\/wp-content\/uploads\/2026\/02\/Foto-grupo-COMINTRAD-Escape-Room.jpeg\" class=\"attachment-post-thumbnail size-post-thumbnail wp-post-image\" alt=\"COMINTRAD organiza un Escape Room de Lectura F\u00e1cil para el \u00abD\u00eda UPO: Justicia e Inclusi\u00f3n Social\u00bb\" style=\"object-fit:cover;\" srcset=\"https:\/\/www.upo.es\/investiga\/comintrad\/wp-content\/uploads\/2026\/02\/Foto-grupo-COMINTRAD-Escape-Room.jpeg 1600w, https:\/\/www.upo.es\/investiga\/comintrad\/wp-content\/uploads\/2026\/02\/Foto-grupo-COMINTRAD-Escape-Room-300x233.jpeg 300w, https:\/\/www.upo.es\/investiga\/comintrad\/wp-content\/uploads\/2026\/02\/Foto-grupo-COMINTRAD-Escape-Room-1024x797.jpeg 1024w, https:\/\/www.upo.es\/investiga\/comintrad\/wp-content\/uploads\/2026\/02\/Foto-grupo-COMINTRAD-Escape-Room-768x598.jpeg 768w, https:\/\/www.upo.es\/investiga\/comintrad\/wp-content\/uploads\/2026\/02\/Foto-grupo-COMINTRAD-Escape-Room-1536x1195.jpeg 1536w, https:\/\/www.upo.es\/investiga\/comintrad\/wp-content\/uploads\/2026\/02\/Foto-grupo-COMINTRAD-Escape-Room-540x420.jpeg 540w, https:\/\/www.upo.es\/investiga\/comintrad\/wp-content\/uploads\/2026\/02\/Foto-grupo-COMINTRAD-Escape-Room-1080x840.jpeg 1080w\" sizes=\"(max-width: 1600px) 100vw, 1600px\" \/><\/a><\/figure>\n\n\n<div class=\"wp-block-group\"><div class=\"wp-block-group__inner-container is-layout-constrained wp-block-group-is-layout-constrained\"><div class=\"wp-block-post-date\"><time datetime=\"2026-02-19T13:00:00+01:00\">19\/02\/2026<\/time><\/div>\n\n<h2 class=\"wp-block-post-title has-large-font-size\">COMINTRAD organiza un Escape Room de Lectura F\u00e1cil para el \u00abD\u00eda UPO: Justicia e Inclusi\u00f3n Social\u00bb<\/h2><\/div><\/div>\n<\/div><\/div>\n<\/div><\/div>\n\n<\/li><li class=\"wp-block-post post-6877 post type-post status-publish format-standard has-post-thumbnail hentry category-noticias tag-512 tag-ana-medina-es tag-lectura-facil tag-publicaciones tag-traduccion-accesible\">\n\n<div class=\"wp-block-group\"><div class=\"wp-block-group__inner-container is-layout-constrained wp-block-group-is-layout-constrained\">\n<div class=\"wp-block-group has-light-background-background-color has-background\"><div class=\"wp-block-group__inner-container is-layout-constrained wp-block-group-is-layout-constrained\"><figure class=\"wp-block-post-featured-image\"><a href=\"https:\/\/www.upo.es\/investiga\/comintrad\/publicacion-del-libro-materias-universitarias-accesibles-a-personas-con-discapacidad-intelectual-traduccion-a-lectura-facil-coordinado-por-ana-medina\/\" target=\"_self\"  ><img loading=\"lazy\" decoding=\"async\" width=\"729\" height=\"1080\" src=\"https:\/\/www.upo.es\/investiga\/comintrad\/wp-content\/uploads\/2026\/02\/Portada-Materias-universitarias-LF-1.jpg\" class=\"attachment-post-thumbnail size-post-thumbnail wp-post-image\" alt=\"Publicaci\u00f3n del libro \u00abMaterias universitarias accesibles a personas con discapacidad intelectual: Traducci\u00f3n a lectura f\u00e1cil\u00bb\" style=\"object-fit:cover;\" srcset=\"https:\/\/www.upo.es\/investiga\/comintrad\/wp-content\/uploads\/2026\/02\/Portada-Materias-universitarias-LF-1.jpg 729w, https:\/\/www.upo.es\/investiga\/comintrad\/wp-content\/uploads\/2026\/02\/Portada-Materias-universitarias-LF-1-203x300.jpg 203w, https:\/\/www.upo.es\/investiga\/comintrad\/wp-content\/uploads\/2026\/02\/Portada-Materias-universitarias-LF-1-691x1024.jpg 691w, https:\/\/www.upo.es\/investiga\/comintrad\/wp-content\/uploads\/2026\/02\/Portada-Materias-universitarias-LF-1-540x800.jpg 540w\" sizes=\"(max-width: 729px) 100vw, 729px\" \/><\/a><\/figure>\n\n\n<div class=\"wp-block-group\"><div class=\"wp-block-group__inner-container is-layout-constrained wp-block-group-is-layout-constrained\"><div class=\"wp-block-post-date\"><time datetime=\"2026-02-12T12:33:00+01:00\">12\/02\/2026<\/time><\/div>\n\n<h2 class=\"wp-block-post-title has-large-font-size\">Publicaci\u00f3n del libro \u00abMaterias universitarias accesibles a personas con discapacidad intelectual: Traducci\u00f3n a lectura f\u00e1cil\u00bb<\/h2><\/div><\/div>\n<\/div><\/div>\n<\/div><\/div>\n\n<\/li><li class=\"wp-block-post post-6973 post type-post status-publish format-standard has-post-thumbnail hentry category-noticias tag-carmen-alvarez\">\n\n<div class=\"wp-block-group\"><div class=\"wp-block-group__inner-container is-layout-constrained wp-block-group-is-layout-constrained\">\n<div class=\"wp-block-group has-light-background-background-color has-background\"><div class=\"wp-block-group__inner-container is-layout-constrained wp-block-group-is-layout-constrained\"><figure class=\"wp-block-post-featured-image\"><a href=\"https:\/\/www.upo.es\/investiga\/comintrad\/carmen-alvarez-garcia-obtiene-el-acceso-al-cuerpo-de-profesores-y-profesoras-titulares-de-universidad\/\" target=\"_self\"  ><img loading=\"lazy\" decoding=\"async\" width=\"1080\" height=\"729\" src=\"https:\/\/www.upo.es\/investiga\/comintrad\/wp-content\/uploads\/2026\/04\/Sin-titulo-1080-\u00d7-729-px-28.jpg\" class=\"attachment-post-thumbnail size-post-thumbnail wp-post-image\" alt=\"Carmen \u00c1lvarez Garc\u00eda obtiene el acceso al cuerpo de Profesores y Profesoras Titulares de Universidad\" style=\"object-fit:cover;\" srcset=\"https:\/\/www.upo.es\/investiga\/comintrad\/wp-content\/uploads\/2026\/04\/Sin-titulo-1080-\u00d7-729-px-28.jpg 1080w, https:\/\/www.upo.es\/investiga\/comintrad\/wp-content\/uploads\/2026\/04\/Sin-titulo-1080-\u00d7-729-px-28-300x203.jpg 300w, https:\/\/www.upo.es\/investiga\/comintrad\/wp-content\/uploads\/2026\/04\/Sin-titulo-1080-\u00d7-729-px-28-1024x691.jpg 1024w, https:\/\/www.upo.es\/investiga\/comintrad\/wp-content\/uploads\/2026\/04\/Sin-titulo-1080-\u00d7-729-px-28-768x518.jpg 768w, https:\/\/www.upo.es\/investiga\/comintrad\/wp-content\/uploads\/2026\/04\/Sin-titulo-1080-\u00d7-729-px-28-540x365.jpg 540w\" sizes=\"(max-width: 1080px) 100vw, 1080px\" \/><\/a><\/figure>\n\n\n<div class=\"wp-block-group\"><div class=\"wp-block-group__inner-container is-layout-constrained wp-block-group-is-layout-constrained\"><div class=\"wp-block-post-date\"><time datetime=\"2025-12-22T14:55:40+01:00\">22\/12\/2025<\/time><\/div>\n\n<h2 class=\"wp-block-post-title has-large-font-size\">Carmen \u00c1lvarez Garc\u00eda obtiene el acceso al cuerpo de Profesores y Profesoras Titulares de Universidad<\/h2><\/div><\/div>\n<\/div><\/div>\n<\/div><\/div>\n\n<\/li><li class=\"wp-block-post post-6867 post type-post status-publish format-standard has-post-thumbnail hentry category-noticias tag-504 tag-accesibilidad tag-ana-medina-es tag-lectura-facil tag-publicacion tag-traduccion-accesible\">\n\n<div class=\"wp-block-group\"><div class=\"wp-block-group__inner-container is-layout-constrained wp-block-group-is-layout-constrained\">\n<div class=\"wp-block-group has-light-background-background-color has-background\"><div class=\"wp-block-group__inner-container is-layout-constrained wp-block-group-is-layout-constrained\"><figure class=\"wp-block-post-featured-image\"><a href=\"https:\/\/www.upo.es\/investiga\/comintrad\/presentacion-del-libro-materias-universitarias-accesibles-a-personas-con-discapacidad-intelectual-en-canal-sur-radio\/\" target=\"_self\"  ><img loading=\"lazy\" decoding=\"async\" width=\"1080\" height=\"729\" src=\"https:\/\/www.upo.es\/investiga\/comintrad\/wp-content\/uploads\/2026\/01\/WhatsApp-Image-2026-01-14-at-11.20.15-2.jpeg\" class=\"attachment-post-thumbnail size-post-thumbnail wp-post-image\" alt=\"Presentaci\u00f3n del libro \u00abMaterias universitarias accesibles a personas con discapacidad intelectual: Traducci\u00f3n a lectura f\u00e1cil\u00bb en Canal Sur Radio\" style=\"object-fit:cover;\" srcset=\"https:\/\/www.upo.es\/investiga\/comintrad\/wp-content\/uploads\/2026\/01\/WhatsApp-Image-2026-01-14-at-11.20.15-2.jpeg 1080w, https:\/\/www.upo.es\/investiga\/comintrad\/wp-content\/uploads\/2026\/01\/WhatsApp-Image-2026-01-14-at-11.20.15-2-300x203.jpeg 300w, https:\/\/www.upo.es\/investiga\/comintrad\/wp-content\/uploads\/2026\/01\/WhatsApp-Image-2026-01-14-at-11.20.15-2-1024x691.jpeg 1024w, https:\/\/www.upo.es\/investiga\/comintrad\/wp-content\/uploads\/2026\/01\/WhatsApp-Image-2026-01-14-at-11.20.15-2-768x518.jpeg 768w, https:\/\/www.upo.es\/investiga\/comintrad\/wp-content\/uploads\/2026\/01\/WhatsApp-Image-2026-01-14-at-11.20.15-2-540x365.jpeg 540w\" sizes=\"(max-width: 1080px) 100vw, 1080px\" \/><\/a><\/figure>\n\n\n<div class=\"wp-block-group\"><div class=\"wp-block-group__inner-container is-layout-constrained wp-block-group-is-layout-constrained\"><div class=\"wp-block-post-date\"><time datetime=\"2025-12-21T13:00:00+01:00\">21\/12\/2025<\/time><\/div>\n\n<h2 class=\"wp-block-post-title has-large-font-size\">Presentaci\u00f3n del libro \u00abMaterias universitarias accesibles a personas con discapacidad intelectual: Traducci\u00f3n a lectura f\u00e1cil\u00bb en Canal Sur Radio<\/h2><\/div><\/div>\n<\/div><\/div>\n<\/div><\/div>\n\n<\/li><li class=\"wp-block-post post-6820 post type-post status-publish format-standard has-post-thumbnail hentry category-noticias tag-504 tag-carmen-moreno tag-desiree-aviles tag-investigacion tag-jornadas tag-sergio-espana\">\n\n<div class=\"wp-block-group\"><div class=\"wp-block-group__inner-container is-layout-constrained wp-block-group-is-layout-constrained\">\n<div class=\"wp-block-group has-light-background-background-color has-background\"><div class=\"wp-block-group__inner-container is-layout-constrained wp-block-group-is-layout-constrained\"><figure class=\"wp-block-post-featured-image\"><a href=\"https:\/\/www.upo.es\/investiga\/comintrad\/sergio-espana-desiree-aviles-y-carmen-moreno-participan-en-la-xi-jornada-de-orientacion-a-la-investigacion-de-la-facultad-de-humanidades-de-la-upo\/\" target=\"_self\"  ><img loading=\"lazy\" decoding=\"async\" width=\"1600\" height=\"1200\" src=\"https:\/\/www.upo.es\/investiga\/comintrad\/wp-content\/uploads\/2025\/12\/WhatsApp-Image-2025-12-10-at-14.33.10.jpeg\" class=\"attachment-post-thumbnail size-post-thumbnail wp-post-image\" alt=\"Sergio Espa\u00f1a, Desir\u00e9e Avil\u00e9s y Carmen Moreno participan en la XI Jornada de Orientaci\u00f3n a la Investigaci\u00f3n de la Facultad de Humanidades de la UPO\" style=\"object-fit:cover;\" srcset=\"https:\/\/www.upo.es\/investiga\/comintrad\/wp-content\/uploads\/2025\/12\/WhatsApp-Image-2025-12-10-at-14.33.10.jpeg 1600w, https:\/\/www.upo.es\/investiga\/comintrad\/wp-content\/uploads\/2025\/12\/WhatsApp-Image-2025-12-10-at-14.33.10-300x225.jpeg 300w, https:\/\/www.upo.es\/investiga\/comintrad\/wp-content\/uploads\/2025\/12\/WhatsApp-Image-2025-12-10-at-14.33.10-1024x768.jpeg 1024w, https:\/\/www.upo.es\/investiga\/comintrad\/wp-content\/uploads\/2025\/12\/WhatsApp-Image-2025-12-10-at-14.33.10-768x576.jpeg 768w, https:\/\/www.upo.es\/investiga\/comintrad\/wp-content\/uploads\/2025\/12\/WhatsApp-Image-2025-12-10-at-14.33.10-1536x1152.jpeg 1536w, https:\/\/www.upo.es\/investiga\/comintrad\/wp-content\/uploads\/2025\/12\/WhatsApp-Image-2025-12-10-at-14.33.10-540x405.jpeg 540w, https:\/\/www.upo.es\/investiga\/comintrad\/wp-content\/uploads\/2025\/12\/WhatsApp-Image-2025-12-10-at-14.33.10-1080x810.jpeg 1080w\" sizes=\"(max-width: 1600px) 100vw, 1600px\" \/><\/a><\/figure>\n\n\n<div class=\"wp-block-group\"><div class=\"wp-block-group__inner-container is-layout-constrained wp-block-group-is-layout-constrained\"><div class=\"wp-block-post-date\"><time datetime=\"2025-12-10T21:43:58+01:00\">10\/12\/2025<\/time><\/div>\n\n<h2 class=\"wp-block-post-title has-large-font-size\">Sergio Espa\u00f1a, Desir\u00e9e Avil\u00e9s y Carmen Moreno participan en la XI Jornada de Orientaci\u00f3n a la Investigaci\u00f3n de la Facultad de Humanidades de la UPO<\/h2><\/div><\/div>\n<\/div><\/div>\n<\/div><\/div>\n\n<\/li><li class=\"wp-block-post post-6810 post type-post status-publish format-standard has-post-thumbnail hentry category-noticias tag-504 tag-accesibilidad tag-audiodescripcion tag-carmen-moreno tag-christiane-limbach tag-desiree-aviles tag-lectura-facil tag-pictogramas tag-traduccion-accesible\">\n\n<div class=\"wp-block-group\"><div class=\"wp-block-group__inner-container is-layout-constrained wp-block-group-is-layout-constrained\">\n<div class=\"wp-block-group has-light-background-background-color has-background\"><div class=\"wp-block-group__inner-container is-layout-constrained wp-block-group-is-layout-constrained\"><figure class=\"wp-block-post-featured-image\"><a href=\"https:\/\/www.upo.es\/investiga\/comintrad\/christiane-limbach-desiree-aviles-y-carmen-moreno-imparten-una-charla-de-accesibilidad\/\" target=\"_self\"  ><img loading=\"lazy\" decoding=\"async\" width=\"1181\" height=\"1160\" src=\"https:\/\/www.upo.es\/investiga\/comintrad\/wp-content\/uploads\/2025\/12\/WhatsApp-Image-2025-12-09-at-18.24.49-2-e1771685499951.jpeg\" class=\"attachment-post-thumbnail size-post-thumbnail wp-post-image\" alt=\"Christiane Limbach, Desir\u00e9e Avil\u00e9s y Carmen Moreno imparten una charla de accesibilidad\" style=\"object-fit:cover;\" srcset=\"https:\/\/www.upo.es\/investiga\/comintrad\/wp-content\/uploads\/2025\/12\/WhatsApp-Image-2025-12-09-at-18.24.49-2-e1771685499951.jpeg 1181w, https:\/\/www.upo.es\/investiga\/comintrad\/wp-content\/uploads\/2025\/12\/WhatsApp-Image-2025-12-09-at-18.24.49-2-e1771685499951-300x295.jpeg 300w, https:\/\/www.upo.es\/investiga\/comintrad\/wp-content\/uploads\/2025\/12\/WhatsApp-Image-2025-12-09-at-18.24.49-2-e1771685499951-1024x1006.jpeg 1024w, https:\/\/www.upo.es\/investiga\/comintrad\/wp-content\/uploads\/2025\/12\/WhatsApp-Image-2025-12-09-at-18.24.49-2-e1771685499951-768x754.jpeg 768w, https:\/\/www.upo.es\/investiga\/comintrad\/wp-content\/uploads\/2025\/12\/WhatsApp-Image-2025-12-09-at-18.24.49-2-e1771685499951-540x530.jpeg 540w, https:\/\/www.upo.es\/investiga\/comintrad\/wp-content\/uploads\/2025\/12\/WhatsApp-Image-2025-12-09-at-18.24.49-2-e1771685499951-1080x1061.jpeg 1080w\" sizes=\"(max-width: 1181px) 100vw, 1181px\" \/><\/a><\/figure>\n\n\n<div class=\"wp-block-group\"><div class=\"wp-block-group__inner-container is-layout-constrained wp-block-group-is-layout-constrained\"><div class=\"wp-block-post-date\"><time datetime=\"2025-12-10T21:21:12+01:00\">10\/12\/2025<\/time><\/div>\n\n<h2 class=\"wp-block-post-title has-large-font-size\">Christiane Limbach, Desir\u00e9e Avil\u00e9s y Carmen Moreno imparten una charla de accesibilidad<\/h2><\/div><\/div>\n<\/div><\/div>\n<\/div><\/div>\n\n<\/li><li class=\"wp-block-post post-6900 post type-post status-publish format-standard has-post-thumbnail hentry category-noticias tag-504 tag-accesibilidad tag-accesibilidad-cognitiva tag-ana-medina-es tag-lectura-facil\">\n\n<div class=\"wp-block-group\"><div class=\"wp-block-group__inner-container is-layout-constrained wp-block-group-is-layout-constrained\">\n<div class=\"wp-block-group has-light-background-background-color has-background\"><div class=\"wp-block-group__inner-container is-layout-constrained wp-block-group-is-layout-constrained\"><figure class=\"wp-block-post-featured-image\"><a href=\"https:\/\/www.upo.es\/investiga\/comintrad\/participacion-de-ana-medina-en-la-microcredencial-el-ejercicio-de-la-capacidad-juridica-de-las-personas-con-discapacidad-las-figuras-profesionales-para-la-facilitacion-procesal\/\" target=\"_self\"  ><img loading=\"lazy\" decoding=\"async\" width=\"1080\" height=\"729\" src=\"https:\/\/www.upo.es\/investiga\/comintrad\/wp-content\/uploads\/2026\/02\/Sin-titulo-1080-\u00d7-729-px-17.jpg\" class=\"attachment-post-thumbnail size-post-thumbnail wp-post-image\" alt=\"Participaci\u00f3n de Ana Medina en la Microcredencial &#8216;El ejercicio de la capacidad jur\u00eddica de las personas con discapacidad: las figuras profesionales para la facilitaci\u00f3n procesal&#8217;,\" style=\"object-fit:cover;\" srcset=\"https:\/\/www.upo.es\/investiga\/comintrad\/wp-content\/uploads\/2026\/02\/Sin-titulo-1080-\u00d7-729-px-17.jpg 1080w, https:\/\/www.upo.es\/investiga\/comintrad\/wp-content\/uploads\/2026\/02\/Sin-titulo-1080-\u00d7-729-px-17-300x203.jpg 300w, https:\/\/www.upo.es\/investiga\/comintrad\/wp-content\/uploads\/2026\/02\/Sin-titulo-1080-\u00d7-729-px-17-1024x691.jpg 1024w, https:\/\/www.upo.es\/investiga\/comintrad\/wp-content\/uploads\/2026\/02\/Sin-titulo-1080-\u00d7-729-px-17-768x518.jpg 768w, https:\/\/www.upo.es\/investiga\/comintrad\/wp-content\/uploads\/2026\/02\/Sin-titulo-1080-\u00d7-729-px-17-540x365.jpg 540w\" sizes=\"(max-width: 1080px) 100vw, 1080px\" \/><\/a><\/figure>\n\n\n<div class=\"wp-block-group\"><div class=\"wp-block-group__inner-container is-layout-constrained wp-block-group-is-layout-constrained\"><div class=\"wp-block-post-date\"><time datetime=\"2025-11-25T18:07:50+01:00\">25\/11\/2025<\/time><\/div>\n\n<h2 class=\"wp-block-post-title has-large-font-size\">Participaci\u00f3n de Ana Medina en la Microcredencial &#8216;El ejercicio de la capacidad jur\u00eddica de las personas con discapacidad: las figuras profesionales para la facilitaci\u00f3n procesal&#8217;,<\/h2><\/div><\/div>\n<\/div><\/div>\n<\/div><\/div>\n\n<\/li><li class=\"wp-block-post post-6862 post type-post status-publish format-standard has-post-thumbnail hentry category-noticias tag-504 tag-accesibilidad tag-ana-medina-es tag-transferencia\">\n\n<div class=\"wp-block-group\"><div class=\"wp-block-group__inner-container is-layout-constrained wp-block-group-is-layout-constrained\">\n<div class=\"wp-block-group has-light-background-background-color has-background\"><div class=\"wp-block-group__inner-container is-layout-constrained wp-block-group-is-layout-constrained\"><figure class=\"wp-block-post-featured-image\"><a href=\"https:\/\/www.upo.es\/investiga\/comintrad\/accesibilidad-y-ciencia-ciudadana-ponencia-de-ana-medina-en-la-semana-de-la-ciencia-2025\/\" target=\"_self\"  ><img loading=\"lazy\" decoding=\"async\" width=\"1600\" height=\"1200\" src=\"https:\/\/www.upo.es\/investiga\/comintrad\/wp-content\/uploads\/2025\/11\/WhatsApp-Image-2026-02-21-at-16.23.23.jpeg\" class=\"attachment-post-thumbnail size-post-thumbnail wp-post-image\" alt=\"Accesibilidad y ciencia ciudadana: Ponencia de Ana Medina en la Semana de la Ciencia 2025.\" style=\"object-fit:cover;\" srcset=\"https:\/\/www.upo.es\/investiga\/comintrad\/wp-content\/uploads\/2025\/11\/WhatsApp-Image-2026-02-21-at-16.23.23.jpeg 1600w, https:\/\/www.upo.es\/investiga\/comintrad\/wp-content\/uploads\/2025\/11\/WhatsApp-Image-2026-02-21-at-16.23.23-300x225.jpeg 300w, https:\/\/www.upo.es\/investiga\/comintrad\/wp-content\/uploads\/2025\/11\/WhatsApp-Image-2026-02-21-at-16.23.23-1024x768.jpeg 1024w, https:\/\/www.upo.es\/investiga\/comintrad\/wp-content\/uploads\/2025\/11\/WhatsApp-Image-2026-02-21-at-16.23.23-768x576.jpeg 768w, https:\/\/www.upo.es\/investiga\/comintrad\/wp-content\/uploads\/2025\/11\/WhatsApp-Image-2026-02-21-at-16.23.23-1536x1152.jpeg 1536w, https:\/\/www.upo.es\/investiga\/comintrad\/wp-content\/uploads\/2025\/11\/WhatsApp-Image-2026-02-21-at-16.23.23-540x405.jpeg 540w, https:\/\/www.upo.es\/investiga\/comintrad\/wp-content\/uploads\/2025\/11\/WhatsApp-Image-2026-02-21-at-16.23.23-1080x810.jpeg 1080w\" sizes=\"(max-width: 1600px) 100vw, 1600px\" \/><\/a><\/figure>\n\n\n<div class=\"wp-block-group\"><div class=\"wp-block-group__inner-container is-layout-constrained wp-block-group-is-layout-constrained\"><div class=\"wp-block-post-date\"><time datetime=\"2025-11-12T10:57:00+01:00\">12\/11\/2025<\/time><\/div>\n\n<h2 class=\"wp-block-post-title has-large-font-size\">Accesibilidad y ciencia ciudadana: Ponencia de Ana Medina en la Semana de la Ciencia 2025.<\/h2><\/div><\/div>\n<\/div><\/div>\n<\/div><\/div>\n\n<\/li><li class=\"wp-block-post post-6800 post type-post status-publish format-standard has-post-thumbnail hentry category-noticias tag-504 tag-casariche tag-comunicacion-clara tag-jornadas tag-lenguaje-claro tag-museos tag-sergio-espana tag-transferencia\">\n\n<div class=\"wp-block-group\"><div class=\"wp-block-group__inner-container is-layout-constrained wp-block-group-is-layout-constrained\">\n<div class=\"wp-block-group has-light-background-background-color has-background\"><div class=\"wp-block-group__inner-container is-layout-constrained wp-block-group-is-layout-constrained\"><figure class=\"wp-block-post-featured-image\"><a href=\"https:\/\/www.upo.es\/investiga\/comintrad\/congreso-lenguaje-claro-bruselas2025\/\" target=\"_self\"  ><img loading=\"lazy\" decoding=\"async\" width=\"1080\" height=\"729\" src=\"https:\/\/www.upo.es\/investiga\/comintrad\/wp-content\/uploads\/2025\/11\/BPLE_2.jpg\" class=\"attachment-post-thumbnail size-post-thumbnail wp-post-image\" alt=\"Ponencia sobre lenguaje claro y museos en la Brussels Plain Language Experience 2025\" style=\"object-fit:cover;\" srcset=\"https:\/\/www.upo.es\/investiga\/comintrad\/wp-content\/uploads\/2025\/11\/BPLE_2.jpg 1080w, https:\/\/www.upo.es\/investiga\/comintrad\/wp-content\/uploads\/2025\/11\/BPLE_2-300x203.jpg 300w, https:\/\/www.upo.es\/investiga\/comintrad\/wp-content\/uploads\/2025\/11\/BPLE_2-1024x691.jpg 1024w, https:\/\/www.upo.es\/investiga\/comintrad\/wp-content\/uploads\/2025\/11\/BPLE_2-768x518.jpg 768w, https:\/\/www.upo.es\/investiga\/comintrad\/wp-content\/uploads\/2025\/11\/BPLE_2-540x365.jpg 540w\" sizes=\"(max-width: 1080px) 100vw, 1080px\" \/><\/a><\/figure>\n\n\n<div class=\"wp-block-group\"><div class=\"wp-block-group__inner-container is-layout-constrained wp-block-group-is-layout-constrained\"><div class=\"wp-block-post-date\"><time datetime=\"2025-11-07T11:13:42+01:00\">07\/11\/2025<\/time><\/div>\n\n<h2 class=\"wp-block-post-title has-large-font-size\">Ponencia sobre lenguaje claro y museos en la Brussels Plain Language Experience 2025<\/h2><\/div><\/div>\n<\/div><\/div>\n<\/div><\/div>\n\n<\/li><li class=\"wp-block-post post-6942 post type-post status-publish format-standard has-post-thumbnail hentry category-noticias tag-504 tag-alfasaac tag-ana-medina-es tag-comunicacion-aumentativa\">\n\n<div class=\"wp-block-group\"><div class=\"wp-block-group__inner-container is-layout-constrained wp-block-group-is-layout-constrained\">\n<div class=\"wp-block-group has-light-background-background-color has-background\"><div class=\"wp-block-group__inner-container is-layout-constrained wp-block-group-is-layout-constrained\"><figure class=\"wp-block-post-featured-image\"><a href=\"https:\/\/www.upo.es\/investiga\/comintrad\/comunicacion-aumentativa-en-el-aula-evaluacion-y-estrategias-de-implementacion\/\" target=\"_self\"  ><img loading=\"lazy\" decoding=\"async\" width=\"1080\" height=\"729\" src=\"https:\/\/www.upo.es\/investiga\/comintrad\/wp-content\/uploads\/2026\/02\/Sin-titulo-1080-\u00d7-729-px-23.jpg\" class=\"attachment-post-thumbnail size-post-thumbnail wp-post-image\" alt=\"Comunicaci\u00f3n Aumentativa en el aula: evaluaci\u00f3n y estrategias de implementaci\u00f3n\" style=\"object-fit:cover;\" srcset=\"https:\/\/www.upo.es\/investiga\/comintrad\/wp-content\/uploads\/2026\/02\/Sin-titulo-1080-\u00d7-729-px-23.jpg 1080w, https:\/\/www.upo.es\/investiga\/comintrad\/wp-content\/uploads\/2026\/02\/Sin-titulo-1080-\u00d7-729-px-23-300x203.jpg 300w, https:\/\/www.upo.es\/investiga\/comintrad\/wp-content\/uploads\/2026\/02\/Sin-titulo-1080-\u00d7-729-px-23-1024x691.jpg 1024w, https:\/\/www.upo.es\/investiga\/comintrad\/wp-content\/uploads\/2026\/02\/Sin-titulo-1080-\u00d7-729-px-23-768x518.jpg 768w, https:\/\/www.upo.es\/investiga\/comintrad\/wp-content\/uploads\/2026\/02\/Sin-titulo-1080-\u00d7-729-px-23-540x365.jpg 540w\" sizes=\"(max-width: 1080px) 100vw, 1080px\" \/><\/a><\/figure>\n\n\n<div class=\"wp-block-group\"><div class=\"wp-block-group__inner-container is-layout-constrained wp-block-group-is-layout-constrained\"><div class=\"wp-block-post-date\"><time datetime=\"2025-09-05T16:42:10+02:00\">05\/09\/2025<\/time><\/div>\n\n<h2 class=\"wp-block-post-title has-large-font-size\">Comunicaci\u00f3n Aumentativa en el aula: evaluaci\u00f3n y estrategias de implementaci\u00f3n<\/h2><\/div><\/div>\n<\/div><\/div>\n<\/div><\/div>\n\n<\/li><li class=\"wp-block-post post-6730 post type-post status-publish format-standard has-post-thumbnail hentry category-noticias tag-504 tag-accesibilidad tag-casariche tag-comunicacion-clara tag-lectura-facil tag-lenguaje-claro tag-museos tag-patrimonio-cultural tag-proyecto-visualect tag-transferencia\">\n\n<div class=\"wp-block-group\"><div class=\"wp-block-group__inner-container is-layout-constrained wp-block-group-is-layout-constrained\">\n<div class=\"wp-block-group has-light-background-background-color has-background\"><div class=\"wp-block-group__inner-container is-layout-constrained wp-block-group-is-layout-constrained\"><figure class=\"wp-block-post-featured-image\"><a href=\"https:\/\/www.upo.es\/investiga\/comintrad\/casariche-museo-inauguracion\/\" target=\"_self\"  ><img loading=\"lazy\" decoding=\"async\" width=\"1080\" height=\"729\" src=\"https:\/\/www.upo.es\/investiga\/comintrad\/wp-content\/uploads\/2025\/06\/inauguracion-casariche.jpg\" class=\"attachment-post-thumbnail size-post-thumbnail wp-post-image\" alt=\"La Colecci\u00f3n Museogr\u00e1fica de Casariche reinaugura su propuesta con la asesor\u00eda cient\u00edfica del grupo COMINTRAD\" style=\"object-fit:cover;\" srcset=\"https:\/\/www.upo.es\/investiga\/comintrad\/wp-content\/uploads\/2025\/06\/inauguracion-casariche.jpg 1080w, https:\/\/www.upo.es\/investiga\/comintrad\/wp-content\/uploads\/2025\/06\/inauguracion-casariche-300x203.jpg 300w, https:\/\/www.upo.es\/investiga\/comintrad\/wp-content\/uploads\/2025\/06\/inauguracion-casariche-1024x691.jpg 1024w, https:\/\/www.upo.es\/investiga\/comintrad\/wp-content\/uploads\/2025\/06\/inauguracion-casariche-768x518.jpg 768w, https:\/\/www.upo.es\/investiga\/comintrad\/wp-content\/uploads\/2025\/06\/inauguracion-casariche-540x365.jpg 540w\" sizes=\"(max-width: 1080px) 100vw, 1080px\" \/><\/a><\/figure>\n\n\n<div class=\"wp-block-group\"><div class=\"wp-block-group__inner-container is-layout-constrained wp-block-group-is-layout-constrained\"><div class=\"wp-block-post-date\"><time datetime=\"2025-06-20T19:36:32+02:00\">20\/06\/2025<\/time><\/div>\n\n<h2 class=\"wp-block-post-title has-large-font-size\">La Colecci\u00f3n Museogr\u00e1fica de Casariche reinaugura su propuesta con la asesor\u00eda cient\u00edfica del grupo COMINTRAD<\/h2><\/div><\/div>\n<\/div><\/div>\n<\/div><\/div>\n\n<\/li><li class=\"wp-block-post post-6764 post type-post status-publish format-standard has-post-thumbnail hentry category-noticias tag-504 tag-carmen-moreno tag-estancias tag-proyecto-visualect\">\n\n<div class=\"wp-block-group\"><div class=\"wp-block-group__inner-container is-layout-constrained wp-block-group-is-layout-constrained\">\n<div class=\"wp-block-group has-light-background-background-color has-background\"><div class=\"wp-block-group__inner-container is-layout-constrained wp-block-group-is-layout-constrained\"><figure class=\"wp-block-post-featured-image\"><a href=\"https:\/\/www.upo.es\/investiga\/comintrad\/carmen-moreno-realiza-una-estancia-de-investigacion-en-philipps-universitat-marburg\/\" target=\"_self\"  ><img loading=\"lazy\" decoding=\"async\" width=\"2240\" height=\"1295\" src=\"https:\/\/www.upo.es\/investiga\/comintrad\/wp-content\/uploads\/2025\/04\/WhatsApp-Image-2025-07-22-at-20.08.29-2240x1295.jpeg\" class=\"attachment-post-thumbnail size-post-thumbnail wp-post-image\" alt=\"Carmen Moreno realiza una estancia de investigaci\u00f3n en Philipps-Universit\u00e4t Marburg\" style=\"object-fit:cover;\" srcset=\"https:\/\/www.upo.es\/investiga\/comintrad\/wp-content\/uploads\/2025\/04\/WhatsApp-Image-2025-07-22-at-20.08.29-2240x1295.jpeg 2240w, https:\/\/www.upo.es\/investiga\/comintrad\/wp-content\/uploads\/2025\/04\/WhatsApp-Image-2025-07-22-at-20.08.29-300x173.jpeg 300w, https:\/\/www.upo.es\/investiga\/comintrad\/wp-content\/uploads\/2025\/04\/WhatsApp-Image-2025-07-22-at-20.08.29-1024x592.jpeg 1024w, https:\/\/www.upo.es\/investiga\/comintrad\/wp-content\/uploads\/2025\/04\/WhatsApp-Image-2025-07-22-at-20.08.29-768x444.jpeg 768w, https:\/\/www.upo.es\/investiga\/comintrad\/wp-content\/uploads\/2025\/04\/WhatsApp-Image-2025-07-22-at-20.08.29-1536x888.jpeg 1536w, https:\/\/www.upo.es\/investiga\/comintrad\/wp-content\/uploads\/2025\/04\/WhatsApp-Image-2025-07-22-at-20.08.29-2048x1184.jpeg 2048w, https:\/\/www.upo.es\/investiga\/comintrad\/wp-content\/uploads\/2025\/04\/WhatsApp-Image-2025-07-22-at-20.08.29-540x312.jpeg 540w, https:\/\/www.upo.es\/investiga\/comintrad\/wp-content\/uploads\/2025\/04\/WhatsApp-Image-2025-07-22-at-20.08.29-1080x625.jpeg 1080w, https:\/\/www.upo.es\/investiga\/comintrad\/wp-content\/uploads\/2025\/04\/WhatsApp-Image-2025-07-22-at-20.08.29-1980x1145.jpeg 1980w\" sizes=\"(max-width: 2240px) 100vw, 2240px\" \/><\/a><\/figure>\n\n\n<div class=\"wp-block-group\"><div class=\"wp-block-group__inner-container is-layout-constrained wp-block-group-is-layout-constrained\"><div class=\"wp-block-post-date\"><time datetime=\"2025-04-01T20:44:00+02:00\">01\/04\/2025<\/time><\/div>\n\n<h2 class=\"wp-block-post-title has-large-font-size\">Carmen Moreno realiza una estancia de investigaci\u00f3n en Philipps-Universit\u00e4t Marburg<\/h2><\/div><\/div>\n<\/div><\/div>\n<\/div><\/div>\n\n<\/li><li class=\"wp-block-post post-6751 post type-post status-publish format-standard has-post-thumbnail hentry category-noticias tag-504 tag-carmen-moreno tag-lectura-facil tag-proyecto-visualect\">\n\n<div class=\"wp-block-group\"><div class=\"wp-block-group__inner-container is-layout-constrained wp-block-group-is-layout-constrained\">\n<div class=\"wp-block-group has-light-background-background-color has-background\"><div class=\"wp-block-group__inner-container is-layout-constrained wp-block-group-is-layout-constrained\"><figure class=\"wp-block-post-featured-image\"><a href=\"https:\/\/www.upo.es\/investiga\/comintrad\/ponencia-de-carmen-moreno-en-el-ii-congreso-internacional-de-doctorado-sobre-traduccion-de-la-universidad-complutense-de-madrid\/\" target=\"_self\"  ><img loading=\"lazy\" decoding=\"async\" width=\"1080\" height=\"729\" src=\"https:\/\/www.upo.es\/investiga\/comintrad\/wp-content\/uploads\/2025\/07\/Sin-titulo-1080-\u00d7-729-px-12.jpg\" class=\"attachment-post-thumbnail size-post-thumbnail wp-post-image\" alt=\"Ponencia de Carmen Moreno en el II Congreso Internacional de Doctorado sobre Traducci\u00f3n de la Universidad Complutense de Madrid\" style=\"object-fit:cover;\" srcset=\"https:\/\/www.upo.es\/investiga\/comintrad\/wp-content\/uploads\/2025\/07\/Sin-titulo-1080-\u00d7-729-px-12.jpg 1080w, https:\/\/www.upo.es\/investiga\/comintrad\/wp-content\/uploads\/2025\/07\/Sin-titulo-1080-\u00d7-729-px-12-300x203.jpg 300w, https:\/\/www.upo.es\/investiga\/comintrad\/wp-content\/uploads\/2025\/07\/Sin-titulo-1080-\u00d7-729-px-12-1024x691.jpg 1024w, https:\/\/www.upo.es\/investiga\/comintrad\/wp-content\/uploads\/2025\/07\/Sin-titulo-1080-\u00d7-729-px-12-768x518.jpg 768w, https:\/\/www.upo.es\/investiga\/comintrad\/wp-content\/uploads\/2025\/07\/Sin-titulo-1080-\u00d7-729-px-12-540x365.jpg 540w\" sizes=\"(max-width: 1080px) 100vw, 1080px\" \/><\/a><\/figure>\n\n\n<div class=\"wp-block-group\"><div class=\"wp-block-group__inner-container is-layout-constrained wp-block-group-is-layout-constrained\"><div class=\"wp-block-post-date\"><time datetime=\"2025-03-14T20:30:07+01:00\">14\/03\/2025<\/time><\/div>\n\n<h2 class=\"wp-block-post-title has-large-font-size\">Ponencia de Carmen Moreno en el II Congreso Internacional de Doctorado sobre Traducci\u00f3n de la Universidad Complutense de Madrid<\/h2><\/div><\/div>\n<\/div><\/div>\n<\/div><\/div>\n\n<\/li><\/ul>\n\n<nav class=\"wp-block-query-pagination is-content-justification-center is-layout-flex wp-container-core-query-pagination-is-layout-1 wp-block-query-pagination-is-layout-flex\" aria-label=\"Paginaci\u00f3n\">\n\n\n<div class=\"wp-block-query-pagination-numbers\"><span aria-current=\"page\" class=\"page-numbers current\">1<\/span>\n<a class=\"page-numbers\" href=\"?query-2-page=2\">2<\/a>\n<a class=\"page-numbers\" href=\"?query-2-page=3\">3<\/a>\n<span class=\"page-numbers dots\">&hellip;<\/span>\n<a class=\"page-numbers\" href=\"?query-2-page=11\">11<\/a><\/div>\n\n<a href=\"\/investiga\/comintrad\/wp-json\/wp\/v2\/pages\/291?query-2-page=2\" class=\"wp-block-query-pagination-next\">P\u00e1gina siguiente<span class='wp-block-query-pagination-next-arrow is-arrow-arrow' aria-hidden='true'>\u2192<\/span><\/a>\n<\/nav>\n\n<\/div>\n","protected":false},"excerpt":{"rendered":"","protected":false},"author":1,"featured_media":0,"parent":0,"menu_order":0,"comment_status":"closed","ping_status":"closed","template":"template-full-width.php","meta":{"footnotes":""},"class_list":["post-291","page","type-page","status-publish","has-post-thumbnail","hentry"],"_links":{"self":[{"href":"https:\/\/www.upo.es\/investiga\/comintrad\/wp-json\/wp\/v2\/pages\/291"}],"collection":[{"href":"https:\/\/www.upo.es\/investiga\/comintrad\/wp-json\/wp\/v2\/pages"}],"about":[{"href":"https:\/\/www.upo.es\/investiga\/comintrad\/wp-json\/wp\/v2\/types\/page"}],"author":[{"embeddable":true,"href":"https:\/\/www.upo.es\/investiga\/comintrad\/wp-json\/wp\/v2\/users\/1"}],"replies":[{"embeddable":true,"href":"https:\/\/www.upo.es\/investiga\/comintrad\/wp-json\/wp\/v2\/comments?post=291"}],"version-history":[{"count":74,"href":"https:\/\/www.upo.es\/investiga\/comintrad\/wp-json\/wp\/v2\/pages\/291\/revisions"}],"predecessor-version":[{"id":5951,"href":"https:\/\/www.upo.es\/investiga\/comintrad\/wp-json\/wp\/v2\/pages\/291\/revisions\/5951"}],"wp:attachment":[{"href":"https:\/\/www.upo.es\/investiga\/comintrad\/wp-json\/wp\/v2\/media?parent=291"}],"curies":[{"name":"wp","href":"https:\/\/api.w.org\/{rel}","templated":true}]}}