{"id":673,"date":"2020-09-09T19:50:19","date_gmt":"2020-09-09T17:50:19","guid":{"rendered":"https:\/\/www.upo.es\/investiga\/comintrad\/?page_id=673"},"modified":"2022-05-15T08:55:09","modified_gmt":"2022-05-15T06:55:09","slug":"miembros","status":"publish","type":"page","link":"https:\/\/www.upo.es\/investiga\/comintrad\/miembros\/","title":{"rendered":"Miembros"},"content":{"rendered":"<ul class=\"wp-block-latest-posts__list is-grid columns-3 aligncenter wp-block-latest-posts\"><li><div class=\"wp-block-latest-posts__featured-image aligncenter\"><img loading=\"lazy\" decoding=\"async\" width=\"300\" height=\"203\" src=\"https:\/\/www.upo.es\/investiga\/comintrad\/wp-content\/uploads\/2020\/08\/Plantilla-Foto-Perfil_alice_3-300x203.jpg\" class=\"attachment-medium size-medium wp-post-image\" alt=\"Foto en blanco y negro Alice Stender\" style=\"\" srcset=\"https:\/\/www.upo.es\/investiga\/comintrad\/wp-content\/uploads\/2020\/08\/Plantilla-Foto-Perfil_alice_3-300x203.jpg 300w, https:\/\/www.upo.es\/investiga\/comintrad\/wp-content\/uploads\/2020\/08\/Plantilla-Foto-Perfil_alice_3-1024x691.jpg 1024w, https:\/\/www.upo.es\/investiga\/comintrad\/wp-content\/uploads\/2020\/08\/Plantilla-Foto-Perfil_alice_3-768x518.jpg 768w, https:\/\/www.upo.es\/investiga\/comintrad\/wp-content\/uploads\/2020\/08\/Plantilla-Foto-Perfil_alice_3-540x365.jpg 540w, https:\/\/www.upo.es\/investiga\/comintrad\/wp-content\/uploads\/2020\/08\/Plantilla-Foto-Perfil_alice_3.jpg 1080w\" sizes=\"(max-width: 300px) 100vw, 300px\" \/><\/div><a class=\"wp-block-latest-posts__post-title\" href=\"https:\/\/www.upo.es\/investiga\/comintrad\/alice-stender\/\">Alice Stender<\/a><div class=\"wp-block-latest-posts__post-excerpt\">Mi carrera como investigadora se centra principalmente en los lenguajes especializados (sobre todo el lenguaje econ\u00f3mico y comercial), la traducci\u00f3n especializada, la ling\u00fc\u00edstica de corpus y,&hellip;<\/div><\/li>\n<li><div class=\"wp-block-latest-posts__featured-image aligncenter\"><img loading=\"lazy\" decoding=\"async\" width=\"300\" height=\"203\" src=\"https:\/\/www.upo.es\/investiga\/comintrad\/wp-content\/uploads\/2020\/08\/Plantilla-Foto-Perfil_ana-300x203.jpg\" class=\"attachment-medium size-medium wp-post-image\" alt=\"Foto Ana Medina Reguera en blanco y negro\" style=\"\" srcset=\"https:\/\/www.upo.es\/investiga\/comintrad\/wp-content\/uploads\/2020\/08\/Plantilla-Foto-Perfil_ana-300x203.jpg 300w, https:\/\/www.upo.es\/investiga\/comintrad\/wp-content\/uploads\/2020\/08\/Plantilla-Foto-Perfil_ana-1024x691.jpg 1024w, https:\/\/www.upo.es\/investiga\/comintrad\/wp-content\/uploads\/2020\/08\/Plantilla-Foto-Perfil_ana-768x518.jpg 768w, https:\/\/www.upo.es\/investiga\/comintrad\/wp-content\/uploads\/2020\/08\/Plantilla-Foto-Perfil_ana-540x365.jpg 540w, https:\/\/www.upo.es\/investiga\/comintrad\/wp-content\/uploads\/2020\/08\/Plantilla-Foto-Perfil_ana.jpg 1080w\" sizes=\"(max-width: 300px) 100vw, 300px\" \/><\/div><a class=\"wp-block-latest-posts__post-title\" href=\"https:\/\/www.upo.es\/investiga\/comintrad\/ana-maria-medina-reguera\/\">Ana Medina Reguera<\/a><div class=\"wp-block-latest-posts__post-excerpt\">Soy profesora titular del departamento de Filolog\u00eda y Traducci\u00f3n de la Universidad Pablo de Olavide con tres sexenios: dos de investigaci\u00f3n (hasta 2018) y uno de&hellip;<\/div><\/li>\n<li><div class=\"wp-block-latest-posts__featured-image aligncenter\"><img loading=\"lazy\" decoding=\"async\" width=\"300\" height=\"203\" src=\"https:\/\/www.upo.es\/investiga\/comintrad\/wp-content\/uploads\/2020\/08\/Plantilla-Foto-Perfil_carmen_5-300x203.jpg\" class=\"attachment-medium size-medium wp-post-image\" alt=\"Carmen \u00c1lvarez Garc\u00eda en blanco y negro\" style=\"\" srcset=\"https:\/\/www.upo.es\/investiga\/comintrad\/wp-content\/uploads\/2020\/08\/Plantilla-Foto-Perfil_carmen_5-300x203.jpg 300w, https:\/\/www.upo.es\/investiga\/comintrad\/wp-content\/uploads\/2020\/08\/Plantilla-Foto-Perfil_carmen_5-1024x691.jpg 1024w, https:\/\/www.upo.es\/investiga\/comintrad\/wp-content\/uploads\/2020\/08\/Plantilla-Foto-Perfil_carmen_5-768x518.jpg 768w, https:\/\/www.upo.es\/investiga\/comintrad\/wp-content\/uploads\/2020\/08\/Plantilla-Foto-Perfil_carmen_5-540x365.jpg 540w, https:\/\/www.upo.es\/investiga\/comintrad\/wp-content\/uploads\/2020\/08\/Plantilla-Foto-Perfil_carmen_5.jpg 1080w\" sizes=\"(max-width: 300px) 100vw, 300px\" \/><\/div><a class=\"wp-block-latest-posts__post-title\" href=\"https:\/\/www.upo.es\/investiga\/comintrad\/carmen-alvarez-garcia\/\">Carmen \u00c1lvarez Garc\u00eda<\/a><div class=\"wp-block-latest-posts__post-excerpt\">Soy Doctora internacional por la Universidad Pablo de Olavide (Sevilla), Licenciada en Ciencias Econ\u00f3micas y Empresariales (especialidades comercial y auditor\u00eda) y Licenciada en Traducci\u00f3n e Interpretaci\u00f3n&hellip;<\/div><\/li>\n<li><div class=\"wp-block-latest-posts__featured-image aligncenter\"><img loading=\"lazy\" decoding=\"async\" width=\"300\" height=\"203\" src=\"https:\/\/www.upo.es\/investiga\/comintrad\/wp-content\/uploads\/2023\/05\/CarmenMoreno-foto-300x203.jpg\" class=\"attachment-medium size-medium wp-post-image\" alt=\"Foto de Carmen Moreno\" style=\"\" srcset=\"https:\/\/www.upo.es\/investiga\/comintrad\/wp-content\/uploads\/2023\/05\/CarmenMoreno-foto-300x203.jpg 300w, https:\/\/www.upo.es\/investiga\/comintrad\/wp-content\/uploads\/2023\/05\/CarmenMoreno-foto-1024x691.jpg 1024w, https:\/\/www.upo.es\/investiga\/comintrad\/wp-content\/uploads\/2023\/05\/CarmenMoreno-foto-768x518.jpg 768w, https:\/\/www.upo.es\/investiga\/comintrad\/wp-content\/uploads\/2023\/05\/CarmenMoreno-foto-540x365.jpg 540w, https:\/\/www.upo.es\/investiga\/comintrad\/wp-content\/uploads\/2023\/05\/CarmenMoreno-foto.jpg 1080w\" sizes=\"(max-width: 300px) 100vw, 300px\" \/><\/div><a class=\"wp-block-latest-posts__post-title\" href=\"https:\/\/www.upo.es\/investiga\/comintrad\/carmen-moreno\/\">Carmen Moreno<\/a><div class=\"wp-block-latest-posts__post-excerpt\">Soy graduada en Traducci\u00f3n e Interpretaci\u00f3n (ingl\u00e9s y alem\u00e1n) por la Universidad Pablo de Olavide. Actualmente, curso el M\u00e1ster en Profesorado de Educaci\u00f3n Secundaria Obligatoria y&hellip;<\/div><\/li>\n<li><div class=\"wp-block-latest-posts__featured-image aligncenter\"><img loading=\"lazy\" decoding=\"async\" width=\"300\" height=\"203\" src=\"https:\/\/www.upo.es\/investiga\/comintrad\/wp-content\/uploads\/2020\/08\/Plantilla-Foto-Perfil_chris_3-300x203.jpg\" class=\"attachment-medium size-medium wp-post-image\" alt=\"Christiane Limbach BN\" style=\"\" srcset=\"https:\/\/www.upo.es\/investiga\/comintrad\/wp-content\/uploads\/2020\/08\/Plantilla-Foto-Perfil_chris_3-300x203.jpg 300w, https:\/\/www.upo.es\/investiga\/comintrad\/wp-content\/uploads\/2020\/08\/Plantilla-Foto-Perfil_chris_3-1024x691.jpg 1024w, https:\/\/www.upo.es\/investiga\/comintrad\/wp-content\/uploads\/2020\/08\/Plantilla-Foto-Perfil_chris_3-768x518.jpg 768w, https:\/\/www.upo.es\/investiga\/comintrad\/wp-content\/uploads\/2020\/08\/Plantilla-Foto-Perfil_chris_3-540x365.jpg 540w, https:\/\/www.upo.es\/investiga\/comintrad\/wp-content\/uploads\/2020\/08\/Plantilla-Foto-Perfil_chris_3.jpg 1080w\" sizes=\"(max-width: 300px) 100vw, 300px\" \/><\/div><a class=\"wp-block-latest-posts__post-title\" href=\"https:\/\/www.upo.es\/investiga\/comintrad\/christiane-limbach\/\">Christiane Limbach<\/a><div class=\"wp-block-latest-posts__post-excerpt\">Cuento con una larga trayectoria de investigaci\u00f3n en el \u00e1mbito de la traducci\u00f3n accesible dentro de la cual tambi\u00e9n realic\u00e9 mi tesis doctoral en la Universidad&hellip;<\/div><\/li>\n<li><div class=\"wp-block-latest-posts__featured-image aligncenter\"><img loading=\"lazy\" decoding=\"async\" width=\"300\" height=\"203\" src=\"https:\/\/www.upo.es\/investiga\/comintrad\/wp-content\/uploads\/2020\/08\/Plantilla-Foto-Perfil_clemen-2-300x203.jpg\" class=\"attachment-medium size-medium wp-post-image\" alt=\"Foto Clementina Persaud en blanco y negro\" style=\"\" srcset=\"https:\/\/www.upo.es\/investiga\/comintrad\/wp-content\/uploads\/2020\/08\/Plantilla-Foto-Perfil_clemen-2-300x203.jpg 300w, https:\/\/www.upo.es\/investiga\/comintrad\/wp-content\/uploads\/2020\/08\/Plantilla-Foto-Perfil_clemen-2-1024x691.jpg 1024w, https:\/\/www.upo.es\/investiga\/comintrad\/wp-content\/uploads\/2020\/08\/Plantilla-Foto-Perfil_clemen-2-768x518.jpg 768w, https:\/\/www.upo.es\/investiga\/comintrad\/wp-content\/uploads\/2020\/08\/Plantilla-Foto-Perfil_clemen-2-540x365.jpg 540w, https:\/\/www.upo.es\/investiga\/comintrad\/wp-content\/uploads\/2020\/08\/Plantilla-Foto-Perfil_clemen-2.jpg 1080w\" sizes=\"(max-width: 300px) 100vw, 300px\" \/><\/div><a class=\"wp-block-latest-posts__post-title\" href=\"https:\/\/www.upo.es\/investiga\/comintrad\/clementina-persaud\/\">Clementina Persaud<\/a><div class=\"wp-block-latest-posts__post-excerpt\">Soy int\u00e9rprete de Conferencias en ejercicio desde el a\u00f1o 1988 y miembro de AICE, la Asociaci\u00f3n de Int\u00e9rpretes de Conferencia de Espa\u00f1a desde al a\u00f1o 1992.&hellip;<\/div><\/li>\n<li><div class=\"wp-block-latest-posts__featured-image aligncenter\"><img loading=\"lazy\" decoding=\"async\" width=\"300\" height=\"203\" src=\"https:\/\/www.upo.es\/investiga\/comintrad\/wp-content\/uploads\/2020\/08\/Plantilla-Foto-Perfil_cristina-300x203.jpg\" class=\"attachment-medium size-medium wp-post-image\" alt=\"Foto Cristina Ramirez en blanco y negro\" style=\"\" srcset=\"https:\/\/www.upo.es\/investiga\/comintrad\/wp-content\/uploads\/2020\/08\/Plantilla-Foto-Perfil_cristina-300x203.jpg 300w, https:\/\/www.upo.es\/investiga\/comintrad\/wp-content\/uploads\/2020\/08\/Plantilla-Foto-Perfil_cristina-1024x691.jpg 1024w, https:\/\/www.upo.es\/investiga\/comintrad\/wp-content\/uploads\/2020\/08\/Plantilla-Foto-Perfil_cristina-768x518.jpg 768w, https:\/\/www.upo.es\/investiga\/comintrad\/wp-content\/uploads\/2020\/08\/Plantilla-Foto-Perfil_cristina-540x365.jpg 540w, https:\/\/www.upo.es\/investiga\/comintrad\/wp-content\/uploads\/2020\/08\/Plantilla-Foto-Perfil_cristina.jpg 1080w\" sizes=\"(max-width: 300px) 100vw, 300px\" \/><\/div><a class=\"wp-block-latest-posts__post-title\" href=\"https:\/\/www.upo.es\/investiga\/comintrad\/cristina-ramirez-delgado\/\">Cristina Ram\u00edrez Delgado<\/a><div class=\"wp-block-latest-posts__post-excerpt\">Soy Doctora con menci\u00f3n cum laude por la Universidad Pablo de Olavide (Sevilla) y Licenciada en Traducci\u00f3n e Interpretaci\u00f3n por la Universidad de Granada, formaci\u00f3n que&hellip;<\/div><\/li>\n<li><div class=\"wp-block-latest-posts__featured-image aligncenter\"><img loading=\"lazy\" decoding=\"async\" width=\"300\" height=\"203\" src=\"https:\/\/www.upo.es\/investiga\/comintrad\/wp-content\/uploads\/2022\/05\/Desiree-BN-300x203.jpg\" class=\"attachment-medium size-medium wp-post-image\" alt=\"Foto de perfil de Desire\u00e9 Aviles Marquez\" style=\"\" srcset=\"https:\/\/www.upo.es\/investiga\/comintrad\/wp-content\/uploads\/2022\/05\/Desiree-BN-300x203.jpg 300w, https:\/\/www.upo.es\/investiga\/comintrad\/wp-content\/uploads\/2022\/05\/Desiree-BN-1024x691.jpg 1024w, https:\/\/www.upo.es\/investiga\/comintrad\/wp-content\/uploads\/2022\/05\/Desiree-BN-768x518.jpg 768w, https:\/\/www.upo.es\/investiga\/comintrad\/wp-content\/uploads\/2022\/05\/Desiree-BN-540x365.jpg 540w, https:\/\/www.upo.es\/investiga\/comintrad\/wp-content\/uploads\/2022\/05\/Desiree-BN.jpg 1080w\" sizes=\"(max-width: 300px) 100vw, 300px\" \/><\/div><a class=\"wp-block-latest-posts__post-title\" href=\"https:\/\/www.upo.es\/investiga\/comintrad\/desiree-aviles-marquez\/\">Desir\u00e9e Avil\u00e9s M\u00e1rquez<\/a><div class=\"wp-block-latest-posts__post-excerpt\">Soy graduada en Traducci\u00f3n e Interpretaci\u00f3n (ingl\u00e9s y franc\u00e9s) y en Humanidades por la Universidad Pablo de Olavide. He realizado el M\u00e1ster Universitario en Profesorado de&hellip;<\/div><\/li>\n<li><div class=\"wp-block-latest-posts__featured-image aligncenter\"><img loading=\"lazy\" decoding=\"async\" width=\"300\" height=\"203\" src=\"https:\/\/www.upo.es\/investiga\/comintrad\/wp-content\/uploads\/2020\/08\/Plantilla-Foto-Perfil_elena-300x203.jpg\" class=\"attachment-medium size-medium wp-post-image\" alt=\"Foto de Elena Romera Garcia en blanco y negro\" style=\"\" srcset=\"https:\/\/www.upo.es\/investiga\/comintrad\/wp-content\/uploads\/2020\/08\/Plantilla-Foto-Perfil_elena-300x203.jpg 300w, https:\/\/www.upo.es\/investiga\/comintrad\/wp-content\/uploads\/2020\/08\/Plantilla-Foto-Perfil_elena-1024x691.jpg 1024w, https:\/\/www.upo.es\/investiga\/comintrad\/wp-content\/uploads\/2020\/08\/Plantilla-Foto-Perfil_elena-768x518.jpg 768w, https:\/\/www.upo.es\/investiga\/comintrad\/wp-content\/uploads\/2020\/08\/Plantilla-Foto-Perfil_elena-540x365.jpg 540w, https:\/\/www.upo.es\/investiga\/comintrad\/wp-content\/uploads\/2020\/08\/Plantilla-Foto-Perfil_elena.jpg 1080w\" sizes=\"(max-width: 300px) 100vw, 300px\" \/><\/div><a class=\"wp-block-latest-posts__post-title\" href=\"https:\/\/www.upo.es\/investiga\/comintrad\/elena-romera-garcia\/\">Elena Romera Garc\u00eda<\/a><div class=\"wp-block-latest-posts__post-excerpt\">Soy una profesional de la comunicaci\u00f3n y traducci\u00f3n especializada en la planificaci\u00f3n y ejecuci\u00f3n de estrategias de comunicaci\u00f3n y marketing globales con amplia experiencia en sectores&hellip;<\/div><\/li>\n<li><div class=\"wp-block-latest-posts__featured-image aligncenter\"><img loading=\"lazy\" decoding=\"async\" width=\"300\" height=\"203\" src=\"https:\/\/www.upo.es\/investiga\/comintrad\/wp-content\/uploads\/2025\/12\/Sin-titulo-1080-\u00d7-729-px-26-300x203.png\" class=\"attachment-medium size-medium wp-post-image\" alt=\"Foto de Olga Cruz Moya\" style=\"\" srcset=\"https:\/\/www.upo.es\/investiga\/comintrad\/wp-content\/uploads\/2025\/12\/Sin-titulo-1080-\u00d7-729-px-26-300x203.png 300w, https:\/\/www.upo.es\/investiga\/comintrad\/wp-content\/uploads\/2025\/12\/Sin-titulo-1080-\u00d7-729-px-26-1024x691.png 1024w, https:\/\/www.upo.es\/investiga\/comintrad\/wp-content\/uploads\/2025\/12\/Sin-titulo-1080-\u00d7-729-px-26-768x518.png 768w, https:\/\/www.upo.es\/investiga\/comintrad\/wp-content\/uploads\/2025\/12\/Sin-titulo-1080-\u00d7-729-px-26-540x365.png 540w, https:\/\/www.upo.es\/investiga\/comintrad\/wp-content\/uploads\/2025\/12\/Sin-titulo-1080-\u00d7-729-px-26.png 1080w\" sizes=\"(max-width: 300px) 100vw, 300px\" \/><\/div><a class=\"wp-block-latest-posts__post-title\" href=\"https:\/\/www.upo.es\/investiga\/comintrad\/olga-cruz-moya\/\">Olga Cruz Moya<\/a><div class=\"wp-block-latest-posts__post-excerpt\">Soy profesora titular de Lengua Espa\u00f1ola en el Departamento de Filolog\u00eda y Traducci\u00f3n de la Universidad Pablo de Olavide de Sevilla. Mi formaci\u00f3n acad\u00e9mica se inici\u00f3&hellip;<\/div><\/li>\n<li><div class=\"wp-block-latest-posts__featured-image aligncenter\"><img loading=\"lazy\" decoding=\"async\" width=\"300\" height=\"203\" src=\"https:\/\/www.upo.es\/investiga\/comintrad\/wp-content\/uploads\/2020\/08\/Plantilla-Foto-Perfil_olga-300x203.jpg\" class=\"attachment-medium size-medium wp-post-image\" alt=\"Foto Olga Koreneva en blanco y negro\" style=\"\" srcset=\"https:\/\/www.upo.es\/investiga\/comintrad\/wp-content\/uploads\/2020\/08\/Plantilla-Foto-Perfil_olga-300x203.jpg 300w, https:\/\/www.upo.es\/investiga\/comintrad\/wp-content\/uploads\/2020\/08\/Plantilla-Foto-Perfil_olga-1024x691.jpg 1024w, https:\/\/www.upo.es\/investiga\/comintrad\/wp-content\/uploads\/2020\/08\/Plantilla-Foto-Perfil_olga-768x518.jpg 768w, https:\/\/www.upo.es\/investiga\/comintrad\/wp-content\/uploads\/2020\/08\/Plantilla-Foto-Perfil_olga-540x365.jpg 540w, https:\/\/www.upo.es\/investiga\/comintrad\/wp-content\/uploads\/2020\/08\/Plantilla-Foto-Perfil_olga.jpg 1080w\" sizes=\"(max-width: 300px) 100vw, 300px\" \/><\/div><a class=\"wp-block-latest-posts__post-title\" href=\"https:\/\/www.upo.es\/investiga\/comintrad\/olga-koreneva\/\">Olga Koreneva<\/a><div class=\"wp-block-latest-posts__post-excerpt\">Licenciada en Traducci\u00f3n e Interpretaci\u00f3n por la Universidad de Granada, cuento con una larga trayectoria de investigaci\u00f3n en Traducci\u00f3n, Terminolog\u00eda cognitiva y comunicaci\u00f3n multiling\u00fce. He formado&hellip;<\/div><\/li>\n<li><div class=\"wp-block-latest-posts__featured-image aligncenter\"><img loading=\"lazy\" decoding=\"async\" width=\"300\" height=\"203\" src=\"https:\/\/www.upo.es\/investiga\/comintrad\/wp-content\/uploads\/2020\/08\/Plantilla-Foto-Perfil_patricia-300x203.jpg\" class=\"attachment-medium size-medium wp-post-image\" alt=\"Foto Patricia Balaguer en blanco y negro\" style=\"\" srcset=\"https:\/\/www.upo.es\/investiga\/comintrad\/wp-content\/uploads\/2020\/08\/Plantilla-Foto-Perfil_patricia-300x203.jpg 300w, https:\/\/www.upo.es\/investiga\/comintrad\/wp-content\/uploads\/2020\/08\/Plantilla-Foto-Perfil_patricia-1024x691.jpg 1024w, https:\/\/www.upo.es\/investiga\/comintrad\/wp-content\/uploads\/2020\/08\/Plantilla-Foto-Perfil_patricia-768x518.jpg 768w, https:\/\/www.upo.es\/investiga\/comintrad\/wp-content\/uploads\/2020\/08\/Plantilla-Foto-Perfil_patricia-540x365.jpg 540w, https:\/\/www.upo.es\/investiga\/comintrad\/wp-content\/uploads\/2020\/08\/Plantilla-Foto-Perfil_patricia.jpg 1080w\" sizes=\"(max-width: 300px) 100vw, 300px\" \/><\/div><a class=\"wp-block-latest-posts__post-title\" href=\"https:\/\/www.upo.es\/investiga\/comintrad\/patricia-balaguer-giron\/\">Patricia Balaguer Gir\u00f3n<\/a><div class=\"wp-block-latest-posts__post-excerpt\">Licenciada en Filolog\u00eda Alemana por la Universidad de Sevilla, realic\u00e9 durante mis estudios una estancia en Bonn y fui becada por el Departamento de Filolog\u00eda Alemana&hellip;<\/div><\/li>\n<li><div class=\"wp-block-latest-posts__featured-image aligncenter\"><img loading=\"lazy\" decoding=\"async\" width=\"300\" height=\"203\" src=\"https:\/\/www.upo.es\/investiga\/comintrad\/wp-content\/uploads\/2021\/03\/Plantilla-Foto-Perfil-Sergio-sin-fondo-300x203.jpg\" class=\"attachment-medium size-medium wp-post-image\" alt=\"Foto de Sergio Espa\u00f1a en blanco y negro con fondo blanco\" style=\"\" srcset=\"https:\/\/www.upo.es\/investiga\/comintrad\/wp-content\/uploads\/2021\/03\/Plantilla-Foto-Perfil-Sergio-sin-fondo-300x203.jpg 300w, https:\/\/www.upo.es\/investiga\/comintrad\/wp-content\/uploads\/2021\/03\/Plantilla-Foto-Perfil-Sergio-sin-fondo-1024x691.jpg 1024w, https:\/\/www.upo.es\/investiga\/comintrad\/wp-content\/uploads\/2021\/03\/Plantilla-Foto-Perfil-Sergio-sin-fondo-768x518.jpg 768w, https:\/\/www.upo.es\/investiga\/comintrad\/wp-content\/uploads\/2021\/03\/Plantilla-Foto-Perfil-Sergio-sin-fondo-540x365.jpg 540w, https:\/\/www.upo.es\/investiga\/comintrad\/wp-content\/uploads\/2021\/03\/Plantilla-Foto-Perfil-Sergio-sin-fondo.jpg 1080w\" sizes=\"(max-width: 300px) 100vw, 300px\" \/><\/div><a class=\"wp-block-latest-posts__post-title\" href=\"https:\/\/www.upo.es\/investiga\/comintrad\/sergio-espana-perez\/\">Sergio Espa\u00f1a P\u00e9rez<\/a><div class=\"wp-block-latest-posts__post-excerpt\">Soy traductor, docente e investigador. Licenciado en Traducci\u00f3n e Interpretaci\u00f3n por la Universidad de Granada, m\u00e1ster en Arte, Museos y Gesti\u00f3n del Patrimonio Hist\u00f3rico por la&hellip;<\/div><\/li>\n<li><div class=\"wp-block-latest-posts__featured-image aligncenter\"><img loading=\"lazy\" decoding=\"async\" width=\"300\" height=\"203\" src=\"https:\/\/www.upo.es\/investiga\/comintrad\/wp-content\/uploads\/2020\/08\/Sin-titulo-1080-\u00d7-729-px-15-300x203.jpg\" class=\"attachment-medium size-medium wp-post-image\" alt=\"\" style=\"\" srcset=\"https:\/\/www.upo.es\/investiga\/comintrad\/wp-content\/uploads\/2020\/08\/Sin-titulo-1080-\u00d7-729-px-15-300x203.jpg 300w, https:\/\/www.upo.es\/investiga\/comintrad\/wp-content\/uploads\/2020\/08\/Sin-titulo-1080-\u00d7-729-px-15-1024x691.jpg 1024w, https:\/\/www.upo.es\/investiga\/comintrad\/wp-content\/uploads\/2020\/08\/Sin-titulo-1080-\u00d7-729-px-15-768x518.jpg 768w, https:\/\/www.upo.es\/investiga\/comintrad\/wp-content\/uploads\/2020\/08\/Sin-titulo-1080-\u00d7-729-px-15-540x365.jpg 540w, https:\/\/www.upo.es\/investiga\/comintrad\/wp-content\/uploads\/2020\/08\/Sin-titulo-1080-\u00d7-729-px-15.jpg 1080w\" sizes=\"(max-width: 300px) 100vw, 300px\" \/><\/div><a class=\"wp-block-latest-posts__post-title\" href=\"https:\/\/www.upo.es\/investiga\/comintrad\/tomas-diaz-lima\/\">Tom\u00e1s D\u00edaz Lima<\/a><div class=\"wp-block-latest-posts__post-excerpt\">Actualmente soy Jefe del Departamento de Humanidades del Colegio Yago School (Sevilla), adem\u00e1s de docente en Historia y Spanish B para el Bachillerato Internacional (IB). Al&hellip;<\/div><\/li>\n<\/ul>","protected":false},"excerpt":{"rendered":"","protected":false},"author":1,"featured_media":0,"parent":0,"menu_order":0,"comment_status":"closed","ping_status":"closed","template":"template-full-width.php","meta":{"footnotes":""},"class_list":["post-673","page","type-page","status-publish","has-post-thumbnail","hentry"],"_links":{"self":[{"href":"https:\/\/www.upo.es\/investiga\/comintrad\/wp-json\/wp\/v2\/pages\/673"}],"collection":[{"href":"https:\/\/www.upo.es\/investiga\/comintrad\/wp-json\/wp\/v2\/pages"}],"about":[{"href":"https:\/\/www.upo.es\/investiga\/comintrad\/wp-json\/wp\/v2\/types\/page"}],"author":[{"embeddable":true,"href":"https:\/\/www.upo.es\/investiga\/comintrad\/wp-json\/wp\/v2\/users\/1"}],"replies":[{"embeddable":true,"href":"https:\/\/www.upo.es\/investiga\/comintrad\/wp-json\/wp\/v2\/comments?post=673"}],"version-history":[{"count":3,"href":"https:\/\/www.upo.es\/investiga\/comintrad\/wp-json\/wp\/v2\/pages\/673\/revisions"}],"predecessor-version":[{"id":4243,"href":"https:\/\/www.upo.es\/investiga\/comintrad\/wp-json\/wp\/v2\/pages\/673\/revisions\/4243"}],"wp:attachment":[{"href":"https:\/\/www.upo.es\/investiga\/comintrad\/wp-json\/wp\/v2\/media?parent=673"}],"curies":[{"name":"wp","href":"https:\/\/api.w.org\/{rel}","templated":true}]}}