{"id":1637,"date":"2020-07-10T13:20:45","date_gmt":"2020-07-10T13:20:45","guid":{"rendered":"https:\/\/www.upo.es\/investiga\/enredars\/?page_id=1637"},"modified":"2023-12-30T16:05:32","modified_gmt":"2023-12-30T15:05:32","slug":"donana-y-su-entorno-como-zona-patrimonial","status":"publish","type":"page","link":"https:\/\/www.upo.es\/investiga\/enredars\/?page_id=1637","title":{"rendered":"Do\u00f1ana y su entorno como zona patrimonial"},"content":{"rendered":"\n<p><a href=\"http:\/\/hdl.handle.net\/10433\/8513\">Pr\u00f3logo. Do\u00f1ana y el patrimonio de su hibridez<\/a>. Ojeda, Juan F.; Villa, Juan (2020)<\/p>\n\n\n\n<p><a href=\"http:\/\/hdl.handle.net\/10433\/8512\">El paisaje cultural. Especial referencia a las zonas patrimoniales de la Ley 14\/2007, de 26 de noviembre, de Patrimonio Hist\u00f3rico de Andaluc\u00eda<\/a>. Ortiz, M\u00f3nica (2020)<\/p>\n\n\n\n<p><a href=\"https:\/\/rio.upo.es\/xmlui\/handle\/10433\/8511\">Patrimonio y territorio: los recursos patrimoniales de Do\u00f1ana y Bajo Guadalquivir. Hacia un aprovechamiento sostenible<\/a>. Verdugo Santos, Javier (2020)<\/p>\n\n\n\n<p><a href=\"http:\/\/hdl.handle.net\/10433\/8510\">Armonizaci\u00f3n de una realidad heterog\u00e9nea. Do\u00f1ana y su entorno desde el patrimonio, la urban\u00edstica y la ordenaci\u00f3n sostenible del territorio<\/a>. P\u00e9rez Cano, M\u00aa Teresa; S\u00e1nchez, Domingo; Navas-Carrillo, Daniel (2020)<\/p>\n\n\n\n<p><a href=\"http:\/\/hdl.handle.net\/10433\/8509\">Los patrimonios de Do\u00f1ana. Significados y valores culturales en el Parque Nacional<\/a>. Se\u00f1o Asencio, Ferm\u00edn (2020)<\/p>\n\n\n\n<p><a href=\"http:\/\/hdl.handle.net\/10433\/8508\">El territorio de Do\u00f1ana en la cartograf\u00eda hist\u00f3rica<\/a>. Posada Sime\u00f3n, Jos\u00e9 Carlos (2020)<\/p>\n\n\n\n<p><a href=\"http:\/\/hdl.handle.net\/10433\/8507\">El Paisaje Salinero de Do\u00f1ana. Las instalaciones salineras de las Marismillas: San Isidoro, San Rafael y San Diego<\/a>. Mart\u00ednez Castizo, Daniel (2020)<\/p>\n\n\n\n<p><a href=\"http:\/\/hdl.handle.net\/10433\/8490\">Atunes, albacoras, bonitos, alistados, caballas y melvas\u2026 Las almadrabas de Do\u00f1ana<\/a>. Serveto i Aguil\u00f3, Patxi (2020)<\/p>\n\n\n\n<p><a href=\"http:\/\/hdl.handle.net\/10433\/8489\">El patrimonio territorial en la Cuenca del Guadiamar<\/a>. Feria Toribio, Jos\u00e9 M\u00aa (2020)<\/p>\n\n\n\n<p><a href=\"http:\/\/hdl.handle.net\/10433\/8488\">Paisajes agrarios y agricultura de vanguardia en la comarca de Do\u00f1ana<\/a>. M\u00e1rquez Dom\u00ednguez, Juan Antonio (2020)<\/p>\n\n\n\n<p><a href=\"http:\/\/hdl.handle.net\/10433\/8487\">El cultivo del vi\u00f1edo, patrimonio y recurso en los municipios del Condado de Huelva que pertenecen a la Reserva de la Biosfera de Do\u00f1ana<\/a>. Villa D\u00edaz, Ana (2020)<\/p>\n\n\n\n<p><a href=\"http:\/\/hdl.handle.net\/10433\/8486\">El caballo de las Retuertas de Do\u00f1ana<\/a>. Calder\u00f3n, Juan; Vega-Pla, Jos\u00e9 Luis (2020)<\/p>\n\n\n\n<p><a href=\"http:\/\/hdl.handle.net\/10433\/8485\">El Roc\u00edo y Do\u00f1ana, Naturaleza y Cultura<\/a>. Villa D\u00edaz, \u00c1gueda; Andreu-Lara, Carmen (2020)<\/p>\n\n\n\n<p><a href=\"http:\/\/hdl.handle.net\/10433\/8484\">Toponimia minera en Do\u00f1ana: un caso de patrimonio ling\u00fc\u00edstico<\/a>. Molina D\u00edaz, Francisco (2020)<\/p>\n\n\n\n<p><a href=\"http:\/\/hdl.handle.net\/10433\/8483\">Los paisajes culturales, un recurso para el desarrollo del Condado de Huelva<\/a>. Santana Falc\u00f3n, Isabel E. (2020)<\/p>\n\n\n\n<p><a href=\"http:\/\/hdl.handle.net\/10433\/8482\">Relaciones hombre-medio en el entorno de Do\u00f1ana a lo largo de la historia. Pinceladas de un binomio permanente<\/a>. Vidal Teruel, Nuria de la O; Campos Carrasco, Juan M. (2020)<\/p>\n\n\n\n<p><a href=\"http:\/\/hdl.handle.net\/10433\/8481\">El Palacio del Acebr\u00f3n. Una arquitectura simb\u00f3lica de luz y de roc\u00edo<\/a>. Gal\u00e1n Mart\u00edn, Jos\u00e9 M\u00aa (2020)<\/p>\n\n\n\n<p><a href=\"http:\/\/hdl.handle.net\/10433\/8480\">Sanl\u00facar, Do\u00f1ana y la Casa ducal de Medina Sidonia<\/a>. Cruz Isidoro, Fernando (2020)<\/p>\n\n\n\n<p><a href=\"http:\/\/hdl.handle.net\/10433\/8479\">Di\u00e1logo pasado-presente en el paisaje expresivo barroco del Condado de Huelva y el Roc\u00edo. Una barroquizaci\u00f3n contempor\u00e1nea<\/a>. Gonz\u00e1lez Madrid, Rafael (2020)<\/p>\n\n\n\n<p><a href=\"http:\/\/hdl.handle.net\/10433\/8478\">Intervenciones de Antonio de Figueroa en el entorno de Do\u00f1ana (1776-1793)<\/a>. Nogales M\u00e1rquez, Carlos Francisco (2020)<\/p>\n\n\n\n<p><a href=\"http:\/\/hdl.handle.net\/10433\/8477\">Desentra\u00f1ando la arquitectura bajomedieval del Condado: la conservaci\u00f3n y las restauraciones contempor\u00e1neas de la iglesia de Santa Mar\u00eda de Niebla<\/a>. Infante Lim\u00f3n, Enrique (2020)<\/p>\n\n\n\n<p><a href=\"http:\/\/hdl.handle.net\/10433\/8476\">Devociones y culto mariano en la Comarca del Condado de Huelva<\/a>. Hern\u00e1ndez Gonz\u00e1lez, Salvador; Rodr\u00edguez Becerra, Salvador (2020)<\/p>\n\n\n\n<p><a href=\"http:\/\/hdl.handle.net\/10433\/8475\">El Espacio Natural de Do\u00f1ana como territorio museo: perspectivas sobre sus equipamientos para el acceso a los recursos naturales y culturales<\/a>. Mosquera P\u00e9rez, Clara; Mosquera Adell, Eduardo (2020)<\/p>\n\n\n\n<p><a href=\"http:\/\/hdl.handle.net\/10433\/8474\">Ep\u00edlogo. <em>De la f\u00e9rtil tierra andaluza\u2026<\/em><\/a> Quiles Garc\u00eda, Fernando (2020)<\/p>\n\n\n\n<p>GONZ\u00c1LEZ MADRID, Rafael, (ed.), <em>Do\u00f1ana y su entorno como zona patrimonial<\/em>, Vol. I, Sevilla, Publicaciones Enredars, 2019.ISBN: 978-84-09-21441-9.<\/p>\n\n\n\n<p><\/p>\n","protected":false},"excerpt":{"rendered":"<p>Pr\u00f3logo. Do\u00f1ana y el patrimonio de su hibridez. Ojeda, Juan F.; Villa, Juan (2020) El paisaje cultural. Especial referencia a[&#8230;]<\/p>\n","protected":false},"author":1,"featured_media":0,"parent":0,"menu_order":0,"comment_status":"closed","ping_status":"closed","template":"template-fullwidth.php","meta":{"footnotes":""},"_links":{"self":[{"href":"https:\/\/www.upo.es\/investiga\/enredars\/index.php?rest_route=\/wp\/v2\/pages\/1637"}],"collection":[{"href":"https:\/\/www.upo.es\/investiga\/enredars\/index.php?rest_route=\/wp\/v2\/pages"}],"about":[{"href":"https:\/\/www.upo.es\/investiga\/enredars\/index.php?rest_route=\/wp\/v2\/types\/page"}],"author":[{"embeddable":true,"href":"https:\/\/www.upo.es\/investiga\/enredars\/index.php?rest_route=\/wp\/v2\/users\/1"}],"replies":[{"embeddable":true,"href":"https:\/\/www.upo.es\/investiga\/enredars\/index.php?rest_route=%2Fwp%2Fv2%2Fcomments&post=1637"}],"version-history":[{"count":4,"href":"https:\/\/www.upo.es\/investiga\/enredars\/index.php?rest_route=\/wp\/v2\/pages\/1637\/revisions"}],"predecessor-version":[{"id":2725,"href":"https:\/\/www.upo.es\/investiga\/enredars\/index.php?rest_route=\/wp\/v2\/pages\/1637\/revisions\/2725"}],"wp:attachment":[{"href":"https:\/\/www.upo.es\/investiga\/enredars\/index.php?rest_route=%2Fwp%2Fv2%2Fmedia&parent=1637"}],"curies":[{"name":"wp","href":"https:\/\/api.w.org\/{rel}","templated":true}]}}