{"id":3078,"date":"2025-07-22T08:14:54","date_gmt":"2025-07-22T07:14:54","guid":{"rendered":"https:\/\/www.upo.es\/investiga\/enredars\/?page_id=3078"},"modified":"2025-07-22T08:14:54","modified_gmt":"2025-07-22T07:14:54","slug":"xv-jornadas-de-patrimonio-historico-y-cultural-de-la-provincia-de-sevilla-patrimonio-geologico-y-paleontologico","status":"publish","type":"page","link":"https:\/\/www.upo.es\/investiga\/enredars\/?page_id=3078","title":{"rendered":"XV Jornadas de Patrimonio Hist\u00f3rico y Cultural de la Provincia de Sevilla. Patrimonio Geol\u00f3gico y Paleontol\u00f3gico"},"content":{"rendered":"\n<h2 class=\"wp-block-heading\">XV Jornadas de Patrimonio Hist\u00f3rico y Cultural de la Provincia de Sevilla. Patrimonio Geol\u00f3gico y Paleontol\u00f3gico<\/h2>\n\n\n\n<div class=\"wp-block-media-text is-stacked-on-mobile\" style=\"grid-template-columns:27% auto\"><figure class=\"wp-block-media-text__media\"><a href=\"https:\/\/rio.upo.es\/entities\/publication\/54dfb6de-2a61-40e6-a171-93c486ca2d31\"><img loading=\"lazy\" decoding=\"async\" width=\"446\" height=\"617\" src=\"https:\/\/www.upo.es\/investiga\/enredars\/wp-content\/uploads\/2025\/07\/Patrimonio-Geolo\u0301gico_portada-1.jpg\" alt=\"\" class=\"wp-image-3079 size-full\" srcset=\"https:\/\/www.upo.es\/investiga\/enredars\/wp-content\/uploads\/2025\/07\/Patrimonio-Geolo\u0301gico_portada-1.jpg 446w, https:\/\/www.upo.es\/investiga\/enredars\/wp-content\/uploads\/2025\/07\/Patrimonio-Geolo\u0301gico_portada-1-217x300.jpg 217w\" sizes=\"(max-width: 446px) 100vw, 446px\" \/><\/a><\/figure><div class=\"wp-block-media-text__content\">\n<p>Detalles del libro<\/p>\n\n\n\n<ul>\n<li>Editoriales: Enredars Publicaciones Diputaci\u00f3n de Sevilla<\/li>\n\n\n\n<li>3.\u00ba volumen de la colecci\u00f3n Visibilia<\/li>\n\n\n\n<li>ISBN: 978-84-7798-530-3<\/li>\n\n\n\n<li>A\u00f1o de publicaci\u00f3n: 2024<\/li>\n<\/ul>\n\n\n\n<p><a href=\"https:\/\/rio.upo.es\/entities\/publication\/54dfb6de-2a61-40e6-a171-93c486ca2d31\">Acceder ahora al \u00edndice del libro<\/a><\/p>\n<\/div><\/div>\n\n\n\n<p>Presentaci\u00f3n. Fern\u00e1ndez Linares, Casimiro (Diputaci\u00f3n de Sevilla \/ Enredars \u2013 UPO, 2024)<\/p>\n\n\n\n<p>Introducci\u00f3n (Diputaci\u00f3n de Sevilla \/ Enredars \u2013 UPO, 2024)<\/p>\n\n\n\n<p>El C\u00e1mbrico de la provincia de Sevilla. Mayoral, Eduardo; Collantes, Luis (Diputaci\u00f3n de Sevilla \/ Enredars \u2013 UPO, 2024)<\/p>\n\n\n\n<p>\u00bfQui\u00e9n reconoce y protege legalmente el patrimonio paleontol\u00f3gico andaluz? Bern\u00e1ldez S\u00e1nchez, Elo\u00edsa (Diputaci\u00f3n de Sevilla \/ Enredars \u2013 UPO, 2024)<\/p>\n\n\n\n<p>Paleontolog\u00eda del Ne\u00f3geno de Alcal\u00e1 de Guada\u00edra. Maestre Galindo, M. Vicente; &nbsp;Bajo Campos, Ildefonso; C\u00e1rdenas Carretero, Joaqu\u00edn (Diputaci\u00f3n de Sevilla \/ Enredars \u2013 UPO, 2024)<\/p>\n\n\n\n<p>El Jur\u00e1sico de la Sierra de Estepa (Sevilla) dentro del contexto del Subb\u00e9tico Externo. Rold\u00e1n de la R\u00faa, Rafael (Diputaci\u00f3n de Sevilla \/ Enredars \u2013 UPO, 2024)<\/p>\n\n\n\n<p>Flora f\u00f3sil de las cuencas carbon\u00edferas de la provincia de Sevilla. \u00c1lvarez-V\u00e1zquez, Carmen; Gil Fern\u00e1ndez, Jaime (Diputaci\u00f3n de Sevilla \/ Enredars \u2013 UPO, 2024)<\/p>\n\n\n\n<p>Registro f\u00f3sil de mam\u00edferos terrestres del plio-pleistoceno en la provincia de Sevilla. Ros-Montoya, Sergio; Mart\u00ednez-Navarro, Bienvenido; Patrocinio Espigares, Mar\u00eda; Bajo Campos, Ildefonso (Diputaci\u00f3n de Sevilla \/ Enredars \u2013 UPO, 2024)<\/p>\n\n\n\n<p><\/p>\n\n\n\n<p><em><a href=\"https:\/\/rio.upo.es\/entities\/publication\/54dfb6de-2a61-40e6-a171-93c486ca2d31\">XV Jornadas de Patrimonio Hist\u00f3rico y Cultural de la Provincia de Sevilla. Patrimonio Geol\u00f3gico y Paleontol\u00f3gico<\/a><\/em>. Vol. III. Sevilla, Diputaci\u00f3n de Sevilla \/ Enredars \u2013 UPO, 2024. ISBN: 978-84-7798-530-3.<\/p>\n","protected":false},"excerpt":{"rendered":"<p>XV Jornadas de Patrimonio Hist\u00f3rico y Cultural de la Provincia de Sevilla. Patrimonio Geol\u00f3gico y Paleontol\u00f3gico Presentaci\u00f3n. Fern\u00e1ndez Linares, Casimiro[&#8230;]<\/p>\n","protected":false},"author":1,"featured_media":0,"parent":0,"menu_order":0,"comment_status":"closed","ping_status":"closed","template":"elementor_header_footer","meta":{"footnotes":""},"_links":{"self":[{"href":"https:\/\/www.upo.es\/investiga\/enredars\/index.php?rest_route=\/wp\/v2\/pages\/3078"}],"collection":[{"href":"https:\/\/www.upo.es\/investiga\/enredars\/index.php?rest_route=\/wp\/v2\/pages"}],"about":[{"href":"https:\/\/www.upo.es\/investiga\/enredars\/index.php?rest_route=\/wp\/v2\/types\/page"}],"author":[{"embeddable":true,"href":"https:\/\/www.upo.es\/investiga\/enredars\/index.php?rest_route=\/wp\/v2\/users\/1"}],"replies":[{"embeddable":true,"href":"https:\/\/www.upo.es\/investiga\/enredars\/index.php?rest_route=%2Fwp%2Fv2%2Fcomments&post=3078"}],"version-history":[{"count":1,"href":"https:\/\/www.upo.es\/investiga\/enredars\/index.php?rest_route=\/wp\/v2\/pages\/3078\/revisions"}],"predecessor-version":[{"id":3080,"href":"https:\/\/www.upo.es\/investiga\/enredars\/index.php?rest_route=\/wp\/v2\/pages\/3078\/revisions\/3080"}],"wp:attachment":[{"href":"https:\/\/www.upo.es\/investiga\/enredars\/index.php?rest_route=%2Fwp%2Fv2%2Fmedia&parent=3078"}],"curies":[{"name":"wp","href":"https:\/\/api.w.org\/{rel}","templated":true}]}}