{"id":3240,"date":"2026-04-20T11:55:35","date_gmt":"2026-04-20T10:55:35","guid":{"rendered":"https:\/\/www.upo.es\/investiga\/enredars\/?page_id=3240"},"modified":"2026-04-20T11:55:53","modified_gmt":"2026-04-20T10:55:53","slug":"distintas-percepciones-sobre-los-mayas","status":"publish","type":"page","link":"https:\/\/www.upo.es\/investiga\/enredars\/?page_id=3240","title":{"rendered":"Distintas percepciones sobre los mayas"},"content":{"rendered":"\n<h2 class=\"wp-block-heading\">Distintas percepciones sobre los mayas<\/h2>\n\n\n\n<div class=\"wp-block-media-text is-stacked-on-mobile\" style=\"grid-template-columns:29% auto\"><figure class=\"wp-block-media-text__media\"><a href=\"https:\/\/rio.upo.es\/collections\/1da030a5-1603-4c45-ba0c-3f7ddf2c74fa\"><img loading=\"lazy\" decoding=\"async\" width=\"453\" height=\"647\" src=\"https:\/\/www.upo.es\/investiga\/enredars\/wp-content\/uploads\/2026\/04\/Los-Mayas_portada.jpg\" alt=\"\" class=\"wp-image-3241 size-full\" srcset=\"https:\/\/www.upo.es\/investiga\/enredars\/wp-content\/uploads\/2026\/04\/Los-Mayas_portada.jpg 453w, https:\/\/www.upo.es\/investiga\/enredars\/wp-content\/uploads\/2026\/04\/Los-Mayas_portada-210x300.jpg 210w\" sizes=\"(max-width: 453px) 100vw, 453px\" \/><\/a><\/figure><div class=\"wp-block-media-text__content\">\n<p>Detalles del libro<\/p>\n\n\n\n<ul>\n<li>Coordinador: Jos\u00e9 Manuel Ch\u00e1vez G\u00f3mez<\/li>\n\n\n\n<li>Editoriales: Enredars Publicaciones y Ediciones Universidad Aut\u00f3noma de Chile<\/li>\n\n\n\n<li>16.\u00ba volumen de la colecci\u00f3n Culturas Originarias<\/li>\n\n\n\n<li>ISBN: 978-84-09-78738-8<\/li>\n\n\n\n<li>A\u00f1o de publicaci\u00f3n: 2026<\/li>\n\n\n\n<li>N\u00famero de p\u00e1ginas: 271<\/li>\n<\/ul>\n\n\n\n<p><a href=\"https:\/\/rio.upo.es\/collections\/1da030a5-1603-4c45-ba0c-3f7ddf2c74fa\">Acceder ahora al libro<\/a><\/p>\n<\/div><\/div>\n\n\n\n<p><a href=\"https:\/\/rio.upo.es\/entities\/publication\/a988f342-41d4-4f82-abf4-e910cf0f7039\">Estudio introductorio<\/a>. Ch\u00e1vez G\u00f3mez, Jos\u00e9 Manuel A. (Ediciones Universidad Aut\u00f3noma de Chile \/ Enredars-Universidad Pablo de Olavide, 2026)<\/p>\n\n\n\n<p><a href=\"https:\/\/rio.upo.es\/entities\/publication\/78f2700f-8460-420b-ab0e-8aebf9e64c94\">El caso del entierro 17 del sitio San Pedro Cholul, Yucat\u00e1n, nuevas consideraciones desde la perspectiva biomec\u00e1nica<\/a>. Arias L\u00f3pez, Jos\u00e9 Manuel (Ediciones Universidad Aut\u00f3noma de Chile \/ Enredars-Universidad Pablo de Olavide, 2026)<\/p>\n\n\n\n<p><a href=\"https:\/\/rio.upo.es\/entities\/publication\/db72150a-cdb4-4cb5-9db6-c649f28916b2\">El osario de Pixoy, Yucat\u00e1n, de los siglos XVIII y XIX: Bioarqueolog\u00eda y Antropolog\u00eda F\u00edsica para la reconstrucci\u00f3n de la historia regional<\/a>. Del Castillo Ch\u00e1vez, Oana; Gallardo Vel\u00e1zquez, Alfonso; Pimienta Merl\u00edn, Martha (Ediciones Universidad Aut\u00f3noma de Chile \/ Enredars-Universidad Pablo de Olavide, 2026)<\/p>\n\n\n\n<p><a href=\"https:\/\/rio.upo.es\/entities\/publication\/aa75b035-4443-4de8-a0e6-758cba897d74\">Exploraciones al interior del meandro de Yaxchil\u00e1n. Primeros Avances<\/a>. Echauri P\u00e9rez, Ileana Edith; Tejeda Monroy, Eduardo Arturo (Ediciones Universidad Aut\u00f3noma de Chile \/ Enredars-Universidad Pablo de Olavide, 2026)<\/p>\n\n\n\n<p><a href=\"https:\/\/rio.upo.es\/entities\/publication\/25f13944-2df4-4a04-8f95-c74c03b24307\">San Claudio, Tabasco, un sitio del cl\u00e1sico maya: sus antecedentes, arquitectura y paisaje social<\/a>. Martz de la Vega, Hans; Romero Rivera, Jos\u00e9 Luis; Gonz\u00e1lez Morales, Cecilia (Ediciones Universidad Aut\u00f3noma de Chile \/ Enredars-Universidad Pablo de Olavide, 2026)<\/p>\n\n\n\n<p><a href=\"https:\/\/rio.upo.es\/entities\/publication\/6a3720bf-9c33-4cc8-a35b-df137a328c74\">Patr\u00f3n de asentamiento y composici\u00f3n social de los asentamientos mayas prehisp\u00e1nicos: una aproximaci\u00f3n desde las investigaciones de salvamento arqueol\u00f3gico<\/a>. P\u00e9rez Rivas, Manuel Eduardo; Flores Hern\u00e1ndez, Mar\u00eda (Ediciones Universidad Aut\u00f3noma de Chile \/ Enredars-Universidad Pablo de Olavide, 2026)<\/p>\n\n\n\n<p><a href=\"https:\/\/rio.upo.es\/entities\/publication\/c172d0b3-a311-453e-8a80-f597dc6080e1\">El patrimonio mixto de la Reserva de Biosfera Maya, Pet\u00e9n, Guatemala. Condici\u00f3n a 30 a\u00f1os (1987 \u2013 2017)<\/a>. Quintana Samayoa, \u00d3scar Antonio; Siller Camacho, Juan Antonio (Ediciones Universidad Aut\u00f3noma de Chile \/ Enredars-Universidad Pablo de Olavide, 2026)<\/p>\n\n\n\n<p><a href=\"https:\/\/rio.upo.es\/entities\/publication\/10cfcbcd-f22a-4bc7-be1b-1a1d870c2f3e\">La diversidad de las milpas de los Guardianes de semillas del sur de Yucat\u00e1n<\/a>. Rosales Gonz\u00e1lez, Margarita (Ediciones Universidad Aut\u00f3noma de Chile \/ Enredars-Universidad Pablo de Olavide, 2026)<\/p>\n\n\n\n<p><a href=\"https:\/\/rio.upo.es\/entities\/publication\/e69aba8e-466d-4edf-97f3-98f4c0b072b7\">El <em>k\u2019eex<\/em> o cambio de ch\u00e1ako\u2019ob o se\u00f1ores de la lluvia<\/a>. Qui\u00f1ones Vega, Teresa (Ediciones Universidad Aut\u00f3noma de Chile \/ Enredars-Universidad Pablo de Olavide, 2026)<\/p>\n\n\n\n<p><a href=\"https:\/\/rio.upo.es\/entities\/publication\/19f0cd12-ce9a-4b7c-90cf-97a9b1e2c585\">Nojoch Aj K\u00e9ej, Se\u00f1or de los Venados , cazador ceremonial y guerrero de preeminencia entre los mayas precolombinos<\/a>. Ch\u00e1vez G\u00f3mez, Jos\u00e9 Manuel A. (Ediciones Universidad Aut\u00f3noma de Chile \/ Enredars-Universidad Pablo de Olavide, 2026)<\/p>\n\n\n\n<p><a href=\"https:\/\/rio.upo.es\/entities\/publication\/d1f83c69-b0b7-4164-9797-70fe40365875\">Aproximaci\u00f3n a la cosmovisi\u00f3n prehisp\u00e1nica huasteca: <em>Muxi\u2019<\/em>, dios teenek del trueno<\/a>. Caraveo Tu\u00f1\u00f3n, Jazm\u00edn (Ediciones Universidad Aut\u00f3noma de Chile \/ Enredars-Universidad Pablo de Olavide, 2026)<\/p>\n\n\n\n<p><\/p>\n\n\n\n<p>Ch\u00e1vez G\u00f3mez, Jos\u00e9 Manuel A. (coord.). <a href=\"https:\/\/rio.upo.es\/entities\/publication\/aaeca074-a16e-4cf2-bcd6-697862b2082c\">Distintas percepciones sobre los mayas. Su paisaje y sociedad desde la \u00e9poca prehisp\u00e1nica hasta la actualidad<\/a>.&nbsp; Vol. XVI. Santiago de Chile: Ediciones Universidad Aut\u00f3noma de Chile;&nbsp;Sevilla: Enredars Publicaciones, 2026. ISBN: 978-84-09-78738-8.<\/p>\n","protected":false},"excerpt":{"rendered":"<p>Distintas percepciones sobre los mayas Estudio introductorio. Ch\u00e1vez G\u00f3mez, Jos\u00e9 Manuel A. (Ediciones Universidad Aut\u00f3noma de Chile \/ Enredars-Universidad Pablo[&#8230;]<\/p>\n","protected":false},"author":1,"featured_media":0,"parent":0,"menu_order":0,"comment_status":"closed","ping_status":"closed","template":"elementor_header_footer","meta":{"footnotes":""},"_links":{"self":[{"href":"https:\/\/www.upo.es\/investiga\/enredars\/index.php?rest_route=\/wp\/v2\/pages\/3240"}],"collection":[{"href":"https:\/\/www.upo.es\/investiga\/enredars\/index.php?rest_route=\/wp\/v2\/pages"}],"about":[{"href":"https:\/\/www.upo.es\/investiga\/enredars\/index.php?rest_route=\/wp\/v2\/types\/page"}],"author":[{"embeddable":true,"href":"https:\/\/www.upo.es\/investiga\/enredars\/index.php?rest_route=\/wp\/v2\/users\/1"}],"replies":[{"embeddable":true,"href":"https:\/\/www.upo.es\/investiga\/enredars\/index.php?rest_route=%2Fwp%2Fv2%2Fcomments&post=3240"}],"version-history":[{"count":2,"href":"https:\/\/www.upo.es\/investiga\/enredars\/index.php?rest_route=\/wp\/v2\/pages\/3240\/revisions"}],"predecessor-version":[{"id":3243,"href":"https:\/\/www.upo.es\/investiga\/enredars\/index.php?rest_route=\/wp\/v2\/pages\/3240\/revisions\/3243"}],"wp:attachment":[{"href":"https:\/\/www.upo.es\/investiga\/enredars\/index.php?rest_route=%2Fwp%2Fv2%2Fmedia&parent=3240"}],"curies":[{"name":"wp","href":"https:\/\/api.w.org\/{rel}","templated":true}]}}