{"id":438,"date":"2018-01-22T18:49:03","date_gmt":"2018-01-22T18:49:03","guid":{"rendered":"https:\/\/www.upo.es\/investiga\/enredars\/?page_id=438"},"modified":"2023-12-30T13:03:45","modified_gmt":"2023-12-30T12:03:45","slug":"cartografia-murillesca","status":"publish","type":"page","link":"https:\/\/www.upo.es\/investiga\/enredars\/?page_id=438","title":{"rendered":"Cartograf\u00eda Murillesca"},"content":{"rendered":"<p><a href=\"http:\/\/hdl.handle.net\/10433\/5074\">Pr\u00f3logo: Murillo\u00b4s Seville.<\/a><br \/>\nAmanda Wunder\u00a0(The City University of New York)<\/p>\n<p><a href=\"http:\/\/hdl.handle.net\/10433\/5073\">Los Esteban Murillo: una familia de feligreses en la Parroquia de Santa Mar\u00eda Magdalena.<\/a><br \/>\nAntonio J. L\u00f3pez Guti\u00e9rrez (Universidad Pablo de Olavide, Sevilla) y Aurora J. Ortega L\u00f3pez (Archivo Parroquial Santa Mar\u00eda Magdalena, Sevilla)<\/p>\n<p><a href=\"http:\/\/hdl.handle.net\/10433\/5072\">Murillo \u00edntimo. El inicio del coleccionista \u00abmurillesco\u00bb en su entorno familiar y social.<\/a><br \/>\nSalvador Hern\u00e1ndez Gonz\u00e1lez (Universidad Pablo de Olavide) y Francisco Javier Guti\u00e9rrez N\u00fa\u00f1ez (I.E.S. \u201cL\u00f3pez de Arenas\u201d. Marchena, Sevilla)<\/p>\n<p><a href=\"http:\/\/hdl.handle.net\/10433\/5071\">Hacia un nuevo concepto de la pintura Sevillana. De feria a la Lonja.<\/a><br \/>\nAntonio Garc\u00eda Baeza (Universidad de Sevilla)<\/p>\n<p><a href=\"http:\/\/hdl.handle.net\/10433\/5070\">Santa Mar\u00eda la Blanca, un milagro barroco. Contribuci\u00f3n a Murillo y Neve a su patrimonio monumental y art\u00edstico.<\/a><br \/>\nTeodoro Falc\u00f3n M\u00e1rquez\u00a0(Universidad de Sevilla)<\/p>\n<p><a href=\"http:\/\/hdl.handle.net\/10433\/5069\">El camino de Murillo hacia la luz. Del convento a la catedral.<\/a><br \/>\nFernando Quiles Garc\u00eda\u00a0(Universidad Pablo de Olavide, Sevilla)<\/p>\n<p><a href=\"http:\/\/hdl.handle.net\/10433\/5068\">Entre San Isidoro y la Puerta de la Carne; el laberinto extranjero en la Sevilla de Murillo.<\/a><br \/>\nLidia Beltr\u00e1n Mart\u00ednez\u00a0(Universidad Pablo de Olavide, Sevilla)<\/p>\n<p><a href=\"http:\/\/hdl.handle.net\/10433\/5067\">De Sevilla a un mundo so\u00f1ado: Murillo en el escenario americano.<\/a><br \/>\nMar\u00eda de los \u00c1ngeles Fern\u00e1ndez Valle\u00a0(Universidad Pablo de Olavide, Sevilla)<\/p>\n<p><a href=\"http:\/\/hdl.handle.net\/10433\/5066\">Los jerogl\u00edficos de La Caridad.<\/a><br \/>\nArsenio Moreno Mendoza (Universidad Pablo de Olavide, Sevilla)<\/p>\n<p><a href=\"http:\/\/hdl.handle.net\/10433\/5065\">Ocaso en Santa Cruz: desde su admiraci\u00f3n por la obra de <em>maese<\/em> Pedro al vilipendio de sus restos.<\/a><br \/>\nElena Escudero Barrado (Universidad de Sevilla)<\/p>\n<p><a href=\"http:\/\/hdl.handle.net\/10433\/5062\">De Sevilla al Museo: difusi\u00f3n y dispersi\u00f3n de la pintura de Bartolom\u00e9 Esteban Murillo.<\/a><br \/>\nMar\u00eda Dolores Antig\u00fcedad del Castillo &#8211; Olivares (Universidad Nacional de Educaci\u00f3n a Distancia)<\/p>\n<p><a href=\"http:\/\/hdl.handle.net\/10433\/5061\">Murillo a trav\u00e9s de la prensa.<\/a><br \/>\nBeatriz Cruz Espada y Guillermo Pastor P\u00e9rez (Universidad Pablo de Olavide, Sevilla)<\/p>\n<p><a href=\"http:\/\/hdl.handle.net\/10433\/5060\">Ep\u00edlogo: &#8230; Y al final&#8230; el altar&#8230; Murillo por encima del hombre y del artista&#8230; de la leyenda al mito&#8230;<\/a><br \/>\nFernando Quiles Garc\u00eda y Lidia Beltr\u00e1n Mart\u00ednez\u00a0(Universidad Pablo de Olavide, Sevilla)<\/p>\n<p style=\"text-align: right;\"><em>Publicaci\u00f3n<\/em><\/p>\n<p>Beltr\u00e1n Mart\u00ednez, Lidia; Quiles Garc\u00eda, Fernando (eds.). <a href=\"http:\/\/hdl.handle.net\/10433\/5075\">Cartograf\u00eda Murillesca. Los pasos contados.\u00a0A\u00f1o de Murillo MMXVII.<\/a><a href=\"http:\/\/hdl.handle.net\/10433\/5075\">\u00a0<\/a>\u00a0Sevilla,\u00a0Universo Barroco Iberoamericano, 2017.<\/p>\n","protected":false},"excerpt":{"rendered":"<p>Pr\u00f3logo: Murillo\u00b4s Seville. Amanda Wunder\u00a0(The City University of New York) Los Esteban Murillo: una familia de feligreses en la Parroquia[&#8230;]<\/p>\n","protected":false},"author":1,"featured_media":0,"parent":41,"menu_order":3,"comment_status":"closed","ping_status":"closed","template":"template-fullwidth.php","meta":{"footnotes":""},"_links":{"self":[{"href":"https:\/\/www.upo.es\/investiga\/enredars\/index.php?rest_route=\/wp\/v2\/pages\/438"}],"collection":[{"href":"https:\/\/www.upo.es\/investiga\/enredars\/index.php?rest_route=\/wp\/v2\/pages"}],"about":[{"href":"https:\/\/www.upo.es\/investiga\/enredars\/index.php?rest_route=\/wp\/v2\/types\/page"}],"author":[{"embeddable":true,"href":"https:\/\/www.upo.es\/investiga\/enredars\/index.php?rest_route=\/wp\/v2\/users\/1"}],"replies":[{"embeddable":true,"href":"https:\/\/www.upo.es\/investiga\/enredars\/index.php?rest_route=%2Fwp%2Fv2%2Fcomments&post=438"}],"version-history":[{"count":9,"href":"https:\/\/www.upo.es\/investiga\/enredars\/index.php?rest_route=\/wp\/v2\/pages\/438\/revisions"}],"predecessor-version":[{"id":538,"href":"https:\/\/www.upo.es\/investiga\/enredars\/index.php?rest_route=\/wp\/v2\/pages\/438\/revisions\/538"}],"up":[{"embeddable":true,"href":"https:\/\/www.upo.es\/investiga\/enredars\/index.php?rest_route=\/wp\/v2\/pages\/41"}],"wp:attachment":[{"href":"https:\/\/www.upo.es\/investiga\/enredars\/index.php?rest_route=%2Fwp%2Fv2%2Fmedia&parent=438"}],"curies":[{"name":"wp","href":"https:\/\/api.w.org\/{rel}","templated":true}]}}