{"id":17,"date":"2024-04-16T10:58:43","date_gmt":"2024-04-16T08:58:43","guid":{"rendered":"https:\/\/www.upo.es\/investiga\/frihousing\/?page_id=17"},"modified":"2024-04-24T11:37:19","modified_gmt":"2024-04-24T09:37:19","slug":"noticias","status":"publish","type":"page","link":"https:\/\/www.upo.es\/investiga\/frihousing\/noticias\/","title":{"rendered":"Noticias"},"content":{"rendered":"\t\t<div data-elementor-type=\"wp-page\" data-elementor-id=\"17\" class=\"elementor elementor-17\" data-elementor-post-type=\"page\">\n\t\t\t\t<div class=\"elementor-element elementor-element-6d8fb22 e-con-full e-flex e-con e-parent\" data-id=\"6d8fb22\" data-element_type=\"container\" data-settings=\"{&quot;background_background&quot;:&quot;classic&quot;}\">\n\t\t\t\t<div class=\"elementor-element elementor-element-178fea2 elementor-widget elementor-widget-image\" data-id=\"178fea2\" data-element_type=\"widget\" data-widget_type=\"image.default\">\n\t\t\t\t<div class=\"elementor-widget-container\">\n\t\t\t<style>\/*! elementor - v3.21.0 - 25-04-2024 *\/\n.elementor-widget-image{text-align:center}.elementor-widget-image a{display:inline-block}.elementor-widget-image a img[src$=\".svg\"]{width:48px}.elementor-widget-image img{vertical-align:middle;display:inline-block}<\/style>\t\t\t\t\t\t\t\t\t\t<img fetchpriority=\"high\" decoding=\"async\" width=\"1800\" height=\"874\" src=\"https:\/\/www.upo.es\/investiga\/frihousing\/wp-content\/uploads\/2024\/04\/friendly-news.png\" class=\"attachment-full size-full wp-image-516\" alt=\"\" srcset=\"https:\/\/www.upo.es\/investiga\/frihousing\/wp-content\/uploads\/2024\/04\/friendly-news.png 1800w, https:\/\/www.upo.es\/investiga\/frihousing\/wp-content\/uploads\/2024\/04\/friendly-news-300x146.png 300w, https:\/\/www.upo.es\/investiga\/frihousing\/wp-content\/uploads\/2024\/04\/friendly-news-1024x497.png 1024w, https:\/\/www.upo.es\/investiga\/frihousing\/wp-content\/uploads\/2024\/04\/friendly-news-768x373.png 768w, https:\/\/www.upo.es\/investiga\/frihousing\/wp-content\/uploads\/2024\/04\/friendly-news-1536x746.png 1536w\" sizes=\"(max-width: 1800px) 100vw, 1800px\" \/>\t\t\t\t\t\t\t\t\t\t\t\t\t<\/div>\n\t\t\t\t<\/div>\n\t\t\t\t<\/div>\n\t\t<div class=\"elementor-element elementor-element-5c07d74 e-flex e-con-boxed e-con e-parent\" data-id=\"5c07d74\" data-element_type=\"container\">\n\t\t\t\t\t<div class=\"e-con-inner\">\n\t\t\t\t<div class=\"elementor-element elementor-element-71f35b6 elementor-widget elementor-widget-heading\" data-id=\"71f35b6\" data-element_type=\"widget\" data-widget_type=\"heading.default\">\n\t\t\t\t<div class=\"elementor-widget-container\">\n\t\t\t<style>\/*! elementor - v3.21.0 - 25-04-2024 *\/\n.elementor-heading-title{padding:0;margin:0;line-height:1}.elementor-widget-heading .elementor-heading-title[class*=elementor-size-]>a{color:inherit;font-size:inherit;line-height:inherit}.elementor-widget-heading .elementor-heading-title.elementor-size-small{font-size:15px}.elementor-widget-heading .elementor-heading-title.elementor-size-medium{font-size:19px}.elementor-widget-heading .elementor-heading-title.elementor-size-large{font-size:29px}.elementor-widget-heading .elementor-heading-title.elementor-size-xl{font-size:39px}.elementor-widget-heading .elementor-heading-title.elementor-size-xxl{font-size:59px}<\/style><h1 class=\"elementor-heading-title elementor-size-default\">Noticias<\/h1>\t\t<\/div>\n\t\t\t\t<\/div>\n\t\t\t\t<div class=\"elementor-element elementor-element-99c1a96 elementor-widget elementor-widget-text-editor\" data-id=\"99c1a96\" data-element_type=\"widget\" data-widget_type=\"text-editor.default\">\n\t\t\t\t<div class=\"elementor-widget-container\">\n\t\t\t<style>\/*! elementor - v3.21.0 - 25-04-2024 *\/\n.elementor-widget-text-editor.elementor-drop-cap-view-stacked .elementor-drop-cap{background-color:#69727d;color:#fff}.elementor-widget-text-editor.elementor-drop-cap-view-framed .elementor-drop-cap{color:#69727d;border:3px solid;background-color:transparent}.elementor-widget-text-editor:not(.elementor-drop-cap-view-default) .elementor-drop-cap{margin-top:8px}.elementor-widget-text-editor:not(.elementor-drop-cap-view-default) .elementor-drop-cap-letter{width:1em;height:1em}.elementor-widget-text-editor .elementor-drop-cap{float:left;text-align:center;line-height:1;font-size:50px}.elementor-widget-text-editor .elementor-drop-cap-letter{display:inline-block}<\/style>\t\t\t\t<p>Ent\u00e9rate aqu\u00ed de las \u00faltimas novedades del proyecto.<\/p>\t\t\t\t\t\t<\/div>\n\t\t\t\t<\/div>\n\t\t\t\t<div class=\"elementor-element elementor-element-2a5c938 elementor-grid-3 elementor-grid-tablet-2 elementor-grid-mobile-1 elementor-posts--thumbnail-top load-more-align-center elementor-widget elementor-widget-posts\" data-id=\"2a5c938\" data-element_type=\"widget\" data-settings=\"{&quot;pagination_type&quot;:&quot;load_more_on_click&quot;,&quot;classic_columns&quot;:&quot;3&quot;,&quot;classic_columns_tablet&quot;:&quot;2&quot;,&quot;classic_columns_mobile&quot;:&quot;1&quot;,&quot;classic_row_gap&quot;:{&quot;unit&quot;:&quot;px&quot;,&quot;size&quot;:35,&quot;sizes&quot;:[]},&quot;classic_row_gap_tablet&quot;:{&quot;unit&quot;:&quot;px&quot;,&quot;size&quot;:&quot;&quot;,&quot;sizes&quot;:[]},&quot;classic_row_gap_mobile&quot;:{&quot;unit&quot;:&quot;px&quot;,&quot;size&quot;:&quot;&quot;,&quot;sizes&quot;:[]},&quot;load_more_spinner&quot;:{&quot;value&quot;:&quot;fas fa-spinner&quot;,&quot;library&quot;:&quot;fa-solid&quot;}}\" data-widget_type=\"posts.classic\">\n\t\t\t\t<div class=\"elementor-widget-container\">\n\t\t\t<link rel=\"stylesheet\" href=\"https:\/\/www.upo.es\/investiga\/frihousing\/wp-content\/plugins\/elementor-pro\/assets\/css\/widget-posts.min.css\">\t\t<div class=\"elementor-posts-container elementor-posts elementor-posts--skin-classic elementor-grid\">\n\t\t\t\t<article class=\"elementor-post elementor-grid-item post-1287 post type-post status-publish format-standard has-post-thumbnail hentry category-noticias category-noticias-sin-enlace tag-maria-de-los-angeles-quesada-cubo tag-sevilla tag-universidad-pablo-de-olavide tag-viviendas\">\n\t\t\t\t<a class=\"elementor-post__thumbnail__link\" href=\"https:\/\/www.upo.es\/investiga\/frihousing\/viviendas-visitadas-paises-bajos-holanda\/\" tabindex=\"-1\" >\n\t\t\t<div class=\"elementor-post__thumbnail\"><img decoding=\"async\" width=\"800\" height=\"600\" src=\"https:\/\/www.upo.es\/investiga\/frihousing\/wp-content\/uploads\/2026\/02\/visita-hogares-paises-bajos3.jpg\" class=\"attachment-full size-full wp-image-1273\" alt=\"Viviendas visitadas en Holanda durante estancia de investigaci\u00f3n predoctoral\" srcset=\"https:\/\/www.upo.es\/investiga\/frihousing\/wp-content\/uploads\/2026\/02\/visita-hogares-paises-bajos3.jpg 800w, https:\/\/www.upo.es\/investiga\/frihousing\/wp-content\/uploads\/2026\/02\/visita-hogares-paises-bajos3-300x225.jpg 300w, https:\/\/www.upo.es\/investiga\/frihousing\/wp-content\/uploads\/2026\/02\/visita-hogares-paises-bajos3-768x576.jpg 768w\" sizes=\"(max-width: 800px) 100vw, 800px\" \/><\/div>\n\t\t<\/a>\n\t\t\t\t<div class=\"elementor-post__text\">\n\t\t\t\t<h3 class=\"elementor-post__title\">\n\t\t\t<a href=\"https:\/\/www.upo.es\/investiga\/frihousing\/viviendas-visitadas-paises-bajos-holanda\/\" >\n\t\t\t\tViviendas visitadas en Holanda durante estancia de investigaci\u00f3n predoctoral\t\t\t<\/a>\n\t\t<\/h3>\n\t\t\t\t<div class=\"elementor-post__excerpt\">\n\t\t\t<p>En el marco de su estancia de investigaci\u00f3n predoctoral, M\u00aa \u00c1ngeles Quesada, doctoranda, tuvo la oportunidad de conocer distintos recursos residenciales y comunitarios dirigidos a personas con discapacidad intelectual en los Pa\u00edses Bajos. <\/p>\n\t\t<\/div>\n\t\t\t\t\t<div class=\"elementor-post__read-more-wrapper\">\n\t\t\n\t\t<a class=\"elementor-post__read-more\" href=\"https:\/\/www.upo.es\/investiga\/frihousing\/viviendas-visitadas-paises-bajos-holanda\/\" aria-label=\"M\u00e1s informaci\u00f3n sobre Viviendas visitadas en Holanda durante estancia de investigaci\u00f3n predoctoral\" tabindex=\"-1\" >\n\t\t\tLeer m\u00e1s\t\t<\/a>\n\n\t\t\t\t\t<\/div>\n\t\t\t\t<\/div>\n\t\t\t\t<\/article>\n\t\t\t\t<article class=\"elementor-post elementor-grid-item post-1295 post type-post status-publish format-standard has-post-thumbnail hentry category-noticias category-noticias-sin-enlace tag-alojamiento tag-cartografia-inclusiva tag-digitalizacion-civica tag-discapacidad-intelectal-espana tag-mapeo tag-recursos\">\n\t\t\t\t<a class=\"elementor-post__thumbnail__link\" href=\"https:\/\/www.upo.es\/investiga\/frihousing\/mapeo-recursos-de-alojamiento-para-personas-con-discapacidad-intelectual\/\" tabindex=\"-1\" >\n\t\t\t<div class=\"elementor-post__thumbnail\"><img decoding=\"async\" width=\"800\" height=\"600\" src=\"https:\/\/www.upo.es\/investiga\/frihousing\/wp-content\/uploads\/2026\/02\/mapeo02.jpg\" class=\"attachment-full size-full wp-image-1292\" alt=\"Presentaci\u00f3n de comunicaci\u00f3n en el XII Congreso Internacional Ciudades Comunicativas\" srcset=\"https:\/\/www.upo.es\/investiga\/frihousing\/wp-content\/uploads\/2026\/02\/mapeo02.jpg 800w, https:\/\/www.upo.es\/investiga\/frihousing\/wp-content\/uploads\/2026\/02\/mapeo02-300x225.jpg 300w, https:\/\/www.upo.es\/investiga\/frihousing\/wp-content\/uploads\/2026\/02\/mapeo02-768x576.jpg 768w\" sizes=\"(max-width: 800px) 100vw, 800px\" \/><\/div>\n\t\t<\/a>\n\t\t\t\t<div class=\"elementor-post__text\">\n\t\t\t\t<h3 class=\"elementor-post__title\">\n\t\t\t<a href=\"https:\/\/www.upo.es\/investiga\/frihousing\/mapeo-recursos-de-alojamiento-para-personas-con-discapacidad-intelectual\/\" >\n\t\t\t\tMapeo abierto de recursos de alojamiento para personas con discapacidad intelectual en Espa\u00f1a. Cartograf\u00eda inclusiva y digitalizaci\u00f3n c\u00edvica\t\t\t<\/a>\n\t\t<\/h3>\n\t\t\t\t<div class=\"elementor-post__excerpt\">\n\t\t\t<p>Este trabajo describe una experiencia de innovaci\u00f3n digital y social orientada a la recopilaci\u00f3n, sistematizaci\u00f3n y visualizaci\u00f3n de los recursos habitacionales existentes para personas con discapacidad intelectual (DI) en Espa\u00f1a.<\/p>\n\t\t<\/div>\n\t\t\t\t\t<div class=\"elementor-post__read-more-wrapper\">\n\t\t\n\t\t<a class=\"elementor-post__read-more\" href=\"https:\/\/www.upo.es\/investiga\/frihousing\/mapeo-recursos-de-alojamiento-para-personas-con-discapacidad-intelectual\/\" aria-label=\"M\u00e1s informaci\u00f3n sobre Mapeo abierto de recursos de alojamiento para personas con discapacidad intelectual en Espa\u00f1a. Cartograf\u00eda inclusiva y digitalizaci\u00f3n c\u00edvica\" tabindex=\"-1\" >\n\t\t\tLeer m\u00e1s\t\t<\/a>\n\n\t\t\t\t\t<\/div>\n\t\t\t\t<\/div>\n\t\t\t\t<\/article>\n\t\t\t\t<article class=\"elementor-post elementor-grid-item post-1300 post type-post status-publish format-standard has-post-thumbnail hentry category-noticias category-noticias-sin-enlace tag-entidades tag-modelos-habitacionales tag-politicos tag-vida-independiente-personas-con-discapacidad-intelectual\">\n\t\t\t\t<a class=\"elementor-post__thumbnail__link\" href=\"https:\/\/www.upo.es\/investiga\/frihousing\/influencia-modelos-habitacionales-personas-con-discapacidad-intelectual-representantes-politicos-entidades\/\" tabindex=\"-1\" >\n\t\t\t<div class=\"elementor-post__thumbnail\"><img loading=\"lazy\" decoding=\"async\" width=\"900\" height=\"600\" src=\"https:\/\/www.upo.es\/investiga\/frihousing\/wp-content\/uploads\/2026\/02\/residencial-DI.jpg\" class=\"attachment-full size-full wp-image-1301\" alt=\"Influencia de los modelos habitacionales en la vida independiente de las personas con discapacidad intelectual: discursos de representantes pol\u00edticos y entidades\" srcset=\"https:\/\/www.upo.es\/investiga\/frihousing\/wp-content\/uploads\/2026\/02\/residencial-DI.jpg 900w, https:\/\/www.upo.es\/investiga\/frihousing\/wp-content\/uploads\/2026\/02\/residencial-DI-300x200.jpg 300w, https:\/\/www.upo.es\/investiga\/frihousing\/wp-content\/uploads\/2026\/02\/residencial-DI-768x512.jpg 768w\" sizes=\"(max-width: 900px) 100vw, 900px\" \/><\/div>\n\t\t<\/a>\n\t\t\t\t<div class=\"elementor-post__text\">\n\t\t\t\t<h3 class=\"elementor-post__title\">\n\t\t\t<a href=\"https:\/\/www.upo.es\/investiga\/frihousing\/influencia-modelos-habitacionales-personas-con-discapacidad-intelectual-representantes-politicos-entidades\/\" >\n\t\t\t\tInfluencia de los modelos habitacionales en la vida independiente de las personas con discapacidad intelectual: discursos de representantes pol\u00edticos y entidades\t\t\t<\/a>\n\t\t<\/h3>\n\t\t\t\t<div class=\"elementor-post__excerpt\">\n\t\t\t<p>Presentaci\u00f3n de un breve avance de resultados del proyecto Fri-Housing durante el III Congreso Europeo sobre Vida Independiente y Asistencia Personal organizado por la Oficina de Vida Independiente (OVI) de Valencia.<\/p>\n\t\t<\/div>\n\t\t\t\t\t<div class=\"elementor-post__read-more-wrapper\">\n\t\t\n\t\t<a class=\"elementor-post__read-more\" href=\"https:\/\/www.upo.es\/investiga\/frihousing\/influencia-modelos-habitacionales-personas-con-discapacidad-intelectual-representantes-politicos-entidades\/\" aria-label=\"M\u00e1s informaci\u00f3n sobre Influencia de los modelos habitacionales en la vida independiente de las personas con discapacidad intelectual: discursos de representantes pol\u00edticos y entidades\" tabindex=\"-1\" >\n\t\t\tLeer m\u00e1s\t\t<\/a>\n\n\t\t\t\t\t<\/div>\n\t\t\t\t<\/div>\n\t\t\t\t<\/article>\n\t\t\t\t<article class=\"elementor-post elementor-grid-item post-1303 post type-post status-publish format-standard has-post-thumbnail hentry category-noticias category-noticias-sin-enlace\">\n\t\t\t\t<a class=\"elementor-post__thumbnail__link\" href=\"https:\/\/www.upo.es\/investiga\/frihousing\/mejora-de-la-accesibilidad-cognitiva-en-el-turismo-termal-de-la-provincia-de-ourense\/\" tabindex=\"-1\" >\n\t\t\t<div class=\"elementor-post__thumbnail\"><img loading=\"lazy\" decoding=\"async\" width=\"900\" height=\"600\" src=\"https:\/\/www.upo.es\/investiga\/frihousing\/wp-content\/uploads\/2026\/02\/mejora-accesibilidad-turismo-termal-orense.jpg\" class=\"attachment-full size-full wp-image-1304\" alt=\"Mejora de la accesibilidad cognitiva en el turismo termal de la provincia de Ourense\" srcset=\"https:\/\/www.upo.es\/investiga\/frihousing\/wp-content\/uploads\/2026\/02\/mejora-accesibilidad-turismo-termal-orense.jpg 900w, https:\/\/www.upo.es\/investiga\/frihousing\/wp-content\/uploads\/2026\/02\/mejora-accesibilidad-turismo-termal-orense-300x200.jpg 300w, https:\/\/www.upo.es\/investiga\/frihousing\/wp-content\/uploads\/2026\/02\/mejora-accesibilidad-turismo-termal-orense-768x512.jpg 768w\" sizes=\"(max-width: 900px) 100vw, 900px\" \/><\/div>\n\t\t<\/a>\n\t\t\t\t<div class=\"elementor-post__text\">\n\t\t\t\t<h3 class=\"elementor-post__title\">\n\t\t\t<a href=\"https:\/\/www.upo.es\/investiga\/frihousing\/mejora-de-la-accesibilidad-cognitiva-en-el-turismo-termal-de-la-provincia-de-ourense\/\" >\n\t\t\t\tMejora de la accesibilidad cognitiva en el turismo termal de la provincia de Ourense\t\t\t<\/a>\n\t\t<\/h3>\n\t\t\t\t<div class=\"elementor-post__excerpt\">\n\t\t\t<p>Un equipo del Grupo de Estudios en Trabajo Social: Investigaci\u00f3n y Transferencia (GETS-IT) de la Universidad de Vigo organiza una jornada cient\u00edfico-divulgativa sobre el proyecto Ourense TermalAcces, centrado en la promoci\u00f3n de la accesibilidad cognitiva en balnearios de la provincia de Ourense.<\/p>\n\t\t<\/div>\n\t\t\t\t\t<div class=\"elementor-post__read-more-wrapper\">\n\t\t\n\t\t<a class=\"elementor-post__read-more\" href=\"https:\/\/www.upo.es\/investiga\/frihousing\/mejora-de-la-accesibilidad-cognitiva-en-el-turismo-termal-de-la-provincia-de-ourense\/\" aria-label=\"M\u00e1s informaci\u00f3n sobre Mejora de la accesibilidad cognitiva en el turismo termal de la provincia de Ourense\" tabindex=\"-1\" >\n\t\t\tLeer m\u00e1s\t\t<\/a>\n\n\t\t\t\t\t<\/div>\n\t\t\t\t<\/div>\n\t\t\t\t<\/article>\n\t\t\t\t<article class=\"elementor-post elementor-grid-item post-1307 post type-post status-publish format-standard has-post-thumbnail hentry category-noticias category-noticias-sin-enlace tag-barreras-politicas tag-barreras-psicosociales tag-discapacidad-intelectal-espana tag-frihousing tag-vivienda-inclusiva\">\n\t\t\t\t<a class=\"elementor-post__thumbnail__link\" href=\"https:\/\/www.upo.es\/investiga\/frihousing\/proyecto-frihousing-personas-con-discapacidad-intelectual-y-vivienda-inclusiva-barreras-psicosociales-y-politicas\/\" tabindex=\"-1\" >\n\t\t\t<div class=\"elementor-post__thumbnail\"><img loading=\"lazy\" decoding=\"async\" width=\"900\" height=\"600\" src=\"https:\/\/www.upo.es\/investiga\/frihousing\/wp-content\/uploads\/2026\/02\/frihousing-discapacidad-intelectual-vivienda-inclusiva.jpg\" class=\"attachment-full size-full wp-image-1308\" alt=\"Proyecto FriHousing: personas con discapacidad intelectual y vivienda inclusiva. Barreras psicosociales y pol\u00edticas\" srcset=\"https:\/\/www.upo.es\/investiga\/frihousing\/wp-content\/uploads\/2026\/02\/frihousing-discapacidad-intelectual-vivienda-inclusiva.jpg 900w, https:\/\/www.upo.es\/investiga\/frihousing\/wp-content\/uploads\/2026\/02\/frihousing-discapacidad-intelectual-vivienda-inclusiva-300x200.jpg 300w, https:\/\/www.upo.es\/investiga\/frihousing\/wp-content\/uploads\/2026\/02\/frihousing-discapacidad-intelectual-vivienda-inclusiva-768x512.jpg 768w\" sizes=\"(max-width: 900px) 100vw, 900px\" \/><\/div>\n\t\t<\/a>\n\t\t\t\t<div class=\"elementor-post__text\">\n\t\t\t\t<h3 class=\"elementor-post__title\">\n\t\t\t<a href=\"https:\/\/www.upo.es\/investiga\/frihousing\/proyecto-frihousing-personas-con-discapacidad-intelectual-y-vivienda-inclusiva-barreras-psicosociales-y-politicas\/\" >\n\t\t\t\tProyecto FriHousing: personas con discapacidad intelectual y vivienda inclusiva. Barreras psicosociales y pol\u00edticas\t\t\t<\/a>\n\t\t<\/h3>\n\t\t\t\t<div class=\"elementor-post__excerpt\">\n\t\t\t<p>Resumen de la comunicaci\u00f3n integrada en el libro de actas: Advances in Clinical Psychology Vol.5.<\/p>\n\t\t<\/div>\n\t\t\t\t\t<div class=\"elementor-post__read-more-wrapper\">\n\t\t\n\t\t<a class=\"elementor-post__read-more\" href=\"https:\/\/www.upo.es\/investiga\/frihousing\/proyecto-frihousing-personas-con-discapacidad-intelectual-y-vivienda-inclusiva-barreras-psicosociales-y-politicas\/\" aria-label=\"M\u00e1s informaci\u00f3n sobre Proyecto FriHousing: personas con discapacidad intelectual y vivienda inclusiva. Barreras psicosociales y pol\u00edticas\" tabindex=\"-1\" >\n\t\t\tLeer m\u00e1s\t\t<\/a>\n\n\t\t\t\t\t<\/div>\n\t\t\t\t<\/div>\n\t\t\t\t<\/article>\n\t\t\t\t<article class=\"elementor-post elementor-grid-item post-1310 post type-post status-publish format-standard has-post-thumbnail hentry category-noticias category-noticias-sin-enlace category-sin-categoria tag-mejorar-accesibilidad tag-peru tag-pilar-munuera-gomez tag-semana-internacional-accesibilidad-universal\">\n\t\t\t\t<a class=\"elementor-post__thumbnail__link\" href=\"https:\/\/www.upo.es\/investiga\/frihousing\/la-profesora-pilar-munuera-gomez-participa-como-ponente-en-la-iv-semana-internacional-de-la-accesibilidad-universal-peru\/\" tabindex=\"-1\" >\n\t\t\t<div class=\"elementor-post__thumbnail\"><img loading=\"lazy\" decoding=\"async\" width=\"900\" height=\"606\" src=\"https:\/\/www.upo.es\/investiga\/frihousing\/wp-content\/uploads\/2026\/02\/semana-discapacidad-intelectual.jpg\" class=\"attachment-full size-full wp-image-1312\" alt=\"La profesora Pilar Munuera G\u00f3mez participa como ponente en la IV Semana Internacional de la Accesibilidad Universal (Per\u00fa)\" srcset=\"https:\/\/www.upo.es\/investiga\/frihousing\/wp-content\/uploads\/2026\/02\/semana-discapacidad-intelectual.jpg 900w, https:\/\/www.upo.es\/investiga\/frihousing\/wp-content\/uploads\/2026\/02\/semana-discapacidad-intelectual-300x202.jpg 300w, https:\/\/www.upo.es\/investiga\/frihousing\/wp-content\/uploads\/2026\/02\/semana-discapacidad-intelectual-768x517.jpg 768w\" sizes=\"(max-width: 900px) 100vw, 900px\" \/><\/div>\n\t\t<\/a>\n\t\t\t\t<div class=\"elementor-post__text\">\n\t\t\t\t<h3 class=\"elementor-post__title\">\n\t\t\t<a href=\"https:\/\/www.upo.es\/investiga\/frihousing\/la-profesora-pilar-munuera-gomez-participa-como-ponente-en-la-iv-semana-internacional-de-la-accesibilidad-universal-peru\/\" >\n\t\t\t\tLa profesora Pilar Munuera G\u00f3mez participa como ponente en la IV Semana Internacional de la Accesibilidad Universal (Per\u00fa)\t\t\t<\/a>\n\t\t<\/h3>\n\t\t\t\t<div class=\"elementor-post__excerpt\">\n\t\t\t<p>La profesora Pilar Munuera G\u00f3mez particip\u00f3 como ponente en la IV Semana Internacional de la Accesibilidad Universal, organizada por el Ministerio de Vivienda, Construcci\u00f3n y Saneamiento (MVCS), a trav\u00e9s de la Direcci\u00f3n General de Accesibilidad y Desarrollo Tecnol\u00f3gico (DGADT) de Per\u00fa. Su intervenci\u00f3n se enmarc\u00f3 en el tema \u201cProgramas y<\/p>\n\t\t<\/div>\n\t\t\t\t\t<div class=\"elementor-post__read-more-wrapper\">\n\t\t\n\t\t<a class=\"elementor-post__read-more\" href=\"https:\/\/www.upo.es\/investiga\/frihousing\/la-profesora-pilar-munuera-gomez-participa-como-ponente-en-la-iv-semana-internacional-de-la-accesibilidad-universal-peru\/\" aria-label=\"M\u00e1s informaci\u00f3n sobre La profesora Pilar Munuera G\u00f3mez participa como ponente en la IV Semana Internacional de la Accesibilidad Universal (Per\u00fa)\" tabindex=\"-1\" >\n\t\t\tLeer m\u00e1s\t\t<\/a>\n\n\t\t\t\t\t<\/div>\n\t\t\t\t<\/div>\n\t\t\t\t<\/article>\n\t\t\t\t<\/div>\n\t\t\t\t\t<span class=\"e-load-more-spinner\">\n\t\t\t\t<svg aria-hidden=\"true\" class=\"e-font-icon-svg e-fas-spinner\" viewBox=\"0 0 512 512\" xmlns=\"http:\/\/www.w3.org\/2000\/svg\"><path d=\"M304 48c0 26.51-21.49 48-48 48s-48-21.49-48-48 21.49-48 48-48 48 21.49 48 48zm-48 368c-26.51 0-48 21.49-48 48s21.49 48 48 48 48-21.49 48-48-21.49-48-48-48zm208-208c-26.51 0-48 21.49-48 48s21.49 48 48 48 48-21.49 48-48-21.49-48-48-48zM96 256c0-26.51-21.49-48-48-48S0 229.49 0 256s21.49 48 48 48 48-21.49 48-48zm12.922 99.078c-26.51 0-48 21.49-48 48s21.49 48 48 48 48-21.49 48-48c0-26.509-21.491-48-48-48zm294.156 0c-26.51 0-48 21.49-48 48s21.49 48 48 48 48-21.49 48-48c0-26.509-21.49-48-48-48zM108.922 60.922c-26.51 0-48 21.49-48 48s21.49 48 48 48 48-21.49 48-48-21.491-48-48-48z\"><\/path><\/svg>\t\t\t<\/span>\n\t\t\n\t\t\t\t<div class=\"e-load-more-anchor\" data-page=\"1\" data-max-page=\"2\" data-next-page=\"https:\/\/www.upo.es\/investiga\/frihousing\/wp-json\/wp\/v2\/pages\/17\/page\/2\/\"><\/div>\n\t\t\t\t<div class=\"elementor-button-wrapper\">\n\t\t\t<a href=\"#\" class=\"elementor-button-link elementor-button\" role=\"button\">\n\t\t\t\t\t\t<span class=\"elementor-button-content-wrapper\">\n\t\t\t\t\t\t<span class=\"elementor-button-text\">Ver m\u00e1s<\/span>\n\t\t<\/span>\n\t\t\t\t\t<\/a>\n\t\t<\/div>\n\t\t\t\t<div class=\"e-load-more-message\"><\/div>\n\t\t\t\t<\/div>\n\t\t\t\t<\/div>\n\t\t\t\t\t<\/div>\n\t\t\t\t<\/div>\n\t\t\t\t<\/div>\n\t\t","protected":false},"excerpt":{"rendered":"<p>Noticias Ent\u00e9rate aqu\u00ed de las \u00faltimas novedades del proyecto.<\/p>\n","protected":false},"author":1,"featured_media":0,"parent":0,"menu_order":0,"comment_status":"closed","ping_status":"closed","template":"","meta":{"_acf_changed":false,"footnotes":""},"class_list":["post-17","page","type-page","status-publish","hentry"],"acf":[],"_links":{"self":[{"href":"https:\/\/www.upo.es\/investiga\/frihousing\/wp-json\/wp\/v2\/pages\/17","targetHints":{"allow":["GET"]}}],"collection":[{"href":"https:\/\/www.upo.es\/investiga\/frihousing\/wp-json\/wp\/v2\/pages"}],"about":[{"href":"https:\/\/www.upo.es\/investiga\/frihousing\/wp-json\/wp\/v2\/types\/page"}],"author":[{"embeddable":true,"href":"https:\/\/www.upo.es\/investiga\/frihousing\/wp-json\/wp\/v2\/users\/1"}],"replies":[{"embeddable":true,"href":"https:\/\/www.upo.es\/investiga\/frihousing\/wp-json\/wp\/v2\/comments?post=17"}],"version-history":[{"count":25,"href":"https:\/\/www.upo.es\/investiga\/frihousing\/wp-json\/wp\/v2\/pages\/17\/revisions"}],"predecessor-version":[{"id":529,"href":"https:\/\/www.upo.es\/investiga\/frihousing\/wp-json\/wp\/v2\/pages\/17\/revisions\/529"}],"wp:attachment":[{"href":"https:\/\/www.upo.es\/investiga\/frihousing\/wp-json\/wp\/v2\/media?parent=17"}],"curies":[{"name":"wp","href":"https:\/\/api.w.org\/{rel}","templated":true}]}}