{"id":1221,"date":"2021-04-22T12:07:21","date_gmt":"2021-04-22T12:07:21","guid":{"rendered":"https:\/\/www.upo.es\/investiga\/globalhistory\/?page_id=1221"},"modified":"2024-02-27T13:22:15","modified_gmt":"2024-02-27T13:22:15","slug":"elisa-barbero-valderrama","status":"publish","type":"page","link":"https:\/\/www.upo.es\/investiga\/globalhistory\/miembros\/elisa-barbero-valderrama\/","title":{"rendered":"Elisa Barbero Valderrama"},"content":{"rendered":"\n<div class=\"wp-block-themeisle-blocks-advanced-columns has-1-columns has-desktop-equal-layout has-tablet-equal-layout has-mobile-equal-layout has-default-gap has-vertical-unset\" id=\"wp-block-themeisle-blocks-advanced-columns-0d9b6a15\"><div class=\"wp-block-themeisle-blocks-advanced-columns-overlay\"><\/div><div class=\"innerblocks-wrap\">\n<div class=\"wp-block-themeisle-blocks-advanced-column\" id=\"wp-block-themeisle-blocks-advanced-column-a7cabc00\">\n<div class=\"wp-block-image\"><figure class=\"aligncenter size-large is-resized\"><img loading=\"lazy\" decoding=\"async\" src=\"https:\/\/www.upo.es\/investiga\/globalhistory\/wp-content\/uploads\/2021\/04\/Foto-web_Elisa-Barbero.jpg\" alt=\"\" class=\"wp-image-1216\" width=\"310\" height=\"413\" srcset=\"https:\/\/www.upo.es\/investiga\/globalhistory\/wp-content\/uploads\/2021\/04\/Foto-web_Elisa-Barbero.jpg 768w, https:\/\/www.upo.es\/investiga\/globalhistory\/wp-content\/uploads\/2021\/04\/Foto-web_Elisa-Barbero-225x300.jpg 225w\" sizes=\"(max-width: 310px) 100vw, 310px\" \/><\/figure><\/div>\n<\/div>\n<\/div><\/div>\n\n\n\n<p>Elisa Barbero Valderrama es graduada en Traducci\u00f3n e Interpretaci\u00f3n y en Humanidades por la Universidad Pablo de Olavide (2018) y m\u00e1ster en Traducci\u00f3n e Interpretaci\u00f3n en los Servicios P\u00fablicos y Comunicaci\u00f3n Intercultural (2021) por la Universidad de Alcal\u00e1 de Henares, en Educaci\u00f3n Intercultural (2022) por la UNED y M\u00e1ster de Profesorado de ESO y Bachillerato (2023) por la UPO.<\/p>\n\n\n\n<p>En su carrera profesional, adquiere experiencia como traductora e int\u00e9rprete en el campo de la Traducci\u00f3n e Interpretaci\u00f3n en los Servicios P\u00fablicos (TISP)\u2014educativa, jur\u00eddica-m\u00e9dica\u2014, la cooperaci\u00f3n internacional y la docencia de lenguas extranjeras, siendo sus principales intereses la traducci\u00f3n jur\u00eddica \u00e1rabe-espa\u00f1ol, los procesos de comunicaci\u00f3n intercultural y los diferentes roles del int\u00e9rprete en el terreno social, con especial \u00e9nfasis al contexto de asilo y refugio y a su intersecci\u00f3n con el g\u00e9nero.<\/p>\n\n\n\n<p>Fue seleccionada para el programa Ibn Battuta Merit Scholarship for Peace and Diplomacy (Rabat, 2019) y galardonada con el <a href=\"https:\/\/portalcomunicacion.uah.es\/sala-prensa\/notas-prensa\/la-universidad-de-alcala-entrega-los-iii-premios-francisca-de-nebrija.html\">III Premio Francisca de Nebrija<\/a> de excelencia en la investigaci\u00f3n en estudios de g\u00e9nero de la Universidad de Alcal\u00e1 por el Mejor Trabajo Fin de M\u00e1ster, adem\u00e1s de otros tres premios de excelencia acad\u00e9mica otorgados por la UNED y la UPO.<\/p>\n\n\n\n<p>En la actualidad, est\u00e1 vinculada al grupo PAI HUM-1000 como T\u00e9cnica Superior de Apoyo a la Investigaci\u00f3n a trav\u00e9s del  proyecto EMERGIA (NACUC) que dirige <a href=\"https:\/\/www.upo.es\/investiga\/globalhistory\/miembros\/ilaria-berti\/\">Ilaria Berti<\/a> y realiza su tesis doctoral en la Universidad Pablo de Olavide.<\/p>\n\n\n\n<p>Tel\u00e9fono de contacto:&nbsp;954349138<\/p>\n\n\n\n<p>Ubicaci\u00f3n:&nbsp;Edificio 6, Planta Baja, Despacho 19<\/p>\n\n\n\n<p>Correo electr\u00f3nico: ebarval@upo.es <\/p>\n\n\n\n<p><a href=\"https:\/\/www.researchgate.net\/profile\/Elisa-Barbero-Valderrama\">Perfil en ResearchGate<\/a><\/p>\n","protected":false},"excerpt":{"rendered":"<p>Elisa Barbero Valderrama es graduada en Traducci\u00f3n e Interpretaci\u00f3n y en Humanidades por la Universidad Pablo de Olavide (2018) y m\u00e1ster en Traducci\u00f3n e Interpretaci\u00f3n en los Servicios P\u00fablicos y Comunicaci\u00f3n Intercultural (2021) por la Universidad de Alcal\u00e1 de Henares, en Educaci\u00f3n Intercultural (2022) por la UNED y M\u00e1ster de [&hellip;]<\/p>\n","protected":false},"author":1,"featured_media":0,"parent":43,"menu_order":3,"comment_status":"closed","ping_status":"closed","template":"","meta":{"footnotes":""},"_links":{"self":[{"href":"https:\/\/www.upo.es\/investiga\/globalhistory\/wp-json\/wp\/v2\/pages\/1221"}],"collection":[{"href":"https:\/\/www.upo.es\/investiga\/globalhistory\/wp-json\/wp\/v2\/pages"}],"about":[{"href":"https:\/\/www.upo.es\/investiga\/globalhistory\/wp-json\/wp\/v2\/types\/page"}],"author":[{"embeddable":true,"href":"https:\/\/www.upo.es\/investiga\/globalhistory\/wp-json\/wp\/v2\/users\/1"}],"replies":[{"embeddable":true,"href":"https:\/\/www.upo.es\/investiga\/globalhistory\/wp-json\/wp\/v2\/comments?post=1221"}],"version-history":[{"count":8,"href":"https:\/\/www.upo.es\/investiga\/globalhistory\/wp-json\/wp\/v2\/pages\/1221\/revisions"}],"predecessor-version":[{"id":2289,"href":"https:\/\/www.upo.es\/investiga\/globalhistory\/wp-json\/wp\/v2\/pages\/1221\/revisions\/2289"}],"up":[{"embeddable":true,"href":"https:\/\/www.upo.es\/investiga\/globalhistory\/wp-json\/wp\/v2\/pages\/43"}],"wp:attachment":[{"href":"https:\/\/www.upo.es\/investiga\/globalhistory\/wp-json\/wp\/v2\/media?parent=1221"}],"curies":[{"name":"wp","href":"https:\/\/api.w.org\/{rel}","templated":true}]}}