{"id":138,"date":"2018-02-15T10:33:21","date_gmt":"2018-02-15T10:33:21","guid":{"rendered":"https:\/\/www.upo.es\/investiga\/globalhistory\/?page_id=138"},"modified":"2018-03-05T08:35:57","modified_gmt":"2018-03-05T08:35:57","slug":"comercio-conflicto-y-cultura-en-el-istmo-de-panama-una-arteria-del-imperio-y-la-crisis-global-1513-1671","status":"publish","type":"page","link":"https:\/\/www.upo.es\/investiga\/globalhistory\/proyectos\/comercio-conflicto-y-cultura-en-el-istmo-de-panama-una-arteria-del-imperio-y-la-crisis-global-1513-1671\/","title":{"rendered":"Comercio, conflicto y cultura en el Istmo de Panama. Una arteria del Imperio y la crisis global, 1513-1671 (HAR2014- 52260-P)"},"content":{"rendered":"<p>Se propone integrar fuentes archiv\u00edsticas y arqueol\u00f3gicas para examinar el papel de la denominada crisis global del siglo XVII en una arteria del imperio gobernado por la Monarqu\u00eda Hisp\u00e1nica. Un enfoque en el papel de distintos agentes locales permitir\u00e1 analizar el posible auge del comercio regional y Pac\u00edfico en detrimento del comercio Atl\u00e1ntico o, por lo menos, del comercio Atl\u00e1ntico regulado por la Monarqu\u00eda. Desde la fundaci\u00f3n de Santa Mar\u00eda la Antigua del Dari\u00e9n en 1513 hasta la destrucci\u00f3n de Panam\u00e1 Viejo en 1671, converg\u00edan personas, animales, y productos de cuatro continentes en el nexo que conectaba dos mares. Los puertos y asentamientos coloniales se convertir\u00edan en focos para el intercambio de bienes, as\u00ed como el intercambio de culturas y la gesti\u00f3n de conflictos que ofrecen nuevas perspectivas sobre procesos tan importantes como la primera globalizaci\u00f3n y la primera crisis global.<\/p>\n<p>Esas transformaciones se analizar\u00e1n como procesos divergentes que, no obstante sus aspectos destructivos, creaban oportunidades tanto para el enriquecimiento personal como para el ascenso social. El trabajo se llevar\u00e1 a cabo mediante un cruce de datos arqueol\u00f3gicos obtenidos en excavaciones en Sta. Ma la Antigua del Dari\u00e9n, Panam\u00e1 Viejo, Nombre de Dios y Portobelo con otros hist\u00f3ricos extra\u00eddos del Archivo General de Indias y el Archivo de la C\u00e1mara de Comercio en Sevilla. De esta forma se podr\u00e1 forjar una visi\u00f3n din\u00e1mica de la primera globalizaci\u00f3n centrada en procesos econ\u00f3micos y culturales que inclu\u00edan el desarrollo de nuevas industrias criollas y la exportaci\u00f3n de sus productos, as\u00ed como el aumento y la sublevaci\u00f3n de las comunidades ind\u00edgenas y africanas, la reconfiguraci\u00f3n del asiento de esclavos despu\u00e9s de 1640 y la penetraci\u00f3n de comerciantes extranjeros en la zona. La importancia estrat\u00e9gica del cruce panamen\u0303o hace de esa arteria del imperio un laboratorio ideal para estudiar agentes africanos e ind\u00edgenas, as\u00ed como las incursiones portuguesas, genovesas, inglesas y holandesas en la zona<br \/>\nEn el centro de esta propuesta se ubica la base de datos 3C, disen\u0303ada para integrar informaci\u00f3n hist\u00f3rica y arqueol\u00f3gica en los tres niveles anal\u00edticos de comercio, conflicto y cultura material. Esos ejes conceptuales constituyen tres bases coyunturales de la crisis del siglo XVII recientemente insertados en un marco global por un miembro del equipo, Geoffrey Parker. Las transformaciones locales producidas por la crisis global en el istmo y las consiguientes oportunidades para distintos grupos, especialmente para mujeres africanas e ind\u00edgenas y extranjeros europeos, pueden esclarecer sus respuestas diversas y creativas frente la crisis. La base de datos facilitar\u00e1 un intercambio continuo de los resultados de las distintas investigaciones propuestas para fomentar su mayor contraste, alcance y contextualizaci\u00f3n.<\/p>\n<p>El valor social, diplom\u00e1tico y cultural del proyecto se articular\u00e1 mediante reuniones internacionales, seguidas por la publicaci\u00f3n y difusi\u00f3n de sus resultados. El impacto m\u00e1s importante de la investigaci\u00f3n se llevar\u00e1 a cabo con la disponibilidad de la base de datos 3C en internet antes del 19 de agosto de 2019, el Quinto Centenario de la fundaci\u00f3n de Panam\u00e1 Viejo.<\/p>\n<p>Directora: <a href=\"https:\/\/www.upo.es\/investiga\/globalhistory\/investigadores\/bethany-aram\/\">Bethany Aram<\/a><\/p>\n<p><a href=\"https:\/\/www.upo.es\/investigacion\/3c\/\">Web del proyecto<\/a><\/p>\n","protected":false},"excerpt":{"rendered":"<p>Se propone integrar fuentes archiv\u00edsticas y arqueol\u00f3gicas para examinar el papel de la denominada crisis global del siglo XVII en una arteria del imperio gobernado por la Monarqu\u00eda Hisp\u00e1nica. Un enfoque en el papel de distintos agentes locales permitir\u00e1 analizar el posible auge del comercio regional y Pac\u00edfico en detrimento [&hellip;]<\/p>\n","protected":false},"author":1,"featured_media":0,"parent":40,"menu_order":2,"comment_status":"closed","ping_status":"closed","template":"","meta":{"footnotes":""},"_links":{"self":[{"href":"https:\/\/www.upo.es\/investiga\/globalhistory\/wp-json\/wp\/v2\/pages\/138"}],"collection":[{"href":"https:\/\/www.upo.es\/investiga\/globalhistory\/wp-json\/wp\/v2\/pages"}],"about":[{"href":"https:\/\/www.upo.es\/investiga\/globalhistory\/wp-json\/wp\/v2\/types\/page"}],"author":[{"embeddable":true,"href":"https:\/\/www.upo.es\/investiga\/globalhistory\/wp-json\/wp\/v2\/users\/1"}],"replies":[{"embeddable":true,"href":"https:\/\/www.upo.es\/investiga\/globalhistory\/wp-json\/wp\/v2\/comments?post=138"}],"version-history":[{"count":6,"href":"https:\/\/www.upo.es\/investiga\/globalhistory\/wp-json\/wp\/v2\/pages\/138\/revisions"}],"predecessor-version":[{"id":414,"href":"https:\/\/www.upo.es\/investiga\/globalhistory\/wp-json\/wp\/v2\/pages\/138\/revisions\/414"}],"up":[{"embeddable":true,"href":"https:\/\/www.upo.es\/investiga\/globalhistory\/wp-json\/wp\/v2\/pages\/40"}],"wp:attachment":[{"href":"https:\/\/www.upo.es\/investiga\/globalhistory\/wp-json\/wp\/v2\/media?parent=138"}],"curies":[{"name":"wp","href":"https:\/\/api.w.org\/{rel}","templated":true}]}}