{"id":1399,"date":"2025-01-25T14:10:39","date_gmt":"2025-01-25T13:10:39","guid":{"rendered":"https:\/\/www.upo.es\/investiga\/proyectofactibles\/?page_id=1399"},"modified":"2026-04-20T08:51:59","modified_gmt":"2026-04-20T06:51:59","slug":"difusion-en-congresos-y-seminarios","status":"publish","type":"page","link":"https:\/\/www.upo.es\/investiga\/proyectofactibles\/difusion-en-congresos-y-seminarios\/","title":{"rendered":"DIFUSI\u00d3N EN CONGRESOS Y SEMINARIOS"},"content":{"rendered":"\n<style>\n.hpt20 { max-width: 1100px; margin: 0 auto; font-family: -apple-system, BlinkMacSystemFont, 'Segoe UI', sans-serif; }\n.hpt20 h2 { font-size: 22px; font-weight: 300; letter-spacing: 5px; text-transform: uppercase; color: #3a3a3a; margin-bottom: 12px; text-align: center; }\n.hpt20 .hex-line { width: 60px; height: 3px; background: #F2B530; margin: 0 auto 2.5rem; border-radius: 2px; }\n.hpt20 ul { list-style: disc; padding-left: 1.5rem; margin: 0; }\n.hpt20 ul li { font-size: 15px; font-weight: 400; color: #555; line-height: 1.7; margin-bottom: 16px; text-align: left; }\n.hpt20 ul li em { font-style: italic; }\n.hpt20 ul li a { color: #378ADD; text-decoration: none; }\n.hpt20 ul li a:hover { text-decoration: underline; }\n@media (max-width: 600px) { .hpt20 h2 { font-size: 14px; letter-spacing: 3px; } .hpt20 ul li { font-size: 13px; } .hpt20 { padding: 2rem 1rem 0; } }\n<\/style>\n<div class=\"hpt20\">\n    <h2>Difusi\u00f3n en Congresos y Seminarios<\/h2>\n    <div class=\"hex-line\"><\/div>\n    <ul>\n        <li>Andreu-Lara, C. y Garc\u00eda-Garc\u00eda, A. (2020). Factibles: Aproximaci\u00f3n a una propuesta metodol\u00f3gica desde la convergencia arte-geograf\u00eda. IX Jornadas Arte y Ciudad (VI Encuentros Internacionales). Madrid, 21-23 octubre. Comunicaci\u00f3n oral.<\/li>\n        <li>Andreu-Lara, C. y Garc\u00eda-Garc\u00eda, A. (2022). Pr\u00e1cticas participativas en el espacio p\u00fablico. <em>V Encuentro de Arte y Naturaleza: Agroforestar la Ciudad<\/em>. Sevilla, 25 enero. Conferencia invitada.<\/li>\n        <li>Arregui-Pradas, R. (2024). Proyecto FACTIBLES: Pensar la plaza. <em>Seminario Arte, participaci\u00f3n y espacio p\u00fablico<\/em>. Sevilla, 22-23. Conferencia invitada.<\/li>\n        <li>Callej\u00f3n-Chinchilla, M.D.; Arregui-Pradas, R. y Andreu-Lara, C. (2023). Participatory Art for Change and Social Development. <em>World Summit of Arts Education<\/em>. Funchal, 1-3 marzo. Comunicaci\u00f3n oral. <a href=\"https:\/\/doi.org\/10.5281\/zenodo.14140349\" target=\"_blank\">https:\/\/doi.org\/10.5281\/zenodo.14140349<\/a><\/li>\n        <li>Callej\u00f3n-Chinchilla, M.D., Donadei, M., L\u00f3pez-Casado, D. y Torres-Guti\u00e9rrez, F.J. (2023). De Villaverde Alto (Madrid) \u00e0 Tres Barrios (S\u00e9ville), des exp\u00e9riences artistiques collaboratives dans des zones urbaines d\u00e9favoris\u00e9es. <em>4\u00aa Jornadas franco-espa\u00f1olas de Geograf\u00eda<\/em>, Toulouse, 19-20 octubre. Comunicaci\u00f3n oral. Zenodo, <a href=\"https:\/\/doi.org\/10.5281\/zenodo.11178488\" target=\"_blank\">https:\/\/doi.org\/10.5281\/zenodo.11178488<\/a><\/li>\n        <li>Garc\u00eda-Garc\u00eda, A. y L\u00f3pez-Casado, D. (2024). Participatory artistic practices for a living city. Critical reading of the success, paradoxes and possibilities of the murals. <em>35th International Geographical Congress<\/em>, Dubl\u00edn, 24-30 agosto. Comunicaci\u00f3n oral. Zenodo, <a href=\"https:\/\/doi.org\/10.5281\/zenodo.13889868\" target=\"_blank\">https:\/\/doi.org\/10.5281\/zenodo.13889868<\/a><\/li>\n        <li>Garc\u00eda-Garc\u00eda, A., Andreu-Lara, C., L\u00f3pez-Casado, D. y Fern\u00e1ndez-Salinas, V. (2024). Hacer espacio p\u00fablico desde un arte contextual y participativo. Una propuesta de lectura comprensiva a partir de dos casos de estudio: proyecte M\u00f2dul y Jard\u00edn Ambulante. <em>XVII Coloquio de Geograf\u00eda Urbana, I Coloquio Internacional de Geograf\u00eda Urbana<\/em>, Valladolid-Burgos, 17-21 junio. Comunicaci\u00f3n oral. <a href=\"https:\/\/doi.org\/10.5281\/zenodo.14140983\" target=\"_blank\">https:\/\/doi.org\/10.5281\/zenodo.14140983<\/a><\/li>\n        <li>Fern\u00e1ndez-Salinas, V., Garc\u00eda-Garc\u00eda, A., Ll\u00e1cer-Panti\u00f3n, R., Prieto-Peinado, M. y Vah\u00ed-Serrano, A. (2022). Arte para \/ arte por parte de: perspectivas y derivas de transformaci\u00f3n de la ciudad. El caso de M\u00e1laga. XVI Coloquio de Geograf\u00eda Urbana, M\u00e1laga-Melilla, 27-30 junio. Comunicaci\u00f3n oral. <a href=\"https:\/\/doi.org\/10.5281\/zenodo.14140757\" target=\"_blank\">https:\/\/doi.org\/10.5281\/zenodo.14140757<\/a><\/li>\n        <li>Ortega-Estepa, M. (2024). Caso Pol\u00edgono Sur. <em>Seminario Arte, Participaci\u00f3n y Espacio p\u00fablico<\/em>, Sevilla, 22-23 febrero. Conferencia invitada.<\/li>\n        <li>Prieto-Peinado, M., Arregui-Pradas, R., Torres-Guti\u00e9rrez, F.J. y Fern\u00e1ndez-Salinas, V. (2023). Green Mountain: analyse d&#8217;une intervention participative dans l&#8217;espace public. 4\u00aa Jornadas franco-espa\u00f1olas de Geograf\u00eda, Toulouse, 19-20 octubre. Comunicaci\u00f3n oral.<\/li>\n        <li>Prieto-Peinado, M., Andreu-Lara, C. y Garc\u00eda-Garc\u00eda, A. (2024). Cinema Usera y Maus M\u00e1laga. Estudio comparativo de intervenciones art\u00edsticas participativas en el espacio p\u00fablico mediante la metodolog\u00eda FACTIBLE. VIII CONGRESO ISUF-H. Formas urbanas diversas para espacios en recomposici\u00f3n, Valencia, 2-5 octubre. Comunicaci\u00f3n oral. <a href=\"https:\/\/doi.org\/10.5281\/zenodo.14169504\" target=\"_blank\">https:\/\/doi.org\/10.5281\/zenodo.14169504<\/a><\/li>\n    <\/ul>\n<\/div>\n\n\n\n<div style=\"height:40px\" aria-hidden=\"true\" class=\"wp-block-spacer\"><\/div>\n","protected":false},"excerpt":{"rendered":"<p>Difusi\u00f3n en Congresos y Seminarios Andreu-Lara, C. y Garc\u00eda-Garc\u00eda, A. (2020). Factibles: Aproximaci\u00f3n a una propuesta metodol\u00f3gica desde la convergencia arte-geograf\u00eda. IX Jornadas Arte y Ciudad (VI Encuentros Internacionales). Madrid, 21-23 octubre. Comunicaci\u00f3n oral. Andreu-Lara, C. y Garc\u00eda-Garc\u00eda, A. (2022). Pr\u00e1cticas participativas en el espacio p\u00fablico. V Encuentro de Arte y Naturaleza: Agroforestar la Ciudad. [&hellip;]<\/p>\n","protected":false},"author":1,"featured_media":0,"parent":0,"menu_order":0,"comment_status":"closed","ping_status":"closed","template":"","meta":{"footnotes":""},"class_list":["post-1399","page","type-page","status-publish","hentry"],"blocksy_meta":[],"_links":{"self":[{"href":"https:\/\/www.upo.es\/investiga\/proyectofactibles\/wp-json\/wp\/v2\/pages\/1399","targetHints":{"allow":["GET"]}}],"collection":[{"href":"https:\/\/www.upo.es\/investiga\/proyectofactibles\/wp-json\/wp\/v2\/pages"}],"about":[{"href":"https:\/\/www.upo.es\/investiga\/proyectofactibles\/wp-json\/wp\/v2\/types\/page"}],"author":[{"embeddable":true,"href":"https:\/\/www.upo.es\/investiga\/proyectofactibles\/wp-json\/wp\/v2\/users\/1"}],"replies":[{"embeddable":true,"href":"https:\/\/www.upo.es\/investiga\/proyectofactibles\/wp-json\/wp\/v2\/comments?post=1399"}],"version-history":[{"count":4,"href":"https:\/\/www.upo.es\/investiga\/proyectofactibles\/wp-json\/wp\/v2\/pages\/1399\/revisions"}],"predecessor-version":[{"id":1626,"href":"https:\/\/www.upo.es\/investiga\/proyectofactibles\/wp-json\/wp\/v2\/pages\/1399\/revisions\/1626"}],"wp:attachment":[{"href":"https:\/\/www.upo.es\/investiga\/proyectofactibles\/wp-json\/wp\/v2\/media?parent=1399"}],"curies":[{"name":"wp","href":"https:\/\/api.w.org\/{rel}","templated":true}]}}