{"id":2,"date":"2025-03-14T12:39:00","date_gmt":"2025-03-14T11:39:00","guid":{"rendered":"https:\/\/www.upo.es\/laolavideerestu\/?page_id=2"},"modified":"2026-04-23T11:10:16","modified_gmt":"2026-04-23T09:10:16","slug":"pagina-ejemplo","status":"publish","type":"page","link":"https:\/\/www.upo.es\/laolavideerestu\/","title":{"rendered":"Inicio"},"content":{"rendered":"<p>[et_pb_section fb_built=\u00bb1&#8243; _builder_version=\u00bb4.27.4&#8243; _module_preset=\u00bbdefault\u00bb positioning=\u00bbabsolute\u00bb position_origin_a=\u00bbtop_right\u00bb position_origin_f=\u00bbtop_right\u00bb vertical_offset=\u00bb45px\u00bb horizontal_offset=\u00bb-21px\u00bb z_index=\u00bb111&#8243; vertical_offset_tablet=\u00bb0px\u00bb vertical_offset_phone=\u00bb0px\u00bb vertical_offset_last_edited=\u00bbon|desktop\u00bb horizontal_offset_tablet=\u00bb-21px\u00bb horizontal_offset_phone=\u00bb-21px\u00bb horizontal_offset_last_edited=\u00bbon|phone\u00bb position_origin_a_tablet=\u00bb\u00bb position_origin_a_phone=\u00bb\u00bb position_origin_a_last_edited=\u00bbon|desktop\u00bb position_origin_f_tablet=\u00bbtop_right\u00bb position_origin_f_phone=\u00bbtop_right\u00bb position_origin_f_last_edited=\u00bbon|tablet\u00bb position_origin_r_tablet=\u00bb\u00bb position_origin_r_phone=\u00bb\u00bb position_origin_r_last_edited=\u00bbon|phone\u00bb custom_margin=\u00bb-30px|||||\u00bb custom_padding=\u00bb0px||0px|||\u00bb positioning_tablet=\u00bbrelative\u00bb positioning_phone=\u00bbnone\u00bb positioning_last_edited=\u00bbon|desktop\u00bb z_index_tablet=\u00bb111&#8243; z_index_phone=\u00bb111&#8243; z_index_last_edited=\u00bbon|phone\u00bb global_colors_info=\u00bb{}\u00bb][et_pb_row column_structure=\u00bb1_2,1_4,1_4&#8243; _builder_version=\u00bb4.27.4&#8243; _module_preset=\u00bbdefault\u00bb min_height=\u00bb53px\u00bb custom_margin=\u00bb||-11px||false|false\u00bb custom_padding=\u00bb0px||0px|||\u00bb global_colors_info=\u00bb{}\u00bb][et_pb_column type=\u00bb1_2&#8243; _builder_version=\u00bb4.27.4&#8243; _module_preset=\u00bbdefault\u00bb global_colors_info=\u00bb{}\u00bb][\/et_pb_column][et_pb_column type=\u00bb1_4&#8243; _builder_version=\u00bb4.27.4&#8243; _module_preset=\u00bbdefault\u00bb global_colors_info=\u00bb{}\u00bb][et_pb_image src=\u00bbhttps:\/\/www.upo.es\/laolavideerestu\/wp-content\/uploads\/2025\/03\/bluesky.png\u00bb title_text=\u00bbbluesky\u00bb url=\u00bbhttps:\/\/bsky.app\/profile\/pablodeolavide.upo.es\u00bb url_new_window=\u00bbon\u00bb admin_label=\u00bbImagen\u00bb _builder_version=\u00bb4.27.4&#8243; _module_preset=\u00bbdefault\u00bb transform_scale_tablet=\u00bb\u00bb transform_scale_phone=\u00bb\u00bb transform_scale_last_edited=\u00bbon|phone\u00bb transform_translate=\u00bb253px|10px\u00bb transform_translate_tablet=\u00bb363px|8px\u00bb transform_translate_phone=\u00bb12px|61px\u00bb transform_translate_last_edited=\u00bbon|tablet\u00bb transform_translate_linked=\u00bboff\u00bb transform_rotate_tablet=\u00bb\u00bb transform_rotate_phone=\u00bb\u00bb transform_rotate_last_edited=\u00bbon|phone\u00bb transform_skew_tablet=\u00bb\u00bb transform_skew_phone=\u00bb\u00bb transform_skew_last_edited=\u00bbon|phone\u00bb transform_origin_tablet=\u00bb\u00bb transform_origin_phone=\u00bb\u00bb transform_origin_last_edited=\u00bbon|phone\u00bb transform_styles_last_edited=\u00bbon|tablet\u00bb width=\u00bb9%\u00bb width_tablet=\u00bb9%\u00bb width_phone=\u00bb7%\u00bb width_last_edited=\u00bbon|phone\u00bb transform_styles_tablet=\u00bb\u00bb transform_styles_phone=\u00bb\u00bb global_colors_info=\u00bb{}\u00bb][\/et_pb_image][\/et_pb_column][et_pb_column type=\u00bb1_4&#8243; _builder_version=\u00bb4.27.4&#8243; _module_preset=\u00bbdefault\u00bb global_colors_info=\u00bb{}\u00bb][et_pb_social_media_follow _builder_version=\u00bb4.27.4&#8243; _module_preset=\u00bbdefault\u00bb text_orientation_tablet=\u00bbright\u00bb text_orientation_phone=\u00bbcenter\u00bb text_orientation_last_edited=\u00bbon|tablet\u00bb global_colors_info=\u00bb{}\u00bb][et_pb_social_media_follow_network social_network=\u00bbfacebook\u00bb url=\u00bbhttps:\/\/www.facebook.com\/pablodeolavide\u00bb icon_color=\u00bb#003671&#8243; use_icon_font_size=\u00bbon\u00bb icon_font_size=\u00bb18px\u00bb _builder_version=\u00bb4.27.4&#8243; _module_preset=\u00bbdefault\u00bb background_enable_color=\u00bboff\u00bb global_colors_info=\u00bb{}\u00bb follow_button=\u00bboff\u00bb url_new_window=\u00bbon\u00bb]facebook[\/et_pb_social_media_follow_network][et_pb_social_media_follow_network social_network=\u00bbinstagram\u00bb url=\u00bbhttps:\/\/www.instagram.com\/pablodeolavide\/\u00bb icon_color=\u00bb#003671&#8243; use_icon_font_size=\u00bbon\u00bb icon_font_size=\u00bb18px\u00bb _builder_version=\u00bb4.27.4&#8243; _module_preset=\u00bbdefault\u00bb background_enable_color=\u00bboff\u00bb global_colors_info=\u00bb{}\u00bb follow_button=\u00bboff\u00bb url_new_window=\u00bbon\u00bb]instagram[\/et_pb_social_media_follow_network][et_pb_social_media_follow_network social_network=\u00bbtiktok\u00bb url=\u00bbhttps:\/\/www.tiktok.com\/@upablodeolavide\u00bb icon_color=\u00bb#003671&#8243; use_icon_font_size=\u00bbon\u00bb icon_font_size=\u00bb18px\u00bb _builder_version=\u00bb4.27.4&#8243; _module_preset=\u00bbdefault\u00bb background_enable_color=\u00bboff\u00bb global_colors_info=\u00bb{}\u00bb follow_button=\u00bboff\u00bb url_new_window=\u00bbon\u00bb]tiktok[\/et_pb_social_media_follow_network][et_pb_social_media_follow_network social_network=\u00bbyoutube\u00bb url=\u00bbhttps:\/\/www.youtube.com\/upablodeolavide\u00bb icon_color=\u00bb#003671&#8243; use_icon_font_size=\u00bbon\u00bb icon_font_size=\u00bb20px\u00bb _builder_version=\u00bb4.27.4&#8243; _module_preset=\u00bbdefault\u00bb background_enable_color=\u00bboff\u00bb global_colors_info=\u00bb{}\u00bb follow_button=\u00bboff\u00bb url_new_window=\u00bbon\u00bb]youtube[\/et_pb_social_media_follow_network][et_pb_social_media_follow_network social_network=\u00bblinkedin\u00bb url=\u00bbhttps:\/\/es.linkedin.com\/school\/universidad-pablo-de-olavide\/\u00bb icon_color=\u00bb#003671&#8243; use_icon_font_size=\u00bbon\u00bb icon_font_size=\u00bb18px\u00bb _builder_version=\u00bb4.27.4&#8243; _module_preset=\u00bbdefault\u00bb background_enable_color=\u00bboff\u00bb global_colors_info=\u00bb{}\u00bb follow_button=\u00bboff\u00bb url_new_window=\u00bbon\u00bb]linkedin[\/et_pb_social_media_follow_network][\/et_pb_social_media_follow][\/et_pb_column][\/et_pb_row][\/et_pb_section][et_pb_section fb_built=\u00bb1&#8243; fullwidth=\u00bbon\u00bb _builder_version=\u00bb4.27.4&#8243; _module_preset=\u00bbdefault\u00bb global_colors_info=\u00bb{}\u00bb][et_pb_fullwidth_image src=\u00bbhttps:\/\/www.upo.es\/laolavideerestu\/wp-content\/uploads\/2025\/03\/CABECERA_OLAVIDE.jpg\u00bb title_text=\u00bbLa Olavide eres t\u00fa\u00bb _builder_version=\u00bb4.27.4&#8243; _module_preset=\u00bbdefault\u00bb global_colors_info=\u00bb{}\u00bb][\/et_pb_fullwidth_image][\/et_pb_section][et_pb_section fb_built=\u00bb1&#8243; _builder_version=\u00bb4.27.4&#8243; _module_preset=\u00bbdefault\u00bb background_color=\u00bb#003671&#8243; custom_margin=\u00bb||||false|false\u00bb global_colors_info=\u00bb{}\u00bb][et_pb_row column_structure=\u00bb1_3,1_3,1_3&#8243; _builder_version=\u00bb4.27.4&#8243; _module_preset=\u00bbdefault\u00bb global_colors_info=\u00bb{}\u00bb][et_pb_column type=\u00bb1_3&#8243; _builder_version=\u00bb4.27.4&#8243; _module_preset=\u00bbdefault\u00bb global_colors_info=\u00bb{}\u00bb][et_pb_text _builder_version=\u00bb4.27.4&#8243; _module_preset=\u00bbdefault\u00bb header_font=\u00bb|800|||||||\u00bb header_text_color=\u00bb#fbbf01&#8243; header_font_size=\u00bb80px\u00bb header_2_font=\u00bb|300|||||||\u00bb header_2_text_color=\u00bb#fbbf01&#8243; header_2_font_size=\u00bb40px\u00bb header_2_line_height=\u00bb0em\u00bb global_colors_info=\u00bb{}\u00bb]<\/p>\n<h1 style=\"text-align: center;\"><strong>40<\/strong><\/h1>\n<h2 style=\"text-align: center;\">GRADOS<\/h2>\n<p>[\/et_pb_text][et_pb_divider color=\u00bb#fbbf01&#8243; divider_weight=\u00bb4px\u00bb _builder_version=\u00bb4.27.4&#8243; _module_preset=\u00bbdefault\u00bb custom_margin=\u00bb||-7px|||\u00bb global_colors_info=\u00bb{}\u00bb][\/et_pb_divider][et_pb_text _builder_version=\u00bb4.27.4&#8243; _module_preset=\u00bbdefault\u00bb text_text_color=\u00bb#FFFFFF\u00bb text_orientation=\u00bbcenter\u00bb global_colors_info=\u00bb{}\u00bb]Amplia oferta formativa de grados y<br \/>\ndobles grados, as\u00ed como dobles t\u00edtulos<br \/>\ninternacionales. Formaci\u00f3n orientada a<br \/>\nlos profesionales del futuro con una<br \/>\ncreciente oferta biling\u00fce[\/et_pb_text][\/et_pb_column][et_pb_column type=\u00bb1_3&#8243; _builder_version=\u00bb4.27.4&#8243; _module_preset=\u00bbdefault\u00bb global_colors_info=\u00bb{}\u00bb][et_pb_text _builder_version=\u00bb4.27.4&#8243; _module_preset=\u00bbdefault\u00bb header_font=\u00bb|800|||||||\u00bb header_text_color=\u00bb#fbbf01&#8243; header_font_size=\u00bb80px\u00bb header_2_font=\u00bb|300|||||||\u00bb header_2_text_color=\u00bb#fbbf01&#8243; header_2_font_size=\u00bb40px\u00bb header_2_line_height=\u00bb0em\u00bb global_colors_info=\u00bb{}\u00bb]<\/p>\n<h1 style=\"text-align: center;\"><strong>+ 12.500<\/strong><\/h1>\n<h2 style=\"text-align: center;\">ESTUDIANTES<\/h2>\n<p>[\/et_pb_text][et_pb_divider color=\u00bb#fbbf01&#8243; divider_weight=\u00bb4px\u00bb _builder_version=\u00bb4.27.4&#8243; _module_preset=\u00bbdefault\u00bb custom_margin=\u00bb||-7px|||\u00bb global_colors_info=\u00bb{}\u00bb][\/et_pb_divider][et_pb_text _builder_version=\u00bb4.27.4&#8243; _module_preset=\u00bbdefault\u00bb text_text_color=\u00bb#FFFFFF\u00bb text_orientation=\u00bbcenter\u00bb global_colors_info=\u00bb{}\u00bb]Estudian uno de nuestros grados o<br \/>\ndobles grados en las seis facultades o<br \/>\nla Escuela Polit\u00e9cnica Superior, o de<br \/>\nunos de los m\u00e1s de 40 m\u00e1steres<br \/>\nuniversitarios.[\/et_pb_text][\/et_pb_column][et_pb_column type=\u00bb1_3&#8243; _builder_version=\u00bb4.27.4&#8243; _module_preset=\u00bbdefault\u00bb global_colors_info=\u00bb{}\u00bb][et_pb_text _builder_version=\u00bb4.27.4&#8243; _module_preset=\u00bbdefault\u00bb header_font=\u00bb|800|||||||\u00bb header_text_color=\u00bb#fbbf01&#8243; header_font_size=\u00bb80px\u00bb header_2_font=\u00bb|300|||||||\u00bb header_2_text_color=\u00bb#fbbf01&#8243; header_2_font_size=\u00bb40px\u00bb header_2_line_height=\u00bb0em\u00bb global_colors_info=\u00bb{}\u00bb]<\/p>\n<h1 style=\"text-align: center;\"><strong>140<\/strong><\/h1>\n<h2 style=\"text-align: center;\">HECT\u00c1REAS<\/h2>\n<p>[\/et_pb_text][et_pb_divider color=\u00bb#fbbf01&#8243; divider_weight=\u00bb4px\u00bb _builder_version=\u00bb4.27.4&#8243; _module_preset=\u00bbdefault\u00bb custom_margin=\u00bb||-7px|||\u00bb global_colors_info=\u00bb{}\u00bb][\/et_pb_divider][et_pb_text _builder_version=\u00bb4.27.4&#8243; _module_preset=\u00bbdefault\u00bb text_text_color=\u00bb#FFFFFF\u00bb text_orientation=\u00bbcenter\u00bb global_colors_info=\u00bb{}\u00bb]Es la superficie que ocupa nuestro<br \/>\ncampus universitario, un campus<br \/>\n\u00fanico con m\u00e1s de 100.000 m2 de<br \/>\nzonas deportivas.[\/et_pb_text][\/et_pb_column][\/et_pb_row][\/et_pb_section][et_pb_section fb_built=\u00bb1&#8243; module_id=\u00bbgrados\u00bb _builder_version=\u00bb4.27.4&#8243; _module_preset=\u00bbdefault\u00bb background_color=\u00bb#ecf7fb\u00bb global_colors_info=\u00bb{}\u00bb][et_pb_row column_structure=\u00bb1_2,1_2&#8243; _builder_version=\u00bb4.27.4&#8243; _module_preset=\u00bbdefault\u00bb global_colors_info=\u00bb{}\u00bb][et_pb_column type=\u00bb1_2&#8243; _builder_version=\u00bb4.27.4&#8243; _module_preset=\u00bbdefault\u00bb global_colors_info=\u00bb{}\u00bb][et_pb_image src=\u00bbhttps:\/\/www.upo.es\/laolavideerestu\/wp-content\/uploads\/2025\/03\/NUESTROS-GRADOS.png\u00bb title_text=\u00bbLa Olavide eres t\u00fa\u00bb _builder_version=\u00bb4.27.4&#8243; _module_preset=\u00bbdefault\u00bb global_colors_info=\u00bb{}\u00bb][\/et_pb_image][et_pb_divider color=\u00bb#fbbf01&#8243; divider_weight=\u00bb4px\u00bb _builder_version=\u00bb4.27.4&#8243; _module_preset=\u00bbdefault\u00bb width=\u00bb16%\u00bb custom_margin=\u00bb||-7px|||\u00bb global_colors_info=\u00bb{}\u00bb][\/et_pb_divider][\/et_pb_column][et_pb_column type=\u00bb1_2&#8243; _builder_version=\u00bb4.27.4&#8243; _module_preset=\u00bbdefault\u00bb global_colors_info=\u00bb{}\u00bb][\/et_pb_column][\/et_pb_row][et_pb_row column_structure=\u00bb1_3,1_3,1_3&#8243; _builder_version=\u00bb4.27.4&#8243; _module_preset=\u00bbdefault\u00bb global_colors_info=\u00bb{}\u00bb][et_pb_column type=\u00bb1_3&#8243; _builder_version=\u00bb4.27.4&#8243; _module_preset=\u00bbdefault\u00bb global_colors_info=\u00bb{}\u00bb][et_pb_toggle title=\u00bbFACULTAD DE CIENCIAS DEL DEPORTE\u00bb open_toggle_text_color=\u00bb#fbbf01&#8243; open_toggle_background_color=\u00bb#FFFFFF\u00bb closed_toggle_text_color=\u00bb#003671&#8243; closed_toggle_background_color=\u00bbRGBA(255,255,255,0)\u00bb icon_color=\u00bb#003671&#8243; toggle_icon=\u00bb&#x43;||divi||400&#8243; use_icon_font_size=\u00bbon\u00bb icon_font_size=\u00bb38px\u00bb open_icon_color=\u00bb#fbbf01&#8243; open_toggle_icon=\u00bb&#x43;||divi||400&#8243; open_use_icon_font_size=\u00bbon\u00bb open_icon_font_size=\u00bb38px\u00bb _builder_version=\u00bb4.27.4&#8243; _module_preset=\u00bbdefault\u00bb title_font=\u00bb|700|||||||\u00bb title_font_size=\u00bb25px\u00bb closed_title_font=\u00bb|700|||||||\u00bb closed_title_font_size=\u00bb25px\u00bb body_font_size=\u00bb15px\u00bb border_radii=\u00bbon|10px|10px|10px|10px\u00bb border_width_all=\u00bb3px\u00bb border_color_all=\u00bb#003671&#8243; global_colors_info=\u00bb{}\u00bb]<\/p>\n<p><span style=\"color: #fbbf01;\">&gt;&gt;<\/span> <span style=\"color: #000000;\"><a href=\"https:\/\/www.upo.es\/facultad-ciencias-deporte\/es\/oferta-academica\/grados\/grado-en-ciencias-de-la-actividad-fisica-y-del-deporte\/portada\/\" target=\"_blank\" rel=\"noopener\" style=\"color: #000000;\">Grado en Ciencias de la Actividad F\u00edsica y del Deporte<\/a><\/span><\/p>\n<p>[\/et_pb_toggle][et_pb_toggle title=\u00bbFACULTAD DE CIENCIAS SOCIALES\u00bb open_toggle_text_color=\u00bb#fbbf01&#8243; open_toggle_background_color=\u00bb#FFFFFF\u00bb closed_toggle_text_color=\u00bb#003671&#8243; closed_toggle_background_color=\u00bbRGBA(255,255,255,0)\u00bb icon_color=\u00bb#003671&#8243; toggle_icon=\u00bb&#x43;||divi||400&#8243; use_icon_font_size=\u00bbon\u00bb icon_font_size=\u00bb38px\u00bb open_icon_color=\u00bb#fbbf01&#8243; open_toggle_icon=\u00bb&#x43;||divi||400&#8243; open_use_icon_font_size=\u00bbon\u00bb open_icon_font_size=\u00bb38px\u00bb _builder_version=\u00bb4.27.4&#8243; _module_preset=\u00bbdefault\u00bb title_font=\u00bb|700|||||||\u00bb title_font_size=\u00bb25px\u00bb closed_title_font=\u00bb|700|||||||\u00bb closed_title_font_size=\u00bb25px\u00bb body_font_size=\u00bb15px\u00bb border_radii=\u00bbon|10px|10px|10px|10px\u00bb border_width_all=\u00bb3px\u00bb border_color_all=\u00bb#003671&#8243; global_colors_info=\u00bb{}\u00bb]<span style=\"color: #fbbf01;\">&gt;&gt;<\/span> <span style=\"color: #000000;\"><a href=\"https:\/\/www.upo.es\/facultad-ciencias-sociales\/es\/oferta-academica\/grados\/grado-en-educacion-social\/informacion-general-del-titulo\/ficha-general\/\" target=\"_blank\" rel=\"noopener\" style=\"color: #000000;\">Grado en Educaci\u00f3n Social<\/a><\/span><br \/>\n<span style=\"color: #fbbf01;\">&gt;&gt;<\/span> <span style=\"color: #000000;\"><a href=\"https:\/\/www.upo.es\/facultad-ciencias-sociales\/es\/oferta-academica\/grados\/grado-en-sociologia\/informacion-general-del-titulo\/ficha-general\/\" target=\"_blank\" rel=\"noopener\" style=\"color: #000000;\">Grado en Sociolog\u00eda<\/a><\/span><br \/>\n<span style=\"color: #fbbf01;\">&gt;&gt;<\/span> <span style=\"color: #000000;\"><a href=\"https:\/\/www.upo.es\/facultad-ciencias-sociales\/es\/oferta-academica\/grados\/grado-en-trabajo-social\/informacion-general-del-titulo\/ficha-general\/\" target=\"_blank\" rel=\"noopener\" style=\"color: #000000;\">Grado en Trabajo Social<\/a><\/span>[\/et_pb_toggle][et_pb_toggle title=\u00bbFACULTAD DE DERECHO\u00bb open_toggle_text_color=\u00bb#fbbf01&#8243; open_toggle_background_color=\u00bb#FFFFFF\u00bb closed_toggle_text_color=\u00bb#003671&#8243; closed_toggle_background_color=\u00bbRGBA(255,255,255,0)\u00bb icon_color=\u00bb#003671&#8243; toggle_icon=\u00bb&#x43;||divi||400&#8243; use_icon_font_size=\u00bbon\u00bb icon_font_size=\u00bb38px\u00bb open_icon_color=\u00bb#fbbf01&#8243; open_toggle_icon=\u00bb&#x43;||divi||400&#8243; open_use_icon_font_size=\u00bbon\u00bb open_icon_font_size=\u00bb38px\u00bb _builder_version=\u00bb4.27.4&#8243; _module_preset=\u00bbdefault\u00bb title_font=\u00bb|700|||||||\u00bb title_font_size=\u00bb25px\u00bb closed_title_font=\u00bb|700|||||||\u00bb closed_title_font_size=\u00bb25px\u00bb body_font_size=\u00bb15px\u00bb border_radii=\u00bbon|10px|10px|10px|10px\u00bb border_width_all=\u00bb3px\u00bb border_color_all=\u00bb#003671&#8243; global_colors_info=\u00bb{}\u00bb]<\/p>\n<p><span style=\"color: #fbbf01;\">&gt;&gt;<\/span> <span style=\"color: #000000;\"><a href=\"https:\/\/www.upo.es\/facultad-derecho\/es\/oferta-academica\/grados\/grado-en-ciencias-politicas-y-de-la-administracion\/ficha-generica\/\" target=\"_blank\" rel=\"noopener\" style=\"color: #000000;\">Grado en Ciencias Pol\u00edticas y de la Administraci\u00f3n<\/a><\/span><br \/><span style=\"color: #fbbf01;\">&gt;&gt;<\/span> <span style=\"color: #000000;\"><a href=\"https:\/\/www.upo.es\/facultad-derecho\/es\/oferta-academica\/grados\/grado-en-criminologia\/ficha-generica\/\" target=\"_blank\" rel=\"noopener\" style=\"color: #000000;\">Grado en Criminolog\u00eda<\/a><\/span><br \/><span style=\"color: #fbbf01;\">&gt;&gt;<\/span> <span style=\"color: #000000;\"><a href=\"https:\/\/www.upo.es\/facultad-derecho\/es\/oferta-academica\/grados\/grado-en-derecho\/ficha-generica\/\" target=\"_blank\" rel=\"noopener\" style=\"color: #000000;\">Grado en Derecho<\/a><\/span><br \/><span style=\"color: #fbbf01;\">&gt;&gt;<\/span> <span style=\"color: #000000;\"><a href=\"https:\/\/www.upo.es\/facultad-derecho\/es\/oferta-academica\/dobles-grados\/doble-grado-en-derecho-hispano-aleman-con-la-universidad-de-bayreuth\/ficha-generica\/\" target=\"_blank\" rel=\"noopener\" style=\"color: #000000;\">Grado en Derecho Hispano-Alem\u00e1n con la Universidad de Bayreuth<\/a><\/span><br \/><span style=\"color: #fbbf01;\">&gt;&gt;<\/span> <span style=\"color: #000000;\"><a href=\"https:\/\/www.upo.es\/facultad-derecho\/es\/oferta-academica\/grados\/grado-en-relaciones-internacionales\/ficha-generica\/\" target=\"_blank\" rel=\"noopener\" style=\"color: #000000;\">Grado en Relaciones Internacionales<\/a><\/span><br \/><span style=\"color: #fbbf01;\">&gt;&gt;<\/span> <span style=\"color: #000000;\"><a href=\"https:\/\/www.upo.es\/facultad-derecho\/es\/oferta-academica\/grados\/grado-en-relaciones-laborales-y-recursos-humanos\/ficha-generica\/\" target=\"_blank\" rel=\"noopener\" style=\"color: #000000;\">Grado en Relaciones Laborales y Recursos Humanos<\/a><\/span><\/p>\n<p>[\/et_pb_toggle][\/et_pb_column][et_pb_column type=\u00bb1_3&#8243; _builder_version=\u00bb4.27.4&#8243; _module_preset=\u00bbdefault\u00bb global_colors_info=\u00bb{}\u00bb][et_pb_toggle title=\u00bbFACULTAD DE CIENCIAS EMPRESARIALES\u00bb open_toggle_text_color=\u00bb#fbbf01&#8243; open_toggle_background_color=\u00bb#FFFFFF\u00bb closed_toggle_text_color=\u00bb#003671&#8243; closed_toggle_background_color=\u00bbRGBA(255,255,255,0)\u00bb icon_color=\u00bb#003671&#8243; toggle_icon=\u00bb&#x43;||divi||400&#8243; use_icon_font_size=\u00bbon\u00bb icon_font_size=\u00bb38px\u00bb open_icon_color=\u00bb#fbbf01&#8243; open_toggle_icon=\u00bb&#x43;||divi||400&#8243; open_use_icon_font_size=\u00bbon\u00bb open_icon_font_size=\u00bb38px\u00bb _builder_version=\u00bb4.27.4&#8243; _module_preset=\u00bbdefault\u00bb title_font=\u00bb|700|||||||\u00bb title_font_size=\u00bb25px\u00bb closed_title_font=\u00bb|700|||||||\u00bb closed_title_font_size=\u00bb25px\u00bb body_font_size=\u00bb15px\u00bb custom_padding=\u00bb|20px||||\u00bb border_radii=\u00bbon|10px|10px|10px|10px\u00bb border_width_all=\u00bb3px\u00bb border_color_all=\u00bb#003671&#8243; global_colors_info=\u00bb{}\u00bb]<\/p>\n<p><span style=\"color: #fbbf01;\">&gt;&gt;<\/span> <span style=\"color: #000000;\"><a href=\"https:\/\/www.upo.es\/facultad-ciencias-empresariales\/es\/oferta-academica\/grados\/grado-en-administracion-y-direccion-de-empresas\/informacion-general-del-titulo\/ficha-general\/\" target=\"_blank\" rel=\"noopener\" style=\"color: #000000;\">Grado en Administraci\u00f3n y Direcci\u00f3n de Empresas<\/a><\/span><br \/><span style=\"color: #fbbf01;\">&gt;&gt;<\/span> <span style=\"color: #000000;\"><a href=\"https:\/\/www.upo.es\/facultad-ciencias-empresariales\/es\/oferta-academica\/grados\/grado-en-administracion-y-direccion-de-empresas-ingles\/informacion-general\/ficha-general\/\" target=\"_blank\" rel=\"noopener\" style=\"color: #000000;\">Grado en Administraci\u00f3n y Direcci\u00f3n de Empresas (Ingl\u00e9s)<\/a><\/span><br \/><span style=\"color: #fbbf01;\">&gt;&gt;<\/span> <span style=\"color: #000000;\"><a href=\"http:\/\/upo.es\/facultad-ciencias-empresariales\/es\/oferta-academica\/grados\/grado-en-analisis-economico\/informacion-general-del-titulo\/ficha-general\/\" target=\"_blank\" rel=\"noopener\" style=\"color: #000000;\">Grado en An\u00e1lisis Econ\u00f3mico<\/a><\/span><br \/><span style=\"color: #fbbf01;\">&gt;&gt;<\/span> <span style=\"color: #000000;\"><a href=\"https:\/\/upo.es\/facultad-ciencias-empresariales\/es\/oferta-academica\/grados\/grado-en-finanzas-contabilidad-y-auditoria\/informacion-general-del-titulo\/ficha-general\/\" target=\"_blank\" rel=\"noopener\" style=\"color: #000000;\">Grado en Finanzas, Contabilidad y Auditor\u00eda (con la opci\u00f3n de Menci\u00f3n Dual)<\/a><\/span><\/p>\n<p>&nbsp;<\/p>\n<p>[\/et_pb_toggle][et_pb_toggle title=\u00bbESCUELA POLIT\u00c9CNICA SUPERIOR\u00bb open_toggle_text_color=\u00bb#fbbf01&#8243; open_toggle_background_color=\u00bb#FFFFFF\u00bb closed_toggle_text_color=\u00bb#003671&#8243; closed_toggle_background_color=\u00bbRGBA(255,255,255,0)\u00bb icon_color=\u00bb#003671&#8243; toggle_icon=\u00bb&#x43;||divi||400&#8243; use_icon_font_size=\u00bbon\u00bb icon_font_size=\u00bb38px\u00bb open_icon_color=\u00bb#fbbf01&#8243; open_toggle_icon=\u00bb&#x43;||divi||400&#8243; open_use_icon_font_size=\u00bbon\u00bb open_icon_font_size=\u00bb38px\u00bb _builder_version=\u00bb4.27.4&#8243; _module_preset=\u00bbdefault\u00bb title_font=\u00bb|700|||||||\u00bb title_font_size=\u00bb25px\u00bb closed_title_font=\u00bb|700|||||||\u00bb closed_title_font_size=\u00bb25px\u00bb body_font_size=\u00bb15px\u00bb border_radii=\u00bbon|10px|10px|10px|10px\u00bb border_width_all=\u00bb3px\u00bb border_color_all=\u00bb#003671&#8243; global_colors_info=\u00bb{}\u00bb]<\/p>\n<p><span style=\"color: #fbbf01;\">&gt;&gt;<\/span> <span style=\"color: #000000;\"><a href=\"https:\/\/www.upo.es\/escuela-politecnica-superior\/es\/oferta-academica\/grados\/grado-en-ingenieria-informatica-mencion-en-ciencia-de-datos\/portada\/index.html\" target=\"_blank\" rel=\"noopener\" style=\"color: #000000;\">Grado en Ingenier\u00eda Inform\u00e1tica: Menci\u00f3n en Ciencia de Datos (con la opci\u00f3n de Menci\u00f3n Dual)<\/a><\/span><br \/><span style=\"color: #fbbf01;\">&gt;&gt;<\/span> <span style=\"color: #000000;\"><a href=\"https:\/\/www.upo.es\/escuela-politecnica-superior\/es\/oferta-academica\/grados\/grado-en-ingenieria-informatica-en-sistemas-de-informacion\/portada\/\" target=\"_blank\" rel=\"noopener\" style=\"color: #000000;\">Grado en Ingenier\u00eda Inform\u00e1tica: Menci\u00f3n en Sistemas de Informaci\u00f3n (con la opci\u00f3n de Menci\u00f3n Dual)<\/a><\/span><\/p>\n<p>[\/et_pb_toggle][\/et_pb_column][et_pb_column type=\u00bb1_3&#8243; _builder_version=\u00bb4.27.4&#8243; _module_preset=\u00bbdefault\u00bb global_colors_info=\u00bb{}\u00bb][et_pb_toggle title=\u00bbFACULTAD DE CIENCIAS EXPERIMENTALES\u00bb open_toggle_text_color=\u00bb#fbbf01&#8243; open_toggle_background_color=\u00bb#FFFFFF\u00bb closed_toggle_text_color=\u00bb#003671&#8243; closed_toggle_background_color=\u00bbRGBA(255,255,255,0)\u00bb icon_color=\u00bb#003671&#8243; toggle_icon=\u00bb&#x43;||divi||400&#8243; use_icon_font_size=\u00bbon\u00bb icon_font_size=\u00bb38px\u00bb open_icon_color=\u00bb#fbbf01&#8243; open_toggle_icon=\u00bb&#x43;||divi||400&#8243; open_use_icon_font_size=\u00bbon\u00bb open_icon_font_size=\u00bb38px\u00bb _builder_version=\u00bb4.27.4&#8243; _module_preset=\u00bbdefault\u00bb title_font=\u00bb|700|||||||\u00bb title_font_size=\u00bb25px\u00bb closed_title_font=\u00bb|700|||||||\u00bb closed_title_font_size=\u00bb25px\u00bb body_font_size=\u00bb15px\u00bb border_radii=\u00bbon|10px|10px|10px|10px\u00bb border_width_all=\u00bb3px\u00bb border_color_all=\u00bb#003671&#8243; global_colors_info=\u00bb{}\u00bb]<\/p>\n<p><span style=\"color: #fbbf01;\">&gt;&gt;<\/span> <span style=\"color: #000000;\"><a href=\"https:\/\/www.upo.es\/facultad-ciencias-experimentales\/es\/oferta-academica\/titulaciones\/grado-en-biotecnologia\/portada\/\" target=\"_blank\" rel=\"noopener\" style=\"color: #000000;\">Grado en Biotecnolog\u00eda<\/a><\/span><br \/><span style=\"color: #fbbf01;\">&gt;&gt;<\/span> <span style=\"color: #000000;\"><a href=\"https:\/\/www.upo.es\/facultad-ciencias-experimentales\/es\/oferta-academica\/titulaciones\/grado-en-ciencias-ambientales\/portada\/\" target=\"_blank\" rel=\"noopener\" style=\"color: #000000;\">Grado en Ciencias Ambientales<\/a><\/span><br \/><span style=\"color: #fbbf01;\">&gt;&gt;<\/span> <span style=\"color: #000000;\"><a href=\"https:\/\/www.upo.es\/facultad-ciencias-experimentales\/es\/oferta-academica\/titulaciones\/grado-en-nutricion-humana-y-dietetica\/portada\/\" target=\"_blank\" rel=\"noopener\" style=\"color: #000000;\">Grado en Nutrici\u00f3n Humana y Diet\u00e9tica<\/a><\/span><\/p>\n<p>[\/et_pb_toggle][et_pb_toggle title=\u00bbFACULTAD DE HUMANIDADES\u00bb open_toggle_text_color=\u00bb#fbbf01&#8243; open_toggle_background_color=\u00bb#FFFFFF\u00bb closed_toggle_text_color=\u00bb#003671&#8243; closed_toggle_background_color=\u00bbRGBA(255,255,255,0)\u00bb icon_color=\u00bb#003671&#8243; toggle_icon=\u00bb&#x43;||divi||400&#8243; use_icon_font_size=\u00bbon\u00bb icon_font_size=\u00bb38px\u00bb open_icon_color=\u00bb#fbbf01&#8243; open_toggle_icon=\u00bb&#x43;||divi||400&#8243; open_use_icon_font_size=\u00bbon\u00bb open_icon_font_size=\u00bb38px\u00bb _builder_version=\u00bb4.27.4&#8243; _module_preset=\u00bbdefault\u00bb title_font=\u00bb|700|||||||\u00bb title_font_size=\u00bb25px\u00bb closed_title_font=\u00bb|700|||||||\u00bb closed_title_font_size=\u00bb25px\u00bb body_font_size=\u00bb15px\u00bb border_radii=\u00bbon|10px|10px|10px|10px\u00bb border_width_all=\u00bb3px\u00bb border_color_all=\u00bb#003671&#8243; global_colors_info=\u00bb{}\u00bb]<\/p>\n<p><span style=\"color: #fbbf01;\">&gt;&gt;<\/span> <span style=\"color: #000000;\"><a href=\"https:\/\/www.upo.es\/facultad-humanidades\/es\/oferta-academica\/titulaciones\/grado-en-geografia-historia\/portada\/\" target=\"_blank\" rel=\"noopener\" style=\"color: #000000;\">Grado en Geograf\u00eda e Historia<\/a><\/span><br \/><span style=\"color: #fbbf01;\">&gt;&gt;<\/span> <span style=\"color: #000000;\"><a href=\"https:\/\/www.upo.es\/facultad-humanidades\/es\/oferta-academica\/titulaciones\/grado-en-humanidades\/portada\/\" target=\"_blank\" rel=\"noopener\" style=\"color: #000000;\">Grado en Humanidades<\/a><\/span><br \/><span style=\"color: #fbbf01;\">&gt;&gt;<\/span> <span style=\"color: #000000;\"><a href=\"https:\/\/www.upo.es\/facultad-humanidades\/es\/oferta-academica\/titulaciones\/grado-en-traduccion-interpretacion-aleman\/portada\/\" target=\"_blank\" rel=\"noopener\" style=\"color: #000000;\">Grado en Traducci\u00f3n e Interpretaci\u00f3n: Alem\u00e1n<\/a><\/span><br \/><span style=\"color: #fbbf01;\">&gt;&gt;<\/span> <span style=\"color: #000000;\"><a href=\"https:\/\/www.upo.es\/facultad-humanidades\/es\/oferta-academica\/titulaciones\/grado-en-traduccion-interpretacion-frances\/portada\/\" target=\"_blank\" rel=\"noopener\" style=\"color: #000000;\">Grado en Traducci\u00f3n e Interpretaci\u00f3n: Franc\u00e9s<\/a><\/span><br \/><span style=\"color: #fbbf01;\">&gt;&gt;<\/span> <span style=\"color: #000000;\"><a href=\"https:\/\/www.upo.es\/facultad-humanidades\/es\/oferta-academica\/titulaciones\/grado-en-traduccion-interpretacion-ingles\/portada\/\" target=\"_blank\" rel=\"noopener\" style=\"color: #000000;\">Grado en Traducci\u00f3n e Interpretaci\u00f3n: Ingl\u00e9s<\/a><\/span><\/p>\n<p>[\/et_pb_toggle][\/et_pb_column][\/et_pb_row][\/et_pb_section][et_pb_section fb_built=\u00bb1&#8243; _builder_version=\u00bb4.27.4&#8243; _module_preset=\u00bbdefault\u00bb background_color=\u00bb#a8d8ec\u00bb global_colors_info=\u00bb{}\u00bb][et_pb_row column_structure=\u00bb1_3,1_3,1_3&#8243; _builder_version=\u00bb4.27.4&#8243; _module_preset=\u00bbdefault\u00bb global_colors_info=\u00bb{}\u00bb][et_pb_column type=\u00bb1_3&#8243; _builder_version=\u00bb4.27.4&#8243; _module_preset=\u00bbdefault\u00bb global_colors_info=\u00bb{}\u00bb][et_pb_toggle title=\u00bbFACULTAD DE CIENCIAS EMPRESARIALES Y DE DERECHO\u00bb open_toggle_text_color=\u00bb#fbbf01&#8243; open_toggle_background_color=\u00bb#FFFFFF\u00bb closed_toggle_text_color=\u00bb#003671&#8243; closed_toggle_background_color=\u00bbRGBA(255,255,255,0)\u00bb icon_color=\u00bb#003671&#8243; toggle_icon=\u00bb&#x43;||divi||400&#8243; use_icon_font_size=\u00bbon\u00bb icon_font_size=\u00bb38px\u00bb open_icon_color=\u00bb#fbbf01&#8243; open_toggle_icon=\u00bb&#x43;||divi||400&#8243; open_use_icon_font_size=\u00bbon\u00bb open_icon_font_size=\u00bb38px\u00bb _builder_version=\u00bb4.27.4&#8243; _module_preset=\u00bbdefault\u00bb title_font=\u00bb|700|||||||\u00bb title_font_size=\u00bb25px\u00bb closed_title_font=\u00bb|700|||||||\u00bb closed_title_font_size=\u00bb25px\u00bb body_font_size=\u00bb15px\u00bb border_radii=\u00bbon|10px|10px|10px|10px\u00bb border_width_all=\u00bb3px\u00bb border_color_all=\u00bb#003671&#8243; global_colors_info=\u00bb{}\u00bb]<span style=\"color: #fbbf01;\">&gt;&gt;<\/span> <span style=\"color: #000000;\"><a href=\"https:\/\/www.upo.es\/facultad-ciencias-empresariales\/es\/oferta-academica\/dobles-grados\/doble-grado-en-derecho-y-administracion-y-direccion-de-empresas\/informacion-general-del-titulo\/ficha-general\/\" target=\"_blank\" rel=\"noopener\" style=\"color: #000000;\">Doble Grado en Administraci\u00f3n y Direcci\u00f3n de Empresas y Derecho<\/a><\/span><br \/>\n<span style=\"color: #fbbf01;\">&gt;&gt;<\/span> <span style=\"color: #000000;\"><a href=\"https:\/\/www.upo.es\/facultad-ciencias-empresariales\/es\/oferta-academica\/dobles-grados\/doble-grado-en-derecho-y-administracion-y-direccion-de-empresas-ingles\/informacion-general-del-titulo\/ficha-general\/\" target=\"_blank\" rel=\"noopener\" style=\"color: #000000;\">Doble Grado en Administraci\u00f3n y Direcci\u00f3n de Empresas (Ingl\u00e9s) y Derecho<\/a><\/span><br \/>\n<span style=\"color: #fbbf01;\">&gt;&gt;<\/span> <span style=\"color: #000000;\"><a href=\"https:\/\/www.upo.es\/facultad-ciencias-empresariales\/es\/oferta-academica\/dobles-grados\/doble-grado-en-derecho-finanzas-contabilidad-y-auditoria\/informacion-general-del-titulo\/ficha-general\/ \" target=\"_blank\" rel=\"noopener\" style=\"color: #000000;\">Doble Grado en Derecho y Finanzas, Contabilidad y Auditor\u00eda<\/a><\/span>[\/et_pb_toggle][et_pb_toggle title=\u00bbFACULTAD DE HUMANIDADES Y DE DERECHO\u00bb open_toggle_text_color=\u00bb#fbbf01&#8243; open_toggle_background_color=\u00bb#FFFFFF\u00bb closed_toggle_text_color=\u00bb#003671&#8243; closed_toggle_background_color=\u00bbRGBA(255,255,255,0)\u00bb icon_color=\u00bb#003671&#8243; toggle_icon=\u00bb&#x43;||divi||400&#8243; use_icon_font_size=\u00bbon\u00bb icon_font_size=\u00bb38px\u00bb open_icon_color=\u00bb#fbbf01&#8243; open_toggle_icon=\u00bb&#x43;||divi||400&#8243; open_use_icon_font_size=\u00bbon\u00bb open_icon_font_size=\u00bb38px\u00bb _builder_version=\u00bb4.27.4&#8243; _module_preset=\u00bbdefault\u00bb title_font=\u00bb|700|||||||\u00bb title_font_size=\u00bb25px\u00bb closed_title_font=\u00bb|700|||||||\u00bb closed_title_font_size=\u00bb25px\u00bb body_font_size=\u00bb15px\u00bb border_radii=\u00bbon|10px|10px|10px|10px\u00bb border_width_all=\u00bb3px\u00bb border_color_all=\u00bb#003671&#8243; global_colors_info=\u00bb{}\u00bb]<\/p>\n<p><span style=\"color: #fbbf01;\">&gt;&gt;<\/span> <span style=\"color: #000000;\"><a href=\"https:\/\/www.upo.es\/facultad-derecho\/es\/oferta-academica\/dobles-grados\/doble-grado-en-relaciones-internacionales-y-geografia-e-historia\/ficha-generica\/\" target=\"_blank\" rel=\"noopener\" style=\"color: #000000;\">Doble Grado en Geograf\u00eda e Historia y Relaciones Internacionales<\/a><\/span><br \/><span style=\"color: #fbbf01;\">&gt;&gt;<\/span> <span style=\"color: #000000;\"><a href=\"https:\/\/www.upo.es\/facultad-derecho\/es\/oferta-academica\/dobles-grados\/doble-grado-en-relaciones-internacionales-y-traduccion-interpretacion-aleman\/ficha-generica\/\" target=\"_blank\" rel=\"noopener\" style=\"color: #000000;\">Doble Grado en Traducci\u00f3n e Interpretaci\u00f3n (Alem\u00e1n) y Relaciones Internacionales<\/a><\/span><br \/><span style=\"color: #fbbf01;\">&gt;&gt;<\/span> <span style=\"color: #000000;\"><a href=\"https:\/\/www.upo.es\/facultad-derecho\/es\/oferta-academica\/dobles-grados\/doble-grado-en-relaciones-internacionales-y-traduccion-interpretacion-frances\/ficha-generica\/\" target=\"_blank\" rel=\"noopener\" style=\"color: #000000;\">Doble Grado en Traducci\u00f3n e Interpretaci\u00f3n (Franc\u00e9s) y Relaciones Internacionales<\/a><\/span><\/p>\n<p>[\/et_pb_toggle][et_pb_toggle title=\u00bbFACULTAD DE CIENCIAS SOCIALES Y DE DERECHO\u00bb open_toggle_text_color=\u00bb#fbbf01&#8243; open_toggle_background_color=\u00bb#FFFFFF\u00bb closed_toggle_text_color=\u00bb#003671&#8243; closed_toggle_background_color=\u00bbRGBA(255,255,255,0)\u00bb icon_color=\u00bb#003671&#8243; toggle_icon=\u00bb&#x43;||divi||400&#8243; use_icon_font_size=\u00bbon\u00bb icon_font_size=\u00bb38px\u00bb open_icon_color=\u00bb#fbbf01&#8243; open_toggle_icon=\u00bb&#x43;||divi||400&#8243; open_use_icon_font_size=\u00bbon\u00bb open_icon_font_size=\u00bb38px\u00bb _builder_version=\u00bb4.27.4&#8243; _module_preset=\u00bbdefault\u00bb title_font=\u00bb|700|||||||\u00bb title_font_size=\u00bb25px\u00bb closed_title_font=\u00bb|700|||||||\u00bb closed_title_font_size=\u00bb25px\u00bb body_font_size=\u00bb15px\u00bb border_radii=\u00bbon|10px|10px|10px|10px\u00bb border_width_all=\u00bb3px\u00bb border_color_all=\u00bb#003671&#8243; global_colors_info=\u00bb{}\u00bb]<\/p>\n<p><span style=\"color: #fbbf01;\">&gt;&gt;<\/span> <span style=\"color: #000000;\"><a href=\"https:\/\/www.upo.es\/facultad-ciencias-sociales\/es\/oferta-academica\/dobles-grados\/doble-grado-en-sociologia-y-ciencias-politicas-y-de-la-administracion\/informacion-general-del-titulo\/ficha-general\/\" target=\"_blank\" rel=\"noopener\" style=\"color: #000000;\">Doble Grado en Sociolog\u00eda y Ciencias Pol\u00edticas y de la Administraci\u00f3n<\/a><\/span><\/p>\n<p>[\/et_pb_toggle][\/et_pb_column][et_pb_column type=\u00bb1_3&#8243; _builder_version=\u00bb4.27.4&#8243; _module_preset=\u00bbdefault\u00bb global_colors_info=\u00bb{}\u00bb][et_pb_toggle title=\u00bbFACULTAD DE CIENCIAS SOCIALES\u00bb open_toggle_text_color=\u00bb#fbbf01&#8243; open_toggle_background_color=\u00bb#FFFFFF\u00bb closed_toggle_text_color=\u00bb#003671&#8243; closed_toggle_background_color=\u00bbRGBA(255,255,255,0)\u00bb icon_color=\u00bb#003671&#8243; toggle_icon=\u00bb&#x43;||divi||400&#8243; use_icon_font_size=\u00bbon\u00bb icon_font_size=\u00bb38px\u00bb open_icon_color=\u00bb#fbbf01&#8243; open_toggle_icon=\u00bb&#x43;||divi||400&#8243; open_use_icon_font_size=\u00bbon\u00bb open_icon_font_size=\u00bb38px\u00bb _builder_version=\u00bb4.27.4&#8243; _module_preset=\u00bbdefault\u00bb title_font=\u00bb|700|||||||\u00bb title_font_size=\u00bb25px\u00bb closed_title_font=\u00bb|700|||||||\u00bb closed_title_font_size=\u00bb25px\u00bb body_font_size=\u00bb15px\u00bb border_radii=\u00bbon|10px|10px|10px|10px\u00bb border_width_all=\u00bb3px\u00bb border_color_all=\u00bb#003671&#8243; global_colors_info=\u00bb{}\u00bb]<\/p>\n<p><span style=\"color: #fbbf01;\">&gt;&gt;<\/span> <span style=\"color: #000000;\"><a href=\"https:\/\/www.upo.es\/facultad-ciencias-sociales\/es\/oferta-academica\/dobles-grados\/doble-grado-en-sociologia-y-trabajo-social\/informacion-general-del-titulo\/ficha-general\/\" target=\"_blank\" rel=\"noopener\" style=\"color: #000000;\">Doble Grado en Sociolog\u00eda y Trabajo Social<\/a><\/span><br \/><span style=\"color: #fbbf01;\">&gt;&gt;<\/span> <span style=\"color: #000000;\"><a href=\"https:\/\/www.upo.es\/facultad-ciencias-sociales\/es\/oferta-academica\/dobles-grados\/doble-grado-en-trabajo-social-y-educacion-social\/informacion-general-del-titulo\/ficha-general\/\" target=\"_blank\" rel=\"noopener\" style=\"color: #000000;\">Doble Grado en Trabajo Social y Educaci\u00f3n Social<\/a><\/span><\/p>\n<p>[\/et_pb_toggle][et_pb_toggle title=\u00bbFACULTAD DE CIENCIAS EXPERIMENTALES\u00bb open_toggle_text_color=\u00bb#fbbf01&#8243; open_toggle_background_color=\u00bb#FFFFFF\u00bb closed_toggle_text_color=\u00bb#003671&#8243; closed_toggle_background_color=\u00bbRGBA(255,255,255,0)\u00bb icon_color=\u00bb#003671&#8243; toggle_icon=\u00bb&#x43;||divi||400&#8243; use_icon_font_size=\u00bbon\u00bb icon_font_size=\u00bb38px\u00bb open_icon_color=\u00bb#fbbf01&#8243; open_toggle_icon=\u00bb&#x43;||divi||400&#8243; open_use_icon_font_size=\u00bbon\u00bb open_icon_font_size=\u00bb38px\u00bb _builder_version=\u00bb4.27.4&#8243; _module_preset=\u00bbdefault\u00bb title_font=\u00bb|700|||||||\u00bb title_font_size=\u00bb25px\u00bb closed_title_font=\u00bb|700|||||||\u00bb closed_title_font_size=\u00bb25px\u00bb body_font_size=\u00bb15px\u00bb border_radii=\u00bbon|10px|10px|10px|10px\u00bb border_width_all=\u00bb3px\u00bb border_color_all=\u00bb#003671&#8243; global_colors_info=\u00bb{}\u00bb]<\/p>\n<p><span style=\"color: #fbbf01;\">&gt;&gt;<\/span> <span style=\"color: #000000;\"><a href=\"https:\/\/www.upo.es\/facultad-ciencias-experimentales\/es\/oferta-academica\/titulaciones\/doble-grado-ambientales-e-ingenieria-agricola\/portada\/\" target=\"_blank\" rel=\"noopener\" style=\"color: #000000;\">Doble Grado en Ingenier\u00eda Agr\u00edcola (US) y Ciencias Ambientales (UPO)<\/a><\/span><\/p>\n<p>[\/et_pb_toggle][\/et_pb_column][et_pb_column type=\u00bb1_3&#8243; _builder_version=\u00bb4.27.4&#8243; _module_preset=\u00bbdefault\u00bb global_colors_info=\u00bb{}\u00bb][et_pb_toggle title=\u00bbFACULTAD DE DERECHO\u00bb open_toggle_text_color=\u00bb#fbbf01&#8243; open_toggle_background_color=\u00bb#FFFFFF\u00bb closed_toggle_text_color=\u00bb#003671&#8243; closed_toggle_background_color=\u00bbRGBA(255,255,255,0)\u00bb icon_color=\u00bb#003671&#8243; toggle_icon=\u00bb&#x43;||divi||400&#8243; use_icon_font_size=\u00bbon\u00bb icon_font_size=\u00bb38px\u00bb open_icon_color=\u00bb#fbbf01&#8243; open_toggle_icon=\u00bb&#x43;||divi||400&#8243; open_use_icon_font_size=\u00bbon\u00bb open_icon_font_size=\u00bb38px\u00bb _builder_version=\u00bb4.27.4&#8243; _module_preset=\u00bbdefault\u00bb title_font=\u00bb|700|||||||\u00bb title_font_size=\u00bb25px\u00bb closed_title_font=\u00bb|700|||||||\u00bb closed_title_font_size=\u00bb25px\u00bb body_font_size=\u00bb15px\u00bb border_radii=\u00bbon|10px|10px|10px|10px\u00bb border_width_all=\u00bb3px\u00bb border_color_all=\u00bb#003671&#8243; global_colors_info=\u00bb{}\u00bb]<\/p>\n<p><span style=\"color: #fbbf01;\">&gt;&gt;<\/span> <span style=\"color: #000000;\"><a href=\"https:\/\/www.upo.es\/facultad-derecho\/es\/oferta-academica\/dobles-grados\/doble-grado-en-derecho-y-ciencias-politicas-y-de-la-administracion\/ficha-generica\/\" target=\"_blank\" rel=\"noopener\" style=\"color: #000000;\">Doble Grado en Derecho y Ciencias Pol\u00edticas y de la Administraci\u00f3n<\/a><\/span><br \/><span style=\"color: #fbbf01;\">&gt;&gt;<\/span> <span style=\"color: #000000;\"><a href=\"https:\/\/www.upo.es\/facultad-derecho\/es\/oferta-academica\/dobles-grados\/doble-grado-en-derecho-y-criminologia\/ficha-generica\/\" target=\"_blank\" rel=\"noopener\" style=\"color: #000000;\">Doble Grado en Derecho y Criminolog\u00eda<\/a><\/span><br \/><span style=\"color: #fbbf01;\">&gt;&gt;<\/span> <span style=\"color: #000000;\"><a href=\"https:\/\/www.upo.es\/facultad-derecho\/es\/oferta-academica\/dobles-grados\/doble-grado-en-derecho-y-relaciones-laborales-y-recursos-humanos\/ficha-generica\/\" target=\"_blank\" rel=\"noopener\" style=\"color: #000000;\">Doble Grado en Derecho y Relaciones Laborales y Recursos Humanos<\/a><\/span><br \/><span style=\"color: #fbbf01;\">&gt;&gt;<\/span> <span style=\"color: #000000;\"><a href=\"https:\/\/www.upo.es\/facultad-derecho\/es\/oferta-academica\/dobles-grados\/doble-grado-en-relaciones-internacionales-y-ciencias-politicas-y-de-la-administracion\/ficha-generica\/\" target=\"_blank\" rel=\"noopener\" style=\"color: #000000;\">Doble Grado en Relaciones Internacionales y Ciencias Pol\u00edticas y de la Administraci\u00f3n<\/a><\/span><br \/><span style=\"color: #fbbf01;\">&gt;&gt;<\/span> <span style=\"color: #000000;\"><a href=\"https:\/\/www.upo.es\/facultad-derecho\/es\/oferta-academica\/dobles-grados\/doble-grado-en-relaciones-internacionales-y-derecho\/ficha-generica\/\" target=\"_blank\" rel=\"noopener\" style=\"color: #000000;\">Doble Grado en Relaciones Internacionales y Derecho<\/a><\/span><\/p>\n<p>[\/et_pb_toggle][et_pb_toggle title=\u00bbFACULTAD DE HUMANIDADES\u00bb open_toggle_text_color=\u00bb#fbbf01&#8243; open_toggle_background_color=\u00bb#FFFFFF\u00bb closed_toggle_text_color=\u00bb#003671&#8243; closed_toggle_background_color=\u00bbRGBA(255,255,255,0)\u00bb icon_color=\u00bb#003671&#8243; toggle_icon=\u00bb&#x43;||divi||400&#8243; use_icon_font_size=\u00bbon\u00bb icon_font_size=\u00bb38px\u00bb open_icon_color=\u00bb#fbbf01&#8243; open_toggle_icon=\u00bb&#x43;||divi||400&#8243; open_use_icon_font_size=\u00bbon\u00bb open_icon_font_size=\u00bb38px\u00bb _builder_version=\u00bb4.27.4&#8243; _module_preset=\u00bbdefault\u00bb title_font=\u00bb|700|||||||\u00bb title_font_size=\u00bb25px\u00bb closed_title_font=\u00bb|700|||||||\u00bb closed_title_font_size=\u00bb25px\u00bb body_font_size=\u00bb15px\u00bb border_radii=\u00bbon|10px|10px|10px|10px\u00bb border_width_all=\u00bb3px\u00bb border_color_all=\u00bb#003671&#8243; global_colors_info=\u00bb{}\u00bb]<\/p>\n<p><span style=\"color: #fbbf01;\">&gt;&gt;<\/span> <span style=\"color: #000000;\"><a href=\"https:\/\/www.upo.es\/facultad-humanidades\/es\/oferta-academica\/titulaciones\/doble-grado-en-humanidades-traduccion-interpretacion-ingles\/portada\/\" target=\"_blank\" rel=\"noopener\" style=\"color: #000000;\">Doble Grado en Humanidades y Traducci\u00f3n e Interpretaci\u00f3n (Ingl\u00e9s)<\/a><\/span><\/p>\n<p>[\/et_pb_toggle][\/et_pb_column][\/et_pb_row][\/et_pb_section][et_pb_section fb_built=\u00bb1&#8243; module_id=\u00bbvisita\u00bb _builder_version=\u00bb4.27.4&#8243; _module_preset=\u00bbdefault\u00bb background_enable_video_mp4=\u00bboff\u00bb custom_padding=\u00bb||0px|||\u00bb global_colors_info=\u00bb{}\u00bb][et_pb_row _builder_version=\u00bb4.27.4&#8243; _module_preset=\u00bbdefault\u00bb width=\u00bb100%\u00bb max_width=\u00bb2560px\u00bb module_alignment=\u00bbcenter\u00bb min_height=\u00bb1000%\u00bb height=\u00bb1000%\u00bb max_height=\u00bb1000%\u00bb custom_margin=\u00bb-25px|auto||auto||\u00bb global_colors_info=\u00bb{}\u00bb][et_pb_column type=\u00bb4_4&#8243; _builder_version=\u00bb4.27.4&#8243; _module_preset=\u00bbdefault\u00bb global_colors_info=\u00bb{}\u00bb][et_pb_video src=\u00bbhttps:\/\/www.youtube.com\/watch?v=-q6wxQYO1aI\u00bb _builder_version=\u00bb4.27.4&#8243; _module_preset=\u00bbdefault\u00bb custom_margin=\u00bb-60px||-27px|||\u00bb global_colors_info=\u00bb{}\u00bb][\/et_pb_video][\/et_pb_column][\/et_pb_row][\/et_pb_section][et_pb_section fb_built=\u00bb1&#8243; module_id=\u00bbporque\u00bb _builder_version=\u00bb4.27.4&#8243; _module_preset=\u00bbdefault\u00bb background_color=\u00bb#f9b01a\u00bb global_colors_info=\u00bb{}\u00bb][et_pb_row column_structure=\u00bb2_5,3_5&#8243; _builder_version=\u00bb4.27.4&#8243; _module_preset=\u00bbdefault\u00bb global_colors_info=\u00bb{}\u00bb][et_pb_column type=\u00bb2_5&#8243; _builder_version=\u00bb4.27.4&#8243; _module_preset=\u00bbdefault\u00bb global_colors_info=\u00bb{}\u00bb][et_pb_image src=\u00bbhttps:\/\/www.upo.es\/laolavideerestu\/wp-content\/uploads\/2025\/03\/POR-QUE-LA-OLAVIDE.png\u00bb title_text=\u00bbLa Olavide eres t\u00fa\u00bb _builder_version=\u00bb4.27.4&#8243; _module_preset=\u00bbdefault\u00bb global_colors_info=\u00bb{}\u00bb][\/et_pb_image][et_pb_divider color=\u00bb#003671&#8243; divider_weight=\u00bb4px\u00bb _builder_version=\u00bb4.27.4&#8243; _module_preset=\u00bbdefault\u00bb width=\u00bb16%\u00bb custom_margin=\u00bb||-7px|||\u00bb global_colors_info=\u00bb{}\u00bb][\/et_pb_divider][et_pb_text _builder_version=\u00bb4.27.4&#8243; _module_preset=\u00bbdefault\u00bb text_font=\u00bb|700|||||||\u00bb text_text_color=\u00bb#14356f\u00bb text_font_size=\u00bb19px\u00bb text_line_height=\u00bb1em\u00bb global_colors_info=\u00bb{}\u00bb]<\/p>\n<p>Porque aqu\u00ed no s\u00f3lo estudias,<\/p>\n<p><span style=\"color: #ffffff;\">tambi\u00e9n creces.<\/span><\/p>\n<p>Porque est\u00e1s en una universidad p\u00fablica, de calidad y comprometida con tu futuro.<\/p>\n<p>[\/et_pb_text][\/et_pb_column][et_pb_column type=\u00bb3_5&#8243; _builder_version=\u00bb4.27.4&#8243; _module_preset=\u00bbdefault\u00bb global_colors_info=\u00bb{}\u00bb][et_pb_text _builder_version=\u00bb4.27.4&#8243; _module_preset=\u00bbdefault\u00bb text_font=\u00bb|600|||||||\u00bb text_text_color=\u00bb#14356f\u00bb text_font_size=\u00bb16px\u00bb header_3_font=\u00bb|700|||||||\u00bb header_3_text_color=\u00bb#14356f\u00bb global_colors_info=\u00bb{}\u00bb]<\/p>\n<h3>En la Olavide vas a encontrar la mejor experiencia universitaria:<\/h3>\n<p>&nbsp;<\/p>\n<p><span style=\"color: #ffffff;\">&gt;&gt;<\/span> Clases con grupos reducidos y profesorado cercano<br \/><span style=\"color: #ffffff;\">&gt;&gt;<\/span> Un campus \u00fanico, integrado y lleno de zonas verdes<br \/><span style=\"color: #ffffff;\">&gt;&gt;<\/span> Fomento de la empleabilidad y la cultura emprendedora<br \/><span style=\"color: #ffffff;\">&gt;&gt;<\/span> Movilidad internacional y pr\u00e1cticas que abren puertas<br \/><span style=\"color: #ffffff;\">&gt;&gt;<\/span> Formaci\u00f3n conectada con el mundo real y los retos<br \/>sociales<br \/><span style=\"color: #ffffff;\">&gt;&gt;<\/span> Un entorno que cuida de ti: sostenible, accesible y con<br \/>vida universitaria<\/p>\n<p>[\/et_pb_text][\/et_pb_column][\/et_pb_row][et_pb_row column_structure=\u00bb1_4,1_2,1_4&#8243; _builder_version=\u00bb4.27.4&#8243; _module_preset=\u00bbdefault\u00bb border_radii=\u00bbon|94px|94px|94px|94px\u00bb global_colors_info=\u00bb{}\u00bb][et_pb_column type=\u00bb1_4&#8243; _builder_version=\u00bb4.27.4&#8243; _module_preset=\u00bbdefault\u00bb global_colors_info=\u00bb{}\u00bb][\/et_pb_column][et_pb_column type=\u00bb1_2&#8243; _builder_version=\u00bb4.27.4&#8243; _module_preset=\u00bbdefault\u00bb global_colors_info=\u00bb{}\u00bb][et_pb_image src=\u00bbhttps:\/\/www.upo.es\/laolavideerestu\/wp-content\/uploads\/2025\/03\/boton.png\u00bb title_text=\u00bbLa Olavide eres t\u00fa\u00bb _builder_version=\u00bb4.27.4&#8243; _module_preset=\u00bbdefault\u00bb global_colors_info=\u00bb{}\u00bb][\/et_pb_image][\/et_pb_column][et_pb_column type=\u00bb1_4&#8243; _builder_version=\u00bb4.27.4&#8243; _module_preset=\u00bbdefault\u00bb global_colors_info=\u00bb{}\u00bb][\/et_pb_column][\/et_pb_row][\/et_pb_section][et_pb_section fb_built=\u00bb1&#8243; module_id=\u00bberestu\u00bb _builder_version=\u00bb4.27.4&#8243; _module_preset=\u00bbdefault\u00bb background_color=\u00bb#14356f\u00bb custom_padding=\u00bb0px|||||\u00bb global_colors_info=\u00bb{}\u00bb][et_pb_row column_structure=\u00bb2_5,3_5&#8243; use_custom_gutter=\u00bbon\u00bb gutter_width=\u00bb1&#8243; make_equal=\u00bbon\u00bb _builder_version=\u00bb4.27.4&#8243; _module_preset=\u00bbdefault\u00bb width=\u00bb100%\u00bb max_width=\u00bbnone\u00bb custom_margin=\u00bb|auto|-57px|auto||\u00bb custom_padding=\u00bb0px||0px|||\u00bb global_colors_info=\u00bb{}\u00bb][et_pb_column type=\u00bb2_5&#8243; _builder_version=\u00bb4.27.4&#8243; _module_preset=\u00bbdefault\u00bb global_colors_info=\u00bb{}\u00bb][et_pb_image src=\u00bbhttps:\/\/www.upo.es\/laolavideerestu\/wp-content\/uploads\/2025\/03\/LA-OLAVIDE.png\u00bb title_text=\u00bbLa Olavide eres t\u00fa\u00bb _builder_version=\u00bb4.27.4&#8243; _module_preset=\u00bbdefault\u00bb custom_margin=\u00bb50px|||75px|false|false\u00bb global_colors_info=\u00bb{}\u00bb][\/et_pb_image][et_pb_divider color=\u00bb#fbbf01&#8243; divider_weight=\u00bb4px\u00bb _builder_version=\u00bb4.27.4&#8243; _module_preset=\u00bbdefault\u00bb width=\u00bb16%\u00bb custom_margin=\u00bb||-7px|75px|false|false\u00bb global_colors_info=\u00bb{}\u00bb][\/et_pb_divider][\/et_pb_column][et_pb_column type=\u00bb3_5&#8243; _builder_version=\u00bb4.27.4&#8243; _module_preset=\u00bbdefault\u00bb background_video_mp4=\u00bbhttps:\/\/youtu.be\/FkQuawiGWUw?si=npdwudhGrWvyh2aK\u00bb global_colors_info=\u00bb{}\u00bb][et_pb_video src=\u00bbhttps:\/\/youtu.be\/rlNMC0K2ElQ?si=zkkbI07Jfehf91OC\u00bb _builder_version=\u00bb4.27.4&#8243; _module_preset=\u00bbdefault\u00bb hover_enabled=\u00bb0&#8243; global_colors_info=\u00bb{}\u00bb sticky_enabled=\u00bb0&#8243;][\/et_pb_video][\/et_pb_column][\/et_pb_row][\/et_pb_section][et_pb_section fb_built=\u00bb1&#8243; _builder_version=\u00bb4.27.4&#8243; _module_preset=\u00bbdefault\u00bb custom_padding=\u00bb0px||2px|||\u00bb global_colors_info=\u00bb{}\u00bb][et_pb_row column_structure=\u00bb2_5,3_5&#8243; use_custom_gutter=\u00bbon\u00bb gutter_width=\u00bb1&#8243; make_equal=\u00bbon\u00bb _builder_version=\u00bb4.27.4&#8243; _module_preset=\u00bbdefault\u00bb background_enable_color=\u00bboff\u00bb width=\u00bb100%\u00bb max_width=\u00bbnone\u00bb custom_margin=\u00bb|auto|-27px|auto||\u00bb custom_padding=\u00bb0px|||||\u00bb global_colors_info=\u00bb{}\u00bb][et_pb_column type=\u00bb2_5&#8243; _builder_version=\u00bb4.27.4&#8243; _module_preset=\u00bbdefault\u00bb background_color=\u00bb#a8d8eb\u00bb global_colors_info=\u00bb{}\u00bb][et_pb_text _builder_version=\u00bb4.27.4&#8243; _module_preset=\u00bbdefault\u00bb text_font=\u00bb|700|||||||\u00bb text_text_color=\u00bb#003671&#8243; text_font_size=\u00bb20px\u00bb custom_margin=\u00bb100px|||75px|false|false\u00bb custom_margin_tablet=\u00bb||100px||false|false\u00bb custom_margin_phone=\u00bb||100px||false|false\u00bb custom_margin_last_edited=\u00bbon|tablet\u00bb global_colors_info=\u00bb{}\u00bb]<\/p>\n<p>Conoce nuestros centros y su<br \/>oferta de grados de la mano<br \/>de nuestro estudiantado:<\/p>\n<p>[\/et_pb_text][\/et_pb_column][et_pb_column type=\u00bb3_5&#8243; _builder_version=\u00bb4.27.4&#8243; _module_preset=\u00bbdefault\u00bb background_color=\u00bb#003671&#8243; global_colors_info=\u00bb{}\u00bb][et_pb_text _builder_version=\u00bb4.27.4&#8243; _module_preset=\u00bbdefault\u00bb text_text_color=\u00bb#FFFFFF\u00bb text_font_size=\u00bb15px\u00bb custom_margin=\u00bb100px||100px|75px|false|false\u00bb custom_padding=\u00bb||||false|false\u00bb hover_enabled=\u00bb0&#8243; global_colors_info=\u00bb{}\u00bb sticky_enabled=\u00bb0&#8243;]<span style=\"color: #f9b01a;\">&gt;&gt;<\/span> <span style=\"color: #ffffff;\"><a href=\"https:\/\/youtu.be\/4K67uV2uRQE?si=tMRphNuUU1oNBt1H\" target=\"_blank\" rel=\"noopener\" style=\"color: #ffffff;\">Facultad de Ciencias del Deporte<\/a><\/span><br \/>\n<span style=\"color: #f9b01a;\">&gt;&gt;<\/span> <span style=\"color: #ffffff;\"><a href=\"https:\/\/youtu.be\/YFDUG8RYmtE?si=gwWK42ZXsCy5NvRE\" target=\"_blank\" rel=\"noopener\" style=\"color: #ffffff;\">Facultad de Ciencias Empresariales<\/a><\/span><br \/>\n<span style=\"color: #f9b01a;\">&gt;&gt;<\/span> <span style=\"color: #ffffff;\"><a href=\"https:\/\/youtu.be\/iy6WjccCQgs?si=GsAJ8yxLkeymp4R4\" target=\"_blank\" rel=\"noopener\" style=\"color: #ffffff;\">Facultad de Ciencias Experimentales<\/a><\/span><br \/>\n<span style=\"color: #f9b01a;\">&gt;&gt;<\/span> <span style=\"color: #ffffff;\"><a href=\"https:\/\/youtu.be\/9HFWhKHa4tM?si=iFJwkVOuViPtmSwW\" target=\"_blank\" rel=\"noopener\" style=\"color: #ffffff;\">Facultad de Ciencias Sociales<\/a><\/span><br \/>\n<span style=\"color: #f9b01a;\">&gt;&gt;<\/span> <span style=\"color: #ffffff;\"><a href=\"https:\/\/youtu.be\/ZGL8YGJxTD8?si=rbC_X0MWWdGxo3a3\" target=\"_blank\" rel=\"noopener\" style=\"color: #ffffff;\">Facultad de Derecho<\/a><\/span><br \/>\n<span style=\"color: #f9b01a;\">&gt;&gt;<\/span> <span style=\"color: #ffffff;\"><a href=\"https:\/\/youtu.be\/lrX16fOEjXI?si=OkRuCcUbkuiLrsl9\" target=\"_blank\" rel=\"noopener\" style=\"color: #ffffff;\">Facultad de Humanidades<\/a><\/span><br \/>\n<span style=\"color: #f9b01a;\">&gt;&gt;<\/span> <span style=\"color: #ffffff;\"><a href=\"https:\/\/youtu.be\/CioWYTlLjCg?si=3yJYCcVqn4yq-E43\" target=\"_blank\" rel=\"noopener\" style=\"color: #ffffff;\">Escuela Polit\u00e9cnica Superior<\/a><\/span>[\/et_pb_text][\/et_pb_column][\/et_pb_row][\/et_pb_section][et_pb_section fb_built=\u00bb1&#8243; _builder_version=\u00bb4.27.4&#8243; _module_preset=\u00bbdefault\u00bb custom_padding=\u00bb0px||2px|||\u00bb global_colors_info=\u00bb{}\u00bb][et_pb_row column_structure=\u00bb1_4,1_2,1_4&#8243; _builder_version=\u00bb4.27.4&#8243; _module_preset=\u00bbdefault\u00bb global_colors_info=\u00bb{}\u00bb][et_pb_column type=\u00bb1_4&#8243; _builder_version=\u00bb4.27.4&#8243; _module_preset=\u00bbdefault\u00bb global_colors_info=\u00bb{}\u00bb][et_pb_image src=\u00bbhttps:\/\/www.upo.es\/laolavideerestu\/wp-content\/uploads\/2025\/03\/LOGO_PIE.png\u00bb title_text=\u00bbLa Olavide eres t\u00fa\u00bb align=\u00bbcenter\u00bb align_tablet=\u00bbcenter\u00bb align_phone=\u00bbcenter\u00bb align_last_edited=\u00bbon|phone\u00bb _builder_version=\u00bb4.27.4&#8243; _module_preset=\u00bbdefault\u00bb module_alignment_tablet=\u00bbcenter\u00bb module_alignment_phone=\u00bbcenter\u00bb module_alignment_last_edited=\u00bbon|tablet\u00bb global_colors_info=\u00bb{}\u00bb][\/et_pb_image][\/et_pb_column][et_pb_column type=\u00bb1_2&#8243; _builder_version=\u00bb4.27.4&#8243; _module_preset=\u00bbdefault\u00bb global_colors_info=\u00bb{}\u00bb][et_pb_text _builder_version=\u00bb4.27.4&#8243; _module_preset=\u00bbdefault\u00bb text_text_color=\u00bb#003671&#8243; text_font_size=\u00bb15px\u00bb text_orientation=\u00bbcenter\u00bb custom_margin=\u00bb39px||||false|false\u00bb global_colors_info=\u00bb{}\u00bb]<\/p>\n<p><strong>CONTACTO<\/strong><br \/><a href=\"https:\/\/www.upo.es\/tika\" target=\"_blank\" rel=\"noopener\">www.upo.es\/tika<\/a><br \/><strong>Tel\u00e9fonos:<\/strong><br \/>954 34 93 00 &#8211; 954 34 92 50<\/p>\n<p>[\/et_pb_text][\/et_pb_column][et_pb_column type=\u00bb1_4&#8243; _builder_version=\u00bb4.27.4&#8243; _module_preset=\u00bbdefault\u00bb global_colors_info=\u00bb{}\u00bb][et_pb_divider show_divider=\u00bboff\u00bb _builder_version=\u00bb4.27.4&#8243; _module_preset=\u00bbdefault\u00bb global_colors_info=\u00bb{}\u00bb][\/et_pb_divider][et_pb_text _builder_version=\u00bb4.27.4&#8243; _module_preset=\u00bbdefault\u00bb text_font=\u00bb|700|||||||\u00bb text_text_color=\u00bb#003671&#8243; text_font_size=\u00bb15px\u00bb text_orientation=\u00bbright\u00bb link_option_url=\u00bbhttps:\/\/www.upo.es\/portal\/impe\/web\/contenido\/7e43c90c-4508-11de-a8ba-3fe5a96f4a88&#8243; link_option_url_new_window=\u00bbon\u00bb text_orientation_tablet=\u00bbcenter\u00bb text_orientation_phone=\u00bbcenter\u00bb text_orientation_last_edited=\u00bbon|phone\u00bb module_alignment_tablet=\u00bbcenter\u00bb module_alignment_phone=\u00bbcenter\u00bb module_alignment_last_edited=\u00bbon|tablet\u00bb global_colors_info=\u00bb{}\u00bb]<\/p>\n<p>AVISO LEGAL<\/p>\n<p>[\/et_pb_text][et_pb_divider color=\u00bb#003671&#8243; divider_weight=\u00bb4px\u00bb _builder_version=\u00bb4.27.4&#8243; _module_preset=\u00bbdefault\u00bb width=\u00bb16%\u00bb module_alignment=\u00bbright\u00bb custom_margin=\u00bb-28px||||false|false\u00bb module_alignment_tablet=\u00bbcenter\u00bb module_alignment_phone=\u00bbcenter\u00bb module_alignment_last_edited=\u00bbon|tablet\u00bb global_colors_info=\u00bb{}\u00bb][\/et_pb_divider][et_pb_text _builder_version=\u00bb4.27.4&#8243; _module_preset=\u00bbdefault\u00bb text_font=\u00bb|700|||||||\u00bb text_text_color=\u00bb#003671&#8243; text_font_size=\u00bb15px\u00bb text_orientation=\u00bbright\u00bb custom_margin=\u00bb-45px||||false|false\u00bb link_option_url=\u00bbhttps:\/\/www.upo.es\/portal\/impe\/web\/contenido\/5924756e-4508-11de-a8ba-3fe5a96f4a88&#8243; link_option_url_new_window=\u00bbon\u00bb text_orientation_tablet=\u00bbcenter\u00bb text_orientation_phone=\u00bbcenter\u00bb text_orientation_last_edited=\u00bbon|desktop\u00bb module_alignment_tablet=\u00bbcenter\u00bb module_alignment_phone=\u00bbcenter\u00bb module_alignment_last_edited=\u00bbon|phone\u00bb global_colors_info=\u00bb{}\u00bb]<\/p>\n<p>PRIVACIDAD<\/p>\n<p>[\/et_pb_text][\/et_pb_column][\/et_pb_row][\/et_pb_section]<\/p>\n","protected":false},"excerpt":{"rendered":"<p>40 GRADOSAmplia oferta formativa de grados y dobles grados, as\u00ed como dobles t\u00edtulos internacionales. Formaci\u00f3n orientada a los profesionales del futuro con una creciente oferta biling\u00fce+ 12.500 ESTUDIANTESEstudian uno de nuestros grados o dobles grados en las seis facultades o la Escuela Polit\u00e9cnica Superior, o de unos de los m\u00e1s de 40 m\u00e1steres universitarios.140 HECT\u00c1REASEs [&hellip;]<\/p>\n","protected":false},"author":1,"featured_media":0,"parent":0,"menu_order":0,"comment_status":"closed","ping_status":"open","template":"","meta":{"_et_pb_use_builder":"on","_et_pb_old_content":"","_et_gb_content_width":"","footnotes":""},"class_list":["post-2","page","type-page","status-publish","hentry"],"_links":{"self":[{"href":"https:\/\/www.upo.es\/laolavideerestu\/wp-json\/wp\/v2\/pages\/2","targetHints":{"allow":["GET"]}}],"collection":[{"href":"https:\/\/www.upo.es\/laolavideerestu\/wp-json\/wp\/v2\/pages"}],"about":[{"href":"https:\/\/www.upo.es\/laolavideerestu\/wp-json\/wp\/v2\/types\/page"}],"author":[{"embeddable":true,"href":"https:\/\/www.upo.es\/laolavideerestu\/wp-json\/wp\/v2\/users\/1"}],"replies":[{"embeddable":true,"href":"https:\/\/www.upo.es\/laolavideerestu\/wp-json\/wp\/v2\/comments?post=2"}],"version-history":[{"count":52,"href":"https:\/\/www.upo.es\/laolavideerestu\/wp-json\/wp\/v2\/pages\/2\/revisions"}],"predecessor-version":[{"id":156,"href":"https:\/\/www.upo.es\/laolavideerestu\/wp-json\/wp\/v2\/pages\/2\/revisions\/156"}],"wp:attachment":[{"href":"https:\/\/www.upo.es\/laolavideerestu\/wp-json\/wp\/v2\/media?parent=2"}],"curies":[{"name":"wp","href":"https:\/\/api.w.org\/{rel}","templated":true}]}}