{"id":10352,"date":"2025-11-27T16:32:12","date_gmt":"2025-11-27T16:32:12","guid":{"rendered":"https:\/\/www.upo.es\/patio-colorado\/?page_id=10352"},"modified":"2026-01-23T12:20:12","modified_gmt":"2026-01-23T12:20:12","slug":"num-02-2025","status":"publish","type":"page","link":"https:\/\/www.upo.es\/patio-colorado\/nuestra-revista\/numeros\/num-02-2025\/","title":{"rendered":"N\u00fam. 02 (2025)"},"content":{"rendered":"<p><a href=\"https:\/\/www.upo.es\/patio-colorado\/nuestra-revista\/numeros\/num-02-2025\/cover-page-2\/\" target=\"_blank\" rel=\"attachment noopener wp-att-10387\"><img loading=\"lazy\" decoding=\"async\" class=\"alignleft\" title=\"Portada N\u00fam. 02 (2025)\" src=\"https:\/\/www.upo.es\/patio-colorado\/wp-content\/uploads\/2025\/11\/Cover-Page-715x1024.png\" alt=\"\" width=\"446\" height=\"639\" \/><\/a><\/p>\n<h1><span style=\"color: #b44320;\">Memoria y creaci\u00f3n del pueblo andaluz<\/span><\/h1>\n<p style=\"text-align: justify; padding-left: 80px;\">Este n\u00famero contin\u00faa abordando el patrimonio de los pueblos, pero desde otra perspectiva: <strong>un patrimonio hecho por y para el pueblo<\/strong>.<\/p>\n<p style=\"text-align: justify; padding-left: 40px;\">Re\u00fane ocho art\u00edculos distribuidos en tres secciones:<\/p>\n<p style=\"text-align: justify; padding-left: 40px;\">La primera, \u00ab<strong>Expresiones populares y fiestas<\/strong>\u00bb, recorre distintas manifestaciones culturales andaluzas, desde nuevas formas de representaci\u00f3n hasta celebraciones hist\u00f3ricas y espacios festivos cargados de significado social.<\/p>\n<p style=\"text-align: justify; padding-left: 40px;\">La segunda, \u00ab<strong>Voces y Resistencia<\/strong>\u00bb, mantiene vivo ese esp\u00edritu reivindicativo. Pone el foco en figuras y expresiones art\u00edsticas que han contribuido a mantener viva la memoria, la identidad y las luchas colectivas.<\/p>\n<p style=\"text-align: justify; padding-left: 40px;\">La tercera, \u00ab<strong>Ra\u00edces<\/strong>\u00bb, profundiza en los or\u00edgenes ling\u00fc\u00edsticos, art\u00edsticos y devocionales que han marcado la construcci\u00f3n del patrimonio andaluz.<\/p>\n<p style=\"padding-left: 40px;\">Much\u00edsimas gracias a todas las personas que hab\u00e9is hecho posible este n\u00famero.<\/p>\n<p style=\"padding-left: 40px;\">\u00a1Feliz lectura!<\/p>\n<p>&nbsp;<\/p>\n<hr \/>\n<h1 style=\"text-align: center;\"><span style=\"color: #b44320;\">\ud83d\udfd0 <span style=\"text-decoration: underline;\"><a style=\"color: #b44320; text-decoration: underline;\" href=\"https:\/\/www.upo.es\/patio-colorado\/wp-content\/uploads\/2025\/11\/Num.-02-2025_COMPLETO.pdf\" target=\"_blank\" rel=\"noopener\">N\u00fam. 02 (2025) PDF completo<\/a><\/span>\u00a0\ud83d\udfd0<\/span><\/h1>\n<hr \/>\n<h1 style=\"text-align: left;\"><span style=\"color: #b44320;\"><strong>| <\/strong>Art\u00edculos<\/span><\/h1>\n<h3><span style=\"color: #b44320;\"><em>Expresiones populares y fiestas<\/em><\/span><\/h3>\n<p style=\"text-align: left;\"><span style=\"color: #b44320;\">\ud83d\udfd0 <\/span>Cabrera Oliva, Jos\u00e9 Antonio. \u00ab<em>Blasphemous<\/em>: una aproximaci\u00f3n a los nuevos usos del patrimonio andaluz\u00bb. <em>El Patio Colorao. Revista de arte y patrimonio andaluz<\/em> n.\u00ba 02 (2025): 7-16.<\/p>\n<p style=\"padding-left: 40px;\"><a href=\"https:\/\/www.upo.es\/patio-colorado\/wp-content\/uploads\/2026\/01\/Num.-02-2025_Revista-El-Patio-Colorao_Art.-1_Cabrera-Oliva-Jose-Antonio.pdf\" target=\"_blank\" rel=\"noopener\">PDF<\/a><\/p>\n<p><span style=\"color: #b44320;\">\ud83d\udfd0 <\/span>Carbonell Mart\u00edn, Luc\u00eda. \u00abLa Feria de Abril: un recorrido por toda su evoluci\u00f3n\u00bb. <em>El Patio Colorao. Revista de arte y patrimonio andaluz<\/em> n.\u00ba 02 (2025): 17-27.<\/p>\n<p style=\"padding-left: 40px;\"><a href=\"https:\/\/www.upo.es\/patio-colorado\/wp-content\/uploads\/2026\/01\/Num.-02-2025_Revista-El-Patio-Colorao_Art.-2_Carbonell-Martin-Lucia.pdf\" target=\"_blank\" rel=\"noopener\">PDF<\/a><\/p>\n<p><span style=\"color: #b44320;\">\ud83d\udfd0 <\/span>Reguera March\u00e1n, Nazaret. \u00abPasado, carnaval y mujer. El carnaval durante la dictadura y el papel de la mujer carnavalera\u00bb. <em>El Patio Colorao. Revista de arte y patrimonio andaluz<\/em> n.\u00ba 02 (2025): 28-35.<\/p>\n<p style=\"padding-left: 40px;\"><a href=\"https:\/\/www.upo.es\/patio-colorado\/wp-content\/uploads\/2026\/01\/Num.-02-2025_Revista-El-Patio-Colorao_Art.-3_Reguera-Marchan-Nazaret.pdf\" target=\"_blank\" rel=\"noopener\">PDF<\/a><\/p>\n<h1 style=\"text-align: center;\"><span style=\"color: #b44320;\"><strong><span class=\"gs_tkn show\">\u2014<\/span><\/strong>\ud83d\udfd0\ud83d\udfd0\ud83d\udfd0<strong><span class=\"gs_tkn show\">\u2014<\/span><\/strong><\/span><\/h1>\n<h3><span style=\"color: #b44320;\"><em>Voces y Resistencia<\/em><\/span><\/h3>\n<p><span style=\"color: #b44320;\">\ud83d\udfd0 <\/span>Garc\u00eda Salgado, Elena. \u00abMujeres andaluzas rescatadas de la sombra\u00bb. <em>El Patio Colorao. Revista de arte y patrimonio andaluz<\/em> n.\u00ba 02 (2025): 37-46.<\/p>\n<p style=\"padding-left: 40px;\"><a href=\"https:\/\/www.upo.es\/patio-colorado\/wp-content\/uploads\/2026\/01\/Num.-02-2025_Revista-El-Patio-Colorao_Art.-4_Garcia-Salgado-Elena.pdf\" target=\"_blank\" rel=\"noopener\">PDF<\/a><\/p>\n<p><span style=\"color: #b44320;\">\ud83d\udfd0 <\/span>Yuste Mu\u00f1oz, Jaime. \u00abLa copla andaluza y sus modelos de feminidad y g\u00e9nero frente a la censura franquista\u00bb. <em>El Patio Colorao. Revista de arte y patrimonio andaluz<\/em> n.\u00ba 02 (2025): 47-62.<\/p>\n<p style=\"padding-left: 40px;\"><a href=\"https:\/\/www.upo.es\/patio-colorado\/wp-content\/uploads\/2026\/01\/Num.-02-2025_Revista-El-Patio-Colorao_Art.-5_Yuste-Munoz-Jaime.pdf\" target=\"_blank\" rel=\"noopener\">PDF<\/a><\/p>\n<h1 style=\"text-align: center;\"><span style=\"color: #b44320;\"><strong><span class=\"gs_tkn show\">\u2014<\/span><\/strong>\ud83d\udfd0\ud83d\udfd0\ud83d\udfd0<strong><span class=\"gs_tkn show\">\u2014<\/span><\/strong><\/span><\/h1>\n<h3><span style=\"color: #b44320;\"><em>Ra\u00edces<\/em><\/span><\/h3>\n<p><span style=\"color: #b44320;\">\ud83d\udfd0 <\/span>Luque V\u00e1zquez, Martina. \u00abEl dialecto andaluz en la ense\u00f1anza del castellano a los nativos americanos\u00bb.<em> El Patio Colorao. Revista de arte y patrimonio andaluz<\/em> n.\u00ba 02 (2025): 64-74.<\/p>\n<p style=\"padding-left: 40px;\"><a href=\"https:\/\/www.upo.es\/patio-colorado\/wp-content\/uploads\/2026\/01\/Num.-02-2025_Revista-El-Patio-Colorao_Art.-6_Luque-Vazquez-Martina.pdf\" target=\"_blank\" rel=\"noopener\">PDF<\/a><\/p>\n<p><span style=\"color: #b44320;\">\ud83d\udfd0 <\/span>Bonillo Aglio, Mario. \u00abLa herencia de la Academia de la Lonja de Sevilla. Influencias entre los artistas del Barroco sevillano\u00bb. <em>El Patio Colorao. Revista de arte y patrimonio andaluz<\/em> n.\u00ba 02 (2025): 75-95.<\/p>\n<p style=\"padding-left: 40px;\"><a href=\"https:\/\/www.upo.es\/patio-colorado\/wp-content\/uploads\/2026\/01\/Num.-02-2025_Revista-El-Patio-Colorao_Art.-7_Bonillo-Aglio-Mario.pdf\" target=\"_blank\" rel=\"noopener\">PDF<\/a><\/p>\n<p><span style=\"color: #b44320;\">\ud83d\udfd0 <\/span>Calzada Morales, Antonio. \u00abOr\u00edgenes de la tradici\u00f3n de la Virgen de Setefilla: historia, devoci\u00f3n y tradici\u00f3n popular\u00bb. <em>El Patio Colorao. Revista de arte y patrimonio andaluz<\/em> n.\u00ba 02 (2025): 96-108.<\/p>\n<p style=\"padding-left: 40px;\"><a href=\"https:\/\/www.upo.es\/patio-colorado\/wp-content\/uploads\/2026\/01\/Num.-02-2025_Revista-El-Patio-Colorao_Art.-8_Calzada-Morales-Antonio.pdf\" target=\"_blank\" rel=\"noopener\">PDF<\/a><\/p>\n<h2><\/h2>\n","protected":false},"excerpt":{"rendered":"<p>El Patio Colorao. Revista de arte y patrimonio andaluz<\/p>\n","protected":false},"author":1,"featured_media":0,"parent":5789,"menu_order":0,"comment_status":"closed","ping_status":"closed","template":"","meta":{"_acf_changed":false,"_monsterinsights_skip_tracking":false,"_monsterinsights_sitenote_active":false,"_monsterinsights_sitenote_note":"","_monsterinsights_sitenote_category":0,"footnotes":""},"class_list":["post-10352","page","type-page","status-publish","hentry"],"blocksy_meta":[],"acf":[],"_links":{"self":[{"href":"https:\/\/www.upo.es\/patio-colorado\/wp-json\/wp\/v2\/pages\/10352","targetHints":{"allow":["GET"]}}],"collection":[{"href":"https:\/\/www.upo.es\/patio-colorado\/wp-json\/wp\/v2\/pages"}],"about":[{"href":"https:\/\/www.upo.es\/patio-colorado\/wp-json\/wp\/v2\/types\/page"}],"author":[{"embeddable":true,"href":"https:\/\/www.upo.es\/patio-colorado\/wp-json\/wp\/v2\/users\/1"}],"replies":[{"embeddable":true,"href":"https:\/\/www.upo.es\/patio-colorado\/wp-json\/wp\/v2\/comments?post=10352"}],"version-history":[{"count":56,"href":"https:\/\/www.upo.es\/patio-colorado\/wp-json\/wp\/v2\/pages\/10352\/revisions"}],"predecessor-version":[{"id":10702,"href":"https:\/\/www.upo.es\/patio-colorado\/wp-json\/wp\/v2\/pages\/10352\/revisions\/10702"}],"up":[{"embeddable":true,"href":"https:\/\/www.upo.es\/patio-colorado\/wp-json\/wp\/v2\/pages\/5789"}],"wp:attachment":[{"href":"https:\/\/www.upo.es\/patio-colorado\/wp-json\/wp\/v2\/media?parent=10352"}],"curies":[{"name":"wp","href":"https:\/\/api.w.org\/{rel}","templated":true}]}}