{"id":417,"date":"2020-05-14T13:41:03","date_gmt":"2020-05-14T11:41:03","guid":{"rendered":"https:\/\/www.upo.es\/picesl\/?page_id=417"},"modified":"2022-09-26T14:58:39","modified_gmt":"2022-09-26T12:58:39","slug":"participantes","status":"publish","type":"page","link":"https:\/\/www.upo.es\/picesl\/es\/participantes\/","title":{"rendered":"Participantes"},"content":{"rendered":"<p>[et_pb_section fb_built=\u00bb1&#8243; fullwidth=\u00bbon\u00bb admin_label=\u00bbHero\u00bb _builder_version=\u00bb4.4.6&#8243; use_background_color_gradient=\u00bbon\u00bb background_color_gradient_start=\u00bb#eeeff2&#8243; background_color_gradient_end=\u00bbrgba(238,239,242,0)\u00bb background_color_gradient_direction=\u00bb90deg\u00bb background_color_gradient_start_position=\u00bb33%\u00bb background_color_gradient_end_position=\u00bb52%\u00bb background_color_gradient_overlays_image=\u00bbon\u00bb background_image=\u00bbhttps:\/\/www.upo.es\/picesl\/wp-content\/uploads\/2020\/04\/Proyecto-PICELS_2019_12_12_04-750&#215;561-2.jpg\u00bb background_position=\u00bbtop_center\u00bb][et_pb_fullwidth_header subhead=\u00bbParticipantes\u00bb content_max_width=\u00bb600px\u00bb _builder_version=\u00bb4.4.6&#8243; title_font=\u00bbRubik|700||on|||||\u00bb title_text_color=\u00bb#ff7355&#8243; title_font_size=\u00bb16px\u00bb title_letter_spacing=\u00bb5px\u00bb title_line_height=\u00bb0.5em\u00bb content_font=\u00bbRubik||||||||\u00bb content_font_size=\u00bb18px\u00bb subhead_font=\u00bbRubik|700|||||||\u00bb subhead_text_color=\u00bbrgba(0,0,0,0.8)\u00bb subhead_font_size=\u00bb50px\u00bb subhead_line_height=\u00bb1.5em\u00bb background_color=\u00bbrgba(255,255,255,0)\u00bb use_background_color_gradient=\u00bbon\u00bb background_color_gradient_start=\u00bbrgba(255,255,255,0)\u00bb background_color_gradient_end=\u00bbrgba(255,255,255,0.7)\u00bb background_color_gradient_start_position=\u00bb50%\u00bb background_size=\u00bbcontain\u00bb background_position=\u00bbbottom_center\u00bb custom_button_one=\u00bbon\u00bb button_one_text_size=\u00bb16px\u00bb button_one_text_color=\u00bb#ffffff\u00bb button_one_bg_color=\u00bb#ff7355&#8243; button_one_border_width=\u00bb15px\u00bb button_one_border_color=\u00bbrgba(210,159,104,0)\u00bb button_one_border_radius=\u00bb100px\u00bb button_one_letter_spacing=\u00bb0px\u00bb button_one_font=\u00bbRubik|700|||||||\u00bb button_one_use_icon=\u00bboff\u00bb custom_button_two=\u00bbon\u00bb button_two_text_size=\u00bb16px\u00bb button_two_text_color=\u00bb#ffffff\u00bb button_two_bg_color=\u00bbrgba(0,0,0,0.6)\u00bb button_two_border_width=\u00bb15px\u00bb button_two_border_color=\u00bbrgba(210,159,104,0)\u00bb button_two_border_radius=\u00bb100px\u00bb button_two_letter_spacing=\u00bb0px\u00bb button_two_font=\u00bbRubik|700|||||||\u00bb button_two_use_icon=\u00bboff\u00bb background_layout=\u00bblight\u00bb max_width_last_edited=\u00bboff|desktop\u00bb module_alignment=\u00bbcenter\u00bb custom_margin=\u00bb|||\u00bb custom_padding=\u00bb8vw||4vw|\u00bb subhead_font_size_tablet=\u00bb\u00bb subhead_font_size_phone=\u00bb30px\u00bb subhead_font_size_last_edited=\u00bbon|phone\u00bb button_one_border_radius_hover=\u00bb100px\u00bb button_two_border_radius_hover=\u00bb100px\u00bb button_one_bg_color_hover=\u00bb#ff8a70&#8243; button_two_bg_color_hover=\u00bb#ff8a70&#8243; button_one_text_size__hover_enabled=\u00bboff\u00bb button_two_text_size__hover_enabled=\u00bboff\u00bb button_one_text_color__hover_enabled=\u00bboff\u00bb button_two_text_color__hover_enabled=\u00bboff\u00bb button_one_border_width__hover_enabled=\u00bboff\u00bb button_two_border_width__hover_enabled=\u00bboff\u00bb button_one_border_color__hover_enabled=\u00bboff\u00bb button_two_border_color__hover_enabled=\u00bboff\u00bb button_one_border_radius__hover_enabled=\u00bbon\u00bb button_one_border_radius__hover=\u00bb100px\u00bb button_two_border_radius__hover_enabled=\u00bbon\u00bb button_two_border_radius__hover=\u00bb100px\u00bb button_one_letter_spacing__hover_enabled=\u00bboff\u00bb button_two_letter_spacing__hover_enabled=\u00bboff\u00bb button_one_bg_color__hover_enabled=\u00bbon\u00bb button_one_bg_color__hover=\u00bb#ff8a70&#8243; button_two_bg_color__hover_enabled=\u00bbon\u00bb button_two_bg_color__hover=\u00bb#ff8a70&#8243;][\/et_pb_fullwidth_header][\/et_pb_section][et_pb_section fb_built=\u00bb1&#8243; admin_label=\u00bbAdmissions\u00bb _builder_version=\u00bb4.4.7&#8243; use_background_color_gradient=\u00bbon\u00bb background_color_gradient_start=\u00bb#ffffff\u00bb background_color_gradient_end=\u00bb#e3e3e8&#8243; background_image=\u00bbhttps:\/\/www.upo.es\/picesl\/wp-content\/uploads\/2020\/02\/shapes-bg-1.png\u00bb parallax=\u00bbon\u00bb custom_padding=\u00bb|||\u00bb][et_pb_row column_structure=\u00bb1_4,1_4,1_4,1_4&#8243; _builder_version=\u00bb4.3.4&#8243;][et_pb_column type=\u00bb1_4&#8243; _builder_version=\u00bb4.3.4&#8243;][et_pb_team_member name=\u00bbRosa Rodr\u00edguez-Izquierdo\u00bb position=\u00bbProfesora del Departamento de Educaci\u00f3n y Psicolog\u00eda Social de la Universidad Pablo Olavide Sevilla y l\u00edder del proyecto.\u00bb image_url=\u00bbhttps:\/\/www.upo.es\/picesl\/wp-content\/uploads\/2020\/05\/rosa-1-1.jpg\u00bb _builder_version=\u00bb4.4.7&#8243;][\/et_pb_team_member][\/et_pb_column][et_pb_column type=\u00bb1_4&#8243; _builder_version=\u00bb4.3.4&#8243;][et_pb_team_member name=\u00bbMialy Dermish\u00bb position=\u00bbDirectora Ejecutiva de la Red de Pol\u00edticas SIRIUS sobre Educaci\u00f3n Migrante.\u00bb image_url=\u00bbhttps:\/\/www.upo.es\/picesl\/wp-content\/uploads\/2020\/05\/Mialy-1-2.jpg\u00bb _builder_version=\u00bb4.4.7&#8243;][\/et_pb_team_member][\/et_pb_column][et_pb_column type=\u00bb1_4&#8243; _builder_version=\u00bb4.3.4&#8243;][et_pb_team_member name=\u00bbTihana Magas\u00bb position=\u00bbProfesora en la escuela secundaria Vladimir Nazor Zadar, Croacia\u00bb image_url=\u00bbhttps:\/\/www.upo.es\/picesl\/wp-content\/uploads\/2020\/06\/IMG_20200403_204023_708-240&#215;300.jpg\u00bb _builder_version=\u00bb4.4.7&#8243;][\/et_pb_team_member][\/et_pb_column][et_pb_column type=\u00bb1_4&#8243; _builder_version=\u00bb4.4.7&#8243;][et_pb_team_member name=\u00bbBarry Van Driel\u00bb position=\u00bbPresidente en la Asociaci\u00f3n Internacional de Educaci\u00f3n Intercultural, Pa\u00edses Bajos\u00bb image_url=\u00bbhttps:\/\/www.upo.es\/picesl\/wp-content\/uploads\/2020\/06\/Barry-Photo-2015-197&#215;300.jpg\u00bb _builder_version=\u00bb4.4.7&#8243; locked=\u00bboff\u00bb][\/et_pb_team_member][\/et_pb_column][\/et_pb_row][et_pb_row column_structure=\u00bb1_4,1_4,1_4,1_4&#8243; _builder_version=\u00bb4.4.7&#8243; locked=\u00bboff\u00bb][et_pb_column type=\u00bb1_4&#8243; _builder_version=\u00bb4.4.7&#8243;][et_pb_team_member name=\u00bbMatea Kolanovi\u0107\u00bb position=\u00bbProfesora en la escuela secundaria Vladimir Nazor Zadar, Croacia\u00bb image_url=\u00bbhttps:\/\/www.upo.es\/picesl\/wp-content\/uploads\/2020\/06\/MateaKolanovic\u0301-2-scaled.jpg\u00bb _builder_version=\u00bb4.4.7&#8243;][\/et_pb_team_member][\/et_pb_column][et_pb_column type=\u00bb1_4&#8243; _builder_version=\u00bb4.4.7&#8243;][et_pb_team_member name=\u00bbCristina Peguero\u00bb position=\u00bbProfesora en la escuela Malala, Espa\u00f1a\u00bb image_url=\u00bbhttps:\/\/www.upo.es\/picesl\/wp-content\/uploads\/2020\/06\/IMG-20200528-WA0025.jpg\u00bb _builder_version=\u00bb4.4.7&#8243;][\/et_pb_team_member][\/et_pb_column][et_pb_column type=\u00bb1_4&#8243; _builder_version=\u00bb4.4.7&#8243;][et_pb_team_member name=\u00bbGiuseppe Virone\u00bb position=\u00bbProfesor en I.C.S. \u201cGiovanni Falcone\u201d, Palermo (Italia)\u00bb image_url=\u00bbhttps:\/\/www.upo.es\/picesl\/wp-content\/uploads\/2020\/12\/Giuseppe_Falcone.jpeg\u00bb _builder_version=\u00bb4.4.7&#8243;][\/et_pb_team_member][\/et_pb_column][et_pb_column type=\u00bb1_4&#8243; _builder_version=\u00bb4.4.7&#8243;][et_pb_team_member name=\u00bbClaudia La Paglia\u00bb position=\u00bbProfesora en I.C.S. \u201cGiovanni Falcone\u201d, Palermo (Italia)\u00bb image_url=\u00bbhttps:\/\/www.upo.es\/picesl\/wp-content\/uploads\/2020\/12\/75e50f00-b1c5-4365-9794-78111e561196-1-300&#215;242.jpg\u00bb _builder_version=\u00bb4.4.7&#8243;][\/et_pb_team_member][\/et_pb_column][\/et_pb_row][et_pb_row column_structure=\u00bb1_4,1_4,1_4,1_4&#8243; _builder_version=\u00bb4.4.7&#8243; locked=\u00bboff\u00bb][et_pb_column type=\u00bb1_4&#8243; _builder_version=\u00bb4.4.7&#8243;][et_pb_team_member name=\u00bbPaula Cristina Medeiros\u00bb position=\u00bbProfesora en la Escuela Superior de Educaci\u00f3n de Paula Frassinetti: ESEPF\u00bb image_url=\u00bbhttps:\/\/www.upo.es\/picesl\/wp-content\/uploads\/2020\/12\/LFSE2875-13-215&#215;300.jpg\u00bb _builder_version=\u00bb4.4.7&#8243;][\/et_pb_team_member][\/et_pb_column][et_pb_column type=\u00bb1_4&#8243; _builder_version=\u00bb4.4.7&#8243;][et_pb_team_member name=\u00bbMartha Montero-Sieburth\u00bb position=\u00bbProfesora de Ciencias Sociales y Humanidades en Amsterdam University College. De 2007 a 2016, fue becaria visitante en el Institute for Migration. \u00bb image_url=\u00bbhttps:\/\/www.upo.es\/picesl\/wp-content\/uploads\/2020\/12\/Naarden-Sept18-300&#215;271.jpg\u00bb _builder_version=\u00bb4.4.7&#8243;][\/et_pb_team_member][\/et_pb_column][et_pb_column type=\u00bb1_4&#8243; _builder_version=\u00bb4.4.7&#8243;][et_pb_team_member name=\u00bbMaria Helena Teixeira Garcia\u00bb position=\u00bbDirectora Adjunta en Agrupamiento de Escuelas do Cerco, Portugal.\u00bb image_url=\u00bbhttps:\/\/www.upo.es\/picesl\/wp-content\/uploads\/2020\/12\/Fotografia.jpg\u00bb _builder_version=\u00bb4.4.7&#8243;][\/et_pb_team_member][\/et_pb_column][et_pb_column type=\u00bb1_4&#8243; _builder_version=\u00bb4.4.7&#8243;][et_pb_team_member name=\u00bbMiguel Prata Gomes  \u00bb position=\u00bbProfesor en -Escuela Superior de Educaci\u00f3n de Paula Frassinetti, Porto, Portugal. \u00bb image_url=\u00bbhttps:\/\/www.upo.es\/picesl\/wp-content\/uploads\/2020\/12\/foto2-300&#215;225.jpg\u00bb _builder_version=\u00bb4.4.7&#8243;][\/et_pb_team_member][\/et_pb_column][\/et_pb_row][et_pb_row column_structure=\u00bb1_4,1_4,1_4,1_4&#8243; _builder_version=\u00bb4.4.7&#8243; locked=\u00bboff\u00bb][et_pb_column type=\u00bb1_4&#8243; _builder_version=\u00bb4.4.7&#8243;][et_pb_team_member name=\u00bbHelena Maria Marantes Pimenta Bragan\u00e7a Santos\u00bb position=\u00bbProfesora de educaci\u00f3n primaria, con formaci\u00f3n en la Escuela de Administraci\u00f3n y postgrado en supervisi\u00f3n pedag\u00f3gica. Directora adjunta en Agrupamiento de Escuelas do Cerco do Porto, Porto. \u00bb image_url=\u00bbhttps:\/\/www.upo.es\/picesl\/wp-content\/uploads\/2020\/12\/DSC_0011-199&#215;300.jpg\u00bb _builder_version=\u00bb4.4.7&#8243;][\/et_pb_team_member][\/et_pb_column][et_pb_column type=\u00bb1_4&#8243; _builder_version=\u00bb4.4.7&#8243;][et_pb_team_member name=\u00bbNektaria Palaiologou\u00bb position=\u00bbDe 2006 hasta 2020 fue Profesora Asociada de Educaci\u00f3n Intercultural en el Departamento de Educaci\u00f3n de ni\u00f1ez temprana de la Escuela de Educaci\u00f3n en la Universidad de Macedonia Oeste (UoWM). Desde 2016 fue Profesora Asociada a tiempo parcial de Educaci\u00f3n Intercultural del programa de Idiomas, Refugiados y Migrantes (L.R.M.) en la Universidad Abierta Hel\u00e9nica (H.O.U.) y desde 2021 est\u00e1 afiliada a HOU como Profesora Asociada a tiempo completo en la Universidad Abierta Hel\u00e9nica.\u00bb image_url=\u00bbhttps:\/\/www.upo.es\/picesl\/wp-content\/uploads\/2021\/02\/nek_2.jpg\u00bb _builder_version=\u00bb4.4.7&#8243;][\/et_pb_team_member][\/et_pb_column][et_pb_column type=\u00bb1_4&#8243; _builder_version=\u00bb4.4.7&#8243;][et_pb_team_member name=\u00bbDomiziana Turcatti\u00bb position=\u00bbCandidata para doctorado en Estudios de Migraci\u00f3n en el Centro de Pol\u00edticas de Migraci\u00f3n y Sociedad (COMPAS), Universidad de Oxford.\u00bb image_url=\u00bbhttps:\/\/www.upo.es\/picesl\/wp-content\/uploads\/2021\/03\/Turcatti_Headshot.jpeg\u00bb _builder_version=\u00bb4.4.7&#8243; locked=\u00bboff\u00bb][\/et_pb_team_member][\/et_pb_column][et_pb_column type=\u00bb1_4&#8243; _builder_version=\u00bb4.4.7&#8243;][\/et_pb_column][\/et_pb_row][et_pb_row disabled_on=\u00bbon|on|on\u00bb _builder_version=\u00bb4.3.4&#8243; disabled=\u00bbon\u00bb][et_pb_column type=\u00bb4_4&#8243; _builder_version=\u00bb4.3.4&#8243;][et_pb_text _builder_version=\u00bb4.4.6&#8243;]<\/p>\n<h2>Eventos<\/h2>\n<p>[\/et_pb_text][et_pb_code _builder_version=\u00bb4.3.4&#8243;]<div id=\"mec_skin_190\" class=\"mec-wrap   mec-full-calendar-wrap\">\r\n    \r\n    <div class=\"mec-search-form mec-totalcal-box\">\r\n                                    <div id=\"mec_search_form_190\" >\r\n                                                                                <\/div>\r\n        <div id=\"mec_search_form_190\">\r\n                                <\/div>\r\n        <div id=\"mec_search_form_190\" class=\"mec-full-calendar-search-ends\">\r\n                            <div class=\"mec-text-input-search\"><i class=\"mec-sl-magnifier\"><\/i>\r\n                    <input type=\"search\" value=\"\" id=\"mec_sf_s_190\" \/>\r\n                <\/div>                                        <div class=\"mec-date-search\"><input type=\"hidden\" id=\"mec-filter-none\" value=\"Elegir\"><i class=\"mec-sl-calendar\"><\/i>\r\n                    <select id=\"mec_sf_month_190\"><option class=\"mec-none-item\" value=\"none\" selected=\"selected\">Elegir<\/option><option value=\"01\" >enero<\/option><option value=\"02\" >febrero<\/option><option value=\"03\" >marzo<\/option><option value=\"04\" >abril<\/option><option value=\"05\" >mayo<\/option><option value=\"06\" >junio<\/option><option value=\"07\" >julio<\/option><option value=\"08\" >agosto<\/option><option value=\"09\" >septiembre<\/option><option value=\"10\" >octubre<\/option><option value=\"11\" >noviembre<\/option><option value=\"12\" >diciembre<\/option><\/select><select id=\"mec_sf_year_190\"><option class=\"mec-none-item\" value=\"none\" selected=\"selected\">Elegir<\/option><option value=\"2020\" >2020<\/option><option value=\"2021\" >2021<\/option><option value=\"2022\" >2022<\/option><option value=\"2023\" >2023<\/option><option value=\"2024\" >2024<\/option><option value=\"2025\" >2025<\/option><option value=\"2026\" >2026<\/option><option value=\"2027\" >2027<\/option><option value=\"2028\" >2028<\/option><option value=\"2029\" >2029<\/option><option value=\"2030\" >2030<\/option><\/select><\/div>                                    <div class=\"col-md-12 mec-tab-loader\">\r\n                <div class=\"mec-totalcal-view\">\r\n                                        <span class=\"mec-totalcal-monthlyview\" data-skin=\"monthly\">Mensual<\/span>                    <span class=\"mec-totalcal-weeklyview\" data-skin=\"weekly\">Semanal<\/span>                    <span class=\"mec-totalcal-dailyview\" data-skin=\"daily\">Diariamente<\/span>                    <span class=\"mec-totalcal-listview mec-totalcalview-selected\" data-skin=\"list\">Lista<\/span>                    <span class=\"mec-totalcal-gridview\" data-skin=\"grid\">Cuadricula<\/span>                    <span class=\"mec-totalcal-tileview\" data-skin=\"tile\">Mosaico<\/span>                <\/div>\r\n            <\/div>\r\n        <\/div>\r\n         \r\n    <\/div>\r\n    \r\n    <div id=\"mec_full_calendar_container_190\" class=\"mec-full-calendar-skin-container\">\r\n        <div class=\"mec-wrap mec-skin-list-container  \" id=\"mec_skin_190\">\r\n    \r\n    \r\n        <div class=\"mec-skin-list-events-container\" id=\"mec_skin_events_190\">\r\n        \u00a1No hay eventos!    <\/div>\r\n        \r\n        \r\n<\/div>    <\/div>\r\n    \r\n<\/div>[\/et_pb_code][\/et_pb_column][\/et_pb_row][\/et_pb_section]<\/p>\n","protected":false},"excerpt":{"rendered":"<p>[et_pb_section fb_built=\u00bb1&#8243; fullwidth=\u00bbon\u00bb admin_label=\u00bbHero\u00bb _builder_version=\u00bb4.4.6&#8243; use_background_color_gradient=\u00bbon\u00bb background_color_gradient_start=\u00bb#eeeff2&#8243; background_color_gradient_end=\u00bbrgba(238,239,242,0)\u00bb background_color_gradient_direction=\u00bb90deg\u00bb background_color_gradient_start_position=\u00bb33%\u00bb background_color_gradient_end_position=\u00bb52%\u00bb background_color_gradient_overlays_image=\u00bbon\u00bb background_image=\u00bbhttps:\/\/www.upo.es\/picesl\/wp-content\/uploads\/2020\/04\/Proyecto-PICELS_2019_12_12_04-750&#215;561-2.jpg\u00bb background_position=\u00bbtop_center\u00bb][et_pb_fullwidth_header subhead=\u00bbParticipantes\u00bb content_max_width=\u00bb600px\u00bb _builder_version=\u00bb4.4.6&#8243; title_font=\u00bbRubik|700||on|||||\u00bb title_text_color=\u00bb#ff7355&#8243; title_font_size=\u00bb16px\u00bb title_letter_spacing=\u00bb5px\u00bb title_line_height=\u00bb0.5em\u00bb content_font=\u00bbRubik||||||||\u00bb content_font_size=\u00bb18px\u00bb subhead_font=\u00bbRubik|700|||||||\u00bb subhead_text_color=\u00bbrgba(0,0,0,0.8)\u00bb subhead_font_size=\u00bb50px\u00bb subhead_line_height=\u00bb1.5em\u00bb background_color=\u00bbrgba(255,255,255,0)\u00bb use_background_color_gradient=\u00bbon\u00bb background_color_gradient_start=\u00bbrgba(255,255,255,0)\u00bb background_color_gradient_end=\u00bbrgba(255,255,255,0.7)\u00bb background_color_gradient_start_position=\u00bb50%\u00bb background_size=\u00bbcontain\u00bb background_position=\u00bbbottom_center\u00bb custom_button_one=\u00bbon\u00bb button_one_text_size=\u00bb16px\u00bb button_one_text_color=\u00bb#ffffff\u00bb button_one_bg_color=\u00bb#ff7355&#8243; button_one_border_width=\u00bb15px\u00bb button_one_border_color=\u00bbrgba(210,159,104,0)\u00bb button_one_border_radius=\u00bb100px\u00bb button_one_letter_spacing=\u00bb0px\u00bb button_one_font=\u00bbRubik|700|||||||\u00bb button_one_use_icon=\u00bboff\u00bb custom_button_two=\u00bbon\u00bb button_two_text_size=\u00bb16px\u00bb button_two_text_color=\u00bb#ffffff\u00bb button_two_bg_color=\u00bbrgba(0,0,0,0.6)\u00bb button_two_border_width=\u00bb15px\u00bb button_two_border_color=\u00bbrgba(210,159,104,0)\u00bb button_two_border_radius=\u00bb100px\u00bb button_two_letter_spacing=\u00bb0px\u00bb button_two_font=\u00bbRubik|700|||||||\u00bb button_two_use_icon=\u00bboff\u00bb [&hellip;]<\/p>\n","protected":false},"author":1,"featured_media":0,"parent":0,"menu_order":0,"comment_status":"closed","ping_status":"closed","template":"","meta":{"_et_pb_use_builder":"on","_et_pb_old_content":"","_et_gb_content_width":""},"yoast_head":"<!-- This site is optimized with the Yoast SEO plugin v16.0.2 - https:\/\/yoast.com\/wordpress\/plugins\/seo\/ -->\n<title>Participantes - PICESL<\/title>\n<link rel=\"canonical\" href=\"https:\/\/www.upo.es\/picesl\/es\/participantes\/\" \/>\n<meta property=\"og:locale\" content=\"en_US\" \/>\n<meta property=\"og:type\" content=\"article\" \/>\n<meta property=\"og:title\" content=\"Participantes - PICESL\" \/>\n<meta property=\"og:description\" content=\"[et_pb_section fb_built=\u00bb1&#8243; fullwidth=\u00bbon\u00bb admin_label=\u00bbHero\u00bb _builder_version=\u00bb4.4.6&#8243; use_background_color_gradient=\u00bbon\u00bb background_color_gradient_start=\u00bb#eeeff2&#8243; background_color_gradient_end=\u00bbrgba(238,239,242,0)\u00bb background_color_gradient_direction=\u00bb90deg\u00bb background_color_gradient_start_position=\u00bb33%\u00bb background_color_gradient_end_position=\u00bb52%\u00bb background_color_gradient_overlays_image=\u00bbon\u00bb background_image=\u00bbhttps:\/\/www.upo.es\/picesl\/wp-content\/uploads\/2020\/04\/Proyecto-PICELS_2019_12_12_04-750&#215;561-2.jpg\u00bb background_position=\u00bbtop_center\u00bb][et_pb_fullwidth_header subhead=\u00bbParticipantes\u00bb content_max_width=\u00bb600px\u00bb _builder_version=\u00bb4.4.6&#8243; title_font=\u00bbRubik|700||on|||||\u00bb title_text_color=\u00bb#ff7355&#8243; title_font_size=\u00bb16px\u00bb title_letter_spacing=\u00bb5px\u00bb title_line_height=\u00bb0.5em\u00bb content_font=\u00bbRubik||||||||\u00bb content_font_size=\u00bb18px\u00bb subhead_font=\u00bbRubik|700|||||||\u00bb subhead_text_color=\u00bbrgba(0,0,0,0.8)\u00bb subhead_font_size=\u00bb50px\u00bb subhead_line_height=\u00bb1.5em\u00bb background_color=\u00bbrgba(255,255,255,0)\u00bb use_background_color_gradient=\u00bbon\u00bb background_color_gradient_start=\u00bbrgba(255,255,255,0)\u00bb background_color_gradient_end=\u00bbrgba(255,255,255,0.7)\u00bb background_color_gradient_start_position=\u00bb50%\u00bb background_size=\u00bbcontain\u00bb background_position=\u00bbbottom_center\u00bb custom_button_one=\u00bbon\u00bb button_one_text_size=\u00bb16px\u00bb button_one_text_color=\u00bb#ffffff\u00bb button_one_bg_color=\u00bb#ff7355&#8243; button_one_border_width=\u00bb15px\u00bb button_one_border_color=\u00bbrgba(210,159,104,0)\u00bb button_one_border_radius=\u00bb100px\u00bb button_one_letter_spacing=\u00bb0px\u00bb button_one_font=\u00bbRubik|700|||||||\u00bb button_one_use_icon=\u00bboff\u00bb custom_button_two=\u00bbon\u00bb button_two_text_size=\u00bb16px\u00bb button_two_text_color=\u00bb#ffffff\u00bb button_two_bg_color=\u00bbrgba(0,0,0,0.6)\u00bb button_two_border_width=\u00bb15px\u00bb button_two_border_color=\u00bbrgba(210,159,104,0)\u00bb button_two_border_radius=\u00bb100px\u00bb button_two_letter_spacing=\u00bb0px\u00bb button_two_font=\u00bbRubik|700|||||||\u00bb button_two_use_icon=\u00bboff\u00bb [&hellip;]\" \/>\n<meta property=\"og:url\" content=\"https:\/\/www.upo.es\/picesl\/es\/participantes\/\" \/>\n<meta property=\"og:site_name\" content=\"PICESL\" \/>\n<meta property=\"article:modified_time\" content=\"2022-09-26T12:58:39+00:00\" \/>\n<meta name=\"twitter:card\" content=\"summary_large_image\" \/>\n<meta name=\"twitter:label1\" content=\"Tiempo de lectura\">\n\t<meta name=\"twitter:data1\" content=\"7 minutos\">\n<script type=\"application\/ld+json\" class=\"yoast-schema-graph\">{\"@context\":\"https:\/\/schema.org\",\"@graph\":[{\"@type\":\"WebSite\",\"@id\":\"https:\/\/www.upo.es\/picesl\/#website\",\"url\":\"https:\/\/www.upo.es\/picesl\/\",\"name\":\"PICESL\",\"description\":\"Promoting Inclusion to Combat Early School Leaving\",\"potentialAction\":[{\"@type\":\"SearchAction\",\"target\":\"https:\/\/www.upo.es\/picesl\/?s={search_term_string}\",\"query-input\":\"required name=search_term_string\"}],\"inLanguage\":\"es\"},{\"@type\":\"WebPage\",\"@id\":\"https:\/\/www.upo.es\/picesl\/es\/participantes\/#webpage\",\"url\":\"https:\/\/www.upo.es\/picesl\/es\/participantes\/\",\"name\":\"Participantes - PICESL\",\"isPartOf\":{\"@id\":\"https:\/\/www.upo.es\/picesl\/#website\"},\"datePublished\":\"2020-05-14T11:41:03+00:00\",\"dateModified\":\"2022-09-26T12:58:39+00:00\",\"breadcrumb\":{\"@id\":\"https:\/\/www.upo.es\/picesl\/es\/participantes\/#breadcrumb\"},\"inLanguage\":\"es\",\"potentialAction\":[{\"@type\":\"ReadAction\",\"target\":[\"https:\/\/www.upo.es\/picesl\/es\/participantes\/\"]}]},{\"@type\":\"BreadcrumbList\",\"@id\":\"https:\/\/www.upo.es\/picesl\/es\/participantes\/#breadcrumb\",\"itemListElement\":[{\"@type\":\"ListItem\",\"position\":1,\"item\":{\"@type\":\"WebPage\",\"@id\":\"https:\/\/www.upo.es\/picesl\/es\/inicio\/\",\"url\":\"https:\/\/www.upo.es\/picesl\/es\/inicio\/\",\"name\":\"Portada\"}},{\"@type\":\"ListItem\",\"position\":2,\"item\":{\"@type\":\"WebPage\",\"@id\":\"https:\/\/www.upo.es\/picesl\/es\/participantes\/\",\"url\":\"https:\/\/www.upo.es\/picesl\/es\/participantes\/\",\"name\":\"Participantes\"}}]}]}<\/script>\n<!-- \/ Yoast SEO plugin. -->","_links":{"self":[{"href":"https:\/\/www.upo.es\/picesl\/wp-json\/wp\/v2\/pages\/417"}],"collection":[{"href":"https:\/\/www.upo.es\/picesl\/wp-json\/wp\/v2\/pages"}],"about":[{"href":"https:\/\/www.upo.es\/picesl\/wp-json\/wp\/v2\/types\/page"}],"author":[{"embeddable":true,"href":"https:\/\/www.upo.es\/picesl\/wp-json\/wp\/v2\/users\/1"}],"replies":[{"embeddable":true,"href":"https:\/\/www.upo.es\/picesl\/wp-json\/wp\/v2\/comments?post=417"}],"version-history":[{"count":1,"href":"https:\/\/www.upo.es\/picesl\/wp-json\/wp\/v2\/pages\/417\/revisions"}],"predecessor-version":[{"id":965,"href":"https:\/\/www.upo.es\/picesl\/wp-json\/wp\/v2\/pages\/417\/revisions\/965"}],"wp:attachment":[{"href":"https:\/\/www.upo.es\/picesl\/wp-json\/wp\/v2\/media?parent=417"}],"curies":[{"name":"wp","href":"https:\/\/api.w.org\/{rel}","templated":true}]}}