{"id":1708,"date":"2019-10-02T14:28:52","date_gmt":"2019-10-02T12:28:52","guid":{"rendered":"https:\/\/www.upo.es\/sociologia\/?page_id=1708"},"modified":"2019-10-09T12:17:36","modified_gmt":"2019-10-09T10:17:36","slug":"agenda-seminario-de-investigacion-del-departamento-de-sociologia","status":"publish","type":"page","link":"https:\/\/www.upo.es\/sociologia\/investigacion\/agenda-seminario-de-investigacion-del-departamento-de-sociologia\/","title":{"rendered":"Agenda (2019)-Seminario de Investigaci\u00f3n del Departamento de Sociolog\u00eda"},"content":{"rendered":"<table style=\"height: 147px;\" width=\"1225\">\n<tbody>\n<tr>\n<td style=\"background-color: #8dc7e0;\">Fecha<\/td>\n<td style=\"background-color: #8dc7e0; text-align: center;\"><strong>24 de septiembre de 2019<\/strong> <strong>(01\/2019)<\/strong><\/td>\n<\/tr>\n<tr>\n<td>Tipo<\/td>\n<td>Mesa redonda<\/td>\n<\/tr>\n<tr>\n<td>T\u00edtulo<\/td>\n<td>An\u00e1lisis Sociol\u00f3gico del Discurso-Enfoques, m\u00e9todos, procedimientos<\/td>\n<\/tr>\n<tr>\n<td>Ponentes<\/td>\n<td>Jorge Ruiz (IESA CSIC), Benno Herzog (Universidad de Valencia)<\/td>\n<\/tr>\n<tr>\n<td>Destinatarios<\/td>\n<td>Abierto a toda la comunidad universitaria (hasta completar aforo)<\/td>\n<\/tr>\n<tr>\n<td style=\"background-color: #8dc7e0;\">Fecha<\/td>\n<td style=\"background-color: #8dc7e0; text-align: center;\"><strong>3 de octubre de 2019 (02\/2019)<\/strong><\/td>\n<\/tr>\n<tr>\n<td>Tipo<\/td>\n<td>Mesa redonda<\/td>\n<\/tr>\n<tr>\n<td>T\u00edtulo<\/td>\n<td>Debatir el futuro. Identidades y democracia: m\u00e1s all\u00e1 de Catalu\u00f1a<\/td>\n<\/tr>\n<tr>\n<td>Ponentes<\/td>\n<td>Ignacio S\u00e1nchez-Cuenca (Instituto Juan March-Carlos III de Madrid), Ignacio Escolar (director de eldiario.es)<\/td>\n<\/tr>\n<tr>\n<td>Destinatarios<\/td>\n<td>Abierto a la sociedad en general (hasta completar aforo)<\/td>\n<\/tr>\n<tr>\n<td style=\"background-color: #8dc7e0;\">Fecha<\/td>\n<td style=\"background-color: #8dc7e0; text-align: center;\"><strong>9 de octubre de 2019 (03\/2019)<\/strong><\/td>\n<\/tr>\n<tr>\n<td>Tipo<\/td>\n<td>Curso de formaci\u00f3n<\/td>\n<\/tr>\n<tr>\n<td>T\u00edtulo<\/td>\n<td>Tratamiento de datos cualitativos: Dilemas y desaf\u00edos de la clasificaci\u00f3n autom\u00e1tica de textos<\/td>\n<\/tr>\n<tr>\n<td>Ponentes<\/td>\n<td>Carlos da Silva<\/td>\n<\/tr>\n<tr>\n<td>Destinatarios<\/td>\n<td>Cerrado (destinado al PDI del Departamento de Sociolog\u00eda)<\/td>\n<\/tr>\n<tr>\n<td style=\"background-color: #8dc7e0;\">Fecha<\/td>\n<td style=\"background-color: #8dc7e0; text-align: center;\"><strong>17 de octubre de 2019 (04\/2019)<\/strong><\/td>\n<\/tr>\n<tr>\n<td>Tipo<\/td>\n<td>Jornadas<\/td>\n<\/tr>\n<tr>\n<td>T\u00edtulo<\/td>\n<td>Seminario sobre implementaci\u00f3n de planes estrat\u00e9gicos de ciudad<\/td>\n<\/tr>\n<tr>\n<td>Ponentes<\/td>\n<td>Kepa Korta (Ayuntamiento de San Sebasti\u00e1n),\u00a0 Oriol Estela (\u00c1rea Metropolitana de Barcelona), Miguel Zarzuela (Ebr\u00f3polis-Zaragoza), Ana Sancho (Bilbao Metropoli-30), Mar\u00eda Carmen Garc\u00eda (Fundaci\u00f3n CIEDES-M\u00e1laga), Antonio Mart\u00edn (Catedr\u00e1tico de Econom\u00eda Aplica-Universidad de Ja\u00e9n).\u00a0<a href=\"https:\/\/www.upo.es\/sociologia\/seminario-sobre-implementacion-de-planes-estrategicos-de-ciudad\/\">https:\/\/www.upo.es\/sociologia\/seminario-sobre-implementacion-de-planes-estrategicos-de-ciudad\/<\/a><\/td>\n<\/tr>\n<tr>\n<td>Destinatarios<\/td>\n<td>Abierto a la sociedad en general (hasta completar aforo)<\/td>\n<\/tr>\n<tr>\n<td style=\"background-color: #8dc7e0;\">Fecha<\/td>\n<td style=\"background-color: #8dc7e0; text-align: center;\"><strong>30 de octubre de 2019 (05\/2019)<\/strong><\/td>\n<\/tr>\n<tr>\n<td>Tipo<\/td>\n<td>Curso de formaci\u00f3n<\/td>\n<\/tr>\n<tr>\n<td>T\u00edtulo<\/td>\n<td>Ling\u00fc\u00edstica aplicada al an\u00e1lisis de los discursos sociales<\/td>\n<\/tr>\n<tr>\n<td>Ponentes<\/td>\n<td>Mar\u00eda P\u00e9rez-Montero G\u00f3mez (Universidad Aut\u00f3noma de Madrid)<\/td>\n<\/tr>\n<tr>\n<td>Destinatarios<\/td>\n<td>Cerrado (destinado al PDI del Departamento de Sociolog\u00eda)<\/td>\n<\/tr>\n<tr>\n<td style=\"background-color: #8dc7e0;\">Fecha<\/td>\n<td style=\"background-color: #8dc7e0; text-align: center;\"><strong>26 de noviembre de 2019 (06\/2019)<\/strong><\/td>\n<\/tr>\n<tr>\n<td>Tipo<\/td>\n<td>Jornadas<\/td>\n<\/tr>\n<tr>\n<td>T\u00edtulo<\/td>\n<td>Big Data y evaluaci\u00f3n: una relaci\u00f3n en ciernes<\/td>\n<\/tr>\n<tr>\n<td>Ponentes<\/td>\n<td>Francesco Mazzeo Rinaldi<\/td>\n<\/tr>\n<tr>\n<td>Destinatarios<\/td>\n<td>Abierto a la comunidad universitaria (hasta completar aforo)<\/td>\n<\/tr>\n<tr>\n<td style=\"background-color: #8dc7e0;\">Fecha<\/td>\n<td style=\"background-color: #8dc7e0; text-align: center;\"><strong>27, 28 y 29 de noviembre de 2019 (07\/2019)<\/strong><\/td>\n<\/tr>\n<tr>\n<td>Tipo<\/td>\n<td>Curso de formaci\u00f3n<\/td>\n<\/tr>\n<tr>\n<td>T\u00edtulo<\/td>\n<td>Introducci\u00f3n a la infograf\u00eda y visualizaci\u00f3n de datos (nivel b\u00e1sico)<\/td>\n<\/tr>\n<tr>\n<td>Ponentes<\/td>\n<td>Xaquin Veira Gonz\u00e1lez<\/td>\n<\/tr>\n<tr>\n<td>Destinatarios<\/td>\n<td>Cerrado (destinado al PDI del Departamento de Sociolog\u00eda)<\/td>\n<\/tr>\n<\/tbody>\n<\/table>\n<p>&nbsp;<\/p>\n<p>&nbsp;<\/p>\n<p>&nbsp;<\/p>\n","protected":false},"excerpt":{"rendered":"<p>Fecha<br \/>\n24 de septiembre de 2019 (01\/2019)<\/p>\n<p>Tipo<br \/>\nMesa redonda<\/p>\n<p>T\u00edtulo<br \/>\nAn\u00e1lisis Sociol\u00f3gico del Discurso-Enfoques, m\u00e9todos, procedimientos<\/p>\n<p>Ponentes<br \/>\nJorge Ruiz (IESA CSIC), Benno Herzog (Universidad de Valencia)<\/p>\n<p>Destinatarios<br \/>\nAbierto a toda la comunidad universitaria (hasta completar aforo)<\/p>\n<p>Fecha<br \/>\n3 de octubre de 2019 (02\/2019)<\/p>\n<p>Tipo<br \/>\nMesa redonda<\/p>\n<p>T\u00edtulo<br \/>\nDebatir el futuro. Identidades y democracia: m\u00e1s all\u00e1 de Catalu\u00f1a<\/p>\n<p>Ponentes<br \/>\nIgnacio S\u00e1nchez-Cuenca (Instituto Juan March-Carlos III de Madrid), Ignacio Escolar (director de eldiario.es)<\/p>\n<p>Destinatarios<br \/>\nAbierto a la sociedad en general (hasta completar aforo)<\/p>\n<p>Fecha<br \/>\n9 de octubre de 2019 (03\/2019)<\/p>\n<p>Tipo<br \/>\nCurso de formaci\u00f3n<\/p>\n<p>T\u00edtulo<br \/>\nTratamiento de datos cualitativos: Dilemas y desaf\u00edos de la clasificaci\u00f3n autom\u00e1tica de textos<\/p>\n<p>Ponentes<br \/>\nCarlos da Silva<\/p>\n<p>Destinatarios<br \/>\nCerrado (destinado al PDI del Departamento de Sociolog\u00eda)<\/p>\n<p>Fecha<br \/>\n17 de octubre de 2019 (04\/2019)<\/p>\n<p>Tipo<br \/>\nJornadas<\/p>\n<p>T\u00edtulo<br \/>\nSeminario sobre implementaci\u00f3n de planes estrat\u00e9gicos de ciudad<\/p>\n<p>Ponentes<br \/>\nKepa Korta (Ayuntamiento de San Sebasti\u00e1n),\u00a0  [&#8230;]<\/p>\n","protected":false},"author":1,"featured_media":0,"parent":31,"menu_order":0,"comment_status":"closed","ping_status":"closed","template":"","meta":[],"_links":{"self":[{"href":"https:\/\/www.upo.es\/sociologia\/wp-json\/wp\/v2\/pages\/1708"}],"collection":[{"href":"https:\/\/www.upo.es\/sociologia\/wp-json\/wp\/v2\/pages"}],"about":[{"href":"https:\/\/www.upo.es\/sociologia\/wp-json\/wp\/v2\/types\/page"}],"author":[{"embeddable":true,"href":"https:\/\/www.upo.es\/sociologia\/wp-json\/wp\/v2\/users\/1"}],"replies":[{"embeddable":true,"href":"https:\/\/www.upo.es\/sociologia\/wp-json\/wp\/v2\/comments?post=1708"}],"version-history":[{"count":10,"href":"https:\/\/www.upo.es\/sociologia\/wp-json\/wp\/v2\/pages\/1708\/revisions"}],"predecessor-version":[{"id":1735,"href":"https:\/\/www.upo.es\/sociologia\/wp-json\/wp\/v2\/pages\/1708\/revisions\/1735"}],"up":[{"embeddable":true,"href":"https:\/\/www.upo.es\/sociologia\/wp-json\/wp\/v2\/pages\/31"}],"wp:attachment":[{"href":"https:\/\/www.upo.es\/sociologia\/wp-json\/wp\/v2\/media?parent=1708"}],"curies":[{"name":"wp","href":"https:\/\/api.w.org\/{rel}","templated":true}]}}